{"id":132589,"date":"2021-05-03T16:10:49","date_gmt":"2021-05-03T14:10:49","guid":{"rendered":"https:\/\/obera.fr\/produits\/purificateurs-air\/antivirove-a-antibakterialni-cisticky-vzduchu-covid-19\/cisticka-vzduchu-epur05\/"},"modified":"2025-11-15T17:19:53","modified_gmt":"2025-11-15T15:19:53","slug":"cisticka-vzduchu-epur05","status":"publish","type":"page","link":"https:\/\/obera.fr\/cs\/produits\/purificateurs-air\/antivirove-a-antibakterialni-cisticky-vzduchu-covid-19\/cisticka-vzduchu-epur05\/","title":{"rendered":"\u010cisti\u010dka vzduchu ePUR05"},"content":{"rendered":"\n\n<h2 class=\"wp-block-heading\" id=\"comment-fonctionne-le-purificateur-d-air-epur05\">Jak funguje \u010disti\u010dka vzduchu ePUR05<\/h2>\n\n<div class=\"wp-block-columns is-layout-flex wp-container-core-columns-is-layout-28f84493 wp-block-columns-is-layout-flex\">\n<div class=\"wp-block-column is-vertically-aligned-center is-layout-flow wp-block-column-is-layout-flow\" style=\"flex-basis:33.33%\">\n<figure class=\"wp-block-image aligncenter size-large is-resized\"><img decoding=\"async\" width=\"667\" height=\"500\" src=\"https:\/\/obera.fr\/wp-content\/uploads\/2021\/05\/ePUR05.jpg\" alt=\"epur05\" class=\"wp-image-5528\" style=\"width:280px;height:210px\" srcset=\"https:\/\/obera.fr\/wp-content\/uploads\/2021\/05\/ePUR05.jpg 667w, https:\/\/obera.fr\/wp-content\/uploads\/2021\/05\/ePUR05-300x225.jpg 300w\" sizes=\"(max-width: 667px) 100vw, 667px\" \/><figcaption class=\"wp-element-caption\">ePUR05<\/figcaption><\/figure>\n<\/div>\n\n\n\n<div class=\"wp-block-column is-layout-flow wp-block-column-is-layout-flow\"><\/div>\n\n\n\n<div class=\"wp-block-column is-vertically-aligned-center is-layout-flow wp-block-column-is-layout-flow\" style=\"flex-basis:66.66%\">\n<p>\u010cisti\u010dka vzduchu ePUR05 m\u00e1 jednoduch\u00e9 a \u00fa\u010dinn\u00e9 fungov\u00e1n\u00ed. Zne\u010di\u0161\u0165uj\u00edc\u00ed l\u00e1tky jsou nas\u00e1v\u00e1ny horn\u00ed \u010d\u00e1st\u00ed za\u0159\u00edzen\u00ed pomoc\u00ed vysoce v\u00fdkonn\u00e9ho ventil\u00e1toru.  <\/p>\n\n\n\n<p class=\"has-text-align-left\">Prach pak proch\u00e1z\u00ed dv\u011bma stupni filtrace, po\u010d\u00ednaje p\u0159edfiltrem, kter\u00fd odd\u011bluje hrub\u00fd prach, aby hlavn\u00ed filtr z\u00edskal na \u00fa\u010dinnosti a m\u011bl prodlou\u017eenou \u017eivotnost. Hlavn\u00ed filtr H13 nebo V-protect je velmi p\u0159esn\u00fd filtr, schopn\u00fd \u00fa\u010dinn\u011b zachytit viry a bakterie, ale tak\u00e9 jemn\u00fd prach, karcinogenn\u00ed, mutagenn\u00ed a reprotoxick\u00e9 l\u00e1tky (CMR) a aerosoly.  <\/p>\n\n\n\n<p>N\u00e1sledn\u011b vy\u010di\u0161t\u011bn\u00fd vzduch vych\u00e1z\u00ed spodn\u00ed \u010d\u00e1st\u00ed za\u0159\u00edzen\u00ed, \u010d\u00edm\u017e vytv\u00e1\u0159\u00ed smy\u010dku obnovy vzduchu. <\/p>\n\n\n\n<div style=\"height:20px\" aria-hidden=\"true\" class=\"wp-block-spacer\"><\/div>\n\n\n\n<div class=\"wp-block-columns is-layout-flex wp-container-core-columns-is-layout-28f84493 wp-block-columns-is-layout-flex\">\n<div class=\"wp-block-column is-layout-flow wp-block-column-is-layout-flow\" style=\"flex-basis:33.34%\">\n<div class=\"wp-block-buttons is-content-justification-center is-layout-flex wp-container-core-buttons-is-layout-a89b3969 wp-block-buttons-is-layout-flex\">\n<div class=\"wp-block-button\"><a class=\"wp-block-button__link wp-element-button\" href=\"https:\/\/obera.fr\/wp-content\/uploads\/2023\/10\/brochure-epur05.pdf\">St\u00e1hn\u011bte si bro\u017euru<\/a><\/div>\n<\/div>\n<\/div>\n\n\n\n<div class=\"wp-block-column is-layout-flow wp-block-column-is-layout-flow\" style=\"flex-basis:33.34%\">\n<div class=\"wp-block-buttons is-horizontal is-content-justification-center is-layout-flex wp-container-core-buttons-is-layout-03627597 wp-block-buttons-is-layout-flex\">\n<div class=\"wp-block-button has-custom-width wp-block-button__width-100\"><a class=\"wp-block-button__link wp-element-button\" href=\"https:\/\/obera.fr\/cs\/kontaktujte-nas\/\">Zjist\u011bte v\u00edce<\/a><\/div>\n<\/div>\n<\/div>\n\n\n\n<div class=\"wp-block-column is-layout-flow wp-block-column-is-layout-flow\" style=\"flex-basis:33.33%\">\n<div class=\"wp-block-buttons is-content-justification-center is-layout-flex wp-container-core-buttons-is-layout-a89b3969 wp-block-buttons-is-layout-flex\">\n<div class=\"wp-block-button btn-devis-source\"><a class=\"wp-block-button__link wp-element-button\" href=\"https:\/\/obera.fr\/cs\/devis\/\">Po\u017e\u00e1dat o cenovou nab\u00eddku<\/a><\/div>\n<\/div>\n\n\n<script>\r\ndocument.addEventListener('DOMContentLoaded', function() {\r\n    \/\/ 1. On cherche le titre H1 de la page\r\n    var h1 = document.querySelector('h1');\r\n    var productTitle = h1 ? h1.innerText.trim() : \"\";\r\n\r\n    \/\/ 2. On cherche les boutons via la classe CSS .btn-devis-source\r\n    var buttons = document.querySelectorAll('.btn-devis-source a');\r\n\r\n    \/\/ 3. Si on a le titre et les boutons, on ajoute le param\u00e8tre\r\n    if (buttons.length > 0 && productTitle !== \"\") {\r\n        var encodedTitle = encodeURIComponent(productTitle);\r\n\r\n        buttons.forEach(function(btn) {\r\n            var currentHref = btn.getAttribute('href');\r\n            \r\n            \/\/ S\u00e9curit\u00e9 pour ne pas ajouter le param\u00e8tre 2 fois\r\n            if (currentHref.indexOf('sujet=') === -1) {\r\n                var separator = currentHref.indexOf('?') !== -1 ? '&' : '?';\r\n                var newLink = currentHref + separator + 'sujet=' + encodedTitle;\r\n                \r\n                btn.setAttribute('href', newLink);\r\n            }\r\n        });\r\n    }\r\n});\r\n<\/script><\/div>\n<\/div>\n<\/div>\n<\/div>\n\n<div style=\"height:20px\" aria-hidden=\"true\" class=\"wp-block-spacer\"><\/div>\n\n<figure class=\"wp-block-image aligncenter size-large\"><img decoding=\"async\" width=\"800\" height=\"250\" src=\"https:\/\/obera.fr\/wp-content\/uploads\/2021\/05\/ePUR05_Salle_de_classe.jpg\" alt=\"epur05 t&#x159;&#xED;da\" class=\"wp-image-5556\" srcset=\"https:\/\/obera.fr\/wp-content\/uploads\/2021\/05\/ePUR05_Salle_de_classe.jpg 800w, https:\/\/obera.fr\/wp-content\/uploads\/2021\/05\/ePUR05_Salle_de_classe-300x94.jpg 300w, https:\/\/obera.fr\/wp-content\/uploads\/2021\/05\/ePUR05_Salle_de_classe-768x240.jpg 768w\" sizes=\"(max-width: 800px) 100vw, 800px\" \/><\/figure>\n\n<div style=\"height:20px\" aria-hidden=\"true\" class=\"wp-block-spacer\"><\/div>\n\n<div class=\"wp-block-columns is-layout-flex wp-container-core-columns-is-layout-28f84493 wp-block-columns-is-layout-flex\">\n<div class=\"wp-block-column is-layout-flow wp-block-column-is-layout-flow\">\n<h3 class=\"wp-block-heading has-text-align-center\" id=\"avantages\">BENEFITY<\/h3>\n\n\n\n<ul class=\"wp-block-list\">\n<li>Filtry s dlouhou \u017eivotnost\u00ed<\/li>\n\n\n\n<li>N\u00edzk\u00e1 spot\u0159eba energie (35 W)<\/li>\n\n\n\n<li>Snadno p\u0159enosn\u00e9 d\u00edky sv\u00e9 hmotnosti a rozm\u011br\u016fm<\/li>\n<\/ul>\n<\/div>\n\n\n\n<div class=\"wp-block-column is-layout-flow wp-block-column-is-layout-flow\">\n<h3 class=\"wp-block-heading has-text-align-center\" id=\"particularites\">speci\u00e1ln\u00ed funkce<\/h3>\n\n\n\n<ul class=\"wp-block-list\">\n<li>Kryt redukuj\u00edc\u00ed hluk (47 dB)<\/li>\n\n\n\n<li>Vysoce v\u00fdkonn\u00fd ventil\u00e1tor s elektronickou komutac\u00ed<\/li>\n\n\n\n<li>Nastaviteln\u00fd pr\u016ftok<\/li>\n<\/ul>\n\n\n\n<p><\/p>\n<\/div>\n\n\n\n<div class=\"wp-block-column is-layout-flow wp-block-column-is-layout-flow\">\n<h3 class=\"wp-block-heading has-text-align-center\" id=\"caracteristiques\">funkce<\/h3>\n\n\n\n<ul class=\"wp-block-list\">\n<li>Vysoce \u00fa\u010dinn\u00e1 filtrace HEPA nebo V-Protect<\/li>\n\n\n\n<li>Lehk\u00e9, pouze 16 kg<\/li>\n\n\n\n<li>Ide\u00e1ln\u00ed pro plochy a\u017e do 100 m\u00b2<\/li>\n\n\n\n<li>N\u00edzk\u00e1 provozn\u00ed hlu\u010dnost<\/li>\n<\/ul>\n<\/div>\n<\/div>\n\n<h2 class=\"wp-block-heading\" id=\"applications\">Aplikace<\/h2>\n\n<div class=\"wp-block-columns is-layout-flex wp-container-core-columns-is-layout-28f84493 wp-block-columns-is-layout-flex\">\n<div class=\"wp-block-column is-layout-flow wp-block-column-is-layout-flow\">\n<h3 class=\"wp-block-heading has-text-align-center\" id=\"polluants\">Zne\u010di\u0161\u0165uj\u00edc\u00ed l\u00e1tky<\/h3>\n\n\n\n<div class=\"wp-block-columns is-layout-flex wp-container-core-columns-is-layout-28f84493 wp-block-columns-is-layout-flex\">\n<div class=\"wp-block-column is-layout-flow wp-block-column-is-layout-flow\">\n<figure class=\"wp-block-image aligncenter size-large\"><img decoding=\"async\" width=\"70\" height=\"70\" src=\"https:\/\/obera.fr\/wp-content\/uploads\/2021\/03\/polluants-poussieres-1.jpg\" alt=\"prachov&#xE9; zne&#x10D;i&#x161;&#x165;uj&#xED;c&#xED; l&#xE1;tky 1\" class=\"wp-image-4969\"\/><figcaption class=\"wp-element-caption\">Prach<\/figcaption><\/figure>\n\n\n\n<figure class=\"wp-block-image aligncenter size-thumbnail is-resized\"><img decoding=\"async\" width=\"150\" height=\"150\" src=\"https:\/\/obera.fr\/wp-content\/uploads\/2021\/03\/virus-150x150.jpg\" alt=\"viry a bakterie\" class=\"wp-image-4914\" style=\"width:75px;height:75px\"\/><figcaption class=\"wp-element-caption\">Viry a bakterie<\/figcaption><\/figure>\n<\/div>\n\n\n\n<div class=\"wp-block-column is-layout-flow wp-block-column-is-layout-flow\">\n<figure class=\"wp-block-image aligncenter size-large\"><img decoding=\"async\" width=\"70\" height=\"70\" src=\"https:\/\/obera.fr\/wp-content\/uploads\/2020\/10\/industrie-aerosols.jpg\" alt=\"M&#xED;sto pro ob&#x10D;ansk&#xE9; vyu&#x17E;it&#xED; - Odpady\" class=\"wp-image-1201\"\/><figcaption class=\"wp-element-caption\">Aerosoly<\/figcaption><\/figure>\n<\/div>\n<\/div>\n<\/div>\n\n\n\n<div class=\"wp-block-column is-layout-flow wp-block-column-is-layout-flow\">\n<h3 class=\"wp-block-heading has-text-align-center\" id=\"industries\">pr\u016fmyslov\u00e1 odv\u011btv\u00ed<\/h3>\n\n\n\n<p class=\"has-text-align-center\">Zvl\u00e1\u0161t\u011b vhodn\u00e9 pro velk\u00e9 plochy (terci\u00e1rn\u00ed a ve\u0159ejn\u00e9 budovy) jako jsou kancel\u00e1\u0159e, open-space prostory, zasedac\u00ed m\u00edstnosti, u\u010debny, t\u011blocvi\u010dny, d\u00edlny, laborato\u0159e, obchody, kade\u0159nictv\u00ed, kosmetick\u00e9 salony, nehtov\u00e1 studia atd.<\/p>\n<\/div>\n<\/div>\n\n<div class=\"wp-block-buttons is-horizontal is-content-justification-center is-layout-flex wp-container-core-buttons-is-layout-03627597 wp-block-buttons-is-layout-flex\">\n<div class=\"wp-block-button has-custom-width wp-block-button__width-100\"><a class=\"wp-block-button__link wp-element-button\" href=\"https:\/\/obera.fr\/cs\/kontaktujte-nas\/\">Zjist\u011bte v\u00edce<\/a><\/div>\n<\/div>\n\n<h2 class=\"wp-block-heading\" id=\"caracteristiques-techniques\">Technick\u00e9 specifikace<\/h2>\n\n<table id=\"tablepress-158\" class=\"tablepress tablepress-id-158\">\n<thead>\n<tr class=\"row-1\">\n\t<th class=\"column-1\">Appareil<\/th><td class=\"column-2\"><\/td><th class=\"column-3\">ePUR05<\/th>\n<\/tr>\n<\/thead>\n<tbody class=\"row-striping row-hover\">\n<tr class=\"row-2\">\n\t<td class=\"column-1\">D\u00e9bit nominal<\/td><td class=\"column-2\">m3\/h<\/td><td class=\"column-3\">500<\/td>\n<\/tr>\n<tr class=\"row-3\">\n\t<td class=\"column-1\">Tension d'alimentation<\/td><td class=\"column-2\">V<\/td><td class=\"column-3\">230<\/td>\n<\/tr>\n<tr class=\"row-4\">\n\t<td class=\"column-1\">Puissance \u00e9l\u00e9ctrique<\/td><td class=\"column-2\">kW<\/td><td class=\"column-3\">0,035<\/td>\n<\/tr>\n<tr class=\"row-5\">\n\t<td class=\"column-1\">Dimensions<\/td><td class=\"column-2\">L\/l\/h (cm)<\/td><td class=\"column-3\"> 32 x 32 x 71<\/td>\n<\/tr>\n<tr class=\"row-6\">\n\t<td class=\"column-1\">Poids<\/td><td class=\"column-2\">kg<\/td><td class=\"column-3\">16<\/td>\n<\/tr>\n<tr class=\"row-7\">\n\t<td class=\"column-1\">Niveau de Bruyance <\/td><td class=\"column-2\">dB(A)<\/td><td class=\"column-3\">47<\/td>\n<\/tr>\n<\/tbody>\n<\/table>\n\n\n<div style=\"height:20px\" aria-hidden=\"true\" class=\"wp-block-spacer\"><\/div>\n\n<h2 class=\"wp-block-heading\" id=\"les-autres-destructeurs-de-virus-et-bacteries\">Dal\u0161\u00ed prost\u0159edky na huben\u00ed vir\u016f a bakteri\u00ed<\/h2>\n\n<div class=\"wp-block-columns is-layout-flex wp-container-core-columns-is-layout-28f84493 wp-block-columns-is-layout-flex\">\n<div class=\"wp-block-column is-layout-flow wp-block-column-is-layout-flow\">\n<figure class=\"wp-block-image aligncenter size-medium is-resized\"><a href=\"https:\/\/obera.fr\/cs\/produits\/purificateurs-air\/antivirove-a-antibakterialni-cisticky-vzduchu-covid-19\/antivirova-cisticka-vzduchu-virbox\/\"><img decoding=\"async\" width=\"300\" height=\"300\" src=\"https:\/\/obera.fr\/wp-content\/uploads\/2021\/04\/Virbox_2021-removebg-preview-300x300.png\" alt=\"virbox 2021\" class=\"wp-image-5383\" style=\"width:225px;height:225px\" srcset=\"https:\/\/obera.fr\/wp-content\/uploads\/2021\/04\/Virbox_2021-removebg-preview.png 300w, https:\/\/obera.fr\/wp-content\/uploads\/2021\/04\/Virbox_2021-removebg-preview-150x150.png 150w\" sizes=\"(max-width: 300px) 100vw, 300px\" \/><\/a><figcaption class=\"wp-element-caption\">VIRBOX<\/figcaption><\/figure>\n<\/div>\n\n\n\n<div class=\"wp-block-column is-layout-flow wp-block-column-is-layout-flow\">\n<figure class=\"wp-block-image aligncenter size-medium is-resized\"><a href=\"https:\/\/obera.fr\/cs\/produits\/purificateurs-air\/industriel-epur\/\"><img decoding=\"async\" width=\"300\" height=\"300\" src=\"https:\/\/obera.fr\/wp-content\/uploads\/2021\/04\/Purificateur-dair-ePUR-2020-600-300x300.jpg\" alt=\"&#x10C;isti&#x10D;ky vzduchu OBERA epur\" class=\"wp-image-5340\" style=\"width:225px;height:225px\" srcset=\"https:\/\/obera.fr\/wp-content\/uploads\/2021\/04\/Purificateur-dair-ePUR-2020-600-300x300.jpg 300w, https:\/\/obera.fr\/wp-content\/uploads\/2021\/04\/Purificateur-dair-ePUR-2020-600-150x150.jpg 150w, https:\/\/obera.fr\/wp-content\/uploads\/2021\/04\/Purificateur-dair-ePUR-2020-600.jpg 600w\" sizes=\"(max-width: 300px) 100vw, 300px\" \/><\/a><figcaption class=\"wp-element-caption\">\u010cisti\u010dka vzduchu EPUR<\/figcaption><\/figure>\n<\/div>\n\n\n\n<div class=\"wp-block-column is-layout-flow wp-block-column-is-layout-flow\">\n<figure class=\"wp-block-image aligncenter size-medium is-resized\"><a href=\"https:\/\/obera.fr\/cs\/produits\/purificateurs-air\/epur-b01-cisticka-vzduchu-ecoprime-na-prach\/\"><img decoding=\"async\" width=\"300\" height=\"300\" src=\"https:\/\/obera.fr\/wp-content\/uploads\/2021\/04\/ePUR-B01-ecoprime-600-300x300.jpg\" alt=\"Epur B01 Ecoprime\" class=\"wp-image-5342\" style=\"width:225px;height:225px\" srcset=\"https:\/\/obera.fr\/wp-content\/uploads\/2021\/04\/ePUR-B01-ecoprime-600-300x300.jpg 300w, https:\/\/obera.fr\/wp-content\/uploads\/2021\/04\/ePUR-B01-ecoprime-600-150x150.jpg 150w, https:\/\/obera.fr\/wp-content\/uploads\/2021\/04\/ePUR-B01-ecoprime-600.jpg 600w\" sizes=\"(max-width: 300px) 100vw, 300px\" \/><\/a><figcaption class=\"wp-element-caption\">Epur B01 Ecoprime<\/figcaption><\/figure>\n<\/div>\n\n\n\n<div class=\"wp-block-column is-layout-flow wp-block-column-is-layout-flow\"><\/div>\n<\/div>\n\n<p><\/p>\n","protected":false},"excerpt":{"rendered":"<p>Jak funguje \u010disti\u010dka vzduchu ePUR05 \u010cisti\u010dka vzduchu ePUR05 m\u00e1 jednoduch\u00e9 a \u00fa\u010dinn\u00e9 fungov\u00e1n\u00ed. Zne\u010di\u0161\u0165uj\u00edc\u00ed l\u00e1tky jsou nas\u00e1v\u00e1ny horn\u00ed \u010d\u00e1st\u00ed za\u0159\u00edzen\u00ed pomoc\u00ed vysoce v\u00fdkonn\u00e9ho ventil\u00e1toru. Prach pak proch\u00e1z\u00ed dv\u011bma stupni filtrace, po\u010d\u00ednaje p\u0159edfiltrem, kter\u00fd odd\u011bluje hrub\u00fd prach, aby hlavn\u00ed filtr z\u00edskal na \u00fa\u010dinnosti a m\u011bl prodlou\u017eenou \u017eivotnost. Hlavn\u00ed filtr H13 nebo V-protect je velmi p\u0159esn\u00fd filtr, schopn\u00fd \u00fa\u010dinn\u011b zachytit viry a bakterie, ale tak\u00e9 jemn\u00fd prach, karcinogenn\u00ed, mutagenn\u00ed a reprotoxick\u00e9 l\u00e1tky (CMR) a aerosoly. N\u00e1sledn\u011b vy\u010di\u0161t\u011bn\u00fd vzduch vych\u00e1z\u00ed spodn\u00ed \u010d\u00e1st\u00ed za\u0159\u00edzen\u00ed, \u010d\u00edm\u017e vytv\u00e1\u0159\u00ed smy\u010dku obnovy vzduchu. BENEFITY speci\u00e1ln\u00ed funkce funkce Aplikace Zne\u010di\u0161\u0165uj\u00edc\u00ed l\u00e1tky pr\u016fmyslov\u00e1 odv\u011btv\u00ed Zvl\u00e1\u0161t\u011b vhodn\u00e9 pro velk\u00e9 plochy (terci\u00e1rn\u00ed &#8230; <\/p>\n<p class=\"read-more-container\"><a title=\"\u010cisti\u010dka vzduchu ePUR05\" class=\"read-more button\" href=\"https:\/\/obera.fr\/cs\/produits\/purificateurs-air\/antivirove-a-antibakterialni-cisticky-vzduchu-covid-19\/cisticka-vzduchu-epur05\/#more-132589\" aria-label=\"\u010c\u00edst v\u00edce o \u010cisti\u010dka vzduchu ePUR05\">Lire la suite<\/a><\/p>\n","protected":false},"author":4,"featured_media":132591,"parent":48037,"menu_order":0,"comment_status":"closed","ping_status":"closed","template":"","meta":{"_acf_changed":false,"_seopress_robots_primary_cat":"","_seopress_titles_title":"\u010cisti\u010dka vzduchu proti vir\u016fm a bakteri\u00edm ePUR05","_seopress_titles_desc":"EPUR05 je \u010disti\u010dka vzduchu navr\u017een\u00e1 pro zachycen\u00ed vir\u016f a bakteri\u00ed, ale tak\u00e9 jemn\u00e9ho prachu, CMR l\u00e1tek a aerosol\u016f.","_seopress_robots_index":"","footnotes":""},"class_list":{"0":"post-132589","1":"page","2":"type-page","3":"status-publish","4":"has-post-thumbnail","6":"no-featured-image-padding","7":"resize-featured-image"},"acf":[],"_links":{"self":[{"href":"https:\/\/obera.fr\/cs\/wp-json\/wp\/v2\/pages\/132589","targetHints":{"allow":["GET"]}}],"collection":[{"href":"https:\/\/obera.fr\/cs\/wp-json\/wp\/v2\/pages"}],"about":[{"href":"https:\/\/obera.fr\/cs\/wp-json\/wp\/v2\/types\/page"}],"author":[{"embeddable":true,"href":"https:\/\/obera.fr\/cs\/wp-json\/wp\/v2\/users\/4"}],"replies":[{"embeddable":true,"href":"https:\/\/obera.fr\/cs\/wp-json\/wp\/v2\/comments?post=132589"}],"version-history":[{"count":1,"href":"https:\/\/obera.fr\/cs\/wp-json\/wp\/v2\/pages\/132589\/revisions"}],"predecessor-version":[{"id":132593,"href":"https:\/\/obera.fr\/cs\/wp-json\/wp\/v2\/pages\/132589\/revisions\/132593"}],"up":[{"embeddable":true,"href":"https:\/\/obera.fr\/cs\/wp-json\/wp\/v2\/pages\/48037"}],"wp:featuredmedia":[{"embeddable":true,"href":"https:\/\/obera.fr\/cs\/wp-json\/wp\/v2\/media\/132591"}],"wp:attachment":[{"href":"https:\/\/obera.fr\/cs\/wp-json\/wp\/v2\/media?parent=132589"}],"curies":[{"name":"wp","href":"https:\/\/api.w.org\/{rel}","templated":true}]}}