{"id":38763,"date":"2020-08-26T12:55:27","date_gmt":"2020-08-26T10:55:27","guid":{"rendered":"https:\/\/obera.fr\/nase-produkty\/ramena-a-sberaci-zarizeni\/prumyslova-saci-ramena\/"},"modified":"2025-06-02T14:35:55","modified_gmt":"2025-06-02T12:35:55","slug":"bras-hotte-ovale-rectangulaire","status":"publish","type":"page","link":"https:\/\/obera.fr\/cs\/produits\/bras-dispositifs-captation\/bras-hotte-ovale-rectangulaire\/","title":{"rendered":"Pr\u016fmyslov\u00e1 sac\u00ed ramena"},"content":{"rendered":"\n<p>Sac\u00ed<strong> ramena<\/strong>, zn\u00e1m\u00e1 tak\u00e9 jako ods\u00e1vac\u00ed ramena nebo kloubov\u00e1 ramena, jsou d\u016fle\u017eit\u00fdm sb\u011brn\u00fdm za\u0159\u00edzen\u00edm v pr\u016fmyslu a \u0159emeslech, kter\u00e9 vytv\u00e1\u0159\u00ed \u010dist\u00e9 a bezpe\u010dn\u00e9 pracovn\u00ed prost\u0159ed\u00ed. <strong>Ods\u00e1vac\u00ed ramena jsou flexibiln\u00ed<\/strong> a velmi \u010dasto se pou\u017e\u00edvaj\u00ed v kombinaci s ods\u00e1vac\u00edmi syst\u00e9my. Ods\u00e1vac\u00ed syst\u00e9my shroma\u017e\u010fuj\u00ed \u010d\u00e1stice nas\u00e1t\u00e9 ods\u00e1vac\u00edm ramenem a filtry.  <\/p>\n\n\n\n<p>Ods\u00e1vac\u00ed ramena a <strong>ods\u00e1vac\u00ed syst\u00e9my jsou nepostradateln\u00e9 v mnoha odv\u011btv\u00edch, kde<\/strong> pom\u00e1haj\u00ed zlep\u0161ovat kvalitu ovzdu\u0161\u00ed, chr\u00e1nit zdrav\u00ed pracovn\u00edk\u016f a zvy\u0161ovat produktivitu. Pro dosa\u017een\u00ed optim\u00e1ln\u00edch v\u00fdsledk\u016f je d\u016fle\u017eit\u00e9 vybrat ods\u00e1vac\u00ed rameno, kter\u00e9 spl\u0148uje specifick\u00e9 po\u017eadavky dan\u00e9 aplikace. Nab\u00edz\u00edme ods\u00e1vac\u00ed ramena odoln\u00e1 proti v\u00fdbuchu ATEX, kompatibiln\u00ed s ESD a odoln\u00e1 proti chemik\u00e1li\u00edm. N\u00e1\u0161 sortiment zahrnuje v\u00fdrobky od v\u00fdrobc\u016f FUMEX, ALSIDENT, ESTA a GEOVENT.   <\/p>\n\n\n\n<div class=\"wp-block-columns is-layout-flex wp-container-core-columns-is-layout-28f84493 wp-block-columns-is-layout-flex\">\n<div class=\"wp-block-column is-layout-flow wp-block-column-is-layout-flow\">\n<figure class=\"wp-block-image aligncenter size-full is-resized\"><img decoding=\"async\" width=\"1280\" height=\"1280\" src=\"https:\/\/obera.fr\/wp-content\/uploads\/2024\/10\/11-bras-de-captation-fixation-sol.png\" alt=\"Podlahov\u00e9 rameno sb\u011bra\u010de\" class=\"wp-image-35798\" style=\"object-fit:cover;width:200px;height:200px\" srcset=\"https:\/\/obera.fr\/wp-content\/uploads\/2024\/10\/11-bras-de-captation-fixation-sol.png 1280w, https:\/\/obera.fr\/wp-content\/uploads\/2024\/10\/11-bras-de-captation-fixation-sol-300x300.png 300w, https:\/\/obera.fr\/wp-content\/uploads\/2024\/10\/11-bras-de-captation-fixation-sol-1024x1024.png 1024w, https:\/\/obera.fr\/wp-content\/uploads\/2024\/10\/11-bras-de-captation-fixation-sol-150x150.png 150w, https:\/\/obera.fr\/wp-content\/uploads\/2024\/10\/11-bras-de-captation-fixation-sol-768x768.png 768w, https:\/\/obera.fr\/wp-content\/uploads\/2024\/10\/11-bras-de-captation-fixation-sol-24x24.png 24w, https:\/\/obera.fr\/wp-content\/uploads\/2024\/10\/11-bras-de-captation-fixation-sol-48x48.png 48w, https:\/\/obera.fr\/wp-content\/uploads\/2024\/10\/11-bras-de-captation-fixation-sol-96x96.png 96w\" sizes=\"(max-width: 1280px) 100vw, 1280px\" \/><figcaption class=\"wp-element-caption\">Podlahov\u00fd dr\u017e\u00e1k ramene senzoru<\/figcaption><\/figure>\n<\/div>\n\n\n\n<div class=\"wp-block-column is-layout-flow wp-block-column-is-layout-flow\">\n<figure class=\"wp-block-image aligncenter size-full is-resized\"><img decoding=\"async\" width=\"1280\" height=\"1279\" src=\"https:\/\/obera.fr\/wp-content\/uploads\/2024\/10\/12-bras-de-captation-fixation-murale-1.png\" alt=\"n\u00e1st\u011bnn\u00e9 rameno senzoru\" class=\"wp-image-35818\" style=\"object-fit:cover;width:200px;height:200px\" srcset=\"https:\/\/obera.fr\/wp-content\/uploads\/2024\/10\/12-bras-de-captation-fixation-murale-1.png 1280w, https:\/\/obera.fr\/wp-content\/uploads\/2024\/10\/12-bras-de-captation-fixation-murale-1-300x300.png 300w, https:\/\/obera.fr\/wp-content\/uploads\/2024\/10\/12-bras-de-captation-fixation-murale-1-1024x1024.png 1024w, https:\/\/obera.fr\/wp-content\/uploads\/2024\/10\/12-bras-de-captation-fixation-murale-1-150x150.png 150w, https:\/\/obera.fr\/wp-content\/uploads\/2024\/10\/12-bras-de-captation-fixation-murale-1-768x767.png 768w, https:\/\/obera.fr\/wp-content\/uploads\/2024\/10\/12-bras-de-captation-fixation-murale-1-24x24.png 24w, https:\/\/obera.fr\/wp-content\/uploads\/2024\/10\/12-bras-de-captation-fixation-murale-1-48x48.png 48w, https:\/\/obera.fr\/wp-content\/uploads\/2024\/10\/12-bras-de-captation-fixation-murale-1-96x96.png 96w\" sizes=\"(max-width: 1280px) 100vw, 1280px\" \/><figcaption class=\"wp-element-caption\">Zachycovac\u00ed rameno pro mont\u00e1\u017e na st\u011bnu<\/figcaption><\/figure>\n<\/div>\n\n\n\n<div class=\"wp-block-column is-layout-flow wp-block-column-is-layout-flow\">\n<figure class=\"wp-block-image aligncenter size-full is-resized\"><img decoding=\"async\" width=\"1280\" height=\"1279\" src=\"https:\/\/obera.fr\/wp-content\/uploads\/2024\/10\/13-bras-de-captation-fixation-murale-avec-rallonge.png\" alt=\"n\u00e1st\u011bnn\u00e9 rameno senzoru s prodlu\u017eovac\u00edm kabelem\" class=\"wp-image-35821\" style=\"object-fit:cover;width:200px;height:200px\" srcset=\"https:\/\/obera.fr\/wp-content\/uploads\/2024\/10\/13-bras-de-captation-fixation-murale-avec-rallonge.png 1280w, https:\/\/obera.fr\/wp-content\/uploads\/2024\/10\/13-bras-de-captation-fixation-murale-avec-rallonge-300x300.png 300w, https:\/\/obera.fr\/wp-content\/uploads\/2024\/10\/13-bras-de-captation-fixation-murale-avec-rallonge-1024x1024.png 1024w, https:\/\/obera.fr\/wp-content\/uploads\/2024\/10\/13-bras-de-captation-fixation-murale-avec-rallonge-150x150.png 150w, https:\/\/obera.fr\/wp-content\/uploads\/2024\/10\/13-bras-de-captation-fixation-murale-avec-rallonge-768x767.png 768w, https:\/\/obera.fr\/wp-content\/uploads\/2024\/10\/13-bras-de-captation-fixation-murale-avec-rallonge-24x24.png 24w, https:\/\/obera.fr\/wp-content\/uploads\/2024\/10\/13-bras-de-captation-fixation-murale-avec-rallonge-48x48.png 48w, https:\/\/obera.fr\/wp-content\/uploads\/2024\/10\/13-bras-de-captation-fixation-murale-avec-rallonge-96x96.png 96w\" sizes=\"(max-width: 1280px) 100vw, 1280px\" \/><figcaption class=\"wp-element-caption\">Senzorov\u00e9 rameno pro mont\u00e1\u017e na st\u011bnu s prodlou\u017een\u00edm<\/figcaption><\/figure>\n<\/div>\n\n\n\n<div class=\"wp-block-column is-layout-flow wp-block-column-is-layout-flow\">\n<figure class=\"wp-block-image aligncenter size-full is-resized\"><img decoding=\"async\" width=\"1280\" height=\"1279\" src=\"https:\/\/obera.fr\/wp-content\/uploads\/2024\/10\/14-bras-de-captation-fixation-support-depoussiereur.png\" alt=\"rameno sb\u011bra\u010de nosn\u00e1 konzola sb\u011bra\u010de prachu\" class=\"wp-image-35824\" style=\"object-fit:cover;width:200px;height:200px\" srcset=\"https:\/\/obera.fr\/wp-content\/uploads\/2024\/10\/14-bras-de-captation-fixation-support-depoussiereur.png 1280w, https:\/\/obera.fr\/wp-content\/uploads\/2024\/10\/14-bras-de-captation-fixation-support-depoussiereur-300x300.png 300w, https:\/\/obera.fr\/wp-content\/uploads\/2024\/10\/14-bras-de-captation-fixation-support-depoussiereur-1024x1024.png 1024w, https:\/\/obera.fr\/wp-content\/uploads\/2024\/10\/14-bras-de-captation-fixation-support-depoussiereur-150x150.png 150w, https:\/\/obera.fr\/wp-content\/uploads\/2024\/10\/14-bras-de-captation-fixation-support-depoussiereur-768x767.png 768w, https:\/\/obera.fr\/wp-content\/uploads\/2024\/10\/14-bras-de-captation-fixation-support-depoussiereur-24x24.png 24w, https:\/\/obera.fr\/wp-content\/uploads\/2024\/10\/14-bras-de-captation-fixation-support-depoussiereur-48x48.png 48w, https:\/\/obera.fr\/wp-content\/uploads\/2024\/10\/14-bras-de-captation-fixation-support-depoussiereur-96x96.png 96w\" sizes=\"(max-width: 1280px) 100vw, 1280px\" \/><figcaption class=\"wp-element-caption\">Podp\u011bra pro upevn\u011bn\u00ed zachycovac\u00edho ramene Odlu\u010dova\u010d prachu<\/figcaption><\/figure>\n<\/div>\n<\/div>\n\n\n\n<div class=\"wp-block-columns is-layout-flex wp-container-core-columns-is-layout-28f84493 wp-block-columns-is-layout-flex\">\n<div class=\"wp-block-column is-layout-flow wp-block-column-is-layout-flow\" style=\"flex-basis:33.34%\">\n<div class=\"wp-block-buttons is-content-justification-center is-layout-flex wp-container-core-buttons-is-layout-a89b3969 wp-block-buttons-is-layout-flex\">\n<div class=\"wp-block-button\"><a class=\"wp-block-button__link wp-element-button\" href=\"https:\/\/obera.fr\/wp-content\/uploads\/2025\/06\/en-hotte-ovale.pdf\">St\u00e1hn\u011bte si bro\u017euru<\/a><\/div>\n<\/div>\n<\/div>\n\n\n\n<div class=\"wp-block-column is-layout-flow wp-block-column-is-layout-flow\" style=\"flex-basis:33.34%\">\n<div class=\"wp-block-buttons is-horizontal is-content-justification-center is-layout-flex wp-container-core-buttons-is-layout-03627597 wp-block-buttons-is-layout-flex\">\n<div class=\"wp-block-button has-custom-width wp-block-button__width-100\"><a class=\"wp-block-button__link wp-element-button\" href=\"https:\/\/obera.fr\/cs\/kontaktujte-nas\/\">Zjist\u011bte v\u00edce<\/a><\/div>\n<\/div>\n\n\n\n<div style=\"height:58px\" aria-hidden=\"true\" class=\"wp-block-spacer\"><\/div>\n<\/div>\n\n\n\n<div class=\"wp-block-column is-layout-flow wp-block-column-is-layout-flow\" style=\"flex-basis:33.33%\">\n<div class=\"wp-block-buttons is-content-justification-center is-layout-flex wp-container-core-buttons-is-layout-a89b3969 wp-block-buttons-is-layout-flex\">\n<div class=\"wp-block-button btn-devis-source\"><a class=\"wp-block-button__link wp-element-button\" href=\"https:\/\/obera.fr\/cs\/devis\/\">Po\u017e\u00e1dat o cenovou nab\u00eddku<\/a><\/div>\n<\/div>\n\n\n<script>\r\ndocument.addEventListener('DOMContentLoaded', function() {\r\n    \/\/ 1. On cherche le titre H1 de la page\r\n    var h1 = document.querySelector('h1');\r\n    var productTitle = h1 ? h1.innerText.trim() : \"\";\r\n\r\n    \/\/ 2. On cherche les boutons via la classe CSS .btn-devis-source\r\n    var buttons = document.querySelectorAll('.btn-devis-source a');\r\n\r\n    \/\/ 3. Si on a le titre et les boutons, on ajoute le param\u00e8tre\r\n    if (buttons.length > 0 && productTitle !== \"\") {\r\n        var encodedTitle = encodeURIComponent(productTitle);\r\n\r\n        buttons.forEach(function(btn) {\r\n            var currentHref = btn.getAttribute('href');\r\n            \r\n            \/\/ S\u00e9curit\u00e9 pour ne pas ajouter le param\u00e8tre 2 fois\r\n            if (currentHref.indexOf('sujet=') === -1) {\r\n                var separator = currentHref.indexOf('?') !== -1 ? '&' : '?';\r\n                var newLink = currentHref + separator + 'sujet=' + encodedTitle;\r\n                \r\n                btn.setAttribute('href', newLink);\r\n            }\r\n        });\r\n    }\r\n});\r\n<\/script><\/div>\n<\/div>\n\n\n\n<p><strong>Ods\u00e1vac\u00ed ramena OberA zachycuj\u00ed prach<\/strong>, sva\u0159ovac\u00ed a p\u00e1jec\u00ed d\u00fdmy, plyny a p\u00e1ry p\u0159\u00edmo u zdroje. Ods\u00e1vac\u00ed ramena lze p\u0159ipojit k ods\u00e1vac\u00edm ventil\u00e1tor\u016fm, kter\u00e9 nas\u00e1vaj\u00ed \u0161kodliviny a vypou\u0161t\u011bj\u00ed je bez filtrace, nebo k <strong>centr\u00e1ln\u00edmu ods\u00e1vac\u00edmu a filtra\u010dn\u00edmu za\u0159\u00edzen\u00ed<\/strong> pomoc\u00ed potrub\u00ed, p\u0159\u00edpadn\u011b k mobiln\u00ed ods\u00e1vac\u00ed jednotce. <\/p>\n\n\n\n<p><strong>Rameno<\/strong> je vhodn\u00e9<strong>pou\u017e\u00edt v p\u0159\u00edpadech, kdy se poloha pracovn\u00edho prostoru m\u011bn\u00ed<\/strong> nebo kdy je d\u016fle\u017eit\u00e9 m\u00edt mo\u017enost ods\u00e1vac\u00ed za\u0159\u00edzen\u00ed zasunout, aby nep\u0159ek\u00e1\u017eelo obsluze p\u0159i pr\u00e1ci, kdy\u017e nepot\u0159ebuje ods\u00e1v\u00e1n\u00ed pou\u017e\u00edt.<\/p>\n\n\n\n<p>Obecn\u011b se m\u00e1 za to, \u017ee sac\u00ed rameno se m\u016f\u017ee pohybovat v r\u00e1mci pracovn\u00edho prostoru, kter\u00fd odpov\u00edd\u00e1 maxim\u00e1ln\u011b jeho d\u00e9lce. Chcete-li <strong>si ov\u011b\u0159it, jak daleko lze rameny pohybovat<\/strong>, pod\u00edvejte se na na\u0161e videa, kter\u00e1 ukazuj\u00ed, jak lze ka\u017ed\u00fdm ramenem pohybovat v z\u00e1vislosti na jeho d\u00e9lce.   <\/p>\n\n\n\n<p>V\u0161echna na\u0161e ramena jsou navr\u017eena tak, aby kombinovala robustnost, odolnost a ovladatelnost.<\/p>\n\n\n\n<p>Na\u0161e sac\u00ed ramena jsou dod\u00e1v\u00e1na kompletn\u011b smontovan\u00e1 a jsou k dispozici s r\u016fzn\u00fdmi sac\u00edmi kryty, r\u016fzn\u00fdmi hadicemi, r\u016fzn\u00fdmi typy upevn\u011bn\u00ed a v \u0161irok\u00e9m rozsahu jmenovit\u00fdch \u0161\u00ed\u0159ek (50 mm a\u017e 200 mm) a rozp\u011bt\u00ed (1,5 m a\u017e 8,0 m).<\/p>\n\n\n\n<p>Sac\u00ed ramena OberA jsou kloubov\u00e1 a vybaven\u00e1 plynov\u00fdmi vzp\u011brami, kter\u00e9 <strong>zaji\u0161\u0165uj\u00ed snadn\u00fd pohyb ramene<\/strong> a um\u00edst\u011bn\u00ed sb\u011brn\u00e9ho \u00fast\u00ed do libovoln\u00e9 polohy v dosahu. Vn\u011bj\u0161\u00ed konstrukce podp\u011brn\u00e9ho a kloubov\u00e9ho syst\u00e9mu zaji\u0161\u0165uje, \u017ee nen\u00ed br\u00e1n\u011bno proud\u011bn\u00ed vzduchu a \u017ee lze dos\u00e1hnout \u00fa\u010dinn\u00e9ho ods\u00e1v\u00e1n\u00ed. N\u011bkter\u00e9 typy ramene maj\u00ed <strong>kloub uvnit\u0159 ramene<\/strong>. Tomuto \u0159e\u0161en\u00ed je t\u0159eba se pokud mo\u017eno vyhnout, aby se p\u0159ede\u0161lo riziku po\u0161kozen\u00ed nebo od\u011bru v p\u0159\u00edpad\u011b prachu nebo koroze v p\u0159\u00edpad\u011b plynn\u00fdch zne\u010di\u0161\u0165uj\u00edc\u00edch l\u00e1tek.   <\/p>\n\n\n\n<div style=\"height:15px\" aria-hidden=\"true\" class=\"wp-block-spacer\"><\/div>\n\n\n\n<div class=\"wp-block-columns is-layout-flex wp-container-core-columns-is-layout-28f84493 wp-block-columns-is-layout-flex\">\n<div class=\"wp-block-column is-layout-flow wp-block-column-is-layout-flow\">\n<figure class=\"wp-block-image aligncenter size-full\"><img decoding=\"async\" width=\"1024\" height=\"768\" src=\"https:\/\/obera.fr\/wp-content\/uploads\/2020\/11\/9-bras-de-captation.jpg\" alt=\"Stroj - vysava\u010d\" class=\"wp-image-1646\" srcset=\"https:\/\/obera.fr\/wp-content\/uploads\/2020\/11\/9-bras-de-captation.jpg 1024w, https:\/\/obera.fr\/wp-content\/uploads\/2020\/11\/9-bras-de-captation-300x225.jpg 300w, https:\/\/obera.fr\/wp-content\/uploads\/2020\/11\/9-bras-de-captation-768x576.jpg 768w\" sizes=\"(max-width: 1024px) 100vw, 1024px\" \/><figcaption class=\"wp-element-caption\">Pou\u017e\u00edvan\u00e9 sac\u00ed syst\u00e9my<\/figcaption><\/figure>\n<\/div>\n\n\n\n<div class=\"wp-block-column is-layout-flow wp-block-column-is-layout-flow\">\n<figure class=\"wp-block-image aligncenter size-full\"><img decoding=\"async\" width=\"1024\" height=\"768\" src=\"https:\/\/obera.fr\/wp-content\/uploads\/2020\/11\/10-bras-de-captation.jpg\" alt=\"In\u017een\u00fdrstv\u00ed - zachycen\u00ed\" class=\"wp-image-1647\" srcset=\"https:\/\/obera.fr\/wp-content\/uploads\/2020\/11\/10-bras-de-captation.jpg 1024w, https:\/\/obera.fr\/wp-content\/uploads\/2020\/11\/10-bras-de-captation-300x225.jpg 300w, https:\/\/obera.fr\/wp-content\/uploads\/2020\/11\/10-bras-de-captation-768x576.jpg 768w\" sizes=\"(max-width: 1024px) 100vw, 1024px\" \/><figcaption class=\"wp-element-caption\">Z\u00e1chytn\u00e1 ramena in situ<\/figcaption><\/figure>\n<\/div>\n<\/div>\n\n\n\n<h2 class=\"wp-block-heading\">Jak\u00e1 krit\u00e9ria bych m\u011bl zohlednit p\u0159i v\u00fdb\u011bru pr\u016fmyslov\u00e9ho vakuov\u00e9ho ramene?<\/h2>\n\n\n\n<h3 class=\"wp-block-heading\">1. Jak\u00fd pr\u016fm\u011br sac\u00edho ramene zvolit?<\/h3>\n\n\n\n<p><strong>Sac\u00ed ramena OberA jsou k dispozici v pr\u016fm\u011brech od d50 mm<\/strong> <strong>do d200 mm<\/strong>.<\/p>\n\n\n\n<p>Sac\u00ed pr\u016ftok se pohybuje od 100 m3\/h do maxim\u00e1ln\u011b 3000 m3\/h.<\/p>\n\n\n\n<p><strong>Pr\u016fm\u011br, kter\u00fd zvol\u00edte,<\/strong> z\u00e1vis\u00ed na po\u017eadovan\u00e9m pr\u016ftoku s\u00e1n\u00ed a na kapacit\u011b sac\u00edho a filtra\u010dn\u00edho syst\u00e9mu, ke kter\u00e9mu je rameno p\u0159ipojeno.<\/p>\n\n\n\n<p>P\u0159esto\u017ee jsou ramena OberA <strong>obzvl\u00e1\u0161t\u011b \u00fa\u010dinn\u00e1 a energeticky \u00fasporn\u00e1<\/strong>, tlakov\u00e1 ztr\u00e1ta sac\u00edho ramene je vzhledem k ohyb\u016fm na spoj\u00edch a d\u00e9lce flexibiln\u00edho potrub\u00ed st\u00e1le pom\u011brn\u011b vysok\u00e1. Nav\u00edc \u010d\u00edm vy\u0161\u0161\u00ed je sac\u00ed rychlost v rameni, t\u00edm v\u011bt\u0161\u00ed je ztr\u00e1ta v\u00fd\u0161ky v rameni (kter\u00e1 se vyv\u00edj\u00ed v\u00edcem\u00e9n\u011b \u00fam\u011brn\u011b kvadr\u00e1tu sac\u00ed rychlosti). <\/p>\n\n\n\n<p>Je proto d\u016fle\u017eit\u00e9 zajistit, aby<strong> ods\u00e1vac\u00ed syst\u00e9m, ke kter\u00e9mu bude rameno p\u0159ipojeno<\/strong>, m\u011bl dostate\u010dnou sac\u00ed kapacitu, a to jak z hlediska pr\u016ftoku, tak dostupn\u00e9ho tlaku. V\u011btrac\u00ed syst\u00e9my (AHU) \u010dasto nemaj\u00ed dostate\u010dn\u00fd podtlak, kter\u00fd by zaru\u010dil vhodn\u00fd pr\u016ftok pro rameno. <\/p>\n\n\n\n<p>V\u00fdb\u011br ramene s v\u011bt\u0161\u00edm pr\u016fm\u011brem sn\u00ed\u017e\u00ed tlakovou ztr\u00e1tu, ale i tak je t\u0159eba zajistit dostate\u010dnou rychlost s\u00e1n\u00ed p\u0159i vys\u00e1v\u00e1n\u00ed prachu. Nav\u00edc \u010d\u00edm <strong>v\u011bt\u0161\u00ed je pr\u016fm\u011br sac\u00edho ramene<\/strong>, t\u00edm je objemn\u011bj\u0161\u00ed! <\/p>\n\n\n\n<div class=\"wp-block-columns is-layout-flex wp-container-core-columns-is-layout-28f84493 wp-block-columns-is-layout-flex\">\n<div class=\"wp-block-column is-layout-flow wp-block-column-is-layout-flow\" style=\"flex-basis:50%\">\n<h3 class=\"wp-block-heading\">2. Jakou d\u00e9lku sac\u00edho ramene m\u00e1m zvolit?<\/h3>\n\n\n\n<p><strong>D\u00e9lka sac\u00edho ramene <\/strong>z\u00e1vis\u00ed na pohybu, kter\u00fd m\u00e1 b\u00fdt proveden, a na povrchu, kter\u00fd m\u00e1 b\u00fdt pokryt. \u010c\u00edm je v\u0161ak rameno del\u0161\u00ed, t\u00edm je m\u00e9n\u011b man\u00e9vrovateln\u00e9. Proto se ujist\u011bte, \u017ee jste vybrali dostate\u010dn\u011b dlouh\u00e9 rameno, ale ne p\u0159\u00edli\u0161 dlouh\u00e9.  <\/p>\n<\/div>\n\n\n\n<div class=\"wp-block-column is-layout-flow wp-block-column-is-layout-flow\" style=\"flex-basis:50%\">\n<h3 class=\"wp-block-heading\">3. Jakou digesto\u0159 nebo zachycova\u010d na konci ods\u00e1vac\u00edho ramene zvolit?<\/h3>\n\n\n\n<p>Ramena OberA lze vybavit r\u016fzn\u00fdmi odtahov\u00fdmi digesto\u0159emi:<\/p>\n\n\n\n<ul class=\"wp-block-list\">\n<li><strong>Kulat\u00e1 nebo ov\u00e1ln\u00e1 digesto\u0159 pro ods\u00e1v\u00e1n\u00ed prachu a v\u00fdpar\u016f<\/strong>.<\/li>\n\n\n\n<li>Obd\u00e9ln\u00edkov\u00fd odsava\u010d par pro velkoplo\u0161n\u00e9 ods\u00e1v\u00e1n\u00ed.<\/li>\n\n\n\n<li><strong>Patentovan\u00e1<\/strong> digesto\u0159 s <strong>dvojit\u00fdm \u00fa\u010dinkem<\/strong> pro ods\u00e1v\u00e1n\u00ed v\u00fdpar\u016f, plyn\u016f a rozpou\u0161t\u011bdel.<\/li>\n<\/ul>\n<\/div>\n<\/div>\n\n\n\n<div class=\"wp-block-buttons is-content-justification-center is-layout-flex wp-container-core-buttons-is-layout-a89b3969 wp-block-buttons-is-layout-flex\">\n<div class=\"wp-block-button\"><a class=\"wp-block-button__link wp-element-button\" href=\"https:\/\/boutique.obera.fr\/40-64-acheter-bras-d-aspiration-avec-capot-en-plastique.html#\/3-taille-4m\/27-diametres_bras-140mm\/33-type_de_fixation-support_mural\">Koupit Sac\u00ed rameno s plastov\u00fdm krytem<\/a><\/div>\n<\/div>\n\n\n\n<h3 class=\"wp-block-heading\">4. Jak p\u0159ipoj\u00edm sac\u00ed rameno?<\/h3>\n\n\n\n<p>Existuj\u00ed<strong> r\u016fzn\u00e9 zp\u016fsoby upevn\u011bn\u00ed sac\u00edho ramene<\/strong>:<\/p>\n\n\n\n<ul class=\"wp-block-list\">\n<li>Podlahov\u00fd stojan s op\u011brnou nohou pro upevn\u011bn\u00ed k podlaze.<\/li>\n\n\n\n<li>Podpora pro <strong>um\u00edst\u011bn\u00ed na mobiln\u00ed vysava\u010d<\/strong>.<\/li>\n\n\n\n<li>Mont\u00e1\u017e na st\u011bnu s kulov\u00fdm kloubem 360\u00b0.<\/li>\n\n\n\n<li>Dr\u017e\u00e1k pro mont\u00e1\u017e na st\u011bnu.<\/li>\n\n\n\n<li>N\u00e1st\u011bnn\u00fd dr\u017e\u00e1k s ramenem a prodlou\u017een\u00edm od 1 m do 3 m.<\/li>\n<\/ul>\n\n\n\n<h3 class=\"wp-block-heading\">5. Kdy byste m\u011bli zvolit rameno ATEX?<\/h3>\n\n\n\n<p>Pokud je ods\u00e1van\u00fd produkt v\u00fdbu\u0161n\u00fd (v\u00fdbu\u0161n\u00fd prach nebo plyn) nebo pokud se samotn\u00e9 rameno nach\u00e1z\u00ed v z\u00f3n\u011b ATEX, je t\u0159eba zvolit vhodn\u00e9 rameno ATEX: rameno ATEX z\u00f3na 22 pro prach nebo rameno ATEX z\u00f3na 2 pro plyn.<\/p>\n\n\n\n<h3 class=\"wp-block-heading\">6. Jak\u00e9 mo\u017enosti jsou k dispozici u sac\u00edch ramen?<\/h3>\n\n\n\n<p>V<strong> z\u00e1vislosti na pou\u017eit\u00ed je k dispozici<\/strong> n\u011bkolik<strong> mo\u017enost\u00ed<\/strong>. Pat\u0159\u00ed mezi n\u011b : <\/p>\n\n\n\n<ul class=\"wp-block-list\">\n<li>Kontrolka LED na sn\u00edmac\u00edm za\u0159\u00edzen\u00ed.<\/li>\n\n\n\n<li>Regula\u010dn\u00ed ventil pr\u016ftoku nebo ventil pro otev\u00edr\u00e1n\u00ed\/zav\u00edr\u00e1n\u00ed.<\/li>\n\n\n\n<li>\u0158ada speci\u00e1ln\u00edch sac\u00edch hadic pro spln\u011bn\u00ed specifick\u00fdch po\u017eadavk\u016f, jako jsou struska, abrazivn\u00ed prach, korozivn\u00ed v\u00fdpary nebo plyny atd. ATEX, hadice pro vysok\u00e9 teploty.<\/li>\n<\/ul>\n\n\n\n<div class=\"wp-block-columns is-layout-flex wp-container-core-columns-is-layout-28f84493 wp-block-columns-is-layout-flex\">\n<div class=\"wp-block-column is-layout-flow wp-block-column-is-layout-flow\">\n<h2 class=\"wp-block-heading has-text-align-center\"><br>Ov\u00e1ln\u00fd odsava\u010d par s v\u00fdsuvn\u00fdm ramenem<\/h2>\n\n\n\n<figure class=\"wp-block-image aligncenter size-medium is-resized\"><img decoding=\"async\" width=\"300\" height=\"300\" src=\"https:\/\/obera.fr\/wp-content\/uploads\/2020\/09\/Bras-SF-300x300.jpg\" alt=\"rameno Sf\" class=\"wp-image-969\" style=\"width:225px;height:225px\" srcset=\"https:\/\/obera.fr\/wp-content\/uploads\/2020\/09\/Bras-SF-300x300.jpg 300w, https:\/\/obera.fr\/wp-content\/uploads\/2020\/09\/Bras-SF-150x150.jpg 150w, https:\/\/obera.fr\/wp-content\/uploads\/2020\/09\/Bras-SF.jpg 433w\" sizes=\"(max-width: 300px) 100vw, 300px\" \/><\/figure>\n<\/div>\n\n\n\n<div class=\"wp-block-column is-layout-flow wp-block-column-is-layout-flow\">\n<h2 class=\"wp-block-heading has-text-align-center\"><br>Obd\u00e9ln\u00edkov\u00fd odsava\u010d par s v\u00fdsuvn\u00fdm ramenem<\/h2>\n\n\n\n<figure class=\"wp-block-image aligncenter size-medium is-resized\"><img decoding=\"async\" width=\"300\" height=\"300\" src=\"https:\/\/obera.fr\/wp-content\/uploads\/2020\/09\/Hotte-SF-300x300.jpg\" alt=\"Kapota Sf\" class=\"wp-image-968\" style=\"width:225px;height:225px\" srcset=\"https:\/\/obera.fr\/wp-content\/uploads\/2020\/09\/Hotte-SF-300x300.jpg 300w, https:\/\/obera.fr\/wp-content\/uploads\/2020\/09\/Hotte-SF-150x150.jpg 150w, https:\/\/obera.fr\/wp-content\/uploads\/2020\/09\/Hotte-SF.jpg 433w\" sizes=\"(max-width: 300px) 100vw, 300px\" \/><\/figure>\n<\/div>\n<\/div>\n\n\n\n<h2 class=\"wp-block-heading\">Jak\u00e1 krit\u00e9ria je t\u0159eba zohlednit p\u0159i v\u00fdb\u011bru  <\/h2>\n\n\n\n<div class=\"wp-block-columns is-layout-flex wp-container-core-columns-is-layout-28f84493 wp-block-columns-is-layout-flex\">\n<div class=\"wp-block-column is-layout-flow wp-block-column-is-layout-flow\">\n<h3 class=\"wp-block-heading has-text-align-center\"><strong>V\u00fdhody<\/strong><\/h3>\n\n\n\n<ul class=\"wp-block-list\">\n<li>Pro dokonal\u00e9 zachycen\u00ed v\u00fdpar\u016f, rozpou\u0161t\u011bdel a prachu u zdroje.<\/li>\n\n\n\n<li>Vys\u00e1v\u00e1n\u00ed jedn\u00e9 nebo v\u00edce pracovn\u00edch stanic<\/li>\n\n\n\n<li>P\u0159ipojen\u00ed ke <a href=\"https:\/\/obera.fr\/cs\/produits\/bras-dispositifs-captation\/\">sb\u011brn\u00e9 s\u00edti<\/a> nebo mobiln\u00edmu odlu\u010dova\u010di prachu<\/li>\n<\/ul>\n<\/div>\n\n\n\n<div class=\"wp-block-column is-layout-flow wp-block-column-is-layout-flow\">\n<h3 class=\"wp-block-heading has-text-align-center\"><strong>Speci\u00e1ln\u00ed funkce<\/strong><\/h3>\n\n\n\n<ul class=\"wp-block-list\">\n<li>Podp\u011brn\u00fd mechanismus ramene je na vn\u011bj\u0161\u00ed stran\u011b a nebr\u00e1n\u00ed proud\u011bn\u00ed vzduchu.<\/li>\n\n\n\n<li>Proud\u011bn\u00ed vzduchu v rameni nen\u00ed naru\u0161eno. Sni\u017euj\u00ed se tlakov\u00e9 ztr\u00e1ty<\/li>\n\n\n\n<li>Vzduchov\u00e9 pru\u017einy podporuj\u00ed a usnad\u0148uj\u00ed pohyb<\/li>\n<\/ul>\n<\/div>\n\n\n\n<div class=\"wp-block-column is-layout-flow wp-block-column-is-layout-flow\">\n<h3 class=\"wp-block-heading has-text-align-center\"><strong>Funkce<\/strong><\/h3>\n\n\n\n<ul class=\"wp-block-list\">\n<li>\u0160irok\u00fd v\u00fdb\u011br velikost\u00ed a pr\u016fm\u011br\u016f<\/li>\n\n\n\n<li>Vysok\u00e1 flexibilita<\/li>\n\n\n\n<li>Snadn\u00e9 pou\u017e\u00edv\u00e1n\u00ed a p\u0159esouv\u00e1n\u00ed<\/li>\n\n\n\n<li>Ods\u00e1v\u00e1n\u00ed co nejbl\u00ed\u017ee ke zdroji<\/li>\n<\/ul>\n<\/div>\n<\/div>\n\n\n\n<h2 class=\"wp-block-heading\">Aplikace<\/h2>\n\n\n\n<div class=\"wp-block-columns is-layout-flex wp-container-core-columns-is-layout-28f84493 wp-block-columns-is-layout-flex\">\n<div class=\"wp-block-column is-layout-flow wp-block-column-is-layout-flow\">\n<h3 class=\"wp-block-heading has-text-align-center\">Zne\u010di\u0161\u0165uj\u00edc\u00ed l\u00e1tky<\/h3>\n\n\n\n<hr class=\"wp-block-separator has-css-opacity is-style-wide\"\/>\n\n\n\n<div class=\"wp-block-columns is-layout-flex wp-container-core-columns-is-layout-28f84493 wp-block-columns-is-layout-flex\">\n<div class=\"wp-block-column is-layout-flow wp-block-column-is-layout-flow\">\n<figure class=\"wp-block-image aligncenter size-large\"><img decoding=\"async\" width=\"70\" height=\"70\" src=\"https:\/\/obera.fr\/wp-content\/uploads\/2020\/08\/polluants-poussieres.jpg\" alt=\"Zne\u010di\u0161\u0165uj\u00edc\u00ed l\u00e1tky Prach\" class=\"wp-image-675\"\/><figcaption class=\"wp-element-caption\">Prach<\/figcaption><\/figure>\n\n\n\n<figure class=\"wp-block-image aligncenter size-large\"><img decoding=\"async\" width=\"70\" height=\"70\" src=\"https:\/\/obera.fr\/wp-content\/uploads\/2020\/08\/industrie-fumees.jpg\" alt=\"Pr\u016fmyslov\u00fd kou\u0159\" class=\"wp-image-722\"\/><figcaption class=\"wp-element-caption\">V\u00fdpary<\/figcaption><\/figure>\n\n\n\n<figure class=\"wp-block-image aligncenter size-large\"><img decoding=\"async\" width=\"70\" height=\"70\" src=\"https:\/\/obera.fr\/wp-content\/uploads\/2020\/09\/cov.png\" alt=\"Cov\" class=\"wp-image-959\"\/><figcaption class=\"wp-element-caption\">VOCS<\/figcaption><\/figure>\n<\/div>\n\n\n\n<div class=\"wp-block-column is-layout-flow wp-block-column-is-layout-flow\">\n<figure class=\"wp-block-image aligncenter size-large\"><img decoding=\"async\" width=\"70\" height=\"70\" src=\"https:\/\/obera.fr\/wp-content\/uploads\/2020\/08\/polluants-copeaux-bois.jpg\" alt=\"Zne\u010di\u0161\u0165uj\u00edc\u00ed l\u00e1tky D\u0159evn\u00ed \u0161t\u011bpka\" class=\"wp-image-674\"\/><figcaption class=\"wp-element-caption\">Chipsy<\/figcaption><\/figure>\n\n\n\n<figure class=\"wp-block-image aligncenter size-large\"><img decoding=\"async\" width=\"70\" height=\"70\" src=\"https:\/\/obera.fr\/wp-content\/uploads\/2020\/08\/industrie-odeur.jpg\" alt=\"Z\u00e1pach z pr\u016fmyslu\" class=\"wp-image-723\"\/><figcaption class=\"wp-element-caption\">Z\u00e1pachy<\/figcaption><\/figure>\n\n\n\n<figure class=\"wp-block-image aligncenter size-large\"><img decoding=\"async\" width=\"70\" height=\"70\" src=\"https:\/\/obera.fr\/wp-content\/uploads\/2020\/08\/industrie-brouillard-huile.jpg\" alt=\"Pr\u016fmyslov\u00e1 mlha Oil\" class=\"wp-image-721\"\/><figcaption class=\"wp-element-caption\">Olejov\u00e1 mlha<\/figcaption><\/figure>\n<\/div>\n<\/div>\n<\/div>\n\n\n\n<div class=\"wp-block-column is-layout-flow wp-block-column-is-layout-flow\">\n<h3 class=\"wp-block-heading has-text-align-center\">Odv\u011btv\u00ed<\/h3>\n\n\n\n<hr class=\"wp-block-separator has-css-opacity is-style-wide\"\/>\n\n\n\n<div class=\"wp-block-columns is-layout-flex wp-container-core-columns-is-layout-28f84493 wp-block-columns-is-layout-flex\">\n<div class=\"wp-block-column is-layout-flow wp-block-column-is-layout-flow\">\n<figure class=\"wp-block-image aligncenter size-large\"><img decoding=\"async\" width=\"70\" height=\"70\" src=\"https:\/\/obera.fr\/wp-content\/uploads\/2020\/08\/industrie-metallurgie.jpg\" alt=\"Hutnick\u00fd pr\u016fmysl\" class=\"wp-image-673\"\/><figcaption class=\"wp-element-caption\">Hutnictv\u00ed<\/figcaption><\/figure>\n\n\n\n<figure class=\"wp-block-image aligncenter size-large\"><img decoding=\"async\" width=\"70\" height=\"70\" src=\"https:\/\/obera.fr\/wp-content\/uploads\/2020\/08\/industrie-plastique.jpg\" alt=\"Plastik\u00e1\u0159sk\u00fd pr\u016fmysl\" class=\"wp-image-669\"\/><figcaption class=\"wp-element-caption\">Plasty<\/figcaption><\/figure>\n\n\n\n<figure class=\"wp-block-image aligncenter size-large\"><img decoding=\"async\" width=\"70\" height=\"70\" src=\"https:\/\/obera.fr\/wp-content\/uploads\/2020\/08\/industrie-chimie.jpg\" alt=\"Chemick\u00fd pr\u016fmysl\" class=\"wp-image-725\"\/><figcaption class=\"wp-element-caption\">Chemik\u00e1lie\/Petrochemik\u00e1lie<\/figcaption><\/figure>\n\n\n\n<figure class=\"wp-block-image aligncenter size-large\"><img decoding=\"async\" width=\"70\" height=\"70\" src=\"https:\/\/obera.fr\/wp-content\/uploads\/2020\/08\/industrie-dechets.jpg\" alt=\"Odpady z pr\u016fmyslu\" class=\"wp-image-726\"\/><figcaption class=\"wp-element-caption\">Sb\u011br a t\u0159\u00edd\u011bn\u00ed odpadu<\/figcaption><\/figure>\n<\/div>\n\n\n\n<div class=\"wp-block-column is-layout-flow wp-block-column-is-layout-flow\">\n<figure class=\"wp-block-image aligncenter size-large\"><img decoding=\"async\" width=\"70\" height=\"70\" src=\"https:\/\/obera.fr\/wp-content\/uploads\/2020\/08\/industrie-bois.jpg\" alt=\"D\u0159evozpracuj\u00edc\u00ed pr\u016fmysl\" class=\"wp-image-672\"\/><figcaption class=\"wp-element-caption\">Obr\u00e1b\u011bn\u00ed d\u0159eva<\/figcaption><\/figure>\n\n\n\n<figure class=\"wp-block-image aligncenter size-large\"><img decoding=\"async\" width=\"70\" height=\"70\" src=\"https:\/\/obera.fr\/wp-content\/uploads\/2020\/08\/industrie-textile.jpg\" alt=\"Textiln\u00ed pr\u016fmysl\" class=\"wp-image-671\"\/><figcaption class=\"wp-element-caption\">Textil<\/figcaption><\/figure>\n\n\n\n<figure class=\"wp-block-image aligncenter size-large\"><img decoding=\"async\" width=\"70\" height=\"70\" src=\"https:\/\/obera.fr\/wp-content\/uploads\/2020\/08\/industrie-minerai.jpg\" alt=\"Rudn\u00fd pr\u016fmysl\" class=\"wp-image-724\"\/><figcaption class=\"wp-element-caption\">Miner\u00e1ly<\/figcaption><\/figure>\n\n\n\n<figure class=\"wp-block-image aligncenter size-large\"><img decoding=\"async\" width=\"70\" height=\"70\" src=\"https:\/\/obera.fr\/wp-content\/uploads\/2020\/08\/industrie-papier-carton.jpg\" alt=\"Pap\u00edrensk\u00fd a karton\u00e1\u017en\u00ed pr\u016fmysl\" class=\"wp-image-670\"\/><figcaption class=\"wp-element-caption\">Pap\u00edr\/karton<\/figcaption><\/figure>\n<\/div>\n<\/div>\n<\/div>\n<\/div>\n\n\n\n<h3 class=\"wp-block-heading\">V optioN<\/h3>\n\n\n\n<div class=\"wp-block-columns is-layout-flex wp-container-core-columns-is-layout-28f84493 wp-block-columns-is-layout-flex\">\n<div class=\"wp-block-column is-layout-flow wp-block-column-is-layout-flow\">\n<figure class=\"wp-block-image aligncenter size-full is-resized\"><img decoding=\"async\" width=\"150\" height=\"150\" src=\"https:\/\/obera.fr\/wp-content\/uploads\/2022\/02\/ATEX.png\" alt=\"atex\" class=\"wp-image-8858\" style=\"width:108px;height:108px\"\/><figcaption class=\"wp-element-caption\">Atex<\/figcaption><\/figure>\n<\/div>\n\n\n\n<div class=\"wp-block-column is-layout-flow wp-block-column-is-layout-flow\">\n<figure class=\"wp-block-image aligncenter size-full is-resized\"><img decoding=\"async\" width=\"100\" height=\"100\" src=\"https:\/\/obera.fr\/wp-content\/uploads\/2020\/09\/lumiere-integree.jpg\" alt=\"Kou\u0159 - prach\" class=\"wp-image-973\" style=\"width:105px;height:105px\"\/><figcaption class=\"wp-element-caption\">Integrovan\u00e9 sv\u011btlo<\/figcaption><\/figure>\n<\/div>\n\n\n\n<div class=\"wp-block-column is-layout-flow wp-block-column-is-layout-flow\"><\/div>\n\n\n\n<div class=\"wp-block-column is-layout-flow wp-block-column-is-layout-flow\"><\/div>\n<\/div>\n\n\n\n<div class=\"wp-block-buttons is-horizontal is-content-justification-center is-layout-flex wp-container-core-buttons-is-layout-03627597 wp-block-buttons-is-layout-flex\">\n<div class=\"wp-block-button has-custom-width wp-block-button__width-100\"><a class=\"wp-block-button__link wp-element-button\" href=\"https:\/\/obera.fr\/cs\/kontaktujte-nas\/\">Zjist\u011bte v\u00edce<\/a><\/div>\n<\/div>\n\n\n\n<hr class=\"wp-block-separator has-css-opacity is-style-dots\"\/>\n\n\n\n<h2 class=\"wp-block-heading\">Dal\u0161\u00ed sac\u00ed a sb\u011brn\u00e9 produkty spole\u010dnosti OberA<\/h2>\n\n\n\n<div class=\"wp-block-columns is-layout-flex wp-container-core-columns-is-layout-28f84493 wp-block-columns-is-layout-flex\">\n<div class=\"wp-block-column is-layout-flow wp-block-column-is-layout-flow\">\n<figure class=\"wp-block-image aligncenter size-thumbnail\"><a href=\"https:\/\/obera.fr\/?page_id=489\"><img decoding=\"async\" width=\"150\" height=\"150\" src=\"https:\/\/obera.fr\/wp-content\/uploads\/2020\/10\/table-SF-150x150.png\" alt=\"Sac\u00ed stoly\" class=\"wp-image-1179\" srcset=\"https:\/\/obera.fr\/wp-content\/uploads\/2020\/10\/table-SF-150x150.png 150w, https:\/\/obera.fr\/wp-content\/uploads\/2020\/10\/table-SF-300x300.png 300w, https:\/\/obera.fr\/wp-content\/uploads\/2020\/10\/table-SF.png 433w\" sizes=\"(max-width: 150px) 100vw, 150px\" \/><\/a><figcaption class=\"wp-element-caption\">Sac\u00ed stoly<\/figcaption><\/figure>\n<\/div>\n\n\n\n<div class=\"wp-block-column is-layout-flow wp-block-column-is-layout-flow\">\n<figure class=\"wp-block-image aligncenter size-thumbnail\"><a href=\"https:\/\/obera.fr\/produits\/bras-dispositifs-captation\/bras-de-laboratoire\/\"><img decoding=\"async\" width=\"150\" height=\"150\" src=\"https:\/\/obera.fr\/wp-content\/uploads\/2020\/11\/22-bras-de-labo-150x150.jpg\" alt=\"Laboratorn\u00ed ramena\" class=\"wp-image-1662\" srcset=\"https:\/\/obera.fr\/wp-content\/uploads\/2020\/11\/22-bras-de-labo-150x150.jpg 150w, https:\/\/obera.fr\/wp-content\/uploads\/2020\/11\/22-bras-de-labo-300x300.jpg 300w, https:\/\/obera.fr\/wp-content\/uploads\/2020\/11\/22-bras-de-labo-1024x1024.jpg 1024w, https:\/\/obera.fr\/wp-content\/uploads\/2020\/11\/22-bras-de-labo-768x768.jpg 768w, https:\/\/obera.fr\/wp-content\/uploads\/2020\/11\/22-bras-de-labo.jpg 1500w\" sizes=\"(max-width: 150px) 100vw, 150px\" \/><\/a><figcaption class=\"wp-element-caption\">Laboratorn\u00ed ramena<\/figcaption><\/figure>\n<\/div>\n\n\n\n<div class=\"wp-block-column is-layout-flow wp-block-column-is-layout-flow\">\n<figure class=\"wp-block-image aligncenter size-thumbnail\"><a href=\"https:\/\/obera.fr\/produits\/bras-dispositifs-captation\/dosserets-aspirants\/\"><img decoding=\"async\" width=\"150\" height=\"150\" src=\"https:\/\/obera.fr\/wp-content\/uploads\/2020\/10\/Dosserets-oberA-150x150.png\" alt=\"Splashbacks Obera\" class=\"wp-image-1174\"\/><\/a><figcaption class=\"wp-element-caption\">P\u0159\u00edsavn\u00e9 backsplashe<\/figcaption><\/figure>\n<\/div>\n\n\n\n<div class=\"wp-block-column is-layout-flow wp-block-column-is-layout-flow\">\n<figure class=\"wp-block-image aligncenter size-thumbnail\"><a href=\"https:\/\/obera.fr\/produits\/bras-dispositifs-captation\/anneaux-de-pouyes\/\"><img decoding=\"async\" width=\"150\" height=\"150\" src=\"https:\/\/obera.fr\/wp-content\/uploads\/2022\/09\/Anneau-de-pouyes-2-150x150.jpg\" alt=\"krou\u017eek pouyes\" class=\"wp-image-14482\" srcset=\"https:\/\/obera.fr\/wp-content\/uploads\/2022\/09\/Anneau-de-pouyes-2-150x150.jpg 150w, https:\/\/obera.fr\/wp-content\/uploads\/2022\/09\/Anneau-de-pouyes-2-300x300.jpg 300w, https:\/\/obera.fr\/wp-content\/uploads\/2022\/09\/Anneau-de-pouyes-2.jpg 500w\" sizes=\"(max-width: 150px) 100vw, 150px\" \/><\/a><figcaption class=\"wp-element-caption\">Ku\u0159ec\u00ed krou\u017eky<\/figcaption><\/figure>\n<\/div>\n<\/div>\n\n\n\n<div class=\"wp-block-columns is-layout-flex wp-container-core-columns-is-layout-28f84493 wp-block-columns-is-layout-flex\">\n<div class=\"wp-block-column is-layout-flow wp-block-column-is-layout-flow\">\n<figure class=\"wp-block-image aligncenter size-thumbnail\"><a href=\"https:\/\/obera.fr\/produits\/bras-dispositifs-captation\/hotte-rectangulaire\/\"><img decoding=\"async\" width=\"150\" height=\"150\" src=\"https:\/\/obera.fr\/wp-content\/uploads\/2020\/10\/hotte-rectangulaire-150x150.png\" alt=\"Obd\u00e9ln\u00edkov\u00e1 kapota\" class=\"wp-image-1178\" srcset=\"https:\/\/obera.fr\/wp-content\/uploads\/2020\/10\/hotte-rectangulaire-150x150.png 150w, https:\/\/obera.fr\/wp-content\/uploads\/2020\/10\/hotte-rectangulaire.png 158w\" sizes=\"(max-width: 150px) 100vw, 150px\" \/><\/a><figcaption class=\"wp-element-caption\">Pr\u016fmyslov\u00e9 obd\u00e9ln\u00edkov\u00e9 digesto\u0159e<\/figcaption><\/figure>\n<\/div>\n\n\n\n<div class=\"wp-block-column is-layout-flow wp-block-column-is-layout-flow\">\n<figure class=\"wp-block-image aligncenter size-thumbnail\"><img decoding=\"async\" width=\"150\" height=\"150\" src=\"https:\/\/obera.fr\/wp-content\/uploads\/2024\/06\/hotte-de-captation-modulaire-600x600-1-150x150.png\" alt=\"modul\u00e1rn\u00ed digesto\u0159 600x600 1\" class=\"wp-image-31479\" srcset=\"https:\/\/obera.fr\/wp-content\/uploads\/2024\/06\/hotte-de-captation-modulaire-600x600-1-150x150.png 150w, https:\/\/obera.fr\/wp-content\/uploads\/2024\/06\/hotte-de-captation-modulaire-600x600-1-300x300.png 300w, https:\/\/obera.fr\/wp-content\/uploads\/2024\/06\/hotte-de-captation-modulaire-600x600-1-1024x1024.png 1024w, https:\/\/obera.fr\/wp-content\/uploads\/2024\/06\/hotte-de-captation-modulaire-600x600-1-768x768.png 768w, https:\/\/obera.fr\/wp-content\/uploads\/2024\/06\/hotte-de-captation-modulaire-600x600-1.png 1280w\" sizes=\"(max-width: 150px) 100vw, 150px\" \/><figcaption class=\"wp-element-caption\">Modul\u00e1rn\u00ed digesto\u0159e<\/figcaption><\/figure>\n<\/div>\n\n\n\n<div class=\"wp-block-column is-layout-flow wp-block-column-is-layout-flow\">\n<figure class=\"wp-block-image aligncenter size-full\"><a href=\"https:\/\/obera.fr\/produits\/bras-dispositifs-captation\/capot-industriel\/\"><img decoding=\"async\" width=\"150\" height=\"150\" src=\"https:\/\/obera.fr\/wp-content\/uploads\/2020\/10\/capots.png\" alt=\"Sac\u00ed kapoty\" class=\"wp-image-1173\"\/><\/a><figcaption class=\"wp-element-caption\">Sac\u00ed a sb\u011brn\u00e1 kapota<\/figcaption><\/figure>\n<\/div>\n\n\n\n<div class=\"wp-block-column is-layout-flow wp-block-column-is-layout-flow\"><\/div>\n<\/div>\n\n\n\n<p><\/p>\n","protected":false},"excerpt":{"rendered":"<p>Sac\u00ed ramena, zn\u00e1m\u00e1 tak\u00e9 jako ods\u00e1vac\u00ed ramena nebo kloubov\u00e1 ramena, jsou d\u016fle\u017eit\u00fdm sb\u011brn\u00fdm za\u0159\u00edzen\u00edm v pr\u016fmyslu a \u0159emeslech, kter\u00e9 vytv\u00e1\u0159\u00ed \u010dist\u00e9 a bezpe\u010dn\u00e9 pracovn\u00ed prost\u0159ed\u00ed. Ods\u00e1vac\u00ed ramena jsou flexibiln\u00ed a velmi \u010dasto se pou\u017e\u00edvaj\u00ed v kombinaci s ods\u00e1vac\u00edmi syst\u00e9my. Ods\u00e1vac\u00ed syst\u00e9my shroma\u017e\u010fuj\u00ed \u010d\u00e1stice nas\u00e1t\u00e9 ods\u00e1vac\u00edm ramenem a filtry. Ods\u00e1vac\u00ed ramena a ods\u00e1vac\u00ed syst\u00e9my jsou nepostradateln\u00e9 v mnoha odv\u011btv\u00edch, kde pom\u00e1haj\u00ed zlep\u0161ovat kvalitu ovzdu\u0161\u00ed, chr\u00e1nit zdrav\u00ed pracovn\u00edk\u016f a zvy\u0161ovat produktivitu. Pro dosa\u017een\u00ed optim\u00e1ln\u00edch v\u00fdsledk\u016f je d\u016fle\u017eit\u00e9 vybrat ods\u00e1vac\u00ed rameno, kter\u00e9 spl\u0148uje specifick\u00e9 po\u017eadavky dan\u00e9 aplikace. Nab\u00edz\u00edme ods\u00e1vac\u00ed ramena odoln\u00e1 proti v\u00fdbuchu ATEX, kompatibiln\u00ed s ESD a odoln\u00e1 proti chemik\u00e1li\u00edm. N\u00e1\u0161 sortiment &#8230; <\/p>\n<p class=\"read-more-container\"><a title=\"Pr\u016fmyslov\u00e1 sac\u00ed ramena\" class=\"read-more button\" href=\"https:\/\/obera.fr\/cs\/produits\/bras-dispositifs-captation\/bras-hotte-ovale-rectangulaire\/#more-38763\" aria-label=\"\u010c\u00edst v\u00edce o Pr\u016fmyslov\u00e1 sac\u00ed ramena\">Lire la suite<\/a><\/p>\n","protected":false},"author":4,"featured_media":83734,"parent":38186,"menu_order":0,"comment_status":"closed","ping_status":"closed","template":"","meta":{"_acf_changed":false,"_seopress_robots_primary_cat":"","_seopress_titles_title":"Ods\u00e1vac\u00ed ramena pro ov\u00e1ln\u00e9 a obd\u00e9ln\u00edkov\u00e9 odsava\u010de par - oberA","_seopress_titles_desc":"Ods\u00e1vac\u00ed ramena jsou ide\u00e1ln\u00ed pro zachycov\u00e1n\u00ed prachu, sv\u00e1\u0159e\u010dsk\u00fdch v\u00fdpar\u016f a \u0161kodlivin p\u0159\u00edmo u zdroje na pracovi\u0161ti.","_seopress_robots_index":"","footnotes":""},"class_list":{"0":"post-38763","1":"page","2":"type-page","3":"status-publish","4":"has-post-thumbnail","6":"no-featured-image-padding","7":"resize-featured-image"},"acf":[],"_links":{"self":[{"href":"https:\/\/obera.fr\/cs\/wp-json\/wp\/v2\/pages\/38763","targetHints":{"allow":["GET"]}}],"collection":[{"href":"https:\/\/obera.fr\/cs\/wp-json\/wp\/v2\/pages"}],"about":[{"href":"https:\/\/obera.fr\/cs\/wp-json\/wp\/v2\/types\/page"}],"author":[{"embeddable":true,"href":"https:\/\/obera.fr\/cs\/wp-json\/wp\/v2\/users\/4"}],"replies":[{"embeddable":true,"href":"https:\/\/obera.fr\/cs\/wp-json\/wp\/v2\/comments?post=38763"}],"version-history":[{"count":5,"href":"https:\/\/obera.fr\/cs\/wp-json\/wp\/v2\/pages\/38763\/revisions"}],"predecessor-version":[{"id":106346,"href":"https:\/\/obera.fr\/cs\/wp-json\/wp\/v2\/pages\/38763\/revisions\/106346"}],"up":[{"embeddable":true,"href":"https:\/\/obera.fr\/cs\/wp-json\/wp\/v2\/pages\/38186"}],"wp:featuredmedia":[{"embeddable":true,"href":"https:\/\/obera.fr\/cs\/wp-json\/wp\/v2\/media\/83734"}],"wp:attachment":[{"href":"https:\/\/obera.fr\/cs\/wp-json\/wp\/v2\/media?parent=38763"}],"curies":[{"name":"wp","href":"https:\/\/api.w.org\/{rel}","templated":true}]}}