{"id":44134,"date":"2020-08-26T12:41:56","date_gmt":"2020-08-26T10:41:56","guid":{"rendered":"https:\/\/obera.fr\/nase-produkty\/prumyslove-cisticky-vzduchu\/epur-b01-cisticka-vzduchu-ecoprime-na-prach\/"},"modified":"2025-03-07T16:38:12","modified_gmt":"2025-03-07T14:38:12","slug":"epur-b01-cisticka-vzduchu-ecoprime-na-prach","status":"publish","type":"page","link":"https:\/\/obera.fr\/cs\/produits\/purificateurs-air\/epur-b01-cisticka-vzduchu-ecoprime-na-prach\/","title":{"rendered":"ePUR B01 \u010cisti\u010dka vzduchu Ecoprime na prach"},"content":{"rendered":"\n<p><strong>ePUR B01 Ecoprime<\/strong> je <a href=\"https:\/\/obera.fr\/cs\/produits\/purificateurs-air\/\" data-type=\"page\" data-id=\"26\">profesion\u00e1ln\u00ed \u010disti\u010dka vzduchu<\/a> pro mal\u00e9 objemy.<\/p>\n\n\n\n\n\n\n<h2 class=\"wp-block-heading\" id=\"comment-fonctionne-notre-purificateur-d-air\">Jak funguje na\u0161e \u010disti\u010dka vzduchu?<\/h2>\n\n\n\n<div class=\"wp-block-columns is-layout-flex wp-container-core-columns-is-layout-28f84493 wp-block-columns-is-layout-flex\">\n<div class=\"wp-block-column is-layout-flow wp-block-column-is-layout-flow\" style=\"flex-basis:33.33%\">\n<figure class=\"wp-block-image aligncenter size-medium\"><img decoding=\"async\" width=\"300\" height=\"300\" src=\"https:\/\/obera.fr\/wp-content\/uploads\/2020\/09\/epur-b01-ecoprime-300x300.jpg\" alt=\"Epur B01 Ecoprime\" class=\"wp-image-1008\" srcset=\"https:\/\/obera.fr\/wp-content\/uploads\/2020\/09\/epur-b01-ecoprime-300x300.jpg 300w, https:\/\/obera.fr\/wp-content\/uploads\/2020\/09\/epur-b01-ecoprime-150x150.jpg 150w, https:\/\/obera.fr\/wp-content\/uploads\/2020\/09\/epur-b01-ecoprime.jpg 433w\" sizes=\"(max-width: 300px) 100vw, 300px\" \/><\/figure>\n<\/div>\n\n\n\n<div class=\"wp-block-column is-layout-flow wp-block-column-is-layout-flow\" style=\"flex-basis:66.66%\">\n<p>Funguje to jednodu\u0161e: zne\u010di\u0161t\u011bn\u00fd vzduch je nas\u00e1v\u00e1n v horn\u00ed \u010d\u00e1sti jednotky, pot\u00e9 proch\u00e1z\u00ed n\u011bkolika vrstvami filtrace uvnit\u0159 jednotky a pot\u00e9 je vypou\u0161t\u011bn ve spodn\u00ed \u010d\u00e1sti p\u0159\u00edmo do pracovn\u00edho prostoru.<\/p>\n\n\n\n<h3 class=\"wp-block-heading\" id=\"a-quelles-utilisations-convient-il\">Jak\u00e9 je jeho vyu\u017eit\u00ed?<\/h3>\n\n\n\n<p>Tato jednotka na <strong>\u00fapravu vzduchu<\/strong> je vhodn\u00e1 prakticky pro v\u0161echny typy podnik\u016f. Bude \u00fa\u010dinn\u00e1 v mal\u00fdch a st\u0159edn\u011b velk\u00fdch prostor\u00e1ch, jako jsou kancel\u00e1\u0159e, zasedac\u00ed m\u00edstnosti, kade\u0159nictv\u00ed, nehtov\u00e9 salony, hotely, \u010dist\u00edrny, sportovn\u00ed haly, ordinace l\u00e9ka\u0159\u016f, zuba\u0159\u016f, domovy d\u016fchodc\u016f, \u0159emesln\u00edci a \u0161koly atd. <\/p>\n\n\n\n<div class=\"wp-block-columns is-layout-flex wp-container-core-columns-is-layout-28f84493 wp-block-columns-is-layout-flex\">\n<div class=\"wp-block-column is-layout-flow wp-block-column-is-layout-flow\" style=\"flex-basis:33.34%\">\n<div class=\"wp-block-buttons is-content-justification-center is-layout-flex wp-container-core-buttons-is-layout-a89b3969 wp-block-buttons-is-layout-flex\">\n<div class=\"wp-block-button\"><a class=\"wp-block-button__link wp-element-button\" href=\"https:\/\/obera.fr\/wp-content\/uploads\/2025\/03\/ecoprime-en.pdf\">St\u00e1hn\u011bte si bro\u017euru<\/a><\/div>\n<\/div>\n<\/div>\n\n\n\n<div class=\"wp-block-column is-layout-flow wp-block-column-is-layout-flow\" style=\"flex-basis:33.34%\">\n<div class=\"wp-block-buttons is-horizontal is-content-justification-center is-layout-flex wp-container-core-buttons-is-layout-03627597 wp-block-buttons-is-layout-flex\">\n<div class=\"wp-block-button\"><a class=\"wp-block-button__link\" href=\"https:\/\/boutique.obera.fr\/22-acheter-purificateur-air-epur-b01-ecoprime-poussieres.html\" target=\"_blank\" rel=\"noreferrer noopener\">Acheter Epur B01 Ecoprime \u00e0 880,80\u20ac TTC<\/a><\/div>\n<\/div>\n<\/div>\n\n\n\n<div class=\"wp-block-column is-layout-flow wp-block-column-is-layout-flow\" style=\"flex-basis:33.33%\">\n<div class=\"wp-block-buttons is-content-justification-center is-layout-flex wp-container-core-buttons-is-layout-a89b3969 wp-block-buttons-is-layout-flex\">\n<div class=\"wp-block-button btn-devis-source\"><a class=\"wp-block-button__link wp-element-button\" href=\"https:\/\/obera.fr\/cs\/devis\/\">Po\u017e\u00e1dat o cenovou nab\u00eddku<\/a><\/div>\n<\/div>\n\n\n<script>\r\ndocument.addEventListener('DOMContentLoaded', function() {\r\n    \/\/ 1. On cherche le titre H1 de la page\r\n    var h1 = document.querySelector('h1');\r\n    var productTitle = h1 ? h1.innerText.trim() : \"\";\r\n\r\n    \/\/ 2. On cherche les boutons via la classe CSS .btn-devis-source\r\n    var buttons = document.querySelectorAll('.btn-devis-source a');\r\n\r\n    \/\/ 3. Si on a le titre et les boutons, on ajoute le param\u00e8tre\r\n    if (buttons.length > 0 && productTitle !== \"\") {\r\n        var encodedTitle = encodeURIComponent(productTitle);\r\n\r\n        buttons.forEach(function(btn) {\r\n            var currentHref = btn.getAttribute('href');\r\n            \r\n            \/\/ S\u00e9curit\u00e9 pour ne pas ajouter le param\u00e8tre 2 fois\r\n            if (currentHref.indexOf('sujet=') === -1) {\r\n                var separator = currentHref.indexOf('?') !== -1 ? '&' : '?';\r\n                var newLink = currentHref + separator + 'sujet=' + encodedTitle;\r\n                \r\n                btn.setAttribute('href', newLink);\r\n            }\r\n        });\r\n    }\r\n});\r\n<\/script><\/div>\n<\/div>\n<\/div>\n<\/div>\n\n\n\n<h2 class=\"wp-block-heading\" id=\"quels-polluants-puis-je-traiter-avec-le-purificateur-d-air-epur-b01-ecoprime\">Jak\u00e9 zne\u010di\u0161\u0165uj\u00edc\u00ed l\u00e1tky lze \u010disti\u010dkou vzduchu ePUR B01 Ecoprime \u010distit?<\/h2>\n\n\n\n<p>\u010cisti\u010dku vzduchu ePUR B01 Ecoprime lze vybavit r\u016fzn\u00fdmi konfiguracemi filtrace. Standardn\u011b obsahuje stupe\u0148 molekul\u00e1rn\u00ed filtrace s aktivn\u00edm uhl\u00edm pro <strong>plynn\u00e9 zne\u010di\u0161\u0165uj\u00edc\u00ed l\u00e1tky<\/strong> (t\u011bkav\u00e9 organick\u00e9 l\u00e1tky, pachy, formaldehydy atd.) a stupe\u0148 <strong>filtrace pevn\u00fdch \u010d\u00e1stic<\/strong> (t\u0159\u00edda F a\u017e HEPA filtr s nasycen\u00edm) pro zpracov\u00e1n\u00ed jemn\u00e9ho prachu, plynn\u00fdch zne\u010di\u0161\u0165uj\u00edc\u00edch l\u00e1tek, pach\u016f, t\u011bkav\u00fdch organick\u00fdch l\u00e1tek a vir\u016f a bakteri\u00ed p\u0159\u00edtomn\u00fdch ve vzduchu. <\/p>\n\n\n\n<div class=\"wp-block-buttons is-horizontal is-content-justification-center is-layout-flex wp-container-core-buttons-is-layout-03627597 wp-block-buttons-is-layout-flex\">\n<div class=\"wp-block-button has-custom-width wp-block-button__width-100\"><a class=\"wp-block-button__link wp-element-button\" href=\"https:\/\/obera.fr\/cs\/kontaktujte-nas\/\">Zjist\u011bte v\u00edce<\/a><\/div>\n<\/div>\n\n\n\n<div style=\"height:20px\" aria-hidden=\"true\" class=\"wp-block-spacer\"><\/div>\n\n\n\n<div class=\"wp-block-columns is-layout-flex wp-container-core-columns-is-layout-28f84493 wp-block-columns-is-layout-flex\">\n<div class=\"wp-block-column is-layout-flow wp-block-column-is-layout-flow\">\n<h3 class=\"wp-block-heading has-text-align-center\" id=\"polluants\">Zne\u010di\u0161\u0165uj\u00edc\u00ed l\u00e1tky<\/h3>\n\n\n\n<hr class=\"wp-block-separator has-css-opacity is-style-wide\"\/>\n\n\n\n<div class=\"wp-block-columns is-layout-flex wp-container-core-columns-is-layout-28f84493 wp-block-columns-is-layout-flex\">\n<div class=\"wp-block-column is-layout-flow wp-block-column-is-layout-flow\">\n<figure class=\"wp-block-image aligncenter size-large\"><img decoding=\"async\" width=\"70\" height=\"70\" src=\"https:\/\/obera.fr\/wp-content\/uploads\/2020\/08\/polluants-poussieres.jpg\" alt=\"Zne\u010di\u0161\u0165uj\u00edc\u00ed l\u00e1tky Prach\" class=\"wp-image-675\"\/><figcaption class=\"wp-element-caption\">Prach<\/figcaption><\/figure>\n<\/div>\n\n\n\n<div class=\"wp-block-column is-layout-flow wp-block-column-is-layout-flow\">\n<figure class=\"wp-block-image aligncenter size-large\"><img decoding=\"async\" width=\"70\" height=\"70\" src=\"https:\/\/obera.fr\/wp-content\/uploads\/2020\/10\/industrie-aerosols.jpg\" alt=\"Pr\u016fmyslov\u00e9 aerosoly\" class=\"wp-image-1201\"\/><figcaption class=\"wp-element-caption\">Aerosoly<\/figcaption><\/figure>\n<\/div>\n<\/div>\n\n\n\n<p><\/p>\n<\/div>\n\n\n\n<div class=\"wp-block-column is-layout-flow wp-block-column-is-layout-flow\">\n<h3 class=\"wp-block-heading has-text-align-center\" id=\"industries\">Odv\u011btv\u00ed<\/h3>\n\n\n\n<hr class=\"wp-block-separator has-css-opacity is-style-wide\"\/>\n\n\n\n<p>Je vhodn\u00fd pro v\u0161echny typy podnik\u016f a bude nepostradateln\u00fd v :<\/p>\n\n\n\n<ul class=\"wp-block-list\">\n<li>Kancel\u00e1\u0159e a zasedac\u00ed m\u00edstnosti<\/li>\n\n\n\n<li>Otev\u0159en\u00e9 prostory<\/li>\n\n\n\n<li>\u0158emesln\u00edci<\/li>\n\n\n\n<li>Kade\u0159nictv\u00ed<\/li>\n\n\n\n<li>P\u00e9\u010de o nehty<\/li>\n\n\n\n<li>Obchodov\u00e1n\u00ed s elektronick\u00fdmi cigaretami a tekutinami do e-cigaret<\/li>\n\n\n\n<li>L\u00e9ka\u0159sk\u00e9 postupy<\/li>\n\n\n\n<li>Zubn\u00ed l\u00e9ka\u0159i<\/li>\n\n\n\n<li>Zubn\u00ed technici<\/li>\n\n\n\n<li>EPHAD<\/li>\n\n\n\n<li>Optiky<\/li>\n\n\n\n<li>Hotely<\/li>\n\n\n\n<li>Restaurace<\/li>\n\n\n\n<li>Obchody s konfekc\u00ed<\/li>\n\n\n\n<li>Stisknut\u00ed<\/li>\n\n\n\n<li>Sportovn\u00ed a fitness centra<\/li>\n\n\n\n<li>Primeurs<\/li>\n\n\n\n<li>\u0160kolky a \u0161koly<\/li>\n<\/ul>\n<\/div>\n<\/div>\n\n\n\n<h2 class=\"wp-block-heading\" id=\"quelles-sont-les-caracteristiques-du-purificateur-d-air-epur-b01-ecoprime\">Jak\u00e9 jsou funkce \u010disti\u010dky vzduchu ePUR B01 Ecoprime?<\/h2>\n\n\n\n<figure class=\"wp-block-image alignright size-medium\"><img decoding=\"async\" width=\"300\" height=\"206\" src=\"https:\/\/obera.fr\/wp-content\/uploads\/2020\/10\/epur-ecoprime-300x206.jpg\" alt=\"Epur Ecoprime\" class=\"wp-image-1240\" srcset=\"https:\/\/obera.fr\/wp-content\/uploads\/2020\/10\/epur-ecoprime-300x206.jpg 300w, https:\/\/obera.fr\/wp-content\/uploads\/2020\/10\/epur-ecoprime-768x528.jpg 768w, https:\/\/obera.fr\/wp-content\/uploads\/2020\/10\/epur-ecoprime.jpg 900w\" sizes=\"(max-width: 300px) 100vw, 300px\" \/><figcaption class=\"wp-element-caption\">EcoPrime<\/figcaption><\/figure>\n\n\n\n<p>Tato jednotka m\u00e1 <strong>vysoce \u00fa\u010dinn\u00fd filtr pevn\u00fdch \u010d\u00e1stic napu\u0161t\u011bn\u00fd uhl\u00edkem<\/strong>, kter\u00fd zachycuje v\u00edce ne\u017e 99,9 % prachu a plynn\u00fdch zne\u010di\u0161\u0165uj\u00edc\u00edch l\u00e1tek. Jeho v\u00fdkon je pln\u011b nastaviteln\u00fd, tak\u017ee m\u016f\u017eete p\u0159izp\u016fsobit pr\u016ftok sv\u00fdm pot\u0159eb\u00e1m. D\u00edky kompaktn\u00edm rozm\u011br\u016fm 25 \u00d7 25 \u00d7 33 cm se pohodln\u011b vejde i do toho nejmen\u0161\u00edho pracovn\u00edho prost\u0159ed\u00ed.    <\/p>\n\n\n\n<p>Dok\u00e1\u017ee \u00fa\u010dinn\u011b zpracovat zne\u010di\u0161\u0165uj\u00edc\u00ed l\u00e1tky z plochy a\u017e 60 m\u00b2. Je energeticky \u00fasporn\u00fd, s p\u0159\u00edkonem pouh\u00fdch 14 W v energetick\u00e9 t\u0159\u00edd\u011b A+. \u010cisti\u010dka vzduchu ePUR B01 Ecoprime je <strong>tich\u00e1<\/strong>, s n\u00edzkou hladinou hluku 48 dB p\u0159i pln\u00e9m v\u00fdkonu, tak\u017ee ji m\u016f\u017eete um\u00edstit co nejbl\u00ed\u017ee k sob\u011b, ani\u017e by v\u00e1s ru\u0161ila.  <\/p>\n\n\n\n<h2 class=\"wp-block-heading\" id=\"quels-sont-ses-avantages\"><strong>Jak\u00e9 jsou jeho v\u00fdhody?<\/strong><\/h2>\n\n\n\n<p>Za prv\u00e9, \u010disti\u010dka vzduchu chr\u00e1n\u00ed zam\u011bstnance p\u0159ed jemn\u00fdmi \u010d\u00e1sticemi a dal\u0161\u00edmi plynn\u00fdmi zne\u010di\u0161\u0165uj\u00edc\u00edmi l\u00e1tkami, \u010d\u00edm\u017e pom\u00e1h\u00e1 p\u0159edch\u00e1zet v\u0161em typ\u016fm plicn\u00edch a srde\u010dn\u00edch onemocn\u011bn\u00ed. <strong>Filtrace HEPA<\/strong> rovn\u011b\u017e eliminuje viry, bakterie a spory, \u010d\u00edm\u017e omezuje epidemie zp\u016fsoben\u00e9 patogeny, vzdu\u0161n\u00fdmi \u010diniteli a alergeny. <\/p>\n\n\n\n<p>V\u00fdhodou jsou tak\u00e9 n\u00e1klady na \u010di\u0161t\u011bn\u00ed. Spot\u0159ebi\u010d zpracov\u00e1v\u00e1 prach a dal\u0161\u00ed \u0161kodliviny, kter\u00e9 by se jinak usazovaly ve va\u0161em pracovn\u00edm prostoru. Nav\u00edc nevy\u017eaduje prakticky \u017e\u00e1dnou \u00fadr\u017ebu. V z\u00e1vislosti na zp\u016fsobu pou\u017e\u00edv\u00e1n\u00ed a \u00farovni zne\u010di\u0161\u0165uj\u00edc\u00edch l\u00e1tek v m\u00edstnosti sta\u010d\u00ed jeho filtry m\u011bnit jednou ro\u010dn\u011b. Tato kompaktn\u00ed \u010disti\u010dka vzduchu s elegantn\u00edm modern\u00edm designem bude vypadat skv\u011ble v ka\u017ed\u00e9 m\u00edstnosti.    <\/p>\n\n\n\n<p>V n\u011bkter\u00fdch p\u0159\u00edpadech se na\u0161e profesion\u00e1ln\u00ed \u010disti\u010dka vzduchu pou\u017e\u00edv\u00e1 ke spln\u011bn\u00ed limit\u016f expozice na pracovi\u0161ti (OEL).<\/p>\n\n\n\n<div class=\"wp-block-columns is-layout-flex wp-container-core-columns-is-layout-28f84493 wp-block-columns-is-layout-flex\">\n<div class=\"wp-block-column is-layout-flow wp-block-column-is-layout-flow\">\n<h3 class=\"wp-block-heading has-text-align-center\" id=\"avantages\">V\u00fdhody<\/h3>\n\n\n\n<ul class=\"wp-block-list\">\n<li>Syntetick\u00fd HEPA filtr impregnovan\u00fd vysoce \u00fa\u010dinn\u00fdm aktivn\u00edm uhl\u00edm.<\/li>\n\n\n\n<li>\u00daspora energie: max. 14 W <\/li>\n\n\n\n<li>Maxim\u00e1ln\u00ed \u00fa\u010dinnost a\u017e do 60 m\u00b2.<\/li>\n<\/ul>\n<\/div>\n\n\n\n<div class=\"wp-block-column is-layout-flow wp-block-column-is-layout-flow\">\n<h3 class=\"wp-block-heading has-text-align-center\" id=\"particularites\">Speci\u00e1ln\u00ed funkce<\/h3>\n\n\n\n<ul class=\"wp-block-list\">\n<li>V\u00fdkon nastaviteln\u00fd od 0 do 100 %.<\/li>\n\n\n\n<li>Modern\u00ed, nep\u0159epl\u00e1can\u00fd design<\/li>\n\n\n\n<li>Kompaktn\u00ed rozm\u011br 25 cm x 25 cm x 33 cm<\/li>\n\n\n\n<li>Tichost: max. 48 dB p\u0159i pln\u00e9m v\u00fdkonu <\/li>\n<\/ul>\n<\/div>\n\n\n\n<div class=\"wp-block-column is-layout-flow wp-block-column-is-layout-flow\">\n<h3 class=\"wp-block-heading has-text-align-center\" id=\"caracteristiques\">Funkce<\/h3>\n\n\n\n<ul class=\"wp-block-list\">\n<li>V\u00edce ne\u017e 99,9% filtrace jemn\u00fdch \u010d\u00e1stic a t\u011bkav\u00fdch organick\u00fdch l\u00e1tek (VOC).<\/li>\n\n\n\n<li>Filtruje viry, bakterie a spory: pom\u00e1h\u00e1 omezit epidemie zp\u016fsoben\u00e9 patogeny p\u0159en\u00e1\u0161en\u00fdmi vzduchem.<\/li>\n<\/ul>\n<\/div>\n<\/div>\n\n\n\n<div class=\"wp-block-buttons is-horizontal is-content-justification-center is-layout-flex wp-container-core-buttons-is-layout-03627597 wp-block-buttons-is-layout-flex\">\n<div class=\"wp-block-button has-custom-width wp-block-button__width-100\"><a class=\"wp-block-button__link wp-element-button\" href=\"https:\/\/obera.fr\/cs\/kontaktujte-nas\/\">Zjist\u011bte v\u00edce<\/a><\/div>\n<\/div>\n\n\n\n<h2 class=\"wp-block-heading\" id=\"exemples-de-domaine-d-application-pour-le-epur-b01-ecoprime\">P\u0159\u00edklady pou\u017eit\u00ed ePUR B01 Ecoprime :<\/h2>\n\n\n\n<h3 class=\"wp-block-heading\" id=\"secteur-medical-hopitaux-ehpad-veterinaires-pedicures-podologues-dentistes-et-prothesistes-dentaires-cabinets-medicaux-espaces-funeraires\">Zdravotnictv\u00ed (nemocnice, pe\u010dovatelsk\u00e9 domy, veterin\u00e1\u0159i, pedik\u00e9\u0159i, zuba\u0159i a zubn\u00ed technici, ordinace l\u00e9ka\u0159\u016f, poh\u0159ebn\u00ed \u00fastavy).<\/h3>\n\n\n\n<p>Pot\u0159eby jsou r\u016fzn\u00e9:<\/p>\n\n\n\n<ul class=\"wp-block-list\">\n<li>Zlep\u0161en\u00ed kvality ovzdu\u0161\u00ed za \u00fa\u010delem <strong>sn\u00ed\u017een\u00ed kontaminace p\u0159en\u00e1\u0161en\u00e9 vzduchem<\/strong>(viry, bakterie).<\/li>\n\n\n\n<li>Dezinfikujte a <strong>zabra\u0148te \u0161\u00ed\u0159en\u00ed vir\u016f<\/strong>, bakteri\u00ed atd.<\/li>\n\n\n\n<li>Eliminace obt\u011b\u017euj\u00edc\u00edch pach\u016f a <strong>neutralizace r\u016fzn\u00fdch typ\u016f pachov\u00e9ho zne\u010di\u0161t\u011bn\u00ed<\/strong><\/li>\n\n\n\n<li><strong>Sn\u00ed\u017een\u00ed pra\u0161nosti<\/strong> p\u0159i \u010dinnostech, p\u0159i nich\u017e vznik\u00e1 prach<\/li>\n<\/ul>\n\n\n\n<h2 class=\"wp-block-heading\" id=\"les-autres-purificateur-d-air-de-la-marque-obera\">Dal\u0161\u00ed \u010disti\u010dky vzduchu zna\u010dky oberA<\/h2>\n\n\n\n<div class=\"wp-block-columns is-layout-flex wp-container-core-columns-is-layout-28f84493 wp-block-columns-is-layout-flex\">\n<div class=\"wp-block-column is-layout-flow wp-block-column-is-layout-flow\">\n<figure class=\"wp-block-image aligncenter size-medium is-resized\"><a href=\"https:\/\/obera.fr\/cs\/produits\/purificateurs-air\/filtower\/\"><img decoding=\"async\" width=\"300\" height=\"300\" src=\"https:\/\/obera.fr\/wp-content\/uploads\/2020\/09\/FILTOWER-SF-300x300.png\" alt=\"Filtra\u010dn\u00ed v\u011b\u017e Sf\" class=\"wp-image-1017\" style=\"width:150px;height:150px\" srcset=\"https:\/\/obera.fr\/wp-content\/uploads\/2020\/09\/FILTOWER-SF-300x300.png 300w, https:\/\/obera.fr\/wp-content\/uploads\/2020\/09\/FILTOWER-SF-150x150.png 150w, https:\/\/obera.fr\/wp-content\/uploads\/2020\/09\/FILTOWER-SF.png 600w\" sizes=\"(max-width: 300px) 100vw, 300px\" \/><\/a><figcaption class=\"wp-element-caption\">Filtra\u010dn\u00ed v\u011b\u017e<\/figcaption><\/figure>\n<\/div>\n\n\n\n<div class=\"wp-block-column is-layout-flow wp-block-column-is-layout-flow\">\n<figure class=\"wp-block-image aligncenter size-medium is-resized\"><a href=\"https:\/\/obera.fr\/cs\/produits\/purificateurs-air\/professionnel-epur-ca\/\"><img decoding=\"async\" width=\"300\" height=\"300\" src=\"https:\/\/obera.fr\/wp-content\/uploads\/2020\/09\/gamme-epur-ca-300x300.jpg\" alt=\"\u0158ada Epur Ca\" class=\"wp-image-1015\" style=\"width:150px;height:150px\" srcset=\"https:\/\/obera.fr\/wp-content\/uploads\/2020\/09\/gamme-epur-ca-300x300.jpg 300w, https:\/\/obera.fr\/wp-content\/uploads\/2020\/09\/gamme-epur-ca-150x150.jpg 150w, https:\/\/obera.fr\/wp-content\/uploads\/2020\/09\/gamme-epur-ca.jpg 433w\" sizes=\"(max-width: 300px) 100vw, 300px\" \/><\/a><figcaption class=\"wp-element-caption\">ePUR CA<\/figcaption><\/figure>\n<\/div>\n\n\n\n<div class=\"wp-block-column is-layout-flow wp-block-column-is-layout-flow\">\n<figure class=\"wp-block-image aligncenter size-full\"><a href=\"https:\/\/obera.fr\/cs\/produits\/purificateurs-air\/industriel-epur\/\"><img decoding=\"async\" width=\"150\" height=\"150\" src=\"https:\/\/obera.fr\/wp-content\/uploads\/2023\/05\/gamme-epur.png\" alt=\"rozsah epur\" class=\"wp-image-22632\"\/><\/a><figcaption class=\"wp-element-caption\">ePUR<\/figcaption><\/figure>\n<\/div>\n\n\n\n<div class=\"wp-block-column is-layout-flow wp-block-column-is-layout-flow\">\n<figure class=\"wp-block-image aligncenter size-full\"><a href=\"https:\/\/obera.fr\/cs\/produits\/purificateurs-air\/purificateur-rafraichisseur-epur150-fresh\/\"><img decoding=\"async\" width=\"150\" height=\"150\" src=\"https:\/\/obera.fr\/wp-content\/uploads\/2023\/04\/epur150-fresh-4.png\" alt=\"epur150 \u010derstv\u00e9 (4)\" class=\"wp-image-22427\"\/><\/a><figcaption class=\"wp-element-caption\">ePUR150 FRESH<\/figcaption><\/figure>\n<\/div>\n<\/div>\n","protected":false},"excerpt":{"rendered":"<p>ePUR B01 Ecoprime je profesion\u00e1ln\u00ed \u010disti\u010dka vzduchu pro mal\u00e9 objemy. Jak funguje na\u0161e \u010disti\u010dka vzduchu? Funguje to jednodu\u0161e: zne\u010di\u0161t\u011bn\u00fd vzduch je nas\u00e1v\u00e1n v horn\u00ed \u010d\u00e1sti jednotky, pot\u00e9 proch\u00e1z\u00ed n\u011bkolika vrstvami filtrace uvnit\u0159 jednotky a pot\u00e9 je vypou\u0161t\u011bn ve spodn\u00ed \u010d\u00e1sti p\u0159\u00edmo do pracovn\u00edho prostoru. Jak\u00e9 je jeho vyu\u017eit\u00ed? Tato jednotka na \u00fapravu vzduchu je vhodn\u00e1 prakticky pro v\u0161echny typy podnik\u016f. Bude \u00fa\u010dinn\u00e1 v mal\u00fdch a st\u0159edn\u011b velk\u00fdch prostor\u00e1ch, jako jsou kancel\u00e1\u0159e, zasedac\u00ed m\u00edstnosti, kade\u0159nictv\u00ed, nehtov\u00e9 salony, hotely, \u010dist\u00edrny, sportovn\u00ed haly, ordinace l\u00e9ka\u0159\u016f, zuba\u0159\u016f, domovy d\u016fchodc\u016f, \u0159emesln\u00edci a \u0161koly atd. Jak\u00e9 zne\u010di\u0161\u0165uj\u00edc\u00ed l\u00e1tky lze \u010disti\u010dkou vzduchu ePUR B01 Ecoprime \u010distit? \u010cisti\u010dku &#8230; <\/p>\n<p class=\"read-more-container\"><a title=\"ePUR B01 \u010cisti\u010dka vzduchu Ecoprime na prach\" class=\"read-more button\" href=\"https:\/\/obera.fr\/cs\/produits\/purificateurs-air\/epur-b01-cisticka-vzduchu-ecoprime-na-prach\/#more-44134\" aria-label=\"\u010c\u00edst v\u00edce o ePUR B01 \u010cisti\u010dka vzduchu Ecoprime na prach\">Lire la suite<\/a><\/p>\n","protected":false},"author":4,"featured_media":83734,"parent":37682,"menu_order":0,"comment_status":"closed","ping_status":"closed","template":"","meta":{"_acf_changed":false,"_seopress_robots_primary_cat":"","_seopress_titles_title":"ePUR B01 \u010cisti\u010dka vzduchu Ecoprime - oberA","_seopress_titles_desc":"\u010cisti\u010dka vzduchu Ecoprime ePUR B01 je vybavena r\u016fzn\u00fdmi konfiguracemi filtrace. Tato \u010disti\u010dka vzduchu je vhodn\u00e1 pro v\u0161echny podniky","_seopress_robots_index":"","footnotes":""},"class_list":{"0":"post-44134","1":"page","2":"type-page","3":"status-publish","4":"has-post-thumbnail","6":"no-featured-image-padding","7":"resize-featured-image"},"acf":[],"_links":{"self":[{"href":"https:\/\/obera.fr\/cs\/wp-json\/wp\/v2\/pages\/44134","targetHints":{"allow":["GET"]}}],"collection":[{"href":"https:\/\/obera.fr\/cs\/wp-json\/wp\/v2\/pages"}],"about":[{"href":"https:\/\/obera.fr\/cs\/wp-json\/wp\/v2\/types\/page"}],"author":[{"embeddable":true,"href":"https:\/\/obera.fr\/cs\/wp-json\/wp\/v2\/users\/4"}],"replies":[{"embeddable":true,"href":"https:\/\/obera.fr\/cs\/wp-json\/wp\/v2\/comments?post=44134"}],"version-history":[{"count":2,"href":"https:\/\/obera.fr\/cs\/wp-json\/wp\/v2\/pages\/44134\/revisions"}],"predecessor-version":[{"id":71712,"href":"https:\/\/obera.fr\/cs\/wp-json\/wp\/v2\/pages\/44134\/revisions\/71712"}],"up":[{"embeddable":true,"href":"https:\/\/obera.fr\/cs\/wp-json\/wp\/v2\/pages\/37682"}],"wp:featuredmedia":[{"embeddable":true,"href":"https:\/\/obera.fr\/cs\/wp-json\/wp\/v2\/media\/83734"}],"wp:attachment":[{"href":"https:\/\/obera.fr\/cs\/wp-json\/wp\/v2\/media?parent=44134"}],"curies":[{"name":"wp","href":"https:\/\/api.w.org\/{rel}","templated":true}]}}