{"id":44189,"date":"2024-04-06T01:24:32","date_gmt":"2024-04-05T23:24:32","guid":{"rendered":"https:\/\/obera.fr\/na-2-2-mobilni-mokry-odlucovac-prachu\/"},"modified":"2025-06-27T15:43:28","modified_gmt":"2025-06-27T13:43:28","slug":"na-2-2-depoussiereur-a-voie-humide","status":"publish","type":"page","link":"https:\/\/obera.fr\/cs\/produits\/depoussiereurs-industriels\/mobiles\/na-2-2-depoussiereur-a-voie-humide\/","title":{"rendered":"NA 2.2 : mobiln\u00ed mokr\u00fd odlu\u010dova\u010d prachu"},"content":{"rendered":"\n<p>Objevte mokr\u00fd vysava\u010d NA 2.2 pro vys\u00e1v\u00e1n\u00ed lepkav\u00fdch l\u00e1tek a prachu se srpkov\u00fdm efektem, kter\u00fd vznik\u00e1 v d\u00edln\u00e1ch.<\/p>\n\n<h2 class=\"wp-block-heading\">NA 2.2 Mokr\u00fd odlu\u010dova\u010d prachu: provoz a pou\u017eit\u00ed<\/h2>\n\n<div class=\"wp-block-columns is-layout-flex wp-container-core-columns-is-layout-28f84493 wp-block-columns-is-layout-flex\">\n<div class=\"wp-block-column is-layout-flow wp-block-column-is-layout-flow\" style=\"flex-basis:33.33%\">\n<figure class=\"wp-block-image aligncenter size-full\"><img decoding=\"async\" width=\"600\" height=\"600\" src=\"https:\/\/obera.fr\/wp-content\/uploads\/2024\/04\/obera-na-2-2-depoussiereur-a-voie-humide-mobile.jpg\" alt=\"NA 2.2 : mobiln&#xED; mokr&#xFD; odlu&#x10D;ova&#x10D; prachu\" class=\"wp-image-29475\" srcset=\"https:\/\/obera.fr\/wp-content\/uploads\/2024\/04\/obera-na-2-2-depoussiereur-a-voie-humide-mobile.jpg 600w, https:\/\/obera.fr\/wp-content\/uploads\/2024\/04\/obera-na-2-2-depoussiereur-a-voie-humide-mobile-300x300.jpg 300w, https:\/\/obera.fr\/wp-content\/uploads\/2024\/04\/obera-na-2-2-depoussiereur-a-voie-humide-mobile-150x150.jpg 150w\" sizes=\"(max-width: 600px) 100vw, 600px\" \/><\/figure>\n<\/div>\n\n\n\n<div class=\"wp-block-column is-layout-flow wp-block-column-is-layout-flow\" style=\"flex-basis:66.66%\">\n<p>Filtra\u010dn\u00ed syst\u00e9m pou\u017e\u00edvan\u00fd v mokr\u00fdch odlu\u010dova\u010d\u00edch prachu je zalo\u017een na principu odst\u0159ediv\u00e9 s\u00edly a jako filtra\u010dn\u00ed m\u00e9dium se pou\u017e\u00edv\u00e1 voda. Z praktick\u00e9ho hlediska je vzduch pln\u00fd jemn\u00fdch \u010d\u00e1stic a prachu zachycov\u00e1n v odlu\u010dova\u010di prachu vestav\u011bn\u00fdm ventil\u00e1torem. Vzduch je pak nasycen vodou prost\u0159ednictv\u00edm rozpra\u0161ovac\u00edch trysek, kter\u00e9 prach aglomeruj\u00ed a usnad\u0148uj\u00ed jeho zachycen\u00ed. Aby se \u010d\u00e1stice odd\u011blily, vzduch a voda rotuj\u00ed vysokou rychlost\u00ed a vrhaj\u00ed je proti st\u011bn\u011b odlu\u010dova\u010de (princip v\u00edru). \u010cist\u00fd vzduch je ods\u00e1v\u00e1n a vypou\u0161t\u011bn do atmosf\u00e9ry odst\u0159ediv\u00fdm ventil\u00e1torem.<\/p>\n\n\n\n<p>Ide\u00e1ln\u00ed pro \u0159ez\u00e1n\u00ed, \u0159ez\u00e1n\u00ed a kr\u00e1jen\u00ed, ale tak\u00e9 pro brou\u0161en\u00ed, le\u0161t\u011bn\u00ed, odstra\u0148ov\u00e1n\u00ed t\u0159\u00edsek, fr\u00e9zov\u00e1n\u00ed, dekantov\u00e1n\u00ed, pln\u011bn\u00ed a m\u00edch\u00e1n\u00ed. Voliteln\u011b je k dispozici verze ATEX.<\/p>\n\n\n\n<p>Pro jak\u00e9 \u00fa\u010dely? Mokr\u00fd vysava\u010d NA 2.2 se osv\u011bd\u010duje zejm\u00e9na p\u0159i vys\u00e1v\u00e1n\u00ed lepkav\u00fdch l\u00e1tek a p\u0159i pr\u00e1ci se siln\u00fdmi jiskrami. Je ide\u00e1ln\u00ed pro ods\u00e1v\u00e1n\u00ed kovov\u00e9ho prachu, lepkav\u00e9ho prachu a ho\u0159lav\u00e9ho prachu. D\u00edky tomu je ide\u00e1ln\u00ed pro pou\u017eit\u00ed v potravin\u00e1\u0159sk\u00e9m a kovozpracuj\u00edc\u00edm pr\u016fmyslu.<\/p>\n\n\n\n<div class=\"wp-block-columns is-layout-flex wp-container-core-columns-is-layout-28f84493 wp-block-columns-is-layout-flex\">\n<div class=\"wp-block-column is-layout-flow wp-block-column-is-layout-flow\">\n<div class=\"wp-block-buttons is-layout-flex wp-block-buttons-is-layout-flex\">\n<div class=\"wp-block-button\"><a class=\"wp-block-button__link wp-element-button\" href=\"https:\/\/obera.fr\/wp-content\/uploads\/2025\/04\/brochure-na-2.2-fr.pdf\">St\u00e1hn\u011bte si bro\u017euru<\/a><\/div>\n<\/div>\n<\/div>\n\n\n\n<div class=\"wp-block-column is-layout-flow wp-block-column-is-layout-flow\">\n<div class=\"wp-block-buttons is-layout-flex wp-block-buttons-is-layout-flex\">\n<div class=\"wp-block-button\"><a class=\"wp-block-button__link wp-element-button\" href=\"https:\/\/obera.fr\/contact\/\">Pot\u0159ebujete individu\u00e1ln\u00ed poradenstv\u00ed?<\/a><\/div>\n<\/div>\n<\/div>\n\n\n\n<div class=\"wp-block-column is-layout-flow wp-block-column-is-layout-flow\">\n<div class=\"wp-block-buttons is-content-justification-center is-layout-flex wp-container-core-buttons-is-layout-a89b3969 wp-block-buttons-is-layout-flex\">\n<div class=\"wp-block-button btn-devis-source\"><a class=\"wp-block-button__link wp-element-button\" href=\"https:\/\/obera.fr\/cs\/devis\/\">Po\u017e\u00e1dat o cenovou nab\u00eddku<\/a><\/div>\n<\/div>\n\n\n<script>\r\ndocument.addEventListener('DOMContentLoaded', function() {\r\n    \/\/ 1. On cherche le titre H1 de la page\r\n    var h1 = document.querySelector('h1');\r\n    var productTitle = h1 ? h1.innerText.trim() : \"\";\r\n\r\n    \/\/ 2. On cherche les boutons via la classe CSS .btn-devis-source\r\n    var buttons = document.querySelectorAll('.btn-devis-source a');\r\n\r\n    \/\/ 3. Si on a le titre et les boutons, on ajoute le param\u00e8tre\r\n    if (buttons.length > 0 && productTitle !== \"\") {\r\n        var encodedTitle = encodeURIComponent(productTitle);\r\n\r\n        buttons.forEach(function(btn) {\r\n            var currentHref = btn.getAttribute('href');\r\n            \r\n            \/\/ S\u00e9curit\u00e9 pour ne pas ajouter le param\u00e8tre 2 fois\r\n            if (currentHref.indexOf('sujet=') === -1) {\r\n                var separator = currentHref.indexOf('?') !== -1 ? '&' : '?';\r\n                var newLink = currentHref + separator + 'sujet=' + encodedTitle;\r\n                \r\n                btn.setAttribute('href', newLink);\r\n            }\r\n        });\r\n    }\r\n});\r\n<\/script><\/div>\n<\/div>\n<\/div>\n<\/div>\n\n<h2 class=\"wp-block-heading\">Charakteristika mokr\u00e9ho odlu\u010dova\u010de NA 2.2<\/h2>\n\n<p>Krom\u011b toho, \u017ee je vysoce mobiln\u00ed, nab\u00edz\u00ed tak\u00e9 n\u011bco, co u za\u0159\u00edzen\u00ed NA dosud nebylo k vid\u011bn\u00ed: kompaktn\u00ed, prostorov\u011b \u00fasporn\u00fd design. Doposud mohly b\u00fdt odlu\u010dova\u010de vody pouze pevn\u00e9, s v\u011bt\u0161\u00ed plochou (mnohem v\u011bt\u0161\u00edmi rozm\u011bry), aby pokryly \u0161irokou \u0161k\u00e1lu aplikac\u00ed. Odlu\u010dova\u010d\u016fm prachu NA se nyn\u00ed poda\u0159ilo spojit v\u00fdkon a snadn\u00e9 pou\u017eit\u00ed s flexibiln\u00edmi a kompaktn\u00edmi mobiln\u00edmi jednotkami. Krom\u011b toho je za\u0159\u00edzen\u00ed NA v\u017edy vybaveno v\u00fdklopnou horn\u00ed \u010d\u00e1st\u00ed pro snadn\u00fd p\u0159\u00edstup do vnit\u0159ku spot\u0159ebi\u010de.<\/p>\n\n<p>\u0158ada NA tak\u00e9 vyd\u00e1v\u00e1 velmi m\u00e1lo hluku: 68 dB(A). To znamen\u00e1, \u017ee jej lze pou\u017e\u00edvat p\u0159\u00edmo na r\u016fzn\u00fdch pracovi\u0161t\u00edch, ani\u017e by obsluha byla ru\u0161ena.<\/p>\n\n<blockquote class=\"wp-block-quote is-layout-flow wp-block-quote-is-layout-flow\">\n<p>Mo\u017enosti: Mokr\u00fd vysava\u010d NA 2.2 je k dispozici tak\u00e9 jako \u010distic\u00ed vysava\u010d s pr\u016fm\u011brem hadice 50 mm. Je k dispozici ve verzi z nerezov\u00e9 oceli, kter\u00e1 spl\u0148uje po\u017eadavky potravin\u00e1\u0159sk\u00e9ho pr\u016fmyslu, kde vznik\u00e1 jemn\u00fd a organick\u00fd prach a kter\u00fd podl\u00e9h\u00e1 p\u0159\u00edsn\u00fdm hygienick\u00fdm a potravin\u00e1\u0159sk\u00fdm p\u0159edpis\u016fm. Dal\u0161\u00ed d\u016fle\u017eit\u00e1 mo\u017enost pro pr\u016fmyslov\u00e1 odv\u011btv\u00ed s nebezpe\u010d\u00edm v\u00fdbuchu (z\u00f3na 22): verze ATEX pro bezpe\u010dn\u00e9 ods\u00e1v\u00e1n\u00ed such\u00e9ho, ho\u0159lav\u00e9ho, nevodiv\u00e9ho prachu.<\/p>\n<\/blockquote>\n\n<h3 class=\"wp-block-heading has-text-align-center\">PR\u016eMYSLOV\u00c1 ODV\u011aTV\u00cd<\/h3>\n\n<div class=\"wp-block-columns is-layout-flex wp-container-core-columns-is-layout-28f84493 wp-block-columns-is-layout-flex\">\n<div class=\"wp-block-column is-layout-flow wp-block-column-is-layout-flow\">\n<hr class=\"wp-block-separator has-alpha-channel-opacity\"\/>\n\n\n\n<div class=\"wp-block-columns is-layout-flex wp-container-core-columns-is-layout-28f84493 wp-block-columns-is-layout-flex\">\n<div class=\"wp-block-column is-layout-flow wp-block-column-is-layout-flow\">\n<figure class=\"wp-block-image aligncenter size-thumbnail is-resized\"><img decoding=\"async\" width=\"150\" height=\"150\" src=\"https:\/\/obera.fr\/wp-content\/uploads\/2022\/02\/Metalurgie-150x150.png\" alt=\"metalurgie\" class=\"wp-image-8857\"\/><figcaption class=\"wp-element-caption\">Hutnictv\u00ed<\/figcaption><\/figure>\n<\/div>\n\n\n\n<div class=\"wp-block-column is-layout-flow wp-block-column-is-layout-flow\">\n<figure class=\"wp-block-image aligncenter size-thumbnail is-resized\"><img decoding=\"async\" width=\"150\" height=\"150\" src=\"https:\/\/obera.fr\/wp-content\/uploads\/2022\/02\/AGROALIMENTAIRE-150x150.png\" alt=\"zem&#x11B;d&#x11B;lsko-potravin&#xE1;&#x159;sk&#xFD;\" class=\"wp-image-8844\"\/><figcaption class=\"wp-element-caption\">Potravin\u00e1\u0159sk\u00fd pr\u016fmysl<\/figcaption><\/figure>\n<\/div>\n<\/div>\n<\/div>\n\n\n\n<div class=\"wp-block-column is-layout-flow wp-block-column-is-layout-flow\">\n<hr class=\"wp-block-separator has-alpha-channel-opacity\"\/>\n\n\n\n<div class=\"wp-block-columns is-layout-flex wp-container-core-columns-is-layout-28f84493 wp-block-columns-is-layout-flex\">\n<div class=\"wp-block-column is-layout-flow wp-block-column-is-layout-flow\"><\/div>\n\n\n\n<div class=\"wp-block-column is-layout-flow wp-block-column-is-layout-flow\"><\/div>\n<\/div>\n<\/div>\n<\/div>\n\n<table id=\"tablepress-201\" class=\"tablepress tablepress-id-201\">\n<tbody class=\"row-striping row-hover\">\n<tr class=\"row-1\">\n\t<td class=\"column-1\">Volume d\u2019air max. D\u00e9bit d\u2019air<\/td><td class=\"column-2\">M3\/h<\/td><td class=\"column-3\">300<\/td>\n<\/tr>\n<tr class=\"row-2\">\n\t<td class=\"column-1\">Diam\u00e8tre d\u2019entr\u00e9e\/de sortie<\/td><td class=\"column-2\">mm<\/td><td class=\"column-3\">50\/-<\/td>\n<\/tr>\n<tr class=\"row-3\">\n\t<td class=\"column-1\">Pression d\u2019air max. D\u00e9pression<\/td><td class=\"column-2\">Pa<\/td><td class=\"column-3\">21.000<\/td>\n<\/tr>\n<tr class=\"row-4\">\n\t<td class=\"column-1\">Puissance d\u2019entra\u00eenement<\/td><td class=\"column-2\">kW<\/td><td class=\"column-3\">2.2<\/td>\n<\/tr>\n<tr class=\"row-5\">\n\t<td class=\"column-1\">Contenu en eau<\/td><td class=\"column-2\">L<\/td><td class=\"column-3\">40<\/td>\n<\/tr>\n<tr class=\"row-6\">\n\t<td class=\"column-1\">R\u00e9servoir de collecte de volume<\/td><td class=\"column-2\">L<\/td><td class=\"column-3\">100<\/td>\n<\/tr>\n<tr class=\"row-7\">\n\t<td class=\"column-1\">Dimensions (L\/l\/h)<\/td><td class=\"column-2\">mm<\/td><td class=\"column-3\">1.260x630x1.560<\/td>\n<\/tr>\n<tr class=\"row-8\">\n\t<td class=\"column-1\">Poids (sans eau)<\/td><td class=\"column-2\">kg<\/td><td class=\"column-3\">130<\/td>\n<\/tr>\n<tr class=\"row-9\">\n\t<td class=\"column-1\">\u00c9missions sonores<\/td><td class=\"column-2\">dB(A)<\/td><td class=\"column-3\">68<\/td>\n<\/tr>\n<\/tbody>\n<\/table>\n\n\n<div class=\"wp-block-buttons is-content-justification-center is-layout-flex wp-container-core-buttons-is-layout-a89b3969 wp-block-buttons-is-layout-flex\">\n<div class=\"wp-block-button\"><a class=\"wp-block-button__link wp-element-button\" href=\"https:\/\/obera.fr\/wp-content\/uploads\/2025\/04\/brochure-na-2.2-de.pdf\">ST\u00c1HNOUT PRODUKTOV\u00dd LIST<\/a><\/div>\n<\/div>\n\n<figure class=\"wp-block-table\"><table class=\"has-fixed-layout\"><tbody><tr><td>Maxim\u00e1ln\u00ed objem vzduchu Pr\u016ftok vzduchu<\/td><td>M3\/h<\/td><td>300<\/td><\/tr><tr><td>Pr\u016fm\u011br vstupn\u00edho\/v\u00fdstupn\u00edho otvoru<\/td><td>mm<\/td><td>50\/-<\/td><\/tr><tr><td>Maxim\u00e1ln\u00ed tlak vzduchu Vakuum <\/td><td>Pa<\/td><td>21.000<\/td><\/tr><tr><td>V\u00fdkon pohonu<\/td><td>kW<\/td><td>2.2<\/td><\/tr><tr><td>Obsah vody<\/td><td>L<\/td><td>40<\/td><\/tr><tr><td>Objem sb\u011brn\u00e9 n\u00e1dr\u017ee<\/td><td>L<\/td><td>100<\/td><\/tr><tr><td>Rozm\u011bry (D\/\u0160\/V)<\/td><td>mm<\/td><td>1 260x630x1 560 cm<\/td><\/tr><tr><td>Hmotnost (bez vody)<\/td><td>kg<\/td><td>130<\/td><\/tr><tr><td>Emise hluku<\/td><td>dB(A)<\/td><td>68<\/td><\/tr><\/tbody><\/table><\/figure>\n\n<div style=\"height:34px\" aria-hidden=\"true\" class=\"wp-block-spacer\"><\/div>\n\n<h2 class=\"wp-block-heading\">Jak\u00e9 jsou v\u00fdhody mokr\u00e9ho vysava\u010de NA 2.2?<\/h2>\n\n<p>Mokr\u00fd odlu\u010dova\u010d prachu vyu\u017e\u00edv\u00e1 filtra\u010dn\u00ed technologii k zaji\u0161t\u011bn\u00ed optim\u00e1ln\u00ed kvality vzduchu ve v\u00fdrobn\u00edch z\u00e1vodech. Krom\u011b ochrany zdrav\u00ed sv\u00fdch zam\u011bstnanc\u016f sni\u017eujete riziko poruch a po\u0161kozen\u00ed stroj\u016f a za\u0159\u00edzen\u00ed.<\/p>\n\n<p>Mobiln\u00ed a flexibiln\u00ed vysava\u010d NA 2.2 pro mokr\u00e9 vys\u00e1v\u00e1n\u00ed je snadno ovladateln\u00fd d\u00edky hladk\u00fdm kole\u010dk\u016fm. Ide\u00e1ln\u011b se hod\u00ed pro \u010dast\u00e9 zm\u011bny polohy, aby u\u017eivatel\u00e9 m\u011bli maxim\u00e1ln\u00ed pohodl\u00ed. Je tak\u00e9 kompaktn\u00ed a m\u00e1 mal\u00e9 rozm\u011bry.<\/p>\n\n<p>Mokr\u00fd odlu\u010dova\u010d prachu NA 2.2 lze kombinovat s dal\u0161\u00edm vybaven\u00edm pro maxim\u00e1ln\u00ed u\u017eivatelsk\u00fd komfort, jako je automatick\u00e1 regulace hladiny vody nebo elektromagnetick\u00fd ventil pro automatick\u00fd p\u0159\u00edvod vody do jednotky.<\/p>\n\n<div class=\"wp-block-columns is-layout-flex wp-container-core-columns-is-layout-28f84493 wp-block-columns-is-layout-flex\">\n<div class=\"wp-block-column is-layout-flow wp-block-column-is-layout-flow\" style=\"flex-basis:33.34%\">\n<h3 class=\"wp-block-heading\">V\u00fdhody :<\/h3>\n\n\n\n<ul class=\"wp-block-list\">\n<li>Tich\u00fd a kompaktn\u00ed;<\/li>\n\n\n\n<li>Flexibiln\u00ed mo\u017enosti pou\u017eit\u00ed.<\/li>\n<\/ul>\n<\/div>\n\n\n\n<div class=\"wp-block-column is-layout-flow wp-block-column-is-layout-flow\" style=\"flex-basis:33.34%\">\n<h3 class=\"wp-block-heading\">Speci\u00e1ln\u00ed funkce:<\/h3>\n\n\n\n<ul class=\"wp-block-list\">\n<li>Ods\u00e1v\u00e1n\u00ed lepkav\u00fdch prach\u016f, vhodn\u00e9 pro pracovn\u00ed procesy s jiskrovou projekc\u00ed;<\/li>\n\n\n\n<li>K dispozici jako \u010distic\u00ed vysava\u010d.<\/li>\n<\/ul>\n\n\n\n<div style=\"height:26px\" aria-hidden=\"true\" class=\"wp-block-spacer\"><\/div>\n<\/div>\n\n\n\n<div class=\"wp-block-column is-layout-flow wp-block-column-is-layout-flow\" style=\"flex-basis:33.33%\">\n<h3 class=\"wp-block-heading\">Vlastnosti :<\/h3>\n\n\n\n<ul class=\"wp-block-list\">\n<li>Voliteln\u00e1 verze <a href=\"https:\/\/obera.fr\/cs\/produits\/atex\/\" data-type=\"page\" data-id=\"372\">ATEX<\/a>;<\/li>\n\n\n\n<li>K dispozici v nerezov\u00e9 oceli.<\/li>\n<\/ul>\n<\/div>\n<\/div>\n\n<div class=\"wp-block-buttons is-content-justification-center is-layout-flex wp-container-core-buttons-is-layout-a89b3969 wp-block-buttons-is-layout-flex\">\n<div class=\"wp-block-button\"><a class=\"wp-block-button__link wp-element-button\" href=\"https:\/\/obera.fr\/cs\/contact\/\">TESTOV\u00c1N\u00cd SB\u011aRA\u010cE PRACHU NA 2.2<\/a><\/div>\n<\/div>\n\n<div style=\"height:25px\" aria-hidden=\"true\" class=\"wp-block-spacer\"><\/div>\n\n<h2 class=\"wp-block-heading\">Dal\u0161\u00ed mobiln\u00ed vysava\u010de zna\u010dky OberA<\/h2>\n\n<div class=\"wp-block-columns is-layout-flex wp-container-core-columns-is-layout-28f84493 wp-block-columns-is-layout-flex\">\n<div class=\"wp-block-column is-layout-flow wp-block-column-is-layout-flow\">\n<figure class=\"wp-block-image aligncenter size-medium\"><a href=\"https:\/\/obera.fr\/produits\/depoussiereurs-industriels\/mobiles\/srf-k\/\"><img decoding=\"async\" width=\"300\" height=\"300\" src=\"https:\/\/obera.fr\/wp-content\/uploads\/2020\/10\/SRF-K-SF-300x300.png\" alt=\"Srf K Sf\" class=\"wp-image-1309\" srcset=\"https:\/\/obera.fr\/wp-content\/uploads\/2020\/10\/SRF-K-SF-300x300.png 300w, https:\/\/obera.fr\/wp-content\/uploads\/2020\/10\/SRF-K-SF-150x150.png 150w, https:\/\/obera.fr\/wp-content\/uploads\/2020\/10\/SRF-K-SF.png 600w\" sizes=\"(max-width: 300px) 100vw, 300px\" \/><\/a><figcaption class=\"wp-element-caption\">SRF-K<\/figcaption><\/figure>\n<\/div>\n\n\n\n<div class=\"wp-block-column is-layout-flow wp-block-column-is-layout-flow\">\n<figure class=\"wp-block-image aligncenter size-medium\"><a href=\"https:\/\/obera.fr\/produits\/depoussiereurs-industriels\/mobiles\/aspiration-poussiere-dustomat-10\/\"><img decoding=\"async\" width=\"300\" height=\"300\" src=\"https:\/\/obera.fr\/wp-content\/uploads\/2020\/10\/extracteur-poussiere-mobile-DUSTOMAT-10-300x300.png\" alt=\"Dustomat 10 Mobiln&#xED; odsava&#x10D; prachu\" class=\"wp-image-1306\" srcset=\"https:\/\/obera.fr\/wp-content\/uploads\/2020\/10\/extracteur-poussiere-mobile-DUSTOMAT-10-300x300.png 300w, https:\/\/obera.fr\/wp-content\/uploads\/2020\/10\/extracteur-poussiere-mobile-DUSTOMAT-10-150x150.png 150w, https:\/\/obera.fr\/wp-content\/uploads\/2020\/10\/extracteur-poussiere-mobile-DUSTOMAT-10.png 600w\" sizes=\"(max-width: 300px) 100vw, 300px\" \/><\/a><figcaption class=\"wp-element-caption\">DUSTOMAT 10<\/figcaption><\/figure>\n<\/div>\n\n\n\n<div class=\"wp-block-column is-layout-flow wp-block-column-is-layout-flow\">\n<figure class=\"wp-block-image aligncenter size-medium\"><a href=\"https:\/\/obera.fr\/produits\/depoussiereurs-industriels\/mobiles\/extracteur-poussiere-pulverulente-dustomat-16m\/\"><img decoding=\"async\" width=\"300\" height=\"300\" src=\"https:\/\/obera.fr\/wp-content\/uploads\/2020\/10\/extracteur-poussiere-pulverulente-DUSTOMAT-16-300x300.png\" alt=\"Odsava&#x10D; prachu Dustomat 16\" class=\"wp-image-1307\" srcset=\"https:\/\/obera.fr\/wp-content\/uploads\/2020\/10\/extracteur-poussiere-pulverulente-DUSTOMAT-16-300x300.png 300w, https:\/\/obera.fr\/wp-content\/uploads\/2020\/10\/extracteur-poussiere-pulverulente-DUSTOMAT-16-150x150.png 150w, https:\/\/obera.fr\/wp-content\/uploads\/2020\/10\/extracteur-poussiere-pulverulente-DUSTOMAT-16.png 600w\" sizes=\"(max-width: 300px) 100vw, 300px\" \/><\/a><figcaption class=\"wp-element-caption\">DUSTOMAT 16<\/figcaption><\/figure>\n<\/div>\n\n\n\n<div class=\"wp-block-column is-layout-flow wp-block-column-is-layout-flow\">\n<figure class=\"wp-block-image aligncenter size-medium\"><a href=\"https:\/\/obera.fr\/produits\/depoussiereurs-industriels\/mobiles\/extracteur-poussiere-dustomat-4\/\"><img decoding=\"async\" width=\"300\" height=\"300\" src=\"https:\/\/obera.fr\/wp-content\/uploads\/2023\/02\/dustomat-4-300x300.png\" alt=\"Odsava&#x10D; prachu Dustomat 4\" class=\"wp-image-19008\" srcset=\"https:\/\/obera.fr\/wp-content\/uploads\/2023\/02\/dustomat-4-300x300.png 300w, https:\/\/obera.fr\/wp-content\/uploads\/2023\/02\/dustomat-4-150x150.png 150w, https:\/\/obera.fr\/wp-content\/uploads\/2023\/02\/dustomat-4.png 500w\" sizes=\"(max-width: 300px) 100vw, 300px\" \/><\/a><figcaption class=\"wp-element-caption\">Dustomat 4<\/figcaption><\/figure>\n<\/div>\n<\/div>\n\n<div class=\"wp-block-columns is-layout-flex wp-container-core-columns-is-layout-28f84493 wp-block-columns-is-layout-flex\">\n<div class=\"wp-block-column is-layout-flow wp-block-column-is-layout-flow\">\n<figure class=\"wp-block-image aligncenter size-medium is-resized\"><a href=\"https:\/\/obera.fr\/produits\/depoussiereurs-industriels\/mobiles\/extracteur-de-poussiere-dustomat-dry\/#more-24274\"><img decoding=\"async\" width=\"300\" height=\"300\" src=\"https:\/\/obera.fr\/wp-content\/uploads\/2023\/09\/dustomat-dry-300x300.png\" alt=\"dustomat dry\" class=\"wp-image-24355\" style=\"width:auto;height:250px\" srcset=\"https:\/\/obera.fr\/wp-content\/uploads\/2023\/09\/dustomat-dry-300x300.png 300w, https:\/\/obera.fr\/wp-content\/uploads\/2023\/09\/dustomat-dry-150x150.png 150w, https:\/\/obera.fr\/wp-content\/uploads\/2023\/09\/dustomat-dry.png 320w\" sizes=\"(max-width: 300px) 100vw, 300px\" \/><\/a><figcaption class=\"wp-element-caption\">DUSTOMAT DRY<\/figcaption><\/figure>\n<\/div>\n\n\n\n<div class=\"wp-block-column is-layout-flow wp-block-column-is-layout-flow\"><\/div>\n<\/div>\n","protected":false},"excerpt":{"rendered":"<p>Objevte mokr\u00fd vysava\u010d NA 2.2 pro vys\u00e1v\u00e1n\u00ed lepkav\u00fdch l\u00e1tek a prachu se srpkov\u00fdm efektem, kter\u00fd vznik\u00e1 v d\u00edln\u00e1ch. NA 2.2 Mokr\u00fd odlu\u010dova\u010d prachu: provoz a pou\u017eit\u00ed Filtra\u010dn\u00ed syst\u00e9m pou\u017e\u00edvan\u00fd v mokr\u00fdch odlu\u010dova\u010d\u00edch prachu je zalo\u017een na principu odst\u0159ediv\u00e9 s\u00edly a jako filtra\u010dn\u00ed m\u00e9dium se pou\u017e\u00edv\u00e1 voda. Z praktick\u00e9ho hlediska je vzduch pln\u00fd jemn\u00fdch \u010d\u00e1stic a prachu zachycov\u00e1n v odlu\u010dova\u010di prachu vestav\u011bn\u00fdm ventil\u00e1torem. Vzduch je pak nasycen vodou prost\u0159ednictv\u00edm rozpra\u0161ovac\u00edch trysek, kter\u00e9 prach aglomeruj\u00ed a usnad\u0148uj\u00ed jeho zachycen\u00ed. Aby se \u010d\u00e1stice odd\u011blily, vzduch a voda rotuj\u00ed vysokou rychlost\u00ed a vrhaj\u00ed je proti st\u011bn\u011b odlu\u010dova\u010de (princip v\u00edru). \u010cist\u00fd vzduch je ods\u00e1v\u00e1n a &#8230; <\/p>\n<p class=\"read-more-container\"><a title=\"NA 2.2 : mobiln\u00ed mokr\u00fd odlu\u010dova\u010d prachu\" class=\"read-more button\" href=\"https:\/\/obera.fr\/cs\/produits\/depoussiereurs-industriels\/mobiles\/na-2-2-depoussiereur-a-voie-humide\/#more-44189\" aria-label=\"\u010c\u00edst v\u00edce o NA 2.2 : mobiln\u00ed mokr\u00fd odlu\u010dova\u010d prachu\">Lire la suite<\/a><\/p>\n","protected":false},"author":4,"featured_media":83734,"parent":46943,"menu_order":0,"comment_status":"closed","ping_status":"closed","template":"","meta":{"_acf_changed":false,"_seopress_robots_primary_cat":"","_seopress_titles_title":"","_seopress_titles_desc":"","_seopress_robots_index":"","footnotes":""},"class_list":{"0":"post-44189","1":"page","2":"type-page","3":"status-publish","4":"has-post-thumbnail","6":"no-featured-image-padding","7":"resize-featured-image"},"acf":[],"_links":{"self":[{"href":"https:\/\/obera.fr\/cs\/wp-json\/wp\/v2\/pages\/44189","targetHints":{"allow":["GET"]}}],"collection":[{"href":"https:\/\/obera.fr\/cs\/wp-json\/wp\/v2\/pages"}],"about":[{"href":"https:\/\/obera.fr\/cs\/wp-json\/wp\/v2\/types\/page"}],"author":[{"embeddable":true,"href":"https:\/\/obera.fr\/cs\/wp-json\/wp\/v2\/users\/4"}],"replies":[{"embeddable":true,"href":"https:\/\/obera.fr\/cs\/wp-json\/wp\/v2\/comments?post=44189"}],"version-history":[{"count":7,"href":"https:\/\/obera.fr\/cs\/wp-json\/wp\/v2\/pages\/44189\/revisions"}],"predecessor-version":[{"id":117296,"href":"https:\/\/obera.fr\/cs\/wp-json\/wp\/v2\/pages\/44189\/revisions\/117296"}],"up":[{"embeddable":true,"href":"https:\/\/obera.fr\/cs\/wp-json\/wp\/v2\/pages\/46943"}],"wp:featuredmedia":[{"embeddable":true,"href":"https:\/\/obera.fr\/cs\/wp-json\/wp\/v2\/media\/83734"}],"wp:attachment":[{"href":"https:\/\/obera.fr\/cs\/wp-json\/wp\/v2\/media?parent=44189"}],"curies":[{"name":"wp","href":"https:\/\/api.w.org\/{rel}","templated":true}]}}