{"id":44543,"date":"2020-08-26T12:54:59","date_gmt":"2020-08-26T10:54:59","guid":{"rendered":"https:\/\/obera.fr\/nase-produkty\/saci-stoly\/"},"modified":"2025-06-30T15:45:16","modified_gmt":"2025-06-30T13:45:16","slug":"tables-aspirantes","status":"publish","type":"page","link":"https:\/\/obera.fr\/cs\/produits\/tables-aspirantes\/","title":{"rendered":"Sac\u00ed stoly"},"content":{"rendered":"\n<p>P\u0159i pr\u00e1ci s d\u00edly nebo materi\u00e1ly je d\u016fle\u017eit\u00e1 \u010dist\u00e1 a bezpe\u010dn\u00e1 pracovn\u00ed plocha. <a href=\"https:\/\/obera.fr\/cs\/produits\/tables-aspirantes\/\" data-type=\"page\" data-id=\"489\">Vakuov\u00e9 stoly<\/a> jsou obl\u00edbenou volbou profesion\u00e1l\u016f v oboru a nab\u00edzej\u00ed kvalitn\u00ed \u0159e\u0161en\u00ed pro odstra\u0148ov\u00e1n\u00ed ne\u010distot a prachu. Zde najdete n\u011bkolik model\u016f vakuov\u00fdch stol\u016f, z nich\u017e ka\u017ed\u00fd m\u00e1 sv\u00e9 specifick\u00e9 vlastnosti.  <\/p>\n\n\n<h2 class=\"wp-block-heading\" id=\"a-quelles-utilisations-conviennent-elles\">Na\u0161e \u0159ada p\u0159ipojiteln\u00fdch sac\u00edch stol\u016f<\/h2>\n\n<div class=\"wp-block-columns is-layout-flex wp-container-core-columns-is-layout-28f84493 wp-block-columns-is-layout-flex\">\n<div class=\"wp-block-column is-layout-flow wp-block-column-is-layout-flow\">\n<h3 class=\"wp-block-heading has-text-align-center\">Pr\u016fmyslov\u00fd vakuov\u00fd st\u016fl A &amp; AT<\/h3>\n\n\n\n<figure class=\"wp-block-image aligncenter size-full is-resized\"><a href=\"https:\/\/obera.fr\/produits\/tables-aspirantes\/table-aspirante-a-at\/\"><img decoding=\"async\" width=\"1200\" height=\"1200\" src=\"https:\/\/obera.fr\/wp-content\/uploads\/2024\/04\/obera-tableaspirante-aat-2024.jpg.png\" alt=\"obera tableaspirante aat 2024.jpg\" class=\"wp-image-30206\" style=\"width:311px;height:auto\" srcset=\"https:\/\/obera.fr\/wp-content\/uploads\/2024\/04\/obera-tableaspirante-aat-2024.jpg.png 1200w, https:\/\/obera.fr\/wp-content\/uploads\/2024\/04\/obera-tableaspirante-aat-2024.jpg-300x300.png 300w, https:\/\/obera.fr\/wp-content\/uploads\/2024\/04\/obera-tableaspirante-aat-2024.jpg-1024x1024.png 1024w, https:\/\/obera.fr\/wp-content\/uploads\/2024\/04\/obera-tableaspirante-aat-2024.jpg-150x150.png 150w, https:\/\/obera.fr\/wp-content\/uploads\/2024\/04\/obera-tableaspirante-aat-2024.jpg-768x768.png 768w\" sizes=\"(max-width: 1200px) 100vw, 1200px\" \/><\/a><figcaption class=\"wp-element-caption\">Sac\u00ed st\u016fl<\/figcaption><\/figure>\n\n\n\n<p>Na\u0161e <a href=\"https:\/\/obera.fr\/cs\/produits\/tables-aspirantes\/table-aspirante-a-at\/\" data-type=\"page\" data-id=\"15182\">pr\u016fmyslov\u00e9 ods\u00e1vac\u00ed stoly<\/a> jsou navr\u017eeny tak, aby zvl\u00e1daly prach z brou\u0161en\u00ed a brou\u0161en\u00ed, sv\u00e1\u0159e\u010dsk\u00e9 v\u00fdpary, p\u00e1ry, rozpou\u0161t\u011bdla a t\u011bkav\u00e9 organick\u00e9 l\u00e1tky vznikaj\u00edc\u00ed p\u0159i lepen\u00ed nebo lakov\u00e1n\u00ed obrobk\u016f. Na\u0161e ods\u00e1vac\u00ed stoly jsou skute\u010dn\u00fdmi pracovi\u0161ti nab\u00edzej\u00edc\u00edmi zdrav\u00fd vzduch pro obsluhu.   <\/p>\n<\/div>\n\n\n\n<div class=\"wp-block-column is-layout-flow wp-block-column-is-layout-flow\">\n<h3 class=\"wp-block-heading has-text-align-center\">360\u00b0 oto\u010dn\u00fd vakuov\u00fd st\u016fl<\/h3>\n\n\n\n<figure class=\"wp-block-image aligncenter size-full is-resized\"><a href=\"https:\/\/obera.fr\/produits\/tables-aspirantes\/table-rotative-360\/\"><img decoding=\"async\" width=\"1200\" height=\"1200\" src=\"https:\/\/obera.fr\/wp-content\/uploads\/2025\/01\/image-table-aspirante-rotative.jpg\" alt=\"\" class=\"wp-image-57698\" style=\"width:307px;height:auto\" srcset=\"https:\/\/obera.fr\/wp-content\/uploads\/2025\/01\/image-table-aspirante-rotative.jpg 1200w, https:\/\/obera.fr\/wp-content\/uploads\/2025\/01\/image-table-aspirante-rotative-300x300.jpg 300w, https:\/\/obera.fr\/wp-content\/uploads\/2025\/01\/image-table-aspirante-rotative-1024x1024.jpg 1024w, https:\/\/obera.fr\/wp-content\/uploads\/2025\/01\/image-table-aspirante-rotative-150x150.jpg 150w, https:\/\/obera.fr\/wp-content\/uploads\/2025\/01\/image-table-aspirante-rotative-768x768.jpg 768w, https:\/\/obera.fr\/wp-content\/uploads\/2025\/01\/image-table-aspirante-rotative-400x400.jpg 400w, https:\/\/obera.fr\/wp-content\/uploads\/2025\/01\/image-table-aspirante-rotative-600x600.jpg 600w\" sizes=\"(max-width: 1200px) 100vw, 1200px\" \/><\/a><figcaption class=\"wp-element-caption\">360\u00b0 oto\u010dn\u00fd sac\u00ed st\u016fl<\/figcaption><\/figure>\n\n\n\n<p><a href=\"https:\/\/obera.fr\/cs\/produits\/tables-aspirantes\/table-rotative-360\/\" data-type=\"page\" data-id=\"4950\">360\u00b0 oto\u010dn\u00fd sac\u00ed st\u016fl<\/a>, vhodn\u00fd zejm\u00e9na pro mechanick\u00e9 a tepeln\u00e9 separa\u010dn\u00ed procesy. Ot\u00e1\u010den\u00ed stolu poskytuje u\u017eivatel\u016fm naprostou volnost a \u00fapln\u00fd p\u0159\u00edstup kolem obrobku. <\/p>\n\n\n\n<p>Tento ods\u00e1vac\u00ed st\u016fl nab\u00edz\u00ed u\u017eivatelsk\u00fd komfort a bezpe\u010dnost d\u00edky nastaviteln\u00e9 v\u00fd\u0161ce, ot\u00e1\u010den\u00ed o 360\u00b0 a ods\u00e1v\u00e1n\u00ed \u0161kodlivin uvol\u0148ovan\u00fdch b\u011bhem obr\u00e1b\u011bn\u00ed.<\/p>\n<\/div>\n<\/div>\n\n<h2 class=\"wp-block-heading\" id=\"a-quelles-utilisations-conviennent-elles\">Na\u0161e nab\u00eddka voln\u011b stoj\u00edc\u00edch vakuov\u00fdch stol\u016f<\/h2>\n\n<div class=\"wp-block-columns is-layout-flex wp-container-core-columns-is-layout-28f84493 wp-block-columns-is-layout-flex\">\n<div class=\"wp-block-column is-layout-flow wp-block-column-is-layout-flow\">\n<h3 class=\"wp-block-heading has-text-align-center\">Tabulka ePURBox ATEX<\/h3>\n\n\n\n<figure class=\"wp-block-image aligncenter size-large is-resized\"><a href=\"https:\/\/obera.fr\/produits\/caissons-mobiles-aspiration\/epurbox-atex\/\"><img decoding=\"async\" width=\"1024\" height=\"1024\" src=\"https:\/\/obera.fr\/wp-content\/uploads\/2024\/05\/epurbox-tsp-1024x1024.png\" alt=\"epurbox tsp\" class=\"wp-image-30348\" style=\"width:314px;height:auto\" srcset=\"https:\/\/obera.fr\/wp-content\/uploads\/2024\/05\/epurbox-tsp-1024x1024.png 1024w, https:\/\/obera.fr\/wp-content\/uploads\/2024\/05\/epurbox-tsp-300x300.png 300w, https:\/\/obera.fr\/wp-content\/uploads\/2024\/05\/epurbox-tsp-150x150.png 150w, https:\/\/obera.fr\/wp-content\/uploads\/2024\/05\/epurbox-tsp-768x768.png 768w, https:\/\/obera.fr\/wp-content\/uploads\/2024\/05\/epurbox-tsp.png 1200w\" sizes=\"(max-width: 1024px) 100vw, 1024px\" \/><\/a><figcaption class=\"wp-element-caption\">ePURBOX ATEX<\/figcaption><\/figure>\n\n\n\n<p><a href=\"https:\/\/obera.fr\/cs\/produits\/caissons-mobiles-aspiration\/epurbox-atex\/\">Mobiln\u00ed st\u016fl ePURBox ATEX<\/a> je vhodn\u00fd zejm\u00e9na pro ods\u00e1v\u00e1n\u00ed a \u00fapravu v\u00fdpar\u016f a such\u00fdch prach\u016f. Jeho mobilita a p\u0159izp\u016fsoben\u00ed nep\u0159etr\u017eit\u00e9mu provozu nab\u00edz\u00ed obsluze skute\u010dn\u00fd pracovn\u00ed komfort. <\/p>\n<\/div>\n\n\n\n<div class=\"wp-block-column is-layout-flow wp-block-column-is-layout-flow\">\n<h3 class=\"wp-block-heading has-text-align-center wp-block-column\">Samostatn\u00fd sac\u00ed st\u016fl<\/h3>\n\n\n\n<figure class=\"wp-block-image aligncenter size-full is-resized\"><a href=\"https:\/\/obera.fr\/produits\/tables-aspirantes\/table-autonome\/\"><img decoding=\"async\" width=\"1200\" height=\"1200\" src=\"https:\/\/obera.fr\/wp-content\/uploads\/2024\/04\/obera-tableaspirante-autonome-2024.jpg.png\" alt=\"obera tableaspirante autonome 2024.jpg\" class=\"wp-image-30210\" style=\"width:309px;height:auto\" srcset=\"https:\/\/obera.fr\/wp-content\/uploads\/2024\/04\/obera-tableaspirante-autonome-2024.jpg.png 1200w, https:\/\/obera.fr\/wp-content\/uploads\/2024\/04\/obera-tableaspirante-autonome-2024.jpg-300x300.png 300w, https:\/\/obera.fr\/wp-content\/uploads\/2024\/04\/obera-tableaspirante-autonome-2024.jpg-1024x1024.png 1024w, https:\/\/obera.fr\/wp-content\/uploads\/2024\/04\/obera-tableaspirante-autonome-2024.jpg-150x150.png 150w, https:\/\/obera.fr\/wp-content\/uploads\/2024\/04\/obera-tableaspirante-autonome-2024.jpg-768x768.png 768w\" sizes=\"(max-width: 1200px) 100vw, 1200px\" \/><\/a><figcaption class=\"wp-element-caption\">Samostatn\u00e9 stoly<\/figcaption><\/figure>\n\n\n\n<p><a href=\"https:\/\/obera.fr\/cs\/produits\/tables-aspirantes\/table-autonome\/\" data-type=\"page\" data-id=\"12846\">Samostatn\u00e9 ods\u00e1vac\u00ed stoly spole\u010dnosti OberA<\/a> jsou skute\u010dn\u00e9 pracovn\u00ed prostory vybaven\u00e9 syst\u00e9mem ods\u00e1v\u00e1n\u00ed a filtrace \u0161kodlivin. To znamen\u00e1 maxim\u00e1ln\u00ed ochranu obsluhy p\u0159i brou\u0161en\u00ed, sva\u0159ov\u00e1n\u00ed, lepen\u00ed a dal\u0161\u00edch operac\u00edch. <\/p>\n<\/div>\n<\/div>\n\n<div class=\"wp-block-columns is-layout-flex wp-container-core-columns-is-layout-28f84493 wp-block-columns-is-layout-flex\">\n<div class=\"wp-block-column is-layout-flow wp-block-column-is-layout-flow\">\n<h3 class=\"wp-block-heading has-text-align-center\">Clearbox<\/h3>\n\n\n\n<figure class=\"wp-block-image aligncenter size-full is-resized\"><a href=\"https:\/\/obera.fr\/produits\/caissons-mobiles-aspiration\/clearbox\/\"><img decoding=\"async\" width=\"534\" height=\"475\" src=\"https:\/\/obera.fr\/wp-content\/uploads\/2025\/06\/clearbox.png\" alt=\"clearbox\" class=\"wp-image-109012\" style=\"width:334px;height:auto\" srcset=\"https:\/\/obera.fr\/wp-content\/uploads\/2025\/06\/clearbox.png 534w, https:\/\/obera.fr\/wp-content\/uploads\/2025\/06\/clearbox-300x267.png 300w\" sizes=\"(max-width: 534px) 100vw, 534px\" \/><\/a><figcaption class=\"wp-element-caption\">Clearbox<\/figcaption><\/figure>\n\n\n\n<p><a href=\"https:\/\/obera.fr\/cs\/produits\/caissons-mobiles-aspiration\/clearbox\/\">Clearbox<\/a> je <strong>mobiln\u00ed ods\u00e1vac\u00ed jednotka vyroben\u00e1 ve Francii<\/strong> s p\u011btiletou z\u00e1rukou a vysok\u00fdm pr\u016ftokem. Je speci\u00e1ln\u011b navr\u017eena pro zpracov\u00e1n\u00ed t\u011bkav\u00fdch organick\u00fdch l\u00e1tek (VOC), plyn\u016f, pach\u016f, rozpou\u0161t\u011bdel, prachu a v\u00fdpar\u016f. <\/p>\n<\/div>\n<\/div>\n\n<div class=\"wp-block-buttons is-horizontal is-content-justification-center is-layout-flex wp-container-core-buttons-is-layout-03627597 wp-block-buttons-is-layout-flex\">\n<div class=\"wp-block-button has-custom-width wp-block-button__width-100\"><a class=\"wp-block-button__link wp-element-button\" href=\"https:\/\/obera.fr\/cs\/kontaktujte-nas\/\">Zjist\u011bte v\u00edce<\/a><\/div>\n<\/div>\n\n<p><\/p>\n\n<p>Z\u00e1v\u011brem lze \u0159\u00edci, \u017ee nab\u00edz\u00edme \u0161irokou \u0161k\u00e1lu vakuov\u00fdch stol\u016f, kter\u00e9 spl\u0148uj\u00ed pot\u0159eby profesion\u00e1l\u016f v oboru. Ka\u017ed\u00fd model m\u00e1 jedine\u010dn\u00e9 vlastnosti, kter\u00e9 nab\u00edzej\u00ed \u0159e\u0161en\u00ed \u0161it\u00e9 na m\u00edru ka\u017ed\u00e9 aplikaci. Proto je d\u016fle\u017eit\u00e9 pe\u010dliv\u011b zv\u00e1\u017eit ka\u017edou mo\u017enost p\u0159ed kone\u010dn\u00fdm v\u00fdb\u011brem pracovn\u00ed plochy.  <\/p>\n\n<p><\/p>\n\n<h2 class=\"wp-block-heading\">Co je to sac\u00ed st\u016fl?<\/h2>\n\n<p>Vakuov\u00fd st\u016fl je kl\u00ed\u010dov\u00fdm za\u0159\u00edzen\u00edm pro udr\u017eov\u00e1n\u00ed \u010dist\u00e9ho a bezpe\u010dn\u00e9ho pracovn\u00edho prost\u0159ed\u00ed v r\u016fzn\u00fdch pr\u016fmyslov\u00fdch odv\u011btv\u00edch. Tyto stoly jsou speci\u00e1ln\u011b navr\u017eeny tak, aby \u00fa\u010dinn\u011b zachycovaly <strong>zne\u010di\u0161\u0165uj\u00edc\u00ed l\u00e1tky, jako je prach<\/strong>, v\u00fdpary, chemick\u00e9 v\u00fdpary a dal\u0161\u00ed \u0161kodliv\u00e9 \u010d\u00e1stice, v m\u00edst\u011b emis\u00ed, tj. tam, kde zne\u010di\u0161\u0165uj\u00edc\u00ed l\u00e1tky vznikaj\u00ed b\u011bhem v\u00fdrobn\u00edch proces\u016f. <\/p>\n\n<p><strong><mark style=\"background-color:rgba(0, 0, 0, 0)\" class=\"has-inline-color has-global-color-8-color\">Pou\u017eit\u00ed v r\u016fzn\u00fdch pr\u016fmyslov\u00fdch odv\u011btv\u00edch<\/mark><\/strong> Nap\u0159\u00edklad v kovozpracuj\u00edc\u00edm pr\u016fmyslu jsou ods\u00e1vac\u00ed stoly nepostradateln\u00e9 p\u0159i sva\u0159ov\u00e1n\u00ed, kde zachycuj\u00ed <strong>toxick\u00e9 kovov\u00e9 v\u00fdpary<\/strong>. V chemick\u00e9m pr\u016fmyslu se pou\u017e\u00edvaj\u00ed k \u0159\u00edzen\u00ed emis\u00ed nebezpe\u010dn\u00fdch par p\u0159i manipulaci s rozpou\u0161t\u011bdly nebo t\u011bkav\u00fdmi chemik\u00e1liemi. Pou\u017e\u00edvaj\u00ed je tak\u00e9 v\u00fdrobci elektronick\u00fdch sou\u010d\u00e1stek, aby zabr\u00e1nili zne\u010di\u0161t\u011bn\u00ed sou\u010d\u00e1stek jemn\u00fdmi \u010d\u00e1sticemi.  <\/p>\n\n<p><strong><mark style=\"background-color:rgba(0, 0, 0, 0)\" class=\"has-inline-color has-global-color-8-color\">Pokro\u010dil\u00fd provoz<\/mark><\/strong> Stoly jsou vybaveny m\u0159\u00ed\u017ekami nebo perforovan\u00fdmi povrchy, kter\u00e9 nas\u00e1vaj\u00ed \u0161kodliviny p\u0159\u00edmo u jejich zdroje. Pod t\u011bmito plochami zpracov\u00e1v\u00e1 nas\u00e1van\u00fd vzduch slo\u017eit\u00fd syst\u00e9m slo\u017een\u00fd z ventil\u00e1tor\u016f a filtr\u016f. <strong>Filtra\u010dn\u00ed technologie<\/strong> se mohou li\u0161it, ale \u010dasto zahrnuj\u00ed HEPA filtry pro jemn\u00e9 \u010d\u00e1stice a filtry s aktivn\u00edm uhl\u00edm pro plyny a p\u00e1ry.  <\/p>\n\n<p><strong><mark style=\"background-color:rgba(0, 0, 0, 0)\" class=\"has-inline-color has-global-color-8-color\">Modul\u00e1rn\u00ed konstrukce a materi\u00e1ly<\/mark><\/strong> Tyto stoly jsou zpravidla vyrobeny z <strong>robustn\u00edch materi\u00e1l\u016f, jako je pozinkovan\u00e1 ocel,<\/strong> a jsou navr\u017eeny tak, aby vydr\u017eely intenzivn\u00ed pou\u017e\u00edv\u00e1n\u00ed v n\u00e1ro\u010dn\u00fdch pr\u016fmyslov\u00fdch podm\u00ednk\u00e1ch. Jejich velikost a funk\u010dnost lze p\u0159izp\u016fsobit, v\u010detn\u011b dopl\u0148k\u016f, jako je antistatick\u00e1 ochrana pro citliv\u00e1 prost\u0159ed\u00ed nebo <strong>nastaviteln\u00fd syst\u00e9m ods\u00e1v\u00e1n\u00ed vzduchu, kter\u00fd<\/strong> vyhovuje r\u016fzn\u00fdm pot\u0159eb\u00e1m vzduchotechniky. <\/p>\n\n<p><strong><mark style=\"background-color:rgba(0, 0, 0, 0)\" class=\"has-inline-color has-global-color-8-color\">V\u00fdhody v oblasti dodr\u017eov\u00e1n\u00ed p\u0159edpis\u016f a bezpe\u010dnosti<\/mark><\/strong> Pou\u017e\u00edv\u00e1n\u00ed ods\u00e1vac\u00edch stol\u016f pom\u00e1h\u00e1 spole\u010dnostem dodr\u017eovat p\u0159\u00edsn\u00e9 p\u0159edpisy o kvalit\u011b ovzdu\u0161\u00ed a bezpe\u010dnosti pr\u00e1ce. V\u00fdznamn\u011b p\u0159isp\u00edvaj\u00ed ke sn\u00ed\u017een\u00ed expozice pracovn\u00edk\u016f potenci\u00e1ln\u011b nebezpe\u010dn\u00fdm l\u00e1tk\u00e1m a minimalizuj\u00ed<strong> riziko vzniku nemoc\u00ed z povol\u00e1n\u00ed.<\/strong> <\/p>\n\n<p>Tyto stoly jsou proto nezbytn\u00e9 nejen pro ochranu zdrav\u00ed obsluhy, ale tak\u00e9 pro zachov\u00e1n\u00ed \u010distoty hotov\u00fdch v\u00fdrobk\u016f, proto\u017ee zabra\u0148uj\u00ed k\u0159\u00ed\u017eov\u00e9 kontaminaci v<strong> prost\u0159ed\u00ed, jako jsou laborato\u0159e<\/strong> a v\u00fdrobn\u00ed d\u00edlny.<\/p>\n\n<h2 class=\"wp-block-heading\">Jak funguj\u00ed sac\u00ed stoly?<\/h2>\n\n<p>Provoz vakuov\u00fdch stol\u016f je kl\u00ed\u010dov\u00fdm procesem pro zaji\u0161t\u011bn\u00ed \u010dist\u00e9ho a bezpe\u010dn\u00e9ho pracovn\u00edho prost\u0159ed\u00ed v <strong>mnoha pr\u016fmyslov\u00fdch odv\u011btv\u00edch<\/strong>. Zde je podrobn\u00e9 vysv\u011btlen\u00ed jejich fungov\u00e1n\u00ed. <\/p>\n\n<h3 class=\"wp-block-heading\">Zachycov\u00e1n\u00ed zne\u010di\u0161\u0165uj\u00edc\u00edch l\u00e1tek :<\/h3>\n\n<ul class=\"wp-block-list\">\n<li><strong>Strategick\u00e9 um\u00edst\u011bn\u00ed otvor\u016f<\/strong>: Vakuov\u00e9 stoly jsou vybaveny perforovan\u00fdmi pracovn\u00edmi plochami nebo integrovan\u00fdmi m\u0159\u00ed\u017ekami, kde se zachycuje zne\u010di\u0161t\u011bn\u00fd vzduch. Tyto otvory jsou pe\u010dliv\u011b um\u00edst\u011bny tak, aby zachytily \u010d\u00e1stice, v\u00fdpary a p\u00e1ry, jakmile se uvoln\u00ed p\u0159i prob\u00edhaj\u00edc\u00edch procesech. <\/li>\n\n\n\n<li><strong>\u00da\u010dinnost zachycen\u00ed<\/strong>: \u00da\u010dinnost tohoto zachycen\u00ed z\u00e1vis\u00ed na konstrukci tabulky, kter\u00e1 mus\u00ed sladit z\u00f3ny zachycen\u00ed s m\u00edsty, kde se zne\u010di\u0161\u0165uj\u00edc\u00ed l\u00e1tky nej\u010dast\u011bji uvol\u0148uj\u00ed.<\/li>\n<\/ul>\n\n<h3 class=\"wp-block-heading\">Filtra\u010dn\u00ed syst\u00e9m :<\/h3>\n\n<div class=\"wp-block-columns is-layout-flex wp-container-core-columns-is-layout-28f84493 wp-block-columns-is-layout-flex\">\n<div class=\"wp-block-column is-layout-flow wp-block-column-is-layout-flow\" style=\"flex-basis:66.66%\">\n<ul class=\"wp-block-list\">\n<li><strong>Typy pou\u017e\u00edvan\u00fdch filtr\u016f<\/strong>: Sac\u00ed stoly pou\u017e\u00edvaj\u00ed kombinaci mechanick\u00fdch filtr\u016f k zachycen\u00ed pevn\u00fdch \u010d\u00e1stic a filtr\u016f s aktivn\u00edm uhl\u00edm nebo jin\u00fdch filtra\u010dn\u00edch m\u00e9di\u00ed k adsorpci chemick\u00fdch v\u00fdpar\u016f a pach\u016f.<\/li>\n\n\n\n<li><strong>Filtra\u010dn\u00ed proces<\/strong>: Nas\u00e1van\u00fd vzduch proch\u00e1z\u00ed t\u011bmito filtry, kde jsou odstran\u011bny \u0161kodliv\u00e9 \u010d\u00e1stice a plyny. Tento proces m\u00e1 z\u00e1sadn\u00ed v\u00fdznam pro ochranu zdrav\u00ed obsluhy a dodr\u017eov\u00e1n\u00ed p\u0159edpis\u016f o ochran\u011b \u017eivotn\u00edho prost\u0159ed\u00ed. <\/li>\n<\/ul>\n<\/div>\n\n\n\n<div class=\"wp-block-column is-layout-flow wp-block-column-is-layout-flow\" style=\"flex-basis:33.33%\">\n<figure class=\"wp-block-image aligncenter size-large is-resized\"><img decoding=\"async\" width=\"1024\" height=\"1024\" src=\"https:\/\/obera.fr\/wp-content\/uploads\/2025\/05\/design-sans-titre-3-1024x1024.png\" alt=\"design bez n&#xE1;zvu (3)\" class=\"wp-image-101664\" style=\"width:165px;height:auto\" srcset=\"https:\/\/obera.fr\/wp-content\/uploads\/2025\/05\/design-sans-titre-3-1024x1024.png 1024w, https:\/\/obera.fr\/wp-content\/uploads\/2025\/05\/design-sans-titre-3-300x300.png 300w, https:\/\/obera.fr\/wp-content\/uploads\/2025\/05\/design-sans-titre-3-150x150.png 150w, https:\/\/obera.fr\/wp-content\/uploads\/2025\/05\/design-sans-titre-3-768x768.png 768w, https:\/\/obera.fr\/wp-content\/uploads\/2025\/05\/design-sans-titre-3.png 1200w\" sizes=\"(max-width: 1024px) 100vw, 1024px\" \/><\/figure>\n<\/div>\n<\/div>\n\n<h3 class=\"wp-block-heading\">Odvod vy\u010di\u0161t\u011bn\u00e9ho vzduchu :<\/h3>\n\n<ul class=\"wp-block-list\">\n<li><strong>Recirkulace nebo ods\u00e1v\u00e1n\u00ed<\/strong>: Po vy\u010di\u0161t\u011bn\u00ed m\u016f\u017ee b\u00fdt vzduch bu\u010f recirkulov\u00e1n v d\u00edln\u011b, co\u017e je b\u011b\u017en\u00e9 v prost\u0159ed\u00ed, kde se kontroluje teplota a kvalita vzduchu, nebo ods\u00e1v\u00e1n ven, zejm\u00e9na v p\u0159\u00edpadech, kdy jsou zne\u010di\u0161\u0165uj\u00edc\u00ed l\u00e1tky p\u0159\u00edli\u0161 nebezpe\u010dn\u00e9 na to, aby mohly b\u00fdt jednodu\u0161e filtrov\u00e1ny a recirkulov\u00e1ny.<\/li>\n\n\n\n<li><strong>V\u00fdfukov\u00e9 syst\u00e9my<\/strong>: V\u00fdfukov\u00e9 syst\u00e9my jsou navr\u017eeny tak, aby minimalizovaly energetick\u00e9 ztr\u00e1ty a z\u00e1rove\u0148 zajistily spln\u011bn\u00ed ekologick\u00fdch norem pro emise zne\u010di\u0161\u0165uj\u00edc\u00edch l\u00e1tek.<\/li>\n<\/ul>\n\n<h2 class=\"wp-block-heading\">R\u016fzn\u00e9 typy sac\u00edch stol\u016f<\/h2>\n\n<p>Sac\u00ed stoly se dod\u00e1vaj\u00ed v \u0159ad\u011b verz\u00ed p\u0159izp\u016fsoben\u00fdch specifick\u00fdm pot\u0159eb\u00e1m r\u016fzn\u00fdch pr\u016fmyslov\u00fdch prost\u0159ed\u00ed a ka\u017ed\u00e1 z nich <strong>nab\u00edz\u00ed jedine\u010dn\u00e9 funkce<\/strong> pro optimalizaci bezpe\u010dnosti a efektivity provozu.<\/p>\n\n<h3 class=\"wp-block-heading\">Pr\u016fmyslov\u00fd vakuov\u00fd st\u016fl<\/h3>\n\n<p>Tento st\u016fl je navr\u017een pro n\u00e1ro\u010dn\u00e9 aplikace, jako je sva\u0159ov\u00e1n\u00ed, brou\u0161en\u00ed nebo brou\u0161en\u00ed, je mimo\u0159\u00e1dn\u011b robustn\u00ed a<strong> dostate\u010dn\u011b velk\u00fd, aby se na n\u011bj ve\u0161ly objemn\u00e9 obrobky<\/strong>. Tyto stoly jsou \u010dasto vybaveny v\u00fdkonn\u00fdmi ventila\u010dn\u00edmi syst\u00e9my, kter\u00e9 \u00fa\u010dinn\u011b zvl\u00e1daj\u00ed velk\u00e9 objemy \u0161kodlivin. <\/p>\n\n<h3 class=\"wp-block-heading\">360\u00b0 oto\u010dn\u00fd sac\u00ed st\u016fl<\/h3>\n\n<p>Tento st\u016fl je vhodn\u00fd zejm\u00e9na pro pr\u00e1ce vy\u017eaduj\u00edc\u00ed \u00faplnou p\u0159\u00edstupnost kolem obrobku. <strong>Mo\u017enost<\/strong> pln\u00e9ho <strong>ot\u00e1\u010den\u00ed<\/strong> stolu zvy\u0161uje flexibilitu a usnad\u0148uje manipulaci s materi\u00e1lem, co\u017e v\u00fdrazn\u011b zvy\u0161uje efektivitu pr\u00e1ce, zejm\u00e9na p\u0159i slo\u017eit\u00fdch nebo choulostiv\u00fdch \u00fakonech. <\/p>\n\n<h3 class=\"wp-block-heading\">Mobiln\u00ed sac\u00ed st\u016fl<\/h3>\n\n<p>Mobiln\u00ed vakuov\u00fd st\u016fl je ide\u00e1ln\u00ed pro d\u00edlny, kde se pravideln\u011b m\u011bn\u00ed <strong>pracovn\u00ed konfigurace <\/strong>, a je navr\u017een tak, aby se dal snadno p\u0159emis\u0165ovat. D\u00edky t\u00e9to mobilit\u011b jej lze rychle p\u0159izp\u016fsobit r\u016fzn\u00fdm pracovn\u00edm m\u00edst\u016fm nebo zm\u011bnit jeho polohu, aby se usnadnilo \u010di\u0161t\u011bn\u00ed a \u00fadr\u017eba. <\/p>\n\n<p>Ka\u017ed\u00fd typ sac\u00edho stolu je navr\u017een tak, aby vyhovoval <strong>specifick\u00fdm po\u017eadavk\u016fm v pr\u016fmyslov\u00e9m prost\u0159ed\u00ed<\/strong> a aby byly zohledn\u011bny v\u0161echny aspekty bezpe\u010dnosti a \u00fa\u010dinnosti. Tato za\u0159\u00edzen\u00ed jsou nezbytn\u00e1 pro udr\u017een\u00ed \u010dist\u00e9ho a bezpe\u010dn\u00e9ho pracovn\u00edho prost\u0159ed\u00ed, minimalizaci expozice pracovn\u00edk\u016f \u0161kodliv\u00fdm l\u00e1tk\u00e1m a zlep\u0161en\u00ed celkov\u00e9 kvality ovzdu\u0161\u00ed ve v\u00fdrobn\u00edch provozech. <\/p>\n\n<h2 class=\"wp-block-heading\">Jak vybrat ods\u00e1vac\u00ed st\u016fl<\/h2>\n\n<p>P\u0159i v\u00fdb\u011bru vakuov\u00e9ho stolu je t\u0159eba vz\u00edt v \u00favahu \u0159adu faktor\u016f, kter\u00e9 zajist\u00ed, \u017ee za\u0159\u00edzen\u00ed bude \u00fa\u010dinn\u011b spl\u0148ovat <strong>specifick\u00e9 pot\u0159eby va\u0161eho pracovn\u00edho prost\u0159ed\u00ed<\/strong>. Zde je n\u011bkolik podrobn\u00fdch prvk\u016f, kter\u00e9 v\u00e1m pomohou p\u0159i v\u00fdb\u011bru: <\/p>\n\n<h3 class=\"wp-block-heading\">Posouzen\u00ed specifick\u00fdch pot\u0159eb<\/h3>\n\n<div class=\"wp-block-columns is-layout-flex wp-container-core-columns-is-layout-28f84493 wp-block-columns-is-layout-flex\">\n<div class=\"wp-block-column is-layout-flow wp-block-column-is-layout-flow\" style=\"flex-basis:66.66%\">\n<p>V\u00fdb\u011br<strong> vakuov\u00e9ho stolu <\/strong>by m\u011bl za\u010d\u00edt pe\u010dlivou anal\u00fdzou \u0161kodlivin p\u0159\u00edtomn\u00fdch ve va\u0161em pracovn\u00edm prost\u0159ed\u00ed. Zjist\u011bte, zda se jedn\u00e1 p\u0159edev\u0161\u00edm o prach, v\u00fdpary, chemick\u00e9 v\u00fdpary nebo jemn\u00e9 \u010d\u00e1stice. <\/p>\n\n\n\n<ul class=\"wp-block-list\">\n<li><strong>Povaha zne\u010di\u0161\u0165uj\u00edc\u00edch l\u00e1tek<\/strong>: Ka\u017ed\u00fd typ zne\u010di\u0161\u0165uj\u00edc\u00ed l\u00e1tky m\u016f\u017ee vy\u017eadovat specifick\u00fd filtra\u010dn\u00ed syst\u00e9m, nap\u0159\u00edklad HEPA filtry pro velmi jemn\u00e9 \u010d\u00e1stice nebo filtry s aktivn\u00edm uhl\u00edm pro chemick\u00e9 v\u00fdpary.<\/li>\n\n\n\n<li><strong>Intenzita expozice<\/strong>: Posu\u010fte \u010detnost a mno\u017estv\u00ed emis\u00ed, abyste ur\u010dili pot\u0159ebn\u00fd sac\u00ed v\u00fdkon. Vy\u0161\u0161\u00ed expozice bude vy\u017eadovat robustn\u011bj\u0161\u00ed a \u00fa\u010dinn\u011bj\u0161\u00ed \u0159e\u0161en\u00ed. <\/li>\n<\/ul>\n<\/div>\n\n\n\n<div class=\"wp-block-column is-layout-flow wp-block-column-is-layout-flow\" style=\"flex-basis:33.33%\">\n<figure class=\"wp-block-image aligncenter size-large is-resized\"><img decoding=\"async\" width=\"1024\" height=\"1024\" src=\"https:\/\/obera.fr\/wp-content\/uploads\/2025\/03\/conseil-raf-1024x1024.png\" alt=\"V&#xFD;b&#x11B;r\" class=\"wp-image-77456\" style=\"width:189px;height:auto\" srcset=\"https:\/\/obera.fr\/wp-content\/uploads\/2025\/03\/conseil-raf-1024x1024.png 1024w, https:\/\/obera.fr\/wp-content\/uploads\/2025\/03\/conseil-raf-300x300.png 300w, https:\/\/obera.fr\/wp-content\/uploads\/2025\/03\/conseil-raf-150x150.png 150w, https:\/\/obera.fr\/wp-content\/uploads\/2025\/03\/conseil-raf-768x768.png 768w, https:\/\/obera.fr\/wp-content\/uploads\/2025\/03\/conseil-raf.png 1200w\" sizes=\"(max-width: 1024px) 100vw, 1024px\" \/><\/figure>\n<\/div>\n<\/div>\n\n<h3 class=\"wp-block-heading\">Velikost a pracovn\u00ed prostor<\/h3>\n\n<p><strong> Velikost ods\u00e1vac\u00edho stolu<\/strong> by m\u011bla odpov\u00eddat jak prostoru, kter\u00fd m\u00e1te v d\u00edln\u011b k dispozici, tak velikosti d\u00edl\u016f, s nimi\u017e manipulujete.<\/p>\n\n<ul class=\"wp-block-list\">\n<li><strong>P\u0159izp\u016fsoben\u00ed prostoru<\/strong>: Zm\u011b\u0159te prostor, kde bude st\u016fl instalov\u00e1n, abyste zajistili, \u017ee se do n\u011bj vejde, ani\u017e by p\u0159ek\u00e1\u017eel komunika\u010dn\u00edm cest\u00e1m nebo p\u0159\u00edstupu k jin\u00e9mu vybaven\u00ed.<\/li>\n\n\n\n<li><strong>Velikost obrobk\u016f<\/strong>: Zvolte dostate\u010dn\u011b velk\u00fd st\u016fl, aby unesl zpracov\u00e1van\u00e9 obrobky, ale ne p\u0159\u00edli\u0161 objemn\u00fd, aby nedo\u0161lo k neefektivn\u00edmu vyu\u017eit\u00ed pracovn\u00edho prostoru.<\/li>\n<\/ul>\n\n<h3 class=\"wp-block-heading\">Dal\u0161\u00ed funkce<\/h3>\n\n<p><strong>Dal\u0161\u00ed funkce<\/strong> mohou v\u00fdrazn\u011b zlep\u0161it efektivitu a snadnost pou\u017e\u00edv\u00e1n\u00ed vakuov\u00e9ho stolu.<\/p>\n\n<ul class=\"wp-block-list\">\n<li><strong>Ergonomick\u00e1 nastaven\u00ed<\/strong>: Hledejte mo\u017enosti, jako je nastaviteln\u00e1 v\u00fd\u0161ka, kter\u00e1 vyhovuje r\u016fzn\u00fdm u\u017eivatel\u016fm a zabra\u0148uje \u00fanav\u011b p\u0159i del\u0161\u00ed pr\u00e1ci.<\/li>\n\n\n\n<li><strong>Integrovan\u00e9 p\u0159\u00edslu\u0161enstv\u00ed<\/strong>: Zva\u017ete dopl\u0148ky, jako je integrovan\u00e9 osv\u011btlen\u00ed, stojany na n\u00e1\u0159ad\u00ed nebo konektory pro dal\u0161\u00ed vybaven\u00ed, kter\u00e9 mohou zv\u00fd\u0161it bezpe\u010dnost a pohodl\u00ed p\u0159i pr\u00e1ci.<\/li>\n<\/ul>\n\n<h3 class=\"wp-block-heading\">Bezpe\u010dnostn\u00ed normy<\/h3>\n\n<div class=\"wp-block-columns is-layout-flex wp-container-core-columns-is-layout-28f84493 wp-block-columns-is-layout-flex\">\n<div class=\"wp-block-column is-layout-flow wp-block-column-is-layout-flow\" style=\"flex-basis:66.66%\">\n<p>Je nezbytn\u00e9, aby<strong> ods\u00e1vac\u00ed st\u016fl spl\u0148oval normy bezpe\u010dnosti<\/strong> a ochrany zdrav\u00ed p\u0159i pr\u00e1ci platn\u00e9 ve va\u0161em regionu a odv\u011btv\u00ed \u010dinnosti.<\/p>\n\n\n\n<ul class=\"wp-block-list\">\n<li><strong>Shoda s p\u0159edpisy<\/strong>: Zkontrolujte, zda st\u016fl spl\u0148uje m\u00edstn\u00ed a mezin\u00e1rodn\u00ed normy, nap\u0159\u00edklad evropskou certifikaci CE, kter\u00e1 zaru\u010duje bezpe\u010dn\u00e9 pou\u017e\u00edv\u00e1n\u00ed.<\/li>\n\n\n\n<li><strong>Specifick\u00e9 certifikace<\/strong>: Ujist\u011bte se, \u017ee st\u016fl byl testov\u00e1n a schv\u00e1len pro konkr\u00e9tn\u00ed typ pr\u00e1ce, kterou prov\u00e1d\u00edte, co\u017e zaru\u010duje nejen bezpe\u010dnost, ale tak\u00e9 \u00fa\u010dinn\u00e9 ods\u00e1v\u00e1n\u00ed \u0161kodlivin specifick\u00fdch pro va\u0161i \u010dinnost.<\/li>\n<\/ul>\n<\/div>\n\n\n\n<div class=\"wp-block-column is-layout-flow wp-block-column-is-layout-flow\" style=\"flex-basis:33.33%\">\n<figure class=\"wp-block-image aligncenter size-large is-resized\"><img decoding=\"async\" width=\"1024\" height=\"1024\" src=\"https:\/\/obera.fr\/wp-content\/uploads\/2025\/03\/2-1024x1024.png\" alt=\"Bezpe&#x10D;nostn&#xED; normy\" class=\"wp-image-77618\" style=\"width:196px;height:auto\" srcset=\"https:\/\/obera.fr\/wp-content\/uploads\/2025\/03\/2-1024x1024.png 1024w, https:\/\/obera.fr\/wp-content\/uploads\/2025\/03\/2-300x300.png 300w, https:\/\/obera.fr\/wp-content\/uploads\/2025\/03\/2-150x150.png 150w, https:\/\/obera.fr\/wp-content\/uploads\/2025\/03\/2-768x768.png 768w, https:\/\/obera.fr\/wp-content\/uploads\/2025\/03\/2.png 1200w\" sizes=\"(max-width: 1024px) 100vw, 1024px\" \/><\/figure>\n<\/div>\n<\/div>\n\n<p>S p\u0159ihl\u00e9dnut\u00edm k t\u011bmto krit\u00e9ri\u00edm si m\u016f\u017eete vybrat vakuov\u00fd st\u016fl, kter\u00fd nejen zlep\u0161\u00ed<strong> kvalitu vzduchu ve va\u0161\u00ed d\u00edln\u011b<\/strong>, ale je tak\u00e9 udr\u017eitelnou investic\u00ed, kter\u00e1 p\u0159isp\u00edv\u00e1 ke zdrav\u00ed a produktivit\u011b va\u0161eho pracovn\u00edho prost\u0159ed\u00ed.<\/p>\n","protected":false},"excerpt":{"rendered":"<p>P\u0159i pr\u00e1ci s d\u00edly nebo materi\u00e1ly je d\u016fle\u017eit\u00e1 \u010dist\u00e1 a bezpe\u010dn\u00e1 pracovn\u00ed plocha. Vakuov\u00e9 stoly jsou obl\u00edbenou volbou profesion\u00e1l\u016f v oboru a nab\u00edzej\u00ed kvalitn\u00ed \u0159e\u0161en\u00ed pro odstra\u0148ov\u00e1n\u00ed ne\u010distot a prachu. Zde najdete n\u011bkolik model\u016f vakuov\u00fdch stol\u016f, z nich\u017e ka\u017ed\u00fd m\u00e1 sv\u00e9 specifick\u00e9 vlastnosti. Na\u0161e \u0159ada p\u0159ipojiteln\u00fdch sac\u00edch stol\u016f Pr\u016fmyslov\u00fd vakuov\u00fd st\u016fl A &amp; AT Na\u0161e pr\u016fmyslov\u00e9 ods\u00e1vac\u00ed stoly jsou navr\u017eeny tak, aby zvl\u00e1daly prach z brou\u0161en\u00ed a brou\u0161en\u00ed, sv\u00e1\u0159e\u010dsk\u00e9 v\u00fdpary, p\u00e1ry, rozpou\u0161t\u011bdla a t\u011bkav\u00e9 organick\u00e9 l\u00e1tky vznikaj\u00edc\u00ed p\u0159i lepen\u00ed nebo lakov\u00e1n\u00ed obrobk\u016f. Na\u0161e ods\u00e1vac\u00ed stoly jsou skute\u010dn\u00fdmi pracovi\u0161ti nab\u00edzej\u00edc\u00edmi zdrav\u00fd vzduch pro obsluhu. 360\u00b0 oto\u010dn\u00fd vakuov\u00fd st\u016fl 360\u00b0 oto\u010dn\u00fd sac\u00ed &#8230; <\/p>\n<p class=\"read-more-container\"><a title=\"Sac\u00ed stoly\" class=\"read-more button\" href=\"https:\/\/obera.fr\/cs\/produits\/tables-aspirantes\/#more-44543\" aria-label=\"\u010c\u00edst v\u00edce o Sac\u00ed stoly\">Lire la suite<\/a><\/p>\n","protected":false},"author":4,"featured_media":83734,"parent":38112,"menu_order":0,"comment_status":"closed","ping_status":"closed","template":"","meta":{"_acf_changed":false,"_seopress_robots_primary_cat":"","_seopress_titles_title":"\u0158ada pr\u016fmyslov\u00fdch ods\u00e1vac\u00edch stol\u016f - oberA","_seopress_titles_desc":"Na\u0161e vakuov\u00e9 stoly jsou zdrav\u00e9 pracovn\u00ed stanice, kter\u00e9 jsou neust\u00e1le vys\u00e1v\u00e1ny pomoc\u00ed ods\u00e1va\u010de \u0161kodlivin, aby byla chr\u00e1n\u011bna obsluha.","_seopress_robots_index":"","footnotes":""},"class_list":{"0":"post-44543","1":"page","2":"type-page","3":"status-publish","4":"has-post-thumbnail","6":"no-featured-image-padding","7":"resize-featured-image"},"acf":[],"_links":{"self":[{"href":"https:\/\/obera.fr\/cs\/wp-json\/wp\/v2\/pages\/44543","targetHints":{"allow":["GET"]}}],"collection":[{"href":"https:\/\/obera.fr\/cs\/wp-json\/wp\/v2\/pages"}],"about":[{"href":"https:\/\/obera.fr\/cs\/wp-json\/wp\/v2\/types\/page"}],"author":[{"embeddable":true,"href":"https:\/\/obera.fr\/cs\/wp-json\/wp\/v2\/users\/4"}],"replies":[{"embeddable":true,"href":"https:\/\/obera.fr\/cs\/wp-json\/wp\/v2\/comments?post=44543"}],"version-history":[{"count":19,"href":"https:\/\/obera.fr\/cs\/wp-json\/wp\/v2\/pages\/44543\/revisions"}],"predecessor-version":[{"id":118461,"href":"https:\/\/obera.fr\/cs\/wp-json\/wp\/v2\/pages\/44543\/revisions\/118461"}],"up":[{"embeddable":true,"href":"https:\/\/obera.fr\/cs\/wp-json\/wp\/v2\/pages\/38112"}],"wp:featuredmedia":[{"embeddable":true,"href":"https:\/\/obera.fr\/cs\/wp-json\/wp\/v2\/media\/83734"}],"wp:attachment":[{"href":"https:\/\/obera.fr\/cs\/wp-json\/wp\/v2\/media?parent=44543"}],"curies":[{"name":"wp","href":"https:\/\/api.w.org\/{rel}","templated":true}]}}