{"id":44583,"date":"2020-05-01T17:18:19","date_gmt":"2020-05-01T15:18:19","guid":{"rendered":"https:\/\/obera.fr\/nase-produkty\/uprava-tekavych-organickych-latek-a-zapachu\/"},"modified":"2025-04-22T09:35:01","modified_gmt":"2025-04-22T07:35:01","slug":"traitement-cov","status":"publish","type":"page","link":"https:\/\/obera.fr\/cs\/produits\/traitement-cov\/","title":{"rendered":"\u00daprava t\u011bkav\u00fdch organick\u00fdch l\u00e1tek a z\u00e1pachu"},"content":{"rendered":"\n<p>Na\u0161e <strong>pr\u016fmyslov\u00e9 likvid\u00e1tory t\u011bkav\u00fdch organick\u00fdch l\u00e1tek a z\u00e1pachu<\/strong> p\u0159edstavuj\u00ed \u0159adu za\u0159\u00edzen\u00ed speci\u00e1ln\u011b navr\u017een\u00fdch pro <strong>zpracov\u00e1n\u00ed plynn\u00fdch zne\u010di\u0161\u0165uj\u00edc\u00edch l\u00e1tek,<\/strong> jako jsou t\u011bkav\u00e9 organick\u00e9 slou\u010deniny (VOC), z\u00e1pachy, v\u00fdpary a r\u016fzn\u00e9 chemick\u00e9 slou\u010deniny. Na\u0161e za\u0159\u00edzen\u00ed jsou vhodn\u00e1 pro v\u0161echny typy pr\u016fmyslu. D\u00edky molekul\u00e1rn\u00ed filtraci pomoc\u00ed aktivn\u00edho uhl\u00ed jsou zne\u010di\u0161\u0165uj\u00edc\u00ed l\u00e1tky filtrov\u00e1ny a zachycov\u00e1ny adsorpc\u00ed.  <\/p>\n\n<p>Z pr\u016fmyslov\u00fdch proces\u016f a v\u00fdrobk\u016f pou\u017e\u00edvan\u00fdch na pracovi\u0161ti se uvol\u0148uj\u00ed plynn\u00e9 zne\u010di\u0161\u0165uj\u00edc\u00ed l\u00e1tky b\u011b\u017en\u011b zn\u00e1m\u00e9 jako t\u011bkav\u00e9 organick\u00e9 l\u00e1tky. Tyto zne\u010di\u0161\u0165uj\u00edc\u00ed l\u00e1tky jsou obecn\u011b slou\u010deniny odvozen\u00e9 od uhlovod\u00edk\u016f, rozpou\u0161t\u011bdel, slou\u010denin s\u00edry atd. <\/p>\n\n<p>Pokud je to mo\u017en\u00e9, m\u011bly by b\u00fdt t\u011bkav\u00e9 organick\u00e9 l\u00e1tky (VOC) <strong>ods\u00e1v\u00e1ny<\/strong>, <strong>zpracov\u00e1v\u00e1ny<\/strong> a n\u00e1sledn\u011b <strong>vypou\u0161t\u011bny ven<\/strong>.<\/p>\n\n<p>V mnoha p\u0159\u00edpadech to nen\u00ed mo\u017en\u00e9 a mobiln\u00ed syst\u00e9m zachycov\u00e1n\u00ed zdroj\u016f nebo syst\u00e9m \u00fapravy okoln\u00edho prost\u0159ed\u00ed v bl\u00edzkosti pracovi\u0161t\u011b m\u016f\u017ee v\u00fdrazn\u011b sn\u00ed\u017eit expozici obsluhy.<\/p>\n\n\n<h2 class=\"wp-block-heading\">Na\u0161e \u0159ada pr\u016fmyslov\u00fdch elimin\u00e1tor\u016f z\u00e1pachu a t\u011bkav\u00fdch organick\u00fdch l\u00e1tek<\/h2>\n\n<div class=\"wp-block-columns is-layout-flex wp-container-core-columns-is-layout-28f84493 wp-block-columns-is-layout-flex\">\n<div class=\"wp-block-column is-layout-flow wp-block-column-is-layout-flow\">\n<h3 class=\"wp-block-heading has-text-align-center\"><a href=\"https:\/\/obera.fr\/cs\/produits\/purificateurs-air\/professionnel-epur-ca\/\">EPUR CA: Zpracov\u00e1n\u00ed \u017eivotn\u00edho prost\u0159ed\u00ed<\/a><\/h3>\n\n\n\n<figure class=\"wp-block-image aligncenter size-medium\"><a href=\"https:\/\/obera.fr\/produits\/purificateurs-air\/professionnel-epur-ca\/\"><img decoding=\"async\" width=\"300\" height=\"300\" src=\"https:\/\/obera.fr\/wp-content\/uploads\/2020\/09\/gamme-epur-ca-300x300.jpg\" alt=\"&#x158;ada Epur Ca\" class=\"wp-image-1015\" srcset=\"https:\/\/obera.fr\/wp-content\/uploads\/2020\/09\/gamme-epur-ca-300x300.jpg 300w, https:\/\/obera.fr\/wp-content\/uploads\/2020\/09\/gamme-epur-ca-150x150.jpg 150w, https:\/\/obera.fr\/wp-content\/uploads\/2020\/09\/gamme-epur-ca.jpg 433w\" sizes=\"(max-width: 300px) 100vw, 300px\" \/><\/a><figcaption class=\"wp-element-caption\">ePUR CA<\/figcaption><\/figure>\n\n\n\n<p><a href=\"https:\/\/obera.fr\/cs\/produits\/purificateurs-air\/professionnel-epur-ca\/\" data-type=\"page\" data-id=\"409\">EPUR CA<\/a>, profesion\u00e1ln\u00ed mobiln\u00ed syst\u00e9m \u00fapravy vzduchu, kter\u00fd nevy\u017eaduje \u017e\u00e1dn\u00e9 potrub\u00ed ani mont\u00e1\u017e. Je ur\u010den pro zachycov\u00e1n\u00ed v prost\u0159ed\u00ed a \u010dasto se pou\u017e\u00edv\u00e1 ve spojen\u00ed se zachycov\u00e1n\u00edm u zdroje k ods\u00e1v\u00e1n\u00ed a filtrov\u00e1n\u00ed t\u011bkav\u00fdch organick\u00fdch l\u00e1tek a dal\u0161\u00edch plynn\u00fdch zne\u010di\u0161\u0165uj\u00edc\u00edch l\u00e1tek pomoc\u00ed adsorpce. Typ aktivn\u00edho uhl\u00ed lze zvolit ze \u0161irok\u00e9 nab\u00eddky, a to konkr\u00e9tn\u011b podle zne\u010di\u0161\u0165uj\u00edc\u00ed l\u00e1tky, kter\u00e1 m\u00e1 b\u00fdt upravena, pro dosa\u017een\u00ed optim\u00e1ln\u00ed \u00fa\u010dinnosti.    <\/p>\n\n\n\n<p><a href=\"https:\/\/obera.fr\/cs\/produits\/purificateurs-air\/\" data-type=\"page\" data-id=\"26\">\u010cisti\u010dky vzduchu ePUR CA<\/a> se pou\u017e\u00edvaj\u00ed k \u00faprav\u011b a v\u00fdrazn\u00e9mu sn\u00ed\u017een\u00ed obt\u011b\u017eov\u00e1n\u00ed z\u00e1pachem v dom\u00e1cnosti. Z\u00e1pach je \u00fa\u010dinn\u011b zachycen. <\/p>\n\n\n\n<p><\/p>\n<\/div>\n<\/div>\n\n<div class=\"wp-block-columns is-layout-flex wp-container-core-columns-is-layout-28f84493 wp-block-columns-is-layout-flex\">\n<div class=\"wp-block-column is-layout-flow wp-block-column-is-layout-flow\">\n<h3 class=\"wp-block-heading has-text-align-center\"><a href=\"https:\/\/obera.fr\/cs\/produits\/traitement-cov\/filtre-anti-poussiere-epur010-b-ca\/\">EPUR 10 B CA<\/a><\/h3>\n\n\n\n<figure class=\"wp-block-image aligncenter size-medium\"><a href=\"https:\/\/obera.fr\/produits\/traitement-cov\/filtre-anti-poussiere-epur010-b-ca\/\"><img decoding=\"async\" width=\"300\" height=\"300\" src=\"https:\/\/obera.fr\/wp-content\/uploads\/2020\/09\/ePUR010B-CA-300x300.png\" alt=\"Epur 010 b Ca\" class=\"wp-image-1038\" srcset=\"https:\/\/obera.fr\/wp-content\/uploads\/2020\/09\/ePUR010B-CA-300x300.png 300w, https:\/\/obera.fr\/wp-content\/uploads\/2020\/09\/ePUR010B-CA-150x150.png 150w, https:\/\/obera.fr\/wp-content\/uploads\/2020\/09\/ePUR010B-CA.png 433w\" sizes=\"(max-width: 300px) 100vw, 300px\" \/><\/a><figcaption class=\"wp-element-caption\">ePUR 10 B CA<\/figcaption><\/figure>\n\n\n\n<p><a href=\"https:\/\/obera.fr\/cs\/produits\/traitement-cov\/filtre-anti-poussiere-epur010-b-ca\/\" data-type=\"page\" data-id=\"426\">EPUR 10 B CA<\/a> je <strong>profesion\u00e1ln\u00ed mobiln\u00ed syst\u00e9m pro zachycov\u00e1n\u00ed<\/strong> a <strong>\u010di\u0161t\u011bn\u00ed plynn\u00fdch zne\u010di\u0161\u0165uj\u00edc\u00edch l\u00e1tek, jako jsou v\u00fdpary<\/strong>, <strong>t\u011bkav\u00e9 organick\u00e9 l\u00e1tky<\/strong> a <strong>pachy, pomoc\u00ed filtru s aktivn\u00edm uhl\u00edm<\/strong>&#8230;.  <\/p>\n\n\n\n<p>Toto za\u0159\u00edzen\u00ed nejen zlep\u0161uje kvalitu vzduchu v pracovn\u00edm prostoru, ale tak\u00e9 zaji\u0161\u0165uje dodr\u017eov\u00e1n\u00ed limit\u016f expozice na pracovi\u0161ti<a href=\"https:\/\/obera.fr\/conseils\/reglementation-vlep-evaluation-risque-chimique-lieu-de-travail\/\" data-type=\"post\" data-id=\"6575\">(OEL)<\/a>. Lze jej pou\u017e\u00edt jako za\u0159\u00edzen\u00ed pro zachycov\u00e1n\u00ed zdroj\u016f, pokud je vybaveno ramenem. Kapotu a rameno lze snadno sejmout a ze za\u0159\u00edzen\u00ed se stane \u010disti\u010dka okoln\u00edho vzduchu. Toto za\u0159\u00edzen\u00ed m\u016f\u017ee b\u00fdt vybaveno jedn\u00edm nebo dv\u011bma stupni molekul\u00e1rn\u00ed filtrace (aktivn\u00ed uhl\u00ed nebo jin\u00e9 adsorbenty) a\/nebo jedn\u00edm nebo dv\u011bma p\u0159edb\u011b\u017en\u00fdmi stupni filtrace \u010d\u00e1stic.   <\/p>\n<\/div>\n\n\n\n<div class=\"wp-block-column is-layout-flow wp-block-column-is-layout-flow\">\n<h3 class=\"wp-block-heading has-text-align-center\"><a href=\"https:\/\/obera.fr\/cs\/produits\/traitement-cov\/aspiration-mobile-odeurs-epur-box\/\">EPUR-BOX<\/a><\/h3>\n\n\n\n<figure class=\"wp-block-image aligncenter size-medium is-resized\"><a href=\"https:\/\/obera.fr\/produits\/traitement-cov\/aspiration-mobile-odeurs-epur-box\/\"><img decoding=\"async\" width=\"300\" height=\"300\" src=\"https:\/\/obera.fr\/wp-content\/uploads\/2024\/05\/epurbox-brs-300x300.png\" alt=\"epurbox brs\" class=\"wp-image-30328\" style=\"object-fit:cover\" srcset=\"https:\/\/obera.fr\/wp-content\/uploads\/2024\/05\/epurbox-brs-300x300.png 300w, https:\/\/obera.fr\/wp-content\/uploads\/2024\/05\/epurbox-brs-1024x1024.png 1024w, https:\/\/obera.fr\/wp-content\/uploads\/2024\/05\/epurbox-brs-150x150.png 150w, https:\/\/obera.fr\/wp-content\/uploads\/2024\/05\/epurbox-brs-768x768.png 768w, https:\/\/obera.fr\/wp-content\/uploads\/2024\/05\/epurbox-brs.png 1200w\" sizes=\"(max-width: 300px) 100vw, 300px\" \/><\/a><figcaption class=\"wp-element-caption\">ePURBOX  <\/figcaption><\/figure>\n\n\n\n<p><a href=\"https:\/\/obera.fr\/cs\/produits\/traitement-cov\/aspiration-mobile-odeurs-epur-box\/\" data-type=\"page\" data-id=\"417\">EPUR-BOX<\/a> je <strong>kompaktn\u00ed<\/strong> <strong>mobiln\u00ed odstra\u0148ova\u010d z\u00e1pachu<\/strong> s filtrac\u00ed nasycen\u00edm pro p\u0159\u00edle\u017eitostn\u00e9 sv\u00e1\u0159e\u010dsk\u00e9 pr\u00e1ce. P\u0159edfiltr pro prach a v\u00fdpary a vysoce \u00fa\u010dinn\u00fd hlavn\u00ed filtr s aktivn\u00edm uhl\u00edm p\u0159izp\u016fsobiteln\u00fd zpracov\u00e1van\u00fdm \u0161kodlivin\u00e1m umo\u017e\u0148uj\u00ed, aby byl p\u0159efiltrovan\u00fd vzduch znovu p\u0159iv\u00e1d\u011bn do pracovn\u00edho prostoru p\u0159es t\u0159i strany spodn\u00ed \u010d\u00e1sti jednotky.   <\/p>\n\n\n\n<p>EPUR-BOX je vybaven dvoumetrov\u00fdm <strong>oto\u010dn\u00fdm ramenem<\/strong> pro efektivn\u00ed zachycen\u00ed zdroje. Obvykle se pou\u017e\u00edv\u00e1 v kovopr\u016fmyslu, plastik\u00e1\u0159stv\u00ed a elektronice. <\/p>\n<\/div>\n<\/div>\n\n<div style=\"height:25px\" aria-hidden=\"true\" class=\"wp-block-spacer\"><\/div>\n\n<div class=\"wp-block-columns is-layout-flex wp-container-core-columns-is-layout-28f84493 wp-block-columns-is-layout-flex\">\n<div class=\"wp-block-column is-layout-flow wp-block-column-is-layout-flow\">\n<h3 class=\"wp-block-heading has-text-align-center\"><a href=\"https:\/\/obera.fr\/cs\/produits\/depoussiereurs-industriels\/petits\/aspiration-fumees-soudage-laser-epur-b-ex\/\" data-type=\"page\" data-id=\"480\">EPUR B EX 1000<\/a><\/h3>\n\n\n\n<figure class=\"wp-block-image aligncenter size-medium is-resized\"><a href=\"https:\/\/obera.fr\/produits\/depoussiereurs-industriels\/petits\/aspiration-fumees-soudage-laser-epur-b-ex\/\"><img decoding=\"async\" width=\"300\" height=\"300\" src=\"https:\/\/obera.fr\/wp-content\/uploads\/2022\/02\/ePURBEX-1000-300x300.png\" alt=\"epurbex 1000\" class=\"wp-image-8921\" srcset=\"https:\/\/obera.fr\/wp-content\/uploads\/2022\/02\/ePURBEX-1000-300x300.png 300w, https:\/\/obera.fr\/wp-content\/uploads\/2022\/02\/ePURBEX-1000-150x150.png 150w, https:\/\/obera.fr\/wp-content\/uploads\/2022\/02\/ePURBEX-1000.png 500w\" sizes=\"(max-width: 300px) 100vw, 300px\" \/><\/a><\/figure>\n\n\n\n<p><a href=\"https:\/\/obera.fr\/cs\/produits\/depoussiereurs-industriels\/petits\/aspiration-fumees-soudage-laser-epur-b-ex\/\" data-type=\"page\" data-id=\"480\">Odlu\u010dova\u010d prachu EPUR B Ex<\/a> je <strong>mobiln\u00ed ods\u00e1vac\u00ed jednotka ni\u010d\u00edc\u00ed z\u00e1pach a t\u011bkav\u00e9 organick\u00e9 l\u00e1tky, kter\u00e1 je vybavena filtry s aktivn\u00edm uhl\u00edm<\/strong>.<\/p>\n\n\n\n<p>Je vhodn\u00fd zejm\u00e9na pro<strong>ods\u00e1v\u00e1n\u00ed zap\u00e1chaj\u00edc\u00edch v\u00fdpar\u016f<\/strong> <strong>a t\u011bkav\u00fdch organick\u00fdch l\u00e1tek z<\/strong> proces\u016f, p\u0159i nich\u017e doch\u00e1z\u00ed k rozkladu organick\u00fdch materi\u00e1l\u016f nebo odpa\u0159ov\u00e1n\u00ed kov\u016f (3D tisk, aditivn\u00ed v\u00fdroba, laserov\u00e9 grav\u00edrov\u00e1n\u00ed, p\u00e1jen\u00ed, lepen\u00ed, \u010di\u0161t\u011bn\u00ed rozpou\u0161t\u011bdly atd.).<\/p>\n\n\n\n<p>Toto za\u0159\u00edzen\u00ed m\u00e1 vysok\u00fd podtlak a pou\u017e\u00edv\u00e1 se ke sb\u011bru vzduchu u zdroje pomoc\u00ed jedn\u00e9 nebo dvou sac\u00edch hadic a\/nebo pomoc\u00ed ramene um\u00edst\u011bn\u00e9ho na horn\u00edm krytu za\u0159\u00edzen\u00ed.<\/p>\n\n\n\n<p>M\u016f\u017ee b\u00fdt vybaven 1 nebo 2 stupni molekul\u00e1rn\u00ed filtrace (aktivn\u00ed uhl\u00ed) a\/nebo 1 nebo 2 p\u0159edb\u011b\u017en\u00fdmi stupni filtrace \u010d\u00e1stic. Tich\u00fd a v\u00fdkonn\u00fd, m\u016f\u017eete vys\u00e1vat a\u017e t\u0159i mal\u00e9 pracovn\u00ed stanice nebo mal\u00e9 v\u00fdrobn\u00ed stroje. Tyto vysava\u010de jsou vhodn\u00e9 pro pou\u017eit\u00ed v <a href=\"https:\/\/obera.fr\/cs\/produits\/atex\/\" data-type=\"page\" data-id=\"372\">z\u00f3n\u011b 22 ATEX<\/a>.  <\/p>\n<\/div>\n\n\n\n<div class=\"wp-block-column is-layout-flow wp-block-column-is-layout-flow\">\n<h3 class=\"wp-block-heading has-text-align-center\"><a href=\"https:\/\/obera.fr\/cs\/produits\/traitement-cov\/filtre-atex-mobile-mobfan-4500\/\" data-type=\"page\" data-id=\"9461\">MOBFAN 4500<\/a><\/h3>\n\n\n\n<figure class=\"wp-block-image aligncenter size-medium is-resized\"><a href=\"https:\/\/obera.fr\/produits\/traitement-cov\/filtre-atex-mobile-mobfan-4500\/\"><img decoding=\"async\" width=\"300\" height=\"300\" src=\"https:\/\/obera.fr\/wp-content\/uploads\/2022\/03\/Filtre-mobile-ATEX-MOBFAN4500-300x300.png\" alt=\"mobiln&#xED; filtr atex mobfan4500\" class=\"wp-image-9464\" srcset=\"https:\/\/obera.fr\/wp-content\/uploads\/2022\/03\/Filtre-mobile-ATEX-MOBFAN4500-300x300.png 300w, https:\/\/obera.fr\/wp-content\/uploads\/2022\/03\/Filtre-mobile-ATEX-MOBFAN4500-150x150.png 150w, https:\/\/obera.fr\/wp-content\/uploads\/2022\/03\/Filtre-mobile-ATEX-MOBFAN4500.png 500w\" sizes=\"(max-width: 300px) 100vw, 300px\" \/><\/a><\/figure>\n\n\n\n<p>Inovativn\u00ed <a href=\"https:\/\/obera.fr\/cs\/produits\/traitement-cov\/filtre-atex-mobile-mobfan-4500\/\" data-type=\"page\" data-id=\"9461\">filtr s aktivn\u00edm uhl\u00edm MOBFAN 4500 ATEX <\/a>je speci\u00e1ln\u011b navr\u017een k \u010di\u0161t\u011bn\u00ed pach\u016f, rozpou\u0161t\u011bdel, t\u011bkav\u00fdch organick\u00fdch l\u00e1tek a dal\u0161\u00edch plynn\u00fdch zne\u010di\u0161\u0165uj\u00edc\u00edch l\u00e1tek.  <\/p>\n\n\n\n<p>P\u0159\u00edstroj se dokonale p\u0159izp\u016fsob\u00ed va\u0161im pot\u0159eb\u00e1m, proto\u017ee jej lze p\u0159ipojit k jak\u00e9mukoli sac\u00edmu syst\u00e9mu: sac\u00edmu stolu, sac\u00edmu backsplash, potrub\u00ed, kan\u00e1l\u016fm, sac\u00edmu rameni atd.  <\/p>\n\n\n\n<p>Vzduch je nas\u00e1v\u00e1n ventil\u00e1torem o v\u00fdkonu 4500 m3\/h a vh\u00e1n\u011bn p\u0159\u00edmo p\u0159es 36kg kazetu s aktivn\u00edm uhl\u00edm (18,5 kg).  <\/p>\n\n\n\n<p><strong>MOBFAN 4500 je certifikov\u00e1n pro prachovou z\u00f3nu ATEX 22 a plynovou z\u00f3nu ATEX 2.<\/strong><\/p>\n<\/div>\n<\/div>\n\n<p>Na\u0161e filtry jsou vyrobeny z <strong>granulovan\u00e9ho aktivn\u00edho uhl\u00ed<\/strong>, kter\u00e9 jim zaji\u0161\u0165uje del\u0161\u00ed \u017eivotnost a je leh\u010d\u00ed. Na rozd\u00edl od vl\u00e1ken s aktivn\u00edm uhl\u00edm se tak zvy\u0161uje i jejich \u00fa\u010dinnost. <\/p>\n\n<h2 class=\"wp-block-heading\">Jak vybrat spr\u00e1vn\u00fd syst\u00e9m pro odstran\u011bn\u00ed z\u00e1pachu a t\u011bkav\u00fdch organick\u00fdch l\u00e1tek?<\/h2>\n\n<p>Je velmi d\u016fle\u017eit\u00e9 zvolit spr\u00e1vn\u00fd filtra\u010dn\u00ed syst\u00e9m, jinak se m\u016f\u017ee st\u00e1t, \u017ee spot\u0159ebi\u010d nebude vhodn\u00fd a bude nutn\u00e9 p\u0159\u00edli\u0161 \u010dasto m\u011bnit spot\u0159ebn\u00ed materi\u00e1l, nebo se velmi rychle opot\u0159ebuje a p\u0159estane fungovat.<\/p>\n\n<p>Zde jsou hlavn\u00ed n\u00e1strahy, kter\u00fdm je t\u0159eba se vyhnout:<\/p>\n\n<ul class=\"wp-block-list\">\n<li><strong>Ods\u00e1v\u00e1n\u00ed plynn\u00fdch zne\u010di\u0161\u0165uj\u00edc\u00edch l\u00e1tek s vysok\u00fdm obsahem prachu<\/strong>: v takov\u00e9m p\u0159\u00edpad\u011b se satura\u010dn\u00ed p\u0159edfiltry velmi rychle zan\u00e1\u0161ej\u00ed a vy\u017eaduj\u00ed pravidelnou \u00fadr\u017ebu. Proto je vhodn\u011bj\u0161\u00ed zvolit filtraci \u010d\u00e1stic pomoc\u00ed \u010distic\u00edho odlu\u010dova\u010de prachu (nap\u0159\u00edklad<a href=\"https:\/\/obera.fr\/cs\/produits\/depoussiereurs-industriels\/mobiles\/extracteur-poussiere-pulverulente-dustomat-16m\/\" data-type=\"page\" data-id=\"449\">DUSTOMAT 16<\/a> nebo <a href=\"https:\/\/obera.fr\/cs\/produits\/depoussiereurs-industriels\/mobiles\/extracteur-poussiere-dustomat-4\/\" data-type=\"page\" data-id=\"440\">DUSTOMAT 4<\/a> ) v kombinaci s dal\u0161\u00edm stupn\u011bm filtrace s aktivn\u00edm uhl\u00edm. <\/li>\n\n\n\n<li><strong>Zne\u010di\u0161\u0165uj\u00edc\u00ed l\u00e1tky, kter\u00e9 nen\u00ed mo\u017en\u00e9 nebo obt\u00ed\u017en\u00e9 zpracovat aktivn\u00edm uhl\u00edm<\/strong>: ne v\u0161echny zne\u010di\u0161\u0165uj\u00edc\u00ed l\u00e1tky lze adsorbovat aktivn\u00edm uhl\u00edm. Viz seznam hlavn\u00edch zne\u010di\u0161\u0165uj\u00edc\u00edch l\u00e1tek a jejich adsorp\u010dn\u00ed kapacity) odkaz na soubor &#8222;Adsorp\u010dn\u00ed potenci\u00e1l zne\u010di\u0161\u0165uj\u00edc\u00edch l\u00e1tek&#8220;. <\/li>\n<\/ul>\n\n<p>Pokud hled\u00e1te sami, nezapome\u0148te se informovat o <strong>filtra\u010dn\u00ed<\/strong> kapacit\u011b <strong>za\u0159\u00edzen\u00ed<\/strong>. Ta bude z\u00e1viset na zne\u010di\u0161\u0165uj\u00edc\u00ed l\u00e1tce, jej\u00edm stavu (pevn\u00e1 nebo plynn\u00e1) a mno\u017estv\u00ed. To v\u00e1m umo\u017en\u00ed vybrat typ filtru, kter\u00fd by m\u011bl vysava\u010d m\u00edt. Za druh\u00e9 je t\u0159eba zjistit v\u00fdkon jednotky, jin\u00fdmi slovy jej\u00ed pr\u016ftok. <strong>Pr\u016ftok jednotky<\/strong> bude op\u011bt z\u00e1viset na mno\u017estv\u00ed va\u0161\u00ed zne\u010di\u0161\u0165uj\u00edc\u00ed l\u00e1tky, ale tak\u00e9 na plo\u0161e m\u00edstnosti, kter\u00e1 m\u00e1 b\u00fdt o\u0161et\u0159ena. \u010c\u00edm v\u011bt\u0161\u00ed je prostor, t\u00edm v\u011bt\u0161\u00ed je po\u017eadovan\u00fd pr\u016ftok.    <\/p>\n\n<p>Dal\u0161\u00edm krokem je rozhodnut\u00ed, jak\u00e9 <strong>p\u0159\u00edslu\u0161enstv\u00ed<\/strong> ke stroji namontovat: potrub\u00ed pro p\u0159ipojen\u00ed k v\u00fdrobn\u00edmu stroji nebo sac\u00ed rameno pro pracovn\u00ed stanici.<\/p>\n\n<div class=\"wp-block-buttons is-horizontal is-content-justification-center is-layout-flex wp-container-core-buttons-is-layout-03627597 wp-block-buttons-is-layout-flex\">\n<div class=\"wp-block-button has-custom-width wp-block-button__width-100\"><a class=\"wp-block-button__link wp-element-button\" href=\"https:\/\/obera.fr\/cs\/kontaktujte-nas\/\">Zjist\u011bte v\u00edce<\/a><\/div>\n<\/div>\n\n<p><\/p>\n\n<h2 class=\"wp-block-heading\">Jak\u00e9 uhl\u00ed zvolit?<\/h2>\n\n<p>Spole\u010dnost OBERA m\u00e1 \u0161irok\u00fd sortiment aktivn\u00edch uhl\u00edk\u016f a adsorbent\u016f p\u0159izp\u016fsoben\u00fdch zpracov\u00e1van\u00fdm zne\u010di\u0161\u0165uj\u00edc\u00edm l\u00e1tk\u00e1m.<\/p>\n\n<div class=\"wp-block-buttons is-content-justification-center is-layout-flex wp-container-core-buttons-is-layout-a89b3969 wp-block-buttons-is-layout-flex\">\n<div class=\"wp-block-button\"><a class=\"wp-block-button__link wp-element-button\" href=\"https:\/\/obera.fr\/wp-content\/uploads\/2020\/11\/52-odeurs.jpg\">Pod\u00edvejte se na na\u0161e aktivn\u00ed uhl\u00ed<\/a><\/div>\n<\/div>\n\n<p><\/p>\n\n<h3 class=\"wp-block-heading\">Jak se vypo\u010d\u00edt\u00e1 maxim\u00e1ln\u00ed \u017eivotnost aktivn\u00edho uhl\u00ed?<\/h3>\n\n<p>Je velmi obt\u00ed\u017en\u00e9 p\u0159edpov\u011bd\u011bt \u017eivotnost n\u00e1pln\u011b aktivn\u00edho uhl\u00ed.<\/p>\n\n<p>Lze ji v\u0161ak pochopit, pokud je zn\u00e1ma pr\u016fm\u011brn\u00e1 koncentrace zpracov\u00e1van\u00e9 zne\u010di\u0161\u0165uj\u00edc\u00ed l\u00e1tky. V nejlep\u0161\u00edm p\u0159\u00edpad\u011b m\u00e1 uhl\u00ed schopnost zadr\u017eet zne\u010di\u0161\u0165uj\u00edc\u00ed l\u00e1tku ve v\u00fd\u0161i 50 % sv\u00e9 specifick\u00e9 hmotnosti. <\/p>\n\n<p>\u017divotnost uhl\u00ed L v hodin\u00e1ch provozu lze p\u0159ibli\u017en\u011b stanovit podle n\u00e1sleduj\u00edc\u00edho vzorce: L = (1000 x P x p \/ (Q x c)<\/p>\n\n<p>P hmotnost uhl\u00edkov\u00e9 n\u00e1pln\u011b (v kg), p adsorp\u010dn\u00ed potenci\u00e1l v %, Q pr\u016ftok v m3\/h, c koncentrace zne\u010di\u0161\u0165uj\u00edc\u00ed l\u00e1tky v g\/m3.<\/p>\n\n<p>Obecn\u011b plat\u00ed, \u017ee frekvence v\u00fdm\u011bny se \u0159\u00edd\u00ed zp\u011btnou vazbou. Pomoc\u00ed po\u010d\u00edtadla hodin m\u016f\u017eete zaznamen\u00e1vat \u017eivotnost z\u00e1t\u011b\u017ee a organizovat pravidelnou preventivn\u00ed \u00fadr\u017ebu v pravideln\u00fdch intervalech. <\/p>\n\n<h3 class=\"wp-block-heading\">Princip adsorpce<\/h3>\n\n<p>Adsorpce, kterou nelze zam\u011b\u0148ovat s absorpc\u00ed, p\u0159edstavuje schopnost pevn\u00e9 l\u00e1tky (adsorbentu) v\u00e1zat na sv\u016fj povrch ur\u010dit\u00e9 plyny, tzv. adsorb\u00e1ty. Tato p\u0159ita\u017elivost mezi adsorbentem a adsorb\u00e1tem je obvykle elektrostatick\u00e1. <\/p>\n\n<p>Adsorbent je tedy materi\u00e1l (nap\u0159\u00edklad aktivn\u00ed uhl\u00ed), kter\u00fd je na z\u00e1klad\u011b sv\u00fdch chemick\u00fdch vlastnost\u00ed schopen p\u0159itahovat ur\u010dit\u00e9 plyny na sv\u016fj povrch.<\/p>\n\n<p><\/p>\n\n<div class=\"wp-block-columns is-layout-flex wp-container-core-columns-is-layout-28f84493 wp-block-columns-is-layout-flex\">\n<div class=\"wp-block-column is-layout-flow wp-block-column-is-layout-flow\" style=\"flex-basis:25%\"><\/div>\n\n\n\n<div class=\"wp-block-column is-layout-flow wp-block-column-is-layout-flow\" style=\"flex-basis:50%\">\n<figure class=\"wp-block-embed is-type-video is-provider-youtube wp-block-embed-youtube wp-embed-aspect-16-9 wp-has-aspect-ratio\"><div class=\"wp-block-embed__wrapper\">\n<iframe title=\"Fonctionnement charbon actif - OberA\" width=\"1200\" height=\"675\" src=\"https:\/\/www.youtube.com\/embed\/eto9V0iSJOc?feature=oembed\" frameborder=\"0\" allow=\"accelerometer; autoplay; clipboard-write; encrypted-media; gyroscope; picture-in-picture; web-share\" referrerpolicy=\"strict-origin-when-cross-origin\" allowfullscreen><\/iframe>\n<\/div><\/figure>\n<\/div>\n\n\n\n<div class=\"wp-block-column is-layout-flow wp-block-column-is-layout-flow\" style=\"flex-basis:25%\"><\/div>\n<\/div>\n\n<p><\/p>\n\n<h2 class=\"wp-block-heading\">Jak\u00e9 molekuly a z\u00e1pachy likviduj\u00ed likvid\u00e1tory t\u011bkav\u00fdch organick\u00fdch l\u00e1tek a pr\u016fmyslov\u00fdch pach\u016f spole\u010dnosti OberA?<\/h2>\n\n<p>Existuj\u00ed r\u016fzn\u00e9 kategorie zne\u010di\u0161\u0165uj\u00edc\u00edch l\u00e1tek, kter\u00e9 zp\u016fsobuj\u00ed z\u00e1pach:<\/p>\n\n<ul class=\"wp-block-list\">\n<li><strong>Slou\u010deniny s\u00edry<\/strong> (H2S, CS2, COS, SO2, dimethyldisulfid, merkaptany, bioplyn atd.)<\/li>\n\n\n\n<li><strong>Slou\u010deniny dus\u00edku<\/strong> (NH3, aminy atd.)<\/li>\n\n\n\n<li><strong>t\u011bkav\u00e9 organick\u00e9 l\u00e1tky (<\/strong> t\u011bkav\u00e9 mastn\u00e9 kyseliny, fenoly, polycyklick\u00e9 aromatick\u00e9 slou\u010deniny, aldehydy, rozpou\u0161t\u011bdla, methylethylketon MEK, formole, ftal\u00e1ty, acetony, tolueny, xyleny, styreny, thioly, formaldehydy atd.).<\/li>\n<\/ul>\n\n<p>Z\u00e1pach v ovzdu\u0161\u00ed pr\u016fmyslov\u00fdch a profesion\u00e1ln\u00edch budov je \u010dasto z\u00e1visl\u00fd na teplot\u011b. Obecn\u011b plat\u00ed, \u017ee \u010d\u00edm vy\u0161\u0161\u00ed je teplota vzduchu, t\u00edm intenzivn\u011bj\u0161\u00ed jsou pachy. <\/p>\n\n<h2 class=\"wp-block-heading\">Ve kter\u00fdch pr\u016fmyslov\u00fdch odv\u011btv\u00edch se vyskytuj\u00ed zap\u00e1chaj\u00edc\u00ed molekuly a t\u011bkav\u00e9 organick\u00e9 l\u00e1tky?<\/h2>\n\n<ul class=\"wp-block-list\">\n<li><strong>Ocel\u00e1rny a sl\u00e9v\u00e1rny: <\/strong>nep\u0159\u00edjemn\u00fd z\u00e1pach ze strusky, t\u011bkav\u00e9 organick\u00e9 l\u00e1tky a z\u00e1pach z fenolov\u00fdch prysky\u0159ic, z\u00e1pach z j\u00e1dra atd. V ocel\u00e1rn\u00e1ch je snadn\u00e9 instalovat likvid\u00e1tor z\u00e1pachu v j\u00e1drovn\u00e1ch, v prostor\u00e1ch odl\u00e9v\u00e1n\u00ed nebo dokonce v kontroln\u00edch a dozorn\u00edch m\u00edstnostech. Toto \u0159e\u0161en\u00ed pro zachycov\u00e1n\u00ed t\u011bkav\u00fdch organick\u00fdch l\u00e1tek a z\u00e1pachu poskytuje jednoduchou ochranu pro provozovatele v dan\u00e9 oblasti. <\/li>\n\n\n\n<li><strong>Plasty: <\/strong>Nep\u0159\u00edjemn\u00fd z\u00e1pach z roztaven\u00fdch nebo sp\u00e1len\u00fdch plast\u016f, z\u00e1pach z lisov\u00e1n\u00ed a vst\u0159ikov\u00e1n\u00ed, t\u011bkav\u00e9 organick\u00e9 l\u00e1tky, z\u00e1pach a v\u00fdpary z prysky\u0159ic a sklen\u011bn\u00fdch vl\u00e1ken, v\u00fdpary ze styrenu, z\u00e1pach z vytla\u010dov\u00e1n\u00ed, z\u00e1pach uvol\u0148ovan\u00fd p\u0159i taven\u00ed termoplastick\u00fdch a termosetov\u00fdch polymer\u016f.<\/li>\n\n\n\n<li><strong>Potravin\u00e1\u0159sk\u00fd pr\u016fmysl: <\/strong>nep\u0159\u00edjemn\u00e9 pachy z va\u0159en\u00ed<strong>, <\/strong>pe\u010den\u00ed a su\u0161en\u00ed, sma\u017een\u00e9 potraviny, pachy z mlet\u00ed, m\u00edch\u00e1n\u00ed a ko\u0159en\u011bn\u00ed, pachy k\u00e1vy, pachy z v\u00fdroby aromatick\u00fdch l\u00e1tek a barviv, nep\u0159\u00edjemn\u00e9 pachy ryb, pachy z uzen\u00ed, nep\u0159\u00edjemn\u00e9 pachy z kva\u0161en\u00ed a kvasinek.<\/li>\n\n\n\n<li><strong>Mal\u00ed\u0159sk\u00e9 a nat\u011bra\u010dsk\u00e9 d\u00edlny:<\/strong> pachy barev, lak\u016f, t\u011bkav\u00fdch organick\u00fdch l\u00e1tek a rozpou\u0161t\u011bdel atd.<\/li>\n\n\n\n<li><strong>Tiska\u0159sk\u00e9 d\u00edlny:<\/strong> pachy barev, t\u011bkav\u00fdch organick\u00fdch l\u00e1tek a rozpou\u0161t\u011bdel atd&#8230;<\/li>\n\n\n\n<li><strong>Restaur\u00e1torsk\u00e9 a konzerv\u00e1torsk\u00e9 d\u00edlny <\/strong>: t\u011bkav\u00e9 organick\u00e9 l\u00e1tky a pachy z barev, rozpou\u0161t\u011bdel a permethrinu.<\/li>\n\n\n\n<li><strong>Odpady:<\/strong> Nep\u0159\u00edjemn\u00fd z\u00e1pach ze skladov\u00e1n\u00ed odpad\u016f, nep\u0159\u00edjemn\u00fd z\u00e1pach z d\u00edlen na opravu skip\u016f, t\u0159\u00eddic\u00edch a recykla\u010dn\u00edch center, kompostov\u00e1n\u00ed, metanizace.<\/li>\n\n\n\n<li><strong>Chemick\u00e9 \u010di\u0161t\u011bn\u00ed a chemick\u00e9 \u010di\u0161t\u011bn\u00ed<\/strong>: perchlorethylenov\u00fd z\u00e1pach atd&#8230;<\/li>\n\n\n\n<li><strong>Obr\u00e1b\u011bn\u00ed:<\/strong> z\u00e1pachy t\u011bkav\u00fdch organick\u00fdch l\u00e1tek a rozpou\u0161t\u011bdel, z\u00e1pachy \u0159ezn\u00fdch kapalin, z\u00e1pachy olejov\u00fdch par atd.<\/li>\n\n\n\n<li><strong>D\u0159evo: <\/strong>t\u011bkav\u00e9 organick\u00e9 l\u00e1tky a pachy z lepen\u00ed, pachy lepidla na hrany, pachy z lakov\u00e1n\u00ed atd.<\/li>\n\n\n\n<li><strong>Kosmetika:<\/strong> Intenzivn\u00ed pachy z esenci\u00e1ln\u00edch olej\u016f ve v\u00fdrob\u011b, pracovi\u0161t\u011b s p\u0159\u00edpravky, t\u011bkav\u00e9 organick\u00e9 l\u00e1tky a pachy z rozpou\u0161t\u011bdel, alkohol\u016f a p\u0159\u00edsad atd.<\/li>\n\n\n\n<li><strong>Hygienick\u00e9 v\u00fdrobky:<\/strong> Koncentrovan\u00e9 parf\u00e9my, \u00e9terick\u00e9 oleje atd&#8230;<\/li>\n\n\n\n<li><strong>Kancel\u00e1\u0159e, otev\u0159en\u00e9 kancel\u00e1\u0159e, \u010dek\u00e1rny, j\u00eddelny, pe\u010dovatelsk\u00e9 domy: <\/strong>Nep\u0159\u00edjemn\u00e9 pachy spojen\u00e9 s v\u011btr\u00e1n\u00edm, pachy tab\u00e1ku, va\u0159en\u00ed, potu atd&#8230;<\/li>\n<\/ul>\n\n<div class=\"wp-block-buttons is-horizontal is-content-justification-center is-layout-flex wp-container-core-buttons-is-layout-03627597 wp-block-buttons-is-layout-flex\">\n<div class=\"wp-block-button has-custom-width wp-block-button__width-100\"><a class=\"wp-block-button__link wp-element-button\" href=\"https:\/\/obera.fr\/cs\/kontaktujte-nas\/\">Zjist\u011bte v\u00edce<\/a><\/div>\n<\/div>\n","protected":false},"excerpt":{"rendered":"<p>Na\u0161e pr\u016fmyslov\u00e9 likvid\u00e1tory t\u011bkav\u00fdch organick\u00fdch l\u00e1tek a z\u00e1pachu p\u0159edstavuj\u00ed \u0159adu za\u0159\u00edzen\u00ed speci\u00e1ln\u011b navr\u017een\u00fdch pro zpracov\u00e1n\u00ed plynn\u00fdch zne\u010di\u0161\u0165uj\u00edc\u00edch l\u00e1tek, jako jsou t\u011bkav\u00e9 organick\u00e9 slou\u010deniny (VOC), z\u00e1pachy, v\u00fdpary a r\u016fzn\u00e9 chemick\u00e9 slou\u010deniny. Na\u0161e za\u0159\u00edzen\u00ed jsou vhodn\u00e1 pro v\u0161echny typy pr\u016fmyslu. D\u00edky molekul\u00e1rn\u00ed filtraci pomoc\u00ed aktivn\u00edho uhl\u00ed jsou zne\u010di\u0161\u0165uj\u00edc\u00ed l\u00e1tky filtrov\u00e1ny a zachycov\u00e1ny adsorpc\u00ed. Z pr\u016fmyslov\u00fdch proces\u016f a v\u00fdrobk\u016f pou\u017e\u00edvan\u00fdch na pracovi\u0161ti se uvol\u0148uj\u00ed plynn\u00e9 zne\u010di\u0161\u0165uj\u00edc\u00ed l\u00e1tky b\u011b\u017en\u011b zn\u00e1m\u00e9 jako t\u011bkav\u00e9 organick\u00e9 l\u00e1tky. Tyto zne\u010di\u0161\u0165uj\u00edc\u00ed l\u00e1tky jsou obecn\u011b slou\u010deniny odvozen\u00e9 od uhlovod\u00edk\u016f, rozpou\u0161t\u011bdel, slou\u010denin s\u00edry atd. Pokud je to mo\u017en\u00e9, m\u011bly by b\u00fdt t\u011bkav\u00e9 organick\u00e9 l\u00e1tky (VOC) ods\u00e1v\u00e1ny, zpracov\u00e1v\u00e1ny a n\u00e1sledn\u011b vypou\u0161t\u011bny ven. &#8230; <\/p>\n<p class=\"read-more-container\"><a title=\"\u00daprava t\u011bkav\u00fdch organick\u00fdch l\u00e1tek a z\u00e1pachu\" class=\"read-more button\" href=\"https:\/\/obera.fr\/cs\/produits\/traitement-cov\/#more-44583\" aria-label=\"\u010c\u00edst v\u00edce o \u00daprava t\u011bkav\u00fdch organick\u00fdch l\u00e1tek a z\u00e1pachu\">Lire la suite<\/a><\/p>\n","protected":false},"author":4,"featured_media":83734,"parent":38112,"menu_order":2,"comment_status":"closed","ping_status":"closed","template":"","meta":{"_acf_changed":false,"_seopress_robots_primary_cat":"","_seopress_titles_title":"Top destructeurs d\u2019odeur industriel et traitement des COV","_seopress_titles_desc":"Les destructeurs d\u2019odeurs d'oberA sont sp\u00e9cialement d\u00e9di\u00e9s aux traitements des polluants sous forme gazeuse comme les compos\u00e9s organiques volatils (COV).","_seopress_robots_index":"","footnotes":""},"class_list":{"0":"post-44583","1":"page","2":"type-page","3":"status-publish","4":"has-post-thumbnail","6":"no-featured-image-padding","7":"resize-featured-image"},"acf":[],"_links":{"self":[{"href":"https:\/\/obera.fr\/cs\/wp-json\/wp\/v2\/pages\/44583","targetHints":{"allow":["GET"]}}],"collection":[{"href":"https:\/\/obera.fr\/cs\/wp-json\/wp\/v2\/pages"}],"about":[{"href":"https:\/\/obera.fr\/cs\/wp-json\/wp\/v2\/types\/page"}],"author":[{"embeddable":true,"href":"https:\/\/obera.fr\/cs\/wp-json\/wp\/v2\/users\/4"}],"replies":[{"embeddable":true,"href":"https:\/\/obera.fr\/cs\/wp-json\/wp\/v2\/comments?post=44583"}],"version-history":[{"count":7,"href":"https:\/\/obera.fr\/cs\/wp-json\/wp\/v2\/pages\/44583\/revisions"}],"predecessor-version":[{"id":75718,"href":"https:\/\/obera.fr\/cs\/wp-json\/wp\/v2\/pages\/44583\/revisions\/75718"}],"up":[{"embeddable":true,"href":"https:\/\/obera.fr\/cs\/wp-json\/wp\/v2\/pages\/38112"}],"wp:featuredmedia":[{"embeddable":true,"href":"https:\/\/obera.fr\/cs\/wp-json\/wp\/v2\/media\/83734"}],"wp:attachment":[{"href":"https:\/\/obera.fr\/cs\/wp-json\/wp\/v2\/media?parent=44583"}],"curies":[{"name":"wp","href":"https:\/\/api.w.org\/{rel}","templated":true}]}}