{"id":45558,"date":"2020-08-26T12:41:28","date_gmt":"2020-08-26T10:41:28","guid":{"rendered":"https:\/\/obera.fr\/nase-produkty\/prumyslove-cisticky-vzduchu\/profesionalni-cisticka-vzduchu-epur-ca\/"},"modified":"2025-04-24T11:35:53","modified_gmt":"2025-04-24T09:35:53","slug":"professionnel-epur-ca","status":"publish","type":"page","link":"https:\/\/obera.fr\/cs\/produits\/purificateurs-air\/professionnel-epur-ca\/","title":{"rendered":"Profesion\u00e1ln\u00ed \u010disti\u010dka vzduchu ePUR CA"},"content":{"rendered":"\n<p>Na\u0161e <a href=\"https:\/\/obera.fr\/cs\/produits\/purificateurs-air\/\" data-type=\"page\" data-id=\"26\">profesion\u00e1ln\u00ed \u010disti\u010dky vzduchu<\/a> <strong>ePUR CA<\/strong> jsou mobiln\u00ed jednotky s aktivn\u00edm uhl\u00edm, kter\u00e9 nevy\u017eaduj\u00ed \u017e\u00e1dn\u00e9 potrub\u00ed ani mont\u00e1\u017e.<\/p>\n\n\n\n\n\n\n<h2 class=\"wp-block-heading\">Jak funguj\u00ed na\u0161e profesion\u00e1ln\u00ed \u010disti\u010dky vzduchu?<\/h2>\n\n\n\n<div class=\"wp-block-columns is-layout-flex wp-container-core-columns-is-layout-28f84493 wp-block-columns-is-layout-flex\">\n<div class=\"wp-block-column is-layout-flow wp-block-column-is-layout-flow\" style=\"flex-basis:33.33%\">\n<figure class=\"wp-block-image aligncenter size-large is-resized\"><img decoding=\"async\" src=\"https:\/\/obera.fr\/wp-content\/uploads\/2020\/09\/gamme-epur-ca-300x300.jpg\" alt=\"epur50 ca\" style=\"width:260px;height:auto\"\/><figcaption class=\"wp-element-caption\">ePUR CA<\/figcaption><\/figure>\n<\/div>\n\n\n\n<div class=\"wp-block-column is-layout-flow wp-block-column-is-layout-flow\" style=\"flex-basis:66.66%\">\n<p>Obsluha je jednoduch\u00e1: zne\u010di\u0161t\u011bn\u00fd vzduch se nas\u00e1v\u00e1 horn\u00ed \u010d\u00e1st\u00ed jednotky. N\u00e1sledn\u011b jsou pevn\u00e9 a kapaln\u00e9 \u010d\u00e1stice zastaveny postupn\u00fdmi vrstvami filtr\u016f a ve\u0161ker\u00e9 plynn\u00e9 zne\u010di\u0161\u0165uj\u00edc\u00ed l\u00e1tky filtrem s aktivn\u00edm uhl\u00edm.   <\/p>\n\n\n\n<p><strong>\u010cisti\u010dka vzduchu<\/strong> \u010dist\u00ed vzduch v pracovn\u00edm prostoru t\u00edm, \u017ee ho protla\u010duje p\u0159es r\u016fzn\u00e9 stupn\u011b filtrace. \u010cisti\u010dka vzduchu nas\u00e1v\u00e1 shora sloupec m\u00edrn\u011b teplej\u0161\u00edho vzduchu a vypou\u0161t\u00ed jej zp\u011bt do pracovn\u00edho prostoru na \u00farovni podlahy. Tento leh\u010d\u00ed vzduch p\u0159irozen\u011b stoup\u00e1 v m\u00edstnosti a vytv\u00e1\u0159\u00ed kruhov\u00fd pohyb, kter\u00fd o\u0161et\u0159uje ve\u0161ker\u00fd vzduch v dan\u00e9m objemu. P\u0159i ka\u017ed\u00e9m pr\u016fchodu \u010disti\u010dkou vzduchu se zachyt\u00ed 80 % a\u017e 99,995 % (v z\u00e1vislosti na zvolen\u00e9 konfiguraci filtru) zne\u010di\u0161t\u011bn\u00ed, \u010d\u00edm\u017e<strong>se zlep\u0161\u00ed kvalita vzduchu v cel\u00e9m pracovn\u00edm prostoru<\/strong>.     <\/p>\n\n\n\n<p>V\u0161echny \u010disti\u010dky vzduchu t\u00e9to \u0159ady jsou vybaveny <strong>potenciometrem<\/strong>, kter\u00fd umo\u017e\u0148uje nastavit pr\u016ftok vzduchu v rozsahu 0 a\u017e 100 %. Pr\u016ftok vzduchu se nastavuje podle po\u010d\u00e1te\u010dn\u00ed koncentrace zne\u010di\u0161\u0165uj\u00edc\u00edch l\u00e1tek, po\u017eadovan\u00e9ho v\u00fdsledku a objemu \u010di\u0161t\u011bn\u00e9 plochy. V z\u00e1vislosti na t\u011bchto parametrech lze zvolit po\u010det obnoven\u00ed objemu z\u00f3ny za hodinu.  <\/p>\n\n\n\n<div class=\"wp-block-columns is-layout-flex wp-container-core-columns-is-layout-28f84493 wp-block-columns-is-layout-flex\">\n<div class=\"wp-block-column is-layout-flow wp-block-column-is-layout-flow\" style=\"flex-basis:33.34%\">\n<div class=\"wp-block-buttons is-content-justification-center is-layout-flex wp-container-core-buttons-is-layout-a89b3969 wp-block-buttons-is-layout-flex\">\n<div class=\"wp-block-button\"><a class=\"wp-block-button__link wp-element-button\" href=\"https:\/\/obera.fr\/wp-content\/uploads\/2025\/04\/catalogue-epur-en.pdf\">St\u00e1hn\u011bte si bro\u017euru<\/a><\/div>\n<\/div>\n<\/div>\n\n\n\n<div class=\"wp-block-column is-layout-flow wp-block-column-is-layout-flow\" style=\"flex-basis:33.34%\">\n<div class=\"wp-block-buttons is-horizontal is-content-justification-center is-layout-flex wp-container-core-buttons-is-layout-03627597 wp-block-buttons-is-layout-flex\">\n<div class=\"wp-block-button has-custom-width wp-block-button__width-100\"><a class=\"wp-block-button__link wp-element-button\" href=\"https:\/\/obera.fr\/cs\/kontaktujte-nas\/\">Zjist\u011bte v\u00edce<\/a><\/div>\n<\/div>\n<\/div>\n\n\n\n<div class=\"wp-block-column is-layout-flow wp-block-column-is-layout-flow\" style=\"flex-basis:33.33%\">\n<div class=\"wp-block-buttons is-content-justification-center is-layout-flex wp-container-core-buttons-is-layout-a89b3969 wp-block-buttons-is-layout-flex\">\n<div class=\"wp-block-button btn-devis-source\"><a class=\"wp-block-button__link wp-element-button\" href=\"https:\/\/obera.fr\/cs\/devis\/\">Po\u017e\u00e1dat o cenovou nab\u00eddku<\/a><\/div>\n<\/div>\n\n\n<script>\r\ndocument.addEventListener('DOMContentLoaded', function() {\r\n    \/\/ 1. On cherche le titre H1 de la page\r\n    var h1 = document.querySelector('h1');\r\n    var productTitle = h1 ? h1.innerText.trim() : \"\";\r\n\r\n    \/\/ 2. On cherche les boutons via la classe CSS .btn-devis-source\r\n    var buttons = document.querySelectorAll('.btn-devis-source a');\r\n\r\n    \/\/ 3. Si on a le titre et les boutons, on ajoute le param\u00e8tre\r\n    if (buttons.length > 0 && productTitle !== \"\") {\r\n        var encodedTitle = encodeURIComponent(productTitle);\r\n\r\n        buttons.forEach(function(btn) {\r\n            var currentHref = btn.getAttribute('href');\r\n            \r\n            \/\/ S\u00e9curit\u00e9 pour ne pas ajouter le param\u00e8tre 2 fois\r\n            if (currentHref.indexOf('sujet=') === -1) {\r\n                var separator = currentHref.indexOf('?') !== -1 ? '&' : '?';\r\n                var newLink = currentHref + separator + 'sujet=' + encodedTitle;\r\n                \r\n                btn.setAttribute('href', newLink);\r\n            }\r\n        });\r\n    }\r\n});\r\n<\/script><\/div>\n<\/div>\n\n\n\n<p><\/p>\n<\/div>\n<\/div>\n\n\n\n<div class=\"wp-block-columns is-layout-flex wp-container-core-columns-is-layout-28f84493 wp-block-columns-is-layout-flex\">\n<div class=\"wp-block-column is-layout-flow wp-block-column-is-layout-flow\" style=\"flex-basis:25%\"><\/div>\n\n\n\n<div class=\"wp-block-column is-layout-flow wp-block-column-is-layout-flow\" style=\"flex-basis:50%\">\n<figure class=\"wp-block-embed is-type-video is-provider-youtube wp-block-embed-youtube wp-embed-aspect-16-9 wp-has-aspect-ratio\"><div class=\"wp-block-embed__wrapper\">\n<iframe title=\"Fonctionnement charbon actif - OberA\" width=\"1200\" height=\"675\" src=\"https:\/\/www.youtube.com\/embed\/eto9V0iSJOc?feature=oembed\" frameborder=\"0\" allow=\"accelerometer; autoplay; clipboard-write; encrypted-media; gyroscope; picture-in-picture; web-share\" referrerpolicy=\"strict-origin-when-cross-origin\" allowfullscreen><\/iframe>\n<\/div><\/figure>\n<\/div>\n\n\n\n<div class=\"wp-block-column is-layout-flow wp-block-column-is-layout-flow\" style=\"flex-basis:25%\"><\/div>\n<\/div>\n\n\n\n<p><\/p>\n\n\n\n<h2 class=\"wp-block-heading\">Jak\u00e9 zne\u010di\u0161\u0165uj\u00edc\u00ed l\u00e1tky \u010dist\u00ed \u010disti\u010dky vzduchu s aktivn\u00edm uhl\u00edm ePUR CA?<\/h2>\n\n\n\n<div class=\"wp-block-columns is-layout-flex wp-container-core-columns-is-layout-28f84493 wp-block-columns-is-layout-flex\">\n<div class=\"wp-block-column is-layout-flow wp-block-column-is-layout-flow\" style=\"flex-basis:66.66%\">\n<p><strong>\u010cisti\u010dky vzduchu ePUR CA<\/strong> jsou ide\u00e1ln\u00ed pro <strong>\u010di\u0161t\u011bn\u00ed z\u00e1pachu<\/strong>, <strong>t\u011bkav\u00fdch organick\u00fdch l\u00e1tek (VOC)<\/strong> a dal\u0161\u00edch <strong>plynn\u00fdch zne\u010di\u0161\u0165uj\u00edc\u00edch l\u00e1tek<\/strong>. Konkr\u00e9tn\u011bji umo\u017e\u0148uj\u00ed : <\/p>\n\n\n\n<ul class=\"wp-block-list\">\n<li><strong>Zachycov\u00e1n\u00ed a zpracov\u00e1n\u00ed pach\u016f<\/strong> a \u010dichov\u00e9ho zne\u010di\u0161t\u011bn\u00ed.<\/li>\n\n\n\n<li>Procesy pou\u017e\u00edvaj\u00edc\u00ed <strong>rozpou\u0161t\u011bdla<\/strong> (barvy, laky, \u010di\u0161t\u011bn\u00ed, odma\u0161\u0165ov\u00e1n\u00ed, aerosoly atd.). Jedn\u00e1 se o t\u011bkav\u00e9 organick\u00e9 slou\u010deniny z alifatick\u00fdch uhlovod\u00edk\u016f (hexan, cyklohexan atd.), chlorovan\u00fdch uhlovod\u00edk\u016f (trichlorethen, trichlorethan, monochlorbenzen atd.), aromatick\u00fdch uhlovod\u00edk\u016f (toluen, xylen atd.), alkohol\u016f (methanol, glykoly atd.) a uhlovod\u00edk\u016f s vysokou t\u011bkavost\u00ed. ), aromatick\u00e9 uhlovod\u00edky (toluen, xylen atd.), alkoholy (methanol, glykoly atd.), ketony (aceton, ethylacet\u00e1t, methylethylketon MEK nebo butanon atd.), ethery glykol\u016f, tetrahydrofuran THF atd&#8230; <\/li>\n\n\n\n<li>Zne\u010di\u0161\u0165uj\u00edc\u00ed l\u00e1tky z <strong>lepen\u00ed<\/strong> (pachy a plynn\u00e9 zne\u010di\u0161\u0165uj\u00edc\u00ed l\u00e1tky z neoprenov\u00fdch lepidel nebo &#8211; Tvrdidla a urychlova\u010de tuhnut\u00ed. Pou\u017e\u00edvan\u00e1 tu\u017eidla jsou alifatick\u00e9 nebo aromatick\u00e9 aminy a polyisokyan\u00e1ty. <\/li>\n\n\n\n<li>Plynn\u00e9 zne\u010di\u0161\u0165uj\u00edc\u00ed l\u00e1tky z <strong>prysky\u0159ic<\/strong> (kyanoakrylov\u00e9 polymery, vinyly, epoxidy, polyuretany, polyestery, polychloropreny, polyamidy, formofenoly, furany, polysilany, polysiloxany, formaldehyd atd.) jsou v\u00fdznamn\u00fdm zdrojem zne\u010di\u0161t\u011bn\u00ed.<\/li>\n<\/ul>\n\n\n\n<p>D\u00edky velmi velk\u00e9mu specifick\u00e9mu povrchu dutin je aktivn\u00ed uhl\u00ed schopno zachytit mnoho druh\u016f plynn\u00fdch zne\u010di\u0161\u0165uj\u00edc\u00edch l\u00e1tek.<\/p>\n<\/div>\n\n\n\n<div class=\"wp-block-column is-layout-flow wp-block-column-is-layout-flow\" style=\"flex-basis:33.33%\">\n<p><\/p>\n\n\n\n<p><\/p>\n\n\n\n<p><\/p>\n\n\n\n<figure class=\"wp-block-image aligncenter size-large\"><img decoding=\"async\" width=\"1024\" height=\"549\" src=\"https:\/\/obera.fr\/wp-content\/uploads\/2025\/03\/charbon-actif-mix-1024x549.jpg\" alt=\"sm\u011bs aktivn\u00edho uhl\u00ed\" class=\"wp-image-76515\" srcset=\"https:\/\/obera.fr\/wp-content\/uploads\/2025\/03\/charbon-actif-mix-1024x549.jpg 1024w, https:\/\/obera.fr\/wp-content\/uploads\/2025\/03\/charbon-actif-mix-300x161.jpg 300w, https:\/\/obera.fr\/wp-content\/uploads\/2025\/03\/charbon-actif-mix-768x412.jpg 768w, https:\/\/obera.fr\/wp-content\/uploads\/2025\/03\/charbon-actif-mix.jpg 1200w\" sizes=\"(max-width: 1024px) 100vw, 1024px\" \/><\/figure>\n<\/div>\n<\/div>\n\n\n\n<p><\/p>\n\n\n\n<h2 class=\"wp-block-heading\">K \u010demu se pou\u017e\u00edvaj\u00ed?<\/h2>\n\n\n\n<p>Na\u0161e \u010disti\u010dky vzduchu ePUR CA se \u010dasto pou\u017e\u00edvaj\u00ed ve spojen\u00ed s <strong>ods\u00e1v\u00e1n\u00edm<\/strong> u zdroje k ods\u00e1v\u00e1n\u00ed a filtrov\u00e1n\u00ed plynn\u00fdch zne\u010di\u0161\u0165uj\u00edc\u00edch l\u00e1tek, kter\u00e9 z\u016fst\u00e1vaj\u00ed v prost\u0159ed\u00ed, p\u0159\u00edmo do atmosf\u00e9ry. Tato za\u0159\u00edzen\u00ed je mo\u017en\u00e9 pou\u017e\u00edt tak\u00e9 pro ods\u00e1v\u00e1n\u00ed u zdroje, a to tak, \u017ee je vybav\u00edte ods\u00e1vac\u00edm ramenem, ods\u00e1vac\u00ed digesto\u0159\u00ed nebo je p\u0159ipoj\u00edte p\u0159\u00edmo k v\u00fdrobn\u00edmu stroji \u010di ods\u00e1vac\u00edmu stolu.   <\/p>\n\n\n\n<blockquote class=\"wp-block-quote is-layout-flow wp-block-quote-is-layout-flow\">\n<p>Doporu\u010den\u00e9 pou\u017eit\u00ed je \u010dist\u011b profesion\u00e1ln\u00ed.<\/p>\n<\/blockquote>\n\n\n\n<p>Tyto \u010disti\u010dky vzduchu s aktivn\u00edm uhl\u00edm jsou ide\u00e1ln\u00ed pro pou\u017eit\u00ed v metalurgii, plastik\u00e1\u0159stv\u00ed, chemick\u00e9m pr\u016fmyslu, zem\u011bd\u011blsko-potravin\u00e1\u0159sk\u00e9m pr\u016fmyslu, textiln\u00edm pr\u016fmyslu, d\u0159eva\u0159sk\u00e9m pr\u016fmyslu, pr\u016fmyslu pap\u00edru a lepenky, miner\u00e1l\u016f, p\u0159i sb\u011bru a recyklaci odpadu a p\u0159i restaurov\u00e1n\u00ed um\u011bleck\u00fdch d\u011bl.<\/p>\n\n\n\n<p>  N\u00ed\u017ee uv\u00e1d\u00edme n\u011bkolik p\u0159\u00edklad\u016f <strong>pou\u017eit\u00ed<\/strong> na\u0161ich profesion\u00e1ln\u00edch \u010disti\u010dek vzduchu ePUR CA.<\/p>\n\n\n\n<div class=\"wp-block-columns is-layout-flex wp-container-core-columns-is-layout-28f84493 wp-block-columns-is-layout-flex\">\n<div class=\"wp-block-column is-layout-flow wp-block-column-is-layout-flow\">\n<h3 class=\"wp-block-heading has-text-align-center\">Zne\u010di\u0161\u0165uj\u00edc\u00ed l\u00e1tky<\/h3>\n\n\n\n<hr class=\"wp-block-separator has-css-opacity is-style-wide\"\/>\n\n\n\n<div class=\"wp-block-columns is-layout-flex wp-container-core-columns-is-layout-28f84493 wp-block-columns-is-layout-flex\">\n<div class=\"wp-block-column is-layout-flow wp-block-column-is-layout-flow\">\n<figure class=\"wp-block-image aligncenter size-large\"><img decoding=\"async\" width=\"70\" height=\"70\" src=\"https:\/\/obera.fr\/wp-content\/uploads\/2020\/08\/polluants-poussieres.jpg\" alt=\"Zne\u010di\u0161\u0165uj\u00edc\u00ed l\u00e1tky Prach\" class=\"wp-image-675\"\/><figcaption class=\"wp-element-caption\">Prach<\/figcaption><\/figure>\n\n\n\n<figure class=\"wp-block-image aligncenter size-large\"><img decoding=\"async\" width=\"70\" height=\"70\" src=\"https:\/\/obera.fr\/wp-content\/uploads\/2020\/08\/industrie-fumees.jpg\" alt=\"Pr\u016fmyslov\u00fd kou\u0159\" class=\"wp-image-722\"\/><figcaption class=\"wp-element-caption\">V\u00fdpary<\/figcaption><\/figure>\n<\/div>\n\n\n\n<div class=\"wp-block-column is-layout-flow wp-block-column-is-layout-flow\">\n<figure class=\"wp-block-image aligncenter size-large\"><img decoding=\"async\" width=\"70\" height=\"70\" src=\"https:\/\/obera.fr\/wp-content\/uploads\/2020\/10\/industrie-aerosols.jpg\" alt=\"Pr\u016fmyslov\u00e9 aerosoly\" class=\"wp-image-1201\"\/><figcaption class=\"wp-element-caption\">VOCS<\/figcaption><\/figure>\n\n\n\n<figure class=\"wp-block-image aligncenter size-large\"><img decoding=\"async\" width=\"70\" height=\"70\" src=\"https:\/\/obera.fr\/wp-content\/uploads\/2020\/08\/industrie-odeur.jpg\" alt=\"Z\u00e1pach z pr\u016fmyslu\" class=\"wp-image-723\"\/><figcaption class=\"wp-element-caption\">Z\u00e1pachy<\/figcaption><\/figure>\n<\/div>\n<\/div>\n\n\n\n<p><\/p>\n<\/div>\n\n\n\n<div class=\"wp-block-column is-layout-flow wp-block-column-is-layout-flow\">\n<h3 class=\"wp-block-heading has-text-align-center\">Odv\u011btv\u00ed<\/h3>\n\n\n\n<hr class=\"wp-block-separator has-css-opacity is-style-wide\"\/>\n\n\n\n<div class=\"wp-block-columns is-layout-flex wp-container-core-columns-is-layout-28f84493 wp-block-columns-is-layout-flex\">\n<div class=\"wp-block-column is-layout-flow wp-block-column-is-layout-flow\">\n<figure class=\"wp-block-image aligncenter size-large\"><img decoding=\"async\" width=\"70\" height=\"70\" src=\"https:\/\/obera.fr\/wp-content\/uploads\/2020\/08\/industrie-metallurgie.jpg\" alt=\"Hutnick\u00fd pr\u016fmysl\" class=\"wp-image-673\"\/><figcaption class=\"wp-element-caption\">Hutnictv\u00ed<\/figcaption><\/figure>\n\n\n\n<figure class=\"wp-block-image aligncenter size-large\"><img decoding=\"async\" width=\"70\" height=\"70\" src=\"https:\/\/obera.fr\/wp-content\/uploads\/2020\/08\/industrie-textile.jpg\" alt=\"Textiln\u00ed pr\u016fmysl\" class=\"wp-image-671\"\/><figcaption class=\"wp-element-caption\">Textil<\/figcaption><\/figure>\n\n\n\n<figure class=\"wp-block-image aligncenter size-large\"><img decoding=\"async\" width=\"70\" height=\"70\" src=\"https:\/\/obera.fr\/wp-content\/uploads\/2020\/08\/industrie-plastique.jpg\" alt=\"Plastik\u00e1\u0159sk\u00fd pr\u016fmysl\" class=\"wp-image-669\"\/><figcaption class=\"wp-element-caption\">Plasty<\/figcaption><\/figure>\n\n\n\n<figure class=\"wp-block-image aligncenter size-large\"><img decoding=\"async\" width=\"70\" height=\"70\" src=\"https:\/\/obera.fr\/wp-content\/uploads\/2020\/08\/industrie-agroalimentaire.jpg\" alt=\"Potravin\u00e1\u0159sk\u00fd pr\u016fmysl\" class=\"wp-image-727\"\/><figcaption class=\"wp-element-caption\">Potravin\u00e1\u0159sk\u00fd pr\u016fmysl<\/figcaption><\/figure>\n<\/div>\n\n\n\n<div class=\"wp-block-column is-layout-flow wp-block-column-is-layout-flow\">\n<figure class=\"wp-block-image aligncenter size-large\"><img decoding=\"async\" width=\"70\" height=\"70\" src=\"https:\/\/obera.fr\/wp-content\/uploads\/2020\/08\/industrie-bois.jpg\" alt=\"D\u0159evozpracuj\u00edc\u00ed pr\u016fmysl\" class=\"wp-image-672\"\/><figcaption class=\"wp-element-caption\">Obr\u00e1b\u011bn\u00ed d\u0159eva<\/figcaption><\/figure>\n\n\n\n<figure class=\"wp-block-image aligncenter size-large\"><img decoding=\"async\" width=\"70\" height=\"70\" src=\"https:\/\/obera.fr\/wp-content\/uploads\/2020\/08\/industrie-papier-carton.jpg\" alt=\"Pap\u00edrensk\u00fd a karton\u00e1\u017en\u00ed pr\u016fmysl\" class=\"wp-image-670\"\/><figcaption class=\"wp-element-caption\">Pap\u00edr\/karton<\/figcaption><\/figure>\n\n\n\n<figure class=\"wp-block-image aligncenter size-large\"><img decoding=\"async\" width=\"70\" height=\"70\" src=\"https:\/\/obera.fr\/wp-content\/uploads\/2020\/08\/industrie-dechets.jpg\" alt=\"Odpady z pr\u016fmyslu\" class=\"wp-image-726\"\/><figcaption class=\"wp-element-caption\">Sb\u011br a recyklace odpadu<\/figcaption><\/figure>\n\n\n\n<figure class=\"wp-block-image aligncenter size-large\"><img decoding=\"async\" width=\"70\" height=\"70\" src=\"https:\/\/obera.fr\/wp-content\/uploads\/2020\/08\/industrie-chimie.jpg\" alt=\"Chemick\u00fd pr\u016fmysl\" class=\"wp-image-725\"\/><figcaption class=\"wp-element-caption\">Chemik\u00e1lie\/Petrochemik\u00e1lie<\/figcaption><\/figure>\n<\/div>\n<\/div>\n<\/div>\n<\/div>\n\n\n\n<h3 class=\"wp-block-heading\">Jak\u00fd typ uhl\u00ed m\u00e1m zvolit pro svou aplikaci?<\/h3>\n\n\n\n<p><\/p>\n\n\n\n<p>\u010cisti\u010dky vzduchu ePUR CA lze vybavit \u0161irokou \u0161k\u00e1lou<strong>adsorbent\u016f<\/strong>.<\/p>\n\n\n\n<p>Spole\u010dnost OBERA nab\u00edz\u00ed generick\u00e9 vysoce \u00fa\u010dinn\u00e9 aktivn\u00ed uhl\u00ed <strong>OBCKV<\/strong>. Je v\u0161ak mo\u017en\u00e9 zvolit tepeln\u011b nebo chemicky aktivovan\u00e9 aktivn\u00ed uhl\u00ed, stejn\u011b jako oxidovan\u00e9 aktivn\u00ed uhl\u00ed nebo aktivovan\u00e9 chemickou impregnac\u00ed. <\/p>\n\n\n\n<p>Tato &#8222;dopovan\u00e1&#8220; aktivn\u00ed uhl\u00ed zvy\u0161uj\u00ed \u00fa\u010dinnost \u010di\u0161t\u011bn\u00ed.<\/p>\n\n\n\n<div class=\"wp-block-columns is-layout-flex wp-container-core-columns-is-layout-28f84493 wp-block-columns-is-layout-flex\">\n<div class=\"wp-block-column is-layout-flow wp-block-column-is-layout-flow\">\n<figure class=\"wp-block-image aligncenter size-large is-resized\"><img decoding=\"async\" width=\"1024\" height=\"549\" src=\"https:\/\/obera.fr\/wp-content\/uploads\/2025\/03\/charbon-actif-noir-1024x549.jpg\" alt=\"\u010dern\u00e9 aktivn\u00ed uhl\u00ed\" class=\"wp-image-76492\" style=\"width:297px;height:auto\" srcset=\"https:\/\/obera.fr\/wp-content\/uploads\/2025\/03\/charbon-actif-noir-1024x549.jpg 1024w, https:\/\/obera.fr\/wp-content\/uploads\/2025\/03\/charbon-actif-noir-300x161.jpg 300w, https:\/\/obera.fr\/wp-content\/uploads\/2025\/03\/charbon-actif-noir-768x412.jpg 768w, https:\/\/obera.fr\/wp-content\/uploads\/2025\/03\/charbon-actif-noir.jpg 1200w\" sizes=\"(max-width: 1024px) 100vw, 1024px\" \/><\/figure>\n<\/div>\n\n\n\n<div class=\"wp-block-column is-layout-flow wp-block-column-is-layout-flow\">\n<figure class=\"wp-block-image aligncenter size-large is-resized\"><img decoding=\"async\" width=\"1024\" height=\"549\" src=\"https:\/\/obera.fr\/wp-content\/uploads\/2025\/03\/charbon-actif-mix-1024x549.jpg\" alt=\"sm\u011bs aktivn\u00edho uhl\u00ed\" class=\"wp-image-76515\" style=\"width:302px;height:auto\" srcset=\"https:\/\/obera.fr\/wp-content\/uploads\/2025\/03\/charbon-actif-mix-1024x549.jpg 1024w, https:\/\/obera.fr\/wp-content\/uploads\/2025\/03\/charbon-actif-mix-300x161.jpg 300w, https:\/\/obera.fr\/wp-content\/uploads\/2025\/03\/charbon-actif-mix-768x412.jpg 768w, https:\/\/obera.fr\/wp-content\/uploads\/2025\/03\/charbon-actif-mix.jpg 1200w\" sizes=\"(max-width: 1024px) 100vw, 1024px\" \/><\/figure>\n<\/div>\n\n\n\n<div class=\"wp-block-column is-layout-flow wp-block-column-is-layout-flow\">\n<figure class=\"wp-block-image aligncenter size-large is-resized\"><img decoding=\"async\" width=\"1024\" height=\"549\" src=\"https:\/\/obera.fr\/wp-content\/uploads\/2025\/03\/charbon-actif-purple-1024x549.png\" alt=\"aktivn\u00ed uhl\u00ed fialov\u00e9\" class=\"wp-image-76468\" style=\"width:293px;height:auto\" srcset=\"https:\/\/obera.fr\/wp-content\/uploads\/2025\/03\/charbon-actif-purple-1024x549.png 1024w, https:\/\/obera.fr\/wp-content\/uploads\/2025\/03\/charbon-actif-purple-300x161.png 300w, https:\/\/obera.fr\/wp-content\/uploads\/2025\/03\/charbon-actif-purple-768x412.png 768w, https:\/\/obera.fr\/wp-content\/uploads\/2025\/03\/charbon-actif-purple.png 1200w\" sizes=\"(max-width: 1024px) 100vw, 1024px\" \/><\/figure>\n<\/div>\n<\/div>\n\n\n\n<h2 class=\"wp-block-heading\">Jak\u00e9 jsou funkce na\u0161ich profesion\u00e1ln\u00edch \u010disti\u010dek vzduchu?<\/h2>\n\n\n\n<p>V\u00fdkonn\u00e9 a tich\u00e9 \u010disti\u010dky vzduchu ePUR CA byly navr\u017eeny tak, aby se snadno pou\u017e\u00edvaly. Nepot\u0159ebujete \u017e\u00e1dn\u00e9 mont\u00e1\u017en\u00ed ani ods\u00e1vac\u00ed potrub\u00ed, sta\u010d\u00ed jen zapojit do elektrick\u00e9 z\u00e1suvky a m\u016f\u017eete za\u010d\u00edt pracovat. Jednotky jsou namontov\u00e1ny na kole\u010dk\u00e1ch, tak\u017ee je m\u016f\u017eete p\u0159emis\u0165ovat a maxim\u00e1ln\u011b usnadnit jejich pou\u017e\u00edv\u00e1n\u00ed.    <\/p>\n\n\n\n<p>Spot\u0159ebuj\u00ed m\u00e9n\u011b energie (m\u00e9n\u011b ne\u017e dom\u00e1c\u00ed vysava\u010d) a filtra\u010dn\u00ed m\u00e9dia lze vym\u011bnit za 5 minut pomoc\u00ed jedin\u00e9ho \u0161estihrann\u00e9ho kl\u00ed\u010de, tak\u017ee \u00fadr\u017eba je rychl\u00e1 a snadn\u00e1. Patrony napln\u011bn\u00e9 aktivn\u00edm uhl\u00edm se vyb\u00edraj\u00ed podle va\u0161ich pot\u0159eb a zne\u010di\u0161\u0165uj\u00edc\u00edch l\u00e1tek, kter\u00e9 je t\u0159eba vy\u010distit. Pr\u016ftoky se li\u0161\u00ed v z\u00e1vislosti na spot\u0159ebi\u010di. U nejmen\u0161\u00edho spot\u0159ebi\u010de z t\u00e9to \u0159ady, <strong>ePUR CA 10, je pr\u016ftok 1000 m3\/h<\/strong>. U prost\u0159edn\u00edho p\u0159\u00edstroje v \u0159ad\u011b, <strong>ePUR CA 30, je pr\u016ftok 3500 m3\/h<\/strong>. A kone\u010dn\u011b nejv\u00fdkonn\u011bj\u0161\u00ed spot\u0159ebi\u010d,<strong> ePUR CA 100<\/strong>, kter\u00fd je k dispozici pouze na vy\u017e\u00e1d\u00e1n\u00ed, m\u00e1<strong> pr\u016ftok 10 000 m3\/h<\/strong>.    <\/p>\n\n\n\n<figure class=\"wp-block-table\"><table class=\"has-fixed-layout\"><thead><tr><th>Za\u0159\u00edzen\u00ed<\/th><th><\/th><th>ePUR 10<\/th><th>ePUR 30<\/th><th>ePUR 100<\/th><\/tr><\/thead><tbody><tr><td>Pr\u016ftok<\/td><td>m3\/h<\/td><td>1 000<\/td><td>3 500<\/td><td>10 000<\/td><\/tr><tr><td>Intenzita<\/td><td>A<\/td><td>0.7<\/td><td>1.1<\/td><td>3.3<\/td><\/tr><tr><td>Nap\u00e1jec\u00ed nap\u011bt\u00ed<\/td><td>V<\/td><td>230<\/td><td>230<\/td><td>230<\/td><\/tr><tr><td>Power<\/td><td>kW<\/td><td>0.08<\/td><td>0.25<\/td><td>0,75<\/td><\/tr><tr><td>Rozm\u011bry<\/td><td>l\/L\/h (cm)<\/td><td>66 x 37 x 78 cm<\/td><td>66 x 68 x 125 cm<\/td><td>90 x 90 x 182<\/td><\/tr><tr><td>N\u00e1pl\u0148 aktivn\u00edho uhl\u00ed<\/td><td>kg<\/td><td>7.5<\/td><td>26<\/td><td>Na vy\u017e\u00e1d\u00e1n\u00ed<\/td><\/tr><tr><td>Hladina zvuku<\/td><td>dB(A)<\/td><td>63<\/td><td>65<\/td><td>69<\/td><\/tr><\/tbody><\/table><\/figure>\n\n\n\n<div class=\"wp-block-buttons is-horizontal is-content-justification-center is-layout-flex wp-container-core-buttons-is-layout-03627597 wp-block-buttons-is-layout-flex\">\n<div class=\"wp-block-button is-style-outline is-style-outline--1\"><a class=\"wp-block-button__link wp-element-button\" href=\"https:\/\/obera.fr\/wp-content\/uploads\/2023\/05\/catalogue-epur-10-30-50-100-150.pdf\">St\u00e1hn\u011bte si produktov\u00fd list ve form\u00e1tu PDF<\/a><\/div>\n<\/div>\n\n\n\n<h2 class=\"wp-block-heading\">Jak\u00e9 jsou v\u00fdhody t\u00e9to \u0159ady profesion\u00e1ln\u00edch \u010disti\u010dek vzduchu ePUR CA?<\/h2>\n\n\n\n<figure class=\"wp-block-image alignright size-thumbnail\"><img decoding=\"async\" width=\"150\" height=\"150\" src=\"https:\/\/obera.fr\/wp-content\/uploads\/2020\/09\/ePUR-CA-Filtres-150x150.jpg\" alt=\"Filtry Epur Ca\" class=\"wp-image-1014\"\/><figcaption class=\"wp-element-caption\">Filtry pro ePUR<\/figcaption><\/figure>\n\n\n\n<p>Na\u0161e profesion\u00e1ln\u00ed \u010disti\u010dky vzduchu nejen<strong>zlep\u0161uj\u00ed kvalitu vzduchu,<\/strong> ale tak\u00e9 chr\u00e1n\u00ed zam\u011bstnance p\u0159ed jemn\u00fdmi \u010d\u00e1sticemi a dal\u0161\u00edmi plynn\u00fdmi zne\u010di\u0161\u0165uj\u00edc\u00edmi l\u00e1tkami, aby se minimalizovalo vystaven\u00ed jak\u00e9mukoli typu plicn\u00edho nebo srde\u010dn\u00edho onemocn\u011bn\u00ed.  <\/p>\n\n\n\n<p>\u00daspory energie a n\u00e1klad\u016f na \u010di\u0161t\u011bn\u00ed jsou v\u00fdznamn\u00e9 tak\u00e9 d\u00edky proud\u011bn\u00ed vzduchu, kter\u00e9 stroj vytv\u00e1\u0159\u00ed a kter\u00e9 p\u0159iv\u00e1d\u00ed hork\u00fd vzduch shora dol\u016f, \u010d\u00edm\u017e temperuje pracovn\u00ed prostor. Teplo z filtrovan\u00e9ho vzduchu je tak\u00e9 znovu p\u0159iv\u00e1d\u011bno do budovy, \u010d\u00edm\u017e se sni\u017euje spot\u0159eba tepla na vyt\u00e1p\u011bn\u00ed.   <\/p>\n\n\n\n<p>Dal\u0161\u00ed v\u00fdhodou je, \u017ee ochrana v\u00fdrobn\u00edch n\u00e1stroj\u016f znamen\u00e1 m\u00e9n\u011b poruch, a p\u0159isp\u00edv\u00e1 tak ke zv\u00fd\u0161en\u00ed \u017eivotnosti v\u00fdrobn\u00edch stroj\u016f. Na\u0161e pr\u016fmyslov\u00e9 \u010disti\u010dky vzduchu tak\u00e9 spl\u0148uj\u00ed limitn\u00ed hodnoty expozice na pracovi\u0161ti<strong>(<\/strong>OEL). <\/p>\n\n\n\n<p><\/p>\n\n\n\n<div class=\"wp-block-columns is-layout-flex wp-container-core-columns-is-layout-28f84493 wp-block-columns-is-layout-flex\">\n<div class=\"wp-block-column is-layout-flow wp-block-column-is-layout-flow\">\n<h3 class=\"wp-block-heading has-text-align-center\">V\u00fdhody<\/h3>\n\n\n\n<ul class=\"wp-block-list\">\n<li>Plug &amp; Play: sta\u010d\u00ed zapojit do s\u00edt\u011b a je p\u0159ipraven k pou\u017eit\u00ed.<\/li>\n\n\n\n<li>V\u00fdkonn\u00fd a tich\u00fd<\/li>\n\n\n\n<li>\u017d\u00e1dn\u00e9 instala\u010dn\u00ed nebo ods\u00e1vac\u00ed kan\u00e1ly<\/li>\n\n\n\n<li>Navr\u017eeno tak, aby se d\u00edky kole\u010dk\u016fm snadno p\u0159emis\u0165ovalo.<\/li>\n\n\n\n<li>Velmi n\u00edzk\u00e1 spot\u0159eba energie (ni\u017e\u0161\u00ed ne\u017e u dom\u00e1c\u00edho vysava\u010de)<\/li>\n<\/ul>\n<\/div>\n\n\n\n<div class=\"wp-block-column is-layout-flow wp-block-column-is-layout-flow\">\n<h3 class=\"wp-block-heading has-text-align-center\">Speci\u00e1ln\u00ed funkce<\/h3>\n\n\n\n<ul class=\"wp-block-list\">\n<li>Patrony s aktivn\u00edm uhl\u00edm vybran\u00e9 podle zne\u010di\u0161\u0165uj\u00edc\u00edch l\u00e1tek, kter\u00e9 maj\u00ed b\u00fdt vy\u010di\u0161t\u011bny.<\/li>\n\n\n\n<li>Opakovan\u011b pou\u017eiteln\u00e9 a recyklovateln\u00e9 kazety<\/li>\n\n\n\n<li>V\u00fdm\u011bnu filtra\u010dn\u00ed n\u00e1pln\u011b zvl\u00e1dnete sami za pouh\u00fdch 5 minut, sta\u010d\u00ed v\u00e1m k tomu jeden imbusov\u00fd kl\u00ed\u010d.<\/li>\n\n\n\n<li>Zapojen\u00ed do standardn\u00ed z\u00e1suvky 220 V<\/li>\n<\/ul>\n<\/div>\n\n\n\n<div class=\"wp-block-column is-layout-flow wp-block-column-is-layout-flow\">\n<h3 class=\"wp-block-heading has-text-align-center\">Funkce<\/h3>\n\n\n\n<ul class=\"wp-block-list\">\n<li>V\u00fdrazn\u011b zlep\u0161uje kvalitu ovzdu\u0161\u00ed ve v\u00fdrobn\u00edch d\u00edln\u00e1ch dopln\u011bn\u00edm st\u00e1vaj\u00edc\u00edch syst\u00e9m\u016f.<\/li>\n\n\n\n<li>Zachycuje zne\u010di\u0161\u0165uj\u00edc\u00ed l\u00e1tky, kter\u00e9 nelze zachytit u zdroje.<\/li>\n<\/ul>\n<\/div>\n<\/div>\n\n\n\n<div class=\"wp-block-buttons is-horizontal is-content-justification-center is-layout-flex wp-container-core-buttons-is-layout-03627597 wp-block-buttons-is-layout-flex\">\n<div class=\"wp-block-button has-custom-width wp-block-button__width-100\"><a class=\"wp-block-button__link wp-element-button\" href=\"https:\/\/obera.fr\/cs\/kontaktujte-nas\/\">Zjist\u011bte v\u00edce<\/a><\/div>\n<\/div>\n\n\n\n<p><\/p>\n\n\n\n<h2 class=\"wp-block-heading\">P\u0159\u00edklady pou\u017eit\u00ed na\u0161ich \u010disti\u010dek vzduchu s aktivn\u00edm uhl\u00edm:<\/h2>\n\n\n\n<h3 class=\"wp-block-heading\">Kade\u0159nick\u00e9 salony, nehtov\u00e9 salony a salony kr\u00e1sy<\/h3>\n\n\n\n<figure class=\"wp-block-image alignright size-medium\"><img decoding=\"async\" width=\"300\" height=\"200\" src=\"https:\/\/obera.fr\/wp-content\/uploads\/2020\/10\/salon-de-coiffure-300x200.jpg\" alt=\"Kade\u0159nick\u00fd salon\" class=\"wp-image-1228\" srcset=\"https:\/\/obera.fr\/wp-content\/uploads\/2020\/10\/salon-de-coiffure-300x200.jpg 300w, https:\/\/obera.fr\/wp-content\/uploads\/2020\/10\/salon-de-coiffure-768x512.jpg 768w, https:\/\/obera.fr\/wp-content\/uploads\/2020\/10\/salon-de-coiffure.jpg 1024w\" sizes=\"(max-width: 300px) 100vw, 300px\" \/><figcaption class=\"wp-element-caption\">Kade\u0159nictv\u00ed<\/figcaption><\/figure>\n\n\n\n<p><strong>Kade\u0159nictv\u00ed<\/strong>, nehtov\u00e9 salony a kosmetick\u00e9 salony jsou obzvl\u00e1\u0161t\u011b vystaveny rizik\u016fm spojen\u00fdm s kvalitou ovzdu\u0161\u00ed a p\u0159i jejich \u010dinnosti vznikaj\u00ed zne\u010di\u0161\u0165uj\u00edc\u00ed l\u00e1tky ve form\u011b aerosol\u016f, jemn\u00e9ho prachu a \u010detn\u00fdch <strong>plynn\u00fdch zne\u010di\u0161\u0165uj\u00edc\u00edch l\u00e1tek z<\/strong> v\u00fdrobk\u016f, kter\u00e9 pou\u017e\u00edvaj\u00ed, jako je \u010dpavek, p\u0159\u00edpravky na trvalou ondulaci, p\u0159\u00edpravky na b\u011blen\u00ed a barven\u00ed vlas\u016f, spreje, peroxid vod\u00edku, formaldehydy a vlasy.  <\/p>\n\n\n\n<p>Kade\u0159n\u00edci a kosmeti\u010dky se \u010dasto pot\u00fdkaj\u00ed se siln\u00fdmi <strong>pachy<\/strong>, <strong>podr\u00e1\u017ed\u011bn\u00edm<\/strong>, <strong>bolestmi hlavy a d\u00fdchac\u00edmi alergiemi<\/strong>. Kade\u0159nictv\u00ed, nehtov\u00e9 salony a kosmetick\u00e9 salony jsou obecn\u011b \u0161patn\u011b v\u011btran\u00e9. \u0158e\u0161en\u00edm pro zlep\u0161en\u00ed celkov\u00e9 kvality vzduchu jsou \u010disti\u010dky vzduchu. Mohou b\u00fdt pou\u017eity bu\u010f s ramenem pro zachycen\u00ed zdroje a\/nebo p\u0159\u00edmo v prost\u0159ed\u00ed.     <\/p>\n\n\n\n<blockquote class=\"wp-block-quote is-layout-flow wp-block-quote-is-layout-flow\">\n<p>Doporu\u010den\u00e1 konfigurace filtru: G4 + E11 + aktivn\u00ed uhl\u00ed (se sb\u011brn\u00fdm ramenem)<\/p>\n<\/blockquote>\n\n\n\n<h3 class=\"wp-block-heading\">Otev\u0159en\u00e9 prostory\/kancel\u00e1\u0159e<\/h3>\n\n\n\n<figure class=\"wp-block-image alignright size-medium\"><img decoding=\"async\" width=\"300\" height=\"200\" src=\"https:\/\/obera.fr\/wp-content\/uploads\/2020\/10\/salle-open-space-300x200.jpg\" alt=\"Otev\u0159en\u00fd prostor\" class=\"wp-image-1230\" srcset=\"https:\/\/obera.fr\/wp-content\/uploads\/2020\/10\/salle-open-space-300x200.jpg 300w, https:\/\/obera.fr\/wp-content\/uploads\/2020\/10\/salle-open-space-768x512.jpg 768w, https:\/\/obera.fr\/wp-content\/uploads\/2020\/10\/salle-open-space.jpg 1024w\" sizes=\"(max-width: 300px) 100vw, 300px\" \/><figcaption class=\"wp-element-caption\">M\u00edstnost s otev\u0159en\u00fdm prostorem<\/figcaption><\/figure>\n\n\n\n<p>Zam\u011bstnanci pracuj\u00edc\u00ed v kancel\u00e1\u0159\u00edch nebo otev\u0159en\u00fdch kancel\u00e1\u0159\u00edch jsou <strong>vystaveni zejm\u00e9na zne\u010di\u0161t\u011bn\u00ed ovzdu\u0161\u00ed zven\u010d\u00ed<\/strong> (prach, pachy, pyl a zne\u010di\u0161t\u011bn\u00ed v m\u011bstsk\u00fdch oblastech), zne\u010di\u0161t\u011bn\u00ed uvnit\u0159 budov (biologick\u00e9: viry, bakterie, mikroby) a chemick\u00e9mu zne\u010di\u0161t\u011bn\u00ed (pachy, \u010distic\u00ed prost\u0159edky a \u0161kodliviny uvol\u0148ovan\u00e9 z n\u00e1bytku, barev, koberc\u016f a jin\u00fdch stavebn\u00edch materi\u00e1l\u016f).<\/p>\n\n\n\n<p>Tento jev se zhor\u0161uje, pokud jsou kancel\u00e1\u0159e v\u011btran\u00e9, s n\u00edzk\u00fdm tlakem a v sousedstv\u00ed v\u00fdrobn\u00ed d\u00edlny nebo zne\u010di\u0161t\u011bn\u00e9 m\u011bstsk\u00e9 oblasti. V takov\u00e9m p\u0159\u00edpad\u011b se zne\u010di\u0161t\u011bn\u00ed vzduchu p\u0159en\u00e1\u0161\u00ed do kancel\u00e1\u0159\u00ed. <\/p>\n\n\n\n<blockquote class=\"wp-block-quote is-layout-flow wp-block-quote-is-layout-flow\">\n<p>Doporu\u010den\u00e1 konfigurace filtru: G4 + F8 nebo G4 + H14 nebo G4 + H14 + aktivn\u00ed uhl\u00ed.<\/p>\n<\/blockquote>\n\n\n\n<p><\/p>\n\n\n\n<h3 class=\"wp-block-heading\">Zdravotnictv\u00ed (nemocnice, pe\u010dovatelsk\u00e9 domy, veterin\u00e1\u0159i, pedik\u00e9\u0159i, zuba\u0159i a zubn\u00ed technici, ordinace l\u00e9ka\u0159\u016f, poh\u0159ebn\u00ed \u00fastavy).<\/h3>\n\n\n\n<figure class=\"wp-block-image alignright size-medium\"><img decoding=\"async\" width=\"200\" height=\"300\" src=\"https:\/\/obera.fr\/wp-content\/uploads\/2020\/10\/hopital-200x300.jpg\" alt=\"Nemocnice\" class=\"wp-image-1232\" srcset=\"https:\/\/obera.fr\/wp-content\/uploads\/2020\/10\/hopital-200x300.jpg 200w, https:\/\/obera.fr\/wp-content\/uploads\/2020\/10\/hopital-683x1024.jpg 683w, https:\/\/obera.fr\/wp-content\/uploads\/2020\/10\/hopital-768x1152.jpg 768w, https:\/\/obera.fr\/wp-content\/uploads\/2020\/10\/hopital.jpg 1024w\" sizes=\"(max-width: 200px) 100vw, 200px\" \/><figcaption class=\"wp-element-caption\">Nemocnice<\/figcaption><\/figure>\n\n\n\n<p>Pot\u0159eby jsou r\u016fzn\u00e9:<\/p>\n\n\n\n<ul class=\"wp-block-list\">\n<li>Zlep\u0161en\u00ed kvality ovzdu\u0161\u00ed za \u00fa\u010delem <strong>sn\u00ed\u017een\u00ed kontaminace p\u0159en\u00e1\u0161en\u00e9 vzduchem<\/strong> (viry, bakterie).<\/li>\n\n\n\n<li>Dezinfikujte a <strong>zabra\u0148te \u0161\u00ed\u0159en\u00ed vir\u016f<\/strong>, bakteri\u00ed atd.<\/li>\n\n\n\n<li>Odstra\u0148ov\u00e1n\u00ed obt\u011b\u017euj\u00edc\u00edch pach\u016f a <strong>neutralizace r\u016fzn\u00fdch forem pachov\u00e9ho zne\u010di\u0161t\u011bn\u00ed<\/strong>.<\/li>\n\n\n\n<li><strong>Sni\u017ete \u00farove\u0148 pra\u0161nosti<\/strong> p\u0159i \u010dinnostech, p\u0159i nich\u017e vznik\u00e1 prach.<\/li>\n<\/ul>\n\n\n\n<p><\/p>\n\n\n\n<h3 class=\"wp-block-heading\">Ve\u0159ejn\u011b p\u0159\u00edstupn\u00e1 za\u0159\u00edzen\u00ed (m\u00edstn\u00ed \u00fa\u0159ady, jesle, \u0161koly).<\/h3>\n\n\n\n<p>Monitorov\u00e1n\u00ed kvality vnit\u0159n\u00edho ovzdu\u0161\u00ed je ve vzd\u011bl\u00e1vac\u00edch za\u0159\u00edzen\u00edch povinn\u00e9 od<sup>1.<\/sup> ledna 2020 a v jesl\u00edch od<sup>1.<\/sup> ledna 2018.<\/p>\n\n\n\n<p>Mezi parametry kvality ovzdu\u0161\u00ed pat\u0159\u00ed <strong>jemn\u00e9 \u010d\u00e1stice<\/strong>, <strong>formaldehydy<\/strong>, <strong>t\u011bkav\u00e9 organick\u00e9 l\u00e1tky<\/strong>, <strong>benzen<\/strong> a <strong>oxid uhli\u010dit\u00fd<\/strong>. Mezi p\u0159\u00edznaky \u0161patn\u00e9 kvality ovzdu\u0161\u00ed pat\u0159\u00ed bolesti hlavy, podr\u00e1\u017ed\u011bn\u00ed a alergie d\u00fdchac\u00edch cest.   <\/p>\n\n\n\n<p>Tento jev se zhor\u0161uje, pokud jsou prostory \u0161patn\u011b v\u011btran\u00e9 nebo nejsou odv\u011btr\u00e1v\u00e1ny. K o\u0161et\u0159en\u00ed t\u011bchto r\u016fzn\u00fdch zdroj\u016f zne\u010di\u0161t\u011bn\u00ed lze instalovat \u010disti\u010dku vzduchu v m\u00edstnosti. <\/p>\n\n\n\n<p><\/p>\n\n\n\n<h2 class=\"wp-block-heading\">Jak nastavit profesion\u00e1ln\u00ed \u010disti\u010dku vzduchu s aktivn\u00edm uhl\u00edm?<\/h2>\n\n\n\n<p>Je d\u016fle\u017eit\u00e9 v\u011bd\u011bt, \u017ee plynn\u00e9 (molekul\u00e1rn\u00ed) zne\u010di\u0161\u0165uj\u00edc\u00ed l\u00e1tky se zastav\u00ed na adsorbentu, jako je <strong>aktivn\u00ed uhl\u00ed<\/strong>. Pevn\u00e9 zne\u010di\u0161\u0165uj\u00edc\u00ed l\u00e1tky (prach, kou\u0159, mlha atd.) jsou zastaveny filtrem pevn\u00fdch \u010d\u00e1stic. <\/p>\n\n\n\n<p>\u010cisti\u010dky vzduchu ePUR CA mohou obsahovat 2 a\u017e 3 konfigurovateln\u00e9 stupn\u011b filtrace.<\/p>\n\n\n\n<p>V p\u0159\u00edpad\u011b zne\u010di\u0161t\u011bn\u00ed \u010d\u00e1sticemi jsou 4 filtra\u010dn\u00ed stupn\u011b ur\u010deny k postupn\u00e9 separaci \u010d\u00e1stic r\u016fzn\u00fdch velikost\u00ed. Lze pou\u017e\u00edt v\u0161echny filtra\u010dn\u00ed t\u0159\u00eddy, od <strong>ISO Coarse 50%<\/strong> (d\u0159\u00edve G3) a\u017e po <strong>HEPA H14<\/strong>. <\/p>\n\n\n\n<p>Pokud jsou zne\u010di\u0161\u0165uj\u00edc\u00ed l\u00e1tky plynn\u00e9, jsou k ochran\u011b aktivn\u00edho uhl\u00ed zapot\u0159eb\u00ed dva stupn\u011b aktivn\u00edho uhl\u00ed a prvn\u00ed stupe\u0148 filtru \u010d\u00e1stic.<\/p>\n\n\n\n<p>V p\u0159\u00edpad\u011b kombinace plynn\u00fdch a pevn\u00fdch zne\u010di\u0161\u0165uj\u00edc\u00edch l\u00e1tek se stupn\u011b filtru pevn\u00fdch \u010d\u00e1stic kombinuj\u00ed s jedn\u00edm nebo v\u00edce stupni filtru s aktivn\u00edm uhl\u00edm. Filtry pevn\u00fdch \u010d\u00e1stic slou\u017e\u00ed k ochran\u011b filtru s aktivn\u00edm uhl\u00edm, \u010d\u00edm\u017e zaru\u010duj\u00ed jeho dlouhou \u017eivotnost a \u00fa\u010dinnost. <\/p>\n\n\n\n<blockquote class=\"wp-block-quote is-layout-flow wp-block-quote-is-layout-flow\">\n<p>V p\u0159\u00edpad\u011b v\u00fdskytu vir\u016f, bakteri\u00ed, CMR nebo nebezpe\u010dn\u00fdch prach\u016f je t\u0159eba zvolit <strong>vysoce \u00fa\u010dinn\u00e9 filtry<\/strong> (EPE E11 a vy\u0161\u0161\u00ed).<\/p>\n<\/blockquote>\n\n\n\n<p>Tam, kde je vysok\u00e1 koncentrace prachu, je d\u016fle\u017eit\u00e9 zv\u00fd\u0161it po\u010det stup\u0148\u016f p\u0159edfiltrace, aby byl chr\u00e1n\u011bn filtr nejvy\u0161\u0161\u00ed kvality. Filtr H14 m\u016f\u017ee m\u00edt a\u017e \u010dty\u0159n\u00e1sobnou hodnotu oproti filtru F8. <\/p>\n\n\n\n<p>M\u011bli byste si tak\u00e9 uv\u011bdomit, \u017ee vysoce \u00fa\u010dinn\u00fd filtr nen\u00ed nezbytn\u011b nutn\u00fd, pokud je zpracov\u00e1van\u00fd prach hrub\u00fd. Hroz\u00ed, \u017ee se ucpe mnohem rychleji ne\u017e filtr vhodn\u00fd pro hrub\u00fd prach, a proto bude jeho v\u00fdm\u011bna dra\u017e\u0161\u00ed. <\/p>\n\n\n\n<p>Zde je n\u011bkolik p\u0159\u00edklad\u016f mo\u017en\u00fdch konfigurac\u00ed vzduchov\u00e9ho filtru:<\/p>\n\n\n\n<ul class=\"wp-block-list\">\n<li>G4\/F8 pro t\u0159\u00eddy prachu L<\/li>\n\n\n\n<li>G4\/E11 pro t\u0159\u00eddy prachu M a\u017e H<\/li>\n\n\n\n<li>G4 \/F8 \/ HEPA H14 pro t\u0159\u00eddy prachu H<\/li>\n\n\n\n<li>G3\/F8\/H14 pro t\u0159\u00eddy prachu H<\/li>\n\n\n\n<li>G4 \/ F8 \/ E11 pro t\u0159\u00eddy prachu M a\u017e H<\/li>\n\n\n\n<li>G3 \/ F8 \/ E11 pro t\u0159\u00eddy prachu M a\u017e H<\/li>\n\n\n\n<li>G4 \/ F8\/ Aktivn\u00ed uhl\u00ed pro t\u0159\u00eddu prachu L a \u010di\u0161t\u011bn\u00ed z\u00e1pachu<\/li>\n\n\n\n<li>G3 \/ F8\/ Aktivn\u00ed uhl\u00ed pro t\u0159\u00eddu prachu L a \u010di\u0161t\u011bn\u00ed z\u00e1pachu<\/li>\n\n\n\n<li>F7\/ H14 \/ aktivn\u00ed uhl\u00ed pro t\u0159\u00eddu prachu H a \u010di\u0161t\u011bn\u00ed z\u00e1pachu<\/li>\n\n\n\n<li>F7\/E11\/ aktivn\u00ed uhl\u00ed pro t\u0159\u00eddy prachu od M do H a \u010di\u0161t\u011bn\u00ed z\u00e1pachu.<\/li>\n\n\n\n<li>G4 \/ CA\/ CA Pouze pro o\u0161et\u0159en\u00ed z\u00e1pachu.<\/li>\n<\/ul>\n\n\n\n<blockquote class=\"wp-block-quote is-layout-flow wp-block-quote-is-layout-flow\">\n<p>V\u011bt\u0161ina na\u0161ich filtr\u016f a\u017e do \u00farovn\u011b EPA E11 je vyrobena ze 100% polyesteru, neobsahuje \u017e\u00e1dn\u00e1 barviva, rozpou\u0161t\u011bdla ani pojiva, tak\u017ee nepou\u017e\u00edv\u00e1me sklen\u011bn\u00e1 vl\u00e1kna, kter\u00e1 uvol\u0148uj\u00ed karcinogenn\u00ed vl\u00e1kna.<\/p>\n<\/blockquote>\n\n\n\n<h2 class=\"wp-block-heading\">Dal\u0161\u00ed \u010disti\u010dky vzduchu zna\u010dky oberA<\/h2>\n\n\n\n<div class=\"wp-block-columns is-layout-flex wp-container-core-columns-is-layout-28f84493 wp-block-columns-is-layout-flex\">\n<div class=\"wp-block-column is-layout-flow wp-block-column-is-layout-flow\">\n<figure class=\"wp-block-image aligncenter size-medium\"><a href=\"https:\/\/obera.fr\/produits\/purificateurs-air\/filtower\/\"><img decoding=\"async\" width=\"300\" height=\"300\" src=\"https:\/\/obera.fr\/wp-content\/uploads\/2020\/09\/FILTOWER-SF-300x300.png\" alt=\"Filtra\u010dn\u00ed v\u011b\u017e Sf\" class=\"wp-image-1017\" srcset=\"https:\/\/obera.fr\/wp-content\/uploads\/2020\/09\/FILTOWER-SF-300x300.png 300w, https:\/\/obera.fr\/wp-content\/uploads\/2020\/09\/FILTOWER-SF-150x150.png 150w, https:\/\/obera.fr\/wp-content\/uploads\/2020\/09\/FILTOWER-SF.png 600w\" sizes=\"(max-width: 300px) 100vw, 300px\" \/><\/a><figcaption class=\"wp-element-caption\">Filtra\u010dn\u00ed v\u011b\u017e<\/figcaption><\/figure>\n<\/div>\n\n\n\n<div class=\"wp-block-column is-layout-flow wp-block-column-is-layout-flow\">\n<figure class=\"wp-block-image aligncenter size-medium\"><a href=\"https:\/\/obera.fr\/produits\/purificateurs-air\/industriel-epur\/\"><img decoding=\"async\" width=\"214\" height=\"300\" src=\"https:\/\/obera.fr\/wp-content\/uploads\/2020\/10\/ePUR100-214x300.png\" alt=\"Epur100\" class=\"wp-image-1210\" srcset=\"https:\/\/obera.fr\/wp-content\/uploads\/2020\/10\/ePUR100-214x300.png 214w, https:\/\/obera.fr\/wp-content\/uploads\/2020\/10\/ePUR100.png 400w\" sizes=\"(max-width: 214px) 100vw, 214px\" \/><\/a><figcaption class=\"wp-element-caption\">ePUR<\/figcaption><\/figure>\n<\/div>\n\n\n\n<div class=\"wp-block-column is-layout-flow wp-block-column-is-layout-flow\">\n<figure class=\"wp-block-image aligncenter size-medium\"><a href=\"https:\/\/obera.fr\/produits\/purificateurs-air\/poussieres-epur-b01-ecoprime\/\"><img decoding=\"async\" width=\"300\" height=\"300\" src=\"https:\/\/obera.fr\/wp-content\/uploads\/2020\/09\/epur-b01-ecoprime-300x300.jpg\" alt=\"Epur B01 Ecoprime\" class=\"wp-image-1008\" srcset=\"https:\/\/obera.fr\/wp-content\/uploads\/2020\/09\/epur-b01-ecoprime-300x300.jpg 300w, https:\/\/obera.fr\/wp-content\/uploads\/2020\/09\/epur-b01-ecoprime-150x150.jpg 150w, https:\/\/obera.fr\/wp-content\/uploads\/2020\/09\/epur-b01-ecoprime.jpg 433w\" sizes=\"(max-width: 300px) 100vw, 300px\" \/><\/a><figcaption class=\"wp-element-caption\">ePUR B01 Ecoprime<\/figcaption><\/figure>\n<\/div>\n<\/div>\n\n\n\n<p><\/p>\n","protected":false},"excerpt":{"rendered":"<p>Na\u0161e profesion\u00e1ln\u00ed \u010disti\u010dky vzduchu ePUR CA jsou mobiln\u00ed jednotky s aktivn\u00edm uhl\u00edm, kter\u00e9 nevy\u017eaduj\u00ed \u017e\u00e1dn\u00e9 potrub\u00ed ani mont\u00e1\u017e. Jak funguj\u00ed na\u0161e profesion\u00e1ln\u00ed \u010disti\u010dky vzduchu? Obsluha je jednoduch\u00e1: zne\u010di\u0161t\u011bn\u00fd vzduch se nas\u00e1v\u00e1 horn\u00ed \u010d\u00e1st\u00ed jednotky. N\u00e1sledn\u011b jsou pevn\u00e9 a kapaln\u00e9 \u010d\u00e1stice zastaveny postupn\u00fdmi vrstvami filtr\u016f a ve\u0161ker\u00e9 plynn\u00e9 zne\u010di\u0161\u0165uj\u00edc\u00ed l\u00e1tky filtrem s aktivn\u00edm uhl\u00edm. \u010cisti\u010dka vzduchu \u010dist\u00ed vzduch v pracovn\u00edm prostoru t\u00edm, \u017ee ho protla\u010duje p\u0159es r\u016fzn\u00e9 stupn\u011b filtrace. \u010cisti\u010dka vzduchu nas\u00e1v\u00e1 shora sloupec m\u00edrn\u011b teplej\u0161\u00edho vzduchu a vypou\u0161t\u00ed jej zp\u011bt do pracovn\u00edho prostoru na \u00farovni podlahy. Tento leh\u010d\u00ed vzduch p\u0159irozen\u011b stoup\u00e1 v m\u00edstnosti a vytv\u00e1\u0159\u00ed kruhov\u00fd pohyb, kter\u00fd o\u0161et\u0159uje ve\u0161ker\u00fd &#8230; <\/p>\n<p class=\"read-more-container\"><a title=\"Profesion\u00e1ln\u00ed \u010disti\u010dka vzduchu ePUR CA\" class=\"read-more button\" href=\"https:\/\/obera.fr\/cs\/produits\/purificateurs-air\/professionnel-epur-ca\/#more-45558\" aria-label=\"\u010c\u00edst v\u00edce o Profesion\u00e1ln\u00ed \u010disti\u010dka vzduchu ePUR CA\">Lire la suite<\/a><\/p>\n","protected":false},"author":4,"featured_media":83734,"parent":37682,"menu_order":0,"comment_status":"closed","ping_status":"closed","template":"","meta":{"_acf_changed":false,"_seopress_robots_primary_cat":"","_seopress_titles_title":"Profesion\u00e1ln\u00ed \u010disti\u010dka vzduchu s aktivn\u00edm uhl\u00edm ePUR CA","_seopress_titles_desc":"Profesion\u00e1ln\u00ed \u010disti\u010dka vzduchu oberA ePUR CA je mobiln\u00ed jednotka na \u00fapravu vzduchu s aktivn\u00edm uhl\u00edm, kter\u00e1 nevy\u017eaduje \u017e\u00e1dn\u00e9 potrub\u00ed.","_seopress_robots_index":"","footnotes":""},"class_list":{"0":"post-45558","1":"page","2":"type-page","3":"status-publish","4":"has-post-thumbnail","6":"no-featured-image-padding","7":"resize-featured-image"},"acf":[],"_links":{"self":[{"href":"https:\/\/obera.fr\/cs\/wp-json\/wp\/v2\/pages\/45558","targetHints":{"allow":["GET"]}}],"collection":[{"href":"https:\/\/obera.fr\/cs\/wp-json\/wp\/v2\/pages"}],"about":[{"href":"https:\/\/obera.fr\/cs\/wp-json\/wp\/v2\/types\/page"}],"author":[{"embeddable":true,"href":"https:\/\/obera.fr\/cs\/wp-json\/wp\/v2\/users\/4"}],"replies":[{"embeddable":true,"href":"https:\/\/obera.fr\/cs\/wp-json\/wp\/v2\/comments?post=45558"}],"version-history":[{"count":10,"href":"https:\/\/obera.fr\/cs\/wp-json\/wp\/v2\/pages\/45558\/revisions"}],"predecessor-version":[{"id":88544,"href":"https:\/\/obera.fr\/cs\/wp-json\/wp\/v2\/pages\/45558\/revisions\/88544"}],"up":[{"embeddable":true,"href":"https:\/\/obera.fr\/cs\/wp-json\/wp\/v2\/pages\/37682"}],"wp:featuredmedia":[{"embeddable":true,"href":"https:\/\/obera.fr\/cs\/wp-json\/wp\/v2\/media\/83734"}],"wp:attachment":[{"href":"https:\/\/obera.fr\/cs\/wp-json\/wp\/v2\/media?parent=45558"}],"curies":[{"name":"wp","href":"https:\/\/api.w.org\/{rel}","templated":true}]}}