{"id":45655,"date":"2020-05-01T17:17:54","date_gmt":"2020-05-01T15:17:54","guid":{"rendered":"https:\/\/obera.fr\/nase-produkty\/prumyslove-odlucovace-prachu\/"},"modified":"2025-05-26T14:12:33","modified_gmt":"2025-05-26T12:12:33","slug":"depoussiereurs-industriels","status":"publish","type":"page","link":"https:\/\/obera.fr\/cs\/produits\/depoussiereurs-industriels\/","title":{"rendered":"Pr\u016fmyslov\u00e9 odlu\u010dova\u010de prachu"},"content":{"rendered":"\n<p><strong>Zne\u010di\u0161t\u011bn\u00ed na pracovi\u0161t\u00edch<\/strong> je t\u00e9ma, kter\u00e9 by se nem\u011blo p\u0159ehl\u00ed\u017eet, a \u00faprava vzduchu je pro hladk\u00fd chod podniku nezbytn\u00e1.  <\/p>\n\n<p>Dobr\u00e9 pr\u016fmyslov\u00e9 odlu\u010dova\u010de prachu spolehliv\u011b odstran\u00ed v\u0161echny druhy zne\u010di\u0161\u0165uj\u00edc\u00edch l\u00e1tek, jako jsou <strong>t\u0159\u00edsky<\/strong>, <strong>prach<\/strong>, <strong>olejov\u00e1 mlha<\/strong>, <strong>z\u00e1pach<\/strong> a <strong>v\u00fdpary<\/strong>. Tyto \u0161kodliviny v podob\u011b <strong>jemn\u00fdch \u010d\u00e1stic<\/strong> v\u017edy p\u0159edstavuj\u00ed riziko pro zdrav\u00ed va\u0161ich zam\u011bstnanc\u016f, ale tak\u00e9 pro kvalitu va\u0161ich v\u00fdrobk\u016f a \u017eivotnost va\u0161ich stroj\u016f. Na\u0161e syst\u00e9my pr\u016fmyslov\u00e9ho ods\u00e1v\u00e1n\u00ed prachu lze pou\u017e\u00edt v \u0161irok\u00e9 \u0161k\u00e1le aplikac\u00ed, v\u010detn\u011b d\u0159eva\u0159sk\u00e9ho, chemick\u00e9ho, pap\u00edrensk\u00e9ho, kovopr\u016fmyslov\u00e9ho, plastov\u00e9ho a textiln\u00edho pr\u016fmyslu.  <\/p>\n\n<p>Spole\u010dnost OberA nab\u00edz\u00ed <strong>\u0161irokou \u0161k\u00e1lu pr\u016fmyslov\u00fdch odlu\u010dova\u010d\u016f prachu<\/strong> pro<a href=\"https:\/\/obera.fr\/cs\/nase-rady\/quel-depoussiereur-choisir-selon-type-poussiere\/\"> zpracov\u00e1n\u00ed r\u016fzn\u00fdch typ\u016f prachu<\/a>.<\/p>\n\n\n<h2 class=\"wp-block-heading\">Na\u0161e r\u016fzn\u00e9 typy za\u0159\u00edzen\u00ed na zachyt\u00e1v\u00e1n\u00ed prachu<\/h2>\n\n<div class=\"wp-block-columns are-vertically-aligned-top is-layout-flex wp-container-core-columns-is-layout-28f84493 wp-block-columns-is-layout-flex\">\n<div class=\"wp-block-column is-vertically-aligned-top is-layout-flow wp-block-column-is-layout-flow\">\n<h3 class=\"wp-block-heading has-text-align-center\"><br\/>pr\u016fmyslov\u00e9 odlu\u010dova\u010de prachu mobiln\u00ed<\/h3>\n\n\n\n<figure class=\"wp-block-image aligncenter size-full is-resized\"><a href=\"https:\/\/obera.fr\/cs\/produits\/depoussiereurs-industriels\/mobiles\/\"><img decoding=\"async\" width=\"2000\" height=\"1414\" src=\"https:\/\/obera.fr\/wp-content\/uploads\/2025\/05\/depoussiereur-mobile-2.png\" alt=\"mobiln&#xED; odlu&#x10D;ova&#x10D; prachu (2)\" class=\"wp-image-104459\" style=\"object-fit:contain;width:300px;height:300px\" srcset=\"https:\/\/obera.fr\/wp-content\/uploads\/2025\/05\/depoussiereur-mobile-2.png 2000w, https:\/\/obera.fr\/wp-content\/uploads\/2025\/05\/depoussiereur-mobile-2-300x212.png 300w, https:\/\/obera.fr\/wp-content\/uploads\/2025\/05\/depoussiereur-mobile-2-1024x724.png 1024w, https:\/\/obera.fr\/wp-content\/uploads\/2025\/05\/depoussiereur-mobile-2-768x543.png 768w, https:\/\/obera.fr\/wp-content\/uploads\/2025\/05\/depoussiereur-mobile-2-1536x1086.png 1536w\" sizes=\"(max-width: 2000px) 100vw, 2000px\" \/><\/a><\/figure>\n\n\n\n<p>Nab\u00edz\u00edme <strong>\u0159adu v\u00fdkonn\u00fdch za\u0159\u00edzen\u00ed,<\/strong> kter\u00e1 jsou mobiln\u00ed na kole\u010dk\u00e1ch a snadno se p\u0159emis\u0165uj\u00ed. Tyto syst\u00e9my ods\u00e1v\u00e1n\u00ed prachu nab\u00edzej\u00ed ide\u00e1ln\u00ed \u0159e\u0161en\u00ed pro um\u00edst\u011bn\u00ed co nejbl\u00ed\u017ee ke zdroji zne\u010di\u0161t\u011bn\u00ed, co\u017e umo\u017e\u0148uje<strong>efektivn\u011b ods\u00e1vat prach z jednoho a\u017e t\u0159\u00ed v\u00fdrobn\u00edch stroj\u016f<\/strong> nebo vyhov\u011bt pot\u0159eb\u00e1m <a href=\"https:\/\/obera.fr\/cs\/produits\/depoussiereurs-industriels\/mobiles\/\">mobiln\u00edho pracovi\u0161t\u011b<\/a>. <\/p>\n\n\n\n<p>Jejich p\u0159izp\u016fsobivost prost\u0159ed\u00ed zaru\u010duje optim\u00e1ln\u00ed pracovn\u00ed komfort a bezkonkuren\u010dn\u00ed \u00fa\u010dinnost. Tyto jednotky jsou ur\u010deny k p\u0159\u00edm\u00e9mu p\u0159ipojen\u00ed k jednomu nebo v\u00edce <a href=\"https:\/\/obera.fr\/cs\/produits\/bras-dispositifs-captation\/prumyslova-saci-ramena\/\">odtahov\u00fdm ramen\u016fm<\/a>, odsava\u010di nebo s\u00edti potrub\u00ed, aby<strong> zachycovaly prach a \u0161kodliviny<\/strong> p\u0159\u00edmo u zdroje. Na\u0161e mobiln\u00ed odlu\u010dova\u010de prachu zvl\u00e1dnou pr\u016ftok vzduchu od 1000 do 5000 m3\/h.  <\/p>\n<\/div>\n\n\n\n<div class=\"wp-block-column is-vertically-aligned-top is-layout-flow wp-block-column-is-layout-flow\">\n<h3 class=\"wp-block-heading has-text-align-center\"><br\/>pevn\u00e9 pr\u016fmyslov\u00e9 odlu\u010dova\u010de prachu<\/h3>\n\n\n\n<figure class=\"wp-block-image aligncenter size-full is-resized\"><a href=\"https:\/\/obera.fr\/cs\/produits\/depoussiereurs-industriels\/fixes\/\"><img decoding=\"async\" width=\"300\" height=\"300\" src=\"https:\/\/obera.fr\/wp-content\/uploads\/2022\/11\/depoussiereurs-fixes.png\" alt=\"pevn&#xE9; ods&#xE1;va&#x10D;e prachu\" class=\"wp-image-16143\" style=\"width:300px;height:300px\" srcset=\"https:\/\/obera.fr\/wp-content\/uploads\/2022\/11\/depoussiereurs-fixes.png 300w, https:\/\/obera.fr\/wp-content\/uploads\/2022\/11\/depoussiereurs-fixes-150x150.png 150w\" sizes=\"(max-width: 300px) 100vw, 300px\" \/><\/a><\/figure>\n\n\n\n<p>Nab\u00edz\u00edme <strong>\u0159adu v\u00fdkonn\u00fdch <\/strong>modul\u00e1rn\u00edch <strong>odlu\u010dova\u010d\u016f prachu <\/strong>pro centralizovan\u00e9 stacion\u00e1rn\u00ed syst\u00e9my ods\u00e1v\u00e1n\u00ed. Tyto syst\u00e9my jsou ide\u00e1ln\u00ed pro vys\u00e1v\u00e1n\u00ed jednoho nebo v\u00edce stroj\u016f prost\u0159ednictv\u00edm s\u00edt\u011b kan\u00e1l\u016f pro ods\u00e1v\u00e1n\u00ed prachu. Umo\u017e\u0148uj\u00ed efektivn\u00ed vys\u00e1v\u00e1n\u00ed mnoha sb\u011brn\u00fdch m\u00edst a <strong>zpracov\u00e1n\u00ed velk\u00e9ho mno\u017estv\u00ed prachu<\/strong> prost\u0159ednictv\u00edm sb\u011bra\u010de.  <\/p>\n\n\n\n<p>Na\u0161e <a href=\"https:\/\/obera.fr\/cs\/produits\/depoussiereurs-industriels\/fixes\/\">stacion\u00e1rn\u00ed odlu\u010dova\u010de prachu<\/a> zvl\u00e1dnou pr\u016ftok vzduchu od 3 000 do 100 000 m3\/h.<\/p>\n\n\n\n<p>Odd\u011blen\u00fd prach je odv\u00e1d\u011bn do sb\u011brn\u00e9 n\u00e1doby, jako je buben nebo z\u00e1suvka, nebo je odv\u00e1d\u011bn <strong>p\u0159es za\u0159\u00edzen\u00ed pro odv\u00e1d\u011bn\u00ed prachu<\/strong>, jako jsou vzduchov\u00e9 uz\u00e1v\u011bry nebo dvojit\u00e1 klapkov\u00e1 vrata. Tyto pevn\u00e9 pr\u016fmyslov\u00e9 odlu\u010dova\u010de prachu mohou b\u00fdt um\u00edst\u011bny uvnit\u0159 nebo vn\u011b budovy. Krom\u011b toho m\u016f\u017ee b\u00fdt upraven\u00fd vzduch odv\u00e1d\u011bn ven a\/nebo recyklov\u00e1n uvnit\u0159 budovy.  <\/p>\n\n\n\n<div style=\"height:33px\" aria-hidden=\"true\" class=\"wp-block-spacer\"><\/div>\n<\/div>\n\n\n\n<div class=\"wp-block-column is-vertically-aligned-top is-layout-flow wp-block-column-is-layout-flow\">\n<h3 class=\"wp-block-heading has-text-align-center\"><br\/>mal\u00e9 pr\u016fmyslov\u00e9 odlu\u010dova\u010de prachu<\/h3>\n\n\n\n<figure class=\"wp-block-image aligncenter size-full\"><a href=\"https:\/\/obera.fr\/cs\/produits\/depoussiereurs-industriels\/male-prumyslove-odlucovace-prachu\/\"><img decoding=\"async\" width=\"300\" height=\"300\" src=\"https:\/\/obera.fr\/wp-content\/uploads\/2022\/11\/petits-depoussiereurs.png\" alt=\"mal&#xE9; prachovky\" class=\"wp-image-16146\" srcset=\"https:\/\/obera.fr\/wp-content\/uploads\/2022\/11\/petits-depoussiereurs.png 300w, https:\/\/obera.fr\/wp-content\/uploads\/2022\/11\/petits-depoussiereurs-150x150.png 150w\" sizes=\"(max-width: 300px) 100vw, 300px\" \/><\/a><\/figure>\n\n\n\n<p>Nab\u00edz\u00edme <strong>\u0159adu p\u0159enosn\u00fdch,<\/strong> lehk\u00fdch, kompaktn\u00edch a tich\u00fdch <strong>za\u0159\u00edzen\u00ed,<\/strong> kter\u00e1 p\u0159edstavuj\u00ed ide\u00e1ln\u00ed \u0159e\u0161en\u00ed pro vys\u00e1v\u00e1n\u00ed pracovi\u0161t\u011b, integraci do v\u00fdrobn\u00edho stroje nebo ru\u010dn\u00ed p\u0159esun z jednoho pracovi\u0161t\u011b na druh\u00e9.<\/p>\n\n\n\n<p>Obecn\u011b lze \u0159\u00edci, \u017ee prach se zachycuje v z\u00e1suvce, pokud <strong>je odlu\u010dova\u010d prachu vybaven odkalovac\u00edm syst\u00e9mem<\/strong>, nebo se zachycuje filtra\u010dn\u00edm m\u00e9diem v p\u0159\u00edpad\u011b nasycovac\u00edch filtr\u016f.<\/p>\n\n\n\n<p><a href=\"https:\/\/obera.fr\/cs\/produits\/depoussiereurs-industriels\/male-prumyslove-odlucovace-prachu\/\">Mal\u00e9 pr\u016fmyslov\u00e9 odlu\u010dova\u010de prachu spole\u010dnosti OberA<\/a> jsou speci\u00e1ln\u011b navr\u017eeny pro nep\u0159etr\u017eit\u00e9 pou\u017eit\u00ed a zvl\u00e1dnou <strong>pr\u016ftok vzduchu<\/strong> od 100 do 1000 m3\/h.<\/p>\n<\/div>\n<\/div>\n\n<div class=\"wp-block-columns is-layout-flex wp-container-core-columns-is-layout-28f84493 wp-block-columns-is-layout-flex\">\n<div class=\"wp-block-column is-layout-flow wp-block-column-is-layout-flow\">\n<div class=\"wp-block-buttons is-horizontal is-content-justification-center is-layout-flex wp-container-core-buttons-is-layout-03627597 wp-block-buttons-is-layout-flex\">\n<div class=\"wp-block-button\"><a class=\"wp-block-button__link wp-element-button\" href=\"https:\/\/obera.fr\/produits\/depoussiereurs-industriels\/mobiles\/\">Pod\u00edvejte se na v\u0161echny na\u0161e mobiln\u00ed vysava\u010de<\/a><\/div>\n<\/div>\n<\/div>\n\n\n\n<div class=\"wp-block-column is-layout-flow wp-block-column-is-layout-flow\">\n<div class=\"wp-block-buttons is-horizontal is-content-justification-center is-layout-flex wp-container-core-buttons-is-layout-03627597 wp-block-buttons-is-layout-flex\">\n<div class=\"wp-block-button\"><a class=\"wp-block-button__link wp-element-button\" href=\"https:\/\/obera.fr\/produits\/depoussiereurs-industriels\/fixes\/\">Pod\u00edvejte se na v\u0161echny na\u0161e pevn\u00e9 odlu\u010dova\u010de prachu<\/a><\/div>\n<\/div>\n\n\n\n<div style=\"height:22px\" aria-hidden=\"true\" class=\"wp-block-spacer\"><\/div>\n<\/div>\n\n\n\n<div class=\"wp-block-column is-layout-flow wp-block-column-is-layout-flow\">\n<div class=\"wp-block-buttons is-horizontal is-content-justification-center is-layout-flex wp-container-core-buttons-is-layout-03627597 wp-block-buttons-is-layout-flex\">\n<div class=\"wp-block-button\"><a class=\"wp-block-button__link wp-element-button\" href=\"https:\/\/obera.fr\/produits\/depoussiereurs-industriels\/petits\/\">Pod\u00edvejte se na v\u0161echny na\u0161e mal\u00e9 prachovky<\/a><\/div>\n<\/div>\n<\/div>\n<\/div>\n\n<div class=\"wp-block-columns is-layout-flex wp-container-core-columns-is-layout-28f84493 wp-block-columns-is-layout-flex\">\n<div class=\"wp-block-column is-layout-flow wp-block-column-is-layout-flow\" style=\"flex-basis:33.33%\">\n<h3 class=\"wp-block-heading\">P\u0159enosn\u00e9 \u0159e\u0161en\u00ed pro anal\u00fdzu prachu<\/h3>\n\n\n\n<figure class=\"wp-block-image aligncenter is-resized\"><a href=\"https:\/\/obera.fr\/produits\/depoussiereurs-industriels\/dustlight\/\"><img decoding=\"async\" src=\"https:\/\/lh7-rt.googleusercontent.com\/docsz\/AD_4nXcOS0Hfg67TC29tD0YKTlwhEbY82uCB9DoKqHN4byLMiiWnWb6_cUR2kTh4CxjF9WQI7qzrJx1chS1E8L9qU3zGeBgcCaStWF9a7mYnCr73_ylzp9tDc1LItbkRpO8_Eg6aBoXNFQRLSfcDQnw1RmM?key=QO8r7RmlolM9MhCfcv5-73XE\" alt=\"Obr&#xE1;zek obsahuj&#xED;c&#xED; text, Elektronick&#xE1; za&#x159;&#xED;zen&#xED;, Elektronick&#xE1; za&#x159;&#xED;zen&#xED;, Sn&#xED;mek obrazovky&#10;&#10;Automaticky generovan&#xFD; popis\" style=\"width:379px;height:auto\"\/><\/a><figcaption class=\"wp-element-caption\">P\u0159enosn\u00fd analyz\u00e1tor jemn\u00e9ho prachu<\/figcaption><\/figure>\n\n\n\n<ul class=\"wp-block-list\">\n<li><strong>P\u0159esn\u00e9 m\u011b\u0159en\u00ed<\/strong> koncentrace jemn\u00e9ho prachu v pr\u016fmyslov\u00e9m prost\u0159ed\u00ed pro ochranu zdrav\u00ed zam\u011bstnanc\u016f.<\/li>\n\n\n\n<li><strong>P\u0159edch\u00e1zejte zdravotn\u00edm rizik\u016fm,<\/strong> jako jsou respira\u010dn\u00ed onemocn\u011bn\u00ed, kardiovaskul\u00e1rn\u00ed poruchy a rakovina zp\u016fsoben\u00e9 respirabiln\u00edm jemn\u00fdm prachem.<\/li>\n\n\n\n<li><strong>Minimalizujte riziko expozice<\/strong> ur\u010den\u00edm \u00farovn\u011b pra\u0161nosti a zaveden\u00edm vhodn\u00fdch ochrann\u00fdch opat\u0159en\u00ed.<\/li>\n\n\n\n<li><strong>Monitorov\u00e1n\u00ed v re\u00e1ln\u00e9m \u010dase<\/strong>: <a href=\"https:\/\/obera.fr\/cs\/produits\/depoussiereurs-industriels\/prachove-svetlo\/\">Dustlight<\/a> m\u011b\u0159\u00ed expozici prachu ka\u017edou sekundu.<\/li>\n\n\n\n<li><strong>Snadn\u00fd p\u0159\u00edstup k dat\u016fm<\/strong>: prohl\u00ed\u017een\u00ed nam\u011b\u0159en\u00fdch hodnot prost\u0159ednictv\u00edm chytr\u00e9ho telefonu a webov\u00e9 aplikace a jejich export do podrobn\u00fdch zpr\u00e1v.<\/li>\n<\/ul>\n\n\n\n<div class=\"wp-block-buttons is-horizontal is-content-justification-center is-layout-flex wp-container-core-buttons-is-layout-03627597 wp-block-buttons-is-layout-flex\">\n<div class=\"wp-block-button\"><a class=\"wp-block-button__link wp-element-button\" href=\"https:\/\/obera.fr\/produits\/depoussiereurs-industriels\/dustlight\/\">Pod\u00edvejte se na v\u0161echny na\u0161e p\u0159enosn\u00e9 analyz\u00e1tory jemn\u00e9ho prachu<\/a><\/div>\n<\/div>\n<\/div>\n\n\n\n<div class=\"wp-block-column is-layout-flow wp-block-column-is-layout-flow\" style=\"flex-basis:33.33%\"><\/div>\n\n\n\n<div class=\"wp-block-column is-layout-flow wp-block-column-is-layout-flow\" style=\"flex-basis:33.33%\"><\/div>\n<\/div>\n\n<h2 class=\"wp-block-heading\"><strong>Co je pr\u016fmyslov\u00fd odlu\u010dova\u010d prachu?<\/strong><\/h2>\n\n<p><strong>Pr\u016fmyslov\u00fd odlu\u010dova\u010d prachu<\/strong>, zn\u00e1m\u00fd tak\u00e9 jako syst\u00e9m ods\u00e1v\u00e1n\u00ed prachu, je za\u0159\u00edzen\u00ed, kter\u00e9 se pou\u017e\u00edv\u00e1 k zachycov\u00e1n\u00ed a odstra\u0148ov\u00e1n\u00ed pevn\u00fdch \u010d\u00e1stic a zne\u010di\u0161\u0165uj\u00edc\u00edch l\u00e1tek ze vzduchu v pr\u016fmyslov\u00e9m prost\u0159ed\u00ed. Tyto \u010d\u00e1stice mohou vznikat p\u0159i v\u00fdrobn\u00edch procesech, manipulaci se sypk\u00fdmi materi\u00e1ly, brou\u0161en\u00ed, \u0159ez\u00e1n\u00ed, rozpra\u0161ov\u00e1n\u00ed, brou\u0161en\u00ed atd.<strong> Pr\u016fmyslov\u00e9 odlu\u010dova\u010de prachu jsou ur\u010deny k zachycen\u00ed t\u011bchto \u010d\u00e1stic<\/strong> a zabr\u00e1n\u011bn\u00ed jejich rozptylu v okoln\u00edm ovzdu\u0161\u00ed.  <\/p>\n\n<h2 class=\"wp-block-heading\"><strong>Jak funguje na\u0161e pr\u016fmyslov\u00e9 odpra\u0161ovac\u00ed za\u0159\u00edzen\u00ed<\/strong><\/h2>\n\n<p>Na\u0161e <strong>pr\u016fmyslov\u00e1 odpra\u0161ovac\u00ed za\u0159\u00edzen\u00ed<\/strong> funguj\u00ed na n\u00e1sleduj\u00edc\u00edm principu: zne\u010di\u0161\u0165uj\u00edc\u00ed l\u00e1tky jsou ods\u00e1v\u00e1ny p\u0159\u00edmo u zdroje pomoc\u00ed sb\u011brn\u00e9ho za\u0159\u00edzen\u00ed, sac\u00edho ramene, z\u00e1dov\u00e9 desky, ods\u00e1vac\u00edho stolu nebo ods\u00e1vac\u00edho odsava\u010de. Vzduch s \u010d\u00e1sticemi vstupuje do odlu\u010dova\u010de prachu z boku nebo shora. T\u011b\u017e\u0161\u00ed \u010d\u00e1stice se usazuj\u00ed v z\u00e1sobn\u00edku vysava\u010de, zat\u00edmco leh\u010d\u00ed prach se <strong>zastavuje na povrchu filtra\u010dn\u00edho m\u00e9dia<\/strong>.  <\/p>\n\n<p>\u010cist\u00fd vzduch proch\u00e1z\u00ed filtra\u010dn\u00edmi m\u00e9dii a je nas\u00e1v\u00e1n hlavn\u00edm ventil\u00e1torem syst\u00e9mu ods\u00e1v\u00e1n\u00ed prachu. Tento vzduch pak m\u016f\u017ee b\u00fdt vypou\u0161t\u011bn do budovy nebo odv\u00e1d\u011bn ven. V n\u011bkter\u00fdch p\u0159\u00edpadech mohou b\u00fdt <strong>na\u0161e syst\u00e9my odpra\u0161ov\u00e1n\u00ed <\/strong>vybaveny druh\u00fdm stupn\u011bm filtrace, zejm\u00e9na pro \u00fapravu prachu CMR, nebo pro recyklaci upraven\u00e9ho vzduchu.  <\/p>\n\n<p>Prach nahromad\u011bn\u00fd na filtra\u010dn\u00edm m\u00e9diu se odstra\u0148uje pomoc\u00ed automatick\u00e9ho \u010distic\u00edho za\u0159\u00edzen\u00ed v z\u00e1vislosti na stupni zanesen\u00ed nebo ru\u010dn\u011b. Odd\u011blen\u00fd prach se shroma\u017e\u010fuje v<strong> z\u00e1sobn\u00edku na prach<\/strong>. <\/p>\n\n<h2 class=\"wp-block-heading\"><strong>Pro na\u0161e syst\u00e9my sb\u011bru prachu jsou k dispozici r\u016fzn\u00e9 metody filtrace:<\/strong><\/h2>\n\n<p>Existuje n\u011bkolik typ\u016f pr\u016fmyslov\u00fdch odlu\u010dova\u010d\u016f prachu, z nich\u017e ka\u017ed\u00fd m\u00e1<strong> sv\u00e9 v\u00fdhody a specifick\u00e9 pou\u017eit\u00ed<\/strong>. Zde jsou uvedeny nej\u010dast\u011bji pou\u017e\u00edvan\u00e9: <\/p>\n\n<h3 class=\"wp-block-heading\">S\u00e1\u010dkov\u00e9 prachovky<\/h3>\n\n<p>N\u011bkdy se tak\u00e9 ozna\u010duj\u00ed jako pytlov\u00e9 filtry nebo pytlovny a jsou \u0161iroce pou\u017e\u00edv\u00e1ny v pr\u016fmyslu pro filtraci pevn\u00fdch \u010d\u00e1stic. Skl\u00e1daj\u00ed se z filtra\u010dn\u00edch vak\u016f zav\u011b\u0161en\u00fdch uvnit\u0159 konstrukce. Prachem zat\u00ed\u017een\u00fd vzduch proch\u00e1z\u00ed p\u0159es s\u00e1\u010dky a zachycuje \u010d\u00e1stice na povrchu nebo uvnit\u0159 filtra\u010dn\u00edho m\u00e9dia. Vaky lze <strong>pravideln\u011b \u010distit a odstra\u0148ovat nahromad\u011bn\u00e9 \u010d\u00e1stice<\/strong>. Existuje n\u011bkolik zp\u016fsob\u016f \u010di\u0161t\u011bn\u00ed t\u011bchto s\u00e1\u010dk\u016f (pulzn\u00ed \u010di\u0161t\u011bn\u00ed); nejb\u011b\u017en\u011bj\u0161\u00ed je pneumatick\u00e9 pulzn\u00ed \u010di\u0161t\u011bn\u00ed, kter\u00e9 spo\u010d\u00edv\u00e1 v proudu stla\u010den\u00e9ho vzduchu uvnit\u0159 s\u00e1\u010dk\u016f. <strong>\u010ci\u0161t\u011bn\u00ed prot\u0159ep\u00e1v\u00e1n\u00edm<\/strong> se pou\u017e\u00edv\u00e1 tak\u00e9 tehdy, kdy\u017e se prach snadno odd\u011bluje od m\u00e9dia, a pou\u017e\u00edv\u00e1 se tak\u00e9 kart\u00e1\u010dov\u00e1n\u00ed.       <\/p>\n\n<div class=\"wp-block-columns is-layout-flex wp-container-core-columns-is-layout-28f84493 wp-block-columns-is-layout-flex\">\n<div class=\"wp-block-column is-layout-flow wp-block-column-is-layout-flow\" style=\"flex-basis:50%\">\n<h4 class=\"wp-block-heading\">V\u00fdhody<\/h4>\n\n\n\n<ul class=\"wp-block-list\">\n<li>Vysok\u00e1<strong> \u00fa\u010dinnost filtrace<\/strong> jemn\u00fdch i hrub\u00fdch \u010d\u00e1stic.<\/li>\n\n\n\n<li>N\u00edzk\u00e1 vzestupn\u00e1 rychlost, zejm\u00e9na v p\u0159\u00edpad\u011b velmi lehk\u00fdch \u010d\u00e1stic a\/nebo \u010d\u00e1stic s velmi n\u00edzkou hustotou.<\/li>\n\n\n\n<li>Velk\u00e1 kapacita sb\u011bru prachu.<\/li>\n\n\n\n<li><strong>Zvl\u00e1dne vysok\u00e9 pr\u016ftoky vzduchu<\/strong>.<\/li>\n<\/ul>\n<\/div>\n\n\n\n<div class=\"wp-block-column is-layout-flow wp-block-column-is-layout-flow\" style=\"flex-basis:50%\">\n<h4 class=\"wp-block-heading\">Aplikace<\/h4>\n\n\n\n<ul class=\"wp-block-list\">\n<li>D\u0159evozpracuj\u00edc\u00ed a n\u00e1bytk\u00e1\u0159sk\u00fd pr\u016fmysl.<\/li>\n\n\n\n<li><strong>Chemick\u00fd<\/strong> a farmaceutick\u00fd <strong>pr\u016fmysl<\/strong>.<\/li>\n\n\n\n<li><strong>Tepeln\u00e9 elektr\u00e1rny<\/strong> a spalovny.<\/li>\n\n\n\n<li>Cement\u00e1\u0159sk\u00fd a keramick\u00fd pr\u016fmysl.<\/li>\n<\/ul>\n<\/div>\n<\/div>\n\n<p><\/p>\n\n<h3 class=\"wp-block-heading\">Kazetov\u00e9 odlu\u010dova\u010de prachu  <\/h3>\n\n<p>Jsou <strong>podobn\u00e9 s\u00e1\u010dkov\u00fdm filtr\u016fm<\/strong>, ale m\u00edsto s\u00e1\u010dk\u016f pou\u017e\u00edvaj\u00ed v\u00e1lcov\u00e9 filtra\u010dn\u00ed kazety. Filtra\u010dn\u00ed patrony maj\u00ed v\u011bt\u0161\u00ed filtra\u010dn\u00ed plochu a kompaktn\u00ed konstrukci, tak\u017ee jsou vhodn\u00e9 pro pou\u017eit\u00ed ve st\u00edsn\u011bn\u00fdch prostor\u00e1ch. Patrony se obvykle \u010dist\u00ed vyfukov\u00e1n\u00edm stla\u010den\u00e9ho vzduchu (pulzn\u00ed tryskov\u00e9 \u010di\u0161t\u011bn\u00ed), aby se odstranily \u010d\u00e1stice.  <\/p>\n\n<div class=\"wp-block-columns is-layout-flex wp-container-core-columns-is-layout-28f84493 wp-block-columns-is-layout-flex\">\n<div class=\"wp-block-column is-layout-flow wp-block-column-is-layout-flow\" style=\"flex-basis:50%\">\n<h4 class=\"wp-block-heading\">V\u00fdhody<\/h4>\n\n\n\n<ul class=\"wp-block-list\">\n<li>Jsou kompaktn\u00ed a zab\u00edraj\u00ed <strong>m\u00e9n\u011b m\u00edsta ne\u017e<\/strong> s\u00e1\u010dkov\u00e9 prachovky.<\/li>\n\n\n\n<li>Snadn\u00e1 instalace a \u00fadr\u017eba.<\/li>\n\n\n\n<li>Vynikaj\u00edc\u00ed \u00fa\u010dinnost filtrace jemn\u00fdch \u010d\u00e1stic.<\/li>\n<\/ul>\n<\/div>\n\n\n\n<div class=\"wp-block-column is-layout-flow wp-block-column-is-layout-flow\" style=\"flex-basis:50%\">\n<h4 class=\"wp-block-heading\">Aplikace<\/h4>\n\n\n\n<ul class=\"wp-block-list\">\n<li><strong>Hutnictv\u00ed a sl\u00e9v\u00e1renstv\u00ed<\/strong>.<\/li>\n\n\n\n<li>Potravin\u00e1\u0159sk\u00fd pr\u016fmysl.<\/li>\n\n\n\n<li>Chemick\u00fd a farmaceutick\u00fd pr\u016fmysl.<\/li>\n\n\n\n<li><strong>V\u00fdroba elektronick\u00fdch v\u00fdrobk\u016f<\/strong>.<\/li>\n\n\n\n<li>V\u00fdpary (sva\u0159ov\u00e1n\u00ed, p\u00e1jen\u00ed)<\/li>\n<\/ul>\n<\/div>\n<\/div>\n\n<h3 class=\"wp-block-heading\">Kazetov\u00e9 sb\u011bra\u010de prachu  <\/h3>\n\n<p><strong>Pou\u017e\u00edvaj\u00ed filtra\u010dn\u00ed m\u00e9dia slo\u017een\u00e1 z kazet<\/strong> uspo\u0159\u00e1dan\u00fdch vertik\u00e1ln\u011b nebo horizont\u00e1ln\u011b. Ka\u017ed\u00e1 kazeta se skl\u00e1d\u00e1 ze sady jemn\u00fdch filtra\u010dn\u00edch lamel ze syntetick\u00e9ho materi\u00e1lu nebo specializovan\u00e9 tkaniny. Tyto lamely jsou plisovan\u00e9, aby poskytovaly roz\u0161\u00ed\u0159enou filtra\u010dn\u00ed plochu a maximalizovaly \u00fa\u010dinnost zachycov\u00e1n\u00ed prachu.  <\/p>\n\n<div class=\"wp-block-columns is-layout-flex wp-container-core-columns-is-layout-28f84493 wp-block-columns-is-layout-flex\">\n<div class=\"wp-block-column is-layout-flow wp-block-column-is-layout-flow\" style=\"flex-basis:50%\">\n<h4 class=\"wp-block-heading\">V\u00fdhody<\/h4>\n\n\n\n<ul class=\"wp-block-list\">\n<li>Kompaktn\u00ed a efektivn\u00ed design pro mal\u00e9 prostory.<\/li>\n\n\n\n<li><strong>Snadn\u00e1 instalace<\/strong> a \u00fadr\u017eba.<\/li>\n\n\n\n<li>Vysok\u00e1 \u00fa\u010dinnost filtrace.<\/li>\n<\/ul>\n<\/div>\n\n\n\n<div class=\"wp-block-column is-layout-flow wp-block-column-is-layout-flow\" style=\"flex-basis:50%\">\n<h4 class=\"wp-block-heading\">Aplikace<\/h4>\n\n\n\n<ul class=\"wp-block-list\">\n<li>Vhodn\u00e9 pro pr\u016fmyslov\u00e1 odv\u011btv\u00ed, kde je vy\u017eadov\u00e1na filtrace jemn\u00fdch \u010d\u00e1stic, jako je chemick\u00fd, farmaceutick\u00fd a potravin\u00e1\u0159sk\u00fd pr\u016fmysl.<\/li>\n\n\n\n<li>Slou\u017e\u00ed k <strong>zachycov\u00e1n\u00ed jemn\u00e9ho prachu<\/strong>, kou\u0159e a mal\u00fdch ne\u010distot.<\/li>\n<\/ul>\n<\/div>\n<\/div>\n\n<p><\/p>\n\n<h3 class=\"wp-block-heading\">Kapesn\u00ed prachovky  <\/h3>\n\n<p>Pou\u017e\u00edvaj\u00ed <strong>vodorovn\u011b zav\u011b\u0161en\u00e9 filtra\u010dn\u00ed vaky, kter\u00e9<\/strong> jsou v odlu\u010dova\u010di prachu uspo\u0159\u00e1d\u00e1ny v \u0159ad\u00e1ch. Jsou ur\u010deny k zachycov\u00e1n\u00ed v\u011bt\u0161\u00edch \u010d\u00e1stic a sypk\u00fdch materi\u00e1l\u016f. <\/p>\n\n<div class=\"wp-block-columns is-layout-flex wp-container-core-columns-is-layout-28f84493 wp-block-columns-is-layout-flex\">\n<div class=\"wp-block-column is-layout-flow wp-block-column-is-layout-flow\" style=\"flex-basis:50%\">\n<h4 class=\"wp-block-heading\">V\u00fdhody<\/h4>\n\n\n\n<ul class=\"wp-block-list\">\n<li><strong>Vysok\u00e1 kapacita sb\u011bru prachu<\/strong> d\u00edky v\u00edce filtra\u010dn\u00edm kaps\u00e1m.<\/li>\n\n\n\n<li>Snadno \u010distiteln\u00e9 kapsy.<\/li>\n\n\n\n<li>Efektivn\u00ed pro<strong> zachycen\u00ed hrub\u00fdch \u010d\u00e1stic<\/strong> a sypk\u00fdch materi\u00e1l\u016f.<\/li>\n<\/ul>\n<\/div>\n\n\n\n<div class=\"wp-block-column is-layout-flow wp-block-column-is-layout-flow\" style=\"flex-basis:50%\">\n<h4 class=\"wp-block-heading\">Aplikace<\/h4>\n\n\n\n<p>Pou\u017e\u00edv\u00e1 se ve <strong>stavebnictv\u00ed, p\u0159i zpracov\u00e1n\u00ed miner\u00e1l\u016f a v cement\u00e1\u0159sk\u00e9m pr\u016fmyslu,<\/strong> kde je t\u0159eba zachytit v\u011bt\u0161\u00ed \u010d\u00e1stice.<\/p>\n<\/div>\n<\/div>\n\n<p><\/p>\n\n<h3 class=\"wp-block-heading\">Mokr\u00e9 odlu\u010dova\u010de prachu  <\/h3>\n\n<p>Jedn\u00e1 se o mokr\u00e9 pr\u016fmyslov\u00e9 odlu\u010dova\u010de prachu, kter\u00e9 pomoc\u00ed zvlh\u010dovac\u00edho procesu odstra\u0148uj\u00ed ze vzduchu pevn\u00e9 \u010d\u00e1stice a n\u011bkdy tak\u00e9 plynn\u00e9 zne\u010di\u0161\u0165uj\u00edc\u00ed l\u00e1tky. Kdy\u017e se zne\u010di\u0161t\u011bn\u00fd vzduch dostane do kontaktu s<strong>vodou rozpra\u0161ovanou nebo zaml\u017eenou uvnit\u0159 odlu\u010dova\u010de prachu<\/strong>, pevn\u00e9 \u010d\u00e1stice zt\u011b\u017eknou a usad\u00ed se. <\/p>\n\n<div class=\"wp-block-columns is-layout-flex wp-container-core-columns-is-layout-28f84493 wp-block-columns-is-layout-flex\">\n<div class=\"wp-block-column is-layout-flow wp-block-column-is-layout-flow\" style=\"flex-basis:50%\">\n<h4 class=\"wp-block-heading\">V\u00fdhody<\/h4>\n\n\n\n<ul class=\"wp-block-list\">\n<li><strong>Voda eliminuje riziko po\u017e\u00e1ru nebo v\u00fdbuchu.<\/strong><\/li>\n\n\n\n<li>\u017d\u00e1dn\u00e9 opot\u0159eben\u00ed filtru<\/li>\n\n\n\n<li>Ide\u00e1ln\u00ed pro filtrov\u00e1n\u00ed prachu, kter\u00fd se zan\u00e1\u0161\u00ed.<\/li>\n\n\n\n<li><strong>Cenov\u011b v\u00fdhodn\u00e9 \u0159e\u0161en\u00ed <\/strong>ve srovn\u00e1n\u00ed s odlu\u010dova\u010dem prachu ATEX.<\/li>\n<\/ul>\n<\/div>\n\n\n\n<div class=\"wp-block-column is-layout-flow wp-block-column-is-layout-flow\" style=\"flex-basis:50%\">\n<h4 class=\"wp-block-heading\">Aplikace<\/h4>\n\n\n\n<ul class=\"wp-block-list\">\n<li>Siln\u00e9 jiskry<\/li>\n\n\n\n<li>\u00daprava hlin\u00edkov\u00e9ho prachu<\/li>\n\n\n\n<li><strong>Ods\u00e1v\u00e1n\u00ed lepkav\u00fdch<\/strong>, vlhk\u00fdch a ho\u0159lav\u00fdch <strong>prach\u016f<\/strong><\/li>\n<\/ul>\n<\/div>\n<\/div>\n\n<p><\/p>\n\n<h3 class=\"wp-block-heading\">Odlu\u010dova\u010de prachu s nasycen\u00fdm filtrem  <\/h3>\n\n<p>Jedn\u00e1 se o <strong>pr\u016fmyslov\u00e9 odlu\u010dova\u010de prachu vybaven\u00e9 filtry <\/strong>s pevn\u011b stanovenou \u017eivotnost\u00ed. Nasycovac\u00ed filtr umo\u017e\u0148uje hromad\u011bn\u00ed prachu p\u0159\u00edmo na povrchu samotn\u00e9ho filtru, dokud vrstva prachu nedos\u00e1hne p\u0159edem stanoven\u00e9 \u00farovn\u011b nasycen\u00ed. To znamen\u00e1, \u017ee<strong> mno\u017estv\u00ed nashrom\u00e1\u017ed\u011bn\u00e9ho prachu dos\u00e1hne \u00farovn\u011b, kdy <\/strong>je ovlivn\u011bn<strong> pr\u016ftok vzduchu <\/strong>filtrem a je t\u0159eba prov\u00e9st servis nebo v\u00fdm\u011bnu syst\u00e9mu.  <\/p>\n\n<div class=\"wp-block-columns is-layout-flex wp-container-core-columns-is-layout-28f84493 wp-block-columns-is-layout-flex\">\n<div class=\"wp-block-column is-layout-flow wp-block-column-is-layout-flow\" style=\"flex-basis:50%\">\n<h4 class=\"wp-block-heading\">V\u00fdhody<\/h4>\n\n\n\n<ul class=\"wp-block-list\">\n<li>Ekonomick\u00e9<\/li>\n\n\n\n<li>Sn\u00ed\u017een\u00e1 \u00fadr\u017eba<\/li>\n\n\n\n<li>Flexibilita pou\u017eit\u00ed<\/li>\n<\/ul>\n<\/div>\n\n\n\n<div class=\"wp-block-column is-layout-flow wp-block-column-is-layout-flow\" style=\"flex-basis:50%\">\n<h4 class=\"wp-block-heading\">Aplikace  <\/h4>\n\n\n\n<ul class=\"wp-block-list\">\n<li>V\u00fdpary, jemn\u00fd, lepkav\u00fd nebo lepiv\u00fd prach v mal\u00e9m mno\u017estv\u00ed nebo p\u0159i omezen\u00e9m pou\u017eit\u00ed<\/li>\n\n\n\n<li>V\u0161echny druhy pr\u016fmyslu (farmaceutick\u00fd, d\u0159eva\u0159sk\u00fd, kamenick\u00fd, zem\u011bd\u011blsko-potravin\u00e1\u0159sk\u00fd, hutnick\u00fd atd.)<\/li>\n<\/ul>\n<\/div>\n<\/div>\n\n<p><\/p>\n\n<h3 class=\"wp-block-heading\">Cyklony  <\/h3>\n\n<p>Jedn\u00e1 se o <strong>za\u0159\u00edzen\u00ed na odstra\u0148ov\u00e1n\u00ed prachu<\/strong>, kter\u00e1 vyu\u017e\u00edvaj\u00ed odst\u0159edivou s\u00edlu k odd\u011blov\u00e1n\u00ed \u010d\u00e1stic ze vzduchu. Zne\u010di\u0161t\u011bn\u00fd vzduch vstupuje do cyklonu v\u00ed\u0159iv\u00fdm pohybem a vytv\u00e1\u0159\u00ed odst\u0159edivou s\u00edlu, kter\u00e1 tla\u010d\u00ed \u010d\u00e1stice ke st\u011bn\u00e1m cyklonu. \u010c\u00e1stice se usazuj\u00ed na dn\u011b cyklonu, zat\u00edmco vy\u010di\u0161t\u011bn\u00fd vzduch je vypou\u0161t\u011bn naho\u0159e.<strong> Cyklony jsou \u00fa\u010dinn\u00e9 pro hrub\u00e9 a abrazivn\u00ed \u010d\u00e1stice<\/strong>.   <\/p>\n\n<div class=\"wp-block-columns is-layout-flex wp-container-core-columns-is-layout-28f84493 wp-block-columns-is-layout-flex\">\n<div class=\"wp-block-column is-layout-flow wp-block-column-is-layout-flow\" style=\"flex-basis:50%\">\n<h4 class=\"wp-block-heading\">V\u00fdhody<\/h4>\n\n\n\n<ul class=\"wp-block-list\">\n<li>N\u00edzk\u00e9 n\u00e1klady na <strong>instalaci a \u00fadr\u017ebu<\/strong>.<\/li>\n\n\n\n<li>Odolnost v\u016f\u010di abrazivn\u00edm \u010d\u00e1stic\u00edm.<\/li>\n\n\n\n<li>Filtra\u010dn\u00ed m\u00e9dia nejsou nutn\u00e1.<\/li>\n<\/ul>\n<\/div>\n\n\n\n<div class=\"wp-block-column is-layout-flow wp-block-column-is-layout-flow\" style=\"flex-basis:50%\">\n<h4 class=\"wp-block-heading\">Aplikace<\/h4>\n\n\n\n<ul class=\"wp-block-list\">\n<li>T\u011b\u017eba a dob\u00fdv\u00e1n\u00ed.<\/li>\n\n\n\n<li>D\u0159evozpracuj\u00edc\u00ed pr\u016fmysl a pr\u016fmysl biomasy.<\/li>\n\n\n\n<li><strong>V\u00fdroba plastov\u00fdch v\u00fdrobk\u016f<\/strong>.<\/li>\n\n\n\n<li>Pr\u016fmyslov\u00e9 procesy su\u0161en\u00ed.<\/li>\n<\/ul>\n<\/div>\n<\/div>\n\n<p><\/p>\n\n<h2 class=\"wp-block-heading\"><strong>Pr\u016fmyslov\u00e9 odlu\u010dova\u010de prachu OberA jsou k dispozici s r\u016fzn\u00fdmi typy \u010distic\u00edch syst\u00e9m\u016f.<\/strong><\/h2>\n\n<h3 class=\"wp-block-heading\">Automatick\u00e9 \u010di\u0161t\u011bn\u00ed proudem vzduchu :<\/h3>\n\n<p>Tato metoda \u010di\u0161t\u011bn\u00ed vyu\u017e\u00edv\u00e1 proudy stla\u010den\u00e9ho vzduchu k vyfouknut\u00ed \u010d\u00e1stic, kter\u00e9 se nahromadily na povrchu filtru.<\/p>\n\n<p><span style=\"text-decoration: underline;\">V\u00fdhody :<\/span><\/p>\n\n<ul class=\"wp-block-list\">\n<li><strong>Automatick\u00e9 a programovateln\u00e9<\/strong>: \u010ci\u0161t\u011bn\u00ed proudem vzduchu je zpravidla integrov\u00e1no do syst\u00e9mu sb\u011bru prachu a m\u016f\u017ee b\u00fdt naprogramov\u00e1no tak, aby se aktivovalo v pravideln\u00fdch intervalech nebo podle podm\u00ednek zanesen\u00ed.<\/li>\n\n\n\n<li><strong>\u017d\u00e1dn\u00e9 p\u0159eru\u0161en\u00ed filtrace<\/strong>: Pokud m\u00e1 odlu\u010dova\u010d prachu alespo\u0148 dv\u011b patrony, lze \u010di\u0161t\u011bn\u00ed proudem vzduchu prov\u00e1d\u011bt bez zastaven\u00ed provozu odlu\u010dova\u010de prachu, co\u017e umo\u017e\u0148uje nep\u0159etr\u017eitou filtraci bez p\u0159eru\u0161en\u00ed v\u00fdrobn\u00edho procesu.<\/li>\n\n\n\n<li><strong>\u00daspora energie<\/strong>: Automatick\u00e9 \u010di\u0161t\u011bn\u00ed proudem vzduchu je obecn\u011b navr\u017eeno tak, aby minimalizovalo spot\u0159ebu stla\u010den\u00e9ho vzduchu, a t\u00edm \u0161et\u0159ilo energii.<\/li>\n<\/ul>\n\n<h3 class=\"wp-block-heading\">\u010ci\u0161t\u011bn\u00ed filtru prot\u0159ep\u00e1v\u00e1n\u00edm :<\/h3>\n\n<p><strong> P\u0159i<\/strong> t\u00e9to metod\u011b \u010di\u0161t\u011bn\u00ed<strong> se filtry mechanicky prot\u0159ep\u00e1vaj\u00ed<\/strong>, aby se odstranily nahromad\u011bn\u00e9 \u010d\u00e1stice. Tato technika vy\u017eaduje, aby byl vysava\u010d zastaven, aby bylo mo\u017en\u00e9 filtry vy\u010distit. <\/p>\n\n<p><span style=\"text-decoration: underline;\">V\u00fdhody<\/span>:<\/p>\n\n<ul class=\"wp-block-list\">\n<li><strong>Jednoduch\u00fd mechanismus<\/strong>: \u010ci\u0161t\u011bn\u00ed t\u0159ep\u00e1n\u00edm vyu\u017e\u00edv\u00e1 k uvoln\u011bn\u00ed \u010d\u00e1stic vibra\u010dn\u00ed nebo t\u0159epac\u00ed mechanismy, tak\u017ee je pom\u011brn\u011b jednoduch\u00e9 a snadno provediteln\u00e9.<\/li>\n\n\n\n<li><strong>Nen\u00ed nutn\u00fd stla\u010den\u00fd vzduch<\/strong>: Na rozd\u00edl od \u010di\u0161t\u011bn\u00ed vzduchov\u00fdm paprskem tato metoda nevy\u017eaduje stla\u010den\u00fd vzduch, co\u017e vede k \u00faspor\u00e1m energie.<\/li>\n<\/ul>\n\n<h3 class=\"wp-block-heading\"><strong>\u010ci\u0161t\u011bn\u00ed kart\u00e1\u010dov\u00fdm za\u0159\u00edzen\u00edm :<\/strong><\/h3>\n\n<p>P\u0159i t\u00e9to metod\u011b \u010di\u0161t\u011bn\u00ed se pou\u017e\u00edvaj\u00ed <strong>mechanick\u00e9 kart\u00e1\u010de k<\/strong> odstran\u011bn\u00ed \u010d\u00e1stic nahromad\u011bn\u00fdch na povrchu filtru. M\u016f\u017ee se prov\u00e1d\u011bt automaticky nebo ru\u010dn\u011b. <\/p>\n\n<p><span style=\"text-decoration: underline;\">V\u00fdhody<\/span>:<\/p>\n\n<ul class=\"wp-block-list\">\n<li><strong>Mechanismus hloubkov\u00e9ho \u010di\u0161t\u011bn\u00ed <\/strong>: Kart\u00e1\u010dovac\u00ed za\u0159\u00edzen\u00ed d\u016fkladn\u011b \u010dist\u00ed povrch filtru a \u00fa\u010dinn\u011b odstra\u0148uje ulp\u011bl\u00e9 \u010d\u00e1stice.<\/li>\n\n\n\n<li><strong>Vhodn\u00e9 pro n\u00e1ro\u010dn\u00e9 prost\u0159ed\u00ed<\/strong>: Tato metoda je vhodn\u00e1 pro pr\u016fmyslov\u00e9 prost\u0159ed\u00ed, kde jsou \u010d\u00e1stice siln\u011b ulp\u00edvaj\u00edc\u00ed nebo kde se vyskytuj\u00ed lepiv\u00e9 materi\u00e1ly.<\/li>\n<\/ul>\n\n<h3 class=\"wp-block-heading\"><strong>Ru\u010dn\u00ed \u010di\u0161t\u011bn\u00ed proudem vzduchu :<\/strong><\/h3>\n\n<p><strong>Ru\u010dn\u00ed \u010di\u0161t\u011bn\u00ed proudem vzduchu<\/strong> zahrnuje vst\u0159ikov\u00e1n\u00ed vzduchu do m\u00e9dia pomoc\u00ed rotuj\u00edc\u00ed trysky nebo pou\u017eit\u00ed pistol\u00ed na stla\u010den\u00fd vzduch k ru\u010dn\u00edmu odfouknut\u00ed \u010d\u00e1stic nahromad\u011bn\u00fdch na povrchu filtru. P\u0159esto\u017ee nen\u00ed automatizovan\u00e9, lze jej pou\u017e\u00edt ve specifick\u00fdch situac\u00edch, kdy <strong>je vy\u017eadov\u00e1no c\u00edlen\u00e9 \u010di\u0161t\u011bn\u00ed<\/strong>. <\/p>\n\n<p><span style=\"text-decoration: underline;\">V\u00fdhody<\/span>:  <\/p>\n\n<ul class=\"wp-block-list\">\n<li><strong>P\u0159esn\u00e9 ovl\u00e1d\u00e1n\u00ed<\/strong>: Ru\u010dn\u00ed \u010di\u0161t\u011bn\u00ed umo\u017e\u0148uje p\u0159esn\u00e9 ovl\u00e1d\u00e1n\u00ed sm\u011bru a s\u00edly stla\u010den\u00e9ho vzduchu, co\u017e m\u016f\u017ee b\u00fdt u\u017eite\u010dn\u00e9 pro zam\u011b\u0159en\u00ed na konkr\u00e9tn\u00ed oblasti, kter\u00e9 je t\u0159eba vy\u010distit.<\/li>\n\n\n\n<li><strong>Flexibilita pou\u017eit\u00ed<\/strong>: Tuto metodu lze pou\u017e\u00edt v situac\u00edch, kdy nen\u00ed mo\u017en\u00e9 nebo praktick\u00e9 automatick\u00e9 odkalen\u00ed.<\/li>\n<\/ul>\n\n<h2 class=\"wp-block-heading\"><strong>R\u016fzn\u00e9 typy prachu zpracov\u00e1van\u00e9 na\u0161imi pr\u016fmyslov\u00fdmi odpra\u0161ovac\u00edmi syst\u00e9my<\/strong><\/h2>\n\n<ul class=\"wp-block-list\">\n<li>Kamenn\u00fd prach pomoc\u00ed <strong>kazetov\u00fdch nebo s\u00e1\u010dkov\u00fdch vysava\u010d\u016f z \u0159ady Dustomat<\/strong>. Pro k\u0159emi\u010dit\u00fd prach jsou tyto jednotky k dispozici ve filtra\u010dn\u00ed t\u0159\u00edd\u011b H pro prach CMR. <\/li>\n\n\n\n<li><strong>Nev\u00fdbu\u0161n\u00fd kovov\u00fd prach a t\u0159\u00edsky<\/strong> pomoc\u00ed kazetov\u00fdch nebo s\u00e1\u010dkov\u00fdch odlu\u010dova\u010d\u016f prachu z \u0159ad TK, <a href=\"https:\/\/obera.fr\/cs\/produits\/depoussiereurs-industriels\/mobiles\/extracteur-poussiere-dustomat-4\/\">Dustomat<\/a> a <a href=\"https:\/\/obera.fr\/cs\/produits\/depoussiereurs-industriels\/fixes\/aspiration-centralisee-industrielle-dustmac\/\">Dustmac<\/a>.<\/li>\n\n\n\n<li>V\u00fdbu\u0161n\u00fd kovov\u00fd prach a t\u0159\u00edsky (hlin\u00edk, titan) s mokr\u00fdmi odlu\u010dova\u010di prachu z \u0159ady NA-K a <a href=\"https:\/\/obera.fr\/cs\/produits\/depoussiereurs-industriels\/fixes\/depoussiereur-a-voie-humide-dustomat-hydro\/\">Dustomat Hydro<\/a> nebo v n\u011bkter\u00fdch p\u0159\u00edpadech se <a href=\"https:\/\/obera.fr\/cs\/produits\/depoussiereurs-industriels\/fixes\/depoussiereur-a-sec-estmac\/\">such\u00fdmi odlu\u010dova\u010di prachu <\/a>z \u0159ady Dustomat nebo Dustmac.<\/li>\n\n\n\n<li>Kou\u0159 s <strong>kazetov\u00fdmi<\/strong> syst\u00e9my <strong>sb\u011bru prachu<\/strong> (SRF, Dustomat, Dustmac P) nebo s nasycovac\u00edmi filtry (AIRBOX a ePUR EX).<\/li>\n\n\n\n<li>Ods\u00e1v\u00e1n\u00ed prachu a<strong> d\u0159evn\u00ed \u0161t\u011bpky<\/strong> pomoc\u00ed syst\u00e9m\u016f POWER UNIT a Dustmac v proveden\u00ed ATEX, vybaven\u00fdch filtry t\u0159\u00eddy H.<\/li>\n\n\n\n<li>Prach a pr\u00e1\u0161ky z<strong>potravin\u00e1\u0159sk\u00e9ho a chemick\u00e9ho pr\u016fmyslu<\/strong> pomoc\u00ed za\u0159\u00edzen\u00ed na odstra\u0148ov\u00e1n\u00ed prachu z \u0159ad Dustomat a Dustmac.<\/li>\n\n\n\n<li>Prach a vl\u00e1kna z pap\u00edru a lepenky pomoc\u00ed za\u0159\u00edzen\u00ed na odstra\u0148ov\u00e1n\u00ed prachu AAS, MOBIL a Dustmac nebo \u0159ady ePUR EX.<\/li>\n<\/ul>\n\n<h2 class=\"wp-block-heading\"><strong>Jak vybrat pr\u016fmyslov\u00fd odlu\u010dova\u010d prachu<\/strong><\/h2>\n\n<div class=\"wp-block-columns is-layout-flex wp-container-core-columns-is-layout-28f84493 wp-block-columns-is-layout-flex\">\n<div class=\"wp-block-column is-layout-flow wp-block-column-is-layout-flow\" style=\"flex-basis:66.66%\">\n<p>P\u0159i v\u00fdb\u011bru <strong>pr\u016fmyslov\u00e9ho odlu\u010dova\u010de prachu pro konkr\u00e9tn\u00ed pr\u016fmyslov\u00e9 prost\u0159ed\u00ed<\/strong> je t\u0159eba zv\u00e1\u017eit n\u011bkolik kl\u00ed\u010dov\u00fdch faktor\u016f. Zde je n\u011bkolik praktick\u00fdch tip\u016f, kter\u00e9 v\u00e1m pomohou p\u0159i v\u00fdb\u011bru: <\/p>\n<\/div>\n\n\n\n<div class=\"wp-block-column is-layout-flow wp-block-column-is-layout-flow\" style=\"flex-basis:33.33%\">\n<figure class=\"wp-block-image alignleft size-large is-resized\"><img decoding=\"async\" width=\"1024\" height=\"1024\" src=\"https:\/\/obera.fr\/wp-content\/uploads\/2025\/01\/image-choix-1024x1024.jpg\" alt=\"v&#xFD;b&#x11B;r obr&#xE1;zku\" class=\"wp-image-57754\" style=\"width:90px;height:auto\" srcset=\"https:\/\/obera.fr\/wp-content\/uploads\/2025\/01\/image-choix-1024x1024.jpg 1024w, https:\/\/obera.fr\/wp-content\/uploads\/2025\/01\/image-choix-300x300.jpg 300w, https:\/\/obera.fr\/wp-content\/uploads\/2025\/01\/image-choix-150x150.jpg 150w, https:\/\/obera.fr\/wp-content\/uploads\/2025\/01\/image-choix-768x768.jpg 768w, https:\/\/obera.fr\/wp-content\/uploads\/2025\/01\/image-choix-400x400.jpg 400w, https:\/\/obera.fr\/wp-content\/uploads\/2025\/01\/image-choix-600x600.jpg 600w, https:\/\/obera.fr\/wp-content\/uploads\/2025\/01\/image-choix.jpg 1200w\" sizes=\"(max-width: 1024px) 100vw, 1024px\" \/><\/figure>\n<\/div>\n<\/div>\n\n<h3 class=\"wp-block-heading\">Porozum\u011bn\u00ed po\u017eadavk\u016fm aplikace :<\/h3>\n\n<ul class=\"wp-block-list\">\n<li>Analyzujte <strong>vlastnosti zpracov\u00e1van\u00fdch \u010d\u00e1stic<\/strong>: velikost, tvar, hustotu, abrazivitu, ho\u0159lavost atd.<\/li>\n\n\n\n<li>Ur\u010dete <strong>konkr\u00e9tn\u00ed zne\u010di\u0161\u0165uj\u00edc\u00ed l\u00e1tky v ovzdu\u0161\u00ed <\/strong>: prach, v\u00fdpary, plyny, chemick\u00e9 l\u00e1tky atd.<\/li>\n\n\n\n<li>Posoudit<strong> dodr\u017eov\u00e1n\u00ed norem a platn\u00fdch p\u0159edpis\u016f v oblasti \u017eivotn\u00edho prost\u0159ed\u00ed<\/strong>.<\/li>\n\n\n\n<li>Vyhodno\u0165te <strong>pr\u016ftok vzduchu <\/strong>a<strong> provozn\u00ed podm\u00ednky<\/strong>.<\/li>\n<\/ul>\n\n<h3 class=\"wp-block-heading\">Ur\u010dete pr\u016ftok vzduchu pot\u0159ebn\u00fd pro pr\u016fmyslov\u00fd proces:<\/h3>\n\n<ul class=\"wp-block-list\">\n<li>Zohledn\u011bte <strong>sez\u00f3nn\u00ed v\u00fdkyvy<\/strong> nebo kol\u00eds\u00e1n\u00ed proud\u011bn\u00ed vzduchu.<\/li>\n\n\n\n<li>Zohledn\u011bte teplotu, vlhkost a tlak vzduchu v<strong>pr\u016fmyslov\u00e9m prost\u0159ed\u00ed<\/strong>.<\/li>\n<\/ul>\n\n<h3 class=\"wp-block-heading\">Zvolte vhodn\u00fd typ odlu\u010dova\u010de prachu:<\/h3>\n\n<ul class=\"wp-block-list\">\n<li>V popisu <strong>r\u016fzn\u00fdch typ\u016f odlu\u010dova\u010d\u016f prachu<\/strong> (s\u00e1\u010dkov\u00e9, kazetov\u00e9, cyklonov\u00e9, elektrostatick\u00e9 atd.) naleznete popis toho, kter\u00fd nejl\u00e9pe vyhovuje charakteristik\u00e1m va\u0161\u00ed aplikace.<\/li>\n\n\n\n<li>Zva\u017ete<strong> konkr\u00e9tn\u00ed v\u00fdhody jednotliv\u00fdch typ\u016f odlu\u010dova\u010d\u016f prachu <\/strong>podle sv\u00fdch pot\u0159eb, jako je \u00fa\u010dinnost filtrace, sb\u011brn\u00e1 kapacita, snadn\u00e1 \u00fadr\u017eba, dostupn\u00fd prostor atd.<\/li>\n<\/ul>\n\n<h3 class=\"wp-block-heading\">Pora\u010fte se s odborn\u00edkem na odstra\u0148ov\u00e1n\u00ed prachu:<\/h3>\n\n<ul class=\"wp-block-list\">\n<li>Obra\u0165te se na odborn\u00edky na odpra\u0161ov\u00e1n\u00ed, kte\u0159\u00ed <strong>posoud\u00ed va\u0161e pr\u016fmyslov\u00e9 prost\u0159ed\u00ed<\/strong> a va\u0161e konkr\u00e9tn\u00ed pot\u0159eby a doporu\u010d\u00ed v\u00e1m nejlep\u0161\u00ed \u0159e\u0161en\u00ed.<\/li>\n\n\n\n<li>V\u00fdrobci a dodavatel\u00e9 pr\u016fmyslov\u00fdch odlu\u010dova\u010d\u016f prachu jsou tak\u00e9 cenn\u00fdm zdrojem <strong>technick\u00fdch informac\u00ed a odborn\u00e9ho poradenstv\u00ed<\/strong>.<\/li>\n<\/ul>\n\n<h3 class=\"wp-block-heading\">Zva\u017ete investi\u010dn\u00ed a provozn\u00ed n\u00e1klady:<\/h3>\n\n<ul class=\"wp-block-list\">\n<li>Zhodno\u0165te <strong>po\u010d\u00e1te\u010dn\u00ed n\u00e1klady na n\u00e1kup a instalaci odlu\u010dova\u010de prachu<\/strong>.<\/li>\n\n\n\n<li>Zohledn\u011bte dlouhodob\u00e9 provozn\u00ed n\u00e1klady, jako jsou n\u00e1klady na \u00fadr\u017ebu, spot\u0159ebn\u00ed materi\u00e1l (filtry, kazety atd.) a energii.<\/li>\n\n\n\n<li>Porovnejte <strong>v\u00fdkon a n\u00e1klady r\u016fzn\u00fdch dodavatel\u016f <\/strong>a najd\u011bte nejlep\u0161\u00ed pom\u011br ceny a v\u00fdkonu.<\/li>\n<\/ul>\n\n<h3 class=\"wp-block-heading\">Ov\u011b\u0159te si reference a zku\u0161enosti dodavatele:<\/h3>\n\n<ul class=\"wp-block-list\">\n<li>Zkontrolujte reference potenci\u00e1ln\u00edch dodavatel\u016f a prov\u011b\u0159te jejich<strong> zku\u0161enosti s dod\u00e1vkami pr\u016fmyslov\u00fdch odlu\u010dova\u010d\u016f prachu <\/strong>pro aplikace podobn\u00e9 t\u00e9 va\u0161\u00ed.<\/li>\n\n\n\n<li>Nev\u00e1hejte si vy\u017e\u00e1dat reference z\u00e1kazn\u00edk\u016f nebo nav\u0161t\u00edvit st\u00e1vaj\u00edc\u00ed instalace a posoudit skute\u010dn\u00fd v\u00fdkon nab\u00edzen\u00fdch odlu\u010dova\u010d\u016f prachu.<\/li>\n<\/ul>\n\n<p>Stru\u010dn\u011b \u0159e\u010deno, v\u00fdb\u011br <strong>spr\u00e1vn\u00e9ho pr\u016fmyslov\u00e9ho odlu\u010dova\u010de prachu vy\u017eaduje d\u016fkladnou anal\u00fdzu<\/strong> po\u017eadavk\u016f aplikace, provozn\u00edch podm\u00ednek a vlastnost\u00ed \u010d\u00e1stic, kter\u00e9 maj\u00ed b\u00fdt zpracov\u00e1ny, a proto vy\u017eaduje spolupr\u00e1ci s odborn\u00edky na pr\u016fmyslov\u00e9 odlu\u010dov\u00e1n\u00ed prachu.<\/p>\n\n<h2 class=\"wp-block-heading\"><strong>V\u00fdhody pr\u016fmyslov\u00e9ho odlu\u010dova\u010de prachu  <\/strong><\/h2>\n\n<div class=\"wp-block-columns is-layout-flex wp-container-core-columns-is-layout-28f84493 wp-block-columns-is-layout-flex\">\n<div class=\"wp-block-column is-layout-flow wp-block-column-is-layout-flow\" style=\"flex-basis:66.66%\">\n<p><strong>Pr\u016fmyslov\u00e9 odlu\u010dova\u010de prachu nab\u00edzej\u00ed mnoho<\/strong> z\u00e1sadn\u00edch <strong>v\u00fdhod a p\u0159\u00ednos\u016f pro<\/strong> pr\u016fmyslov\u00e1 za\u0159\u00edzen\u00ed. Zde jsou n\u011bkter\u00e9 z hlavn\u00edch v\u00fdhod: <\/p>\n<\/div>\n\n\n\n<div class=\"wp-block-column is-layout-flow wp-block-column-is-layout-flow\" style=\"flex-basis:33.33%\">\n<figure class=\"wp-block-image alignleft size-large is-resized\"><img decoding=\"async\" width=\"1024\" height=\"1024\" src=\"https:\/\/obera.fr\/wp-content\/uploads\/2025\/01\/image-avantages-1024x1024.jpg\" alt=\"v&#xFD;hody obr&#xE1;zku\" class=\"wp-image-57732\" style=\"width:89px;height:auto\" srcset=\"https:\/\/obera.fr\/wp-content\/uploads\/2025\/01\/image-avantages-1024x1024.jpg 1024w, https:\/\/obera.fr\/wp-content\/uploads\/2025\/01\/image-avantages-300x300.jpg 300w, https:\/\/obera.fr\/wp-content\/uploads\/2025\/01\/image-avantages-150x150.jpg 150w, https:\/\/obera.fr\/wp-content\/uploads\/2025\/01\/image-avantages-768x768.jpg 768w, https:\/\/obera.fr\/wp-content\/uploads\/2025\/01\/image-avantages-400x400.jpg 400w, https:\/\/obera.fr\/wp-content\/uploads\/2025\/01\/image-avantages-600x600.jpg 600w, https:\/\/obera.fr\/wp-content\/uploads\/2025\/01\/image-avantages.jpg 1200w\" sizes=\"(max-width: 1024px) 100vw, 1024px\" \/><\/figure>\n<\/div>\n<\/div>\n\n<h3 class=\"wp-block-heading\">Zlep\u0161en\u00ed kvality ovzdu\u0161\u00ed :<\/h3>\n\n<p>Pr\u016fmyslov\u00e9 odlu\u010dova\u010de prachu \u00fa\u010dinn\u011b odstra\u0148uj\u00ed \u0161kodliv\u00e9 \u010d\u00e1stice ze vzduchu a pom\u00e1haj\u00ed <strong>zlep\u0161ovat kvalitu ovzdu\u0161\u00ed v pr\u016fmyslov\u00e9m prost\u0159ed\u00ed<\/strong>. Sni\u017euje se tak riziko respira\u010dn\u00edch onemocn\u011bn\u00ed a dal\u0161\u00edch zdravotn\u00edch probl\u00e9m\u016f spojen\u00fdch s vdechov\u00e1n\u00edm nebezpe\u010dn\u00fdch \u010d\u00e1stic. <\/p>\n\n<h3 class=\"wp-block-heading\">Dodr\u017eov\u00e1n\u00ed environment\u00e1ln\u00edch norem :<\/h3>\n\n<p><strong>Pr\u016fmyslov\u00e9 odlu\u010dova\u010de prachu pom\u00e1haj\u00ed za\u0159\u00edzen\u00edm<\/strong> dodr\u017eovat p\u0159edpisy na ochranu \u017eivotn\u00edho prost\u0159ed\u00ed t\u00fdkaj\u00edc\u00ed se emis\u00ed pevn\u00fdch \u010d\u00e1stic. Udr\u017euj\u00ed \u00farove\u0148 zne\u010di\u0161t\u011bn\u00ed ovzdu\u0161\u00ed pod povolen\u00fdmi limity, \u010d\u00edm\u017e zabra\u0148uj\u00ed p\u0159\u00edpadn\u00fdm pokut\u00e1m a sankc\u00edm. <\/p>\n\n<h3 class=\"wp-block-heading\">Ochrana zdrav\u00ed pracovn\u00edk\u016f :<\/h3>\n\n<p>Odstra\u0148ov\u00e1n\u00edm <strong>nebezpe\u010dn\u00fdch \u010d\u00e1stic ze vzduchu<\/strong> pom\u00e1haj\u00ed pr\u016fmyslov\u00e9 odlu\u010dova\u010de prachu chr\u00e1nit zdrav\u00ed pracovn\u00edk\u016f. Sni\u017euj\u00ed expozici \u0161kodliv\u00fdm l\u00e1tk\u00e1m obsa\u017een\u00fdm v \u010d\u00e1stic\u00edch, \u010d\u00edm\u017e zabra\u0148uj\u00ed <strong>nemocem z povol\u00e1n\u00ed a zlep\u0161uj\u00ed <\/strong>celkovou <strong>pohodu <\/strong>zam\u011bstnanc\u016f. <\/p>\n\n<h3 class=\"wp-block-heading\">Prevence rizik po\u017e\u00e1ru a v\u00fdbuchu :<\/h3>\n\n<p>V pr\u016fmyslov\u00e9m prost\u0159ed\u00ed, kde se vyskytuje<strong> ho\u0159lav\u00fd prach<\/strong>, hraj\u00ed pr\u016fmyslov\u00e9 odlu\u010dova\u010de prachu kl\u00ed\u010dovou roli p\u0159i prevenci rizika v\u00fdbuchu a po\u017e\u00e1ru. Zachycov\u00e1n\u00edm a odstra\u0148ov\u00e1n\u00edm ho\u0159lav\u00e9ho prachu omezuj\u00ed<strong> potenci\u00e1ln\u00ed zdroje vzn\u00edcen\u00ed<\/strong> a minimalizuj\u00ed riziko v\u00e1\u017en\u00fdch nehod. <\/p>\n\n<h3 class=\"wp-block-heading\">Zvy\u0161ov\u00e1n\u00ed \u00fa\u010dinnosti pr\u016fmyslov\u00fdch proces\u016f:<\/h3>\n\n<p>Odstra\u0148ov\u00e1n\u00edm <strong>ne\u017e\u00e1douc\u00edch \u010d\u00e1stic ze vzduchu<\/strong> pom\u00e1haj\u00ed pr\u016fmyslov\u00e9 odlu\u010dova\u010de prachu udr\u017eovat za\u0159\u00edzen\u00ed a instalace \u010dist\u00e9. T\u00edm se zvy\u0161uje \u00fa\u010dinnost pr\u016fmyslov\u00fdch proces\u016f, proto\u017ee se sni\u017euj\u00ed jejich ucp\u00e1v\u00e1n\u00ed, prostoje a <strong>souvisej\u00edc\u00ed n\u00e1klady na \u00fadr\u017ebu<\/strong>. <\/p>\n\n<h3 class=\"wp-block-heading\">Ochrana \u017eivotn\u00edho prost\u0159ed\u00ed :<\/h3>\n\n<p>Pr\u016fmyslov\u00e9 odlu\u010dova\u010de prachu pom\u00e1haj\u00ed <strong>sni\u017eovat dopad pr\u016fmyslov\u00fdch za\u0159\u00edzen\u00ed na \u017eivotn\u00ed prost\u0159ed\u00ed <\/strong>t\u00edm, \u017ee minimalizuj\u00ed emise \u010d\u00e1stic a vypou\u0161t\u011bn\u00ed zne\u010di\u0161\u0165uj\u00edc\u00edch l\u00e1tek do ovzdu\u0161\u00ed. To podporuje lep\u0161\u00ed ochranu \u017eivotn\u00edho prost\u0159ed\u00ed a zachov\u00e1v\u00e1 kvalitu ovzdu\u0161\u00ed v sousedn\u00edch oblastech. <\/p>\n\n<h3 class=\"wp-block-heading\">Prodlou\u017een\u00ed \u017eivotnosti za\u0159\u00edzen\u00ed:<\/h3>\n\n<p>Odstra\u0148ov\u00e1n\u00edm abrazivn\u00edch \u010d\u00e1stic ze vzduchu pom\u00e1haj\u00ed <strong>pr\u016fmyslov\u00e9 odlu\u010dova\u010de prachu<\/strong> sni\u017eovat opot\u0159eben\u00ed pr\u016fmyslov\u00fdch za\u0159\u00edzen\u00ed. T\u00edm se prodlu\u017euje jejich \u017eivotnost, sni\u017euj\u00ed se n\u00e1klady na v\u00fdm\u011bnu a zvy\u0161uje se celkov\u00e1 produktivita za\u0159\u00edzen\u00ed. <\/p>\n","protected":false},"excerpt":{"rendered":"<p>Zne\u010di\u0161t\u011bn\u00ed na pracovi\u0161t\u00edch je t\u00e9ma, kter\u00e9 by se nem\u011blo p\u0159ehl\u00ed\u017eet, a \u00faprava vzduchu je pro hladk\u00fd chod podniku nezbytn\u00e1. Dobr\u00e9 pr\u016fmyslov\u00e9 odlu\u010dova\u010de prachu spolehliv\u011b odstran\u00ed v\u0161echny druhy zne\u010di\u0161\u0165uj\u00edc\u00edch l\u00e1tek, jako jsou t\u0159\u00edsky, prach, olejov\u00e1 mlha, z\u00e1pach a v\u00fdpary. Tyto \u0161kodliviny v podob\u011b jemn\u00fdch \u010d\u00e1stic v\u017edy p\u0159edstavuj\u00ed riziko pro zdrav\u00ed va\u0161ich zam\u011bstnanc\u016f, ale tak\u00e9 pro kvalitu va\u0161ich v\u00fdrobk\u016f a \u017eivotnost va\u0161ich stroj\u016f. Na\u0161e syst\u00e9my pr\u016fmyslov\u00e9ho ods\u00e1v\u00e1n\u00ed prachu lze pou\u017e\u00edt v \u0161irok\u00e9 \u0161k\u00e1le aplikac\u00ed, v\u010detn\u011b d\u0159eva\u0159sk\u00e9ho, chemick\u00e9ho, pap\u00edrensk\u00e9ho, kovopr\u016fmyslov\u00e9ho, plastov\u00e9ho a textiln\u00edho pr\u016fmyslu. Spole\u010dnost OberA nab\u00edz\u00ed \u0161irokou \u0161k\u00e1lu pr\u016fmyslov\u00fdch odlu\u010dova\u010d\u016f prachu pro zpracov\u00e1n\u00ed r\u016fzn\u00fdch typ\u016f prachu. Na\u0161e r\u016fzn\u00e9 typy za\u0159\u00edzen\u00ed na zachyt\u00e1v\u00e1n\u00ed &#8230; <\/p>\n<p class=\"read-more-container\"><a title=\"Pr\u016fmyslov\u00e9 odlu\u010dova\u010de prachu\" class=\"read-more button\" href=\"https:\/\/obera.fr\/cs\/produits\/depoussiereurs-industriels\/#more-45655\" aria-label=\"\u010c\u00edst v\u00edce o Pr\u016fmyslov\u00e9 odlu\u010dova\u010de prachu\">Lire la suite<\/a><\/p>\n","protected":false},"author":4,"featured_media":83734,"parent":38112,"menu_order":3,"comment_status":"closed","ping_status":"closed","template":"","meta":{"_acf_changed":false,"_seopress_robots_primary_cat":"","_seopress_titles_title":"Mobiln\u00ed, pevn\u00e9 a kompaktn\u00ed pr\u016fmyslov\u00e9 odlu\u010dova\u010de prachu","_seopress_titles_desc":"Na\u0161e odpra\u0161ovac\u00ed za\u0159\u00edzen\u00ed jsou k dispozici s r\u016fzn\u00fdmi typy odpra\u0161ov\u00e1n\u00ed: mobiln\u00ed, stacion\u00e1rn\u00ed a mal\u00e9 pr\u016fmyslov\u00e9 odpra\u0161ova\u010de.","_seopress_robots_index":"","footnotes":""},"class_list":{"0":"post-45655","1":"page","2":"type-page","3":"status-publish","4":"has-post-thumbnail","6":"no-featured-image-padding","7":"resize-featured-image"},"acf":[],"_links":{"self":[{"href":"https:\/\/obera.fr\/cs\/wp-json\/wp\/v2\/pages\/45655","targetHints":{"allow":["GET"]}}],"collection":[{"href":"https:\/\/obera.fr\/cs\/wp-json\/wp\/v2\/pages"}],"about":[{"href":"https:\/\/obera.fr\/cs\/wp-json\/wp\/v2\/types\/page"}],"author":[{"embeddable":true,"href":"https:\/\/obera.fr\/cs\/wp-json\/wp\/v2\/users\/4"}],"replies":[{"embeddable":true,"href":"https:\/\/obera.fr\/cs\/wp-json\/wp\/v2\/comments?post=45655"}],"version-history":[{"count":7,"href":"https:\/\/obera.fr\/cs\/wp-json\/wp\/v2\/pages\/45655\/revisions"}],"predecessor-version":[{"id":104526,"href":"https:\/\/obera.fr\/cs\/wp-json\/wp\/v2\/pages\/45655\/revisions\/104526"}],"up":[{"embeddable":true,"href":"https:\/\/obera.fr\/cs\/wp-json\/wp\/v2\/pages\/38112"}],"wp:featuredmedia":[{"embeddable":true,"href":"https:\/\/obera.fr\/cs\/wp-json\/wp\/v2\/media\/83734"}],"wp:attachment":[{"href":"https:\/\/obera.fr\/cs\/wp-json\/wp\/v2\/media?parent=45655"}],"curies":[{"name":"wp","href":"https:\/\/api.w.org\/{rel}","templated":true}]}}