{"id":47176,"date":"2021-02-02T16:59:47","date_gmt":"2021-02-02T14:59:47","guid":{"rendered":"https:\/\/obera.fr\/suchy-odlucovac-prachu-estmac\/"},"modified":"2025-11-15T17:19:17","modified_gmt":"2025-11-15T15:19:17","slug":"depoussiereur-a-sec-estmac","status":"publish","type":"page","link":"https:\/\/obera.fr\/cs\/produits\/depoussiereurs-industriels\/fixes\/depoussiereur-a-sec-estmac\/","title":{"rendered":"Such\u00fd odlu\u010dova\u010d prachu ESTMAC"},"content":{"rendered":"\n<p>ESTMAC je \u0159ada <a href=\"https:\/\/obera.fr\/cs\/produits\/depoussiereurs-industriels\/\" data-type=\"page\" data-id=\"389\">pevn\u00fdch kompaktn\u00edch odlu\u010dova\u010d\u016f prachu<\/a>, kter\u00e9 nab\u00edzej\u00ed levn\u00e9 \u0159e\u0161en\u00ed pro ods\u00e1v\u00e1n\u00ed mal\u00fdch a st\u0159edn\u00edch mno\u017estv\u00ed <strong>prachu a t\u0159\u00edsek<\/strong>.  <\/p>\n\n<h2 class=\"wp-block-heading\" id=\"qu-est-ce-que-le-depoussiereur-estmac\">Co je to odlu\u010dova\u010d prachu ESTMAC?<\/h2>\n\n<div class=\"wp-block-columns is-layout-flex wp-container-core-columns-is-layout-28f84493 wp-block-columns-is-layout-flex\">\n<div class=\"wp-block-column is-layout-flow wp-block-column-is-layout-flow\" style=\"flex-basis:33.33%\">\n<figure class=\"wp-block-image aligncenter size-medium\"><img decoding=\"async\" width=\"300\" height=\"264\" src=\"https:\/\/obera.fr\/wp-content\/uploads\/2021\/02\/Depoussiereur-fixe-ESTMAC-300x264.png\" alt=\"Pevn&#xFD; sb&#x11B;ra&#x10D; prachu Estmac\" class=\"wp-image-4475\" srcset=\"https:\/\/obera.fr\/wp-content\/uploads\/2021\/02\/Depoussiereur-fixe-ESTMAC-300x264.png 300w, https:\/\/obera.fr\/wp-content\/uploads\/2021\/02\/Depoussiereur-fixe-ESTMAC.png 480w\" sizes=\"(max-width: 300px) 100vw, 300px\" \/><\/figure>\n<\/div>\n\n\n\n<div class=\"wp-block-column is-vertically-aligned-center is-layout-flow wp-block-column-is-layout-flow\" style=\"flex-basis:66.66%\">\n<p>Odlu\u010dova\u010de prachu ods\u00e1vaj\u00ed <strong>such\u00fd a st\u00e9kaj\u00edc\u00ed prach<\/strong> a nab\u00edzej\u00ed \u0161irokou \u0161k\u00e1lu pou\u017eit\u00ed v mnoha odv\u011btv\u00edch.  <\/p>\n\n\n\n<p>D\u00edky <strong>kompaktn\u00edm rozm\u011br\u016fm<\/strong> lze such\u00e9 odlu\u010dova\u010de prachu ESTMAC flexibiln\u011b instalovat na r\u016fzn\u00fdch m\u00edstech.<\/p>\n\n\n\n<p>Jsou vybaveny <strong>\u010distiteln\u00fdmi filtra\u010dn\u00edmi kazetami t\u0159\u00eddy prachu \u201eM\u201c<\/strong>, kter\u00e9 odpov\u00eddaj\u00ed \u00fa\u010dinnosti <strong>odd\u011blen\u00ed \u010d\u00e1stic 99,9\u00a0%<\/strong>. Integrovan\u00fd p\u0159edsepar\u00e1tor prodlu\u017euje \u017eivotnost filtra\u010dn\u00edch kazet t\u00edm, \u017ee p\u0159edem odd\u011bluje hrub\u00e9 \u010d\u00e1stice. To sni\u017euje expozici filtr\u016f, kter\u00e9 mus\u00ed filtrovat pouze nejjemn\u011bj\u0161\u00ed prach.<\/p>\n\n\n\n<p>Mobiln\u00ed n\u00e1doba na sb\u011br prachu m\u016f\u017ee b\u00fdt pou\u017eita k <strong>snadn\u00e9mu a bezpe\u010dn\u00e9mu odstran\u011bn\u00ed ne\u010distot<\/strong>. Zvukov\u011b izolovan\u00e1 ventila\u010dn\u00ed jednotka je navr\u017eena tak, aby m\u011bla <strong>maxim\u00e1ln\u00ed pr\u016ftok vzduchu p\u0159i minim\u00e1ln\u00edm hluku<\/strong>. To zaji\u0161\u0165uje n\u00edzkou hlu\u010dnost provozu.<\/p>\n<\/div>\n<\/div>\n\n<div class=\"wp-block-columns is-layout-flex wp-container-core-columns-is-layout-28f84493 wp-block-columns-is-layout-flex\">\n<div class=\"wp-block-column is-layout-flow wp-block-column-is-layout-flow\" style=\"flex-basis:33.33%\"><\/div>\n\n\n\n<div class=\"wp-block-column is-layout-flow wp-block-column-is-layout-flow\" style=\"flex-basis:33.34%\">\n<div class=\"wp-block-buttons is-horizontal is-content-justification-center is-layout-flex wp-container-core-buttons-is-layout-03627597 wp-block-buttons-is-layout-flex\">\n<div class=\"wp-block-button has-custom-width wp-block-button__width-100\"><a class=\"wp-block-button__link wp-element-button\" href=\"https:\/\/obera.fr\/cs\/kontaktujte-nas\/\">Zjist\u011bte v\u00edce<\/a><\/div>\n<\/div>\n\n\n\n<p><\/p>\n\n\n\n<div class=\"wp-block-buttons is-content-justification-center is-layout-flex wp-container-core-buttons-is-layout-a89b3969 wp-block-buttons-is-layout-flex\">\n<div class=\"wp-block-button\"><a class=\"wp-block-button__link wp-element-button\" href=\"https:\/\/obera.fr\/wp-content\/uploads\/2025\/04\/brochure-estmac.pdf\">ST\u00c1HNOUT BRO\u017dURU<\/a><\/div>\n<\/div>\n<\/div>\n\n\n\n<div class=\"wp-block-column is-layout-flow wp-block-column-is-layout-flow\" style=\"flex-basis:33.34%\">\n<div class=\"wp-block-buttons is-content-justification-center is-layout-flex wp-container-core-buttons-is-layout-a89b3969 wp-block-buttons-is-layout-flex\">\n<div class=\"wp-block-button btn-devis-source\"><a class=\"wp-block-button__link wp-element-button\" href=\"https:\/\/obera.fr\/cs\/devis\/\">Po\u017e\u00e1dat o cenovou nab\u00eddku<\/a><\/div>\n<\/div>\n\n\n<script>\r\ndocument.addEventListener('DOMContentLoaded', function() {\r\n    \/\/ 1. On cherche le titre H1 de la page\r\n    var h1 = document.querySelector('h1');\r\n    var productTitle = h1 ? h1.innerText.trim() : \"\";\r\n\r\n    \/\/ 2. On cherche les boutons via la classe CSS .btn-devis-source\r\n    var buttons = document.querySelectorAll('.btn-devis-source a');\r\n\r\n    \/\/ 3. Si on a le titre et les boutons, on ajoute le param\u00e8tre\r\n    if (buttons.length > 0 && productTitle !== \"\") {\r\n        var encodedTitle = encodeURIComponent(productTitle);\r\n\r\n        buttons.forEach(function(btn) {\r\n            var currentHref = btn.getAttribute('href');\r\n            \r\n            \/\/ S\u00e9curit\u00e9 pour ne pas ajouter le param\u00e8tre 2 fois\r\n            if (currentHref.indexOf('sujet=') === -1) {\r\n                var separator = currentHref.indexOf('?') !== -1 ? '&' : '?';\r\n                var newLink = currentHref + separator + 'sujet=' + encodedTitle;\r\n                \r\n                btn.setAttribute('href', newLink);\r\n            }\r\n        });\r\n    }\r\n});\r\n<\/script><\/div>\n<\/div>\n\n<h2 class=\"wp-block-heading\" id=\"pour-quelles-utilisations\">Pro jak\u00e9 \u00fa\u010dely?<\/h2>\n\n<p><a href=\"https:\/\/obera.fr\/cs\/produits\/depoussiereurs-industriels\/petits\/\">Mal\u00e9 odlu\u010dova\u010de prachu<\/a><strong> <\/strong>jsou ur\u010deny k \u00fa\u010dinn\u00e9mu ods\u00e1v\u00e1n\u00ed mal\u00fdch a\u017e st\u0159edn\u00edch mno\u017estv\u00ed kovov\u00e9ho prachu a t\u0159\u00edsek, plastov\u00e9ho prachu a t\u0159\u00edsek, miner\u00e1ln\u00edho prachu, prachu ze vzduchu a prachu z kompozitn\u00edch materi\u00e1l\u016f.<\/p>\n\n<blockquote class=\"wp-block-quote is-layout-flow wp-block-quote-is-layout-flow\">\n<p>Tyto stacion\u00e1rn\u00ed ods\u00e1va\u010de prachu mohou b\u00fdt p\u0159ipojeny p\u0159\u00edmo k <strong>jednomu nebo v\u00edce pracovn\u00edm m\u00edst\u016fm<\/strong> nebo k <strong>jedn\u00e9 nebo v\u00edce v\u00fdrobn\u00edm stroj\u016fm<\/strong>. Mohou b\u00fdt tak\u00e9 vybaveny<strong> <\/strong><a href=\"https:\/\/obera.fr\/cs\/produits\/bras-dispositifs-captation\/capot-industriel\/\">sac\u00ed rameno<\/a> v p\u0159\u00edpad\u011b s\u00e1n\u00ed ze zdroje.<\/p>\n<\/blockquote>\n\n<p>Tyto zne\u010di\u0161\u0165uj\u00edc\u00ed l\u00e1tky obvykle vznikaj\u00ed p\u0159i \u0159ez\u00e1n\u00ed, \u0159ez\u00e1n\u00ed, obr\u00e1b\u011bn\u00ed, fr\u00e9zov\u00e1n\u00ed, brou\u0161en\u00ed, le\u0161t\u011bn\u00ed nebo p\u0159i separaci \u010di dekantaci materi\u00e1l\u016f.  <\/p>\n\n<div class=\"wp-block-columns is-layout-flex wp-container-core-columns-is-layout-28f84493 wp-block-columns-is-layout-flex\">\n<div class=\"wp-block-column is-layout-flow wp-block-column-is-layout-flow\">\n<h3 class=\"wp-block-heading has-text-align-center\" id=\"polluants\">POLUTANTY<\/h3>\n\n\n\n<hr class=\"wp-block-separator has-css-opacity aligncenter is-style-wide\"\/>\n\n\n\n<div style=\"height:20px\" aria-hidden=\"true\" class=\"wp-block-spacer\"><\/div>\n\n\n\n<div class=\"wp-block-columns is-layout-flex wp-container-core-columns-is-layout-28f84493 wp-block-columns-is-layout-flex\">\n<div class=\"wp-block-column is-layout-flow wp-block-column-is-layout-flow\">\n<figure class=\"wp-block-image aligncenter size-large\"><img decoding=\"async\" width=\"70\" height=\"70\" src=\"https:\/\/obera.fr\/wp-content\/uploads\/2020\/08\/polluants-poussieres.jpg\" alt=\"Metr - V&#xFD;robek\" class=\"wp-image-675\"\/><figcaption class=\"wp-element-caption\">Prach<\/figcaption><\/figure>\n<\/div>\n\n\n\n<div class=\"wp-block-column is-layout-flow wp-block-column-is-layout-flow\">\n<figure class=\"wp-block-image aligncenter size-large\"><img decoding=\"async\" width=\"70\" height=\"70\" src=\"https:\/\/obera.fr\/wp-content\/uploads\/2020\/08\/polluants-copeaux-bois.jpg\" alt=\"Ilustrace - Vektorov&#xE1; grafika\" class=\"wp-image-674\"\/><figcaption class=\"wp-element-caption\">Chipsy<\/figcaption><\/figure>\n<\/div>\n<\/div>\n<\/div>\n\n\n\n<div class=\"wp-block-column is-layout-flow wp-block-column-is-layout-flow\">\n<h3 class=\"wp-block-heading has-text-align-center\" id=\"industries\">PR\u016eMYSLOV\u00c1 ODV\u011aTV\u00cd<\/h3>\n\n\n\n<hr class=\"wp-block-separator has-css-opacity aligncenter is-style-wide\"\/>\n\n\n\n<div style=\"height:20px\" aria-hidden=\"true\" class=\"wp-block-spacer\"><\/div>\n\n\n\n<div class=\"wp-block-columns is-layout-flex wp-container-core-columns-is-layout-28f84493 wp-block-columns-is-layout-flex\">\n<div class=\"wp-block-column is-layout-flow wp-block-column-is-layout-flow\">\n<figure class=\"wp-block-image aligncenter size-large\"><img decoding=\"async\" width=\"70\" height=\"70\" src=\"https:\/\/obera.fr\/wp-content\/uploads\/2020\/08\/industrie-metallurgie.jpg\" alt=\"Hutnictv&#xED;\" class=\"wp-image-673\"\/><figcaption class=\"wp-element-caption\">Hutnictv\u00ed<\/figcaption><\/figure>\n\n\n\n<figure class=\"wp-block-image aligncenter size-large\"><img decoding=\"async\" width=\"70\" height=\"70\" src=\"https:\/\/obera.fr\/wp-content\/uploads\/2020\/08\/industrie-plastique.jpg\" alt=\"Plasty\" class=\"wp-image-669\"\/><figcaption class=\"wp-element-caption\">Plasty<\/figcaption><\/figure>\n\n\n\n<figure class=\"wp-block-image aligncenter size-large is-resized\"><img decoding=\"async\" width=\"100\" height=\"100\" src=\"https:\/\/obera.fr\/wp-content\/uploads\/2020\/11\/29-materiaux-composites.jpg\" alt=\"Kompozitn&#xED; materi&#xE1;ly\" class=\"wp-image-1671\"\/><figcaption class=\"wp-element-caption\">Kompozitn\u00ed materi\u00e1ly<\/figcaption><\/figure>\n<\/div>\n\n\n\n<div class=\"wp-block-column is-layout-flow wp-block-column-is-layout-flow\">\n<figure class=\"wp-block-image aligncenter size-large\"><img decoding=\"async\" width=\"70\" height=\"70\" src=\"https:\/\/obera.fr\/wp-content\/uploads\/2020\/08\/industrie-bois.jpg\" alt=\"Obr&#xE1;b&#x11B;n&#xED; d&#x159;eva\" class=\"wp-image-672\"\/><figcaption class=\"wp-element-caption\">Obr\u00e1b\u011bn\u00ed d\u0159eva<\/figcaption><\/figure>\n\n\n\n<figure class=\"wp-block-image aligncenter size-large\"><img decoding=\"async\" width=\"70\" height=\"70\" src=\"https:\/\/obera.fr\/wp-content\/uploads\/2020\/08\/industrie-minerai.jpg\" alt=\"Miner&#xE1;ly\" class=\"wp-image-724\"\/><figcaption class=\"wp-element-caption\">Miner\u00e1ly<\/figcaption><\/figure>\n\n\n\n<p><\/p>\n<\/div>\n<\/div>\n<\/div>\n<\/div>\n\n<h2 class=\"wp-block-heading\" id=\"quelles-sont-les-caracteristiques\">Jak\u00e9 jsou jejich charakteristiky?<\/h2>\n\n<p>Tato \u0159ada pr\u016fmyslov\u00fdch ods\u00e1va\u010d\u016f prachu je navr\u017eena ve stacion\u00e1rn\u00ed verzi, ale je <strong>snadno p\u0159em\u00edstiteln\u00e1<\/strong>. Jej\u00ed pr\u016ftok vzduchu a\u017e <strong>1800 m3\/h<\/strong> umo\u017e\u0148uje zpracov\u00e1n\u00ed pr\u016fm\u011brn\u00e9ho mno\u017estv\u00ed prachu a t\u0159\u00edsek. S\u00e9rie ESTMAC je dostupn\u00e1 ve dvou modelech:<\/p>\n\n<ul class=\"wp-block-list\">\n<li>Odlu\u010dova\u010d prachu <strong>ESTMAC 1500<\/strong> pro pr\u016ftok vzduchu 1500 m3\/h.<\/li>\n\n\n\n<li>Odlu\u010dova\u010d prachu <strong>ESTMAC 1800<\/strong> pro pr\u016ftok vzduchu 1800 m3\/h.  <\/li>\n<\/ul>\n\n<p>Tyto ods\u00e1va\u010de prachu maj\u00ed zaj\u00edmav\u00fd pom\u011br v\u00fdkonu k hlu\u010dnosti provozu d\u00edky <strong>zvukov\u011b izolovan\u00e9 konstrukci<\/strong> ventila\u010dn\u00ed jednotky. \u0158ada ESTMAC je tak\u00e9 dostupn\u00e1 v t\u0159\u00edd\u011b H, co\u017e umo\u017e\u0148uje zpracov\u00e1n\u00ed <strong>nebezpe\u010dn\u00e9ho prachu<\/strong> (CMR). V tomto p\u0159\u00edpad\u011b je za\u0159\u00edzen\u00ed vybaveno dal\u0161\u00edm filtra\u010dn\u00edm stupn\u011bm s nasycen\u00edm <strong>t\u0159\u00eddy H14<\/strong>.<\/p>\n\n<p>Voliteln\u011b lze p\u0159idat tak\u00e9 p\u0159edsepar\u00e1tor jisker.<\/p>\n\n<div class=\"wp-block-columns is-layout-flex wp-container-core-columns-is-layout-28f84493 wp-block-columns-is-layout-flex\">\n<div class=\"wp-block-column is-layout-flow wp-block-column-is-layout-flow\" style=\"flex-basis:33.33%\">\n<figure class=\"wp-block-image alignleft size-medium\"><img decoding=\"async\" width=\"300\" height=\"169\" src=\"https:\/\/obera.fr\/wp-content\/uploads\/2021\/02\/Decolmatage-filtre-ESTMAC-300x169.png\" alt=\"Odblokov&#xE1;n&#xED; filtru Estmac\" class=\"wp-image-4478\" srcset=\"https:\/\/obera.fr\/wp-content\/uploads\/2021\/02\/Decolmatage-filtre-ESTMAC-300x169.png 300w, https:\/\/obera.fr\/wp-content\/uploads\/2021\/02\/Decolmatage-filtre-ESTMAC-1024x575.png 1024w, https:\/\/obera.fr\/wp-content\/uploads\/2021\/02\/Decolmatage-filtre-ESTMAC-768x432.png 768w, https:\/\/obera.fr\/wp-content\/uploads\/2021\/02\/Decolmatage-filtre-ESTMAC-1536x863.png 1536w, https:\/\/obera.fr\/wp-content\/uploads\/2021\/02\/Decolmatage-filtre-ESTMAC.png 1920w\" sizes=\"(max-width: 300px) 100vw, 300px\" \/><figcaption class=\"wp-element-caption\">Ru\u010dn\u00ed rota\u010dn\u00ed odblokov\u00e1n\u00ed<\/figcaption><\/figure>\n<\/div>\n\n\n\n<div class=\"wp-block-column is-vertically-aligned-center is-layout-flow wp-block-column-is-layout-flow\" style=\"flex-basis:66.66%\">\n<p class=\"has-text-align-left\">Modely ods\u00e1va\u010d\u016f prachu ESTMAC maj\u00ed syst\u00e9m <strong>ru\u010dn\u00edho rota\u010dn\u00edho \u010di\u0161t\u011bn\u00ed<\/strong> filtr\u016f. Filtr je rovnom\u011brn\u011b ofukov\u00e1n d\u00edky rota\u010dn\u00ed trysce p\u0159ipojen\u00e9 k n\u00e1dr\u017ei na stla\u010den\u00fd vzduch.<\/p>\n<\/div>\n<\/div>\n\n<figure class=\"wp-block-table\"><table class=\"has-fixed-layout\"><thead><tr><th>Za\u0159\u00edzen\u00ed<\/th><th><\/th><th>ESTMAC 1500<\/th><th>ESTMAC 1800<\/th><\/tr><\/thead><tbody><tr><td>Pr\u016ftok<\/td><td>m3\/h<\/td><td>1 500<\/td><td>1 800<\/td><\/tr><tr><td>Pr\u016fm\u011br vstupn\u00edho otvoru<\/td><td>mm<\/td><td>160<\/td><td>160<\/td><\/tr><tr><td>maxim\u00e1ln\u00ed podtlak<\/td><td>Pa<\/td><td>2 040<\/td><td>2 650<\/td><\/tr><tr><td>Nap\u00e1jec\u00ed nap\u011bt\u00ed<\/td><td>V<\/td><td>400<\/td><td>400<\/td><\/tr><tr><td>Power<\/td><td>kW<\/td><td>1.1<\/td><td>2.2<\/td><\/tr><tr><td>Povrch filtru<\/td><td>m\u00b2<\/td><td>7.5<\/td><td>15<\/td><\/tr><tr><td>Kapacita pro ukl\u00e1d\u00e1n\u00ed prachu<\/td><td>l<\/td><td>40<\/td><td>40<\/td><\/tr><tr><td>Rozm\u011bry<\/td><td>l\/L\/h (mm)<\/td><td>650 x 707 x 1490<\/td><td>650 x 707 x 1490<\/td><\/tr><tr><td>Hmotnost<\/td><td>kg<\/td><td>170<\/td><td>180<\/td><\/tr><tr><td>Hladina hluku<\/td><td>dB(A)<\/td><td>71,3<\/td><td>73.3<\/td><\/tr><\/tbody><\/table><\/figure>\n\n<div class=\"wp-block-buttons is-horizontal is-content-justification-center is-layout-flex wp-container-core-buttons-is-layout-03627597 wp-block-buttons-is-layout-flex\">\n<div class=\"wp-block-button\"><a class=\"wp-block-button__link wp-element-button\" href=\"https:\/\/obera.fr\/wp-content\/uploads\/2025\/04\/brochure-estmac.pdf\">st\u00e1hnout produktov\u00fd list<\/a><\/div>\n<\/div>\n\n<h3 class=\"wp-block-heading\" id=\"quels-sont-les-avantages\">JAK\u00c9 JSOU V\u00ddHODY?<\/h3>\n\n<p>Pevn\u00e9 odlu\u010dova\u010de prachu ESTMAC se snadno pou\u017e\u00edvaj\u00ed a udr\u017euj\u00ed. A co v\u00edc, navzdory jejich statusu &#8222;pevn\u00e9ho odlu\u010dova\u010de prachu&#8220; je lze bez v\u011bt\u0161\u00ed n\u00e1mahy p\u0159emis\u0165ovat.  <\/p>\n\n<p>D\u00edky sv\u00e9 konstrukci z ocelov\u00e9ho plechu se jedn\u00e1 o robustn\u00ed odlu\u010dova\u010d prachu, kter\u00fd zaji\u0161\u0165uje dlouhou \u017eivotnost. Odhlu\u010dn\u011bn\u00e1 konstrukce ventil\u00e1tor\u016f zaru\u010duje n\u00edzkou provozn\u00ed hlu\u010dnost 71 a\u017e 74 dB.<\/p>\n\n<p>Ru\u010dn\u00ed rota\u010dn\u00ed syst\u00e9m \u010di\u0161t\u011bn\u00ed filtr\u016f prodlu\u017euje \u017eivotnost filtra\u010dn\u00edch kazet a sni\u017euje n\u00e1klady na \u00fadr\u017ebu a spot\u0159ebn\u00ed materi\u00e1l.  <\/p>\n\n<blockquote class=\"wp-block-quote is-layout-flow wp-block-quote-is-layout-flow\">\n<p>Odn\u00edmateln\u00fd z\u00e1sobn\u00edk na prach umo\u017e\u0148uje snadnou a bezpe\u010dnou likvidaci prachu.<\/p>\n<\/blockquote>\n\n<p>Pevn\u00e9 odlu\u010dova\u010de prachu mohou b\u00fdt vybaveny absolutn\u00edm filtrem HEPA t\u0159\u00eddy H, kter\u00fd pom\u00e1h\u00e1 zlep\u0161it kvalitu vzduchu a dodr\u017eovat limity expozice na pracovi\u0161ti<a href=\"https:\/\/obera.fr\/cs\/nase-rady\/reglementation-vlep-evaluation-risque-chimique-lieu-de-travail\/\" data-type=\"post\" data-id=\"6575\">(<\/a>OEL).<\/p>\n\n<div class=\"wp-block-columns is-layout-flex wp-container-core-columns-is-layout-28f84493 wp-block-columns-is-layout-flex\">\n<div class=\"wp-block-column is-layout-flow wp-block-column-is-layout-flow\">\n<h4 class=\"wp-block-heading has-text-align-center\" id=\"avantages\"><strong>V\u00fdhody<\/strong><\/h4>\n\n\n\n<ul class=\"wp-block-list\">\n<li>Vhodn\u00e9 pro pou\u017eit\u00ed na r\u016fzn\u00fdch m\u011bn\u00edc\u00edch se m\u00edstech<\/li>\n\n\n\n<li>Snadn\u00e9 a bezpe\u010dn\u00e9 odstra\u0148ov\u00e1n\u00ed prachu<\/li>\n\n\n\n<li>N\u00edzk\u00e9 provozn\u00ed a monitorovac\u00ed n\u00e1klady<\/li>\n\n\n\n<li>Robustn\u00ed konstrukce z ocelov\u00e9ho plechu pro dlouhou \u017eivotnost<\/li>\n\n\n\n<li>N\u00edzk\u00e1 provozn\u00ed hlu\u010dnost<\/li>\n\n\n\n<li>Pou\u017eit\u00ed filtra\u010dn\u00edch kazet testovan\u00fdch na t\u0159\u00eddu prachu &#8222;M&#8220;.<\/li>\n\n\n\n<li>Snadn\u00e9 pou\u017e\u00edv\u00e1n\u00ed a \u00fadr\u017eba<\/li>\n<\/ul>\n<\/div>\n\n\n\n<div class=\"wp-block-column is-layout-flow wp-block-column-is-layout-flow\">\n<h4 class=\"wp-block-heading has-text-align-center\" id=\"particularites\"><strong>Speci\u00e1ln\u00ed funkce<\/strong><\/h4>\n\n\n\n<ul class=\"wp-block-list\">\n<li>Integrovan\u00fd odlu\u010dova\u010d hrub\u00e9ho prachu<\/li>\n\n\n\n<li>Speci\u00e1ln\u00ed modely<\/li>\n\n\n\n<li>\u010ci\u0161t\u011bn\u00ed filtr\u016f pomoc\u00ed ru\u010dn\u00ed rota\u010dn\u00ed trysky<\/li>\n\n\n\n<li>Odhlu\u010dn\u011bn\u00fd kryt ventil\u00e1toru<\/li>\n\n\n\n<li>Vysoce v\u00fdkonn\u00fd odst\u0159ediv\u00fd ventil\u00e1tor na stran\u011b \u010dist\u00e9ho vzduchu<\/li>\n\n\n\n<li>Vyj\u00edmateln\u00e1 mobiln\u00ed z\u00e1suvka na prach o objemu p\u0159ibli\u017en\u011b 40 l<\/li>\n<\/ul>\n<\/div>\n\n\n\n<div class=\"wp-block-column is-layout-flow wp-block-column-is-layout-flow\">\n<h4 class=\"wp-block-heading has-text-align-center\" id=\"caracteristiques\"><strong>Funkce<\/strong><\/h4>\n\n\n\n<ul class=\"wp-block-list\">\n<li>Ide\u00e1ln\u00ed pro jednotliv\u00e9 pracovn\u00ed stanice a\/nebo v\u00fdrobn\u00ed stroje.<\/li>\n\n\n\n<li>Ods\u00e1v\u00e1 prach a t\u0159\u00edsky ze d\u0159eva, plast\u016f, kov\u016f a kompozitn\u00edch materi\u00e1l\u016f.<\/li>\n\n\n\n<li>Filtrace t\u0159\u00eddy H (voliteln\u00e1) pro manipulaci s nebezpe\u010dn\u00fdmi prachy (CMR)<\/li>\n\n\n\n<li>Mo\u017enost mont\u00e1\u017ee sac\u00edho ramene<\/li>\n<\/ul>\n<\/div>\n<\/div>\n\n<h3 class=\"wp-block-heading\" id=\"en-option\">voliteln\u00e9<\/h3>\n\n<div class=\"wp-block-columns is-layout-flex wp-container-core-columns-is-layout-28f84493 wp-block-columns-is-layout-flex\">\n<div class=\"wp-block-column is-layout-flow wp-block-column-is-layout-flow\">\n<figure class=\"wp-block-image aligncenter size-large\"><img decoding=\"async\" width=\"100\" height=\"100\" src=\"https:\/\/obera.fr\/wp-content\/uploads\/2020\/08\/certificat-poussieres-classe-H.jpg\" alt=\"Sb&#x11B;ra&#x10D; prachu - vysava&#x10D;\" class=\"wp-image-666\"\/><figcaption class=\"wp-element-caption\">Certifik\u00e1t t\u0159\u00eddy H pro prach podle EN 60-335-2-69<\/figcaption><\/figure>\n<\/div>\n\n\n\n<div class=\"wp-block-column is-layout-flow wp-block-column-is-layout-flow\">\n<figure class=\"wp-block-image aligncenter size-large\"><img decoding=\"async\" width=\"100\" height=\"100\" src=\"https:\/\/obera.fr\/wp-content\/uploads\/2020\/08\/pre-separateur.jpg\" alt=\"Odlu&#x10D;ova&#x10D; prachu - prach\" class=\"wp-image-683\"\/><figcaption class=\"wp-element-caption\">P\u0159\u00eddavn\u00fd p\u0159edsepar\u00e1tor jisker a t\u0159\u00edsek<\/figcaption><\/figure>\n<\/div>\n\n\n\n<div class=\"wp-block-column is-layout-flow wp-block-column-is-layout-flow\">\n<figure class=\"wp-block-image aligncenter size-large\"><img decoding=\"async\" width=\"100\" height=\"100\" src=\"https:\/\/obera.fr\/wp-content\/uploads\/2020\/09\/Charbon-actif-100x100-1.jpg\" alt=\"Uhl&#xED; - Uheln&#xFD; d&#x16F;l\" class=\"wp-image-963\"\/><figcaption class=\"wp-element-caption\">Filtr s aktivn\u00edm uhl\u00edm<\/figcaption><\/figure>\n<\/div>\n<\/div>\n\n<h3 class=\"wp-block-heading\" id=\"accessoires\">p\u0159\u00edslu\u0161enstv\u00ed<\/h3>\n\n<div class=\"wp-block-columns is-layout-flex wp-container-core-columns-is-layout-28f84493 wp-block-columns-is-layout-flex\">\n<div class=\"wp-block-column is-layout-flow wp-block-column-is-layout-flow\">\n<figure class=\"wp-block-image aligncenter size-full\"><img decoding=\"async\" width=\"100\" height=\"100\" src=\"https:\/\/obera.fr\/wp-content\/uploads\/2020\/08\/accessoires-adaptateur-de-gaines.jpg\" alt=\"Potrub&#xED; - Potrub&#xED;\" class=\"wp-image-664\"\/><figcaption class=\"wp-element-caption\">Adapt\u00e9r pl\u00e1\u0161t\u011b<\/figcaption><\/figure>\n<\/div>\n\n\n\n<div class=\"wp-block-column is-layout-flow wp-block-column-is-layout-flow\">\n<figure class=\"wp-block-image aligncenter size-full\"><img decoding=\"async\" width=\"100\" height=\"100\" src=\"https:\/\/obera.fr\/wp-content\/uploads\/2020\/08\/accessoires-gaines.jpg\" alt=\"Odlu&#x10D;ova&#x10D; prachu - Filtrace\" class=\"wp-image-665\"\/><figcaption class=\"wp-element-caption\">Potrub\u00ed<\/figcaption><\/figure>\n<\/div>\n\n\n\n<div class=\"wp-block-column is-layout-flow wp-block-column-is-layout-flow\">\n<figure class=\"wp-block-image aligncenter size-full\"><img decoding=\"async\" width=\"100\" height=\"100\" src=\"https:\/\/obera.fr\/wp-content\/uploads\/2020\/08\/accessoires-bras.jpg\" alt=\"Odlu&#x10D;ova&#x10D; prachu - Sva&#x159;ov&#xE1;n&#xED;\" class=\"wp-image-662\"\/><figcaption class=\"wp-element-caption\">Rameno<\/figcaption><\/figure>\n<\/div>\n\n\n\n<div class=\"wp-block-column is-layout-flow wp-block-column-is-layout-flow\">\n<figure class=\"wp-block-image aligncenter size-full\"><img decoding=\"async\" width=\"100\" height=\"100\" src=\"https:\/\/obera.fr\/wp-content\/uploads\/2020\/08\/accessoires-hotte.jpg\" alt=\"Odlu&#x10D;ova&#x10D; prachu - filtr\" class=\"wp-image-663\"\/><figcaption class=\"wp-element-caption\">Kapota<\/figcaption><\/figure>\n<\/div>\n<\/div>\n\n<div class=\"wp-block-buttons is-horizontal is-content-justification-center is-layout-flex wp-container-core-buttons-is-layout-03627597 wp-block-buttons-is-layout-flex\">\n<div class=\"wp-block-button has-custom-width wp-block-button__width-100\"><a class=\"wp-block-button__link wp-element-button\" href=\"https:\/\/obera.fr\/cs\/kontaktujte-nas\/\">Zjist\u011bte v\u00edce<\/a><\/div>\n<\/div>\n\n<h2 class=\"wp-block-heading\" id=\"les-autres-depoussiereurs-fixes-de-la-marque-obera\">Ostatn\u00ed stacion\u00e1rn\u00ed odlu\u010dova\u010de prachu zna\u010dky oberA<\/h2>\n\n<div class=\"wp-block-columns is-layout-flex wp-container-core-columns-is-layout-28f84493 wp-block-columns-is-layout-flex\">\n<div class=\"wp-block-column is-layout-flow wp-block-column-is-layout-flow\">\n<figure class=\"wp-block-image aligncenter size-full is-resized\"><a href=\"https:\/\/obera.fr\/cs\/produits\/depoussiereurs-industriels\/fixes\/depoussiereur-a-voie-humide-dustomat-hydro\/\"><img decoding=\"async\" width=\"500\" height=\"500\" src=\"https:\/\/obera.fr\/wp-content\/uploads\/2023\/02\/dustomat-hydro.png\" alt=\"dustomat hydro\" class=\"wp-image-19014\" srcset=\"https:\/\/obera.fr\/wp-content\/uploads\/2023\/02\/dustomat-hydro.png 500w, https:\/\/obera.fr\/wp-content\/uploads\/2023\/02\/dustomat-hydro-300x300.png 300w, https:\/\/obera.fr\/wp-content\/uploads\/2023\/02\/dustomat-hydro-150x150.png 150w\" sizes=\"(max-width: 500px) 100vw, 500px\" \/><\/a><figcaption class=\"wp-element-caption\">Dustomat Hydro<\/figcaption><\/figure>\n<\/div>\n\n\n\n<div class=\"wp-block-column is-layout-flow wp-block-column-is-layout-flow\">\n<figure class=\"wp-block-image aligncenter size-large is-resized\"><a href=\"https:\/\/obera.fr\/cs\/produits\/depoussiereurs-industriels\/fixes\/aspiration-centralisee-industrielle-dustmac\/\"><img decoding=\"async\" width=\"600\" height=\"600\" src=\"https:\/\/obera.fr\/wp-content\/uploads\/2020\/08\/depoussiereur-centralise-filtres-a-manches-DUSTMAC-S.png\" alt=\"Syst&#xE9;m - Design v&#xFD;robku\" class=\"wp-image-637\" srcset=\"https:\/\/obera.fr\/wp-content\/uploads\/2020\/08\/depoussiereur-centralise-filtres-a-manches-DUSTMAC-S.png 600w, https:\/\/obera.fr\/wp-content\/uploads\/2020\/08\/depoussiereur-centralise-filtres-a-manches-DUSTMAC-S-300x300.png 300w, https:\/\/obera.fr\/wp-content\/uploads\/2020\/08\/depoussiereur-centralise-filtres-a-manches-DUSTMAC-S-150x150.png 150w\" sizes=\"(max-width: 600px) 100vw, 600px\" \/><\/a><figcaption class=\"wp-element-caption\">DUSTMAC<\/figcaption><\/figure>\n<\/div>\n\n\n\n<div class=\"wp-block-column is-layout-flow wp-block-column-is-layout-flow\"><\/div>\n<\/div>\n","protected":false},"excerpt":{"rendered":"<p>ESTMAC je \u0159ada pevn\u00fdch kompaktn\u00edch odlu\u010dova\u010d\u016f prachu, kter\u00e9 nab\u00edzej\u00ed levn\u00e9 \u0159e\u0161en\u00ed pro ods\u00e1v\u00e1n\u00ed mal\u00fdch a st\u0159edn\u00edch mno\u017estv\u00ed prachu a t\u0159\u00edsek. Co je to odlu\u010dova\u010d prachu ESTMAC? Odlu\u010dova\u010de prachu ods\u00e1vaj\u00ed such\u00fd a st\u00e9kaj\u00edc\u00ed prach a nab\u00edzej\u00ed \u0161irokou \u0161k\u00e1lu pou\u017eit\u00ed v mnoha odv\u011btv\u00edch. D\u00edky kompaktn\u00edm rozm\u011br\u016fm lze such\u00e9 odlu\u010dova\u010de prachu ESTMAC flexibiln\u011b instalovat na r\u016fzn\u00fdch m\u00edstech. Jsou vybaveny \u010distiteln\u00fdmi filtra\u010dn\u00edmi kazetami t\u0159\u00eddy prachu \u201eM\u201c, kter\u00e9 odpov\u00eddaj\u00ed \u00fa\u010dinnosti odd\u011blen\u00ed \u010d\u00e1stic 99,9\u00a0%. Integrovan\u00fd p\u0159edsepar\u00e1tor prodlu\u017euje \u017eivotnost filtra\u010dn\u00edch kazet t\u00edm, \u017ee p\u0159edem odd\u011bluje hrub\u00e9 \u010d\u00e1stice. To sni\u017euje expozici filtr\u016f, kter\u00e9 mus\u00ed filtrovat pouze nejjemn\u011bj\u0161\u00ed prach. Mobiln\u00ed n\u00e1doba na sb\u011br prachu m\u016f\u017ee b\u00fdt pou\u017eita k snadn\u00e9mu &#8230; <\/p>\n<p class=\"read-more-container\"><a title=\"Such\u00fd odlu\u010dova\u010d prachu ESTMAC\" class=\"read-more button\" href=\"https:\/\/obera.fr\/cs\/produits\/depoussiereurs-industriels\/fixes\/depoussiereur-a-sec-estmac\/#more-47176\" aria-label=\"\u010c\u00edst v\u00edce o Such\u00fd odlu\u010dova\u010d prachu ESTMAC\">Lire la suite<\/a><\/p>\n","protected":false},"author":4,"featured_media":37343,"parent":47261,"menu_order":0,"comment_status":"closed","ping_status":"closed","template":"","meta":{"_acf_changed":false,"_seopress_robots_primary_cat":"","_seopress_titles_title":"Objevte pevn\u00fd such\u00fd odlu\u010dova\u010d prachu ESTMAC od spole\u010dnosti OberA","_seopress_titles_desc":"ESTMAC je \u0159ada pevn\u00fdch kompaktn\u00edch odlu\u010dova\u010d\u016f prachu, kter\u00e9 jsou schopny \u00fa\u010dinn\u011b ods\u00e1vat such\u00e9 a st\u00e9kaj\u00edc\u00ed t\u0159\u00edsky a prach.","_seopress_robots_index":"","footnotes":""},"class_list":{"0":"post-47176","1":"page","2":"type-page","3":"status-publish","4":"has-post-thumbnail","6":"no-featured-image-padding","7":"resize-featured-image"},"acf":[],"_links":{"self":[{"href":"https:\/\/obera.fr\/cs\/wp-json\/wp\/v2\/pages\/47176","targetHints":{"allow":["GET"]}}],"collection":[{"href":"https:\/\/obera.fr\/cs\/wp-json\/wp\/v2\/pages"}],"about":[{"href":"https:\/\/obera.fr\/cs\/wp-json\/wp\/v2\/types\/page"}],"author":[{"embeddable":true,"href":"https:\/\/obera.fr\/cs\/wp-json\/wp\/v2\/users\/4"}],"replies":[{"embeddable":true,"href":"https:\/\/obera.fr\/cs\/wp-json\/wp\/v2\/comments?post=47176"}],"version-history":[{"count":11,"href":"https:\/\/obera.fr\/cs\/wp-json\/wp\/v2\/pages\/47176\/revisions"}],"predecessor-version":[{"id":132595,"href":"https:\/\/obera.fr\/cs\/wp-json\/wp\/v2\/pages\/47176\/revisions\/132595"}],"up":[{"embeddable":true,"href":"https:\/\/obera.fr\/cs\/wp-json\/wp\/v2\/pages\/47261"}],"wp:featuredmedia":[{"embeddable":true,"href":"https:\/\/obera.fr\/cs\/wp-json\/wp\/v2\/media\/37343"}],"wp:attachment":[{"href":"https:\/\/obera.fr\/cs\/wp-json\/wp\/v2\/media?parent=47176"}],"curies":[{"name":"wp","href":"https:\/\/api.w.org\/{rel}","templated":true}]}}