{"id":47219,"date":"2021-09-17T09:11:07","date_gmt":"2021-09-17T07:11:07","guid":{"rendered":"https:\/\/obera.fr\/senzor-co2-obcare\/"},"modified":"2025-11-15T17:20:41","modified_gmt":"2025-11-15T15:20:41","slug":"capteur-co2-obcare","status":"publish","type":"page","link":"https:\/\/obera.fr\/cs\/produits\/analyseurs-air\/capteur-co2-obcare\/","title":{"rendered":"Senzor CO2 OBCARE"},"content":{"rendered":"\n<h2 class=\"wp-block-heading\">M\u011b\u0159en\u00ed kvality ovzdu\u0161\u00ed pomoc\u00ed semafor\u016f<\/h2>\n\n<div class=\"wp-block-columns is-layout-flex wp-container-core-columns-is-layout-28f84493 wp-block-columns-is-layout-flex\">\n<div class=\"wp-block-column is-layout-flow wp-block-column-is-layout-flow\" style=\"flex-basis:33.33%\">\n<figure class=\"wp-block-image aligncenter size-full is-resized\"><img decoding=\"async\" width=\"300\" height=\"212\" src=\"https:\/\/obera.fr\/wp-content\/uploads\/2021\/11\/Capteur_CO2_OBCARE.png\" alt=\"obcare co2 senzor\" class=\"wp-image-7611\" style=\"width:300px;height:212px\"\/><figcaption class=\"wp-element-caption\">OBCARE<\/figcaption><\/figure>\n<\/div>\n\n\n\n<div class=\"wp-block-column is-vertically-aligned-center is-layout-flow wp-block-column-is-layout-flow\" style=\"flex-basis:66.66%\">\n<p>Senzor CO2 <strong>OBCARE<\/strong> umo\u017e\u0148uje v re\u00e1ln\u00e9m \u010dase monitorovat kvalitu vzduchu v uzav\u0159en\u00fdch prostorech. Jeho v\u00edcebarevn\u00fd displej se signaliza\u010dn\u00edmi sv\u011btly nab\u00edz\u00ed okam\u017eit\u00fd p\u0159ehled o kvalit\u011b vzduchu a zobrazuje <strong>koncentraci CO2 v ppm<\/strong>. Tato sv\u011btla p\u0159edstavuj\u00ed jasn\u00e9 vizu\u00e1ln\u00ed ukazatele a upozor\u0148uj\u00ed u\u017eivatele na opat\u0159en\u00ed, kter\u00e1 je t\u0159eba p\u0159ijmout: <strong>\u010distit vzduch<\/strong> instalac\u00ed mobiln\u00edch jednotek pro \u010di\u0161t\u011bn\u00ed vzduchu a\/nebo <strong>p\u0159irozen\u011b v\u011btrat<\/strong>.<\/p>\n\n\n\n<div class=\"wp-block-columns is-layout-flex wp-container-core-columns-is-layout-28f84493 wp-block-columns-is-layout-flex\">\n<div class=\"wp-block-column is-layout-flow wp-block-column-is-layout-flow\" style=\"flex-basis:33.34%\">\n<div class=\"wp-block-buttons is-content-justification-center is-layout-flex wp-container-core-buttons-is-layout-a89b3969 wp-block-buttons-is-layout-flex\">\n<div class=\"wp-block-button\"><a class=\"wp-block-button__link wp-element-button\" href=\"https:\/\/obera.fr\/wp-content\/uploads\/2025\/06\/brochure-obcare.pdf\">St\u00e1hn\u011bte si bro\u017euru<\/a><\/div>\n<\/div>\n<\/div>\n\n\n\n<div class=\"wp-block-column is-layout-flow wp-block-column-is-layout-flow\" style=\"flex-basis:33.34%\">\n<div class=\"wp-block-buttons is-horizontal is-content-justification-center is-layout-flex wp-container-core-buttons-is-layout-03627597 wp-block-buttons-is-layout-flex\">\n<div class=\"wp-block-button\"><a class=\"wp-block-button__link wp-element-button\" href=\"https:\/\/boutique.obera.fr\/52-acheter-capteur-co2-obcare.html\" target=\"_blank\" rel=\"noreferrer noopener\">Koupit senzor CO2 OBCARE  <\/a><\/div>\n<\/div>\n<\/div>\n\n\n\n<div class=\"wp-block-column is-layout-flow wp-block-column-is-layout-flow\" style=\"flex-basis:33.33%\">\n<div class=\"wp-block-buttons is-content-justification-center is-layout-flex wp-container-core-buttons-is-layout-a89b3969 wp-block-buttons-is-layout-flex\">\n<div class=\"wp-block-button btn-devis-source\"><a class=\"wp-block-button__link wp-element-button\" href=\"https:\/\/obera.fr\/cs\/devis\/\">Po\u017e\u00e1dat o cenovou nab\u00eddku<\/a><\/div>\n<\/div>\n\n\n<script>\r\ndocument.addEventListener('DOMContentLoaded', function() {\r\n    \/\/ 1. On cherche le titre H1 de la page\r\n    var h1 = document.querySelector('h1');\r\n    var productTitle = h1 ? h1.innerText.trim() : \"\";\r\n\r\n    \/\/ 2. On cherche les boutons via la classe CSS .btn-devis-source\r\n    var buttons = document.querySelectorAll('.btn-devis-source a');\r\n\r\n    \/\/ 3. Si on a le titre et les boutons, on ajoute le param\u00e8tre\r\n    if (buttons.length > 0 && productTitle !== \"\") {\r\n        var encodedTitle = encodeURIComponent(productTitle);\r\n\r\n        buttons.forEach(function(btn) {\r\n            var currentHref = btn.getAttribute('href');\r\n            \r\n            \/\/ S\u00e9curit\u00e9 pour ne pas ajouter le param\u00e8tre 2 fois\r\n            if (currentHref.indexOf('sujet=') === -1) {\r\n                var separator = currentHref.indexOf('?') !== -1 ? '&' : '?';\r\n                var newLink = currentHref + separator + 'sujet=' + encodedTitle;\r\n                \r\n                btn.setAttribute('href', newLink);\r\n            }\r\n        });\r\n    }\r\n});\r\n<\/script><\/div>\n<\/div>\n<\/div>\n<\/div>\n\n<h2 class=\"wp-block-heading\">V\u00fdhody OBCARE<\/h2>\n\n<div class=\"wp-block-columns is-layout-flex wp-container-core-columns-is-layout-28f84493 wp-block-columns-is-layout-flex\">\n<div class=\"wp-block-column is-layout-flow wp-block-column-is-layout-flow\">\n<h3 class=\"wp-block-heading has-text-align-left\">CO2 caPter<\/h3>\n\n\n\n<p>Senzor CO2 <strong>OBCARE<\/strong> umo\u017e\u0148uje nep\u0159etr\u017eit\u011b m\u011b\u0159it kvalitu vzduchu. Informace zobrazen\u00e9 v ppm jsou poskytov\u00e1ny v re\u00e1ln\u00e9m \u010dase. Za\u0159\u00edzen\u00ed se snadno uv\u00e1d\u00ed do provozu a je velmi snadno p\u0159enosn\u00e9. <\/p>\n<\/div>\n\n\n\n<div class=\"wp-block-column is-layout-flow wp-block-column-is-layout-flow\">\n<h3 class=\"wp-block-heading has-text-align-left\">P\u0158\u00cdKLADY PR\u016eMYSLOV\u00ddCH ODV\u011aTV\u00cd<\/h3>\n\n\n\n<ul class=\"wp-block-list\">\n<li>ERP<\/li>\n\n\n\n<li>Kancel\u00e1\u0159e<\/li>\n\n\n\n<li>Sportovn\u00ed haly  <\/li>\n\n\n\n<li>\u010cek\u00e1rny<\/li>\n\n\n\n<li>\u0160koly<\/li>\n\n\n\n<li>Otev\u0159en\u00e9 prostory<\/li>\n\n\n\n<li>Z\u00e1soby<\/li>\n<\/ul>\n<\/div>\n<\/div>\n\n<h2 class=\"wp-block-heading\">Typy mont\u00e1\u017e\u00ed<\/h2>\n\n<p>P\u0159\u00edstroj pro m\u011b\u0159en\u00ed kvality vzduchu lze instalovat na st\u016fl nebo na ze\u010f. Jeho podstavec z nerezov\u00e9 oceli (<strong>dostupn\u00fd jako voliteln\u00e9 p\u0159\u00edslu\u0161enstv\u00ed<\/strong>) umo\u017e\u0148uje jeho optim\u00e1ln\u00ed um\u00edst\u011bn\u00ed v m\u00edstnosti. Spr\u00e1vn\u00e9 um\u00edst\u011bn\u00ed je z\u00e1sadn\u00ed a bude m\u00edt vliv na reprezentativnost m\u011b\u0159en\u00ed. Je vhodn\u00e9 se zejm\u00e9na vyhnout um\u00edst\u011bn\u00ed senzor\u016f na okna nebo do jejich t\u011bsn\u00e9 bl\u00edzkosti.<\/p>\n\n<blockquote class=\"wp-block-quote is-layout-flow wp-block-quote-is-layout-flow\">\n<p>Doporu\u010dujeme <strong>instalovat jeden senzor CO2 na 40 m\u00b2 plochy<\/strong>.<\/p>\n<\/blockquote>\n\n<div class=\"wp-block-buttons is-horizontal is-content-justification-center is-layout-flex wp-container-core-buttons-is-layout-03627597 wp-block-buttons-is-layout-flex\">\n<div class=\"wp-block-button has-custom-width wp-block-button__width-100\"><a class=\"wp-block-button__link wp-element-button\" href=\"https:\/\/obera.fr\/cs\/kontaktujte-nas\/\">Zjist\u011bte v\u00edce<\/a><\/div>\n<\/div>\n\n<h2 class=\"wp-block-heading\">Technick\u00e9 specifikace<\/h2>\n\n<figure class=\"wp-block-table\"><table class=\"has-fixed-layout\"><tbody><tr><td>Senzor CO2<\/td><td>Technologie NDIR (nedisperzn\u00ed infra\u010derven\u00fd senzor) s automatickou kalibrac\u00ed<br\/>Rozsah m\u011b\u0159en\u00ed: 0 a\u017e 5000 ppm (+- 60 ppm).<\/td><\/tr><tr><td>Sn\u00edma\u010d vlhkosti a teploty<\/td><td>Voliteln\u011b<\/td><\/tr><tr><td>Zobrazen\u00ed zelen\u00e9\/\u017elut\u00e9\/\u010derven\u00e9 barvy na semaforu<\/td><td>Zelen\u00e1: &lt; 800 ppm<br\/>\u017dlut\u00e1: 800 &#8211; 2000 ppm<br\/>\u010cerven\u00e1 &gt; 2000 ppm<\/td><\/tr><tr><td>Zvukov\u00fd alarm<\/td><td>Mo\u017enost<br\/>Alarm se ozve ka\u017edou minutu, kdy\u017e je p\u0159ekro\u010dena prahov\u00e1 hodnota.<\/td><\/tr><tr><td>Nap\u00e1jec\u00ed kabel<\/td><td>12V nap\u00e1jec\u00ed zdroj s konektorem EU (d\u00e9lka: 1,5 metru)<\/td><\/tr><tr><td>Nap\u00e1jen\u00ed<\/td><td>12 V &#8211; 34 V AC\/DC<\/td><\/tr><tr><td>Spot\u0159eba energie<\/td><td>40 &#8211; 80 mA<\/td><\/tr><tr><td>M\u011b\u0159en\u00e9 fyzik\u00e1ln\u00ed veli\u010diny<\/td><td>CO2 v ppm<\/td><\/tr><tr><td>Box<\/td><td>Pl\u00e1\u0161\u0165 ABS, b\u00edl\u00fd RAL 9010<br\/>Otvory pro mont\u00e1\u017e na st\u011bnu<br\/>Rozm\u011bry 87,5 x 87,5 x 30 mm<\/td><\/tr><tr><td>Stojan pro mont\u00e1\u017e na st\u016fl<\/td><td>Voliteln\u00fd stojan<br\/>Podstavec z nerezov\u00e9 oceli<\/td><\/tr><tr><td>T\u0159\u00edda ochrany<\/td><td>IP30<\/td><\/tr><\/tbody><\/table><\/figure>\n\n<div style=\"height:25px\" aria-hidden=\"true\" class=\"wp-block-spacer\"><\/div>\n\n<h2 class=\"wp-block-heading\">Ostatn\u00ed analyz\u00e1tory vzduchu OberA<\/h2>\n\n<div class=\"wp-block-columns is-layout-flex wp-container-core-columns-is-layout-28f84493 wp-block-columns-is-layout-flex\">\n<div class=\"wp-block-column is-layout-flow wp-block-column-is-layout-flow\">\n<figure class=\"wp-block-image aligncenter size-thumbnail is-resized\"><a href=\"https:\/\/obera.fr\/cs\/produits\/analyseurs-air\/compteur-particules\/\"><img decoding=\"async\" width=\"150\" height=\"150\" src=\"https:\/\/obera.fr\/wp-content\/uploads\/2020\/08\/compteur-de-particules-150x150.png\" alt=\"Po&#x10D;&#xED;ta&#x10D; &#x10D;&#xE1;stic Trotec PC220 - Po&#x10D;&#xED;ta&#x10D; &#x10D;&#xE1;stic\" class=\"wp-image-714\" style=\"width:150px;height:150px\" srcset=\"https:\/\/obera.fr\/wp-content\/uploads\/2020\/08\/compteur-de-particules-150x150.png 150w, https:\/\/obera.fr\/wp-content\/uploads\/2020\/08\/compteur-de-particules-300x300.png 300w, https:\/\/obera.fr\/wp-content\/uploads\/2020\/08\/compteur-de-particules.png 433w\" sizes=\"(max-width: 150px) 100vw, 150px\" \/><\/a><figcaption class=\"wp-element-caption\">M\u011b\u0159i\u010d pevn\u00fdch \u010d\u00e1stic<\/figcaption><\/figure>\n<\/div>\n<\/div>\n","protected":false},"excerpt":{"rendered":"<p>M\u011b\u0159en\u00ed kvality ovzdu\u0161\u00ed pomoc\u00ed semafor\u016f Senzor CO2 OBCARE umo\u017e\u0148uje v re\u00e1ln\u00e9m \u010dase monitorovat kvalitu vzduchu v uzav\u0159en\u00fdch prostorech. Jeho v\u00edcebarevn\u00fd displej se signaliza\u010dn\u00edmi sv\u011btly nab\u00edz\u00ed okam\u017eit\u00fd p\u0159ehled o kvalit\u011b vzduchu a zobrazuje koncentraci CO2 v ppm. Tato sv\u011btla p\u0159edstavuj\u00ed jasn\u00e9 vizu\u00e1ln\u00ed ukazatele a upozor\u0148uj\u00ed u\u017eivatele na opat\u0159en\u00ed, kter\u00e1 je t\u0159eba p\u0159ijmout: \u010distit vzduch instalac\u00ed mobiln\u00edch jednotek pro \u010di\u0161t\u011bn\u00ed vzduchu a\/nebo p\u0159irozen\u011b v\u011btrat. V\u00fdhody OBCARE CO2 caPter Senzor CO2 OBCARE umo\u017e\u0148uje nep\u0159etr\u017eit\u011b m\u011b\u0159it kvalitu vzduchu. Informace zobrazen\u00e9 v ppm jsou poskytov\u00e1ny v re\u00e1ln\u00e9m \u010dase. Za\u0159\u00edzen\u00ed se snadno uv\u00e1d\u00ed do provozu a je velmi snadno p\u0159enosn\u00e9. P\u0158\u00cdKLADY PR\u016eMYSLOV\u00ddCH ODV\u011aTV\u00cd Typy mont\u00e1\u017e\u00ed P\u0159\u00edstroj &#8230; <\/p>\n<p class=\"read-more-container\"><a title=\"Senzor CO2 OBCARE\" class=\"read-more button\" href=\"https:\/\/obera.fr\/cs\/produits\/analyseurs-air\/capteur-co2-obcare\/#more-47219\" aria-label=\"\u010c\u00edst v\u00edce o Senzor CO2 OBCARE\">Lire la suite<\/a><\/p>\n","protected":false},"author":4,"featured_media":83734,"parent":48314,"menu_order":0,"comment_status":"closed","ping_status":"closed","template":"","meta":{"_acf_changed":false,"_seopress_robots_primary_cat":"","_seopress_titles_title":"Senzor CO2 OBCARE pro m\u011b\u0159en\u00ed kvality vzduchu","_seopress_titles_desc":"Objevte n\u00e1\u0161 senzor CO2, kter\u00fd je ide\u00e1ln\u00ed pro dopln\u011bn\u00ed l\u00e9\u010dby proti kovidu-19. Ukazuje hladiny CO2 v ppm a poskytuje \u017eiv\u00e9 informace o kvalit\u011b vzduchu.","_seopress_robots_index":"","footnotes":""},"class_list":{"0":"post-47219","1":"page","2":"type-page","3":"status-publish","4":"has-post-thumbnail","6":"no-featured-image-padding","7":"resize-featured-image"},"acf":[],"_links":{"self":[{"href":"https:\/\/obera.fr\/cs\/wp-json\/wp\/v2\/pages\/47219","targetHints":{"allow":["GET"]}}],"collection":[{"href":"https:\/\/obera.fr\/cs\/wp-json\/wp\/v2\/pages"}],"about":[{"href":"https:\/\/obera.fr\/cs\/wp-json\/wp\/v2\/types\/page"}],"author":[{"embeddable":true,"href":"https:\/\/obera.fr\/cs\/wp-json\/wp\/v2\/users\/4"}],"replies":[{"embeddable":true,"href":"https:\/\/obera.fr\/cs\/wp-json\/wp\/v2\/comments?post=47219"}],"version-history":[{"count":6,"href":"https:\/\/obera.fr\/cs\/wp-json\/wp\/v2\/pages\/47219\/revisions"}],"predecessor-version":[{"id":132671,"href":"https:\/\/obera.fr\/cs\/wp-json\/wp\/v2\/pages\/47219\/revisions\/132671"}],"up":[{"embeddable":true,"href":"https:\/\/obera.fr\/cs\/wp-json\/wp\/v2\/pages\/48314"}],"wp:featuredmedia":[{"embeddable":true,"href":"https:\/\/obera.fr\/cs\/wp-json\/wp\/v2\/media\/83734"}],"wp:attachment":[{"href":"https:\/\/obera.fr\/cs\/wp-json\/wp\/v2\/media?parent=47219"}],"curies":[{"name":"wp","href":"https:\/\/api.w.org\/{rel}","templated":true}]}}