{"id":47261,"date":"2020-08-26T12:34:42","date_gmt":"2020-08-26T10:34:42","guid":{"rendered":"https:\/\/obera.fr\/nase-produkty\/prumyslove-odlucovace-prachu\/pevne-odlucovace-prachu\/"},"modified":"2025-07-11T11:16:50","modified_gmt":"2025-07-11T09:16:50","slug":"fixes","status":"publish","type":"page","link":"https:\/\/obera.fr\/cs\/produits\/depoussiereurs-industriels\/fixes\/","title":{"rendered":"Pevn\u00e9 odlu\u010dova\u010de prachu"},"content":{"rendered":"\n<p>Na\u0161e <strong>stacion\u00e1rn\u00ed odlu\u010dova\u010de prachu<\/strong> p\u0159edstavuj\u00ed \u0159adu v\u00fdkonn\u00fdch za\u0159\u00edzen\u00ed pro <strong>vys\u00e1v\u00e1n\u00ed prachu v d\u00edln\u00e1ch a skladovac\u00edch hal\u00e1ch<\/strong> i na stacion\u00e1rn\u00edch pracovi\u0161t\u00edch, a to p\u0159\u00edmo pomoc\u00ed ods\u00e1vac\u00edho ramene nebo odsava\u010de. Na\u0161e za\u0159\u00edzen\u00ed <strong>si porad\u00ed s jemn\u00fdm prachem a t\u0159\u00edskami<\/strong>, stejn\u011b jako s <strong>olejov\u00fdmi mlhami<\/strong>, <strong>v\u00fdpary<\/strong> a <strong>z\u00e1pachy<\/strong> v \u0161irok\u00e9 \u0161k\u00e1le pr\u016fmyslov\u00fdch odv\u011btv\u00ed v\u010detn\u011b kovopr\u016fmyslu, v\u00fdroby plast\u016f, d\u0159eva, miner\u00e1l\u016f, textilu, chemick\u00e9ho pr\u016fmyslu a v\u00fdroby pap\u00edru a lepenky. <\/p>\n\n<blockquote class=\"wp-block-quote is-layout-flow wp-block-quote-is-layout-flow\">\n<p>Prach a dal\u0161\u00ed zne\u010di\u0161\u0165uj\u00edc\u00ed l\u00e1tky je t\u0159eba o\u0161et\u0159it, proto\u017ee <strong>p\u0159edstavuj\u00ed riziko pro lidsk\u00fd organismus<\/strong>.<\/p>\n<\/blockquote>\n\n<p>D\u00fdch\u00e1n\u00ed zne\u010di\u0161t\u011bn\u00e9ho vzduchu m\u016f\u017ee zp\u016fsobit onemocn\u011bn\u00ed, zejm\u00e9na pokud <strong>jsou zne\u010di\u0161\u0165uj\u00edc\u00ed l\u00e1tky karcinogenn\u00ed<\/strong>, <strong>mutagenn\u00ed<\/strong> nebo <strong>toxick\u00e9 pro reprodukci<\/strong>. O\u0161et\u0159ov\u00e1n\u00ed zne\u010di\u0161t\u011bn\u00e9ho ovzdu\u0161\u00ed je nezbytn\u00e9 nejen pro ochranu pracovn\u00edk\u016f a v\u00fdrobn\u00edch t\u00fdm\u016f, ale tak\u00e9 pro zaji\u0161t\u011bn\u00ed kvality vyr\u00e1b\u011bn\u00fdch produkt\u016f a samoz\u0159ejm\u011b pro dodr\u017eov\u00e1n\u00ed pr\u00e1vn\u00edch p\u0159edpis\u016f. <\/p>\n\n\n<h2 class=\"wp-block-heading\">Na\u0161e \u0159ada kompaktn\u00edch centr\u00e1ln\u00edch such\u00fdch odlu\u010dova\u010d\u016f prachu se s\u00e1\u010dky nebo kazetami nebo mokr\u00fdch odlu\u010dova\u010d\u016f prachu.<\/h2>\n\n<div class=\"wp-block-group is-layout-flow wp-block-group-is-layout-flow\">\n<div class=\"wp-block-columns is-layout-flex wp-container-core-columns-is-layout-28f84493 wp-block-columns-is-layout-flex\">\n<div class=\"wp-block-column is-vertically-aligned-top is-layout-flow wp-block-column-is-layout-flow\">\n<h3 class=\"wp-block-heading has-text-align-center\"><strong><a href=\"https:\/\/obera.fr\/cs\/produits\/depoussiereurs-industriels\/fixes\/aspiration-centralisee-industrielle-dustmac\/\" data-type=\"URL\" data-id=\"https:\/\/obera.fr\/produits\/depoussiereurs-industriels\/fixes\/aspiration-centralisee-industrielle-dustmac\/\">\u0158ada DUSTMAC<\/a><\/strong><\/h3>\n\n\n\n<figure class=\"wp-block-image aligncenter size-medium\"><a href=\"https:\/\/obera.fr\/produits\/depoussiereurs-industriels\/fixes\/aspiration-centralisee-industrielle-dustmac\/\"><img decoding=\"async\" width=\"300\" height=\"300\" src=\"https:\/\/obera.fr\/wp-content\/uploads\/2020\/08\/depoussiereur-centralise-filtres-a-manches-DUSTMAC-S-300x300.png\" alt=\"Syst&#xE9;m - Design v&#xFD;robku\" class=\"wp-image-637\" srcset=\"https:\/\/obera.fr\/wp-content\/uploads\/2020\/08\/depoussiereur-centralise-filtres-a-manches-DUSTMAC-S-300x300.png 300w, https:\/\/obera.fr\/wp-content\/uploads\/2020\/08\/depoussiereur-centralise-filtres-a-manches-DUSTMAC-S-150x150.png 150w, https:\/\/obera.fr\/wp-content\/uploads\/2020\/08\/depoussiereur-centralise-filtres-a-manches-DUSTMAC-S.png 600w\" sizes=\"(max-width: 300px) 100vw, 300px\" \/><\/a><\/figure>\n\n\n\n<p><strong>DUSTMAC S\u00e9ries<\/strong> je <a href=\"https:\/\/obera.fr\/cs\/produits\/depoussiereurs-industriels\/fixes\/aspiration-centralisee-industrielle-dustmac\/\" data-type=\"page\" data-id=\"467\">centr\u00e1ln\u00ed odlu\u010dova\u010d prachu<\/a>, kter\u00fd lze d\u00edky modul\u00e1rn\u00ed konstrukci pou\u017e\u00edt pro \u0161irokou \u0161k\u00e1lu aplikac\u00ed. <strong>Mo\u017enosti konfigurace jsou prakticky neomezen\u00e9<\/strong>, co\u017e umo\u017e\u0148uje pln\u011b p\u0159izp\u016fsobit jednotku va\u0161im specifick\u00fdm po\u017eadavk\u016fm pro dosa\u017een\u00ed optim\u00e1ln\u00ed \u00fa\u010dinnosti. Patrony jsou automaticky \u010di\u0161t\u011bny proudem stla\u010den\u00e9ho vzduchu (Jet-pulse).   <\/p>\n\n\n\n<p>Tento spot\u0159ebi\u010d je k dispozici ve t\u0159ech \u0159ad\u00e1ch: DUSTMAC P, DUSTMAC S a DUSTMAC F.<\/p>\n\n\n\n<p><strong>V\u0161echny p\u0159\u00edstroje DUSTMAC <\/strong>jsou k dispozici v r\u016fzn\u00fdch t\u0159\u00edd\u00e1ch filtrace M nebo H pro<strong> slou\u010deniny CMR <\/strong>a ve verzi pro <strong>prach ATEX<\/strong>.<\/p>\n<\/div>\n\n\n\n<div class=\"wp-block-column is-vertically-aligned-top is-layout-flow wp-block-column-is-layout-flow\">\n<h3 class=\"wp-block-heading has-text-align-center\"><strong><a href=\"https:\/\/obera.fr\/cs\/produits\/depoussiereurs-industriels\/fixes\/depoussiereur-a-voie-humide-dustomat-hydro\/\" data-type=\"page\" data-id=\"15983\">DUSTOMAT HYDRO<\/a><\/strong><\/h3>\n\n\n\n<figure class=\"wp-block-image aligncenter size-medium\"><a href=\"https:\/\/obera.fr\/produits\/depoussiereurs-industriels\/fixes\/depoussiereur-a-voie-humide-dustomat-hydro\/\"><img decoding=\"async\" width=\"300\" height=\"300\" src=\"https:\/\/obera.fr\/wp-content\/uploads\/2022\/11\/dustomat-hydro-1-300x300.png\" alt=\"dustomat hydro 1\" class=\"wp-image-15989\" srcset=\"https:\/\/obera.fr\/wp-content\/uploads\/2022\/11\/dustomat-hydro-1-300x300.png 300w, https:\/\/obera.fr\/wp-content\/uploads\/2022\/11\/dustomat-hydro-1-150x150.png 150w, https:\/\/obera.fr\/wp-content\/uploads\/2022\/11\/dustomat-hydro-1.png 600w\" sizes=\"(max-width: 300px) 100vw, 300px\" \/><\/a><\/figure>\n\n\n\n<p><strong>DUSTOMAT HYDRO<\/strong> je nov\u00e1 \u0159ada vysoce v\u00fdkonn\u00fdch <a href=\"https:\/\/obera.fr\/cs\/produits\/depoussiereurs-industriels\/fixes\/depoussiereur-a-voie-humide-dustomat-hydro\/\" data-type=\"page\" data-id=\"15983\">mokr\u00fdch odlu\u010dova\u010d\u016f prachu<\/a>, speci\u00e1ln\u011b navr\u017een\u00fdch pro ods\u00e1v\u00e1n\u00ed prachu z jednoho nebo v\u00edce pracovn\u00edch m\u00edst, v\u010detn\u011b kovov\u00e9ho prachu, jisker a vysoce ho\u0159lav\u00e9ho prachu, zejm\u00e9na p\u0159i brou\u0161en\u00ed, kart\u00e1\u010dov\u00e1n\u00ed, le\u0161t\u011bn\u00ed nebo sva\u0159ov\u00e1n\u00ed.<\/p>\n\n\n\n<p>Inovativn\u00ed technologie odlu\u010dov\u00e1n\u00ed vody bezpe\u010dn\u011b odstra\u0148uje prach a jiskry.  <\/p>\n\n\n\n<p>Odlu\u010dova\u010de pracuj\u00ed <strong>ti\u0161e <\/strong>a jsou k dispozici ve dvou \u00farovn\u00edch v\u00fdkonu a tak\u00e9 ve <strong>verzi ATEX<\/strong>. D\u00edky sv\u00e9 technologii pracuj\u00ed nov\u00e9 odlu\u010dova\u010de na pln\u00fd v\u00fdkon s n\u00edzkou spot\u0159ebou energie. <\/p>\n<\/div>\n<\/div>\n<\/div>\n\n<div class=\"wp-block-group is-layout-flow wp-block-group-is-layout-flow\">\n<div class=\"wp-block-columns is-layout-flex wp-container-core-columns-is-layout-28f84493 wp-block-columns-is-layout-flex\">\n<div class=\"wp-block-column is-layout-flow wp-block-column-is-layout-flow\">\n<h3 class=\"wp-block-heading has-text-align-center\"><a href=\"https:\/\/obera.fr\/cs\/produits\/depoussiereurs-industriels\/fixes\/depoussiereur-a-sec-estmac\/\" data-type=\"URL\" data-id=\"https:\/\/obera.fr\/produits\/depoussiereurs-industriels\/fixes\/depoussiereur-a-sec-estmac\/\">ESTMAC<\/a><\/h3>\n\n\n\n<figure class=\"wp-block-image aligncenter size-medium\"><a href=\"https:\/\/obera.fr\/produits\/depoussiereurs-industriels\/fixes\/depoussiereur-a-sec-estmac\/\"><img decoding=\"async\" width=\"300\" height=\"264\" src=\"https:\/\/obera.fr\/wp-content\/uploads\/2021\/02\/Depoussiereur-fixe-ESTMAC-300x264.png\" alt=\"Pevn&#xFD; sb&#x11B;ra&#x10D; prachu Estmac\" class=\"wp-image-4475\" srcset=\"https:\/\/obera.fr\/wp-content\/uploads\/2021\/02\/Depoussiereur-fixe-ESTMAC-300x264.png 300w, https:\/\/obera.fr\/wp-content\/uploads\/2021\/02\/Depoussiereur-fixe-ESTMAC.png 480w\" sizes=\"(max-width: 300px) 100vw, 300px\" \/><\/a><\/figure>\n\n\n\n<p><strong>ESTMAC <\/strong>je pevn\u00fd, ale <strong>kompaktn\u00ed<\/strong> <a href=\"https:\/\/obera.fr\/cs\/produits\/depoussiereurs-industriels\/fixes\/depoussiereur-a-sec-estmac\/\">such\u00fd odlu\u010dova\u010d prachu<\/a>, kter\u00fd se pom\u011brn\u011b <strong>snadno p\u0159emis\u0165uje<\/strong>. Lze jej proto p\u0159izp\u016fsobit \u0161irok\u00e9 \u0161k\u00e1le aplikac\u00ed.   <\/p>\n\n\n\n<p>Tento stroj je ide\u00e1ln\u00ed pro vys\u00e1v\u00e1n\u00ed kovov\u00e9ho a plastov\u00e9ho <strong>prachu a t\u0159\u00edsek<\/strong>, stejn\u011b jako miner\u00e1ln\u00edho prachu a kompozitn\u00edch materi\u00e1l\u016f.  <\/p>\n\n\n\n<p>ESTMAC se dod\u00e1v\u00e1 ve 2 sil\u00e1ch:  <\/p>\n\n\n\n<p><strong>ESTMAC 1500<\/strong> s pr\u016ftokem vzduchu 1500 m3\/h pro podtlak 2040 Pa a<strong> ESTMAC 1800<\/strong> s pr\u016ftokem vzduchu 1800 m3\/h pro podtlak 2650 Pa.<\/p>\n<\/div>\n<\/div>\n\n\n\n<div class=\"wp-block-columns is-layout-flex wp-container-core-columns-is-layout-28f84493 wp-block-columns-is-layout-flex\">\n<div class=\"wp-block-column is-layout-flow wp-block-column-is-layout-flow\"><\/div>\n<\/div>\n<\/div>\n\n<h2 class=\"wp-block-heading\"><strong>Jak vybrat spr\u00e1vn\u00fd syst\u00e9m pro zachyt\u00e1v\u00e1n\u00ed prachu?<\/strong><\/h2>\n\n<p>Je d\u016fle\u017eit\u00e9 <strong>vybrat spr\u00e1vn\u00fd vysava\u010d<\/strong>, jinak se m\u016f\u017ee p\u0159\u00edstroj rychle opot\u0159ebovat a p\u0159estat fungovat. To bude z\u00e1viset na zne\u010di\u0161\u0165uj\u00edc\u00ed l\u00e1tce, jej\u00ed velikosti, stavu (pevn\u00e1 nebo plynn\u00e1) a jej\u00edm mno\u017estv\u00ed. To v\u00e1m umo\u017en\u00ed zvolit typ filtru, kter\u00fd by m\u011bl <a href=\"https:\/\/obera.fr\/cs\/produits\/depoussiereurs-industriels\/\" data-type=\"page\" data-id=\"31\">vysava\u010d<\/a> m\u00edt. Za druh\u00e9 je t\u0159eba zjistit v\u00fdkon p\u0159\u00edstroje, jin\u00fdmi slovy jeho pr\u016ftok. Pr\u016ftok jednotky bude z\u00e1viset na mno\u017estv\u00ed vys\u00e1van\u00e9ho materi\u00e1lu, na rychlostech, kter\u00e9 maj\u00ed b\u00fdt zaru\u010deny v m\u00edst\u011b sb\u011bru, a na rychlostech dopravy, kter\u00e9 maj\u00ed b\u00fdt zaru\u010deny v potrub\u00ed ke st\u00e1vaj\u00edc\u00edm vstup\u016fm vysava\u010d\u016f.    <\/p>\n\n<p>Dal\u0161\u00edm krokem je rozhodnut\u00ed, jak\u00e9 p\u0159\u00edslu\u0161enstv\u00ed ke stroji namontovat: kan\u00e1l pro p\u0159ipojen\u00ed k v\u00fdrobn\u00edmu stroji, sb\u011brn\u00e9 za\u0159\u00edzen\u00ed, op\u011bradlo nebo dokonce <a href=\"https:\/\/obera.fr\/cs\/produits\/bras-dispositifs-captation\/capot-industriel\/\">sac\u00ed rameno pro<\/a> pracovn\u00ed stanici.<\/p>\n\n<blockquote class=\"wp-block-quote is-layout-flow wp-block-quote-is-layout-flow\">\n<p>Nejl\u00e9pe ud\u011bl\u00e1te, kdy\u017e <strong>se obr\u00e1t\u00edte na na\u0161e odborn\u00edky<\/strong>, kte\u0159\u00ed v\u00e1m pomohou s va\u0161imi projekty a nab\u00eddnou v\u00e1m produkt \u0161it\u00fd na m\u00edru va\u0161im konkr\u00e9tn\u00edm pot\u0159eb\u00e1m.<\/p>\n<\/blockquote>\n\n<div class=\"wp-block-buttons is-horizontal is-content-justification-center is-layout-flex wp-container-core-buttons-is-layout-03627597 wp-block-buttons-is-layout-flex\">\n<div class=\"wp-block-button has-custom-width wp-block-button__width-100\"><a class=\"wp-block-button__link wp-element-button\" href=\"https:\/\/obera.fr\/cs\/kontaktujte-nas\/\">Zjist\u011bte v\u00edce<\/a><\/div>\n<\/div>\n\n<hr class=\"wp-block-separator has-css-opacity\"\/>\n\n<div class=\"wp-block-group is-layout-flow wp-block-group-is-layout-flow\">\n<h2 class=\"wp-block-heading\">Dal\u0161\u00ed \u0159ady pr\u016fmyslov\u00fdch odlu\u010dova\u010d\u016f prachu oberA<\/h2>\n\n\n\n<div class=\"wp-block-columns is-layout-flex wp-container-core-columns-is-layout-28f84493 wp-block-columns-is-layout-flex\">\n<div class=\"wp-block-column is-layout-flow wp-block-column-is-layout-flow\">\n<div class=\"wp-block-buttons is-horizontal is-content-justification-center is-layout-flex wp-container-core-buttons-is-layout-03627597 wp-block-buttons-is-layout-flex\">\n<div class=\"wp-block-button\"><a class=\"wp-block-button__link wp-element-button\" href=\"https:\/\/obera.fr\/produits\/depoussiereurs-industriels\/mobiles\/\">Mobiln\u00ed odlu\u010dova\u010de prachu<\/a><\/div>\n<\/div>\n<\/div>\n\n\n\n<div class=\"wp-block-column is-layout-flow wp-block-column-is-layout-flow\">\n<div class=\"wp-block-buttons is-horizontal is-content-justification-center is-layout-flex wp-container-core-buttons-is-layout-03627597 wp-block-buttons-is-layout-flex\">\n<div class=\"wp-block-button\"><a class=\"wp-block-button__link wp-element-button\" href=\"https:\/\/obera.fr\/produits\/depoussiereurs-industriels\/petits\/\">Mal\u00e9 odlu\u010dova\u010de prachu<\/a><\/div>\n<\/div>\n<\/div>\n<\/div>\n<\/div>\n","protected":false},"excerpt":{"rendered":"<p>Na\u0161e stacion\u00e1rn\u00ed odlu\u010dova\u010de prachu p\u0159edstavuj\u00ed \u0159adu v\u00fdkonn\u00fdch za\u0159\u00edzen\u00ed pro vys\u00e1v\u00e1n\u00ed prachu v d\u00edln\u00e1ch a skladovac\u00edch hal\u00e1ch i na stacion\u00e1rn\u00edch pracovi\u0161t\u00edch, a to p\u0159\u00edmo pomoc\u00ed ods\u00e1vac\u00edho ramene nebo odsava\u010de. Na\u0161e za\u0159\u00edzen\u00ed si porad\u00ed s jemn\u00fdm prachem a t\u0159\u00edskami, stejn\u011b jako s olejov\u00fdmi mlhami, v\u00fdpary a z\u00e1pachy v \u0161irok\u00e9 \u0161k\u00e1le pr\u016fmyslov\u00fdch odv\u011btv\u00ed v\u010detn\u011b kovopr\u016fmyslu, v\u00fdroby plast\u016f, d\u0159eva, miner\u00e1l\u016f, textilu, chemick\u00e9ho pr\u016fmyslu a v\u00fdroby pap\u00edru a lepenky. Prach a dal\u0161\u00ed zne\u010di\u0161\u0165uj\u00edc\u00ed l\u00e1tky je t\u0159eba o\u0161et\u0159it, proto\u017ee p\u0159edstavuj\u00ed riziko pro lidsk\u00fd organismus. D\u00fdch\u00e1n\u00ed zne\u010di\u0161t\u011bn\u00e9ho vzduchu m\u016f\u017ee zp\u016fsobit onemocn\u011bn\u00ed, zejm\u00e9na pokud jsou zne\u010di\u0161\u0165uj\u00edc\u00ed l\u00e1tky karcinogenn\u00ed, mutagenn\u00ed nebo toxick\u00e9 pro reprodukci. O\u0161et\u0159ov\u00e1n\u00ed zne\u010di\u0161t\u011bn\u00e9ho ovzdu\u0161\u00ed je nezbytn\u00e9 &#8230; <\/p>\n<p class=\"read-more-container\"><a title=\"Pevn\u00e9 odlu\u010dova\u010de prachu\" class=\"read-more button\" href=\"https:\/\/obera.fr\/cs\/produits\/depoussiereurs-industriels\/fixes\/#more-47261\" aria-label=\"\u010c\u00edst v\u00edce o Pevn\u00e9 odlu\u010dova\u010de prachu\">Lire la suite<\/a><\/p>\n","protected":false},"author":4,"featured_media":103613,"parent":45655,"menu_order":0,"comment_status":"closed","ping_status":"closed","template":"","meta":{"_acf_changed":false,"_seopress_robots_primary_cat":"","_seopress_titles_title":"Mokr\u00e9\/such\u00e9 stacion\u00e1rn\u00ed vysava\u010de, s\u00e1\u010dky\/kapsle","_seopress_titles_desc":"Pomoc\u00ed na\u0161ich pevn\u00fdch odlu\u010dova\u010d\u016f prachu m\u016f\u017eete vys\u00e1vat prach z d\u00edlen, skladovac\u00edch hal a pracovn\u00edch m\u00edst p\u0159\u00edmo pomoc\u00ed ramene nebo ods\u00e1vac\u00edho krytu.","_seopress_robots_index":"","footnotes":""},"class_list":{"0":"post-47261","1":"page","2":"type-page","3":"status-publish","4":"has-post-thumbnail","6":"no-featured-image-padding","7":"resize-featured-image"},"acf":[],"_links":{"self":[{"href":"https:\/\/obera.fr\/cs\/wp-json\/wp\/v2\/pages\/47261","targetHints":{"allow":["GET"]}}],"collection":[{"href":"https:\/\/obera.fr\/cs\/wp-json\/wp\/v2\/pages"}],"about":[{"href":"https:\/\/obera.fr\/cs\/wp-json\/wp\/v2\/types\/page"}],"author":[{"embeddable":true,"href":"https:\/\/obera.fr\/cs\/wp-json\/wp\/v2\/users\/4"}],"replies":[{"embeddable":true,"href":"https:\/\/obera.fr\/cs\/wp-json\/wp\/v2\/comments?post=47261"}],"version-history":[{"count":5,"href":"https:\/\/obera.fr\/cs\/wp-json\/wp\/v2\/pages\/47261\/revisions"}],"predecessor-version":[{"id":121569,"href":"https:\/\/obera.fr\/cs\/wp-json\/wp\/v2\/pages\/47261\/revisions\/121569"}],"up":[{"embeddable":true,"href":"https:\/\/obera.fr\/cs\/wp-json\/wp\/v2\/pages\/45655"}],"wp:featuredmedia":[{"embeddable":true,"href":"https:\/\/obera.fr\/cs\/wp-json\/wp\/v2\/media\/103613"}],"wp:attachment":[{"href":"https:\/\/obera.fr\/cs\/wp-json\/wp\/v2\/media?parent=47261"}],"curies":[{"name":"wp","href":"https:\/\/api.w.org\/{rel}","templated":true}]}}