{"id":48370,"date":"2020-08-26T13:00:52","date_gmt":"2020-08-26T11:00:52","guid":{"rendered":"https:\/\/obera.fr\/nase-produkty\/analyzatory-vzduchu\/citac-castic\/"},"modified":"2025-06-03T15:12:48","modified_gmt":"2025-06-03T13:12:48","slug":"compteur-particules","status":"publish","type":"page","link":"https:\/\/obera.fr\/cs\/produits\/analyseurs-air\/compteur-particules\/","title":{"rendered":"\u010c\u00edta\u010d \u010d\u00e1stic"},"content":{"rendered":"\n<h2 class=\"wp-block-heading\">Sledov\u00e1n\u00ed \u00farovn\u011b pra\u0161nosti<\/h2>\n\n\n\n<div class=\"wp-block-columns is-layout-flex wp-container-core-columns-is-layout-28f84493 wp-block-columns-is-layout-flex\">\n<div class=\"wp-block-column is-layout-flow wp-block-column-is-layout-flow\" style=\"flex-basis:33.33%\">\n<figure class=\"wp-block-image aligncenter size-thumbnail\"><img decoding=\"async\" width=\"150\" height=\"150\" src=\"https:\/\/obera.fr\/wp-content\/uploads\/2020\/08\/compteur-de-particules-150x150.png\" alt=\"M\u011b\u0159i\u010d pevn\u00fdch \u010d\u00e1stic\" class=\"wp-image-714\" srcset=\"https:\/\/obera.fr\/wp-content\/uploads\/2020\/08\/compteur-de-particules-150x150.png 150w, https:\/\/obera.fr\/wp-content\/uploads\/2020\/08\/compteur-de-particules-300x300.png 300w, https:\/\/obera.fr\/wp-content\/uploads\/2020\/08\/compteur-de-particules.png 433w\" sizes=\"(max-width: 150px) 100vw, 150px\" \/><figcaption class=\"wp-element-caption\">M\u011b\u0159i\u010d pevn\u00fdch \u010d\u00e1stic<\/figcaption><\/figure>\n<\/div>\n\n\n\n<div class=\"wp-block-column is-layout-flow wp-block-column-is-layout-flow\" style=\"flex-basis:66.66%\">\n<p><strong>Po\u010d\u00edta\u010d \u010d\u00e1stic OberA<\/strong> je univerz\u00e1ln\u00ed p\u0159\u00edstroj pro po\u010d\u00edt\u00e1n\u00ed \u010d\u00e1stic ve vzduchu.  <\/p>\n\n\n\n<p>Je schopen vypo\u010d\u00edtat \u0161est r\u016fzn\u00fdch granulometrick\u00fdch frakc\u00ed prachu (\u010d\u00e1stice od 0,3 do 10 \u00b5m) a zaznamen\u00e1vat vlhkost a teplotu prost\u0159ed\u00ed.  <\/p>\n\n\n\n<p>D\u00edky tomu je \u010d\u00edta\u010d \u010d\u00e1stic univerz\u00e1ln\u00edm za\u0159\u00edzen\u00edm.<\/p>\n\n\n\n<hr class=\"wp-block-separator has-text-color has-black-color has-css-opacity has-black-background-color has-background is-style-dots\"\/>\n\n\n\n<div class=\"wp-block-columns is-layout-flex wp-container-core-columns-is-layout-28f84493 wp-block-columns-is-layout-flex\">\n<div class=\"wp-block-column is-layout-flow wp-block-column-is-layout-flow\" style=\"flex-basis:33.33%\">\n<div class=\"wp-block-buttons is-layout-flex wp-block-buttons-is-layout-flex\">\n<div class=\"wp-block-button\"><a class=\"wp-block-button__link wp-element-button\" href=\"https:\/\/obera.fr\/wp-content\/uploads\/2025\/04\/brochure-obdt-9883m-en.pdf\"><strong>ST\u00c1HNOUT<\/strong>BRO\u017dURU<\/a><\/div>\n<\/div>\n<\/div>\n\n\n\n<div class=\"wp-block-column is-layout-flow wp-block-column-is-layout-flow\" style=\"flex-basis:33.34%\">\n<div class=\"wp-block-buttons is-horizontal is-content-justification-center is-layout-flex wp-container-core-buttons-is-layout-03627597 wp-block-buttons-is-layout-flex\">\n<div class=\"wp-block-button has-custom-width wp-block-button__width-100\"><a class=\"wp-block-button__link wp-element-button\" href=\"https:\/\/obera.fr\/cs\/kontaktujte-nas\/\">Zjist\u011bte v\u00edce<\/a><\/div>\n<\/div>\n<\/div>\n\n\n\n<div class=\"wp-block-column is-layout-flow wp-block-column-is-layout-flow\" style=\"flex-basis:33.34%\">\n<div class=\"wp-block-buttons is-content-justification-center is-layout-flex wp-container-core-buttons-is-layout-a89b3969 wp-block-buttons-is-layout-flex\">\n<div class=\"wp-block-button btn-devis-source\"><a class=\"wp-block-button__link wp-element-button\" href=\"https:\/\/obera.fr\/cs\/devis\/\">Po\u017e\u00e1dat o cenovou nab\u00eddku<\/a><\/div>\n<\/div>\n\n\n<script>\r\ndocument.addEventListener('DOMContentLoaded', function() {\r\n    \/\/ 1. On cherche le titre H1 de la page\r\n    var h1 = document.querySelector('h1');\r\n    var productTitle = h1 ? h1.innerText.trim() : \"\";\r\n\r\n    \/\/ 2. On cherche les boutons via la classe CSS .btn-devis-source\r\n    var buttons = document.querySelectorAll('.btn-devis-source a');\r\n\r\n    \/\/ 3. Si on a le titre et les boutons, on ajoute le param\u00e8tre\r\n    if (buttons.length > 0 && productTitle !== \"\") {\r\n        var encodedTitle = encodeURIComponent(productTitle);\r\n\r\n        buttons.forEach(function(btn) {\r\n            var currentHref = btn.getAttribute('href');\r\n            \r\n            \/\/ S\u00e9curit\u00e9 pour ne pas ajouter le param\u00e8tre 2 fois\r\n            if (currentHref.indexOf('sujet=') === -1) {\r\n                var separator = currentHref.indexOf('?') !== -1 ? '&' : '?';\r\n                var newLink = currentHref + separator + 'sujet=' + encodedTitle;\r\n                \r\n                btn.setAttribute('href', newLink);\r\n            }\r\n        });\r\n    }\r\n});\r\n<\/script><\/div>\n<\/div>\n\n\n\n<p><\/p>\n<\/div>\n<\/div>\n\n\n\n<h2 class=\"wp-block-heading\">V\u00fdhody \u010d\u00edta\u010d\u016f \u010d\u00e1stic<\/h2>\n\n\n\n<div class=\"wp-block-columns is-layout-flex wp-container-core-columns-is-layout-28f84493 wp-block-columns-is-layout-flex\">\n<div class=\"wp-block-column is-layout-flow wp-block-column-is-layout-flow\">\n<h3 class=\"wp-block-heading has-text-align-center\"><strong>V\u00fdhody<\/strong><\/h3>\n\n\n\n<ul class=\"wp-block-list\">\n<li>Detekuje 6 velikost\u00ed (0,3\/0,5\/1,0\/2,5\/5,0\/10 \u03bcm)<\/li>\n\n\n\n<li>M\u011b\u0159en\u00ed teploty a vlhkosti<\/li>\n\n\n\n<li>Integrovan\u00e1 kamera pro z\u00e1znam obrazu a videa<\/li>\n<\/ul>\n<\/div>\n\n\n\n<div class=\"wp-block-column is-layout-flow wp-block-column-is-layout-flow\">\n<h3 class=\"wp-block-heading has-text-align-center\"><strong>P\u0159\u00edklady u\u017eivatelsk\u00fdch odv\u011btv\u00ed<\/strong><\/h3>\n\n\n\n<ul class=\"wp-block-list\">\n<li>\u0160ed\u00e9 pokoje<\/li>\n\n\n\n<li>Stroj\u00edrenstv\u00ed<\/li>\n\n\n\n<li>Hutnictv\u00ed<\/li>\n\n\n\n<li>Plasty<\/li>\n\n\n\n<li>D\u0159evo<\/li>\n\n\n\n<li>Petrochemick\u00e9 v\u00fdrobky<\/li>\n\n\n\n<li>Polymery a plasty<\/li>\n\n\n\n<li>Farmaceutick\u00e9 produkty<\/li>\n\n\n\n<li>Potravin\u00e1\u0159sk\u00fd pr\u016fmysl<\/li>\n<\/ul>\n<\/div>\n<\/div>\n\n\n\n<h2 class=\"wp-block-heading\">M\u011b\u0159en\u00e9 zne\u010di\u0161\u0165uj\u00edc\u00ed l\u00e1tky<\/h2>\n\n\n\n<div class=\"wp-block-columns is-layout-flex wp-container-core-columns-is-layout-28f84493 wp-block-columns-is-layout-flex\">\n<div class=\"wp-block-column is-layout-flow wp-block-column-is-layout-flow\">\n<h3 class=\"wp-block-heading\"><strong>Senzor prachu PM 0,3 a\u017e PM 10<\/strong><\/h3>\n\n\n\n<p>(\u010d\u00e1stice v\u011bt\u0161\u00ed ne\u017e 0,3 \u00b5g a\u017e 10 \u00b5m)<\/p>\n\n\n\n<p>Analyz\u00e1tor \u010d\u00e1stic oberA je schopen m\u011b\u0159it 6 velikost\u00ed \u010d\u00e1stic sou\u010dasn\u011b. :<\/p>\n\n\n\n<p>0,3 \u00b5m \/ 0,5 \u00b5m \/ 1 \u00b5m \/ 2,5 \u00b5m \/ 5 \u00b5m \/ 10 \u00b5m<\/p>\n<\/div>\n\n\n\n<div class=\"wp-block-column is-layout-flow wp-block-column-is-layout-flow\">\n<h3 class=\"wp-block-heading\"><strong>Sn\u00edma\u010d teploty<\/strong><\/h3>\n\n\n\n<p>Rozsah m\u011b\u0159en\u00ed od -0 do +50 \u00b0C<\/p>\n<\/div>\n\n\n\n<div class=\"wp-block-column is-layout-flow wp-block-column-is-layout-flow\">\n<h3 class=\"wp-block-heading\"><strong>Relativn\u00ed vlhkost<\/strong><\/h3>\n\n\n\n<p>M\u011b\u0159\u00ed 0 a\u017e 100 % relativn\u00ed vlhkosti<\/p>\n<\/div>\n<\/div>\n\n\n\n<div class=\"wp-block-buttons is-horizontal is-content-justification-center is-layout-flex wp-container-core-buttons-is-layout-03627597 wp-block-buttons-is-layout-flex\">\n<div class=\"wp-block-button\"><a class=\"wp-block-button__link wp-element-button\" href=\"https:\/\/obera.fr\/wp-content\/uploads\/2024\/02\/brochure-compteur-de-particules-.pdf\">St\u00e1hn\u011bte si produktov\u00fd list<\/a><\/div>\n<\/div>\n\n\n\n<hr class=\"wp-block-separator has-css-opacity is-style-dots\"\/>\n\n\n\n<h2 class=\"wp-block-heading\">Ostatn\u00ed analyz\u00e1tory vzduchu OberA<\/h2>\n\n\n\n<div class=\"wp-block-columns is-layout-flex wp-container-core-columns-is-layout-28f84493 wp-block-columns-is-layout-flex\">\n<div class=\"wp-block-column is-layout-flow wp-block-column-is-layout-flow\"><\/div>\n\n\n\n<div class=\"wp-block-column is-layout-flow wp-block-column-is-layout-flow\">\n<figure class=\"wp-block-image aligncenter size-medium is-resized\"><a href=\"https:\/\/obera.fr\/produits\/analyseurs-air\/capteur-co2-obcare\/\"><img decoding=\"async\" width=\"300\" height=\"212\" src=\"https:\/\/obera.fr\/wp-content\/uploads\/2021\/09\/Capteur_CO2_OBCARE-2-300x212.png\" alt=\"obcare co2 senzor\" class=\"wp-image-6918\" srcset=\"https:\/\/obera.fr\/wp-content\/uploads\/2021\/09\/Capteur_CO2_OBCARE-2-300x212.png 300w, https:\/\/obera.fr\/wp-content\/uploads\/2021\/09\/Capteur_CO2_OBCARE-2-768x542.png 768w, https:\/\/obera.fr\/wp-content\/uploads\/2021\/09\/Capteur_CO2_OBCARE-2.png 921w\" sizes=\"(max-width: 300px) 100vw, 300px\" \/><\/a><figcaption class=\"wp-element-caption\">OBCARE<\/figcaption><\/figure>\n<\/div>\n\n\n\n<div class=\"wp-block-column is-layout-flow wp-block-column-is-layout-flow\"><\/div>\n\n\n\n<div class=\"wp-block-column is-layout-flow wp-block-column-is-layout-flow\"><\/div>\n<\/div>\n\n\n\n<p><\/p>\n","protected":false},"excerpt":{"rendered":"<p>Sledov\u00e1n\u00ed \u00farovn\u011b pra\u0161nosti Po\u010d\u00edta\u010d \u010d\u00e1stic OberA je univerz\u00e1ln\u00ed p\u0159\u00edstroj pro po\u010d\u00edt\u00e1n\u00ed \u010d\u00e1stic ve vzduchu. Je schopen vypo\u010d\u00edtat \u0161est r\u016fzn\u00fdch granulometrick\u00fdch frakc\u00ed prachu (\u010d\u00e1stice od 0,3 do 10 \u00b5m) a zaznamen\u00e1vat vlhkost a teplotu prost\u0159ed\u00ed. D\u00edky tomu je \u010d\u00edta\u010d \u010d\u00e1stic univerz\u00e1ln\u00edm za\u0159\u00edzen\u00edm. V\u00fdhody \u010d\u00edta\u010d\u016f \u010d\u00e1stic V\u00fdhody P\u0159\u00edklady u\u017eivatelsk\u00fdch odv\u011btv\u00ed M\u011b\u0159en\u00e9 zne\u010di\u0161\u0165uj\u00edc\u00ed l\u00e1tky Senzor prachu PM 0,3 a\u017e PM 10 (\u010d\u00e1stice v\u011bt\u0161\u00ed ne\u017e 0,3 \u00b5g a\u017e 10 \u00b5m) Analyz\u00e1tor \u010d\u00e1stic oberA je schopen m\u011b\u0159it 6 velikost\u00ed \u010d\u00e1stic sou\u010dasn\u011b. : 0,3 \u00b5m \/ 0,5 \u00b5m \/ 1 \u00b5m \/ 2,5 \u00b5m \/ 5 \u00b5m \/ 10 \u00b5m Sn\u00edma\u010d teploty Rozsah m\u011b\u0159en\u00ed od -0 &#8230; <\/p>\n<p class=\"read-more-container\"><a title=\"\u010c\u00edta\u010d \u010d\u00e1stic\" class=\"read-more button\" href=\"https:\/\/obera.fr\/cs\/produits\/analyseurs-air\/compteur-particules\/#more-48370\" aria-label=\"\u010c\u00edst v\u00edce o \u010c\u00edta\u010d \u010d\u00e1stic\">Lire la suite<\/a><\/p>\n","protected":false},"author":4,"featured_media":83734,"parent":48314,"menu_order":0,"comment_status":"closed","ping_status":"closed","template":"","meta":{"_acf_changed":false,"_seopress_robots_primary_cat":"","_seopress_titles_title":"Compteur de particules de poussi\u00e8res dans l'air","_seopress_titles_desc":"Le compteur oberA permet de compter des particules dans l\u2019air. Il est capable de calculer six fractions granulom\u00e9triques de poussi\u00e8res diff\u00e9rentes.","_seopress_robots_index":"","footnotes":""},"class_list":{"0":"post-48370","1":"page","2":"type-page","3":"status-publish","4":"has-post-thumbnail","6":"no-featured-image-padding","7":"resize-featured-image"},"acf":[],"_links":{"self":[{"href":"https:\/\/obera.fr\/cs\/wp-json\/wp\/v2\/pages\/48370","targetHints":{"allow":["GET"]}}],"collection":[{"href":"https:\/\/obera.fr\/cs\/wp-json\/wp\/v2\/pages"}],"about":[{"href":"https:\/\/obera.fr\/cs\/wp-json\/wp\/v2\/types\/page"}],"author":[{"embeddable":true,"href":"https:\/\/obera.fr\/cs\/wp-json\/wp\/v2\/users\/4"}],"replies":[{"embeddable":true,"href":"https:\/\/obera.fr\/cs\/wp-json\/wp\/v2\/comments?post=48370"}],"version-history":[{"count":3,"href":"https:\/\/obera.fr\/cs\/wp-json\/wp\/v2\/pages\/48370\/revisions"}],"predecessor-version":[{"id":108441,"href":"https:\/\/obera.fr\/cs\/wp-json\/wp\/v2\/pages\/48370\/revisions\/108441"}],"up":[{"embeddable":true,"href":"https:\/\/obera.fr\/cs\/wp-json\/wp\/v2\/pages\/48314"}],"wp:featuredmedia":[{"embeddable":true,"href":"https:\/\/obera.fr\/cs\/wp-json\/wp\/v2\/media\/83734"}],"wp:attachment":[{"href":"https:\/\/obera.fr\/cs\/wp-json\/wp\/v2\/media?parent=48370"}],"curies":[{"name":"wp","href":"https:\/\/api.w.org\/{rel}","templated":true}]}}