{"id":63988,"date":"2020-05-01T17:28:48","date_gmt":"2020-05-01T15:28:48","guid":{"rendered":"https:\/\/obera.fr\/mentions-legales\/"},"modified":"2025-04-11T10:40:04","modified_gmt":"2025-04-11T08:40:04","slug":"mentions-legales","status":"publish","type":"page","link":"https:\/\/obera.fr\/cs\/mentions-legales\/","title":{"rendered":"Pr\u00e1vn\u00ed informace"},"content":{"rendered":"\n<h2 class=\"wp-block-heading\" id=\"l-annonceur\">Zadavatel reklamy<\/h2>\n\n<p>Tyto webov\u00e9 str\u00e1nky vyd\u00e1v\u00e1 a p\u0159in\u00e1\u0161\u00ed spole\u010dnost oberA se z\u00e1kladn\u00edm kapit\u00e1lem 20 000 EUR, se s\u00eddlem na adrese 4 Rue Denis Papin 67400 Illkirch-Graffenstaden, pod \u010d\u00edslem SIRET 832 913 487 00027, k\u00f3d NAF 4674B.<\/p>\n\n<p>\u00da\u010delem t\u011bchto str\u00e1nek je poskytnout v\u00e1m informace o inzerentovi a odkazy na r\u016fzn\u00e9 webov\u00e9 str\u00e1nky. Str\u00e1nky jsou majetkem inzerenta. <\/p>\n\n<p>Tato str\u00e1nka je um\u00edst\u011bna v hostitelsk\u00e9m za\u0159\u00edzen\u00ed N\u00e1zev hostitele: o2switch SAS s kapit\u00e1lem 100 000 \u20ac, Adresa: Chemin des Pardiaux, 63000 Clermont-Ferrand, SIRET: 510 909 807 00032 RCS Clermont Ferrand<\/p>\n\n<h2 class=\"wp-block-heading\" id=\"respect-des-droits-de-propriete-et-marques\">Respektov\u00e1n\u00ed vlastnick\u00fdch pr\u00e1v a ochrann\u00fdch zn\u00e1mek<\/h2>\n\n<p>V\u0161echny prvky, kter\u00e9 na str\u00e1nk\u00e1ch vid\u00edte, poslouch\u00e1te nebo \u010dtete, stejn\u011b jako str\u00e1nky samotn\u00e9, jsou chr\u00e1n\u011bny autorsk\u00fdm pr\u00e1vem. Za \u017e\u00e1dn\u00fdch okolnost\u00ed nesm\u00edte pou\u017e\u00edvat, \u0161\u00ed\u0159it, kop\u00edrovat, reprodukovat, upravovat, m\u011bnit nebo p\u0159en\u00e1\u0161et str\u00e1nky nebo jejich prvky, jako jsou p1-texty, obr\u00e1zky nebo zvuky, bez p\u0159edchoz\u00edho p\u00edsemn\u00e9ho souhlasu inzerenta. Ochrann\u00e9 zn\u00e1mky a loga, kter\u00e9 se na str\u00e1nk\u00e1ch objevuj\u00ed, jsou majetkem inzerenta nebo jsou p\u0159edm\u011btem opr\u00e1vn\u011bn\u00ed k jejich pou\u017e\u00edv\u00e1n\u00ed. K \u017e\u00e1dn\u00e9mu z t\u011bchto prvk\u016f nelze ud\u011blit pr\u00e1vo nebo licenci bez p\u00edsemn\u00e9ho souhlasu inzerenta nebo t\u0159et\u00ed strany, kter\u00e1 je dr\u017eitelem pr\u00e1v k ochrann\u00e9 zn\u00e1mce nebo logu, je\u017e se na str\u00e1nk\u00e1ch objevuj\u00ed. Fondation Pierre Berg\u00e9 &#8211; Yves Saint Laurent si vyhrazuje pr\u00e1vo podniknout pr\u00e1vn\u00ed kroky proti jak\u00e9mukoli poru\u0161en\u00ed sv\u00fdch pr\u00e1v du\u0161evn\u00edho vlastnictv\u00ed, v\u010detn\u011b trestn\u00edho \u0159\u00edzen\u00ed.    <\/p>\n\n<h2 class=\"wp-block-heading\" id=\"respect-des-images\">\u00dacta k obr\u00e1zk\u016fm<\/h2>\n\n<p>Obr\u00e1zky nebo fotografie osob nebo m\u00edst, kter\u00e9 se na str\u00e1nk\u00e1ch objevuj\u00ed, jsou majetkem inzerenta a\/nebo jsou inzerentem pou\u017eity se souhlasem dr\u017eitel\u016f pr\u00e1v. Pou\u017eit\u00ed t\u011bchto obr\u00e1zk\u016f nebo fotografi\u00ed je bez v\u00fdslovn\u00e9ho a v\u00fdslovn\u00e9ho souhlasu inzerenta zak\u00e1z\u00e1no. Jak\u00e9koli neopr\u00e1vn\u011bn\u00e9 pou\u017eit\u00ed m\u016f\u017ee m\u00edt za n\u00e1sledek poru\u0161en\u00ed autorsk\u00fdch pr\u00e1v, pr\u00e1v k obr\u00e1zk\u016fm, osobnostn\u00edch pr\u00e1v nebo jin\u00fdch p\u0159edpis\u016f platn\u00fdch pro komunikaci nebo reklamu.  <\/p>\n\n<h3 class=\"wp-block-heading\">Kredity<\/h3>\n\n<ul class=\"wp-block-list\">\n<li>Design domovsk\u00e9 str\u00e1nky od <a href=\"https:\/\/pleaseagency.com\/\" data-type=\"link\" data-id=\"https:\/\/pleaseagency.com\/\">PLEASE CREATIVE AGENCY <\/a> <\/li>\n<\/ul>\n\n<h2 class=\"wp-block-heading\" id=\"mise-en-garde-generale\">Obecn\u00e9 varov\u00e1n\u00ed<\/h2>\n\n<p>Fondation Pierre Berg\u00e9 &#8211; Yves Saint Laurent nenese odpov\u011bdnost za \u0161kody, kter\u00e9 mohou vzniknout v d\u016fsledku p\u0159\u00edstupu na tyto str\u00e1nky nebo jejich pou\u017e\u00edv\u00e1n\u00ed, v\u010detn\u011b po\u0161kozen\u00ed nebo vir\u016f, kter\u00e9 mohou infikovat va\u0161e po\u010d\u00edta\u010dov\u00e9 za\u0159\u00edzen\u00ed nebo jin\u00fd majetek. P\u0159esto\u017ee Fondation Pierre Berg\u00e9 &#8211; Yves Saint Laurent vynakl\u00e1d\u00e1 ve\u0161ker\u00e9 \u00fasil\u00ed k aktualizaci p\u0159esn\u00fdch informac\u00ed zve\u0159ejn\u011bn\u00fdch na t\u011bchto str\u00e1nk\u00e1ch, Fondation Pierre Berg\u00e9 &#8211; Yves Saint Laurent nenese odpov\u011bdnost za p\u0159\u00edpadn\u00e9 chyby nebo opomenut\u00ed. <\/p>\n\n<h2 class=\"wp-block-heading\" id=\"exclusion-de-responsabilite-et-indemnisation\">Vylou\u010den\u00ed odpov\u011bdnosti a n\u00e1hrady \u0161kody<\/h2>\n\n<p>Nadace Pierre Berg\u00e9 &#8211; Yves Saint Laurent ani \u017e\u00e1dn\u00e1 jin\u00e1 strana zapojen\u00e1 do \u010dinnosti souvisej\u00edc\u00ed s t\u011bmito str\u00e1nkami nem\u016f\u017ee b\u00fdt \u010din\u011bna odpov\u011bdnou za jak\u00e9koli p\u0159\u00edm\u00e9, nep\u0159\u00edm\u00e9 nebo jin\u00e9 \u0161kody, kter\u00e9 mohou vzniknout v d\u016fsledku p\u0159\u00edstupu na tyto str\u00e1nky nebo jejich pou\u017e\u00edv\u00e1n\u00ed nebo informac\u00ed na nich obsa\u017een\u00fdch. Inzerenta a jeho p\u0159idru\u017een\u00e9 spole\u010dnosti, jako\u017e i jeho \u0159editele, vedouc\u00ed pracovn\u00edky, zam\u011bstnance, z\u00e1stupce, nabyvatele licence nebo kohokoli jin\u00e9ho, kdo se pod\u00edl\u00ed na tvorb\u011b, produkci a distribuci str\u00e1nek, od\u0161kodn\u00edte, ochr\u00e1n\u00edte a zbav\u00edte odpov\u011bdnosti za ve\u0161ker\u00e9 n\u00e1roky, z\u00e1vazky, n\u00e1klady a v\u00fddaje vznikl\u00e9 v d\u016fsledku poru\u0161en\u00ed t\u011bchto podm\u00ednek pou\u017e\u00edv\u00e1n\u00ed nebo v souvislosti s pou\u017e\u00edv\u00e1n\u00edm str\u00e1nek. <\/p>\n\n<h2 class=\"wp-block-heading\" id=\"informations-personnelles\">Osobn\u00ed \u00fadaje<\/h2>\n\n<p>Osobn\u00ed \u00fadaje jsou definov\u00e1ny jako &#8222;informace, kter\u00e9 umo\u017e\u0148uj\u00ed v jak\u00e9koli form\u011b, p\u0159\u00edmo \u010di nep\u0159\u00edmo, identifikovat fyzick\u00e9 osoby, jich\u017e se t\u00fdkaj\u00ed&#8220; (v\u00fd\u0148atek z \u010dl\u00e1nku 4 z\u00e1kona \u010d. 78-17 ze dne 6. ledna 1978).<\/p>\n\n<p>Nap\u0159\u00edklad :<\/p>\n\n<ul class=\"wp-block-list\">\n<li>jm\u00e9no,<\/li>\n\n\n\n<li>po\u0161tovn\u00ed adresu,<\/li>\n\n\n\n<li>telefonn\u00ed \u010d\u00edslo,<\/li>\n\n\n\n<li>e-mailovou adresu.<\/li>\n<\/ul>\n\n<p>Soubory cookie se pou\u017e\u00edvaj\u00ed k automatick\u00e9 konfiguraci webu p\u0159i p\u0159ihl\u00e1\u0161en\u00ed a k p\u0159edvolb\u011b informac\u00ed.<\/p>\n\n<p>To znamen\u00e1, \u017ee konfigurace webu je spojena s va\u0161\u00edm po\u010d\u00edta\u010dem, tak\u017ee ka\u017ed\u00fd, kdo pou\u017e\u00edv\u00e1 v\u00e1\u0161 po\u010d\u00edta\u010d, m\u00e1 web nakonfigurov\u00e1n stejn\u00fdm zp\u016fsobem.<\/p>\n\n<h2 class=\"wp-block-heading\" id=\"utilisation-de-vos-donnees-personnelles-communication-a-des-tiers\">Pou\u017eit\u00ed va\u0161ich osobn\u00edch \u00fadaj\u016f &#8211; Poskytnut\u00ed t\u0159et\u00edm stran\u00e1m<\/h2>\n\n<p>Pou\u017e\u00edv\u00e1n\u00edm t\u011bchto str\u00e1nek souhlas\u00edte s t\u00edm, aby na\u0161e str\u00e1nky pou\u017e\u00edvaly osobn\u00ed \u00fadaje, kter\u00e9 jste n\u00e1m sd\u011blili nebo kter\u00e9 byly shrom\u00e1\u017ed\u011bny prost\u0159ednictv\u00edm provozu t\u011bchto str\u00e1nek. Tyto \u00fadaje jsou nezbytn\u00e9 k tomu, aby v\u00e1m mohly b\u00fdt zas\u00edl\u00e1ny informa\u010dn\u00ed bulletiny a abyste mohli vyu\u017e\u00edvat ur\u010dit\u00e9 slu\u017eby nab\u00edzen\u00e9 t\u011bmito str\u00e1nkami. <\/p>\n\n<p>V souladu se z\u00e1konem ze dne 6. ledna 1978 m\u00e1te pr\u00e1vo na p\u0159\u00edstup k osobn\u00edm \u00fadaj\u016fm, kter\u00e9 se v\u00e1s t\u00fdkaj\u00ed, na jejich opravu nebo na n\u00e1mitku proti nim. Tato pr\u00e1va m\u016f\u017eete uplatnit zasl\u00e1n\u00edm e-mailu nebo dopisu adresovan\u00e9ho zadavateli reklamy. <\/p>\n\n<p>R\u00e1di bychom upozornili, \u017ee p\u0159i provozu str\u00e1nek automaticky shroma\u017e\u010fujeme informace t\u00fdkaj\u00edc\u00ed se zejm\u00e9na str\u00e1nek webu, kter\u00e9 v\u00e1s nejv\u00edce zaj\u00edmaj\u00ed, abychom tyto informace mohli pou\u017e\u00edt k vypracov\u00e1n\u00ed anal\u00fdz a statistik, a l\u00e9pe tak porozum\u011bt va\u0161im p\u0159\u00e1n\u00edm a oblastem va\u0161eho z\u00e1jmu. T\u00edmto zp\u016fsobem a s v\u00fdhradou n\u00ed\u017ee uveden\u00e9ho v\u00e1m budeme moci zas\u00edlat informace c\u00edlen\u00e9 podle oblast\u00ed va\u0161eho z\u00e1jmu. Za t\u00edmto \u00fa\u010delem m\u016f\u017eeme pou\u017e\u00edvat soubory cookie.  <\/p>\n\n<p>Takto shrom\u00e1\u017ed\u011bn\u00e9 osobn\u00ed \u00fadaje, s v\u00fdjimkou va\u0161\u00ed e-mailov\u00e9 adresy, m\u016f\u017eeme p\u0159edat t\u0159et\u00edm stran\u00e1m podle na\u0161eho v\u00fdb\u011bru, nap\u0159\u00edklad na\u0161im poskytovatel\u016fm slu\u017eeb nebo dodavatel\u016fm, kte\u0159\u00ed se pod\u00edlej\u00ed na poskytov\u00e1n\u00ed nab\u00edzen\u00fdch slu\u017eeb. Sd\u011blen\u00ed t\u011bchto \u00fadaj\u016f t\u011bmto dodavatel\u016fm a poskytovatel\u016fm slu\u017eeb m\u016f\u017ee b\u00fdt nezbytn\u00e9 pro poskytov\u00e1n\u00ed slu\u017eeb. Proti sd\u011blov\u00e1n\u00ed sv\u00fdch \u00fadaj\u016f t\u0159et\u00edm stran\u00e1m m\u016f\u017eete v\u00fdslovn\u011b vzn\u00e9st n\u00e1mitku e-mailem a\/nebo dopisem adresovan\u00fdm zadavateli reklamy.  <\/p>\n\n<h2 class=\"wp-block-heading\" id=\"concernant-votre-adresse-e-mail\">Pokud jde o va\u0161i e-mailovou adresu<\/h2>\n\n<p>Poskytnut\u00edm e-mailov\u00e9 adresy si inzerent vyhrazuje pr\u00e1vo zas\u00edlat v\u00e1m e-mailem informa\u010dn\u00ed bulletiny a informace o na\u0161ich produktech a slu\u017eb\u00e1ch. Pokud si nep\u0159ejete tyto zpr\u00e1vy dost\u00e1vat, m\u016f\u017eete se z odb\u011bru kdykoli odhl\u00e1sit kliknut\u00edm na odkaz, kter\u00fd je k tomuto \u00fa\u010delu uveden v ka\u017ed\u00e9m zaslan\u00e9m newsletteru. <\/p>\n\n<p>Krom\u011b toho m\u016f\u017eeme va\u0161i e-mailovou adresu p\u0159edat t\u0159et\u00edm stran\u00e1m, kter\u00e9 v\u00e1m mohou e-mailem zas\u00edlat nevy\u017e\u00e1dan\u00e9 zpr\u00e1vy, kter\u00e9 by v\u00e1s mohly zaj\u00edmat. M\u016f\u017eete n\u00e1s kdykoli kontaktovat, zejm\u00e9na e-mailem, a po\u017e\u00e1dat n\u00e1s, abychom p\u0159estali va\u0161i e-mailovou adresu takto sd\u011blovat. <\/p>\n\n<p>V souladu s francouzsk\u00fdm pr\u00e1vem m\u016f\u017ee inzerent tyto informace poskytnout jak\u00e9koli fyzick\u00e9 osob\u011b, pr\u00e1vnick\u00e9 osob\u011b nebo spr\u00e1vn\u00edmu org\u00e1nu, kter\u00fd o n\u011b po\u017e\u00e1d\u00e1.<\/p>\n\n<p>Nakonec inzerent pou\u017e\u00edv\u00e1 \u00fadaje o u\u017eivatel\u00edch (bez ohledu na to, zda obsahuj\u00ed osobn\u00ed \u00fadaje) k vytv\u00e1\u0159en\u00ed statistick\u00fdch anal\u00fdz pro sv\u00e9 vlastn\u00ed \u00fa\u010dely. Vzhledem k tomu, \u017ee \u00fadaje, kter\u00e9 z t\u011bchto anal\u00fdz vypl\u00fdvaj\u00ed, jsou agregovan\u00e9, a tud\u00ed\u017e zcela anonymn\u00ed, m\u016f\u017ee je inzerent p\u0159edat nebo prodat t\u0159et\u00edm stran\u00e1m. <\/p>\n\n<h2 class=\"wp-block-heading\" id=\"abonnement-a-la-newsletter-l-annonceur\">Odb\u011br newsletteru inzerenta<\/h2>\n\n<p>Prost\u0159ednictv\u00edm webu se m\u016f\u017eete p\u0159ihl\u00e1sit k odb\u011bru newsletteru inzerenta.<\/p>\n\n<p>C\u00edlem tohoto newsletteru je informovat v\u00e1s o slu\u017eb\u00e1ch a nov\u00fdch produktech inzerenta.<\/p>\n\n<p>P\u0159\u00edslu\u0161n\u00e9 str\u00e1nky m\u016f\u017eete kdykoli e-mailem informovat, \u017ee si ji\u017e nep\u0159ejete b\u00fdt k odb\u011bru newsletteru p\u0159ihl\u00e1\u0161eni, a to kliknut\u00edm na &#8222;Odhl\u00e1sit odb\u011br&#8220; nebo jin\u00fdm podobn\u00fdm zp\u016fsobem.<\/p>\n\n<p>Podm\u00ednky pou\u017eit\u00ed va\u0161ich osobn\u00edch \u00fadaj\u016f budou platit pro danou str\u00e1nku. Proto bychom v\u00e1s r\u00e1di po\u017e\u00e1dali, abyste si p\u0159e\u010detli podm\u00ednky na p\u0159\u00edslu\u0161n\u00fdch str\u00e1nk\u00e1ch. <\/p>\n\n<h2 class=\"wp-block-heading\" id=\"liens-externes\">Extern\u00ed odkazy<\/h2>\n\n<p>Inzerent navrhuje odkazy ze sv\u00fdch str\u00e1nek na dal\u0161\u00ed p\u0159idru\u017een\u00e9 i nep\u0159idru\u017een\u00e9 str\u00e1nky. Tyto str\u00e1nky jsou na n\u011bm nez\u00e1visl\u00e9. Inzerent tyto str\u00e1nky nezve\u0159ej\u0148uje ani nekontroluje. Odkazy na tyto str\u00e1nky v \u017e\u00e1dn\u00e9m p\u0159\u00edpad\u011b nep\u0159edstavuj\u00ed souhlas nebo partnerstv\u00ed mezi inzerentem a t\u011bmito str\u00e1nkami. Fondation Pierre Berg\u00e9 &#8211; Yves Saint Laurent proto nem\u016f\u017ee n\u00e9st odpov\u011bdnost za obsah, produkty, reklamu nebo jak\u00e9koli jin\u00e9 prvky \u010di slu\u017eby prezentovan\u00e9 na t\u011bchto str\u00e1nk\u00e1ch. P\u0159ipom\u00edn\u00e1me, \u017ee na p\u0159idru\u017een\u00e9 a nep\u0159idru\u017een\u00e9 str\u00e1nky se vztahuj\u00ed jejich vlastn\u00ed podm\u00ednky pou\u017e\u00edv\u00e1n\u00ed a z\u00e1sady ochrany osobn\u00edch \u00fadaj\u016f.     <\/p>\n\n<h2 class=\"wp-block-heading\" id=\"droit-applicable\">Rozhodn\u00e9 pr\u00e1vo<\/h2>\n\n<p>Tyto str\u00e1nky se \u0159\u00edd\u00ed francouzsk\u00fdm pr\u00e1vem.<\/p>\n\n<h2 class=\"wp-block-heading\" id=\"modification-des-conditions\">\u00daprava podm\u00ednek<\/h2>\n\n<p>Inzerent si vyhrazuje pr\u00e1vo tyto v\u0161eobecn\u00e9 podm\u00ednky kdykoli a bez p\u0159edchoz\u00edho upozorn\u011bn\u00ed zm\u011bnit nebo obecn\u011bji aktualizovat. Proto v\u00e1s vyz\u00fdv\u00e1me, abyste se s nimi pravideln\u011b seznamovali. <\/p>\n\n<h2 class=\"wp-block-heading\" id=\"comment-nous-contacter-si-vous-avez-des-questions-sur-cette-charte\">Jak se na n\u00e1s m\u016f\u017eete obr\u00e1tit v p\u0159\u00edpad\u011b dotaz\u016f t\u00fdkaj\u00edc\u00edch se t\u00e9to charty?<\/h2>\n\n<p>Vzhledem k tomu, \u017ee \u00fa\u010delem t\u00e9to charty je chr\u00e1nit va\u0161e soukrom\u00ed, byli bychom v\u00e1m vd\u011b\u010dni, kdybyste n\u00e1m sd\u011blili sv\u00e1 p\u0159\u00e1n\u00ed a p\u0159ipom\u00ednky.<\/p>\n\n<p>Pokud m\u00e1te pocit, \u017ee va\u0161e \u00fadaje nejsou p\u0159i n\u00e1v\u0161t\u011bv\u011b t\u011bchto str\u00e1nek zpracov\u00e1v\u00e1ny v souladu s va\u0161\u00edm p\u0159\u00e1n\u00edm, dejte n\u00e1m pros\u00edm v\u011bd\u011bt. Odpov\u00edme v\u00e1m co nejd\u0159\u00edve. <\/p>\n\n<p>Pokud si v budoucnu nep\u0159ejete, abychom v\u00e1s po n\u00e1v\u0161t\u011bv\u011b t\u011bchto str\u00e1nek kontaktovali, nebo pokud si p\u0159ejete zkontrolovat, opravit \u010di aktualizovat jak\u00e9koli jmenovit\u00e9 \u00fadaje, kter\u00e9 jste n\u00e1m sd\u011blili, <a href=\"https:\/\/obera.fr\/cs\/contact\/\" data-type=\"page\" data-id=\"124\">napi\u0161te n\u00e1m<\/a>.<\/p>\n\n<p>Naposledy upraveno 24. dubna 2017.<\/p>\n","protected":false},"excerpt":{"rendered":"<p>Zadavatel reklamy Tyto webov\u00e9 str\u00e1nky vyd\u00e1v\u00e1 a p\u0159in\u00e1\u0161\u00ed spole\u010dnost oberA se z\u00e1kladn\u00edm kapit\u00e1lem 20 000 EUR, se s\u00eddlem na adrese 4 Rue Denis Papin 67400 Illkirch-Graffenstaden, pod \u010d\u00edslem SIRET 832 913 487 00027, k\u00f3d NAF 4674B. \u00da\u010delem t\u011bchto str\u00e1nek je poskytnout v\u00e1m informace o inzerentovi a odkazy na r\u016fzn\u00e9 webov\u00e9 str\u00e1nky. Str\u00e1nky jsou majetkem inzerenta. Tato str\u00e1nka je um\u00edst\u011bna v hostitelsk\u00e9m za\u0159\u00edzen\u00ed N\u00e1zev hostitele: o2switch SAS s kapit\u00e1lem 100 000 \u20ac, Adresa: Chemin des Pardiaux, 63000 Clermont-Ferrand, SIRET: 510 909 807 00032 RCS Clermont Ferrand Respektov\u00e1n\u00ed vlastnick\u00fdch pr\u00e1v a ochrann\u00fdch zn\u00e1mek V\u0161echny prvky, kter\u00e9 na str\u00e1nk\u00e1ch vid\u00edte, poslouch\u00e1te nebo \u010dtete, &#8230; <\/p>\n<p class=\"read-more-container\"><a title=\"Pr\u00e1vn\u00ed informace\" class=\"read-more button\" href=\"https:\/\/obera.fr\/cs\/mentions-legales\/#more-63988\" aria-label=\"\u010c\u00edst v\u00edce o Pr\u00e1vn\u00ed informace\">Lire la suite<\/a><\/p>\n","protected":false},"author":4,"featured_media":103613,"parent":0,"menu_order":0,"comment_status":"closed","ping_status":"closed","template":"","meta":{"_acf_changed":false,"_seopress_robots_primary_cat":"","_seopress_titles_title":"oberA.fr pr\u00e1vn\u00ed informace","_seopress_titles_desc":"Tyto webov\u00e9 str\u00e1nky vyd\u00e1v\u00e1 a p\u0159in\u00e1\u0161\u00ed spole\u010dnost oberA se z\u00e1kladn\u00edm kapit\u00e1lem 20 000 EUR, \u010d\u00edslo SIRET 832 913 487 00019, k\u00f3d NAF 282514.","_seopress_robots_index":"ano","footnotes":""},"class_list":{"0":"post-63988","1":"page","2":"type-page","3":"status-publish","4":"has-post-thumbnail","6":"no-featured-image-padding","7":"resize-featured-image"},"acf":[],"_links":{"self":[{"href":"https:\/\/obera.fr\/cs\/wp-json\/wp\/v2\/pages\/63988","targetHints":{"allow":["GET"]}}],"collection":[{"href":"https:\/\/obera.fr\/cs\/wp-json\/wp\/v2\/pages"}],"about":[{"href":"https:\/\/obera.fr\/cs\/wp-json\/wp\/v2\/types\/page"}],"author":[{"embeddable":true,"href":"https:\/\/obera.fr\/cs\/wp-json\/wp\/v2\/users\/4"}],"replies":[{"embeddable":true,"href":"https:\/\/obera.fr\/cs\/wp-json\/wp\/v2\/comments?post=63988"}],"version-history":[{"count":3,"href":"https:\/\/obera.fr\/cs\/wp-json\/wp\/v2\/pages\/63988\/revisions"}],"predecessor-version":[{"id":79400,"href":"https:\/\/obera.fr\/cs\/wp-json\/wp\/v2\/pages\/63988\/revisions\/79400"}],"wp:featuredmedia":[{"embeddable":true,"href":"https:\/\/obera.fr\/cs\/wp-json\/wp\/v2\/media\/103613"}],"wp:attachment":[{"href":"https:\/\/obera.fr\/cs\/wp-json\/wp\/v2\/media?parent=63988"}],"curies":[{"name":"wp","href":"https:\/\/api.w.org\/{rel}","templated":true}]}}