{"id":31335,"date":"2022-01-20T11:56:45","date_gmt":"2022-01-20T09:56:45","guid":{"rendered":"https:\/\/obera.fr\/sie-sprechen-ueber-uns\/"},"modified":"2025-11-27T22:20:01","modified_gmt":"2025-11-27T20:20:01","slug":"ils-parlent-de-nous-presse-media","status":"publish","type":"page","link":"https:\/\/obera.fr\/de\/ils-parlent-de-nous-presse-media\/","title":{"rendered":"Sie sprechen \u00fcber uns"},"content":{"rendered":"\n<h2 class=\"wp-block-heading\" id=\"les-reportages-tv-d-obera-dans-la-presse-et-media-traditionnels\">TV-Berichte \u00fcber OberA in der traditionellen Presse und den Medien<\/h2>\n\n<p>Aufgrund der steigenden Nachfrage nach Produkten zur Bek\u00e4mpfung von Covid und unserer gro\u00dfen Fachkompetenz besuchten die Nachrichtensender OberA, um unsere Produkte und unsere Effizienz bei der L\u00f6sung von Covid-Problemen zu beleuchten.<\/p>\n\n<p><\/p>\n\n<div class=\"wp-block-columns is-layout-flex wp-container-core-columns-is-layout-28f84493 wp-block-columns-is-layout-flex\">\n<div class=\"wp-block-column is-layout-flow wp-block-column-is-layout-flow\">\n<h3 class=\"wp-block-heading has-text-align-center\"><strong>BFM ALSACE<\/strong><\/h3>\n\n\n\n<p><\/p>\n\n\n\n<figure class=\"wp-block-image aligncenter size-full is-resized\"><img decoding=\"async\" width=\"200\" height=\"200\" src=\"https:\/\/obera.fr\/wp-content\/uploads\/2023\/01\/bfm-alsace.svg_-1.png\" alt=\"bfm alsace.svg 1\" class=\"wp-image-18337\" style=\"width:142px;height:auto\" srcset=\"https:\/\/obera.fr\/wp-content\/uploads\/2023\/01\/bfm-alsace.svg_-1.png 200w, https:\/\/obera.fr\/wp-content\/uploads\/2023\/01\/bfm-alsace.svg_-1-150x150.png 150w\" sizes=\"(max-width: 200px) 100vw, 200px\" \/><\/figure>\n\n\n\n<p>Der Nachrichtensender<strong> BFM ALSACE<\/strong> interviewte den Gesch\u00e4ftsf\u00fchrer von OberA, Thibaut SAMSEL, nachdem er den <strong>Troph\u00e9e PME TMC-BFM R\u00e9gion Grand-Est in der Kategorie \u201eHergestellt in Frankreich\u201c<\/strong> gewonnen hatte. <\/p>\n\n\n\n<p>Diese Auszeichnung w\u00fcrdigt unser t\u00e4gliches Engagement f\u00fcr die lokale Produktion, die Qualit\u00e4t unseres Know-hows und die Innovation im Dienste von \u201eMade in France\u201c.<\/p>\n\n\n\n<div class=\"wp-block-buttons alignwide is-content-justification-center is-layout-flex wp-container-core-buttons-is-layout-a89b3969 wp-block-buttons-is-layout-flex\">\n<div class=\"wp-block-button\"><a class=\"wp-block-button__link wp-element-button\" href=\"https:\/\/rmc.bfmtv.com\/evenements\/trophees-pme\/video-16eme-edition-des-trophees-pme-avec-les-laureats-depuis-la-cci-campus-alsace_VN-202510090048.html\">Video-Interview ansehen<\/a><\/div>\n<\/div>\n<\/div>\n\n\n\n<div class=\"wp-block-column is-layout-flow wp-block-column-is-layout-flow\">\n<h3 class=\"wp-block-heading has-text-align-center\"><strong>Frankreich 3<\/strong><\/h3>\n\n\n\n<figure class=\"wp-block-image aligncenter size-full is-resized\"><img decoding=\"async\" width=\"512\" height=\"512\" src=\"https:\/\/obera.fr\/wp-content\/uploads\/2022\/01\/logo-france3-region.jpeg\" alt=\"logo france3 region\" class=\"wp-image-8392\" style=\"width:167px;height:auto\" srcset=\"https:\/\/obera.fr\/wp-content\/uploads\/2022\/01\/logo-france3-region.jpeg 512w, https:\/\/obera.fr\/wp-content\/uploads\/2022\/01\/logo-france3-region-300x300.jpeg 300w, https:\/\/obera.fr\/wp-content\/uploads\/2022\/01\/logo-france3-region-150x150.jpeg 150w\" sizes=\"(max-width: 512px) 100vw, 512px\" \/><\/figure>\n\n\n\n<p><strong>France 3<\/strong> besuchte unsere R\u00e4umlichkeiten in Illkirch, um die Konzeption und den Nutzen unserer Luftk\u00fchler besser zu verstehen. Ein Bericht wurde gefilmt, um unser Know-how und unsere Expertise in diesem Bereich hervorzuheben. Der Link zum Bericht befindet sich unten und bietet somit eine gute Sichtbarkeit f\u00fcr unsere Arbeit.  <\/p>\n\n\n\n<div class=\"wp-block-buttons alignwide is-content-justification-center is-layout-flex wp-container-core-buttons-is-layout-a89b3969 wp-block-buttons-is-layout-flex\">\n<div class=\"wp-block-button\"><a class=\"wp-block-button__link wp-element-button\" href=\"https:\/\/youtu.be\/a_F7Q_yOUDA?si=ZykL6tahVnwX5cXB\">Sehen Sie sich die Videoreportage an<\/a><\/div>\n<\/div>\n<\/div>\n\n\n\n<div class=\"wp-block-column is-layout-flow wp-block-column-is-layout-flow\">\n<h3 class=\"wp-block-heading has-text-align-center\"><strong>BFM Elsass<\/strong><\/h3>\n\n\n\n<p><\/p>\n\n\n\n<figure class=\"wp-block-image aligncenter size-full is-resized\"><img decoding=\"async\" width=\"200\" height=\"200\" src=\"https:\/\/obera.fr\/wp-content\/uploads\/2023\/01\/bfm-alsace.svg_-1.png\" alt=\"bfm alsace.svg 1\" class=\"wp-image-18337\" style=\"width:142px;height:auto\" srcset=\"https:\/\/obera.fr\/wp-content\/uploads\/2023\/01\/bfm-alsace.svg_-1.png 200w, https:\/\/obera.fr\/wp-content\/uploads\/2023\/01\/bfm-alsace.svg_-1-150x150.png 150w\" sizes=\"(max-width: 200px) 100vw, 200px\" \/><\/figure>\n\n\n\n<p><\/p>\n\n\n\n<p>Der Nachrichtensender<strong> BFM Alsace <\/strong>intervenierte \u00fcber die CCI, um ein Interview \u00fcber unser Unternehmen zu f\u00fchren, um die Akteure der Industrie im Elsass zu f\u00f6rdern. Erfahren Sie mehr \u00fcber unsere Ziele und den Kern unserer T\u00e4tigkeit. Derzeit live auf dem Kanal BFM Alsace verf\u00fcgbar.  <\/p>\n\n\n\n<div class=\"wp-block-buttons alignwide is-content-justification-center is-layout-flex wp-container-core-buttons-is-layout-a89b3969 wp-block-buttons-is-layout-flex\">\n<div class=\"wp-block-button\"><a class=\"wp-block-button__link wp-element-button\" href=\"https:\/\/obera.fr\/de\/ratschlage\/obera-se-devoile-sur-bfm-alsace\/\">Sehen Sie sich die Videoreportage an<\/a><\/div>\n<\/div>\n<\/div>\n<\/div>\n\n<div class=\"wp-block-columns is-layout-flex wp-container-core-columns-is-layout-28f84493 wp-block-columns-is-layout-flex\">\n<div class=\"wp-block-column is-layout-flow wp-block-column-is-layout-flow\">\n<p><\/p>\n\n\n\n<h3 class=\"wp-block-heading has-text-align-center\"><strong>TF1<\/strong><\/h3>\n\n\n\n<figure class=\"wp-block-image aligncenter size-large is-resized\"><img decoding=\"async\" width=\"1024\" height=\"576\" src=\"https:\/\/obera.fr\/wp-content\/uploads\/2022\/01\/LOGO-TF1-1024x576.jpg\" alt=\"tf1 logo\" class=\"wp-image-8389\" style=\"width:281px;height:auto\" srcset=\"https:\/\/obera.fr\/wp-content\/uploads\/2022\/01\/LOGO-TF1-1024x576.jpg 1024w, https:\/\/obera.fr\/wp-content\/uploads\/2022\/01\/LOGO-TF1-300x169.jpg 300w, https:\/\/obera.fr\/wp-content\/uploads\/2022\/01\/LOGO-TF1-768x432.jpg 768w, https:\/\/obera.fr\/wp-content\/uploads\/2022\/01\/LOGO-TF1-1536x864.jpg 1536w, https:\/\/obera.fr\/wp-content\/uploads\/2022\/01\/LOGO-TF1.jpg 1920w\" sizes=\"(max-width: 1024px) 100vw, 1024px\" \/><\/figure>\n\n\n\n<p><strong>TF1<\/strong> besuchte unsere Einrichtung, um das Design und den Nutzen von CO2-Sensoren und Luftreinigern im Kampf gegen Covid-19 besser zu verstehen. Es fand eine Filmreportage statt, die am 18.01.2022 in den 13-Uhr-Nachrichten ver\u00f6ffentlicht wurde. <\/p>\n\n\n\n<div class=\"wp-block-buttons is-horizontal is-content-justification-center is-layout-flex wp-container-core-buttons-is-layout-03627597 wp-block-buttons-is-layout-flex\">\n<div class=\"wp-block-button\"><a class=\"wp-block-button__link wp-element-button\" href=\"https:\/\/www.tf1info.fr\/societe\/video-purificateurs-d-air-les-usines-francaises-a-plein-regime-2207515.html\" target=\"_blank\" rel=\"noreferrer noopener\">Sehen Sie das Interview auf MYtf1.DE<\/a><\/div>\n<\/div>\n<\/div>\n\n\n\n<div class=\"wp-block-column is-layout-flow wp-block-column-is-layout-flow\">\n<p><\/p>\n\n\n\n<h3 class=\"wp-block-heading has-text-align-center\"><strong><strong>20 MINUTEN<\/strong><\/strong><\/h3>\n\n\n\n<p><\/p>\n\n\n\n<figure class=\"wp-block-image aligncenter size-full is-resized\"><img decoding=\"async\" width=\"640\" height=\"640\" src=\"https:\/\/obera.fr\/wp-content\/uploads\/2022\/02\/20_Minutes_logo.png\" alt=\"20 Minuten Logo\" class=\"wp-image-8975\" style=\"width:209px;height:auto\" srcset=\"https:\/\/obera.fr\/wp-content\/uploads\/2022\/02\/20_Minutes_logo.png 640w, https:\/\/obera.fr\/wp-content\/uploads\/2022\/02\/20_Minutes_logo-300x300.png 300w, https:\/\/obera.fr\/wp-content\/uploads\/2022\/02\/20_Minutes_logo-150x150.png 150w\" sizes=\"(max-width: 640px) 100vw, 640px\" \/><\/figure>\n\n\n\n<p><\/p>\n\n\n\n<p>Die Zeitung<strong> 20 Minutes<\/strong> hob das Wachstum von OberA w\u00e4hrend des Covid-Zeitraums hervor und berichtete \u00fcber die starke Nachfrage des Marktes nach CO2-Sensoren und Anti-Covid-Luftreinigern. Ein Interview von Luc Sorgius, erschienen am 05. Februar 2022. <\/p>\n\n\n\n<div class=\"wp-block-buttons is-content-justification-center is-layout-flex wp-container-core-buttons-is-layout-a89b3969 wp-block-buttons-is-layout-flex\">\n<div class=\"wp-block-button\"><a class=\"wp-block-button__link wp-element-button\" href=\"https:\/\/www.20minutes.fr\/economie\/3227303-20220201-coronavirus-alsace-fabricant-capteurs-co2-multiplie-production-huit\">Lesen Sie den Artikel auf 20 minutes<\/a><\/div>\n<\/div>\n<\/div>\n\n\n\n<div class=\"wp-block-column is-layout-flow wp-block-column-is-layout-flow\">\n<p><\/p>\n\n\n\n<h3 class=\"wp-block-heading has-text-align-center\"><strong>FRANKREICH 3<\/strong><\/h3>\n\n\n\n<figure class=\"wp-block-image aligncenter size-full is-resized\"><img decoding=\"async\" width=\"512\" height=\"512\" src=\"https:\/\/obera.fr\/wp-content\/uploads\/2022\/01\/logo-france3-region.jpeg\" alt=\"logo france3 region\" class=\"wp-image-8392\" style=\"width:229px;height:auto\" srcset=\"https:\/\/obera.fr\/wp-content\/uploads\/2022\/01\/logo-france3-region.jpeg 512w, https:\/\/obera.fr\/wp-content\/uploads\/2022\/01\/logo-france3-region-300x300.jpeg 300w, https:\/\/obera.fr\/wp-content\/uploads\/2022\/01\/logo-france3-region-150x150.jpeg 150w\" sizes=\"(max-width: 512px) 100vw, 512px\" \/><\/figure>\n\n\n\n<p><strong>France 3<\/strong> r\u00e9gions besuchte OberA, um einen Artikel auf ihrer Website \u00fcber unsere CO2-Sensoren und Anti-Covid-Luftreiniger zu schreiben. Wie funktionieren sie? Und wie n\u00fctzlich sind sie angesichts von Covid-19? In diesem Artikel von Catherine Munsch finden Sie alle Antworten.   <\/p>\n\n\n\n<div class=\"wp-block-columns is-layout-flex wp-container-core-columns-is-layout-28f84493 wp-block-columns-is-layout-flex\">\n<div class=\"wp-block-column is-layout-flow wp-block-column-is-layout-flow\">\n<div class=\"wp-block-buttons is-layout-flex wp-block-buttons-is-layout-flex\">\n<div class=\"wp-block-button\"><a class=\"wp-block-button__link wp-element-button\" href=\"https:\/\/france3-regions.franceinfo.fr\/grand-est\/alsace\/covid-19-un-fabricant-alsacien-de-capteurs-de-co2-multiplie-sa-production-par-huit-2411887.html\">Lesen Sie den Artikel auf France 3<\/a><\/div>\n<\/div>\n<\/div>\n\n\n\n<div class=\"wp-block-column is-layout-flow wp-block-column-is-layout-flow\">\n<div class=\"wp-block-buttons is-layout-flex wp-block-buttons-is-layout-flex\">\n<div class=\"wp-block-button\"><a class=\"wp-block-button__link wp-element-button\" href=\"https:\/\/www.youtube.com\/watch?v=KicoN9pj0d0\">Sehen Sie sich die Videoreportage an<\/a><\/div>\n<\/div>\n<\/div>\n<\/div>\n\n\n\n<p class=\"has-text-align-center\"><\/p>\n\n\n\n<p><\/p>\n\n\n\n<p><\/p>\n<\/div>\n<\/div>\n\n<h3 class=\"wp-block-heading\" id=\"tf1\"><\/h3>\n\n<h2 class=\"wp-block-heading\" id=\"les-apparitions-d-obera-en-radio\"><meta charset=\"utf-8\"\/>OberAs Auftritte im Radio<\/h2>\n\n<div class=\"wp-block-columns is-layout-flex wp-container-core-columns-is-layout-28f84493 wp-block-columns-is-layout-flex\">\n<div class=\"wp-block-column is-layout-flow wp-block-column-is-layout-flow\">\n<h3 class=\"wp-block-heading has-text-align-center\"><strong>EUROPE 1<\/strong><\/h3>\n\n\n\n<figure class=\"wp-block-image aligncenter size-full\"><img decoding=\"async\" width=\"640\" height=\"323\" src=\"https:\/\/obera.fr\/wp-content\/uploads\/2022\/01\/Logo_Europe1.png\" alt=\"europe1-Logo\" class=\"wp-image-8398\" srcset=\"https:\/\/obera.fr\/wp-content\/uploads\/2022\/01\/Logo_Europe1.png 640w, https:\/\/obera.fr\/wp-content\/uploads\/2022\/01\/Logo_Europe1-300x151.png 300w\" sizes=\"(max-width: 640px) 100vw, 640px\" \/><\/figure>\n\n\n\n<p><strong>Europe 1<\/strong> berichtete in einer <a href=\"https:\/\/obera.fr\/de\/ratschlage\/europe-1-capteur-co2-obcare\/\" data-type=\"post\" data-id=\"8353\">Radioreportage<\/a> und einem Artikel auf ihrer Website \u00fcber die steigende Nachfrage nach CO2-Sensoren f\u00fcr die nationale Bildung. Die Nachfrage steigt zum Wohle unserer Kinder und des Lehrk\u00f6rpers.<\/p>\n\n\n\n<div class=\"wp-block-buttons is-horizontal is-content-justification-center is-layout-flex wp-container-core-buttons-is-layout-03627597 wp-block-buttons-is-layout-flex\">\n<div class=\"wp-block-button\"><a class=\"wp-block-button__link wp-element-button\" href=\"https:\/\/www.europe1.fr\/societe\/covid-19-pres-de-strasbourg-le-succes-dun-fabriquant-de-capteurs-de-co2-4087565\" target=\"_blank\" rel=\"noreferrer noopener\">Sehen und h\u00f6ren Sie den Artikel auf Europe 1<\/a><\/div>\n<\/div>\n\n\n\n<p><\/p>\n<\/div>\n\n\n\n<div class=\"wp-block-column is-layout-flow wp-block-column-is-layout-flow\">\n<h3 class=\"wp-block-heading has-text-align-center\"><strong>FRANKREICH BLAU<\/strong><\/h3>\n\n\n\n<figure class=\"wp-block-image aligncenter size-large is-resized\"><img decoding=\"async\" width=\"1024\" height=\"1024\" src=\"https:\/\/obera.fr\/wp-content\/uploads\/2022\/01\/France_Bleu_logo-1024x1024.png\" alt=\"france bleu logo\" class=\"wp-image-8395\" style=\"width:249px;height:auto\" srcset=\"https:\/\/obera.fr\/wp-content\/uploads\/2022\/01\/France_Bleu_logo-1024x1024.png 1024w, https:\/\/obera.fr\/wp-content\/uploads\/2022\/01\/France_Bleu_logo-300x300.png 300w, https:\/\/obera.fr\/wp-content\/uploads\/2022\/01\/France_Bleu_logo-150x150.png 150w, https:\/\/obera.fr\/wp-content\/uploads\/2022\/01\/France_Bleu_logo-768x768.png 768w, https:\/\/obera.fr\/wp-content\/uploads\/2022\/01\/France_Bleu_logo.png 1200w\" sizes=\"(max-width: 1024px) 100vw, 1024px\" \/><\/figure>\n\n\n\n<p><strong>France Bleu<\/strong> berichtete in einem Radiobeitrag und einem anschlie\u00dfenden Artikel \u00fcber unsere CO2-Sensoren und Anti-Covid-Luftreiniger. Verstehen Sie, wie sich OberA entwickelt hat und was uns dazu veranlasst hat, einen Schwerpunkt f\u00fcr die Behandlung von Covid-19 zu schaffen.   <\/p>\n\n\n\n<div class=\"wp-block-buttons is-horizontal is-content-justification-center is-layout-flex wp-container-core-buttons-is-layout-03627597 wp-block-buttons-is-layout-flex\">\n<div class=\"wp-block-button\"><a class=\"wp-block-button__link wp-element-button\" href=\"https:\/\/www.francebleu.fr\/emissions\/la-nouvelle-eco-en-alsace\/alsace\/la-nouvelle-eco-la-ruee-sur-les-capteurs-de-co2-de-la-societe-obera-a-geispolsheim\" target=\"_blank\" rel=\"noreferrer noopener\">Sehen und h\u00f6ren Sie den Artikel auf France bleu<\/a><\/div>\n<\/div>\n<\/div>\n\n\n\n<div class=\"wp-block-column is-layout-flow wp-block-column-is-layout-flow\">\n<h3 class=\"wp-block-heading has-text-align-center\"><strong>CHRISTLICHES RADIO FRANKREICH<\/strong><\/h3>\n\n\n\n<figure class=\"wp-block-image aligncenter size-full is-resized\"><img decoding=\"async\" width=\"300\" height=\"200\" src=\"https:\/\/obera.fr\/wp-content\/uploads\/2022\/01\/RCF-logo.png\" alt=\"rcf logo\" class=\"wp-image-8400\" style=\"width:366px;height:auto\"\/><\/figure>\n\n\n\n<p><strong>Radio Chr\u00e9tienne France<\/strong> stellt OberA in seinem Artikel vor, um das Thema CO2-Sensoren zu diskutieren. Erfahren Sie mehr \u00fcber unsere CO2-Sensoren und den OberA-Parcours.   <\/p>\n\n\n\n<div class=\"wp-block-buttons is-horizontal is-content-justification-center is-layout-flex wp-container-core-buttons-is-layout-03627597 wp-block-buttons-is-layout-flex\">\n<div class=\"wp-block-button\"><a class=\"wp-block-button__link wp-element-button\" href=\"https:\/\/www.rcf.fr\/articles\/actualite\/a-geispolsheim-la-societe-obera-produit-plus-de-capteurs-de-co2-que-jamais\" target=\"_blank\" rel=\"noreferrer noopener\">Siehe den Artikel auf Radio chr\u00e9tienne France<\/a><\/div>\n<\/div>\n<\/div>\n<\/div>\n\n<h3 class=\"wp-block-heading\" id=\"europe-1\"><\/h3>\n\n<p><\/p>\n\n<h4 class=\"wp-block-heading\" id=\"france-bleu\"><strong>Lesen Sie auch unsere Artikel und Ratschl\u00e4ge in unserem <a href=\"https:\/\/obera.fr\/de\/ratschlage\/\" data-type=\"URL\" data-id=\"https:\/\/obera.fr\/conseils\/\">Blog<\/a>.<\/strong><\/h4>\n\n<p><\/p>\n","protected":false},"excerpt":{"rendered":"<p>TV-Berichte \u00fcber OberA in der traditionellen Presse und den Medien Aufgrund der steigenden Nachfrage nach Produkten zur Bek\u00e4mpfung von Covid und unserer gro\u00dfen Fachkompetenz besuchten die Nachrichtensender OberA, um unsere Produkte und unsere Effizienz bei der L\u00f6sung von Covid-Problemen zu beleuchten. BFM ALSACE Der Nachrichtensender BFM ALSACE interviewte den Gesch\u00e4ftsf\u00fchrer von OberA, Thibaut SAMSEL, nachdem er den Troph\u00e9e PME TMC-BFM R\u00e9gion Grand-Est in der Kategorie \u201eHergestellt in Frankreich\u201c gewonnen hatte. Diese Auszeichnung w\u00fcrdigt unser t\u00e4gliches Engagement f\u00fcr die lokale Produktion, die Qualit\u00e4t unseres Know-hows und die Innovation im Dienste von \u201eMade in France\u201c. Frankreich 3 France 3 besuchte unsere R\u00e4umlichkeiten &#8230; <\/p>\n<p class=\"read-more-container\"><a title=\"Sie sprechen \u00fcber uns\" class=\"read-more button\" href=\"https:\/\/obera.fr\/de\/ils-parlent-de-nous-presse-media\/#more-31335\" aria-label=\"Mehr Informationen \u00fcber Sie sprechen \u00fcber uns\">Lire la suite<\/a><\/p>\n","protected":false},"author":4,"featured_media":83739,"parent":0,"menu_order":0,"comment_status":"closed","ping_status":"closed","template":"","meta":{"_acf_changed":false,"_seopress_robots_primary_cat":"","_seopress_titles_title":"Presse und Medien Radio \/ TV, die \u00fcber uns berichten: oberA","_seopress_titles_desc":"Mit unserer gro\u00dfen Expertise, insbesondere mit unseren Anti-Vogelschutz-Produkten, haben die Nachrichtensender oberA ins Rampenlicht ger\u00fcckt: Entdecken Sie alle diese Radio- und TV-Berichte","_seopress_robots_index":"","footnotes":""},"class_list":{"0":"post-31335","1":"page","2":"type-page","3":"status-publish","4":"has-post-thumbnail","6":"no-featured-image-padding","7":"resize-featured-image"},"acf":[],"_links":{"self":[{"href":"https:\/\/obera.fr\/de\/wp-json\/wp\/v2\/pages\/31335","targetHints":{"allow":["GET"]}}],"collection":[{"href":"https:\/\/obera.fr\/de\/wp-json\/wp\/v2\/pages"}],"about":[{"href":"https:\/\/obera.fr\/de\/wp-json\/wp\/v2\/types\/page"}],"author":[{"embeddable":true,"href":"https:\/\/obera.fr\/de\/wp-json\/wp\/v2\/users\/4"}],"replies":[{"embeddable":true,"href":"https:\/\/obera.fr\/de\/wp-json\/wp\/v2\/comments?post=31335"}],"version-history":[{"count":15,"href":"https:\/\/obera.fr\/de\/wp-json\/wp\/v2\/pages\/31335\/revisions"}],"predecessor-version":[{"id":134493,"href":"https:\/\/obera.fr\/de\/wp-json\/wp\/v2\/pages\/31335\/revisions\/134493"}],"wp:featuredmedia":[{"embeddable":true,"href":"https:\/\/obera.fr\/de\/wp-json\/wp\/v2\/media\/83739"}],"wp:attachment":[{"href":"https:\/\/obera.fr\/de\/wp-json\/wp\/v2\/media?parent=31335"}],"curies":[{"name":"wp","href":"https:\/\/api.w.org\/{rel}","templated":true}]}}