{"id":37827,"date":"2022-01-20T11:56:45","date_gmt":"2022-01-20T09:56:45","guid":{"rendered":"https:\/\/obera.fr\/hablan-de-nosotros\/"},"modified":"2025-11-27T22:19:52","modified_gmt":"2025-11-27T20:19:52","slug":"ils-parlent-de-nous-presse-media","status":"publish","type":"page","link":"https:\/\/obera.fr\/es\/ils-parlent-de-nous-presse-media\/","title":{"rendered":"Hablan de nosotros"},"content":{"rendered":"\n<h2 class=\"wp-block-heading\" id=\"les-reportages-tv-d-obera-dans-la-presse-et-media-traditionnels\">Reportajes de OberA TV en la prensa y medios tradicionales<\/h2>\n\n<p>Ante el aumento de la demanda de productos contra el c\u00f3lvido y nuestra amplia experiencia, los canales de noticias visitaron OberA para destacar nuestros productos y nuestra eficacia para resolver los problemas relacionados con el c\u00f3lvido.<\/p>\n\n<p><\/p>\n\n<div class=\"wp-block-columns is-layout-flex wp-container-core-columns-is-layout-28f84493 wp-block-columns-is-layout-flex\">\n<div class=\"wp-block-column is-layout-flow wp-block-column-is-layout-flow\">\n<h3 class=\"wp-block-heading has-text-align-center\"><strong>BFM ALSACE<\/strong><\/h3>\n\n\n\n<p><\/p>\n\n\n\n<figure class=\"wp-block-image aligncenter size-full is-resized\"><img decoding=\"async\" width=\"200\" height=\"200\" src=\"https:\/\/obera.fr\/wp-content\/uploads\/2023\/01\/bfm-alsace.svg_-1.png\" alt=\"bfm alsace.svg 1\" class=\"wp-image-18337\" style=\"width:142px;height:auto\" srcset=\"https:\/\/obera.fr\/wp-content\/uploads\/2023\/01\/bfm-alsace.svg_-1.png 200w, https:\/\/obera.fr\/wp-content\/uploads\/2023\/01\/bfm-alsace.svg_-1-150x150.png 150w\" sizes=\"(max-width: 200px) 100vw, 200px\" \/><\/figure>\n\n\n\n<p>El canal de informaci\u00f3n <strong>BFM ALSACE<\/strong> entrevist\u00f3 al director de OberA, Thibaut SAMSEL, tras ganar el <strong>Trofeo PME TMC-BFM Regi\u00f3n Grand-Est en la categor\u00eda \u00abFabricado en Francia\u00bb<\/strong>. <\/p>\n\n\n\n<p>Esta distinci\u00f3n premia nuestro compromiso diario con la producci\u00f3n local, la calidad de nuestro saber hacer y la innovaci\u00f3n al servicio del \u00abMade in France\u00bb.<\/p>\n\n\n\n<div class=\"wp-block-buttons alignwide is-content-justification-center is-layout-flex wp-container-core-buttons-is-layout-a89b3969 wp-block-buttons-is-layout-flex\">\n<div class=\"wp-block-button\"><a class=\"wp-block-button__link wp-element-button\" href=\"https:\/\/rmc.bfmtv.com\/evenements\/trophees-pme\/video-16eme-edition-des-trophees-pme-avec-les-laureats-depuis-la-cci-campus-alsace_VN-202510090048.html\">Ver la entrevista en v\u00eddeo<\/a><\/div>\n<\/div>\n<\/div>\n\n\n\n<div class=\"wp-block-column is-layout-flow wp-block-column-is-layout-flow\">\n<h3 class=\"wp-block-heading has-text-align-center\"><strong>Francia 3<\/strong><\/h3>\n\n\n\n<figure class=\"wp-block-image aligncenter size-full is-resized\"><img decoding=\"async\" width=\"512\" height=\"512\" src=\"https:\/\/obera.fr\/wp-content\/uploads\/2022\/01\/logo-france3-region.jpeg\" alt=\"logotipo de la regi&#xF3;n france3\" class=\"wp-image-8392\" style=\"width:167px;height:auto\" srcset=\"https:\/\/obera.fr\/wp-content\/uploads\/2022\/01\/logo-france3-region.jpeg 512w, https:\/\/obera.fr\/wp-content\/uploads\/2022\/01\/logo-france3-region-300x300.jpeg 300w, https:\/\/obera.fr\/wp-content\/uploads\/2022\/01\/logo-france3-region-150x150.jpeg 150w\" sizes=\"(max-width: 512px) 100vw, 512px\" \/><\/figure>\n\n\n\n<p><strong>France 3<\/strong> visit\u00f3 nuestras instalaciones en Illkirch para comprender mejor el dise\u00f1o y la utilidad de nuestros refrigeradores de aire. Se grab\u00f3 un reportaje para destacar nuestro saber hacer y nuestra experiencia en este campo. El enlace al reportaje se encuentra a continuaci\u00f3n, lo que ofrece una buena visibilidad a nuestro trabajo.  <\/p>\n\n\n\n<div class=\"wp-block-buttons alignwide is-content-justification-center is-layout-flex wp-container-core-buttons-is-layout-a89b3969 wp-block-buttons-is-layout-flex\">\n<div class=\"wp-block-button\"><a class=\"wp-block-button__link wp-element-button\" href=\"https:\/\/youtu.be\/a_F7Q_yOUDA?si=ZykL6tahVnwX5cXB\">Ver el reportaje en v\u00eddeo<\/a><\/div>\n<\/div>\n<\/div>\n\n\n\n<div class=\"wp-block-column is-layout-flow wp-block-column-is-layout-flow\">\n<h3 class=\"wp-block-heading has-text-align-center\"><strong>BFM Alsacia<\/strong><\/h3>\n\n\n\n<p><\/p>\n\n\n\n<figure class=\"wp-block-image aligncenter size-full is-resized\"><img decoding=\"async\" width=\"200\" height=\"200\" src=\"https:\/\/obera.fr\/wp-content\/uploads\/2023\/01\/bfm-alsace.svg_-1.png\" alt=\"bfm alsace.svg 1\" class=\"wp-image-18337\" style=\"width:142px;height:auto\" srcset=\"https:\/\/obera.fr\/wp-content\/uploads\/2023\/01\/bfm-alsace.svg_-1.png 200w, https:\/\/obera.fr\/wp-content\/uploads\/2023\/01\/bfm-alsace.svg_-1-150x150.png 150w\" sizes=\"(max-width: 200px) 100vw, 200px\" \/><\/figure>\n\n\n\n<p><\/p>\n\n\n\n<p>El canal de noticias<strong> BFM Alsacia <\/strong>nos entrevist\u00f3 en nombre de la CCI para promover la industria en Alsacia. Inf\u00f3rmate sobre nuestros objetivos y nuestra actividad principal. Actualmente disponible en directo en el canal BFM Alsacia.  <\/p>\n\n\n\n<div class=\"wp-block-buttons alignwide is-content-justification-center is-layout-flex wp-container-core-buttons-is-layout-a89b3969 wp-block-buttons-is-layout-flex\">\n<div class=\"wp-block-button\"><a class=\"wp-block-button__link wp-element-button\" href=\"https:\/\/obera.fr\/es\/nuestro-consejo\/obera-se-devoile-sur-bfm-alsace\/\">Ver el reportaje en v\u00eddeo<\/a><\/div>\n<\/div>\n<\/div>\n<\/div>\n\n<div class=\"wp-block-columns is-layout-flex wp-container-core-columns-is-layout-28f84493 wp-block-columns-is-layout-flex\">\n<div class=\"wp-block-column is-layout-flow wp-block-column-is-layout-flow\">\n<p><\/p>\n\n\n\n<h3 class=\"wp-block-heading has-text-align-center\"><strong>TF1<\/strong><\/h3>\n\n\n\n<figure class=\"wp-block-image aligncenter size-large is-resized\"><img decoding=\"async\" width=\"1024\" height=\"576\" src=\"https:\/\/obera.fr\/wp-content\/uploads\/2022\/01\/LOGO-TF1-1024x576.jpg\" alt=\"logo tf1\" class=\"wp-image-8389\" style=\"width:281px;height:auto\" srcset=\"https:\/\/obera.fr\/wp-content\/uploads\/2022\/01\/LOGO-TF1-1024x576.jpg 1024w, https:\/\/obera.fr\/wp-content\/uploads\/2022\/01\/LOGO-TF1-300x169.jpg 300w, https:\/\/obera.fr\/wp-content\/uploads\/2022\/01\/LOGO-TF1-768x432.jpg 768w, https:\/\/obera.fr\/wp-content\/uploads\/2022\/01\/LOGO-TF1-1536x864.jpg 1536w, https:\/\/obera.fr\/wp-content\/uploads\/2022\/01\/LOGO-TF1.jpg 1920w\" sizes=\"(max-width: 1024px) 100vw, 1024px\" \/><\/figure>\n\n\n\n<p><strong>TF1<\/strong> visit\u00f3 nuestras instalaciones para saber m\u00e1s sobre el dise\u00f1o y la utilidad de los sensores de CO2 y los purificadores de aire en la lucha contra el Covid-19. Se emiti\u00f3 un reportaje filmado en las noticias de la 1 de la tarde del 18\/01\/2022. <\/p>\n\n\n\n<div class=\"wp-block-buttons is-horizontal is-content-justification-center is-layout-flex wp-container-core-buttons-is-layout-03627597 wp-block-buttons-is-layout-flex\">\n<div class=\"wp-block-button\"><a class=\"wp-block-button__link wp-element-button\" href=\"https:\/\/www.tf1info.fr\/societe\/video-purificateurs-d-air-les-usines-francaises-a-plein-regime-2207515.html\" target=\"_blank\" rel=\"noreferrer noopener\">Ver la entrevista en MYtf1.FR<\/a><\/div>\n<\/div>\n<\/div>\n\n\n\n<div class=\"wp-block-column is-layout-flow wp-block-column-is-layout-flow\">\n<p><\/p>\n\n\n\n<h3 class=\"wp-block-heading has-text-align-center\"><strong><strong>20 MINUTOS<\/strong><\/strong><\/h3>\n\n\n\n<p><\/p>\n\n\n\n<figure class=\"wp-block-image aligncenter size-full is-resized\"><img decoding=\"async\" width=\"640\" height=\"640\" src=\"https:\/\/obera.fr\/wp-content\/uploads\/2022\/02\/20_Minutes_logo.png\" alt=\"Logotipo de 20 minutos\" class=\"wp-image-8975\" style=\"width:209px;height:auto\" srcset=\"https:\/\/obera.fr\/wp-content\/uploads\/2022\/02\/20_Minutes_logo.png 640w, https:\/\/obera.fr\/wp-content\/uploads\/2022\/02\/20_Minutes_logo-300x300.png 300w, https:\/\/obera.fr\/wp-content\/uploads\/2022\/02\/20_Minutes_logo-150x150.png 150w\" sizes=\"(max-width: 640px) 100vw, 640px\" \/><\/figure>\n\n\n\n<p><\/p>\n\n\n\n<p>El peri\u00f3dico<strong> 20 Minutos<\/strong> ha destacado el crecimiento de OberA durante el periodo cov\u00eddico hablando de la fuerte demanda del mercado de sensores de CO2 y purificadores de aire anticov\u00eddicos. Entrevista escrita por Luc Sorgius, publicada el 05 de febrero de 2022. <\/p>\n\n\n\n<div class=\"wp-block-buttons is-content-justification-center is-layout-flex wp-container-core-buttons-is-layout-a89b3969 wp-block-buttons-is-layout-flex\">\n<div class=\"wp-block-button\"><a class=\"wp-block-button__link wp-element-button\" href=\"https:\/\/www.20minutes.fr\/economie\/3227303-20220201-coronavirus-alsace-fabricant-capteurs-co2-multiplie-production-huit\">Ver el art\u00edculo sobre 20 minutos<\/a><\/div>\n<\/div>\n<\/div>\n\n\n\n<div class=\"wp-block-column is-layout-flow wp-block-column-is-layout-flow\">\n<p><\/p>\n\n\n\n<h3 class=\"wp-block-heading has-text-align-center\"><strong>FRANCIA 3<\/strong><\/h3>\n\n\n\n<figure class=\"wp-block-image aligncenter size-full is-resized\"><img decoding=\"async\" width=\"512\" height=\"512\" src=\"https:\/\/obera.fr\/wp-content\/uploads\/2022\/01\/logo-france3-region.jpeg\" alt=\"logotipo de la regi&#xF3;n france3\" class=\"wp-image-8392\" style=\"width:229px;height:auto\" srcset=\"https:\/\/obera.fr\/wp-content\/uploads\/2022\/01\/logo-france3-region.jpeg 512w, https:\/\/obera.fr\/wp-content\/uploads\/2022\/01\/logo-france3-region-300x300.jpeg 300w, https:\/\/obera.fr\/wp-content\/uploads\/2022\/01\/logo-france3-region-150x150.jpeg 150w\" sizes=\"(max-width: 512px) 100vw, 512px\" \/><\/figure>\n\n\n\n<p><strong>France 3<\/strong> r\u00e9gions visit\u00f3 OberA para escribir un art\u00edculo en su p\u00e1gina web sobre nuestros sensores de CO2 y purificadores de aire anticovida. \u00bfC\u00f3mo funcionan? \u00bfY c\u00f3mo ayudan con el Covid-19? Encontrar\u00e1s todas las respuestas en este art\u00edculo escrito por Catherine Munsch.   <\/p>\n\n\n\n<div class=\"wp-block-columns is-layout-flex wp-container-core-columns-is-layout-28f84493 wp-block-columns-is-layout-flex\">\n<div class=\"wp-block-column is-layout-flow wp-block-column-is-layout-flow\">\n<div class=\"wp-block-buttons is-layout-flex wp-block-buttons-is-layout-flex\">\n<div class=\"wp-block-button\"><a class=\"wp-block-button__link wp-element-button\" href=\"https:\/\/france3-regions.franceinfo.fr\/grand-est\/alsace\/covid-19-un-fabricant-alsacien-de-capteurs-de-co2-multiplie-sa-production-par-huit-2411887.html\">Leer el art\u00edculo en France 3<\/a><\/div>\n<\/div>\n<\/div>\n\n\n\n<div class=\"wp-block-column is-layout-flow wp-block-column-is-layout-flow\">\n<div class=\"wp-block-buttons is-layout-flex wp-block-buttons-is-layout-flex\">\n<div class=\"wp-block-button\"><a class=\"wp-block-button__link wp-element-button\" href=\"https:\/\/www.youtube.com\/watch?v=KicoN9pj0d0\">Ver el reportaje en v\u00eddeo<\/a><\/div>\n<\/div>\n<\/div>\n<\/div>\n\n\n\n<p class=\"has-text-align-center\"><\/p>\n\n\n\n<p><\/p>\n\n\n\n<p><\/p>\n<\/div>\n<\/div>\n\n<h3 class=\"wp-block-heading\" id=\"tf1\"><\/h3>\n\n<h2 class=\"wp-block-heading\" id=\"les-apparitions-d-obera-en-radio\"><meta charset=\"utf-8\"\/>Apariciones radiof\u00f3nicas de OberA<\/h2>\n\n<div class=\"wp-block-columns is-layout-flex wp-container-core-columns-is-layout-28f84493 wp-block-columns-is-layout-flex\">\n<div class=\"wp-block-column is-layout-flow wp-block-column-is-layout-flow\">\n<h3 class=\"wp-block-heading has-text-align-center\"><strong>EUROPA 1<\/strong><\/h3>\n\n\n\n<figure class=\"wp-block-image aligncenter size-full\"><img decoding=\"async\" width=\"640\" height=\"323\" src=\"https:\/\/obera.fr\/wp-content\/uploads\/2022\/01\/Logo_Europe1.png\" alt=\"logo europa1\" class=\"wp-image-8398\" srcset=\"https:\/\/obera.fr\/wp-content\/uploads\/2022\/01\/Logo_Europe1.png 640w, https:\/\/obera.fr\/wp-content\/uploads\/2022\/01\/Logo_Europe1-300x151.png 300w\" sizes=\"(max-width: 640px) 100vw, 640px\" \/><\/figure>\n\n\n\n<p><strong>Europe 1<\/strong> realiz\u00f3 un <a href=\"https:\/\/obera.fr\/es\/nuestro-consejo\/europe-1-capteur-co2-obcare\/\" data-type=\"post\" data-id=\"8353\">reportaje radiof\u00f3nico<\/a>, as\u00ed como un art\u00edculo en su sitio web, para hablar del aumento de la demanda de sensores de CO2 para la Educaci\u00f3n Nacional. Una demanda que se multiplica por el bienestar de nuestros hijos y del cuerpo docente.<\/p>\n\n\n\n<div class=\"wp-block-buttons is-horizontal is-content-justification-center is-layout-flex wp-container-core-buttons-is-layout-03627597 wp-block-buttons-is-layout-flex\">\n<div class=\"wp-block-button\"><a class=\"wp-block-button__link wp-element-button\" href=\"https:\/\/www.europe1.fr\/societe\/covid-19-pres-de-strasbourg-le-succes-dun-fabriquant-de-capteurs-de-co2-4087565\" target=\"_blank\" rel=\"noreferrer noopener\">Ver y escuchar el art\u00edculo sobre Europa 1<\/a><\/div>\n<\/div>\n\n\n\n<p><\/p>\n<\/div>\n\n\n\n<div class=\"wp-block-column is-layout-flow wp-block-column-is-layout-flow\">\n<h3 class=\"wp-block-heading has-text-align-center\"><strong>FRANCIA BLEU<\/strong><\/h3>\n\n\n\n<figure class=\"wp-block-image aligncenter size-large is-resized\"><img decoding=\"async\" width=\"1024\" height=\"1024\" src=\"https:\/\/obera.fr\/wp-content\/uploads\/2022\/01\/France_Bleu_logo-1024x1024.png\" alt=\"logo france bleu\" class=\"wp-image-8395\" style=\"width:249px;height:auto\" srcset=\"https:\/\/obera.fr\/wp-content\/uploads\/2022\/01\/France_Bleu_logo-1024x1024.png 1024w, https:\/\/obera.fr\/wp-content\/uploads\/2022\/01\/France_Bleu_logo-300x300.png 300w, https:\/\/obera.fr\/wp-content\/uploads\/2022\/01\/France_Bleu_logo-150x150.png 150w, https:\/\/obera.fr\/wp-content\/uploads\/2022\/01\/France_Bleu_logo-768x768.png 768w, https:\/\/obera.fr\/wp-content\/uploads\/2022\/01\/France_Bleu_logo.png 1200w\" sizes=\"(max-width: 1024px) 100vw, 1024px\" \/><\/figure>\n\n\n\n<p><strong>France Bleu<\/strong> realiz\u00f3 un reportaje radiof\u00f3nico seguido de un art\u00edculo sobre nuestros sensores de CO2 y purificadores de aire anti-covid. Descubre m\u00e1s sobre el desarrollo de OberA y por qu\u00e9 decidimos crear una divisi\u00f3n dedicada al tratamiento del Covid-19.   <\/p>\n\n\n\n<div class=\"wp-block-buttons is-horizontal is-content-justification-center is-layout-flex wp-container-core-buttons-is-layout-03627597 wp-block-buttons-is-layout-flex\">\n<div class=\"wp-block-button\"><a class=\"wp-block-button__link wp-element-button\" href=\"https:\/\/www.francebleu.fr\/emissions\/la-nouvelle-eco-en-alsace\/alsace\/la-nouvelle-eco-la-ruee-sur-les-capteurs-de-co2-de-la-societe-obera-a-geispolsheim\" target=\"_blank\" rel=\"noreferrer noopener\">Ver y escuchar el art\u00edculo en France bleu<\/a><\/div>\n<\/div>\n<\/div>\n\n\n\n<div class=\"wp-block-column is-layout-flow wp-block-column-is-layout-flow\">\n<h3 class=\"wp-block-heading has-text-align-center\"><strong>RADIO CHR\u00c9TIENNE FRANCE<\/strong><\/h3>\n\n\n\n<figure class=\"wp-block-image aligncenter size-full is-resized\"><img decoding=\"async\" width=\"300\" height=\"200\" src=\"https:\/\/obera.fr\/wp-content\/uploads\/2022\/01\/RCF-logo.png\" alt=\"logo rcf\" class=\"wp-image-8400\" style=\"width:366px;height:auto\"\/><\/figure>\n\n\n\n<p><strong>Radio Chr\u00e9tienne<\/strong> France presenta a OberA en su art\u00edculo sobre el tema de los sensores de CO2. M\u00e1s informaci\u00f3n sobre nuestros sensores de CO2 y la ruta OberA.   <\/p>\n\n\n\n<div class=\"wp-block-buttons is-horizontal is-content-justification-center is-layout-flex wp-container-core-buttons-is-layout-03627597 wp-block-buttons-is-layout-flex\">\n<div class=\"wp-block-button\"><a class=\"wp-block-button__link wp-element-button\" href=\"https:\/\/www.rcf.fr\/articles\/actualite\/a-geispolsheim-la-societe-obera-produit-plus-de-capteurs-de-co2-que-jamais\" target=\"_blank\" rel=\"noreferrer noopener\">Ver el art\u00edculo en Radio chr\u00e9tienne France<\/a><\/div>\n<\/div>\n<\/div>\n<\/div>\n\n<h3 class=\"wp-block-heading\" id=\"europe-1\"><\/h3>\n\n<p><\/p>\n\n<h4 class=\"wp-block-heading\" id=\"france-bleu\"><strong>Tambi\u00e9n puedes leer nuestros art\u00edculos y consejos en nuestro <a href=\"https:\/\/obera.fr\/es\/nuestro-consejo\/\" data-type=\"URL\" data-id=\"https:\/\/obera.fr\/conseils\/\">blog<\/a>.<\/strong><\/h4>\n\n<p><\/p>\n","protected":false},"excerpt":{"rendered":"<p>Reportajes de OberA TV en la prensa y medios tradicionales Ante el aumento de la demanda de productos contra el c\u00f3lvido y nuestra amplia experiencia, los canales de noticias visitaron OberA para destacar nuestros productos y nuestra eficacia para resolver los problemas relacionados con el c\u00f3lvido. BFM ALSACE El canal de informaci\u00f3n BFM ALSACE entrevist\u00f3 al director de OberA, Thibaut SAMSEL, tras ganar el Trofeo PME TMC-BFM Regi\u00f3n Grand-Est en la categor\u00eda \u00abFabricado en Francia\u00bb. Esta distinci\u00f3n premia nuestro compromiso diario con la producci\u00f3n local, la calidad de nuestro saber hacer y la innovaci\u00f3n al servicio del \u00abMade in France\u00bb. &#8230; <\/p>\n<p class=\"read-more-container\"><a title=\"Hablan de nosotros\" class=\"read-more button\" href=\"https:\/\/obera.fr\/es\/ils-parlent-de-nous-presse-media\/#more-37827\" aria-label=\"Leer m\u00e1s sobre Hablan de nosotros\">Lire la suite<\/a><\/p>\n","protected":false},"author":4,"featured_media":83751,"parent":0,"menu_order":0,"comment_status":"closed","ping_status":"closed","template":"","meta":{"_acf_changed":false,"_seopress_robots_primary_cat":"","_seopress_titles_title":"Prensa y medios Radio \/ TV hablando de nosotros: oberA","_seopress_titles_desc":"Gracias a nuestra amplia experiencia, sobre todo con nuestros productos anticov\u00eddicos, las cadenas de noticias han puesto el foco en oberA: descubre m\u00e1s sobre estos reportajes de radio y televisi\u00f3n.","_seopress_robots_index":"","footnotes":""},"class_list":{"0":"post-37827","1":"page","2":"type-page","3":"status-publish","4":"has-post-thumbnail","6":"no-featured-image-padding","7":"resize-featured-image"},"acf":[],"_links":{"self":[{"href":"https:\/\/obera.fr\/es\/wp-json\/wp\/v2\/pages\/37827","targetHints":{"allow":["GET"]}}],"collection":[{"href":"https:\/\/obera.fr\/es\/wp-json\/wp\/v2\/pages"}],"about":[{"href":"https:\/\/obera.fr\/es\/wp-json\/wp\/v2\/types\/page"}],"author":[{"embeddable":true,"href":"https:\/\/obera.fr\/es\/wp-json\/wp\/v2\/users\/4"}],"replies":[{"embeddable":true,"href":"https:\/\/obera.fr\/es\/wp-json\/wp\/v2\/comments?post=37827"}],"version-history":[{"count":14,"href":"https:\/\/obera.fr\/es\/wp-json\/wp\/v2\/pages\/37827\/revisions"}],"predecessor-version":[{"id":134456,"href":"https:\/\/obera.fr\/es\/wp-json\/wp\/v2\/pages\/37827\/revisions\/134456"}],"wp:featuredmedia":[{"embeddable":true,"href":"https:\/\/obera.fr\/es\/wp-json\/wp\/v2\/media\/83751"}],"wp:attachment":[{"href":"https:\/\/obera.fr\/es\/wp-json\/wp\/v2\/media?parent=37827"}],"curies":[{"name":"wp","href":"https:\/\/api.w.org\/{rel}","templated":true}]}}