{"id":45452,"date":"2020-08-26T12:41:28","date_gmt":"2020-08-26T10:41:28","guid":{"rendered":"https:\/\/obera.fr\/nuestros-productos\/purificadores-de-aire-industriales\/purificador-de-aire-profesional-epur-ca\/"},"modified":"2026-02-06T13:04:40","modified_gmt":"2026-02-06T11:04:40","slug":"professionnel-epur-ca","status":"publish","type":"page","link":"https:\/\/obera.fr\/es\/produits\/purificateurs-air\/professionnel-epur-ca\/","title":{"rendered":"Purificador de aire profesional ePUR CA"},"content":{"rendered":"\n<p>Nuestros <a href=\"https:\/\/obera.fr\/es\/produits\/purificateurs-air\/\" data-type=\"page\" data-id=\"26\">purificadores de aire profesionales<\/a> <strong>ePUR CA<\/strong> son unidades m\u00f3viles de tratamiento del aire con carb\u00f3n activo que no requieren tuber\u00edas ni montaje.<\/p>\n\n\n<h2 class=\"wp-block-heading\">\u00bfC\u00f3mo funcionan nuestros purificadores de aire profesionales?<\/h2>\n\n<div class=\"wp-block-columns is-layout-flex wp-container-core-columns-is-layout-28f84493 wp-block-columns-is-layout-flex\">\n<div class=\"wp-block-column is-layout-flow wp-block-column-is-layout-flow\" style=\"flex-basis:33.33%\">\n<figure class=\"wp-block-image aligncenter size-large is-resized\"><img decoding=\"async\" width=\"1024\" height=\"1024\" src=\"https:\/\/obera.fr\/wp-content\/uploads\/2026\/01\/image-epur-ca-1024x1024.png\" alt=\"image epur ca\" class=\"wp-image-138874\" style=\"width:354px;height:auto\" srcset=\"https:\/\/obera.fr\/wp-content\/uploads\/2026\/01\/image-epur-ca-1024x1024.png 1024w, https:\/\/obera.fr\/wp-content\/uploads\/2026\/01\/image-epur-ca-300x300.png 300w, https:\/\/obera.fr\/wp-content\/uploads\/2026\/01\/image-epur-ca-150x150.png 150w, https:\/\/obera.fr\/wp-content\/uploads\/2026\/01\/image-epur-ca-768x768.png 768w, https:\/\/obera.fr\/wp-content\/uploads\/2026\/01\/image-epur-ca.png 1200w\" sizes=\"(max-width: 1024px) 100vw, 1024px\" \/><figcaption class=\"wp-element-caption\">ePUR CA<\/figcaption><\/figure>\n<\/div>\n\n\n\n<div class=\"wp-block-column is-layout-flow wp-block-column-is-layout-flow\" style=\"flex-basis:66.66%\">\n<p>El funcionamiento es sencillo: el aire contaminado se aspira por la parte superior del aparato. Posteriormente, las part\u00edculas s\u00f3lidas y l\u00edquidas son retenidas por las capas sucesivas de filtros, y los posibles contaminantes gaseosos, por el filtro de carb\u00f3n activo. <\/p>\n\n\n\n<p>El <strong>purificador de aire<\/strong> purifica el aire de un espacio de trabajo forzando su paso a trav\u00e9s de las diferentes etapas de filtraci\u00f3n. El purificador de aire aspira por encima de \u00e9l una columna de aire ligeramente m\u00e1s caliente y lo expulsa purificado en el espacio de trabajo a nivel del suelo. Este aire m\u00e1s ligero asciende naturalmente en la habitaci\u00f3n y crea un movimiento circular que permite tratar la totalidad del aire del volumen. En cada paso a trav\u00e9s del purificador de aire, entre el 80% y el 99,995% (seg\u00fan la configuraci\u00f3n de filtros elegida) de la contaminaci\u00f3n es captada, permitiendo as\u00ed <strong>mejorar la calidad del aire de todo el espacio de trabajo<\/strong>. <\/p>\n\n\n\n<p>Todos los purificadores de aire de la gama est\u00e1n equipados con un <strong>potenci\u00f3metro<\/strong>, que permite regular el caudal de aire de 0 a 100%. El caudal de aire se regular\u00e1 seg\u00fan la concentraci\u00f3n inicial de contaminante, el resultado deseado y el volumen de la zona a tratar. Seg\u00fan estos par\u00e1metros, se elegir\u00e1 un n\u00famero de renovaciones del volumen de la zona por hora.<\/p>\n\n\n\n<div class=\"wp-block-columns is-layout-flex wp-container-core-columns-is-layout-28f84493 wp-block-columns-is-layout-flex\">\n<div class=\"wp-block-column is-layout-flow wp-block-column-is-layout-flow\" style=\"flex-basis:33.34%\">\n<div class=\"wp-block-buttons is-content-justification-center is-layout-flex wp-container-core-buttons-is-layout-a89b3969 wp-block-buttons-is-layout-flex\">\n<div class=\"wp-block-button\"><a class=\"wp-block-button__link wp-element-button\" href=\"https:\/\/obera.fr\/wp-content\/uploads\/2025\/04\/catalogue-epur-fr.pdf\">Descargar el folleto<\/a><\/div>\n<\/div>\n<\/div>\n\n\n\n<div class=\"wp-block-column is-layout-flow wp-block-column-is-layout-flow\" style=\"flex-basis:33.34%\">\n<div class=\"wp-block-buttons is-horizontal is-content-justification-center is-layout-flex wp-container-core-buttons-is-layout-03627597 wp-block-buttons-is-layout-flex\">\n<div class=\"wp-block-button has-custom-width wp-block-button__width-100\"><a class=\"wp-block-button__link wp-element-button\" href=\"https:\/\/obera.fr\/es\/contacta-con-nosotros\/\">M\u00e1s informaci\u00f3n<\/a><\/div>\n<\/div>\n<\/div>\n\n\n\n<div class=\"wp-block-column is-layout-flow wp-block-column-is-layout-flow\" style=\"flex-basis:33.33%\">\n<div class=\"wp-block-buttons is-content-justification-center is-layout-flex wp-container-core-buttons-is-layout-a89b3969 wp-block-buttons-is-layout-flex\">\n<div class=\"wp-block-button btn-devis-source\"><a class=\"wp-block-button__link wp-element-button\" href=\"https:\/\/obera.fr\/es\/devis\/\">Pide un presupuesto<\/a><\/div>\n<\/div>\n\n\n<script>\r\ndocument.addEventListener('DOMContentLoaded', function() {\r\n    \/\/ 1. On cherche le titre H1 de la page\r\n    var h1 = document.querySelector('h1');\r\n    var productTitle = h1 ? h1.innerText.trim() : \"\";\r\n\r\n    \/\/ 2. On cherche les boutons via la classe CSS .btn-devis-source\r\n    var buttons = document.querySelectorAll('.btn-devis-source a');\r\n\r\n    \/\/ 3. Si on a le titre et les boutons, on ajoute le param\u00e8tre\r\n    if (buttons.length > 0 && productTitle !== \"\") {\r\n        var encodedTitle = encodeURIComponent(productTitle);\r\n\r\n        buttons.forEach(function(btn) {\r\n            var currentHref = btn.getAttribute('href');\r\n            \r\n            \/\/ S\u00e9curit\u00e9 pour ne pas ajouter le param\u00e8tre 2 fois\r\n            if (currentHref.indexOf('sujet=') === -1) {\r\n                var separator = currentHref.indexOf('?') !== -1 ? '&' : '?';\r\n                var newLink = currentHref + separator + 'sujet=' + encodedTitle;\r\n                \r\n                btn.setAttribute('href', newLink);\r\n            }\r\n        });\r\n    }\r\n});\r\n<\/script><\/div>\n<\/div>\n\n\n\n<p><\/p>\n<\/div>\n<\/div>\n\n<div class=\"wp-block-columns is-layout-flex wp-container-core-columns-is-layout-28f84493 wp-block-columns-is-layout-flex\">\n<div class=\"wp-block-column is-layout-flow wp-block-column-is-layout-flow\" style=\"flex-basis:25%\"><\/div>\n\n\n\n<div class=\"wp-block-column is-layout-flow wp-block-column-is-layout-flow\" style=\"flex-basis:50%\">\n<figure class=\"wp-block-embed is-type-video is-provider-youtube wp-block-embed-youtube wp-embed-aspect-16-9 wp-has-aspect-ratio\"><div class=\"wp-block-embed__wrapper\">\n<iframe title=\"Fonctionnement charbon actif - OberA\" width=\"1200\" height=\"675\" src=\"https:\/\/www.youtube.com\/embed\/eto9V0iSJOc?feature=oembed\" frameborder=\"0\" allow=\"accelerometer; autoplay; clipboard-write; encrypted-media; gyroscope; picture-in-picture; web-share\" referrerpolicy=\"strict-origin-when-cross-origin\" allowfullscreen><\/iframe>\n<\/div><\/figure>\n<\/div>\n\n\n\n<div class=\"wp-block-column is-layout-flow wp-block-column-is-layout-flow\" style=\"flex-basis:25%\"><\/div>\n<\/div>\n\n<p><\/p>\n\n<h2 class=\"wp-block-heading\">\u00bfQu\u00e9 contaminantes se tratan con los purificadores de aire de carb\u00f3n activado ePUR CA?<\/h2>\n\n<div class=\"wp-block-columns is-layout-flex wp-container-core-columns-is-layout-28f84493 wp-block-columns-is-layout-flex\">\n<div class=\"wp-block-column is-layout-flow wp-block-column-is-layout-flow\" style=\"flex-basis:66.66%\">\n<p>Los <strong>purificadores de aire ePUR CA<\/strong> son ideales para el <strong>tratamiento de olores<\/strong>, de los <strong>COV<\/strong> (Compuestos org\u00e1nicos vol\u00e1tiles) y de otros <strong>contaminantes gaseosos<\/strong>. M\u00e1s concretamente, permiten:<\/p>\n\n\n\n<ul class=\"wp-block-list\">\n<li><strong>Captaci\u00f3n y tratamiento de olores<\/strong> y contaminaci\u00f3n olfativa.<\/li>\n\n\n\n<li>Los procesos que utilizan <strong>disolventes<\/strong> (pintura, barniz, limpieza, desengrasado, aerosoles, etc.). Se trata de compuestos org\u00e1nicos vol\u00e1tiles fabricados a partir de hidrocarburos alif\u00e1ticos (hexano, ciclohexano\u2026), clorados (tricloroetileno, tricloroetano, monoclorobenceno\u2026), arom\u00e1ticos (tolueno, xileno\u2026), alcoholes (metanol, glicoles\u2026), cetonas (acetona, acetato de etilo, metiletilcetona MEK o butanona\u2026), \u00e9teres de glicol, tetrahidrofurano THF, etc.<\/li>\n\n\n\n<li>Los contaminantes procedentes del <strong>pegado<\/strong> (olores y contaminantes gaseosos procedentes de colas de neopreno o &#8211; Los endurecedores y aceleradores de fraguado. Los endurecedores empleados son aminas alif\u00e1ticas o arom\u00e1ticas, poliisocianatos.<\/li>\n\n\n\n<li>Los contaminantes gaseosos de <strong>las resinas<\/strong> (pol\u00edmeros cianoacr\u00edlicos, vinilos, epoxis, poliuretanos, poli\u00e9steres, policloroprenos, poliamidas, formofen\u00f3licos, fur\u00e1nicos, polisilanos, polisiloxanos, formaldeh\u00eddo, etc.) son una fuente importante de contaminaci\u00f3n.<\/li>\n<\/ul>\n\n\n\n<p>Gracias a la gran superficie espec\u00edfica de sus cavidades, el carb\u00f3n activado es capaz de atrapar muchos tipos de contaminantes gaseosos.<\/p>\n<\/div>\n\n\n\n<div class=\"wp-block-column is-layout-flow wp-block-column-is-layout-flow\" style=\"flex-basis:33.33%\">\n<p><\/p>\n\n\n\n<p><\/p>\n\n\n\n<p><\/p>\n\n\n\n<figure class=\"wp-block-image aligncenter size-large\"><img decoding=\"async\" width=\"1024\" height=\"549\" src=\"https:\/\/obera.fr\/wp-content\/uploads\/2025\/03\/charbon-actif-mix-1024x549.jpg\" alt=\"mezcla de carb&#xF3;n activado\" class=\"wp-image-76515\" srcset=\"https:\/\/obera.fr\/wp-content\/uploads\/2025\/03\/charbon-actif-mix-1024x549.jpg 1024w, https:\/\/obera.fr\/wp-content\/uploads\/2025\/03\/charbon-actif-mix-300x161.jpg 300w, https:\/\/obera.fr\/wp-content\/uploads\/2025\/03\/charbon-actif-mix-768x412.jpg 768w, https:\/\/obera.fr\/wp-content\/uploads\/2025\/03\/charbon-actif-mix.jpg 1200w\" sizes=\"(max-width: 1024px) 100vw, 1024px\" \/><\/figure>\n<\/div>\n<\/div>\n\n<p><\/p>\n\n<h2 class=\"wp-block-heading\">\u00bfPara qu\u00e9 se utilizan?<\/h2>\n\n<p>Nuestros purificadores de aire ePUR CA se utilizan a menudo como complemento de una <strong>aspiraci\u00f3n en origen<\/strong> con el fin de extraer y filtrar los contaminantes gaseosos restantes en el ambiente directamente en la atm\u00f3sfera. Tambi\u00e9n es posible utilizar estos aparatos para una aspiraci\u00f3n en origen equip\u00e1ndolos con un brazo de aspiraci\u00f3n, una campana de extracci\u00f3n o conect\u00e1ndolos directamente a una m\u00e1quina de producci\u00f3n o una mesa aspirante. <\/p>\n\n<blockquote class=\"wp-block-quote is-layout-flow wp-block-quote-is-layout-flow\">\n<p>El uso recomendado es puramente profesional.<\/p>\n<\/blockquote>\n\n<p>Estos purificadores de aire de carb\u00f3n activado son ideales para su uso en los sectores de la metalurgia, pl\u00e1sticos, productos qu\u00edmicos, agroalimentario, textil, madera, papel y cart\u00f3n, minerales, recogida y reciclaje de residuos y restauraci\u00f3n de obras de arte.<\/p>\n\n<p>  A continuaci\u00f3n encontrar\u00e1s algunos ejemplos de <strong>aplicaciones<\/strong> de nuestros purificadores de aire profesionales ePUR CA.<\/p>\n\n<div class=\"wp-block-columns is-layout-flex wp-container-core-columns-is-layout-28f84493 wp-block-columns-is-layout-flex\">\n<div class=\"wp-block-column is-layout-flow wp-block-column-is-layout-flow\">\n<h3 class=\"wp-block-heading has-text-align-center\">Contaminantes<\/h3>\n\n\n\n<hr class=\"wp-block-separator has-css-opacity is-style-wide\"\/>\n\n\n\n<div class=\"wp-block-columns is-layout-flex wp-container-core-columns-is-layout-28f84493 wp-block-columns-is-layout-flex\">\n<div class=\"wp-block-column is-layout-flow wp-block-column-is-layout-flow\">\n<figure class=\"wp-block-image aligncenter size-large\"><img decoding=\"async\" width=\"70\" height=\"70\" src=\"https:\/\/obera.fr\/wp-content\/uploads\/2020\/08\/polluants-poussieres.jpg\" alt=\"Contaminantes Polvo\" class=\"wp-image-675\"\/><figcaption class=\"wp-element-caption\">Polvo<\/figcaption><\/figure>\n\n\n\n<figure class=\"wp-block-image aligncenter size-large\"><img decoding=\"async\" width=\"70\" height=\"70\" src=\"https:\/\/obera.fr\/wp-content\/uploads\/2020\/08\/industrie-fumees.jpg\" alt=\"Humo industrial\" class=\"wp-image-722\"\/><figcaption class=\"wp-element-caption\">Humos<\/figcaption><\/figure>\n<\/div>\n\n\n\n<div class=\"wp-block-column is-layout-flow wp-block-column-is-layout-flow\">\n<figure class=\"wp-block-image aligncenter size-large\"><img decoding=\"async\" width=\"70\" height=\"70\" src=\"https:\/\/obera.fr\/wp-content\/uploads\/2020\/10\/industrie-aerosols.jpg\" alt=\"Aerosoles industriales\" class=\"wp-image-1201\"\/><figcaption class=\"wp-element-caption\">VOCS<\/figcaption><\/figure>\n\n\n\n<figure class=\"wp-block-image aligncenter size-large\"><img decoding=\"async\" width=\"70\" height=\"70\" src=\"https:\/\/obera.fr\/wp-content\/uploads\/2020\/08\/industrie-odeur.jpg\" alt=\"Industria Olor\" class=\"wp-image-723\"\/><figcaption class=\"wp-element-caption\">Olores<\/figcaption><\/figure>\n<\/div>\n<\/div>\n\n\n\n<p><\/p>\n<\/div>\n\n\n\n<div class=\"wp-block-column is-layout-flow wp-block-column-is-layout-flow\">\n<h3 class=\"wp-block-heading has-text-align-center\">Industrias<\/h3>\n\n\n\n<hr class=\"wp-block-separator has-css-opacity is-style-wide\"\/>\n\n\n\n<div class=\"wp-block-columns is-layout-flex wp-container-core-columns-is-layout-28f84493 wp-block-columns-is-layout-flex\">\n<div class=\"wp-block-column is-layout-flow wp-block-column-is-layout-flow\">\n<figure class=\"wp-block-image aligncenter size-large\"><img decoding=\"async\" width=\"70\" height=\"70\" src=\"https:\/\/obera.fr\/wp-content\/uploads\/2020\/08\/industrie-metallurgie.jpg\" alt=\"Industria metal&#xFA;rgica\" class=\"wp-image-673\"\/><figcaption class=\"wp-element-caption\">Metalurgia<\/figcaption><\/figure>\n\n\n\n<figure class=\"wp-block-image aligncenter size-large\"><img decoding=\"async\" width=\"70\" height=\"70\" src=\"https:\/\/obera.fr\/wp-content\/uploads\/2020\/08\/industrie-textile.jpg\" alt=\"Industria textil\" class=\"wp-image-671\"\/><figcaption class=\"wp-element-caption\">Textiles<\/figcaption><\/figure>\n\n\n\n<figure class=\"wp-block-image aligncenter size-large\"><img decoding=\"async\" width=\"70\" height=\"70\" src=\"https:\/\/obera.fr\/wp-content\/uploads\/2020\/08\/industrie-plastique.jpg\" alt=\"Industria del pl&#xE1;stico\" class=\"wp-image-669\"\/><figcaption class=\"wp-element-caption\">Pl\u00e1sticos<\/figcaption><\/figure>\n\n\n\n<figure class=\"wp-block-image aligncenter size-large\"><img decoding=\"async\" width=\"70\" height=\"70\" src=\"https:\/\/obera.fr\/wp-content\/uploads\/2020\/08\/industrie-agroalimentaire.jpg\" alt=\"Industria alimentaria\" class=\"wp-image-727\"\/><figcaption class=\"wp-element-caption\">Industria alimentaria<\/figcaption><\/figure>\n<\/div>\n\n\n\n<div class=\"wp-block-column is-layout-flow wp-block-column-is-layout-flow\">\n<figure class=\"wp-block-image aligncenter size-large\"><img decoding=\"async\" width=\"70\" height=\"70\" src=\"https:\/\/obera.fr\/wp-content\/uploads\/2020\/08\/industrie-bois.jpg\" alt=\"Industria maderera\" class=\"wp-image-672\"\/><figcaption class=\"wp-element-caption\">Carpinter\u00eda<\/figcaption><\/figure>\n\n\n\n<figure class=\"wp-block-image aligncenter size-large\"><img decoding=\"async\" width=\"70\" height=\"70\" src=\"https:\/\/obera.fr\/wp-content\/uploads\/2020\/08\/industrie-papier-carton.jpg\" alt=\"Industria del papel y cart&#xF3;n\" class=\"wp-image-670\"\/><figcaption class=\"wp-element-caption\">Papel\/cart\u00f3n<\/figcaption><\/figure>\n\n\n\n<figure class=\"wp-block-image aligncenter size-large\"><img decoding=\"async\" width=\"70\" height=\"70\" src=\"https:\/\/obera.fr\/wp-content\/uploads\/2020\/08\/industrie-dechets.jpg\" alt=\"Residuos industriales\" class=\"wp-image-726\"\/><figcaption class=\"wp-element-caption\">Recogida y reciclaje de residuos<\/figcaption><\/figure>\n\n\n\n<figure class=\"wp-block-image aligncenter size-large\"><img decoding=\"async\" width=\"70\" height=\"70\" src=\"https:\/\/obera.fr\/wp-content\/uploads\/2020\/08\/industrie-chimie.jpg\" alt=\"Industria qu&#xED;mica\" class=\"wp-image-725\"\/><figcaption class=\"wp-element-caption\">Qu\u00edmica\/Petroqu\u00edmica<\/figcaption><\/figure>\n<\/div>\n<\/div>\n<\/div>\n<\/div>\n\n<h3 class=\"wp-block-heading\">\u00bfQu\u00e9 tipo de carb\u00f3n debo elegir para mi aplicaci\u00f3n?<\/h3>\n\n<p><\/p>\n\n<p>Los purificadores de aire ePUR CA pueden equiparse con una amplia gama de<strong>adsorbentes<\/strong>.<\/p>\n\n<p>OBERA dispone de un carb\u00f3n activo gen\u00e9rico de alta eficacia <strong>OBCKV<\/strong>. No obstante, es posible seleccionar carbones activos activados t\u00e9rmicamente o qu\u00edmicamente, pero tambi\u00e9n un carb\u00f3n activo oxidado o activado por impregnaci\u00f3n qu\u00edmica.<\/p>\n\n<p>Estos carbones activados \u00abdopados\u00bb aumentan la eficacia del tratamiento.<\/p>\n\n<div class=\"wp-block-columns is-layout-flex wp-container-core-columns-is-layout-28f84493 wp-block-columns-is-layout-flex\">\n<div class=\"wp-block-column is-layout-flow wp-block-column-is-layout-flow\">\n<figure class=\"wp-block-image aligncenter size-large is-resized\"><img decoding=\"async\" width=\"1024\" height=\"549\" src=\"https:\/\/obera.fr\/wp-content\/uploads\/2025\/03\/charbon-actif-noir-1024x549.jpg\" alt=\"carb&#xF3;n activado negro\" class=\"wp-image-76492\" style=\"width:297px;height:auto\" srcset=\"https:\/\/obera.fr\/wp-content\/uploads\/2025\/03\/charbon-actif-noir-1024x549.jpg 1024w, https:\/\/obera.fr\/wp-content\/uploads\/2025\/03\/charbon-actif-noir-300x161.jpg 300w, https:\/\/obera.fr\/wp-content\/uploads\/2025\/03\/charbon-actif-noir-768x412.jpg 768w, https:\/\/obera.fr\/wp-content\/uploads\/2025\/03\/charbon-actif-noir.jpg 1200w\" sizes=\"(max-width: 1024px) 100vw, 1024px\" \/><\/figure>\n<\/div>\n\n\n\n<div class=\"wp-block-column is-layout-flow wp-block-column-is-layout-flow\">\n<figure class=\"wp-block-image aligncenter size-large is-resized\"><img decoding=\"async\" width=\"1024\" height=\"549\" src=\"https:\/\/obera.fr\/wp-content\/uploads\/2025\/03\/charbon-actif-mix-1024x549.jpg\" alt=\"mezcla de carb&#xF3;n activado\" class=\"wp-image-76515\" style=\"width:302px;height:auto\" srcset=\"https:\/\/obera.fr\/wp-content\/uploads\/2025\/03\/charbon-actif-mix-1024x549.jpg 1024w, https:\/\/obera.fr\/wp-content\/uploads\/2025\/03\/charbon-actif-mix-300x161.jpg 300w, https:\/\/obera.fr\/wp-content\/uploads\/2025\/03\/charbon-actif-mix-768x412.jpg 768w, https:\/\/obera.fr\/wp-content\/uploads\/2025\/03\/charbon-actif-mix.jpg 1200w\" sizes=\"(max-width: 1024px) 100vw, 1024px\" \/><\/figure>\n<\/div>\n\n\n\n<div class=\"wp-block-column is-layout-flow wp-block-column-is-layout-flow\">\n<figure class=\"wp-block-image aligncenter size-large is-resized\"><img decoding=\"async\" width=\"1024\" height=\"549\" src=\"https:\/\/obera.fr\/wp-content\/uploads\/2025\/03\/charbon-actif-purple-1024x549.png\" alt=\"carb&#xF3;n activado p&#xFA;rpura\" class=\"wp-image-76468\" style=\"width:293px;height:auto\" srcset=\"https:\/\/obera.fr\/wp-content\/uploads\/2025\/03\/charbon-actif-purple-1024x549.png 1024w, https:\/\/obera.fr\/wp-content\/uploads\/2025\/03\/charbon-actif-purple-300x161.png 300w, https:\/\/obera.fr\/wp-content\/uploads\/2025\/03\/charbon-actif-purple-768x412.png 768w, https:\/\/obera.fr\/wp-content\/uploads\/2025\/03\/charbon-actif-purple.png 1200w\" sizes=\"(max-width: 1024px) 100vw, 1024px\" \/><\/figure>\n<\/div>\n<\/div>\n\n<h2 class=\"wp-block-heading\">\u00bfCu\u00e1les son las caracter\u00edsticas de nuestros purificadores de aire profesionales?<\/h2>\n\n<p>Potentes y poco ruidosos, los purificadores de aire ePUR CA han sido dise\u00f1ados para su facilidad de uso. As\u00ed, sin montaje ni conducto de extracci\u00f3n, sino con una simple conexi\u00f3n a una toma de corriente, el trabajo est\u00e1 hecho. Montados sobre ruedas, podr\u00e1 desplazar los aparatos para una m\u00e1xima comodidad de uso. <\/p>\n\n<p>Su consumo es menor (inferior al de un aspirador dom\u00e9stico) y el cambio de los medios filtrantes se realiza en 5 minutos con una sola llave Allen para un mantenimiento sencillo y r\u00e1pido. Los cartuchos cargados de carbones activos se seleccionan seg\u00fan su problem\u00e1tica y los contaminantes a tratar. Los caudales var\u00edan seg\u00fan el aparato; para el m\u00e1s peque\u00f1o de la gama, <strong>el ePUR CA 10, el caudal es de 1000 m3\/h<\/strong>. Para el aparato mediano de la gama, <strong>el ePUR CA 30, el caudal es de 3500 m3\/h<\/strong>. Por \u00faltimo, el aparato m\u00e1s potente, <strong>el ePUR CA 100<\/strong>, disponible \u00fanicamente bajo demanda, posee un <strong>caudal de 10000 m3\/h<\/strong>.<\/p>\n\n<figure class=\"wp-block-table\"><table class=\"has-fixed-layout\"><thead><tr><th>Dispositivo<\/th><th><\/th><th>ePUR 10<\/th><th>ePUR 30<\/th><th>ePUR 100<\/th><\/tr><\/thead><tbody><tr><td>Flujo<\/td><td>m3\/h<\/td><td>1 000<\/td><td>3 500<\/td><td>10 000<\/td><\/tr><tr><td>Intensidad<\/td><td>A<\/td><td>0.7<\/td><td>1.1<\/td><td>3.3<\/td><\/tr><tr><td>Tensi\u00f3n de alimentaci\u00f3n<\/td><td>V<\/td><td>230<\/td><td>230<\/td><td>230<\/td><\/tr><tr><td>Potencia<\/td><td>kW<\/td><td>0.08<\/td><td>0.25<\/td><td>0,75<\/td><\/tr><tr><td>Dimensiones<\/td><td>l\/L\/h (cm)<\/td><td>66 x 37 x 78<\/td><td>66 x 68 x 125<\/td><td>90 x 90 x 182<\/td><\/tr><tr><td>Carga de carb\u00f3n activado<\/td><td>kg<\/td><td>7.5<\/td><td>26<\/td><td>A petici\u00f3n<\/td><\/tr><tr><td>Nivel sonoro<\/td><td>dB(A)<\/td><td>63<\/td><td>65<\/td><td>69<\/td><\/tr><\/tbody><\/table><\/figure>\n\n<div class=\"wp-block-buttons is-horizontal is-content-justification-center is-layout-flex wp-container-core-buttons-is-layout-03627597 wp-block-buttons-is-layout-flex\">\n<div class=\"wp-block-button is-style-outline is-style-outline--1\"><a class=\"wp-block-button__link wp-element-button\" href=\"https:\/\/obera.fr\/wp-content\/uploads\/2023\/05\/catalogue-epur-10-30-50-100-150.pdf\">Descargar la ficha de producto en formato PDF<\/a><\/div>\n<\/div>\n\n<h2 class=\"wp-block-heading\">\u00bfCu\u00e1les son las ventajas de esta gama de purificadores de aire profesionales ePUR CA?<\/h2>\n\n<figure class=\"wp-block-image alignright size-thumbnail\"><img decoding=\"async\" width=\"150\" height=\"150\" src=\"https:\/\/obera.fr\/wp-content\/uploads\/2020\/09\/ePUR-CA-Filtres-150x150.jpg\" alt=\"Filtros Epur Ca\" class=\"wp-image-1014\"\/><figcaption class=\"wp-element-caption\">Filtros para ePUR<\/figcaption><\/figure>\n\n<p>Adem\u00e1s de<strong>mejorar la calidad del aire<\/strong>, nuestros purificadores de aire profesionales protegen a los empleados de las part\u00edculas finas y otros contaminantes gaseosos, para minimizar la exposici\u00f3n a cualquier tipo de enfermedad pulmonar o card\u00edaca.  <\/p>\n\n<p>La ganancia en materia de coste energ\u00e9tico y de limpieza tambi\u00e9n es importante gracias al flujo de aire creado por la m\u00e1quina, que permite llevar el aire caliente situado en altura hacia abajo y, de este modo, atemperar el espacio de trabajo. Las calor\u00edas del aire filtrado tambi\u00e9n se reintroducen en el edificio, lo que permite una disminuci\u00f3n del consumo de calefacci\u00f3n. <\/p>\n\n<p>Otra ventaja es que la protecci\u00f3n de las herramientas de producci\u00f3n conlleva una reducci\u00f3n de las aver\u00edas y, por lo tanto, una ayuda al aumento de la longevidad de las m\u00e1quinas de producci\u00f3n. En el aspecto reglamentario, nuestros purificadores de aire industriales tambi\u00e9n permiten respetar el umbral de los Valores L\u00edmite de Exposici\u00f3n Profesional (<strong>VLEP<\/strong>).<\/p>\n\n<p><\/p>\n\n<div class=\"wp-block-columns is-layout-flex wp-container-core-columns-is-layout-28f84493 wp-block-columns-is-layout-flex\">\n<div class=\"wp-block-column is-layout-flow wp-block-column-is-layout-flow\">\n<h3 class=\"wp-block-heading has-text-align-center\">Beneficios<\/h3>\n\n\n\n<ul class=\"wp-block-list\">\n<li>Plug &amp; Play: lo enchufa a la corriente y listo<\/li>\n\n\n\n<li>Potente y poco ruidoso<\/li>\n\n\n\n<li>Sin montaje ni conductos de extracci\u00f3n<\/li>\n\n\n\n<li>Dise\u00f1ado para ser f\u00e1cil de desplazar gracias a sus ruedas<\/li>\n\n\n\n<li>Consumo muy bajo (consumen menos que una aspiradora dom\u00e9stica)<\/li>\n<\/ul>\n<\/div>\n\n\n\n<div class=\"wp-block-column is-layout-flow wp-block-column-is-layout-flow\">\n<h3 class=\"wp-block-heading has-text-align-center\">Caracter\u00edsticas especiales<\/h3>\n\n\n\n<ul class=\"wp-block-list\">\n<li>Cartuchos cargados con carb\u00f3n activado seleccionados en funci\u00f3n de los contaminantes a tratar.<\/li>\n\n\n\n<li>Cartuchos reutilizables y reciclables<\/li>\n\n\n\n<li>Realice usted mismo el cambio de los medios filtrantes en 5 minutos y con una sola llave Allen<\/li>\n\n\n\n<li>Se enchufa a una toma de 220V est\u00e1ndar<\/li>\n<\/ul>\n<\/div>\n\n\n\n<div class=\"wp-block-column is-layout-flow wp-block-column-is-layout-flow\">\n<h3 class=\"wp-block-heading has-text-align-center\">Caracter\u00edsticas<\/h3>\n\n\n\n<ul class=\"wp-block-list\">\n<li>Mejora significativamente la calidad del aire en los talleres de producci\u00f3n complementando los sistemas existentes<\/li>\n\n\n\n<li>Capta los contaminantes all\u00ed donde la captaci\u00f3n en origen no es posible<\/li>\n<\/ul>\n<\/div>\n<\/div>\n\n<div class=\"wp-block-buttons is-horizontal is-content-justification-center is-layout-flex wp-container-core-buttons-is-layout-03627597 wp-block-buttons-is-layout-flex\">\n<div class=\"wp-block-button has-custom-width wp-block-button__width-100\"><a class=\"wp-block-button__link wp-element-button\" href=\"https:\/\/obera.fr\/es\/contacta-con-nosotros\/\">M\u00e1s informaci\u00f3n<\/a><\/div>\n<\/div>\n\n<p><\/p>\n\n<h2 class=\"wp-block-heading\">Ejemplos de aplicaciones de nuestros purificadores de aire de carb\u00f3n activado:<\/h2>\n\n<h3 class=\"wp-block-heading\">Peluquer\u00edas, salones de manicura y salones de belleza<\/h3>\n\n<figure class=\"wp-block-image alignright size-medium\"><img decoding=\"async\" width=\"300\" height=\"200\" src=\"https:\/\/obera.fr\/wp-content\/uploads\/2020\/10\/salon-de-coiffure-300x200.jpg\" alt=\"Peluquer&#xED;a\" class=\"wp-image-1228\" srcset=\"https:\/\/obera.fr\/wp-content\/uploads\/2020\/10\/salon-de-coiffure-300x200.jpg 300w, https:\/\/obera.fr\/wp-content\/uploads\/2020\/10\/salon-de-coiffure-768x512.jpg 768w, https:\/\/obera.fr\/wp-content\/uploads\/2020\/10\/salon-de-coiffure.jpg 1024w\" sizes=\"(max-width: 300px) 100vw, 300px\" \/><figcaption class=\"wp-element-caption\">Peluquer\u00eda<\/figcaption><\/figure>\n\n<p><strong>Las peluquer\u00edas<\/strong>, los salones de manicura y los salones de belleza est\u00e1n especialmente expuestos a riesgos para la calidad del aire, y sus actividades generan contaminantes en forma de aerosoles, polvo fino y numerosos <strong>contaminantes gaseosos<\/strong> procedentes de los productos que utilizan, como amoniaco, productos para permanentes, productos para decolorar y te\u00f1ir el pelo, aerosoles, per\u00f3xido de hidr\u00f3geno, formaldeh\u00eddos y pelo.  <\/p>\n\n<p>Los peluqueros(as) y esteticistas se enfrentan a menudo a <strong>olores<\/strong> importantes, <strong>irritaciones<\/strong>, <strong>dolores de cabeza o alergias respiratorias<\/strong>. Los salones de peluquer\u00eda, manicura y belleza est\u00e1n, por lo general, mal ventilados. Los purificadores de aire son una soluci\u00f3n para mejorar la calidad global del aire. Pueden utilizarse con un brazo para una captaci\u00f3n en origen y\/o directamente en el ambiente. <\/p>\n\n<blockquote class=\"wp-block-quote is-layout-flow wp-block-quote-is-layout-flow\">\n<p>Configuraci\u00f3n de filtro recomendada: G4 + E11 + Carb\u00f3n activo (con brazo colector)<\/p>\n<\/blockquote>\n\n<h3 class=\"wp-block-heading\">Espacios abiertos\/oficinas<\/h3>\n\n<figure class=\"wp-block-image alignright size-medium\"><img decoding=\"async\" width=\"300\" height=\"200\" src=\"https:\/\/obera.fr\/wp-content\/uploads\/2020\/10\/salle-open-space-300x200.jpg\" alt=\"Espacio abierto\" class=\"wp-image-1230\" srcset=\"https:\/\/obera.fr\/wp-content\/uploads\/2020\/10\/salle-open-space-300x200.jpg 300w, https:\/\/obera.fr\/wp-content\/uploads\/2020\/10\/salle-open-space-768x512.jpg 768w, https:\/\/obera.fr\/wp-content\/uploads\/2020\/10\/salle-open-space.jpg 1024w\" sizes=\"(max-width: 300px) 100vw, 300px\" \/><figcaption class=\"wp-element-caption\">Sala de espacios abiertos<\/figcaption><\/figure>\n\n<p>El personal que trabaja en oficinas o despachos di\u00e1fanos est\u00e1 <strong>especialmente expuesto a la contaminaci\u00f3n atmosf\u00e9rica procedente del exterior<\/strong> (polvo, olores, polen y contaminaci\u00f3n de las zonas urbanas), a la contaminaci\u00f3n interior (biol\u00f3gica: virus, bacterias, microbios) y a la contaminaci\u00f3n qu\u00edmica (olores, productos de limpieza y contaminantes liberados por los muebles, la pintura, las alfombras y otros materiales de construcci\u00f3n).<\/p>\n\n<p>Este fen\u00f3meno se agrava si las oficinas est\u00e1n ventiladas, en depresi\u00f3n, y si est\u00e1n junto a un taller de producci\u00f3n o una zona urbana contaminada. En este caso, la contaminaci\u00f3n del aire se transmite a las oficinas.<\/p>\n\n<blockquote class=\"wp-block-quote is-layout-flow wp-block-quote-is-layout-flow\">\n<p>Configuraci\u00f3n de filtro recomendada: G4 + F8 o G4 + H14 o G4 + H14 + carb\u00f3n activado<\/p>\n<\/blockquote>\n\n<p><\/p>\n\n<h3 class=\"wp-block-heading\">Sector m\u00e9dico (hospitales, residencias de ancianos, veterinarios, pod\u00f3logos, dentistas y prot\u00e9sicos dentales, consultas m\u00e9dicas, funerarias)<\/h3>\n\n<figure class=\"wp-block-image alignright size-medium\"><img decoding=\"async\" width=\"200\" height=\"300\" src=\"https:\/\/obera.fr\/wp-content\/uploads\/2020\/10\/hopital-200x300.jpg\" alt=\"Hospital\" class=\"wp-image-1232\" srcset=\"https:\/\/obera.fr\/wp-content\/uploads\/2020\/10\/hopital-200x300.jpg 200w, https:\/\/obera.fr\/wp-content\/uploads\/2020\/10\/hopital-683x1024.jpg 683w, https:\/\/obera.fr\/wp-content\/uploads\/2020\/10\/hopital-768x1152.jpg 768w, https:\/\/obera.fr\/wp-content\/uploads\/2020\/10\/hopital.jpg 1024w\" sizes=\"(max-width: 200px) 100vw, 200px\" \/><figcaption class=\"wp-element-caption\">Hospital<\/figcaption><\/figure>\n\n<p>Las necesidades son diversas:<\/p>\n\n<ul class=\"wp-block-list\">\n<li>Mejorar la calidad del aire para <strong>reducir la contaminaci\u00f3n atmosf\u00e9rica<\/strong> (virus, bacterias).<\/li>\n\n\n\n<li>Desinfecta y <strong>evita la propagaci\u00f3n de virus<\/strong>, bacterias, etc.<\/li>\n\n\n\n<li>Eliminar los olores molestos y <strong>neutralizar las distintas formas de contaminaci\u00f3n odor\u00edfera<\/strong>.<\/li>\n\n\n\n<li><strong>Reduce los niveles de polvo<\/strong> en las actividades generadoras de polvo.<\/li>\n<\/ul>\n\n<p><\/p>\n\n<h3 class=\"wp-block-heading\">Establecimientos abiertos al p\u00fablico (autoridades locales, guarder\u00edas, escuelas)<\/h3>\n\n<p>El control de la calidad del aire interior es obligatorio en los centros de ense\u00f1anza desde<sup>el 1<\/sup> de enero de 2020, y en las guarder\u00edas desde el<sup>1<\/sup> de enero de 2018.<\/p>\n\n<p>Los par\u00e1metros de calidad del aire son las <strong>part\u00edculas finas<\/strong>, los <strong>formaldeh\u00eddos<\/strong>, los <strong>COV<\/strong>, el <strong>benceno<\/strong> y el <strong>di\u00f3xido de carbono<\/strong>. Los s\u00edntomas de una mala calidad del aire son dolores de cabeza, irritaciones y alergias respiratorias. <\/p>\n\n<p>El fen\u00f3meno se agrava si los espacios est\u00e1n mal ventilados o no est\u00e1n aireados. Es posible instalar un purificador de aire en el ambiente para tratar estas diferentes fuentes de contaminaci\u00f3n.<\/p>\n\n<p><\/p>\n\n<h2 class=\"wp-block-heading\">\u00bfC\u00f3mo configuro mi purificador de aire profesional de carb\u00f3n activado?<\/h2>\n\n<p>Es importante saber que los contaminantes gaseosos (moleculares) son retenidos en un adsorbente tipo <strong>carb\u00f3n activo<\/strong>. Los contaminantes particulados (polvo, humo, niebla, etc.) son detenidos en un filtro de part\u00edculas.<\/p>\n\n<p>Los purificadores de aire ePUR CA pueden contener de 2 a 3 etapas de filtraci\u00f3n configurables.<\/p>\n\n<p>Si la contaminaci\u00f3n es particulada, las 4 etapas de filtraci\u00f3n se dedican a la separaci\u00f3n sucesiva de los diferentes tama\u00f1os granulom\u00e9tricos de las part\u00edculas. Es posible utilizar todas las clases de filtraci\u00f3n, desde <strong>ISO Coarse 50%<\/strong> (antiguamente G3) hasta <strong>HEPA H14<\/strong>.<\/p>\n\n<p>Si los contaminantes son gaseosos, se necesitan dos etapas de carb\u00f3n activado y una primera etapa de filtro de part\u00edculas para proteger el carb\u00f3n activado.<\/p>\n\n<p>En caso de combinaci\u00f3n de contaminantes gaseosos y particulados, se asociar\u00e1n etapas de filtros particulados a una o varias etapas de filtros de carb\u00f3n activo. Los filtros particulados est\u00e1n presentes con el fin de proteger el filtro de carb\u00f3n activo y garantizar as\u00ed su longevidad y su eficacia.<\/p>\n\n<blockquote class=\"wp-block-quote is-layout-flow wp-block-quote-is-layout-flow\">\n<p>Cuando haya virus, bacterias, CMR o polvos peligrosos, deben seleccionarse <strong>filtros de alta eficacia<\/strong> (EPE E11 y superiores).<\/p>\n<\/blockquote>\n\n<p>Es importante, en presencia de fuertes concentraciones de polvo, multiplicar las etapas de prefiltraci\u00f3n con el fin de proteger el filtro m\u00e1s cualitativo. Cabe saber que un filtro H14 puede valer hasta 4 veces el precio de un filtro F8.<\/p>\n\n<p>Tambi\u00e9n hay que saber que un filtro de alta eficacia no es necesariamente necesario si el polvo a tratar es grueso. En efecto, este corre el riesgo de obstruirse mucho m\u00e1s r\u00e1pidamente que un filtro adaptado al polvo grueso, y ser\u00e1, por lo tanto, m\u00e1s caro de reemplazar.<\/p>\n\n<p>Aqu\u00ed tienes algunos ejemplos de posibles configuraciones del filtro de aire:<\/p>\n\n<ul class=\"wp-block-list\">\n<li>G4\/F8 para las clases de polvo L<\/li>\n\n\n\n<li>G4\/E11 para las clases de polvo M a H<\/li>\n\n\n\n<li>G4 \/F8 \/ HEPA H14 para clases de polvo H<\/li>\n\n\n\n<li>G3\/F8\/H14 para las clases de polvo H<\/li>\n\n\n\n<li>G4 \/ F8 \/ E11 para las clases de polvo M a H<\/li>\n\n\n\n<li>G3 \/ F8 \/ E11 para las clases de polvo M a H<\/li>\n\n\n\n<li>G4 \/ F8\/ Carb\u00f3n activo para clases de polvo L y tratamiento de olores<\/li>\n\n\n\n<li>G3 \/ F8\/ Carb\u00f3n activo para clases de polvo L y tratamiento de olores<\/li>\n\n\n\n<li>F7\/ H14 \/ carb\u00f3n activo para la clase de polvo H y el tratamiento de olores<\/li>\n\n\n\n<li>F7\/E11\/ carb\u00f3n activado para clases de polvo de M a H y tratamiento de olores.<\/li>\n\n\n\n<li>G4 \/ CA\/ CA S\u00f3lo para el tratamiento de olores.<\/li>\n<\/ul>\n\n<blockquote class=\"wp-block-quote is-layout-flow wp-block-quote-is-layout-flow\">\n<p>La mayor\u00eda de nuestros filtros hasta EPA E11 son 100% de poli\u00e9ster, sin colorantes, disolventes ni aglutinantes, por lo que no utilizamos fibras de vidrio que liberan fibras cancer\u00edgenas.<\/p>\n<\/blockquote>\n\n<h2 class=\"wp-block-heading\">Otros purificadores de aire de la marca oberA<\/h2>\n\n<div class=\"wp-block-columns is-layout-flex wp-container-core-columns-is-layout-28f84493 wp-block-columns-is-layout-flex\">\n<div class=\"wp-block-column is-layout-flow wp-block-column-is-layout-flow\">\n<figure class=\"wp-block-image aligncenter size-full\"><a href=\"https:\/\/obera.fr\/es\/produits\/purificateurs-air\/filtower\/\"><img decoding=\"async\" width=\"184\" height=\"300\" src=\"https:\/\/obera.fr\/wp-content\/uploads\/2026\/01\/image-filtower.png\" alt=\"image filtower\" class=\"wp-image-138903\"\/><\/a><figcaption class=\"wp-element-caption\">Filtower<\/figcaption><\/figure>\n<\/div>\n\n\n\n<div class=\"wp-block-column is-layout-flow wp-block-column-is-layout-flow\">\n<figure class=\"wp-block-image aligncenter size-full is-resized\"><a href=\"https:\/\/obera.fr\/es\/produits\/purificateurs-air\/industriel-epur\/\"><img decoding=\"async\" width=\"1200\" height=\"1200\" src=\"https:\/\/obera.fr\/wp-content\/uploads\/2026\/01\/image-gamme-epur.png\" alt=\"image gamme epur\" class=\"wp-image-138868\" style=\"width:313px;height:auto\" srcset=\"https:\/\/obera.fr\/wp-content\/uploads\/2026\/01\/image-gamme-epur.png 1200w, https:\/\/obera.fr\/wp-content\/uploads\/2026\/01\/image-gamme-epur-300x300.png 300w, https:\/\/obera.fr\/wp-content\/uploads\/2026\/01\/image-gamme-epur-1024x1024.png 1024w, https:\/\/obera.fr\/wp-content\/uploads\/2026\/01\/image-gamme-epur-150x150.png 150w, https:\/\/obera.fr\/wp-content\/uploads\/2026\/01\/image-gamme-epur-768x768.png 768w\" sizes=\"(max-width: 1200px) 100vw, 1200px\" \/><\/a><figcaption class=\"wp-element-caption\">ePUR<\/figcaption><\/figure>\n<\/div>\n\n\n\n<div class=\"wp-block-column is-layout-flow wp-block-column-is-layout-flow\">\n<figure class=\"wp-block-image aligncenter size-medium\"><a href=\"https:\/\/obera.fr\/es\/produits\/purificateurs-air\/epur-b01-purificador-de-aire-ecoprime-para-polvo\/\"><img decoding=\"async\" width=\"300\" height=\"300\" src=\"https:\/\/obera.fr\/wp-content\/uploads\/2020\/09\/epur-b01-ecoprime-300x300.jpg\" alt=\"Epur B01 Ecoprime\" class=\"wp-image-1008\" srcset=\"https:\/\/obera.fr\/wp-content\/uploads\/2020\/09\/epur-b01-ecoprime-300x300.jpg 300w, https:\/\/obera.fr\/wp-content\/uploads\/2020\/09\/epur-b01-ecoprime-150x150.jpg 150w, https:\/\/obera.fr\/wp-content\/uploads\/2020\/09\/epur-b01-ecoprime.jpg 433w\" sizes=\"(max-width: 300px) 100vw, 300px\" \/><\/a><figcaption class=\"wp-element-caption\">ePUR B01 Ecoprime<\/figcaption><\/figure>\n<\/div>\n<\/div>\n\n<p><\/p>\n","protected":false},"excerpt":{"rendered":"<p>Nuestros purificadores de aire profesionales ePUR CA son unidades m\u00f3viles de tratamiento del aire con carb\u00f3n activo que no requieren tuber\u00edas ni montaje. \u00bfC\u00f3mo funcionan nuestros purificadores de aire profesionales? El funcionamiento es sencillo: el aire contaminado se aspira por la parte superior del aparato. Posteriormente, las part\u00edculas s\u00f3lidas y l\u00edquidas son retenidas por las capas sucesivas de filtros, y los posibles contaminantes gaseosos, por el filtro de carb\u00f3n activo. El purificador de aire purifica el aire de un espacio de trabajo forzando su paso a trav\u00e9s de las diferentes etapas de filtraci\u00f3n. El purificador de aire aspira por encima &#8230; <\/p>\n<p class=\"read-more-container\"><a title=\"Purificador de aire profesional ePUR CA\" class=\"read-more button\" href=\"https:\/\/obera.fr\/es\/produits\/purificateurs-air\/professionnel-epur-ca\/#more-45452\" aria-label=\"Leer m\u00e1s sobre Purificador de aire profesional ePUR CA\">Lire la suite<\/a><\/p>\n","protected":false},"author":4,"featured_media":83751,"parent":37693,"menu_order":0,"comment_status":"closed","ping_status":"closed","template":"","meta":{"_acf_changed":false,"_seopress_robots_primary_cat":"","_seopress_titles_title":"Purificador de aire profesional de carb\u00f3n activo ePUR CA","_seopress_titles_desc":"El purificador de aire profesional oberA ePUR CA es una unidad m\u00f3vil de tratamiento del aire con carb\u00f3n activo que no necesita tuber\u00edas.","_seopress_robots_index":"","footnotes":""},"class_list":{"0":"post-45452","1":"page","2":"type-page","3":"status-publish","4":"has-post-thumbnail","6":"no-featured-image-padding","7":"resize-featured-image"},"acf":[],"_links":{"self":[{"href":"https:\/\/obera.fr\/es\/wp-json\/wp\/v2\/pages\/45452","targetHints":{"allow":["GET"]}}],"collection":[{"href":"https:\/\/obera.fr\/es\/wp-json\/wp\/v2\/pages"}],"about":[{"href":"https:\/\/obera.fr\/es\/wp-json\/wp\/v2\/types\/page"}],"author":[{"embeddable":true,"href":"https:\/\/obera.fr\/es\/wp-json\/wp\/v2\/users\/4"}],"replies":[{"embeddable":true,"href":"https:\/\/obera.fr\/es\/wp-json\/wp\/v2\/comments?post=45452"}],"version-history":[{"count":11,"href":"https:\/\/obera.fr\/es\/wp-json\/wp\/v2\/pages\/45452\/revisions"}],"predecessor-version":[{"id":141182,"href":"https:\/\/obera.fr\/es\/wp-json\/wp\/v2\/pages\/45452\/revisions\/141182"}],"up":[{"embeddable":true,"href":"https:\/\/obera.fr\/es\/wp-json\/wp\/v2\/pages\/37693"}],"wp:featuredmedia":[{"embeddable":true,"href":"https:\/\/obera.fr\/es\/wp-json\/wp\/v2\/media\/83751"}],"wp:attachment":[{"href":"https:\/\/obera.fr\/es\/wp-json\/wp\/v2\/media?parent=45452"}],"curies":[{"name":"wp","href":"https:\/\/api.w.org\/{rel}","templated":true}]}}