{"id":46820,"date":"2020-08-26T16:21:27","date_gmt":"2020-08-26T14:21:27","guid":{"rendered":"https:\/\/obera.fr\/descubre-obera\/quedamos\/"},"modified":"2026-02-09T11:24:26","modified_gmt":"2026-02-09T09:24:26","slug":"salons","status":"publish","type":"page","link":"https:\/\/obera.fr\/es\/decouvrir\/salons\/","title":{"rendered":"\u00bfQuedamos?"},"content":{"rendered":"\n<p>A continuaci\u00f3n, encontrar\u00e1 nuestras diferentes participaciones en eventos para el pr\u00f3ximo a\u00f1o.<\/p>\n\n<p>Estamos deseando conocerte.<\/p>\n\n<h2 class=\"wp-block-heading\" id=\"prochains-evenements\">Pr\u00f3ximos eventos de 2026<\/h2>\n\n<div class=\"wp-block-columns are-vertically-aligned-center is-layout-flex wp-container-core-columns-is-layout-28f84493 wp-block-columns-is-layout-flex\">\n<div class=\"wp-block-column is-vertically-aligned-center is-layout-flow wp-block-column-is-layout-flow\" style=\"flex-basis:33.33%\">\n<figure class=\"wp-block-image aligncenter size-full is-resized\"><img decoding=\"async\" width=\"193\" height=\"86\" src=\"https:\/\/obera.fr\/wp-content\/uploads\/2026\/01\/sepem-douai.png\" alt=\"sepem douai\" class=\"wp-image-137861\" style=\"width:173px;height:auto\"\/><\/figure>\n<\/div>\n\n\n\n<div class=\"wp-block-column is-vertically-aligned-center is-layout-flow wp-block-column-is-layout-flow\" style=\"flex-basis:66.66%\">\n<h3 class=\"wp-block-heading\" id=\"sitl-villepinte-2022\">SEPEM Douai<\/h3>\n\n\n\n<p>OberA estar\u00e1 presente en el sal\u00f3n SEPEM 2026 en Douai del <strong>27 al 29 de enero de 2026<\/strong><\/p>\n\n\n\n<p><\/p>\n<\/div>\n<\/div>\n\n<div class=\"wp-block-columns is-layout-flex wp-container-core-columns-is-layout-28f84493 wp-block-columns-is-layout-flex\">\n<div class=\"wp-block-column is-layout-flow wp-block-column-is-layout-flow\" style=\"flex-basis:33.33%\">\n<figure class=\"wp-block-image aligncenter size-full is-resized\"><img decoding=\"async\" width=\"300\" height=\"131\" src=\"https:\/\/obera.fr\/wp-content\/uploads\/2026\/01\/jec-world-2026.png\" alt=\"jec world 2026\" class=\"wp-image-137862\" style=\"width:344px;height:auto\"\/><\/figure>\n<\/div>\n\n\n\n<div class=\"wp-block-column is-layout-flow wp-block-column-is-layout-flow\" style=\"flex-basis:66.66%\">\n<h3 class=\"wp-block-heading\" id=\"sitl-villepinte-2022\">JEC World 2026<\/h3>\n\n\n\n<p>OberA estar\u00e1 presente en el stand 6C73 en Paris-Nord Villepinte del <strong>10 al 12 de marzo de 2026<\/strong><\/p>\n<\/div>\n<\/div>\n\n<div class=\"wp-block-columns are-vertically-aligned-center is-layout-flex wp-container-core-columns-is-layout-28f84493 wp-block-columns-is-layout-flex\">\n<div class=\"wp-block-column is-vertically-aligned-center is-layout-flow wp-block-column-is-layout-flow\" style=\"flex-basis:33.33%\">\n<figure class=\"wp-block-image aligncenter size-full is-resized\"><img decoding=\"async\" width=\"287\" height=\"60\" src=\"https:\/\/obera.fr\/wp-content\/uploads\/2024\/12\/preventica.png\" alt=\"preventica obera\" class=\"wp-image-57169\" style=\"width:320px;height:auto\"\/><\/figure>\n<\/div>\n\n\n\n<div class=\"wp-block-column is-vertically-aligned-center is-layout-flow wp-block-column-is-layout-flow\" style=\"flex-basis:66.66%\">\n<h3 class=\"wp-block-heading has-text-align-left\" id=\"sitl-villepinte-2022\">Pr\u00e9ventica Rennes<\/h3>\n\n\n\n<p>OberA estar\u00e1 presente en el stand G13 del <strong>16 al 18 de junio de 2026<\/strong><\/p>\n<\/div>\n<\/div>\n\n<div class=\"wp-block-columns are-vertically-aligned-center is-layout-flex wp-container-core-columns-is-layout-28f84493 wp-block-columns-is-layout-flex\">\n<div class=\"wp-block-column is-vertically-aligned-center is-layout-flow wp-block-column-is-layout-flow\" style=\"flex-basis:33.33%\">\n<figure class=\"wp-block-image aligncenter size-full is-resized\"><img decoding=\"async\" width=\"287\" height=\"60\" src=\"https:\/\/obera.fr\/wp-content\/uploads\/2024\/12\/preventica.png\" alt=\"preventica obera\" class=\"wp-image-57169\" style=\"width:320px;height:auto\"\/><\/figure>\n<\/div>\n\n\n\n<div class=\"wp-block-column is-vertically-aligned-center is-layout-flow wp-block-column-is-layout-flow\" style=\"flex-basis:66.66%\">\n<h3 class=\"wp-block-heading has-text-align-left\" id=\"sitl-villepinte-2022\">Pr\u00e9ventica Lyon<\/h3>\n\n\n\n<p>OberA estar\u00e1 presente en el stand O26 en el parque de exposiciones del <strong>6 al 8 de octubre de 2026<\/strong><\/p>\n<\/div>\n<\/div>\n\n<div style=\"height:34px\" aria-hidden=\"true\" class=\"wp-block-spacer\"><\/div>\n\n<h2 class=\"wp-block-heading\" id=\"evenements-passes\">Eventos pasados<\/h2>\n\n<h3 class=\"wp-block-heading\">Nuestros eventos en 2025<\/h3>\n\n<div class=\"wp-block-columns are-vertically-aligned-center is-layout-flex wp-container-core-columns-is-layout-28f84493 wp-block-columns-is-layout-flex\">\n<div class=\"wp-block-column is-vertically-aligned-center is-layout-flow wp-block-column-is-layout-flow\" style=\"flex-basis:33.33%\">\n<figure class=\"wp-block-image aligncenter size-full is-resized\"><img decoding=\"async\" width=\"287\" height=\"60\" src=\"https:\/\/obera.fr\/wp-content\/uploads\/2024\/12\/preventica.png\" alt=\"preventica obera\" class=\"wp-image-57169\" style=\"width:320px;height:auto\"\/><\/figure>\n<\/div>\n\n\n\n<div class=\"wp-block-column is-vertically-aligned-center is-layout-flow wp-block-column-is-layout-flow\" style=\"flex-basis:66.66%\">\n<h3 class=\"wp-block-heading has-text-align-left\" id=\"sitl-villepinte-2022\">Pr\u00e9ventica Burdeos<\/h3>\n\n\n\n<p>OberA estuvo presente en el stand H24 en el parque de exposiciones del <strong>14 al 16 de octubre de 2025<\/strong><\/p>\n<\/div>\n<\/div>\n\n<div class=\"wp-block-columns is-layout-flex wp-container-core-columns-is-layout-28f84493 wp-block-columns-is-layout-flex\">\n<div class=\"wp-block-column is-layout-flow wp-block-column-is-layout-flow\" style=\"flex-basis:33.33%\">\n<figure class=\"wp-block-image size-full\"><img decoding=\"async\" width=\"437\" height=\"87\" src=\"https:\/\/obera.fr\/wp-content\/uploads\/2025\/10\/capture-decran-2025-10-07-114030.png\" alt=\"captura de pantalla 2025 10 07 114030\" class=\"wp-image-130664\" srcset=\"https:\/\/obera.fr\/wp-content\/uploads\/2025\/10\/capture-decran-2025-10-07-114030.png 437w, https:\/\/obera.fr\/wp-content\/uploads\/2025\/10\/capture-decran-2025-10-07-114030-300x60.png 300w\" sizes=\"(max-width: 437px) 100vw, 437px\" \/><\/figure>\n<\/div>\n\n\n\n<div class=\"wp-block-column is-layout-flow wp-block-column-is-layout-flow\" style=\"flex-basis:66.66%\">\n<h3 class=\"wp-block-heading has-text-align-left\" id=\"sitl-villepinte-2022\">ArtiBat Rennes<\/h3>\n\n\n\n<p>OberA estuvo presente en el stand J26 en el parque de exposiciones del <strong>22 al 24 de octubre de 2025<\/strong><\/p>\n<\/div>\n<\/div>\n\n<div class=\"wp-block-columns is-layout-flex wp-container-core-columns-is-layout-28f84493 wp-block-columns-is-layout-flex\">\n<div class=\"wp-block-column is-layout-flow wp-block-column-is-layout-flow\" style=\"flex-basis:33.33%\">\n<figure class=\"wp-block-image aligncenter size-full is-resized\"><img decoding=\"async\" width=\"287\" height=\"60\" src=\"https:\/\/obera.fr\/wp-content\/uploads\/2024\/12\/preventica.png\" alt=\"preventica obera\" class=\"wp-image-57169\" style=\"width:320px;height:auto\"\/><\/figure>\n<\/div>\n\n\n\n<div class=\"wp-block-column is-layout-flow wp-block-column-is-layout-flow\" style=\"flex-basis:66.66%\">\n<h3 class=\"wp-block-heading\" id=\"sitl-villepinte-2022\">Pr\u00e9ventica Par\u00eds<\/h3>\n\n\n\n<p>OberA estuvo presente en el sal\u00f3n Preventica Paris en Porte de Versailles del <strong>10 al 12 de junio de 2025<\/strong><\/p>\n<\/div>\n<\/div>\n\n<div class=\"wp-block-columns are-vertically-aligned-center is-layout-flex wp-container-core-columns-is-layout-28f84493 wp-block-columns-is-layout-flex\">\n<div class=\"wp-block-column is-vertically-aligned-center is-layout-flow wp-block-column-is-layout-flow\" style=\"flex-basis:33.33%\">\n<figure class=\"wp-block-image aligncenter size-full is-resized\"><img decoding=\"async\" width=\"604\" height=\"162\" src=\"https:\/\/obera.fr\/wp-content\/uploads\/2024\/12\/sepem-douai-obera.png\" alt=\"sepem douai obera\" class=\"wp-image-57328\" style=\"width:320px;height:auto\" srcset=\"https:\/\/obera.fr\/wp-content\/uploads\/2024\/12\/sepem-douai-obera.png 604w, https:\/\/obera.fr\/wp-content\/uploads\/2024\/12\/sepem-douai-obera-300x80.png 300w, https:\/\/obera.fr\/wp-content\/uploads\/2024\/12\/sepem-douai-obera-600x162.png 600w\" sizes=\"(max-width: 604px) 100vw, 604px\" \/><\/figure>\n\n\n\n<p><\/p>\n<\/div>\n\n\n\n<div class=\"wp-block-column is-vertically-aligned-center is-layout-flow wp-block-column-is-layout-flow\" style=\"flex-basis:66.66%\">\n<h3 class=\"wp-block-heading\" id=\"sitl-villepinte-2022\">SEPEM Douai<\/h3>\n\n\n\n<p>OberA estuvo en el SEPEM 2025 de Douai del <strong>28 al 30 de enero de 2025<\/strong>.<\/p>\n<\/div>\n<\/div>\n\n<div class=\"wp-block-columns is-layout-flex wp-container-core-columns-is-layout-28f84493 wp-block-columns-is-layout-flex\">\n<div class=\"wp-block-column is-layout-flow wp-block-column-is-layout-flow\" style=\"flex-basis:33.33%\">\n<figure class=\"wp-block-image aligncenter size-large is-resized\"><img decoding=\"async\" width=\"1024\" height=\"279\" src=\"https:\/\/obera.fr\/wp-content\/uploads\/2024\/12\/jec-world-2025-obera-1024x279.jpg\" alt=\"jec mundial 2025 obera\" class=\"wp-image-57147\" style=\"width:344px;height:auto\" srcset=\"https:\/\/obera.fr\/wp-content\/uploads\/2024\/12\/jec-world-2025-obera-1024x279.jpg 1024w, https:\/\/obera.fr\/wp-content\/uploads\/2024\/12\/jec-world-2025-obera-300x82.jpg 300w, https:\/\/obera.fr\/wp-content\/uploads\/2024\/12\/jec-world-2025-obera-768x209.jpg 768w, https:\/\/obera.fr\/wp-content\/uploads\/2024\/12\/jec-world-2025-obera.jpg 1412w\" sizes=\"(max-width: 1024px) 100vw, 1024px\" \/><\/figure>\n<\/div>\n\n\n\n<div class=\"wp-block-column is-layout-flow wp-block-column-is-layout-flow\" style=\"flex-basis:66.66%\">\n<h3 class=\"wp-block-heading\" id=\"sitl-villepinte-2022\">JEC Mundial 2025<\/h3>\n\n\n\n<p>OberA estuvo presente en el stand 6C73 de Par\u00eds-Nord Villepinte del <strong>04 al 06 de marzo de 2025<\/strong>.<\/p>\n<\/div>\n<\/div>\n\n<div style=\"height:34px\" aria-hidden=\"true\" class=\"wp-block-spacer\"><\/div>\n\n<h3 class=\"wp-block-heading\">Nuestros eventos en 2024<\/h3>\n\n<div class=\"wp-block-columns are-vertically-aligned-center is-layout-flex wp-container-core-columns-is-layout-28f84493 wp-block-columns-is-layout-flex\">\n<div class=\"wp-block-column is-vertically-aligned-center is-layout-flow wp-block-column-is-layout-flow\" style=\"flex-basis:33.33%\">\n<figure class=\"wp-block-image aligncenter size-full is-resized\"><img decoding=\"async\" width=\"341\" height=\"85\" src=\"https:\/\/obera.fr\/wp-content\/uploads\/2024\/09\/screenshot-2024-09-23-at-17-45-25-accueil-sepem-torino.png\" alt=\"SEPEM Tur&#xED;n 2024\" class=\"wp-image-35089\" style=\"width:320px;height:auto\" srcset=\"https:\/\/obera.fr\/wp-content\/uploads\/2024\/09\/screenshot-2024-09-23-at-17-45-25-accueil-sepem-torino.png 341w, https:\/\/obera.fr\/wp-content\/uploads\/2024\/09\/screenshot-2024-09-23-at-17-45-25-accueil-sepem-torino-300x75.png 300w\" sizes=\"(max-width: 341px) 100vw, 341px\" \/><\/figure>\n<\/div>\n\n\n\n<div class=\"wp-block-column is-vertically-aligned-center is-layout-flow wp-block-column-is-layout-flow\" style=\"flex-basis:66.66%\">\n<h3 class=\"wp-block-heading\" id=\"sitl-villepinte-2022\">SEPEM Tur\u00edn 2024<\/h3>\n\n\n\n<p>OberA estuvo presente en SEPEM Tur\u00edn del <strong>03 al 04 de diciembre de 2024<\/strong><\/p>\n<\/div>\n<\/div>\n\n<div class=\"wp-block-columns are-vertically-aligned-center is-layout-flex wp-container-core-columns-is-layout-28f84493 wp-block-columns-is-layout-flex\">\n<div class=\"wp-block-column is-vertically-aligned-center is-layout-flow wp-block-column-is-layout-flow\" style=\"flex-basis:33.33%\">\n<figure class=\"wp-block-image aligncenter size-full is-resized\"><img decoding=\"async\" width=\"2048\" height=\"678\" src=\"https:\/\/obera.fr\/wp-content\/uploads\/2024\/09\/as_messe_logo_4c-2048x678-1.png\" alt=\"Arbeitsschutz Aktuell Stuttgart\" class=\"wp-image-34549\" style=\"width:320px;height:auto\" srcset=\"https:\/\/obera.fr\/wp-content\/uploads\/2024\/09\/as_messe_logo_4c-2048x678-1.png 2048w, https:\/\/obera.fr\/wp-content\/uploads\/2024\/09\/as_messe_logo_4c-2048x678-1-300x99.png 300w, https:\/\/obera.fr\/wp-content\/uploads\/2024\/09\/as_messe_logo_4c-2048x678-1-1024x339.png 1024w, https:\/\/obera.fr\/wp-content\/uploads\/2024\/09\/as_messe_logo_4c-2048x678-1-768x254.png 768w, https:\/\/obera.fr\/wp-content\/uploads\/2024\/09\/as_messe_logo_4c-2048x678-1-1536x509.png 1536w\" sizes=\"(max-width: 2048px) 100vw, 2048px\" \/><\/figure>\n<\/div>\n\n\n\n<div class=\"wp-block-column is-vertically-aligned-center is-layout-flow wp-block-column-is-layout-flow\" style=\"flex-basis:66.66%\">\n<h3 class=\"wp-block-heading\" id=\"sitl-villepinte-2022\">Arbeitsschutz Aktuell Stuttgart 2024<\/h3>\n\n\n\n<p>OberA estuvo presente en <a href=\"https:\/\/arbeitsschutz-aktuell.hinte-messe.de\/\" target=\"_blank\" rel=\"noreferrer noopener\">Arbeitsschutz Aktuell<\/a> del <strong>5 al 7 de noviembre de 2024<\/strong><\/p>\n<\/div>\n<\/div>\n\n<div class=\"wp-block-columns are-vertically-aligned-center is-layout-flex wp-container-core-columns-is-layout-28f84493 wp-block-columns-is-layout-flex\">\n<div class=\"wp-block-column is-vertically-aligned-center is-layout-flow wp-block-column-is-layout-flow\" style=\"flex-basis:33.33%\">\n<figure class=\"wp-block-image aligncenter size-full is-resized\"><img decoding=\"async\" width=\"1200\" height=\"431\" src=\"https:\/\/obera.fr\/wp-content\/uploads\/2024\/06\/visuels-1200-x-630-px-3.jpg\" alt=\"Preventica Lyon 8 al 10 de octubre de 2024\" class=\"wp-image-32422\" style=\"width:320px;height:auto\" srcset=\"https:\/\/obera.fr\/wp-content\/uploads\/2024\/06\/visuels-1200-x-630-px-3.jpg 1200w, https:\/\/obera.fr\/wp-content\/uploads\/2024\/06\/visuels-1200-x-630-px-3-300x108.jpg 300w, https:\/\/obera.fr\/wp-content\/uploads\/2024\/06\/visuels-1200-x-630-px-3-1024x368.jpg 1024w, https:\/\/obera.fr\/wp-content\/uploads\/2024\/06\/visuels-1200-x-630-px-3-768x276.jpg 768w\" sizes=\"(max-width: 1200px) 100vw, 1200px\" \/><\/figure>\n<\/div>\n\n\n\n<div class=\"wp-block-column is-vertically-aligned-center is-layout-flow wp-block-column-is-layout-flow\" style=\"flex-basis:66.66%\">\n<h3 class=\"wp-block-heading\" id=\"sitl-villepinte-2022\">Preventica Lyon 2024<\/h3>\n\n\n\n<p>OberA estuvo en el Sal\u00f3n 5 de la feria <a href=\"https:\/\/www.preventica.com\/salon\/lyon-2024\">Preventica<\/a> de Lyon del 8 al 10 de octubre de 2024<\/p>\n<\/div>\n<\/div>\n\n<div class=\"wp-block-columns are-vertically-aligned-center is-layout-flex wp-container-core-columns-is-layout-28f84493 wp-block-columns-is-layout-flex\">\n<div class=\"wp-block-column is-vertically-aligned-center is-layout-flow wp-block-column-is-layout-flow\" style=\"flex-basis:33.33%\">\n<figure class=\"wp-block-image aligncenter size-full is-resized\"><img decoding=\"async\" width=\"572\" height=\"240\" src=\"https:\/\/obera.fr\/wp-content\/uploads\/2024\/04\/25720.jpg\" alt=\"25720\" class=\"wp-image-29832\" style=\"width:320px;height:auto\" srcset=\"https:\/\/obera.fr\/wp-content\/uploads\/2024\/04\/25720.jpg 572w, https:\/\/obera.fr\/wp-content\/uploads\/2024\/04\/25720-300x126.jpg 300w\" sizes=\"(max-width: 572px) 100vw, 572px\" \/><\/figure>\n<\/div>\n\n\n\n<div class=\"wp-block-column is-vertically-aligned-center is-layout-flow wp-block-column-is-layout-flow\" style=\"flex-basis:66.66%\">\n<h3 class=\"wp-block-heading\" id=\"sitl-villepinte-2022\">Preventica Estrasburgo 2024<\/h3>\n\n\n\n<p>OberA estuvo presente en <a href=\"https:\/\/www.preventica.com\/salon\/strasbourg-2024\">Preventica, en Estrasburgo,<\/a> del 18 al 20 de junio de 2024.<\/p>\n<\/div>\n<\/div>\n\n<div style=\"height:25px\" aria-hidden=\"true\" class=\"wp-block-spacer\"><\/div>\n\n<div class=\"wp-block-columns are-vertically-aligned-center is-layout-flex wp-container-core-columns-is-layout-28f84493 wp-block-columns-is-layout-flex\">\n<div class=\"wp-block-column is-vertically-aligned-center is-layout-flow wp-block-column-is-layout-flow\" style=\"flex-basis:33.33%\">\n<figure class=\"wp-block-image aligncenter size-full\"><img decoding=\"async\" width=\"1107\" height=\"276\" src=\"https:\/\/obera.fr\/wp-content\/uploads\/2024\/04\/logo_sepem_est_blocdate_2024-hd_0.png\" alt=\"logo sepem est blocdate 2024 hd 0\" class=\"wp-image-29823\" srcset=\"https:\/\/obera.fr\/wp-content\/uploads\/2024\/04\/logo_sepem_est_blocdate_2024-hd_0.png 1107w, https:\/\/obera.fr\/wp-content\/uploads\/2024\/04\/logo_sepem_est_blocdate_2024-hd_0-300x75.png 300w, https:\/\/obera.fr\/wp-content\/uploads\/2024\/04\/logo_sepem_est_blocdate_2024-hd_0-1024x255.png 1024w, https:\/\/obera.fr\/wp-content\/uploads\/2024\/04\/logo_sepem_est_blocdate_2024-hd_0-768x191.png 768w\" sizes=\"(max-width: 1107px) 100vw, 1107px\" \/><\/figure>\n<\/div>\n\n\n\n<div class=\"wp-block-column is-vertically-aligned-center is-layout-flow wp-block-column-is-layout-flow\" style=\"flex-basis:66.66%\">\n<h3 class=\"wp-block-heading\" id=\"sitl-villepinte-2022\">SEPEM Colmar 2024<\/h3>\n\n\n\n<p>OberA estuvo presente en el SEPEM de <strong>Colmar <\/strong>del 4 al 6 de junio de 2024.<\/p>\n<\/div>\n<\/div>\n\n<div style=\"height:25px\" aria-hidden=\"true\" class=\"wp-block-spacer\"><\/div>\n\n<div class=\"wp-block-columns are-vertically-aligned-center is-layout-flex wp-container-core-columns-is-layout-28f84493 wp-block-columns-is-layout-flex\">\n<div class=\"wp-block-column is-vertically-aligned-center is-layout-flow wp-block-column-is-layout-flow\" style=\"flex-basis:33.33%\">\n<figure class=\"wp-block-image aligncenter size-full is-resized\"><img decoding=\"async\" width=\"642\" height=\"270\" src=\"https:\/\/obera.fr\/wp-content\/uploads\/2024\/04\/preventica-casablanca-2024.jpg\" alt=\"preventica casablanca 2024\" class=\"wp-image-29818\" style=\"width:381px;height:auto\" srcset=\"https:\/\/obera.fr\/wp-content\/uploads\/2024\/04\/preventica-casablanca-2024.jpg 642w, https:\/\/obera.fr\/wp-content\/uploads\/2024\/04\/preventica-casablanca-2024-300x126.jpg 300w\" sizes=\"(max-width: 642px) 100vw, 642px\" \/><\/figure>\n<\/div>\n\n\n\n<div class=\"wp-block-column is-vertically-aligned-center is-layout-flow wp-block-column-is-layout-flow\" style=\"flex-basis:66.66%\">\n<h3 class=\"wp-block-heading\" id=\"sitl-villepinte-2022\">Preventica Casablanca 2024<\/h3>\n\n\n\n<p>OberA estuvo presente en <a href=\"https:\/\/www.preventica.ma\/\">Preventica, en <strong>Casablanca<\/strong>,<\/a> del 21 al 23 de mayo de 2024.<\/p>\n<\/div>\n<\/div>\n\n<div style=\"height:25px\" aria-hidden=\"true\" class=\"wp-block-spacer\"><\/div>\n\n<div class=\"wp-block-columns are-vertically-aligned-center is-layout-flex wp-container-core-columns-is-layout-28f84493 wp-block-columns-is-layout-flex\">\n<div class=\"wp-block-column is-vertically-aligned-center is-layout-flow wp-block-column-is-layout-flow\" style=\"flex-basis:33.33%\">\n<figure class=\"wp-block-image aligncenter size-full\"><img decoding=\"async\" width=\"240\" height=\"112\" src=\"https:\/\/obera.fr\/wp-content\/uploads\/2024\/02\/screenshot-2024-02-06-at-12-16-26-cfia-rennes-2024.png\" alt=\"captura de pantalla 2024 02 06 a las 12 16 26 cfia rennes 2024\" class=\"wp-image-27856\"\/><\/figure>\n<\/div>\n\n\n\n<div class=\"wp-block-column is-vertically-aligned-center is-layout-flow wp-block-column-is-layout-flow\" style=\"flex-basis:66.66%\">\n<h3 class=\"wp-block-heading\" id=\"sitl-villepinte-2022\">CFIA 2024 en Rennes  <\/h3>\n\n\n\n<p>OberA estuvo presente en el CFIA 2024, celebrado en <strong>Rennes<\/strong> del 12 al 14 de marzo de 2024.<\/p>\n<\/div>\n<\/div>\n\n<div style=\"height:25px\" aria-hidden=\"true\" class=\"wp-block-spacer\"><\/div>\n\n<div class=\"wp-block-columns are-vertically-aligned-center is-layout-flex wp-container-core-columns-is-layout-28f84493 wp-block-columns-is-layout-flex\">\n<div class=\"wp-block-column is-vertically-aligned-center is-layout-flow wp-block-column-is-layout-flow\" style=\"flex-basis:33.33%\">\n<figure class=\"wp-block-image aligncenter size-medium\"><img decoding=\"async\" width=\"300\" height=\"161\" src=\"https:\/\/obera.fr\/wp-content\/uploads\/2024\/02\/jec-world-2024-300x161.jpeg\" alt=\"jec mundo 2024\" class=\"wp-image-27765\" srcset=\"https:\/\/obera.fr\/wp-content\/uploads\/2024\/02\/jec-world-2024-300x161.jpeg 300w, https:\/\/obera.fr\/wp-content\/uploads\/2024\/02\/jec-world-2024-1024x550.jpeg 1024w, https:\/\/obera.fr\/wp-content\/uploads\/2024\/02\/jec-world-2024-768x413.jpeg 768w, https:\/\/obera.fr\/wp-content\/uploads\/2024\/02\/jec-world-2024.jpeg 1172w\" sizes=\"(max-width: 300px) 100vw, 300px\" \/><\/figure>\n<\/div>\n\n\n\n<div class=\"wp-block-column is-vertically-aligned-center is-layout-flow wp-block-column-is-layout-flow\" style=\"flex-basis:66.66%\">\n<h3 class=\"wp-block-heading\" id=\"sitl-villepinte-2022\">JEC World composites show 2024<\/h3>\n\n\n\n<p>OberA estuvo presente en el <a href=\"https:\/\/www.jec-world.events\/\" data-type=\"link\" data-id=\"https:\/\/www.jec-world.events\/\">Sal\u00f3n JEC de Composites<\/a>, celebrado en Par\u00eds del 5 al 7 de marzo de 2024.<\/p>\n<\/div>\n<\/div>\n\n<div style=\"height:25px\" aria-hidden=\"true\" class=\"wp-block-spacer\"><\/div>\n\n<h3 class=\"wp-block-heading\">Nuestros eventos en 2023<\/h3>\n\n<div class=\"wp-block-columns is-layout-flex wp-container-core-columns-is-layout-28f84493 wp-block-columns-is-layout-flex\">\n<div class=\"wp-block-column is-layout-flow wp-block-column-is-layout-flow\" style=\"flex-basis:33.33%\">\n<figure class=\"wp-block-image aligncenter size-full is-resized\"><img decoding=\"async\" width=\"290\" height=\"174\" src=\"https:\/\/obera.fr\/wp-content\/uploads\/2022\/06\/Sans-titre-1.png\" alt=\"Eurocadena de suministro Mulhouse 2023\" class=\"wp-image-13152\"\/><\/figure>\n<\/div>\n\n\n\n<div class=\"wp-block-column is-layout-flow wp-block-column-is-layout-flow\" style=\"flex-basis:66.66%\">\n<h3 class=\"wp-block-heading\" id=\"sepem-grenoble-2022\">euro MULHOUSE DE LA CADENA DE SUMINISTRO 2023<\/h3>\n\n\n\n<p>OberA estuvo presente en la feria Euro Supply Chain <strong>Mulhouse <\/strong>el 08 de junio de 2023.  <\/p>\n<\/div>\n<\/div>\n\n<div style=\"height:25px\" aria-hidden=\"true\" class=\"wp-block-spacer\"><\/div>\n\n<div class=\"wp-block-columns is-layout-flex wp-container-core-columns-is-layout-28f84493 wp-block-columns-is-layout-flex\">\n<div class=\"wp-block-column is-vertically-aligned-center is-layout-flow wp-block-column-is-layout-flow\" style=\"flex-basis:33.33%\">\n<figure class=\"wp-block-image aligncenter size-medium is-resized\"><img decoding=\"async\" width=\"300\" height=\"75\" src=\"https:\/\/obera.fr\/wp-content\/uploads\/2022\/09\/Logo_SEPEM_Sud_Est_blocdate_2023_0-300x75.png\" alt=\"sepem sud est 2023 logo\" class=\"wp-image-14647\" srcset=\"https:\/\/obera.fr\/wp-content\/uploads\/2022\/09\/Logo_SEPEM_Sud_Est_blocdate_2023_0-300x75.png 300w, https:\/\/obera.fr\/wp-content\/uploads\/2022\/09\/Logo_SEPEM_Sud_Est_blocdate_2023_0.png 600w\" sizes=\"(max-width: 300px) 100vw, 300px\" \/><\/figure>\n<\/div>\n\n\n\n<div class=\"wp-block-column is-layout-flow wp-block-column-is-layout-flow\" style=\"flex-basis:66.66%\">\n<h3 class=\"wp-block-heading\" id=\"sepem-grenoble-2022\">SEPEM MARTIGUES 2023<\/h3>\n\n\n\n<p>OberA estuvo en el SEPEM <strong>de Martigues<\/strong> del 06 al 08 de junio de 2023.<\/p>\n<\/div>\n<\/div>\n\n<div style=\"height:25px\" aria-hidden=\"true\" class=\"wp-block-spacer\"><\/div>\n\n<div class=\"wp-block-columns are-vertically-aligned-center is-layout-flex wp-container-core-columns-is-layout-28f84493 wp-block-columns-is-layout-flex\">\n<div class=\"wp-block-column is-vertically-aligned-center is-layout-flow wp-block-column-is-layout-flow\" style=\"flex-basis:33.33%\">\n<figure class=\"wp-block-image aligncenter size-medium is-resized\"><img decoding=\"async\" width=\"300\" height=\"78\" src=\"https:\/\/obera.fr\/wp-content\/uploads\/2022\/06\/logo-preventica-300x78.png\" alt=\"logo preventica 2023\" class=\"wp-image-13130\" srcset=\"https:\/\/obera.fr\/wp-content\/uploads\/2022\/06\/logo-preventica-300x78.png 300w, https:\/\/obera.fr\/wp-content\/uploads\/2022\/06\/logo-preventica-1024x265.png 1024w, https:\/\/obera.fr\/wp-content\/uploads\/2022\/06\/logo-preventica-768x199.png 768w, https:\/\/obera.fr\/wp-content\/uploads\/2022\/06\/logo-preventica-1536x398.png 1536w, https:\/\/obera.fr\/wp-content\/uploads\/2022\/06\/logo-preventica.png 1843w\" sizes=\"(max-width: 300px) 100vw, 300px\" \/><\/figure>\n<\/div>\n\n\n\n<div class=\"wp-block-column is-vertically-aligned-center is-layout-flow wp-block-column-is-layout-flow\" style=\"flex-basis:66.66%\">\n<h3 class=\"wp-block-heading\" id=\"sitl-villepinte-2022\">PREVENTICA 2023<\/h3>\n\n\n\n<p>OberA estuvo presente en la feria <a href=\"https:\/\/www.preventica.com\/salon\/paris-2023\/infos-pratiques\">Pr\u00e9ventica <\/a>de <strong>Par\u00eds Portes de Versailles<\/strong> del 23 al 25 de mayo de 2023.<\/p>\n<\/div>\n<\/div>\n\n<div style=\"height:25px\" aria-hidden=\"true\" class=\"wp-block-spacer\"><\/div>\n\n<div class=\"wp-block-columns are-vertically-aligned-center is-layout-flex wp-container-core-columns-is-layout-28f84493 wp-block-columns-is-layout-flex\">\n<div class=\"wp-block-column is-vertically-aligned-center is-layout-flow wp-block-column-is-layout-flow\" style=\"flex-basis:33.33%\">\n<figure class=\"wp-block-image aligncenter size-full\"><img decoding=\"async\" width=\"225\" height=\"56\" src=\"https:\/\/obera.fr\/wp-content\/uploads\/2022\/12\/07-10-mars-2023-2.png\" alt=\"Espect&#xE1;culo JEC Composites 2023\" class=\"wp-image-16887\"\/><\/figure>\n<\/div>\n\n\n\n<div class=\"wp-block-column is-vertically-aligned-center is-layout-flow wp-block-column-is-layout-flow\" style=\"flex-basis:66.66%\">\n<h3 class=\"wp-block-heading\" id=\"sitl-villepinte-2022\">JEC Exposici\u00f3n mundial de materiales compuestos 2023<\/h3>\n\n\n\n<p>OberA estuvo presente en el Sal\u00f3n JEC Composites de <strong>Par\u00eds Nord Villepinte<\/strong> del 25 al 27 de abril de 2023.<\/p>\n<\/div>\n<\/div>\n\n<div style=\"height:25px\" aria-hidden=\"true\" class=\"wp-block-spacer\"><\/div>\n\n<div class=\"wp-block-columns are-vertically-aligned-center is-layout-flex wp-container-core-columns-is-layout-28f84493 wp-block-columns-is-layout-flex\">\n<div class=\"wp-block-column is-vertically-aligned-center is-layout-flow wp-block-column-is-layout-flow\" style=\"flex-basis:33.33%\">\n<figure class=\"wp-block-image aligncenter size-medium is-resized\"><img decoding=\"async\" width=\"300\" height=\"186\" src=\"https:\/\/obera.fr\/wp-content\/uploads\/2021\/09\/LogoSiTL-couleurs_v2-300x186.png\" alt=\"Logo SITL 2023\" class=\"wp-image-6989\" srcset=\"https:\/\/obera.fr\/wp-content\/uploads\/2021\/09\/LogoSiTL-couleurs_v2-300x186.png 300w, https:\/\/obera.fr\/wp-content\/uploads\/2021\/09\/LogoSiTL-couleurs_v2.png 592w\" sizes=\"(max-width: 300px) 100vw, 300px\" \/><\/figure>\n<\/div>\n\n\n\n<div class=\"wp-block-column is-vertically-aligned-center is-layout-flow wp-block-column-is-layout-flow\" style=\"flex-basis:66.66%\">\n<h3 class=\"wp-block-heading\" id=\"sitl-villepinte-2022\">SITL PORTE DE VERSAILLES 2023<\/h3>\n\n\n\n<p>OberA estuvo presente en el sal\u00f3n SITL de <strong>Par\u00eds Porte de Versailles<\/strong> del 28 al 30 de marzo de 2023.<\/p>\n<\/div>\n<\/div>\n\n<div style=\"height:25px\" aria-hidden=\"true\" class=\"wp-block-spacer\"><\/div>\n\n<div class=\"wp-block-columns are-vertically-aligned-center is-layout-flex wp-container-core-columns-is-layout-28f84493 wp-block-columns-is-layout-flex\">\n<div class=\"wp-block-column is-vertically-aligned-center is-layout-flow wp-block-column-is-layout-flow\" style=\"flex-basis:33.33%\">\n<figure class=\"wp-block-image aligncenter size-full is-resized\"><img decoding=\"async\" width=\"225\" height=\"56\" src=\"https:\/\/obera.fr\/wp-content\/uploads\/2022\/11\/07-10-mars-2023.png\" alt=\"Industria mundial Lyon 2023\" class=\"wp-image-16106\"\/><\/figure>\n<\/div>\n\n\n\n<div class=\"wp-block-column is-vertically-aligned-center is-layout-flow wp-block-column-is-layout-flow\" style=\"flex-basis:66.66%\">\n<h3 class=\"wp-block-heading\" id=\"sitl-villepinte-2022\">INDUSTRIA MUNDIAL 2023<\/h3>\n\n\n\n<p>OberA estuvo presente en el sal\u00f3n <a href=\"https:\/\/www.preventica.com\/salon\/paris-2023\/infos-pratiques\">Global Industrie <\/a>de<strong> Lyon <\/strong>Eurexpo<strong> <\/strong>del 07 al 10 de marzo de 2023.<\/p>\n<\/div>\n<\/div>\n\n<div style=\"height:25px\" aria-hidden=\"true\" class=\"wp-block-spacer\"><\/div>\n\n<h3 class=\"wp-block-heading\">Nuestros eventos en 2022<\/h3>\n\n<div class=\"wp-block-columns is-layout-flex wp-container-core-columns-is-layout-28f84493 wp-block-columns-is-layout-flex\">\n<div class=\"wp-block-column is-vertically-aligned-center is-layout-flow wp-block-column-is-layout-flow\" style=\"flex-basis:33.33%\">\n<figure class=\"wp-block-image aligncenter size-full is-resized\"><img decoding=\"async\" width=\"225\" height=\"56\" src=\"https:\/\/obera.fr\/wp-content\/uploads\/2022\/11\/sans-titre-2022-11-23t083000.127.png\" alt=\"Feria industrial SEPEM Grenoble\" class=\"wp-image-16099\"\/><\/figure>\n<\/div>\n\n\n\n<div class=\"wp-block-column is-layout-flow wp-block-column-is-layout-flow\" style=\"flex-basis:66.66%\">\n<h3 class=\"wp-block-heading\" id=\"sepem-grenoble-2022\">SEPEM GRENOBLE 2022<\/h3>\n\n\n\n<p>OberA estuvo presente en la feria industrial SEPEM de Grenoble del 22 al 24 de noviembre de 2022.<\/p>\n<\/div>\n<\/div>\n\n<div style=\"height:25px\" aria-hidden=\"true\" class=\"wp-block-spacer\"><\/div>\n\n<div class=\"wp-block-columns is-layout-flex wp-container-core-columns-is-layout-28f84493 wp-block-columns-is-layout-flex\">\n<div class=\"wp-block-column is-vertically-aligned-top is-layout-flow wp-block-column-is-layout-flow\" style=\"flex-basis:33.3%\">\n<figure class=\"wp-block-image aligncenter size-full is-resized\"><img decoding=\"async\" width=\"350\" height=\"288\" src=\"https:\/\/obera.fr\/wp-content\/uploads\/2022\/10\/logo_ws_france_pms302_rgb-1.png\" alt=\"logotipo wordskills francia  &#10;\" class=\"wp-image-15549\" style=\"width:177px;height:auto\" srcset=\"https:\/\/obera.fr\/wp-content\/uploads\/2022\/10\/logo_ws_france_pms302_rgb-1.png 350w, https:\/\/obera.fr\/wp-content\/uploads\/2022\/10\/logo_ws_france_pms302_rgb-1-300x247.png 300w\" sizes=\"(max-width: 350px) 100vw, 350px\" \/><\/figure>\n\n\n\n<div style=\"height:25px\" aria-hidden=\"true\" class=\"wp-block-spacer\"><\/div>\n<\/div>\n\n\n\n<div class=\"wp-block-column is-layout-flow wp-block-column-is-layout-flow\" style=\"flex-basis:66.7%\">\n<h3 class=\"wp-block-heading\" id=\"sepem-colmar-2022\">Worldskills francia 2022<\/h3>\n\n\n\n<p>OberA estuvo presente en el evento <a href=\"https:\/\/www.worldskills-france.org\/\">Worldskills<strong> Burdeos<\/strong><\/a> del 19 al 22 de octubre de 2022.<\/p>\n<\/div>\n<\/div>\n\n<div class=\"wp-block-columns is-layout-flex wp-container-core-columns-is-layout-28f84493 wp-block-columns-is-layout-flex\">\n<div class=\"wp-block-column is-layout-flow wp-block-column-is-layout-flow\" style=\"flex-basis:33.33%\">\n<figure class=\"wp-block-image aligncenter size-full is-resized\"><img decoding=\"async\" width=\"1000\" height=\"275\" src=\"https:\/\/obera.fr\/wp-content\/uploads\/2023\/08\/logo_sepem_2022_1.jpg\" alt=\"sepem 2022 logotipo 1\" class=\"wp-image-23857\" srcset=\"https:\/\/obera.fr\/wp-content\/uploads\/2023\/08\/logo_sepem_2022_1.jpg 1000w, https:\/\/obera.fr\/wp-content\/uploads\/2023\/08\/logo_sepem_2022_1-300x83.jpg 300w, https:\/\/obera.fr\/wp-content\/uploads\/2023\/08\/logo_sepem_2022_1-768x211.jpg 768w\" sizes=\"(max-width: 1000px) 100vw, 1000px\" \/><\/figure>\n\n\n\n<div style=\"height:25px\" aria-hidden=\"true\" class=\"wp-block-spacer\"><\/div>\n<\/div>\n\n\n\n<div class=\"wp-block-column is-layout-flow wp-block-column-is-layout-flow\" style=\"flex-basis:66.66%\">\n<h3 class=\"wp-block-heading\" id=\"sepem-colmar-2022\">SEPEM COLMAR 2022<\/h3>\n\n\n\n<p>OberA estuvo en el SEPEM <strong>de Colmar <\/strong>del 14 al 16 de junio de 2022.<\/p>\n<\/div>\n<\/div>\n\n<div class=\"wp-block-columns are-vertically-aligned-center is-layout-flex wp-container-core-columns-is-layout-28f84493 wp-block-columns-is-layout-flex\">\n<div class=\"wp-block-column is-vertically-aligned-center is-layout-flow wp-block-column-is-layout-flow\" style=\"flex-basis:33.33%\">\n<figure class=\"wp-block-image aligncenter size-full is-resized\"><img decoding=\"async\" width=\"290\" height=\"174\" src=\"https:\/\/obera.fr\/wp-content\/uploads\/2022\/06\/Sans-titre-1.png\" alt=\"Eurocadena de suministro Mulhouse 2022\" class=\"wp-image-13152\"\/><\/figure>\n<\/div>\n\n\n\n<div class=\"wp-block-column is-vertically-aligned-center is-layout-flow wp-block-column-is-layout-flow\" style=\"flex-basis:66.66%\">\n<h3 class=\"wp-block-heading\" id=\"sitl-villepinte-2022\">EURO SUPPLY CHAIN MULHOUSE 2022<\/h3>\n\n\n\n<p>OberA estuvo presente en la feria Euro Supply Chain de <strong>Mulhouse <\/strong>el 2 de junio de 2022.<\/p>\n<\/div>\n<\/div>\n\n<div style=\"height:25px\" aria-hidden=\"true\" class=\"wp-block-spacer\"><\/div>\n\n<div class=\"wp-block-columns are-vertically-aligned-center is-layout-flex wp-container-core-columns-is-layout-28f84493 wp-block-columns-is-layout-flex\">\n<div class=\"wp-block-column is-vertically-aligned-center is-layout-flow wp-block-column-is-layout-flow\" style=\"flex-basis:33.33%\">\n<figure class=\"wp-block-image aligncenter size-medium is-resized\"><img decoding=\"async\" width=\"300\" height=\"78\" src=\"https:\/\/obera.fr\/wp-content\/uploads\/2022\/06\/logo-preventica-300x78.png\" alt=\"logo preventica 2022\" class=\"wp-image-13130\" srcset=\"https:\/\/obera.fr\/wp-content\/uploads\/2022\/06\/logo-preventica-300x78.png 300w, https:\/\/obera.fr\/wp-content\/uploads\/2022\/06\/logo-preventica-1024x265.png 1024w, https:\/\/obera.fr\/wp-content\/uploads\/2022\/06\/logo-preventica-768x199.png 768w, https:\/\/obera.fr\/wp-content\/uploads\/2022\/06\/logo-preventica-1536x398.png 1536w, https:\/\/obera.fr\/wp-content\/uploads\/2022\/06\/logo-preventica.png 1843w\" sizes=\"(max-width: 300px) 100vw, 300px\" \/><\/figure>\n<\/div>\n\n\n\n<div class=\"wp-block-column is-vertically-aligned-center is-layout-flow wp-block-column-is-layout-flow\" style=\"flex-basis:66.66%\">\n<h3 class=\"wp-block-heading\" id=\"sitl-villepinte-2022\">PREVENTICA 2022<\/h3>\n\n\n\n<p>OberA estuvo presente en la feria <a href=\"https:\/\/www.preventica.com\/?gclid=CjwKCAjw7vuUBhBUEiwAEdu2pFGIhuTgp5sxe5VimwdNeQlANKIQJWpRUYiHN8m4bbNa0Qgn9UXt_hoCdCMQAvD_BwE\">Pr\u00e9ventica <\/a>de <strong>Nantes <\/strong>del 17 al 19 de mayo de 2022.<\/p>\n<\/div>\n<\/div>\n\n<div style=\"height:25px\" aria-hidden=\"true\" class=\"wp-block-spacer\"><\/div>\n\n<div class=\"wp-block-columns are-vertically-aligned-center is-layout-flex wp-container-core-columns-is-layout-28f84493 wp-block-columns-is-layout-flex\">\n<div class=\"wp-block-column is-vertically-aligned-center is-layout-flow wp-block-column-is-layout-flow\" style=\"flex-basis:33.33%\">\n<figure class=\"wp-block-image aligncenter size-medium is-resized\"><img decoding=\"async\" width=\"300\" height=\"186\" src=\"https:\/\/obera.fr\/wp-content\/uploads\/2021\/09\/LogoSiTL-couleurs_v2-300x186.png\" alt=\"logo sitl 2022\" class=\"wp-image-6989\" srcset=\"https:\/\/obera.fr\/wp-content\/uploads\/2021\/09\/LogoSiTL-couleurs_v2-300x186.png 300w, https:\/\/obera.fr\/wp-content\/uploads\/2021\/09\/LogoSiTL-couleurs_v2.png 592w\" sizes=\"(max-width: 300px) 100vw, 300px\" \/><\/figure>\n<\/div>\n\n\n\n<div class=\"wp-block-column is-vertically-aligned-center is-layout-flow wp-block-column-is-layout-flow\" style=\"flex-basis:66.66%\">\n<h3 class=\"wp-block-heading\" id=\"sitl-villepinte-2022\">SITL VILLEPINTE 2022<\/h3>\n\n\n\n<p>OberA estuvo en <a href=\"https:\/\/sitl.portail-exposant.com\/\">el SITL <\/a>de <strong>Par\u00eds Nord Villepinte<\/strong> del 5 al 8 de abril de 2022.<\/p>\n<\/div>\n<\/div>\n\n<div style=\"height:25px\" aria-hidden=\"true\" class=\"wp-block-spacer\"><\/div>\n\n<h3 class=\"wp-block-heading\">Nuestros eventos en 2021<\/h3>\n\n<div class=\"wp-block-columns are-vertically-aligned-center is-layout-flex wp-container-core-columns-is-layout-28f84493 wp-block-columns-is-layout-flex\">\n<div class=\"wp-block-column is-vertically-aligned-center is-layout-flow wp-block-column-is-layout-flow\" style=\"flex-basis:33.33%\">\n<figure class=\"wp-block-image aligncenter size-large\"><img decoding=\"async\" width=\"143\" height=\"123\" src=\"https:\/\/obera.fr\/wp-content\/uploads\/2020\/11\/be-4-mulhouse-2021.png\" alt=\"Be 4 Mulhouse 2021\" class=\"wp-image-1562\"\/><\/figure>\n\n\n\n<div style=\"height:25px\" aria-hidden=\"true\" class=\"wp-block-spacer\"><\/div>\n<\/div>\n\n\n\n<div class=\"wp-block-column is-vertically-aligned-center is-layout-flow wp-block-column-is-layout-flow\" style=\"flex-basis:66.66%\">\n<h3 class=\"wp-block-heading\" id=\"be-4-0-mulhouse\">BE 4.0 Mulhouse 2021<\/h3>\n\n\n\n<p>OberA estuvo presente en la feria BE 4.0 de <strong>Mulhouse <\/strong>los d\u00edas 30 de noviembre y<sup>1 de<\/sup> diciembre de 2021.<\/p>\n<\/div>\n<\/div>\n\n<div class=\"wp-block-columns are-vertically-aligned-center is-layout-flex wp-container-core-columns-is-layout-28f84493 wp-block-columns-is-layout-flex\">\n<div class=\"wp-block-column is-vertically-aligned-center is-layout-flow wp-block-column-is-layout-flow\" style=\"flex-basis:33.33%\">\n<figure class=\"wp-block-image aligncenter size-medium is-resized\"><img decoding=\"async\" width=\"300\" height=\"186\" src=\"https:\/\/obera.fr\/wp-content\/uploads\/2021\/09\/LogoSiTL-couleurs_v2-300x186.png\" alt=\"logositl colores v2\" class=\"wp-image-6989\" srcset=\"https:\/\/obera.fr\/wp-content\/uploads\/2021\/09\/LogoSiTL-couleurs_v2-300x186.png 300w, https:\/\/obera.fr\/wp-content\/uploads\/2021\/09\/LogoSiTL-couleurs_v2.png 592w\" sizes=\"(max-width: 300px) 100vw, 300px\" \/><\/figure>\n<\/div>\n\n\n\n<div class=\"wp-block-column is-vertically-aligned-center is-layout-flow wp-block-column-is-layout-flow\" style=\"flex-basis:66.66%\">\n<h3 class=\"wp-block-heading\" id=\"sitl-villepinte-2021\">SITL VILLEPINTE 2021<\/h3>\n\n\n\n<p>OberA estuvo en SITL <strong>Paris Nord Villepinte<\/strong> del 13 al 15 de septiembre de 2021.<\/p>\n<\/div>\n<\/div>\n\n<div style=\"height:25px\" aria-hidden=\"true\" class=\"wp-block-spacer\"><\/div>\n\n<div class=\"wp-block-columns are-vertically-aligned-center is-layout-flex wp-container-core-columns-is-layout-28f84493 wp-block-columns-is-layout-flex\">\n<div class=\"wp-block-column is-vertically-aligned-center is-layout-flow wp-block-column-is-layout-flow\" style=\"flex-basis:33.33%\">\n<figure class=\"wp-block-image aligncenter size-full is-resized\"><img decoding=\"async\" width=\"400\" height=\"105\" src=\"https:\/\/obera.fr\/wp-content\/uploads\/2020\/11\/sepem-colmar-2021.png\" alt=\"Sepem Colmar 2021\" class=\"wp-image-1561\" style=\"width:381px;height:auto\" srcset=\"https:\/\/obera.fr\/wp-content\/uploads\/2020\/11\/sepem-colmar-2021.png 400w, https:\/\/obera.fr\/wp-content\/uploads\/2020\/11\/sepem-colmar-2021-300x79.png 300w\" sizes=\"(max-width: 400px) 100vw, 400px\" \/><\/figure>\n<\/div>\n\n\n\n<div class=\"wp-block-column is-vertically-aligned-center is-layout-flow wp-block-column-is-layout-flow\" style=\"flex-basis:66.66%\">\n<h3 class=\"wp-block-heading\" id=\"sepem-colmar\">SEPEM INDUSTRIES Colmar 2021<\/h3>\n\n\n\n<p>OberA estuvo en SEPEM Industries, en <strong>Colmar<\/strong>, del 15 al 21 de junio de 2021.<\/p>\n<\/div>\n<\/div>\n\n<div style=\"height:25px\" aria-hidden=\"true\" class=\"wp-block-spacer\"><\/div>\n\n<h3 class=\"wp-block-heading\">Nuestros eventos en 2020<\/h3>\n\n<div class=\"wp-block-columns are-vertically-aligned-center is-layout-flex wp-container-core-columns-is-layout-28f84493 wp-block-columns-is-layout-flex\">\n<div class=\"wp-block-column is-vertically-aligned-center is-layout-flow wp-block-column-is-layout-flow\" style=\"flex-basis:33.33%\">\n<figure class=\"wp-block-image aligncenter size-full is-resized\"><img decoding=\"async\" width=\"300\" height=\"78\" src=\"https:\/\/obera.fr\/wp-content\/uploads\/2020\/10\/sepem_grenoble_2020.png\" alt=\"Sepem Grenoble 2020\" class=\"wp-image-1194\"\/><\/figure>\n<\/div>\n\n\n\n<div class=\"wp-block-column is-vertically-aligned-center is-layout-flow wp-block-column-is-layout-flow\" style=\"flex-basis:66.66%\">\n<h3 class=\"wp-block-heading\" id=\"salon-sepem-industries-grenoble-2020\">SEPEM Industrias Grenoble 2020<\/h3>\n\n\n\n<p>OberA estuvo en SEPEM Industries, en <strong>Grenoble<\/strong>, los d\u00edas 11, 12 y 13 de febrero de 2020.<\/p>\n<\/div>\n<\/div>\n\n<div style=\"height:25px\" aria-hidden=\"true\" class=\"wp-block-spacer\"><\/div>\n\n<h3 class=\"wp-block-heading\">Nuestros eventos en 2019<\/h3>\n\n<div class=\"wp-block-group is-layout-flow wp-block-group-is-layout-flow\">\n<div class=\"wp-block-columns are-vertically-aligned-center is-layout-flex wp-container-core-columns-is-layout-28f84493 wp-block-columns-is-layout-flex\">\n<div class=\"wp-block-column is-vertically-aligned-center is-layout-flow wp-block-column-is-layout-flow\" style=\"flex-basis:33.33%\">\n<figure class=\"wp-block-image alignleft size-full is-resized\"><img decoding=\"async\" width=\"300\" height=\"186\" src=\"https:\/\/obera.fr\/wp-content\/uploads\/2020\/10\/euromanut_2019.jpg\" alt=\"Euromanut 2019\" class=\"wp-image-1193\"\/><\/figure>\n<\/div>\n\n\n\n<div class=\"wp-block-column is-vertically-aligned-center is-layout-flow wp-block-column-is-layout-flow\" style=\"flex-basis:66.66%\">\n<h3 class=\"wp-block-heading\" id=\"salon-europack-euromanut-cfia-2019\">Europack Euromanut CFIA 2019<\/h3>\n\n\n\n<p>OberA estuvo presente en el sal\u00f3n <a href=\"https:\/\/www.prodandpack.com\/fr\">Europack Euromanut CFIA<\/a> de <strong>LYON<\/strong> los d\u00edas 19, 20 y 21 de noviembre de 2019.<\/p>\n<\/div>\n<\/div>\n<\/div>\n\n<div style=\"height:25px\" aria-hidden=\"true\" class=\"wp-block-spacer\"><\/div>\n\n<h3 class=\"wp-block-heading\">Nuestros eventos en 2018<\/h3>\n\n<div class=\"wp-block-group is-layout-flow wp-block-group-is-layout-flow\">\n<div class=\"wp-block-columns are-vertically-aligned-center is-layout-flex wp-container-core-columns-is-layout-28f84493 wp-block-columns-is-layout-flex\">\n<div class=\"wp-block-column is-vertically-aligned-center is-layout-flow wp-block-column-is-layout-flow\" style=\"flex-basis:33.33%\">\n<figure class=\"wp-block-image alignleft size-full is-resized\"><img decoding=\"async\" width=\"400\" height=\"250\" src=\"https:\/\/obera.fr\/wp-content\/uploads\/2020\/10\/pollutech-2018.png\" alt=\"Pollutech 2018\" class=\"wp-image-1192\" srcset=\"https:\/\/obera.fr\/wp-content\/uploads\/2020\/10\/pollutech-2018.png 400w, https:\/\/obera.fr\/wp-content\/uploads\/2020\/10\/pollutech-2018-300x188.png 300w\" sizes=\"(max-width: 400px) 100vw, 400px\" \/><\/figure>\n\n\n\n<div style=\"height:34px\" aria-hidden=\"true\" class=\"wp-block-spacer\"><\/div>\n<\/div>\n\n\n\n<div class=\"wp-block-column is-vertically-aligned-center is-layout-flow wp-block-column-is-layout-flow\" style=\"flex-basis:66.66%\">\n<h3 class=\"wp-block-heading\" id=\"pollutec-lyon-2018\">POLLUTEC LYON 2018<\/h3>\n\n\n\n<p>OberA estuvo presente en la feria POLLUTEC de <strong>Lyon <\/strong>del 27 al 30 de noviembre de 2018<\/p>\n\n\n\n<div style=\"height:33px\" aria-hidden=\"true\" class=\"wp-block-spacer\"><\/div>\n<\/div>\n<\/div>\n<\/div>\n\n<div class=\"wp-block-group is-layout-flow wp-block-group-is-layout-flow\">\n<div class=\"wp-block-columns are-vertically-aligned-center is-layout-flex wp-container-core-columns-is-layout-28f84493 wp-block-columns-is-layout-flex\">\n<div class=\"wp-block-column is-vertically-aligned-center is-layout-flow wp-block-column-is-layout-flow\" style=\"flex-basis:33.33%\">\n<figure class=\"wp-block-image size-large is-resized\"><img decoding=\"async\" width=\"400\" height=\"250\" src=\"https:\/\/obera.fr\/wp-content\/uploads\/2020\/10\/Vrac-Tech-2018.png\" alt=\"Bulk Tech 2018\" class=\"wp-image-1191\" style=\"width:381px;height:auto\" srcset=\"https:\/\/obera.fr\/wp-content\/uploads\/2020\/10\/Vrac-Tech-2018.png 400w, https:\/\/obera.fr\/wp-content\/uploads\/2020\/10\/Vrac-Tech-2018-300x188.png 300w\" sizes=\"(max-width: 400px) 100vw, 400px\" \/><\/figure>\n<\/div>\n\n\n\n<div class=\"wp-block-column is-vertically-aligned-center is-layout-flow wp-block-column-is-layout-flow\" style=\"flex-basis:66.66%\">\n<h3 class=\"wp-block-heading\" id=\"vractech-bulktech-2018\">VRACTECH BULKTECH 2018<\/h3>\n\n\n\n<p>OberA estuvo presente en la feria VRACTECH BULKTECH de <strong>M\u00c2CON<\/strong>, del 16 al 18 de octubre de 2018.<\/p>\n<\/div>\n<\/div>\n\n\n\n<hr class=\"wp-block-separator has-css-opacity\"\/>\n<\/div>\n","protected":false},"excerpt":{"rendered":"<p>A continuaci\u00f3n, encontrar\u00e1 nuestras diferentes participaciones en eventos para el pr\u00f3ximo a\u00f1o. Estamos deseando conocerte. Pr\u00f3ximos eventos de 2026 SEPEM Douai OberA estar\u00e1 presente en el sal\u00f3n SEPEM 2026 en Douai del 27 al 29 de enero de 2026 JEC World 2026 OberA estar\u00e1 presente en el stand 6C73 en Paris-Nord Villepinte del 10 al 12 de marzo de 2026 Pr\u00e9ventica Rennes OberA estar\u00e1 presente en el stand G13 del 16 al 18 de junio de 2026 Pr\u00e9ventica Lyon OberA estar\u00e1 presente en el stand O26 en el parque de exposiciones del 6 al 8 de octubre de 2026 Eventos &#8230; <\/p>\n<p class=\"read-more-container\"><a title=\"\u00bfQuedamos?\" class=\"read-more button\" href=\"https:\/\/obera.fr\/es\/decouvrir\/salons\/#more-46820\" aria-label=\"Leer m\u00e1s sobre \u00bfQuedamos?\">Lire la suite<\/a><\/p>\n","protected":false},"author":4,"featured_media":83751,"parent":38042,"menu_order":0,"comment_status":"closed","ping_status":"closed","template":"","meta":{"_acf_changed":false,"_seopress_robots_primary_cat":"","_seopress_titles_title":"oberA: nuestra presencia en las ferias del sector desde 2018","_seopress_titles_desc":"Eventos pasados y futuros. Nuestra presencia en las pr\u00f3ximas ferias del sector en Francia. Esta p\u00e1gina puede actualizarse peri\u00f3dicamente.  ","_seopress_robots_index":"","footnotes":""},"class_list":{"0":"post-46820","1":"page","2":"type-page","3":"status-publish","4":"has-post-thumbnail","6":"no-featured-image-padding","7":"resize-featured-image"},"acf":[],"_links":{"self":[{"href":"https:\/\/obera.fr\/es\/wp-json\/wp\/v2\/pages\/46820","targetHints":{"allow":["GET"]}}],"collection":[{"href":"https:\/\/obera.fr\/es\/wp-json\/wp\/v2\/pages"}],"about":[{"href":"https:\/\/obera.fr\/es\/wp-json\/wp\/v2\/types\/page"}],"author":[{"embeddable":true,"href":"https:\/\/obera.fr\/es\/wp-json\/wp\/v2\/users\/4"}],"replies":[{"embeddable":true,"href":"https:\/\/obera.fr\/es\/wp-json\/wp\/v2\/comments?post=46820"}],"version-history":[{"count":12,"href":"https:\/\/obera.fr\/es\/wp-json\/wp\/v2\/pages\/46820\/revisions"}],"predecessor-version":[{"id":141815,"href":"https:\/\/obera.fr\/es\/wp-json\/wp\/v2\/pages\/46820\/revisions\/141815"}],"up":[{"embeddable":true,"href":"https:\/\/obera.fr\/es\/wp-json\/wp\/v2\/pages\/38042"}],"wp:featuredmedia":[{"embeddable":true,"href":"https:\/\/obera.fr\/es\/wp-json\/wp\/v2\/media\/83751"}],"wp:attachment":[{"href":"https:\/\/obera.fr\/es\/wp-json\/wp\/v2\/media?parent=46820"}],"curies":[{"name":"wp","href":"https:\/\/api.w.org\/{rel}","templated":true}]}}