{"id":100128,"date":"2020-08-26T16:20:18","date_gmt":"2020-08-26T14:20:18","guid":{"rendered":"https:\/\/obera.fr\/decouvrir\/"},"modified":"2025-07-21T15:04:49","modified_gmt":"2025-07-21T13:04:49","slug":"decouvrir","status":"publish","type":"page","link":"https:\/\/obera.fr\/hu\/decouvrir\/","title":{"rendered":"Fedezze fel az OberA-t"},"content":{"rendered":"\n<h2 class=\"wp-block-heading\">Szlogen\u00fcnk: &#8222;OberA, garant\u00e1lja <mark style=\"background-color:rgba(0, 0, 0, 0)\" class=\"has-inline-color has-global-color-8-color\">az \u00d6n v\u00e1llalat\u00e1nak <\/mark> leveg\u0151min\u0151s\u00e9g\u00e9t!&#8221;<\/h2>\n\n<p><\/p>\n\n<p>Az elz\u00e1szi sz\u00e9khely\u0171 OberA az ipari leveg\u0151kezel\u00e9s szak\u00e9rt\u0151je. A tervez\u00e9st\u0151l a gy\u00e1rt\u00e1sig \u00e9s a forgalmaz\u00e1sig jelenl\u00e9t\u00fcnk kiterjed Franciaorsz\u00e1g \u00e9s Eur\u00f3pa eg\u00e9sz ter\u00fclet\u00e9re. Az \u00d6n ig\u00e9nyeire szabott, \u00f6kol\u00f3giai \u00e9s gazdas\u00e1gos megold\u00e1sainkkal eg\u00e9szs\u00e9ges munkak\u00f6rnyezetet teremthet\u00fcnk, amely jav\u00edtja a munkak\u00f6r\u00fclm\u00e9nyeket \u00e9s n\u00f6veli a v\u00e1llalat termel\u00e9kenys\u00e9g\u00e9t.  <\/p>\n\n<div class=\"wp-block-columns is-layout-flex wp-container-core-columns-is-layout-28f84493 wp-block-columns-is-layout-flex\">\n<div class=\"wp-block-column is-layout-flow wp-block-column-is-layout-flow\" style=\"flex-basis:25%\"><\/div>\n\n\n\n<div class=\"wp-block-column is-layout-flow wp-block-column-is-layout-flow\" style=\"flex-basis:50%\">\n<p><\/p>\n\n\n\n<figure class=\"wp-block-video\"><video height=\"1080\" style=\"aspect-ratio: 1920 \/ 1080;\" width=\"1920\" autoplay=\"\" controls=\"\" loop=\"\" muted=\"\" poster=\"https:\/\/obera.fr\/wp-content\/uploads\/2025\/05\/capture-decran-2025-05-14-100342.png\" src=\"https:\/\/obera.fr\/wp-content\/uploads\/2025\/05\/made_in_france_obera_fr.mp4\"><\/video><\/figure>\n<\/div>\n\n\n\n<div class=\"wp-block-column is-layout-flow wp-block-column-is-layout-flow\" style=\"flex-basis:25%\"><\/div>\n<\/div>\n\n<p><\/p>\n\n<div class=\"wp-block-buttons is-content-justification-center is-layout-flex wp-container-core-buttons-is-layout-a89b3969 wp-block-buttons-is-layout-flex\">\n<div class=\"wp-block-button\"><a class=\"wp-block-button__link wp-element-button\" href=\"https:\/\/obera.fr\/hu\/ils-parlent-de-nous-presse-media\/\">Besz\u00e9lnek r\u00f3lunk<\/a><\/div>\n\n\n\n<div class=\"wp-block-button\"><a class=\"wp-block-button__link wp-element-button\" href=\"https:\/\/obera.fr\/hu\/decouvrir\/salons\/\">K\u00f6zelg\u0151 v\u00e1s\u00e1rok<\/a><\/div>\n<\/div>\n\n<h2 class=\"wp-block-heading\">K\u00fcldet\u00e9s\u00fcnk<\/h2>\n\n<div class=\"wp-block-columns is-layout-flex wp-container-core-columns-is-layout-28f84493 wp-block-columns-is-layout-flex\">\n<div class=\"wp-block-column is-layout-flow wp-block-column-is-layout-flow\" style=\"flex-basis:66.66%\">\n<p>Az OberA az ipari leveg\u0151kezel\u00e9s specialist\u00e1jak\u00e9nt garant\u00e1lja \u00d6nnek az eg\u00e9szs\u00e9ges munkak\u00f6rnyezetet, el\u0151seg\u00edti az optim\u00e1lis munkak\u00f6r\u00fclm\u00e9nyeket \u00e9s hozz\u00e1j\u00e1rul v\u00e1llalata termel\u00e9kenys\u00e9g\u00e9nek jav\u00edt\u00e1s\u00e1hoz.<\/p>\n\n\n\n<blockquote class=\"wp-block-quote is-layout-flow wp-block-quote-is-layout-flow\">\n<p>Az \u00d6n leveg\u0151min\u0151s\u00e9g-garanci\u00e1ja  <\/p>\n<\/blockquote>\n<\/div>\n\n\n\n<div class=\"wp-block-column is-layout-flow wp-block-column-is-layout-flow\" style=\"flex-basis:33.33%\">\n<figure class=\"wp-block-image aligncenter size-large is-resized\"><img decoding=\"async\" width=\"1024\" height=\"1024\" src=\"https:\/\/obera.fr\/wp-content\/uploads\/2025\/05\/ic-30-entrepot-travail-1024x1024.png\" alt=\"ic 30 rakt&#xE1;ri munka\" class=\"wp-image-93435\" style=\"width:259px;height:auto\" srcset=\"https:\/\/obera.fr\/wp-content\/uploads\/2025\/05\/ic-30-entrepot-travail-1024x1024.png 1024w, https:\/\/obera.fr\/wp-content\/uploads\/2025\/05\/ic-30-entrepot-travail-300x300.png 300w, https:\/\/obera.fr\/wp-content\/uploads\/2025\/05\/ic-30-entrepot-travail-150x150.png 150w, https:\/\/obera.fr\/wp-content\/uploads\/2025\/05\/ic-30-entrepot-travail-768x768.png 768w, https:\/\/obera.fr\/wp-content\/uploads\/2025\/05\/ic-30-entrepot-travail.png 1200w\" sizes=\"(max-width: 1024px) 100vw, 1024px\" \/><\/figure>\n<\/div>\n<\/div>\n\n<h3 class=\"wp-block-heading\">A leveg\u0151min\u0151s\u00e9g jav\u00edt\u00e1sa a jobb eg\u00e9szs\u00e9g \u00e9s termel\u00e9kenys\u00e9g \u00e9rdek\u00e9ben<\/h3>\n\n<p>Az OberA-n\u00e1l tudjuk, mennyire fontos, hogy eg\u00e9szs\u00e9ges k\u00f6rnyezetben dolgozzunk. Ez\u00e9rt fejlesztett\u00fcnk ki hat\u00e9kony \u00e9s innovat\u00edv megold\u00e1sokat a tiszta leveg\u0151 biztos\u00edt\u00e1s\u00e1ra, jav\u00edtva ezzel a munkak\u00f6r\u00fclm\u00e9nyeket \u00e9s n\u00f6velve a termel\u00e9kenys\u00e9get. Az \u00d6n egyedi ig\u00e9nyeihez igaz\u00edtott, szem\u00e9lyre szabott megold\u00e1saink t\u00f6k\u00e9letesen illeszkednek az \u00d6n k\u00f6rnyezet\u00e9be. \u00d6kol\u00f3giai \u00e9s gazdas\u00e1gos, innov\u00e1ci\u00f3ink kiv\u00e9teles eredm\u00e9nyeket garant\u00e1lnak.   <\/p>\n\n<h3 class=\"wp-block-heading\">Szem\u00e9lyre szabott megold\u00e1sok minden helyzetre<\/h3>\n\n<p>Elk\u00f6telezettek vagyunk amellett, hogy szem\u00e9lyre szabott megold\u00e1sokat k\u00edn\u00e1ljunk az \u00d6n egyedi kih\u00edv\u00e1saira. Ak\u00e1r mobil, ak\u00e1r helyhez k\u00f6t\u00f6tt megold\u00e1sra van sz\u00fcks\u00e9ge, szorosan egy\u00fcttm\u0171k\u00f6d\u00fcnk \u00d6nnel, hogy elemezz\u00fck munkak\u00f6rnyezet\u00e9t, meg\u00e9rts\u00fck egyedi ig\u00e9nyeit, \u00e9s olyan leveg\u0151min\u0151s\u00e9g-jav\u00edt\u00f3 rendszereket tervezz\u00fcnk, amelyek t\u00f6k\u00e9letesen megfelelnek elv\u00e1r\u00e1sainak. <\/p>\n\n<h2 class=\"wp-block-heading\">Az OberA \u00fczlet\u00e1gai<\/h2>\n\n<p>B\u00fcszk\u00e9k vagyunk arra, hogy olyan \u00e9lvonalbeli term\u00e9keket \u00e9s szolg\u00e1ltat\u00e1sokat k\u00edn\u00e1lunk, amelyek seg\u00edtenek \u00fcgyfeleinknek megoldani a <strong>porral, szagokkal, VOC-okkal \u00e9s h\u0151vel<\/strong> kapcsolatos probl\u00e9m\u00e1kat, mik\u00f6zben eg\u00e9szs\u00e9gesebb \u00e9s produkt\u00edvabb munkak\u00f6rnyezetet teremtenek.<\/p>\n\n<p><\/p>\n\n<div class=\"wp-block-columns is-layout-flex wp-container-core-columns-is-layout-28f84493 wp-block-columns-is-layout-flex\">\n<div class=\"wp-block-column is-layout-flow wp-block-column-is-layout-flow\" style=\"flex-basis:25%\"><\/div>\n\n\n\n<div class=\"wp-block-column is-layout-flow wp-block-column-is-layout-flow\" style=\"flex-basis:50%\">\n<figure class=\"wp-block-video\"><video height=\"1080\" style=\"aspect-ratio: 1920 \/ 1080;\" width=\"1920\" autoplay=\"\" controls=\"\" loop=\"\" poster=\"https:\/\/obera.fr\/wp-content\/uploads\/2025\/05\/capture-decran-2025-05-13-093745.png\" src=\"https:\/\/obera.fr\/wp-content\/uploads\/2025\/05\/le-depoussierage-des-espaces-de-travail-1.mp4\"><\/video><\/figure>\n<\/div>\n\n\n\n<div class=\"wp-block-column is-layout-flow wp-block-column-is-layout-flow\" style=\"flex-basis:25%\"><\/div>\n<\/div>\n\n<p><\/p>\n\n<h2 class=\"wp-block-heading\">Szigor\u00fa m\u00f3dszertan a megb\u00edzhat\u00f3 eredm\u00e9nyek\u00e9rt<\/h2>\n\n<p>Az OberA-n\u00e1l szigor\u00fa m\u00f3dszertant k\u00f6vet\u00fcnk, hogy optim\u00e1lis eredm\u00e9nyeket garant\u00e1ljunk \u00fcgyfeleink sz\u00e1m\u00e1ra. Berendez\u00e9seink telep\u00edt\u00e9se el\u0151tt <strong>pordiagn\u00f3zist<\/strong> aj\u00e1nlunk. Ez a megk\u00f6zel\u00edt\u00e9s lehet\u0151v\u00e9 teszi sz\u00e1munkra, hogy meghat\u00e1rozzuk az \u00d6n munkater\u00fclet\u00e9n tal\u00e1lhat\u00f3 por szintj\u00e9t \u00e9s t\u00edpus\u00e1t. Ezt az elemz\u00e9st k\u00f6vet\u0151en a helyzetre <strong>szabott megold\u00e1st<\/strong> \u00e9s az <strong>elv\u00e1rt eredm\u00e9nyt<\/strong> <strong>aj\u00e1nljuk<\/strong>. Miut\u00e1n ezt elfogadtuk \u00d6nnel, r\u00e1t\u00e9r\u00fcnk a megold\u00e1s megval\u00f3s\u00edt\u00e1s\u00e1ra. A bevezetett megold\u00e1s hat\u00e9konys\u00e1g\u00e1nak ellen\u0151rz\u00e9se \u00e9rdek\u00e9ben k\u00e9s\u0151bb <strong>egy m\u00e1sodik m\u00e9r\u00e9st<\/strong> is v\u00e9gz\u00fcnk. Ha az eredm\u00e9nyek megfelelnek az elv\u00e1rtaknak, nem v\u00e1ltoztatunk semmin. Ha a megold\u00e1s nem el\u00e9g hat\u00e9kony, akkor <strong>\u00fajra be\u00e1ll\u00edtjuk azt<\/strong>.      <\/p>\n\n<div class=\"wp-block-columns is-layout-flex wp-container-core-columns-is-layout-28f84493 wp-block-columns-is-layout-flex\">\n<div class=\"wp-block-column is-layout-flow wp-block-column-is-layout-flow\" style=\"flex-basis:25%\"><\/div>\n\n\n\n<div class=\"wp-block-column is-layout-flow wp-block-column-is-layout-flow\" style=\"flex-basis:50%\">\n<figure class=\"wp-block-video\"><video height=\"1080\" style=\"aspect-ratio: 1920 \/ 1080;\" width=\"1920\" autoplay=\"\" controls=\"\" loop=\"\" poster=\"https:\/\/obera.fr\/wp-content\/uploads\/2025\/05\/capture-decran-2025-05-13-161820.png\" src=\"https:\/\/obera.fr\/wp-content\/uploads\/2025\/05\/mesurer-disgnostiquer.mp4\"><\/video><\/figure>\n<\/div>\n\n\n\n<div class=\"wp-block-column is-layout-flow wp-block-column-is-layout-flow\" style=\"flex-basis:25%\"><\/div>\n<\/div>\n\n<p><\/p>\n\n<p>Az OberA az egyetlen c\u00e9g, amely ezt a szolg\u00e1ltat\u00e1st k\u00edn\u00e1lja \u00d6nnek. A biztons\u00e1gos \u00e9s hat\u00e9kony befektet\u00e9s garant\u00e1l\u00e1sa \u00e9rdek\u00e9ben lehet\u0151s\u00e9g van <strong>1-3 h\u00f3napos tesztel\u00e9sre, amely a v\u00e9tel\u00e1rb\u00f3l levonhat\u00f3<\/strong>. Egy meghat\u00e1rozott id\u0151szakon kereszt\u00fcl t\u00f6rt\u00e9n\u0151 haszn\u00e1lathoz vagy r\u00f6vid t\u00e1v\u00fa ig\u00e9nyek eset\u00e9n <strong>12-63 h\u00f3napos id\u0151szakra<\/strong> <strong>b\u00e9relheti<\/strong> <strong>berendez\u00e9seinket, v\u00e1s\u00e1rl\u00e1si opci\u00f3val<\/strong>. <\/p>\n\n<p><\/p>\n\n<div class=\"wp-block-columns is-layout-flex wp-container-core-columns-is-layout-28f84493 wp-block-columns-is-layout-flex\">\n<div class=\"wp-block-column is-layout-flow wp-block-column-is-layout-flow\" style=\"flex-basis:25%\"><\/div>\n\n\n\n<div class=\"wp-block-column is-layout-flow wp-block-column-is-layout-flow\" style=\"flex-basis:50%\">\n<figure class=\"wp-block-video\"><video height=\"1080\" style=\"aspect-ratio: 1920 \/ 1080;\" width=\"1920\" autoplay=\"\" controls=\"\" loop=\"\" poster=\"https:\/\/obera.fr\/wp-content\/uploads\/2025\/05\/capture-decran-2025-05-13-093822.png\" src=\"https:\/\/obera.fr\/wp-content\/uploads\/2025\/05\/testez-de-1-a-3-mois-deductibles-du-prix-dacquisition.mp4\"><\/video><\/figure>\n<\/div>\n\n\n\n<div class=\"wp-block-column is-layout-flow wp-block-column-is-layout-flow\" style=\"flex-basis:25%\"><\/div>\n<\/div>\n\n<p><\/p>\n\n<h2 class=\"wp-block-heading\">Elk\u00f6telezetts\u00e9g\u00fcnk az \u00fcgyfelek el\u00e9gedetts\u00e9ge ir\u00e1nt<\/h2>\n\n<p>\u00dcgyfeleink el\u00e9gedetts\u00e9ge a legf\u0151bb priorit\u00e1sunk. Elk\u00f6telezettek vagyunk a kiv\u00e9teles \u00fcgyf\u00e9lkiszolg\u00e1l\u00e1s ir\u00e1nt az \u00fat minden szakasz\u00e1ban. Magasan k\u00e9pzett m\u0171szaki\/SAV csapatunk k\u00e9szs\u00e9ggel \u00e1ll rendelkez\u00e9s\u00e9re, hogy megv\u00e1laszoljon minden felmer\u00fcl\u0151 k\u00e9rd\u00e9st, hogy seg\u00edtse \u00d6nt az ig\u00e9nyeinek legmegfelel\u0151bb megold\u00e1s kiv\u00e1laszt\u00e1s\u00e1ban, \u00e9s hogy folyamatos t\u00e1mogat\u00e1st ny\u00fajtson term\u00e9keink megfelel\u0151 m\u0171k\u00f6d\u00e9s\u00e9nek biztos\u00edt\u00e1sa \u00e9rdek\u00e9ben.  <\/p>\n\n<p>Ak\u00e1r egy ipari v\u00e1llalat, amely agg\u00f3dik alkalmazottai eg\u00e9szs\u00e9g\u00e9\u00e9rt, ak\u00e1r egy logisztikai v\u00e1llalat, amely optimaliz\u00e1lni szeretn\u00e9 munkak\u00f6rnyezet\u00e9t, az OberA t\u00e1mogatja \u00d6nt. Fedezze fel szak\u00e9rtelm\u00fcnket, \u00e9lvonalbeli megold\u00e1sainkat \u00e9s a leveg\u0151min\u0151s\u00e9g jav\u00edt\u00e1sa ir\u00e1nti elk\u00f6telezetts\u00e9g\u00fcnket. Egy\u00fctt eg\u00e9szs\u00e9gesebb \u00e9s produkt\u00edvabb munkak\u00f6rnyezetet hozhatunk l\u00e9tre.  <\/p>\n\n<p>Vegye fel vel\u00fcnk m\u00e9g ma a kapcsolatot, hogy megbesz\u00e9lj\u00fck egyedi ig\u00e9nyeit, \u00e9s megtudja, hogyan jav\u00edthatja az OberA a leveg\u0151 min\u0151s\u00e9g\u00e9t az \u00d6n v\u00e1llalkoz\u00e1s\u00e1ban.<\/p>\n\n<div class=\"wp-block-buttons is-horizontal is-content-justification-center is-layout-flex wp-container-core-buttons-is-layout-03627597 wp-block-buttons-is-layout-flex\">\n<div class=\"wp-block-button\"><a class=\"wp-block-button__link wp-element-button\" href=\"https:\/\/obera.fr\/contact\/\">Tudjon meg t\u00f6bbet<\/a><\/div>\n<\/div>\n\n<div style=\"height:30px\" aria-hidden=\"true\" class=\"wp-block-spacer\"><\/div>\n\n<p>Fedezze fel h\u0171s\u00e9ges <a href=\"https:\/\/obera.fr\/decouvrir\/nos-clients\/\" data-type=\"page\" data-id=\"743\">\u00fcgyfeleinket<\/a>.<\/p>\n\n<p><\/p>\n","protected":false},"excerpt":{"rendered":"<p>Szlogen\u00fcnk: &#8222;OberA, garant\u00e1lja az \u00d6n v\u00e1llalat\u00e1nak leveg\u0151min\u0151s\u00e9g\u00e9t!&#8221; Az elz\u00e1szi sz\u00e9khely\u0171 OberA az ipari leveg\u0151kezel\u00e9s szak\u00e9rt\u0151je. A tervez\u00e9st\u0151l a gy\u00e1rt\u00e1sig \u00e9s a forgalmaz\u00e1sig jelenl\u00e9t\u00fcnk kiterjed Franciaorsz\u00e1g \u00e9s Eur\u00f3pa eg\u00e9sz ter\u00fclet\u00e9re. Az \u00d6n ig\u00e9nyeire szabott, \u00f6kol\u00f3giai \u00e9s gazdas\u00e1gos megold\u00e1sainkkal eg\u00e9szs\u00e9ges munkak\u00f6rnyezetet teremthet\u00fcnk, amely jav\u00edtja a munkak\u00f6r\u00fclm\u00e9nyeket \u00e9s n\u00f6veli a v\u00e1llalat termel\u00e9kenys\u00e9g\u00e9t. K\u00fcldet\u00e9s\u00fcnk Az OberA az ipari leveg\u0151kezel\u00e9s specialist\u00e1jak\u00e9nt garant\u00e1lja \u00d6nnek az eg\u00e9szs\u00e9ges munkak\u00f6rnyezetet, el\u0151seg\u00edti az optim\u00e1lis munkak\u00f6r\u00fclm\u00e9nyeket \u00e9s hozz\u00e1j\u00e1rul v\u00e1llalata termel\u00e9kenys\u00e9g\u00e9nek jav\u00edt\u00e1s\u00e1hoz. Az \u00d6n leveg\u0151min\u0151s\u00e9g-garanci\u00e1ja A leveg\u0151min\u0151s\u00e9g jav\u00edt\u00e1sa a jobb eg\u00e9szs\u00e9g \u00e9s termel\u00e9kenys\u00e9g \u00e9rdek\u00e9ben Az OberA-n\u00e1l tudjuk, mennyire fontos, hogy eg\u00e9szs\u00e9ges k\u00f6rnyezetben dolgozzunk. Ez\u00e9rt fejlesztett\u00fcnk ki hat\u00e9kony \u00e9s innovat\u00edv megold\u00e1sokat a tiszta &#8230; <\/p>\n<p class=\"read-more-container\"><a title=\"Fedezze fel az OberA-t\" class=\"read-more button\" href=\"https:\/\/obera.fr\/hu\/decouvrir\/#more-100128\" aria-label=\"Read more about Fedezze fel az OberA-t\">Lire la suite<\/a><\/p>\n","protected":false},"author":4,"featured_media":84814,"parent":0,"menu_order":0,"comment_status":"closed","ping_status":"closed","template":"","meta":{"_acf_changed":false,"_seopress_robots_primary_cat":"","_seopress_titles_title":"D\u00e9couvrir oberA : La solution compl\u00e8te pour votre entreprise.","_seopress_titles_desc":"En savoir plus sur oberA, notre mission, nos m\u00e9tiers, notre m\u00e9thodologie et nos implantations g\u00e9ographiques.","_seopress_robots_index":"","footnotes":""},"class_list":{"0":"post-100128","1":"page","2":"type-page","3":"status-publish","4":"has-post-thumbnail","6":"no-featured-image-padding","7":"resize-featured-image"},"acf":[],"_links":{"self":[{"href":"https:\/\/obera.fr\/hu\/wp-json\/wp\/v2\/pages\/100128","targetHints":{"allow":["GET"]}}],"collection":[{"href":"https:\/\/obera.fr\/hu\/wp-json\/wp\/v2\/pages"}],"about":[{"href":"https:\/\/obera.fr\/hu\/wp-json\/wp\/v2\/types\/page"}],"author":[{"embeddable":true,"href":"https:\/\/obera.fr\/hu\/wp-json\/wp\/v2\/users\/4"}],"replies":[{"embeddable":true,"href":"https:\/\/obera.fr\/hu\/wp-json\/wp\/v2\/comments?post=100128"}],"version-history":[{"count":7,"href":"https:\/\/obera.fr\/hu\/wp-json\/wp\/v2\/pages\/100128\/revisions"}],"predecessor-version":[{"id":124563,"href":"https:\/\/obera.fr\/hu\/wp-json\/wp\/v2\/pages\/100128\/revisions\/124563"}],"wp:featuredmedia":[{"embeddable":true,"href":"https:\/\/obera.fr\/hu\/wp-json\/wp\/v2\/media\/84814"}],"wp:attachment":[{"href":"https:\/\/obera.fr\/hu\/wp-json\/wp\/v2\/media?parent=100128"}],"curies":[{"name":"wp","href":"https:\/\/api.w.org\/{rel}","templated":true}]}}