{"id":117570,"date":"2020-08-26T12:35:06","date_gmt":"2020-08-26T10:35:06","guid":{"rendered":"https:\/\/obera.fr\/produits\/depoussiereurs-industriels\/petits\/"},"modified":"2026-02-06T13:18:19","modified_gmt":"2026-02-06T11:18:19","slug":"petits","status":"publish","type":"page","link":"https:\/\/obera.fr\/hu\/produits\/depoussiereurs-industriels\/petits\/","title":{"rendered":"Kis ipari porlev\u00e1laszt\u00f3k"},"content":{"rendered":"\n\n<h2 class=\"wp-block-heading\">Mi az a kis ipari porlev\u00e1laszt\u00f3?<\/h2>\n\n<p>A kis porlev\u00e1laszt\u00f3 \u00e1ltal\u00e1ban egy <strong>kis l\u00e9gkezel\u0151 egys\u00e9g, amelynek sz\u00edv\u00f3teljes\u00edtm\u00e9nye 80 m3\/h \u00e9s 500 m3\/h k\u00f6z\u00f6tt van<\/strong>. Ezek a porlev\u00e1laszt\u00f3k \u00e1ltal\u00e1ban alacsony zajszint\u0171ek, mobilak \u00e9s k\u00f6nnyen mozgathat\u00f3k, \u00e9s \u00e1ltal\u00e1ban egyetlen gy\u00e1rt\u00f3g\u00e9p elsz\u00edv\u00e1s\u00e1ra alkalmasak. Ezek a kompakt porlev\u00e1laszt\u00f3k tel\u00edtett sz\u0171r\u0151k\u00f6zeggel (az ePUR ex 1000\/3000 eset\u00e9ben) vagy k\u00e9zzel elt\u00e1vol\u00edthat\u00f3 sz\u0171r\u0151vel vannak felszerelve.  <\/p>\n\n<p>A kis porlev\u00e1laszt\u00f3k alacsony vagy k\u00f6zepes portartalm\u00fa leveg\u0151 \u00f6sszegy\u0171jt\u00e9s\u00e9re szolg\u00e1lnak. Ezek a porlev\u00e1laszt\u00f3k a l\u00e9zergrav\u00edroz\u00f3 g\u00e9pek, hegeszt\u0151\u00e1llom\u00e1sok \u00e9s kis m\u00e9r\u0151\u00e1llom\u00e1sok <strong>por\u00e1t \u00e9s f\u00fcstj\u00e9t gy\u0171jtik be<\/strong>. A regenerat\u00edv sz\u0171r\u0151kkel felszerelt porlev\u00e1laszt\u00f3k finom, sz\u00e1raz porokhoz alkalmasak, \u00e9s porvisszatart\u00f3 t\u00e1lc\u00e1val rendelkeznek, amely zs\u00e1kkal szerelhet\u0151 fel. Ez a zs\u00e1k lehet\u0151v\u00e9 teszi az \u00f6sszegy\u0171jt\u00f6tt por egyszer\u0171 \u00e9s tiszta ki\u00fcr\u00edt\u00e9s\u00e9t.     <\/p>\n\n<p>A <a href=\"https:\/\/obera.fr\/hu\/produits\/depoussiereurs-industriels\/\" data-type=\"page\" data-id=\"31\">porelsz\u00edv\u00f3 modellek<\/a> tel\u00edt\u0151d\u0151 sz\u0171r\u0151kkel felszerelve (az <a href=\"https:\/\/obera.fr\/hu\/produits\/depoussiereurs-industriels\/petits\/aspiration-fumees-soudage-laser-epur-b-ex\/\" data-type=\"page\" data-id=\"480\">ePUR ex<\/a> modell) minden t\u00edpus\u00fa por \u00e9s f\u00fcst kis mennyis\u00e9gben t\u00f6rt\u00e9n\u0151 kezel\u00e9s\u00e9re alkalmasak. Maga a sz\u0171r\u0151 tartja vissza \u00e9s t\u00e1rolja a port. Amikor a sz\u0171r\u0151 megtelik, egy erre a c\u00e9lra szolg\u00e1l\u00f3 zs\u00e1kba kell \u00fcr\u00edteni. A sz\u0171r\u0151anyagok k\u00f6nnyen hozz\u00e1f\u00e9rhet\u0151k minden kis porelsz\u00edv\u00f3 modell\u00fcnk\u00f6n, \u00e9s k\u00f6nnyen cser\u00e9lhet\u0151k. Ezek a porelsz\u00edv\u00f3k k\u00e9pesek felfogni a <strong>csiszol\u00e1si port<\/strong>, a <strong>homokf\u00fav\u00e1si port<\/strong>, valamint az <strong>adagol\u00f3-<\/strong> \u00e9s <strong>m\u00e9r\u0151\u00e1llom\u00e1sokon<\/strong> jelenl\u00e9v\u0151 port.<\/p>\n\n<h2 class=\"wp-block-heading\">Fedezze fel kis kompakt porlev\u00e1laszt\u00f3inkat:<\/h2>\n\n<p><\/p>\n\n<p><\/p>\n\n<div class=\"wp-block-columns is-layout-flex wp-container-core-columns-is-layout-28f84493 wp-block-columns-is-layout-flex\">\n<div class=\"wp-block-column is-layout-flow wp-block-column-is-layout-flow\">\n<h3 class=\"wp-block-heading has-text-align-center\">TK SERIES<\/h3>\n\n\n\n<figure class=\"wp-block-image aligncenter size-full is-resized\"><a href=\"https:\/\/obera.fr\/hu\/produits\/depoussiereurs-industriels\/petits\/tk-serie\/\"><img decoding=\"async\" width=\"600\" height=\"600\" src=\"https:\/\/obera.fr\/wp-content\/uploads\/2020\/11\/tk-series.jpg\" alt=\"Laborat&#xF3;rium - laborat&#xF3;riumi berendez&#xE9;sek\" class=\"wp-image-1607\" style=\"width:300px;height:300px\" srcset=\"https:\/\/obera.fr\/wp-content\/uploads\/2020\/11\/tk-series.jpg 600w, https:\/\/obera.fr\/wp-content\/uploads\/2020\/11\/tk-series-300x300.jpg 300w, https:\/\/obera.fr\/wp-content\/uploads\/2020\/11\/tk-series-150x150.jpg 150w\" sizes=\"(max-width: 600px) 100vw, 600px\" \/><\/a><figcaption class=\"wp-element-caption\">TK Serie<\/figcaption><\/figure>\n\n\n\n<p><a href=\"https:\/\/obera.fr\/hu\/produits\/depoussiereurs-industriels\/petits\/tk-serie\/\" data-type=\"page\" data-id=\"1589\">TK sorozat\u00fa<\/a> porlev\u00e1laszt\u00f3k<strong> <\/strong>kompakt porelsz\u00edv\u00f3k, amelyeket kis mennyis\u00e9g\u0171 por elsz\u00edv\u00e1s\u00e1ra terveztek kisl\u00e9pt\u00e9k\u0171 vagy ipari alkalmaz\u00e1sokhoz, \u00e9s k\u00f6zvetlen\u00fcl a termel\u0151g\u00e9pekhez csatlakoztathat\u00f3k a por forr\u00e1sn\u00e1l t\u00f6rt\u00e9n\u0151 elsz\u00edv\u00e1s\u00e1hoz. A k\u00e9sz\u00fcl\u00e9k ide\u00e1lis id\u0151szakos haszn\u00e1latra. Ezek a k\u00e9sz\u00fcl\u00e9kek hat\u00e9konyan alkalmasak a durva f\u00e9mpor kezel\u00e9s\u00e9re, k\u00fcl\u00f6n\u00f6sen az \u00e9kszeriparban a f\u00e9mcsiszol\u00e1sb\u00f3l sz\u00e1rmaz\u00f3 f\u00e9mpor kezel\u00e9s\u00e9re. M\u00e9ret\u00e9nek \u00e9s k\u00f6nny\u0171 s\u00faly\u00e1nak k\u00f6sz\u00f6nhet\u0151en nagyon egyszer\u0171en haszn\u00e1lhat\u00f3 \u00e9s k\u00f6nnyen mozgathat\u00f3.     <\/p>\n\n\n\n<p>A kis <strong>TK 4<\/strong> porlev\u00e1laszt\u00f3 maxim\u00e1lis \u00e1raml\u00e1si sebess\u00e9ge 300 m3\/h, a kis TK 6 porlev\u00e1laszt\u00f3\u00e9 pedig 450 m3\/h. A megtiszt\u00edtott leveg\u0151 k\u00f6zvetlen\u00fcl a munkater\u00fcletre ker\u00fcl. <\/p>\n<\/div>\n\n\n\n<div class=\"wp-block-column is-layout-flow wp-block-column-is-layout-flow\">\n<h3 class=\"wp-block-heading has-text-align-center\">EPUR Ex 1000-3000-5000<\/h3>\n\n\n\n<figure class=\"wp-block-image aligncenter size-medium is-resized\"><a href=\"https:\/\/obera.fr\/hu\/produits\/depoussiereurs-industriels\/petits\/aspiration-fumees-soudage-laser-epur-b-ex\/\"><img decoding=\"async\" width=\"300\" height=\"300\" src=\"https:\/\/obera.fr\/wp-content\/uploads\/2023\/10\/epurb-ex-1000-3000-5000-300x300.png\" alt=\"oberA epur b ex 1000 3000 5000\" class=\"wp-image-25016\" style=\"width:298px;height:auto\" srcset=\"https:\/\/obera.fr\/wp-content\/uploads\/2023\/10\/epurb-ex-1000-3000-5000-300x300.png 300w, https:\/\/obera.fr\/wp-content\/uploads\/2023\/10\/epurb-ex-1000-3000-5000-150x150.png 150w, https:\/\/obera.fr\/wp-content\/uploads\/2023\/10\/epurb-ex-1000-3000-5000.png 600w\" sizes=\"(max-width: 300px) 100vw, 300px\" \/><\/a><figcaption class=\"wp-element-caption\">EPUR EX 1000-3000-5000<\/figcaption><\/figure>\n\n\n\n<p>Az <a href=\"https:\/\/obera.fr\/hu\/produits\/depoussiereurs-industriels\/petits\/aspiration-fumees-soudage-laser-epur-b-ex\/\" data-type=\"page\" data-id=\"480\">EPUR Ex 1000-3000-5000 porlev\u00e1laszt\u00f3k<\/a> sorozata<strong> <\/strong>tel\u00edt\u00e9si sz\u0171r\u0151k\u00f6zeggel felszerelt mobil elsz\u00edv\u00f3egys\u00e9gek. K\u00fcl\u00f6n\u00f6sen alkalmasak hegeszt\u00e9si \u00e9s forraszt\u00e1si f\u00fcst, por, g\u0151z\u00f6k, old\u00f3szerek \u00e9s g\u00e1zok elsz\u00edv\u00e1s\u00e1ra. Ezek a rendk\u00edv\u00fcl sokoldal\u00fa porelsz\u00edv\u00f3k h\u00e1rom sz\u0171r\u00e9si fokozatuknak k\u00f6sz\u00f6nhet\u0151en gyakorlatilag b\u00e1rmilyen ipari \u00e1gazathoz alkalmazhat\u00f3k. \u00c9rint\u0151k\u00e9perny\u0151n kereszt\u00fcl vagy t\u00e1volr\u00f3l vez\u00e9relhet\u0151ek a kiv\u00e1l\u00f3 kezelhet\u0151s\u00e9g \u00e9rdek\u00e9ben. Csendes \u00e9s nagy teljes\u00edtm\u00e9ny\u0171, ak\u00e1r h\u00e1rom kis munka\u00e1llom\u00e1st vagy termel\u0151g\u00e9pet is porsz\u00edv\u00f3zhat.    <\/p>\n\n\n\n<p>Ezek a porlev\u00e1laszt\u00f3k ATEX-z\u00f3n\u00e1kban val\u00f3 haszn\u00e1latra alkalmasak.  <\/p>\n\n\n\n<p>Ezen egys\u00e9gek el\u0151nye, hogy nagy sz\u00edv\u00f3teljes\u00edtm\u00e9nyt (ak\u00e1r 10 000 Pa v\u00e1kuumot) ny\u00fajtanak, \u00e9s teljes m\u00e9rt\u00e9kben konfigur\u00e1lhat\u00f3k. Val\u00f3j\u00e1ban k\u00e9t vagy h\u00e1rom sz\u0171r\u00e9si fokozattal rendelkeznek, amelyek sz\u0171r\u0151anyaga teljes m\u00e9rt\u00e9kben a por finoms\u00e1g\u00e1hoz \u00e9s vesz\u00e9lyess\u00e9g\u00e9hez igaz\u00edthat\u00f3 (a sz\u0171r\u00e9si fokozatok a G4-t\u0151l a HEPA 14-ig terjednek). Lehet\u0151s\u00e9g van egy kifejezetten a g\u00e1znem\u0171 szennyez\u0151 anyagok kezel\u00e9s\u00e9re tervezett akt\u00edvszenes fokozat kiv\u00e1laszt\u00e1s\u00e1ra is. Elektronikusan kommut\u00e1lt motorral az \u00e1raml\u00e1si sebess\u00e9g 0 \u00e9s 100 sz\u00e1zal\u00e9k k\u00f6z\u00f6tt is v\u00e1ltoztathat\u00f3. A sz\u0171r\u0151k tiszt\u00e1n \u00e9s biztons\u00e1gosan cser\u00e9lhet\u0151k a rendelkez\u00e9sre \u00e1ll\u00f3 cserek\u00e9szlet seg\u00edts\u00e9g\u00e9vel, amely a k\u00f6vetkez\u0151ket tartalmazza: sz\u0171r\u0151fed\u00e9l, eldobhat\u00f3 l\u00e9gmentes zs\u00e1k, egy\u00e9ni v\u00e9d\u0151maszk \u00e9s eldobhat\u00f3 keszty\u0171.    <\/p>\n<\/div>\n<\/div>\n\n<p><\/p>\n\n<p><\/p>\n\n<div class=\"wp-block-columns is-layout-flex wp-container-core-columns-is-layout-28f84493 wp-block-columns-is-layout-flex\">\n<div class=\"wp-block-column is-layout-flow wp-block-column-is-layout-flow\">\n<h3 class=\"wp-block-heading has-text-align-center\"><strong>SRF-T<\/strong><\/h3>\n\n\n\n<div class=\"wp-block-columns is-layout-flex wp-container-core-columns-is-layout-28f84493 wp-block-columns-is-layout-flex\">\n<div class=\"wp-block-column is-layout-flow wp-block-column-is-layout-flow\">\n<figure class=\"wp-block-image aligncenter size-large is-resized\"><a href=\"https:\/\/obera.fr\/hu\/produits\/depoussiereurs-industriels\/petits\/srf-t\/\"><img decoding=\"async\" width=\"600\" height=\"600\" src=\"https:\/\/obera.fr\/wp-content\/uploads\/2020\/10\/SRF-T-SF.png\" alt=\"F&#xFC;st - Porgy&#x171;jt&#x151;\" class=\"wp-image-1310\" style=\"width:259px;height:259px\" srcset=\"https:\/\/obera.fr\/wp-content\/uploads\/2020\/10\/SRF-T-SF.png 600w, https:\/\/obera.fr\/wp-content\/uploads\/2020\/10\/SRF-T-SF-300x300.png 300w, https:\/\/obera.fr\/wp-content\/uploads\/2020\/10\/SRF-T-SF-150x150.png 150w\" sizes=\"(max-width: 600px) 100vw, 600px\" \/><\/a><figcaption class=\"wp-element-caption\">SRF-T<\/figcaption><\/figure>\n<\/div>\n<\/div>\n\n\n\n<p>Az <a href=\"https:\/\/obera.fr\/hu\/produits\/depoussiereurs-industriels\/petits\/srf-t\/\">SRF T egy hordozhat\u00f3 egys\u00e9g<\/a>, amelyet <strong>hegeszt\u00e9si f\u00fcst\u00f6k elsz\u00edv\u00e1s\u00e1ra \u00e9s kivon\u00e1s\u00e1ra<\/strong> terveztek. Er\u0151s l\u00e9gritk\u00edt\u00e1ssal rendelkezik, \u00edgy k\u00f6zvetlen\u00fcl a hegeszt\u0151pisztolyokhoz csatlakoztathat\u00f3 a forr\u00e1sn\u00e1l t\u00f6rt\u00e9n\u0151 kezel\u00e9s \u00e9rdek\u00e9ben.<\/p>\n\n\n\n<p>T\u00f6bb modell is rendelkez\u00e9sre \u00e1ll, k\u00f6zt\u00fck az <strong>SRF T-2<\/strong>, amely egy kivon\u00f3 kart csatlakoztat, \u00e9s az <strong>SRF T-4<\/strong>, amely ak\u00e1r k\u00e9t kart is \u00f6sszekapcsol.  <\/p>\n\n\n\n<p>Ez a k\u00e9sz\u00fcl\u00e9k k\u00fcl\u00f6n\u00f6sen j\u00f3l alkalmazhat\u00f3 p\u00e9ld\u00e1ul haj\u00f3gy\u00e1rakn\u00e1l, kis alkatr\u00e9szek hegeszt\u0151\u00e1llom\u00e1sain\u00e1l \u00e9s aut\u00f3ipari gy\u00e1rt\u00f3\u00fczemekben. A sz\u0171r\u0151bet\u00e9tek tiszt\u00edthat\u00f3k \u00e9s \u00fajrafelhaszn\u00e1lhat\u00f3k. <\/p>\n<\/div>\n\n\n\n<div class=\"wp-block-column is-layout-flow wp-block-column-is-layout-flow\">\n<h3 class=\"wp-block-heading has-text-align-center\"><strong>JUMBO<\/strong><\/h3>\n\n\n\n<figure class=\"wp-block-image aligncenter size-large is-resized\"><a href=\"https:\/\/obera.fr\/hu\/produits\/depoussiereurs-industriels\/petits\/jumbo\/\"><img decoding=\"async\" width=\"500\" height=\"500\" src=\"https:\/\/obera.fr\/wp-content\/uploads\/2020\/12\/Jumbo2.png\" alt=\"Jumbo2\" class=\"wp-image-3839\" style=\"width:256px;height:auto\" srcset=\"https:\/\/obera.fr\/wp-content\/uploads\/2020\/12\/Jumbo2.png 500w, https:\/\/obera.fr\/wp-content\/uploads\/2020\/12\/Jumbo2-300x300.png 300w, https:\/\/obera.fr\/wp-content\/uploads\/2020\/12\/Jumbo2-150x150.png 150w\" sizes=\"(max-width: 500px) 100vw, 500px\" \/><\/a><figcaption class=\"wp-element-caption\"><a href=\"https:\/\/obera.fr\/hu\/produits\/depoussiereurs-industriels\/petits\/jumbo\/\">JUMBO<\/a><\/figcaption><\/figure>\n\n\n\n<p>A <a href=\"https:\/\/obera.fr\/hu\/produits\/depoussiereurs-industriels\/petits\/jumbo\/\">Jumbo <\/a>egy kism\u00e9ret\u0171, \u00e1tfog\u00f3 porlev\u00e1laszt\u00f3, amely <strong>sz\u00e1mos alkalmaz\u00e1shoz igaz\u00edthat\u00f3.<\/strong> R\u00e1ad\u00e1sul 170 m3\/h \u00e1raml\u00e1si sebess\u00e9g\u00e9nek \u00e9s 2800 Pa v\u00e1kuum\u00e1nak k\u00f6sz\u00f6nhet\u0151en 1-2 munkahelyet is el tud porsz\u00edv\u00f3zni.<\/p>\n\n\n\n<p>Ez a kis porlev\u00e1laszt\u00f3 k\u00fcl\u00f6n\u00f6sen alkalmas <strong>finom \u00e9s durva por<\/strong>, valamint <strong>f\u00fcst\u00f6k, g\u0151z\u00f6k \u00e9s szagok<\/strong> elsz\u00edv\u00e1s\u00e1ra <strong>.<\/strong><\/p>\n\n\n\n<p>Nagyon<strong> kev\u00e9s<\/strong> helyet foglal el, \u00e9s nagyon kev\u00e9s energi\u00e1t fogyaszt. T\u00f6bb csukl\u00f3val felszerelve k\u00fcl\u00f6nb\u00f6z\u0151 poz\u00edci\u00f3kban k\u00e9pes porsz\u00edv\u00f3zni, \u00e9s<strong> b\u00e1rmilyen helyzethez alkalmazkodni<\/strong>. <\/p>\n<\/div>\n<\/div>\n\n<div class=\"wp-block-buttons is-horizontal is-content-justification-center is-layout-flex wp-container-core-buttons-is-layout-03627597 wp-block-buttons-is-layout-flex\">\n<div class=\"wp-block-button\"><a class=\"wp-block-button__link wp-element-button\" href=\"https:\/\/obera.fr\/contact\/\">Tudjon meg t\u00f6bbet<\/a><\/div>\n<\/div>\n\n<div style=\"height:45px\" aria-hidden=\"true\" class=\"wp-block-spacer\"><\/div>\n\n<div class=\"wp-block-columns is-layout-flex wp-container-core-columns-is-layout-28f84493 wp-block-columns-is-layout-flex\">\n<div class=\"wp-block-column is-layout-flow wp-block-column-is-layout-flow\" style=\"flex-basis:60%\">\n<h3 class=\"wp-block-heading\">B\u00e9reljen azonnal haszn\u00e1lhat\u00f3 kis porelsz\u00edv\u00f3kat<\/h3>\n\n\n\n<p>N\u00f6velje <strong>reakci\u00f3k\u00e9pess\u00e9g\u00e9t az OberA kis porelsz\u00edv\u00f3k b\u00e9rl\u00e9s\u00e9vel<\/strong>. Kompaktak, mobilak \u00e9s alacsony zajszint\u0171ek, a forr\u00e1shoz a lehet\u0151 legk\u00f6zelebb telep\u00edthet\u0151k l\u00e9zergrav\u00edroz\u00f3 \u00e1llom\u00e1sok, hegeszt\u00e9s, m\u00e9r\u00e9s\/adagol\u00e1s vagy kis g\u00e9pek kezel\u00e9s\u00e9re. A felhaszn\u00e1l\u00e1st\u00f3l f\u00fcgg\u0151en a megfelel\u0151 modell ker\u00fcl bevet\u00e9sre: TK Series (\u2248300\u2013450 m\u00b3\/h) szakaszos ig\u00e9nyekre, JUMBO (170 m\u00b3\/h) 1\u20132 \u00e1llom\u00e1shoz, SRF-T hegeszt\u00e9si f\u00fcst\u00f6kh\u00f6z (pisztolycsatlakoz\u00e1s), vagy EPUR EX 1000\u20133000\u20135000 egy <strong>t\u00f6bbl\u00e9pcs\u0151s konfigur\u00e1ci\u00f3hoz<\/strong>. ATEX verzi\u00f3k is el\u00e9rhet\u0151k.   <\/p>\n\n\n\n<p><\/p>\n\n\n\n<p>Szerz\u0151d\u00e9seink rugalmasak (r\u00f6vid\/hossz\u00fa t\u00e1v\u00fa, t\u00f6bb telephelyes) <strong>karbantart\u00e1ssal egy\u00fctt<\/strong>. G4-t\u0151l HEPA 14-ig konfigur\u00e1lhat\u00f3 sz\u0171r\u00e9s, akt\u00edv sz\u00e9n g\u00e1zokhoz\/szagokhoz, ak\u00e1r 10 000 Pa depresszi\u00f3 \u00e9s \u00e1raml\u00e1si sebess\u00e9g v\u00e1ltoztat\u00e1s a <strong>folyamataihoz val\u00f3 alkalmazkod\u00e1shoz<\/strong>. V\u00e1s\u00e1rl\u00e1si opci\u00f3 is lehets\u00e9ges a b\u00e9rleti d\u00edjak levon\u00e1s\u00e1val.  <\/p>\n\n\n\n<p><\/p>\n\n\n\n<div class=\"wp-block-buttons is-content-justification-center is-layout-flex wp-container-core-buttons-is-layout-a89b3969 wp-block-buttons-is-layout-flex\">\n<div class=\"wp-block-button\"><a class=\"wp-block-button__link wp-element-button\" href=\"https:\/\/obera.fr\/hu\/location-sans-engagement\/\">B\u00e9reljen kis porelsz\u00edv\u00f3t most<\/a><\/div>\n<\/div>\n<\/div>\n\n\n\n<div class=\"wp-block-column is-vertically-aligned-center is-layout-flow wp-block-column-is-layout-flow\" style=\"flex-basis:30%\">\n<figure class=\"wp-block-image aligncenter size-full\"><img decoding=\"async\" width=\"300\" height=\"300\" src=\"https:\/\/obera.fr\/wp-content\/uploads\/2022\/11\/petits-depoussiereurs.png\" alt=\"kis porelsz&#xED;v&#xF3;k\" class=\"wp-image-16146\" srcset=\"https:\/\/obera.fr\/wp-content\/uploads\/2022\/11\/petits-depoussiereurs.png 300w, https:\/\/obera.fr\/wp-content\/uploads\/2022\/11\/petits-depoussiereurs-150x150.png 150w\" sizes=\"(max-width: 300px) 100vw, 300px\" \/><\/figure>\n<\/div>\n<\/div>\n\n<div style=\"height:45px\" aria-hidden=\"true\" class=\"wp-block-spacer\"><\/div>\n\n<hr class=\"wp-block-separator has-css-opacity\"\/>\n\n<div class=\"wp-block-group is-layout-flow wp-block-group-is-layout-flow\">\n<h2 class=\"wp-block-heading\">Az oberA ipari porlev\u00e1laszt\u00f3k egy\u00e9b term\u00e9kcsal\u00e1djai<\/h2>\n\n\n\n<div class=\"wp-block-buttons is-content-justification-center is-layout-flex wp-container-core-buttons-is-layout-a89b3969 wp-block-buttons-is-layout-flex\">\n<div class=\"wp-block-button\"><a class=\"wp-block-button__link wp-element-button\" href=\"https:\/\/obera.fr\/hu\/produits\/depoussiereurs-industriels\/mobiles\/\">mobil porlev\u00e1laszt\u00f3k  <\/a><\/div>\n\n\n\n<div class=\"wp-block-button\"><a class=\"wp-block-button__link wp-element-button\" href=\"https:\/\/obera.fr\/hu\/produits\/depoussiereurs-industriels\/fixes\/\"> Fix <strong>porlev\u00e1laszt\u00f3k<\/strong><\/a><\/div>\n<\/div>\n<\/div>\n\n<p><\/p>\n","protected":false},"excerpt":{"rendered":"<p>Mi az a kis ipari porlev\u00e1laszt\u00f3? A kis porlev\u00e1laszt\u00f3 \u00e1ltal\u00e1ban egy kis l\u00e9gkezel\u0151 egys\u00e9g, amelynek sz\u00edv\u00f3teljes\u00edtm\u00e9nye 80 m3\/h \u00e9s 500 m3\/h k\u00f6z\u00f6tt van. Ezek a porlev\u00e1laszt\u00f3k \u00e1ltal\u00e1ban alacsony zajszint\u0171ek, mobilak \u00e9s k\u00f6nnyen mozgathat\u00f3k, \u00e9s \u00e1ltal\u00e1ban egyetlen gy\u00e1rt\u00f3g\u00e9p elsz\u00edv\u00e1s\u00e1ra alkalmasak. Ezek a kompakt porlev\u00e1laszt\u00f3k tel\u00edtett sz\u0171r\u0151k\u00f6zeggel (az ePUR ex 1000\/3000 eset\u00e9ben) vagy k\u00e9zzel elt\u00e1vol\u00edthat\u00f3 sz\u0171r\u0151vel vannak felszerelve. A kis porlev\u00e1laszt\u00f3k alacsony vagy k\u00f6zepes portartalm\u00fa leveg\u0151 \u00f6sszegy\u0171jt\u00e9s\u00e9re szolg\u00e1lnak. Ezek a porlev\u00e1laszt\u00f3k a l\u00e9zergrav\u00edroz\u00f3 g\u00e9pek, hegeszt\u0151\u00e1llom\u00e1sok \u00e9s kis m\u00e9r\u0151\u00e1llom\u00e1sok por\u00e1t \u00e9s f\u00fcstj\u00e9t gy\u0171jtik be. A regenerat\u00edv sz\u0171r\u0151kkel felszerelt porlev\u00e1laszt\u00f3k finom, sz\u00e1raz porokhoz alkalmasak, \u00e9s porvisszatart\u00f3 t\u00e1lc\u00e1val rendelkeznek, amely zs\u00e1kkal szerelhet\u0151 fel. Ez a &#8230; <\/p>\n<p class=\"read-more-container\"><a title=\"Kis ipari porlev\u00e1laszt\u00f3k\" class=\"read-more button\" href=\"https:\/\/obera.fr\/hu\/produits\/depoussiereurs-industriels\/petits\/#more-117570\" aria-label=\"Read more about Kis ipari porlev\u00e1laszt\u00f3k\">Lire la suite<\/a><\/p>\n","protected":false},"author":4,"featured_media":103620,"parent":68664,"menu_order":0,"comment_status":"closed","ping_status":"closed","template":"","meta":{"_acf_changed":false,"_seopress_robots_primary_cat":"","_seopress_titles_title":"Kis porlev\u00e1laszt\u00f3k EPUR B Ex, SRF-T zs\u00e1kos sz\u0171r\u0151k \u00e9s ePURBOX","_seopress_titles_desc":"A kis porlev\u00e1laszt\u00f3k kis l\u00e9gkezel\u0151 egys\u00e9gek. Ezek az ipari porlev\u00e1laszt\u00f3k csendesek, mobilak \u00e9s k\u00f6nnyen mozgathat\u00f3k. ","_seopress_robots_index":"","footnotes":""},"class_list":{"0":"post-117570","1":"page","2":"type-page","3":"status-publish","4":"has-post-thumbnail","6":"no-featured-image-padding","7":"resize-featured-image"},"acf":[],"_links":{"self":[{"href":"https:\/\/obera.fr\/hu\/wp-json\/wp\/v2\/pages\/117570","targetHints":{"allow":["GET"]}}],"collection":[{"href":"https:\/\/obera.fr\/hu\/wp-json\/wp\/v2\/pages"}],"about":[{"href":"https:\/\/obera.fr\/hu\/wp-json\/wp\/v2\/types\/page"}],"author":[{"embeddable":true,"href":"https:\/\/obera.fr\/hu\/wp-json\/wp\/v2\/users\/4"}],"replies":[{"embeddable":true,"href":"https:\/\/obera.fr\/hu\/wp-json\/wp\/v2\/comments?post=117570"}],"version-history":[{"count":7,"href":"https:\/\/obera.fr\/hu\/wp-json\/wp\/v2\/pages\/117570\/revisions"}],"predecessor-version":[{"id":141613,"href":"https:\/\/obera.fr\/hu\/wp-json\/wp\/v2\/pages\/117570\/revisions\/141613"}],"up":[{"embeddable":true,"href":"https:\/\/obera.fr\/hu\/wp-json\/wp\/v2\/pages\/68664"}],"wp:featuredmedia":[{"embeddable":true,"href":"https:\/\/obera.fr\/hu\/wp-json\/wp\/v2\/media\/103620"}],"wp:attachment":[{"href":"https:\/\/obera.fr\/hu\/wp-json\/wp\/v2\/media?parent=117570"}],"curies":[{"name":"wp","href":"https:\/\/api.w.org\/{rel}","templated":true}]}}