{"id":67714,"date":"2020-05-01T17:28:48","date_gmt":"2020-05-01T15:28:48","guid":{"rendered":"https:\/\/obera.fr\/mentions-legales\/"},"modified":"2026-03-04T11:53:08","modified_gmt":"2026-03-04T09:53:08","slug":"mentions-legales","status":"publish","type":"page","link":"https:\/\/obera.fr\/hu\/mentions-legales\/","title":{"rendered":"Jogi inform\u00e1ci\u00f3k"},"content":{"rendered":"\n<h2 class=\"wp-block-heading\" id=\"l-annonceur\">A hirdet\u0151<\/h2>\n\n<p>Ezt a weboldalt az oberA, 20 000 eur\u00f3s alapt\u0151k\u00e9vel, sz\u00e9khelye: 4 Rue Denis Papin 67400 Illkirch-Graffenstaden, sz\u00e9khelye: 67400 Illkirch-Graffenstaden, SIRET sz\u00e1ma: 832 913 487 00027, NAF k\u00f3d: 4674B, teszi k\u00f6zz\u00e9 \u00e9s bocs\u00e1tja az \u00d6n rendelkez\u00e9s\u00e9re.<\/p>\n\n<p>A weboldal c\u00e9lja, hogy inform\u00e1ci\u00f3kat ny\u00fajtson \u00d6nnek a hirdet\u0151r\u0151l, \u00e9s linkeket biztos\u00edtson k\u00fcl\u00f6nb\u00f6z\u0151 weboldalakra. A weboldal a hirdet\u0151 tulajdona.<\/p>\n\n<p>Ezt az oldalt a k\u00f6vetkez\u0151 t\u00e1rhelyszolg\u00e1ltat\u00f3 \u00fczemelteti: o2switch SAS 100 000 \u20ac t\u0151k\u00e9vel, C\u00edm: Chemin des Pardiaux, 63000 Clermont-Ferrand, SIRET: 510 909 807 00032 RCS Clermont Ferrand.<\/p>\n\n<h2 class=\"wp-block-heading\" id=\"respect-des-droits-de-propriete-et-marques\">A tulajdonjogok \u00e9s a v\u00e9djegyek tiszteletben tart\u00e1sa<\/h2>\n\n<p>A weboldalon l\u00e1that\u00f3, hallhat\u00f3 vagy olvashat\u00f3 \u00f6sszes elem, valamint maga a weboldal szerz\u0151i jogi t\u00f6rv\u00e9nyek v\u00e9delme alatt \u00e1ll. \u00d6n semmilyen k\u00f6r\u00fclm\u00e9nyek k\u00f6z\u00f6tt nem jogosult felhaszn\u00e1lni, terjeszteni, m\u00e1solni, sokszoros\u00edtani, m\u00f3dos\u00edtani, meghamis\u00edtani vagy tov\u00e1bb\u00edtani a weboldalt vagy annak elemeit, mint p\u00e9ld\u00e1ul sz\u00f6vegeket, k\u00e9peket vagy hangokat a hirdet\u0151 el\u0151zetes \u00edr\u00e1sbeli enged\u00e9lye n\u00e9lk\u00fcl. A weboldalon szerepl\u0151 m\u00e1rkanevek \u00e9s log\u00f3k a hirdet\u0151 tulajdon\u00e1t k\u00e9pezik, vagy felhaszn\u00e1l\u00e1suk enged\u00e9lyezett. Ezen elemekre semmilyen jog vagy licenc nem ruh\u00e1zhat\u00f3 \u00e1t a hirdet\u0151 vagy a weboldalon szerepl\u0151 m\u00e1rka vagy log\u00f3 jogtulajdonos\u00e1nak \u00edr\u00e1sbeli enged\u00e9lye n\u00e9lk\u00fcl. A hirdet\u0151 fenntartja a jogot, hogy szellemi tulajdonjogainak b\u00e1rmilyen megs\u00e9rt\u00e9se eset\u00e9n jogi l\u00e9p\u00e9seket tegyen, bele\u00e9rtve a b\u00fcntet\u0151jogi elj\u00e1r\u00e1st is.<\/p>\n\n<h2 class=\"wp-block-heading\" id=\"respect-des-images\">A k\u00e9pek tisztelete<\/h2>\n\n<p>A weboldalon szerepl\u0151 szem\u00e9lyekr\u0151l vagy helyekr\u0151l k\u00e9sz\u00fclt k\u00e9pek vagy f\u00e9nyk\u00e9pek a hirdet\u0151 tulajdon\u00e1t k\u00e9pezik \u00e9s\/vagy a hirdet\u0151 a jogtulajdonosok hozz\u00e1j\u00e1rul\u00e1s\u00e1val haszn\u00e1lja azokat. Ezen k\u00e9pek vagy f\u00e9nyk\u00e9pek felhaszn\u00e1l\u00e1sa a hirdet\u0151 k\u00fcl\u00f6n \u00e9s kifejezett enged\u00e9lye n\u00e9lk\u00fcl tilos. B\u00e1rmilyen jogosulatlan felhaszn\u00e1l\u00e1s szerz\u0151i jogok, k\u00e9pm\u00e1shoz val\u00f3 jogok, szem\u00e9lyis\u00e9gi jogok vagy a kommunik\u00e1ci\u00f3ra \u00e9s rekl\u00e1moz\u00e1sra vonatkoz\u00f3 egy\u00e9b szab\u00e1lyoz\u00e1sok megs\u00e9rt\u00e9s\u00e9t vonhatja maga ut\u00e1n.<\/p>\n\n<h3 class=\"wp-block-heading\">Hitelek<\/h3>\n\n<ul class=\"wp-block-list\">\n<li>Kezd\u0151lap design by <a href=\"https:\/\/pleaseagency.com\/\" data-type=\"link\" data-id=\"https:\/\/pleaseagency.com\/\">PLEASE CREATIVE AGENCY <\/a> <\/li>\n<\/ul>\n\n<h2 class=\"wp-block-heading\" id=\"mise-en-garde-generale\">\u00c1ltal\u00e1nos figyelmeztet\u00e9s<\/h2>\n\n<p>A hirdet\u0151 nem v\u00e1llal felel\u0151ss\u00e9get a weboldalhoz val\u00f3 hozz\u00e1f\u00e9r\u00e9sb\u0151l vagy annak haszn\u00e1lat\u00e1b\u00f3l ered\u0151 k\u00e1rok\u00e9rt, bele\u00e9rtve azokat a meghib\u00e1sod\u00e1sokat vagy v\u00edrusokat is, amelyek megfert\u0151zhetik sz\u00e1m\u00edt\u00f3g\u00e9pes berendez\u00e9s\u00e9t vagy b\u00e1rmely m\u00e1s tulajdon\u00e1t. B\u00e1r a hirdet\u0151 \u00e9sszer\u0171en t\u00f6rekszik a weboldalon k\u00f6zz\u00e9tett pontos inform\u00e1ci\u00f3k friss\u00edt\u00e9s\u00e9re, a hirdet\u0151 nem tehet\u0151 felel\u0151ss\u00e9 semmilyen hib\u00e1\u00e9rt vagy hi\u00e1nyoss\u00e1g\u00e9rt.<\/p>\n\n<h2 class=\"wp-block-heading\" id=\"exclusion-de-responsabilite-et-indemnisation\">Felel\u0151ss\u00e9g kiz\u00e1r\u00e1sa \u00e9s k\u00e1rt\u00e9r\u00edt\u00e9s<\/h2>\n\n<p>A hirdet\u0151 vagy b\u00e1rmely m\u00e1s, a weboldallal kapcsolatban elj\u00e1r\u00f3 f\u00e9l nem tehet\u0151 felel\u0151ss\u00e9 semmilyen k\u00f6zvetlen, k\u00f6zvetett vagy egy\u00e9b k\u00e1r\u00e9rt, amely a weboldalhoz val\u00f3 hozz\u00e1f\u00e9r\u00e9sb\u0151l, annak haszn\u00e1lat\u00e1b\u00f3l vagy az azon tal\u00e1lhat\u00f3 inform\u00e1ci\u00f3kb\u00f3l eredhet. \u00d6n k\u00e1rtalan\u00edtja, megv\u00e9di \u00e9s meg\u00f3vja a hirdet\u0151t \u00e9s le\u00e1nyv\u00e1llalatait, valamint annak igazgat\u00f3it, tiszts\u00e9gvisel\u0151it, alkalmazottait, k\u00e9pvisel\u0151it, licencbirtokosait vagy b\u00e1rkit, aki r\u00e9szt vesz a weboldal l\u00e9trehoz\u00e1s\u00e1ban, gy\u00e1rt\u00e1s\u00e1ban \u00e9s terjeszt\u00e9s\u00e9ben, minden olyan k\u00f6vetel\u00e9ssel, felel\u0151ss\u00e9ggel, k\u00f6lts\u00e9ggel \u00e9s kiad\u00e1ssal szemben, amely a jelen felhaszn\u00e1l\u00e1si felt\u00e9telek megs\u00e9rt\u00e9s\u00e9b\u0151l vagy a weboldal haszn\u00e1lat\u00e1val kapcsolatosan mer\u00fcl fel.<\/p>\n\n<h2 class=\"wp-block-heading\" id=\"informations-personnelles\">Szem\u00e9lyes inform\u00e1ci\u00f3k<\/h2>\n\n<p>A szem\u00e9lyes adatok meghat\u00e1roz\u00e1sa: &#8222;olyan inform\u00e1ci\u00f3k, amelyek b\u00e1rmilyen form\u00e1ban, k\u00f6zvetlen\u00fcl vagy k\u00f6zvetve lehet\u0151v\u00e9 teszik az \u00e9rintett term\u00e9szetes szem\u00e9lyek azonos\u00edt\u00e1s\u00e1t&#8221; (r\u00e9szlet az 1978. janu\u00e1r 6-i 78-17. sz. t\u00f6rv\u00e9ny 4. cikk\u00e9b\u0151l).<\/p>\n\n<p>P\u00e9ld\u00e1ul :<\/p>\n\n<ul class=\"wp-block-list\">\n<li>egy n\u00e9v,<\/li>\n\n\n\n<li>postai c\u00edm,<\/li>\n\n\n\n<li>telefonsz\u00e1m,<\/li>\n\n\n\n<li>egy e-mail c\u00edm.<\/li>\n<\/ul>\n\n<p>A s\u00fctiket a webhely automatikus konfigur\u00e1l\u00e1s\u00e1ra haszn\u00e1lj\u00e1k, amikor \u00d6n bejelentkezik, valamint az inform\u00e1ci\u00f3k el\u0151zetes kiv\u00e1laszt\u00e1s\u00e1ra.<\/p>\n\n<p>Ez azt jelenti, hogy a webhely konfigur\u00e1ci\u00f3ja az \u00d6n sz\u00e1m\u00edt\u00f3g\u00e9p\u00e9hez kapcsol\u00f3dik, \u00edgy mindenki, aki az \u00d6n sz\u00e1m\u00edt\u00f3g\u00e9p\u00e9t haszn\u00e1lja, ugyan\u00fagy konfigur\u00e1lt webhelyet kap.<\/p>\n\n<h2 class=\"wp-block-heading\" id=\"utilisation-de-vos-donnees-personnelles-communication-a-des-tiers\">Az \u00d6n szem\u00e9lyes adatainak felhaszn\u00e1l\u00e1sa &#8211; Harmadik f\u00e9llel val\u00f3 k\u00f6zl\u00e9s<\/h2>\n\n<p>A weboldal haszn\u00e1lat\u00e1val \u00d6n hozz\u00e1j\u00e1rul ahhoz, hogy weboldalunk felhaszn\u00e1lja az \u00d6nre vonatkoz\u00f3 szem\u00e9lyes adatokat, amelyeket \u00d6n k\u00f6z\u00f6lt, vagy amelyeket a weboldal m\u0171k\u00f6d\u00e9se sor\u00e1n gy\u0171jt\u00fcnk. Ezek az adatok sz\u00fcks\u00e9gesek ahhoz, hogy h\u00edrleveleket k\u00fcldhess\u00fcnk \u00d6nnek, \u00e9s lehet\u0151v\u00e9 tegy\u00fck, hogy ig\u00e9nybe vegye a weboldal \u00e1ltal k\u00edn\u00e1lt bizonyos szolg\u00e1ltat\u00e1sokat.<\/p>\n\n<p>Az 1978. janu\u00e1r 6-i t\u00f6rv\u00e9ny \u00e9rtelm\u00e9ben \u00d6n jogosult a gy\u0171jt\u00f6tt szem\u00e9lyes adataihoz val\u00f3 hozz\u00e1f\u00e9r\u00e9sre, azok helyesb\u00edt\u00e9s\u00e9re vagy azokkal szembeni tiltakoz\u00e1sra. Ezen jogok gyakorolhat\u00f3k e-mailben vagy a hirdet\u0151nek c\u00edmzett lev\u00e9lben.<\/p>\n\n<p>T\u00e1j\u00e9koztatjuk, hogy a weboldal m\u0171k\u00f6d\u00e9se sor\u00e1n automatikusan gy\u0171jt\u00fcnk inform\u00e1ci\u00f3kat, k\u00fcl\u00f6n\u00f6sen az \u00d6n sz\u00e1m\u00e1ra leg\u00e9rdekesebb oldalakr\u00f3l, annak \u00e9rdek\u00e9ben, hogy ezen inform\u00e1ci\u00f3k alapj\u00e1n elemz\u00e9seket \u00e9s statisztik\u00e1kat k\u00e9sz\u00edts\u00fcnk, jobban megismerve k\u00edv\u00e1ns\u00e1gait \u00e9s \u00e9rdekl\u0151d\u00e9si k\u00f6r\u00e9t. \u00cdgy, az al\u00e1bbiak figyelembev\u00e9tel\u00e9vel, c\u00e9lzott inform\u00e1ci\u00f3kat k\u00fcldhet\u00fcnk \u00d6nnek \u00e9rdekl\u0151d\u00e9si k\u00f6r\u00e9nek megfelel\u0151en. Ehhez s\u00fctiket (cookie-kat) is haszn\u00e1lhatunk.<\/p>\n\n<p>Az e-mail c\u00edm\u00e9t kiv\u00e9ve, az \u00edgy gy\u0171jt\u00f6tt szem\u00e9lyes adatokat tetsz\u00e9s\u00fcnk szerint k\u00f6z\u00f6lhetj\u00fck b\u00e1rmely harmadik f\u00e9llel, p\u00e9ld\u00e1ul szolg\u00e1ltat\u00f3inkkal vagy besz\u00e1ll\u00edt\u00f3inkkal, akik hozz\u00e1j\u00e1rulnak a k\u00edn\u00e1lt szolg\u00e1ltat\u00e1sok ny\u00fajt\u00e1s\u00e1hoz. Ezen inform\u00e1ci\u00f3k k\u00f6zl\u00e9se ezekkel a besz\u00e1ll\u00edt\u00f3kkal \u00e9s szolg\u00e1ltat\u00f3kkal sz\u00fcks\u00e9ges lehet a szolg\u00e1ltat\u00e1sok teljes\u00edt\u00e9s\u00e9hez. Kifejezetten tiltakozhat adatai harmadik felekkel val\u00f3 k\u00f6zl\u00e9se ellen, e-mailben \u00e9s\/vagy a hirdet\u0151nek c\u00edmzett lev\u00e9lben.<\/p>\n\n<h2 class=\"wp-block-heading\" id=\"concernant-votre-adresse-e-mail\">Az \u00d6n e-mail c\u00edm\u00e9vel kapcsolatban<\/h2>\n\n<p>E-mail c\u00edm\u00e9nek megad\u00e1s\u00e1val a hirdet\u0151 fenntartja a jogot, hogy e-mailben h\u00edrleveleket \u00e9s minden, term\u00e9keinkkel \u00e9s szolg\u00e1ltat\u00e1sainkkal kapcsolatos inform\u00e1ci\u00f3t k\u00fcldj\u00f6n \u00d6nnek. Ha nem k\u00edv\u00e1n ilyen \u00fczeneteket kapni, b\u00e1rmikor leiratkozhat az erre a c\u00e9lra szolg\u00e1l\u00f3 linken kereszt\u00fcl, amely minden h\u00edrlev\u00e9l k\u00fcld\u00e9sekor megtal\u00e1lhat\u00f3.<\/p>\n\n<p>Ezenk\u00edv\u00fcl e-mail c\u00edm\u00e9t harmadik feleknek is tov\u00e1bb\u00edthatjuk, akik e-mailben k\u00e9retlen, de az \u00d6n \u00e9rdekl\u0151d\u00e9s\u00e9re sz\u00e1mot tart\u00f3 \u00fczeneteket k\u00fcldhetnek \u00d6nnek. B\u00e1rmikor felveheti vel\u00fcnk a kapcsolatot, k\u00fcl\u00f6n\u00f6sen e-mailben, hogy k\u00e9rje e-mail c\u00edm\u00e9nek ilyen jelleg\u0171 tov\u00e1bb\u00edt\u00e1s\u00e1nak le\u00e1ll\u00edt\u00e1s\u00e1t.<\/p>\n\n<p>A francia t\u00f6rv\u00e9nyeknek megfelel\u0151en a hirdet\u0151 ezeket az inform\u00e1ci\u00f3kat b\u00e1rmely term\u00e9szetes vagy jogi szem\u00e9ly, illetve k\u00f6zigazgat\u00e1si szerv sz\u00e1m\u00e1ra \u00e1tadhatja, aki vagy amely ezt k\u00e9ri.<\/p>\n\n<p>V\u00e9g\u00fcl, a hirdet\u0151 a felhaszn\u00e1l\u00f3i adatokb\u00f3l (szem\u00e9lyes vagy nem szem\u00e9lyes adatokb\u00f3l) statisztikai elemz\u00e9seket k\u00e9sz\u00edt saj\u00e1t ig\u00e9nyei szerint. Mivel az ezen elemz\u00e9sekb\u0151l sz\u00e1rmaz\u00f3 adatok \u00f6sszes\u00edtettek \u00e9s teljesen anonimek, a hirdet\u0151 esetleg \u00e1tadhatja vagy eladhatja azokat harmadik feleknek.<\/p>\n\n<h2 class=\"wp-block-heading\" id=\"abonnement-a-la-newsletter-l-annonceur\">Feliratkoz\u00e1s a hirdet\u0151 h\u00edrlevel\u00e9re<\/h2>\n\n<p>Az oldalon kereszt\u00fcl feliratkozhat a hirdet\u0151 h\u00edrlevel\u00e9re.<\/p>\n\n<p>A h\u00edrlev\u00e9l c\u00e9lja, hogy t\u00e1j\u00e9koztassa \u00d6nt a hirdet\u0151 szolg\u00e1ltat\u00e1sair\u00f3l \u00e9s \u00faj term\u00e9keir\u0151l.<\/p>\n\n<p>A &#8222;Leiratkoz\u00e1s&#8221; vagy b\u00e1rmely m\u00e1s hasonl\u00f3 jelz\u00e9sre kattintva b\u00e1rmikor e-mailben t\u00e1j\u00e9koztathatja az \u00e9rintett webhelyet arr\u00f3l, hogy a tov\u00e1bbiakban nem k\u00edv\u00e1n feliratkozni a h\u00edrlev\u00e9lre.<\/p>\n\n<p>Szem\u00e9lyes adatainak felhaszn\u00e1l\u00e1si felt\u00e9telei az \u00e9rintett weboldal felt\u00e9telei lesznek. Ez\u00e9rt k\u00e9rj\u00fck, olvassa el az \u00e9rintett weboldalon tal\u00e1lhat\u00f3 felt\u00e9teleket.<\/p>\n\n<h2 class=\"wp-block-heading\" id=\"liens-externes\">K\u00fcls\u0151 hivatkoz\u00e1sok<\/h2>\n\n<p>A hirdet\u0151 linkeket k\u00edn\u00e1l weboldal\u00e1r\u00f3l m\u00e1s kapcsolt \u00e9s nem kapcsolt weboldalakra. Ezek a weboldalak f\u00fcggetlenek a hirdet\u0151 weboldal\u00e1t\u00f3l. A hirdet\u0151 nem szerkeszti \u00e9s nem ellen\u0151rzi ezeket a weboldalakat. A m\u00e1s weboldalakra mutat\u00f3 linkek semmilyen esetben sem jelentenek j\u00f3v\u00e1hagy\u00e1st vagy partners\u00e9get a hirdet\u0151 \u00e9s ezen weboldalak k\u00f6z\u00f6tt. Ez\u00e9rt a hirdet\u0151 nem tehet\u0151 felel\u0151ss\u00e9 azok tartalm\u00e1\u00e9rt, term\u00e9kei\u00e9rt, hirdet\u00e9sei\u00e9rt vagy az ezeken a weboldalakon bemutatott elemek\u00e9rt vagy szolg\u00e1ltat\u00e1sok\u00e9rt. Eml\u00e9keztetj\u00fck, hogy a kapcsolt \u00e9s nem kapcsolt weboldalakra saj\u00e1t felhaszn\u00e1l\u00e1si felt\u00e9teleik \u00e9s adatv\u00e9delmi ir\u00e1nyelveik vonatkoznak.<\/p>\n\n<h2 class=\"wp-block-heading\" id=\"droit-applicable\">Alkalmazand\u00f3 jog<\/h2>\n\n<p>Erre az oldalra a francia jog az ir\u00e1nyad\u00f3.<\/p>\n\n<h2 class=\"wp-block-heading\" id=\"modification-des-conditions\">A felt\u00e9telek m\u00f3dos\u00edt\u00e1sa<\/h2>\n\n<p>A hirdet\u0151 fenntartja a jogot, hogy a jelen \u00e1ltal\u00e1nos felt\u00e9teleket b\u00e1rmikor \u00e9s el\u0151zetes \u00e9rtes\u00edt\u00e9s n\u00e9lk\u00fcl m\u00f3dos\u00edtsa vagy \u00e1ltal\u00e1nosabban friss\u00edtse. Ez\u00e9rt k\u00e9rj\u00fck, rendszeresen tekintse \u00e1t azokat.<\/p>\n\n<h2 class=\"wp-block-heading\" id=\"comment-nous-contacter-si-vous-avez-des-questions-sur-cette-charte\">Hogyan l\u00e9phet vel\u00fcnk kapcsolatba, ha b\u00e1rmilyen k\u00e9rd\u00e9se van ezzel a chart\u00e1val kapcsolatban?<\/h2>\n\n<p>Mivel ennek a chart\u00e1nak az a c\u00e9lja, hogy megv\u00e9dje az \u00d6n mag\u00e1n\u00e9let\u00e9t, h\u00e1l\u00e1sak lenn\u00e9nk, ha tudn\u00e1 vel\u00fcnk k\u00f6z\u00f6lni k\u00edv\u00e1ns\u00e1gait \u00e9s \u00e9szrev\u00e9teleit.<\/p>\n\n<p>Ha \u00fagy t\u0171nik, hogy adatai nem az \u00d6n k\u00edv\u00e1ns\u00e1gai szerint ker\u00fcltek kezel\u00e9sre a weboldal l\u00e1togat\u00e1sa sor\u00e1n, k\u00e9rj\u00fck, jelezze nek\u00fcnk. A lehet\u0151 leghamarabb v\u00e1laszolunk \u00d6nnek.<\/p>\n\n<p>Ha a j\u00f6v\u0151ben nem k\u00edv\u00e1nja, hogy a honlapon tett l\u00e1togat\u00e1s\u00e1t k\u00f6vet\u0151en kapcsolatba l\u00e9pj\u00fcnk \u00d6nnel, vagy ha ellen\u0151rizni, helyesb\u00edteni vagy friss\u00edteni k\u00edv\u00e1nja a vel\u00fcnk k\u00f6z\u00f6lt n\u00e9vleges adatait, k\u00e9rj\u00fck, <a href=\"https:\/\/obera.fr\/hu\/contact\/\" data-type=\"page\" data-id=\"124\">\u00edrjon nek\u00fcnk<\/a>.<\/p>\n\n<p>Utolj\u00e1ra m\u00f3dos\u00edtva: 2017. \u00e1prilis 24.<\/p>\n","protected":false},"excerpt":{"rendered":"<p>A hirdet\u0151 Ezt a weboldalt az oberA, 20 000 eur\u00f3s alapt\u0151k\u00e9vel, sz\u00e9khelye: 4 Rue Denis Papin 67400 Illkirch-Graffenstaden, sz\u00e9khelye: 67400 Illkirch-Graffenstaden, SIRET sz\u00e1ma: 832 913 487 00027, NAF k\u00f3d: 4674B, teszi k\u00f6zz\u00e9 \u00e9s bocs\u00e1tja az \u00d6n rendelkez\u00e9s\u00e9re. A weboldal c\u00e9lja, hogy inform\u00e1ci\u00f3kat ny\u00fajtson \u00d6nnek a hirdet\u0151r\u0151l, \u00e9s linkeket biztos\u00edtson k\u00fcl\u00f6nb\u00f6z\u0151 weboldalakra. A weboldal a hirdet\u0151 tulajdona. Ezt az oldalt a k\u00f6vetkez\u0151 t\u00e1rhelyszolg\u00e1ltat\u00f3 \u00fczemelteti: o2switch SAS 100 000 \u20ac t\u0151k\u00e9vel, C\u00edm: Chemin des Pardiaux, 63000 Clermont-Ferrand, SIRET: 510 909 807 00032 RCS Clermont Ferrand. A tulajdonjogok \u00e9s a v\u00e9djegyek tiszteletben tart\u00e1sa A weboldalon l\u00e1that\u00f3, hallhat\u00f3 vagy olvashat\u00f3 \u00f6sszes elem, valamint maga &#8230; <\/p>\n<p class=\"read-more-container\"><a title=\"Jogi inform\u00e1ci\u00f3k\" class=\"read-more button\" href=\"https:\/\/obera.fr\/hu\/mentions-legales\/#more-67714\" aria-label=\"Read more about Jogi inform\u00e1ci\u00f3k\">Lire la suite<\/a><\/p>\n","protected":false},"author":4,"featured_media":103620,"parent":0,"menu_order":0,"comment_status":"closed","ping_status":"closed","template":"","meta":{"_acf_changed":false,"_seopress_robots_primary_cat":"","_seopress_titles_title":"Mentions l\u00e9gales oberA.fr","_seopress_titles_desc":"Ce site est \u00e9dit\u00e9 et vous est propos\u00e9 par oberA, au capital de 20 000 \u20ac sous le num\u00e9ro SIRET 832 913 487 00019, code NAF 282514.","_seopress_robots_index":"yes","footnotes":""},"class_list":{"0":"post-67714","1":"page","2":"type-page","3":"status-publish","4":"has-post-thumbnail","6":"no-featured-image-padding","7":"resize-featured-image"},"acf":[],"_links":{"self":[{"href":"https:\/\/obera.fr\/hu\/wp-json\/wp\/v2\/pages\/67714","targetHints":{"allow":["GET"]}}],"collection":[{"href":"https:\/\/obera.fr\/hu\/wp-json\/wp\/v2\/pages"}],"about":[{"href":"https:\/\/obera.fr\/hu\/wp-json\/wp\/v2\/types\/page"}],"author":[{"embeddable":true,"href":"https:\/\/obera.fr\/hu\/wp-json\/wp\/v2\/users\/4"}],"replies":[{"embeddable":true,"href":"https:\/\/obera.fr\/hu\/wp-json\/wp\/v2\/comments?post=67714"}],"version-history":[{"count":6,"href":"https:\/\/obera.fr\/hu\/wp-json\/wp\/v2\/pages\/67714\/revisions"}],"predecessor-version":[{"id":141093,"href":"https:\/\/obera.fr\/hu\/wp-json\/wp\/v2\/pages\/67714\/revisions\/141093"}],"wp:featuredmedia":[{"embeddable":true,"href":"https:\/\/obera.fr\/hu\/wp-json\/wp\/v2\/media\/103620"}],"wp:attachment":[{"href":"https:\/\/obera.fr\/hu\/wp-json\/wp\/v2\/media?parent=67714"}],"curies":[{"name":"wp","href":"https:\/\/api.w.org\/{rel}","templated":true}]}}