{"id":67723,"date":"2020-10-19T23:22:37","date_gmt":"2020-10-19T21:22:37","guid":{"rendered":"https:\/\/obera.fr\/produits\/bras-dispositifs-captation\/hotte-rectangulaire\/"},"modified":"2025-11-15T17:17:59","modified_gmt":"2025-11-15T15:17:59","slug":"hotte-rectangulaire","status":"publish","type":"page","link":"https:\/\/obera.fr\/hu\/produits\/bras-dispositifs-captation\/hotte-rectangulaire\/","title":{"rendered":"Ipari t\u00e9glalap alak\u00fa elsz\u00edv\u00f3"},"content":{"rendered":"\n<h2 class=\"wp-block-heading\">T\u00e9glalap alak\u00fa szagelsz\u00edv\u00f3k v\u00e1laszt\u00e9ka<\/h2>\n\n<div class=\"wp-block-columns is-layout-flex wp-container-core-columns-is-layout-28f84493 wp-block-columns-is-layout-flex\">\n<div class=\"wp-block-column is-layout-flow wp-block-column-is-layout-flow\" style=\"flex-basis:33.33%\">\n<figure class=\"wp-block-image aligncenter size-full\"><img decoding=\"async\" width=\"1200\" height=\"1200\" src=\"https:\/\/obera.fr\/wp-content\/uploads\/2024\/06\/image-hotte-captation.jpg\" alt=\"k&#xE9;pfelvev&#x151; motorh&#xE1;ztet&#x151;\" class=\"wp-image-31878\" srcset=\"https:\/\/obera.fr\/wp-content\/uploads\/2024\/06\/image-hotte-captation.jpg 1200w, https:\/\/obera.fr\/wp-content\/uploads\/2024\/06\/image-hotte-captation-300x300.jpg 300w, https:\/\/obera.fr\/wp-content\/uploads\/2024\/06\/image-hotte-captation-1024x1024.jpg 1024w, https:\/\/obera.fr\/wp-content\/uploads\/2024\/06\/image-hotte-captation-150x150.jpg 150w, https:\/\/obera.fr\/wp-content\/uploads\/2024\/06\/image-hotte-captation-768x768.jpg 768w\" sizes=\"(max-width: 1200px) 100vw, 1200px\" \/><figcaption class=\"wp-element-caption\">Ipari t\u00e9glalap alak\u00fa elsz\u00edv\u00f3<\/figcaption><\/figure>\n<\/div>\n\n\n\n<div class=\"wp-block-column is-layout-flow wp-block-column-is-layout-flow\" style=\"flex-basis:66.66%\">\n<p>Az <strong>OBERA t\u00e9glalap alak\u00fa elsz\u00edv\u00f3erny\u0151k<\/strong> t\u00f6k\u00e9letesek a por, f\u00fcst \u00e9s g\u00e1znem\u0171 szennyez\u0151d\u00e9sek forr\u00e1sn\u00e1l t\u00f6rt\u00e9n\u0151 elsz\u00edv\u00e1s\u00e1ra. L\u00e9teznek tov\u00e1bb\u00e1 a <a href=\"https:\/\/obera.fr\/hu\/produits\/bras-dispositifs-captation\/hotte-modulaire\/\">modul\u00e1ris elsz\u00edv\u00f3erny\u0151k<\/a>, amelyek alkalmasak ezekre a helyzetekre. <\/p>\n\n\n\n<p>Az OBERA ipari elsz\u00edv\u00f3erny\u0151ket elsz\u00edv\u00f3h\u00e1l\u00f3zathoz vagy porelsz\u00edv\u00f3hoz kell csatlakoztatni. K\u00e9t k\u00fcl\u00f6nb\u00f6z\u0151 m\u00e9retben kaphat\u00f3k, \u00edgy a legt\u00f6bb elsz\u00edv\u00e1si konfigur\u00e1ci\u00f3hoz alkalmazkodnak.<\/p>\n\n\n\n<p>A csukl\u00f3s <a href=\"https:\/\/obera.fr\/hu\/produits\/bras-dispositifs-captation\/\">elsz\u00edv\u00f3karok<\/a> haszn\u00e1lata jav\u00edtja a rugalmass\u00e1got \u00e9s a szennyez\u0151anyagok elsz\u00edv\u00e1s\u00e1nak hat\u00e9konys\u00e1g\u00e1t, m\u00e9g a nehezen hozz\u00e1f\u00e9rhet\u0151 ter\u00fcleteken is. Az <a href=\"https:\/\/obera.fr\/hu\/produits\/bras-dispositifs-captation\/capot-industriel\/\">ipari burkolat<\/a>, amelyet a legig\u00e9nyesebb k\u00f6rnyezeteknek is ellen\u00e1ll\u00f3ra terveztek, fokozott v\u00e9delmet \u00e9s tart\u00f3ss\u00e1got biztos\u00edt a berendez\u00e9snek. Ezek a jellemz\u0151k teszik az OBERA elsz\u00edv\u00f3erny\u0151ket teljes k\u00f6r\u0171 \u00e9s megb\u00edzhat\u00f3 megold\u00e1ss\u00e1 az ipari k\u00f6rnyezet leveg\u0151min\u0151s\u00e9g\u00e9nek kezel\u00e9s\u00e9re.<\/p>\n\n\n\n<hr class=\"wp-block-separator has-text-color has-black-color has-css-opacity has-black-background-color has-background is-style-dots\"\/>\n\n\n\n<div class=\"wp-block-columns is-layout-flex wp-container-core-columns-is-layout-28f84493 wp-block-columns-is-layout-flex\">\n<div class=\"wp-block-column is-layout-flow wp-block-column-is-layout-flow\" style=\"flex-basis:50%\">\n<div class=\"wp-block-buttons is-horizontal is-content-justification-center is-layout-flex wp-container-core-buttons-is-layout-03627597 wp-block-buttons-is-layout-flex\">\n<div class=\"wp-block-button\"><a class=\"wp-block-button__link wp-element-button\" href=\"https:\/\/obera.fr\/contact\/\">Tudjon meg t\u00f6bbet<\/a><\/div>\n<\/div>\n<\/div>\n\n\n\n<div class=\"wp-block-column is-layout-flow wp-block-column-is-layout-flow\" style=\"flex-basis:50%\">\n<div class=\"wp-block-buttons is-content-justification-center is-layout-flex wp-container-core-buttons-is-layout-a89b3969 wp-block-buttons-is-layout-flex\">\n<div class=\"wp-block-button btn-devis-source\"><a class=\"wp-block-button__link wp-element-button\" href=\"https:\/\/obera.fr\/hu\/devis\/\">K\u00e9rjen \u00e1raj\u00e1nlatot<\/a><\/div>\n<\/div>\n\n\n<script>\r\ndocument.addEventListener('DOMContentLoaded', function() {\r\n    \/\/ 1. On cherche le titre H1 de la page\r\n    var h1 = document.querySelector('h1');\r\n    var productTitle = h1 ? h1.innerText.trim() : \"\";\r\n\r\n    \/\/ 2. On cherche les boutons via la classe CSS .btn-devis-source\r\n    var buttons = document.querySelectorAll('.btn-devis-source a');\r\n\r\n    \/\/ 3. Si on a le titre et les boutons, on ajoute le param\u00e8tre\r\n    if (buttons.length > 0 && productTitle !== \"\") {\r\n        var encodedTitle = encodeURIComponent(productTitle);\r\n\r\n        buttons.forEach(function(btn) {\r\n            var currentHref = btn.getAttribute('href');\r\n            \r\n            \/\/ S\u00e9curit\u00e9 pour ne pas ajouter le param\u00e8tre 2 fois\r\n            if (currentHref.indexOf('sujet=') === -1) {\r\n                var separator = currentHref.indexOf('?') !== -1 ? '&' : '?';\r\n                var newLink = currentHref + separator + 'sujet=' + encodedTitle;\r\n                \r\n                btn.setAttribute('href', newLink);\r\n            }\r\n        });\r\n    }\r\n});\r\n<\/script><\/div>\n<\/div>\n<\/div>\n<\/div>\n\n<h2 class=\"wp-block-heading\">Az el\u0151ny\u00f6k<\/h2>\n\n<div class=\"wp-block-columns is-layout-flex wp-container-core-columns-is-layout-28f84493 wp-block-columns-is-layout-flex\">\n<div class=\"wp-block-column is-layout-flow wp-block-column-is-layout-flow\">\n<h3 class=\"wp-block-heading has-text-align-center\"><strong>El\u0151ny\u00f6k<\/strong><\/h3>\n\n\n\n<ul class=\"wp-block-list\">\n<li>A f\u00fcst\u00f6k, old\u00f3szerek \u00e9s por t\u00f6k\u00e9letes felfog\u00e1s\u00e1hoz a forr\u00e1sn\u00e1l<\/li>\n\n\n\n<li>Egy vagy t\u00f6bb munka\u00e1llom\u00e1s porsz\u00edv\u00f3z\u00e1sa<\/li>\n\n\n\n<li>Gy\u0171jt\u0151h\u00e1l\u00f3zathoz vagy porgy\u0171jt\u0151h\u00f6z csatlakoztatand\u00f3<\/li>\n<\/ul>\n<\/div>\n\n\n\n<div class=\"wp-block-column is-layout-flow wp-block-column-is-layout-flow\">\n<h3 class=\"wp-block-heading has-text-align-center\"><strong>K\u00fcl\u00f6nleges jellemz\u0151k<\/strong><\/h3>\n\n\n\n<ul class=\"wp-block-list\">\n<li>K\u00f6nnyen tervezhet\u0151<\/li>\n\n\n\n<li>K\u00f6nnyen telep\u00edthet\u0151<\/li>\n<\/ul>\n<\/div>\n\n\n\n<div class=\"wp-block-column is-layout-flow wp-block-column-is-layout-flow\">\n<h3 class=\"wp-block-heading has-text-align-center\"><strong>Jellemz\u0151k<\/strong><\/h3>\n\n\n\n<ul class=\"wp-block-list\">\n<li>K\u00e9t m\u00e9retv\u00e1laszt\u00e9k<\/li>\n\n\n\n<li>K\u00f6nnyen haszn\u00e1lhat\u00f3 \u00e9s mozgathat\u00f3<\/li>\n\n\n\n<li>A forr\u00e1shoz min\u00e9l k\u00f6zelebbi sz\u00edv\u00e1s<\/li>\n<\/ul>\n<\/div>\n<\/div>\n\n<h2 class=\"wp-block-heading\">Alkalmaz\u00e1sok<\/h2>\n\n<div class=\"wp-block-columns is-layout-flex wp-container-core-columns-is-layout-28f84493 wp-block-columns-is-layout-flex\">\n<div class=\"wp-block-column is-layout-flow wp-block-column-is-layout-flow\">\n<h3 class=\"wp-block-heading has-text-align-center\">Szennyez\u0151 anyagok<\/h3>\n\n\n\n<hr class=\"wp-block-separator has-css-opacity is-style-wide\"\/>\n\n\n\n<div class=\"wp-block-columns is-layout-flex wp-container-core-columns-is-layout-28f84493 wp-block-columns-is-layout-flex\">\n<div class=\"wp-block-column is-layout-flow wp-block-column-is-layout-flow\">\n<figure class=\"wp-block-image aligncenter size-large\"><img decoding=\"async\" width=\"70\" height=\"70\" src=\"https:\/\/obera.fr\/wp-content\/uploads\/2020\/08\/polluants-poussieres.jpg\" alt=\"Szennyez&#x151; anyagok Por\" class=\"wp-image-675\"\/><figcaption class=\"wp-element-caption\">G\u0151z\u00f6k<\/figcaption><\/figure>\n\n\n\n<figure class=\"wp-block-image aligncenter size-large\"><img decoding=\"async\" width=\"70\" height=\"70\" src=\"https:\/\/obera.fr\/wp-content\/uploads\/2020\/08\/industrie-odeur.jpg\" alt=\"Ipari szag\" class=\"wp-image-723\"\/><figcaption class=\"wp-element-caption\">Szagok<\/figcaption><\/figure>\n\n\n\n<figure class=\"wp-block-image aligncenter size-large\"><img decoding=\"async\" width=\"70\" height=\"70\" src=\"https:\/\/obera.fr\/wp-content\/uploads\/2020\/08\/industrie-brouillard-huile.jpg\" alt=\"Ipari k&#xF6;d olaj\" class=\"wp-image-721\"\/><figcaption class=\"wp-element-caption\">Olajk\u00f6d<\/figcaption><\/figure>\n<\/div>\n\n\n\n<div class=\"wp-block-column is-layout-flow wp-block-column-is-layout-flow\">\n<figure class=\"wp-block-image aligncenter size-large\"><img decoding=\"async\" width=\"70\" height=\"70\" src=\"https:\/\/obera.fr\/wp-content\/uploads\/2020\/08\/industrie-fumees.jpg\" alt=\"Ipari f&#xFC;st\" class=\"wp-image-722\"\/><figcaption class=\"wp-element-caption\">G\u0151z\u00f6k<\/figcaption><\/figure>\n\n\n\n<figure class=\"wp-block-image aligncenter size-large\"><img decoding=\"async\" width=\"70\" height=\"70\" src=\"https:\/\/obera.fr\/wp-content\/uploads\/2020\/09\/cov.png\" alt=\"Cov\" class=\"wp-image-959\"\/><figcaption class=\"wp-element-caption\">VOCS<\/figcaption><\/figure>\n<\/div>\n<\/div>\n\n\n\n<p><\/p>\n<\/div>\n\n\n\n<div class=\"wp-block-column is-layout-flow wp-block-column-is-layout-flow\">\n<h3 class=\"wp-block-heading has-text-align-center\">Ipar\u00e1gak<\/h3>\n\n\n\n<hr class=\"wp-block-separator has-css-opacity is-style-wide\"\/>\n\n\n\n<div class=\"wp-block-columns is-layout-flex wp-container-core-columns-is-layout-28f84493 wp-block-columns-is-layout-flex\">\n<div class=\"wp-block-column is-layout-flow wp-block-column-is-layout-flow\">\n<figure class=\"wp-block-image aligncenter size-large\"><img decoding=\"async\" width=\"70\" height=\"70\" src=\"https:\/\/obera.fr\/wp-content\/uploads\/2020\/08\/industrie-metallurgie.jpg\" alt=\"Koh&#xE1;szati ipar\" class=\"wp-image-673\"\/><figcaption class=\"wp-element-caption\">Koh\u00e1szat<\/figcaption><\/figure>\n\n\n\n<figure class=\"wp-block-image aligncenter size-large\"><img decoding=\"async\" width=\"70\" height=\"70\" src=\"https:\/\/obera.fr\/wp-content\/uploads\/2020\/08\/industrie-chimie.jpg\" alt=\"Vegyipar\" class=\"wp-image-725\"\/><figcaption class=\"wp-element-caption\">Vegyszerek\/petrok\u00e9miai anyagok<\/figcaption><\/figure>\n\n\n\n<figure class=\"wp-block-image aligncenter size-large\"><img decoding=\"async\" width=\"70\" height=\"70\" src=\"https:\/\/obera.fr\/wp-content\/uploads\/2020\/08\/industrie-textile.jpg\" alt=\"Textilipar\" class=\"wp-image-671\"\/><figcaption class=\"wp-element-caption\">Text\u00edli\u00e1k<\/figcaption><\/figure>\n\n\n\n<figure class=\"wp-block-image aligncenter size-large\"><img decoding=\"async\" width=\"70\" height=\"70\" src=\"https:\/\/obera.fr\/wp-content\/uploads\/2020\/08\/industrie-minerai.jpg\" alt=\"&#xC9;rcipar\" class=\"wp-image-724\"\/><figcaption class=\"wp-element-caption\">\u00c1sv\u00e1nyok<\/figcaption><\/figure>\n<\/div>\n\n\n\n<div class=\"wp-block-column is-layout-flow wp-block-column-is-layout-flow\">\n<figure class=\"wp-block-image aligncenter size-large\"><img decoding=\"async\" width=\"70\" height=\"70\" src=\"https:\/\/obera.fr\/wp-content\/uploads\/2020\/08\/industrie-plastique.jpg\" alt=\"M&#x171;anyagipar\" class=\"wp-image-669\"\/><figcaption class=\"wp-element-caption\">M\u0171anyagok<\/figcaption><\/figure>\n\n\n\n<figure class=\"wp-block-image aligncenter size-large\"><img decoding=\"async\" width=\"70\" height=\"70\" src=\"https:\/\/obera.fr\/wp-content\/uploads\/2020\/08\/industrie-bois.jpg\" alt=\"Faipar\" class=\"wp-image-672\"\/><figcaption class=\"wp-element-caption\">Famegmunk\u00e1l\u00e1s<\/figcaption><\/figure>\n\n\n\n<figure class=\"wp-block-image aligncenter size-large\"><img decoding=\"async\" width=\"70\" height=\"70\" src=\"https:\/\/obera.fr\/wp-content\/uploads\/2020\/08\/industrie-papier-carton.jpg\" alt=\"Pap&#xED;r- &#xE9;s kartonipar\" class=\"wp-image-670\"\/><figcaption class=\"wp-element-caption\">Pap\u00edr\/karton<\/figcaption><\/figure>\n\n\n\n<figure class=\"wp-block-image aligncenter size-large\"><img decoding=\"async\" width=\"70\" height=\"70\" src=\"https:\/\/obera.fr\/wp-content\/uploads\/2020\/08\/industrie-dechets.jpg\" alt=\"Ipari hullad&#xE9;k\" class=\"wp-image-726\"\/><figcaption class=\"wp-element-caption\">Hullad\u00e9kgy\u0171jt\u00e9s \u00e9s -v\u00e1logat\u00e1s<\/figcaption><\/figure>\n<\/div>\n<\/div>\n<\/div>\n<\/div>\n\n<h2 class=\"wp-block-heading\">M\u0171szaki specifik\u00e1ci\u00f3k<\/h2>\n\n<figure class=\"wp-block-table\"><table class=\"has-fixed-layout\"><tbody><tr><td>T\u00e9glalap alak\u00fa motorh\u00e1ztet\u0151k<\/td><td>500&#215;500<\/td><td>600&#215;600<\/td><\/tr><tr><td>Anyag<\/td><td>Alum\u00ednium<\/td><td>Alum\u00ednium<\/td><\/tr><tr><td>T\u00f6meg (kg)<\/td><td>2,7<\/td><td>3<\/td><\/tr><tr><td>Csatlakoz\u00e1s (mm)<\/td><td>\u00f8 150 standard (egy\u00e9b \u00e1tm\u00e9r\u0151k is kaphat\u00f3k)<\/td><td>\u00f8 160 standard (egy\u00e9b \u00e1tm\u00e9r\u0151k is kaphat\u00f3k)<\/td><\/tr><\/tbody><\/table><\/figure>\n\n<div class=\"wp-block-buttons is-horizontal is-content-justification-center is-layout-flex wp-container-core-buttons-is-layout-03627597 wp-block-buttons-is-layout-flex\">\n<div class=\"wp-block-button\"><a class=\"wp-block-button__link wp-element-button\" href=\"https:\/\/obera.fr\/contact\/\">Tudjon meg t\u00f6bbet<\/a><\/div>\n<\/div>\n\n<hr class=\"wp-block-separator has-css-opacity is-style-dots\"\/>\n\n<h2 class=\"wp-block-heading\">Az OberA egy\u00e9b sz\u00edv\u00f3 \u00e9s gy\u0171jt\u0151 term\u00e9kei<\/h2>\n\n<div class=\"wp-block-columns is-layout-flex wp-container-core-columns-is-layout-28f84493 wp-block-columns-is-layout-flex\">\n<div class=\"wp-block-column is-layout-flow wp-block-column-is-layout-flow\">\n<figure class=\"wp-block-image aligncenter size-thumbnail is-resized\"><a href=\"https:\/\/obera.fr\/hu\/produits\/bras-dispositifs-captation\/bras-hotte-ovale-rectangulaire\/\"><img decoding=\"async\" width=\"150\" height=\"150\" src=\"https:\/\/obera.fr\/wp-content\/uploads\/2020\/09\/Bras-SF-150x150.jpg\" alt=\"Sz&#xED;v&#xF3;kar\" class=\"wp-image-969\" style=\"object-fit:cover;width:120px;height:120px\" srcset=\"https:\/\/obera.fr\/wp-content\/uploads\/2020\/09\/Bras-SF-150x150.jpg 150w, https:\/\/obera.fr\/wp-content\/uploads\/2020\/09\/Bras-SF-300x300.jpg 300w, https:\/\/obera.fr\/wp-content\/uploads\/2020\/09\/Bras-SF.jpg 433w\" sizes=\"(max-width: 150px) 100vw, 150px\" \/><\/a><figcaption class=\"wp-element-caption\">Sz\u00edv\u00f3kar<\/figcaption><\/figure>\n<\/div>\n\n\n\n<div class=\"wp-block-column is-layout-flow wp-block-column-is-layout-flow\">\n<figure class=\"wp-block-image aligncenter size-thumbnail is-resized\"><a href=\"https:\/\/obera.fr\/hu\/produits\/bras-dispositifs-captation\/bras-de-laboratoire\/\"><img decoding=\"async\" width=\"150\" height=\"150\" src=\"https:\/\/obera.fr\/wp-content\/uploads\/2020\/11\/22-bras-de-labo-150x150.jpg\" alt=\"Laborat&#xF3;riumi karok\" class=\"wp-image-1662\" style=\"object-fit:cover;width:120px;height:120px\" srcset=\"https:\/\/obera.fr\/wp-content\/uploads\/2020\/11\/22-bras-de-labo-150x150.jpg 150w, https:\/\/obera.fr\/wp-content\/uploads\/2020\/11\/22-bras-de-labo-300x300.jpg 300w, https:\/\/obera.fr\/wp-content\/uploads\/2020\/11\/22-bras-de-labo-1024x1024.jpg 1024w, https:\/\/obera.fr\/wp-content\/uploads\/2020\/11\/22-bras-de-labo-768x768.jpg 768w, https:\/\/obera.fr\/wp-content\/uploads\/2020\/11\/22-bras-de-labo.jpg 1500w\" sizes=\"(max-width: 150px) 100vw, 150px\" \/><\/a><figcaption class=\"wp-element-caption\">Laborat\u00f3riumi karok<\/figcaption><\/figure>\n<\/div>\n\n\n\n<div class=\"wp-block-column is-layout-flow wp-block-column-is-layout-flow\">\n<figure class=\"wp-block-image aligncenter size-thumbnail is-resized\"><a href=\"https:\/\/obera.fr\/hu\/produits\/bras-dispositifs-captation\/dosserets-aspirants\/\"><img decoding=\"async\" width=\"150\" height=\"150\" src=\"https:\/\/obera.fr\/wp-content\/uploads\/2020\/10\/Dosserets-oberA-150x150.png\" alt=\"Obera csobog&#xF3;k\" class=\"wp-image-1174\" style=\"object-fit:cover;width:120px;height:120px\"\/><\/a><figcaption class=\"wp-element-caption\">Sz\u00edv\u00f3 h\u00e1ts\u00f3 burkolatok<\/figcaption><\/figure>\n<\/div>\n\n\n\n<div class=\"wp-block-column is-layout-flow wp-block-column-is-layout-flow\">\n<figure class=\"wp-block-image aligncenter size-thumbnail is-resized\"><a href=\"https:\/\/obera.fr\/hu\/produits\/bras-dispositifs-captation\/anneaux-de-pouyes\/\"><img decoding=\"async\" width=\"150\" height=\"150\" src=\"https:\/\/obera.fr\/wp-content\/uploads\/2022\/09\/Anneau-de-pouyes-2-150x150.jpg\" alt=\"Csirke karik&#xE1;k\" class=\"wp-image-14482\" style=\"object-fit:cover;width:120px;height:120px\" srcset=\"https:\/\/obera.fr\/wp-content\/uploads\/2022\/09\/Anneau-de-pouyes-2-150x150.jpg 150w, https:\/\/obera.fr\/wp-content\/uploads\/2022\/09\/Anneau-de-pouyes-2-300x300.jpg 300w, https:\/\/obera.fr\/wp-content\/uploads\/2022\/09\/Anneau-de-pouyes-2.jpg 500w\" sizes=\"(max-width: 150px) 100vw, 150px\" \/><\/a><figcaption class=\"wp-element-caption\">Csirke karik\u00e1k<\/figcaption><\/figure>\n<\/div>\n<\/div>\n\n<div class=\"wp-block-columns is-layout-flex wp-container-core-columns-is-layout-28f84493 wp-block-columns-is-layout-flex\">\n<div class=\"wp-block-column is-layout-flow wp-block-column-is-layout-flow\">\n<figure class=\"wp-block-image aligncenter size-thumbnail is-resized\"><a href=\"https:\/\/obera.fr\/hu\/produits\/tables-aspirantes\/\"><img decoding=\"async\" width=\"150\" height=\"150\" src=\"https:\/\/obera.fr\/wp-content\/uploads\/2020\/10\/table-SF-150x150.png\" alt=\"Sz&#xED;v&#xF3;asztalok\" class=\"wp-image-1179\" style=\"object-fit:cover;width:120px;height:120px\" srcset=\"https:\/\/obera.fr\/wp-content\/uploads\/2020\/10\/table-SF-150x150.png 150w, https:\/\/obera.fr\/wp-content\/uploads\/2020\/10\/table-SF-300x300.png 300w, https:\/\/obera.fr\/wp-content\/uploads\/2020\/10\/table-SF.png 433w\" sizes=\"(max-width: 150px) 100vw, 150px\" \/><\/a><figcaption class=\"wp-element-caption\">Sz\u00edv\u00f3asztalok<\/figcaption><\/figure>\n<\/div>\n\n\n\n<div class=\"wp-block-column is-layout-flow wp-block-column-is-layout-flow\">\n<figure class=\"wp-block-image aligncenter size-thumbnail is-resized\"><img decoding=\"async\" width=\"150\" height=\"150\" src=\"https:\/\/obera.fr\/wp-content\/uploads\/2024\/06\/hotte-de-captation-modulaire-600x600-1-150x150.png\" alt=\"modul&#xE1;ris elsz&#xED;v&#xF3; 600x600 1\" class=\"wp-image-31479\" style=\"object-fit:cover;width:120px;height:120px\" srcset=\"https:\/\/obera.fr\/wp-content\/uploads\/2024\/06\/hotte-de-captation-modulaire-600x600-1-150x150.png 150w, https:\/\/obera.fr\/wp-content\/uploads\/2024\/06\/hotte-de-captation-modulaire-600x600-1-300x300.png 300w, https:\/\/obera.fr\/wp-content\/uploads\/2024\/06\/hotte-de-captation-modulaire-600x600-1-1024x1024.png 1024w, https:\/\/obera.fr\/wp-content\/uploads\/2024\/06\/hotte-de-captation-modulaire-600x600-1-768x768.png 768w, https:\/\/obera.fr\/wp-content\/uploads\/2024\/06\/hotte-de-captation-modulaire-600x600-1.png 1280w\" sizes=\"(max-width: 150px) 100vw, 150px\" \/><figcaption class=\"wp-element-caption\">Modul\u00e1ris motorh\u00e1ztet\u0151k<\/figcaption><\/figure>\n<\/div>\n\n\n\n<div class=\"wp-block-column is-layout-flow wp-block-column-is-layout-flow\">\n<figure class=\"wp-block-image aligncenter size-full is-resized\"><a href=\"https:\/\/obera.fr\/hu\/produits\/bras-dispositifs-captation\/capot-industriel\/\"><img decoding=\"async\" width=\"150\" height=\"150\" src=\"https:\/\/obera.fr\/wp-content\/uploads\/2020\/10\/capots.png\" alt=\"Sz&#xED;v&#xF3;h&#xE1;ztet&#x151;k\" class=\"wp-image-1173\" style=\"object-fit:cover;width:120px;height:120px\"\/><\/a><figcaption class=\"wp-element-caption\">Sz\u00edv\u00f3- \u00e9s gy\u0171jt\u0151fed\u00e9l<\/figcaption><\/figure>\n<\/div>\n\n\n\n<div class=\"wp-block-column is-layout-flow wp-block-column-is-layout-flow\"><\/div>\n<\/div>\n","protected":false},"excerpt":{"rendered":"<p>T\u00e9glalap alak\u00fa szagelsz\u00edv\u00f3k v\u00e1laszt\u00e9ka Az OBERA t\u00e9glalap alak\u00fa elsz\u00edv\u00f3erny\u0151k t\u00f6k\u00e9letesek a por, f\u00fcst \u00e9s g\u00e1znem\u0171 szennyez\u0151d\u00e9sek forr\u00e1sn\u00e1l t\u00f6rt\u00e9n\u0151 elsz\u00edv\u00e1s\u00e1ra. L\u00e9teznek tov\u00e1bb\u00e1 a modul\u00e1ris elsz\u00edv\u00f3erny\u0151k, amelyek alkalmasak ezekre a helyzetekre. Az OBERA ipari elsz\u00edv\u00f3erny\u0151ket elsz\u00edv\u00f3h\u00e1l\u00f3zathoz vagy porelsz\u00edv\u00f3hoz kell csatlakoztatni. K\u00e9t k\u00fcl\u00f6nb\u00f6z\u0151 m\u00e9retben kaphat\u00f3k, \u00edgy a legt\u00f6bb elsz\u00edv\u00e1si konfigur\u00e1ci\u00f3hoz alkalmazkodnak. A csukl\u00f3s elsz\u00edv\u00f3karok haszn\u00e1lata jav\u00edtja a rugalmass\u00e1got \u00e9s a szennyez\u0151anyagok elsz\u00edv\u00e1s\u00e1nak hat\u00e9konys\u00e1g\u00e1t, m\u00e9g a nehezen hozz\u00e1f\u00e9rhet\u0151 ter\u00fcleteken is. Az ipari burkolat, amelyet a legig\u00e9nyesebb k\u00f6rnyezeteknek is ellen\u00e1ll\u00f3ra terveztek, fokozott v\u00e9delmet \u00e9s tart\u00f3ss\u00e1got biztos\u00edt a berendez\u00e9snek. Ezek a jellemz\u0151k teszik az OBERA elsz\u00edv\u00f3erny\u0151ket teljes k\u00f6r\u0171 \u00e9s megb\u00edzhat\u00f3 megold\u00e1ss\u00e1 az ipari k\u00f6rnyezet leveg\u0151min\u0151s\u00e9g\u00e9nek kezel\u00e9s\u00e9re. &#8230; <\/p>\n<p class=\"read-more-container\"><a title=\"Ipari t\u00e9glalap alak\u00fa elsz\u00edv\u00f3\" class=\"read-more button\" href=\"https:\/\/obera.fr\/hu\/produits\/bras-dispositifs-captation\/hotte-rectangulaire\/#more-67723\" aria-label=\"Read more about Ipari t\u00e9glalap alak\u00fa elsz\u00edv\u00f3\">Lire la suite<\/a><\/p>\n","protected":false},"author":4,"featured_media":83741,"parent":67670,"menu_order":0,"comment_status":"closed","ping_status":"closed","template":"","meta":{"_acf_changed":false,"_seopress_robots_primary_cat":"","_seopress_titles_title":"oberA ipari t\u00e9glalap alak\u00fa elsz\u00edv\u00f3","_seopress_titles_desc":"Az oberA t\u00e9glalap alak\u00fa elsz\u00edv\u00f3k ide\u00e1lisak a por, a f\u00fcst \u00e9s a g\u00e1znem\u0171 szennyez\u0151 anyagok forr\u00e1sn\u00e1l t\u00f6rt\u00e9n\u0151 felfog\u00e1s\u00e1ra.","_seopress_robots_index":"","footnotes":""},"class_list":{"0":"post-67723","1":"page","2":"type-page","3":"status-publish","4":"has-post-thumbnail","6":"no-featured-image-padding","7":"resize-featured-image"},"acf":[],"_links":{"self":[{"href":"https:\/\/obera.fr\/hu\/wp-json\/wp\/v2\/pages\/67723","targetHints":{"allow":["GET"]}}],"collection":[{"href":"https:\/\/obera.fr\/hu\/wp-json\/wp\/v2\/pages"}],"about":[{"href":"https:\/\/obera.fr\/hu\/wp-json\/wp\/v2\/types\/page"}],"author":[{"embeddable":true,"href":"https:\/\/obera.fr\/hu\/wp-json\/wp\/v2\/users\/4"}],"replies":[{"embeddable":true,"href":"https:\/\/obera.fr\/hu\/wp-json\/wp\/v2\/comments?post=67723"}],"version-history":[{"count":3,"href":"https:\/\/obera.fr\/hu\/wp-json\/wp\/v2\/pages\/67723\/revisions"}],"predecessor-version":[{"id":132537,"href":"https:\/\/obera.fr\/hu\/wp-json\/wp\/v2\/pages\/67723\/revisions\/132537"}],"up":[{"embeddable":true,"href":"https:\/\/obera.fr\/hu\/wp-json\/wp\/v2\/pages\/67670"}],"wp:featuredmedia":[{"embeddable":true,"href":"https:\/\/obera.fr\/hu\/wp-json\/wp\/v2\/media\/83741"}],"wp:attachment":[{"href":"https:\/\/obera.fr\/hu\/wp-json\/wp\/v2\/media?parent=67723"}],"curies":[{"name":"wp","href":"https:\/\/api.w.org\/{rel}","templated":true}]}}