{"id":67725,"date":"2020-08-26T12:55:58","date_gmt":"2020-08-26T10:55:58","guid":{"rendered":"https:\/\/obera.fr\/produits\/bras-dispositifs-captation\/hotte-modulaire\/"},"modified":"2025-06-02T16:31:57","modified_gmt":"2025-06-02T14:31:57","slug":"hotte-modulaire","status":"publish","type":"page","link":"https:\/\/obera.fr\/hu\/produits\/bras-dispositifs-captation\/hotte-modulaire\/","title":{"rendered":"Ipari modul\u00e1ris motorh\u00e1ztet\u0151"},"content":{"rendered":"\n<h2 class=\"wp-block-heading\">Mi az az ipari p\u00e1raelsz\u00edv\u00f3?<\/h2>\n\n\n\n<div class=\"wp-block-columns is-layout-flex wp-container-core-columns-is-layout-28f84493 wp-block-columns-is-layout-flex\">\n<div class=\"wp-block-column is-layout-flow wp-block-column-is-layout-flow\" style=\"flex-basis:30%\">\n<figure class=\"wp-block-image aligncenter size-full is-resized\"><img decoding=\"async\" width=\"1200\" height=\"1200\" src=\"https:\/\/obera.fr\/wp-content\/uploads\/2024\/12\/1.jpg\" alt=\"Modul\u00e1ris motorh\u00e1ztet\u0151\" class=\"wp-image-56959\" style=\"object-fit:cover;width:356px;height:auto\" srcset=\"https:\/\/obera.fr\/wp-content\/uploads\/2024\/12\/1.jpg 1200w, https:\/\/obera.fr\/wp-content\/uploads\/2024\/12\/1-300x300.jpg 300w, https:\/\/obera.fr\/wp-content\/uploads\/2024\/12\/1-1024x1024.jpg 1024w, https:\/\/obera.fr\/wp-content\/uploads\/2024\/12\/1-150x150.jpg 150w, https:\/\/obera.fr\/wp-content\/uploads\/2024\/12\/1-768x768.jpg 768w, https:\/\/obera.fr\/wp-content\/uploads\/2024\/12\/1-400x400.jpg 400w, https:\/\/obera.fr\/wp-content\/uploads\/2024\/12\/1-600x600.jpg 600w\" sizes=\"(max-width: 1200px) 100vw, 1200px\" \/><figcaption class=\"wp-element-caption\">Modul\u00e1ris felfog\u00f3 motorh\u00e1ztet\u0151<\/figcaption><\/figure>\n\n\n\n<figure class=\"wp-block-image size-large\"><img decoding=\"async\" width=\"1024\" height=\"1024\" src=\"https:\/\/obera.fr\/wp-content\/uploads\/2024\/12\/2-1024x1024.png\" alt=\"Modul\u00e1ris motorh\u00e1ztet\u0151\" class=\"wp-image-56982\" srcset=\"https:\/\/obera.fr\/wp-content\/uploads\/2024\/12\/2-1024x1024.png 1024w, https:\/\/obera.fr\/wp-content\/uploads\/2024\/12\/2-300x300.png 300w, https:\/\/obera.fr\/wp-content\/uploads\/2024\/12\/2-150x150.png 150w, https:\/\/obera.fr\/wp-content\/uploads\/2024\/12\/2-768x768.png 768w, https:\/\/obera.fr\/wp-content\/uploads\/2024\/12\/2-400x400.png 400w, https:\/\/obera.fr\/wp-content\/uploads\/2024\/12\/2-600x600.png 600w, https:\/\/obera.fr\/wp-content\/uploads\/2024\/12\/2.png 1200w\" sizes=\"(max-width: 1024px) 100vw, 1024px\" \/><\/figure>\n<\/div>\n\n\n\n<div class=\"wp-block-column is-layout-flow wp-block-column-is-layout-flow\" style=\"flex-basis:66.66%\">\n<p>Az <strong>ipari elsz\u00edv\u00f3<\/strong>, m\u00e1s n\u00e9ven ipari elsz\u00edv\u00f3 vagy ipari elsz\u00edv\u00f3, az iparban a gy\u00e1rt\u00e1si folyamatb\u00f3l sz\u00e1rmaz\u00f3 szennyez\u0151anyag-kibocs\u00e1t\u00e1sok (f\u00fcst, por, g\u0151z\u00f6k) \u00e1ltal\u00e1ban fel\u00fclr\u0151l t\u00f6rt\u00e9n\u0151 elsz\u00edv\u00e1s\u00e1ra \u00e9s elsz\u00edv\u00e1s\u00e1ra szolg\u00e1l.<\/p>\n\n\n\n<p><a href=\"https:\/\/obera.fr\/hu\/produits\/bras-dispositifs-captation\/hotte-rectangulaire\/\">Az OberA modul\u00e1ris elsz\u00edv\u00f3k<\/a> ide\u00e1lisak a porelsz\u00edv\u00e1shoz, a f\u00fcstelsz\u00edv\u00e1shoz \u00e9s a g\u00e1znem\u0171 szennyez\u0151 anyagok forr\u00e1sn\u00e1l t\u00f6rt\u00e9n\u0151 elsz\u00edv\u00e1s\u00e1hoz. Az OberA ipari p\u00e1raelsz\u00edv\u00f3k a kibocs\u00e1t\u00e1si forr\u00e1shoz a lehet\u0151 legk\u00f6zelebb gy\u0171jtik be a r\u00e9szecsk\u00e9ket \u00e9s a g\u00e1zokat, hogy hat\u00e9konyan v\u00e9dj\u00e9k a munkav\u00e1llal\u00f3kat \u00e9s<strong> korl\u00e1tozz\u00e1k a szennyez\u0151 anyagok terjed\u00e9s\u00e9t <\/strong>a munkater\u00fcleten. <\/p>\n\n\n\n<p>Az elsz\u00edv\u00f3kat egy megl\u00e9v\u0151 elsz\u00edv\u00f3h\u00e1l\u00f3zathoz vagy egy k\u00f6zeli sz\u0171r\u0151egys\u00e9ghez vagy porgy\u0171jt\u0151h\u00f6z kell csatlakoztatni.<\/p>\n\n\n\n<p>A rendelkez\u00e9sre \u00e1ll\u00f3 m\u00e9retek sz\u00e9les sk\u00e1l\u00e1ja, a t\u00e1maszt\u00f3l\u00e1bak, a fels\u0151 felh\u00faz\u00e1si pontok \u00e9s a rugalmas s\u00e1rv\u00e9d\u0151k azt jelentik, hogy a legt\u00f6bb <strong>sz\u00edv\u00f3- \u00e9s gy\u0171jt\u00e9si konfigur\u00e1ci\u00f3hoz<\/strong> igaz\u00edthat\u00f3k. K\u00f6nnyen elhelyezhet\u0151k a szennyez\u0151anyag-kibocs\u00e1t\u00e1shoz a lehet\u0151 legk\u00f6zelebb. <\/p>\n\n\n\n<p>Az elsz\u00edv\u00f3kat \u00e1ltal\u00e1ban olyan folyamatok felett haszn\u00e1lj\u00e1k, amelyek a felszabadul\u00f3 h\u0151 \u00e9s kal\u00f3ria miatt h\u0151\u00e1ramot (f\u00fcstfelh\u0151t) gener\u00e1lnak, vagy olyan g\u00e9p felett, amely a leveg\u0151n\u00e9l k\u00f6nnyebb g\u00e1znem\u0171 szennyez\u0151 anyagokat termel, amelyek term\u00e9szetesen felemelkednek, \u00e9s <strong>fel\u00fclr\u0151l t\u00f6rt\u00e9n\u0151 elsz\u00edv\u00e1st ig\u00e9nyelnek <\/strong>:<\/p>\n\n\n\n<ul class=\"wp-block-list\">\n<li>A kibocs\u00e1t\u00e1sok felfog\u00e1sa az olvaszt\u00f3-, s\u00fct\u0151-, olvaszt\u00f3kemenc\u00e9k, h\u0151kezel\u0151 kemenc\u00e9k stb. be- \u00e9s kil\u00e9p\u00e9s\u00e9n\u00e9l.<\/li>\n\n\n\n<li>Felv\u00e9tel egy hegeszt\u0151robot felett<\/li>\n\n\n\n<li>Meg\u00f6r\u00f6k\u00edt\u00e9s a f\u00fcrd\u0151 felett<\/li>\n\n\n\n<li>Sz\u00edv\u00e1s a sajt\u00f3n kereszt\u00fcl<\/li>\n\n\n\n<li>Nyom\u00f3sor sz\u00edv\u00e1sa<\/li>\n\n\n\n<li>\u00d6ntv\u00e9ny- vagy alkatr\u00e9sz-h\u0171t\u0151vezet\u00e9kek sz\u00edv\u00e1sa<\/li>\n\n\n\n<li>A k\u00e1ros szennyez\u0151anyagokat kibocs\u00e1t\u00f3 g\u00e9pek lefed\u00e9se \u00e9s k\u00f6r\u00fclz\u00e1r\u00e1sa<\/li>\n<\/ul>\n\n\n\n<div class=\"wp-block-columns is-layout-flex wp-container-core-columns-is-layout-28f84493 wp-block-columns-is-layout-flex\">\n<div class=\"wp-block-column is-layout-flow wp-block-column-is-layout-flow\" style=\"flex-basis:33.34%\">\n<div class=\"wp-block-buttons is-content-justification-center is-layout-flex wp-container-core-buttons-is-layout-a89b3969 wp-block-buttons-is-layout-flex\">\n<div class=\"wp-block-button\"><a class=\"wp-block-button__link wp-element-button\" href=\"https:\/\/obera.fr\/wp-content\/uploads\/2025\/06\/brochure-hotte-modulaire-en.pdf\">A bros\u00fara let\u00f6lt\u00e9se<\/a><\/div>\n<\/div>\n<\/div>\n\n\n\n<div class=\"wp-block-column is-layout-flow wp-block-column-is-layout-flow\" style=\"flex-basis:33.34%\">\n<div class=\"wp-block-buttons is-horizontal is-content-justification-center is-layout-flex wp-container-core-buttons-is-layout-03627597 wp-block-buttons-is-layout-flex\">\n<div class=\"wp-block-button\"><a class=\"wp-block-button__link wp-element-button\" href=\"https:\/\/obera.fr\/contact\/\">Tudjon meg t\u00f6bbet<\/a><\/div>\n<\/div>\n<\/div>\n\n\n\n<div class=\"wp-block-column is-layout-flow wp-block-column-is-layout-flow\" style=\"flex-basis:33.33%\">\n<div class=\"wp-block-buttons is-content-justification-center is-layout-flex wp-container-core-buttons-is-layout-a89b3969 wp-block-buttons-is-layout-flex\">\n<div class=\"wp-block-button btn-devis-source\"><a class=\"wp-block-button__link wp-element-button\" href=\"https:\/\/obera.fr\/hu\/devis\/\">K\u00e9rjen \u00e1raj\u00e1nlatot<\/a><\/div>\n<\/div>\n\n\n<script>\r\ndocument.addEventListener('DOMContentLoaded', function() {\r\n    \/\/ 1. On cherche le titre H1 de la page\r\n    var h1 = document.querySelector('h1');\r\n    var productTitle = h1 ? h1.innerText.trim() : \"\";\r\n\r\n    \/\/ 2. On cherche les boutons via la classe CSS .btn-devis-source\r\n    var buttons = document.querySelectorAll('.btn-devis-source a');\r\n\r\n    \/\/ 3. Si on a le titre et les boutons, on ajoute le param\u00e8tre\r\n    if (buttons.length > 0 && productTitle !== \"\") {\r\n        var encodedTitle = encodeURIComponent(productTitle);\r\n\r\n        buttons.forEach(function(btn) {\r\n            var currentHref = btn.getAttribute('href');\r\n            \r\n            \/\/ S\u00e9curit\u00e9 pour ne pas ajouter le param\u00e8tre 2 fois\r\n            if (currentHref.indexOf('sujet=') === -1) {\r\n                var separator = currentHref.indexOf('?') !== -1 ? '&' : '?';\r\n                var newLink = currentHref + separator + 'sujet=' + encodedTitle;\r\n                \r\n                btn.setAttribute('href', newLink);\r\n            }\r\n        });\r\n    }\r\n});\r\n<\/script><\/div>\n<\/div>\n<\/div>\n<\/div>\n\n\n\n<h2 class=\"wp-block-heading\">A modul\u00e1ris motorh\u00e1ztet\u0151k el\u0151nyei<\/h2>\n\n\n\n<div class=\"wp-block-columns is-layout-flex wp-container-core-columns-is-layout-28f84493 wp-block-columns-is-layout-flex\">\n<div class=\"wp-block-column is-layout-flow wp-block-column-is-layout-flow\">\n<h3 class=\"wp-block-heading has-text-align-center\"><strong>El\u0151ny\u00f6k<\/strong><\/h3>\n\n\n\n<ul class=\"wp-block-list\">\n<li>A f\u00fcst\u00f6k, old\u00f3szerek \u00e9s por t\u00f6k\u00e9letes felfog\u00e1s\u00e1hoz a forr\u00e1sn\u00e1l<\/li>\n\n\n\n<li>Egy vagy t\u00f6bb munka\u00e1llom\u00e1s porsz\u00edv\u00f3z\u00e1sa<\/li>\n\n\n\n<li>Gy\u0171jt\u0151h\u00e1l\u00f3zathoz vagy porgy\u0171jt\u0151h\u00f6z csatlakoztatand\u00f3<\/li>\n<\/ul>\n<\/div>\n\n\n\n<div class=\"wp-block-column is-layout-flow wp-block-column-is-layout-flow\">\n<h3 class=\"wp-block-heading has-text-align-center\"><strong>K\u00fcl\u00f6nleges jellemz\u0151k<\/strong><\/h3>\n\n\n\n<ul class=\"wp-block-list\">\n<li>K\u00f6nnyen tervezhet\u0151; sz\u00e1mos konfigur\u00e1ci\u00f3 \u00e1ll rendelkez\u00e9sre<\/li>\n\n\n\n<li>K\u00f6nnyen telep\u00edthet\u0151<\/li>\n\n\n\n<li>Rendk\u00edv\u00fcl modul\u00e1ris<\/li>\n\n\n\n<li>Az iszaplemezek cs\u00f6kkentik a sz\u00fcks\u00e9ges sz\u00edv\u00f3\u00e1ramot.<\/li>\n<\/ul>\n<\/div>\n\n\n\n<div class=\"wp-block-column is-layout-flow wp-block-column-is-layout-flow\">\n<h3 class=\"wp-block-heading has-text-align-center\"><strong>Jellemz\u0151k<\/strong><\/h3>\n\n\n\n<ul class=\"wp-block-list\">\n<li>M\u00e9retek \u00e9s \u00e1raml\u00e1si sebess\u00e9gek sz\u00e9les v\u00e1laszt\u00e9ka<\/li>\n\n\n\n<li>Nagyfok\u00fa rugalmass\u00e1g<\/li>\n\n\n\n<li>K\u00f6nnyen haszn\u00e1lhat\u00f3 \u00e9s mozgathat\u00f3<\/li>\n\n\n\n<li>A forr\u00e1shoz min\u00e9l k\u00f6zelebbi sz\u00edv\u00e1s<\/li>\n<\/ul>\n<\/div>\n<\/div>\n\n\n\n<h2 class=\"wp-block-heading\">Mikor kell ipari p\u00e1raelsz\u00edv\u00f3t haszn\u00e1lni?<\/h2>\n\n\n\n<p>Az <strong>ipari elsz\u00edv\u00f3<\/strong> nem mindig a <a href=\"https:\/\/obera.fr\/hu\/produits\/bras-dispositifs-captation\/\">legjobb gy\u0171jt\u0151eszk\u00f6z<\/a>, mivel nem mindig v\u00e9di megfelel\u0151en a kezel\u0151t, mivel l\u00e9gz\u0151szervei a szennyez\u0151anyag-kibocs\u00e1t\u00e1s forr\u00e1sa \u00e9s az elsz\u00edv\u00f3 k\u00f6z\u00f6tt helyezkedhetnek el. Ebben az esetben, ha ez m\u0171szakilag lehets\u00e9ges \u00e9s kell\u0151en hat\u00e9kony, el\u0151ny\u00f6sebb a <strong>h\u00e1ts\u00f3 elsz\u00edv\u00f3rendszer<\/strong> haszn\u00e1lata. <a href=\"https:\/\/obera.fr\/hu\/produits\/bras-dispositifs-captation\/dosserets-aspirants\/\"> <\/a>jobban alkalmas a kezel\u0151 v\u00e9delm\u00e9re, de kev\u00e9sb\u00e9 hat\u00e9kony gyors f\u00fcstfelh\u0151 vagy nagy f\u00fcstsebess\u00e9g\u0171 h\u0151\u00e1ram jelenl\u00e9t\u00e9ben.<\/p>\n\n\n\n<h2 class=\"wp-block-heading\">Hogyan hat\u00e1rozza meg az ipari p\u00e1raelsz\u00edv\u00f3n\u00e1l alkalmazand\u00f3 \u00e1raml\u00e1si sebess\u00e9get?<\/h2>\n\n\n\n<p>A <strong>besz\u00edvott leveg\u0151 \u00e1raml\u00e1s\u00e1nak <\/strong>nagyobbnak kell lennie, mint a sz\u00edv\u00e1si sebess\u00e9gek \u00e1ltal gener\u00e1lt h\u0151\u00e1raml\u00e1snak, hogy azt a motorh\u00e1ztet\u0151be lehessen terelni.<\/p>\n\n\n\n<p>Az INRS az ED2095 Principes g\u00e9n\u00e9raux de ventilation c\u00edm\u0171 \u00fatmutat\u00f3j\u00e1ban a k\u00f6vetkez\u0151 k\u00e9pletet haszn\u00e1lja:<\/p>\n\n\n\n<p>A sz\u00edv\u00e1si \u00e1raml\u00e1si sebess\u00e9g Q = 1,4 PHV, ahol P a forr\u00e1s ker\u00fclete m-ben, H a motorh\u00e1ztet\u0151 \u00e9s a forr\u00e1s k\u00f6z\u00f6tti magass\u00e1g, V pedig a forr\u00e1sn\u00e1l induk\u00e1lt l\u00e9gsebess\u00e9g m\/s-ban. <strong>Ennek az induk\u00e1lt l\u00e9gsebess\u00e9gnek nagyobbnak kell lennie, mint a f\u00fcstg\u00e1zok felsz\u00e1ll\u00e1si sebess\u00e9ge<\/strong>. Az induk\u00e1lt leveg\u0151 sebess\u00e9g\u00e9nek \u00e1ltal\u00e1ban 0,3 \u00e9s 1 m\/s k\u00f6z\u00f6tt kell lennie, a folyamatt\u00f3l f\u00fcgg\u0151en. <\/p>\n\n\n\n<p>K\u00f6nnyen bel\u00e1that\u00f3, hogy min\u00e9l t\u00e1volabb van a motorh\u00e1ztet\u0151 a kibocs\u00e1t\u00e1si pontt\u00f3l, ann\u00e1l nagyobb \u00e1raml\u00e1si sebess\u00e9gre van sz\u00fcks\u00e9g. <strong>Ez a t\u00e1vols\u00e1g cs\u00f6kkenthet\u0151, \u00e9s a forr\u00e1s elszigetel\u00e9se jav\u00edthat\u00f3<\/strong> a motorh\u00e1ztet\u0151 magass\u00e1ga ment\u00e9n m\u0171anyag cs\u00edkok (csappanty\u00fak) hozz\u00e1ad\u00e1s\u00e1val. <\/p>\n\n\n\n<p>Sz\u00edvesen seg\u00edt\u00fcnk a <a href=\"https:\/\/obera.fr\/hu\/produits\/bras-dispositifs-captation\/capot-industriel\/\">megfelel\u0151 kollektor \u00e9s a megfelel\u0151 sz\u00edv\u00f3\u00e1ram kiv\u00e1laszt\u00e1s\u00e1ban<\/a>.<\/p>\n\n\n\n<h2 class=\"wp-block-heading\">Alkalmaz\u00e1sok<\/h2>\n\n\n\n<div class=\"wp-block-columns is-layout-flex wp-container-core-columns-is-layout-28f84493 wp-block-columns-is-layout-flex\">\n<div class=\"wp-block-column is-layout-flow wp-block-column-is-layout-flow\">\n<h3 class=\"wp-block-heading has-text-align-center\">Szennyez\u0151 anyagok<\/h3>\n\n\n\n<hr class=\"wp-block-separator has-css-opacity is-style-wide\"\/>\n\n\n\n<div class=\"wp-block-columns is-layout-flex wp-container-core-columns-is-layout-28f84493 wp-block-columns-is-layout-flex\">\n<div class=\"wp-block-column is-layout-flow wp-block-column-is-layout-flow\">\n<figure class=\"wp-block-image aligncenter size-large\"><img decoding=\"async\" width=\"70\" height=\"70\" src=\"https:\/\/obera.fr\/wp-content\/uploads\/2020\/08\/polluants-poussieres.jpg\" alt=\"Szennyez\u0151 anyagok Por\" class=\"wp-image-675\"\/><figcaption class=\"wp-element-caption\">G\u0151z\u00f6k<\/figcaption><\/figure>\n\n\n\n<figure class=\"wp-block-image aligncenter size-large\"><img decoding=\"async\" width=\"70\" height=\"70\" src=\"https:\/\/obera.fr\/wp-content\/uploads\/2020\/08\/industrie-odeur.jpg\" alt=\"Ipari szag\" class=\"wp-image-723\"\/><figcaption class=\"wp-element-caption\">Szagok<\/figcaption><\/figure>\n\n\n\n<figure class=\"wp-block-image aligncenter size-large\"><img decoding=\"async\" width=\"70\" height=\"70\" src=\"https:\/\/obera.fr\/wp-content\/uploads\/2020\/08\/industrie-brouillard-huile.jpg\" alt=\"Ipari k\u00f6d olaj\" class=\"wp-image-721\"\/><figcaption class=\"wp-element-caption\">Olajk\u00f6d<\/figcaption><\/figure>\n<\/div>\n\n\n\n<div class=\"wp-block-column is-layout-flow wp-block-column-is-layout-flow\">\n<figure class=\"wp-block-image aligncenter size-large\"><img decoding=\"async\" width=\"70\" height=\"70\" src=\"https:\/\/obera.fr\/wp-content\/uploads\/2020\/08\/industrie-fumees.jpg\" alt=\"Ipari f\u00fcst\" class=\"wp-image-722\"\/><figcaption class=\"wp-element-caption\">G\u0151z\u00f6k<\/figcaption><\/figure>\n\n\n\n<figure class=\"wp-block-image aligncenter size-large\"><img decoding=\"async\" width=\"70\" height=\"70\" src=\"https:\/\/obera.fr\/wp-content\/uploads\/2020\/09\/cov.png\" alt=\"Cov\" class=\"wp-image-959\"\/><figcaption class=\"wp-element-caption\">VOCS<\/figcaption><\/figure>\n<\/div>\n<\/div>\n\n\n\n<p><\/p>\n<\/div>\n\n\n\n<div class=\"wp-block-column is-layout-flow wp-block-column-is-layout-flow\">\n<h3 class=\"wp-block-heading has-text-align-center\">Ipar\u00e1gak<\/h3>\n\n\n\n<hr class=\"wp-block-separator has-css-opacity is-style-wide\"\/>\n\n\n\n<div class=\"wp-block-columns is-layout-flex wp-container-core-columns-is-layout-28f84493 wp-block-columns-is-layout-flex\">\n<div class=\"wp-block-column is-layout-flow wp-block-column-is-layout-flow\">\n<figure class=\"wp-block-image aligncenter size-large\"><img decoding=\"async\" width=\"70\" height=\"70\" src=\"https:\/\/obera.fr\/wp-content\/uploads\/2020\/08\/industrie-metallurgie.jpg\" alt=\"Koh\u00e1szati ipar\" class=\"wp-image-673\"\/><figcaption class=\"wp-element-caption\">Koh\u00e1szat<\/figcaption><\/figure>\n\n\n\n<figure class=\"wp-block-image aligncenter size-large\"><img decoding=\"async\" width=\"70\" height=\"70\" src=\"https:\/\/obera.fr\/wp-content\/uploads\/2020\/08\/industrie-chimie.jpg\" alt=\"Vegyipar\" class=\"wp-image-725\"\/><figcaption class=\"wp-element-caption\">Vegyszerek\/petrok\u00e9miai anyagok<\/figcaption><\/figure>\n\n\n\n<figure class=\"wp-block-image aligncenter size-large\"><img decoding=\"async\" width=\"70\" height=\"70\" src=\"https:\/\/obera.fr\/wp-content\/uploads\/2020\/08\/industrie-textile.jpg\" alt=\"Textilipar\" class=\"wp-image-671\"\/><figcaption class=\"wp-element-caption\">Text\u00edli\u00e1k<\/figcaption><\/figure>\n\n\n\n<figure class=\"wp-block-image aligncenter size-large\"><img decoding=\"async\" width=\"70\" height=\"70\" src=\"https:\/\/obera.fr\/wp-content\/uploads\/2020\/08\/industrie-minerai.jpg\" alt=\"\u00c9rcipar\" class=\"wp-image-724\"\/><figcaption class=\"wp-element-caption\">\u00c1sv\u00e1nyok<\/figcaption><\/figure>\n<\/div>\n\n\n\n<div class=\"wp-block-column is-layout-flow wp-block-column-is-layout-flow\">\n<figure class=\"wp-block-image aligncenter size-large\"><img decoding=\"async\" width=\"70\" height=\"70\" src=\"https:\/\/obera.fr\/wp-content\/uploads\/2020\/08\/industrie-plastique.jpg\" alt=\"M\u0171anyagipar\" class=\"wp-image-669\"\/><figcaption class=\"wp-element-caption\">M\u0171anyagok<\/figcaption><\/figure>\n\n\n\n<figure class=\"wp-block-image aligncenter size-large\"><img decoding=\"async\" width=\"70\" height=\"70\" src=\"https:\/\/obera.fr\/wp-content\/uploads\/2020\/08\/industrie-bois.jpg\" alt=\"Faipar\" class=\"wp-image-672\"\/><figcaption class=\"wp-element-caption\">Famegmunk\u00e1l\u00e1s<\/figcaption><\/figure>\n\n\n\n<figure class=\"wp-block-image aligncenter size-large\"><img decoding=\"async\" width=\"70\" height=\"70\" src=\"https:\/\/obera.fr\/wp-content\/uploads\/2020\/08\/industrie-papier-carton.jpg\" alt=\"Pap\u00edr- \u00e9s kartonipar\" class=\"wp-image-670\"\/><figcaption class=\"wp-element-caption\">Pap\u00edr\/karton<\/figcaption><\/figure>\n\n\n\n<figure class=\"wp-block-image aligncenter size-large\"><img decoding=\"async\" width=\"70\" height=\"70\" src=\"https:\/\/obera.fr\/wp-content\/uploads\/2020\/08\/industrie-dechets.jpg\" alt=\"Ipari hullad\u00e9k\" class=\"wp-image-726\"\/><figcaption class=\"wp-element-caption\">Hullad\u00e9kgy\u0171jt\u00e9s \u00e9s -v\u00e1logat\u00e1s<\/figcaption><\/figure>\n<\/div>\n<\/div>\n<\/div>\n<\/div>\n\n\n\n<h2 class=\"wp-block-heading\">M\u0171szaki specifik\u00e1ci\u00f3k<\/h2>\n\n\n\n<figure class=\"wp-block-table\"><table class=\"has-fixed-layout\"><thead><tr><th>Hossz\u00fas\u00e1g\/sz\u00e9less\u00e9g<br>(mm)<\/th><th>950<\/th><th>1200<\/th><th>1450<\/th><th>1700<\/th><th>1950<\/th><\/tr><\/thead><tbody><tr><td>950<\/td><td>X<\/td><td><\/td><td><\/td><td><\/td><td><\/td><\/tr><tr><td>1200<\/td><td>X<\/td><td>X<\/td><td><\/td><td><\/td><td><\/td><\/tr><tr><td>1450<\/td><td>X<\/td><td>X<\/td><td>X<\/td><td><\/td><td><\/td><\/tr><tr><td>1700<\/td><td>X<\/td><td>X<\/td><td>X<\/td><td>X<\/td><td><\/td><\/tr><tr><td>1950<\/td><td>X<\/td><td>X<\/td><td>X<\/td><td>X<\/td><td>X<\/td><\/tr><tr><td>2200<\/td><td>X<\/td><td>X<\/td><td>X<\/td><td>X<\/td><td>X<\/td><\/tr><tr><td>2450<\/td><td>X<\/td><td>X<\/td><td>X<\/td><td>X<\/td><td>X<\/td><\/tr><tr><td>2700<\/td><td>X<\/td><td>X<\/td><td>X<\/td><td>X<\/td><td>X<\/td><\/tr><tr><td>2950<\/td><td>X<\/td><td>X<\/td><td>X<\/td><td>X<\/td><td>X<\/td><\/tr><tr><td>3200<\/td><td><\/td><td><\/td><td>X<\/td><td>X<\/td><td>X<\/td><\/tr><\/tbody><\/table><\/figure>\n\n\n\n<h2 class=\"wp-block-heading\">Opci\u00f3k<\/h2>\n\n\n\n<div class=\"wp-block-columns is-layout-flex wp-container-core-columns-is-layout-28f84493 wp-block-columns-is-layout-flex\">\n<div class=\"wp-block-column is-layout-flow wp-block-column-is-layout-flow\">\n<figure class=\"wp-block-image aligncenter size-large\"><img decoding=\"async\" width=\"100\" height=\"100\" src=\"https:\/\/obera.fr\/wp-content\/uploads\/2020\/11\/pieds-supports.jpg\" alt=\"T\u00e1maszt\u00f3l\u00e1bak\" class=\"wp-image-2118\"\/><figcaption class=\"wp-element-caption\">T\u00e1maszt\u00f3l\u00e1bak<\/figcaption><\/figure>\n<\/div>\n\n\n\n<div class=\"wp-block-column is-layout-flow wp-block-column-is-layout-flow\">\n<figure class=\"wp-block-image aligncenter size-large\"><img decoding=\"async\" width=\"100\" height=\"100\" src=\"https:\/\/obera.fr\/wp-content\/uploads\/2020\/11\/bavettes.jpg\" alt=\"S\u00e1rv\u00e9d\u0151k\" class=\"wp-image-2117\"\/><figcaption class=\"wp-element-caption\">S\u00e1rv\u00e9d\u0151k<\/figcaption><\/figure>\n<\/div>\n\n\n\n<div class=\"wp-block-column is-layout-flow wp-block-column-is-layout-flow\"><\/div>\n\n\n\n<div class=\"wp-block-column is-layout-flow wp-block-column-is-layout-flow\"><\/div>\n<\/div>\n\n\n\n<div class=\"wp-block-buttons is-horizontal is-content-justification-center is-layout-flex wp-container-core-buttons-is-layout-03627597 wp-block-buttons-is-layout-flex\">\n<div class=\"wp-block-button\"><a class=\"wp-block-button__link wp-element-button\" href=\"https:\/\/obera.fr\/contact\/\">Tudjon meg t\u00f6bbet<\/a><\/div>\n<\/div>\n\n\n\n<hr class=\"wp-block-separator has-css-opacity is-style-dots\"\/>\n\n\n\n<h2 class=\"wp-block-heading\">Az OberA egy\u00e9b sz\u00edv\u00f3 \u00e9s gy\u0171jt\u0151 term\u00e9kei<\/h2>\n\n\n\n<div class=\"wp-block-columns is-layout-flex wp-container-core-columns-is-layout-28f84493 wp-block-columns-is-layout-flex\">\n<div class=\"wp-block-column is-layout-flow wp-block-column-is-layout-flow\">\n<figure class=\"wp-block-image aligncenter size-thumbnail\"><a href=\"https:\/\/obera.fr\/produits\/bras-dispositifs-captation\/bras-hotte-ovale-rectangulaire\/\"><img decoding=\"async\" width=\"150\" height=\"150\" src=\"https:\/\/obera.fr\/wp-content\/uploads\/2020\/09\/Bras-SF-150x150.jpg\" alt=\"Sz\u00edv\u00f3kar\" class=\"wp-image-969\" srcset=\"https:\/\/obera.fr\/wp-content\/uploads\/2020\/09\/Bras-SF-150x150.jpg 150w, https:\/\/obera.fr\/wp-content\/uploads\/2020\/09\/Bras-SF-300x300.jpg 300w, https:\/\/obera.fr\/wp-content\/uploads\/2020\/09\/Bras-SF.jpg 433w\" sizes=\"(max-width: 150px) 100vw, 150px\" \/><\/a><figcaption class=\"wp-element-caption\">Sz\u00edv\u00f3kar<\/figcaption><\/figure>\n<\/div>\n\n\n\n<div class=\"wp-block-column is-layout-flow wp-block-column-is-layout-flow\">\n<figure class=\"wp-block-image aligncenter size-thumbnail\"><a href=\"https:\/\/obera.fr\/produits\/bras-dispositifs-captation\/bras-de-laboratoire\/\"><img decoding=\"async\" width=\"150\" height=\"150\" src=\"https:\/\/obera.fr\/wp-content\/uploads\/2020\/11\/22-bras-de-labo-150x150.jpg\" alt=\"Laborat\u00f3riumi karok\" class=\"wp-image-1662\" srcset=\"https:\/\/obera.fr\/wp-content\/uploads\/2020\/11\/22-bras-de-labo-150x150.jpg 150w, https:\/\/obera.fr\/wp-content\/uploads\/2020\/11\/22-bras-de-labo-300x300.jpg 300w, https:\/\/obera.fr\/wp-content\/uploads\/2020\/11\/22-bras-de-labo-1024x1024.jpg 1024w, https:\/\/obera.fr\/wp-content\/uploads\/2020\/11\/22-bras-de-labo-768x768.jpg 768w, https:\/\/obera.fr\/wp-content\/uploads\/2020\/11\/22-bras-de-labo.jpg 1500w\" sizes=\"(max-width: 150px) 100vw, 150px\" \/><\/a><figcaption class=\"wp-element-caption\">Laborat\u00f3riumi karok<\/figcaption><\/figure>\n<\/div>\n\n\n\n<div class=\"wp-block-column is-layout-flow wp-block-column-is-layout-flow\">\n<figure class=\"wp-block-image aligncenter size-thumbnail\"><a href=\"https:\/\/obera.fr\/produits\/bras-dispositifs-captation\/dosserets-aspirants\/\"><img decoding=\"async\" width=\"150\" height=\"150\" src=\"https:\/\/obera.fr\/wp-content\/uploads\/2020\/10\/Dosserets-oberA-150x150.png\" alt=\"Obera csobog\u00f3k\" class=\"wp-image-1174\"\/><\/a><figcaption class=\"wp-element-caption\">Sz\u00edv\u00f3 h\u00e1ts\u00f3 burkolatok<\/figcaption><\/figure>\n<\/div>\n\n\n\n<div class=\"wp-block-column is-layout-flow wp-block-column-is-layout-flow\">\n<figure class=\"wp-block-image aligncenter size-thumbnail\"><a href=\"https:\/\/obera.fr\/produits\/bras-dispositifs-captation\/anneaux-de-pouyes\/\"><img decoding=\"async\" width=\"150\" height=\"150\" src=\"https:\/\/obera.fr\/wp-content\/uploads\/2022\/09\/Anneau-de-pouyes-2-150x150.jpg\" alt=\"Csirke karik\u00e1k\" class=\"wp-image-14482\" srcset=\"https:\/\/obera.fr\/wp-content\/uploads\/2022\/09\/Anneau-de-pouyes-2-150x150.jpg 150w, https:\/\/obera.fr\/wp-content\/uploads\/2022\/09\/Anneau-de-pouyes-2-300x300.jpg 300w, https:\/\/obera.fr\/wp-content\/uploads\/2022\/09\/Anneau-de-pouyes-2.jpg 500w\" sizes=\"(max-width: 150px) 100vw, 150px\" \/><\/a><figcaption class=\"wp-element-caption\">Csirke karik\u00e1k<\/figcaption><\/figure>\n<\/div>\n<\/div>\n\n\n\n<div class=\"wp-block-columns is-layout-flex wp-container-core-columns-is-layout-28f84493 wp-block-columns-is-layout-flex\">\n<div class=\"wp-block-column is-layout-flow wp-block-column-is-layout-flow\">\n<figure class=\"wp-block-image aligncenter size-thumbnail\"><a href=\"https:\/\/obera.fr\/produits\/bras-dispositifs-captation\/hotte-rectangulaire\/\"><img decoding=\"async\" width=\"150\" height=\"150\" src=\"https:\/\/obera.fr\/wp-content\/uploads\/2020\/10\/hotte-rectangulaire-150x150.png\" alt=\"T\u00e9glalap alak\u00fa motorh\u00e1ztet\u0151\" class=\"wp-image-1178\" srcset=\"https:\/\/obera.fr\/wp-content\/uploads\/2020\/10\/hotte-rectangulaire-150x150.png 150w, https:\/\/obera.fr\/wp-content\/uploads\/2020\/10\/hotte-rectangulaire.png 158w\" sizes=\"(max-width: 150px) 100vw, 150px\" \/><\/a><figcaption class=\"wp-element-caption\">Ipari n\u00e9gysz\u00f6gletes f\u00fcstelvezet\u0151k<\/figcaption><\/figure>\n<\/div>\n\n\n\n<div class=\"wp-block-column is-layout-flow wp-block-column-is-layout-flow\">\n<figure class=\"wp-block-image aligncenter size-thumbnail\"><a href=\"https:\/\/obera.fr\/?page_id=489\"><img decoding=\"async\" width=\"150\" height=\"150\" src=\"https:\/\/obera.fr\/wp-content\/uploads\/2020\/10\/table-SF-150x150.png\" alt=\"Sz\u00edv\u00f3asztalok\" class=\"wp-image-1179\" srcset=\"https:\/\/obera.fr\/wp-content\/uploads\/2020\/10\/table-SF-150x150.png 150w, https:\/\/obera.fr\/wp-content\/uploads\/2020\/10\/table-SF-300x300.png 300w, https:\/\/obera.fr\/wp-content\/uploads\/2020\/10\/table-SF.png 433w\" sizes=\"(max-width: 150px) 100vw, 150px\" \/><\/a><figcaption class=\"wp-element-caption\">Sz\u00edv\u00f3asztalok<\/figcaption><\/figure>\n<\/div>\n\n\n\n<div class=\"wp-block-column is-layout-flow wp-block-column-is-layout-flow\">\n<figure class=\"wp-block-image aligncenter size-full\"><a href=\"https:\/\/obera.fr\/produits\/bras-dispositifs-captation\/capot-industriel\/\"><img decoding=\"async\" width=\"150\" height=\"150\" src=\"https:\/\/obera.fr\/wp-content\/uploads\/2020\/10\/capots.png\" alt=\"Sz\u00edv\u00f3h\u00e1ztet\u0151k\" class=\"wp-image-1173\"\/><\/a><figcaption class=\"wp-element-caption\">Sz\u00edv\u00f3- \u00e9s gy\u0171jt\u0151fed\u00e9l<\/figcaption><\/figure>\n<\/div>\n\n\n\n<div class=\"wp-block-column is-layout-flow wp-block-column-is-layout-flow\"><\/div>\n<\/div>\n","protected":false},"excerpt":{"rendered":"<p>Mi az az ipari p\u00e1raelsz\u00edv\u00f3? Az ipari elsz\u00edv\u00f3, m\u00e1s n\u00e9ven ipari elsz\u00edv\u00f3 vagy ipari elsz\u00edv\u00f3, az iparban a gy\u00e1rt\u00e1si folyamatb\u00f3l sz\u00e1rmaz\u00f3 szennyez\u0151anyag-kibocs\u00e1t\u00e1sok (f\u00fcst, por, g\u0151z\u00f6k) \u00e1ltal\u00e1ban fel\u00fclr\u0151l t\u00f6rt\u00e9n\u0151 elsz\u00edv\u00e1s\u00e1ra \u00e9s elsz\u00edv\u00e1s\u00e1ra szolg\u00e1l. Az OberA modul\u00e1ris elsz\u00edv\u00f3k ide\u00e1lisak a porelsz\u00edv\u00e1shoz, a f\u00fcstelsz\u00edv\u00e1shoz \u00e9s a g\u00e1znem\u0171 szennyez\u0151 anyagok forr\u00e1sn\u00e1l t\u00f6rt\u00e9n\u0151 elsz\u00edv\u00e1s\u00e1hoz. Az OberA ipari p\u00e1raelsz\u00edv\u00f3k a kibocs\u00e1t\u00e1si forr\u00e1shoz a lehet\u0151 legk\u00f6zelebb gy\u0171jtik be a r\u00e9szecsk\u00e9ket \u00e9s a g\u00e1zokat, hogy hat\u00e9konyan v\u00e9dj\u00e9k a munkav\u00e1llal\u00f3kat \u00e9s korl\u00e1tozz\u00e1k a szennyez\u0151 anyagok terjed\u00e9s\u00e9t a munkater\u00fcleten. Az elsz\u00edv\u00f3kat egy megl\u00e9v\u0151 elsz\u00edv\u00f3h\u00e1l\u00f3zathoz vagy egy k\u00f6zeli sz\u0171r\u0151egys\u00e9ghez vagy porgy\u0171jt\u0151h\u00f6z kell csatlakoztatni. A rendelkez\u00e9sre \u00e1ll\u00f3 m\u00e9retek sz\u00e9les sk\u00e1l\u00e1ja, a t\u00e1maszt\u00f3l\u00e1bak, &#8230; <\/p>\n<p class=\"read-more-container\"><a title=\"Ipari modul\u00e1ris motorh\u00e1ztet\u0151\" class=\"read-more button\" href=\"https:\/\/obera.fr\/hu\/produits\/bras-dispositifs-captation\/hotte-modulaire\/#more-67725\" aria-label=\"Read more about Ipari modul\u00e1ris motorh\u00e1ztet\u0151\">Lire la suite<\/a><\/p>\n","protected":false},"author":4,"featured_media":83741,"parent":67670,"menu_order":0,"comment_status":"closed","ping_status":"closed","template":"","meta":{"_acf_changed":false,"_seopress_robots_primary_cat":"","_seopress_titles_title":"oberA ipari modul\u00e1ris f\u00fcstelvezet\u0151","_seopress_titles_desc":"Az OBERA modul\u00e1ris elsz\u00edv\u00f3k ide\u00e1lisak a por, a f\u00fcst \u00e9s a g\u00e1znem\u0171 szennyez\u0151 anyagok forr\u00e1sn\u00e1l t\u00f6rt\u00e9n\u0151 elsz\u00edv\u00e1s\u00e1ra.","_seopress_robots_index":"","footnotes":""},"class_list":{"0":"post-67725","1":"page","2":"type-page","3":"status-publish","4":"has-post-thumbnail","6":"no-featured-image-padding","7":"resize-featured-image"},"acf":[],"_links":{"self":[{"href":"https:\/\/obera.fr\/hu\/wp-json\/wp\/v2\/pages\/67725","targetHints":{"allow":["GET"]}}],"collection":[{"href":"https:\/\/obera.fr\/hu\/wp-json\/wp\/v2\/pages"}],"about":[{"href":"https:\/\/obera.fr\/hu\/wp-json\/wp\/v2\/types\/page"}],"author":[{"embeddable":true,"href":"https:\/\/obera.fr\/hu\/wp-json\/wp\/v2\/users\/4"}],"replies":[{"embeddable":true,"href":"https:\/\/obera.fr\/hu\/wp-json\/wp\/v2\/comments?post=67725"}],"version-history":[{"count":7,"href":"https:\/\/obera.fr\/hu\/wp-json\/wp\/v2\/pages\/67725\/revisions"}],"predecessor-version":[{"id":106761,"href":"https:\/\/obera.fr\/hu\/wp-json\/wp\/v2\/pages\/67725\/revisions\/106761"}],"up":[{"embeddable":true,"href":"https:\/\/obera.fr\/hu\/wp-json\/wp\/v2\/pages\/67670"}],"wp:featuredmedia":[{"embeddable":true,"href":"https:\/\/obera.fr\/hu\/wp-json\/wp\/v2\/media\/83741"}],"wp:attachment":[{"href":"https:\/\/obera.fr\/hu\/wp-json\/wp\/v2\/media?parent=67725"}],"curies":[{"name":"wp","href":"https:\/\/api.w.org\/{rel}","templated":true}]}}