{"id":67739,"date":"2024-05-07T15:48:45","date_gmt":"2024-05-07T13:48:45","guid":{"rendered":"https:\/\/obera.fr\/produits\/caissons-mobiles-aspiration\/"},"modified":"2025-11-15T17:25:47","modified_gmt":"2025-11-15T15:25:47","slug":"caissons-mobiles-aspiration","status":"publish","type":"page","link":"https:\/\/obera.fr\/hu\/produits\/caissons-mobiles-aspiration\/","title":{"rendered":"Mobil sz\u00edv\u00f3egys\u00e9gek"},"content":{"rendered":"\n\n<h2 class=\"wp-block-heading\">Mi az a mobil sz\u00edv\u00f3egys\u00e9g?<\/h2>\n\n<p>A mobil elsz\u00edv\u00f3egys\u00e9g, m\u00e1s n\u00e9ven mobil<strong> sz\u0171r\u0151egys\u00e9g, mobil elsz\u00edv\u00f3egys\u00e9g<\/strong> vagy mobil sz\u0171r\u0151egys\u00e9g \u00e1ltal\u00e1ban egy kism\u00e9ret\u0171 mobil eszk\u00f6z a szennyez\u0151 anyagok forr\u00e1sn\u00e1l t\u00f6rt\u00e9n\u0151 elsz\u00edv\u00e1s\u00e1ra \u00e9s sz\u0171r\u00e9s\u00e9re. \u00c1ltal\u00e1ban <a href=\"https:\/\/obera.fr\/hu\/produits\/bras-dispositifs-captation\/capot-industriel\/\">a k\u00e9sz\u00fcl\u00e9kre szerelt gy\u0171jt\u0151karral<\/a> vagy cs\u00f6ves bemenettel van ell\u00e1tva, amely lehet\u0151v\u00e9 teszi egy vagy t\u00f6bb sz\u00edv\u00f3t\u00f6ml\u0151 csatlakoztat\u00e1s\u00e1t egy g\u00e9phez, egy motorh\u00e1ztet\u0151h\u00f6z, egy <strong>kis sz\u00edv\u00f3asztalhoz<\/strong> vagy t\u00e1voli karokhoz. <\/p>\n\n<p><\/p>\n\n<div class=\"wp-block-columns is-layout-flex wp-container-core-columns-is-layout-28f84493 wp-block-columns-is-layout-flex\">\n<div class=\"wp-block-column is-layout-flow wp-block-column-is-layout-flow\" style=\"flex-basis:66.66%\">\n<p>A mobil sz\u00edv\u00f3egys\u00e9gek gy\u0171jt\u0151karb\u00f3l vagy cs\u00f6ves sz\u00edv\u00f3cs\u0151b\u0151l, t\u00f6bbfokozat\u00fa h\u00e1zb\u00f3l, tel\u00edt\u00e9si sz\u0171r\u0151kb\u0151l \u00e9s egy <strong>\u00e1ltal\u00e1ban egyf\u00e1zis\u00fa centrifug\u00e1lventil\u00e1torb\u00f3l<\/strong> \u00e1llnak. A h\u00e1zak a k\u00f6nny\u0171 mozgat\u00e1s \u00e9rdek\u00e9ben g\u00f6rg\u0151kkel vannak felszerelve. A gy\u0171jt\u0151berendez\u00e9s (kar, asztal stb.) \u00e1ltal besz\u00edvott leveg\u0151 bel\u00e9p a dobozba, \u00e9s egyre finomabb mechanikai sz\u0171r\u00e9si fokozatokon, egy vagy t\u00f6bb molekulasz\u0171r\u00e9si fokozatokon (akt\u00edv sz\u00e9n) \u00e9s v\u00e9g\u00fcl egy nagy hat\u00e9konys\u00e1g\u00fa HEPA-sz\u0171r\u00e9si fokozatokon halad \u00e1t, ha a <strong>besz\u00edvott term\u00e9k vesz\u00e9lyes \u00e9s HEPA-sz\u0171r\u00e9st ig\u00e9nyel <\/strong>, hogy tiszta leveg\u0151t juttasson az \u00e9p\u00fcletbe.  <\/p>\n\n\n\n<p><\/p>\n<\/div>\n\n\n\n<div class=\"wp-block-column is-layout-flow wp-block-column-is-layout-flow\" style=\"flex-basis:33.33%\">\n<figure class=\"wp-block-image aligncenter size-large is-resized\"><img decoding=\"async\" width=\"1024\" height=\"549\" src=\"https:\/\/obera.fr\/wp-content\/uploads\/2025\/03\/charbon-actif-purple-1024x549.png\" alt=\"akt&#xED;v sz&#xE9;n lila\" class=\"wp-image-76468\" style=\"width:269px;height:auto\" srcset=\"https:\/\/obera.fr\/wp-content\/uploads\/2025\/03\/charbon-actif-purple-1024x549.png 1024w, https:\/\/obera.fr\/wp-content\/uploads\/2025\/03\/charbon-actif-purple-300x161.png 300w, https:\/\/obera.fr\/wp-content\/uploads\/2025\/03\/charbon-actif-purple-768x412.png 768w, https:\/\/obera.fr\/wp-content\/uploads\/2025\/03\/charbon-actif-purple.png 1200w\" sizes=\"(max-width: 1024px) 100vw, 1024px\" \/><\/figure>\n<\/div>\n<\/div>\n\n<p>A sz\u00edv\u00f3egys\u00e9gek nagyon alacsony, 80-300 m3\/h \u00e1raml\u00e1si sebess\u00e9ggel \u00e1llnak rendelkez\u00e9sre a munka\u00e1llom\u00e1son t\u00f6rt\u00e9n\u0151 finom sz\u00edv\u00e1shoz (ragaszt\u00e1s, forraszt\u00e1s, elektronikai hegeszt\u00e9s, apr\u00f3l\u00e9kos csiszol\u00e1si vagy csiszol\u00e1si m\u0171veletek stb.), eg\u00e9szen 3000 m3\/h \u00e1raml\u00e1si sebess\u00e9gig t\u00f6bb munka\u00e1llom\u00e1son t\u00f6rt\u00e9n\u0151 sz\u00edv\u00e1shoz egyetlen egys\u00e9ggel vagy nagyobb sz\u00edvand\u00f3 munkafel\u00fcletekhez (sz\u00edv\u00f3 h\u00e1tfalak, nagyobb gy\u0171jt\u0151karok). Az <strong>egys\u00e9gek \u00e1ltal\u00e1ban potenciom\u00e9terrel vannak felszerelve <\/strong>, amellyel a centrifug\u00e1lventil\u00e1tor sz\u00edv\u00e1si \u00e1raml\u00e1si sebess\u00e9ge a sz\u00edv\u00e1si ig\u00e9nynek megfelel\u0151en be\u00e1ll\u00edthat\u00f3. <\/p>\n\n<p>A mobil elsz\u00edv\u00f3egys\u00e9geket olyan szennyez\u0151 anyagok elsz\u00edv\u00e1s\u00e1ra haszn\u00e1lj\u00e1k, mint a f\u00fcst, por, g\u00e1znem\u0171 szennyez\u0151 anyagok, g\u0151z\u00f6k, old\u00f3szerek, VOC-k \u00e9s szagok. A kazett\u00e1s elv lehet\u0151v\u00e9 teszi, hogy <strong>t\u00f6bb egym\u00e1st k\u00f6vet\u0151 sz\u0171r\u00e9si fokozatot helyezzenek egym\u00e1sra<\/strong> a k\u00f6vetkez\u0151k kezel\u00e9se \u00e9rdek\u00e9ben   <\/p>\n\n<h2 class=\"wp-block-heading\" id=\"a-quelles-utilisations-conviennent-elles\">Mobil sz\u00edv\u00f3egys\u00e9gek v\u00e1laszt\u00e9ka  <\/h2>\n\n<div style=\"height:37px\" aria-hidden=\"true\" class=\"wp-block-spacer\"><\/div>\n\n<div class=\"wp-block-columns is-layout-flex wp-container-core-columns-is-layout-28f84493 wp-block-columns-is-layout-flex\">\n<div class=\"wp-block-column is-layout-flow wp-block-column-is-layout-flow\">\n<h3 class=\"wp-block-heading has-text-align-center\">ePURBox ATEX<\/h3>\n\n\n\n<p class=\"has-text-align-center\"><strong>Modul\u00e1ris fel\u00e9p\u00edt\u00e9s \u00e9s sokoldal\u00fas\u00e1g<\/strong><\/p>\n\n\n\n<p class=\"has-text-align-center\">Por, f\u00fcst, g\u0151z\u00f6k \u00e9s old\u00f3szerek kezel\u00e9se.<\/p>\n\n\n\n<figure class=\"wp-block-image aligncenter size-medium is-resized\"><a href=\"https:\/\/obera.fr\/hu\/produits\/caissons-mobiles-aspiration\/epurbox-atex\/#more-115628\"><img decoding=\"async\" width=\"300\" height=\"300\" src=\"https:\/\/obera.fr\/wp-content\/uploads\/2025\/10\/visuel-epurbox-brs-logo-atex-300x300.png\" alt=\"epurbox brs atex log&#xF3; vizu&#xE1;l\" class=\"wp-image-130378\" style=\"width:315px;height:auto\" srcset=\"https:\/\/obera.fr\/wp-content\/uploads\/2025\/10\/visuel-epurbox-brs-logo-atex-300x300.png 300w, https:\/\/obera.fr\/wp-content\/uploads\/2025\/10\/visuel-epurbox-brs-logo-atex-1024x1024.png 1024w, https:\/\/obera.fr\/wp-content\/uploads\/2025\/10\/visuel-epurbox-brs-logo-atex-150x150.png 150w, https:\/\/obera.fr\/wp-content\/uploads\/2025\/10\/visuel-epurbox-brs-logo-atex-768x768.png 768w, https:\/\/obera.fr\/wp-content\/uploads\/2025\/10\/visuel-epurbox-brs-logo-atex.png 1200w\" sizes=\"(max-width: 300px) 100vw, 300px\" \/><\/a><\/figure>\n\n\n\n<p class=\"has-text-align-center\">Maxim\u00e1lis \u00e1raml\u00e1s 1200 m3\/h &#8211; Cs\u00f6ves vagy karos kivezet\u00e9s<\/p>\n<\/div>\n\n\n\n<div class=\"wp-block-column is-layout-flow wp-block-column-is-layout-flow\">\n<h3 class=\"wp-block-heading has-text-align-center\">Clearbox<\/h3>\n\n\n\n<p class=\"has-text-align-center\">F\u00fcst, g\u0151z \u00e9s old\u00f3szer kezel\u00e9se<\/p>\n\n\n\n<figure class=\"wp-block-image aligncenter size-medium is-resized\"><a href=\"https:\/\/obera.fr\/hu\/produits\/caissons-mobiles-aspiration\/clearbox\/\"><img decoding=\"async\" width=\"300\" height=\"300\" src=\"https:\/\/obera.fr\/wp-content\/uploads\/2025\/10\/visuel-clearbox-brs-300x300.png\" alt=\"clearbox brs vizu&#xE1;l\" class=\"wp-image-129934\" style=\"object-fit:cover;width:335px;height:auto\" srcset=\"https:\/\/obera.fr\/wp-content\/uploads\/2025\/10\/visuel-clearbox-brs-300x300.png 300w, https:\/\/obera.fr\/wp-content\/uploads\/2025\/10\/visuel-clearbox-brs-1024x1024.png 1024w, https:\/\/obera.fr\/wp-content\/uploads\/2025\/10\/visuel-clearbox-brs-150x150.png 150w, https:\/\/obera.fr\/wp-content\/uploads\/2025\/10\/visuel-clearbox-brs-768x768.png 768w, https:\/\/obera.fr\/wp-content\/uploads\/2025\/10\/visuel-clearbox-brs.png 1200w\" sizes=\"(max-width: 300px) 100vw, 300px\" \/><\/a><\/figure>\n\n\n\n<p class=\"has-text-align-center\">Maxim\u00e1lis \u00e1raml\u00e1s 2000m3\/h<\/p>\n<\/div>\n<\/div>\n\n<div style=\"height:58px\" aria-hidden=\"true\" class=\"wp-block-spacer\"><\/div>\n\n<div style=\"height:58px\" aria-hidden=\"true\" class=\"wp-block-spacer\"><\/div>\n\n<div class=\"wp-block-columns is-layout-flex wp-container-core-columns-is-layout-28f84493 wp-block-columns-is-layout-flex\">\n<div class=\"wp-block-column is-layout-flow wp-block-column-is-layout-flow\">\n<h3 class=\"wp-block-heading has-text-align-center\">ePUR EX<\/h3>\n\n\n\n<p class=\"has-text-align-center\">F\u00fcst, g\u0151z \u00e9s old\u00f3szer kezel\u00e9se<\/p>\n\n\n\n<figure class=\"wp-block-image aligncenter size-medium is-resized\"><a href=\"https:\/\/obera.fr\/hu\/produits\/depoussiereurs-industriels\/petits\/aspiration-fumees-soudage-laser-epur-b-ex\/\"><img decoding=\"async\" width=\"300\" height=\"300\" src=\"https:\/\/obera.fr\/wp-content\/uploads\/2023\/10\/epurb-ex-1000-3000-5000-300x300.png\" alt=\"oberA epur b ex 1000 3000 5000\" class=\"wp-image-25016\" style=\"object-fit:cover\" srcset=\"https:\/\/obera.fr\/wp-content\/uploads\/2023\/10\/epurb-ex-1000-3000-5000-300x300.png 300w, https:\/\/obera.fr\/wp-content\/uploads\/2023\/10\/epurb-ex-1000-3000-5000-150x150.png 150w, https:\/\/obera.fr\/wp-content\/uploads\/2023\/10\/epurb-ex-1000-3000-5000.png 600w\" sizes=\"(max-width: 300px) 100vw, 300px\" \/><\/a><\/figure>\n\n\n\n<p class=\"has-text-align-center\">Maxim\u00e1lis \u00e1raml\u00e1s 350 &#8211; 2800 m3\/h<\/p>\n<\/div>\n\n\n\n<div class=\"wp-block-column is-layout-flow wp-block-column-is-layout-flow\">\n<h3 class=\"wp-block-heading has-text-align-center\">Jumbo<\/h3>\n\n\n\n<p class=\"has-text-align-center\">F\u00fcst, g\u0151z \u00e9s old\u00f3szer kezel\u00e9se<\/p>\n\n\n\n<figure class=\"wp-block-image aligncenter size-full is-resized\"><a href=\"https:\/\/obera.fr\/hu\/produits\/depoussiereurs-industriels\/petits\/jumbo\/\"><img decoding=\"async\" width=\"500\" height=\"500\" src=\"https:\/\/obera.fr\/wp-content\/uploads\/2020\/10\/jumbo.png\" alt=\"Jumbo\" class=\"wp-image-1171\" style=\"width:302px;height:auto\" srcset=\"https:\/\/obera.fr\/wp-content\/uploads\/2020\/10\/jumbo.png 500w, https:\/\/obera.fr\/wp-content\/uploads\/2020\/10\/jumbo-300x300.png 300w, https:\/\/obera.fr\/wp-content\/uploads\/2020\/10\/jumbo-150x150.png 150w\" sizes=\"(max-width: 500px) 100vw, 500px\" \/><\/a><\/figure>\n\n\n\n<p class=\"has-text-align-center\">Maxim\u00e1lis \u00e1raml\u00e1s 170 m3\/h<\/p>\n<\/div>\n<\/div>\n\n<div style=\"height:58px\" aria-hidden=\"true\" class=\"wp-block-spacer\"><\/div>\n\n<div class=\"wp-block-columns is-layout-flex wp-container-core-columns-is-layout-28f84493 wp-block-columns-is-layout-flex\">\n<div class=\"wp-block-column is-layout-flow wp-block-column-is-layout-flow\">\n<h3 class=\"wp-block-heading has-text-align-center\">ePUR010 CA<\/h3>\n\n\n\n<p class=\"has-text-align-center\">F\u00fcst, g\u0151z \u00e9s old\u00f3szer kezel\u00e9se<\/p>\n\n\n\n<figure class=\"wp-block-image aligncenter size-medium is-resized\"><a href=\"https:\/\/obera.fr\/hu\/produits\/traitement-cov\/filtre-anti-poussiere-epur010-b-ca\/\"><img decoding=\"async\" width=\"221\" height=\"300\" src=\"https:\/\/obera.fr\/wp-content\/uploads\/2022\/02\/EPUR010-B-CA-221x300.png\" alt=\"epur010 b ca\" class=\"wp-image-8919\" style=\"object-fit:cover;width:239px;height:auto\" srcset=\"https:\/\/obera.fr\/wp-content\/uploads\/2022\/02\/EPUR010-B-CA-221x300.png 221w, https:\/\/obera.fr\/wp-content\/uploads\/2022\/02\/EPUR010-B-CA-753x1024.png 753w, https:\/\/obera.fr\/wp-content\/uploads\/2022\/02\/EPUR010-B-CA-768x1044.png 768w, https:\/\/obera.fr\/wp-content\/uploads\/2022\/02\/EPUR010-B-CA-1130x1536.png 1130w, https:\/\/obera.fr\/wp-content\/uploads\/2022\/02\/EPUR010-B-CA-1507x2048.png 1507w, https:\/\/obera.fr\/wp-content\/uploads\/2022\/02\/EPUR010-B-CA.png 1788w\" sizes=\"(max-width: 221px) 100vw, 221px\" \/><\/a><\/figure>\n\n\n\n<p class=\"has-text-align-center\">Maxim\u00e1lis \u00e1raml\u00e1s 150 m3\/h<\/p>\n<\/div>\n<\/div>\n\n<p class=\"has-text-align-center\"><\/p>\n\n<p><\/p>\n\n<div class=\"wp-block-buttons is-horizontal is-content-justification-center is-layout-flex wp-container-core-buttons-is-layout-03627597 wp-block-buttons-is-layout-flex\">\n<div class=\"wp-block-button\"><a class=\"wp-block-button__link wp-element-button\" href=\"https:\/\/obera.fr\/contact\/\">Tudjon meg t\u00f6bbet<\/a><\/div>\n<\/div>\n\n<h2 class=\"wp-block-heading\">Mi\u00e9rt \u00e9rdemes mobil sz\u00edv\u00f3egys\u00e9get haszn\u00e1lni?<\/h2>\n\n<p>A mobil sz\u00edv\u00f3dobozt \u00e1ltal\u00e1ban a <strong>szennyez\u0151 anyagok munkahelyi felfog\u00e1s\u00e1ra<\/strong> haszn\u00e1lj\u00e1k. A mobil sz\u0171r\u0151doboz k\u00f6nnyen \u00e1thelyezhet\u0151 egyik munka\u00e1llom\u00e1sr\u00f3l a m\u00e1sikra. Ezenk\u00edv\u00fcl, ha az \u00fcgyf\u00e9l nem rendelkezik a k\u00f6zelben elsz\u00edv\u00f3h\u00e1l\u00f3zattal, egyszer\u0171bb egy mobil elsz\u00edv\u00f3egys\u00e9get elhelyezni, mint egy k\u00f6zponti elsz\u00edv\u00f3rendszer cs\u0151h\u00e1l\u00f3zat\u00e1t ki\u00e9p\u00edteni. Ugyan\u00edgy gyakran neh\u00e9z<strong>a szennyez\u0151 anyagot kifel\u00e9 elvezetni<\/strong>, ez\u00e9rt a mobil elsz\u00edv\u00f3h\u00e1z a keletkez\u00e9s hely\u00e9n felfogja a term\u00e9ket, megsz\u0171ri azt, \u00e9s a kezelt leveg\u0151t mag\u00e1ba a ter\u00fcletre bocs\u00e1tja ki. A sz\u0171r\u00e9st a szennyez\u0151 anyagokhoz kell igaz\u00edtani, \u00e9s k\u00fcl\u00f6n\u00f6sen a HEPA H13 vagy H14 nagy hat\u00e9konys\u00e1g\u00fa sz\u0171r\u00e9st kell v\u00e1lasztani, ha CMR vegy\u00fcleteket kell sz\u0171rni. A legt\u00f6bb mobil sz\u0171r\u0151egys\u00e9g cs\u00f6ves<strong> tisztaleveg\u0151-kimenettel is felszerelhet\u0151<\/strong>, ha az \u00fcgyf\u00e9l a tiszta leveg\u0151t a szabadba k\u00edv\u00e1nja elvezetni.     <\/p>\n\n<h2 class=\"wp-block-heading\">Milyen alkalmaz\u00e1sokra terjednek ki a mobil sz\u0171r\u0151egys\u00e9gek?<\/h2>\n\n<div class=\"wp-block-columns is-layout-flex wp-container-core-columns-is-layout-28f84493 wp-block-columns-is-layout-flex\">\n<div class=\"wp-block-column is-layout-flow wp-block-column-is-layout-flow\" style=\"flex-basis:33.33%\">\n<figure class=\"wp-block-image aligncenter size-large is-resized\"><img decoding=\"async\" width=\"1024\" height=\"1024\" src=\"https:\/\/obera.fr\/wp-content\/uploads\/2025\/03\/2-1024x1024.png\" alt=\"OberA megold&#xE1;s\" class=\"wp-image-77618\" style=\"width:271px;height:auto\" srcset=\"https:\/\/obera.fr\/wp-content\/uploads\/2025\/03\/2-1024x1024.png 1024w, https:\/\/obera.fr\/wp-content\/uploads\/2025\/03\/2-300x300.png 300w, https:\/\/obera.fr\/wp-content\/uploads\/2025\/03\/2-150x150.png 150w, https:\/\/obera.fr\/wp-content\/uploads\/2025\/03\/2-768x768.png 768w, https:\/\/obera.fr\/wp-content\/uploads\/2025\/03\/2.png 1200w\" sizes=\"(max-width: 1024px) 100vw, 1024px\" \/><\/figure>\n<\/div>\n\n\n\n<div class=\"wp-block-column is-layout-flow wp-block-column-is-layout-flow\" style=\"flex-basis:66.66%\">\n<ul class=\"wp-block-list\">\n<li>A <strong>mobil sz\u00edv\u00f3egys\u00e9geket <\/strong>\u00e1ltal\u00e1ban a k\u00f6vetkez\u0151 alkalmaz\u00e1sokban haszn\u00e1lj\u00e1k:<\/li>\n\n\n\n<li>Forraszt\u00e1s, forraszt\u00e1s, elektronikai ipar<\/li>\n\n\n\n<li>Laborat\u00f3riumok, foly\u00e9kony, gyant\u00e1s vagy por alak\u00fa vegyi anyagok kezel\u00e9se, adagol\u00e1sa \u00e9s dekant\u00e1l\u00e1sa<\/li>\n\n\n\n<li>\u00c9kszerek<\/li>\n\n\n\n<li>L\u00e9zerg\u00e9p (karton, m\u0171anyag, &#8230;.)<\/li>\n\n\n\n<li>Addit\u00edv gy\u00e1rt\u00e1s (3D g\u00e9p stb.)<\/li>\n\n\n\n<li><strong>Ragaszt\u00f3\u00e1llom\u00e1sok<\/strong><\/li>\n\n\n\n<li>Az alkatr\u00e9szek tiszt\u00edt\u00e1sa \u00e9s zs\u00edrtalan\u00edt\u00e1sa ;<\/li>\n\n\n\n<li>M\u0171v\u00e9szeti alkot\u00e1sok restaur\u00e1l\u00e1sa, vernissz\u00e1zs<\/li>\n\n\n\n<li>F\u00e9mb\u0151l, kompozit anyagokb\u00f3l vagy m\u0171anyagb\u00f3l k\u00e9sz\u00fclt kis alkatr\u00e9szek <strong>csiszol\u00e1sa, k\u00f6sz\u00f6r\u00fcl\u00e9se, csiszol\u00e1sa, pol\u00edroz\u00e1sa,<\/strong> korongol\u00e1sa<strong>,<\/strong> g\u00e1tmentes\u00edt\u00e9se<\/li>\n<\/ul>\n<\/div>\n<\/div>\n\n<h2 class=\"wp-block-heading\">Hogyan v\u00e1lasszak mobil sz\u00edv\u00f3egys\u00e9get?<\/h2>\n\n<p><strong>A megfelel\u0151 elsz\u00edv\u00f3egys\u00e9g kiv\u00e1laszt\u00e1s\u00e1hoz<\/strong> el\u0151sz\u00f6r a kezelend\u0151 szennyez\u0151 anyagok t\u00edpus\u00e1t kell \u00e9rv\u00e9nyes\u00edteni. Ha csak porr\u00f3l vagy f\u00fcstr\u0151l van sz\u00f3, elegend\u0151ek a mechanikus sz\u0171r\u00e9si fokozatok. Ha g\u0151z\u00f6ket, old\u00f3szereket vagy VOC-ket kell kezelni, akkor akt\u00edvszenes sz\u0171r\u0151ket kell haszn\u00e1lni. A folyamatok sor\u00e1n egyre gyakrabban keletkezik mindkett\u0151, mivel az <g id=\"gid_1\">anyag<\/g> meleg\u00edt\u00e9se sor\u00e1n az <g id=\"gid_1\">anyagok elp\u00e1rolognak, \u00e9s a szennyez\u0151 anyagok<\/g> f\u00fcst (szil\u00e1rd anyagok) \u00e9s g\u00e1zok (\u00e1ltal\u00e1ban VOC-k) form\u00e1j\u00e1ban <g id=\"gid_1\">ker\u00fclnek kibocs\u00e1t\u00e1sra<\/g>. Ilyen esetekben a r\u00e9szecskesz\u0171r\u00e9si fokozatok (mechanikus sz\u0171r\u0151k) \u00e9s a molekul\u00e1ris sz\u0171r\u00e9si fokozatok (akt\u00edv sz\u00e9n) kombin\u00e1ci\u00f3j\u00e1ra van sz\u00fcks\u00e9g.    <\/p>\n\n<p>S\u0151t, ha a szennyez\u0151 anyagok m\u00e9rgez\u0151ek, akkor megfelel\u0151 HEPA-sz\u0171r\u00e9st kell v\u00e1lasztania. Ha a berendez\u00e9snek robban\u00e1svesz\u00e9lyes port vagy g\u00e1zokat kell elsz\u00edvnia, <strong>a kock\u00e1zatokhoz igaz\u00edtott ATEX k\u00e9sz\u00fcl\u00e9ket<\/strong> kell v\u00e1lasztani. <\/p>\n\n<p>A sz\u00edv\u00f3\u00e1ram nyilv\u00e1nval\u00f3an meghat\u00e1roz\u00f3 t\u00e9nyez\u0151 a k\u00e9sz\u00fcl\u00e9k kiv\u00e1laszt\u00e1sakor. Ennek meghat\u00e1roz\u00e1s\u00e1ban seg\u00edt\u00fcnk \u00d6nnek. <\/p>\n\n<h2 class=\"wp-block-heading\">M\u0171k\u00f6d\u00e9si \u00e9s karbantart\u00e1si k\u00f6lts\u00e9gek<\/h2>\n\n<p>A <strong>mobil elsz\u00edv\u00f3egys\u00e9gek<\/strong> tel\u00edt\u00e9si sz\u0171r\u0151kkel vannak felszerelve. A kezelend\u0151 por \u00e9s f\u00fcst r\u00e9szecskem\u00e9ret\u00e9t\u0151l f\u00fcgg\u0151en kell kiv\u00e1lasztani a sz\u0171r\u0151k megfelel\u0151 kombin\u00e1ci\u00f3j\u00e1t. <\/p>\n\n<p>Min\u00e9l hat\u00e9konyabbak a sz\u0171r\u0151k, ann\u00e1l dr\u00e1g\u00e1bbak. A c\u00e9l ez\u00e9rt az, hogy a<strong> fels\u0151 fokozatok<\/strong> min\u00e9l jobban tel\u00edt\u0151djenek,<strong> hogy megmaradjanak a<\/strong> legpontosabb<strong> sz\u0171r\u0151k<\/strong>. Ha lehets\u00e9ges, n\u00f6velni kell az el\u0151sz\u0171r\u00e9si fokozatokat (pl. G4, M6, F9&#8230; a H13 vagy H14 nagy hat\u00e9konys\u00e1g\u00fa HEPA-sz\u0171r\u0151k v\u00e9delme \u00e9rdek\u00e9ben). A sz\u0171r\u0151k \u00e9lettartama a szennyez\u0151 anyagok mennyis\u00e9g\u00e9t\u0151l, a haszn\u00e1lat idej\u00e9t\u0151l \u00e9s a szennyez\u0151 anyag r\u00e9szecskem\u00e9ret-eloszl\u00e1s\u00e1t\u00f3l f\u00fcgg. Bizonyos esetekben m\u00e9r\u00e9ssel lehet kiv\u00e1lasztani a megfelel\u0151 sz\u0171r\u00e9si fokozatokat.    <\/p>\n","protected":false},"excerpt":{"rendered":"<p>Mi az a mobil sz\u00edv\u00f3egys\u00e9g? A mobil elsz\u00edv\u00f3egys\u00e9g, m\u00e1s n\u00e9ven mobil sz\u0171r\u0151egys\u00e9g, mobil elsz\u00edv\u00f3egys\u00e9g vagy mobil sz\u0171r\u0151egys\u00e9g \u00e1ltal\u00e1ban egy kism\u00e9ret\u0171 mobil eszk\u00f6z a szennyez\u0151 anyagok forr\u00e1sn\u00e1l t\u00f6rt\u00e9n\u0151 elsz\u00edv\u00e1s\u00e1ra \u00e9s sz\u0171r\u00e9s\u00e9re. \u00c1ltal\u00e1ban a k\u00e9sz\u00fcl\u00e9kre szerelt gy\u0171jt\u0151karral vagy cs\u00f6ves bemenettel van ell\u00e1tva, amely lehet\u0151v\u00e9 teszi egy vagy t\u00f6bb sz\u00edv\u00f3t\u00f6ml\u0151 csatlakoztat\u00e1s\u00e1t egy g\u00e9phez, egy motorh\u00e1ztet\u0151h\u00f6z, egy kis sz\u00edv\u00f3asztalhoz vagy t\u00e1voli karokhoz. A mobil sz\u00edv\u00f3egys\u00e9gek gy\u0171jt\u0151karb\u00f3l vagy cs\u00f6ves sz\u00edv\u00f3cs\u0151b\u0151l, t\u00f6bbfokozat\u00fa h\u00e1zb\u00f3l, tel\u00edt\u00e9si sz\u0171r\u0151kb\u0151l \u00e9s egy \u00e1ltal\u00e1ban egyf\u00e1zis\u00fa centrifug\u00e1lventil\u00e1torb\u00f3l \u00e1llnak. A h\u00e1zak a k\u00f6nny\u0171 mozgat\u00e1s \u00e9rdek\u00e9ben g\u00f6rg\u0151kkel vannak felszerelve. A gy\u0171jt\u0151berendez\u00e9s (kar, asztal stb.) \u00e1ltal besz\u00edvott leveg\u0151 bel\u00e9p a dobozba, \u00e9s egyre finomabb mechanikai sz\u0171r\u00e9si &#8230; <\/p>\n<p class=\"read-more-container\"><a title=\"Mobil sz\u00edv\u00f3egys\u00e9gek\" class=\"read-more button\" href=\"https:\/\/obera.fr\/hu\/produits\/caissons-mobiles-aspiration\/#more-67739\" aria-label=\"Read more about Mobil sz\u00edv\u00f3egys\u00e9gek\">Lire la suite<\/a><\/p>\n","protected":false},"author":4,"featured_media":83741,"parent":67667,"menu_order":0,"comment_status":"closed","ping_status":"closed","template":"","meta":{"_acf_changed":false,"_seopress_robots_primary_cat":"","_seopress_titles_title":"oberA mobil sz\u00edv\u00f3egys\u00e9gek","_seopress_titles_desc":"Mobil sz\u00edv\u00f3egys\u00e9gek: ePURBox: modularit\u00e1s \u00e9s sokoldal\u00fas\u00e1g, ePUR010 B CA, Jumbo \u00e9s EPUR B EX.","_seopress_robots_index":"","footnotes":""},"class_list":{"0":"post-67739","1":"page","2":"type-page","3":"status-publish","4":"has-post-thumbnail","6":"no-featured-image-padding","7":"resize-featured-image"},"acf":[],"_links":{"self":[{"href":"https:\/\/obera.fr\/hu\/wp-json\/wp\/v2\/pages\/67739","targetHints":{"allow":["GET"]}}],"collection":[{"href":"https:\/\/obera.fr\/hu\/wp-json\/wp\/v2\/pages"}],"about":[{"href":"https:\/\/obera.fr\/hu\/wp-json\/wp\/v2\/types\/page"}],"author":[{"embeddable":true,"href":"https:\/\/obera.fr\/hu\/wp-json\/wp\/v2\/users\/4"}],"replies":[{"embeddable":true,"href":"https:\/\/obera.fr\/hu\/wp-json\/wp\/v2\/comments?post=67739"}],"version-history":[{"count":16,"href":"https:\/\/obera.fr\/hu\/wp-json\/wp\/v2\/pages\/67739\/revisions"}],"predecessor-version":[{"id":132945,"href":"https:\/\/obera.fr\/hu\/wp-json\/wp\/v2\/pages\/67739\/revisions\/132945"}],"up":[{"embeddable":true,"href":"https:\/\/obera.fr\/hu\/wp-json\/wp\/v2\/pages\/67667"}],"wp:featuredmedia":[{"embeddable":true,"href":"https:\/\/obera.fr\/hu\/wp-json\/wp\/v2\/media\/83741"}],"wp:attachment":[{"href":"https:\/\/obera.fr\/hu\/wp-json\/wp\/v2\/media?parent=67739"}],"curies":[{"name":"wp","href":"https:\/\/api.w.org\/{rel}","templated":true}]}}