{"id":67758,"date":"2024-05-07T09:40:58","date_gmt":"2024-05-07T07:40:58","guid":{"rendered":"https:\/\/obera.fr\/produits\/caissons-mobiles-aspiration\/epurbox-tsp\/"},"modified":"2025-06-30T14:00:43","modified_gmt":"2025-06-30T12:00:43","slug":"epurbox-tsp","status":"publish","type":"page","link":"https:\/\/obera.fr\/hu\/produits\/caissons-mobiles-aspiration\/epurbox-tsp\/","title":{"rendered":"EpurBox TSP"},"content":{"rendered":"\n<div class=\"wp-block-columns is-layout-flex wp-container-core-columns-is-layout-28f84493 wp-block-columns-is-layout-flex\">\n<div class=\"wp-block-column is-vertically-aligned-top is-layout-flow wp-block-column-is-layout-flow\" style=\"flex-basis:33.33%\">\n<figure class=\"wp-block-image aligncenter size-full is-resized\"><img decoding=\"async\" width=\"1200\" height=\"1200\" src=\"https:\/\/obera.fr\/wp-content\/uploads\/2024\/05\/epurbox-tsp.png\" alt=\"epurbox tsp sz&#xED;v&#xF3;asztal\" class=\"wp-image-30348\" style=\"width:296px;height:346px\" srcset=\"https:\/\/obera.fr\/wp-content\/uploads\/2024\/05\/epurbox-tsp.png 1200w, https:\/\/obera.fr\/wp-content\/uploads\/2024\/05\/epurbox-tsp-300x300.png 300w, https:\/\/obera.fr\/wp-content\/uploads\/2024\/05\/epurbox-tsp-1024x1024.png 1024w, https:\/\/obera.fr\/wp-content\/uploads\/2024\/05\/epurbox-tsp-150x150.png 150w, https:\/\/obera.fr\/wp-content\/uploads\/2024\/05\/epurbox-tsp-768x768.png 768w\" sizes=\"(max-width: 1200px) 100vw, 1200px\" \/><figcaption class=\"wp-element-caption\">ePURbox TSP<\/figcaption><\/figure>\n<\/div>\n\n\n\n<div class=\"wp-block-column is-layout-flow wp-block-column-is-layout-flow\" style=\"flex-basis:66.66%\">\n<p>Az <strong>ePURBOX sz\u00edv\u00f3asztal<\/strong> k\u00f6zvetlen\u00fcl az ePURBOX k\u00e9sz\u00fcl\u00e9kbe van integr\u00e1lva. Saj\u00e1t sz\u0171r\u0151rendszerrel \u00e9s saj\u00e1t ventil\u00e1torral rendelkezik a szagok \u00e9s a VOC-ok kezel\u00e9s\u00e9re. A h\u00e1ts\u00f3 falburkolat biztos\u00edtja a rendk\u00edv\u00fcl hat\u00e9kony sz\u00edv\u00e1st \u00e9s a szennyez\u0151anyagok felfog\u00e1s\u00e1t a sz\u00edv\u00f3asztal teljes fel\u00fclet\u00e9n.  <\/p>\n\n\n\n<p>A durva r\u00e9szecsk\u00e9ket egy be\u00e9p\u00edtett el\u0151sz\u0171r\u0151 (G4) sz\u0171ri meg, hogy meghosszabb\u00edtsa az akt\u00edvszenes patronok \u00e9lettartam\u00e1t.<\/p>\n\n\n\n<p>Az oldalfalakon l\u00e9v\u0151 burkolat nagyon magas szint\u0171 szagmegk\u00f6t\u00e9st biztos\u00edt az asztal fel\u00fclet\u00e9n. V\u00e9g\u00fcl a technol\u00f3giai leveg\u0151t akt\u00edv sz\u00e9nnel (A t\u00edpus) sz\u0171rik meg, \u00e9s azt vissza lehet vezetni a munkater\u00fcletre. <\/p>\n\n\n\n<hr class=\"wp-block-separator has-css-opacity is-style-dots\"\/>\n\n\n\n<div class=\"wp-block-columns is-layout-flex wp-container-core-columns-is-layout-28f84493 wp-block-columns-is-layout-flex\">\n<div class=\"wp-block-column is-layout-flow wp-block-column-is-layout-flow\" style=\"flex-basis:33.33%\">\n<div class=\"wp-block-buttons is-layout-flex wp-block-buttons-is-layout-flex\">\n<div class=\"wp-block-button\"><a class=\"wp-block-button__link wp-element-button\" href=\"https:\/\/obera.fr\/wp-content\/uploads\/2025\/04\/brochure-epurbox-tsp-atex-fr.pdf\">A BROS\u00daRA LET\u00d6LT\u00c9SE<\/a><\/div>\n<\/div>\n<\/div>\n\n\n\n<div class=\"wp-block-column is-layout-flow wp-block-column-is-layout-flow\" style=\"flex-basis:33.34%\">\n<div class=\"wp-block-buttons is-horizontal is-content-justification-center is-layout-flex wp-container-core-buttons-is-layout-03627597 wp-block-buttons-is-layout-flex\">\n<div class=\"wp-block-button\"><a class=\"wp-block-button__link wp-element-button\" href=\"https:\/\/obera.fr\/contact\/\">Tudjon meg t\u00f6bbet<\/a><\/div>\n<\/div>\n<\/div>\n\n\n\n<div class=\"wp-block-column is-layout-flow wp-block-column-is-layout-flow\" style=\"flex-basis:33.34%\">\n<div class=\"wp-block-buttons is-content-justification-center is-layout-flex wp-container-core-buttons-is-layout-a89b3969 wp-block-buttons-is-layout-flex\">\n<div class=\"wp-block-button btn-devis-source\"><a class=\"wp-block-button__link wp-element-button\" href=\"https:\/\/obera.fr\/hu\/devis\/\">K\u00e9rjen \u00e1raj\u00e1nlatot<\/a><\/div>\n<\/div>\n\n\n<script>\r\ndocument.addEventListener('DOMContentLoaded', function() {\r\n    \/\/ 1. On cherche le titre H1 de la page\r\n    var h1 = document.querySelector('h1');\r\n    var productTitle = h1 ? h1.innerText.trim() : \"\";\r\n\r\n    \/\/ 2. On cherche les boutons via la classe CSS .btn-devis-source\r\n    var buttons = document.querySelectorAll('.btn-devis-source a');\r\n\r\n    \/\/ 3. Si on a le titre et les boutons, on ajoute le param\u00e8tre\r\n    if (buttons.length > 0 && productTitle !== \"\") {\r\n        var encodedTitle = encodeURIComponent(productTitle);\r\n\r\n        buttons.forEach(function(btn) {\r\n            var currentHref = btn.getAttribute('href');\r\n            \r\n            \/\/ S\u00e9curit\u00e9 pour ne pas ajouter le param\u00e8tre 2 fois\r\n            if (currentHref.indexOf('sujet=') === -1) {\r\n                var separator = currentHref.indexOf('?') !== -1 ? '&' : '?';\r\n                var newLink = currentHref + separator + 'sujet=' + encodedTitle;\r\n                \r\n                btn.setAttribute('href', newLink);\r\n            }\r\n        });\r\n    }\r\n});\r\n<\/script><\/div>\n<\/div>\n\n\n\n<div style=\"height:45px\" aria-hidden=\"true\" class=\"wp-block-spacer\"><\/div>\n<\/div>\n<\/div>\n\n<div class=\"wp-block-columns is-layout-flex wp-container-core-columns-is-layout-28f84493 wp-block-columns-is-layout-flex\">\n<div class=\"wp-block-column is-layout-flow wp-block-column-is-layout-flow\" style=\"flex-basis:33.34%\">\n<h3 class=\"wp-block-heading\">El\u0151ny\u00f6k<\/h3>\n\n\n\n<ul class=\"wp-block-list\">\n<li>Nagyon nagy hat\u00e1sfok\u00fa ventil\u00e1tor<\/li>\n\n\n\n<li>Hangtomp\u00edt\u00f3<\/li>\n\n\n\n<li>Mobil, k\u00f6nny\u0171, k\u00f6nnyen kezelhet\u0151<\/li>\n\n\n\n<li>Kis helyig\u00e9ny<\/li>\n\n\n\n<li>Egyszer\u0171 sz\u0171r\u0151 karbantart\u00e1s<\/li>\n\n\n\n<li>Az \u00e1raml\u00e1si sebess\u00e9g 0 \u00e9s 100% k\u00f6z\u00f6tt \u00e1ll\u00edthat\u00f3.<\/li>\n\n\n\n<li>Plug &amp; Play rendszer<\/li>\n<\/ul>\n<\/div>\n\n\n\n<div class=\"wp-block-column is-layout-flow wp-block-column-is-layout-flow\" style=\"flex-basis:33.34%\">\n<h3 class=\"wp-block-heading\">K\u00fcl\u00f6nleges jellemz\u0151k<\/h3>\n\n\n\n<ul class=\"wp-block-list\">\n<li>A sz\u0171r\u0151anyag k\u00f6nny\u0171 cser\u00e9je<\/li>\n\n\n\n<li>Friss\u00edthet\u0151 \u00e9s konfigur\u00e1lhat\u00f3<\/li>\n\n\n\n<li>Atex 2 g\u00e1z \/ Atex 22 por<\/li>\n\n\n\n<li>Nagy adszorpci\u00f3s kapacit\u00e1s<\/li>\n\n\n\n<li>\u00d3ramutat\u00f3<\/li>\n\n\n\n<li>Sz\u0171r\u0151 elt\u00f6m\u0151d\u00e9s\u00e9nek jelz\u0151je<\/li>\n\n\n\n<li>220V<\/li>\n<\/ul>\n<\/div>\n\n\n\n<div class=\"wp-block-column is-layout-flow wp-block-column-is-layout-flow\" style=\"flex-basis:33.33%\">\n<h3 class=\"wp-block-heading\">Jellemz\u0151k<\/h3>\n\n\n\n<ul class=\"wp-block-list\">\n<li>Maxim\u00e1lis \u00e1raml\u00e1s 1200 m3\/h<\/li>\n\n\n\n<li>bemeneti \u00e1tm\u00e9r\u0151 140 mm<\/li>\n\n\n\n<li>Maxim\u00e1lis v\u00e1kuum 1350 Pa<\/li>\n\n\n\n<li>N\u00e9vleges teljes\u00edtm\u00e9ny 0,75 kW<\/li>\n\n\n\n<li>15 kg akt\u00edvszenes sz\u0171r\u0151<\/li>\n\n\n\n<li>M\u00e9retek: 700 x 710 x 1060 mm<\/li>\n\n\n\n<li>S\u00faly 90 kg<\/li>\n\n\n\n<li>Zajszint 68 db<\/li>\n<\/ul>\n<\/div>\n<\/div>\n\n<h3 class=\"wp-block-heading\">El\u0151ny\u00f6k<\/h3>\n\n<p>Az ePURBOX elsz\u00edv\u00f3asztalt <strong>mobil haszn\u00e1latra<\/strong> tervezt\u00e9k <strong>, \u00e9s folyamatos m\u0171k\u00f6d\u00e9sre alkalmas<\/strong>. Robusztus fel\u00e9p\u00edt\u00e9s\u00e9nek k\u00f6sz\u00f6nhet\u0151en kompakt, k\u00f6nnyen kezelhet\u0151 elsz\u00edv\u00f3asztal. A rost\u00e9ly alatt egy fi\u00f3k tal\u00e1lhat\u00f3 a folyamat sor\u00e1n \u00f6sszegy\u0171jt\u00f6tt hullad\u00e9k egyszer\u0171 \u00e9s tiszta elhelyez\u00e9s\u00e9hez. Az EC-technol\u00f3gia<strong> csendes <\/strong>, gazdas\u00e1gos<strong> m\u0171k\u00f6d\u00e9st <\/strong>biztos\u00edt.   <\/p>\n\n<h3 class=\"wp-block-heading\">K\u00fcl\u00f6nleges jellemz\u0151k<\/h3>\n\n<p>Az ePURBOX sz\u00edv\u00f3asztal folyamatos l\u00e9g\u00e1raml\u00e1s-be\u00e1ll\u00edt\u00f3 gombbal rendelkezik. <strong>A l\u00e9g\u00e1raml\u00e1st <\/strong>sz\u00fcks\u00e9g szerint <strong>k\u00e9zzel is be\u00e1ll\u00edthatja <\/strong>egy <strong>forgat\u00f3gomb <\/strong>seg\u00edts\u00e9g\u00e9vel. Van egy \u00fczem\u00f3rasz\u00e1ml\u00e1l\u00f3 is, hogy tudja, mennyi ideje vannak benne p\u00e9ld\u00e1ul a sz\u0171r\u0151k, \u00edgy tudja, mikor kell kicser\u00e9lni \u0151ket.  <\/p>\n\n<h3 class=\"wp-block-heading\">Jellemz\u0151k<\/h3>\n\n<p>Az<strong> ePURBOX sz\u00edv\u00f3asztal<\/strong> kialak\u00edt\u00e1sa sor\u00e1n felhaszn\u00e1lt anyagok robosztuss\u00e1 \u00e9s k\u00f6nnyen kezelhet\u0151v\u00e9 teszik. Mozgathat\u00f3s\u00e1ga \u00e9s m\u00e9retei hat\u00e9kony munkater\u00fclett\u00e9 teszik ezt az asztalt. <\/p>\n\n<h3 class=\"wp-block-heading\">Milyen szennyez\u0151 anyagok kezelhet\u0151k az ePURBOX t\u00e1bl\u00e1val?<\/h3>\n\n<p>Az ePURBOX TSP sz\u00edv\u00f3asztal hat\u00e9kony a .<\/p>\n\n<ul class=\"wp-block-list\">\n<li>Csiszol\u00e1s \u00e9s csiszol\u00e1s sor\u00e1n keletkez\u0151 r\u00e9szecsk\u00e9k.<\/li>\n\n\n\n<li>Finom \u00e9s ultrafinom por ;<\/li>\n\n\n\n<li>F\u00e9mg\u0151z\u00f6k ;<\/li>\n\n\n\n<li>\u00c1rtalmas g\u00e1zok \u00e9s g\u0151z\u00f6k ;<\/li>\n<\/ul>\n\n<p><\/p>\n\n<div class=\"wp-block-columns is-layout-flex wp-container-core-columns-is-layout-28f84493 wp-block-columns-is-layout-flex\">\n<div class=\"wp-block-column is-layout-flow wp-block-column-is-layout-flow\" style=\"flex-basis:25%\"><\/div>\n\n\n\n<div class=\"wp-block-column is-layout-flow wp-block-column-is-layout-flow\" style=\"flex-basis:50%\">\n<figure class=\"wp-block-embed is-type-video is-provider-youtube wp-block-embed-youtube wp-embed-aspect-16-9 wp-has-aspect-ratio\"><div class=\"wp-block-embed__wrapper\">\n<iframe title=\"Caisson mobile d&#039;aspiration - ePURbox Atex - OberA\" width=\"1200\" height=\"675\" src=\"https:\/\/www.youtube.com\/embed\/vpDttbOwJGQ?start=1&#038;feature=oembed&#038;enablejsapi=1&#038;origin=https:\/\/obera.fr\" frameborder=\"0\" allow=\"accelerometer; autoplay; clipboard-write; encrypted-media; gyroscope; picture-in-picture; web-share\" referrerpolicy=\"strict-origin-when-cross-origin\" allowfullscreen><\/iframe>\n<\/div><\/figure>\n\n\n\n<p><\/p>\n<\/div>\n\n\n\n<div class=\"wp-block-column is-layout-flow wp-block-column-is-layout-flow\" style=\"flex-basis:25%\"><\/div>\n<\/div>\n\n<h2 class=\"wp-block-heading\">Az ATEX sz\u00edv\u00f3asztalok ipari alkalmaz\u00e1sai<\/h2>\n\n<div class=\"wp-block-columns is-layout-flex wp-container-core-columns-is-layout-28f84493 wp-block-columns-is-layout-flex\">\n<div class=\"wp-block-column is-layout-flow wp-block-column-is-layout-flow\">\n<h3 class=\"wp-block-heading has-text-align-center\">Szennyez\u0151 anyagok<\/h3>\n\n\n\n<div class=\"wp-block-columns is-layout-flex wp-container-core-columns-is-layout-28f84493 wp-block-columns-is-layout-flex\">\n<div class=\"wp-block-column is-layout-flow wp-block-column-is-layout-flow\">\n<figure class=\"wp-block-image aligncenter size-large\"><img decoding=\"async\" width=\"70\" height=\"70\" src=\"https:\/\/obera.fr\/wp-content\/uploads\/2021\/03\/industrie-fumees.jpg\" alt=\"ipari f&#xFC;st\" class=\"wp-image-4971\"\/><figcaption class=\"wp-element-caption\">G\u0151z\u00f6k<\/figcaption><\/figure>\n\n\n\n<figure class=\"wp-block-image aligncenter size-large\"><img decoding=\"async\" width=\"70\" height=\"70\" src=\"https:\/\/obera.fr\/wp-content\/uploads\/2021\/03\/industrie-odeur-2.jpg\" alt=\"szagipar 2\" class=\"wp-image-4972\"\/><figcaption class=\"wp-element-caption\">Szagok<\/figcaption><\/figure>\n<\/div>\n\n\n\n<div class=\"wp-block-column is-layout-flow wp-block-column-is-layout-flow\">\n<figure class=\"wp-block-image aligncenter size-large\"><img decoding=\"async\" width=\"70\" height=\"70\" src=\"https:\/\/obera.fr\/wp-content\/uploads\/2021\/03\/polluants-poussieres-1.jpg\" alt=\"porszennyez&#x151; anyagok 1\" class=\"wp-image-4969\"\/><figcaption class=\"wp-element-caption\">Por<\/figcaption><\/figure>\n<\/div>\n<\/div>\n\n\n\n<p><\/p>\n<\/div>\n\n\n\n<div class=\"wp-block-column is-layout-flow wp-block-column-is-layout-flow\">\n<h3 class=\"wp-block-heading has-text-align-center\">ipar\u00e1gak<\/h3>\n\n\n\n<div class=\"wp-block-columns is-layout-flex wp-container-core-columns-is-layout-28f84493 wp-block-columns-is-layout-flex\">\n<div class=\"wp-block-column is-layout-flow wp-block-column-is-layout-flow\">\n<figure class=\"wp-block-image aligncenter size-large\"><img decoding=\"async\" width=\"70\" height=\"70\" src=\"https:\/\/obera.fr\/wp-content\/uploads\/2021\/03\/industrie-metallurgie-1.jpg\" alt=\"koh&#xE1;szati ipar 1\" class=\"wp-image-4975\"\/><figcaption class=\"wp-element-caption\">Koh\u00e1szat<\/figcaption><\/figure>\n\n\n\n<figure class=\"wp-block-image aligncenter size-large\"><img decoding=\"async\" width=\"70\" height=\"70\" src=\"https:\/\/obera.fr\/wp-content\/uploads\/2021\/03\/industrie-textile.jpg\" alt=\"textilipar\" class=\"wp-image-4980\"\/><figcaption class=\"wp-element-caption\">Text\u00edli\u00e1k<\/figcaption><\/figure>\n\n\n\n<figure class=\"wp-block-image aligncenter size-large\"><img decoding=\"async\" width=\"70\" height=\"70\" src=\"https:\/\/obera.fr\/wp-content\/uploads\/2021\/03\/industrie-chimie-1.jpg\" alt=\"vegyipar 1\" class=\"wp-image-4981\"\/><figcaption class=\"wp-element-caption\">K\u00e9mia<\/figcaption><\/figure>\n\n\n\n<figure class=\"wp-block-image aligncenter size-large\"><img decoding=\"async\" width=\"70\" height=\"70\" src=\"https:\/\/obera.fr\/wp-content\/uploads\/2021\/03\/industrie-minerai.jpg\" alt=\"&#xE1;sv&#xE1;nyi ipar\" class=\"wp-image-4977\"\/><figcaption class=\"wp-element-caption\">\u00c1sv\u00e1nyok<\/figcaption><\/figure>\n<\/div>\n\n\n\n<div class=\"wp-block-column is-layout-flow wp-block-column-is-layout-flow\">\n<figure class=\"wp-block-image aligncenter size-large\"><img decoding=\"async\" width=\"70\" height=\"70\" src=\"https:\/\/obera.fr\/wp-content\/uploads\/2020\/08\/industrie-bois.jpg\" alt=\"PARAMEDIK&#xC1;LIS TUDOM&#xC1;NYI &#xC9;S VEZET&#xC9;SI INT&#xC9;ZET - Vezet&#xE9;s\" class=\"wp-image-672\"\/><figcaption class=\"wp-element-caption\">Famegmunk\u00e1l\u00e1s<\/figcaption><\/figure>\n\n\n\n<figure class=\"wp-block-image aligncenter size-large\"><img decoding=\"async\" width=\"70\" height=\"70\" src=\"https:\/\/obera.fr\/wp-content\/uploads\/2021\/03\/industrie-plastique.jpg\" alt=\"m&#x171;anyagipar\" class=\"wp-image-4976\"\/><figcaption class=\"wp-element-caption\">M\u0171anyagok<\/figcaption><\/figure>\n\n\n\n<figure class=\"wp-block-image aligncenter size-large\"><img decoding=\"async\" width=\"70\" height=\"70\" src=\"https:\/\/obera.fr\/wp-content\/uploads\/2021\/03\/industrie-papier-carton.jpg\" alt=\"pap&#xED;r- &#xE9;s kartonipar\" class=\"wp-image-4982\"\/><figcaption class=\"wp-element-caption\">Pap\u00edr\/karton<\/figcaption><\/figure>\n\n\n\n<figure class=\"wp-block-image aligncenter size-large\"><img decoding=\"async\" width=\"70\" height=\"70\" src=\"https:\/\/obera.fr\/wp-content\/uploads\/2020\/08\/industrie-dechets.jpg\" alt=\"Term&#xE9;k - M&#xE1;rka\" class=\"wp-image-726\"\/><figcaption class=\"wp-element-caption\">Hullad\u00e9kgy\u0171jt\u00e9s \u00e9s -v\u00e1logat\u00e1s<\/figcaption><\/figure>\n<\/div>\n<\/div>\n<\/div>\n<\/div>\n\n<p>A rep\u00fcl\u0151g\u00e9piparban az <strong>ePURbox TSP mobil porelsz\u00edv\u00f3<\/strong> egys\u00e9get a finom port termel\u0151 alum\u00ednium alkatr\u00e9szek csiszol\u00e1s\u00e1hoz haszn\u00e1lj\u00e1k. Ezek az alum\u00edniumporok eg\u00e9szs\u00e9g\u00fcgyi kock\u00e1zatot jelentenek a kezel\u0151kre n\u00e9zve, valamint <strong>ATEX-kock\u00e1zatot<\/strong> is. Az ePURbox ATEX TSP modell v\u00e1laszt\u00e1s\u00e1val a gy\u00e1rt\u00f3 jelent\u0151sen cs\u00f6kkentette az \u00e9ghet\u0151 porokkal kapcsolatos kock\u00e1zatokat, \u00e9s a mobil berendez\u00e9s kiv\u00e1laszt\u00e1s\u00e1val eleget tett a rugalmass\u00e1g ir\u00e1nti ig\u00e9ny\u00e9nek.  <\/p>\n\n<div class=\"wp-block-buttons is-horizontal is-content-justification-center is-layout-flex wp-container-core-buttons-is-layout-03627597 wp-block-buttons-is-layout-flex\">\n<div class=\"wp-block-button\"><a class=\"wp-block-button__link wp-element-button\" href=\"https:\/\/obera.fr\/contact\/\">Tudjon meg t\u00f6bbet<\/a><\/div>\n<\/div>\n\n<figure class=\"wp-block-table\"><table class=\"has-fixed-layout\"><thead><tr><th>Term\u00e9k<\/th><th><\/th><th>ePURbox<\/th><\/tr><\/thead><tbody><tr><td>Max. l\u00e9g\u00e1ram<\/td><td>m3\/h<\/td><td>1200<\/td><\/tr><tr><td>T\u00e1pfesz\u00fclts\u00e9g<\/td><td>V<\/td><td>220<\/td><\/tr><tr><td>Teljes\u00edtm\u00e9ny<\/td><td>kW<\/td><td>0.75<\/td><\/tr><tr><td>Sz\u00edv\u00f3fel\u00fclet<\/td><td>mm<\/td><td>570 x 460<\/td><\/tr><tr><td>Akt\u00edvszenes sz\u0171r\u0151<\/td><td>kg<\/td><td>15<\/td><\/tr><tr><td>M\u00e9retek<\/td><td>mm (H x B x H)<\/td><td>700 x 710 x 1060 mm<\/td><\/tr><tr><td>S\u00faly<\/td><td>kg<\/td><td>90<\/td><\/tr><tr><td>Zajszint<\/td><td>dB(A)<\/td><td>68<\/td><\/tr><\/tbody><\/table><\/figure>\n","protected":false},"excerpt":{"rendered":"<p>Az ePURBOX sz\u00edv\u00f3asztal k\u00f6zvetlen\u00fcl az ePURBOX k\u00e9sz\u00fcl\u00e9kbe van integr\u00e1lva. Saj\u00e1t sz\u0171r\u0151rendszerrel \u00e9s saj\u00e1t ventil\u00e1torral rendelkezik a szagok \u00e9s a VOC-ok kezel\u00e9s\u00e9re. A h\u00e1ts\u00f3 falburkolat biztos\u00edtja a rendk\u00edv\u00fcl hat\u00e9kony sz\u00edv\u00e1st \u00e9s a szennyez\u0151anyagok felfog\u00e1s\u00e1t a sz\u00edv\u00f3asztal teljes fel\u00fclet\u00e9n. A durva r\u00e9szecsk\u00e9ket egy be\u00e9p\u00edtett el\u0151sz\u0171r\u0151 (G4) sz\u0171ri meg, hogy meghosszabb\u00edtsa az akt\u00edvszenes patronok \u00e9lettartam\u00e1t. Az oldalfalakon l\u00e9v\u0151 burkolat nagyon magas szint\u0171 szagmegk\u00f6t\u00e9st biztos\u00edt az asztal fel\u00fclet\u00e9n. V\u00e9g\u00fcl a technol\u00f3giai leveg\u0151t akt\u00edv sz\u00e9nnel (A t\u00edpus) sz\u0171rik meg, \u00e9s azt vissza lehet vezetni a munkater\u00fcletre. El\u0151ny\u00f6k K\u00fcl\u00f6nleges jellemz\u0151k Jellemz\u0151k El\u0151ny\u00f6k Az ePURBOX elsz\u00edv\u00f3asztalt mobil haszn\u00e1latra tervezt\u00e9k , \u00e9s folyamatos m\u0171k\u00f6d\u00e9sre alkalmas. Robusztus fel\u00e9p\u00edt\u00e9s\u00e9nek k\u00f6sz\u00f6nhet\u0151en &#8230; <\/p>\n<p class=\"read-more-container\"><a title=\"EpurBox TSP\" class=\"read-more button\" href=\"https:\/\/obera.fr\/hu\/produits\/caissons-mobiles-aspiration\/epurbox-tsp\/#more-67758\" aria-label=\"Read more about EpurBox TSP\">Lire la suite<\/a><\/p>\n","protected":false},"author":4,"featured_media":83741,"parent":67739,"menu_order":0,"comment_status":"closed","ping_status":"closed","template":"","meta":{"_acf_changed":false,"_seopress_robots_primary_cat":"","_seopress_titles_title":"Table mobile ePURBOX TSP - oberA","_seopress_titles_desc":"","_seopress_robots_index":"","footnotes":""},"class_list":{"0":"post-67758","1":"page","2":"type-page","3":"status-publish","4":"has-post-thumbnail","6":"no-featured-image-padding","7":"resize-featured-image"},"acf":[],"_links":{"self":[{"href":"https:\/\/obera.fr\/hu\/wp-json\/wp\/v2\/pages\/67758","targetHints":{"allow":["GET"]}}],"collection":[{"href":"https:\/\/obera.fr\/hu\/wp-json\/wp\/v2\/pages"}],"about":[{"href":"https:\/\/obera.fr\/hu\/wp-json\/wp\/v2\/types\/page"}],"author":[{"embeddable":true,"href":"https:\/\/obera.fr\/hu\/wp-json\/wp\/v2\/users\/4"}],"replies":[{"embeddable":true,"href":"https:\/\/obera.fr\/hu\/wp-json\/wp\/v2\/comments?post=67758"}],"version-history":[{"count":19,"href":"https:\/\/obera.fr\/hu\/wp-json\/wp\/v2\/pages\/67758\/revisions"}],"predecessor-version":[{"id":116252,"href":"https:\/\/obera.fr\/hu\/wp-json\/wp\/v2\/pages\/67758\/revisions\/116252"}],"up":[{"embeddable":true,"href":"https:\/\/obera.fr\/hu\/wp-json\/wp\/v2\/pages\/67739"}],"wp:featuredmedia":[{"embeddable":true,"href":"https:\/\/obera.fr\/hu\/wp-json\/wp\/v2\/media\/83741"}],"wp:attachment":[{"href":"https:\/\/obera.fr\/hu\/wp-json\/wp\/v2\/media?parent=67758"}],"curies":[{"name":"wp","href":"https:\/\/api.w.org\/{rel}","templated":true}]}}