{"id":67766,"date":"2020-08-26T12:41:28","date_gmt":"2020-08-26T10:41:28","guid":{"rendered":"https:\/\/obera.fr\/professionnel-epur-ca\/"},"modified":"2026-02-06T13:19:02","modified_gmt":"2026-02-06T11:19:02","slug":"professionnel-epur-ca","status":"publish","type":"page","link":"https:\/\/obera.fr\/hu\/produits\/purificateurs-air\/professionnel-epur-ca\/","title":{"rendered":"ePUR CA professzion\u00e1lis l\u00e9gtiszt\u00edt\u00f3"},"content":{"rendered":"\n<p>Az <strong>ePUR CA<\/strong> <a href=\"https:\/\/obera.fr\/hu\/produits\/purificateurs-air\/\" data-type=\"page\" data-id=\"26\">professzion\u00e1lis l\u00e9gtiszt\u00edt\u00f3ink<\/a> mobil akt\u00edvszenes l\u00e9gkezel\u0151 egys\u00e9gek, amelyek nem ig\u00e9nyelnek cs\u00f6vez\u00e9st vagy \u00f6sszeszerel\u00e9st.<\/p>\n\n\n<h2 class=\"wp-block-heading\">Hogyan m\u0171k\u00f6dnek professzion\u00e1lis l\u00e9gtiszt\u00edt\u00f3ink?<\/h2>\n\n<div class=\"wp-block-columns is-layout-flex wp-container-core-columns-is-layout-28f84493 wp-block-columns-is-layout-flex\">\n<div class=\"wp-block-column is-layout-flow wp-block-column-is-layout-flow\" style=\"flex-basis:33.33%\">\n<figure class=\"wp-block-image aligncenter size-large is-resized\"><img decoding=\"async\" width=\"1024\" height=\"1024\" src=\"https:\/\/obera.fr\/wp-content\/uploads\/2026\/01\/image-epur-ca-1024x1024.png\" alt=\"epur ca k&#xE9;p\" class=\"wp-image-138874\" style=\"width:354px;height:auto\" srcset=\"https:\/\/obera.fr\/wp-content\/uploads\/2026\/01\/image-epur-ca-1024x1024.png 1024w, https:\/\/obera.fr\/wp-content\/uploads\/2026\/01\/image-epur-ca-300x300.png 300w, https:\/\/obera.fr\/wp-content\/uploads\/2026\/01\/image-epur-ca-150x150.png 150w, https:\/\/obera.fr\/wp-content\/uploads\/2026\/01\/image-epur-ca-768x768.png 768w, https:\/\/obera.fr\/wp-content\/uploads\/2026\/01\/image-epur-ca.png 1200w\" sizes=\"(max-width: 1024px) 100vw, 1024px\" \/><figcaption class=\"wp-element-caption\">ePUR CA<\/figcaption><\/figure>\n<\/div>\n\n\n\n<div class=\"wp-block-column is-layout-flow wp-block-column-is-layout-flow\" style=\"flex-basis:66.66%\">\n<p>A m\u0171k\u00f6d\u00e9s egyszer\u0171, a szennyezett leveg\u0151t a k\u00e9sz\u00fcl\u00e9k tetej\u00e9n sz\u00edvja be. Ezt k\u00f6vet\u0151en a szil\u00e1rd \u00e9s foly\u00e9kony r\u00e9szecsk\u00e9ket a sz\u0171r\u0151k egym\u00e1st k\u00f6vet\u0151 r\u00e9tegei, az esetleges g\u00e1z halmaz\u00e1llapot\u00fa szennyez\u0151 anyagokat pedig az akt\u00edvsz\u00e9n-sz\u0171r\u0151 \u00e1ll\u00edtja meg. <\/p>\n\n\n\n<p>A <strong>l\u00e9gtiszt\u00edt\u00f3<\/strong> a leveg\u0151t egy munkater\u00fcleten tiszt\u00edtja, \u00e1thalad\u00e1sra k\u00e9nyszer\u00edtve azt a k\u00fcl\u00f6nb\u00f6z\u0151 sz\u0171r\u0151fokozatokon. A l\u00e9gtiszt\u00edt\u00f3 maga f\u00f6l\u00f6tt egy kiss\u00e9 melegebb leveg\u0151oszlopot sz\u00edv be, \u00e9s megtiszt\u00edtva bocs\u00e1tja ki a munkater\u00fcletre, a talajszinten. Ez a k\u00f6nnyebb leveg\u0151 term\u00e9szetesen felemelkedik a helyis\u00e9gben, \u00e9s k\u00f6rk\u00f6r\u00f6s mozg\u00e1st hoz l\u00e9tre, amely lehet\u0151v\u00e9 teszi a teljes l\u00e9gt\u00e9r kezel\u00e9s\u00e9t. A l\u00e9gtiszt\u00edt\u00f3n val\u00f3 minden \u00e1thalad\u00e1s sor\u00e1n a szennyez\u0151d\u00e9s 80% \u00e9s 99,995% k\u00f6z\u00f6tti r\u00e9sze (a v\u00e1lasztott sz\u0171r\u0151konfigur\u00e1ci\u00f3t\u00f3l f\u00fcgg\u0151en) ker\u00fcl befog\u00e1sra, ez\u00e1ltal <strong>jav\u00edtva a teljes munkater\u00fclet leveg\u0151min\u0151s\u00e9g\u00e9t<\/strong>. <\/p>\n\n\n\n<p>A term\u00e9kcsal\u00e1d \u00f6sszes l\u00e9gtiszt\u00edt\u00f3ja <strong>potenciom\u00e9terrel<\/strong> van felszerelve, amely lehet\u0151v\u00e9 teszi a l\u00e9g\u00e1raml\u00e1s 0 \u00e9s 100% k\u00f6z\u00f6tti szab\u00e1lyoz\u00e1s\u00e1t. A l\u00e9g\u00e1raml\u00e1st a szennyez\u0151 anyag kezdeti koncentr\u00e1ci\u00f3ja, a k\u00edv\u00e1nt eredm\u00e9ny \u00e9s a kezelend\u0151 ter\u00fclet t\u00e9rfogata alapj\u00e1n \u00e1ll\u00edtjuk be. Ezen param\u00e9terek alapj\u00e1n v\u00e1lasztjuk ki a ter\u00fclet t\u00e9rfogat\u00e1nak \u00f3r\u00e1nk\u00e9nti meg\u00fajul\u00e1si sz\u00e1m\u00e1t.<\/p>\n\n\n\n<div class=\"wp-block-columns is-layout-flex wp-container-core-columns-is-layout-28f84493 wp-block-columns-is-layout-flex\">\n<div class=\"wp-block-column is-layout-flow wp-block-column-is-layout-flow\" style=\"flex-basis:33.34%\">\n<div class=\"wp-block-buttons is-content-justification-center is-layout-flex wp-container-core-buttons-is-layout-a89b3969 wp-block-buttons-is-layout-flex\">\n<div class=\"wp-block-button\"><a class=\"wp-block-button__link wp-element-button\" href=\"https:\/\/obera.fr\/wp-content\/uploads\/2025\/04\/catalogue-epur-fr.pdf\">A bros\u00fara let\u00f6lt\u00e9se<\/a><\/div>\n<\/div>\n<\/div>\n\n\n\n<div class=\"wp-block-column is-layout-flow wp-block-column-is-layout-flow\" style=\"flex-basis:33.34%\">\n<div class=\"wp-block-buttons is-horizontal is-content-justification-center is-layout-flex wp-container-core-buttons-is-layout-03627597 wp-block-buttons-is-layout-flex\">\n<div class=\"wp-block-button\"><a class=\"wp-block-button__link wp-element-button\" href=\"https:\/\/obera.fr\/contact\/\">Tudjon meg t\u00f6bbet<\/a><\/div>\n<\/div>\n<\/div>\n\n\n\n<div class=\"wp-block-column is-layout-flow wp-block-column-is-layout-flow\" style=\"flex-basis:33.33%\">\n<div class=\"wp-block-buttons is-content-justification-center is-layout-flex wp-container-core-buttons-is-layout-a89b3969 wp-block-buttons-is-layout-flex\">\n<div class=\"wp-block-button btn-devis-source\"><a class=\"wp-block-button__link wp-element-button\" href=\"https:\/\/obera.fr\/hu\/devis\/\">K\u00e9rjen \u00e1raj\u00e1nlatot<\/a><\/div>\n<\/div>\n\n\n<script>\r\ndocument.addEventListener('DOMContentLoaded', function() {\r\n    \/\/ 1. On cherche le titre H1 de la page\r\n    var h1 = document.querySelector('h1');\r\n    var productTitle = h1 ? h1.innerText.trim() : \"\";\r\n\r\n    \/\/ 2. On cherche les boutons via la classe CSS .btn-devis-source\r\n    var buttons = document.querySelectorAll('.btn-devis-source a');\r\n\r\n    \/\/ 3. Si on a le titre et les boutons, on ajoute le param\u00e8tre\r\n    if (buttons.length > 0 && productTitle !== \"\") {\r\n        var encodedTitle = encodeURIComponent(productTitle);\r\n\r\n        buttons.forEach(function(btn) {\r\n            var currentHref = btn.getAttribute('href');\r\n            \r\n            \/\/ S\u00e9curit\u00e9 pour ne pas ajouter le param\u00e8tre 2 fois\r\n            if (currentHref.indexOf('sujet=') === -1) {\r\n                var separator = currentHref.indexOf('?') !== -1 ? '&' : '?';\r\n                var newLink = currentHref + separator + 'sujet=' + encodedTitle;\r\n                \r\n                btn.setAttribute('href', newLink);\r\n            }\r\n        });\r\n    }\r\n});\r\n<\/script><\/div>\n<\/div>\n\n\n\n<p><\/p>\n<\/div>\n<\/div>\n\n<div class=\"wp-block-columns is-layout-flex wp-container-core-columns-is-layout-28f84493 wp-block-columns-is-layout-flex\">\n<div class=\"wp-block-column is-layout-flow wp-block-column-is-layout-flow\" style=\"flex-basis:25%\"><\/div>\n\n\n\n<div class=\"wp-block-column is-layout-flow wp-block-column-is-layout-flow\" style=\"flex-basis:50%\">\n<figure class=\"wp-block-embed is-type-video is-provider-youtube wp-block-embed-youtube wp-embed-aspect-16-9 wp-has-aspect-ratio\"><div class=\"wp-block-embed__wrapper\">\n<iframe title=\"Fonctionnement charbon actif - OberA\" width=\"1200\" height=\"675\" src=\"https:\/\/www.youtube.com\/embed\/eto9V0iSJOc?feature=oembed&#038;enablejsapi=1&#038;origin=https:\/\/obera.fr\" frameborder=\"0\" allow=\"accelerometer; autoplay; clipboard-write; encrypted-media; gyroscope; picture-in-picture; web-share\" referrerpolicy=\"strict-origin-when-cross-origin\" allowfullscreen><\/iframe>\n<\/div><\/figure>\n<\/div>\n\n\n\n<div class=\"wp-block-column is-layout-flow wp-block-column-is-layout-flow\" style=\"flex-basis:25%\"><\/div>\n<\/div>\n\n<p><\/p>\n\n<h2 class=\"wp-block-heading\">Milyen szennyez\u0151d\u00e9seket kezelnek az ePUR CA akt\u00edvszenes l\u00e9gtiszt\u00edt\u00f3k?<\/h2>\n\n<div class=\"wp-block-columns is-layout-flex wp-container-core-columns-is-layout-28f84493 wp-block-columns-is-layout-flex\">\n<div class=\"wp-block-column is-layout-flow wp-block-column-is-layout-flow\" style=\"flex-basis:66.66%\">\n<p>Az <strong>ePUR CA l\u00e9gtiszt\u00edt\u00f3k<\/strong> ide\u00e1lisak a <strong>szagok<\/strong>, a <strong>VOC-k<\/strong> (ill\u00e9kony szerves vegy\u00fcletek) \u00e9s m\u00e1s <strong>g\u00e1z halmaz\u00e1llapot\u00fa szennyez\u0151 anyagok<\/strong> kezel\u00e9s\u00e9re. Pontosabban lehet\u0151v\u00e9 teszik:<\/p>\n\n\n\n<ul class=\"wp-block-list\">\n<li><strong>A szagok<\/strong> \u00e9s a szagszennyez\u00e9s <strong>r\u00f6gz\u00edt\u00e9se \u00e9s kezel\u00e9se<\/strong>.<\/li>\n\n\n\n<li>Az <strong>old\u00f3szereket<\/strong> haszn\u00e1l\u00f3 folyamatok (fest\u00e9s, lakkoz\u00e1s, tiszt\u00edt\u00e1s, zs\u00edrtalan\u00edt\u00e1s, aeroszolok,..). Ezek alif\u00e1s sz\u00e9nhidrog\u00e9nekb\u0151l (hex\u00e1n, ciklohex\u00e1n, \u2026), kl\u00f3rozott (trikl\u00f3retil\u00e9n, trikl\u00f3ret\u00e1n, monokl\u00f3rbenzol \u2026), arom\u00e1s (toluol, xilol \u2026), alkoholokb\u00f3l (metanol, glikolok \u2026), ketonokb\u00f3l (aceton, etil-acet\u00e1t, metil-etil-keton MEK vagy butanon\u2026), glikol-\u00e9terekb\u0151l, tetrahidrofur\u00e1n THF-b\u0151l stb. el\u0151\u00e1ll\u00edtott ill\u00e9kony szerves vegy\u00fcletek.<\/li>\n\n\n\n<li>A <strong>ragaszt\u00e1sb\u00f3l<\/strong> sz\u00e1rmaz\u00f3 szennyez\u0151 anyagok (neopr\u00e9n ragaszt\u00f3k vagy &#8211; kem\u00e9ny\u00edt\u0151k \u00e9s gyors\u00edt\u00f3k szagai \u00e9s g\u00e1z halmaz\u00e1llapot\u00fa szennyez\u0151 anyagai). Az alkalmazott kem\u00e9ny\u00edt\u0151k alif\u00e1s vagy arom\u00e1s aminok, poliizocian\u00e1tok.<\/li>\n\n\n\n<li>A <strong>gyant\u00e1kb\u00f3l<\/strong> (cianoakril polimerek, vinilek, epoxik, poliuret\u00e1nok, poli\u00e9szterek, polikloropr\u00e9nek, poliamidok, formilfenolok, fur\u00e1nok, poliszil\u00e1nok, poliszilox\u00e1nok, formaldehid stb.) sz\u00e1rmaz\u00f3 g\u00e1znem\u0171 szennyez\u0151 anyagok a szennyez\u00e9s egyik f\u0151 forr\u00e1sa.<\/li>\n<\/ul>\n\n\n\n<p>Az \u00fcregeinek nagyon nagy fajlagos fel\u00fclet\u00e9nek k\u00f6sz\u00f6nhet\u0151en az akt\u00edv sz\u00e9n sz\u00e1mos t\u00edpus\u00fa g\u00e1znem\u0171 szennyez\u0151anyagot k\u00e9pes megk\u00f6tni.<\/p>\n<\/div>\n\n\n\n<div class=\"wp-block-column is-layout-flow wp-block-column-is-layout-flow\" style=\"flex-basis:33.33%\">\n<p><\/p>\n\n\n\n<p><\/p>\n\n\n\n<p><\/p>\n\n\n\n<figure class=\"wp-block-image aligncenter size-large\"><img decoding=\"async\" width=\"1024\" height=\"549\" src=\"https:\/\/obera.fr\/wp-content\/uploads\/2025\/03\/charbon-actif-mix-1024x549.jpg\" alt=\"akt&#xED;v sz&#xE9;n kever&#xE9;k\" class=\"wp-image-76515\" srcset=\"https:\/\/obera.fr\/wp-content\/uploads\/2025\/03\/charbon-actif-mix-1024x549.jpg 1024w, https:\/\/obera.fr\/wp-content\/uploads\/2025\/03\/charbon-actif-mix-300x161.jpg 300w, https:\/\/obera.fr\/wp-content\/uploads\/2025\/03\/charbon-actif-mix-768x412.jpg 768w, https:\/\/obera.fr\/wp-content\/uploads\/2025\/03\/charbon-actif-mix.jpg 1200w\" sizes=\"(max-width: 1024px) 100vw, 1024px\" \/><\/figure>\n<\/div>\n<\/div>\n\n<p><\/p>\n\n<h2 class=\"wp-block-heading\">Mire haszn\u00e1lj\u00e1k \u0151ket?<\/h2>\n\n<p>ePUR CA l\u00e9gtiszt\u00edt\u00f3inkat gyakran haszn\u00e1lj\u00e1k kieg\u00e9sz\u00edt\u00e9sk\u00e9nt <strong>forr\u00e1selsz\u00edv\u00e1s<\/strong> mellett, hogy a fennmarad\u00f3 g\u00e1z halmaz\u00e1llapot\u00fa szennyez\u0151 anyagokat k\u00f6zvetlen\u00fcl a l\u00e9gk\u00f6rbe sz\u00edvj\u00e1k \u00e9s sz\u0171rj\u00e9k. Lehet\u0151s\u00e9g van ezeket az eszk\u00f6z\u00f6ket forr\u00e1selsz\u00edv\u00e1sra is haszn\u00e1lni, ha elsz\u00edv\u00f3karral, elsz\u00edv\u00f3erny\u0151vel szerelik fel \u0151ket, vagy k\u00f6zvetlen\u00fcl egy gy\u00e1rt\u00f3g\u00e9phez vagy elsz\u00edv\u00f3asztalhoz csatlakoztatj\u00e1k. <\/p>\n\n<blockquote class=\"wp-block-quote is-layout-flow wp-block-quote-is-layout-flow\">\n<p>Az aj\u00e1nlott felhaszn\u00e1l\u00e1s tiszt\u00e1n professzion\u00e1lis.<\/p>\n<\/blockquote>\n\n<p>Ezek az akt\u00edvszenes l\u00e9gtiszt\u00edt\u00f3k ide\u00e1lisak a koh\u00e1szat, a m\u0171anyagipar, a vegyipar, a mez\u0151gazdas\u00e1gi \u00e9s \u00e9lelmiszeripar, a textilipar, a fa-, pap\u00edr- \u00e9s kartonipar, az \u00e1sv\u00e1nyi anyagok, a hullad\u00e9kgy\u0171jt\u00e9s \u00e9s -\u00fajrahasznos\u00edt\u00e1s, valamint a m\u0171v\u00e9szeti restaur\u00e1l\u00e1s ter\u00fclet\u00e9n.<\/p>\n\n<p>  Az al\u00e1bbiakban n\u00e9h\u00e1ny p\u00e9ld\u00e1t mutatunk be az ePUR CA professzion\u00e1lis l\u00e9gtiszt\u00edt\u00f3 k\u00e9sz\u00fcl\u00e9kek <strong>alkalmaz\u00e1saira<\/strong>.<\/p>\n\n<div class=\"wp-block-columns is-layout-flex wp-container-core-columns-is-layout-28f84493 wp-block-columns-is-layout-flex\">\n<div class=\"wp-block-column is-layout-flow wp-block-column-is-layout-flow\">\n<h3 class=\"wp-block-heading has-text-align-center\">Szennyez\u0151 anyagok<\/h3>\n\n\n\n<hr class=\"wp-block-separator has-css-opacity is-style-wide\"\/>\n\n\n\n<div class=\"wp-block-columns is-layout-flex wp-container-core-columns-is-layout-28f84493 wp-block-columns-is-layout-flex\">\n<div class=\"wp-block-column is-layout-flow wp-block-column-is-layout-flow\">\n<figure class=\"wp-block-image aligncenter size-large\"><img decoding=\"async\" width=\"70\" height=\"70\" src=\"https:\/\/obera.fr\/wp-content\/uploads\/2020\/08\/polluants-poussieres.jpg\" alt=\"Szennyez&#x151; anyagok: Porok\" class=\"wp-image-675\"\/><figcaption class=\"wp-element-caption\">Por<\/figcaption><\/figure>\n\n\n\n<figure class=\"wp-block-image aligncenter size-large\"><img decoding=\"async\" width=\"70\" height=\"70\" src=\"https:\/\/obera.fr\/wp-content\/uploads\/2020\/08\/industrie-fumees.jpg\" alt=\"Ipari f&#xFC;st\" class=\"wp-image-722\"\/><figcaption class=\"wp-element-caption\">G\u0151z\u00f6k<\/figcaption><\/figure>\n<\/div>\n\n\n\n<div class=\"wp-block-column is-layout-flow wp-block-column-is-layout-flow\">\n<figure class=\"wp-block-image aligncenter size-large\"><img decoding=\"async\" width=\"70\" height=\"70\" src=\"https:\/\/obera.fr\/wp-content\/uploads\/2020\/10\/industrie-aerosols.jpg\" alt=\"Ipari aeroszolok\" class=\"wp-image-1201\"\/><figcaption class=\"wp-element-caption\">VOCS<\/figcaption><\/figure>\n\n\n\n<figure class=\"wp-block-image aligncenter size-large\"><img decoding=\"async\" width=\"70\" height=\"70\" src=\"https:\/\/obera.fr\/wp-content\/uploads\/2020\/08\/industrie-odeur.jpg\" alt=\"Ipari szag\" class=\"wp-image-723\"\/><figcaption class=\"wp-element-caption\">Szagok<\/figcaption><\/figure>\n<\/div>\n<\/div>\n\n\n\n<p><\/p>\n<\/div>\n\n\n\n<div class=\"wp-block-column is-layout-flow wp-block-column-is-layout-flow\">\n<h3 class=\"wp-block-heading has-text-align-center\">Ipar\u00e1gak<\/h3>\n\n\n\n<hr class=\"wp-block-separator has-css-opacity is-style-wide\"\/>\n\n\n\n<div class=\"wp-block-columns is-layout-flex wp-container-core-columns-is-layout-28f84493 wp-block-columns-is-layout-flex\">\n<div class=\"wp-block-column is-layout-flow wp-block-column-is-layout-flow\">\n<figure class=\"wp-block-image aligncenter size-large\"><img decoding=\"async\" width=\"70\" height=\"70\" src=\"https:\/\/obera.fr\/wp-content\/uploads\/2020\/08\/industrie-metallurgie.jpg\" alt=\"Koh&#xE1;szati ipar\" class=\"wp-image-673\"\/><figcaption class=\"wp-element-caption\">Koh\u00e1szat<\/figcaption><\/figure>\n\n\n\n<figure class=\"wp-block-image aligncenter size-large\"><img decoding=\"async\" width=\"70\" height=\"70\" src=\"https:\/\/obera.fr\/wp-content\/uploads\/2020\/08\/industrie-textile.jpg\" alt=\"Textilipar\" class=\"wp-image-671\"\/><figcaption class=\"wp-element-caption\">Text\u00edli\u00e1k<\/figcaption><\/figure>\n\n\n\n<figure class=\"wp-block-image aligncenter size-large\"><img decoding=\"async\" width=\"70\" height=\"70\" src=\"https:\/\/obera.fr\/wp-content\/uploads\/2020\/08\/industrie-plastique.jpg\" alt=\"M&#x171;anyagipar\" class=\"wp-image-669\"\/><figcaption class=\"wp-element-caption\">M\u0171anyagok<\/figcaption><\/figure>\n\n\n\n<figure class=\"wp-block-image aligncenter size-large\"><img decoding=\"async\" width=\"70\" height=\"70\" src=\"https:\/\/obera.fr\/wp-content\/uploads\/2020\/08\/industrie-agroalimentaire.jpg\" alt=\"&#xC9;lelmiszeripar\" class=\"wp-image-727\"\/><figcaption class=\"wp-element-caption\">\u00c9lelmiszeripar<\/figcaption><\/figure>\n<\/div>\n\n\n\n<div class=\"wp-block-column is-layout-flow wp-block-column-is-layout-flow\">\n<figure class=\"wp-block-image aligncenter size-large\"><img decoding=\"async\" width=\"70\" height=\"70\" src=\"https:\/\/obera.fr\/wp-content\/uploads\/2020\/08\/industrie-bois.jpg\" alt=\"Faipar\" class=\"wp-image-672\"\/><figcaption class=\"wp-element-caption\">Famegmunk\u00e1l\u00e1s<\/figcaption><\/figure>\n\n\n\n<figure class=\"wp-block-image aligncenter size-large\"><img decoding=\"async\" width=\"70\" height=\"70\" src=\"https:\/\/obera.fr\/wp-content\/uploads\/2020\/08\/industrie-papier-carton.jpg\" alt=\"Pap&#xED;r- &#xE9;s kartonipar\" class=\"wp-image-670\"\/><figcaption class=\"wp-element-caption\">Pap\u00edr\/karton<\/figcaption><\/figure>\n\n\n\n<figure class=\"wp-block-image aligncenter size-large\"><img decoding=\"async\" width=\"70\" height=\"70\" src=\"https:\/\/obera.fr\/wp-content\/uploads\/2020\/08\/industrie-dechets.jpg\" alt=\"Ipari hullad&#xE9;k\" class=\"wp-image-726\"\/><figcaption class=\"wp-element-caption\">Hullad\u00e9kgy\u0171jt\u00e9s \u00e9s -\u00fajrahasznos\u00edt\u00e1s<\/figcaption><\/figure>\n\n\n\n<figure class=\"wp-block-image aligncenter size-large\"><img decoding=\"async\" width=\"70\" height=\"70\" src=\"https:\/\/obera.fr\/wp-content\/uploads\/2020\/08\/industrie-chimie.jpg\" alt=\"Vegyipar\" class=\"wp-image-725\"\/><figcaption class=\"wp-element-caption\">Vegyszerek\/petrok\u00e9miai anyagok<\/figcaption><\/figure>\n<\/div>\n<\/div>\n<\/div>\n<\/div>\n\n<h3 class=\"wp-block-heading\">Milyen t\u00edpus\u00fa szenet v\u00e1lasszak az alkalmaz\u00e1somhoz?<\/h3>\n\n<p><\/p>\n\n<p>Az ePUR CA l\u00e9gtiszt\u00edt\u00f3k<strong>adszorbensek<\/strong> sz\u00e9les v\u00e1laszt\u00e9k\u00e1val szerelhet\u0151k fel.<\/p>\n\n<p>Az OBERA rendelkezik egy nagy hat\u00e9konys\u00e1g\u00fa, \u00e1ltal\u00e1nos <strong>OBCKV<\/strong> akt\u00edvsz\u00e9nnel. Mindazon\u00e1ltal lehet\u0151s\u00e9g van h\u0151vel vagy k\u00e9miailag aktiv\u00e1lt akt\u00edv szenek, valamint oxid\u00e1lt vagy k\u00e9miai impregn\u00e1l\u00e1ssal aktiv\u00e1lt akt\u00edv sz\u00e9n kiv\u00e1laszt\u00e1s\u00e1ra is.<\/p>\n\n<p>Ezek az &#8222;adal\u00e9kolt&#8221; akt\u00edvszenek n\u00f6velik a kezel\u00e9s hat\u00e9konys\u00e1g\u00e1t.<\/p>\n\n<div class=\"wp-block-columns is-layout-flex wp-container-core-columns-is-layout-28f84493 wp-block-columns-is-layout-flex\">\n<div class=\"wp-block-column is-layout-flow wp-block-column-is-layout-flow\">\n<figure class=\"wp-block-image aligncenter size-large is-resized\"><img decoding=\"async\" width=\"1024\" height=\"549\" src=\"https:\/\/obera.fr\/wp-content\/uploads\/2025\/03\/charbon-actif-noir-1024x549.jpg\" alt=\"fekete akt&#xED;v sz&#xE9;n\" class=\"wp-image-76492\" style=\"width:297px;height:auto\" srcset=\"https:\/\/obera.fr\/wp-content\/uploads\/2025\/03\/charbon-actif-noir-1024x549.jpg 1024w, https:\/\/obera.fr\/wp-content\/uploads\/2025\/03\/charbon-actif-noir-300x161.jpg 300w, https:\/\/obera.fr\/wp-content\/uploads\/2025\/03\/charbon-actif-noir-768x412.jpg 768w, https:\/\/obera.fr\/wp-content\/uploads\/2025\/03\/charbon-actif-noir.jpg 1200w\" sizes=\"(max-width: 1024px) 100vw, 1024px\" \/><\/figure>\n<\/div>\n\n\n\n<div class=\"wp-block-column is-layout-flow wp-block-column-is-layout-flow\">\n<figure class=\"wp-block-image aligncenter size-large is-resized\"><img decoding=\"async\" width=\"1024\" height=\"549\" src=\"https:\/\/obera.fr\/wp-content\/uploads\/2025\/03\/charbon-actif-mix-1024x549.jpg\" alt=\"akt&#xED;v sz&#xE9;n kever&#xE9;k\" class=\"wp-image-76515\" style=\"width:302px;height:auto\" srcset=\"https:\/\/obera.fr\/wp-content\/uploads\/2025\/03\/charbon-actif-mix-1024x549.jpg 1024w, https:\/\/obera.fr\/wp-content\/uploads\/2025\/03\/charbon-actif-mix-300x161.jpg 300w, https:\/\/obera.fr\/wp-content\/uploads\/2025\/03\/charbon-actif-mix-768x412.jpg 768w, https:\/\/obera.fr\/wp-content\/uploads\/2025\/03\/charbon-actif-mix.jpg 1200w\" sizes=\"(max-width: 1024px) 100vw, 1024px\" \/><\/figure>\n<\/div>\n\n\n\n<div class=\"wp-block-column is-layout-flow wp-block-column-is-layout-flow\">\n<figure class=\"wp-block-image aligncenter size-large is-resized\"><img decoding=\"async\" width=\"1024\" height=\"549\" src=\"https:\/\/obera.fr\/wp-content\/uploads\/2025\/03\/charbon-actif-purple-1024x549.png\" alt=\"akt&#xED;v sz&#xE9;n lila\" class=\"wp-image-76468\" style=\"width:293px;height:auto\" srcset=\"https:\/\/obera.fr\/wp-content\/uploads\/2025\/03\/charbon-actif-purple-1024x549.png 1024w, https:\/\/obera.fr\/wp-content\/uploads\/2025\/03\/charbon-actif-purple-300x161.png 300w, https:\/\/obera.fr\/wp-content\/uploads\/2025\/03\/charbon-actif-purple-768x412.png 768w, https:\/\/obera.fr\/wp-content\/uploads\/2025\/03\/charbon-actif-purple.png 1200w\" sizes=\"(max-width: 1024px) 100vw, 1024px\" \/><\/figure>\n<\/div>\n<\/div>\n\n<h2 class=\"wp-block-heading\">Milyen tulajdons\u00e1gokkal rendelkeznek professzion\u00e1lis l\u00e9gtiszt\u00edt\u00f3ink?<\/h2>\n\n<p>Az ePUR CA l\u00e9gtiszt\u00edt\u00f3k er\u0151teljesek \u00e9s csendesek, a k\u00f6nny\u0171 haszn\u00e1lat \u00e9rdek\u00e9ben tervezt\u00e9k \u0151ket. \u00cdgy \u00f6sszeszerel\u00e9s vagy elsz\u00edv\u00f3cs\u0151 n\u00e9lk\u00fcl, egyszer\u0171en egy elektromos aljzathoz csatlakoztatva m\u00e1r m\u0171k\u00f6dik is. G\u00f6rg\u0151k\u00f6n mozgathat\u00f3k, \u00edgy a maxim\u00e1lis k\u00e9nyelem \u00e9rdek\u00e9ben \u00e1thelyezheti az eszk\u00f6z\u00f6ket. <\/p>\n\n<p>Fogyaszt\u00e1suk alacsony (kevesebb, mint egy h\u00e1ztart\u00e1si porsz\u00edv\u00f3), \u00e9s a sz\u0171r\u0151anyagok cser\u00e9je 5 perc alatt elv\u00e9gezhet\u0151 egyetlen imbuszkulcs seg\u00edts\u00e9g\u00e9vel, ami egyszer\u0171 \u00e9s gyors karbantart\u00e1st biztos\u00edt. Az akt\u00edvsz\u00e9nnel t\u00f6lt\u00f6tt patronokat az \u00d6n probl\u00e9m\u00e1j\u00e1nak \u00e9s a kezelend\u0151 szennyez\u0151 anyagoknak megfelel\u0151en v\u00e1lasztjuk ki. Az \u00e1raml\u00e1si sebess\u00e9gek k\u00e9sz\u00fcl\u00e9kenk\u00e9nt v\u00e1ltoznak, a term\u00e9kcsal\u00e1d legkisebb tagja, az <strong>ePUR CA 10<\/strong> eset\u00e9ben az \u00e1raml\u00e1si sebess\u00e9g 1000 m\u00b3\/\u00f3ra. A term\u00e9kcsal\u00e1d k\u00f6zepes k\u00e9sz\u00fcl\u00e9ke, az <strong>ePUR CA 30<\/strong> eset\u00e9ben az \u00e1raml\u00e1si sebess\u00e9g 3500 m\u00b3\/\u00f3ra. V\u00e9g\u00fcl a leger\u0151sebb k\u00e9sz\u00fcl\u00e9k, az <strong>ePUR CA 100<\/strong>, amely csak k\u00e9r\u00e9sre kaphat\u00f3, <strong>10 000 m\u00b3\/\u00f3ra<\/strong> \u00e1raml\u00e1si sebess\u00e9ggel rendelkezik.<\/p>\n\n<figure class=\"wp-block-table\"><table class=\"has-fixed-layout\"><thead><tr><th>Eszk\u00f6z<\/th><th><\/th><th>ePUR 10<\/th><th>ePUR 30<\/th><th>ePUR 100<\/th><\/tr><\/thead><tbody><tr><td>Flow<\/td><td>m3\/h<\/td><td>1 000<\/td><td>3 500<\/td><td>10 000<\/td><\/tr><tr><td>T\u00e1mogat\u00e1s intenzit\u00e1sa<\/td><td>A<\/td><td>0.7<\/td><td>1.1<\/td><td>3.3<\/td><\/tr><tr><td>T\u00e1pfesz\u00fclts\u00e9g<\/td><td>V<\/td><td>230<\/td><td>230<\/td><td>230<\/td><\/tr><tr><td>Teljes\u00edtm\u00e9ny<\/td><td>kW<\/td><td>0.08<\/td><td>0.25<\/td><td>0,75<\/td><\/tr><tr><td>M\u00e9retek<\/td><td>l\/L\/h (cm)<\/td><td>66 x 37 x 78<\/td><td>66 x 68 x 125<\/td><td>90 x 90 x 182<\/td><\/tr><tr><td>Akt\u00edvsz\u00e9n t\u00f6ltet<\/td><td>kg<\/td><td>7.5<\/td><td>26<\/td><td>K\u00e9r\u00e9sre<\/td><\/tr><tr><td>Hangszint<\/td><td>dB(A)<\/td><td>63<\/td><td>65<\/td><td>69<\/td><\/tr><\/tbody><\/table><\/figure>\n\n<div class=\"wp-block-buttons is-horizontal is-content-justification-center is-layout-flex wp-container-core-buttons-is-layout-03627597 wp-block-buttons-is-layout-flex\">\n<div class=\"wp-block-button is-style-outline is-style-outline--1\"><a class=\"wp-block-button__link wp-element-button\" href=\"https:\/\/obera.fr\/wp-content\/uploads\/2023\/05\/catalogue-epur-10-30-50-100-150.pdf\">A term\u00e9klap let\u00f6lt\u00e9se PDF form\u00e1tumban<\/a><\/div>\n<\/div>\n\n<h2 class=\"wp-block-heading\">Milyen el\u0151nyei vannak az ePUR CA professzion\u00e1lis l\u00e9gtiszt\u00edt\u00f3knak?<\/h2>\n\n<figure class=\"wp-block-image alignright size-thumbnail\"><img decoding=\"async\" width=\"150\" height=\"150\" src=\"https:\/\/obera.fr\/wp-content\/uploads\/2020\/09\/ePUR-CA-Filtres-150x150.jpg\" alt=\"Epur Ca sz&#x171;r&#x151;k\" class=\"wp-image-1014\"\/><figcaption class=\"wp-element-caption\">Sz\u0171r\u0151k az ePUR sz\u00e1m\u00e1ra<\/figcaption><\/figure>\n\n<p>A<strong>leveg\u0151min\u0151s\u00e9g jav\u00edt\u00e1sa<\/strong> mellett professzion\u00e1lis l\u00e9gtiszt\u00edt\u00f3ink megv\u00e9dik a munkav\u00e1llal\u00f3kat a finom r\u00e9szecsk\u00e9kt\u0151l \u00e9s m\u00e1s g\u00e1znem\u0171 szennyez\u0151 anyagokt\u00f3l, hogy minimaliz\u00e1lj\u00e1k a t\u00fcd\u0151- \u00e9s sz\u00edvbetegs\u00e9geknek val\u00f3 kitetts\u00e9get.  <\/p>\n\n<p>Az energiak\u00f6lts\u00e9gek \u00e9s a tiszt\u00edt\u00e1s ter\u00e9n is jelent\u0151s megtakar\u00edt\u00e1s \u00e9rhet\u0151 el a g\u00e9p \u00e1ltal l\u00e9trehozott l\u00e9g\u00e1raml\u00e1snak k\u00f6sz\u00f6nhet\u0151en, amely a magasan elhelyezked\u0151 meleg leveg\u0151t lefel\u00e9 tereli, \u00e9s \u00edgy temper\u00e1lja a munkater\u00fcletet. A sz\u0171rt leveg\u0151 h\u0151je is visszaker\u00fcl az \u00e9p\u00fcletbe, ami cs\u00f6kkenti a f\u0171t\u00e9si fogyaszt\u00e1st. <\/p>\n\n<p>Tov\u00e1bbi el\u0151ny a gy\u00e1rt\u00f3eszk\u00f6z\u00f6k v\u00e9delme, ami cs\u00f6kkenti a meghib\u00e1sod\u00e1sokat, \u00e9s \u00edgy hozz\u00e1j\u00e1rul a gy\u00e1rt\u00f3g\u00e9pek \u00e9lettartam\u00e1nak n\u00f6vel\u00e9s\u00e9hez. A szab\u00e1lyoz\u00e1si szempontb\u00f3l ipari l\u00e9gtiszt\u00edt\u00f3ink lehet\u0151v\u00e9 teszik a foglalkoz\u00e1si expoz\u00edci\u00f3s hat\u00e1r\u00e9rt\u00e9kek (<strong>VLEP<\/strong>) betart\u00e1s\u00e1t is.<\/p>\n\n<p><\/p>\n\n<div class=\"wp-block-columns is-layout-flex wp-container-core-columns-is-layout-28f84493 wp-block-columns-is-layout-flex\">\n<div class=\"wp-block-column is-layout-flow wp-block-column-is-layout-flow\">\n<h3 class=\"wp-block-heading has-text-align-center\">El\u0151ny\u00f6k<\/h3>\n\n\n\n<ul class=\"wp-block-list\">\n<li>Plug &amp; Play: csatlakoztatja az \u00e1ramforr\u00e1shoz, \u00e9s m\u00e1r k\u00e9sz is.<\/li>\n\n\n\n<li>Er\u0151s \u00e9s csendes<\/li>\n\n\n\n<li>Nincs sz\u00fcks\u00e9g \u00f6sszeszerel\u00e9sre vagy elsz\u00edv\u00f3cs\u00f6vekre<\/li>\n\n\n\n<li>G\u00f6rg\u0151inek k\u00f6sz\u00f6nhet\u0151en k\u00f6nnyen mozgathat\u00f3ra tervezve<\/li>\n\n\n\n<li>Nagyon alacsony fogyaszt\u00e1s (kevesebbet fogyasztanak, mint egy h\u00e1ztart\u00e1si porsz\u00edv\u00f3).<\/li>\n<\/ul>\n<\/div>\n\n\n\n<div class=\"wp-block-column is-layout-flow wp-block-column-is-layout-flow\">\n<h3 class=\"wp-block-heading has-text-align-center\">K\u00fcl\u00f6nleges jellemz\u0151k<\/h3>\n\n\n\n<ul class=\"wp-block-list\">\n<li>A kezelend\u0151 szennyez\u0151 anyagok szerint kiv\u00e1lasztott akt\u00edv sz\u00e9nnel t\u00f6lt\u00f6tt patronok.<\/li>\n\n\n\n<li>\u00dajrafelhaszn\u00e1lhat\u00f3 \u00e9s \u00fajrahasznos\u00edthat\u00f3 patronok<\/li>\n\n\n\n<li>V\u00e9gezze el \u00d6n a sz\u0171r\u0151anyagok cser\u00e9j\u00e9t 5 perc alatt \u00e9s egyetlen imbuszkulcs seg\u00edts\u00e9g\u00e9vel.<\/li>\n\n\n\n<li>Standard 220V-os aljzathoz csatlakoztathat\u00f3<\/li>\n<\/ul>\n<\/div>\n\n\n\n<div class=\"wp-block-column is-layout-flow wp-block-column-is-layout-flow\">\n<h3 class=\"wp-block-heading has-text-align-center\">Jellemz\u0151k<\/h3>\n\n\n\n<ul class=\"wp-block-list\">\n<li>Jelent\u0151sen jav\u00edtja a leveg\u0151 min\u0151s\u00e9g\u00e9t a gy\u00e1rt\u00f3m\u0171helyekben a megl\u00e9v\u0151 rendszerek kieg\u00e9sz\u00edt\u00e9s\u00e9vel<\/li>\n\n\n\n<li>Befogja a szennyez\u0151 anyagokat ott, ahol a forr\u00e1sn\u00e1l t\u00f6rt\u00e9n\u0151 befog\u00e1s nem lehets\u00e9ges<\/li>\n<\/ul>\n<\/div>\n<\/div>\n\n<div class=\"wp-block-buttons is-horizontal is-content-justification-center is-layout-flex wp-container-core-buttons-is-layout-03627597 wp-block-buttons-is-layout-flex\">\n<div class=\"wp-block-button\"><a class=\"wp-block-button__link wp-element-button\" href=\"https:\/\/obera.fr\/contact\/\">Tudjon meg t\u00f6bbet<\/a><\/div>\n<\/div>\n\n<p><\/p>\n\n<h2 class=\"wp-block-heading\">P\u00e9ld\u00e1k az akt\u00edvszenes l\u00e9gtiszt\u00edt\u00f3ink alkalmaz\u00e1s\u00e1ra:<\/h2>\n\n<h3 class=\"wp-block-heading\">Fodr\u00e1szszalonok, k\u00f6r\u00f6mszalonok \u00e9s sz\u00e9ps\u00e9gszalonok<\/h3>\n\n<figure class=\"wp-block-image alignright size-medium\"><img decoding=\"async\" width=\"300\" height=\"200\" src=\"https:\/\/obera.fr\/wp-content\/uploads\/2020\/10\/salon-de-coiffure-300x200.jpg\" alt=\"Fodr&#xE1;szat\" class=\"wp-image-1228\" srcset=\"https:\/\/obera.fr\/wp-content\/uploads\/2020\/10\/salon-de-coiffure-300x200.jpg 300w, https:\/\/obera.fr\/wp-content\/uploads\/2020\/10\/salon-de-coiffure-768x512.jpg 768w, https:\/\/obera.fr\/wp-content\/uploads\/2020\/10\/salon-de-coiffure.jpg 1024w\" sizes=\"(max-width: 300px) 100vw, 300px\" \/><figcaption class=\"wp-element-caption\">Fodr\u00e1szat<\/figcaption><\/figure>\n\n<p>A <strong>fodr\u00e1szok<\/strong>, k\u00f6r\u00f6mszalonok \u00e9s sz\u00e9ps\u00e9gszalonok k\u00fcl\u00f6n\u00f6sen ki vannak t\u00e9ve a leveg\u0151min\u0151s\u00e9gi kock\u00e1zatoknak, \u00e9s tev\u00e9kenys\u00e9g\u00fck sor\u00e1n szennyez\u0151 anyagok keletkeznek aeroszolok, finom por \u00e9s sz\u00e1mos <strong>g\u00e1znem\u0171 szennyez\u0151anyag<\/strong> form\u00e1j\u00e1ban az \u00e1ltaluk haszn\u00e1lt term\u00e9kekb\u0151l, p\u00e9ld\u00e1ul amm\u00f3nia, dauerol\u00f3 term\u00e9kek, hajfeh\u00e9r\u00edt\u0151 \u00e9s hajsz\u00ednez\u0151 term\u00e9kek, spray-k, hidrog\u00e9n-peroxid, formaldehidek \u00e9s hajszeszek form\u00e1j\u00e1ban.  <\/p>\n\n<p>A fodr\u00e1szok \u00e9s kozmetikusok gyakran szembes\u00fclnek jelent\u0151s <strong>szagokkal<\/strong>, <strong>irrit\u00e1ci\u00f3kkal<\/strong>, <strong>fejf\u00e1j\u00e1ssal vagy l\u00e9g\u00fati allergi\u00e1kkal<\/strong>. A fodr\u00e1szszalonok, k\u00f6r\u00f6mszalonok \u00e9s sz\u00e9ps\u00e9gszalonok \u00e1ltal\u00e1ban rosszul szell\u0151znek. A l\u00e9gtiszt\u00edt\u00f3k megold\u00e1st jelentenek a leveg\u0151 \u00e1ltal\u00e1nos min\u0151s\u00e9g\u00e9nek jav\u00edt\u00e1s\u00e1ra. Haszn\u00e1lhat\u00f3k karral a forr\u00e1sn\u00e1l t\u00f6rt\u00e9n\u0151 befog\u00e1shoz \u00e9s\/vagy k\u00f6zvetlen\u00fcl a k\u00f6rnyezetben. <\/p>\n\n<blockquote class=\"wp-block-quote is-layout-flow wp-block-quote-is-layout-flow\">\n<p>Aj\u00e1nlott sz\u0171r\u0151konfigur\u00e1ci\u00f3: G4 + E11 + akt\u00edv sz\u00e9n (gy\u0171jt\u0151karral)<\/p>\n<\/blockquote>\n\n<h3 class=\"wp-block-heading\">Nyitott terek\/irod\u00e1k<\/h3>\n\n<figure class=\"wp-block-image alignright size-medium\"><img decoding=\"async\" width=\"300\" height=\"200\" src=\"https:\/\/obera.fr\/wp-content\/uploads\/2020\/10\/salle-open-space-300x200.jpg\" alt=\"Ny&#xED;lt t&#xE9;r\" class=\"wp-image-1230\" srcset=\"https:\/\/obera.fr\/wp-content\/uploads\/2020\/10\/salle-open-space-300x200.jpg 300w, https:\/\/obera.fr\/wp-content\/uploads\/2020\/10\/salle-open-space-768x512.jpg 768w, https:\/\/obera.fr\/wp-content\/uploads\/2020\/10\/salle-open-space.jpg 1024w\" sizes=\"(max-width: 300px) 100vw, 300px\" \/><figcaption class=\"wp-element-caption\">Nyitott t\u00e9r szoba<\/figcaption><\/figure>\n\n<p>Az irod\u00e1kban vagy nyitott ter\u0171 irod\u00e1kban dolgoz\u00f3 alkalmazottak <strong>k\u00fcl\u00f6n\u00f6sen ki vannak t\u00e9ve a k\u00fcls\u0151 l\u00e9gszennyez\u00e9snek<\/strong> (por, szagok, pollenek \u00e9s a v\u00e1rosi ter\u00fcletek szennyez\u00e9se), a belt\u00e9ri szennyez\u00e9snek (biol\u00f3giai: v\u00edrusok, bakt\u00e9riumok, mikrob\u00e1k) \u00e9s a k\u00e9miai szennyez\u00e9snek (szagok, tiszt\u00edt\u00f3szerek \u00e9s a b\u00fatorok, fest\u00e9kek, sz\u0151nyegek \u00e9s m\u00e1s \u00e9p\u00edt\u0151anyagok \u00e1ltal kibocs\u00e1tott szennyez\u0151 anyagok).<\/p>\n\n<p>Ez a jelens\u00e9g s\u00falyosbodik, ha az irod\u00e1k szell\u0151ztetettek, alacsony nyom\u00e1s\u00faak, \u00e9s egy gy\u00e1rt\u00f3m\u0171hely vagy szennyezett v\u00e1rosi ter\u00fclet mellett helyezkednek el. Ebben az esetben a l\u00e9gszennyez\u00e9s \u00e1tterjed az irod\u00e1kba.<\/p>\n\n<blockquote class=\"wp-block-quote is-layout-flow wp-block-quote-is-layout-flow\">\n<p>Aj\u00e1nlott sz\u0171r\u0151konfigur\u00e1ci\u00f3: G4 + F8 vagy G4 + H14 vagy G4 + H14 + akt\u00edv sz\u00e9n<\/p>\n<\/blockquote>\n\n<p><\/p>\n\n<h3 class=\"wp-block-heading\">Orvosi \u00e1gazat (k\u00f3rh\u00e1zak, id\u0151sotthonok, \u00e1llatorvosok, l\u00e1b\u00e1pol\u00f3 orvosok, fogorvosok \u00e9s fogtechnikusok, orvosi rendel\u0151k, temetkez\u00e9si v\u00e1llalatok).<\/h3>\n\n<figure class=\"wp-block-image alignright size-medium\"><img decoding=\"async\" width=\"200\" height=\"300\" src=\"https:\/\/obera.fr\/wp-content\/uploads\/2020\/10\/hopital-200x300.jpg\" alt=\"K&#xF3;rh&#xE1;z\" class=\"wp-image-1232\" srcset=\"https:\/\/obera.fr\/wp-content\/uploads\/2020\/10\/hopital-200x300.jpg 200w, https:\/\/obera.fr\/wp-content\/uploads\/2020\/10\/hopital-683x1024.jpg 683w, https:\/\/obera.fr\/wp-content\/uploads\/2020\/10\/hopital-768x1152.jpg 768w, https:\/\/obera.fr\/wp-content\/uploads\/2020\/10\/hopital.jpg 1024w\" sizes=\"(max-width: 200px) 100vw, 200px\" \/><figcaption class=\"wp-element-caption\">K\u00f3rh\u00e1z<\/figcaption><\/figure>\n\n<p>Az ig\u00e9nyek sokf\u00e9l\u00e9k:<\/p>\n\n<ul class=\"wp-block-list\">\n<li>A leveg\u0151min\u0151s\u00e9g jav\u00edt\u00e1sa a <strong>leveg\u0151ben terjed\u0151 szennyez\u0151d\u00e9sek<\/strong> (v\u00edrusok, bakt\u00e9riumok) <strong>cs\u00f6kkent\u00e9se<\/strong> \u00e9rdek\u00e9ben.<\/li>\n\n\n\n<li>Fert\u0151tlen\u00edti \u00e9s <strong>megakad\u00e1lyozza a v\u00edrusok<\/strong>, bakt\u00e9riumok stb. <strong>terjed\u00e9s\u00e9t<\/strong>.<\/li>\n\n\n\n<li>A zavar\u00f3 szagok megsz\u00fcntet\u00e9se \u00e9s <strong>a szagszennyez\u00e9s k\u00fcl\u00f6nb\u00f6z\u0151 form\u00e1inak semleges\u00edt\u00e9se<\/strong>.<\/li>\n\n\n\n<li><strong>Cs\u00f6kkentse a porszintet<\/strong> a portermel\u0151 tev\u00e9kenys\u00e9gek sor\u00e1n.<\/li>\n<\/ul>\n\n<p><\/p>\n\n<h3 class=\"wp-block-heading\">A nyilv\u00e1noss\u00e1g sz\u00e1m\u00e1ra nyitva \u00e1ll\u00f3 int\u00e9zm\u00e9nyek (helyi hat\u00f3s\u00e1gok, b\u00f6lcs\u0151d\u00e9k, iskol\u00e1k)<\/h3>\n\n<p>A belt\u00e9ri leveg\u0151min\u0151s\u00e9g ellen\u0151rz\u00e9se 2020. janu\u00e1r<sup>1.<\/sup> \u00f3ta k\u00f6telez\u0151 az oktat\u00e1si int\u00e9zm\u00e9nyekben, 2018. janu\u00e1r<sup>1.<\/sup> \u00f3ta pedig a b\u00f6lcs\u0151d\u00e9kben.<\/p>\n\n<p>A leveg\u0151min\u0151s\u00e9gi param\u00e9terek a <strong>finom porr\u00e9szecsk\u00e9k<\/strong>, a <strong>formaldehidek<\/strong>, a <strong>VOC-k<\/strong>, a <strong>benzol<\/strong> \u00e9s a <strong>sz\u00e9n-dioxid<\/strong>. A rossz leveg\u0151min\u0151s\u00e9g t\u00fcnetei a fejf\u00e1j\u00e1s, irrit\u00e1ci\u00f3k \u00e9s l\u00e9g\u00fati allergi\u00e1k. <\/p>\n\n<p>A jelens\u00e9g s\u00falyosbodik, ha a terek rosszul szell\u0151znek vagy nincsenek szell\u0151ztetve. Lehet\u0151s\u00e9g van l\u00e9gtiszt\u00edt\u00f3 elhelyez\u00e9s\u00e9re a k\u00f6rnyezetben ezen k\u00fcl\u00f6nb\u00f6z\u0151 szennyez\u0151forr\u00e1sok kezel\u00e9s\u00e9re.<\/p>\n\n<p><\/p>\n\n<h2 class=\"wp-block-heading\">Hogyan konfigur\u00e1lhatom a professzion\u00e1lis akt\u00edvszenes l\u00e9gtiszt\u00edt\u00f3mat?<\/h2>\n\n<p>Fontos tudni, hogy a g\u00e1z halmaz\u00e1llapot\u00fa (molekul\u00e1ris) szennyez\u0151 anyagokat egy <strong>akt\u00edvsz\u00e9n<\/strong> t\u00edpus\u00fa adszorbens \u00e1ll\u00edtja meg. A r\u00e9szecskeszennyez\u0151 anyagokat (por, f\u00fcst, k\u00f6d, \u2026) egy r\u00e9szecskesz\u0171r\u0151 \u00e1ll\u00edtja meg.<\/p>\n\n<p>Az ePUR CA l\u00e9gtiszt\u00edt\u00f3k 2-3 konfigur\u00e1lhat\u00f3 sz\u0171r\u00e9si fokozatot tartalmazhatnak.<\/p>\n\n<p>Ha a szennyez\u00e9s r\u00e9szecsk\u00e9s, a 4 sz\u0171r\u0151fokozat a r\u00e9szecsk\u00e9k k\u00fcl\u00f6nb\u00f6z\u0151 szemcsem\u00e9ret\u00e9nek egym\u00e1st k\u00f6vet\u0151 sz\u00e9tv\u00e1laszt\u00e1s\u00e1ra szolg\u00e1l. Lehet\u0151s\u00e9g van minden sz\u0171r\u0151oszt\u00e1ly haszn\u00e1lat\u00e1ra, az <strong>ISO Coarse 50%<\/strong> (kor\u00e1bban G3) \u00e9s a <strong>HEPA H14<\/strong> k\u00f6z\u00f6tt.<\/p>\n\n<p>Ha a szennyez\u0151 anyagok g\u00e1znem\u0171ek, akkor az akt\u00edv sz\u00e9n v\u00e9delm\u00e9hez k\u00e9t fokozat\u00fa akt\u00edv sz\u00e9nre \u00e9s egy els\u0151 fokozat\u00fa r\u00e9szecskesz\u0171r\u0151re van sz\u00fcks\u00e9g.<\/p>\n\n<p>G\u00e1z halmaz\u00e1llapot\u00fa \u00e9s r\u00e9szecsk\u00e9s szennyez\u0151 anyagok kombin\u00e1ci\u00f3ja eset\u00e9n a r\u00e9szecskesz\u0171r\u0151 fokozatokat egy vagy t\u00f6bb akt\u00edvsz\u00e9n-sz\u0171r\u0151 fokozattal kombin\u00e1ljuk. A r\u00e9szecskesz\u0171r\u0151k az akt\u00edvsz\u00e9n-sz\u0171r\u0151 v\u00e9delm\u00e9re szolg\u00e1lnak, ezzel biztos\u00edtva annak \u00e9lettartam\u00e1t \u00e9s hat\u00e9konys\u00e1g\u00e1t.<\/p>\n\n<blockquote class=\"wp-block-quote is-layout-flow wp-block-quote-is-layout-flow\">\n<p>Ha v\u00edrusok, bakt\u00e9riumok, CMR vagy vesz\u00e9lyes porok vannak jelen, <strong>nagy hat\u00e9konys\u00e1g\u00fa sz\u0171r\u0151ket<\/strong> (EPE E11 vagy magasabb) kell v\u00e1lasztani.<\/p>\n<\/blockquote>\n\n<p>Er\u0151s por koncentr\u00e1ci\u00f3 eset\u00e9n fontos a el\u0151sz\u0171r\u0151 fokozatok sz\u00e1m\u00e1nak n\u00f6vel\u00e9se a legmagasabb min\u0151s\u00e9g\u0171 sz\u0171r\u0151 v\u00e9delme \u00e9rdek\u00e9ben. Tudni kell, hogy egy H14-es sz\u0171r\u0151 ak\u00e1r 4-szerese is lehet egy F8-as sz\u0171r\u0151 \u00e1r\u00e1nak.<\/p>\n\n<p>Azt is tudni kell, hogy egy nagy hat\u00e9konys\u00e1g\u00fa sz\u0171r\u0151 nem felt\u00e9tlen\u00fcl sz\u00fcks\u00e9ges, ha a kezelend\u0151 por durva. Val\u00f3j\u00e1ban ez sokkal gyorsabban elt\u00f6m\u0151dhet, mint egy durva porhoz alkalmas sz\u0171r\u0151, \u00e9s \u00edgy dr\u00e1g\u00e1bb lesz a cser\u00e9je.<\/p>\n\n<p>\u00cdme n\u00e9h\u00e1ny p\u00e9lda a lehets\u00e9ges l\u00e9gsz\u0171r\u0151-konfigur\u00e1ci\u00f3kra:<\/p>\n\n<ul class=\"wp-block-list\">\n<li>G4\/F8 az L poroszt\u00e1lyokhoz<\/li>\n\n\n\n<li>G4\/E11 az M-H poroszt\u00e1lyok eset\u00e9ben<\/li>\n\n\n\n<li>G4 \/F8 \/ HEPA H14 a H poroszt\u00e1lyhoz<\/li>\n\n\n\n<li>G3\/F8\/H14 a H poroszt\u00e1lyok eset\u00e9ben<\/li>\n\n\n\n<li>G4 \/ F8 \/ E11 az M-H poroszt\u00e1lyokhoz<\/li>\n\n\n\n<li>G3 \/ F8 \/ E11 az M-H poroszt\u00e1lyokhoz<\/li>\n\n\n\n<li>G4 \/ F8\/ Akt\u00edv sz\u00e9n L por- \u00e9s szagkezel\u00e9si oszt\u00e1lyokhoz<\/li>\n\n\n\n<li>G3 \/ F8\/ Akt\u00edv sz\u00e9n L por- \u00e9s szagkezel\u00e9si oszt\u00e1lyokhoz<\/li>\n\n\n\n<li>F7\/ H14 \/ akt\u00edv sz\u00e9n a H oszt\u00e1ly\u00fa por \u00e9s szagkezel\u00e9shez<\/li>\n\n\n\n<li>F7\/E11\/ akt\u00edv sz\u00e9n az M-H poroszt\u00e1lyok \u00e9s a szagok kezel\u00e9s\u00e9re.<\/li>\n\n\n\n<li>G4 \/ CA\/ CA Kiz\u00e1r\u00f3lag a szagok kezel\u00e9s\u00e9re.<\/li>\n<\/ul>\n\n<blockquote class=\"wp-block-quote is-layout-flow wp-block-quote-is-layout-flow\">\n<p>A legt\u00f6bb sz\u0171r\u0151nk az EPA E11 szintig 100% poli\u00e9szter, amely nem tartalmaz sz\u00ednez\u00e9ket, old\u00f3szert vagy k\u00f6t\u0151anyagot, \u00edgy nem haszn\u00e1lunk \u00fcvegsz\u00e1lakat, amelyek r\u00e1kkelt\u0151 sz\u00e1lakat bocs\u00e1tanak ki.<\/p>\n<\/blockquote>\n\n<h2 class=\"wp-block-heading\">Az oberA m\u00e1rka tov\u00e1bbi l\u00e9gtiszt\u00edt\u00f3i<\/h2>\n\n<div class=\"wp-block-columns is-layout-flex wp-container-core-columns-is-layout-28f84493 wp-block-columns-is-layout-flex\">\n<div class=\"wp-block-column is-layout-flow wp-block-column-is-layout-flow\">\n<figure class=\"wp-block-image aligncenter size-full\"><a href=\"https:\/\/obera.fr\/hu\/produits\/purificateurs-air\/filtower\/\"><img decoding=\"async\" width=\"184\" height=\"300\" src=\"https:\/\/obera.fr\/wp-content\/uploads\/2026\/01\/image-filtower.png\" alt=\"filtower k&#xE9;p\" class=\"wp-image-138903\"\/><\/a><figcaption class=\"wp-element-caption\">Filtower<\/figcaption><\/figure>\n<\/div>\n\n\n\n<div class=\"wp-block-column is-layout-flow wp-block-column-is-layout-flow\">\n<figure class=\"wp-block-image aligncenter size-full is-resized\"><a href=\"https:\/\/obera.fr\/hu\/produits\/purificateurs-air\/industriel-epur\/\"><img decoding=\"async\" width=\"1200\" height=\"1200\" src=\"https:\/\/obera.fr\/wp-content\/uploads\/2026\/01\/image-gamme-epur.png\" alt=\"epur term&#xE9;kcsal&#xE1;d k&#xE9;p\" class=\"wp-image-138868\" style=\"width:313px;height:auto\" srcset=\"https:\/\/obera.fr\/wp-content\/uploads\/2026\/01\/image-gamme-epur.png 1200w, https:\/\/obera.fr\/wp-content\/uploads\/2026\/01\/image-gamme-epur-300x300.png 300w, https:\/\/obera.fr\/wp-content\/uploads\/2026\/01\/image-gamme-epur-1024x1024.png 1024w, https:\/\/obera.fr\/wp-content\/uploads\/2026\/01\/image-gamme-epur-150x150.png 150w, https:\/\/obera.fr\/wp-content\/uploads\/2026\/01\/image-gamme-epur-768x768.png 768w\" sizes=\"(max-width: 1200px) 100vw, 1200px\" \/><\/a><figcaption class=\"wp-element-caption\">ePUR<\/figcaption><\/figure>\n<\/div>\n\n\n\n<div class=\"wp-block-column is-layout-flow wp-block-column-is-layout-flow\">\n<figure class=\"wp-block-image aligncenter size-medium\"><a href=\"https:\/\/obera.fr\/hu\/produits\/purificateurs-air\/poussieres-epur-b01-ecoprime\/\"><img decoding=\"async\" width=\"300\" height=\"300\" src=\"https:\/\/obera.fr\/wp-content\/uploads\/2020\/09\/epur-b01-ecoprime-300x300.jpg\" alt=\"Epur B01 Ecoprime\" class=\"wp-image-1008\" srcset=\"https:\/\/obera.fr\/wp-content\/uploads\/2020\/09\/epur-b01-ecoprime-300x300.jpg 300w, https:\/\/obera.fr\/wp-content\/uploads\/2020\/09\/epur-b01-ecoprime-150x150.jpg 150w, https:\/\/obera.fr\/wp-content\/uploads\/2020\/09\/epur-b01-ecoprime.jpg 433w\" sizes=\"(max-width: 300px) 100vw, 300px\" \/><\/a><figcaption class=\"wp-element-caption\">ePUR B01 Ecoprime<\/figcaption><\/figure>\n<\/div>\n<\/div>\n\n<p><\/p>\n","protected":false},"excerpt":{"rendered":"<p>Az ePUR CA professzion\u00e1lis l\u00e9gtiszt\u00edt\u00f3ink mobil akt\u00edvszenes l\u00e9gkezel\u0151 egys\u00e9gek, amelyek nem ig\u00e9nyelnek cs\u00f6vez\u00e9st vagy \u00f6sszeszerel\u00e9st. Hogyan m\u0171k\u00f6dnek professzion\u00e1lis l\u00e9gtiszt\u00edt\u00f3ink? A m\u0171k\u00f6d\u00e9s egyszer\u0171, a szennyezett leveg\u0151t a k\u00e9sz\u00fcl\u00e9k tetej\u00e9n sz\u00edvja be. Ezt k\u00f6vet\u0151en a szil\u00e1rd \u00e9s foly\u00e9kony r\u00e9szecsk\u00e9ket a sz\u0171r\u0151k egym\u00e1st k\u00f6vet\u0151 r\u00e9tegei, az esetleges g\u00e1z halmaz\u00e1llapot\u00fa szennyez\u0151 anyagokat pedig az akt\u00edvsz\u00e9n-sz\u0171r\u0151 \u00e1ll\u00edtja meg. A l\u00e9gtiszt\u00edt\u00f3 a leveg\u0151t egy munkater\u00fcleten tiszt\u00edtja, \u00e1thalad\u00e1sra k\u00e9nyszer\u00edtve azt a k\u00fcl\u00f6nb\u00f6z\u0151 sz\u0171r\u0151fokozatokon. A l\u00e9gtiszt\u00edt\u00f3 maga f\u00f6l\u00f6tt egy kiss\u00e9 melegebb leveg\u0151oszlopot sz\u00edv be, \u00e9s megtiszt\u00edtva bocs\u00e1tja ki a munkater\u00fcletre, a talajszinten. Ez a k\u00f6nnyebb leveg\u0151 term\u00e9szetesen felemelkedik a helyis\u00e9gben, \u00e9s k\u00f6rk\u00f6r\u00f6s mozg\u00e1st hoz l\u00e9tre, amely lehet\u0151v\u00e9 teszi &#8230; <\/p>\n<p class=\"read-more-container\"><a title=\"ePUR CA professzion\u00e1lis l\u00e9gtiszt\u00edt\u00f3\" class=\"read-more button\" href=\"https:\/\/obera.fr\/hu\/produits\/purificateurs-air\/professionnel-epur-ca\/#more-67766\" aria-label=\"Read more about ePUR CA professzion\u00e1lis l\u00e9gtiszt\u00edt\u00f3\">Lire la suite<\/a><\/p>\n","protected":false},"author":4,"featured_media":83741,"parent":67794,"menu_order":0,"comment_status":"closed","ping_status":"closed","template":"","meta":{"_acf_changed":false,"_seopress_robots_primary_cat":"","_seopress_titles_title":"ePUR CA professzion\u00e1lis akt\u00edvszenes leveg\u0151tiszt\u00edt\u00f3","_seopress_titles_desc":"Az oberA ePUR CA professzion\u00e1lis l\u00e9gtiszt\u00edt\u00f3 egy mobil akt\u00edvszenes l\u00e9gkezel\u0151 egys\u00e9g, amely nem ig\u00e9nyel cs\u0151vezet\u00e9keket.","_seopress_robots_index":"","footnotes":""},"class_list":{"0":"post-67766","1":"page","2":"type-page","3":"status-publish","4":"has-post-thumbnail","6":"no-featured-image-padding","7":"resize-featured-image"},"acf":[],"_links":{"self":[{"href":"https:\/\/obera.fr\/hu\/wp-json\/wp\/v2\/pages\/67766","targetHints":{"allow":["GET"]}}],"collection":[{"href":"https:\/\/obera.fr\/hu\/wp-json\/wp\/v2\/pages"}],"about":[{"href":"https:\/\/obera.fr\/hu\/wp-json\/wp\/v2\/types\/page"}],"author":[{"embeddable":true,"href":"https:\/\/obera.fr\/hu\/wp-json\/wp\/v2\/users\/4"}],"replies":[{"embeddable":true,"href":"https:\/\/obera.fr\/hu\/wp-json\/wp\/v2\/comments?post=67766"}],"version-history":[{"count":11,"href":"https:\/\/obera.fr\/hu\/wp-json\/wp\/v2\/pages\/67766\/revisions"}],"predecessor-version":[{"id":141615,"href":"https:\/\/obera.fr\/hu\/wp-json\/wp\/v2\/pages\/67766\/revisions\/141615"}],"up":[{"embeddable":true,"href":"https:\/\/obera.fr\/hu\/wp-json\/wp\/v2\/pages\/67794"}],"wp:featuredmedia":[{"embeddable":true,"href":"https:\/\/obera.fr\/hu\/wp-json\/wp\/v2\/media\/83741"}],"wp:attachment":[{"href":"https:\/\/obera.fr\/hu\/wp-json\/wp\/v2\/media?parent=67766"}],"curies":[{"name":"wp","href":"https:\/\/api.w.org\/{rel}","templated":true}]}}