{"id":67802,"date":"2020-08-26T12:43:50","date_gmt":"2020-08-26T10:43:50","guid":{"rendered":"https:\/\/obera.fr\/produits\/traitement-cov\/filtre-anti-poussiere-epur010-b-ca\/"},"modified":"2025-12-30T12:05:45","modified_gmt":"2025-12-30T10:05:45","slug":"filtre-anti-poussiere-epur010-b-ca","status":"publish","type":"page","link":"https:\/\/obera.fr\/hu\/produits\/traitement-cov\/filtre-anti-poussiere-epur010-b-ca\/","title":{"rendered":"ePUR010 B CA ipari por-, szag- \u00e9s VOC-sz\u0171r\u0151"},"content":{"rendered":"\n<p>Az <strong>ePUR010 B CA ipari por- \u00e9s VOC-sz\u0171r\u0151nk<\/strong> egy mobil akt\u00edvszenes sz\u00edv\u00f3egys\u00e9g, amely k\u00e9pes a port, finom r\u00e9szecsk\u00e9ket \u00e9s g\u00e1znem\u0171 szennyez\u0151anyagokat tartalmaz\u00f3 l\u00e9g\u00e1ram kezel\u00e9s\u00e9re.<\/p>\n\n\n<h2 class=\"wp-block-heading\" id=\"comment-fonctionne-notre-appareil\"><strong>Hogyan m\u0171k\u00f6dik a k\u00e9sz\u00fcl\u00e9k\u00fcnk?<\/strong><\/h2>\n\n<div class=\"wp-block-columns is-layout-flex wp-container-core-columns-is-layout-28f84493 wp-block-columns-is-layout-flex\">\n<div class=\"wp-block-column is-layout-flow wp-block-column-is-layout-flow\" style=\"flex-basis:33.33%\">\n<figure class=\"wp-block-image aligncenter size-full\"><img decoding=\"async\" width=\"1200\" height=\"1200\" src=\"https:\/\/obera.fr\/wp-content\/uploads\/2025\/10\/epur-10-b-ca-2.png\" alt=\"epur 10 b ca\" class=\"wp-image-130793\" srcset=\"https:\/\/obera.fr\/wp-content\/uploads\/2025\/10\/epur-10-b-ca-2.png 1200w, https:\/\/obera.fr\/wp-content\/uploads\/2025\/10\/epur-10-b-ca-2-300x300.png 300w\" sizes=\"(max-width: 1200px) 100vw, 1200px\" \/><figcaption class=\"wp-element-caption\">ePUR010 B CA<\/figcaption><\/figure>\n<\/div>\n\n\n\n<div class=\"wp-block-column is-layout-flow wp-block-column-is-layout-flow\" style=\"flex-basis:66.66%\">\n<p>Ennek az ipari sz\u0171r\u0151nek a m\u0171k\u00f6d\u00e9se egyszer\u0171: a szennyezett leveg\u0151t a forr\u00e1sn\u00e1l gy\u0171jtik \u00f6ssze <strong>egy flexibilis cs\u0151, egy l\u00e9gcsatorna, egy elsz\u00edv\u00f3kar vagy egy elsz\u00edv\u00f3erny\u0151<\/strong> seg\u00edts\u00e9g\u00e9vel. A rendszer 2 vagy 3 sz\u0171r\u0151fokozattal van felszerelve. A r\u00e9szecsk\u00e9ket \u00e9s a port az els\u0151 2 konfigur\u00e1lhat\u00f3 sz\u0171r\u0151fokozat (G3-t\u00f3l F7-ig konfigur\u00e1lhat\u00f3 el\u0151sz\u0171r\u0151) \u00e9s egy f\u0151sz\u0171r\u0151 (F8-t\u00f3l HEPA H14 abszol\u00fat sz\u0171r\u00e9sig konfigur\u00e1lhat\u00f3) tartja vissza. <\/p>\n\n\n\n<p>A <strong><a href=\"https:\/\/obera.fr\/hu\/produits\/traitement-cov\/\" data-type=\"URL\" data-id=\"https:\/\/obera.fr\/produits\/traitement-cov\/\">g\u00e1znem\u0171 szennyez\u0151 anyagokat, a szagokat \u00e9s a VOC-kat<\/a><\/strong> akt\u00edv szenes v\u00e9gleges sz\u0171r\u0151 kezeli. A megtiszt\u00edtott leveg\u0151 ezut\u00e1n a k\u00e9sz\u00fcl\u00e9k alj\u00e1n kereszt\u00fcl visszaker\u00fcl a munkater\u00fcletre. Az els\u0151 k\u00e9t sz\u0171r\u0151fokozat (el\u0151sz\u0171r\u0151 \u00e9s f\u0151sz\u0171r\u0151) elt\u00f6m\u0151d\u00e9s\u00e9t nyom\u00e1ses\u00e9s m\u00e9r\u00e9s\u00e9vel ellen\u0151rzik.<\/p>\n\n\n\n<p>Amikor az elt\u00f6m\u0151d\u00e9s szintje meghaladja a meghat\u00e1rozott k\u00fcsz\u00f6b\u00e9rt\u00e9ket (nyom\u00e1ses\u00e9s), egy piros riaszt\u00f3f\u00e9ny gyullad ki, jelezve a sz\u0171r\u0151anyagok cser\u00e9j\u00e9nek sz\u00fcks\u00e9gess\u00e9g\u00e9t. Ez az ipari sz\u0171r\u0151rendszer egy <strong>nagy hat\u00e1sfok\u00fa, elektronikusan kommut\u00e1lt ventil\u00e1torral<\/strong> van felszerelve, amely lehet\u0151v\u00e9 teszi a l\u00e9g\u00e1raml\u00e1s 0-t\u00f3l 100%-ig t\u00f6rt\u00e9n\u0151 szab\u00e1lyoz\u00e1s\u00e1t.<\/p>\n\n\n\n<hr class=\"wp-block-separator has-css-opacity is-style-dots\"\/>\n\n\n\n<div class=\"wp-block-columns is-layout-flex wp-container-core-columns-is-layout-28f84493 wp-block-columns-is-layout-flex\">\n<div class=\"wp-block-column is-layout-flow wp-block-column-is-layout-flow\" style=\"flex-basis:33.33%\">\n<div class=\"wp-block-buttons is-layout-flex wp-block-buttons-is-layout-flex\">\n<div class=\"wp-block-button\"><a class=\"wp-block-button__link wp-element-button\" href=\"https:\/\/obera.fr\/wp-content\/uploads\/2025\/04\/brochure-epur-10-bca.pdf\">A BROS\u00daRA LET\u00d6LT\u00c9SE<\/a><\/div>\n<\/div>\n<\/div>\n\n\n\n<div class=\"wp-block-column is-layout-flow wp-block-column-is-layout-flow\" style=\"flex-basis:33.34%\">\n<div class=\"wp-block-buttons is-horizontal is-content-justification-center is-layout-flex wp-container-core-buttons-is-layout-03627597 wp-block-buttons-is-layout-flex\">\n<div class=\"wp-block-button\"><a class=\"wp-block-button__link wp-element-button\" href=\"https:\/\/obera.fr\/contact\/\">Tudjon meg t\u00f6bbet<\/a><\/div>\n<\/div>\n<\/div>\n\n\n\n<div class=\"wp-block-column is-layout-flow wp-block-column-is-layout-flow\" style=\"flex-basis:33.34%\">\n<div class=\"wp-block-buttons is-content-justification-center is-layout-flex wp-container-core-buttons-is-layout-a89b3969 wp-block-buttons-is-layout-flex\">\n<div class=\"wp-block-button btn-devis-source\"><a class=\"wp-block-button__link wp-element-button\" href=\"https:\/\/obera.fr\/hu\/devis\/\">K\u00e9rjen \u00e1raj\u00e1nlatot<\/a><\/div>\n<\/div>\n\n\n<script>\r\ndocument.addEventListener('DOMContentLoaded', function() {\r\n    \/\/ 1. On cherche le titre H1 de la page\r\n    var h1 = document.querySelector('h1');\r\n    var productTitle = h1 ? h1.innerText.trim() : \"\";\r\n\r\n    \/\/ 2. On cherche les boutons via la classe CSS .btn-devis-source\r\n    var buttons = document.querySelectorAll('.btn-devis-source a');\r\n\r\n    \/\/ 3. Si on a le titre et les boutons, on ajoute le param\u00e8tre\r\n    if (buttons.length > 0 && productTitle !== \"\") {\r\n        var encodedTitle = encodeURIComponent(productTitle);\r\n\r\n        buttons.forEach(function(btn) {\r\n            var currentHref = btn.getAttribute('href');\r\n            \r\n            \/\/ S\u00e9curit\u00e9 pour ne pas ajouter le param\u00e8tre 2 fois\r\n            if (currentHref.indexOf('sujet=') === -1) {\r\n                var separator = currentHref.indexOf('?') !== -1 ? '&' : '?';\r\n                var newLink = currentHref + separator + 'sujet=' + encodedTitle;\r\n                \r\n                btn.setAttribute('href', newLink);\r\n            }\r\n        });\r\n    }\r\n});\r\n<\/script><\/div>\n<\/div>\n<\/div>\n<\/div>\n\n<h2 class=\"wp-block-heading\" id=\"quels-polluants-traiter-avec-notre-filtre-industriel-anti-poussiere-odeurs-et-cov\">Mely szennyez\u0151 anyagok kezelhet\u0151k ipari por-, szag- \u00e9s VOC-sz\u0171r\u0151inkkel?<\/h2>\n\n<p>Az ePUR010 B CA-t kifejezetten a <strong>por, a szagok, a f\u00fcst, a VOC-k \u00e9s m\u00e1s g\u00e1znem\u0171 szennyez\u0151 anyagok kombin\u00e1lt kezel\u00e9s\u00e9re<\/strong> tervezt\u00e9k.<\/p>\n\n<blockquote class=\"wp-block-quote is-layout-flow wp-block-quote-is-layout-flow\">\n<p>Olvassa el tov\u00e1bb\u00e1: <a href=\"https:\/\/obera.fr\/hu\/a-mi-tanacsunk\/traitement-odeurs-industrielles\/\" data-type=\"post\" data-id=\"8636\">Hogyan kezelhet\u0151k az ipari szagok \u00e9s a VOC-ok<\/a>?<\/p>\n<\/blockquote>\n\n<h2 class=\"wp-block-heading\" id=\"pour-quelles-utilisations-est-prevu-notre-appareil-de-filtration-anti-poussiere-odeurs-et-cov\">Mire tervezt\u00e9k por-, szag- \u00e9s VOC-sz\u0171r\u0151 egys\u00e9geinket?<\/h2>\n\n<p>T\u00f6k\u00e9letesen alkalmas <strong>minden ipar\u00e1g sz\u00e1m\u00e1ra<\/strong>, \u00e9s m\u00e1r bizony\u00edtott az <strong>elektronikai<\/strong> iparban, a <strong>b\u0151riparban<\/strong>, a <strong>luxus-<\/strong> \u00e9s ruhaiparban, a <strong>kozmetikai<\/strong> iparban, az <strong>\u00e9kszeriparban<\/strong> \u00e9s az <strong>\u00e9kszerk\u00e9sz\u00edt\u00e9s<\/strong> ter\u00fclet\u00e9n, a <strong>laborat\u00f3riumokban<\/strong>, az <strong>oktat\u00e1si<\/strong> szektorban, a <strong>m\u00fazeumokban<\/strong> \u00e9s <strong>m\u0171t\u00e1rgy-restaur\u00e1l\u00f3 m\u0171helyekben<\/strong>, valamint az ipar\u00e1gakban az al\u00e1bbi folyamatokhoz:<\/p>\n\n<ul class=\"wp-block-list\">\n<li>L\u00e9zer f\u00fcst<\/li>\n\n\n\n<li>Ragaszt\u00e1s<\/li>\n\n\n\n<li>Megnyit\u00e1s<\/li>\n\n\n\n<li>Old\u00f3szeres tiszt\u00edt\u00e1s<\/li>\n\n\n\n<li>Stripping<\/li>\n\n\n\n<li>Pol\u00edroz\u00e1s<\/li>\n\n\n\n<li>Elt\u00e1vol\u00edt\u00e1s, stb&#8230;<\/li>\n<\/ul>\n\n<div class=\"wp-block-columns is-layout-flex wp-container-core-columns-is-layout-28f84493 wp-block-columns-is-layout-flex\">\n<div class=\"wp-block-column is-layout-flow wp-block-column-is-layout-flow\">\n<h3 class=\"wp-block-heading has-text-align-center\" id=\"polluants\">Szennyez\u0151 anyagok<\/h3>\n\n\n\n<hr class=\"wp-block-separator has-css-opacity is-style-wide\"\/>\n\n\n\n<div class=\"wp-block-columns is-layout-flex wp-container-core-columns-is-layout-28f84493 wp-block-columns-is-layout-flex\">\n<div class=\"wp-block-column is-layout-flow wp-block-column-is-layout-flow\">\n<figure class=\"wp-block-image aligncenter size-large\"><img decoding=\"async\" width=\"70\" height=\"70\" src=\"https:\/\/obera.fr\/wp-content\/uploads\/2020\/08\/polluants-poussieres.jpg\" alt=\"Szennyez&#x151; anyagok Por\" class=\"wp-image-675\"\/><figcaption class=\"wp-element-caption\">Vegyi por<\/figcaption><\/figure>\n\n\n\n<figure class=\"wp-block-image aligncenter size-large\"><img decoding=\"async\" width=\"70\" height=\"70\" src=\"https:\/\/obera.fr\/wp-content\/uploads\/2020\/08\/industrie-fumees.jpg\" alt=\"Ipari f&#xFC;st\" class=\"wp-image-722\"\/><figcaption class=\"wp-element-caption\">G\u0151z\u00f6k<\/figcaption><\/figure>\n<\/div>\n\n\n\n<div class=\"wp-block-column is-layout-flow wp-block-column-is-layout-flow\">\n<figure class=\"wp-block-image aligncenter size-large\"><img decoding=\"async\" width=\"70\" height=\"70\" src=\"https:\/\/obera.fr\/wp-content\/uploads\/2020\/10\/industrie-aerosols.jpg\" alt=\"Ipari aeroszolok\" class=\"wp-image-1201\"\/><figcaption class=\"wp-element-caption\">VOCS<\/figcaption><\/figure>\n\n\n\n<figure class=\"wp-block-image aligncenter size-large\"><img decoding=\"async\" width=\"70\" height=\"70\" src=\"https:\/\/obera.fr\/wp-content\/uploads\/2020\/08\/industrie-odeur.jpg\" alt=\"Ipari szag\" class=\"wp-image-723\"\/><figcaption class=\"wp-element-caption\">Szagok<\/figcaption><\/figure>\n<\/div>\n<\/div>\n<\/div>\n\n\n\n<div class=\"wp-block-column is-layout-flow wp-block-column-is-layout-flow\">\n<h3 class=\"wp-block-heading has-text-align-center\" id=\"industries\">Ipar\u00e1gak<\/h3>\n\n\n\n<hr class=\"wp-block-separator has-css-opacity is-style-wide\"\/>\n\n\n\n<div class=\"wp-block-columns is-layout-flex wp-container-core-columns-is-layout-28f84493 wp-block-columns-is-layout-flex\">\n<div class=\"wp-block-column is-layout-flow wp-block-column-is-layout-flow\">\n<figure class=\"wp-block-image aligncenter size-large\"><img decoding=\"async\" width=\"70\" height=\"70\" src=\"https:\/\/obera.fr\/wp-content\/uploads\/2020\/08\/industrie-metallurgie.jpg\" alt=\"Koh&#xE1;szati ipar\" class=\"wp-image-673\"\/><figcaption class=\"wp-element-caption\">Koh\u00e1szat<\/figcaption><\/figure>\n\n\n\n<figure class=\"wp-block-image aligncenter size-large\"><img decoding=\"async\" width=\"70\" height=\"70\" src=\"https:\/\/obera.fr\/wp-content\/uploads\/2020\/08\/industrie-bois.jpg\" alt=\"Faipar\" class=\"wp-image-672\"\/><figcaption class=\"wp-element-caption\">Famegmunk\u00e1l\u00e1s<\/figcaption><\/figure>\n<\/div>\n\n\n\n<div class=\"wp-block-column is-layout-flow wp-block-column-is-layout-flow\">\n<figure class=\"wp-block-image aligncenter size-large\"><img decoding=\"async\" width=\"70\" height=\"70\" src=\"https:\/\/obera.fr\/wp-content\/uploads\/2020\/08\/industrie-chimie.jpg\" alt=\"Vegyipar\" class=\"wp-image-725\"\/><figcaption class=\"wp-element-caption\">Vegyszerek\/petrok\u00e9miai anyagok<\/figcaption><\/figure>\n<\/div>\n<\/div>\n<\/div>\n<\/div>\n\n<h2 class=\"wp-block-heading\" id=\"quelles-sont-les-caracteristiques-de-notre-filtre-anti-poussiere-odeurs-et-cov-industriel\">Milyen tulajdons\u00e1gokkal rendelkezik az ipari por-, szag- \u00e9s VOC-sz\u0171r\u0151nk?<\/h2>\n\n<p>Ipari <strong>por-, szag- \u00e9s VOC-sz\u0171r\u0151nk<\/strong> \u00fagy van kialak\u00edtva, hogy j\u00f3 sz\u00edv\u00f3teljes\u00edtm\u00e9nyt biztos\u00edtson, lehet\u0151v\u00e9 t\u00e9ve ak\u00e1r 1000 m3\/h kezel\u00e9s\u00e9t kar n\u00e9lk\u00fcl, \u00e9s 150 m3\/h kezel\u00e9s\u00e9t karral. M\u0171k\u00f6d\u00e9s k\u00f6zbeni zajszintje k\u00fcl\u00f6n\u00f6sen alacsony (63 dB).<\/p>\n\n<p>Egy el\u0151sz\u0171r\u0151 fokozatb\u00f3l \u00e9s k\u00e9t sz\u0171r\u0151fokozatb\u00f3l \u00e1ll (1 f\u0151 porfilter + 1 f\u0151 akt\u00edv sz\u00e9n filter). A r\u00e9szecskesz\u0171r\u0151 anyagok tel\u00edt\u0151d\u0151 sz\u0171r\u0151k, ez\u00e9rt tel\u00edt\u0151d\u00e9s eset\u00e9n cser\u00e9lni kell \u0151ket. Ha a por mennyis\u00e9ge t\u00fal nagy, ez a t\u00edpus\u00fa sz\u0171r\u0151anyag alkalmatlannak bizonyulhat, ez\u00e9rt olyan porelsz\u00edv\u00f3 modellt kell v\u00e1lasztani, amely tiszt\u00edt\u00f3rendszerrel \u00e9s regener\u00e1lhat\u00f3 sz\u0171r\u0151anyagokkal rendelkezik.<\/p>\n\n<p>A k\u00e9sz\u00fcl\u00e9k lehets\u00e9ges sz\u0171r\u0151konfigur\u00e1ci\u00f3i a k\u00f6vetkez\u0151k:<\/p>\n\n<div class=\"wp-block-columns is-layout-flex wp-container-core-columns-is-layout-28f84493 wp-block-columns-is-layout-flex\">\n<div class=\"wp-block-column is-layout-flow wp-block-column-is-layout-flow\">\n<h3 class=\"wp-block-heading\" id=\"prefiltration\">El\u0151sz\u0171r\u00e9s<\/h3>\n\n\n\n<ul class=\"wp-block-list\">\n<li><strong>ISO durva 50%-os l\u00e9gsz\u0171r\u0151<\/strong> (kor\u00e1bbi sz\u0171r\u00e9si oszt\u00e1ly G3) moshat\u00f3 f\u00e9mh\u00e1l\u00f3s alum\u00ednium vagy ac\u00e9l, k\u00fcl\u00f6n\u00f6sen alkalmas olajok, zs\u00edrok \u00e9s ragad\u00f3s porok, illetve szikr\u00e1k lev\u00e1laszt\u00e1s\u00e1ra.<\/li>\n\n\n\n<li><strong>ISO Coarse 90% \u00e9s ISO PM10 85% l\u00e9gsz\u0171r\u0151<\/strong> (kor\u00e1bbi G4, M5 \u00e9s F7 sz\u0171r\u0151oszt\u00e1ly hat\u00e9konys\u00e1g) sz\u0171r\u0151 \u00e9s keret poli\u00e9szter sz\u00e1lakb\u00f3l. Ezek a l\u00e9gsz\u0171r\u0151k lehet\u0151v\u00e9 teszik a por, valamint a finom \u00e9s durva r\u00e9szecsk\u00e9k elv\u00e1laszt\u00e1s\u00e1t, ez\u00e1ltal v\u00e9dve a k\u00f6vetkez\u0151 fokozatok sz\u0171r\u0151it.<\/li>\n<\/ul>\n<\/div>\n\n\n\n<div class=\"wp-block-column is-layout-flow wp-block-column-is-layout-flow\">\n<h3 class=\"wp-block-heading\" id=\"filtre-principal-1\">F\u0151 sz\u0171r\u0151 1<\/h3>\n\n\n\n<ul class=\"wp-block-list\">\n<li><strong>L\u00e9gsz\u0171r\u0151 ISO PM1 65% \u00e9s ISO PM1 85% k\u00f6z\u00f6tt<\/strong> (kor\u00e1bbi F8 \u00e9s F9 sz\u0171r\u00e9si oszt\u00e1ly) 100% poli\u00e9szter sz\u0171r\u0151, teljesen \u00fajrahasznos\u00edthat\u00f3, a hat\u00e9kony sz\u0171r\u00e9s \u00e9rdek\u00e9ben, \u00fcvegsz\u00e1lak esetleges felszabadul\u00e1sa n\u00e9lk\u00fcl.<\/li>\n\n\n\n<li><strong>Nagy hat\u00e9konys\u00e1g\u00fa l\u00e9gsz\u0171r\u0151<\/strong> (HEPA E11-t\u0151l H14-ig terjed\u0151 abszol\u00fat sz\u0171r\u0151 hat\u00e9konys\u00e1g) az ultrafinom r\u00e9szecsk\u00e9k \u00e9s esetlegesen a CMR porok hat\u00e9kony sz\u0171r\u00e9s\u00e9hez. Az E11 sz\u0171r\u0151k nagyon alacsony nyom\u00e1ses\u00e9ssel rendelkeznek, \u00e9s 100% poli\u00e9szterb\u0151l k\u00e9sz\u00fclnek, hogy \u00fcvegsz\u00e1l-r\u00e9szecsk\u00e9k kibocs\u00e1t\u00e1sa n\u00e9lk\u00fcl garant\u00e1lj\u00e1k az eg\u00e9szs\u00e9ges leveg\u0151t. E11 felett az abszol\u00fat sz\u0171r\u0151k \u00fcvegsz\u00e1lb\u00f3l k\u00e9sz\u00fclnek.<\/li>\n<\/ul>\n\n\n\n<h3 class=\"wp-block-heading\" id=\"filtre-principal-2\">F\u0151 sz\u0171r\u0151 2<\/h3>\n\n\n\n<ul class=\"wp-block-list\">\n<li>Sz\u00e9les v\u00e1laszt\u00e9kban kaphat\u00f3k <strong>nagy hat\u00e9konys\u00e1g\u00fa adszorbensek<\/strong> a VOC-k, szagok \u00e9s egy\u00e9b g\u00e1znem\u0171 szennyez\u0151 anyagok sz\u00e9les sk\u00e1l\u00e1j\u00e1nak kezel\u00e9s\u00e9re. Lehet\u0151s\u00e9g van 6,5 kg-t\u00f3l 15 kg-ig terjed\u0151 akt\u00edv sz\u00e9n t\u00f6ltet haszn\u00e1lat\u00e1ra. A patronok \u00fajrafelhaszn\u00e1lhat\u00f3k \u00e9s \u00fajrahasznos\u00edthat\u00f3k.<\/li>\n<\/ul>\n<\/div>\n<\/div>\n\n<p>Az el\u0151sz\u0171r\u0151 fokozat lehet\u0151v\u00e9 teszi a durva r\u00e9szecsk\u00e9k elv\u00e1laszt\u00e1s\u00e1t, \u00e9s ez\u00e1ltal v\u00e9di az akt\u00edv szenes f\u0151sz\u0171r\u0151t. V\u00e1lassza ki \u00d6n az akt\u00edv sz\u00e9n t\u00edpus\u00e1t a kezelend\u0151 szennyez\u0151 anyagok szerint az optim\u00e1lis hat\u00e9konys\u00e1g \u00e9rdek\u00e9ben. A k\u00e9sz\u00fcl\u00e9k g\u00f6rg\u0151k\u00f6n \u00e1ll \u00e9s mind\u00f6ssze 20 kg s\u00faly\u00fa, j\u00f3 man\u0151verezhet\u0151s\u00e9get biztos\u00edtva.<\/p>\n\n<p>Az ePUR 10 B CA por-, szag- \u00e9s VOC-sz\u0171r\u0151 egy <strong>k\u00f6nny\u0171<\/strong> (teljes eg\u00e9sz\u00e9ben alum\u00edniumb\u00f3l k\u00e9sz\u00fclt), mobil (kerekeken gurul\u00f3) <strong>ipari rendszer<\/strong>, amely k\u00f6nnyen elhelyezhet\u0151 a termel\u0151eszk\u00f6z\u00f6kh\u00f6z a lehet\u0151 legk\u00f6zelebb, hogy a szennyez\u0151 anyagokat a forr\u00e1sn\u00e1l felfogja, \u00e9s \u00edgy a lehet\u0151 legk\u00f6zelebb tiszt\u00edtsa a leveg\u0151t a kezel\u0151h\u00f6z.<\/p>\n\n<figure class=\"wp-block-table\"><table class=\"has-fixed-layout\"><thead><tr><th>Eszk\u00f6z<\/th><th><\/th><th>ePUR010B CA<br\/>Karral<\/th><th>ePUR010B CA<br\/>Kar n\u00e9lk\u00fcl<\/th><\/tr><\/thead><tbody><tr><td>Flow<\/td><td>m3\/h<\/td><td>150<\/td><td>1 000<\/td><\/tr><tr><td>T\u00e1mogat\u00e1s intenzit\u00e1sa<\/td><td>A<\/td><td>0.7<\/td><td>0.7<\/td><\/tr><tr><td>T\u00e1pfesz\u00fclts\u00e9g<\/td><td>V<\/td><td>230<\/td><td>230<\/td><\/tr><tr><td>Teljes\u00edtm\u00e9ny<\/td><td>kW<\/td><td>0.08<\/td><td>0.08<\/td><\/tr><tr><td>M\u00e9retek<\/td><td>l\/L\/h (mm)<\/td><td>660 x 370 x 780 mm<\/td><td>660 x 370 x 780 mm<\/td><\/tr><tr><td>Akt\u00edvsz\u00e9n t\u00f6ltet<\/td><td>kg<\/td><td>7.5<\/td><td>7.5<\/td><\/tr><tr><td>Zajszint<\/td><td>dB(A)<\/td><td>63<\/td><td>63<\/td><\/tr><\/tbody><\/table><\/figure>\n\n<div class=\"wp-block-buttons is-horizontal is-content-justification-center is-layout-flex wp-container-core-buttons-is-layout-03627597 wp-block-buttons-is-layout-flex\">\n<div class=\"wp-block-button\"><a class=\"wp-block-button__link wp-element-button\" href=\"https:\/\/obera.fr\/wp-content\/uploads\/2024\/02\/brochure-epur-10-bca.pdf\">t\u00e9l\u00e9charger la fiche produit<\/a><\/div>\n<\/div>\n\n<h2 class=\"wp-block-heading\" id=\"quels-sont-les-avantages-de-notre-filtre-anti-poussiere-odeurs-et-cov-industriel\">Milyen el\u0151nyei vannak az ipari por-, szag- \u00e9s VOC-sz\u0171r\u0151inknek?<\/h2>\n\n<p>Ezek a sz\u0171r\u0151rendszerek jelent\u0151sen jav\u00edtj\u00e1k a leveg\u0151 min\u0151s\u00e9g\u00e9t a munkahelyeken, ez\u00e1ltal cs\u00f6kkentve a munkav\u00e1llal\u00f3k expoz\u00edci\u00f3s kock\u00e1zatait. Tov\u00e1bbi el\u0151ny a <strong>gy\u00e1rt\u00f3g\u00e9pek v\u00e9delme<\/strong>, ami <strong>kevesebb meghib\u00e1sod\u00e1shoz<\/strong> vezet, \u00e9s \u00edgy n\u00f6veli \u00e9lettartamukat. <\/p>\n\n<blockquote class=\"wp-block-quote is-layout-flow wp-block-quote-is-layout-flow\">\n<p>Ezek a l\u00e9gkezel\u0151 rendszerek <strong>k\u00fcl\u00f6n\u00f6sen csendesek<\/strong>, \u00edgy k\u00f6zvetlen\u00fcl a munkater\u00fcletre telep\u00edthet\u0151k.  <\/p>\n<\/blockquote>\n\n<p>Az el\u0151sz\u0171r\u0151 v\u00e9di az akt\u00edv szenes f\u0151sz\u0171r\u0151t a durva r\u00e9szecsk\u00e9kt\u0151l, ez\u00e1ltal biztos\u00edtva annak hossz\u00fa \u00e9lettartam\u00e1t. A sz\u0171r\u0151k cser\u00e9je nagyon gyorsan \u00e9s egyszer\u0171en elv\u00e9gezhet\u0151 egyetlen imbuszkulcs seg\u00edts\u00e9g\u00e9vel. G\u00f6rg\u0151i \u00e9s 20 kg-os s\u00falya nagyon k\u00f6nnyen kezelhet\u0151v\u00e9 teszik. Szab\u00e1lyoz\u00e1si szempontb\u00f3l k\u00e9sz\u00fcl\u00e9keink lehet\u0151v\u00e9 teszik a foglalkoz\u00e1si expoz\u00edci\u00f3s hat\u00e1r\u00e9rt\u00e9kek (<a href=\"https:\/\/obera.fr\/hu\/a-mi-tanacsunk\/reglementation-vlep-evaluation-risque-chimique-lieu-de-travail\/\" data-type=\"post\" data-id=\"6575\">VLEP<\/a>) betart\u00e1s\u00e1t, \u00e9s ez\u00e1ltal <a href=\"https:\/\/obera.fr\/hu\/a-mi-tanacsunk\/qualite-l-air-interieur-critere-essentiel-industrie\/\" data-type=\"post\" data-id=\"5884\">jav\u00edtj\u00e1k a leveg\u0151 min\u0151s\u00e9g\u00e9t<\/a>.<\/p>\n\n<div class=\"wp-block-columns is-layout-flex wp-container-core-columns-is-layout-28f84493 wp-block-columns-is-layout-flex\">\n<div class=\"wp-block-column is-layout-flow wp-block-column-is-layout-flow\">\n<h3 class=\"wp-block-heading has-text-align-center\" id=\"avantages\">El\u0151ny\u00f6k<\/h3>\n\n\n\n<ul class=\"wp-block-list\">\n<li>Plug &amp; Play: csatlakoztatja az \u00e1ramforr\u00e1shoz, \u00e9s m\u00e1r k\u00e9sz is.<\/li>\n\n\n\n<li>Er\u0151s \u00e9s csendes<\/li>\n\n\n\n<li>Nincs sz\u00fcks\u00e9g \u00f6sszeszerel\u00e9sre vagy elsz\u00edv\u00f3cs\u00f6vekre<\/li>\n\n\n\n<li>G\u00f6rg\u0151inek k\u00f6sz\u00f6nhet\u0151en k\u00f6nnyen mozgathat\u00f3ra tervezve<\/li>\n\n\n\n<li>Nagyon alacsony fogyaszt\u00e1s (kevesebbet fogyasztanak, mint egy h\u00e1ztart\u00e1si porsz\u00edv\u00f3).<\/li>\n<\/ul>\n<\/div>\n\n\n\n<div class=\"wp-block-column is-layout-flow wp-block-column-is-layout-flow\">\n<h3 class=\"wp-block-heading has-text-align-center\" id=\"particularites\">K\u00fcl\u00f6nleges jellemz\u0151k<\/h3>\n\n\n\n<ul class=\"wp-block-list\">\n<li>A kezelend\u0151 szennyez\u0151 anyagok szerint kiv\u00e1lasztott akt\u00edv sz\u00e9nnel t\u00f6lt\u00f6tt patronok.<\/li>\n\n\n\n<li>\u00dajrafelhaszn\u00e1lhat\u00f3 \u00e9s \u00fajrahasznos\u00edthat\u00f3 patronok<\/li>\n\n\n\n<li>V\u00e9gezze el \u00d6n a sz\u0171r\u0151anyagok cser\u00e9j\u00e9t 5 perc alatt \u00e9s egyetlen imbuszkulcs seg\u00edts\u00e9g\u00e9vel.<\/li>\n\n\n\n<li>Standard 220V-os aljzathoz csatlakoztathat\u00f3<\/li>\n<\/ul>\n<\/div>\n\n\n\n<div class=\"wp-block-column is-layout-flow wp-block-column-is-layout-flow\">\n<h3 class=\"wp-block-heading has-text-align-center\" id=\"caracteristiques\">Jellemz\u0151k<\/h3>\n\n\n\n<ul class=\"wp-block-list\">\n<li>Jelent\u0151sen jav\u00edtja a leveg\u0151 min\u0151s\u00e9g\u00e9t a gy\u00e1rt\u00f3m\u0171helyekben a megl\u00e9v\u0151 rendszerek kieg\u00e9sz\u00edt\u00e9s\u00e9vel<\/li>\n\n\n\n<li>A szennyez\u0151 anyagokat a forr\u00e1sn\u00e1l fogja fel<\/li>\n\n\n\n<li>Felszerelhet\u0151 k\u00fcl\u00f6nb\u00f6z\u0151 motorh\u00e1ztet\u0151kkel vagy modul\u00e1ris motorh\u00e1ztet\u0151kkel<\/li>\n<\/ul>\n<\/div>\n<\/div>\n\n<div class=\"wp-block-buttons is-horizontal is-content-justification-center is-layout-flex wp-container-core-buttons-is-layout-03627597 wp-block-buttons-is-layout-flex\">\n<div class=\"wp-block-button\"><a class=\"wp-block-button__link wp-element-button\" href=\"https:\/\/obera.fr\/contact\/\">Tudjon meg t\u00f6bbet<\/a><\/div>\n<\/div>\n\n<h2 class=\"wp-block-heading\" id=\"les-autres-produits-de-traitement-des-polluants-gazeux-obera\">Az oberA egy\u00e9b g\u00e1znem\u0171 szennyez\u0151anyag-kezel\u0151 term\u00e9kei<\/h2>\n\n<div class=\"wp-block-columns is-layout-flex wp-container-core-columns-is-layout-28f84493 wp-block-columns-is-layout-flex\">\n<div class=\"wp-block-column is-layout-flow wp-block-column-is-layout-flow\">\n<figure class=\"wp-block-image aligncenter size-medium is-resized\"><a href=\"https:\/\/obera.fr\/hu\/produits\/traitement-cov\/aspiration-mobile-odeurs-epur-box\/\"><img decoding=\"async\" width=\"300\" height=\"300\" src=\"https:\/\/obera.fr\/wp-content\/uploads\/2025\/10\/visuel-epurbox-brs-logo-atex-300x300.png\" alt=\"epurbox brs atex log&#xF3; vizu&#xE1;l\" class=\"wp-image-130378\" srcset=\"https:\/\/obera.fr\/wp-content\/uploads\/2025\/10\/visuel-epurbox-brs-logo-atex-300x300.png 300w, https:\/\/obera.fr\/wp-content\/uploads\/2025\/10\/visuel-epurbox-brs-logo-atex-1024x1024.png 1024w, https:\/\/obera.fr\/wp-content\/uploads\/2025\/10\/visuel-epurbox-brs-logo-atex-150x150.png 150w, https:\/\/obera.fr\/wp-content\/uploads\/2025\/10\/visuel-epurbox-brs-logo-atex-768x768.png 768w, https:\/\/obera.fr\/wp-content\/uploads\/2025\/10\/visuel-epurbox-brs-logo-atex.png 1200w\" sizes=\"(max-width: 300px) 100vw, 300px\" \/><\/a><figcaption class=\"wp-element-caption\">ePUR BOX<\/figcaption><\/figure>\n\n\n\n<figure class=\"wp-block-image aligncenter size-full is-resized\"><a href=\"https:\/\/obera.fr\/hu\/produits\/purificateurs-air\/professionnel-epur-ca\/\"><img decoding=\"async\" width=\"1200\" height=\"1200\" src=\"https:\/\/obera.fr\/wp-content\/uploads\/2025\/10\/epur-b-ca.png\" alt=\"epur b ca\" class=\"wp-image-130721\" srcset=\"https:\/\/obera.fr\/wp-content\/uploads\/2025\/10\/epur-b-ca.png 1200w, https:\/\/obera.fr\/wp-content\/uploads\/2025\/10\/epur-b-ca-300x300.png 300w, https:\/\/obera.fr\/wp-content\/uploads\/2025\/10\/epur-b-ca-1024x1024.png 1024w, https:\/\/obera.fr\/wp-content\/uploads\/2025\/10\/epur-b-ca-150x150.png 150w, https:\/\/obera.fr\/wp-content\/uploads\/2025\/10\/epur-b-ca-768x768.png 768w\" sizes=\"(max-width: 1200px) 100vw, 1200px\" \/><\/a><figcaption class=\"wp-element-caption\">ePUR CA<\/figcaption><\/figure>\n<\/div>\n\n\n\n<div class=\"wp-block-column is-layout-flow wp-block-column-is-layout-flow\">\n<figure class=\"wp-block-image aligncenter size-full is-resized\"><a href=\"https:\/\/obera.fr\/hu\/produits\/depoussiereurs-industriels\/petits\/aspiration-fumees-soudage-laser-epur-b-ex\/\"><img decoding=\"async\" width=\"600\" height=\"600\" src=\"https:\/\/obera.fr\/wp-content\/uploads\/2023\/10\/epurb-ex-1000-3000-5000.png\" alt=\"oberA epur b ex 1000 3000 5000\" class=\"wp-image-25016\" srcset=\"https:\/\/obera.fr\/wp-content\/uploads\/2023\/10\/epurb-ex-1000-3000-5000.png 600w, https:\/\/obera.fr\/wp-content\/uploads\/2023\/10\/epurb-ex-1000-3000-5000-300x300.png 300w, https:\/\/obera.fr\/wp-content\/uploads\/2023\/10\/epurb-ex-1000-3000-5000-150x150.png 150w\" sizes=\"(max-width: 600px) 100vw, 600px\" \/><\/a><figcaption class=\"wp-element-caption\">ePUR B EX<\/figcaption><\/figure>\n<\/div>\n\n\n\n<div class=\"wp-block-column is-layout-flow wp-block-column-is-layout-flow\">\n<figure class=\"wp-block-image aligncenter size-full is-resized\"><a href=\"https:\/\/obera.fr\/hu\/produits\/traitement-cov\/filtre-atex-mobile-mobfan-4500\/\"><img decoding=\"async\" width=\"500\" height=\"500\" src=\"https:\/\/obera.fr\/wp-content\/uploads\/2022\/03\/Filtre-mobile-ATEX-MOBFAN4500.png\" alt=\"atex mobil sz&#x171;r&#x151; mobfan4500\" class=\"wp-image-9464\" srcset=\"https:\/\/obera.fr\/wp-content\/uploads\/2022\/03\/Filtre-mobile-ATEX-MOBFAN4500.png 500w, https:\/\/obera.fr\/wp-content\/uploads\/2022\/03\/Filtre-mobile-ATEX-MOBFAN4500-300x300.png 300w, https:\/\/obera.fr\/wp-content\/uploads\/2022\/03\/Filtre-mobile-ATEX-MOBFAN4500-150x150.png 150w\" sizes=\"(max-width: 500px) 100vw, 500px\" \/><\/a><figcaption class=\"wp-element-caption\">MOBFAN 4500<\/figcaption><\/figure>\n<\/div>\n<\/div>\n\n<p><\/p>\n","protected":false},"excerpt":{"rendered":"<p>Az ePUR010 B CA ipari por- \u00e9s VOC-sz\u0171r\u0151nk egy mobil akt\u00edvszenes sz\u00edv\u00f3egys\u00e9g, amely k\u00e9pes a port, finom r\u00e9szecsk\u00e9ket \u00e9s g\u00e1znem\u0171 szennyez\u0151anyagokat tartalmaz\u00f3 l\u00e9g\u00e1ram kezel\u00e9s\u00e9re. Hogyan m\u0171k\u00f6dik a k\u00e9sz\u00fcl\u00e9k\u00fcnk? Ennek az ipari sz\u0171r\u0151nek a m\u0171k\u00f6d\u00e9se egyszer\u0171: a szennyezett leveg\u0151t a forr\u00e1sn\u00e1l gy\u0171jtik \u00f6ssze egy flexibilis cs\u0151, egy l\u00e9gcsatorna, egy elsz\u00edv\u00f3kar vagy egy elsz\u00edv\u00f3erny\u0151 seg\u00edts\u00e9g\u00e9vel. A rendszer 2 vagy 3 sz\u0171r\u0151fokozattal van felszerelve. A r\u00e9szecsk\u00e9ket \u00e9s a port az els\u0151 2 konfigur\u00e1lhat\u00f3 sz\u0171r\u0151fokozat (G3-t\u00f3l F7-ig konfigur\u00e1lhat\u00f3 el\u0151sz\u0171r\u0151) \u00e9s egy f\u0151sz\u0171r\u0151 (F8-t\u00f3l HEPA H14 abszol\u00fat sz\u0171r\u00e9sig konfigur\u00e1lhat\u00f3) tartja vissza. A g\u00e1znem\u0171 szennyez\u0151 anyagokat, a szagokat \u00e9s a VOC-kat akt\u00edv szenes v\u00e9gleges sz\u0171r\u0151 kezeli. &#8230; <\/p>\n<p class=\"read-more-container\"><a title=\"ePUR010 B CA ipari por-, szag- \u00e9s VOC-sz\u0171r\u0151\" class=\"read-more button\" href=\"https:\/\/obera.fr\/hu\/produits\/traitement-cov\/filtre-anti-poussiere-epur010-b-ca\/#more-67802\" aria-label=\"Read more about ePUR010 B CA ipari por-, szag- \u00e9s VOC-sz\u0171r\u0151\">Lire la suite<\/a><\/p>\n","protected":false},"author":4,"featured_media":83741,"parent":67799,"menu_order":0,"comment_status":"closed","ping_status":"closed","template":"","meta":{"_acf_changed":false,"_seopress_robots_primary_cat":"","_seopress_titles_title":"ePUR010 B CA ipari por-, szag- \u00e9s VOC-sz\u0171r\u0151","_seopress_titles_desc":"Az ePUR010 B CA ipari sz\u0171r\u0151 egy mobil akt\u00edvszenes sz\u00edv\u00f3egys\u00e9g, amely a port, finom r\u00e9szecsk\u00e9ket \u00e9s g\u00e1znem\u0171 szennyez\u0151anyagokat tartalmaz\u00f3 leveg\u0151t kezeli.","_seopress_robots_index":"","footnotes":""},"class_list":{"0":"post-67802","1":"page","2":"type-page","3":"status-publish","4":"has-post-thumbnail","6":"no-featured-image-padding","7":"resize-featured-image"},"acf":[],"_links":{"self":[{"href":"https:\/\/obera.fr\/hu\/wp-json\/wp\/v2\/pages\/67802","targetHints":{"allow":["GET"]}}],"collection":[{"href":"https:\/\/obera.fr\/hu\/wp-json\/wp\/v2\/pages"}],"about":[{"href":"https:\/\/obera.fr\/hu\/wp-json\/wp\/v2\/types\/page"}],"author":[{"embeddable":true,"href":"https:\/\/obera.fr\/hu\/wp-json\/wp\/v2\/users\/4"}],"replies":[{"embeddable":true,"href":"https:\/\/obera.fr\/hu\/wp-json\/wp\/v2\/comments?post=67802"}],"version-history":[{"count":6,"href":"https:\/\/obera.fr\/hu\/wp-json\/wp\/v2\/pages\/67802\/revisions"}],"predecessor-version":[{"id":136829,"href":"https:\/\/obera.fr\/hu\/wp-json\/wp\/v2\/pages\/67802\/revisions\/136829"}],"up":[{"embeddable":true,"href":"https:\/\/obera.fr\/hu\/wp-json\/wp\/v2\/pages\/67799"}],"wp:featuredmedia":[{"embeddable":true,"href":"https:\/\/obera.fr\/hu\/wp-json\/wp\/v2\/media\/83741"}],"wp:attachment":[{"href":"https:\/\/obera.fr\/hu\/wp-json\/wp\/v2\/media?parent=67802"}],"curies":[{"name":"wp","href":"https:\/\/api.w.org\/{rel}","templated":true}]}}