{"id":68661,"date":"2020-08-26T12:34:42","date_gmt":"2020-08-26T10:34:42","guid":{"rendered":"https:\/\/obera.fr\/fixes\/"},"modified":"2026-02-06T13:14:25","modified_gmt":"2026-02-06T11:14:25","slug":"fixes","status":"publish","type":"page","link":"https:\/\/obera.fr\/hu\/produits\/depoussiereurs-industriels\/fixes\/","title":{"rendered":"Fix porlev\u00e1laszt\u00f3k"},"content":{"rendered":"\n<p><strong>Fix porelsz\u00edv\u00f3ink<\/strong> egy sor nagy teljes\u00edtm\u00e9ny\u0171 berendez\u00e9s <strong>m\u0171helyei \u00e9s rakt\u00e1rcsarnokai<\/strong>, valamint fix munka\u00e1llom\u00e1sai <strong>portalan\u00edt\u00e1s\u00e1ra<\/strong>, k\u00f6zvetlen\u00fcl egy elsz\u00edv\u00f3 karon vagy elsz\u00edv\u00f3h\u00e1ztet\u0151n kereszt\u00fcl. Berendez\u00e9seink a <strong>finom por \u00e9s forg\u00e1cs<\/strong>, valamint az <strong>olajk\u00f6d\u00f6k<\/strong>, <strong>f\u00fcst\u00f6k<\/strong> \u00e9s <strong>szagok<\/strong> <strong>kezel\u00e9s\u00e9re<\/strong> alkalmasak az ipari \u00e1gazatok sz\u00e9les sk\u00e1l\u00e1j\u00e1n, bele\u00e9rtve a f\u00e9m-, m\u0171anyag-, fa-, \u00e1sv\u00e1nyi anyagokat, text\u00edli\u00e1kat, vegyi anyagokat \u00e9s pap\u00edrt\/kartont. <\/p>\n\n<blockquote class=\"wp-block-quote is-layout-flow wp-block-quote-is-layout-flow\">\n<p>A port \u00e9s m\u00e1s szennyez\u0151 anyagokat kezelni kell, mert <strong>vesz\u00e9lyt jelentenek az emberi szervezetre<\/strong>.<\/p>\n<\/blockquote>\n\n<p>A szennyezett leveg\u0151 bel\u00e9legz\u00e9se betegs\u00e9get okozhat, k\u00fcl\u00f6n\u00f6sen, ha a <strong>szennyez\u0151 anyagok r\u00e1kkelt\u0151ek<\/strong>, <strong>mutag\u00e9nek<\/strong> vagy <strong>reprotoxikusak<\/strong>. A szennyezett leveg\u0151 kezel\u00e9se elengedhetetlen a munkav\u00e1llal\u00f3k \u00e9s a termel\u0151csapatok v\u00e9delme \u00e9rdek\u00e9ben, de a gy\u00e1rtott term\u00e9kek min\u0151s\u00e9g\u00e9nek garant\u00e1l\u00e1sa \u00e9s term\u00e9szetesen a jogszab\u00e1lyoknak val\u00f3 megfelel\u00e9s \u00e9rdek\u00e9ben is. <\/p>\n\n\n<h2 class=\"wp-block-heading\">Kompakt, k\u00f6zponti, zs\u00e1kos vagy patronos sz\u00e1raz porlev\u00e1laszt\u00f3k vagy nedves porlev\u00e1laszt\u00f3k v\u00e1laszt\u00e9ka<\/h2>\n\n<div class=\"wp-block-group is-layout-flow wp-block-group-is-layout-flow\">\n<div class=\"wp-block-columns is-layout-flex wp-container-core-columns-is-layout-28f84493 wp-block-columns-is-layout-flex\">\n<div class=\"wp-block-column is-vertically-aligned-top is-layout-flow wp-block-column-is-layout-flow\">\n<h3 class=\"wp-block-heading has-text-align-center\"><strong><a href=\"https:\/\/obera.fr\/hu\/produits\/depoussiereurs-industriels\/fixes\/aspiration-centralisee-industrielle-dustmac\/\" data-type=\"URL\" data-id=\"https:\/\/obera.fr\/produits\/depoussiereurs-industriels\/fixes\/aspiration-centralisee-industrielle-dustmac\/\">DUSTMAC sorozat<\/a><\/strong><\/h3>\n\n\n\n<figure class=\"wp-block-image aligncenter size-medium\"><a href=\"https:\/\/obera.fr\/hu\/produits\/depoussiereurs-industriels\/fixes\/aspiration-centralisee-industrielle-dustmac\/\"><img decoding=\"async\" width=\"300\" height=\"300\" src=\"https:\/\/obera.fr\/wp-content\/uploads\/2020\/08\/depoussiereur-centralise-filtres-a-manches-DUSTMAC-S-300x300.png\" alt=\"Rendszer - Term&#xE9;ktervez&#xE9;s\" class=\"wp-image-637\" srcset=\"https:\/\/obera.fr\/wp-content\/uploads\/2020\/08\/depoussiereur-centralise-filtres-a-manches-DUSTMAC-S-300x300.png 300w, https:\/\/obera.fr\/wp-content\/uploads\/2020\/08\/depoussiereur-centralise-filtres-a-manches-DUSTMAC-S-150x150.png 150w, https:\/\/obera.fr\/wp-content\/uploads\/2020\/08\/depoussiereur-centralise-filtres-a-manches-DUSTMAC-S.png 600w\" sizes=\"(max-width: 300px) 100vw, 300px\" \/><\/a><\/figure>\n\n\n\n<p><strong>DUSTMAC S\u00e9ries<\/strong> egy <a href=\"https:\/\/obera.fr\/hu\/produits\/depoussiereurs-industriels\/fixes\/aspiration-centralisee-industrielle-dustmac\/\" data-type=\"page\" data-id=\"467\">k\u00f6zponti porelsz\u00edv\u00f3<\/a>, amely modul\u00e1ris kialak\u00edt\u00e1s\u00e1nak k\u00f6sz\u00f6nhet\u0151en sz\u00e9les k\u00f6r\u0171 alkalmaz\u00e1sokhoz haszn\u00e1lhat\u00f3. <strong>A konfigur\u00e1ci\u00f3s lehet\u0151s\u00e9gek szinte korl\u00e1tlanok<\/strong>, ami lehet\u0151v\u00e9 teszi az eszk\u00f6z teljes testreszab\u00e1s\u00e1t az \u00d6n probl\u00e9m\u00e1j\u00e1hoz az optim\u00e1lis hat\u00e9konys\u00e1g \u00e9rdek\u00e9ben. A sz\u0171r\u0151patronok tiszt\u00edt\u00e1sa automatikusan, s\u0171r\u00edtett leveg\u0151s f\u00fav\u00e1ssal (Jet-pulse) t\u00f6rt\u00e9nik. <\/p>\n\n\n\n<p>Ez a k\u00e9sz\u00fcl\u00e9k 3 term\u00e9kcsal\u00e1dban kaphat\u00f3: DUSTMAC P, DUSTMAC S \u00e9s DUSTMAC F.<\/p>\n\n\n\n<p><strong>A DUSTMAC-ok <\/strong>k\u00fcl\u00f6nb\u00f6z\u0151 M vagy H sz\u0171r\u00e9si oszt\u00e1lyokban kaphat\u00f3k a<strong> CMR vegy\u00fcletekhez <\/strong>, valamint <strong>ATEX por<\/strong> kivitelben.<\/p>\n<\/div>\n\n\n\n<div class=\"wp-block-column is-vertically-aligned-top is-layout-flow wp-block-column-is-layout-flow\">\n<h3 class=\"wp-block-heading has-text-align-center\"><strong><a href=\"https:\/\/obera.fr\/hu\/produits\/depoussiereurs-industriels\/fixes\/depoussiereur-a-voie-humide-dustomat-hydro\/\" data-type=\"page\" data-id=\"15983\">DUSTOMAT HYDRO<\/a><\/strong><\/h3>\n\n\n\n<figure class=\"wp-block-image aligncenter size-medium\"><a href=\"https:\/\/obera.fr\/hu\/produits\/depoussiereurs-industriels\/fixes\/depoussiereur-a-voie-humide-dustomat-hydro\/\"><img decoding=\"async\" width=\"300\" height=\"300\" src=\"https:\/\/obera.fr\/wp-content\/uploads\/2022\/11\/dustomat-hydro-1-300x300.png\" alt=\"dustomat hydro 1\" class=\"wp-image-15989\" srcset=\"https:\/\/obera.fr\/wp-content\/uploads\/2022\/11\/dustomat-hydro-1-300x300.png 300w, https:\/\/obera.fr\/wp-content\/uploads\/2022\/11\/dustomat-hydro-1-150x150.png 150w, https:\/\/obera.fr\/wp-content\/uploads\/2022\/11\/dustomat-hydro-1.png 600w\" sizes=\"(max-width: 300px) 100vw, 300px\" \/><\/a><\/figure>\n\n\n\n<p>A <strong>DUSTOMAT HYDRO<\/strong> a nagy teljes\u00edtm\u00e9ny\u0171 <a href=\"https:\/\/obera.fr\/hu\/produits\/depoussiereurs-industriels\/fixes\/depoussiereur-a-voie-humide-dustomat-hydro\/\" data-type=\"page\" data-id=\"15983\">nedves porlev\u00e1laszt\u00f3k<\/a> \u00faj term\u00e9kcsal\u00e1dja, amelyet kifejezetten az egy vagy t\u00f6bb munkahelyr\u0151l sz\u00e1rmaz\u00f3 por elsz\u00edv\u00e1s\u00e1ra terveztek, bele\u00e9rtve a f\u00e9mporokat, szikr\u00e1kat \u00e9s k\u00f6nnyen gy\u00fal\u00e9kony porokat, k\u00fcl\u00f6n\u00f6sen a csiszol\u00e1si, kef\u00e9l\u00e9si, pol\u00edroz\u00e1si vagy hegeszt\u00e9si folyamatok sor\u00e1n.<\/p>\n\n\n\n<p>Az innovat\u00edv v\u00edzlev\u00e1laszt\u00f3 technol\u00f3gia biztons\u00e1gosan elt\u00e1vol\u00edtja a port \u00e9s a szikr\u00e1kat.  <\/p>\n\n\n\n<p>A szepar\u00e1torok <strong>csendes <\/strong>m\u0171k\u00f6d\u00e9s\u0171ek, \u00e9s k\u00e9t teljes\u00edtm\u00e9nyszinten, valamint <strong>ATEX kivitelben<\/strong> is kaphat\u00f3k. Technol\u00f3gi\u00e1juknak k\u00f6sz\u00f6nhet\u0151en az \u00faj szepar\u00e1torok teljes teljes\u00edtm\u00e9nyen, alacsony energiafogyaszt\u00e1s mellett m\u0171k\u00f6dnek. <\/p>\n<\/div>\n<\/div>\n<\/div>\n\n<div class=\"wp-block-group is-layout-flow wp-block-group-is-layout-flow\">\n<div class=\"wp-block-columns is-layout-flex wp-container-core-columns-is-layout-28f84493 wp-block-columns-is-layout-flex\">\n<div class=\"wp-block-column is-layout-flow wp-block-column-is-layout-flow\">\n<h3 class=\"wp-block-heading has-text-align-center\"><a href=\"https:\/\/obera.fr\/hu\/produits\/depoussiereurs-industriels\/fixes\/depoussiereur-a-sec-estmac\/\" data-type=\"URL\" data-id=\"https:\/\/obera.fr\/produits\/depoussiereurs-industriels\/fixes\/depoussiereur-a-sec-estmac\/\">ESTMAC<\/a><\/h3>\n\n\n\n<figure class=\"wp-block-image aligncenter size-medium\"><a href=\"https:\/\/obera.fr\/hu\/produits\/depoussiereurs-industriels\/fixes\/depoussiereur-a-sec-estmac\/\"><img decoding=\"async\" width=\"300\" height=\"264\" src=\"https:\/\/obera.fr\/wp-content\/uploads\/2021\/02\/Depoussiereur-fixe-ESTMAC-300x264.png\" alt=\"Estmac fix porgy&#x171;jt&#x151;\" class=\"wp-image-4475\" srcset=\"https:\/\/obera.fr\/wp-content\/uploads\/2021\/02\/Depoussiereur-fixe-ESTMAC-300x264.png 300w, https:\/\/obera.fr\/wp-content\/uploads\/2021\/02\/Depoussiereur-fixe-ESTMAC.png 480w\" sizes=\"(max-width: 300px) 100vw, 300px\" \/><\/a><\/figure>\n\n\n\n<p><strong>ESTMAC<\/strong> egy <a href=\"https:\/\/obera.fr\/hu\/produits\/depoussiereurs-industriels\/fixes\/depoussiereur-a-sec-estmac\/\">sz\u00e1raz porelsz\u00edv\u00f3<\/a>, amely fix, de <strong>kompakt<\/strong>, \u00edgy viszonylag <strong>k\u00f6nnyen mozgathat\u00f3<\/strong>. Ez a porelsz\u00edv\u00f3 sz\u00e1mos alkalmaz\u00e1shoz igaz\u00edthat\u00f3. <\/p>\n\n\n\n<p>Ez a g\u00e9p ide\u00e1lis f\u00e9m- \u00e9s <strong>m\u0171anyagpor \u00e9s forg\u00e1cs,<\/strong> valamint \u00e1sv\u00e1nyi por \u00e9s kompozit anyagok felsz\u00edv\u00e1s\u00e1ra.  <\/p>\n\n\n\n<p>Az ESTMAC 2 er\u0151ss\u00e9gben kaphat\u00f3:  <\/p>\n\n\n\n<p><strong>ESTMAC 1500<\/strong> 1500 m3\/h l\u00e9g\u00e1raml\u00e1ssal 2040 Pa negat\u00edv nyom\u00e1s mellett \u00e9s<strong> ESTMAC 1800<\/strong> 1800 m3\/h l\u00e9g\u00e1raml\u00e1ssal 2650 Pa negat\u00edv nyom\u00e1s mellett.<\/p>\n\n\n\n<div style=\"height:25px\" aria-hidden=\"true\" class=\"wp-block-spacer\"><\/div>\n\n\n\n<div class=\"wp-block-columns is-layout-flex wp-container-core-columns-is-layout-28f84493 wp-block-columns-is-layout-flex\">\n<div class=\"wp-block-column is-layout-flow wp-block-column-is-layout-flow\" style=\"flex-basis:60%\">\n<h3 class=\"wp-block-heading\">B\u00e9reljen azonnal haszn\u00e1lhat\u00f3, fix porelsz\u00edv\u00f3kat<\/h3>\n\n\n\n<p>Tegyen l\u00e9p\u00e9seket CAPEX n\u00e9lk\u00fcl az <strong>OberA fix porelsz\u00edv\u00f3k b\u00e9rl\u00e9s\u00e9vel<\/strong>. K\u00f6zponti rendszereink forg\u00e1csot, finom port, olajk\u00f6d\u00f6t, f\u00fcst\u00f6t \u00e9s szagokat kezelnek a forr\u00e1shoz a legk\u00f6zelebb (elsz\u00edv\u00f3kar\/elsz\u00edv\u00f3erny\u0151) vagy cs\u0151h\u00e1l\u00f3zaton kereszt\u00fcl. Kock\u00e1zat\u00e1t\u00f3l f\u00fcgg\u0151en konfigur\u00e1ljuk a megfelel\u0151 technol\u00f3gi\u00e1t: DUSTMAC (sz\u00e1raz, patronos\/zs\u00e1kos, jet-pulse), DUSTOMAT HYDRO (nedves, szikr\u00e1k \u00e9s gy\u00fal\u00e9kony porok eset\u00e9n), vagy ESTMAC. ATEX opci\u00f3k, M\/H sz\u0171r\u00e9si oszt\u00e1lyok \u00e9s egyedi megold\u00e1sok f\u00e9m-, fa-, vegyipar, textil-, pap\u00edr\/kartonipar stb. sz\u00e1m\u00e1ra.   <\/p>\n\n\n\n<p><\/p>\n\n\n\n<p>A szolg\u00e1ltat\u00e1s ter\u00e9n <strong>minden kulcsrak\u00e9sz<\/strong>: audit \u00e9s m\u00e9retez\u00e9s (\u00e1raml\u00e1si sebess\u00e9g, sz\u00e1ll\u00edt\u00e1si sebess\u00e9g, elsz\u00edv\u00e1si pontok), \u00fczembe helyez\u00e9s, karbantart\u00e1s \u00e9s sz\u0171r\u0151fel\u00fcgyelet. Termel\u00e9se v\u00e1ltozik? \u00dajra be\u00e1ll\u00edtjuk a rendszert (kapacit\u00e1s n\u00f6vel\u00e9se\/cs\u00f6kkent\u00e9se, elsz\u00edv\u00e1si pontok hozz\u00e1ad\u00e1sa). \u00c9s ha hossz\u00fa t\u00e1von szeretn\u00e9 haszn\u00e1lni a berendez\u00e9st, <strong>v\u00e1s\u00e1rl\u00e1si opci\u00f3 b\u00e9rleti d\u00edj levon\u00e1s\u00e1val.<\/strong>   <\/p>\n\n\n\n<p><\/p>\n\n\n\n<div class=\"wp-block-buttons is-content-justification-center is-layout-flex wp-container-core-buttons-is-layout-a89b3969 wp-block-buttons-is-layout-flex\">\n<div class=\"wp-block-button\"><a class=\"wp-block-button__link wp-element-button\" href=\"https:\/\/obera.fr\/hu\/location-sans-engagement\/\">K\u00e9rjen b\u00e9rl\u00e9si \u00e1raj\u00e1nlatot<\/a><\/div>\n<\/div>\n<\/div>\n\n\n\n<div class=\"wp-block-column is-vertically-aligned-center is-layout-flow wp-block-column-is-layout-flow\" style=\"flex-basis:30%\">\n<figure class=\"wp-block-image aligncenter size-full\"><img decoding=\"async\" width=\"480\" height=\"423\" src=\"https:\/\/obera.fr\/wp-content\/uploads\/2021\/02\/Depoussiereur-fixe-ESTMAC.png\" alt=\"Estmac fix porgy&#x171;jt&#x151;\" class=\"wp-image-4475\" srcset=\"https:\/\/obera.fr\/wp-content\/uploads\/2021\/02\/Depoussiereur-fixe-ESTMAC.png 480w, https:\/\/obera.fr\/wp-content\/uploads\/2021\/02\/Depoussiereur-fixe-ESTMAC-300x264.png 300w\" sizes=\"(max-width: 480px) 100vw, 480px\" \/><\/figure>\n<\/div>\n<\/div>\n<\/div>\n<\/div>\n\n\n\n<div class=\"wp-block-columns is-layout-flex wp-container-core-columns-is-layout-28f84493 wp-block-columns-is-layout-flex\">\n<div class=\"wp-block-column is-layout-flow wp-block-column-is-layout-flow\"><\/div>\n<\/div>\n<\/div>\n\n<h2 class=\"wp-block-heading\"><strong>Hogyan v\u00e1lasszam ki a megfelel\u0151 porlev\u00e1laszt\u00f3 rendszert?<\/strong><\/h2>\n\n<p>A <strong>megfelel\u0151 porgy\u0171jt\u0151 kiv\u00e1laszt\u00e1sa<\/strong> l\u00e9tfontoss\u00e1g\u00fa, k\u00fcl\u00f6nben a k\u00e9sz\u00fcl\u00e9k gyorsan elhaszn\u00e1l\u00f3dhat \u00e9s le\u00e1llhat. Ez a szennyez\u0151 anyagt\u00f3l, annak m\u00e9ret\u00e9t\u0151l, \u00e1llapot\u00e1t\u00f3l (szil\u00e1rd vagy g\u00e1znem\u0171) \u00e9s mennyis\u00e9g\u00e9t\u0151l f\u00fcgg. Ez lehet\u0151v\u00e9 teszi, hogy kiv\u00e1lassza, milyen t\u00edpus\u00fa sz\u0171r\u0151vel kell rendelkeznie a <a href=\"https:\/\/obera.fr\/hu\/produits\/depoussiereurs-industriels\/\" data-type=\"page\" data-id=\"31\">porgy\u0171jt\u0151nek<\/a>. M\u00e1sodszor, meg kell tudnia a k\u00e9sz\u00fcl\u00e9k teljes\u00edtm\u00e9ny\u00e9t, m\u00e1s sz\u00f3val az \u00e1raml\u00e1si sebess\u00e9g\u00e9t. Az egys\u00e9g \u00e1raml\u00e1si sebess\u00e9ge f\u00fcgg a felsz\u00edvand\u00f3 anyag mennyis\u00e9g\u00e9t\u0151l, a gy\u0171jt\u0151helyen biztos\u00edtand\u00f3 sebess\u00e9gt\u0151l \u00e9s a cs\u0151vezet\u00e9kben a porsz\u00edv\u00f3g\u00e9pek megl\u00e9v\u0151 bemeneti ny\u00edl\u00e1saihoz biztos\u00edtand\u00f3 sz\u00e1ll\u00edt\u00e1si sebess\u00e9gt\u0151l.    <\/p>\n\n<p>A k\u00f6vetkez\u0151 l\u00e9p\u00e9s annak eld\u00f6nt\u00e9se, hogy milyen tartoz\u00e9kokat szereljen a g\u00e9phez: a gy\u00e1rt\u00f3g\u00e9phez csatlakoztathat\u00f3 csatorn\u00e1t, gy\u0171jt\u0151berendez\u00e9st, h\u00e1tt\u00e1ml\u00e1t vagy ak\u00e1r egy <a href=\"https:\/\/obera.fr\/hu\/produits\/bras-dispositifs-captation\/capot-industriel\/\">sz\u00edv\u00f3kart<\/a> a munka\u00e1llom\u00e1shoz.<\/p>\n\n<blockquote class=\"wp-block-quote is-layout-flow wp-block-quote-is-layout-flow\">\n<p>A legjobb, ha <strong>megk\u00e9rdezi szak\u00e9rt\u0151inket<\/strong>, akik seg\u00edteni tudnak \u00d6nnek a projektjeivel kapcsolatban, \u00e9s az \u00d6n egyedi ig\u00e9nyeihez igaz\u00edtott term\u00e9ket k\u00edn\u00e1lnak \u00d6nnek.<\/p>\n<\/blockquote>\n\n<div class=\"wp-block-buttons is-horizontal is-content-justification-center is-layout-flex wp-container-core-buttons-is-layout-03627597 wp-block-buttons-is-layout-flex\">\n<div class=\"wp-block-button\"><a class=\"wp-block-button__link wp-element-button\" href=\"https:\/\/obera.fr\/contact\/\">Tudjon meg t\u00f6bbet<\/a><\/div>\n<\/div>\n\n<hr class=\"wp-block-separator has-css-opacity\"\/>\n\n<div class=\"wp-block-group is-layout-flow wp-block-group-is-layout-flow\">\n<h2 class=\"wp-block-heading\">Az oberA ipari porlev\u00e1laszt\u00f3k egy\u00e9b term\u00e9kcsal\u00e1djai<\/h2>\n\n\n\n<div class=\"wp-block-columns is-layout-flex wp-container-core-columns-is-layout-28f84493 wp-block-columns-is-layout-flex\">\n<div class=\"wp-block-column is-layout-flow wp-block-column-is-layout-flow\">\n<div class=\"wp-block-buttons is-horizontal is-content-justification-center is-layout-flex wp-container-core-buttons-is-layout-03627597 wp-block-buttons-is-layout-flex\">\n<div class=\"wp-block-button\"><a class=\"wp-block-button__link wp-element-button\" href=\"https:\/\/obera.fr\/hu\/produits\/depoussiereurs-industriels\/mobiles\/\">Mobil porlev\u00e1laszt\u00f3k<\/a><\/div>\n<\/div>\n<\/div>\n\n\n\n<div class=\"wp-block-column is-layout-flow wp-block-column-is-layout-flow\">\n<div class=\"wp-block-buttons is-horizontal is-content-justification-center is-layout-flex wp-container-core-buttons-is-layout-03627597 wp-block-buttons-is-layout-flex\">\n<div class=\"wp-block-button\"><a class=\"wp-block-button__link wp-element-button\" href=\"https:\/\/obera.fr\/hu\/produits\/depoussiereurs-industriels\/petits\/\">Kis porlev\u00e1laszt\u00f3k<\/a><\/div>\n<\/div>\n<\/div>\n<\/div>\n<\/div>\n","protected":false},"excerpt":{"rendered":"<p>Fix porelsz\u00edv\u00f3ink egy sor nagy teljes\u00edtm\u00e9ny\u0171 berendez\u00e9s m\u0171helyei \u00e9s rakt\u00e1rcsarnokai, valamint fix munka\u00e1llom\u00e1sai portalan\u00edt\u00e1s\u00e1ra, k\u00f6zvetlen\u00fcl egy elsz\u00edv\u00f3 karon vagy elsz\u00edv\u00f3h\u00e1ztet\u0151n kereszt\u00fcl. Berendez\u00e9seink a finom por \u00e9s forg\u00e1cs, valamint az olajk\u00f6d\u00f6k, f\u00fcst\u00f6k \u00e9s szagok kezel\u00e9s\u00e9re alkalmasak az ipari \u00e1gazatok sz\u00e9les sk\u00e1l\u00e1j\u00e1n, bele\u00e9rtve a f\u00e9m-, m\u0171anyag-, fa-, \u00e1sv\u00e1nyi anyagokat, text\u00edli\u00e1kat, vegyi anyagokat \u00e9s pap\u00edrt\/kartont. A port \u00e9s m\u00e1s szennyez\u0151 anyagokat kezelni kell, mert vesz\u00e9lyt jelentenek az emberi szervezetre. A szennyezett leveg\u0151 bel\u00e9legz\u00e9se betegs\u00e9get okozhat, k\u00fcl\u00f6n\u00f6sen, ha a szennyez\u0151 anyagok r\u00e1kkelt\u0151ek, mutag\u00e9nek vagy reprotoxikusak. A szennyezett leveg\u0151 kezel\u00e9se elengedhetetlen a munkav\u00e1llal\u00f3k \u00e9s a termel\u0151csapatok v\u00e9delme \u00e9rdek\u00e9ben, de a gy\u00e1rtott term\u00e9kek min\u0151s\u00e9g\u00e9nek garant\u00e1l\u00e1sa \u00e9s &#8230; <\/p>\n<p class=\"read-more-container\"><a title=\"Fix porlev\u00e1laszt\u00f3k\" class=\"read-more button\" href=\"https:\/\/obera.fr\/hu\/produits\/depoussiereurs-industriels\/fixes\/#more-68661\" aria-label=\"Read more about Fix porlev\u00e1laszt\u00f3k\">Lire la suite<\/a><\/p>\n","protected":false},"author":4,"featured_media":103620,"parent":68664,"menu_order":0,"comment_status":"closed","ping_status":"closed","template":"","meta":{"_acf_changed":false,"_seopress_robots_primary_cat":"","_seopress_titles_title":"Nedves\/sz\u00e1raz r\u00f6gz\u00edtett porlev\u00e1laszt\u00f3k, zs\u00e1kok\/bet\u00e9tek","_seopress_titles_desc":"Porolja m\u0171helyeit \u00e9s rakt\u00e1rcsarnokait, valamint munka\u00e1llom\u00e1sait k\u00f6zvetlen\u00fcl egy karon vagy elsz\u00edv\u00f3h\u00e1ztet\u0151n kereszt\u00fcl a fix porelsz\u00edv\u00f3inkkal.","_seopress_robots_index":"","footnotes":""},"class_list":{"0":"post-68661","1":"page","2":"type-page","3":"status-publish","4":"has-post-thumbnail","6":"no-featured-image-padding","7":"resize-featured-image"},"acf":[],"_links":{"self":[{"href":"https:\/\/obera.fr\/hu\/wp-json\/wp\/v2\/pages\/68661","targetHints":{"allow":["GET"]}}],"collection":[{"href":"https:\/\/obera.fr\/hu\/wp-json\/wp\/v2\/pages"}],"about":[{"href":"https:\/\/obera.fr\/hu\/wp-json\/wp\/v2\/types\/page"}],"author":[{"embeddable":true,"href":"https:\/\/obera.fr\/hu\/wp-json\/wp\/v2\/users\/4"}],"replies":[{"embeddable":true,"href":"https:\/\/obera.fr\/hu\/wp-json\/wp\/v2\/comments?post=68661"}],"version-history":[{"count":5,"href":"https:\/\/obera.fr\/hu\/wp-json\/wp\/v2\/pages\/68661\/revisions"}],"predecessor-version":[{"id":141460,"href":"https:\/\/obera.fr\/hu\/wp-json\/wp\/v2\/pages\/68661\/revisions\/141460"}],"up":[{"embeddable":true,"href":"https:\/\/obera.fr\/hu\/wp-json\/wp\/v2\/pages\/68664"}],"wp:featuredmedia":[{"embeddable":true,"href":"https:\/\/obera.fr\/hu\/wp-json\/wp\/v2\/media\/103620"}],"wp:attachment":[{"href":"https:\/\/obera.fr\/hu\/wp-json\/wp\/v2\/media?parent=68661"}],"curies":[{"name":"wp","href":"https:\/\/api.w.org\/{rel}","templated":true}]}}