{"id":83095,"date":"2020-08-26T13:00:52","date_gmt":"2020-08-26T11:00:52","guid":{"rendered":"https:\/\/obera.fr\/compteur-particules\/"},"modified":"2025-06-03T15:23:27","modified_gmt":"2025-06-03T13:23:27","slug":"compteur-particules","status":"publish","type":"page","link":"https:\/\/obera.fr\/hu\/produits\/analyseurs-air\/compteur-particules\/","title":{"rendered":"R\u00e9szecskesz\u00e1ml\u00e1l\u00f3"},"content":{"rendered":"\n<h2 class=\"wp-block-heading\">A porszintek ellen\u0151rz\u00e9se<\/h2>\n\n\n\n<div class=\"wp-block-columns is-layout-flex wp-container-core-columns-is-layout-28f84493 wp-block-columns-is-layout-flex\">\n<div class=\"wp-block-column is-layout-flow wp-block-column-is-layout-flow\" style=\"flex-basis:33.33%\">\n<figure class=\"wp-block-image aligncenter size-thumbnail\"><img decoding=\"async\" width=\"150\" height=\"150\" src=\"https:\/\/obera.fr\/wp-content\/uploads\/2020\/08\/compteur-de-particules-150x150.png\" alt=\"R\u00e9szecske m\u00e9r\u0151\" class=\"wp-image-714\" srcset=\"https:\/\/obera.fr\/wp-content\/uploads\/2020\/08\/compteur-de-particules-150x150.png 150w, https:\/\/obera.fr\/wp-content\/uploads\/2020\/08\/compteur-de-particules-300x300.png 300w, https:\/\/obera.fr\/wp-content\/uploads\/2020\/08\/compteur-de-particules.png 433w\" sizes=\"(max-width: 150px) 100vw, 150px\" \/><figcaption class=\"wp-element-caption\">R\u00e9szecske m\u00e9r\u0151<\/figcaption><\/figure>\n<\/div>\n\n\n\n<div class=\"wp-block-column is-layout-flow wp-block-column-is-layout-flow\" style=\"flex-basis:66.66%\">\n<p>Az <strong>OberA r\u00e9szecskesz\u00e1ml\u00e1l\u00f3<\/strong> egy univerz\u00e1lis m\u0171szer a leveg\u0151ben l\u00e9v\u0151 r\u00e9szecsk\u00e9k sz\u00e1ml\u00e1l\u00e1s\u00e1ra.  <\/p>\n\n\n\n<p>K\u00e9pes a por hat k\u00fcl\u00f6nb\u00f6z\u0151 szemcsem\u00e9ret\u0171 frakci\u00f3j\u00e1nak (0,3 \u00e9s 10 \u00b5m k\u00f6z\u00f6tti r\u00e9szecsk\u00e9k) kisz\u00e1m\u00edt\u00e1s\u00e1ra, valamint a k\u00f6rnyezeti p\u00e1ratartalom \u00e9s h\u0151m\u00e9rs\u00e9klet r\u00f6gz\u00edt\u00e9s\u00e9re.  <\/p>\n\n\n\n<p>Ez teszi a r\u00e9szecskesz\u00e1ml\u00e1l\u00f3t univerz\u00e1lis berendez\u00e9ss\u00e9.<\/p>\n\n\n\n<hr class=\"wp-block-separator has-text-color has-black-color has-css-opacity has-black-background-color has-background is-style-dots\"\/>\n\n\n\n<div class=\"wp-block-columns is-layout-flex wp-container-core-columns-is-layout-28f84493 wp-block-columns-is-layout-flex\">\n<div class=\"wp-block-column is-layout-flow wp-block-column-is-layout-flow\" style=\"flex-basis:33.33%\">\n<div class=\"wp-block-buttons is-layout-flex wp-block-buttons-is-layout-flex\">\n<div class=\"wp-block-button\"><a class=\"wp-block-button__link wp-element-button\" href=\"https:\/\/obera.fr\/wp-content\/uploads\/2025\/04\/brochure-obdt-9883m-en.pdf\">A BROS\u00daRA<strong>LET\u00d6LT\u00c9SE<\/strong><\/a><\/div>\n<\/div>\n<\/div>\n\n\n\n<div class=\"wp-block-column is-layout-flow wp-block-column-is-layout-flow\" style=\"flex-basis:33.34%\">\n<div class=\"wp-block-buttons is-horizontal is-content-justification-center is-layout-flex wp-container-core-buttons-is-layout-03627597 wp-block-buttons-is-layout-flex\">\n<div class=\"wp-block-button\"><a class=\"wp-block-button__link wp-element-button\" href=\"https:\/\/obera.fr\/contact\/\">Tudjon meg t\u00f6bbet<\/a><\/div>\n<\/div>\n<\/div>\n\n\n\n<div class=\"wp-block-column is-layout-flow wp-block-column-is-layout-flow\" style=\"flex-basis:33.34%\">\n<div class=\"wp-block-buttons is-content-justification-center is-layout-flex wp-container-core-buttons-is-layout-a89b3969 wp-block-buttons-is-layout-flex\">\n<div class=\"wp-block-button btn-devis-source\"><a class=\"wp-block-button__link wp-element-button\" href=\"https:\/\/obera.fr\/hu\/devis\/\">K\u00e9rjen \u00e1raj\u00e1nlatot<\/a><\/div>\n<\/div>\n\n\n<script>\r\ndocument.addEventListener('DOMContentLoaded', function() {\r\n    \/\/ 1. On cherche le titre H1 de la page\r\n    var h1 = document.querySelector('h1');\r\n    var productTitle = h1 ? h1.innerText.trim() : \"\";\r\n\r\n    \/\/ 2. On cherche les boutons via la classe CSS .btn-devis-source\r\n    var buttons = document.querySelectorAll('.btn-devis-source a');\r\n\r\n    \/\/ 3. Si on a le titre et les boutons, on ajoute le param\u00e8tre\r\n    if (buttons.length > 0 && productTitle !== \"\") {\r\n        var encodedTitle = encodeURIComponent(productTitle);\r\n\r\n        buttons.forEach(function(btn) {\r\n            var currentHref = btn.getAttribute('href');\r\n            \r\n            \/\/ S\u00e9curit\u00e9 pour ne pas ajouter le param\u00e8tre 2 fois\r\n            if (currentHref.indexOf('sujet=') === -1) {\r\n                var separator = currentHref.indexOf('?') !== -1 ? '&' : '?';\r\n                var newLink = currentHref + separator + 'sujet=' + encodedTitle;\r\n                \r\n                btn.setAttribute('href', newLink);\r\n            }\r\n        });\r\n    }\r\n});\r\n<\/script><\/div>\n<\/div>\n\n\n\n<p><\/p>\n<\/div>\n<\/div>\n\n\n\n<h2 class=\"wp-block-heading\">A r\u00e9szecskesz\u00e1ml\u00e1l\u00f3k el\u0151nyei<\/h2>\n\n\n\n<div class=\"wp-block-columns is-layout-flex wp-container-core-columns-is-layout-28f84493 wp-block-columns-is-layout-flex\">\n<div class=\"wp-block-column is-layout-flow wp-block-column-is-layout-flow\">\n<h3 class=\"wp-block-heading has-text-align-center\"><strong>El\u0151ny\u00f6k<\/strong><\/h3>\n\n\n\n<ul class=\"wp-block-list\">\n<li>6 m\u00e9retet \u00e9rz\u00e9kel (0,3\/0,5\/1,0\/2,5\/5,0\/10 \u03bcm)<\/li>\n\n\n\n<li>H\u0151m\u00e9rs\u00e9klet \u00e9s p\u00e1ratartalom m\u00e9r\u00e9s<\/li>\n\n\n\n<li>Be\u00e9p\u00edtett kamera k\u00e9p- \u00e9s videofelv\u00e9telhez<\/li>\n<\/ul>\n<\/div>\n\n\n\n<div class=\"wp-block-column is-layout-flow wp-block-column-is-layout-flow\">\n<h3 class=\"wp-block-heading has-text-align-center\"><strong>P\u00e9ld\u00e1k felhaszn\u00e1l\u00f3i ipar\u00e1gakra<\/strong><\/h3>\n\n\n\n<ul class=\"wp-block-list\">\n<li>Sz\u00fcrke szob\u00e1k<\/li>\n\n\n\n<li>G\u00e9p\u00e9szet<\/li>\n\n\n\n<li>Koh\u00e1szat<\/li>\n\n\n\n<li>M\u0171anyagok<\/li>\n\n\n\n<li>Fa<\/li>\n\n\n\n<li>Petrolk\u00e9miai term\u00e9kek<\/li>\n\n\n\n<li>Polimerek \u00e9s m\u0171anyagok<\/li>\n\n\n\n<li>Gy\u00f3gyszerek<\/li>\n\n\n\n<li>\u00c9lelmiszeripar<\/li>\n<\/ul>\n<\/div>\n<\/div>\n\n\n\n<h2 class=\"wp-block-heading\">M\u00e9rt szennyez\u0151 anyagok<\/h2>\n\n\n\n<div class=\"wp-block-columns is-layout-flex wp-container-core-columns-is-layout-28f84493 wp-block-columns-is-layout-flex\">\n<div class=\"wp-block-column is-layout-flow wp-block-column-is-layout-flow\">\n<h3 class=\"wp-block-heading\"><strong>Por\u00e9rz\u00e9kel\u0151 PM 0,3 \u00e9s PM 10 k\u00f6z\u00f6tt<\/strong><\/h3>\n\n\n\n<p>(0,3 \u00b5g-n\u00e1l nagyobb r\u00e9szecsk\u00e9k 10 \u00b5m-ig)<\/p>\n\n\n\n<p>Az oberA r\u00e9szecskeelemz\u0151 k\u00e9sz\u00fcl\u00e9k 6 r\u00e9szecskem\u00e9ret egyidej\u0171 m\u00e9r\u00e9s\u00e9re k\u00e9pes. :<\/p>\n\n\n\n<p>0,3\u00b5m \/ 0,5\u00b5m \/ 1\u00b5m \/ 2,5\u00b5m \/ 5\u00b5m \/ 10\u00b5m<\/p>\n<\/div>\n\n\n\n<div class=\"wp-block-column is-layout-flow wp-block-column-is-layout-flow\">\n<h3 class=\"wp-block-heading\"><strong>H\u0151m\u00e9rs\u00e9klet \u00e9rz\u00e9kel\u0151<\/strong><\/h3>\n\n\n\n<p>M\u00e9r\u00e9si tartom\u00e1ny -0 \u00e9s +50 \u00b0C k\u00f6z\u00f6tt<\/p>\n<\/div>\n\n\n\n<div class=\"wp-block-column is-layout-flow wp-block-column-is-layout-flow\">\n<h3 class=\"wp-block-heading\"><strong>Relat\u00edv p\u00e1ratartalom<\/strong><\/h3>\n\n\n\n<p>0-100% relat\u00edv p\u00e1ratartalom m\u00e9r\u00e9se<\/p>\n<\/div>\n<\/div>\n\n\n\n<div class=\"wp-block-buttons is-horizontal is-content-justification-center is-layout-flex wp-container-core-buttons-is-layout-03627597 wp-block-buttons-is-layout-flex\">\n<div class=\"wp-block-button\"><a class=\"wp-block-button__link wp-element-button\" href=\"https:\/\/obera.fr\/wp-content\/uploads\/2024\/02\/brochure-compteur-de-particules-.pdf\">Term\u00e9klap let\u00f6lt\u00e9se<\/a><\/div>\n<\/div>\n\n\n\n<hr class=\"wp-block-separator has-css-opacity is-style-dots\"\/>\n\n\n\n<h2 class=\"wp-block-heading\">Egy\u00e9b OberA leveg\u0151elemz\u0151 k\u00e9sz\u00fcl\u00e9kek<\/h2>\n\n\n\n<div class=\"wp-block-columns is-layout-flex wp-container-core-columns-is-layout-28f84493 wp-block-columns-is-layout-flex\">\n<div class=\"wp-block-column is-layout-flow wp-block-column-is-layout-flow\"><\/div>\n\n\n\n<div class=\"wp-block-column is-layout-flow wp-block-column-is-layout-flow\">\n<figure class=\"wp-block-image aligncenter size-medium is-resized\"><a href=\"https:\/\/obera.fr\/produits\/analyseurs-air\/capteur-co2-obcare\/\"><img decoding=\"async\" width=\"300\" height=\"212\" src=\"https:\/\/obera.fr\/wp-content\/uploads\/2021\/09\/Capteur_CO2_OBCARE-2-300x212.png\" alt=\"obcare co2 \u00e9rz\u00e9kel\u0151\" class=\"wp-image-6918\" srcset=\"https:\/\/obera.fr\/wp-content\/uploads\/2021\/09\/Capteur_CO2_OBCARE-2-300x212.png 300w, https:\/\/obera.fr\/wp-content\/uploads\/2021\/09\/Capteur_CO2_OBCARE-2-768x542.png 768w, https:\/\/obera.fr\/wp-content\/uploads\/2021\/09\/Capteur_CO2_OBCARE-2.png 921w\" sizes=\"(max-width: 300px) 100vw, 300px\" \/><\/a><figcaption class=\"wp-element-caption\">OBCARE<\/figcaption><\/figure>\n<\/div>\n\n\n\n<div class=\"wp-block-column is-layout-flow wp-block-column-is-layout-flow\"><\/div>\n\n\n\n<div class=\"wp-block-column is-layout-flow wp-block-column-is-layout-flow\"><\/div>\n<\/div>\n\n\n\n<p><\/p>\n","protected":false},"excerpt":{"rendered":"<p>A porszintek ellen\u0151rz\u00e9se Az OberA r\u00e9szecskesz\u00e1ml\u00e1l\u00f3 egy univerz\u00e1lis m\u0171szer a leveg\u0151ben l\u00e9v\u0151 r\u00e9szecsk\u00e9k sz\u00e1ml\u00e1l\u00e1s\u00e1ra. K\u00e9pes a por hat k\u00fcl\u00f6nb\u00f6z\u0151 szemcsem\u00e9ret\u0171 frakci\u00f3j\u00e1nak (0,3 \u00e9s 10 \u00b5m k\u00f6z\u00f6tti r\u00e9szecsk\u00e9k) kisz\u00e1m\u00edt\u00e1s\u00e1ra, valamint a k\u00f6rnyezeti p\u00e1ratartalom \u00e9s h\u0151m\u00e9rs\u00e9klet r\u00f6gz\u00edt\u00e9s\u00e9re. Ez teszi a r\u00e9szecskesz\u00e1ml\u00e1l\u00f3t univerz\u00e1lis berendez\u00e9ss\u00e9. A r\u00e9szecskesz\u00e1ml\u00e1l\u00f3k el\u0151nyei El\u0151ny\u00f6k P\u00e9ld\u00e1k felhaszn\u00e1l\u00f3i ipar\u00e1gakra M\u00e9rt szennyez\u0151 anyagok Por\u00e9rz\u00e9kel\u0151 PM 0,3 \u00e9s PM 10 k\u00f6z\u00f6tt (0,3 \u00b5g-n\u00e1l nagyobb r\u00e9szecsk\u00e9k 10 \u00b5m-ig) Az oberA r\u00e9szecskeelemz\u0151 k\u00e9sz\u00fcl\u00e9k 6 r\u00e9szecskem\u00e9ret egyidej\u0171 m\u00e9r\u00e9s\u00e9re k\u00e9pes. : 0,3\u00b5m \/ 0,5\u00b5m \/ 1\u00b5m \/ 2,5\u00b5m \/ 5\u00b5m \/ 10\u00b5m H\u0151m\u00e9rs\u00e9klet \u00e9rz\u00e9kel\u0151 M\u00e9r\u00e9si tartom\u00e1ny -0 \u00e9s +50 \u00b0C k\u00f6z\u00f6tt Relat\u00edv p\u00e1ratartalom 0-100% relat\u00edv p\u00e1ratartalom m\u00e9r\u00e9se &#8230; <\/p>\n<p class=\"read-more-container\"><a title=\"R\u00e9szecskesz\u00e1ml\u00e1l\u00f3\" class=\"read-more button\" href=\"https:\/\/obera.fr\/hu\/produits\/analyseurs-air\/compteur-particules\/#more-83095\" aria-label=\"Read more about R\u00e9szecskesz\u00e1ml\u00e1l\u00f3\">Lire la suite<\/a><\/p>\n","protected":false},"author":4,"featured_media":83741,"parent":83922,"menu_order":0,"comment_status":"closed","ping_status":"closed","template":"","meta":{"_acf_changed":false,"_seopress_robots_primary_cat":"","_seopress_titles_title":"Compteur de particules de poussi\u00e8res dans l'air","_seopress_titles_desc":"Le compteur oberA permet de compter des particules dans l\u2019air. Il est capable de calculer six fractions granulom\u00e9triques de poussi\u00e8res diff\u00e9rentes.","_seopress_robots_index":"","footnotes":""},"class_list":{"0":"post-83095","1":"page","2":"type-page","3":"status-publish","4":"has-post-thumbnail","6":"no-featured-image-padding","7":"resize-featured-image"},"acf":[],"_links":{"self":[{"href":"https:\/\/obera.fr\/hu\/wp-json\/wp\/v2\/pages\/83095","targetHints":{"allow":["GET"]}}],"collection":[{"href":"https:\/\/obera.fr\/hu\/wp-json\/wp\/v2\/pages"}],"about":[{"href":"https:\/\/obera.fr\/hu\/wp-json\/wp\/v2\/types\/page"}],"author":[{"embeddable":true,"href":"https:\/\/obera.fr\/hu\/wp-json\/wp\/v2\/users\/4"}],"replies":[{"embeddable":true,"href":"https:\/\/obera.fr\/hu\/wp-json\/wp\/v2\/comments?post=83095"}],"version-history":[{"count":2,"href":"https:\/\/obera.fr\/hu\/wp-json\/wp\/v2\/pages\/83095\/revisions"}],"predecessor-version":[{"id":108458,"href":"https:\/\/obera.fr\/hu\/wp-json\/wp\/v2\/pages\/83095\/revisions\/108458"}],"up":[{"embeddable":true,"href":"https:\/\/obera.fr\/hu\/wp-json\/wp\/v2\/pages\/83922"}],"wp:featuredmedia":[{"embeddable":true,"href":"https:\/\/obera.fr\/hu\/wp-json\/wp\/v2\/media\/83741"}],"wp:attachment":[{"href":"https:\/\/obera.fr\/hu\/wp-json\/wp\/v2\/media?parent=83095"}],"curies":[{"name":"wp","href":"https:\/\/api.w.org\/{rel}","templated":true}]}}