{"id":83875,"date":"2020-08-26T12:32:41","date_gmt":"2020-08-26T10:32:41","guid":{"rendered":"https:\/\/obera.fr\/produits\/atex\/"},"modified":"2025-06-27T15:55:42","modified_gmt":"2025-06-27T13:55:42","slug":"atex","status":"publish","type":"page","link":"https:\/\/obera.fr\/hu\/produits\/atex\/","title":{"rendered":"ATEX anyagok \u00e9s berendez\u00e9sek"},"content":{"rendered":"\n<p>Amikor<strong> potenci\u00e1lisan vesz\u00e9lyes k\u00f6rnyezetben dolgozunk<\/strong>, a biztons\u00e1g abszol\u00fat priorit\u00e1st \u00e9lvez. A robban\u00e1svesz\u00e9lyes l\u00e9gk\u00f6r\u00f6kh\u00f6z k\u00e9sz\u00fclt berendez\u00e9sek, m\u00e1s n\u00e9ven ATEX berendez\u00e9sek, kifejezetten a robban\u00e1svesz\u00e9lyes k\u00f6rnyezetben val\u00f3 biztons\u00e1gos haszn\u00e1latra tervezett eszk\u00f6z\u00f6kre utalnak. Az ATEX az<strong>&#8222;ATmosph\u00e8res<\/strong> <strong>EXplosibles<\/strong>&#8221; r\u00f6vid\u00edt\u00e9se, amely egy eur\u00f3pai ir\u00e1nyelv, amely a speci\u00e1lis berendez\u00e9sek ilyen k\u00f6rnyezetben val\u00f3 haszn\u00e1lat\u00e1t szab\u00e1lyozza.  <\/p>\n\n<p>Az <strong>ATEX-berendez\u00e9sek<\/strong> c\u00e9lja, hogy megel\u0151zz\u00e9k ezeket a robban\u00e1sokat az\u00e1ltal, hogy biztos\u00edtj\u00e1k, hogy a<strong> haszn\u00e1lt berendez\u00e9sek<\/strong> alkalmasak legyenek<strong> ezekre a k\u00f6rnyezetekre<\/strong>, \u00e9s \u00edgy minimaliz\u00e1lj\u00e1k a kock\u00e1zatokat.<\/p>\n\n\n<h2 class=\"wp-block-heading\"><strong>Mi az a robban\u00e1svesz\u00e9lyes l\u00e9gk\u00f6r?<\/strong><\/h2>\n\n<figure class=\"wp-block-image alignright size-medium is-resized\"><img decoding=\"async\" width=\"300\" height=\"300\" src=\"https:\/\/obera.fr\/wp-content\/uploads\/2020\/11\/26-zone-atex-300x300.jpg\" alt=\"26 Atex z&#xF3;na\" class=\"wp-image-1667\" srcset=\"https:\/\/obera.fr\/wp-content\/uploads\/2020\/11\/26-zone-atex-300x300.jpg 300w, https:\/\/obera.fr\/wp-content\/uploads\/2020\/11\/26-zone-atex-150x150.jpg 150w, https:\/\/obera.fr\/wp-content\/uploads\/2020\/11\/26-zone-atex.jpg 500w\" sizes=\"(max-width: 300px) 100vw, 300px\" \/><\/figure>\n\n<p>Az <strong>ATEX robban\u00e1svesz\u00e9lyes l\u00e9gk\u00f6r <\/strong>olyan k\u00f6rnyezet, amelyben gy\u00fal\u00e9kony anyagok, p\u00e9ld\u00e1ul g\u00e1zok, g\u0151z\u00f6k, folyad\u00e9kok vagy porok vannak jelen megfelel\u0151 mennyis\u00e9gben a leveg\u0151ben, ami robban\u00e1svesz\u00e9lyt jelent. Az &#8222;ATEX&#8221; kifejez\u00e9s a 2014\/34\/EU eur\u00f3pai ir\u00e1nyelvre utal, amely szab\u00e1lyozza a berendez\u00e9sek haszn\u00e1lat\u00e1t ezekben a <strong>vesz\u00e9lyes l\u00e9gk\u00f6r\u00f6kben<\/strong>. <\/p>\n\n<p>A robban\u00e1svesz\u00e9lyes l\u00e9gk\u00f6r\u00f6k k\u00fcl\u00f6nb\u00f6z\u0151 ipar\u00e1gakban \u00e9s munkahelyeken alakulhatnak ki, p\u00e9ld\u00e1ul a vegyiparban, az olaj- \u00e9s g\u00e1ziparban, a hullad\u00e9kkezel\u0151 l\u00e9tes\u00edtm\u00e9nyekben, a gy\u00f3gyszeriparban, a b\u00e1ny\u00e1szatban, az \u00e9lelmiszeriparban stb. Az ilyen k\u00f6rnyezetekben jelen l\u00e9v\u0151 gy\u00fal\u00e9kony anyagok v\u00e9letlen\u00fcl is felszabadulhatnak, p\u00e9ld\u00e1ul sziv\u00e1rg\u00e1s, ki\u00f6ml\u00e9s, k\u00e9miai reakci\u00f3k vagy bizonyos termel\u00e9si folyamatok sor\u00e1n. Az ezekben a k\u00f6rnyezetekben jelen l\u00e9v\u0151 <strong>gy\u00fal\u00e9kony<\/strong> anyagok v\u00e9letlen\u00fcl, p\u00e9ld\u00e1ul sziv\u00e1rg\u00e1s, ki\u00f6ml\u00e9s, k\u00e9miai reakci\u00f3k vagy<strong> bizonyos termel\u00e9si folyamatok<\/strong> sor\u00e1n szabadulhatnak fel. <\/p>\n\n<p>Ahhoz, hogy egy l\u00e9gk\u00f6r robban\u00e1svesz\u00e9lyesnek min\u0151s\u00fclj\u00f6n, k\u00e9t kulcsfontoss\u00e1g\u00fa elemnek kell egyszerre jelen lennie: az \u00fczemanyagnak \u00e9s egy gy\u00fajt\u00f3forr\u00e1snak. Az \u00fczemanyag lehet g\u00e1z, g\u0151z, por vagy gy\u00fal\u00e9kony folyad\u00e9k, m\u00edg a <strong>gy\u00fajt\u00f3forr\u00e1s<\/strong> lehet szikra, ny\u00edlt l\u00e1ng, forr\u00f3 fel\u00fclet, elektrosztatikus kis\u00fcl\u00e9s stb. <\/p>\n\n<h3 class=\"wp-block-heading\"><strong>A robban\u00e1svesz\u00e9lyes l\u00e9gk\u00f6r\u00f6k oszt\u00e1lyoz\u00e1sa<\/strong><\/h3>\n\n<p>A potenci\u00e1lis vesz\u00e9lyek jobb meg\u00e9rt\u00e9se \u00e9rdek\u00e9ben a robban\u00e1svesz\u00e9lyes l\u00e9gk\u00f6r\u00f6ket az el\u0151fordul\u00e1si val\u00f3sz\u00edn\u0171s\u00e9g \u00e9s a <strong>gy\u00fal\u00e9kony anyagok<\/strong> jelenl\u00e9t\u00e9nek id\u0151tartama szerint k\u00fcl\u00f6nb\u00f6z\u0151 z\u00f3n\u00e1kba sorolj\u00e1k. A leggyakrabban haszn\u00e1lt oszt\u00e1lyoz\u00e1s az ATEX szabv\u00e1ny \u00e1ltal meghat\u00e1rozott oszt\u00e1lyoz\u00e1s, amely a z\u00f3n\u00e1kat h\u00e1rom kateg\u00f3ri\u00e1ra osztja: 0., 1. \u00e9s 2. z\u00f3na a g\u00e1znem\u0171 l\u00e9gk\u00f6r\u00f6k eset\u00e9ben, valamint 20., 21. \u00e9s 22. z\u00f3na a poros l\u00e9gk\u00f6r\u00f6k eset\u00e9ben. <\/p>\n\n<p>Itt tal\u00e1lhat\u00f3k a g\u00e1zok, g\u0151z\u00f6k \u00e9s porok f\u0151 oszt\u00e1lyoz\u00e1si z\u00f3n\u00e1i:<\/p>\n\n<ul class=\"wp-block-list\">\n<li><strong>0. z\u00f3na (g\u00e1z\/g\u0151z) vagy 20. z\u00f3na (por)<\/strong>: A robban\u00e1svesz\u00e9lyes l\u00e9gk\u00f6r \u00e1lland\u00f3an, hossz\u00fa ideig vagy gyakran van jelen = 1000 \u00f3ra\/\u00e9v.<\/li>\n\n\n\n<li><strong>1. z\u00f3na (g\u00e1z\/g\u0151z) vagy 21. z\u00f3na (por)<\/strong>: A norm\u00e1l \u00fczemel\u00e9s sor\u00e1n robban\u00e1svesz\u00e9lyes l\u00e9gk\u00f6r kialakul\u00e1sa val\u00f3sz\u00edn\u0171s\u00edthet\u0151 = 10 \u00e9s 1000 \u00f3ra\/\u00e9v k\u00f6z\u00f6tt.<\/li>\n\n\n\n<li><strong>2. z\u00f3na (g\u00e1z\/g\u0151z) vagy 22. z\u00f3na (por)<\/strong>: Robban\u00e1svesz\u00e9lyes l\u00e9gk\u00f6r nem val\u00f3sz\u00edn\u0171, \u00e9s elhanyagolhat\u00f3 mennyis\u00e9gben \u00e9s r\u00f6vid ideig fordul el\u0151 = kevesebb, mint 10 \u00f3ra\/\u00e9v.<\/li>\n<\/ul>\n\n<p>ATEX robban\u00e1svesz\u00e9lyes l\u00e9gk\u00f6rben elengedhetetlen a megfelel\u0151 megel\u0151z\u0151 \u00e9s biztons\u00e1gi int\u00e9zked\u00e9sek megt\u00e9tele. Ez mag\u00e1ban foglalja az ATEX tan\u00fas\u00edtv\u00e1nnyal rendelkez\u0151 berendez\u00e9sek haszn\u00e1lat\u00e1t, a biztons\u00e1gos munkav\u00e9gz\u00e9si elj\u00e1r\u00e1sok v\u00e9grehajt\u00e1s\u00e1t, a szem\u00e9lyzet k\u00e9pz\u00e9s\u00e9t, a k\u00f6rnyezet fel\u00fcgyelet\u00e9t, a <strong>gy\u00fajt\u00f3forr\u00e1sok<\/strong> \u00e9s a gy\u00fal\u00e9kony anyagok <strong>kezel\u00e9s\u00e9t<\/strong>, valamint a robban\u00e1sok megel\u0151z\u00e9s\u00e9re \u00e9s a munkav\u00e1llal\u00f3k \u00e9s a l\u00e9tes\u00edtm\u00e9nyek biztons\u00e1g\u00e1t fenyeget\u0151 kock\u00e1zatok minimaliz\u00e1l\u00e1s\u00e1ra ir\u00e1nyul\u00f3 megfelel\u0151 v\u00e9d\u0151int\u00e9zked\u00e9sek v\u00e9grehajt\u00e1s\u00e1t. <\/p>\n\n<h3 class=\"wp-block-heading\"><strong>ATEX berendez\u00e9sek<\/strong><\/h3>\n\n<p><strong> Az ATEX-berendez\u00e9seket <\/strong>kifejezetten robban\u00e1svesz\u00e9lyes k\u00f6rnyezetben t\u00f6rt\u00e9n\u0151 biztons\u00e1gos haszn\u00e1latra tervezt\u00e9k. \u00dagy gy\u00e1rtj\u00e1k, hogy a robban\u00e1svesz\u00e9lyt speci\u00e1lis tervez\u00e9si \u00e9s \u00e9p\u00edt\u00e9si technik\u00e1k alkalmaz\u00e1s\u00e1val korl\u00e1tozz\u00e1k. A berendez\u00e9sek sz\u00e9les sk\u00e1l\u00e1j\u00e1t foglalj\u00e1k magukban, mint p\u00e9ld\u00e1ul a vil\u00e1g\u00edt\u00f3testek, motorok, kapcsol\u00f3k, \u00e9rz\u00e9kel\u0151k, kommunik\u00e1ci\u00f3s eszk\u00f6z\u00f6k \u00e9s m\u00e9r\u0151m\u0171szerek.  <\/p>\n\n<p>Az ATEX-berendez\u00e9seknek szigor\u00fa tan\u00fas\u00edt\u00e1si elj\u00e1r\u00e1sokon kell \u00e1tesni\u00fck, hogy megfeleljenek az el\u0151\u00edrt biztons\u00e1gi el\u0151\u00edr\u00e1soknak. A gy\u00e1rt\u00f3knak r\u00e9szletes t\u00e1j\u00e9koztat\u00e1st kell ny\u00fajtaniuk a megfelel\u0151 v\u00e9delmi kateg\u00f3ri\u00e1r\u00f3l, a h\u0151m\u00e9rs\u00e9kleti oszt\u00e1lyr\u00f3l, az oszt\u00e1lyoz\u00e1si z\u00f3n\u00e1kr\u00f3l \u00e9s egy\u00e9b biztons\u00e1gi jellemz\u0151kr\u0151l a term\u00e9keiken.<\/p>\n\n<p>Az ATEX-berendez\u00e9sek k\u00e9t f\u0151 kateg\u00f3ri\u00e1ba sorolhat\u00f3k: <strong>g\u00e1z-<\/strong> \u00e9s <strong>poros<\/strong> <strong>l\u00e9gk\u00f6r\u0171<\/strong> berendez\u00e9sek. Mindk\u00e9t kateg\u00f3ri\u00e1nak saj\u00e1tos jellemz\u0151i vannak, amelyek c\u00e9lja a biztons\u00e1g biztos\u00edt\u00e1sa a robban\u00e1svesz\u00e9lyes k\u00f6rnyezetben. <\/p>\n\n<p>A <strong>g\u00e1znem\u0171 l\u00e9gk\u00f6rben<\/strong> haszn\u00e1latos berendez\u00e9seket \u00fagy tervezt\u00e9k, hogy megakad\u00e1lyozz\u00e1k a robban\u00e1st kiv\u00e1lt\u00f3 szikr\u00e1k vagy elektromos \u00edvek kialakul\u00e1s\u00e1t. Olyan v\u00e9d\u0151eszk\u00f6z\u00f6ket tartalmaznak, mint a robban\u00e1sbiztos burkolatok \u00e9s t\u00f6m\u00edt\u00e9sek, amelyek megakad\u00e1lyozz\u00e1k a gy\u00fal\u00e9kony g\u00e1zok bejut\u00e1s\u00e1t. Ezek a berendez\u00e9sek robban\u00e1sbiztos anyagokb\u00f3l k\u00e9sz\u00fclnek, \u00e9s \u00fagy tervezt\u00e9k \u0151ket, hogy minim\u00e1lisra cs\u00f6kkents\u00e9k a gyullad\u00e1s kock\u00e1zat\u00e1t.  <\/p>\n\n<p>A <strong>poros l\u00e9gk\u00f6rben<\/strong> haszn\u00e1lt berendez\u00e9seket kifejezetten \u00fagy tervezt\u00e9k, hogy megakad\u00e1lyozz\u00e1k az \u00e9ghet\u0151 por felhalmoz\u00f3d\u00e1s\u00e1t. Olyan jellemz\u0151kkel vannak felszerelve, mint a finom r\u00e9szecsk\u00e9k visszatart\u00e1s\u00e1ra szolg\u00e1l\u00f3 speci\u00e1lis sz\u0171r\u0151k, a porelsz\u00edv\u00f3 rendszerek a porlerak\u00f3d\u00e1sok megsz\u00fcntet\u00e9s\u00e9re, valamint a sima fel\u00fcletek a gy\u00fal\u00e9kony porok megtapad\u00e1s\u00e1nak megakad\u00e1lyoz\u00e1s\u00e1ra. Ezt a berendez\u00e9st \u00fagy tervezt\u00e9k, hogy minim\u00e1lisra cs\u00f6kkentse a porgyullad\u00e1sok \u00e9s robban\u00e1sok kock\u00e1zat\u00e1t.  <\/p>\n\n<p>Mindk\u00e9t kateg\u00f3ri\u00e1ban elengedhetetlen az ATEX-tan\u00fas\u00edt\u00e1s annak biztos\u00edt\u00e1sa \u00e9rdek\u00e9ben, hogy a berendez\u00e9s megfeleljen az el\u0151\u00edrt biztons\u00e1gi el\u0151\u00edr\u00e1soknak. A gy\u00e1rt\u00f3knak r\u00e9szletes t\u00e1j\u00e9koztat\u00e1st kell ny\u00fajtaniuk arr\u00f3l, hogy berendez\u00e9seik megfelelnek-e az ATEX-ir\u00e1nyelveknek, bele\u00e9rtve azokat a besorol\u00e1si z\u00f3n\u00e1kat, amelyekre az adott berendez\u00e9s alkalmas.  <\/p>\n\n<h2 class=\"wp-block-heading\">ATEX berendez\u00e9sek k\u00edn\u00e1lat\u00e1ban<\/h2>\n\n<h3 class=\"wp-block-heading\">M\u0171szaki lev\u00e1laszt\u00f3 rendszereink<\/h3>\n\n<div class=\"wp-block-columns is-layout-flex wp-container-core-columns-is-layout-28f84493 wp-block-columns-is-layout-flex\">\n<div class=\"wp-block-column is-layout-flow wp-block-column-is-layout-flow\">\n<figure class=\"wp-block-image aligncenter size-full is-resized\"><a href=\"https:\/\/obera.fr\/produits\/atex\/clapet-anti-retour\/\"><img decoding=\"async\" width=\"175\" height=\"175\" src=\"https:\/\/obera.fr\/wp-content\/uploads\/2020\/09\/Clapet-anti-retour-ATEX-1-175x175-1.png\" alt=\"Csomagol&#xE1;s &#xE9;s c&#xED;mk&#xE9;z&#xE9;s - Visszacsap&#xF3; szelep\" class=\"wp-image-990\" srcset=\"https:\/\/obera.fr\/wp-content\/uploads\/2020\/09\/Clapet-anti-retour-ATEX-1-175x175-1.png 175w, https:\/\/obera.fr\/wp-content\/uploads\/2020\/09\/Clapet-anti-retour-ATEX-1-175x175-1-150x150.png 150w\" sizes=\"(max-width: 175px) 100vw, 175px\" \/><\/a><figcaption class=\"wp-element-caption\">ATEX visszacsap\u00f3 szelep<\/figcaption><\/figure>\n<\/div>\n\n\n\n<div class=\"wp-block-column is-layout-flow wp-block-column-is-layout-flow\"><\/div>\n\n\n\n<div class=\"wp-block-column is-layout-flow wp-block-column-is-layout-flow\"><\/div>\n<\/div>\n\n<ul class=\"wp-block-list\">\n<li><strong>ATEX visszacsap\u00f3 szelepeinket<\/strong> \u00fagy tervezt\u00e9k, hogy ellen\u00e1lljanak a robban\u00e1si nyom\u00e1snak. Ezek elengedhetetlenek az ATEX porelsz\u00edv\u00f3 berendez\u00e9sekben, \u00e9s a feladatuk az, hogy megv\u00e9dj\u00e9k a kezel\u0151ket \u00e9s a g\u00e9peket a porgy\u0171jt\u0151b\u0151l a termel\u00e9sbe t\u00f6rt\u00e9n\u0151 robban\u00e1sszer\u0171 vissza\u00e1raml\u00e1st\u00f3l. Ez\u00e1ltal megf\u00e9kezik a robban\u00e1s terjed\u00e9s\u00e9t, \u00e9s mindenekel\u0151tt megakad\u00e1lyozz\u00e1k a hal\u00e1los s\u00e9r\u00fcl\u00e9seket.  <\/li>\n\n\n\n<li><strong>A porlev\u00e1laszt\u00f3k<\/strong> (180\u00b0-os terel\u0151lapok) a porlev\u00e1laszt\u00f3 el\u0151tt, hogy lev\u00e1lassz\u00e1k a l\u00e9tes\u00edtm\u00e9nyt a folyamat t\u00f6bbi r\u00e9sz\u00e9t\u0151l, ha a robban\u00e1s a folyamatb\u00f3l sz\u00e1rmazik.<\/li>\n\n\n\n<li><strong>Z\u00e1rjaink ATEX tan\u00fas\u00edtv\u00e1nnyal rendelkeznek<\/strong> a t\u0171z\u00e1ll\u00f3s\u00e1g \u00e9s a robban\u00e1si t\u00falnyom\u00e1ssal szembeni ellen\u00e1ll\u00e1s tekintet\u00e9ben.<\/li>\n<\/ul>\n\n<h3 class=\"wp-block-heading\">Robban\u00e1smentes\u00edt\u0151 vagy elfojt\u00f3 eszk\u00f6zeink  <\/h3>\n\n<ul class=\"wp-block-list\">\n<li>A robban\u00f3ny\u00edl\u00e1saink.<\/li>\n\n\n\n<li>Belt\u00e9ri \u00fcr\u00edt\u0151 rendszereink.<\/li>\n\n\n\n<li>Robban\u00e1sg\u00e1tl\u00f3 rendszereink (inertiz\u00e1l\u00e1s, olt\u00e1s).<\/li>\n<\/ul>\n\n<h3 class=\"wp-block-heading\">Porsz\u00edv\u00f3ink  <\/h3>\n\n<div class=\"wp-block-columns are-vertically-aligned-top is-layout-flex wp-container-core-columns-is-layout-28f84493 wp-block-columns-is-layout-flex\">\n<div class=\"wp-block-column is-vertically-aligned-top is-layout-flow wp-block-column-is-layout-flow\">\n<figure class=\"wp-block-image aligncenter size-thumbnail\"><a href=\"https:\/\/obera.fr\/hu\/aspiration-fumees-soudage-laser-epur-b-ex\/\"><img decoding=\"async\" width=\"150\" height=\"150\" src=\"https:\/\/obera.fr\/wp-content\/uploads\/2020\/09\/ePUR-B-Ex-logo-ATEX-175x175-1-150x150.png\" alt=\"Epur B Ex Logo Atex 175x175 1\" class=\"wp-image-991\" srcset=\"https:\/\/obera.fr\/wp-content\/uploads\/2020\/09\/ePUR-B-Ex-logo-ATEX-175x175-1-150x150.png 150w, https:\/\/obera.fr\/wp-content\/uploads\/2020\/09\/ePUR-B-Ex-logo-ATEX-175x175-1.png 175w\" sizes=\"(max-width: 150px) 100vw, 150px\" \/><\/a><figcaption class=\"wp-element-caption\">ePUR B EX <br\/>ATEX v\u00e1ltozat<\/figcaption><\/figure>\n\n\n\n<p class=\"has-text-align-left\">Az<strong> EPUR B Ex <\/strong>1000 \u00e9s 3000 term\u00e9kcsal\u00e1dunk olyan mobil elsz\u00edv\u00f3egys\u00e9gek, amelyeket hegeszt\u00e9si f\u00fcst, forraszanyag, por, g\u0151z\u00f6k, old\u00f3szerek \u00e9s g\u00e1zok elsz\u00edv\u00e1s\u00e1ra terveztek. Rendk\u00edv\u00fcl sokoldal\u00faak, h\u00e1rom sz\u0171r\u00e9si fokozatuknak k\u00f6sz\u00f6nhet\u0151en gyakorlatilag b\u00e1rmilyen ipari \u00e1gazathoz alkalmazhat\u00f3k. \u00c9rint\u0151k\u00e9perny\u0151n kereszt\u00fcl vagy t\u00e1volr\u00f3l vez\u00e9relhet\u0151ek a kiv\u00e1l\u00f3 kezelhet\u0151s\u00e9g \u00e9rdek\u00e9ben, csendesek \u00e9s nagy teljes\u00edtm\u00e9ny\u0171ek, \u00edgy ak\u00e1r h\u00e1rom munka\u00e1llom\u00e1st vagy gy\u00e1rt\u00f3g\u00e9pet is elsz\u00edvhatnak.    <\/p>\n<\/div>\n\n\n\n<div class=\"wp-block-column is-vertically-aligned-top is-layout-flow wp-block-column-is-layout-flow\">\n<figure class=\"wp-block-image aligncenter size-thumbnail\"><a href=\"https:\/\/obera.fr\/hu\/produits\/depoussiereurs-industriels\/mobiles\/extracteur-poussiere-dustomat-4\/\"><img decoding=\"async\" width=\"150\" height=\"150\" src=\"https:\/\/obera.fr\/wp-content\/uploads\/2020\/11\/71-atex-DUSTOMAT-4-150x150.jpg\" alt=\"DUSTOMAT 4 ATEX v&#xE1;ltozat\" class=\"wp-image-1740\"\/><\/a><figcaption class=\"wp-element-caption\">DUSTOMAT 4 <br\/>ATEX v\u00e1ltozat<\/figcaption><\/figure>\n\n\n\n<p class=\"has-text-align-left\">A <strong>DUSTOMAT 4<\/strong> gyakorlatilag minden ipari \u00e1gazatban alkalmazhat\u00f3. A port k\u00f6zvetlen\u00fcl a termel\u0151g\u00e9pb\u0151l sz\u00edvhatja el, de csatlakoztathat\u00f3 elsz\u00edv\u00f3h\u00e1ztet\u0151h\u00f6z, sz\u00edv\u00f3karhoz vagy csatornah\u00e1l\u00f3zathoz is. \u00dagy tervezt\u00e9k, hogy hat\u00e9kony, nagy teljes\u00edtm\u00e9ny\u0171 l\u00e9gkering\u00e9st biztos\u00edtson, csendesen \u00e9s nagyon alacsony energiafogyaszt\u00e1ssal. A neh\u00e9z \u00e9s durva r\u00e9szecsk\u00e9khez el\u0151lev\u00e1laszt\u00f3val van felszerelve. A sz\u0171r\u0151 tiszt\u00edt\u00e1sa s\u0171r\u00edtett leveg\u0151vel t\u00f6rt\u00e9nik, ami megk\u00f6nny\u00edti a karbantart\u00e1st \u00e9s garant\u00e1lja a sz\u0171r\u0151bet\u00e9tek hossz\u00fa \u00e9lettartam\u00e1t.      <\/p>\n<\/div>\n<\/div>\n\n<div class=\"wp-block-columns is-layout-flex wp-container-core-columns-is-layout-28f84493 wp-block-columns-is-layout-flex\">\n<div class=\"wp-block-column is-layout-flow wp-block-column-is-layout-flow\">\n<div class=\"wp-block-buttons is-layout-flex wp-block-buttons-is-layout-flex\">\n<div class=\"wp-block-button aligncenter\"><a class=\"wp-block-button__link wp-element-button\" href=\"https:\/\/obera.fr\/produits\/depoussiereurs-industriels\/petits\/aspiration-fumees-soudage-laser-epur-b-ex\/\">NEM-ATEX V\u00c1LTOZATBAN IS KAPHAT\u00d3<\/a><\/div>\n<\/div>\n<\/div>\n\n\n\n<div class=\"wp-block-column is-vertically-aligned-center is-layout-flow wp-block-column-is-layout-flow\">\n<div class=\"wp-block-buttons is-layout-flex wp-block-buttons-is-layout-flex\"><\/div>\n<\/div>\n\n\n\n<div class=\"wp-block-column is-layout-flow wp-block-column-is-layout-flow\">\n<div class=\"wp-block-buttons is-layout-flex wp-block-buttons-is-layout-flex\">\n<div class=\"wp-block-button aligncenter\"><a class=\"wp-block-button__link wp-element-button\" href=\"https:\/\/obera.fr\/produits\/depoussiereurs-industriels\/mobiles\/extracteur-poussiere-dustomat-4\/\">NEM-ATEX V\u00c1LTOZATBAN IS KAPHAT\u00d3<\/a><\/div>\n<\/div>\n<\/div>\n<\/div>\n\n<hr class=\"wp-block-separator has-css-opacity\"\/>\n\n<div class=\"wp-block-columns are-vertically-aligned-top is-layout-flex wp-container-core-columns-is-layout-28f84493 wp-block-columns-is-layout-flex\">\n<div class=\"wp-block-column is-vertically-aligned-top is-layout-flow wp-block-column-is-layout-flow\">\n<figure class=\"wp-block-image aligncenter size-full is-resized\"><a href=\"https:\/\/obera.fr\/hu\/produits\/depoussiereurs-industriels\/fixes\/depoussiereur-a-voie-humide-dustomat-hydro\/\"><img decoding=\"async\" width=\"150\" height=\"150\" src=\"https:\/\/obera.fr\/wp-content\/uploads\/2022\/11\/sans-titre-2022-11-24t101900.722.png\" alt=\"DUSTOMAT HYDRO ATEX v&#xE1;ltozat\" class=\"wp-image-16200\"\/><\/a><figcaption class=\"wp-element-caption\">DUSTOMAT HYDRO<br\/>ATEX v\u00e1ltozat<\/figcaption><\/figure>\n\n\n\n<p class=\"has-text-align-left\">A <strong>DUSTOMAT HYDRO porlev\u00e1laszt\u00f3k<\/strong> olyan nedves porlev\u00e1laszt\u00f3k, amelyek k\u00e9pesek a f\u00e9mes \u00e9s k\u00f6nnyen gy\u00fal\u00e9kony porok, p\u00e9ld\u00e1ul szikr\u00e1k k\u00f6zvetlen elsz\u00edv\u00e1s\u00e1ra.  <\/p>\n\n\n\n<p class=\"has-text-align-left\">Biztons\u00e1gos v\u00e1kuumoz\u00e1s az innovat\u00edv v\u00edzlev\u00e1laszt\u00f3 technol\u00f3gi\u00e1nak k\u00f6sz\u00f6nhet\u0151en.<\/p>\n<\/div>\n\n\n\n<div class=\"wp-block-column is-vertically-aligned-top is-layout-flow wp-block-column-is-layout-flow\">\n<figure class=\"wp-block-image aligncenter size-thumbnail\"><a href=\"https:\/\/obera.fr\/hu\/produits\/depoussiereurs-industriels\/fixes\/aspiration-centralisee-industrielle-dustmac\/\"><img decoding=\"async\" width=\"150\" height=\"150\" src=\"https:\/\/obera.fr\/wp-content\/uploads\/2020\/11\/70-atex-DUSTMAC-150x150.jpg\" alt=\"DUSTMAC ATEX v&#xE1;ltozat\" class=\"wp-image-1742\" srcset=\"https:\/\/obera.fr\/wp-content\/uploads\/2020\/11\/70-atex-DUSTMAC-150x150.jpg 150w, https:\/\/obera.fr\/wp-content\/uploads\/2020\/11\/70-atex-DUSTMAC.jpg 300w\" sizes=\"(max-width: 150px) 100vw, 150px\" \/><\/a><figcaption class=\"wp-element-caption\">DUSTMAC <br\/>ATEX v\u00e1ltozat<\/figcaption><\/figure>\n\n\n\n<p class=\"has-text-align-left\"><strong>A DUSTMAC ATEX v\u00e1ltozata<\/strong> egy patronos vagy zs\u00e1kos porlev\u00e1laszt\u00f3, amely belt\u00e9ri vagy hagyom\u00e1nyos membr\u00e1n robban\u00f3ny\u00edl\u00e1sokkal, ATEX-z\u00e1rral, valamint fel- \u00e9s lefel\u00e9 ir\u00e1nyul\u00f3 robban\u00e1smentes\u00edt\u0151 rendszerrel van felszerelve.  <\/p>\n\n\n\n<p class=\"has-text-align-left\">Ezt a berendez\u00e9st \u00e1ltal\u00e1ban a 20-as z\u00f3n\u00e1ba sorolj\u00e1k belt\u00e9ri \u00e9s a 22-es z\u00f3n\u00e1ba k\u00fclt\u00e9ri haszn\u00e1latra, ha robban\u00e1svesz\u00e9lyes porokr\u00f3l van sz\u00f3.<\/p>\n<\/div>\n\n\n\n<div class=\"wp-block-column is-layout-flow wp-block-column-is-layout-flow\">\n<figure class=\"wp-block-image aligncenter size-full is-resized\"><a href=\"https:\/\/obera.fr\/hu\/produits\/traitement-cov\/filtre-atex-mobile-mobfan-4500\/\"><img decoding=\"async\" width=\"150\" height=\"150\" src=\"https:\/\/obera.fr\/wp-content\/uploads\/2022\/04\/MOBFAN4500-ATEX.png\" alt=\"mobfan4500 atex\" class=\"wp-image-9554\"\/><\/a><figcaption class=\"wp-element-caption\">MOBFAN<br\/>ATEX v\u00e1ltozat<\/figcaption><\/figure>\n\n\n\n<p class=\"has-text-align-left\"><strong>A DUSTMAC ATEX kivitelben<\/strong> egy ATEX kivitel\u0171 patronos vagy zs\u00e1kos porlev\u00e1laszt\u00f3, amely belt\u00e9ri vagy hagyom\u00e1nyos membr\u00e1nos robban\u00e1sbiztos szell\u0151z\u0151ny\u00edl\u00e1ssal, ATEX-z\u00e1rral, valamint fel- \u00e9s lefel\u00e9 ir\u00e1nyul\u00f3 robban\u00e1smentes\u00edt\u0151 rendszerrel van felszerelve.  <\/p>\n\n\n\n<p class=\"has-text-align-left\">Ezt a berendez\u00e9st \u00e1ltal\u00e1ban a 20-as z\u00f3n\u00e1ba sorolj\u00e1k belt\u00e9ri \u00e9s a 22-es z\u00f3n\u00e1ba k\u00fclt\u00e9ri haszn\u00e1latra, ha robban\u00e1svesz\u00e9lyes porokr\u00f3l van sz\u00f3.<\/p>\n<\/div>\n<\/div>\n\n<div class=\"wp-block-columns is-layout-flex wp-container-core-columns-is-layout-28f84493 wp-block-columns-is-layout-flex\">\n<div class=\"wp-block-column is-layout-flow wp-block-column-is-layout-flow\">\n<div class=\"wp-block-buttons is-layout-flex wp-block-buttons-is-layout-flex\">\n<div class=\"wp-block-button aligncenter\"><a class=\"wp-block-button__link wp-element-button\" href=\"https:\/\/obera.fr\/produits\/depoussiereurs-industriels\/fixes\/depoussiereur-a-voie-humide-dustomat-hydro\/\">NEM-ATEX V\u00c1LTOZATBAN IS KAPHAT\u00d3<\/a><\/div>\n<\/div>\n<\/div>\n\n\n\n<div class=\"wp-block-column is-layout-flow wp-block-column-is-layout-flow\">\n<div class=\"wp-block-buttons is-layout-flex wp-block-buttons-is-layout-flex\">\n<div class=\"wp-block-button aligncenter\"><a class=\"wp-block-button__link wp-element-button\" href=\"https:\/\/obera.fr\/produits\/depoussiereurs-industriels\/fixes\/aspiration-centralisee-industrielle-dustmac\/\">NEM-ATEX V\u00c1LTOZATBAN IS KAPHAT\u00d3<\/a><\/div>\n<\/div>\n<\/div>\n\n\n\n<div class=\"wp-block-column is-layout-flow wp-block-column-is-layout-flow\">\n<div class=\"wp-block-buttons alignwide is-content-justification-center is-layout-flex wp-container-core-buttons-is-layout-a89b3969 wp-block-buttons-is-layout-flex\">\n<div class=\"wp-block-button\"><a class=\"wp-block-button__link wp-element-button\" href=\"https:\/\/obera.fr\/produits\/traitement-cov\/filtre-atex-mobile-mobfan-4500\/\">NEM-ATEX V\u00c1LTOZATBAN IS KAPHAT\u00d3<\/a><\/div>\n<\/div>\n<\/div>\n<\/div>\n\n<hr class=\"wp-block-separator has-css-opacity\"\/>\n\n<div class=\"wp-block-columns are-vertically-aligned-top is-layout-flex wp-container-core-columns-is-layout-28f84493 wp-block-columns-is-layout-flex\">\n<div class=\"wp-block-column is-layout-flow wp-block-column-is-layout-flow\">\n<figure class=\"wp-block-image aligncenter size-thumbnail is-resized\"><a href=\"https:\/\/obera.fr\/hu\/produits\/depoussiereurs-industriels\/mobiles\/extracteur-de-poussiere-dustomat-dry\/#more-24274\"><img decoding=\"async\" width=\"150\" height=\"150\" src=\"https:\/\/obera.fr\/wp-content\/uploads\/2023\/09\/dustomat-dry-150x150.png\" alt=\"poromat sz&#xE1;raz\" class=\"wp-image-24355\" srcset=\"https:\/\/obera.fr\/wp-content\/uploads\/2023\/09\/dustomat-dry-150x150.png 150w, https:\/\/obera.fr\/wp-content\/uploads\/2023\/09\/dustomat-dry-300x300.png 300w, https:\/\/obera.fr\/wp-content\/uploads\/2023\/09\/dustomat-dry.png 320w\" sizes=\"(max-width: 150px) 100vw, 150px\" \/><\/a><figcaption class=\"wp-element-caption\">DUSTOMAT DRY ATEX v\u00e1ltozat<\/figcaption><\/figure>\n\n\n\n<p>A <strong>DUSTOMAT DRY<\/strong> egy olyan <a href=\"https:\/\/obera.fr\/hu\/produits\/depoussiereurs-industriels\/mobiles\/extracteur-de-poussiere-dustomat-dry\/\">portalan\u00edt\u00f3<\/a> rendszer, amely ide\u00e1lisan alkalmas az ipari \u00e1gazatok sz\u00e9les sk\u00e1l\u00e1j\u00e1ra. N\u00e9gy teljes\u00edtm\u00e9nyszinten kaphat\u00f3, \u00e9s 2000 \u00e9s 3500 k\u00f6bm\u00e9ter\/\u00f3ra k\u00f6z\u00f6tti \u00e1tlagos \u00e1raml\u00e1si sebess\u00e9gre alkalmas. <\/p>\n\n\n\n<p>Jelent\u0151s sz\u00edv\u00f3ereje ellen\u00e9re a DUSTOMAT DRY rendk\u00edv\u00fcl csendes \u00e9s energiatakar\u00e9kos.  <\/p>\n<\/div>\n\n\n\n<div class=\"wp-block-column is-vertically-aligned-top is-layout-flow wp-block-column-is-layout-flow\">\n<figure class=\"wp-block-image aligncenter size-thumbnail is-resized\"><img decoding=\"async\" width=\"150\" height=\"150\" src=\"https:\/\/obera.fr\/wp-content\/uploads\/2024\/11\/epurbox-caissons-mobiles-aspiration-150x150.png\" alt=\"epurbox mobil sz&#xED;v&#xF3;egys&#xE9;gek\" class=\"wp-image-53926\" style=\"width:166px;height:auto\"\/><figcaption class=\"wp-element-caption\">ePURBOX Atex<\/figcaption><\/figure>\n\n\n\n<p>Az EpurBox ATEX egy <strong>mobil elsz\u00edv\u00f3egys\u00e9g <\/strong>, amely ATEX 2 g\u00e1z \u00e9s ATEX 22 por v\u00e1ltozatban kaphat\u00f3. \u00dagy tervezt\u00e9k, hogy ATEX-k\u00f6rnyezetben kezelje az ill\u00e9kony szerves vegy\u00fcleteket (VOC), g\u00e1zokat, szagokat, old\u00f3szereket, port \u00e9s f\u00fcst\u00f6t.   <\/p>\n<\/div>\n<\/div>\n\n<div class=\"wp-block-columns is-layout-flex wp-container-core-columns-is-layout-28f84493 wp-block-columns-is-layout-flex\">\n<div class=\"wp-block-column is-vertically-aligned-center is-layout-flow wp-block-column-is-layout-flow\">\n<div class=\"wp-block-buttons alignwide is-content-justification-center is-layout-flex wp-container-core-buttons-is-layout-a89b3969 wp-block-buttons-is-layout-flex\">\n<div class=\"wp-block-button\"><a class=\"wp-block-button__link has-text-align-center wp-element-button\" href=\"https:\/\/obera.fr\/produits\/depoussiereurs-industriels\/mobiles\/extracteur-de-poussiere-dustomat-dry\/#more-24274\">NEM-ATEX V\u00c1LTOZATBAN IS KAPHAT\u00d3<\/a><\/div>\n<\/div>\n<\/div>\n\n\n\n<div class=\"wp-block-column is-layout-flow wp-block-column-is-layout-flow\">\n<div class=\"wp-block-buttons alignwide is-content-justification-center is-layout-flex wp-container-core-buttons-is-layout-a89b3969 wp-block-buttons-is-layout-flex\">\n<div class=\"wp-block-button\"><a class=\"wp-block-button__link has-text-align-center wp-element-button\">NEM-ATEX V\u00c1LTOZATBAN IS KAPHAT\u00d3<\/a><\/div>\n<\/div>\n<\/div>\n<\/div>\n\n<hr class=\"wp-block-separator has-alpha-channel-opacity\"\/>\n\n<div style=\"height:10px\" aria-hidden=\"true\" class=\"wp-block-spacer\"><\/div>\n\n<h2 class=\"wp-block-heading\"><strong>Melyek a megfelel\u0151 ATEX-berendez\u00e9s kiv\u00e1laszt\u00e1s\u00e1nak krit\u00e9riumai?<\/strong><\/h2>\n\n<p>Az ATEX-berendez\u00e9sek tervez\u00e9s\u00e9n\u00e9l sz\u00e1mos t\u00e9nyez\u0151 alapvet\u0151 fontoss\u00e1g\u00fa.<\/p>\n\n<h3 class=\"wp-block-heading\">Por jellemz\u0151i<\/h3>\n\n<p>Az ATEX-porok jellemz\u0151i k\u00f6z\u00e9 tartoznak a gy\u00fal\u00e9konys\u00e1guk \u00e9s robban\u00e9konys\u00e1guk meghat\u00e1roz\u00e1s\u00e1ra szolg\u00e1l\u00f3 speci\u00e1lis param\u00e9terek. Az al\u00e1bbiakban a f\u0151bb jellemz\u0151ket \u00e9rdemes szem el\u0151tt tartani:<\/p>\n\n<ul class=\"wp-block-list\">\n<li><strong>Kst (nyom\u00e1semelked\u00e9si \u00e1lland\u00f3)<\/strong>: A Kst egy olyan \u00e9rt\u00e9k, amely a porrobban\u00e1s sor\u00e1n bek\u00f6vetkez\u0151 nyom\u00e1semelked\u00e9s m\u00e9rt\u00e9k\u00e9t jel\u00f6li. A robban\u00e1s s\u00falyoss\u00e1g\u00e1t jelzi, \u00e9s bar m\/s-ban fejezik ki. Min\u00e9l nagyobb a Kst, ann\u00e1l hevesebb a robban\u00e1s.  <\/li>\n\n\n\n<li><strong>Pmax (maxim\u00e1lis nyom\u00e1s)<\/strong>: Pmax a porrobban\u00e1s sor\u00e1n el\u00e9rt maxim\u00e1lis nyom\u00e1s. Ezt barban fejezik ki, \u00e9s a robban\u00e1s erej\u00e9nek meghat\u00e1roz\u00e1s\u00e1ra szolg\u00e1l. A magas Pmax \u00e9rt\u00e9k er\u0151sebb robban\u00e1st jelez.  <\/li>\n\n\n\n<li><strong>Minim\u00e1lis robban\u00e1si koncentr\u00e1ci\u00f3 (MEC)<\/strong>: A MEC a leveg\u0151ben l\u00e9v\u0151 por minim\u00e1lis koncentr\u00e1ci\u00f3ja, amely sz\u00fcks\u00e9ges a robban\u00e1s bek\u00f6vetkez\u00e9s\u00e9hez. Ezt g\/m\u00b3-ben fejezik ki, \u00e9s a por t\u00edpus\u00e1t\u00f3l f\u00fcgg\u0151en v\u00e1ltozik. A MEC feletti porkoncentr\u00e1ci\u00f3 robban\u00e1svesz\u00e9lyt jelent.  <\/li>\n\n\n\n<li><strong>Finoms\u00e1gi fok <\/strong>: Az ATEX-porok finoms\u00e1gi foka a r\u00e9szecsk\u00e9k m\u00e9ret\u00e9t mutatja. A finomabb porok \u00e1ltal\u00e1ban gy\u00fal\u00e9konyabbak, \u00e9s nagyobb val\u00f3sz\u00edn\u0171s\u00e9ggel k\u00e9peznek robban\u00e1svesz\u00e9lyes kever\u00e9ket a leveg\u0151vel. <\/li>\n\n\n\n<li><strong>P\u00e1ratartalom <\/strong>: A porok p\u00e1ratartalma befoly\u00e1solhatja gy\u00fal\u00e9konys\u00e1gukat. Egyes porok sz\u00e1raz \u00e1llapotban gy\u00fal\u00e9konyabbak, m\u00edg m\u00e1sok nedvesen gy\u00fal\u00e9konyabb\u00e1 v\u00e1lhatnak. <\/li>\n<\/ul>\n\n<p>Fontos megjegyezni, hogy minden egyes port\u00edpusnak saj\u00e1tos jellemz\u0151i lehetnek. Ez\u00e9rt a robban\u00e1svesz\u00e9ly minimaliz\u00e1l\u00e1s\u00e1hoz sz\u00fcks\u00e9ges ATEX-berendez\u00e9sek kiv\u00e1laszt\u00e1s\u00e1hoz \u00e9s helyes m\u00e9retez\u00e9s\u00e9hez elengedhetetlen a munkak\u00f6rnyezetben jelen l\u00e9v\u0151 porok pontos jellemz\u0151inek ismerete.<\/p>\n\n<p>Az ATEX por jellemz\u0151ire vonatkoz\u00f3 sz\u00fcks\u00e9ges adatok beszerz\u00e9s\u00e9re t\u00f6bb lehets\u00e9ges megold\u00e1s is l\u00e9tezik:<\/p>\n\n<ul class=\"wp-block-list\">\n<li><strong>Reprezentat\u00edv minta elemz\u00e9se<\/strong>: \u00d6n a munkak\u00f6rnyezet\u00e9ben bel\u00e9legzett porra reprezentat\u00edv mint\u00e1t elemezhet. Ez pontos adatokat szolg\u00e1ltat az adott porok gy\u00fal\u00e9konys\u00e1gi \u00e9s robban\u00e1svesz\u00e9lyess\u00e9gi jellemz\u0151ir\u0151l. <\/li>\n<\/ul>\n\n<ul class=\"wp-block-list\">\n<li><strong>Keres\u00e9s a megl\u00e9v\u0151 adatb\u00e1zisokban<\/strong>: A rendelkez\u00e9sre \u00e1ll\u00f3 adatb\u00e1zisokban m\u00e1r vizsg\u00e1lt hasonl\u00f3 por mint\u00e1kra kereshet. A leg\u00e1tfog\u00f3bb nyilv\u00e1nos adatb\u00e1zis a GESTIS-CARATEX POUSSIERES adatb\u00e1zisa: https:\/\/staubex.ifa.dguv.de\/explosuche.aspx?lang=f. Ez az adatb\u00e1zis t\u00f6bb mint 6000, k\u00fcl\u00f6nb\u00f6z\u0151 ipari \u00e1gazatokb\u00f3l sz\u00e1rmaz\u00f3 porminta gy\u00fal\u00e9konys\u00e1gi \u00e9s robban\u00e9konys\u00e1gi jellemz\u0151it foglalja \u00f6ssze. \u00c9rt\u00e9kes eszk\u00f6z a gy\u00fal\u00e9kony porokkal kapcsolatos kock\u00e1zatok megel\u0151z\u00e9s\u00e9ben, \u00e9s seg\u00edt a porrobban\u00e1sok elleni v\u00e9d\u0151int\u00e9zked\u00e9sek megtervez\u00e9s\u00e9ben a poros anyagokat haszn\u00e1l\u00f3 l\u00e9tes\u00edtm\u00e9nyekben vagy folyamatokban.  <\/li>\n<\/ul>\n\n<p>Ezeknek a megold\u00e1soknak a haszn\u00e1lat\u00e1val megkaphatja a sz\u00fcks\u00e9ges inform\u00e1ci\u00f3kat az ATEX-porok jellemz\u0151ir\u0151l, hogy helyesen m\u00e9retezze meg berendez\u00e9seit \u00e9s hozza meg a megfelel\u0151 biztons\u00e1gi int\u00e9zked\u00e9seket.<\/p>\n\n<h3 class=\"wp-block-heading\">Gy\u00fajt\u00f3forr\u00e1sok \u00e9s\/vagy az azokat kik\u00fcsz\u00f6b\u00f6l\u0151 biztons\u00e1gi berendez\u00e9sek megl\u00e9te vagy hi\u00e1nya?<\/h3>\n\n<div class=\"wp-block-columns is-layout-flex wp-container-core-columns-is-layout-28f84493 wp-block-columns-is-layout-flex\">\n<div class=\"wp-block-column is-vertically-aligned-center is-layout-flow wp-block-column-is-layout-flow\" style=\"flex-basis:33.33%\">\n<figure class=\"wp-block-image aligncenter size-full is-resized\"><img decoding=\"async\" width=\"305\" height=\"287\" src=\"https:\/\/obera.fr\/wp-content\/uploads\/2020\/11\/28-atex.jpg\" alt=\"K&#xE9;szletfot&#xF3;z&#xE1;s - Plan&#xE8;te\" class=\"wp-image-1670\" style=\"width:339px;height:auto\" srcset=\"https:\/\/obera.fr\/wp-content\/uploads\/2020\/11\/28-atex.jpg 305w, https:\/\/obera.fr\/wp-content\/uploads\/2020\/11\/28-atex-300x282.jpg 300w\" sizes=\"(max-width: 305px) 100vw, 305px\" \/><\/figure>\n<\/div>\n\n\n\n<div class=\"wp-block-column is-vertically-aligned-center is-layout-flow wp-block-column-is-layout-flow\" style=\"flex-basis:66.66%\">\n<p>A robban\u00e1svesz\u00e9lyes porokkal val\u00f3 munkav\u00e9gz\u00e9s sor\u00e1n felt\u00e9tlen\u00fcl figyelembe kell venni <strong>a gy\u00fajt\u00f3forr\u00e1sok<\/strong> \u00e9s\/vagy a gy\u00fajt\u00f3forr\u00e1sok elfojt\u00e1s\u00e1ra szolg\u00e1l\u00f3 biztons\u00e1gi eszk\u00f6z\u00f6k <strong>lehets\u00e9ges jelenl\u00e9t\u00e9t<\/strong>. Ez k\u00fcl\u00f6n\u00f6sen vonatkozik a robban\u00e1svesz\u00e9lyes f\u00e9mporokra (alum\u00ednium, tit\u00e1n stb.) vagy robban\u00e1svesz\u00e9lyes szerves porokra (fa, cukor, szerves porok, kompozit anyagok, \u00fcvegsz\u00e1lak, sz\u00e9nsz\u00e1lak, gyant\u00e1k stb.). <\/p>\n\n\n\n<p>Ha a robban\u00e1svesz\u00e9lyes porok elsz\u00edv\u00e1sa gy\u00fajt\u00f3forr\u00e1sok, p\u00e9ld\u00e1ul szikr\u00e1k, izz\u00f3 r\u00e9szecsk\u00e9k, forr\u00f3 pontok vagy l\u00e1ngok lehets\u00e9ges jelenl\u00e9t\u00e9vel j\u00e1r, akkor a porlev\u00e1laszt\u00f3t felt\u00e9tlen\u00fcl \u00fagy kell kialak\u00edtani \u00e9s m\u00e9retezni, hogy<strong> ellen\u00e1lljon egy esetleges robban\u00e1snak<\/strong>. A porgy\u0171jt\u0151t \u00fagy kell megtervezni, hogy ellen\u00e1lljon a robban\u00e1s \u00e1ltal keltett nyom\u00e1snak, \u00e9s olyan eszk\u00f6z\u00f6kkel lehet felszerelni, mint a robban\u00e1sbiztos szell\u0151z\u0151ny\u00edl\u00e1sok \u00e9s az ATEX szerinti lev\u00e1laszt\u00f3 eszk\u00f6z\u00f6k (visszacsap\u00f3 szelep, lev\u00e1laszt\u00f3 terel\u0151lap, gyorsz\u00e1r\u00f3 szelep, inertiz\u00e1l\u00e1s stb.). <\/p>\n\n\n\n<p>M\u00e1sr\u00e9szt, ha az elsz\u00edvott robban\u00e1svesz\u00e9lyes porok nem kapcsol\u00f3dnak a folyamat vagy a g\u00e9p \u00e1ltal potenci\u00e1lisan keletkez\u0151 gy\u00fajt\u00f3forr\u00e1sokhoz, akkor lehets\u00e9ges olyan porlev\u00e1laszt\u00f3t telep\u00edteni, amely \u00fagy van m\u00e9retezve, hogy maga nem jelent gy\u00fajt\u00f3forr\u00e1st, p\u00e9ld\u00e1ul a felmeleged\u00e9s vagy az <strong>elektrosztatikus kis\u00fcl\u00e9sek<\/strong> kock\u00e1zat\u00e1nak elker\u00fcl\u00e9se r\u00e9v\u00e9n.<\/p>\n\n\n\n<p><\/p>\n<\/div>\n<\/div>\n\n<h3 class=\"wp-block-heading\">A telep\u00edt\u00e9si hely \u00f6vezeti besorol\u00e1sa<\/h3>\n\n<figure class=\"wp-block-image alignright size-medium is-resized\"><img decoding=\"async\" width=\"300\" height=\"251\" src=\"https:\/\/obera.fr\/wp-content\/uploads\/2020\/11\/27-hexagone-source-de-combustion-300x251.jpg\" alt=\"27 Hexagon &#xE9;g&#xE9;sforr&#xE1;s\" class=\"wp-image-1668\" style=\"width:402px;height:auto\" srcset=\"https:\/\/obera.fr\/wp-content\/uploads\/2020\/11\/27-hexagone-source-de-combustion-300x251.jpg 300w, https:\/\/obera.fr\/wp-content\/uploads\/2020\/11\/27-hexagone-source-de-combustion-768x644.jpg 768w, https:\/\/obera.fr\/wp-content\/uploads\/2020\/11\/27-hexagone-source-de-combustion.jpg 940w\" sizes=\"(max-width: 300px) 100vw, 300px\" \/><\/figure>\n\n<p>Amikor egy<strong> sz\u00edv\u00f3rendszert robban\u00e1svesz\u00e9lyes l\u00e9gk\u00f6r\u0171 z\u00f3n\u00e1ban<\/strong> telep\u00edt\u00fcnk, felt\u00e9tlen\u00fcl figyelembe kell venni a ter\u00fclet z\u00f3n\u00e1z\u00e1s\u00e1t. Alapvet\u0151 fontoss\u00e1g\u00fa a z\u00f3na besorol\u00e1s\u00e1nak ismerete \u00e9s annak biztos\u00edt\u00e1sa, hogy az elsz\u00edv\u00f3rendszer \u00f6sszes berendez\u00e9se megfeleljen az ATEX-k\u00f6vetelm\u00e9nyeknek az adott z\u00f3n\u00e1ra vonatkoz\u00f3an, amelyben telep\u00edt\u00e9sre ker\u00fcl. P\u00e9ld\u00e1ul egy porelsz\u00edv\u00f3 felsz\u00edvhatja a robban\u00e1svesz\u00e9lyes port, de telep\u00edthetik egy nem besorolt z\u00f3n\u00e1ban (az ATEX-z\u00f3n\u00e1n k\u00edv\u00fcl), ebben az esetben a felsz\u00edvott porral kapcsolatos kock\u00e1zat lesz a f\u0151 gond.  <\/p>\n\n<p>Ha a porelsz\u00edv\u00f3t <strong>robban\u00e1svesz\u00e9lyes l\u00e9gk\u00f6r\u0171 z\u00f3n\u00e1ban<\/strong> helyezik el, ellen\u0151rizni kell, hogy az elsz\u00edv\u00f3rendszer \u00f6sszes berendez\u00e9se megfelel-e annak a z\u00f3n\u00e1nak, amelyben telep\u00edtett\u00e9k.<\/p>\n\n<p>A megfelel\u0151 ATEX-berendez\u00e9s kiv\u00e1laszt\u00e1sa kulcsfontoss\u00e1g\u00fa, mivel a rossz v\u00e1laszt\u00e1s k\u00f6vetkezm\u00e9nyei messzemen\u0151ek lehetnek. Ha saj\u00e1t maga v\u00e9gez kutat\u00e1sokat, ismernie kell a munkater\u00fclet\u00e9n jelen l\u00e9v\u0151 szennyez\u0151anyag t\u00edpus\u00e1t, legyen az <strong>g\u00e1z- vagy szil\u00e1rd halmaz\u00e1llapot\u00fa<\/strong>. Ez a kutat\u00e1s lehet\u0151v\u00e9 teszi a megfelel\u0151 sz\u0171r\u0151t\u00edpus kiv\u00e1laszt\u00e1s\u00e1t \u00e9s a megfelel\u0151 ATEX-z\u00f3na meghat\u00e1roz\u00e1s\u00e1t.  <\/p>\n\n<p>Ezut\u00e1n meg kell tudnia <strong>, hogy milyen teljes\u00edtm\u00e9ny\u0171<\/strong> a <strong>k\u00e9sz\u00fcl\u00e9k<\/strong>, azaz mekkora az \u00e1raml\u00e1si sebess\u00e9ge. A k\u00e9sz\u00fcl\u00e9k \u00e1raml\u00e1si sebess\u00e9ge a kezelend\u0151 szennyez\u0151 anyagok mennyis\u00e9g\u00e9t\u0151l \u00e9s a kezelend\u0151 z\u00f3na fel\u00fclet\u00e9t\u0151l f\u00fcgg: min\u00e9l nagyobb a z\u00f3na, ann\u00e1l nagyobb \u00e1raml\u00e1si sebess\u00e9gre van sz\u00fcks\u00e9g. Meg kell hat\u00e1roznia a k\u00e9sz\u00fcl\u00e9k felszerel\u00e9s\u00e9hez sz\u00fcks\u00e9ges tartoz\u00e9kokat is, p\u00e9ld\u00e1ul a gy\u00e1rt\u00f3g\u00e9phez csatlakoztatand\u00f3 csatorn\u00e1t vagy az <strong>adott munka\u00e1llom\u00e1shoz<\/strong> sz\u00fcks\u00e9ges sz\u00edv\u00f3kart.  <\/p>\n\n<p>Az Obera csapata k\u00e9szs\u00e9ggel \u00e1ll azon \u00fcgyfelek rendelkez\u00e9s\u00e9re, akik szakmai t\u00e1mogat\u00e1st szeretn\u00e9nek ig\u00e9nybe venni<strong> az ATEX-berendez\u00e9sek kiv\u00e1laszt\u00e1s\u00e1ban<\/strong>, a poroszt\u00e1lyoz\u00e1sban vagy a m\u0171hely\u00fck ATEX-z\u00f3n\u00e1ba sorol\u00e1s\u00e1ban. Szaktud\u00e1sunk \u00e9s tapasztalatunk lehet\u0151v\u00e9 teszi, hogy szem\u00e9lyre szabott tan\u00e1csad\u00e1st ny\u00fajtsunk \u00e9s garant\u00e1ljuk a biztons\u00e1gi el\u0151\u00edr\u00e1sok betart\u00e1s\u00e1t, \u00edgy biztos\u00edtva az \u00fcgyfelek nyugalm\u00e1t <strong>\u00e9rz\u00e9keny ipari projektjeik<\/strong> sor\u00e1n. <\/p>\n\n<div class=\"wp-block-buttons is-horizontal is-content-justification-center is-layout-flex wp-container-core-buttons-is-layout-03627597 wp-block-buttons-is-layout-flex\">\n<div class=\"wp-block-button\"><a class=\"wp-block-button__link wp-element-button\" href=\"https:\/\/obera.fr\/contact\/\">Tudjon meg t\u00f6bbet<\/a><\/div>\n<\/div>\n","protected":false},"excerpt":{"rendered":"<p>Amikor potenci\u00e1lisan vesz\u00e9lyes k\u00f6rnyezetben dolgozunk, a biztons\u00e1g abszol\u00fat priorit\u00e1st \u00e9lvez. A robban\u00e1svesz\u00e9lyes l\u00e9gk\u00f6r\u00f6kh\u00f6z k\u00e9sz\u00fclt berendez\u00e9sek, m\u00e1s n\u00e9ven ATEX berendez\u00e9sek, kifejezetten a robban\u00e1svesz\u00e9lyes k\u00f6rnyezetben val\u00f3 biztons\u00e1gos haszn\u00e1latra tervezett eszk\u00f6z\u00f6kre utalnak. Az ATEX az&#8222;ATmosph\u00e8res EXplosibles&#8221; r\u00f6vid\u00edt\u00e9se, amely egy eur\u00f3pai ir\u00e1nyelv, amely a speci\u00e1lis berendez\u00e9sek ilyen k\u00f6rnyezetben val\u00f3 haszn\u00e1lat\u00e1t szab\u00e1lyozza. Az ATEX-berendez\u00e9sek c\u00e9lja, hogy megel\u0151zz\u00e9k ezeket a robban\u00e1sokat az\u00e1ltal, hogy biztos\u00edtj\u00e1k, hogy a haszn\u00e1lt berendez\u00e9sek alkalmasak legyenek ezekre a k\u00f6rnyezetekre, \u00e9s \u00edgy minimaliz\u00e1lj\u00e1k a kock\u00e1zatokat. Mi az a robban\u00e1svesz\u00e9lyes l\u00e9gk\u00f6r? Az ATEX robban\u00e1svesz\u00e9lyes l\u00e9gk\u00f6r olyan k\u00f6rnyezet, amelyben gy\u00fal\u00e9kony anyagok, p\u00e9ld\u00e1ul g\u00e1zok, g\u0151z\u00f6k, folyad\u00e9kok vagy porok vannak jelen megfelel\u0151 mennyis\u00e9gben a leveg\u0151ben, ami robban\u00e1svesz\u00e9lyt &#8230; <\/p>\n<p class=\"read-more-container\"><a title=\"ATEX anyagok \u00e9s berendez\u00e9sek\" class=\"read-more button\" href=\"https:\/\/obera.fr\/hu\/produits\/atex\/#more-83875\" aria-label=\"Read more about ATEX anyagok \u00e9s berendez\u00e9sek\">Lire la suite<\/a><\/p>\n","protected":false},"author":4,"featured_media":83741,"parent":67667,"menu_order":6,"comment_status":"closed","ping_status":"closed","template":"","meta":{"_acf_changed":false,"_seopress_robots_primary_cat":"","_seopress_titles_title":"ATEX tan\u00fas\u00edtv\u00e1nnyal rendelkez\u0151 berendez\u00e9sek robban\u00e1svesz\u00e9lyes z\u00f3n\u00e1khoz \u00e9s szennyez\u0151 anyagokhoz","_seopress_titles_desc":"Az ATEX tan\u00fas\u00edtv\u00e1nnyal rendelkez\u0151 berendez\u00e9sek garant\u00e1lj\u00e1k a biztons\u00e1got. Legyen sz\u00f3 sz\u00e1ll\u00edt\u00e1sr\u00f3l, feldolgoz\u00e1sr\u00f3l vagy t\u00e1rol\u00e1sr\u00f3l, int\u00e9zked\u00e9seket kell hozni a munkav\u00e1llal\u00f3k \u00e9s az \u00fczem v\u00e9delme \u00e9rdek\u00e9ben.","_seopress_robots_index":"","footnotes":""},"class_list":{"0":"post-83875","1":"page","2":"type-page","3":"status-publish","4":"has-post-thumbnail","6":"no-featured-image-padding","7":"resize-featured-image"},"acf":[],"_links":{"self":[{"href":"https:\/\/obera.fr\/hu\/wp-json\/wp\/v2\/pages\/83875","targetHints":{"allow":["GET"]}}],"collection":[{"href":"https:\/\/obera.fr\/hu\/wp-json\/wp\/v2\/pages"}],"about":[{"href":"https:\/\/obera.fr\/hu\/wp-json\/wp\/v2\/types\/page"}],"author":[{"embeddable":true,"href":"https:\/\/obera.fr\/hu\/wp-json\/wp\/v2\/users\/4"}],"replies":[{"embeddable":true,"href":"https:\/\/obera.fr\/hu\/wp-json\/wp\/v2\/comments?post=83875"}],"version-history":[{"count":2,"href":"https:\/\/obera.fr\/hu\/wp-json\/wp\/v2\/pages\/83875\/revisions"}],"predecessor-version":[{"id":117475,"href":"https:\/\/obera.fr\/hu\/wp-json\/wp\/v2\/pages\/83875\/revisions\/117475"}],"up":[{"embeddable":true,"href":"https:\/\/obera.fr\/hu\/wp-json\/wp\/v2\/pages\/67667"}],"wp:featuredmedia":[{"embeddable":true,"href":"https:\/\/obera.fr\/hu\/wp-json\/wp\/v2\/media\/83741"}],"wp:attachment":[{"href":"https:\/\/obera.fr\/hu\/wp-json\/wp\/v2\/media?parent=83875"}],"curies":[{"name":"wp","href":"https:\/\/api.w.org\/{rel}","templated":true}]}}