{"id":83922,"date":"2020-05-01T17:19:45","date_gmt":"2020-05-01T15:19:45","guid":{"rendered":"https:\/\/obera.fr\/produits\/analyseurs-air\/"},"modified":"2025-04-22T09:42:17","modified_gmt":"2025-04-22T07:42:17","slug":"analyseurs-air","status":"publish","type":"page","link":"https:\/\/obera.fr\/hu\/produits\/analyseurs-air\/","title":{"rendered":"Leveg\u0151elemz\u0151k"},"content":{"rendered":"\n<p>Az OberA 5 leveg\u0151elemz\u0151 k\u00e9sz\u00fcl\u00e9kb\u0151l \u00e1ll\u00f3 term\u00e9kcsal\u00e1ddal rendelkezik. Ezeknek a k\u00e9sz\u00fcl\u00e9keknek a c\u00e9lja, hogy kimutass\u00e1k az \u00d6n munkahely\u00e9n jelenl\u00e9v\u0151 k\u00fcl\u00f6nb\u00f6z\u0151 leveg\u0151param\u00e9tereket. <\/p>\n\n\n<h2 class=\"wp-block-heading\" id=\"les-produits-de-la-gamme-obera\">Term\u00e9kek az OberA term\u00e9kcsal\u00e1dban<\/h2>\n\n<div class=\"wp-block-columns is-layout-flex wp-container-core-columns-is-layout-28f84493 wp-block-columns-is-layout-flex\">\n<div class=\"wp-block-column is-layout-flow wp-block-column-is-layout-flow\">\n<h3 class=\"wp-block-heading has-text-align-center\" id=\"obcare\"><a href=\"https:\/\/obera.fr\/produits\/analyseurs-air\/capteur-co2-obcare\/\">OBCARE<\/a><\/h3>\n\n\n\n<figure class=\"wp-block-image aligncenter size-medium is-resized\"><a href=\"https:\/\/obera.fr\/produits\/analyseurs-air\/capteur-co2-obcare\/\"><img decoding=\"async\" width=\"300\" height=\"212\" src=\"https:\/\/obera.fr\/wp-content\/uploads\/2021\/09\/Capteur_CO2_OBCARE-2-300x212.png\" alt=\"obcare co2 &#xE9;rz&#xE9;kel&#x151;\" class=\"wp-image-6918\" style=\"aspect-ratio:1.4180327868852458;width:216px;height:auto\" srcset=\"https:\/\/obera.fr\/wp-content\/uploads\/2021\/09\/Capteur_CO2_OBCARE-2-300x212.png 300w, https:\/\/obera.fr\/wp-content\/uploads\/2021\/09\/Capteur_CO2_OBCARE-2-768x542.png 768w, https:\/\/obera.fr\/wp-content\/uploads\/2021\/09\/Capteur_CO2_OBCARE-2.png 921w\" sizes=\"(max-width: 300px) 100vw, 300px\" \/><\/a><\/figure>\n\n\n\n<p><\/p>\n\n\n\n<p><a href=\"https:\/\/obera.fr\/produits\/analyseurs-air\/capteur-co2-obcare\/\" data-type=\"page\" data-id=\"6812\"><strong>Az OBCARE <\/strong>egy tiszta C02-\u00e9rz\u00e9kel\u0151<\/a>. Az NDIR-technol\u00f3gi\u00e1t (nem diszperz\u00edv infrav\u00f6r\u00f6s \u00e9rz\u00e9kel\u0151k) alkalmaz\u00f3, automatikus kalibr\u00e1ci\u00f3val ell\u00e1tott \u00e9rz\u00e9kel\u0151 c\u00e9lja, hogy val\u00f3s id\u0151ben, ppm-ben kifejezve pontosan jelezze a koncentr\u00e1ci\u00f3t (pontoss\u00e1g \u00b1 60 ppm). <\/p>\n<\/div>\n\n\n\n<div class=\"wp-block-column is-layout-flow wp-block-column-is-layout-flow\">\n<h3 class=\"wp-block-heading has-text-align-center\" id=\"compteur-de-particules\"><a href=\"https:\/\/obera.fr\/hu\/produits\/analyseurs-air\/compteur-particules\/\">R\u00e9szecskesz\u00e1ml\u00e1l\u00f3<\/a><\/h3>\n\n\n\n<figure class=\"wp-block-image aligncenter size-thumbnail\"><a href=\"https:\/\/obera.fr\/produits\/analyseurs-air\/compteur-particules\/\"><img decoding=\"async\" width=\"150\" height=\"150\" src=\"https:\/\/obera.fr\/wp-content\/uploads\/2020\/08\/compteur-de-particules-150x150.png\" alt=\"R&#xE9;szecske m&#xE9;r&#x151;\" class=\"wp-image-714\" srcset=\"https:\/\/obera.fr\/wp-content\/uploads\/2020\/08\/compteur-de-particules-150x150.png 150w, https:\/\/obera.fr\/wp-content\/uploads\/2020\/08\/compteur-de-particules-300x300.png 300w, https:\/\/obera.fr\/wp-content\/uploads\/2020\/08\/compteur-de-particules.png 433w\" sizes=\"(max-width: 150px) 100vw, 150px\" \/><\/a><\/figure>\n\n\n\n<p>Az <a href=\"https:\/\/obera.fr\/hu\/produits\/analyseurs-air\/compteur-particules\/\" data-type=\"page\" data-id=\"539\">OberA r\u00e9szecskesz\u00e1ml\u00e1l\u00f3<\/a> a PM0,3-t\u00f3l PM10-ig (0,3 \u00e9s 10um k\u00f6z\u00f6tti r\u00e9szecsk\u00e9k) terjed\u0151 porszemcs\u00e9k m\u00e9r\u00e9s\u00e9re alkalmas. A h\u0151m\u00e9rs\u00e9kletet 0\u00b0C \u00e9s 50\u00b0C k\u00f6z\u00f6tt \u00e9s a relat\u00edv p\u00e1ratartalmat is figyelemmel k\u00eds\u00e9ri. <\/p>\n<\/div>\n<\/div>\n\n<div style=\"height:30px\" aria-hidden=\"true\" class=\"wp-block-spacer\"><\/div>\n\n<div class=\"wp-block-buttons is-horizontal is-content-justification-center is-layout-flex wp-container-core-buttons-is-layout-03627597 wp-block-buttons-is-layout-flex\">\n<div class=\"wp-block-button\"><a class=\"wp-block-button__link wp-element-button\" href=\"https:\/\/obera.fr\/contact\/\">Tudjon meg t\u00f6bbet<\/a><\/div>\n<\/div>\n\n<p><\/p>\n\n<h2 class=\"wp-block-heading\" id=\"pourquoi-mesurer-la-qualite-de-mon-air\">Mi\u00e9rt \u00e9rdemes m\u00e9rni a leveg\u0151m min\u0151s\u00e9g\u00e9t?<\/h2>\n\n<p>A leveg\u0151 az ember sz\u00e1m\u00e1ra alapvet\u0151 fontoss\u00e1g\u00fa elem, \u00e9s az eg\u00e9szs\u00e9ges leveg\u0151 bel\u00e9legz\u00e9se elengedhetetlen a munkav\u00e1llal\u00f3k eg\u00e9szs\u00e9g\u00e9hez \u00e9s j\u00f3l\u00e9t\u00e9hez. Ehhez elemezni kell az alkalmazottak \u00e1ltal bel\u00e9legzett leveg\u0151t, \u00e9s el kell d\u00f6nteni, hogy \u00e9rdemes-e munkahely\u00e9t l\u00e9gkezel\u0151 rendszerrel felszerelni. <\/p>\n\n<p>Ez a leveg\u0151elemz\u00e9s azt is felt\u00e1rja, hogy milyen t\u00edpus\u00fa szennyez\u0151 anyagok vannak jelen a munkahely\u00e9n, \u00e9s milyen koncentr\u00e1ci\u00f3ban, ami hasznos lesz a l\u00e9gkezel\u0151 rendszer sz\u0171r\u00e9s\u00e9nek kiv\u00e1laszt\u00e1sakor.<\/p>\n","protected":false},"excerpt":{"rendered":"<p>Az OberA 5 leveg\u0151elemz\u0151 k\u00e9sz\u00fcl\u00e9kb\u0151l \u00e1ll\u00f3 term\u00e9kcsal\u00e1ddal rendelkezik. Ezeknek a k\u00e9sz\u00fcl\u00e9keknek a c\u00e9lja, hogy kimutass\u00e1k az \u00d6n munkahely\u00e9n jelenl\u00e9v\u0151 k\u00fcl\u00f6nb\u00f6z\u0151 leveg\u0151param\u00e9tereket. Term\u00e9kek az OberA term\u00e9kcsal\u00e1dban OBCARE Az OBCARE egy tiszta C02-\u00e9rz\u00e9kel\u0151. Az NDIR-technol\u00f3gi\u00e1t (nem diszperz\u00edv infrav\u00f6r\u00f6s \u00e9rz\u00e9kel\u0151k) alkalmaz\u00f3, automatikus kalibr\u00e1ci\u00f3val ell\u00e1tott \u00e9rz\u00e9kel\u0151 c\u00e9lja, hogy val\u00f3s id\u0151ben, ppm-ben kifejezve pontosan jelezze a koncentr\u00e1ci\u00f3t (pontoss\u00e1g \u00b1 60 ppm). R\u00e9szecskesz\u00e1ml\u00e1l\u00f3 Az OberA r\u00e9szecskesz\u00e1ml\u00e1l\u00f3 a PM0,3-t\u00f3l PM10-ig (0,3 \u00e9s 10um k\u00f6z\u00f6tti r\u00e9szecsk\u00e9k) terjed\u0151 porszemcs\u00e9k m\u00e9r\u00e9s\u00e9re alkalmas. A h\u0151m\u00e9rs\u00e9kletet 0\u00b0C \u00e9s 50\u00b0C k\u00f6z\u00f6tt \u00e9s a relat\u00edv p\u00e1ratartalmat is figyelemmel k\u00eds\u00e9ri. Mi\u00e9rt \u00e9rdemes m\u00e9rni a leveg\u0151m min\u0151s\u00e9g\u00e9t? A leveg\u0151 az ember sz\u00e1m\u00e1ra alapvet\u0151 fontoss\u00e1g\u00fa elem, \u00e9s &#8230; <\/p>\n<p class=\"read-more-container\"><a title=\"Leveg\u0151elemz\u0151k\" class=\"read-more button\" href=\"https:\/\/obera.fr\/hu\/produits\/analyseurs-air\/#more-83922\" aria-label=\"Read more about Leveg\u0151elemz\u0151k\">Lire la suite<\/a><\/p>\n","protected":false},"author":4,"featured_media":83741,"parent":67667,"menu_order":7,"comment_status":"closed","ping_status":"closed","template":"","meta":{"_acf_changed":false,"_seopress_robots_primary_cat":"","_seopress_titles_title":"L\u00e1sd az \u00f6sszes leveg\u0151elemz\u0151 k\u00e9sz\u00fcl\u00e9k\u00fcnket az oberA term\u00e9kcsal\u00e1dban","_seopress_titles_desc":"Az OberA 5 leveg\u0151elemz\u0151 k\u00e9sz\u00fcl\u00e9kb\u0151l \u00e1ll\u00f3 term\u00e9kcsal\u00e1ddal rendelkezik. Ezeknek a k\u00e9sz\u00fcl\u00e9keknek a c\u00e9lja, hogy felt\u00e1rj\u00e1k a munkahelyi leveg\u0151 k\u00fcl\u00f6nb\u00f6z\u0151 param\u00e9tereit. ","_seopress_robots_index":"","footnotes":""},"class_list":{"0":"post-83922","1":"page","2":"type-page","3":"status-publish","4":"has-post-thumbnail","6":"no-featured-image-padding","7":"resize-featured-image"},"acf":[],"_links":{"self":[{"href":"https:\/\/obera.fr\/hu\/wp-json\/wp\/v2\/pages\/83922","targetHints":{"allow":["GET"]}}],"collection":[{"href":"https:\/\/obera.fr\/hu\/wp-json\/wp\/v2\/pages"}],"about":[{"href":"https:\/\/obera.fr\/hu\/wp-json\/wp\/v2\/types\/page"}],"author":[{"embeddable":true,"href":"https:\/\/obera.fr\/hu\/wp-json\/wp\/v2\/users\/4"}],"replies":[{"embeddable":true,"href":"https:\/\/obera.fr\/hu\/wp-json\/wp\/v2\/comments?post=83922"}],"version-history":[{"count":1,"href":"https:\/\/obera.fr\/hu\/wp-json\/wp\/v2\/pages\/83922\/revisions"}],"predecessor-version":[{"id":83925,"href":"https:\/\/obera.fr\/hu\/wp-json\/wp\/v2\/pages\/83922\/revisions\/83925"}],"up":[{"embeddable":true,"href":"https:\/\/obera.fr\/hu\/wp-json\/wp\/v2\/pages\/67667"}],"wp:featuredmedia":[{"embeddable":true,"href":"https:\/\/obera.fr\/hu\/wp-json\/wp\/v2\/media\/83741"}],"wp:attachment":[{"href":"https:\/\/obera.fr\/hu\/wp-json\/wp\/v2\/media?parent=83922"}],"curies":[{"name":"wp","href":"https:\/\/api.w.org\/{rel}","templated":true}]}}