{"id":84010,"date":"2024-04-01T13:32:19","date_gmt":"2024-04-01T11:32:19","guid":{"rendered":"https:\/\/obera.fr\/produits\/rafraichisseurs-air\/rafraichisseurs-par-evaporation-ic\/ic22-filtrant-par-evaporation\/"},"modified":"2025-12-30T12:00:56","modified_gmt":"2025-12-30T10:00:56","slug":"ic22-filtrant-par-evaporation","status":"publish","type":"page","link":"https:\/\/obera.fr\/hu\/produits\/rafraichisseurs-air\/rafraichisseurs-par-evaporation-ic\/ic22-filtrant-par-evaporation\/","title":{"rendered":"IC22 p\u00e1rologtat\u00f3s sz\u0171rt leveg\u0151h\u0171t\u0151"},"content":{"rendered":"\n<p>A k\u00f6rnyezetbar\u00e1t \u00e9s gazdas\u00e1gos <strong>p\u00e1rologtat\u00f3sz\u0171r\u0151s l\u00e9gfriss\u00edt\u0151<\/strong> ide\u00e1lis arra, hogy 10-20\u00b0C k\u00f6r\u00fcli h\u0151m\u00e9rs\u00e9klet\u0171, h\u0171v\u00f6sebb leveg\u0151t hozzon l\u00e9tre a munkater\u00fcleteken.<\/p>\n\n\n\n<h2 class=\"wp-block-heading\">OberA p\u00e1rologtat\u00f3sz\u0171r\u0151s l\u00e9gh\u0171t\u0151: hogyan m\u0171k\u00f6dik?<\/h2>\n\n\n\n<div class=\"wp-block-columns is-layout-flex wp-container-core-columns-is-layout-28f84493 wp-block-columns-is-layout-flex\">\n<div class=\"wp-block-column is-vertically-aligned-top is-layout-flow wp-block-column-is-layout-flow\" style=\"flex-basis:50%\">\n<figure class=\"wp-block-image aligncenter size-full is-resized\"><img decoding=\"async\" width=\"600\" height=\"600\" src=\"https:\/\/obera.fr\/wp-content\/uploads\/2024\/02\/ic22-carre.jpg\" alt=\"IC22 p\u00e1rologtat\u00f3s sz\u0171rt leveg\u0151h\u0171t\u0151\" class=\"wp-image-28148\" style=\"width:370px;height:auto\" srcset=\"https:\/\/obera.fr\/wp-content\/uploads\/2024\/02\/ic22-carre.jpg 600w, https:\/\/obera.fr\/wp-content\/uploads\/2024\/02\/ic22-carre-300x300.jpg 300w, https:\/\/obera.fr\/wp-content\/uploads\/2024\/02\/ic22-carre-150x150.jpg 150w\" sizes=\"(max-width: 600px) 100vw, 600px\" \/><figcaption class=\"wp-element-caption\">IC 22<\/figcaption><\/figure>\n<\/div>\n\n\n\n<div class=\"wp-block-column is-vertically-aligned-center is-layout-flow wp-block-column-is-layout-flow\" style=\"flex-basis:66.66%\">\n<p>A p\u00e1rologtat\u00f3 l\u00e9gh\u0171t\u0151k IC22 term\u00e9kcsal\u00e1dja olyan m\u00e9hsejtszerkezet\u0171 paneleket tartalmaz, amelyek folyamatosan v\u00edzzel vannak \u00e1titatva. A k\u00e9sz\u00fcl\u00e9k h\u00e1ts\u00f3 r\u00e9sz\u00e9n tal\u00e1lhat\u00f3 axi\u00e1lis spir\u00e1lventil\u00e1tor besz\u00edvja a forr\u00f3 leveg\u0151t, \u00e9s \u00e1tvezeti azt a h\u0171t\u0151paneleken. A forr\u00f3 leveg\u0151 a v\u00edzzel \u00e9rintkezve elp\u00e1rolog \u00e9s leh\u0171l. Ezt a jelens\u00e9get <strong>&#8222;h\u0171t\u0151hat\u00e1snak<\/strong> &#8221; nevezik, \u00e9s ak\u00e1r 20 \u00b0C-kal cs\u00f6kkenti a besz\u00edvott leveg\u0151 h\u0151m\u00e9rs\u00e9klet\u00e9t. A h\u0171v\u00f6sebb, sz\u0171rt leveg\u0151 ezut\u00e1n \u00e1t\u00e1ramlik a k\u00e9sz\u00fcl\u00e9ken, \u00e9s k\u00f6rbej\u00e1rja a munkater\u00fcletet. A helyis\u00e9g szell\u0151ztet\u00e9se tov\u00e1bbra is elengedhetetlen, hogy a leveg\u0151 megfelel\u0151en keringhessen, a nedvess\u00e9g t\u00e1vozzon, \u00e9s \u00faj meleg leveg\u0151t juttasson be, amelyet a <strong>mobil h\u0171t\u0151szekr\u00e9ny<\/strong> megsz\u0171r. R\u00f6viden, min\u00e9l melegebb a leveg\u0151, ann\u00e1l jobb a h\u0171t\u00e9s.      <\/p>\n\n\n\n<p>Az <a href=\"https:\/\/obera.fr\/hu\/produits\/rafraichisseurs-air\/rafraichisseurs-par-evaporation-ic\/\" data-type=\"page\" data-id=\"18698\">IC adiabatikus l\u00e9gh\u0171t\u0151t az ipar<\/a>, a logisztikai rakt\u00e1rak \u00e9s a mez\u0151gazdas\u00e1g <strong>minden \u00e1gazat\u00e1ban<\/strong> t\u00f6rt\u00e9n\u0151 felhaszn\u00e1l\u00e1sra tervezt\u00e9k. Alkalmazhat\u00f3 a munkav\u00e1llal\u00f3k munkahelyeinek vagy helyis\u00e9geinek h\u0171t\u00e9s\u00e9re. K\u00fcl\u00f6n\u00f6sen n\u00e9pszer\u0171 gy\u00e1rakban, gar\u00e1zsokban, rakt\u00e1rcsarnokokban, m\u0171helyekben, \u00fcvegh\u00e1zakban \u00e9s rakt\u00e1rakban.  <\/p>\n\n\n\n<div class=\"wp-block-columns is-layout-flex wp-container-core-columns-is-layout-28f84493 wp-block-columns-is-layout-flex\">\n<div class=\"wp-block-column is-layout-flow wp-block-column-is-layout-flow\" style=\"flex-basis:33.33%\">\n<div class=\"wp-block-buttons is-layout-flex wp-block-buttons-is-layout-flex\">\n<div class=\"wp-block-button\"><a class=\"wp-block-button__link wp-element-button\" href=\"https:\/\/obera.fr\/wp-content\/uploads\/2025\/04\/brochure-ic-22-en.pdf\">A BROS\u00daRA LET\u00d6LT\u00c9SE<\/a><\/div>\n<\/div>\n<\/div>\n\n\n\n<div class=\"wp-block-column is-layout-flow wp-block-column-is-layout-flow\" style=\"flex-basis:33.34%\">\n<div class=\"wp-block-buttons is-horizontal is-content-justification-center is-layout-flex wp-container-core-buttons-is-layout-03627597 wp-block-buttons-is-layout-flex\">\n<div class=\"wp-block-button\"><a class=\"wp-block-button__link wp-element-button\" href=\"https:\/\/obera.fr\/contact\/\">Tudjon meg t\u00f6bbet<\/a><\/div>\n<\/div>\n\n\n\n<p><\/p>\n<\/div>\n\n\n\n<div class=\"wp-block-column is-layout-flow wp-block-column-is-layout-flow\" style=\"flex-basis:33.34%\">\n<div class=\"wp-block-buttons is-content-justification-center is-layout-flex wp-container-core-buttons-is-layout-a89b3969 wp-block-buttons-is-layout-flex\">\n<div class=\"wp-block-button btn-devis-source\"><a class=\"wp-block-button__link wp-element-button\" href=\"https:\/\/obera.fr\/hu\/devis\/\">K\u00e9rjen \u00e1raj\u00e1nlatot<\/a><\/div>\n<\/div>\n\n\n<script>\r\ndocument.addEventListener('DOMContentLoaded', function() {\r\n    \/\/ 1. On cherche le titre H1 de la page\r\n    var h1 = document.querySelector('h1');\r\n    var productTitle = h1 ? h1.innerText.trim() : \"\";\r\n\r\n    \/\/ 2. On cherche les boutons via la classe CSS .btn-devis-source\r\n    var buttons = document.querySelectorAll('.btn-devis-source a');\r\n\r\n    \/\/ 3. Si on a le titre et les boutons, on ajoute le param\u00e8tre\r\n    if (buttons.length > 0 && productTitle !== \"\") {\r\n        var encodedTitle = encodeURIComponent(productTitle);\r\n\r\n        buttons.forEach(function(btn) {\r\n            var currentHref = btn.getAttribute('href');\r\n            \r\n            \/\/ S\u00e9curit\u00e9 pour ne pas ajouter le param\u00e8tre 2 fois\r\n            if (currentHref.indexOf('sujet=') === -1) {\r\n                var separator = currentHref.indexOf('?') !== -1 ? '&' : '?';\r\n                var newLink = currentHref + separator + 'sujet=' + encodedTitle;\r\n                \r\n                btn.setAttribute('href', newLink);\r\n            }\r\n        });\r\n    }\r\n});\r\n<\/script><\/div>\n<\/div>\n<\/div>\n<\/div>\n\n\n\n<div class=\"wp-block-columns is-layout-flex wp-container-core-columns-is-layout-28f84493 wp-block-columns-is-layout-flex\">\n<div class=\"wp-block-column is-layout-flow wp-block-column-is-layout-flow\" style=\"flex-basis:25%\"><\/div>\n\n\n\n<div class=\"wp-block-column is-layout-flow wp-block-column-is-layout-flow\" style=\"flex-basis:50%\">\n<figure class=\"wp-block-embed is-type-video is-provider-youtube wp-block-embed-youtube wp-embed-aspect-16-9 wp-has-aspect-ratio\"><div class=\"wp-block-embed__wrapper\">\n<iframe title=\"Rafraichisseur d&#039;air - Gamme IC - OberA\" width=\"1200\" height=\"675\" src=\"https:\/\/www.youtube.com\/embed\/NG-Ssy2oM70?feature=oembed&#038;enablejsapi=1&#038;origin=https:\/\/obera.fr\" frameborder=\"0\" allow=\"accelerometer; autoplay; clipboard-write; encrypted-media; gyroscope; picture-in-picture; web-share\" referrerpolicy=\"strict-origin-when-cross-origin\" allowfullscreen><\/iframe>\n<\/div><\/figure>\n\n\n\n<p><\/p>\n<\/div>\n\n\n\n<div class=\"wp-block-column is-layout-flow wp-block-column-is-layout-flow\" style=\"flex-basis:25%\"><\/div>\n<\/div>\n\n\n\n<h2 class=\"wp-block-heading\">Mik az IC22 l\u00e9gh\u0171t\u0151 jellemz\u0151i?<\/h2>\n\n\n\n<p>Az IC22 mobil p\u00e1rologtat\u00f3 l\u00e9gfriss\u00edt\u0151 3 sebess\u00e9gfokozattal rendelkezik, hogy a csapatok ig\u00e9nyeihez igazodva kontroll alatt tarthassa a teljes\u00edtm\u00e9nyt. A vez\u00e9rl\u0151panel seg\u00edts\u00e9g\u00e9vel be\u00e1ll\u00edthat\u00f3 a k\u00e9sz\u00fcl\u00e9k l\u00e9g\u00e1raml\u00e1s\u00e1nak ir\u00e1nya, a v\u00edzkezel\u00e9s ioniz\u00e1toron kereszt\u00fcl \u00e9s a v\u00edz\u00e1raml\u00e1s aktiv\u00e1l\u00e1sa a sz\u0171r\u0151k\u00f6zeg felett. <\/p>\n\n\n\n<p>Ez a nagy teljes\u00edtm\u00e9ny\u0171 egys\u00e9g 22 000 m3\/h \u00e1raml\u00e1si sebess\u00e9ggel rendelkezik, ami ak\u00e1r 250 m2 ter\u00fclet h\u0171t\u00e9s\u00e9re is elegend\u0151. A v\u00edztart\u00e1ly ak\u00e1r 130 liter vizet is k\u00e9pes t\u00e1rolni, ami nagy ter\u00fcleten garant\u00e1lja a megszak\u00edt\u00e1s n\u00e9lk\u00fcli m\u0171k\u00f6d\u00e9st. <\/p>\n\n\n\n<p>Egy m\u00e1sik technikai el\u0151ny, \u00e9s nem utols\u00f3sorban az, hogy a <strong>l\u00e9gh\u0171t\u0151 nagyon kev\u00e9s vizet \u00e9s \u00e1ramot ig\u00e9nyel<\/strong>. A v\u00edzfogyaszt\u00e1s \u00f3r\u00e1nk\u00e9nt 10-15 liter k\u00f6z\u00f6tt van. Sokkal hat\u00e9konyabb, mint egy l\u00e9gp\u00e1r\u00e1s\u00edt\u00f3 vagy egy szell\u0151ztet\u0151 rendszer nagy terek h\u0171t\u00e9s\u00e9re.  <\/p>\n\n\n\n<p>V\u00e9g\u00fcl az IC22 l\u00e9gh\u0171t\u0151 mobil \u00e9s stabil. S\u00falya <strong>50 kg<\/strong>, \u00e9s puha g\u00f6rg\u0151kkel rendelkezik, \u00edgy tetsz\u00e9s szerint mozgathat\u00f3. Az egyszer\u0171 t\u00e1vvez\u00e9rl\u00e9shez egy t\u00e1vir\u00e1ny\u00edt\u00f3t is mell\u00e9kel\u00fcnk.  <\/p>\n\n\n\n<blockquote class=\"wp-block-quote is-layout-flow wp-block-quote-is-layout-flow\">\n<figure class=\"wp-block-image aligncenter size-full\"><img decoding=\"async\" width=\"290\" height=\"98\" src=\"https:\/\/obera.fr\/wp-content\/uploads\/2025\/02\/green-modern-marketing-logo.png\" alt=\"z\u00f6ld modern marketing log\u00f3\" class=\"wp-image-61494\"\/><\/figure>\n\n\n\n<p>G4 sz\u0171r\u0151: az IC22 p\u00e1rologtat\u00f3 l\u00e9gh\u0171t\u0151 a leveg\u0151min\u0151s\u00e9g jav\u00edt\u00e1sa \u00e9rdek\u00e9ben G4 l\u00e9gsz\u0171r\u0151vel van felszerelve. Ez hat\u00e1rozottan el\u0151ny\u00f6s a dolgoz\u00f3k eg\u00e9szs\u00e9ge \u00e9s a g\u00e9p teljes\u00edtm\u00e9ny\u00e9nek garant\u00e1l\u00e1sa szempontj\u00e1b\u00f3l. Meghosszabb\u00edtja a h\u0171t\u0151 \u00e9lettartam\u00e1t is, mivel kev\u00e9sb\u00e9 t\u00f6m\u00edti el a szennyez\u0151d\u00e9s \u00e9s a por.  <\/p>\n<\/blockquote>\n\n\n\n<div class=\"wp-block-columns is-layout-flex wp-container-core-columns-is-layout-28f84493 wp-block-columns-is-layout-flex\">\n<div class=\"wp-block-column is-layout-flow wp-block-column-is-layout-flow\"><\/div>\n\n\n\n<div class=\"wp-block-column is-layout-flow wp-block-column-is-layout-flow\"><\/div>\n\n\n\n<div class=\"wp-block-column is-layout-flow wp-block-column-is-layout-flow\"><\/div>\n<\/div>\n\n\n\n<h3 class=\"wp-block-heading has-text-align-center\">INDUSTRIES<\/h3>\n\n\n\n<div class=\"wp-block-columns is-layout-flex wp-container-core-columns-is-layout-28f84493 wp-block-columns-is-layout-flex\">\n<div class=\"wp-block-column is-layout-flow wp-block-column-is-layout-flow\">\n<hr class=\"wp-block-separator has-alpha-channel-opacity\"\/>\n\n\n\n<div class=\"wp-block-columns is-layout-flex wp-container-core-columns-is-layout-28f84493 wp-block-columns-is-layout-flex\">\n<div class=\"wp-block-column is-layout-flow wp-block-column-is-layout-flow\">\n<figure class=\"wp-block-image aligncenter size-thumbnail is-resized\"><img decoding=\"async\" width=\"150\" height=\"150\" src=\"https:\/\/obera.fr\/wp-content\/uploads\/2022\/02\/Textile-150x150.png\" alt=\"textil\" class=\"wp-image-8855\"\/><figcaption class=\"wp-element-caption\">Text\u00edli\u00e1k<\/figcaption><\/figure>\n\n\n\n<figure class=\"wp-block-image aligncenter size-thumbnail is-resized\"><img decoding=\"async\" width=\"150\" height=\"150\" src=\"https:\/\/obera.fr\/wp-content\/uploads\/2022\/02\/Plastique-150x150.png\" alt=\"m\u0171anyag\" class=\"wp-image-8854\"\/><figcaption class=\"wp-element-caption\">M\u0171anyag<\/figcaption><\/figure>\n\n\n\n<figure class=\"wp-block-image aligncenter size-thumbnail is-resized\"><img decoding=\"async\" width=\"150\" height=\"150\" src=\"https:\/\/obera.fr\/wp-content\/uploads\/2023\/02\/sans-titre-2023-02-14t104609.147-150x150.png\" alt=\"Logisztika\" class=\"wp-image-18825\"\/><figcaption class=\"wp-element-caption\">Logisztika<\/figcaption><\/figure>\n<\/div>\n\n\n\n<div class=\"wp-block-column is-layout-flow wp-block-column-is-layout-flow\">\n<figure class=\"wp-block-image aligncenter size-thumbnail is-resized\"><img decoding=\"async\" width=\"150\" height=\"150\" src=\"https:\/\/obera.fr\/wp-content\/uploads\/2022\/02\/MINERAIS-150x150.png\" alt=\"\u00e9rcek\" class=\"wp-image-8847\"\/><figcaption class=\"wp-element-caption\">\u00c1sv\u00e1nyok<\/figcaption><\/figure>\n\n\n\n<figure class=\"wp-block-image aligncenter size-thumbnail is-resized\"><img decoding=\"async\" width=\"150\" height=\"150\" src=\"https:\/\/obera.fr\/wp-content\/uploads\/2022\/02\/Metalurgie-150x150.png\" alt=\"koh\u00e1szat\" class=\"wp-image-8857\"\/><figcaption class=\"wp-element-caption\">Koh\u00e1szat<\/figcaption><\/figure>\n\n\n\n<figure class=\"wp-block-image aligncenter size-thumbnail is-resized\"><img decoding=\"async\" width=\"150\" height=\"150\" src=\"https:\/\/obera.fr\/wp-content\/uploads\/2023\/02\/sans-titre-2023-02-14t102211.641-150x150.png\" alt=\"Mez\u0151gazdas\u00e1g\" class=\"wp-image-18828\"\/><figcaption class=\"wp-element-caption\">Mez\u0151gazdas\u00e1g<\/figcaption><\/figure>\n<\/div>\n<\/div>\n<\/div>\n\n\n\n<div class=\"wp-block-column is-layout-flow wp-block-column-is-layout-flow\">\n<hr class=\"wp-block-separator has-alpha-channel-opacity\"\/>\n\n\n\n<div class=\"wp-block-columns is-layout-flex wp-container-core-columns-is-layout-28f84493 wp-block-columns-is-layout-flex\">\n<div class=\"wp-block-column is-layout-flow wp-block-column-is-layout-flow\">\n<figure class=\"wp-block-image aligncenter size-thumbnail is-resized\"><img decoding=\"async\" width=\"150\" height=\"150\" src=\"https:\/\/obera.fr\/wp-content\/uploads\/2022\/02\/Chimie-150x150.png\" alt=\"k\u00e9mia\" class=\"wp-image-8846\"\/><figcaption class=\"wp-element-caption\">K\u00e9mia<\/figcaption><\/figure>\n\n\n\n<figure class=\"wp-block-image aligncenter size-thumbnail is-resized\"><img decoding=\"async\" width=\"150\" height=\"150\" src=\"https:\/\/obera.fr\/wp-content\/uploads\/2022\/02\/Travail-du-bois-150x150.png\" alt=\"famegmunk\u00e1l\u00e1s\" class=\"wp-image-8856\"\/><figcaption class=\"wp-element-caption\">Famegmunk\u00e1l\u00e1s<\/figcaption><\/figure>\n\n\n\n<figure class=\"wp-block-image aligncenter size-thumbnail is-resized\"><img decoding=\"async\" width=\"150\" height=\"150\" src=\"https:\/\/obera.fr\/wp-content\/uploads\/2023\/02\/sans-titre-2023-02-14t101920.185-150x150.png\" alt=\"L\u00e9gik\u00f6zleked\u00e9s\" class=\"wp-image-18831\"\/><figcaption class=\"wp-element-caption\">L\u00e9gik\u00f6zleked\u00e9s<\/figcaption><\/figure>\n<\/div>\n\n\n\n<div class=\"wp-block-column is-layout-flow wp-block-column-is-layout-flow\">\n<figure class=\"wp-block-image aligncenter size-thumbnail is-resized\"><img decoding=\"async\" width=\"150\" height=\"150\" src=\"https:\/\/obera.fr\/wp-content\/uploads\/2022\/02\/AGROALIMENTAIRE-150x150.png\" alt=\"agr\u00e1r-\u00e9lelmiszeripar\" class=\"wp-image-8844\"\/><figcaption class=\"wp-element-caption\">\u00c9lelmiszeripar<\/figcaption><\/figure>\n\n\n\n<figure class=\"wp-block-image aligncenter size-thumbnail is-resized\"><img decoding=\"async\" width=\"150\" height=\"150\" src=\"https:\/\/obera.fr\/wp-content\/uploads\/2022\/02\/Papier-carton-150x150.png\" alt=\"pap\u00edr \u00e9s karton\" class=\"wp-image-8853\"\/><figcaption class=\"wp-element-caption\">Pap\u00edr\/karton<\/figcaption><\/figure>\n\n\n\n<figure class=\"wp-block-image aligncenter size-thumbnail is-resized\"><img decoding=\"async\" width=\"150\" height=\"150\" src=\"https:\/\/obera.fr\/wp-content\/uploads\/2023\/02\/sans-titre-2023-02-14t101712.416-150x150.png\" alt=\"Aut\u00f3ipar\" class=\"wp-image-18834\"\/><figcaption class=\"wp-element-caption\">Aut\u00f3ipar<\/figcaption><\/figure>\n<\/div>\n<\/div>\n<\/div>\n<\/div>\n\n\n\n<figure class=\"wp-block-table\"><table class=\"has-fixed-layout\"><tbody><tr><td>Flow<\/td><td>m3\/h<\/td><td>22 000<\/td><\/tr><tr><td>Sebess\u00e9gek sz\u00e1ma<\/td><td><\/td><td>3<\/td><\/tr><tr><td>Fesz\u00fclts\u00e9g<\/td><td>V<\/td><td>230<\/td><\/tr><tr><td>N\u00e9vleges \u00e1ram<\/td><td>A<\/td><td>2.8<\/td><\/tr><tr><td>Teljes\u00edtm\u00e9ny<\/td><td>W<\/td><td>640<\/td><\/tr><tr><td>M\u00e9retek<\/td><td>l\/L\/h (mm)<\/td><td>1120 x 640 x 1600<\/td><\/tr><tr><td>S\u00faly<\/td><td>kg<\/td><td>50<\/td><\/tr><tr><td>Zajszint<\/td><td>dB(A)<\/td><td>58\/64\/68<\/td><\/tr><tr><td>Fel\u00fcletkezelt<\/td><td>m\u00b2<\/td><td>150 \u00e0 250<\/td><\/tr><tr><td>Tart\u00e1ly kapacit\u00e1sa<\/td><td>L<\/td><td>130<\/td><\/tr><tr><td>V\u00edzfogyaszt\u00e1s<\/td><td>L\/h<\/td><td>10 \u00e0 15<\/td><\/tr><\/tbody><\/table><\/figure>\n\n\n\n<div class=\"wp-block-columns is-layout-flex wp-container-core-columns-is-layout-28f84493 wp-block-columns-is-layout-flex\">\n<div class=\"wp-block-column is-layout-flow wp-block-column-is-layout-flow\">\n<div class=\"wp-block-buttons is-content-justification-center is-layout-flex wp-container-core-buttons-is-layout-a89b3969 wp-block-buttons-is-layout-flex\">\n<div class=\"wp-block-button\"><a class=\"wp-block-button__link wp-element-button\" href=\"https:\/\/obera.fr\/wp-content\/uploads\/2025\/04\/brochure-ic-22-en.pdf\">A BROS\u00daRA LET\u00d6LT\u00c9SE<\/a><\/div>\n<\/div>\n<\/div>\n\n\n\n<div class=\"wp-block-column is-layout-flow wp-block-column-is-layout-flow\">\n<div class=\"wp-block-buttons is-horizontal is-content-justification-center is-layout-flex wp-container-core-buttons-is-layout-03627597 wp-block-buttons-is-layout-flex\">\n<div class=\"wp-block-button\"><a class=\"wp-block-button__link wp-element-button\" href=\"https:\/\/obera.fr\/contact\/\">Tudjon meg t\u00f6bbet<\/a><\/div>\n<\/div>\n<\/div>\n<\/div>\n\n\n\n<blockquote class=\"wp-block-quote is-layout-flow wp-block-quote-is-layout-flow\">\n<p>J\u00f3 tudni: Az <strong>OberA \u00faj \u00e9s haszn\u00e1lt k\u00e9sz\u00fcl\u00e9keket egyar\u00e1nt k\u00edn\u00e1l elad\u00e1sra<\/strong>. A haszn\u00e1lt term\u00e9kek jav\u00edtottak, fel\u00faj\u00edtottak \u00e9s fel\u00faj\u00edtottak, \u00e9s egy \u00e9v garanci\u00e1val rendelkeznek. Minden haszn\u00e1lt term\u00e9knek van egy besorol\u00e1sa: A oszt\u00e1ly (majdnem \u00faj), B oszt\u00e1ly (k\u00f6zepes \u00e1llapot, enyhe kop\u00e1snyomokkal) \u00e9s C oszt\u00e1ly (romlott \u00e1llapot, de csak kozmetikailag). Web\u00e1ruh\u00e1zunk garant\u00e1lja a biztons\u00e1gos fizet\u00e9st \u00e9s a term\u00e9kek gyors kisz\u00e1ll\u00edt\u00e1s\u00e1t.   <\/p>\n<\/blockquote>\n\n\n\n<h2 class=\"wp-block-heading\">P\u00e1rologtat\u00f3 h\u0171t\u0151k: az IC22 modell el\u0151nyei<\/h2>\n\n\n\n<p>Az IC22 l\u00e9gfriss\u00edt\u0151 kialak\u00edt\u00e1sa k\u00fcl\u00f6n\u00f6sen <strong>k\u00e9nyelmess\u00e9<\/strong> teszi <strong>a szem\u00e9lyzet sz\u00e1m\u00e1ra<\/strong>. Friss leveg\u0151 terjeszt\u00e9s\u00e9vel nagym\u00e9rt\u00e9kben hozz\u00e1j\u00e1rul a j\u00f3l\u00e9t\u00fckh\u00f6z, mindenf\u00e9le h\u0171s\u00edt\u0151 hat\u00e1s n\u00e9lk\u00fcl. A k\u00e9sz\u00fcl\u00e9k 66 dB(A) zajszintj\u00e9vel csendes, an\u00e9lk\u00fcl, hogy kompromisszumot k\u00f6tne a teljes\u00edtm\u00e9nyben. \u00c9s mivel k\u00f6nnyen kezelhet\u0151, munkat\u00e1rsai b\u00e1rhov\u00e1 mozgathatj\u00e1k, ahol csak akarj\u00e1k, hogy \u00e9lvezhess\u00e9k a kellemes leveg\u0151t.   <\/p>\n\n\n\n<p>A leveg\u0151ben keletkez\u0151 p\u00e1ratartalom (5-10%) szint\u00e9n seg\u00edt megv\u00e9deni a berendez\u00e9seket. Ez a funkci\u00f3 k\u00fcl\u00f6n\u00f6sen <strong>alkalmas \u00fcvegh\u00e1zak vagy mez\u0151gazdas\u00e1gi helyis\u00e9gek eset\u00e9ben<\/strong>, ahol a h\u0151re \u00e9s a sz\u00e1raz leveg\u0151re \u00e9rz\u00e9keny berendez\u00e9sek \u00e9s term\u00e9kek tal\u00e1lhat\u00f3k. <\/p>\n\n\n\n<p>A beruh\u00e1z\u00e1s szempontj\u00e1b\u00f3l ez az <a href=\"https:\/\/obera.fr\/hu\/produits\/rafraichisseurs-air\/\" data-type=\"page\" data-id=\"368\">adiabatikus l\u00e9gh\u0171t\u0151<\/a> ak\u00e1r 80%-kal kevesebb energi\u00e1t fogyaszt, mint egy hagyom\u00e1nyos l\u00e9gkondicion\u00e1l\u00f3. Az \u00e1ramfogyaszt\u00e1son k\u00edv\u00fcl <strong>a h\u0171t\u0151 a k\u00f6rnyezeti leveg\u0151 h\u0171t\u00e9s\u00e9hez kompresszort \u00e9s h\u0171t\u0151k\u00f6zeget haszn\u00e1l<\/strong>, ami szint\u00e9n kev\u00e9sb\u00e9 k\u00f6rnyezetbar\u00e1t \u00f6sszetev\u0151. <\/p>\n\n\n\n<div class=\"wp-block-columns is-layout-flex wp-container-core-columns-is-layout-28f84493 wp-block-columns-is-layout-flex\">\n<div class=\"wp-block-column is-layout-flow wp-block-column-is-layout-flow\">\n<h3 class=\"wp-block-heading\">El\u0151ny\u00f6k :<\/h3>\n\n\n\n<ul class=\"wp-block-list\">\n<li>K\u00f6rnyezetbar\u00e1t;<\/li>\n\n\n\n<li>K\u00f6nnyen kezelhet\u0151 mobil berendez\u00e9sek;<\/li>\n\n\n\n<li>250 m2-es terek h\u0171t\u00e9s\u00e9re alkalmas \u00e1raml\u00e1si sebess\u00e9g;<\/li>\n\n\n\n<li>Plug &amp; play.<\/li>\n<\/ul>\n<\/div>\n\n\n\n<div class=\"wp-block-column is-layout-flow wp-block-column-is-layout-flow\">\n<h3 class=\"wp-block-heading\">K\u00fcl\u00f6nlegess\u00e9gek:<\/h3>\n\n\n\n<ul class=\"wp-block-list\">\n<li>Energiahat\u00e9kony (v\u00edz \u00e9s villamos energia) ;<\/li>\n\n\n\n<li>Porsz\u0171r\u00e9s (G4 sz\u0171r\u0151) ;<\/li>\n\n\n\n<li>Id\u0151z\u00edt\u0151 funkci\u00f3 automatikus ind\u00edt\u00e1shoz \u00e9s le\u00e1ll\u00edt\u00e1shoz<\/li>\n\n\n\n<li>Nincs cs\u0151vezet\u00e9k vagy elsz\u00edv\u00f3csatorna telep\u00edt\u00e9se;<\/li>\n\n\n\n<li>Nincs telep\u00edt\u00e9si k\u00f6lts\u00e9g.<\/li>\n<\/ul>\n<\/div>\n\n\n\n<div class=\"wp-block-column is-layout-flow wp-block-column-is-layout-flow\">\n<h3 class=\"wp-block-heading\">Jellemz\u0151k :<\/h3>\n\n\n\n<ul class=\"wp-block-list\">\n<li>Nincs &#8222;cold snap&#8221; hat\u00e1s;<\/li>\n\n\n\n<li>L\u00e9g\u00e1raml\u00e1s oszcill\u00e1ci\u00f3s \u00fczemm\u00f3d ;<\/li>\n\n\n\n<li>Fenntartja az optim\u00e1lis p\u00e1ratartalmat.<\/li>\n<\/ul>\n<\/div>\n<\/div>\n\n\n\n<h2 class=\"wp-block-heading\">Tesztelje IC22 l\u00e9gh\u0171t\u0151nket<\/h2>\n\n\n\n<p><strong> Lehet\u0151s\u00e9get<\/strong> k\u00edn\u00e1lunk<strong> a berendez\u00e9s b\u00e9rl\u00e9s\u00e9re\/tesztel\u00e9s\u00e9re \u00e1tlagosan egy h\u00f3napra<\/strong>, gyors sz\u00e1ll\u00edt\u00e1ssal, hogy szinte azonnal kipr\u00f3b\u00e1lhassa a m\u0171hely\u00e9ben. Ha \u00fagy d\u00f6nt, hogy \u00e9rv\u00e9nyes\u00edti a megold\u00e1st, nem kell k\u00fcl\u00f6nb\u00f6zetet fizetnie! Ha nem, akkor felm\u00e9rj\u00fck a berendez\u00e9s teljes\u00edtm\u00e9ny\u00e9t, \u00e9s olyan h\u0171t\u0151t aj\u00e1nlunk, amely jobban megfelel az \u00d6n ig\u00e9nyeinek \u00e9s specifik\u00e1ci\u00f3inak.  <\/p>\n\n\n\n<div class=\"wp-block-buttons is-content-justification-center is-layout-flex wp-container-core-buttons-is-layout-a89b3969 wp-block-buttons-is-layout-flex\">\n<div class=\"wp-block-button\"><a class=\"wp-block-button__link wp-element-button\" href=\"https:\/\/obera.fr\/hu\/contact\/\">KAPCSOLATFELV\u00c9TEL<\/a><\/div>\n<\/div>\n","protected":false},"excerpt":{"rendered":"<p>A k\u00f6rnyezetbar\u00e1t \u00e9s gazdas\u00e1gos p\u00e1rologtat\u00f3sz\u0171r\u0151s l\u00e9gfriss\u00edt\u0151 ide\u00e1lis arra, hogy 10-20\u00b0C k\u00f6r\u00fcli h\u0151m\u00e9rs\u00e9klet\u0171, h\u0171v\u00f6sebb leveg\u0151t hozzon l\u00e9tre a munkater\u00fcleteken. OberA p\u00e1rologtat\u00f3sz\u0171r\u0151s l\u00e9gh\u0171t\u0151: hogyan m\u0171k\u00f6dik? A p\u00e1rologtat\u00f3 l\u00e9gh\u0171t\u0151k IC22 term\u00e9kcsal\u00e1dja olyan m\u00e9hsejtszerkezet\u0171 paneleket tartalmaz, amelyek folyamatosan v\u00edzzel vannak \u00e1titatva. A k\u00e9sz\u00fcl\u00e9k h\u00e1ts\u00f3 r\u00e9sz\u00e9n tal\u00e1lhat\u00f3 axi\u00e1lis spir\u00e1lventil\u00e1tor besz\u00edvja a forr\u00f3 leveg\u0151t, \u00e9s \u00e1tvezeti azt a h\u0171t\u0151paneleken. A forr\u00f3 leveg\u0151 a v\u00edzzel \u00e9rintkezve elp\u00e1rolog \u00e9s leh\u0171l. Ezt a jelens\u00e9get &#8222;h\u0171t\u0151hat\u00e1snak &#8221; nevezik, \u00e9s ak\u00e1r 20 \u00b0C-kal cs\u00f6kkenti a besz\u00edvott leveg\u0151 h\u0151m\u00e9rs\u00e9klet\u00e9t. A h\u0171v\u00f6sebb, sz\u0171rt leveg\u0151 ezut\u00e1n \u00e1t\u00e1ramlik a k\u00e9sz\u00fcl\u00e9ken, \u00e9s k\u00f6rbej\u00e1rja a munkater\u00fcletet. A helyis\u00e9g szell\u0151ztet\u00e9se tov\u00e1bbra is elengedhetetlen, hogy a leveg\u0151 megfelel\u0151en keringhessen, &#8230; <\/p>\n<p class=\"read-more-container\"><a title=\"IC22 p\u00e1rologtat\u00f3s sz\u0171rt leveg\u0151h\u0171t\u0151\" class=\"read-more button\" href=\"https:\/\/obera.fr\/hu\/produits\/rafraichisseurs-air\/rafraichisseurs-par-evaporation-ic\/ic22-filtrant-par-evaporation\/#more-84010\" aria-label=\"Read more about IC22 p\u00e1rologtat\u00f3s sz\u0171rt leveg\u0151h\u0171t\u0151\">Lire la suite<\/a><\/p>\n","protected":false},"author":4,"featured_media":83741,"parent":83990,"menu_order":0,"comment_status":"closed","ping_status":"closed","template":"","meta":{"_acf_changed":false,"_seopress_robots_primary_cat":"","_seopress_titles_title":"IC22, Ipari p\u00e1rologtat\u00f3 h\u0171t\u0151","_seopress_titles_desc":"A k\u00f6rnyezetbar\u00e1t \u00e9s gazdas\u00e1gos IC22 p\u00e1rologtat\u00f3sz\u0171r\u0151s l\u00e9gfriss\u00edt\u0151 ide\u00e1lis arra, hogy 10-20\u00b0C k\u00f6r\u00fcli h\u0151m\u00e9rs\u00e9klet\u0171, h\u0171v\u00f6sebb leveg\u0151t hozzon l\u00e9tre a munkater\u00fcleteken.","_seopress_robots_index":"","footnotes":""},"class_list":{"0":"post-84010","1":"page","2":"type-page","3":"status-publish","4":"has-post-thumbnail","6":"no-featured-image-padding","7":"resize-featured-image"},"acf":[],"_links":{"self":[{"href":"https:\/\/obera.fr\/hu\/wp-json\/wp\/v2\/pages\/84010","targetHints":{"allow":["GET"]}}],"collection":[{"href":"https:\/\/obera.fr\/hu\/wp-json\/wp\/v2\/pages"}],"about":[{"href":"https:\/\/obera.fr\/hu\/wp-json\/wp\/v2\/types\/page"}],"author":[{"embeddable":true,"href":"https:\/\/obera.fr\/hu\/wp-json\/wp\/v2\/users\/4"}],"replies":[{"embeddable":true,"href":"https:\/\/obera.fr\/hu\/wp-json\/wp\/v2\/comments?post=84010"}],"version-history":[{"count":5,"href":"https:\/\/obera.fr\/hu\/wp-json\/wp\/v2\/pages\/84010\/revisions"}],"predecessor-version":[{"id":88725,"href":"https:\/\/obera.fr\/hu\/wp-json\/wp\/v2\/pages\/84010\/revisions\/88725"}],"up":[{"embeddable":true,"href":"https:\/\/obera.fr\/hu\/wp-json\/wp\/v2\/pages\/83990"}],"wp:featuredmedia":[{"embeddable":true,"href":"https:\/\/obera.fr\/hu\/wp-json\/wp\/v2\/media\/83741"}],"wp:attachment":[{"href":"https:\/\/obera.fr\/hu\/wp-json\/wp\/v2\/media?parent=84010"}],"curies":[{"name":"wp","href":"https:\/\/api.w.org\/{rel}","templated":true}]}}