{"id":84043,"date":"2020-08-26T12:54:02","date_gmt":"2020-08-26T10:54:02","guid":{"rendered":"https:\/\/obera.fr\/aspiration-fumees-soudage-laser-epur-b-ex\/"},"modified":"2026-03-02T12:24:58","modified_gmt":"2026-03-02T10:24:58","slug":"aspiration-fumees-soudage-laser-epur-b-ex","status":"publish","type":"page","link":"https:\/\/obera.fr\/hu\/produits\/depoussiereurs-industriels\/petits\/aspiration-fumees-soudage-laser-epur-b-ex\/","title":{"rendered":"Hegeszt\u00e9si f\u00fcst \u00e9s l\u00e9zerelsz\u00edv\u00e1s ePUR Ex"},"content":{"rendered":"\n<p>Az <strong>EPUR Ex<\/strong> egy 3 ATEX tan\u00fas\u00edtv\u00e1nnyal rendelkez\u0151<a href=\"https:\/\/obera.fr\/hu\/produits\/depoussiereurs-industriels\/petits\/\" data-type=\"page\" data-id=\"393\">mobil l\u00e9gelsz\u00edv\u00f3<\/a> rendszerb\u0151l \u00e1ll\u00f3 term\u00e9kcsal\u00e1d.<\/p>\n\n\n<h2 class=\"wp-block-heading\">Hogyan m\u0171k\u00f6dik a hegeszt\u00e9si\/l\u00e9zerf\u00fcst elsz\u00edv\u00e1s?<\/h2>\n\n<div class=\"wp-block-columns is-layout-flex wp-container-core-columns-is-layout-28f84493 wp-block-columns-is-layout-flex\">\n<div class=\"wp-block-column is-layout-flow wp-block-column-is-layout-flow\" style=\"flex-basis:33.33%\">\n<figure class=\"wp-block-image aligncenter size-full is-resized\"><img decoding=\"async\" width=\"670\" height=\"713\" src=\"https:\/\/obera.fr\/wp-content\/uploads\/2026\/02\/output-4-modifie.png\" alt=\"ePUR EX mobil egys&#xE9;g&#10;\" class=\"wp-image-144056\" style=\"aspect-ratio:0.9397256050562663;width:313px;height:auto\" srcset=\"https:\/\/obera.fr\/wp-content\/uploads\/2026\/02\/output-4-modifie.png 670w, https:\/\/obera.fr\/wp-content\/uploads\/2026\/02\/output-4-modifie-282x300.png 282w\" sizes=\"(max-width: 670px) 100vw, 670px\" \/><\/figure>\n<\/div>\n\n\n\n<div class=\"wp-block-column is-layout-flow wp-block-column-is-layout-flow\" style=\"flex-basis:66.66%\">\n<p>A m\u0171k\u00f6dtet\u00e9s egyszer\u0171: <strong>a szennyezett leveg\u0151 k\u00f6zvetlen\u00fcl a g\u00e9phez csatlakoztatott rugalmas sz\u00edv\u00f3t\u00f6ml\u0151n<\/strong>, egy sz\u00edv\u00f3karon, egy elsz\u00edv\u00f3h\u00e1ztet\u0151n vagy egy csatornah\u00e1l\u00f3zaton kereszt\u00fcl k\u00f6zvetlen\u00fcl a gy\u00e1rt\u00f3g\u00e9pre ker\u00fcl.<\/p>\n\n\n\n<p>A<strong>szennyezett leveg\u0151t<\/strong> a sz\u0171r\u00e9s k\u00fcl\u00f6nb\u00f6z\u0151 fokozatai fogj\u00e1k fel \u00e9s kezelik.<\/p>\n\n\n\n<p>A<strong>megtiszt\u00edtott leveg\u0151<\/strong> ezut\u00e1n a k\u00e9sz\u00fcl\u00e9k alj\u00e1n, k\u00f6zvetlen\u00fcl a munkater\u00fcletre vagy a szabadba t\u00e1vozik egy elsz\u00edv\u00f3csatorna-h\u00e1l\u00f3zat seg\u00edts\u00e9g\u00e9vel.<\/p>\n\n\n\n<div style=\"height:15px\" aria-hidden=\"true\" class=\"wp-block-spacer\"><\/div>\n\n\n\n<div class=\"wp-block-columns is-layout-flex wp-container-core-columns-is-layout-28f84493 wp-block-columns-is-layout-flex\">\n<div class=\"wp-block-column is-layout-flow wp-block-column-is-layout-flow\" style=\"flex-basis:33.34%\">\n<div class=\"wp-block-buttons is-content-justification-center is-layout-flex wp-container-core-buttons-is-layout-a89b3969 wp-block-buttons-is-layout-flex\">\n<div class=\"wp-block-button\"><a class=\"wp-block-button__link wp-element-button\" href=\"https:\/\/obera.fr\/wp-content\/uploads\/2025\/04\/brochure-epur-ex-fr.pdf\">A bros\u00fara let\u00f6lt\u00e9se<\/a><\/div>\n<\/div>\n<\/div>\n\n\n\n<div class=\"wp-block-column is-layout-flow wp-block-column-is-layout-flow\" style=\"flex-basis:33.34%\">\n<div class=\"wp-block-buttons is-horizontal is-content-justification-center is-layout-flex wp-container-core-buttons-is-layout-03627597 wp-block-buttons-is-layout-flex\">\n<div class=\"wp-block-button\"><a class=\"wp-block-button__link wp-element-button\" href=\"https:\/\/obera.fr\/contact\/\">Tudjon meg t\u00f6bbet<\/a><\/div>\n<\/div>\n<\/div>\n\n\n\n<div class=\"wp-block-column is-layout-flow wp-block-column-is-layout-flow\" style=\"flex-basis:33.33%\">\n<div class=\"wp-block-buttons is-content-justification-center is-layout-flex wp-container-core-buttons-is-layout-a89b3969 wp-block-buttons-is-layout-flex\">\n<div class=\"wp-block-button btn-devis-source\"><a class=\"wp-block-button__link wp-element-button\" href=\"https:\/\/obera.fr\/hu\/devis\/\">K\u00e9rjen \u00e1raj\u00e1nlatot<\/a><\/div>\n<\/div>\n\n\n<script>\r\ndocument.addEventListener('DOMContentLoaded', function() {\r\n    \/\/ 1. On cherche le titre H1 de la page\r\n    var h1 = document.querySelector('h1');\r\n    var productTitle = h1 ? h1.innerText.trim() : \"\";\r\n\r\n    \/\/ 2. On cherche les boutons via la classe CSS .btn-devis-source\r\n    var buttons = document.querySelectorAll('.btn-devis-source a');\r\n\r\n    \/\/ 3. Si on a le titre et les boutons, on ajoute le param\u00e8tre\r\n    if (buttons.length > 0 && productTitle !== \"\") {\r\n        var encodedTitle = encodeURIComponent(productTitle);\r\n\r\n        buttons.forEach(function(btn) {\r\n            var currentHref = btn.getAttribute('href');\r\n            \r\n            \/\/ S\u00e9curit\u00e9 pour ne pas ajouter le param\u00e8tre 2 fois\r\n            if (currentHref.indexOf('sujet=') === -1) {\r\n                var separator = currentHref.indexOf('?') !== -1 ? '&' : '?';\r\n                var newLink = currentHref + separator + 'sujet=' + encodedTitle;\r\n                \r\n                btn.setAttribute('href', newLink);\r\n            }\r\n        });\r\n    }\r\n});\r\n<\/script><\/div>\n<\/div>\n<\/div>\n<\/div>\n\n<p><\/p>\n\n<h2 class=\"wp-block-heading\">Milyen c\u00e9lokra?<\/h2>\n\n<p>Ezeket az elsz\u00edv\u00f3egys\u00e9geket <strong>hegeszt\u00e9si<\/strong> \u00e9s <strong>forraszt\u00e1si<\/strong> <strong>f\u00fcst<\/strong>, <strong>por<\/strong>, <strong>g\u0151z\u00f6k<\/strong>, <strong>old\u00f3szerek<\/strong>, <strong>g\u00e1zok<\/strong>, <strong>szagok<\/strong> \u00e9s mindenf\u00e9le <strong>g\u00e1znem\u0171 szennyez\u0151 anyag<\/strong> <strong>elsz\u00edv\u00e1s\u00e1ra<\/strong> tervezt\u00e9k. Az egys\u00e9gek kerekekre vannak szerelve, \u00e9s <a href=\"https:\/\/obera.fr\/hu\/produits\/depoussiereurs-industriels\/fixes\/\">fix vagy mobil munkahelyek<\/a> (legfeljebb 3 munkahely vagy gy\u00e1rt\u00f3g\u00e9p) elsz\u00edv\u00e1s\u00e1ra haszn\u00e1lhat\u00f3k. Kompakt \u00e9s helytakar\u00e9kos, \u00edgy minden t\u00edpus\u00fa ipar\u00e1gban alkalmazhat\u00f3ak. <a href=\"https:\/\/obera.fr\/hu\/produits\/atex\/\" data-type=\"page\" data-id=\"372\">ATEX tan\u00fas\u00edtv\u00e1nnyal rendelkeznek<\/a>, ATEX22 z\u00f3n\u00e1kban t\u00f6rt\u00e9n\u0151 haszn\u00e1latra tervezt\u00e9k \u0151ket.  <\/p>\n\n<p>Az <strong>EPUR Ex term\u00e9kcsal\u00e1d<\/strong> tel\u00edt\u00e9si sz\u0171r\u0151kkel van felszerelve (tel\u00edt\u0151d\u00e9s eset\u00e9n cser\u00e9lni kell), ami azt jelenti, hogy a por- vagy f\u00fcstterhel\u00e9s viszonylag alacsony. Nagyobb szennyez\u0151anyag-terhel\u00e9s \u00e9s nagy mennyis\u00e9g\u0171 por eset\u00e9n regener\u00e1lhat\u00f3 (nem elt\u00f6m\u0151d\u0151) sz\u0171r\u0151k\u00f6zegeket kell v\u00e1lasztani, mint p\u00e9ld\u00e1ul a <a href=\"https:\/\/obera.fr\/hu\/produits\/depoussiereurs-industriels\/mobiles\/extracteur-poussiere-dustomat-4\/\" data-type=\"page\" data-id=\"440\">DUSTOMAT<\/a> vagy a <a href=\"https:\/\/obera.fr\/hu\/produits\/depoussiereurs-industriels\/fixes\/aspiration-centralisee-industrielle-dustmac\/\" data-type=\"page\" data-id=\"467\">DUSTMAC<\/a>&#8230;. term\u00e9kcsal\u00e1dok. <\/p>\n\n<div class=\"wp-block-columns is-layout-flex wp-container-core-columns-is-layout-28f84493 wp-block-columns-is-layout-flex\">\n<div class=\"wp-block-column is-layout-flow wp-block-column-is-layout-flow\">\n<h3 class=\"wp-block-heading has-text-align-center\">Szennyez\u0151 anyagok<\/h3>\n\n\n\n<hr class=\"wp-block-separator has-css-opacity is-style-wide\"\/>\n\n\n\n<div class=\"wp-block-columns is-layout-flex wp-container-core-columns-is-layout-28f84493 wp-block-columns-is-layout-flex\">\n<div class=\"wp-block-column is-layout-flow wp-block-column-is-layout-flow\">\n<figure class=\"wp-block-image aligncenter size-large\"><img decoding=\"async\" width=\"70\" height=\"70\" src=\"https:\/\/obera.fr\/wp-content\/uploads\/2020\/08\/industrie-chimie.jpg\" alt=\"Vegyipar\" class=\"wp-image-725\"\/><figcaption class=\"wp-element-caption\">Vegyi por<\/figcaption><\/figure>\n\n\n\n<figure class=\"wp-block-image aligncenter size-large\"><img decoding=\"async\" width=\"70\" height=\"70\" src=\"https:\/\/obera.fr\/wp-content\/uploads\/2020\/08\/industrie-odeur.jpg\" alt=\"Ipari szag\" class=\"wp-image-723\"\/><figcaption class=\"wp-element-caption\">Szagok<\/figcaption><\/figure>\n<\/div>\n\n\n\n<div class=\"wp-block-column is-layout-flow wp-block-column-is-layout-flow\">\n<figure class=\"wp-block-image aligncenter size-large\"><img decoding=\"async\" width=\"70\" height=\"70\" src=\"https:\/\/obera.fr\/wp-content\/uploads\/2020\/08\/industrie-fumees.jpg\" alt=\"Ipari f&#xFC;st\" class=\"wp-image-722\"\/><figcaption class=\"wp-element-caption\">G\u0151z\u00f6k<\/figcaption><\/figure>\n\n\n\n<figure class=\"wp-block-image aligncenter size-large\"><img decoding=\"async\" width=\"70\" height=\"70\" src=\"https:\/\/obera.fr\/wp-content\/uploads\/2020\/09\/cov.png\" alt=\"Cov\" class=\"wp-image-959\"\/><figcaption class=\"wp-element-caption\">VOCS<\/figcaption><\/figure>\n<\/div>\n<\/div>\n<\/div>\n\n\n\n<div class=\"wp-block-column is-layout-flow wp-block-column-is-layout-flow\">\n<h3 class=\"wp-block-heading has-text-align-center\">Ipar\u00e1gak<\/h3>\n\n\n\n<hr class=\"wp-block-separator has-css-opacity is-style-wide\"\/>\n\n\n\n<p class=\"has-text-align-center\">Alkalmas minden t\u00edpus\u00fa ipar\u00e1g sz\u00e1m\u00e1ra<\/p>\n<\/div>\n<\/div>\n\n<h2 class=\"wp-block-heading\">Melyek az ePUR Ex jellemz\u0151i?<\/h2>\n\n<p>Az <strong>ePUR Ex 1000, 3000 \u00e9s 5000<\/strong> <strong>ak\u00e1r 3 fokozat\u00fa nagy teljes\u00edtm\u00e9ny\u0171 sz\u0171r\u00e9st is tartalmazhat<\/strong>. T\u00f6bbf\u00e9le konfigur\u00e1ci\u00f3 is lehets\u00e9ges, ak\u00e1r 2 fokozat 13\/14 HEPA sz\u0171r\u0151vel \u00e9s 6 kg akt\u00edv sz\u00e9nnel. Vagy 3 fokozatban, egy els\u0151 sz\u0171r\u0151vel, amely az \u00d6n ig\u00e9nyei szerint konfigur\u00e1lhat\u00f3, majd egy m\u00e1sik sz\u0171r\u0151 f\u00e9lig HEPA 13\/14 \u00e9s f\u00e9lig akt\u00edv sz\u00e9n (3 kg).  <\/p>\n\n<p>Az<strong>ePUR Ex 3000<\/strong>, a term\u00e9kcsal\u00e1d k\u00f6zepes k\u00e9sz\u00fcl\u00e9k\u00e9nek els\u0151 sz\u0171r\u0151je az \u00d6n ig\u00e9nyei szerint teljes m\u00e9rt\u00e9kben konfigur\u00e1lhat\u00f3. A m\u00e1sodik sz\u0171r\u0151doboz egy HEPA 13\/14-es sz\u0171r\u0151, amelynek sz\u0171r\u0151fel\u00fclete 5,6 m\u00b2. V\u00e9g\u00fcl a harmadik sz\u0171r\u0151doboz egy 6 kg s\u00faly\u00fa akt\u00edvszenes kazetta. Maxim\u00e1lis \u00e1raml\u00e1si sebess\u00e9ge <strong>260 m3\/h <\/strong>(terhel\u00e9s alatt). S\u00falya 65 kg, magass\u00e1ga 99 cm (s\u00falya sz\u0171r\u0151 n\u00e9lk\u00fcl).    <\/p>\n\n<p>Az<strong>ePUR Ex 5000<\/strong> kiemelkedik sz\u00edv\u00f3teljes\u00edtm\u00e9ny\u00e9vel, <strong>nagy, 2800 m3\/h \u00e1raml\u00e1si sebess\u00e9g\u00e9vel<\/strong>. Sz\u0171r\u0151i ugyan\u00fagy testre szabhat\u00f3k, mint a 2 el\u0151z\u0151 modell\u00e9. A k\u00e9sz\u00fcl\u00e9k alapfelszerelts\u00e9gk\u00e9nt egy E10 el\u0151sz\u0171r\u0151vel rendelkezik 19 m\u00b2 sz\u0171r\u0151fel\u00fclettel \u00e9s egy H14 HEPA sz\u0171r\u0151vel 20 m\u00b2 sz\u0171r\u0151fel\u00fclettel.  <\/p>\n\n<p>Az ePUR Ex 1000 s\u00falya 58 kg 63 cm magass\u00e1g mellett, az ePUR Ex 5000 s\u00falya pedig 240 kg 159 cm magass\u00e1g mellett (s\u00faly sz\u0171r\u0151vel egy\u00fctt).<\/p>\n\n<p>M\u0171k\u00f6d\u00e9s\u00fck zajszintje viszonylag alacsony (62db). Rozsdamentes ac\u00e9lb\u00f3l k\u00e9sz\u00fclt anyagaik robosztuss\u00e1 \u00e9s megb\u00edzhat\u00f3v\u00e1 teszik \u0151ket. A k\u00f6nny\u0171 konfigur\u00e1l\u00e1s \u00e9rdek\u00e9ben vez\u00e9rl\u0151k\u00e9perny\u0151vel is fel vannak szerelve.<\/p>\n\n<figure class=\"wp-block-table\"><table class=\"has-fixed-layout\"><thead><tr><th>Eszk\u00f6z<\/th><th><\/th><th>ePUR Ex 1000<\/th><th>ePUR Ex 3000<\/th><th>ePUR Ex 5000<\/th><\/tr><\/thead><tbody><tr><td>Flow<\/td><td>m3\/h<\/td><td>350<\/td><td>460<\/td><td>2.800<\/td><\/tr><tr><td>Bemeneti \u00e1tm\u00e9r\u0151<\/td><td>mm<\/td><td>50<\/td><td>50<\/td><td>150<\/td><\/tr><tr><td>maxim\u00e1lis negat\u00edv nyom\u00e1s<\/td><td>Pa<\/td><td>10 000<\/td><td>10 000<\/td><td>6000<\/td><\/tr><tr><td>T\u00e1pfesz\u00fclts\u00e9g<\/td><td>V<\/td><td>230 (vagy 110)<\/td><td>230 (vagy 110)<\/td><td>400<\/td><\/tr><tr><td>Teljes\u00edtm\u00e9ny<\/td><td>kW<\/td><td>1.1<\/td><td>1.1<\/td><td>2.4<\/td><\/tr><tr><td>Sz\u0171r\u0151fel\u00fclet 1. emelet<\/td><td>m\u00b2<\/td><td>2.2<\/td><td>2.5<\/td><td>19<\/td><\/tr><tr><td>Sz\u0171r\u0151fel\u00fclet 2. emelet<\/td><td>m\u00b2<\/td><td>2.8<\/td><td>5.6<\/td><td>20<\/td><\/tr><tr><td>Akt\u00edv sz\u00e9n mennyis\u00e9ge 3. fokozat<\/td><td>kg<\/td><td>3<\/td><td>5.8<\/td><td>X<\/td><\/tr><tr><td>M\u00e9retek<\/td><td>l\/L\/h (mm)<\/td><td>436 x 527 x 638<\/td><td>430 x 400 x 996 mm<\/td><td>780 x 970 x 1590<\/td><\/tr><tr><td>T\u00f6meg (sz\u0171r\u0151k n\u00e9lk\u00fcl)<\/td><td>kg<\/td><td>58<\/td><td>65<\/td><td>240<\/td><\/tr><tr><td>Zajszint<\/td><td>dB(A)<\/td><td>62<\/td><td>62<\/td><td>75<\/td><\/tr><\/tbody><\/table><\/figure>\n\n<h2 class=\"wp-block-heading\">Milyen el\u0151nyei vannak az elektronikus hegeszt\u00e9si f\u00fcstelsz\u00edv\u00f3 berendez\u00e9s\u00fcnknek?<\/h2>\n\n<p><\/p>\n\n<div class=\"wp-block-columns is-layout-flex wp-container-core-columns-is-layout-28f84493 wp-block-columns-is-layout-flex\">\n<div class=\"wp-block-column is-layout-flow wp-block-column-is-layout-flow\" style=\"flex-basis:25%\"><\/div>\n\n\n\n<div class=\"wp-block-column is-layout-flow wp-block-column-is-layout-flow\" style=\"flex-basis:50%\">\n<figure class=\"wp-block-embed is-type-video is-provider-youtube wp-block-embed-youtube wp-embed-aspect-16-9 wp-has-aspect-ratio\"><div class=\"wp-block-embed__wrapper\">\n<iframe title=\"TRAITEMENT COV, ODEURS, POUSSI\u00c8RES ET POLLUANTS GAZEUX - ePUR EX1000 - Obera\" width=\"1200\" height=\"675\" src=\"https:\/\/www.youtube.com\/embed\/05A45bNzFEY?feature=oembed&#038;enablejsapi=1&#038;origin=https:\/\/obera.fr\" frameborder=\"0\" allow=\"accelerometer; autoplay; clipboard-write; encrypted-media; gyroscope; picture-in-picture; web-share\" referrerpolicy=\"strict-origin-when-cross-origin\" allowfullscreen><\/iframe>\n<\/div><\/figure>\n\n\n\n<p><\/p>\n<\/div>\n\n\n\n<div class=\"wp-block-column is-layout-flow wp-block-column-is-layout-flow\" style=\"flex-basis:25%\"><\/div>\n<\/div>\n\n<p>Sz\u00e1mos el\u0151nye van, de mindenekel\u0151tt a <strong>munkav\u00e1llal\u00f3k v\u00e9delme<\/strong> a sz\u00e1mos l\u00e9g\u00fati \u00e9s b\u0151rbetegs\u00e9g ellen, amelyeknek ki vannak t\u00e9ve. Tov\u00e1bbi el\u0151ny a termel\u00e9si eszk\u00f6z\u00f6k v\u00e9delme, ami a meghib\u00e1sod\u00e1sok cs\u00f6kken\u00e9s\u00e9hez, \u00e9s ez\u00e1ltal a hossz\u00fa \u00e9lettartamuk n\u00f6veked\u00e9s\u00e9hez vezet.  A k\u00fcl\u00f6nb\u00f6z\u0151 sz\u0171r\u0151konfigur\u00e1ci\u00f3k lehet\u0151v\u00e9 teszik a teljes alkalmazkod\u00e1st a probl\u00e9m\u00e1hoz. <\/p>\n\n<blockquote class=\"wp-block-quote is-layout-flow wp-block-quote-is-layout-flow\">\n<p>Az alacsony m\u0171k\u00f6d\u00e9si zaj miatt k\u00f6zvetlen\u00fcl a munkater\u00fcletre telep\u00edthet\u0151.  <\/p>\n<\/blockquote>\n\n<p>Az egys\u00e9geket robusztus anyagok, p\u00e9ld\u00e1ul rozsdamentes ac\u00e9l felhaszn\u00e1l\u00e1s\u00e1val tervezt\u00e9k, hogy ellen\u00e1ll\u00f3bbak legyenek. A sz\u0171r\u0151k gyorsan \u00e9s egyszer\u0171en cser\u00e9lhet\u0151k. <strong>Elektronikusan kommut\u00e1lt EC ventil\u00e1torokat<\/strong> haszn\u00e1lnak az optim\u00e1lis hat\u00e9konys\u00e1g \u00e9s a fokozatmentes be\u00e1ll\u00edt\u00e1s \u00e9rdek\u00e9ben. A vez\u00e9rl\u0151panel a be\u00e1ll\u00edt\u00e1sok sz\u00e9les sk\u00e1l\u00e1j\u00e1t k\u00edn\u00e1lja, bele\u00e9rtve a t\u00e1vvez\u00e9rl\u00e9st \u00e9s a k\u00e9sz\u00fcl\u00e9k \u00e1llapot\u00e1nak (elt\u00f6m\u0151d\u00f6tt, kilyukadt sz\u0171r\u0151 stb.) kijelz\u00e9s\u00e9t is az optim\u00e1lis kezelhet\u0151s\u00e9g \u00e9rdek\u00e9ben. A t\u00f6rv\u00e9ny \u00e9rtelm\u00e9ben k\u00e9sz\u00fcl\u00e9keink lehet\u0151v\u00e9 teszik a munkahelyi expoz\u00edci\u00f3s hat\u00e1r\u00e9rt\u00e9k (OEL) betart\u00e1s\u00e1t.    <\/p>\n\n<div class=\"wp-block-columns is-layout-flex wp-container-core-columns-is-layout-28f84493 wp-block-columns-is-layout-flex\">\n<div class=\"wp-block-column is-layout-flow wp-block-column-is-layout-flow\">\n<h3 class=\"wp-block-heading has-text-align-center\">El\u0151ny\u00f6k<\/h3>\n\n\n\n<ul class=\"wp-block-list\">\n<li>3 fokozat\u00fa nagy teljes\u00edtm\u00e9ny\u0171 sz\u0171r\u00e9s<\/li>\n\n\n\n<li>Hangtomp\u00edt\u00f3<\/li>\n\n\n\n<li>A sz\u0171r\u0151fokozatok gyors \u00e9s egyszer\u0171 cser\u00e9je<\/li>\n\n\n\n<li>Mobil \u00e9s helytakar\u00e9kos<\/li>\n\n\n\n<li>Ak\u00e1r 3 munka\u00e1llom\u00e1s vagy gy\u00e1rt\u00f3g\u00e9p v\u00e1kuumoz\u00e1s\u00e1ra is haszn\u00e1lhat\u00f3<\/li>\n<\/ul>\n<\/div>\n\n\n\n<div class=\"wp-block-column is-layout-flow wp-block-column-is-layout-flow\">\n<h3 class=\"wp-block-heading has-text-align-center\">K\u00fcl\u00f6nleges jellemz\u0151k<\/h3>\n\n\n\n<ul class=\"wp-block-list\">\n<li>ATEX tan\u00fas\u00edt\u00e1s<\/li>\n\n\n\n<li>Elektronikusan kommut\u00e1lt EC ventil\u00e1tor az optim\u00e1lis hat\u00e9konys\u00e1g \u00e9s a v\u00e9gtelen szab\u00e1lyozhat\u00f3s\u00e1g \u00e9rdek\u00e9ben<\/li>\n\n\n\n<li>Kieg\u00e9sz\u00edt\u0151k sz\u00e9les v\u00e1laszt\u00e9k\u00e1val konfigur\u00e1lhat\u00f3<\/li>\n<\/ul>\n<\/div>\n\n\n\n<div class=\"wp-block-column is-layout-flow wp-block-column-is-layout-flow\">\n<h3 class=\"wp-block-heading has-text-align-center\">Jellemz\u0151k<\/h3>\n\n\n\n<ul class=\"wp-block-list\">\n<li>Jelent\u0151sen jav\u00edtja a leveg\u0151min\u0151s\u00e9get a szagok, a VOC-ok \u00e9s m\u00e1s g\u00e1znem\u0171 szennyez\u0151 anyagok elt\u00e1vol\u00edt\u00e1s\u00e1val.<\/li>\n<\/ul>\n<\/div>\n<\/div>\n\n<h2 class=\"wp-block-heading\">Hogyan v\u00e1lasszam ki a megfelel\u0151 porlev\u00e1laszt\u00f3 rendszert?<\/h2>\n\n<p>A megfelel\u0151 porlev\u00e1laszt\u00f3 kiv\u00e1laszt\u00e1sa alapvet\u0151 fontoss\u00e1g\u00fa a korai elhaszn\u00e1l\u00f3d\u00e1s elker\u00fcl\u00e9se \u00e9rdek\u00e9ben, amely meghib\u00e1sod\u00e1shoz vezethet.<\/p>\n\n<p>Az ePUR Ex term\u00e9kcsal\u00e1d <strong>nagy teljes\u00edtm\u00e9ny\u0171<\/strong>, <strong>egyszer\u0171<\/strong>, <strong>kompakt<\/strong> \u00e9s tel\u00edt\u00e9si sz\u0171r\u0151kkel felszerelt. Szabadon \u00e9s megfontoltan v\u00e1laszthatja meg a sz\u0171r\u00e9si fokozatok kombin\u00e1ci\u00f3j\u00e1t a hordoz\u00f3 \u00e9lettartam\u00e1nak optimaliz\u00e1l\u00e1sa \u00e9rdek\u00e9ben. \u00dcgyeljen azonban arra, hogy a tel\u00edt\u00e9si r\u00e9szecskesz\u0171r\u0151k j\u00f3l illeszkedjenek az elsz\u00edvni k\u00edv\u00e1nt por- \u00e9s f\u00fcstmennyis\u00e9ghez. M\u00e1s k\u00e9sz\u00fcl\u00e9kek regener\u00e1l\u00f3d\u00f3 sz\u0171r\u0151k\u00f6zeggel is kaphat\u00f3k.   <\/p>\n\n<p>Ha maga v\u00e9gzi a kutat\u00e1st, mindenk\u00e9ppen t\u00e1j\u00e9koz\u00f3djon a k\u00e9sz\u00fcl\u00e9k sz\u0171r\u00e9si kapacit\u00e1s\u00e1r\u00f3l. Ez f\u00fcgg a szennyez\u0151 anyagt\u00f3l, a r\u00e9szecsk\u00e9k m\u00e9ret\u00e9t\u0151l, \u00e1llapot\u00e1t\u00f3l (szil\u00e1rd vagy g\u00e1znem\u0171) \u00e9s koncentr\u00e1ci\u00f3j\u00e1t\u00f3l. Ez a kutat\u00e1s lehet\u0151v\u00e9 teszi, hogy kiv\u00e1lassza az ide\u00e1lis sz\u0171r\u0151t\u00edpust a porgy\u0171jt\u0151j\u00e9hez. M\u00e1sodszor, der\u00edtse ki, hogy mekkora teljes\u00edtm\u00e9ny\u0171 a k\u00e9sz\u00fcl\u00e9k, m\u00e1s sz\u00f3val, mekkora az \u00e1raml\u00e1si sebess\u00e9ge. Ism\u00e9tlem, a k\u00e9sz\u00fcl\u00e9k \u00e1raml\u00e1si sebess\u00e9ge f\u00fcgg a szennyez\u0151 anyag mennyis\u00e9g\u00e9t\u0151l, valamint a kezelend\u0151 helyis\u00e9g fel\u00fclet\u00e9t\u0151l.    Min\u00e9l nagyobb a t\u00e9r, ann\u00e1l t\u00f6bb \u00e1raml\u00e1sra van sz\u00fcks\u00e9g.<\/p>\n\n<p>A k\u00f6vetkez\u0151 l\u00e9p\u00e9s annak eld\u00f6nt\u00e9se, hogy milyen tartoz\u00e9kkal szerelje fel a g\u00e9pet: a gy\u00e1rt\u00f3g\u00e9phez csatlakoztatott csatorn\u00e1val vagy a munka\u00e1llom\u00e1shoz tartoz\u00f3<a href=\"https:\/\/obera.fr\/hu\/produits\/bras-dispositifs-captation\/capot-industriel\/\"> sz\u00edv\u00f3karral<\/a>.<\/p>\n\n<hr class=\"wp-block-separator has-css-opacity is-style-dots\"\/>\n\n<div class=\"wp-block-buttons is-horizontal is-content-justification-center is-layout-flex wp-container-core-buttons-is-layout-03627597 wp-block-buttons-is-layout-flex\">\n<div class=\"wp-block-button\"><a class=\"wp-block-button__link wp-element-button\" href=\"https:\/\/obera.fr\/contact\/\">Tudjon meg t\u00f6bbet<\/a><\/div>\n<\/div>\n\n<h2 class=\"wp-block-heading\">Az OberA m\u00e1rka egy\u00e9b kis porlev\u00e1laszt\u00f3i<\/h2>\n\n<div class=\"wp-block-columns is-layout-flex wp-container-core-columns-is-layout-28f84493 wp-block-columns-is-layout-flex\">\n<div class=\"wp-block-column is-layout-flow wp-block-column-is-layout-flow\">\n<figure class=\"wp-block-image aligncenter size-medium\"><a href=\"https:\/\/obera.fr\/hu\/produits\/depoussiereurs-industriels\/petits\/jumbo\/\"><img decoding=\"async\" width=\"300\" height=\"300\" src=\"https:\/\/obera.fr\/wp-content\/uploads\/2020\/10\/jumbo-300x300.png\" alt=\"Jumbo\" class=\"wp-image-1171\" srcset=\"https:\/\/obera.fr\/wp-content\/uploads\/2020\/10\/jumbo-300x300.png 300w, https:\/\/obera.fr\/wp-content\/uploads\/2020\/10\/jumbo-150x150.png 150w, https:\/\/obera.fr\/wp-content\/uploads\/2020\/10\/jumbo.png 500w\" sizes=\"(max-width: 300px) 100vw, 300px\" \/><\/a><figcaption class=\"wp-element-caption\">Jumbo<\/figcaption><\/figure>\n<\/div>\n\n\n\n<div class=\"wp-block-column is-layout-flow wp-block-column-is-layout-flow\">\n<figure class=\"wp-block-image aligncenter size-medium\"><a href=\"https:\/\/obera.fr\/hu\/produits\/depoussiereurs-industriels\/petits\/tk-serie\/\"><img decoding=\"async\" width=\"300\" height=\"300\" src=\"https:\/\/obera.fr\/wp-content\/uploads\/2020\/11\/tk-series-300x300.jpg\" alt=\"TK sorozat\" class=\"wp-image-1607\" srcset=\"https:\/\/obera.fr\/wp-content\/uploads\/2020\/11\/tk-series-300x300.jpg 300w, https:\/\/obera.fr\/wp-content\/uploads\/2020\/11\/tk-series-150x150.jpg 150w, https:\/\/obera.fr\/wp-content\/uploads\/2020\/11\/tk-series.jpg 600w\" sizes=\"(max-width: 300px) 100vw, 300px\" \/><\/a><figcaption class=\"wp-element-caption\">TK Serie<\/figcaption><\/figure>\n<\/div>\n\n\n\n<div class=\"wp-block-column is-layout-flow wp-block-column-is-layout-flow\">\n<figure class=\"wp-block-image aligncenter size-medium\"><a href=\"https:\/\/obera.fr\/hu\/produits\/depoussiereurs-industriels\/petits\/srf-t\/\"><img decoding=\"async\" width=\"300\" height=\"300\" src=\"https:\/\/obera.fr\/wp-content\/uploads\/2020\/10\/SRF-T-SF-300x300.png\" alt=\"Srf T Sf\" class=\"wp-image-1310\" srcset=\"https:\/\/obera.fr\/wp-content\/uploads\/2020\/10\/SRF-T-SF-300x300.png 300w, https:\/\/obera.fr\/wp-content\/uploads\/2020\/10\/SRF-T-SF-150x150.png 150w, https:\/\/obera.fr\/wp-content\/uploads\/2020\/10\/SRF-T-SF.png 600w\" sizes=\"(max-width: 300px) 100vw, 300px\" \/><\/a><figcaption class=\"wp-element-caption\">SRF-T<\/figcaption><\/figure>\n<\/div>\n<\/div>\n","protected":false},"excerpt":{"rendered":"<p>Az EPUR Ex egy 3 ATEX tan\u00fas\u00edtv\u00e1nnyal rendelkez\u0151mobil l\u00e9gelsz\u00edv\u00f3 rendszerb\u0151l \u00e1ll\u00f3 term\u00e9kcsal\u00e1d. Hogyan m\u0171k\u00f6dik a hegeszt\u00e9si\/l\u00e9zerf\u00fcst elsz\u00edv\u00e1s? A m\u0171k\u00f6dtet\u00e9s egyszer\u0171: a szennyezett leveg\u0151 k\u00f6zvetlen\u00fcl a g\u00e9phez csatlakoztatott rugalmas sz\u00edv\u00f3t\u00f6ml\u0151n, egy sz\u00edv\u00f3karon, egy elsz\u00edv\u00f3h\u00e1ztet\u0151n vagy egy csatornah\u00e1l\u00f3zaton kereszt\u00fcl k\u00f6zvetlen\u00fcl a gy\u00e1rt\u00f3g\u00e9pre ker\u00fcl. Aszennyezett leveg\u0151t a sz\u0171r\u00e9s k\u00fcl\u00f6nb\u00f6z\u0151 fokozatai fogj\u00e1k fel \u00e9s kezelik. Amegtiszt\u00edtott leveg\u0151 ezut\u00e1n a k\u00e9sz\u00fcl\u00e9k alj\u00e1n, k\u00f6zvetlen\u00fcl a munkater\u00fcletre vagy a szabadba t\u00e1vozik egy elsz\u00edv\u00f3csatorna-h\u00e1l\u00f3zat seg\u00edts\u00e9g\u00e9vel. Milyen c\u00e9lokra? Ezeket az elsz\u00edv\u00f3egys\u00e9geket hegeszt\u00e9si \u00e9s forraszt\u00e1si f\u00fcst, por, g\u0151z\u00f6k, old\u00f3szerek, g\u00e1zok, szagok \u00e9s mindenf\u00e9le g\u00e1znem\u0171 szennyez\u0151 anyag elsz\u00edv\u00e1s\u00e1ra tervezt\u00e9k. Az egys\u00e9gek kerekekre vannak szerelve, \u00e9s fix vagy mobil munkahelyek (legfeljebb 3 &#8230; <\/p>\n<p class=\"read-more-container\"><a title=\"Hegeszt\u00e9si f\u00fcst \u00e9s l\u00e9zerelsz\u00edv\u00e1s ePUR Ex\" class=\"read-more button\" href=\"https:\/\/obera.fr\/hu\/produits\/depoussiereurs-industriels\/petits\/aspiration-fumees-soudage-laser-epur-b-ex\/#more-84043\" aria-label=\"Read more about Hegeszt\u00e9si f\u00fcst \u00e9s l\u00e9zerelsz\u00edv\u00e1s ePUR Ex\">Lire la suite<\/a><\/p>\n","protected":false},"author":4,"featured_media":83741,"parent":117570,"menu_order":0,"comment_status":"closed","ping_status":"closed","template":"","meta":{"_acf_changed":false,"_seopress_robots_primary_cat":"","_seopress_titles_title":"Hegeszt\u00e9si f\u00fcst \u00e9s l\u00e9zerelsz\u00edv\u00e1s ePUR Ex oberA","_seopress_titles_desc":"Az ePUR Ex 1000 \/ 3000 \/ 5000 egy 3 ATEX tan\u00fas\u00edtv\u00e1nnyal rendelkez\u0151 mobil l\u00e9gelsz\u00edv\u00f3 rendszerekb\u0151l \u00e1ll\u00f3 term\u00e9kcsal\u00e1d. oberA kis porgy\u0171jt\u0151","_seopress_robots_index":"","footnotes":""},"class_list":{"0":"post-84043","1":"page","2":"type-page","3":"status-publish","4":"has-post-thumbnail","6":"no-featured-image-padding","7":"resize-featured-image"},"acf":[],"_links":{"self":[{"href":"https:\/\/obera.fr\/hu\/wp-json\/wp\/v2\/pages\/84043","targetHints":{"allow":["GET"]}}],"collection":[{"href":"https:\/\/obera.fr\/hu\/wp-json\/wp\/v2\/pages"}],"about":[{"href":"https:\/\/obera.fr\/hu\/wp-json\/wp\/v2\/types\/page"}],"author":[{"embeddable":true,"href":"https:\/\/obera.fr\/hu\/wp-json\/wp\/v2\/users\/4"}],"replies":[{"embeddable":true,"href":"https:\/\/obera.fr\/hu\/wp-json\/wp\/v2\/comments?post=84043"}],"version-history":[{"count":12,"href":"https:\/\/obera.fr\/hu\/wp-json\/wp\/v2\/pages\/84043\/revisions"}],"predecessor-version":[{"id":145557,"href":"https:\/\/obera.fr\/hu\/wp-json\/wp\/v2\/pages\/84043\/revisions\/145557"}],"up":[{"embeddable":true,"href":"https:\/\/obera.fr\/hu\/wp-json\/wp\/v2\/pages\/117570"}],"wp:featuredmedia":[{"embeddable":true,"href":"https:\/\/obera.fr\/hu\/wp-json\/wp\/v2\/media\/83741"}],"wp:attachment":[{"href":"https:\/\/obera.fr\/hu\/wp-json\/wp\/v2\/media?parent=84043"}],"curies":[{"name":"wp","href":"https:\/\/api.w.org\/{rel}","templated":true}]}}