{"id":84048,"date":"2022-04-01T09:15:30","date_gmt":"2022-04-01T07:15:30","guid":{"rendered":"https:\/\/obera.fr\/produits\/traitement-cov\/filtre-atex-mobile-mobfan-4500\/"},"modified":"2025-05-15T15:11:57","modified_gmt":"2025-05-15T13:11:57","slug":"filtre-atex-mobile-mobfan-4500","status":"publish","type":"page","link":"https:\/\/obera.fr\/hu\/produits\/traitement-cov\/filtre-atex-mobile-mobfan-4500\/","title":{"rendered":"MOBFAN 4500"},"content":{"rendered":"\n<h2 class=\"wp-block-heading\">Mobil ATEX akt\u00edvszenes sz\u0171r\u0151 a VOC-k kezel\u00e9s\u00e9re<\/h2>\n\n<div class=\"wp-block-columns is-layout-flex wp-container-core-columns-is-layout-28f84493 wp-block-columns-is-layout-flex\">\n<div class=\"wp-block-column is-layout-flow wp-block-column-is-layout-flow\" style=\"flex-basis:33.33%\">\n<figure class=\"wp-block-image aligncenter size-full is-resized\"><img decoding=\"async\" width=\"500\" height=\"500\" src=\"https:\/\/obera.fr\/wp-content\/uploads\/2022\/03\/Filtre-mobile-ATEX-MOBFAN4500.png\" alt=\"atex mobil sz&#x171;r&#x151; mobfan4500\" class=\"wp-image-9464\" srcset=\"https:\/\/obera.fr\/wp-content\/uploads\/2022\/03\/Filtre-mobile-ATEX-MOBFAN4500.png 500w, https:\/\/obera.fr\/wp-content\/uploads\/2022\/03\/Filtre-mobile-ATEX-MOBFAN4500-300x300.png 300w, https:\/\/obera.fr\/wp-content\/uploads\/2022\/03\/Filtre-mobile-ATEX-MOBFAN4500-150x150.png 150w\" sizes=\"(max-width: 500px) 100vw, 500px\" \/><\/figure>\n<\/div>\n\n\n\n<div class=\"wp-block-column is-vertically-aligned-center is-layout-flow wp-block-column-is-layout-flow\" style=\"flex-basis:66.66%\">\n<p>Az<strong> ill\u00e9kony szerves vegy\u00fcletek (VOC)<\/strong>, g\u0151z\u00f6k, szagok \u00e9s old\u00f3szerek<strong> kezel\u00e9se<\/strong> az iparban jelent\u0151s k\u00f6zeg\u00e9szs\u00e9g\u00fcgyi probl\u00e9m\u00e1t jelent. Fontos ezek kezel\u00e9se az ipari m\u0171helyek leveg\u0151min\u0151s\u00e9g\u00e9nek jav\u00edt\u00e1sa \u00e9s a munkav\u00e1llal\u00f3k e szennyez\u0151 anyagoknak val\u00f3 kitetts\u00e9g\u00e9nek cs\u00f6kkent\u00e9se \u00e9rdek\u00e9ben. A rendelkez\u00e9sre \u00e1ll\u00f3 technol\u00f3gi\u00e1k k\u00f6z\u00fcl az akt\u00edvszenes sz\u0171r\u0151k kiemelkednek hat\u00e9konys\u00e1gukkal, egyszer\u0171 haszn\u00e1latukkal, <strong>viszonylag alacsony<\/strong> k\u00f6lts\u00e9g\u00fckkel <strong>\u00e9s sokoldal\u00fas\u00e1gukkal<\/strong>.    <\/p>\n\n\n\n<p>Az akt\u00edv sz\u00e9n, m\u00e1s n\u00e9ven akt\u00edv sz\u00e9n, az iparban sz\u00e9les k\u00f6rben haszn\u00e1lt anyag a k\u00fcl\u00f6nb\u00f6z\u0151 g\u00e1znem\u0171 szennyez\u0151 anyagok kezel\u00e9s\u00e9re. <strong>Kiv\u00e9teles adszorpci\u00f3s tulajdons\u00e1gainak<\/strong> k\u00f6sz\u00f6nhet\u0151en az akt\u00edv sz\u00e9n k\u00e9pes hat\u00e9konyan megk\u00f6tni sz\u00e1mos <a href=\"https:\/\/obera.fr\/hu\/produits\/traitement-cov\/\">ill\u00e9kony szerves vegy\u00fcletet (VOC)<\/a> \u00e9s m\u00e1s, a leveg\u0151ben l\u00e9v\u0151 szennyez\u0151 anyagot. <\/p>\n\n\n\n<p>Az akt\u00edv sz\u00e9n itt \u00e1ltal\u00e1nosabban olyan adszorbensekre \u00e9s adszorbens-kever\u00e9kekre utal, amelyek adszorpci\u00f3val (csapd\u00e1z\u00e1ssal) \u00e9s fizikai-k\u00e9miai kezel\u00e9ssel (lebont\u00e1ssal) teszik lehet\u0151v\u00e9 a kezel\u00e9st. Az adszorpci\u00f3 az<strong> akt\u00edv sz\u00e9n <\/strong>\u00e9s bizonyos anyagok (adszorbensek<strong> ) azon tulajdons\u00e1g\u00e1t <\/strong>hat\u00e1rozza meg, hogy a leveg\u0151b\u0151l kivont szerves molekul\u00e1kat a fel\u00fclet\u00fck\u00f6n r\u00f6gz\u00edtik.<\/p>\n\n\n\n<div class=\"wp-block-columns is-layout-flex wp-container-core-columns-is-layout-28f84493 wp-block-columns-is-layout-flex\">\n<div class=\"wp-block-column is-vertically-aligned-center is-layout-flow wp-block-column-is-layout-flow\">\n<div class=\"wp-block-buttons is-content-justification-center is-layout-flex wp-container-core-buttons-is-layout-a89b3969 wp-block-buttons-is-layout-flex\">\n<div class=\"wp-block-button\"><a class=\"wp-block-button__link wp-element-button\" href=\"https:\/\/obera.fr\/wp-content\/uploads\/2025\/04\/brochure-mobfan-4500.pdf\">A bros\u00fara let\u00f6lt\u00e9se<\/a><\/div>\n<\/div>\n<\/div>\n\n\n\n<div class=\"wp-block-column is-vertically-aligned-center is-layout-flow wp-block-column-is-layout-flow\">\n<div class=\"wp-block-buttons is-horizontal is-content-justification-center is-layout-flex wp-container-core-buttons-is-layout-03627597 wp-block-buttons-is-layout-flex\">\n<div class=\"wp-block-button\"><a class=\"wp-block-button__link wp-element-button\" href=\"https:\/\/obera.fr\/contact\/\">Tudjon meg t\u00f6bbet<\/a><\/div>\n<\/div>\n<\/div>\n\n\n\n<div class=\"wp-block-column is-layout-flow wp-block-column-is-layout-flow\">\n<div class=\"wp-block-buttons is-content-justification-center is-layout-flex wp-container-core-buttons-is-layout-a89b3969 wp-block-buttons-is-layout-flex\">\n<div class=\"wp-block-button btn-devis-source\"><a class=\"wp-block-button__link wp-element-button\" href=\"https:\/\/obera.fr\/hu\/devis\/\">K\u00e9rjen \u00e1raj\u00e1nlatot<\/a><\/div>\n<\/div>\n\n\n<script>\r\ndocument.addEventListener('DOMContentLoaded', function() {\r\n    \/\/ 1. On cherche le titre H1 de la page\r\n    var h1 = document.querySelector('h1');\r\n    var productTitle = h1 ? h1.innerText.trim() : \"\";\r\n\r\n    \/\/ 2. On cherche les boutons via la classe CSS .btn-devis-source\r\n    var buttons = document.querySelectorAll('.btn-devis-source a');\r\n\r\n    \/\/ 3. Si on a le titre et les boutons, on ajoute le param\u00e8tre\r\n    if (buttons.length > 0 && productTitle !== \"\") {\r\n        var encodedTitle = encodeURIComponent(productTitle);\r\n\r\n        buttons.forEach(function(btn) {\r\n            var currentHref = btn.getAttribute('href');\r\n            \r\n            \/\/ S\u00e9curit\u00e9 pour ne pas ajouter le param\u00e8tre 2 fois\r\n            if (currentHref.indexOf('sujet=') === -1) {\r\n                var separator = currentHref.indexOf('?') !== -1 ? '&' : '?';\r\n                var newLink = currentHref + separator + 'sujet=' + encodedTitle;\r\n                \r\n                btn.setAttribute('href', newLink);\r\n            }\r\n        });\r\n    }\r\n});\r\n<\/script><\/div>\n<\/div>\n<\/div>\n<\/div>\n\n<div style=\"height:20px\" aria-hidden=\"true\" class=\"wp-block-spacer\"><\/div>\n\n<div class=\"wp-block-columns are-vertically-aligned-center is-layout-flex wp-container-core-columns-is-layout-28f84493 wp-block-columns-is-layout-flex\">\n<div class=\"wp-block-column is-vertically-aligned-center is-layout-flow wp-block-column-is-layout-flow\">\n<h3 class=\"wp-block-heading has-text-align-center\">JUTALMAK<\/h3>\n\n\n\n<ul class=\"wp-block-list\">\n<li>K\u00f6nnyen karbantarthat\u00f3<\/li>\n\n\n\n<li>K\u00f6nnyen haszn\u00e1lhat\u00f3<\/li>\n\n\n\n<li>Az akt\u00edvszenes patron egyszer\u0171 cser\u00e9je<\/li>\n\n\n\n<li>Mobil \u00e9s helytakar\u00e9kos<\/li>\n<\/ul>\n<\/div>\n\n\n\n<div class=\"wp-block-column is-vertically-aligned-center is-layout-flow wp-block-column-is-layout-flow\">\n<h3 class=\"wp-block-heading has-text-align-center\">k\u00fcl\u00f6nleges funkci\u00f3k<\/h3>\n\n\n\n<ul class=\"wp-block-list\">\n<li>Innovat\u00edv tervez\u00e9s<\/li>\n\n\n\n<li>Sz\u00e1mos \u00f6sszeszerel\u00e9si lehet\u0151s\u00e9g<\/li>\n\n\n\n<li>F\u0151 sz\u0171r\u0151 akt\u00edvsz\u00e9n pelletekkel a hat\u00e9kony szagtalan\u00edt\u00e1s \u00e9rdek\u00e9ben<\/li>\n<\/ul>\n<\/div>\n\n\n\n<div class=\"wp-block-column is-vertically-aligned-center is-layout-flow wp-block-column-is-layout-flow\">\n<h3 class=\"wp-block-heading has-text-align-center\">Jellemz\u0151k<\/h3>\n\n\n\n<ul class=\"wp-block-list\">\n<li>Hat\u00e9konyan kezeli a szagokat, old\u00f3szereket, VOC-ket \u00e9s m\u00e1s g\u00e1znem\u0171 szennyez\u0151d\u00e9seket.<\/li>\n\n\n\n<li>18,5 kg akt\u00edv sz\u00e9npatron<\/li>\n\n\n\n<li>\u00c1raml\u00e1si sebess\u00e9g 4,500 m3\/h<\/li>\n<\/ul>\n<\/div>\n<\/div>\n\n<hr class=\"wp-block-separator has-css-opacity\"\/>\n\n<h2 class=\"wp-block-heading\">Hogyan m\u0171k\u00f6dik a l\u00e9gszennyez\u0151 anyagok megk\u00f6t\u00e9se akt\u00edv sz\u00e9nnel?<\/h2>\n\n<p>Ahogy a szennyezett leveg\u0151 \u00e1t\u00e1ramlik az akt\u00edv sz\u00e9nr\u00e9tegen, a leveg\u0151ben l\u00e9v\u0151 szerves szennyez\u0151anyag az <strong>adszorbens anyag fel\u00fclet\u00e9hez<\/strong> k\u00f6t\u0151dik \u00e9s felfog\u00e1sra ker\u00fcl. Az adszorpci\u00f3s kapacit\u00e1s az adszorbens adszorpci\u00f3s kapacit\u00e1sa f\u00fcgg a : <\/p>\n\n<ul class=\"wp-block-list\">\n<li>az <strong>anyag kifejlesztett fel\u00fclete vagy fajlagos fel\u00fcl<\/strong>ete. Az ipari adszorbensek rendk\u00edv\u00fcl por\u00f3zusak, \u00e9s <a href=\"https:\/\/obera.fr\/hu\/a-mi-tanacsunk\/cov-processus-industriels-quelle-strategie-attenuation\/\">nagyon nagy, 600-1 500 m\u00b2\/g k\u00f6r\u00fcli fajlagos fel\u00fcletet alak\u00edtanak ki<\/a>. \u00c1tlagosan 10 g akt\u00edv sz\u00e9n fel\u00fclete egy futballp\u00e1lya fel\u00fclet\u00e9nek felel meg!  <\/li>\n\n\n\n<li><strong> a szerves szennyez\u0151 anyag koncentr\u00e1ci\u00f3ja<\/strong>. Az adszorbens egys\u00e9gnyi t\u00f6meg\u00e9re jut\u00f3 adszorbe\u00e1lt szennyez\u0151anyag t\u00f6mege k\u00f6z\u00f6tt egyens\u00faly j\u00f6n l\u00e9tre. Ez Freundlich t\u00f6rv\u00e9nye form\u00e1j\u00e1ban fejezhet\u0151 ki. Az \u00e1tv\u00e9teli ar\u00e1nyokat (szennyez\u0151anyag t\u00f6mege \/ adszorbens t\u00f6mege) a dokumentumban tal\u00e1lja.     <\/li>\n<\/ul>\n\n<figure class=\"wp-block-image aligncenter size-large is-resized\"><img decoding=\"async\" width=\"1024\" height=\"576\" src=\"https:\/\/obera.fr\/wp-content\/uploads\/2024\/04\/design-sans-titre-6-1024x576.jpg\" alt=\"c&#xED;m n&#xE9;lk&#xFC;li terv 6\" class=\"wp-image-29735\" style=\"width:555px;height:auto\" srcset=\"https:\/\/obera.fr\/wp-content\/uploads\/2024\/04\/design-sans-titre-6-1024x576.jpg 1024w, https:\/\/obera.fr\/wp-content\/uploads\/2024\/04\/design-sans-titre-6-300x169.jpg 300w, https:\/\/obera.fr\/wp-content\/uploads\/2024\/04\/design-sans-titre-6-768x432.jpg 768w, https:\/\/obera.fr\/wp-content\/uploads\/2024\/04\/design-sans-titre-6-1536x864.jpg 1536w, https:\/\/obera.fr\/wp-content\/uploads\/2024\/04\/design-sans-titre-6.jpg 2048w\" sizes=\"(max-width: 1024px) 100vw, 1024px\" \/><\/figure>\n\n<p>Az iparban keletkez\u0151 VOC-k kezel\u00e9s\u00e9re <strong>t\u00f6bbf\u00e9le akt\u00edvszenes sz\u0171r\u0151<\/strong> l\u00e9tezik. A legfontosabbak k\u00f6z\u00e9 tartoznak a granul\u00e1tumot vagy port tartalmaz\u00f3 sz\u0171r\u0151k, illetve a sz\u00e9nnel impregn\u00e1lt anyagok. A sz\u00e9nnel impregn\u00e1lt sz\u0171r\u0151k csak kis mennyis\u00e9g\u0171 szenet tartalmaznak, \u00e9s nagyon gyorsan tel\u00edt\u0151dnek, amikor szennyez\u0151 anyagokkal \u00e9rintkeznek. Ezek a sz\u00e9nnel impregn\u00e1lt anyagok nem alkalmasak a legt\u00f6bb <strong>ipari alkalmaz\u00e1shoz<\/strong>.   <\/p>\n\n<p><strong>Az akt\u00edvsz\u00e9nsz\u0171r\u0151k el\u0151nyei<\/strong> abban rejlenek, hogy k\u00e9pesek hat\u00e9konyan adszorbe\u00e1lni a VOC-okat, ez\u00e1ltal cs\u00f6kkentve a l\u00e9gk\u00f6rbe jut\u00f3 k\u00e1ros kibocs\u00e1t\u00e1sokat. Haszn\u00e1latuknak azonban h\u00e1tr\u00e1nyai is lehetnek, mint p\u00e9ld\u00e1ul a tel\u00edtett sz\u00e9n rendszeres cser\u00e9j\u00e9nek sz\u00fcks\u00e9gess\u00e9ge, valamint az \u00faj sz\u00e9n \u00e9s a haszn\u00e1lt sz\u00e9n \u00e1rtalmatlan\u00edt\u00e1s\u00e1nak k\u00f6lts\u00e9gei. Ha a<strong> kezelend\u0151 szennyez\u0151anyag koncentr\u00e1ci\u00f3ja t\u00fal magas<\/strong>, az akt\u00edvsz\u00e9n-t\u00f6ltet gyorsan tel\u00edt\u0151dik. Az akt\u00edv szenet ez\u00e9rt gyakran kell cser\u00e9lni, vagy nagy mennyis\u00e9g\u0171 sz\u00e9nre lesz sz\u00fcks\u00e9g a k\u00e9t sz\u00e9ncsere k\u00f6z\u00f6tti id\u0151 \u00e1thidal\u00e1s\u00e1hoz. A <strong>sz\u00e9ncsere <\/strong>gyakoris\u00e1ga a k\u00f6vetkez\u0151k\u00e9ppen sz\u00e1m\u00edthat\u00f3 ki:    <\/p>\n\n<p>T = (1000 x Ch x K \/ (C x Q) :  <\/p>\n\n<ul class=\"wp-block-list\">\n<li>C = Szennyez\u0151anyag-koncentr\u00e1ci\u00f3 mg\/m3-ben<\/li>\n\n\n\n<li>Q = kezelend\u0151 l\u00e9g\u00e1raml\u00e1s m3\/h-ban<\/li>\n\n\n\n<li>Ch = sz\u00e9nterhel\u00e9s kg-ban.<\/li>\n\n\n\n<li>K = abszorpci\u00f3s \u00e1lland\u00f3 kg szennyez\u0151anyag\/kg adszorbensben kifejezve, %-ban kifejezve (l\u00e1sd a list\u00e1t).<\/li>\n\n\n\n<li>T = k\u00e9t csere k\u00f6z\u00f6tt eltelt id\u0151 \u00fczem\u00f3r\u00e1ban kifejezve \u00f3r\u00e1kban kifejezve<\/li>\n<\/ul>\n\n<div class=\"wp-block-columns is-layout-flex wp-container-core-columns-is-layout-28f84493 wp-block-columns-is-layout-flex\">\n<div class=\"wp-block-column is-layout-flow wp-block-column-is-layout-flow\" style=\"flex-basis:66.66%\">\n<p><strong>A sz\u00e9n tel\u00edtetts\u00e9g\u00e9nek automatikus m\u00e9r\u00e9se<\/strong> gyakorlatilag lehetetlen, kiv\u00e9ve, ha a szennyez\u0151 anyag egyedi \u00e9s visszat\u00e9r\u0151. Nincs olyan fizikai param\u00e9ter sem, amely k\u00f6nnyen m\u00e9rhet\u0151 lenne a sz\u00e9n tel\u00edtetts\u00e9gi fok\u00e1nak meghat\u00e1roz\u00e1s\u00e1ra. Az adszorbens t\u00f6meg\u00e9nek n\u00f6veked\u00e9se nehezen m\u00e9rhet\u0151. A &#8222;szag visszat\u00e9r\u00e9se&#8221; gyakran a sz\u00e9n tel\u00edtetts\u00e9g\u00e9nek mutat\u00f3ja. Ez\u00e9rt a legt\u00f6bb <strong>akt\u00edvsz\u00e9nsz\u0171r\u0151<\/strong> \u00f3rasz\u00e1ml\u00e1l\u00f3val van felszerelve, hogy a szenet ismert \u00f3rasz\u00e1m ut\u00e1n, vagy a fenti k\u00e9plet alapj\u00e1n elm\u00e9letileg kisz\u00e1m\u00edtott sz\u00e1m ut\u00e1n ki lehessen cser\u00e9lni.    <\/p>\n\n\n\n<p>Az akt\u00edvsz\u00e9nsz\u0171r\u0151 kiv\u00e1laszt\u00e1sakor sz\u00e1mos param\u00e9tert kell figyelembe venni, k\u00fcl\u00f6n\u00f6sen a <strong>kezelend\u0151<\/strong> VOC-k vagy <strong>g\u00e1znem\u0171 szennyez\u0151<\/strong> anyagok jelleg\u00e9t, a leveg\u0151 \u00e1raml\u00e1si sebess\u00e9g\u00e9t, az \u00fczemi h\u0151m\u00e9rs\u00e9kletet \u00e9s nyom\u00e1st. \u00c1ltal\u00e1nos szab\u00e1lyk\u00e9nt a sz\u00e9nkezel\u00e9st 50\u00b0C alatt alkalmazz\u00e1k. Min\u00e9l magasabb a h\u0151m\u00e9rs\u00e9klet, ann\u00e1l kisebb az adszorbens abszorpci\u00f3s kapacit\u00e1sa.  <\/p>\n\n\n\n<p><strong>Az akt\u00edvsz\u00e9nsz\u0171r\u0151k <\/strong>hat\u00e9konys\u00e1g\u00e1t \u00e9s <strong>\u00e9lettartam\u00e1t <\/strong>a koncentr\u00e1ci\u00f3n k\u00edv\u00fcl sz\u00e1mos t\u00e9nyez\u0151 befoly\u00e1solja, t\u00f6bbek k\u00f6z\u00f6tt az akt\u00edv sz\u00e9n min\u0151s\u00e9ge, az \u00fczemi k\u00f6r\u00fclm\u00e9nyek (h\u0151m\u00e9rs\u00e9klet, nyom\u00e1s \u00e9s p\u00e1ratartalom) \u00e9s az \u00e1raml\u00e1sban l\u00e9v\u0151 por. Fontos, hogy a sz\u0171rend\u0151 leveg\u0151ben tal\u00e1lhat\u00f3 r\u00e9szecsk\u00e9ket \u00e9s port kisz\u0171rj\u00fck, hogy a sz\u00e9n p\u00f3rusait ne tel\u00edtse a por. A magas relat\u00edv p\u00e1ratartalom szint\u00e9n jelent\u0151sen cs\u00f6kkenti <strong>a sz\u00e9n<\/strong> hat\u00e9konys\u00e1g\u00e1t \u00e9s <strong>\u00e9lettartam\u00e1t<\/strong>. Ha a v\u00edzg\u0151z lecsap\u00f3dik, a foly\u00e9kony form\u00e1ban l\u00e9v\u0151 v\u00edz szennyez\u0151anyagk\u00e9nt tel\u00edti a sz\u00e9n p\u00f3rusait.     <\/p>\n\n\n\n<p>Az ipari VOC-ok kezel\u00e9s\u00e9ben innovat\u00edv megk\u00f6zel\u00edt\u00e9sek jelennek meg, p\u00e9ld\u00e1ul kataliz\u00e1torok vagy nanokompozit anyagok haszn\u00e1lata az <strong>akt\u00edvsz\u00e9nsz\u0171r\u0151k<\/strong> hat\u00e9konys\u00e1g\u00e1nak \u00e9s <strong>tart\u00f3ss\u00e1g\u00e1nak<\/strong> jav\u00edt\u00e1s\u00e1ra. Olyan adszorbenseket is alkalmazunk, amelyek sz\u00edne a tel\u00edtetts\u00e9gi foknak megfelel\u0151en v\u00e1ltozik. <\/p>\n<\/div>\n\n\n\n<div class=\"wp-block-column is-layout-flow wp-block-column-is-layout-flow\" style=\"flex-basis:33.33%\">\n<p><\/p>\n\n\n\n<p><\/p>\n\n\n\n<p><\/p>\n\n\n\n<p><\/p>\n\n\n\n<p><\/p>\n\n\n\n<p><\/p>\n\n\n\n<p><\/p>\n\n\n\n<figure class=\"wp-block-image aligncenter size-large\"><img decoding=\"async\" width=\"1024\" height=\"549\" src=\"https:\/\/obera.fr\/wp-content\/uploads\/2025\/05\/illustration-charbon-actif-mix-1024x549.jpg\" alt=\"illusztr&#xE1;ci&#xF3; akt&#xED;v sz&#xE9;n kever&#xE9;k\" class=\"wp-image-99904\" srcset=\"https:\/\/obera.fr\/wp-content\/uploads\/2025\/05\/illustration-charbon-actif-mix-1024x549.jpg 1024w, https:\/\/obera.fr\/wp-content\/uploads\/2025\/05\/illustration-charbon-actif-mix-300x161.jpg 300w, https:\/\/obera.fr\/wp-content\/uploads\/2025\/05\/illustration-charbon-actif-mix-768x412.jpg 768w, https:\/\/obera.fr\/wp-content\/uploads\/2025\/05\/illustration-charbon-actif-mix.jpg 1200w\" sizes=\"(max-width: 1024px) 100vw, 1024px\" \/><\/figure>\n<\/div>\n<\/div>\n\n<p>A szennyez\u0151 anyag \u00e9s a sz\u00e9n k\u00f6z\u00f6tti \u00e9rintkez\u00e9si id\u0151 d\u00f6nt\u0151 fontoss\u00e1g\u00fa. Ennek el\u00e9r\u00e9se \u00e9rdek\u00e9ben fontos, hogy a<strong> sz\u00e9nen kereszt\u00fclmen\u0151 \u00e1raml\u00e1si sebess\u00e9get<\/strong> a lehet\u0151 legalacsonyabb szinten tartsuk, \u00e9s term\u00e9szetesen a kezelend\u0151 \u00e1raml\u00e1si sebess\u00e9ghez k\u00e9pest a lehet\u0151 legt\u00f6bb akt\u00edv szenet haszn\u00e1ljuk. A sz\u0171r\u0151 geometri\u00e1ja nagyon fontos a hossz\u00fa \u00e9rintkez\u00e9si id\u0151 biztos\u00edt\u00e1sa \u00e9rdek\u00e9ben. A patronokban l\u00e9v\u0151 akt\u00edv sz\u00e9n jobb kontaktid\u0151t biztos\u00edt, mint az \u00e1gyakban l\u00e9v\u0151.   <\/p>\n\n<p>A kezel\u00e9s hat\u00e9konys\u00e1g\u00e1nak n\u00f6vel\u00e9se \u00e9rdek\u00e9ben lehet\u0151s\u00e9g van k\u00e9miailag &#8222;adal\u00e9kolt&#8221; akt\u00edv sz\u00e9n vagy<strong> k\u00fcl\u00f6nb\u00f6z\u0151 adszorbensek kever\u00e9keinek<\/strong> alkalmaz\u00e1s\u00e1ra. A kezel\u00e9s k\u00fcl\u00f6n\u00f6sen a szennyez\u0151anyag-csal\u00e1dokra ir\u00e1nyulhat, mint p\u00e9ld\u00e1ul : <\/p>\n\n<ul class=\"wp-block-list\">\n<li>H2S a specifikus adszorbens\u00fcnkkel OBCKV-SULFREE HE<\/li>\n\n\n\n<li>Savg\u0151z\u00f6k, tiolok, HCI, ecetsav, hangyasav az OBCKV-ACID FREE HE adszorbens\u00fcnkkel.  <\/li>\n\n\n\n<li>Formaldehid, aldehid, nitrog\u00e9n-dioxid NOx, g\u00e1zok, H2S, HCN, merkapt\u00e1nok, oxid\u00e1l\u00f3 g\u00e1zok, SO2 az OBCKO-PURPLE abszorbens\u00fcnkkel.<\/li>\n\n\n\n<li>OBCKV-CL2 Kifejezetten a CL2, kl\u00f3r eset\u00e9ben<\/li>\n\n\n\n<li>OBCKV-HG a higany eset\u00e9ben  <\/li>\n<\/ul>\n\n<p>Lehet\u0151s\u00e9g van t\u00f6bb egym\u00e1st k\u00f6vet\u0151 sz\u0171r\u00e9si szakasz kombin\u00e1l\u00e1s\u00e1ra is, hogy n\u00f6velj\u00e9k a kontaktid\u0151t \u00e9s a kezel\u00e9s szelektivit\u00e1s\u00e1t.<\/p>\n\n<h2 class=\"wp-block-heading\">Az akt\u00edvszenes patron cser\u00e9je<\/h2>\n\n<h3 class=\"wp-block-heading\">Egyszer\u0171s\u00e9g \u00e9s hat\u00e9konys\u00e1g<\/h3>\n\n<div class=\"wp-block-columns is-layout-flex wp-container-core-columns-is-layout-28f84493 wp-block-columns-is-layout-flex\">\n<div class=\"wp-block-column is-layout-flow wp-block-column-is-layout-flow\" style=\"flex-basis:33.33%\">\n<div style=\"height:50px\" aria-hidden=\"true\" class=\"wp-block-spacer\"><\/div>\n\n\n\n<figure class=\"wp-block-image aligncenter size-full\"><img decoding=\"async\" width=\"500\" height=\"700\" src=\"https:\/\/obera.fr\/wp-content\/uploads\/2022\/03\/MOBFAN4500-arriere.png\" alt=\"mobfan4500 h&#xE1;ts&#xF3;\" class=\"wp-image-9518\" srcset=\"https:\/\/obera.fr\/wp-content\/uploads\/2022\/03\/MOBFAN4500-arriere.png 500w, https:\/\/obera.fr\/wp-content\/uploads\/2022\/03\/MOBFAN4500-arriere-214x300.png 214w\" sizes=\"(max-width: 500px) 100vw, 500px\" \/><\/figure>\n<\/div>\n\n\n\n<div class=\"wp-block-column is-layout-flow wp-block-column-is-layout-flow\" style=\"flex-basis:66.66%\">\n<figure class=\"wp-block-video aligncenter\"><video height=\"1024\" style=\"aspect-ratio: 1280 \/ 1024;\" width=\"1280\" controls=\"\" src=\"https:\/\/obera.fr\/wp-content\/uploads\/2022\/03\/Changement-cartouhe-charbon-actif.mov\"><\/video><\/figure>\n<\/div>\n<\/div>\n\n<div style=\"height:40px\" aria-hidden=\"true\" class=\"wp-block-spacer\"><\/div>\n\n<hr class=\"wp-block-separator has-css-opacity\"\/>\n\n<h2 class=\"wp-block-heading\">Mi a teend\u0151 a sz\u00e9nnel az \u00e9lettartama v\u00e9g\u00e9n, amikor az m\u00e1r tel\u00edtett.<\/h2>\n\n<p>Bizonyos esetekben az akt\u00edv sz\u00e9n \u00fajrahasznos\u00edthat\u00f3. Vannak regener\u00e1l\u00e1si m\u00f3dszerek, mint p\u00e9ld\u00e1ul a termikus deszorpci\u00f3 vagy a g\u0151z. Ezek a technik\u00e1k vissza\u00e1ll\u00edtj\u00e1k<strong>az akt\u00edv sz\u00e9n hat\u00e9konys\u00e1g\u00e1t<\/strong>, ez\u00e1ltal cs\u00f6kkentve a cserek\u00f6lts\u00e9geket. Ha a sz\u00e9n nem regener\u00e1lhat\u00f3, akkor termikusan hasznos\u00edthat\u00f3, mivel magas f\u0171t\u0151\u00e9rt\u00e9kkel rendelkezik. Az OberA visszav\u00e9teli \u00e9s<strong> \u00fajrahasznos\u00edt\u00e1si<\/strong> megold\u00e1sokat k\u00edn\u00e1l<strong> az \u00d6n haszn\u00e1lt akt\u00edvsz\u00e9njei sz\u00e1m\u00e1ra<\/strong>.    <\/p>\n\n<h2 class=\"wp-block-heading\">Mikor kell akt\u00edvszenes sz\u0171r\u0151ket haszn\u00e1lni?<\/h2>\n\n<p>Az al\u00e1bbiakban n\u00e9h\u00e1ny \u00fatmutat\u00f3 seg\u00edt meg\u00e9rteni az <strong>akt\u00edvszenes kezel\u00e9si megold\u00e1s<\/strong> kiv\u00e1laszt\u00e1s\u00e1nak krit\u00e9riumait.<\/p>\n\n<ul class=\"wp-block-list\">\n<li>Ha VOC-ok, g\u0151z\u00f6k, old\u00f3szerek vagy szagok vannak jelen. A szennyez\u0151 anyagot akt\u00edv sz\u00e9nnel kell tudni kezelni. A biztons\u00e1g kedv\u00e9\u00e9rt tekintse meg a <a href=\"https:\/\/obera.fr\/hu\/produits\/traitement-cov\/\">szennyez\u0151 anyagok list\u00e1j\u00e1t<\/a>.  <\/li>\n\n\n\n<li>Alacsony szennyez\u0151anyag-koncentr\u00e1ci\u00f3k: az akt\u00edv sz\u00e9n j\u00f3l alkalmazhat\u00f3 alacsony koncentr\u00e1ci\u00f3k eset\u00e9n. A koncentr\u00e1ci\u00f3k n\u00f6veked\u00e9s\u00e9vel az <strong>oxid\u00e1ci\u00f3s elj\u00e1r\u00e1soknak<\/strong> (termikus oxid\u00e1ci\u00f3, katalitikus oxid\u00e1ci\u00f3) van t\u00f6bb \u00e9rtelme. A termikus oxid\u00e1ci\u00f3nak akkor van \u00e9rtelme, ha a koncentr\u00e1ci\u00f3 el\u00e9g magas ahhoz, hogy az \u00e9g\u00e9s \u00f6nmeleg\u00edt\u0151 legyen. Ha a koncentr\u00e1ci\u00f3 nem elegend\u0151, a szerves szennyez\u0151 anyagot koncentr\u00e1lni kell, vagy g\u00e1zt kell hozz\u00e1adni az el\u00e9get\u00e9shez.     <\/li>\n\n\n\n<li>Alacsony \u00e1raml\u00e1si sebess\u00e9g: ha a kezelend\u0151 \u00e1raml\u00e1si sebess\u00e9g alacsony, az <strong>akt\u00edv sz\u00e9nnel t\u00f6rt\u00e9n\u0151 kezel\u00e9snek<\/strong> van \u00e9rtelme, mivel a berendez\u00e9s \u00e1ltal\u00e1ban olcs\u00f3bb, mint m\u00e1s technol\u00f3gi\u00e1k, p\u00e9ld\u00e1ul a termikus oxid\u00e1ci\u00f3, a biofilterek stb.<\/li>\n<\/ul>\n\n<h2 class=\"wp-block-heading\">Milyen ipari alkalmaz\u00e1sok kezelhet\u0151k akt\u00edv sz\u00e9nnel?<\/h2>\n\n<p>A VOC-ok a<strong> szerves k\u00e9miai vegy\u00fcletek<\/strong> egy olyan oszt\u00e1lya, amelyek szobah\u0151m\u00e9rs\u00e9kleten k\u00f6nnyen elp\u00e1rolognak, \u00e9s k\u00e1ros hat\u00e1ssal lehetnek az emberi eg\u00e9szs\u00e9gre \u00e9s a k\u00f6rnyezetre. Az akt\u00edv sz\u00e9nnel leggyakrabban kezelt VOC-ok k\u00f6z\u00e9 tartozik a sztirol, a benzol, a toluol, az etilbenzol \u00e9s a xilol (BTEX), valamint m\u00e1s arom\u00e1s \u00e9s alif\u00e1s sz\u00e9nhidrog\u00e9nek \u00e9s formaldehidek. A VOC-ok mellett az akt\u00edv sz\u00e9n<a href=\"https:\/\/obera.fr\/hu\/produits\/traitement-cov\/\">m\u00e1s g\u00e1znem\u0171 szennyez\u0151 anyagok, p\u00e9ld\u00e1ul halog\u00e9nezett szerves vegy\u00fcletek (HOC-ok), m\u00e9rgez\u0151 g\u00e1zok, p\u00e9ld\u00e1ul sz\u00e9n-monoxid (CO), szagos vegy\u00fcletek, old\u00f3szerg\u0151z\u00f6k, k\u00e9nvegy\u00fcletek, nitrog\u00e9nvegy\u00fcletek \u00e9s sz\u00e1mos m\u00e1s k\u00e1ros anyagelt\u00e1vol\u00edt\u00e1s\u00e1ban<\/a> is hat\u00e9kony.  <\/p>\n\n<p>Ezeket a szennyez\u0151anyagokat sz\u00e1mos ipari forr\u00e1s bocs\u00e1tja ki, mint p\u00e9ld\u00e1ul :  <\/p>\n\n<ul class=\"wp-block-list\">\n<li>sz\u00e9nhidrog\u00e9n-alap\u00fa vegy\u00fcletek termikus leboml\u00e1s\u00e1hoz vezet\u0151<strong> \u00e9g\u00e9si<\/strong> vagy f\u0171t\u00e9si<strong> folyamatok<\/strong> (m\u0171anyagfr\u00f6ccs\u00f6nt\u00e9s, l\u00e9zerv\u00e1g\u00e1s, 3D nyomtat\u00e1s, grav\u00edroz\u00e1s stb.).<\/li>\n\n\n\n<li>az iparban haszn\u00e1lt ragaszt\u00f3k \u00e9s t\u00f6m\u00edt\u0151anyagok<\/li>\n\n\n\n<li>gyant\u00e1k, kem\u00e9ny\u00edt\u0151k stb. \u00f6ssze\u00e1ll\u00edt\u00e1sa \u00e9s haszn\u00e1lata.<\/li>\n\n\n\n<li><strong>tiszt\u00edt\u00f3<\/strong>, zs\u00edrtalan\u00edt\u00f3 \u00e9s fest\u0151 <strong>old\u00f3szerek<\/strong> stb.<\/li>\n\n\n\n<li>k\u00e9miai formul\u00e1k (m\u00e9r\u00e9s, \u00f6nt\u00e9s, t\u00f6lt\u00e9s stb.)<\/li>\n\n\n\n<li>a szerves anyagok leboml\u00e1sa sor\u00e1n keletkez\u0151 szagok \u00e9s VOC-k<\/li>\n<\/ul>\n\n<div class=\"wp-block-columns is-layout-flex wp-container-core-columns-is-layout-28f84493 wp-block-columns-is-layout-flex\">\n<div class=\"wp-block-column is-layout-flow wp-block-column-is-layout-flow\">\n<h3 class=\"wp-block-heading has-text-align-center\">Szennyez\u0151 anyagok<\/h3>\n\n\n\n<div class=\"wp-block-columns is-layout-flex wp-container-core-columns-is-layout-28f84493 wp-block-columns-is-layout-flex\">\n<div class=\"wp-block-column is-layout-flow wp-block-column-is-layout-flow\">\n<figure class=\"wp-block-image aligncenter size-full is-resized\"><img decoding=\"async\" width=\"150\" height=\"150\" src=\"https:\/\/obera.fr\/wp-content\/uploads\/2022\/02\/Chimie.png\" alt=\"k&#xE9;mia\" class=\"wp-image-8846\"\/><figcaption class=\"wp-element-caption\">K\u00e9mia<\/figcaption><\/figure>\n\n\n\n<figure class=\"wp-block-image aligncenter size-full is-resized\"><img decoding=\"async\" width=\"150\" height=\"150\" src=\"https:\/\/obera.fr\/wp-content\/uploads\/2022\/02\/ODEURS.png\" alt=\"szagok\" class=\"wp-image-8848\"\/><figcaption class=\"wp-element-caption\">Szagok<\/figcaption><\/figure>\n<\/div>\n\n\n\n<div class=\"wp-block-column is-layout-flow wp-block-column-is-layout-flow\">\n<figure class=\"wp-block-image aligncenter size-full is-resized\"><img decoding=\"async\" width=\"150\" height=\"150\" src=\"https:\/\/obera.fr\/wp-content\/uploads\/2022\/03\/COV-1.png\" alt=\"cov 1\" class=\"wp-image-9525\"\/><figcaption class=\"wp-element-caption\">VOCS<\/figcaption><\/figure>\n<\/div>\n<\/div>\n<\/div>\n\n\n\n<div class=\"wp-block-column is-layout-flow wp-block-column-is-layout-flow\">\n<h3 class=\"wp-block-heading has-text-align-center\">Ipar\u00e1g<\/h3>\n\n\n\n<p class=\"has-text-align-center\"><strong>Minden t\u00edpus\u00fa ipar\u00e1g<\/strong> sz\u00e1m\u00e1ra alkalmas, vegye fel vel\u00fcnk a kapcsolatot, hogy megbesz\u00e9lj\u00fck az \u00d6n ig\u00e9nyeit.<\/p>\n<\/div>\n<\/div>\n\n<h3 class=\"wp-block-heading\">Jellemz\u0151k<\/h3>\n\n<figure class=\"wp-block-table\"><table class=\"has-fixed-layout\"><thead><tr><th>Eszk\u00f6z<\/th><th><\/th><th>MOBFAN 4500<\/th><\/tr><\/thead><tbody><tr><td>Leveg\u0151\u00e1raml\u00e1s<\/td><td>m3\/h<\/td><td>4500<\/td><\/tr><tr><td>ATEX<\/td><td>Por<br\/>G\u00e1z<\/td><td>Z\u00f3na 22<br\/>2. z\u00f3na<\/td><\/tr><tr><td>Max. nyom\u00e1s<\/td><td>Pa<\/td><td>2000<\/td><\/tr><tr><td>Akt\u00edvsz\u00e9n t\u00f6mege<\/td><td>kg<\/td><td>18.5<\/td><\/tr><\/tbody><\/table><\/figure>\n\n<div style=\"height:40px\" aria-hidden=\"true\" class=\"wp-block-spacer\"><\/div>\n\n<h3 class=\"wp-block-heading\">Tartoz\u00e9kok<\/h3>\n\n<div class=\"wp-block-columns is-layout-flex wp-container-core-columns-is-layout-28f84493 wp-block-columns-is-layout-flex\">\n<div class=\"wp-block-column is-layout-flow wp-block-column-is-layout-flow\">\n<figure class=\"wp-block-image aligncenter size-full\"><img decoding=\"async\" width=\"100\" height=\"100\" src=\"https:\/\/obera.fr\/wp-content\/uploads\/2020\/08\/accessoires-gaines.jpg\" alt=\"Porgy&#x171;jt&#x151; - Sz&#x171;r&#xE9;s\" class=\"wp-image-665\"\/><figcaption class=\"wp-element-caption\">Csatorn\u00e1z\u00e1s<\/figcaption><\/figure>\n<\/div>\n\n\n\n<div class=\"wp-block-column is-layout-flow wp-block-column-is-layout-flow\">\n<figure class=\"wp-block-image aligncenter size-full\"><img decoding=\"async\" width=\"100\" height=\"100\" src=\"https:\/\/obera.fr\/wp-content\/uploads\/2020\/08\/accessoires-adaptateur-de-gaines.jpg\" alt=\"Cs&#x151; - Cs&#x151;\" class=\"wp-image-664\"\/><figcaption class=\"wp-element-caption\">H\u00fcvely adapter<\/figcaption><\/figure>\n<\/div>\n\n\n\n<div class=\"wp-block-column is-layout-flow wp-block-column-is-layout-flow\">\n<figure class=\"wp-block-image aligncenter size-full\"><img decoding=\"async\" width=\"100\" height=\"100\" src=\"https:\/\/obera.fr\/wp-content\/uploads\/2020\/08\/accessoires-bras.jpg\" alt=\"Porgy&#x171;jt&#x151; - Hegeszt&#xE9;s\" class=\"wp-image-662\"\/><figcaption class=\"wp-element-caption\">Kar<\/figcaption><\/figure>\n<\/div>\n\n\n\n<div class=\"wp-block-column is-layout-flow wp-block-column-is-layout-flow\">\n<figure class=\"wp-block-image aligncenter size-full\"><img decoding=\"async\" width=\"100\" height=\"100\" src=\"https:\/\/obera.fr\/wp-content\/uploads\/2022\/03\/Sans-titre-2022-03-31T162955.590.png\" alt=\"Sz&#xED;v&#xE1;s h&#xE1;tfal\" class=\"wp-image-9531\"\/><figcaption class=\"wp-element-caption\">Sz\u00edv\u00e1s h\u00e1tfal<\/figcaption><\/figure>\n<\/div>\n\n\n\n<div class=\"wp-block-column is-layout-flow wp-block-column-is-layout-flow\">\n<figure class=\"wp-block-image aligncenter size-full\"><img decoding=\"async\" width=\"100\" height=\"100\" src=\"https:\/\/obera.fr\/wp-content\/uploads\/2022\/03\/Sans-titre-2022-03-31T162941.958.png\" alt=\"Sz&#xED;v&#xF3;asztalok\" class=\"wp-image-9532\"\/><figcaption class=\"wp-element-caption\">Sz\u00edv\u00f3asztalok<\/figcaption><\/figure>\n<\/div>\n<\/div>\n\n<h2 class=\"wp-block-heading\">Egy\u00e9b oberA g\u00e1znem\u0171 szennyez\u0151 anyagok kezel\u00e9s\u00e9re szolg\u00e1l\u00f3 term\u00e9kek<\/h2>\n\n<div class=\"wp-block-columns is-layout-flex wp-container-core-columns-is-layout-28f84493 wp-block-columns-is-layout-flex\">\n<div class=\"wp-block-column is-layout-flow wp-block-column-is-layout-flow\">\n<figure class=\"wp-block-image aligncenter size-full is-resized\"><a href=\"https:\/\/obera.fr\/produits\/traitement-cov\/aspiration-mobile-odeurs-epur-box\/\"><img decoding=\"async\" width=\"500\" height=\"500\" src=\"https:\/\/obera.fr\/wp-content\/uploads\/2022\/02\/EPURBOX.png\" alt=\"epurbox\" class=\"wp-image-8925\" style=\"width:284px;height:auto\" srcset=\"https:\/\/obera.fr\/wp-content\/uploads\/2022\/02\/EPURBOX.png 500w, https:\/\/obera.fr\/wp-content\/uploads\/2022\/02\/EPURBOX-300x300.png 300w, https:\/\/obera.fr\/wp-content\/uploads\/2022\/02\/EPURBOX-150x150.png 150w\" sizes=\"(max-width: 500px) 100vw, 500px\" \/><\/a><figcaption class=\"wp-element-caption\">ePURBOX<\/figcaption><\/figure>\n<\/div>\n\n\n\n<div class=\"wp-block-column is-layout-flow wp-block-column-is-layout-flow\">\n<figure class=\"wp-block-image aligncenter size-full is-resized\"><a href=\"https:\/\/obera.fr\/produits\/purificateurs-air\/professionnel-epur-ca\/\"><img decoding=\"async\" width=\"500\" height=\"500\" src=\"https:\/\/obera.fr\/wp-content\/uploads\/2022\/02\/EPUR30-CA.png\" alt=\"epur30 ca\" class=\"wp-image-8923\" style=\"width:272px;height:auto\" srcset=\"https:\/\/obera.fr\/wp-content\/uploads\/2022\/02\/EPUR30-CA.png 500w, https:\/\/obera.fr\/wp-content\/uploads\/2022\/02\/EPUR30-CA-300x300.png 300w, https:\/\/obera.fr\/wp-content\/uploads\/2022\/02\/EPUR30-CA-150x150.png 150w\" sizes=\"(max-width: 500px) 100vw, 500px\" \/><\/a><figcaption class=\"wp-element-caption\">ePUR CA<\/figcaption><\/figure>\n<\/div>\n\n\n\n<div class=\"wp-block-column is-layout-flow wp-block-column-is-layout-flow\"><\/div>\n<\/div>\n\n<div class=\"wp-block-columns is-layout-flex wp-container-core-columns-is-layout-28f84493 wp-block-columns-is-layout-flex\">\n<div class=\"wp-block-column is-layout-flow wp-block-column-is-layout-flow\">\n<figure class=\"wp-block-image aligncenter size-full is-resized\"><a href=\"https:\/\/obera.fr\/produits\/depoussiereurs-industriels\/petits\/aspiration-fumees-soudage-laser-epur-b-ex\/\"><img decoding=\"async\" width=\"600\" height=\"600\" src=\"https:\/\/obera.fr\/wp-content\/uploads\/2023\/10\/epurb-ex-1000-3000-5000.png\" alt=\"oberA epur b ex 1000 3000 5000\" class=\"wp-image-25016\" srcset=\"https:\/\/obera.fr\/wp-content\/uploads\/2023\/10\/epurb-ex-1000-3000-5000.png 600w, https:\/\/obera.fr\/wp-content\/uploads\/2023\/10\/epurb-ex-1000-3000-5000-300x300.png 300w, https:\/\/obera.fr\/wp-content\/uploads\/2023\/10\/epurb-ex-1000-3000-5000-150x150.png 150w\" sizes=\"(max-width: 600px) 100vw, 600px\" \/><\/a><figcaption class=\"wp-element-caption\">ePUR B EX<\/figcaption><\/figure>\n<\/div>\n\n\n\n<div class=\"wp-block-column is-layout-flow wp-block-column-is-layout-flow\">\n<figure class=\"wp-block-image aligncenter size-full is-resized\"><a href=\"https:\/\/obera.fr\/produits\/traitement-cov\/filtre-anti-poussiere-epur010-b-ca\/\"><img decoding=\"async\" width=\"500\" height=\"500\" src=\"https:\/\/obera.fr\/wp-content\/uploads\/2022\/02\/EPUR10-B-CA.png\" alt=\"epur10 b ca\" class=\"wp-image-8922\" srcset=\"https:\/\/obera.fr\/wp-content\/uploads\/2022\/02\/EPUR10-B-CA.png 500w, https:\/\/obera.fr\/wp-content\/uploads\/2022\/02\/EPUR10-B-CA-300x300.png 300w, https:\/\/obera.fr\/wp-content\/uploads\/2022\/02\/EPUR10-B-CA-150x150.png 150w\" sizes=\"(max-width: 500px) 100vw, 500px\" \/><\/a><figcaption class=\"wp-element-caption\">ePUR10 B CA<\/figcaption><\/figure>\n<\/div>\n\n\n\n<div class=\"wp-block-column is-layout-flow wp-block-column-is-layout-flow\"><\/div>\n<\/div>\n","protected":false},"excerpt":{"rendered":"<p>Mobil ATEX akt\u00edvszenes sz\u0171r\u0151 a VOC-k kezel\u00e9s\u00e9re Az ill\u00e9kony szerves vegy\u00fcletek (VOC), g\u0151z\u00f6k, szagok \u00e9s old\u00f3szerek kezel\u00e9se az iparban jelent\u0151s k\u00f6zeg\u00e9szs\u00e9g\u00fcgyi probl\u00e9m\u00e1t jelent. Fontos ezek kezel\u00e9se az ipari m\u0171helyek leveg\u0151min\u0151s\u00e9g\u00e9nek jav\u00edt\u00e1sa \u00e9s a munkav\u00e1llal\u00f3k e szennyez\u0151 anyagoknak val\u00f3 kitetts\u00e9g\u00e9nek cs\u00f6kkent\u00e9se \u00e9rdek\u00e9ben. A rendelkez\u00e9sre \u00e1ll\u00f3 technol\u00f3gi\u00e1k k\u00f6z\u00fcl az akt\u00edvszenes sz\u0171r\u0151k kiemelkednek hat\u00e9konys\u00e1gukkal, egyszer\u0171 haszn\u00e1latukkal, viszonylag alacsony k\u00f6lts\u00e9g\u00fckkel \u00e9s sokoldal\u00fas\u00e1gukkal. Az akt\u00edv sz\u00e9n, m\u00e1s n\u00e9ven akt\u00edv sz\u00e9n, az iparban sz\u00e9les k\u00f6rben haszn\u00e1lt anyag a k\u00fcl\u00f6nb\u00f6z\u0151 g\u00e1znem\u0171 szennyez\u0151 anyagok kezel\u00e9s\u00e9re. Kiv\u00e9teles adszorpci\u00f3s tulajdons\u00e1gainak k\u00f6sz\u00f6nhet\u0151en az akt\u00edv sz\u00e9n k\u00e9pes hat\u00e9konyan megk\u00f6tni sz\u00e1mos ill\u00e9kony szerves vegy\u00fcletet (VOC) \u00e9s m\u00e1s, a leveg\u0151ben l\u00e9v\u0151 szennyez\u0151 anyagot. Az &#8230; <\/p>\n<p class=\"read-more-container\"><a title=\"MOBFAN 4500\" class=\"read-more button\" href=\"https:\/\/obera.fr\/hu\/produits\/traitement-cov\/filtre-atex-mobile-mobfan-4500\/#more-84048\" aria-label=\"Read more about MOBFAN 4500\">Lire la suite<\/a><\/p>\n","protected":false},"author":4,"featured_media":83741,"parent":67799,"menu_order":0,"comment_status":"closed","ping_status":"closed","template":"","meta":{"_acf_changed":false,"_seopress_robots_primary_cat":"","_seopress_titles_title":"MOBFAN 4500 ATEX akt\u00edvszenes sz\u0171r\u0151","_seopress_titles_desc":"Fedezze fel a kifejezetten a szagok, old\u00f3szerek, VOC-k \u00e9s egy\u00e9b g\u00e1znem\u0171 szennyez\u0151 anyagok kezel\u00e9s\u00e9re tervezett ATEX mobil akt\u00edvszenes sz\u0171r\u0151t.","_seopress_robots_index":"","footnotes":""},"class_list":{"0":"post-84048","1":"page","2":"type-page","3":"status-publish","4":"has-post-thumbnail","6":"no-featured-image-padding","7":"resize-featured-image"},"acf":[],"_links":{"self":[{"href":"https:\/\/obera.fr\/hu\/wp-json\/wp\/v2\/pages\/84048","targetHints":{"allow":["GET"]}}],"collection":[{"href":"https:\/\/obera.fr\/hu\/wp-json\/wp\/v2\/pages"}],"about":[{"href":"https:\/\/obera.fr\/hu\/wp-json\/wp\/v2\/types\/page"}],"author":[{"embeddable":true,"href":"https:\/\/obera.fr\/hu\/wp-json\/wp\/v2\/users\/4"}],"replies":[{"embeddable":true,"href":"https:\/\/obera.fr\/hu\/wp-json\/wp\/v2\/comments?post=84048"}],"version-history":[{"count":6,"href":"https:\/\/obera.fr\/hu\/wp-json\/wp\/v2\/pages\/84048\/revisions"}],"predecessor-version":[{"id":101641,"href":"https:\/\/obera.fr\/hu\/wp-json\/wp\/v2\/pages\/84048\/revisions\/101641"}],"up":[{"embeddable":true,"href":"https:\/\/obera.fr\/hu\/wp-json\/wp\/v2\/pages\/67799"}],"wp:featuredmedia":[{"embeddable":true,"href":"https:\/\/obera.fr\/hu\/wp-json\/wp\/v2\/media\/83741"}],"wp:attachment":[{"href":"https:\/\/obera.fr\/hu\/wp-json\/wp\/v2\/media?parent=84048"}],"curies":[{"name":"wp","href":"https:\/\/api.w.org\/{rel}","templated":true}]}}