{"id":84226,"date":"2024-04-05T22:55:29","date_gmt":"2024-04-05T20:55:29","guid":{"rendered":"https:\/\/obera.fr\/produits\/aspirateurs-industriels\/w2-xr-atex-22\/"},"modified":"2025-06-03T10:20:54","modified_gmt":"2025-06-03T08:20:54","slug":"w2-xr-atex-22","status":"publish","type":"page","link":"https:\/\/obera.fr\/hu\/produits\/aspirateurs-industriels\/w2-xr-atex-22\/","title":{"rendered":"W2 XR ipari porsz\u00edv\u00f3"},"content":{"rendered":"\n<p>Fedezze fel a W2 XR ipari porsz\u00edv\u00f3t a szil\u00e1rd anyagok \u00e9s folyad\u00e9kok robban\u00e1sbiztos felsz\u00edv\u00e1s\u00e1hoz. Kompakt, mobil, nagy teljes\u00edtm\u00e9ny\u0171 berendez\u00e9s a gyullad\u00e1s- \u00e9s robban\u00e1svesz\u00e9ly cs\u00f6kkent\u00e9s\u00e9re az \u00d6n termel\u0151egys\u00e9geiben.<\/p>\n\n\n\n<h2 class=\"wp-block-heading\">W2 XR ipari porsz\u00edv\u00f3 ATEX 22-es z\u00f3na tan\u00fas\u00edtv\u00e1nnyal: elv \u00e9s alkalmaz\u00e1s<\/h2>\n\n\n\n<div class=\"wp-block-columns is-layout-flex wp-container-core-columns-is-layout-28f84493 wp-block-columns-is-layout-flex\">\n<div class=\"wp-block-column is-layout-flow wp-block-column-is-layout-flow\" style=\"flex-basis:33.33%\">\n<figure class=\"wp-block-image size-full is-resized\"><img decoding=\"async\" width=\"566\" height=\"671\" src=\"https:\/\/obera.fr\/wp-content\/uploads\/2024\/10\/w2-xr-2.png\" alt=\"Ipari porsz\u00edv\u00f3k\" class=\"wp-image-35431\" style=\"object-fit:cover;width:300px;height:300px\" srcset=\"https:\/\/obera.fr\/wp-content\/uploads\/2024\/10\/w2-xr-2.png 566w, https:\/\/obera.fr\/wp-content\/uploads\/2024\/10\/w2-xr-2-253x300.png 253w\" sizes=\"(max-width: 566px) 100vw, 566px\" \/><\/figure>\n<\/div>\n\n\n\n<div class=\"wp-block-column is-layout-flow wp-block-column-is-layout-flow\" style=\"flex-basis:66.66%\">\n<p>A<strong>W2 XR nedves \u00e9s sz\u00e1raz ipari porsz\u00edv\u00f3t<\/strong> robban\u00e1sbiztos szil\u00e1rd anyagok \u00e9s folyad\u00e9kok porsz\u00edv\u00f3z\u00e1s\u00e1ra tervezt\u00e9k. Kialak\u00edt\u00e1s\u00e1t \u00fagy tervezt\u00e9k, hogy az antisztatikus poli\u00e9szter zs\u00e1ksz\u0171r\u0151nek (sz\u0171r\u0151egys\u00e9g-v\u00e9delem) k\u00f6sz\u00f6nhet\u0151en megakad\u00e1lyozza a statikus elektromoss\u00e1g kialakul\u00e1s\u00e1t. A t\u00falmeleged\u00e9s megel\u0151z\u00e9se \u00e9rdek\u00e9ben a k\u00e9sz\u00fcl\u00e9k egyf\u00e1zis\u00fa kefe n\u00e9lk\u00fcli motorral van felszerelve, amely kevesebb h\u0151t \u00e9s s\u00farl\u00f3d\u00e1st termel, mint a kef\u00e9s motor. Ez a kialak\u00edt\u00e1s teljes m\u00e9rt\u00e9kben megfelel a 22. oszt\u00e1ly\u00fa z\u00f3n\u00e1kra vonatkoz\u00f3 ATEX-el\u0151\u00edr\u00e1soknak.   <\/p>\n\n\n\n<p>Milyen c\u00e9lokra? A W2 XR sorozatot \u00fagy kalibr\u00e1ltuk, hogy a robban\u00e1svesz\u00e9lyes l\u00e9gk\u00f6rben a kock\u00e1zatok minim\u00e1lisra cs\u00f6kkenjenek: vegyipari \u00fczemek, \u00e9lelmiszeripari \u00fczemek, faipari \u00fczemek, f\u00e9mipari \u00fczemek, energiatermel\u0151 \u00fczemek stb. A W2 XR ipari porsz\u00edv\u00f3 megfelel minden olyan ipar\u00e1g k\u00f6vetelm\u00e9nyeinek, ahol \u00e9ghet\u0151 por keletkezik, amely a kezel\u0151k eg\u00e9szs\u00e9g\u00e9re is k\u00e1ros. <\/p>\n\n\n\n<div class=\"wp-block-columns is-layout-flex wp-container-core-columns-is-layout-28f84493 wp-block-columns-is-layout-flex\">\n<div class=\"wp-block-column is-layout-flow wp-block-column-is-layout-flow\">\n<div class=\"wp-block-buttons is-layout-flex wp-block-buttons-is-layout-flex\">\n<div class=\"wp-block-button\"><a class=\"wp-block-button__link wp-element-button\" href=\"https:\/\/obera.fr\/wp-content\/uploads\/2025\/06\/brochure-w2-xr-en.pdf\">A BROS\u00daRA LET\u00d6LT\u00c9SE<\/a><\/div>\n<\/div>\n<\/div>\n\n\n\n<div class=\"wp-block-column is-layout-flow wp-block-column-is-layout-flow\">\n<div class=\"wp-block-buttons is-layout-flex wp-block-buttons-is-layout-flex\">\n<div class=\"wp-block-button\"><a class=\"wp-block-button__link wp-element-button\" href=\"https:\/\/obera.fr\/contact\/\">SZEM\u00c9LYRE SZABOTT TAN\u00c1CSAD\u00c1SRA VAN SZ\u00dcKS\u00c9GE?<\/a><\/div>\n<\/div>\n<\/div>\n\n\n\n<div class=\"wp-block-column is-layout-flow wp-block-column-is-layout-flow\">\n<div class=\"wp-block-buttons is-content-justification-center is-layout-flex wp-container-core-buttons-is-layout-a89b3969 wp-block-buttons-is-layout-flex\">\n<div class=\"wp-block-button btn-devis-source\"><a class=\"wp-block-button__link wp-element-button\" href=\"https:\/\/obera.fr\/hu\/devis\/\">K\u00e9rjen \u00e1raj\u00e1nlatot<\/a><\/div>\n<\/div>\n\n\n<script>\r\ndocument.addEventListener('DOMContentLoaded', function() {\r\n    \/\/ 1. On cherche le titre H1 de la page\r\n    var h1 = document.querySelector('h1');\r\n    var productTitle = h1 ? h1.innerText.trim() : \"\";\r\n\r\n    \/\/ 2. On cherche les boutons via la classe CSS .btn-devis-source\r\n    var buttons = document.querySelectorAll('.btn-devis-source a');\r\n\r\n    \/\/ 3. Si on a le titre et les boutons, on ajoute le param\u00e8tre\r\n    if (buttons.length > 0 && productTitle !== \"\") {\r\n        var encodedTitle = encodeURIComponent(productTitle);\r\n\r\n        buttons.forEach(function(btn) {\r\n            var currentHref = btn.getAttribute('href');\r\n            \r\n            \/\/ S\u00e9curit\u00e9 pour ne pas ajouter le param\u00e8tre 2 fois\r\n            if (currentHref.indexOf('sujet=') === -1) {\r\n                var separator = currentHref.indexOf('?') !== -1 ? '&' : '?';\r\n                var newLink = currentHref + separator + 'sujet=' + encodedTitle;\r\n                \r\n                btn.setAttribute('href', newLink);\r\n            }\r\n        });\r\n    }\r\n});\r\n<\/script><\/div>\n<\/div>\n<\/div>\n<\/div>\n\n\n\n<h2 class=\"wp-block-heading\">Mik a W2 XR ipari porsz\u00edv\u00f3 m\u0171szaki adatai?<\/h2>\n\n\n\n<p>A W2 XR ipari porsz\u00edv\u00f3 ak\u00e1r 215 m3\/h l\u00e9g\u00e1ramot \u00e9s 1,1 kW teljes\u00edtm\u00e9nyt produk\u00e1l, ami nagy sz\u00edv\u00f3k\u00e9pess\u00e9get biztos\u00edt. F\u00fcgg\u0151leges elmozdul\u00e1s\u00fa tiszt\u00edt\u00f3rendszerrel van felszerelve a k\u00f6nny\u0171 tiszt\u00edt\u00e1s \u00e9s a maxim\u00e1lis \u00e9lettartam \u00e9rdek\u00e9ben. <a href=\"https:\/\/obera.fr\/hu\/produits\/aspirateurs-industriels\/\" data-type=\"page\" data-id=\"41\">A porsz\u00edv\u00f3<\/a> 40 literes tart\u00e1llyal \u00e9s levehet\u0151 \u00fcr\u00edt\u0151 rendszerrel rendelkezik, amellyel a tart\u00e1ly a szem\u00e9tlerak\u00f3helyre mozgathat\u00f3. Az \u00f6sszes ipar\u00e1g k\u00f6vetelm\u00e9nyeinek val\u00f3 megfelel\u00e9s \u00e9rdek\u00e9ben a sz\u00edv\u00f3-, sz\u0171r\u0151- \u00e9s gy\u0171jt\u0151egys\u00e9gek rozsdamentes ac\u00e9lb\u00f3l k\u00e9sz\u00fclnek.  <\/p>\n\n\n\n<p>Bel\u00fcl a sz\u00edv\u00f3egys\u00e9g hangszigetelt, a sz\u0171r\u0151egys\u00e9get pedig antisztatikus poli\u00e9szter zs\u00e1kos sz\u0171r\u0151 v\u00e9di. A sz\u00edv\u00f3rendszer 50 \u00e1tm\u00e9r\u0151j\u0171, a sz\u0171r\u0151 alatt elhelyezett sz\u00edv\u00f3ny\u00edl\u00e1ssal rendelkezik, amely lehet\u0151v\u00e9 teszi a por, a szil\u00e1rd anyagok \u00e9s a folyad\u00e9kok egyidej\u0171 felsz\u00edv\u00e1s\u00e1t.<\/p>\n\n\n\n<p>B\u00f3nusz a profi takar\u00edt\u00f3knak: a porsz\u00edv\u00f3 tartoz\u00e9kokkal, p\u00e9ld\u00e1ul rugalmas sz\u00edv\u00f3t\u00f6ml\u0151vel, teleszk\u00f3pos p\u00e1lc\u00e1val, kef\u00e9kkel \u00e9s r\u00e9stiszt\u00edt\u00f3 eszk\u00f6zzel rendelkezik.<\/p>\n\n\n\n<blockquote class=\"wp-block-quote is-layout-flow wp-block-quote-is-layout-flow\">\n<p>Milyen lehet\u0151s\u00e9gek vannak? A W2 XR porsz\u00edv\u00f3 ATEX v\u00e1ltozata sz\u00e1mos opci\u00f3val rendelkezik az ig\u00e9nyeknek megfelel\u0151en: nomex sz\u0171r\u0151 (250\u00b0-ig h\u0151\u00e1ll\u00f3), Hepa H14 abszol\u00fat sz\u0171r\u0151, tartoz\u00e9kkos\u00e1r, M oszt\u00e1ly\u00fa sz\u0171r\u0151, M PTFE, M v\u00edz-oleof\u00f3b teflon, L \u00e9s M oszt\u00e1ly\u00fa antisztatikus, rozsdamentes ac\u00e9l tart\u00e1ly \u00e9s sz\u0171r\u0151kamra, f\u00f6ldel\u00e9s. K\u00e9rjen tan\u00e1csot csapatainkt\u00f3l az \u00d6n ipar\u00e1g\u00e1nak legmegfelel\u0151bb lehet\u0151s\u00e9gekr\u0151l.<\/p>\n<\/blockquote>\n\n\n\n<h3 class=\"wp-block-heading has-text-align-center\">INDUSTRIES<\/h3>\n\n\n\n<div class=\"wp-block-columns is-layout-flex wp-container-core-columns-is-layout-28f84493 wp-block-columns-is-layout-flex\">\n<div class=\"wp-block-column is-layout-flow wp-block-column-is-layout-flow\">\n<hr class=\"wp-block-separator has-alpha-channel-opacity\"\/>\n\n\n\n<div class=\"wp-block-columns is-layout-flex wp-container-core-columns-is-layout-28f84493 wp-block-columns-is-layout-flex\">\n<div class=\"wp-block-column is-layout-flow wp-block-column-is-layout-flow\">\n<figure class=\"wp-block-image aligncenter size-thumbnail is-resized\"><img decoding=\"async\" width=\"150\" height=\"150\" src=\"https:\/\/obera.fr\/wp-content\/uploads\/2022\/02\/Textile-150x150.png\" alt=\"textil\" class=\"wp-image-8855\"\/><figcaption class=\"wp-element-caption\">Text\u00edli\u00e1k<\/figcaption><\/figure>\n\n\n\n<figure class=\"wp-block-image aligncenter size-thumbnail is-resized\"><img decoding=\"async\" width=\"150\" height=\"150\" src=\"https:\/\/obera.fr\/wp-content\/uploads\/2022\/02\/Plastique-150x150.png\" alt=\"m\u0171anyag\" class=\"wp-image-8854\"\/><figcaption class=\"wp-element-caption\">M\u0171anyag<\/figcaption><\/figure>\n<\/div>\n\n\n\n<div class=\"wp-block-column is-layout-flow wp-block-column-is-layout-flow\">\n<figure class=\"wp-block-image aligncenter size-thumbnail is-resized\"><img decoding=\"async\" width=\"150\" height=\"150\" src=\"https:\/\/obera.fr\/wp-content\/uploads\/2022\/02\/MINERAIS-150x150.png\" alt=\"\u00e9rcek\" class=\"wp-image-8847\"\/><figcaption class=\"wp-element-caption\">\u00c1sv\u00e1nyok<\/figcaption><\/figure>\n\n\n\n<figure class=\"wp-block-image aligncenter size-thumbnail is-resized\"><img decoding=\"async\" width=\"150\" height=\"150\" src=\"https:\/\/obera.fr\/wp-content\/uploads\/2022\/02\/Metalurgie-150x150.png\" alt=\"koh\u00e1szat\" class=\"wp-image-8857\"\/><figcaption class=\"wp-element-caption\">Koh\u00e1szat<\/figcaption><\/figure>\n\n\n\n<figure class=\"wp-block-image aligncenter size-thumbnail is-resized\"><img decoding=\"async\" width=\"150\" height=\"150\" src=\"https:\/\/obera.fr\/wp-content\/uploads\/2023\/02\/sans-titre-2023-02-14t102211.641-150x150.png\" alt=\"Mez\u0151gazdas\u00e1g\" class=\"wp-image-18828\"\/><figcaption class=\"wp-element-caption\">Mez\u0151gazdas\u00e1g<\/figcaption><\/figure>\n<\/div>\n<\/div>\n<\/div>\n\n\n\n<div class=\"wp-block-column is-layout-flow wp-block-column-is-layout-flow\">\n<hr class=\"wp-block-separator has-alpha-channel-opacity\"\/>\n\n\n\n<div class=\"wp-block-columns is-layout-flex wp-container-core-columns-is-layout-28f84493 wp-block-columns-is-layout-flex\">\n<div class=\"wp-block-column is-layout-flow wp-block-column-is-layout-flow\">\n<figure class=\"wp-block-image aligncenter size-thumbnail is-resized\"><img decoding=\"async\" width=\"150\" height=\"150\" src=\"https:\/\/obera.fr\/wp-content\/uploads\/2022\/02\/Chimie-150x150.png\" alt=\"k\u00e9mia\" class=\"wp-image-8846\"\/><figcaption class=\"wp-element-caption\">K\u00e9mia<\/figcaption><\/figure>\n\n\n\n<figure class=\"wp-block-image aligncenter size-thumbnail is-resized\"><img decoding=\"async\" width=\"150\" height=\"150\" src=\"https:\/\/obera.fr\/wp-content\/uploads\/2022\/02\/Travail-du-bois-150x150.png\" alt=\"famegmunk\u00e1l\u00e1s\" class=\"wp-image-8856\"\/><figcaption class=\"wp-element-caption\">Famegmunk\u00e1l\u00e1s<\/figcaption><\/figure>\n\n\n\n<figure class=\"wp-block-image aligncenter size-thumbnail is-resized\"><img decoding=\"async\" width=\"150\" height=\"150\" src=\"https:\/\/obera.fr\/wp-content\/uploads\/2023\/02\/sans-titre-2023-02-14t101920.185-150x150.png\" alt=\"L\u00e9gik\u00f6zleked\u00e9s\" class=\"wp-image-18831\"\/><figcaption class=\"wp-element-caption\">L\u00e9gik\u00f6zleked\u00e9s<\/figcaption><\/figure>\n<\/div>\n\n\n\n<div class=\"wp-block-column is-layout-flow wp-block-column-is-layout-flow\">\n<figure class=\"wp-block-image aligncenter size-thumbnail is-resized\"><img decoding=\"async\" width=\"150\" height=\"150\" src=\"https:\/\/obera.fr\/wp-content\/uploads\/2022\/02\/AGROALIMENTAIRE-150x150.png\" alt=\"agr\u00e1r-\u00e9lelmiszeripar\" class=\"wp-image-8844\"\/><figcaption class=\"wp-element-caption\">\u00c9lelmiszeripar<\/figcaption><\/figure>\n\n\n\n<figure class=\"wp-block-image aligncenter size-thumbnail is-resized\"><img decoding=\"async\" width=\"150\" height=\"150\" src=\"https:\/\/obera.fr\/wp-content\/uploads\/2022\/02\/Papier-carton-150x150.png\" alt=\"pap\u00edr \u00e9s karton\" class=\"wp-image-8853\"\/><figcaption class=\"wp-element-caption\">Pap\u00edr\/karton<\/figcaption><\/figure>\n\n\n\n<figure class=\"wp-block-image aligncenter size-thumbnail is-resized\"><img decoding=\"async\" width=\"150\" height=\"150\" src=\"https:\/\/obera.fr\/wp-content\/uploads\/2023\/02\/sans-titre-2023-02-14t101712.416-150x150.png\" alt=\"Aut\u00f3ipar\" class=\"wp-image-18834\"\/><figcaption class=\"wp-element-caption\">Aut\u00f3ipar<\/figcaption><\/figure>\n<\/div>\n<\/div>\n<\/div>\n<\/div>\n\n\n\n<table id=\"tablepress-198\" class=\"tablepress tablepress-id-198\">\n<tbody class=\"row-striping row-hover\">\n<tr class=\"row-1\">\n\t<td class=\"column-1\">Zones ATEX<\/td><td class=\"column-2\"><\/td><td class=\"column-3\">22<\/td>\n<\/tr>\n<tr class=\"row-2\">\n\t<td class=\"column-1\">Marquage<\/td><td class=\"column-2\"><\/td><td class=\"column-3\">EX II 3D Ex tc IIIB T135\u00b0C X Dc<\/td>\n<\/tr>\n<tr class=\"row-3\">\n\t<td class=\"column-1\">Tension<\/td><td class=\"column-2\">V-HZ<\/td><td class=\"column-3\">230<\/td>\n<\/tr>\n<tr class=\"row-4\">\n\t<td class=\"column-1\">Puissance<\/td><td class=\"column-2\">kW<\/td><td class=\"column-3\">1.1<\/td>\n<\/tr>\n<tr class=\"row-5\">\n\t<td class=\"column-1\">Protection \u00e9lectrique<\/td><td class=\"column-2\">IP<\/td><td class=\"column-3\">55<\/td>\n<\/tr>\n<tr class=\"row-6\">\n\t<td class=\"column-1\">D\u00e9pression maximum<\/td><td class=\"column-2\">Pa<\/td><td class=\"column-3\">2.250 Pa<\/td>\n<\/tr>\n<tr class=\"row-7\">\n\t<td class=\"column-1\">D\u00e9bit d\u2019air max<\/td><td class=\"column-2\">m3\/h<\/td><td class=\"column-3\">215<\/td>\n<\/tr>\n<tr class=\"row-8\">\n\t<td class=\"column-1\">Diam\u00e8tre embouchure<\/td><td class=\"column-2\">mm<\/td><td class=\"column-3\">50<\/td>\n<\/tr>\n<tr class=\"row-9\">\n\t<td class=\"column-1\">Type de filtre<\/td><td class=\"column-2\"><\/td><td class=\"column-3\">\u00c0 poches en \u00e9toile<\/td>\n<\/tr>\n<tr class=\"row-10\">\n\t<td class=\"column-1\">Surface<\/td><td class=\"column-2\">cm2<\/td><td class=\"column-3\">20.000<\/td>\n<\/tr>\n<tr class=\"row-11\">\n\t<td class=\"column-1\">Syst\u00e8me de nettoyage<\/td><td class=\"column-2\"><\/td><td class=\"column-3\">Manuel<\/td>\n<\/tr>\n<tr class=\"row-12\">\n\t<td class=\"column-1\">Bac de r\u00e9colte<\/td><td class=\"column-2\"><\/td><td class=\"column-3\">Acier<\/td>\n<\/tr>\n<tr class=\"row-13\">\n\t<td class=\"column-1\">Syst\u00e8me de vidange<\/td><td class=\"column-2\"><\/td><td class=\"column-3\">Bac d\u00e9crochable<\/td>\n<\/tr>\n<tr class=\"row-14\">\n\t<td class=\"column-1\">Capacit\u00e9<\/td><td class=\"column-2\">litre<\/td><td class=\"column-3\">40<\/td>\n<\/tr>\n<tr class=\"row-15\">\n\t<td class=\"column-1\">Dimensions<\/td><td class=\"column-2\">cm<\/td><td class=\"column-3\">55x63x124<\/td>\n<\/tr>\n<\/tbody>\n<\/table>\n\n\n\n\n<div class=\"wp-block-buttons is-content-justification-center is-layout-flex wp-container-core-buttons-is-layout-a89b3969 wp-block-buttons-is-layout-flex\">\n<div class=\"wp-block-button\"><a class=\"wp-block-button__link wp-element-button\" href=\"https:\/\/obera.fr\/wp-content\/uploads\/2024\/04\/obera_brochure-w2-xr-fr.pdf\">TERM\u00c9K ADATLAP LET\u00d6LT\u00c9SE<\/a><\/div>\n<\/div>\n\n\n\n<h2 class=\"wp-block-heading\">W2 XR porsz\u00edv\u00f3: a kompakt, nagy sz\u0171r\u00e9s\u0171 porsz\u00edv\u00f3 el\u0151nyei<\/h2>\n\n\n\n<p>A W2 XR ipari porsz\u00edv\u00f3 a W2 sorozat minden el\u0151ny\u00e9t k\u00edn\u00e1lja, nevezetesen a nagyfok\u00fa mobilit\u00e1st a k\u00f6nny\u0171 \u00e9s k\u00e9nyelmes haszn\u00e1lat \u00e9rdek\u00e9ben. Hangelnyel\u0151 b\u00e9l\u00e9s a motor k\u00f6r\u00fcl, hogy a lehet\u0151 legnagyobb m\u00e9rt\u00e9kben cs\u00f6kkentse a zajt, \u00e9s ne zavarja a szem\u00e9lyzetet.  <\/p>\n\n\n\n<p>Sokoldal\u00fas\u00e1ga nyilv\u00e1nval\u00f3an kulcsfontoss\u00e1g\u00fa krit\u00e9rium az iparosok sz\u00e1m\u00e1ra, mivel a nedves-sz\u00e1raz technol\u00f3gia \u00e9s az ATEX-megfelel\u0151s\u00e9g azt jelenti, hogy por, szil\u00e1rd anyagok \u00e9s robban\u00e1sbiztos folyad\u00e9kok kezel\u00e9s\u00e9re is alkalmas. A k\u00e9sz\u00fcl\u00e9k karbantart\u00e1sa is egyszer\u0171, k\u00f6sz\u00f6nhet\u0151en a be\u00e9p\u00edtett sz\u0171r\u0151r\u00e1z\u00f3nak, amely a tiszt\u00edt\u00e1st gyerekj\u00e1t\u00e9kk\u00e1 teszi. A kezel\u0151nek mind\u00f6ssze annyit kell tennie, hogy aktiv\u00e1lja a r\u00e1z\u00f3kart az azonnali k\u00e9zi tiszt\u00edt\u00e1shoz.<\/p>\n\n\n\n<p>V\u00e9g\u00fcl a W2 XR sorozat f\u0151 el\u0151nye az ATEX 22-es z\u00f3na tan\u00fas\u00edt\u00e1sa. Ezzel az ipari porsz\u00edv\u00f3val eleget tesz a megfelel\u0151s\u00e9gi k\u00f6telezetts\u00e9geknek. Az ATEX 22-es z\u00f3na tan\u00fas\u00edtv\u00e1nnyal rendelkez\u0151 porsz\u00edv\u00f3 haszn\u00e1lata elengedhetetlen a csapatok \u00e9s az eszk\u00f6z\u00f6k biztons\u00e1g\u00e1nak garant\u00e1l\u00e1s\u00e1hoz.  <\/p>\n\n\n\n<div class=\"wp-block-columns is-layout-flex wp-container-core-columns-is-layout-28f84493 wp-block-columns-is-layout-flex\">\n<div class=\"wp-block-column is-layout-flow wp-block-column-is-layout-flow\" style=\"flex-basis:33.34%\">\n<h3 class=\"wp-block-heading\">El\u0151ny\u00f6k :<\/h3>\n\n\n\n<ul class=\"wp-block-list\">\n<li>Kompakt \u00e9s mobil porsz\u00edv\u00f3;<\/li>\n\n\n\n<li>Cs\u00f6kkenti az allergia \u00e9s a l\u00e9gz\u0151szervi megbeteged\u00e9sek kock\u00e1zat\u00e1t;<\/li>\n\n\n\n<li>Megfelel az ATEX-el\u0151\u00edr\u00e1sok k\u00f6vetelm\u00e9nyeinek.<\/li>\n<\/ul>\n<\/div>\n\n\n\n<div class=\"wp-block-column is-layout-flow wp-block-column-is-layout-flow\" style=\"flex-basis:33.34%\">\n<h3 class=\"wp-block-heading\">K\u00fcl\u00f6nlegess\u00e9gek:<\/h3>\n\n\n\n<ul class=\"wp-block-list\">\n<li>ATEX 22-es z\u00f3n\u00e1nak megfelel\u0151, r\u00e9szecsk\u00e9k, szil\u00e1rd anyagok \u00e9s folyad\u00e9kok robban\u00e1sbiztos felsz\u00edv\u00e1sa.<\/li>\n<\/ul>\n<\/div>\n\n\n\n<div class=\"wp-block-column is-layout-flow wp-block-column-is-layout-flow\" style=\"flex-basis:33.33%\">\n<h3 class=\"wp-block-heading\">Jellemz\u0151k :<\/h3>\n\n\n\n<ul class=\"wp-block-list\">\n<li>Antisztatikus poli\u00e9szter zs\u00e1kos sz\u0171r\u0151;<\/li>\n\n\n\n<li>Egyf\u00e1zis\u00fa kefe n\u00e9lk\u00fcli motor ;<\/li>\n\n\n\n<li>Elt\u00f6m\u0151d\u00e9sjelz\u0151 rendszer jelz\u0151f\u00e9nnyel.<\/li>\n<\/ul>\n<\/div>\n<\/div>\n\n\n\n<h2 class=\"wp-block-heading\">M\u00e9g mindig k\u00e9ts\u00e9gei vannak a W2 XR porsz\u00edv\u00f3 hat\u00e9konys\u00e1g\u00e1t illet\u0151en?<\/h2>\n\n\n\n<p>Az OberA-n\u00e1l tudjuk, hogy a 22-es z\u00f3n\u00e1ban a robban\u00e1svesz\u00e9ly szintje sz\u00e1mos t\u00e9nyez\u0151t\u0151l f\u00fcgg\u0151en v\u00e1ltozik: a por t\u00edpusa, mennyis\u00e9ge, gy\u00fajt\u00f3forr\u00e1sok stb. A megfelel\u0151 elsz\u00edv\u00e1si megold\u00e1s elfogad\u00e1s\u00e1hoz diagn\u00f3zist v\u00e9gz\u00fcnk az \u00d6n m\u0171hely\u00e9ben, \u00e9s a berendez\u00e9s tesztel\u00e9s\u00e9t aj\u00e1nljuk \u00d6nnek egy v\u00e1s\u00e1rl\u00e1si opci\u00f3val egy\u00fctt.<\/p>\n\n\n\n<div class=\"wp-block-buttons is-content-justification-center is-layout-flex wp-container-core-buttons-is-layout-a89b3969 wp-block-buttons-is-layout-flex\">\n<div class=\"wp-block-button\"><a class=\"wp-block-button__link wp-element-button\" href=\"https:\/\/obera.fr\/hu\/contact\/\">TESZTELJE A W2 XR PORSZ\u00cdV\u00d3T<\/a><\/div>\n<\/div>\n\n\n\n<h2 class=\"wp-block-heading\">Egy\u00e9b ipari porsz\u00edv\u00f3k a k\u00edn\u00e1latban<\/h2>\n\n\n\n<div class=\"wp-block-columns is-layout-flex wp-container-core-columns-is-layout-28f84493 wp-block-columns-is-layout-flex\">\n<div class=\"wp-block-column is-layout-flow wp-block-column-is-layout-flow\">\n<figure class=\"wp-block-image aligncenter size-full is-resized\"><a href=\"https:\/\/obera.fr\/produits\/aspirateurs-industriels\/ventilateurs-aspiration-gamme-eurosog-rg-100-800\/\"><img decoding=\"async\" width=\"600\" height=\"600\" src=\"https:\/\/obera.fr\/wp-content\/uploads\/2024\/04\/obera-ventilateur-aspiration-rg-300-400.jpg\" alt=\"obera sz\u00edv\u00f3ventil\u00e1tor rg 300 400\" class=\"wp-image-29437\" style=\"width:349px;height:auto\" srcset=\"https:\/\/obera.fr\/wp-content\/uploads\/2024\/04\/obera-ventilateur-aspiration-rg-300-400.jpg 600w, https:\/\/obera.fr\/wp-content\/uploads\/2024\/04\/obera-ventilateur-aspiration-rg-300-400-300x300.jpg 300w, https:\/\/obera.fr\/wp-content\/uploads\/2024\/04\/obera-ventilateur-aspiration-rg-300-400-150x150.jpg 150w\" sizes=\"(max-width: 600px) 100vw, 600px\" \/><\/a><figcaption class=\"wp-element-caption\">RG 300\/400<\/figcaption><\/figure>\n<\/div>\n\n\n\n<div class=\"wp-block-column is-layout-flow wp-block-column-is-layout-flow\">\n<figure class=\"wp-block-image aligncenter size-full is-resized\"><a href=\"https:\/\/obera.fr\/produits\/aspirateurs-industriels\/w2-haute-filtration-polyvalence\/\"><img decoding=\"async\" width=\"711\" height=\"622\" src=\"https:\/\/obera.fr\/wp-content\/uploads\/2024\/10\/w2.png\" alt=\"Ipari porsz\u00edv\u00f3k\" class=\"wp-image-35424\" style=\"object-fit:cover;width:300px;height:300px\" srcset=\"https:\/\/obera.fr\/wp-content\/uploads\/2024\/10\/w2.png 711w, https:\/\/obera.fr\/wp-content\/uploads\/2024\/10\/w2-300x262.png 300w\" sizes=\"(max-width: 711px) 100vw, 711px\" \/><\/a><figcaption class=\"wp-element-caption\">W2<\/figcaption><\/figure>\n<\/div>\n\n\n\n<div class=\"wp-block-column is-layout-flow wp-block-column-is-layout-flow\">\n<figure class=\"wp-block-image aligncenter size-full is-resized\"><a href=\"https:\/\/obera.fr\/produits\/aspirateurs-industriels\/w3-pour-nettoyage-general\/\"><img decoding=\"async\" width=\"658\" height=\"652\" src=\"https:\/\/obera.fr\/wp-content\/uploads\/2024\/10\/w3.png\" alt=\"w3\" class=\"wp-image-35427\" style=\"object-fit:cover;width:300px;height:300px\" srcset=\"https:\/\/obera.fr\/wp-content\/uploads\/2024\/10\/w3.png 658w, https:\/\/obera.fr\/wp-content\/uploads\/2024\/10\/w3-300x297.png 300w, https:\/\/obera.fr\/wp-content\/uploads\/2024\/10\/w3-150x150.png 150w, https:\/\/obera.fr\/wp-content\/uploads\/2024\/10\/w3-24x24.png 24w, https:\/\/obera.fr\/wp-content\/uploads\/2024\/10\/w3-48x48.png 48w, https:\/\/obera.fr\/wp-content\/uploads\/2024\/10\/w3-96x96.png 96w\" sizes=\"(max-width: 658px) 100vw, 658px\" \/><\/a><figcaption class=\"wp-element-caption\">W3<\/figcaption><\/figure>\n<\/div>\n<\/div>\n","protected":false},"excerpt":{"rendered":"<p>Fedezze fel a W2 XR ipari porsz\u00edv\u00f3t a szil\u00e1rd anyagok \u00e9s folyad\u00e9kok robban\u00e1sbiztos felsz\u00edv\u00e1s\u00e1hoz. Kompakt, mobil, nagy teljes\u00edtm\u00e9ny\u0171 berendez\u00e9s a gyullad\u00e1s- \u00e9s robban\u00e1svesz\u00e9ly cs\u00f6kkent\u00e9s\u00e9re az \u00d6n termel\u0151egys\u00e9geiben. W2 XR ipari porsz\u00edv\u00f3 ATEX 22-es z\u00f3na tan\u00fas\u00edtv\u00e1nnyal: elv \u00e9s alkalmaz\u00e1s AW2 XR nedves \u00e9s sz\u00e1raz ipari porsz\u00edv\u00f3t robban\u00e1sbiztos szil\u00e1rd anyagok \u00e9s folyad\u00e9kok porsz\u00edv\u00f3z\u00e1s\u00e1ra tervezt\u00e9k. Kialak\u00edt\u00e1s\u00e1t \u00fagy tervezt\u00e9k, hogy az antisztatikus poli\u00e9szter zs\u00e1ksz\u0171r\u0151nek (sz\u0171r\u0151egys\u00e9g-v\u00e9delem) k\u00f6sz\u00f6nhet\u0151en megakad\u00e1lyozza a statikus elektromoss\u00e1g kialakul\u00e1s\u00e1t. A t\u00falmeleged\u00e9s megel\u0151z\u00e9se \u00e9rdek\u00e9ben a k\u00e9sz\u00fcl\u00e9k egyf\u00e1zis\u00fa kefe n\u00e9lk\u00fcli motorral van felszerelve, amely kevesebb h\u0151t \u00e9s s\u00farl\u00f3d\u00e1st termel, mint a kef\u00e9s motor. Ez a kialak\u00edt\u00e1s teljes m\u00e9rt\u00e9kben megfelel a 22. oszt\u00e1ly\u00fa z\u00f3n\u00e1kra vonatkoz\u00f3 &#8230; <\/p>\n<p class=\"read-more-container\"><a title=\"W2 XR ipari porsz\u00edv\u00f3\" class=\"read-more button\" href=\"https:\/\/obera.fr\/hu\/produits\/aspirateurs-industriels\/w2-xr-atex-22\/#more-84226\" aria-label=\"Read more about W2 XR ipari porsz\u00edv\u00f3\">Lire la suite<\/a><\/p>\n","protected":false},"author":4,"featured_media":83741,"parent":69706,"menu_order":0,"comment_status":"closed","ping_status":"closed","template":"","meta":{"_acf_changed":false,"_seopress_robots_primary_cat":"","_seopress_titles_title":"W2 XR ATEX 22 oberA ipari porsz\u00edv\u00f3","_seopress_titles_desc":"Kompakt \u00e9s nagy teljes\u00edtm\u00e9ny\u0171, fedezze fel a W2 XR sorozatot szil\u00e1rd anyagok \u00e9s robban\u00e1sbiztos folyad\u00e9kok v\u00e1kuumoz\u00e1s\u00e1hoz. Berendez\u00e9sek, amelyeket tesztelhet, \u00e9s az OberA-nak k\u00f6sz\u00f6nhet\u0151en megv\u00e1s\u00e1rolhat.","_seopress_robots_index":"","footnotes":""},"class_list":{"0":"post-84226","1":"page","2":"type-page","3":"status-publish","4":"has-post-thumbnail","6":"no-featured-image-padding","7":"resize-featured-image"},"acf":[],"_links":{"self":[{"href":"https:\/\/obera.fr\/hu\/wp-json\/wp\/v2\/pages\/84226","targetHints":{"allow":["GET"]}}],"collection":[{"href":"https:\/\/obera.fr\/hu\/wp-json\/wp\/v2\/pages"}],"about":[{"href":"https:\/\/obera.fr\/hu\/wp-json\/wp\/v2\/types\/page"}],"author":[{"embeddable":true,"href":"https:\/\/obera.fr\/hu\/wp-json\/wp\/v2\/users\/4"}],"replies":[{"embeddable":true,"href":"https:\/\/obera.fr\/hu\/wp-json\/wp\/v2\/comments?post=84226"}],"version-history":[{"count":4,"href":"https:\/\/obera.fr\/hu\/wp-json\/wp\/v2\/pages\/84226\/revisions"}],"predecessor-version":[{"id":107255,"href":"https:\/\/obera.fr\/hu\/wp-json\/wp\/v2\/pages\/84226\/revisions\/107255"}],"up":[{"embeddable":true,"href":"https:\/\/obera.fr\/hu\/wp-json\/wp\/v2\/pages\/69706"}],"wp:featuredmedia":[{"embeddable":true,"href":"https:\/\/obera.fr\/hu\/wp-json\/wp\/v2\/media\/83741"}],"wp:attachment":[{"href":"https:\/\/obera.fr\/hu\/wp-json\/wp\/v2\/media?parent=84226"}],"curies":[{"name":"wp","href":"https:\/\/api.w.org\/{rel}","templated":true}]}}