{"id":84260,"date":"2024-04-05T22:42:52","date_gmt":"2024-04-05T20:42:52","guid":{"rendered":"https:\/\/obera.fr\/produits\/aspirateurs-industriels\/w2-haute-filtration-polyvalence\/"},"modified":"2025-06-03T10:41:40","modified_gmt":"2025-06-03T08:41:40","slug":"w2-haute-filtration-polyvalence","status":"publish","type":"page","link":"https:\/\/obera.fr\/hu\/produits\/aspirateurs-industriels\/w2-haute-filtration-polyvalence\/","title":{"rendered":"W2 ipari porsz\u00edv\u00f3"},"content":{"rendered":"\n<p>A kompakt \u00e9s mobil W2<a href=\"https:\/\/obera.fr\/hu\/produits\/aspirateurs-industriels\/\" data-type=\"page\" data-id=\"41\">ipari porsz\u00edv\u00f3<\/a> az egyik leghat\u00e9konyabb berendez\u00e9s a piacon, amely robusztuss\u00e1g\u00e1r\u00f3l, nagy sz\u0171r\u00e9si kapacit\u00e1s\u00e1r\u00f3l \u00e9s teljes\u00edtm\u00e9ny\u00e9r\u0151l h\u00edres.<\/p>\n\n\n\n<h2 class=\"wp-block-heading\">W2 nedves \u00e9s sz\u00e1raz ipari porsz\u00edv\u00f3k: hogyan m\u0171k\u00f6dnek \u00e9s hol haszn\u00e1lj\u00e1k \u0151ket?<\/h2>\n\n\n\n<div class=\"wp-block-columns is-layout-flex wp-container-core-columns-is-layout-28f84493 wp-block-columns-is-layout-flex\">\n<div class=\"wp-block-column is-layout-flow wp-block-column-is-layout-flow\" style=\"flex-basis:33.33%\">\n<figure class=\"wp-block-image size-full is-resized\"><img decoding=\"async\" width=\"711\" height=\"622\" src=\"https:\/\/obera.fr\/wp-content\/uploads\/2024\/10\/w2.png\" alt=\"Ipari porsz\u00edv\u00f3k\" class=\"wp-image-35424\" style=\"object-fit:cover;width:300px;height:300px\" srcset=\"https:\/\/obera.fr\/wp-content\/uploads\/2024\/10\/w2.png 711w, https:\/\/obera.fr\/wp-content\/uploads\/2024\/10\/w2-300x262.png 300w\" sizes=\"(max-width: 711px) 100vw, 711px\" \/><\/figure>\n<\/div>\n\n\n\n<div class=\"wp-block-column is-layout-flow wp-block-column-is-layout-flow\" style=\"flex-basis:66.66%\">\n<p>A<strong>W2 nedves \u00e9s sz\u00e1raz ipari porsz\u00edv\u00f3<\/strong> legf\u0151bb el\u0151nye a sokoldal\u00fas\u00e1ga. Sz\u00edv\u00f3erej\u00e9nek k\u00f6sz\u00f6nhet\u0151en egyszerre k\u00e9pes szil\u00e1rd \u00e9s foly\u00e9kony anyagok felemel\u00e9s\u00e9re \u00e9s porsz\u00edv\u00f3z\u00e1s\u00e1ra. K\u00e9t egyf\u00e1zis\u00fa by-pass motorral rendelkezik, amelyeket egy er\u0151s ac\u00e9l motorfej v\u00e9d, \u00e9s bel\u00fclr\u0151l hangszigetelt. A porsz\u00edv\u00f3 v\u00edz\/porlev\u00e1laszt\u00f3 rendszerrel rendelkezik, amely kisz\u0171ri a folyad\u00e9kokat a sz\u00e1raz r\u00e9szecsk\u00e9kb\u0151l. A felsz\u00edvott porszemcs\u00e9ket egy ac\u00e9ltart\u00e1lyban t\u00e1rolja, m\u00edg a folyad\u00e9kokat egy tart\u00e1lyban gy\u0171jti \u00f6ssze.    <\/p>\n\n\n\n<p>A W2 ipari porsz\u00edv\u00f3 ide\u00e1lis a <strong>kis \u00e9s k\u00f6zepes mennyis\u00e9g\u0171 por<\/strong> <strong>tiszt\u00edt\u00e1s\u00e1ra<\/strong> \u00e9s <strong>kezel\u00e9s\u00e9re<\/strong>. Szil\u00e1rd anyagok \u00e9s folyad\u00e9kok felsz\u00edv\u00e1s\u00e1ban is hat\u00e9kony. Ez a sokoldal\u00fas\u00e1g teszi t\u00f6k\u00e9letess\u00e9 az ipar minden t\u00edpus\u00e1hoz. K\u00fcl\u00f6n\u00f6sen hat\u00e9kony a vegyiparban, a gy\u00f3gyszeriparban, az \u00e9lelmiszeriparban \u00e9s a malomiparban, valamint a p\u00e9ks\u00e9gekben \u00e9s a s\u00fct\u0151tiszt\u00edt\u00e1sban.   <\/p>\n\n\n\n<div class=\"wp-block-columns is-layout-flex wp-container-core-columns-is-layout-28f84493 wp-block-columns-is-layout-flex\">\n<div class=\"wp-block-column is-layout-flow wp-block-column-is-layout-flow\">\n<div class=\"wp-block-buttons is-layout-flex wp-block-buttons-is-layout-flex\">\n<div class=\"wp-block-button\"><a class=\"wp-block-button__link wp-element-button\" href=\"https:\/\/obera.fr\/wp-content\/uploads\/2025\/06\/brochure-w2-en.pdf\">A BROS\u00daRA LET\u00d6LT\u00c9SE<\/a><\/div>\n<\/div>\n<\/div>\n\n\n\n<div class=\"wp-block-column is-layout-flow wp-block-column-is-layout-flow\">\n<div class=\"wp-block-buttons is-horizontal is-content-justification-center is-layout-flex wp-container-core-buttons-is-layout-03627597 wp-block-buttons-is-layout-flex\">\n<div class=\"wp-block-button\"><a class=\"wp-block-button__link wp-element-button\" href=\"https:\/\/obera.fr\/contact\/\">Tudjon meg t\u00f6bbet<\/a><\/div>\n<\/div>\n<\/div>\n\n\n\n<div class=\"wp-block-column is-layout-flow wp-block-column-is-layout-flow\">\n<div class=\"wp-block-buttons is-content-justification-center is-layout-flex wp-container-core-buttons-is-layout-a89b3969 wp-block-buttons-is-layout-flex\">\n<div class=\"wp-block-button btn-devis-source\"><a class=\"wp-block-button__link wp-element-button\" href=\"https:\/\/obera.fr\/hu\/devis\/\">K\u00e9rjen \u00e1raj\u00e1nlatot<\/a><\/div>\n<\/div>\n\n\n<script>\r\ndocument.addEventListener('DOMContentLoaded', function() {\r\n    \/\/ 1. On cherche le titre H1 de la page\r\n    var h1 = document.querySelector('h1');\r\n    var productTitle = h1 ? h1.innerText.trim() : \"\";\r\n\r\n    \/\/ 2. On cherche les boutons via la classe CSS .btn-devis-source\r\n    var buttons = document.querySelectorAll('.btn-devis-source a');\r\n\r\n    \/\/ 3. Si on a le titre et les boutons, on ajoute le param\u00e8tre\r\n    if (buttons.length > 0 && productTitle !== \"\") {\r\n        var encodedTitle = encodeURIComponent(productTitle);\r\n\r\n        buttons.forEach(function(btn) {\r\n            var currentHref = btn.getAttribute('href');\r\n            \r\n            \/\/ S\u00e9curit\u00e9 pour ne pas ajouter le param\u00e8tre 2 fois\r\n            if (currentHref.indexOf('sujet=') === -1) {\r\n                var separator = currentHref.indexOf('?') !== -1 ? '&' : '?';\r\n                var newLink = currentHref + separator + 'sujet=' + encodedTitle;\r\n                \r\n                btn.setAttribute('href', newLink);\r\n            }\r\n        });\r\n    }\r\n});\r\n<\/script><\/div>\n<\/div>\n<\/div>\n<\/div>\n\n\n\n<h2 class=\"wp-block-heading\">W2 ipari porsz\u00edv\u00f3: nagy sz\u0171r\u00e9s, nagy mobilit\u00e1s&#8230; az \u00f6sszes m\u0171szaki jellemz\u0151je<\/h2>\n\n\n\n<p>A W2 ipari porsz\u00edv\u00f3nak nincs mit megirigyelnie a nagyobb modellekt\u0151l:<strong> sz\u00edv\u00f3ereje \u00e9s 20 000 cm2 sz\u0171r\u0151fel\u00fclete<\/strong> nagy sz\u0171r\u00e9si teljes\u00edtm\u00e9nyt \u00e9s nagy mobilit\u00e1st biztos\u00edt ennek a k\u00e9sz\u00fcl\u00e9knek. A 360 m3\/h l\u00e9g\u00e1raml\u00e1si sebess\u00e9ggel a porsz\u00edv\u00f3 fokozott sz\u0171r\u00e9st garant\u00e1l, hogy jav\u00edtsa az \u00d6nt k\u00f6r\u00fclvev\u0151 leveg\u0151 min\u0151s\u00e9g\u00e9t \u00e9s gyorsabban t\u00e1vol\u00edtsa el a szennyez\u0151d\u00e9seket.   <\/p>\n\n\n\n<p>A 420 mm-es poli\u00e9szter zs\u00e1kos sz\u0171r\u0151vel \u00e9s ipari ac\u00e9lszerkezettel (motor, sz\u0171r\u0151kamra, tart\u00e1ly \u00e9s keret) rendelkez\u0151 berendez\u00e9s maxim\u00e1lis tart\u00f3ss\u00e1got biztos\u00edt. K\u00e9t egyf\u00e1zis\u00fa motorja folyamatos m\u0171k\u00f6d\u00e9sre, 24\/7-es \u00fczemm\u00f3dra van m\u00e9retezve. Tov\u00e1bbi el\u0151nye, hogy a porsz\u00edv\u00f3 rendelkezik dugul\u00e1selh\u00e1r\u00edt\u00f3 rendszerrel, amely elt\u00e1vol\u00edtja a lerak\u00f3dott anyagokat, \u00e9s megakad\u00e1lyozza a k\u00e9sz\u00fcl\u00e9k elt\u00f6m\u0151d\u00e9s\u00e9t.<\/p>\n\n\n\n<p>Egy m\u00e1sik l\u00e9nyeges m\u0171szaki jellemz\u0151: a 3 mikronig terjed\u0151 sz\u0171r\u00e9si hat\u00e9konys\u00e1ga \u00e9s a magas porvisszatart\u00e1st biztos\u00edt\u00f3 zsebsz\u0171r\u0151 garant\u00e1lja, hogy a W2 porsz\u00edv\u00f3 tiszt\u00e1n tartja a kil\u00e9p\u0151 leveg\u0151t.<\/p>\n\n\n\n<p>A W2 nedves \u00e9s sz\u00e1raz porsz\u00edv\u00f3 a <strong>professzion\u00e1lis takar\u00edt\u00f3k sz\u00e1m\u00e1ra tervezett tartoz\u00e9kokkal<\/strong> (rugalmas sz\u00edv\u00f3t\u00f6ml\u0151, kef\u00e9k, f\u00fav\u00f3ka, adapterek).<\/p>\n\n\n\n<blockquote class=\"wp-block-quote is-layout-flow wp-block-quote-is-layout-flow\">\n<p>Opci\u00f3k: a W2 ipari porsz\u00edv\u00f3 <strong>ATEX 22 z\u00f3n\u00e1s<\/strong> v\u00e1ltozatban is kaphat\u00f3 a robban\u00e1svesz\u00e9lyes port gener\u00e1l\u00f3 k\u00f6rnyezetben t\u00f6rt\u00e9n\u0151 biztons\u00e1gos tiszt\u00edt\u00e1shoz. Felszerelhet\u0151 tov\u00e1bb\u00e1 nomex sz\u0171r\u0151kkel (250\u00b0-ig h\u0151\u00e1ll\u00f3), Hepa H14, M oszt\u00e1ly\u00fa PTFE, L, M vagy M oszt\u00e1ly\u00fa v\u00edz-oleof\u00f3b teflon sz\u0171r\u0151kkel. Az \u00d6n ipar\u00e1g\u00e1t\u00f3l f\u00fcgg\u0151en csapataink tan\u00e1csot adnak \u00d6nnek, hogy melyik sz\u0171r\u0151 felel meg legjobban az \u00d6n gy\u00e1rt\u00f3egys\u00e9geinek.  <\/p>\n<\/blockquote>\n\n\n\n<h3 class=\"wp-block-heading has-text-align-center\">INDUSTRIES<\/h3>\n\n\n\n<div class=\"wp-block-columns is-layout-flex wp-container-core-columns-is-layout-28f84493 wp-block-columns-is-layout-flex\">\n<div class=\"wp-block-column is-layout-flow wp-block-column-is-layout-flow\">\n<hr class=\"wp-block-separator has-alpha-channel-opacity\"\/>\n\n\n\n<div class=\"wp-block-columns is-layout-flex wp-container-core-columns-is-layout-28f84493 wp-block-columns-is-layout-flex\">\n<div class=\"wp-block-column is-layout-flow wp-block-column-is-layout-flow\">\n<figure class=\"wp-block-image aligncenter size-thumbnail is-resized\"><img decoding=\"async\" width=\"150\" height=\"150\" src=\"https:\/\/obera.fr\/wp-content\/uploads\/2022\/02\/Textile-150x150.png\" alt=\"textil\" class=\"wp-image-8855\"\/><figcaption class=\"wp-element-caption\">Text\u00edli\u00e1k<\/figcaption><\/figure>\n\n\n\n<figure class=\"wp-block-image aligncenter size-thumbnail is-resized\"><img decoding=\"async\" width=\"150\" height=\"150\" src=\"https:\/\/obera.fr\/wp-content\/uploads\/2022\/02\/Plastique-150x150.png\" alt=\"m\u0171anyag\" class=\"wp-image-8854\"\/><figcaption class=\"wp-element-caption\">M\u0171anyag<\/figcaption><\/figure>\n<\/div>\n\n\n\n<div class=\"wp-block-column is-layout-flow wp-block-column-is-layout-flow\">\n<figure class=\"wp-block-image aligncenter size-thumbnail is-resized\"><img decoding=\"async\" width=\"150\" height=\"150\" src=\"https:\/\/obera.fr\/wp-content\/uploads\/2022\/02\/MINERAIS-150x150.png\" alt=\"\u00e9rcek\" class=\"wp-image-8847\"\/><figcaption class=\"wp-element-caption\">\u00c1sv\u00e1nyok<\/figcaption><\/figure>\n\n\n\n<figure class=\"wp-block-image aligncenter size-thumbnail is-resized\"><img decoding=\"async\" width=\"150\" height=\"150\" src=\"https:\/\/obera.fr\/wp-content\/uploads\/2022\/02\/Metalurgie-150x150.png\" alt=\"koh\u00e1szat\" class=\"wp-image-8857\"\/><figcaption class=\"wp-element-caption\">Koh\u00e1szat<\/figcaption><\/figure>\n\n\n\n<figure class=\"wp-block-image aligncenter size-thumbnail is-resized\"><img decoding=\"async\" width=\"150\" height=\"150\" src=\"https:\/\/obera.fr\/wp-content\/uploads\/2023\/02\/sans-titre-2023-02-14t102211.641-150x150.png\" alt=\"Mez\u0151gazdas\u00e1g\" class=\"wp-image-18828\"\/><figcaption class=\"wp-element-caption\">Mez\u0151gazdas\u00e1g<\/figcaption><\/figure>\n<\/div>\n<\/div>\n<\/div>\n\n\n\n<div class=\"wp-block-column is-layout-flow wp-block-column-is-layout-flow\">\n<hr class=\"wp-block-separator has-alpha-channel-opacity\"\/>\n\n\n\n<div class=\"wp-block-columns is-layout-flex wp-container-core-columns-is-layout-28f84493 wp-block-columns-is-layout-flex\">\n<div class=\"wp-block-column is-layout-flow wp-block-column-is-layout-flow\">\n<figure class=\"wp-block-image aligncenter size-thumbnail is-resized\"><img decoding=\"async\" width=\"150\" height=\"150\" src=\"https:\/\/obera.fr\/wp-content\/uploads\/2022\/02\/Chimie-150x150.png\" alt=\"k\u00e9mia\" class=\"wp-image-8846\"\/><figcaption class=\"wp-element-caption\">K\u00e9mia<\/figcaption><\/figure>\n\n\n\n<figure class=\"wp-block-image aligncenter size-thumbnail is-resized\"><img decoding=\"async\" width=\"150\" height=\"150\" src=\"https:\/\/obera.fr\/wp-content\/uploads\/2022\/02\/Travail-du-bois-150x150.png\" alt=\"famegmunk\u00e1l\u00e1s\" class=\"wp-image-8856\"\/><figcaption class=\"wp-element-caption\">Famegmunk\u00e1l\u00e1s<\/figcaption><\/figure>\n\n\n\n<figure class=\"wp-block-image aligncenter size-thumbnail is-resized\"><img decoding=\"async\" width=\"150\" height=\"150\" src=\"https:\/\/obera.fr\/wp-content\/uploads\/2023\/02\/sans-titre-2023-02-14t101920.185-150x150.png\" alt=\"L\u00e9gik\u00f6zleked\u00e9s\" class=\"wp-image-18831\"\/><figcaption class=\"wp-element-caption\">L\u00e9gik\u00f6zleked\u00e9s<\/figcaption><\/figure>\n<\/div>\n\n\n\n<div class=\"wp-block-column is-layout-flow wp-block-column-is-layout-flow\">\n<figure class=\"wp-block-image aligncenter size-thumbnail is-resized\"><img decoding=\"async\" width=\"150\" height=\"150\" src=\"https:\/\/obera.fr\/wp-content\/uploads\/2022\/02\/AGROALIMENTAIRE-150x150.png\" alt=\"agr\u00e1r-\u00e9lelmiszeripar\" class=\"wp-image-8844\"\/><figcaption class=\"wp-element-caption\">\u00c9lelmiszeripar<\/figcaption><\/figure>\n\n\n\n<figure class=\"wp-block-image aligncenter size-thumbnail is-resized\"><img decoding=\"async\" width=\"150\" height=\"150\" src=\"https:\/\/obera.fr\/wp-content\/uploads\/2022\/02\/Papier-carton-150x150.png\" alt=\"pap\u00edr \u00e9s karton\" class=\"wp-image-8853\"\/><figcaption class=\"wp-element-caption\">Pap\u00edr\/karton<\/figcaption><\/figure>\n\n\n\n<figure class=\"wp-block-image aligncenter size-thumbnail is-resized\"><img decoding=\"async\" width=\"150\" height=\"150\" src=\"https:\/\/obera.fr\/wp-content\/uploads\/2023\/02\/sans-titre-2023-02-14t101712.416-150x150.png\" alt=\"Aut\u00f3ipar\" class=\"wp-image-18834\"\/><figcaption class=\"wp-element-caption\">Aut\u00f3ipar<\/figcaption><\/figure>\n<\/div>\n<\/div>\n<\/div>\n<\/div>\n\n\n\n<figure class=\"wp-block-table\"><table class=\"has-fixed-layout\"><tbody><tr><td>Fesz\u00fclts\u00e9g<\/td><td>V-HZ<\/td><td>230-50<\/td><\/tr><tr><td>Teljes\u00edtm\u00e9ny<\/td><td>kW<\/td><td>2&#215;1.1<\/td><\/tr><tr><td>Maxim\u00e1lis depresszi\u00f3<\/td><td>Pa<\/td><td>2,400 Pa<\/td><\/tr><tr><td>Maxim\u00e1lis l\u00e9g\u00e1raml\u00e1s<\/td><td>m3\/h<\/td><td>360<\/td><\/tr><tr><td>Sz\u00e1jr\u00e9sz \u00e1tm\u00e9r\u0151je<\/td><td>mm<\/td><td>50<\/td><\/tr><tr><td>Sz\u0171r\u0151 t\u00edpusa<\/td><td><\/td><td>Csillag zsebekkel<\/td><\/tr><tr><td>Fel\u00fclet<\/td><td>cm2<\/td><td>20.000<\/td><\/tr><tr><td>Tiszt\u00edt\u00f3rendszer<\/td><td><\/td><td>Manuel<\/td><\/tr><tr><td>Betakar\u00edt\u00e1si tart\u00e1ly<\/td><td><\/td><td>Ac\u00e9l<\/td><\/tr><tr><td>V\u00edzelvezet\u0151 rendszer<\/td><td><\/td><td>Kivehet\u0151 szemetes<\/td><\/tr><tr><td>Kapacit\u00e1s<\/td><td>liter<\/td><td>40<\/td><\/tr><tr><td>M\u00e9retek<\/td><td>cm<\/td><td>55x63x115<\/td><\/tr><\/tbody><\/table><\/figure>\n\n\n\n<div class=\"wp-block-buttons is-content-justification-center is-layout-flex wp-container-core-buttons-is-layout-a89b3969 wp-block-buttons-is-layout-flex\">\n<div class=\"wp-block-button\"><a class=\"wp-block-button__link wp-element-button\" href=\"https:\/\/obera.fr\/wp-content\/uploads\/2024\/04\/obera_brochure-w2-fr.pdf\">TERM\u00c9K ADATLAP LET\u00d6LT\u00c9SE<\/a><\/div>\n<\/div>\n\n\n\n<h2 class=\"wp-block-heading\">Er\u0151teljes \u00e9s sokoldal\u00fa: a W2 porsz\u00edv\u00f3 \u00f6sszes el\u0151nye<\/h2>\n\n\n\n<p>A W2 egy kompakt g\u00e9p k\u00f6nny\u0171 kezelhet\u0151s\u00e9g\u00e9t \u00f6tv\u00f6zi egy ipari porsz\u00edv\u00f3 erej\u00e9vel. Nagyfok\u00fa mobilit\u00e1sa \u00e9s sz\u00edv\u00f3teljes\u00edtm\u00e9nye mellett hangszigetel\u0151 bevonata minim\u00e1lisra cs\u00f6kkenti a haszn\u00e1lat k\u00f6zbeni zajt, hogy ne zavarja a kezel\u0151t vagy a m\u0171helyben dolgoz\u00f3 t\u00f6bbi alkalmazottat. Szint\u00e9n a k\u00f6nnyebb haszn\u00e1lat \u00e9rdek\u00e9ben a lefel\u00e9 n\u00e9z\u0151 kivezet\u0151 ny\u00edl\u00e1s megakad\u00e1lyozza, hogy a por a fel\u00fcleten felkavarodjon \u00e9s a kezel\u0151 \u00fatj\u00e1ba ker\u00fclj\u00f6n.<\/p>\n\n\n\n<p>A porsz\u00edv\u00f3 nem ig\u00e9nyel karbantart\u00e1st, \u00e9s f\u00fcgg\u0151leges sz\u0171r\u0151r\u00e1z\u00f3val van felszerelve, amely megakad\u00e1lyozza a tel\u00edt\u0151d\u00e9st, \u00e9s mindenekel\u0151tt megk\u00f6nny\u00edti a k\u00e9zi tiszt\u00edt\u00e1st.<\/p>\n\n\n\n<p>V\u00e9g\u00fcl, de nem utols\u00f3sorban a sokoldal\u00fas\u00e1ga a f\u0151 el\u0151nye, mivel a szil\u00e1rd \u00e9s foly\u00e9kony anyagok felsz\u00edv\u00e1sa r\u00e9v\u00e9n sz\u00e1mos c\u00e9lra haszn\u00e1lhat\u00f3: padl\u00f3, falak, \u00e9p\u00edtkez\u00e9sek, m\u0171helyek, m\u0171helyek, g\u00e9pek, vend\u00e9gl\u00e1t\u00f3ipari berendez\u00e9sek stb. tiszt\u00edt\u00e1s\u00e1ra.<\/p>\n\n\n\n<div class=\"wp-block-columns is-layout-flex wp-container-core-columns-is-layout-28f84493 wp-block-columns-is-layout-flex\">\n<div class=\"wp-block-column is-layout-flow wp-block-column-is-layout-flow\" style=\"flex-basis:33.34%\">\n<h3 class=\"wp-block-heading\">El\u0151ny\u00f6k :<\/h3>\n\n\n\n<ul class=\"wp-block-list\">\n<li>Magas sz\u0171r\u0151rendszer a szil\u00e1rd \u00e9s foly\u00e9kony por egyidej\u0171 elsz\u00edv\u00e1s\u00e1hoz;<\/li>\n\n\n\n<li>Ultra-kompakt \u00e9s mobil;<\/li>\n\n\n\n<li>Nagyon csendes haszn\u00e1lat k\u00f6zben.  <\/li>\n<\/ul>\n<\/div>\n\n\n\n<div class=\"wp-block-column is-layout-flow wp-block-column-is-layout-flow\" style=\"flex-basis:33.34%\">\n<h3 class=\"wp-block-heading\">K\u00fcl\u00f6nlegess\u00e9gek:<\/h3>\n\n\n\n<ul class=\"wp-block-list\">\n<li>K\u00e9t egyf\u00e1zis\u00fa motor f\u00fcggetlen kapcsol\u00f3kkal;<\/li>\n\n\n\n<li>V\u00e1laszthat\u00f3: Hepa H14 sz\u0171r\u0151, M, L, M oszt\u00e1ly\u00fa v\u00edz-oleof\u00f3b teflon, M PTFE, nomex sz\u0171r\u0151;<\/li>\n\n\n\n<li>ATEX 22-es z\u00f3n\u00e1j\u00fa v\u00e1ltozat is rendelkez\u00e9sre \u00e1ll.<\/li>\n<\/ul>\n<\/div>\n\n\n\n<div class=\"wp-block-column is-layout-flow wp-block-column-is-layout-flow\" style=\"flex-basis:33.33%\">\n<h3 class=\"wp-block-heading\">Jellemz\u0151k :<\/h3>\n\n\n\n<ul class=\"wp-block-list\">\n<li>Elt\u00f6m\u0151d\u00f6tt sz\u0171r\u0151 jelz\u0151f\u00e9nye ;<\/li>\n\n\n\n<li>A sz\u00edv\u00f3egys\u00e9g v\u00e9delme a csillagsz\u0171r\u0151vel (poli\u00e9szter).<\/li>\n<\/ul>\n<\/div>\n<\/div>\n\n\n\n<h2 class=\"wp-block-heading\">Szeretn\u00e9 kipr\u00f3b\u00e1lni a W2 ipari porsz\u00edv\u00f3t az \u00d6n telephely\u00e9n?<\/h2>\n\n\n\n<p>Tesztelje a megold\u00e1st a m\u0171helyeiben! Minden megold\u00e1sunkhoz tesztel\u00e9si f\u00e1zist k\u00edn\u00e1lunk, amelyhez \u00e1tlagosan 1 h\u00f3napos v\u00e1s\u00e1rl\u00e1si lehet\u0151s\u00e9get biztos\u00edtunk. A teszt v\u00e9g\u00e9n \u00d6n vagy elfogadja azt, vagy mi javasolunk egy olyan megold\u00e1st, amely jobban megfelel az \u00d6n ig\u00e9nyeinek.<\/p>\n\n\n\n<div class=\"wp-block-buttons is-content-justification-center is-layout-flex wp-container-core-buttons-is-layout-a89b3969 wp-block-buttons-is-layout-flex\">\n<div class=\"wp-block-button\"><a class=\"wp-block-button__link wp-element-button\" href=\"https:\/\/obera.fr\/hu\/contact\/\">TESZTELJE A W2 PORSZ\u00cdV\u00d3T<\/a><\/div>\n<\/div>\n\n\n\n<h2 class=\"wp-block-heading\">Egy\u00e9b ipari porsz\u00edv\u00f3k a k\u00edn\u00e1latban<\/h2>\n\n\n\n<div class=\"wp-block-columns is-layout-flex wp-container-core-columns-is-layout-28f84493 wp-block-columns-is-layout-flex\">\n<div class=\"wp-block-column is-layout-flow wp-block-column-is-layout-flow\">\n<figure class=\"wp-block-image aligncenter size-full is-resized\"><a href=\"https:\/\/obera.fr\/produits\/aspirateurs-industriels\/w2-xr-atex-22\/\"><img decoding=\"async\" width=\"566\" height=\"671\" src=\"https:\/\/obera.fr\/wp-content\/uploads\/2024\/10\/w2-xr-2.png\" alt=\"Ipari porsz\u00edv\u00f3k\" class=\"wp-image-35431\" style=\"object-fit:cover;width:300px;height:300px\" srcset=\"https:\/\/obera.fr\/wp-content\/uploads\/2024\/10\/w2-xr-2.png 566w, https:\/\/obera.fr\/wp-content\/uploads\/2024\/10\/w2-xr-2-253x300.png 253w\" sizes=\"(max-width: 566px) 100vw, 566px\" \/><\/a><figcaption class=\"wp-element-caption\">W2 XR<\/figcaption><\/figure>\n<\/div>\n\n\n\n<div class=\"wp-block-column is-layout-flow wp-block-column-is-layout-flow\">\n<figure class=\"wp-block-image aligncenter size-full\"><a href=\"https:\/\/obera.fr\/produits\/aspirateurs-industriels\/ventilateurs-aspiration-gamme-eurosog-rg-100-800\/\"><img decoding=\"async\" width=\"600\" height=\"600\" src=\"https:\/\/obera.fr\/wp-content\/uploads\/2024\/04\/obera-ventilateur-aspiration-rg-300-400.jpg\" alt=\"obera sz\u00edv\u00f3ventil\u00e1tor rg 300 400\" class=\"wp-image-29437\" srcset=\"https:\/\/obera.fr\/wp-content\/uploads\/2024\/04\/obera-ventilateur-aspiration-rg-300-400.jpg 600w, https:\/\/obera.fr\/wp-content\/uploads\/2024\/04\/obera-ventilateur-aspiration-rg-300-400-300x300.jpg 300w, https:\/\/obera.fr\/wp-content\/uploads\/2024\/04\/obera-ventilateur-aspiration-rg-300-400-150x150.jpg 150w\" sizes=\"(max-width: 600px) 100vw, 600px\" \/><\/a><figcaption class=\"wp-element-caption\">RG 300\/400<\/figcaption><\/figure>\n<\/div>\n\n\n\n<div class=\"wp-block-column is-layout-flow wp-block-column-is-layout-flow\">\n<figure class=\"wp-block-image aligncenter size-full is-resized\"><a href=\"https:\/\/obera.fr\/produits\/aspirateurs-industriels\/w3-pour-nettoyage-general\/\"><img decoding=\"async\" width=\"658\" height=\"652\" src=\"https:\/\/obera.fr\/wp-content\/uploads\/2024\/10\/w3.png\" alt=\"w3\" class=\"wp-image-35427\" style=\"object-fit:cover;width:300px;height:300px\" srcset=\"https:\/\/obera.fr\/wp-content\/uploads\/2024\/10\/w3.png 658w, https:\/\/obera.fr\/wp-content\/uploads\/2024\/10\/w3-300x297.png 300w, https:\/\/obera.fr\/wp-content\/uploads\/2024\/10\/w3-150x150.png 150w, https:\/\/obera.fr\/wp-content\/uploads\/2024\/10\/w3-24x24.png 24w, https:\/\/obera.fr\/wp-content\/uploads\/2024\/10\/w3-48x48.png 48w, https:\/\/obera.fr\/wp-content\/uploads\/2024\/10\/w3-96x96.png 96w\" sizes=\"(max-width: 658px) 100vw, 658px\" \/><\/a><figcaption class=\"wp-element-caption\">W3<\/figcaption><\/figure>\n<\/div>\n<\/div>\n","protected":false},"excerpt":{"rendered":"<p>A kompakt \u00e9s mobil W2ipari porsz\u00edv\u00f3 az egyik leghat\u00e9konyabb berendez\u00e9s a piacon, amely robusztuss\u00e1g\u00e1r\u00f3l, nagy sz\u0171r\u00e9si kapacit\u00e1s\u00e1r\u00f3l \u00e9s teljes\u00edtm\u00e9ny\u00e9r\u0151l h\u00edres. W2 nedves \u00e9s sz\u00e1raz ipari porsz\u00edv\u00f3k: hogyan m\u0171k\u00f6dnek \u00e9s hol haszn\u00e1lj\u00e1k \u0151ket? AW2 nedves \u00e9s sz\u00e1raz ipari porsz\u00edv\u00f3 legf\u0151bb el\u0151nye a sokoldal\u00fas\u00e1ga. Sz\u00edv\u00f3erej\u00e9nek k\u00f6sz\u00f6nhet\u0151en egyszerre k\u00e9pes szil\u00e1rd \u00e9s foly\u00e9kony anyagok felemel\u00e9s\u00e9re \u00e9s porsz\u00edv\u00f3z\u00e1s\u00e1ra. K\u00e9t egyf\u00e1zis\u00fa by-pass motorral rendelkezik, amelyeket egy er\u0151s ac\u00e9l motorfej v\u00e9d, \u00e9s bel\u00fclr\u0151l hangszigetelt. A porsz\u00edv\u00f3 v\u00edz\/porlev\u00e1laszt\u00f3 rendszerrel rendelkezik, amely kisz\u0171ri a folyad\u00e9kokat a sz\u00e1raz r\u00e9szecsk\u00e9kb\u0151l. A felsz\u00edvott porszemcs\u00e9ket egy ac\u00e9ltart\u00e1lyban t\u00e1rolja, m\u00edg a folyad\u00e9kokat egy tart\u00e1lyban gy\u0171jti \u00f6ssze. A W2 ipari porsz\u00edv\u00f3 ide\u00e1lis a kis \u00e9s &#8230; <\/p>\n<p class=\"read-more-container\"><a title=\"W2 ipari porsz\u00edv\u00f3\" class=\"read-more button\" href=\"https:\/\/obera.fr\/hu\/produits\/aspirateurs-industriels\/w2-haute-filtration-polyvalence\/#more-84260\" aria-label=\"Read more about W2 ipari porsz\u00edv\u00f3\">Lire la suite<\/a><\/p>\n","protected":false},"author":4,"featured_media":83741,"parent":69706,"menu_order":0,"comment_status":"closed","ping_status":"closed","template":"","meta":{"_acf_changed":false,"_seopress_robots_primary_cat":"","_seopress_titles_title":"W2 ipari porsz\u00edv\u00f3: magas sz\u0171r\u00e9s \u00e9s sokoldal\u00fas\u00e1g","_seopress_titles_desc":"V\u00e1lassza a W2 sorozatot a magas sz\u0171r\u00e9si rendszerrel a szil\u00e1rd \u00e9s foly\u00e9kony por egyidej\u0171 elsz\u00edv\u00e1s\u00e1hoz.","_seopress_robots_index":"","footnotes":""},"class_list":{"0":"post-84260","1":"page","2":"type-page","3":"status-publish","4":"has-post-thumbnail","6":"no-featured-image-padding","7":"resize-featured-image"},"acf":[],"_links":{"self":[{"href":"https:\/\/obera.fr\/hu\/wp-json\/wp\/v2\/pages\/84260","targetHints":{"allow":["GET"]}}],"collection":[{"href":"https:\/\/obera.fr\/hu\/wp-json\/wp\/v2\/pages"}],"about":[{"href":"https:\/\/obera.fr\/hu\/wp-json\/wp\/v2\/types\/page"}],"author":[{"embeddable":true,"href":"https:\/\/obera.fr\/hu\/wp-json\/wp\/v2\/users\/4"}],"replies":[{"embeddable":true,"href":"https:\/\/obera.fr\/hu\/wp-json\/wp\/v2\/comments?post=84260"}],"version-history":[{"count":4,"href":"https:\/\/obera.fr\/hu\/wp-json\/wp\/v2\/pages\/84260\/revisions"}],"predecessor-version":[{"id":107412,"href":"https:\/\/obera.fr\/hu\/wp-json\/wp\/v2\/pages\/84260\/revisions\/107412"}],"up":[{"embeddable":true,"href":"https:\/\/obera.fr\/hu\/wp-json\/wp\/v2\/pages\/69706"}],"wp:featuredmedia":[{"embeddable":true,"href":"https:\/\/obera.fr\/hu\/wp-json\/wp\/v2\/media\/83741"}],"wp:attachment":[{"href":"https:\/\/obera.fr\/hu\/wp-json\/wp\/v2\/media?parent=84260"}],"curies":[{"name":"wp","href":"https:\/\/api.w.org\/{rel}","templated":true}]}}