{"id":92098,"date":"2021-02-02T16:59:47","date_gmt":"2021-02-02T14:59:47","guid":{"rendered":"https:\/\/obera.fr\/produits\/depoussiereurs-industriels\/fixes\/depoussiereur-a-sec-estmac\/"},"modified":"2025-04-25T15:37:42","modified_gmt":"2025-04-25T13:37:42","slug":"depoussiereur-a-sec-estmac","status":"publish","type":"page","link":"https:\/\/obera.fr\/hu\/produits\/depoussiereurs-industriels\/fixes\/depoussiereur-a-sec-estmac\/","title":{"rendered":"ESTMAC sz\u00e1raz porlev\u00e1laszt\u00f3"},"content":{"rendered":"\n<p>Az ESTMAC egy olyan <a href=\"https:\/\/obera.fr\/hu\/produits\/depoussiereurs-industriels\/\" data-type=\"page\" data-id=\"389\">fix, kompakt porelsz\u00edv\u00f3<\/a> term\u00e9kcsal\u00e1d, amely alacsony k\u00f6lts\u00e9g\u0171 megold\u00e1st k\u00edn\u00e1l a kis \u00e9s k\u00f6zepes mennyis\u00e9g\u0171 <strong>por \u00e9s forg\u00e1cs<\/strong> elsz\u00edv\u00e1s\u00e1ra.  <\/p>\n\n\n\n<h2 class=\"wp-block-heading\" id=\"qu-est-ce-que-le-depoussiereur-estmac\">Mi az ESTMAC porlev\u00e1laszt\u00f3?<\/h2>\n\n\n\n<div class=\"wp-block-columns is-layout-flex wp-container-core-columns-is-layout-28f84493 wp-block-columns-is-layout-flex\">\n<div class=\"wp-block-column is-layout-flow wp-block-column-is-layout-flow\" style=\"flex-basis:33.33%\">\n<figure class=\"wp-block-image aligncenter size-medium\"><img decoding=\"async\" width=\"300\" height=\"264\" src=\"https:\/\/obera.fr\/wp-content\/uploads\/2021\/02\/Depoussiereur-fixe-ESTMAC-300x264.png\" alt=\"Estmac fix porgy\u0171jt\u0151\" class=\"wp-image-4475\" srcset=\"https:\/\/obera.fr\/wp-content\/uploads\/2021\/02\/Depoussiereur-fixe-ESTMAC-300x264.png 300w, https:\/\/obera.fr\/wp-content\/uploads\/2021\/02\/Depoussiereur-fixe-ESTMAC.png 480w\" sizes=\"(max-width: 300px) 100vw, 300px\" \/><\/figure>\n<\/div>\n\n\n\n<div class=\"wp-block-column is-vertically-aligned-center is-layout-flow wp-block-column-is-layout-flow\" style=\"flex-basis:66.66%\">\n<p>A porlev\u00e1laszt\u00f3k elsz\u00edvj\u00e1k a <strong>sz\u00e1raz \u00e9s a lefoly\u00f3 port<\/strong>, \u00e9s sz\u00e1mos \u00e1gazatban sz\u00e9les k\u00f6r\u0171 alkalmaz\u00e1st k\u00edn\u00e1lnak.  <\/p>\n\n\n\n<p><strong>Kompakt m\u00e9reteiknek<\/strong> k\u00f6sz\u00f6nhet\u0151en az ESTMAC sz\u00e1raz porlev\u00e1laszt\u00f3k rugalmasan telep\u00edthet\u0151k v\u00e1ltoz\u00f3 helyekre.<\/p>\n\n\n\n<p><strong>Tiszt\u00edthat\u00f3 &#8222;M&#8221; poroszt\u00e1ly\u00fa sz\u0171r\u0151bet\u00e9tekkel<\/strong> vannak felszerelve, amelyek <strong>99,9%-os r\u00e9szecske-lev\u00e1laszt\u00e1si<\/strong> hat\u00e9konys\u00e1gnak felelnek meg. A be\u00e9p\u00edtett el\u0151lev\u00e1laszt\u00f3 a durva r\u00e9szecsk\u00e9k el\u0151zetes lev\u00e1laszt\u00e1s\u00e1val meghosszabb\u00edtja a sz\u0171r\u0151bet\u00e9tek \u00e9lettartam\u00e1t. Ez cs\u00f6kkenti a sz\u0171r\u0151k ig\u00e9nybev\u00e9tel\u00e9t, amelyeknek csak a legfinomabb port kell kisz\u0171rni\u00fck.  <\/p>\n\n\n\n<p>A mozgathat\u00f3 porgy\u0171jt\u0151 t\u00e1lc\u00e1val a<strong> szennyez\u0151d\u00e9sek k\u00f6nnyen<\/strong> \u00e9s biztons\u00e1gosan<strong> elt\u00e1vol\u00edthat\u00f3k<\/strong>. A hangszigetelt ventil\u00e1toregys\u00e9get \u00fagy tervezt\u00e9k, hogy <strong>minim\u00e1lis zaj mellett maxim\u00e1lis l\u00e9g\u00e1raml\u00e1st<\/strong> biztos\u00edtson. Ez biztos\u00edtja az alacsony m\u0171k\u00f6d\u00e9si zajt.  <\/p>\n<\/div>\n<\/div>\n\n\n\n<div class=\"wp-block-columns is-layout-flex wp-container-core-columns-is-layout-28f84493 wp-block-columns-is-layout-flex\">\n<div class=\"wp-block-column is-layout-flow wp-block-column-is-layout-flow\" style=\"flex-basis:33.33%\"><\/div>\n\n\n\n<div class=\"wp-block-column is-layout-flow wp-block-column-is-layout-flow\" style=\"flex-basis:33.34%\">\n<div class=\"wp-block-buttons is-horizontal is-content-justification-center is-layout-flex wp-container-core-buttons-is-layout-03627597 wp-block-buttons-is-layout-flex\">\n<div class=\"wp-block-button\"><a class=\"wp-block-button__link wp-element-button\" href=\"https:\/\/obera.fr\/contact\/\">Tudjon meg t\u00f6bbet<\/a><\/div>\n<\/div>\n\n\n\n<p><\/p>\n\n\n\n<div class=\"wp-block-buttons is-content-justification-center is-layout-flex wp-container-core-buttons-is-layout-a89b3969 wp-block-buttons-is-layout-flex\">\n<div class=\"wp-block-button\"><a class=\"wp-block-button__link wp-element-button\" href=\"https:\/\/obera.fr\/wp-content\/uploads\/2025\/04\/brochure-estmac-en.pdf\">A BROS\u00daRA LET\u00d6LT\u00c9SE<\/a><\/div>\n<\/div>\n<\/div>\n\n\n\n<div class=\"wp-block-column is-layout-flow wp-block-column-is-layout-flow\" style=\"flex-basis:33.34%\">\n<div class=\"wp-block-buttons is-content-justification-center is-layout-flex wp-container-core-buttons-is-layout-a89b3969 wp-block-buttons-is-layout-flex\">\n<div class=\"wp-block-button btn-devis-source\"><a class=\"wp-block-button__link wp-element-button\" href=\"https:\/\/obera.fr\/hu\/devis\/\">K\u00e9rjen \u00e1raj\u00e1nlatot<\/a><\/div>\n<\/div>\n\n\n<script>\r\ndocument.addEventListener('DOMContentLoaded', function() {\r\n    \/\/ 1. On cherche le titre H1 de la page\r\n    var h1 = document.querySelector('h1');\r\n    var productTitle = h1 ? h1.innerText.trim() : \"\";\r\n\r\n    \/\/ 2. On cherche les boutons via la classe CSS .btn-devis-source\r\n    var buttons = document.querySelectorAll('.btn-devis-source a');\r\n\r\n    \/\/ 3. Si on a le titre et les boutons, on ajoute le param\u00e8tre\r\n    if (buttons.length > 0 && productTitle !== \"\") {\r\n        var encodedTitle = encodeURIComponent(productTitle);\r\n\r\n        buttons.forEach(function(btn) {\r\n            var currentHref = btn.getAttribute('href');\r\n            \r\n            \/\/ S\u00e9curit\u00e9 pour ne pas ajouter le param\u00e8tre 2 fois\r\n            if (currentHref.indexOf('sujet=') === -1) {\r\n                var separator = currentHref.indexOf('?') !== -1 ? '&' : '?';\r\n                var newLink = currentHref + separator + 'sujet=' + encodedTitle;\r\n                \r\n                btn.setAttribute('href', newLink);\r\n            }\r\n        });\r\n    }\r\n});\r\n<\/script><\/div>\n<\/div>\n\n\n\n<h2 class=\"wp-block-heading\" id=\"pour-quelles-utilisations\">Milyen c\u00e9lokra?<\/h2>\n\n\n\n<p>A <a href=\"https:\/\/obera.fr\/produits\/depoussiereurs-industriels\/petits\/\">kis m\u00e9ret\u0171<\/a><strong> <\/strong>porlev\u00e1laszt\u00f3kat kis \u00e9s k\u00f6zepes mennyis\u00e9g\u0171 f\u00e9mpor \u00e9s forg\u00e1cs, m\u0171anyag por \u00e9s forg\u00e1cs, \u00e1sv\u00e1nyi por, leveg\u0151ben sz\u00e1ll\u00f3 por \u00e9s kompozit anyagokb\u00f3l sz\u00e1rmaz\u00f3 por hat\u00e9kony elsz\u00edv\u00e1s\u00e1ra tervezt\u00e9k.<\/p>\n\n\n\n<blockquote class=\"wp-block-quote is-layout-flow wp-block-quote-is-layout-flow\">\n<p>Ezek a r\u00f6gz\u00edtett porelsz\u00edv\u00f3k k\u00f6zvetlen\u00fcl <strong>egy vagy t\u00f6bb munka\u00e1llom\u00e1shoz<\/strong> vagy <strong>egy vagy t\u00f6bb gy\u00e1rt\u00f3g\u00e9phez<\/strong> csatlakoztathat\u00f3k. Fel lehet szerelni \u0151ket egy <strong> <\/strong><a href=\"https:\/\/obera.fr\/hu\/produits\/bras-dispositifs-captation\/capot-industriel\/\">sz\u00edv\u00f3kar<\/a> forr\u00e1ssz\u00edv\u00e1s eset\u00e9n.<\/p>\n<\/blockquote>\n\n\n\n<p>Ezek a szennyez\u0151 anyagok \u00e1ltal\u00e1ban f\u0171r\u00e9szel\u00e9s, v\u00e1g\u00e1s, megmunk\u00e1l\u00e1s, mar\u00e1s, csiszol\u00e1s, pol\u00edroz\u00e1s vagy az anyagok sz\u00e9tv\u00e1laszt\u00e1sa vagy dekant\u00e1l\u00e1sa sor\u00e1n keletkeznek.  <\/p>\n\n\n\n<div class=\"wp-block-columns is-layout-flex wp-container-core-columns-is-layout-28f84493 wp-block-columns-is-layout-flex\">\n<div class=\"wp-block-column is-layout-flow wp-block-column-is-layout-flow\">\n<h3 class=\"wp-block-heading has-text-align-center\" id=\"polluants\">SZENNYEZ\u0150K<\/h3>\n\n\n\n<hr class=\"wp-block-separator has-css-opacity aligncenter is-style-wide\"\/>\n\n\n\n<div style=\"height:20px\" aria-hidden=\"true\" class=\"wp-block-spacer\"><\/div>\n\n\n\n<div class=\"wp-block-columns is-layout-flex wp-container-core-columns-is-layout-28f84493 wp-block-columns-is-layout-flex\">\n<div class=\"wp-block-column is-layout-flow wp-block-column-is-layout-flow\">\n<figure class=\"wp-block-image aligncenter size-large\"><img decoding=\"async\" width=\"70\" height=\"70\" src=\"https:\/\/obera.fr\/wp-content\/uploads\/2020\/08\/polluants-poussieres.jpg\" alt=\"M\u00e9ter - Term\u00e9k\" class=\"wp-image-675\"\/><figcaption class=\"wp-element-caption\">Por<\/figcaption><\/figure>\n<\/div>\n\n\n\n<div class=\"wp-block-column is-layout-flow wp-block-column-is-layout-flow\">\n<figure class=\"wp-block-image aligncenter size-large\"><img decoding=\"async\" width=\"70\" height=\"70\" src=\"https:\/\/obera.fr\/wp-content\/uploads\/2020\/08\/polluants-copeaux-bois.jpg\" alt=\"Illusztr\u00e1ci\u00f3 - Vektorgrafika\" class=\"wp-image-674\"\/><figcaption class=\"wp-element-caption\">Chips<\/figcaption><\/figure>\n<\/div>\n<\/div>\n<\/div>\n\n\n\n<div class=\"wp-block-column is-layout-flow wp-block-column-is-layout-flow\">\n<h3 class=\"wp-block-heading has-text-align-center\" id=\"industries\">INDUSTRIES<\/h3>\n\n\n\n<hr class=\"wp-block-separator has-css-opacity aligncenter is-style-wide\"\/>\n\n\n\n<div style=\"height:20px\" aria-hidden=\"true\" class=\"wp-block-spacer\"><\/div>\n\n\n\n<div class=\"wp-block-columns is-layout-flex wp-container-core-columns-is-layout-28f84493 wp-block-columns-is-layout-flex\">\n<div class=\"wp-block-column is-layout-flow wp-block-column-is-layout-flow\">\n<figure class=\"wp-block-image aligncenter size-large\"><img decoding=\"async\" width=\"70\" height=\"70\" src=\"https:\/\/obera.fr\/wp-content\/uploads\/2020\/08\/industrie-metallurgie.jpg\" alt=\"Koh\u00e1szat\" class=\"wp-image-673\"\/><figcaption class=\"wp-element-caption\">Koh\u00e1szat<\/figcaption><\/figure>\n\n\n\n<figure class=\"wp-block-image aligncenter size-large\"><img decoding=\"async\" width=\"70\" height=\"70\" src=\"https:\/\/obera.fr\/wp-content\/uploads\/2020\/08\/industrie-plastique.jpg\" alt=\"M\u0171anyagok\" class=\"wp-image-669\"\/><figcaption class=\"wp-element-caption\">M\u0171anyagok<\/figcaption><\/figure>\n\n\n\n<figure class=\"wp-block-image aligncenter size-large is-resized\"><img decoding=\"async\" width=\"100\" height=\"100\" src=\"https:\/\/obera.fr\/wp-content\/uploads\/2020\/11\/29-materiaux-composites.jpg\" alt=\"Kompozit anyagok\" class=\"wp-image-1671\"\/><figcaption class=\"wp-element-caption\">Kompozit anyagok<\/figcaption><\/figure>\n<\/div>\n\n\n\n<div class=\"wp-block-column is-layout-flow wp-block-column-is-layout-flow\">\n<figure class=\"wp-block-image aligncenter size-large\"><img decoding=\"async\" width=\"70\" height=\"70\" src=\"https:\/\/obera.fr\/wp-content\/uploads\/2020\/08\/industrie-bois.jpg\" alt=\"Famegmunk\u00e1l\u00e1s\" class=\"wp-image-672\"\/><figcaption class=\"wp-element-caption\">Famegmunk\u00e1l\u00e1s<\/figcaption><\/figure>\n\n\n\n<figure class=\"wp-block-image aligncenter size-large\"><img decoding=\"async\" width=\"70\" height=\"70\" src=\"https:\/\/obera.fr\/wp-content\/uploads\/2020\/08\/industrie-minerai.jpg\" alt=\"\u00c1sv\u00e1nyok\" class=\"wp-image-724\"\/><figcaption class=\"wp-element-caption\">\u00c1sv\u00e1nyok<\/figcaption><\/figure>\n\n\n\n<p><\/p>\n<\/div>\n<\/div>\n<\/div>\n<\/div>\n\n\n\n<h2 class=\"wp-block-heading\" id=\"quelles-sont-les-caracteristiques\">Melyek a jellemz\u0151k?<\/h2>\n\n\n\n<p>Az ipari porlev\u00e1laszt\u00f3k ezen term\u00e9kcsal\u00e1dj\u00e1t helyhez k\u00f6t\u00f6tt egys\u00e9gk\u00e9nt tervezt\u00e9k, de<strong> k\u00f6nnyen mozgathat\u00f3<\/strong>. Az ak\u00e1r <strong>1800 m3\/h <\/strong>l\u00e9g\u00e1raml\u00e1si sebess\u00e9ggel k\u00f6zepes mennyis\u00e9g\u0171 por \u00e9s forg\u00e1cs kezel\u00e9s\u00e9re alkalmas. Az ESTMAC sorozat k\u00e9t modellben kaphat\u00f3:  <\/p>\n\n\n\n<ul class=\"wp-block-list\">\n<li><strong>ESTMAC 1500<\/strong> porlev\u00e1laszt\u00f3 1500 m3\/h l\u00e9g\u00e1ramhoz.<\/li>\n\n\n\n<li><strong>ESTMAC 1800<\/strong> porlev\u00e1laszt\u00f3 1800 m3\/h l\u00e9g\u00e1raml\u00e1shoz.  <\/li>\n<\/ul>\n\n\n\n<p>Ezek a porlev\u00e1laszt\u00f3k vonz\u00f3 teljes\u00edtm\u00e9ny-zaj ar\u00e1nnyal rendelkeznek, a szell\u0151z\u0151egys\u00e9g <strong>hangszigetelt kialak\u00edt\u00e1s\u00e1val<\/strong>. Az ESTMAC term\u00e9kcsal\u00e1d H oszt\u00e1lyban is kaphat\u00f3, amely lehet\u0151v\u00e9 teszi a <strong>vesz\u00e9lyes porok <\/strong>(CMR) kezel\u00e9s\u00e9t. Ebben az esetben a k\u00e9sz\u00fcl\u00e9ket egy tov\u00e1bbi <strong>H14-es oszt\u00e1ly\u00fa<\/strong> tel\u00edt\u00e9si sz\u0171r\u0151fokozattal l\u00e1tj\u00e1k el.  <\/p>\n\n\n\n<p>Egy tov\u00e1bbi szikra el\u0151v\u00e1laszt\u00f3 is hozz\u00e1adhat\u00f3 (opcion\u00e1lis).<\/p>\n\n\n\n<div class=\"wp-block-columns is-layout-flex wp-container-core-columns-is-layout-28f84493 wp-block-columns-is-layout-flex\">\n<div class=\"wp-block-column is-layout-flow wp-block-column-is-layout-flow\" style=\"flex-basis:33.33%\">\n<figure class=\"wp-block-image alignleft size-medium\"><img decoding=\"async\" width=\"300\" height=\"169\" src=\"https:\/\/obera.fr\/wp-content\/uploads\/2021\/02\/Decolmatage-filtre-ESTMAC-300x169.png\" alt=\"Estmac sz\u0171r\u0151 dugul\u00e1selh\u00e1r\u00edt\u00e1s\" class=\"wp-image-4478\" srcset=\"https:\/\/obera.fr\/wp-content\/uploads\/2021\/02\/Decolmatage-filtre-ESTMAC-300x169.png 300w, https:\/\/obera.fr\/wp-content\/uploads\/2021\/02\/Decolmatage-filtre-ESTMAC-1024x575.png 1024w, https:\/\/obera.fr\/wp-content\/uploads\/2021\/02\/Decolmatage-filtre-ESTMAC-768x432.png 768w, https:\/\/obera.fr\/wp-content\/uploads\/2021\/02\/Decolmatage-filtre-ESTMAC-1536x863.png 1536w, https:\/\/obera.fr\/wp-content\/uploads\/2021\/02\/Decolmatage-filtre-ESTMAC.png 1920w\" sizes=\"(max-width: 300px) 100vw, 300px\" \/><figcaption class=\"wp-element-caption\">K\u00e9zi forg\u00f3 dugul\u00e1selh\u00e1r\u00edt\u00e1s<\/figcaption><\/figure>\n<\/div>\n\n\n\n<div class=\"wp-block-column is-vertically-aligned-center is-layout-flow wp-block-column-is-layout-flow\" style=\"flex-basis:66.66%\">\n<p class=\"has-text-align-left\">Az ESTMAC porlev\u00e1laszt\u00f3k <strong>k\u00e9zi forg\u00f3 sz\u0171r\u0151tiszt\u00edt\u00f3<\/strong> rendszerrel rendelkeznek. A sz\u0171r\u0151t egyenletesen f\u00fajja egy forg\u00f3 f\u00fav\u00f3k\u00e1n kereszt\u00fcl, amely a s\u0171r\u00edtett leveg\u0151tart\u00e1lyhoz csatlakozik. <\/p>\n<\/div>\n<\/div>\n\n\n\n<figure class=\"wp-block-table\"><table class=\"has-fixed-layout\"><thead><tr><th>Eszk\u00f6z<\/th><th><\/th><th>ESTMAC 1500<\/th><th>ESTMAC 1800<\/th><\/tr><\/thead><tbody><tr><td>Flow<\/td><td>m3\/h<\/td><td>1 500<\/td><td>1 800<\/td><\/tr><tr><td>Bemeneti \u00e1tm\u00e9r\u0151<\/td><td>mm<\/td><td>160<\/td><td>160<\/td><\/tr><tr><td>maxim\u00e1lis negat\u00edv nyom\u00e1s<\/td><td>Pa<\/td><td>2 040<\/td><td>2 650<\/td><\/tr><tr><td>T\u00e1pfesz\u00fclts\u00e9g<\/td><td>V<\/td><td>400<\/td><td>400<\/td><\/tr><tr><td>Teljes\u00edtm\u00e9ny<\/td><td>kW<\/td><td>1.1<\/td><td>2.2<\/td><\/tr><tr><td>Sz\u0171r\u0151fel\u00fclet<\/td><td>m\u00b2<\/td><td>7.5<\/td><td>15<\/td><\/tr><tr><td>Por t\u00e1rol\u00e1si kapacit\u00e1s<\/td><td>l<\/td><td>40<\/td><td>40<\/td><\/tr><tr><td>M\u00e9retek<\/td><td>l\/L\/h (mm)<\/td><td>650 x 707 x 1490<\/td><td>650 x 707 x 1490<\/td><\/tr><tr><td>S\u00faly<\/td><td>kg<\/td><td>170<\/td><td>180<\/td><\/tr><tr><td>Zajszint<\/td><td>dB(A)<\/td><td>71,3<\/td><td>73.3<\/td><\/tr><\/tbody><\/table><\/figure>\n\n\n\n<div class=\"wp-block-buttons is-horizontal is-content-justification-center is-layout-flex wp-container-core-buttons-is-layout-03627597 wp-block-buttons-is-layout-flex\">\n<div class=\"wp-block-button\"><a class=\"wp-block-button__link wp-element-button\" href=\"https:\/\/obera.fr\/wp-content\/uploads\/2025\/04\/brochure-estmac-en.pdf\">term\u00e9k adatlap let\u00f6lt\u00e9se<\/a><\/div>\n<\/div>\n\n\n\n<h3 class=\"wp-block-heading\" id=\"quels-sont-les-avantages\">MILYEN EL\u0150NY\u00d6KKEL J\u00c1R?<\/h3>\n\n\n\n<p>Az ESTMAC fix porlev\u00e1laszt\u00f3k rendk\u00edv\u00fcl k\u00f6nnyen kezelhet\u0151k \u00e9s karbantarthat\u00f3k. R\u00e1ad\u00e1sul a &#8222;fix porgy\u0171jt\u0151&#8221; st\u00e1tuszuk ellen\u00e9re k\u00fcl\u00f6n\u00f6sebb er\u0151fesz\u00edt\u00e9s n\u00e9lk\u00fcl mozgathat\u00f3k.   <\/p>\n\n\n\n<p>Ac\u00e9llemezb\u0151l k\u00e9sz\u00fclt kialak\u00edt\u00e1sa robusztus porlev\u00e1laszt\u00f3v\u00e1 teszi, \u00e9s hossz\u00fa \u00e9lettartamot biztos\u00edt. A ventil\u00e1toregys\u00e9gek hangszigetelt kialak\u00edt\u00e1sa alacsony, 71-74 dB-es m\u0171k\u00f6d\u00e9si zajt garant\u00e1l. <\/p>\n\n\n\n<p>A k\u00e9zi forg\u00f3 sz\u0171r\u0151tiszt\u00edt\u00f3 rendszer meghosszabb\u00edtja a sz\u0171r\u0151bet\u00e9tek \u00e9lettartam\u00e1t, cs\u00f6kkentve a karbantart\u00e1si \u00e9s fogy\u00f3anyagk\u00f6lts\u00e9geket.  <\/p>\n\n\n\n<blockquote class=\"wp-block-quote is-layout-flow wp-block-quote-is-layout-flow\">\n<p>A kivehet\u0151 porgy\u0171jt\u0151 t\u00e1lca megk\u00f6nny\u00edti \u00e9s biztons\u00e1goss\u00e1 teszi a por elt\u00e1vol\u00edt\u00e1s\u00e1t.<\/p>\n<\/blockquote>\n\n\n\n<p>A fix porelsz\u00edv\u00f3k felszerelhet\u0151k H oszt\u00e1ly\u00fa HEPA abszol\u00fat sz\u0171r\u0151vel, amely seg\u00edt a leveg\u0151 min\u0151s\u00e9g\u00e9nek jav\u00edt\u00e1s\u00e1ban \u00e9s a munkahelyi expoz\u00edci\u00f3s hat\u00e1r\u00e9rt\u00e9kek<a href=\"https:\/\/obera.fr\/conseils\/reglementation-vlep-evaluation-risque-chimique-lieu-de-travail\/\" data-type=\"post\" data-id=\"6575\">(<\/a>OEL) betart\u00e1s\u00e1ban.<\/p>\n\n\n\n<div class=\"wp-block-columns is-layout-flex wp-container-core-columns-is-layout-28f84493 wp-block-columns-is-layout-flex\">\n<div class=\"wp-block-column is-layout-flow wp-block-column-is-layout-flow\">\n<h4 class=\"wp-block-heading has-text-align-center\" id=\"avantages\"><strong>El\u0151ny\u00f6k<\/strong><\/h4>\n\n\n\n<ul class=\"wp-block-list\">\n<li>Alkalmas k\u00fcl\u00f6nb\u00f6z\u0151 v\u00e1ltoz\u00f3 helysz\u00edneken t\u00f6rt\u00e9n\u0151 haszn\u00e1latra<\/li>\n\n\n\n<li>K\u00f6nny\u0171 \u00e9s biztons\u00e1gos porelt\u00e1vol\u00edt\u00e1s<\/li>\n\n\n\n<li>Alacsony \u00fczemeltet\u00e9si \u00e9s fel\u00fcgyeleti k\u00f6lts\u00e9gek<\/li>\n\n\n\n<li>Robusztus ac\u00e9llemez kialak\u00edt\u00e1s a hossz\u00fa \u00e9lettartam \u00e9rdek\u00e9ben<\/li>\n\n\n\n<li>Alacsony m\u0171k\u00f6d\u00e9si zaj<\/li>\n\n\n\n<li>Az &#8222;M&#8221; poroszt\u00e1ly szerint bevizsg\u00e1lt sz\u0171r\u0151bet\u00e9tek haszn\u00e1lata.<\/li>\n\n\n\n<li>K\u00f6nnyen haszn\u00e1lhat\u00f3 \u00e9s karbantarthat\u00f3<\/li>\n<\/ul>\n<\/div>\n\n\n\n<div class=\"wp-block-column is-layout-flow wp-block-column-is-layout-flow\">\n<h4 class=\"wp-block-heading has-text-align-center\" id=\"particularites\"><strong>K\u00fcl\u00f6nleges jellemz\u0151k<\/strong><\/h4>\n\n\n\n<ul class=\"wp-block-list\">\n<li>Integr\u00e1lt \u00fctk\u00f6z\u00e9slev\u00e1laszt\u00f3 a durva porhoz<\/li>\n\n\n\n<li>K\u00fcl\u00f6nleges modellek<\/li>\n\n\n\n<li>Sz\u0171r\u0151k tiszt\u00edt\u00e1sa k\u00e9zi forg\u00f3 f\u00fav\u00f3k\u00e1val<\/li>\n\n\n\n<li>Hangszigetelt ventil\u00e1torh\u00e1z<\/li>\n\n\n\n<li>Nagy teljes\u00edtm\u00e9ny\u0171 centrifug\u00e1lventil\u00e1tor a tiszta leveg\u0151 oldalon<\/li>\n\n\n\n<li>Kivehet\u0151, mobil porgy\u0171jt\u0151 fi\u00f3k, kb. 40 l \u0171rtartalommal<\/li>\n<\/ul>\n<\/div>\n\n\n\n<div class=\"wp-block-column is-layout-flow wp-block-column-is-layout-flow\">\n<h4 class=\"wp-block-heading has-text-align-center\" id=\"caracteristiques\"><strong>Jellemz\u0151k<\/strong><\/h4>\n\n\n\n<ul class=\"wp-block-list\">\n<li>Ide\u00e1lis egy\u00e9ni munka\u00e1llom\u00e1sokhoz \u00e9s\/vagy gy\u00e1rt\u00f3g\u00e9pekhez<\/li>\n\n\n\n<li>Por \u00e9s forg\u00e1cs elt\u00e1vol\u00edt\u00e1sa f\u00e1b\u00f3l, m\u0171anyagb\u00f3l, f\u00e9mb\u0151l \u00e9s kompozit anyagokb\u00f3l<\/li>\n\n\n\n<li>H oszt\u00e1ly\u00fa sz\u0171r\u00e9s (opcion\u00e1lis) vesz\u00e9lyes porok kezel\u00e9s\u00e9hez (CMR)<\/li>\n\n\n\n<li>Sz\u00edv\u00f3kar felszerel\u00e9s\u00e9nek lehet\u0151s\u00e9ge<\/li>\n<\/ul>\n<\/div>\n<\/div>\n\n\n\n<h3 class=\"wp-block-heading\" id=\"en-option\">opcion\u00e1lis<\/h3>\n\n\n\n<div class=\"wp-block-columns is-layout-flex wp-container-core-columns-is-layout-28f84493 wp-block-columns-is-layout-flex\">\n<div class=\"wp-block-column is-layout-flow wp-block-column-is-layout-flow\">\n<figure class=\"wp-block-image aligncenter size-large\"><img decoding=\"async\" width=\"100\" height=\"100\" src=\"https:\/\/obera.fr\/wp-content\/uploads\/2020\/08\/certificat-poussieres-classe-H.jpg\" alt=\"Porgy\u0171jt\u0151 - porsz\u00edv\u00f3\" class=\"wp-image-666\"\/><figcaption class=\"wp-element-caption\">H oszt\u00e1ly\u00fa pormegfelel\u0151s\u00e9gi tan\u00fas\u00edtv\u00e1ny az EN 60-335-2-69 szabv\u00e1ny szerint.<\/figcaption><\/figure>\n<\/div>\n\n\n\n<div class=\"wp-block-column is-layout-flow wp-block-column-is-layout-flow\">\n<figure class=\"wp-block-image aligncenter size-large\"><img decoding=\"async\" width=\"100\" height=\"100\" src=\"https:\/\/obera.fr\/wp-content\/uploads\/2020\/08\/pre-separateur.jpg\" alt=\"Porgy\u0171jt\u0151 - por\" class=\"wp-image-683\"\/><figcaption class=\"wp-element-caption\">Kieg\u00e9sz\u00edt\u0151 el\u0151szepar\u00e1tor a szikr\u00e1k \u00e9s forg\u00e1csok sz\u00e1m\u00e1ra<\/figcaption><\/figure>\n<\/div>\n\n\n\n<div class=\"wp-block-column is-layout-flow wp-block-column-is-layout-flow\">\n<figure class=\"wp-block-image aligncenter size-large\"><img decoding=\"async\" width=\"100\" height=\"100\" src=\"https:\/\/obera.fr\/wp-content\/uploads\/2020\/09\/Charbon-actif-100x100-1.jpg\" alt=\"Sz\u00e9n - Sz\u00e9nb\u00e1nya\" class=\"wp-image-963\"\/><figcaption class=\"wp-element-caption\">Akt\u00edvszenes sz\u0171r\u0151<\/figcaption><\/figure>\n<\/div>\n<\/div>\n\n\n\n<h3 class=\"wp-block-heading\" id=\"accessoires\">tartoz\u00e9kok<\/h3>\n\n\n\n<div class=\"wp-block-columns is-layout-flex wp-container-core-columns-is-layout-28f84493 wp-block-columns-is-layout-flex\">\n<div class=\"wp-block-column is-layout-flow wp-block-column-is-layout-flow\">\n<figure class=\"wp-block-image aligncenter size-full\"><img decoding=\"async\" width=\"100\" height=\"100\" src=\"https:\/\/obera.fr\/wp-content\/uploads\/2020\/08\/accessoires-adaptateur-de-gaines.jpg\" alt=\"Cs\u0151 - Cs\u0151\" class=\"wp-image-664\"\/><figcaption class=\"wp-element-caption\">H\u00fcvely adapter<\/figcaption><\/figure>\n<\/div>\n\n\n\n<div class=\"wp-block-column is-layout-flow wp-block-column-is-layout-flow\">\n<figure class=\"wp-block-image aligncenter size-full\"><img decoding=\"async\" width=\"100\" height=\"100\" src=\"https:\/\/obera.fr\/wp-content\/uploads\/2020\/08\/accessoires-gaines.jpg\" alt=\"Porgy\u0171jt\u0151 - Sz\u0171r\u00e9s\" class=\"wp-image-665\"\/><figcaption class=\"wp-element-caption\">Csatorn\u00e1z\u00e1s<\/figcaption><\/figure>\n<\/div>\n\n\n\n<div class=\"wp-block-column is-layout-flow wp-block-column-is-layout-flow\">\n<figure class=\"wp-block-image aligncenter size-full\"><img decoding=\"async\" width=\"100\" height=\"100\" src=\"https:\/\/obera.fr\/wp-content\/uploads\/2020\/08\/accessoires-bras.jpg\" alt=\"Porgy\u0171jt\u0151 - Hegeszt\u00e9s\" class=\"wp-image-662\"\/><figcaption class=\"wp-element-caption\">Kar<\/figcaption><\/figure>\n<\/div>\n\n\n\n<div class=\"wp-block-column is-layout-flow wp-block-column-is-layout-flow\">\n<figure class=\"wp-block-image aligncenter size-full\"><img decoding=\"async\" width=\"100\" height=\"100\" src=\"https:\/\/obera.fr\/wp-content\/uploads\/2020\/08\/accessoires-hotte.jpg\" alt=\"Porgy\u0171jt\u0151 - Sz\u0171r\u0151\" class=\"wp-image-663\"\/><figcaption class=\"wp-element-caption\">Csuklya<\/figcaption><\/figure>\n<\/div>\n<\/div>\n\n\n\n<div class=\"wp-block-buttons is-horizontal is-content-justification-center is-layout-flex wp-container-core-buttons-is-layout-03627597 wp-block-buttons-is-layout-flex\">\n<div class=\"wp-block-button\"><a class=\"wp-block-button__link wp-element-button\" href=\"https:\/\/obera.fr\/contact\/\">Tudjon meg t\u00f6bbet<\/a><\/div>\n<\/div>\n\n\n\n<h2 class=\"wp-block-heading\" id=\"les-autres-depoussiereurs-fixes-de-la-marque-obera\">Az oberA m\u00e1rka egy\u00e9b helyhez k\u00f6t\u00f6tt porlev\u00e1laszt\u00f3i<\/h2>\n\n\n\n<div class=\"wp-block-columns is-layout-flex wp-container-core-columns-is-layout-28f84493 wp-block-columns-is-layout-flex\">\n<div class=\"wp-block-column is-layout-flow wp-block-column-is-layout-flow\">\n<figure class=\"wp-block-image aligncenter size-full is-resized\"><a href=\"https:\/\/obera.fr\/produits\/depoussiereurs-industriels\/fixes\/depoussiereur-a-voie-humide-dustomat-hydro\/\"><img decoding=\"async\" width=\"500\" height=\"500\" src=\"https:\/\/obera.fr\/wp-content\/uploads\/2023\/02\/dustomat-hydro.png\" alt=\"dustomat hydro\" class=\"wp-image-19014\" srcset=\"https:\/\/obera.fr\/wp-content\/uploads\/2023\/02\/dustomat-hydro.png 500w, https:\/\/obera.fr\/wp-content\/uploads\/2023\/02\/dustomat-hydro-300x300.png 300w, https:\/\/obera.fr\/wp-content\/uploads\/2023\/02\/dustomat-hydro-150x150.png 150w\" sizes=\"(max-width: 500px) 100vw, 500px\" \/><\/a><figcaption class=\"wp-element-caption\">Dustomat Hydro<\/figcaption><\/figure>\n<\/div>\n\n\n\n<div class=\"wp-block-column is-layout-flow wp-block-column-is-layout-flow\">\n<figure class=\"wp-block-image aligncenter size-large is-resized\"><a href=\"https:\/\/obera.fr\/produits\/depoussiereurs-industriels\/fixes\/aspiration-centralisee-industrielle-dustmac\/\"><img decoding=\"async\" width=\"600\" height=\"600\" src=\"https:\/\/obera.fr\/wp-content\/uploads\/2020\/08\/depoussiereur-centralise-filtres-a-manches-DUSTMAC-S.png\" alt=\"Rendszer - Term\u00e9ktervez\u00e9s\" class=\"wp-image-637\" srcset=\"https:\/\/obera.fr\/wp-content\/uploads\/2020\/08\/depoussiereur-centralise-filtres-a-manches-DUSTMAC-S.png 600w, https:\/\/obera.fr\/wp-content\/uploads\/2020\/08\/depoussiereur-centralise-filtres-a-manches-DUSTMAC-S-300x300.png 300w, https:\/\/obera.fr\/wp-content\/uploads\/2020\/08\/depoussiereur-centralise-filtres-a-manches-DUSTMAC-S-150x150.png 150w\" sizes=\"(max-width: 600px) 100vw, 600px\" \/><\/a><figcaption class=\"wp-element-caption\">DUSTMAC<\/figcaption><\/figure>\n<\/div>\n\n\n\n<div class=\"wp-block-column is-layout-flow wp-block-column-is-layout-flow\"><\/div>\n<\/div>\n","protected":false},"excerpt":{"rendered":"<p>Az ESTMAC egy olyan fix, kompakt porelsz\u00edv\u00f3 term\u00e9kcsal\u00e1d, amely alacsony k\u00f6lts\u00e9g\u0171 megold\u00e1st k\u00edn\u00e1l a kis \u00e9s k\u00f6zepes mennyis\u00e9g\u0171 por \u00e9s forg\u00e1cs elsz\u00edv\u00e1s\u00e1ra. Mi az ESTMAC porlev\u00e1laszt\u00f3? A porlev\u00e1laszt\u00f3k elsz\u00edvj\u00e1k a sz\u00e1raz \u00e9s a lefoly\u00f3 port, \u00e9s sz\u00e1mos \u00e1gazatban sz\u00e9les k\u00f6r\u0171 alkalmaz\u00e1st k\u00edn\u00e1lnak. Kompakt m\u00e9reteiknek k\u00f6sz\u00f6nhet\u0151en az ESTMAC sz\u00e1raz porlev\u00e1laszt\u00f3k rugalmasan telep\u00edthet\u0151k v\u00e1ltoz\u00f3 helyekre. Tiszt\u00edthat\u00f3 &#8222;M&#8221; poroszt\u00e1ly\u00fa sz\u0171r\u0151bet\u00e9tekkel vannak felszerelve, amelyek 99,9%-os r\u00e9szecske-lev\u00e1laszt\u00e1si hat\u00e9konys\u00e1gnak felelnek meg. A be\u00e9p\u00edtett el\u0151lev\u00e1laszt\u00f3 a durva r\u00e9szecsk\u00e9k el\u0151zetes lev\u00e1laszt\u00e1s\u00e1val meghosszabb\u00edtja a sz\u0171r\u0151bet\u00e9tek \u00e9lettartam\u00e1t. Ez cs\u00f6kkenti a sz\u0171r\u0151k ig\u00e9nybev\u00e9tel\u00e9t, amelyeknek csak a legfinomabb port kell kisz\u0171rni\u00fck. A mozgathat\u00f3 porgy\u0171jt\u0151 t\u00e1lc\u00e1val a szennyez\u0151d\u00e9sek k\u00f6nnyen \u00e9s biztons\u00e1gosan elt\u00e1vol\u00edthat\u00f3k. A &#8230; <\/p>\n<p class=\"read-more-container\"><a title=\"ESTMAC sz\u00e1raz porlev\u00e1laszt\u00f3\" class=\"read-more button\" href=\"https:\/\/obera.fr\/hu\/produits\/depoussiereurs-industriels\/fixes\/depoussiereur-a-sec-estmac\/#more-92098\" aria-label=\"Read more about ESTMAC sz\u00e1raz porlev\u00e1laszt\u00f3\">Lire la suite<\/a><\/p>\n","protected":false},"author":4,"featured_media":67691,"parent":68661,"menu_order":0,"comment_status":"closed","ping_status":"closed","template":"","meta":{"_acf_changed":false,"_seopress_robots_primary_cat":"","_seopress_titles_title":"Fedezze fel az OberA fixen r\u00f6gz\u00edtett ESTMAC sz\u00e1raz porlev\u00e1laszt\u00f3j\u00e1t","_seopress_titles_desc":"Az ESTMAC egy olyan fix, kompakt porlev\u00e1laszt\u00f3kb\u00f3l \u00e1ll\u00f3 term\u00e9kcsal\u00e1d, amely k\u00e9pes a sz\u00e1raz \u00e9s csepeg\u0151 forg\u00e1cs \u00e9s por hat\u00e9kony elsz\u00edv\u00e1s\u00e1ra.","_seopress_robots_index":"","footnotes":""},"class_list":{"0":"post-92098","1":"page","2":"type-page","3":"status-publish","4":"has-post-thumbnail","6":"no-featured-image-padding","7":"resize-featured-image"},"acf":[],"_links":{"self":[{"href":"https:\/\/obera.fr\/hu\/wp-json\/wp\/v2\/pages\/92098","targetHints":{"allow":["GET"]}}],"collection":[{"href":"https:\/\/obera.fr\/hu\/wp-json\/wp\/v2\/pages"}],"about":[{"href":"https:\/\/obera.fr\/hu\/wp-json\/wp\/v2\/types\/page"}],"author":[{"embeddable":true,"href":"https:\/\/obera.fr\/hu\/wp-json\/wp\/v2\/users\/4"}],"replies":[{"embeddable":true,"href":"https:\/\/obera.fr\/hu\/wp-json\/wp\/v2\/comments?post=92098"}],"version-history":[{"count":4,"href":"https:\/\/obera.fr\/hu\/wp-json\/wp\/v2\/pages\/92098\/revisions"}],"predecessor-version":[{"id":92180,"href":"https:\/\/obera.fr\/hu\/wp-json\/wp\/v2\/pages\/92098\/revisions\/92180"}],"up":[{"embeddable":true,"href":"https:\/\/obera.fr\/hu\/wp-json\/wp\/v2\/pages\/68661"}],"wp:featuredmedia":[{"embeddable":true,"href":"https:\/\/obera.fr\/hu\/wp-json\/wp\/v2\/media\/67691"}],"wp:attachment":[{"href":"https:\/\/obera.fr\/hu\/wp-json\/wp\/v2\/media?parent=92098"}],"curies":[{"name":"wp","href":"https:\/\/api.w.org\/{rel}","templated":true}]}}