{"id":38783,"date":"2020-08-26T12:55:27","date_gmt":"2020-08-26T10:55:27","guid":{"rendered":"https:\/\/obera.fr\/i-nostri-prodotti\/bracci-e-dispositivi-di-raccolta\/bracci-di-aspirazione-industriali\/"},"modified":"2025-06-02T14:32:09","modified_gmt":"2025-06-02T12:32:09","slug":"bras-hotte-ovale-rectangulaire","status":"publish","type":"page","link":"https:\/\/obera.fr\/it\/produits\/bras-dispositifs-captation\/bras-hotte-ovale-rectangulaire\/","title":{"rendered":"Bracci di aspirazione industriali"},"content":{"rendered":"\n<p><strong> I bracci di aspirazione,<\/strong> noti anche come bracci di estrazione o bracci articolati, sono un importante dispositivo di raccolta nell&#8217;industria e nell&#8217;artigianato, per creare un ambiente di lavoro pulito e sicuro. <strong>I bracci di aspirazione sono flessibili<\/strong> e molto spesso vengono utilizzati in combinazione con i sistemi di aspirazione. I sistemi di aspirazione raccolgono le particelle aspirate dal braccio di aspirazione e dai filtri.  <\/p>\n\n\n\n<p>I bracci di aspirazione e i <strong>sistemi di aspirazione sono indispensabili in molti settori<\/strong>, in quanto aiutano a migliorare la qualit\u00e0 dell&#8217;aria, a proteggere la salute dei lavoratori e ad aumentare la produttivit\u00e0. Per ottenere risultati ottimali, \u00e8 importante scegliere un braccio di aspirazione che soddisfi i requisiti specifici dell&#8217;applicazione. Offriamo bracci di aspirazione antideflagranti ATEX, compatibili ESD e resistenti alle sostanze chimiche. La nostra gamma comprende prodotti dei produttori FUMEX, ALSIDENT, ESTA e GEOVENT.   <\/p>\n\n\n\n<div class=\"wp-block-columns is-layout-flex wp-container-core-columns-is-layout-28f84493 wp-block-columns-is-layout-flex\">\n<div class=\"wp-block-column is-layout-flow wp-block-column-is-layout-flow\">\n<figure class=\"wp-block-image aligncenter size-full is-resized\"><img decoding=\"async\" width=\"1280\" height=\"1280\" src=\"https:\/\/obera.fr\/wp-content\/uploads\/2024\/10\/11-bras-de-captation-fixation-sol.png\" alt=\"braccio di raccolta montato a terra\" class=\"wp-image-35798\" style=\"object-fit:cover;width:200px;height:200px\" srcset=\"https:\/\/obera.fr\/wp-content\/uploads\/2024\/10\/11-bras-de-captation-fixation-sol.png 1280w, https:\/\/obera.fr\/wp-content\/uploads\/2024\/10\/11-bras-de-captation-fixation-sol-300x300.png 300w, https:\/\/obera.fr\/wp-content\/uploads\/2024\/10\/11-bras-de-captation-fixation-sol-1024x1024.png 1024w, https:\/\/obera.fr\/wp-content\/uploads\/2024\/10\/11-bras-de-captation-fixation-sol-150x150.png 150w, https:\/\/obera.fr\/wp-content\/uploads\/2024\/10\/11-bras-de-captation-fixation-sol-768x768.png 768w, https:\/\/obera.fr\/wp-content\/uploads\/2024\/10\/11-bras-de-captation-fixation-sol-24x24.png 24w, https:\/\/obera.fr\/wp-content\/uploads\/2024\/10\/11-bras-de-captation-fixation-sol-48x48.png 48w, https:\/\/obera.fr\/wp-content\/uploads\/2024\/10\/11-bras-de-captation-fixation-sol-96x96.png 96w\" sizes=\"(max-width: 1280px) 100vw, 1280px\" \/><figcaption class=\"wp-element-caption\">Braccio del sensore con montaggio a pavimento<\/figcaption><\/figure>\n<\/div>\n\n\n\n<div class=\"wp-block-column is-layout-flow wp-block-column-is-layout-flow\">\n<figure class=\"wp-block-image aligncenter size-full is-resized\"><img decoding=\"async\" width=\"1280\" height=\"1279\" src=\"https:\/\/obera.fr\/wp-content\/uploads\/2024\/10\/12-bras-de-captation-fixation-murale-1.png\" alt=\"braccio sensore a parete\" class=\"wp-image-35818\" style=\"object-fit:cover;width:200px;height:200px\" srcset=\"https:\/\/obera.fr\/wp-content\/uploads\/2024\/10\/12-bras-de-captation-fixation-murale-1.png 1280w, https:\/\/obera.fr\/wp-content\/uploads\/2024\/10\/12-bras-de-captation-fixation-murale-1-300x300.png 300w, https:\/\/obera.fr\/wp-content\/uploads\/2024\/10\/12-bras-de-captation-fixation-murale-1-1024x1024.png 1024w, https:\/\/obera.fr\/wp-content\/uploads\/2024\/10\/12-bras-de-captation-fixation-murale-1-150x150.png 150w, https:\/\/obera.fr\/wp-content\/uploads\/2024\/10\/12-bras-de-captation-fixation-murale-1-768x767.png 768w, https:\/\/obera.fr\/wp-content\/uploads\/2024\/10\/12-bras-de-captation-fixation-murale-1-24x24.png 24w, https:\/\/obera.fr\/wp-content\/uploads\/2024\/10\/12-bras-de-captation-fixation-murale-1-48x48.png 48w, https:\/\/obera.fr\/wp-content\/uploads\/2024\/10\/12-bras-de-captation-fixation-murale-1-96x96.png 96w\" sizes=\"(max-width: 1280px) 100vw, 1280px\" \/><figcaption class=\"wp-element-caption\">Braccio di cattura per montaggio a parete<\/figcaption><\/figure>\n<\/div>\n\n\n\n<div class=\"wp-block-column is-layout-flow wp-block-column-is-layout-flow\">\n<figure class=\"wp-block-image aligncenter size-full is-resized\"><img decoding=\"async\" width=\"1280\" height=\"1279\" src=\"https:\/\/obera.fr\/wp-content\/uploads\/2024\/10\/13-bras-de-captation-fixation-murale-avec-rallonge.png\" alt=\"braccio sensore a parete con cavo di prolunga\" class=\"wp-image-35821\" style=\"object-fit:cover;width:200px;height:200px\" srcset=\"https:\/\/obera.fr\/wp-content\/uploads\/2024\/10\/13-bras-de-captation-fixation-murale-avec-rallonge.png 1280w, https:\/\/obera.fr\/wp-content\/uploads\/2024\/10\/13-bras-de-captation-fixation-murale-avec-rallonge-300x300.png 300w, https:\/\/obera.fr\/wp-content\/uploads\/2024\/10\/13-bras-de-captation-fixation-murale-avec-rallonge-1024x1024.png 1024w, https:\/\/obera.fr\/wp-content\/uploads\/2024\/10\/13-bras-de-captation-fixation-murale-avec-rallonge-150x150.png 150w, https:\/\/obera.fr\/wp-content\/uploads\/2024\/10\/13-bras-de-captation-fixation-murale-avec-rallonge-768x767.png 768w, https:\/\/obera.fr\/wp-content\/uploads\/2024\/10\/13-bras-de-captation-fixation-murale-avec-rallonge-24x24.png 24w, https:\/\/obera.fr\/wp-content\/uploads\/2024\/10\/13-bras-de-captation-fixation-murale-avec-rallonge-48x48.png 48w, https:\/\/obera.fr\/wp-content\/uploads\/2024\/10\/13-bras-de-captation-fixation-murale-avec-rallonge-96x96.png 96w\" sizes=\"(max-width: 1280px) 100vw, 1280px\" \/><figcaption class=\"wp-element-caption\">Braccio sensore a parete con estensione<\/figcaption><\/figure>\n<\/div>\n\n\n\n<div class=\"wp-block-column is-layout-flow wp-block-column-is-layout-flow\">\n<figure class=\"wp-block-image aligncenter size-full is-resized\"><img decoding=\"async\" width=\"1280\" height=\"1279\" src=\"https:\/\/obera.fr\/wp-content\/uploads\/2024\/10\/14-bras-de-captation-fixation-support-depoussiereur.png\" alt=\"braccio del collettore staffa di supporto del collettore\" class=\"wp-image-35824\" style=\"object-fit:cover;width:200px;height:200px\" srcset=\"https:\/\/obera.fr\/wp-content\/uploads\/2024\/10\/14-bras-de-captation-fixation-support-depoussiereur.png 1280w, https:\/\/obera.fr\/wp-content\/uploads\/2024\/10\/14-bras-de-captation-fixation-support-depoussiereur-300x300.png 300w, https:\/\/obera.fr\/wp-content\/uploads\/2024\/10\/14-bras-de-captation-fixation-support-depoussiereur-1024x1024.png 1024w, https:\/\/obera.fr\/wp-content\/uploads\/2024\/10\/14-bras-de-captation-fixation-support-depoussiereur-150x150.png 150w, https:\/\/obera.fr\/wp-content\/uploads\/2024\/10\/14-bras-de-captation-fixation-support-depoussiereur-768x767.png 768w, https:\/\/obera.fr\/wp-content\/uploads\/2024\/10\/14-bras-de-captation-fixation-support-depoussiereur-24x24.png 24w, https:\/\/obera.fr\/wp-content\/uploads\/2024\/10\/14-bras-de-captation-fixation-support-depoussiereur-48x48.png 48w, https:\/\/obera.fr\/wp-content\/uploads\/2024\/10\/14-bras-de-captation-fixation-support-depoussiereur-96x96.png 96w\" sizes=\"(max-width: 1280px) 100vw, 1280px\" \/><figcaption class=\"wp-element-caption\">Braccio di cattura Supporto di fissaggio Raccoglitore di polvere<\/figcaption><\/figure>\n<\/div>\n<\/div>\n\n\n\n<div class=\"wp-block-columns is-layout-flex wp-container-core-columns-is-layout-28f84493 wp-block-columns-is-layout-flex\">\n<div class=\"wp-block-column is-layout-flow wp-block-column-is-layout-flow\" style=\"flex-basis:33.34%\">\n<div class=\"wp-block-buttons is-content-justification-center is-layout-flex wp-container-core-buttons-is-layout-a89b3969 wp-block-buttons-is-layout-flex\">\n<div class=\"wp-block-button\"><a class=\"wp-block-button__link wp-element-button\" href=\"https:\/\/obera.fr\/wp-content\/uploads\/2025\/06\/en-hotte-ovale.pdf\">Scarica la brochure<\/a><\/div>\n<\/div>\n<\/div>\n\n\n\n<div class=\"wp-block-column is-layout-flow wp-block-column-is-layout-flow\" style=\"flex-basis:33.34%\">\n<div class=\"wp-block-buttons is-horizontal is-content-justification-center is-layout-flex wp-container-core-buttons-is-layout-03627597 wp-block-buttons-is-layout-flex\">\n<div class=\"wp-block-button has-custom-width wp-block-button__width-100\"><a class=\"wp-block-button__link wp-element-button\" href=\"https:\/\/obera.fr\/it\/contattaci\/\">Saperne di pi\u00f9<\/a><\/div>\n<\/div>\n\n\n\n<div style=\"height:58px\" aria-hidden=\"true\" class=\"wp-block-spacer\"><\/div>\n<\/div>\n\n\n\n<div class=\"wp-block-column is-layout-flow wp-block-column-is-layout-flow\" style=\"flex-basis:33.33%\">\n<div class=\"wp-block-buttons is-content-justification-center is-layout-flex wp-container-core-buttons-is-layout-a89b3969 wp-block-buttons-is-layout-flex\">\n<div class=\"wp-block-button btn-devis-source\"><a class=\"wp-block-button__link wp-element-button\" href=\"https:\/\/obera.fr\/it\/devis\/\">Richiedi un preventivo<\/a><\/div>\n<\/div>\n\n\n<script>\r\ndocument.addEventListener('DOMContentLoaded', function() {\r\n    \/\/ 1. On cherche le titre H1 de la page\r\n    var h1 = document.querySelector('h1');\r\n    var productTitle = h1 ? h1.innerText.trim() : \"\";\r\n\r\n    \/\/ 2. On cherche les boutons via la classe CSS .btn-devis-source\r\n    var buttons = document.querySelectorAll('.btn-devis-source a');\r\n\r\n    \/\/ 3. Si on a le titre et les boutons, on ajoute le param\u00e8tre\r\n    if (buttons.length > 0 && productTitle !== \"\") {\r\n        var encodedTitle = encodeURIComponent(productTitle);\r\n\r\n        buttons.forEach(function(btn) {\r\n            var currentHref = btn.getAttribute('href');\r\n            \r\n            \/\/ S\u00e9curit\u00e9 pour ne pas ajouter le param\u00e8tre 2 fois\r\n            if (currentHref.indexOf('sujet=') === -1) {\r\n                var separator = currentHref.indexOf('?') !== -1 ? '&' : '?';\r\n                var newLink = currentHref + separator + 'sujet=' + encodedTitle;\r\n                \r\n                btn.setAttribute('href', newLink);\r\n            }\r\n        });\r\n    }\r\n});\r\n<\/script><\/div>\n<\/div>\n\n\n\n<p>I <strong>bracci di aspirazione OberA catturano polveri<\/strong>, fumi di saldatura e brasatura, gas e vapori direttamente alla fonte. I bracci di aspirazione possono essere collegati a ventilatori di estrazione per aspirare le sostanze inquinanti e scaricarle senza filtrazione, oppure a un <strong>impianto di aspirazione e filtrazione centrale<\/strong> tramite tubature o a un&#8217;unit\u00e0 di aspirazione mobile. <\/p>\n\n\n\n<p>\u00c8 utile<strong>utilizzare un braccio quando la posizione dell&#8217;area di lavoro varia<\/strong> o quando \u00e8 importante poter ritirare il dispositivo di aspirazione per non intralciare il lavoro degli operatori quando non hanno bisogno di utilizzare l&#8217;aspirazione.<\/p>\n\n\n\n<p>In genere si ritiene che un braccio di aspirazione possa essere spostato in uno spazio di lavoro corrispondente al massimo alla sua lunghezza. Per <strong>verificare quanto possono essere spostati i bracci<\/strong>, guarda i nostri video che mostrano come ogni braccio pu\u00f2 essere spostato in base alla sua lunghezza.   <\/p>\n\n\n\n<p>Tutti i nostri bracci sono progettati per combinare robustezza, durata e manovrabilit\u00e0.<\/p>\n\n\n\n<p>I nostri bracci di aspirazione vengono consegnati completamente preassemblati e sono disponibili con diverse cappe di aspirazione, diversi tubi flessibili, diversi tipi di montaggio e in un&#8217;ampia gamma di larghezze nominali (da 50 mm a 200 mm) e campate (da 1,5 m a 8,0 m).<\/p>\n\n\n\n<p>I bracci di aspirazione OberA sono articolati e dotati di puntelli a gas per <strong>garantire un facile movimento del braccio<\/strong> e per posizionare la bocca di raccolta in qualsiasi posizione facilmente raggiungibile. La struttura esterna del sistema di supporto e articolazione garantisce che il flusso d&#8217;aria non sia ostacolato e che si possa ottenere un&#8217;aspirazione efficace. Alcuni tipi di bracci sono dotati di uno <strong>snodo all&#8217;interno del braccio<\/strong>. Questa soluzione dovrebbe essere evitata, se possibile, per evitare qualsiasi rischio di danneggiamento o abrasione nel caso di polveri o di corrosione nel caso di inquinanti gassosi.   <\/p>\n\n\n\n<div style=\"height:15px\" aria-hidden=\"true\" class=\"wp-block-spacer\"><\/div>\n\n\n\n<div class=\"wp-block-columns is-layout-flex wp-container-core-columns-is-layout-28f84493 wp-block-columns-is-layout-flex\">\n<div class=\"wp-block-column is-layout-flow wp-block-column-is-layout-flow\">\n<figure class=\"wp-block-image aligncenter size-full\"><img decoding=\"async\" width=\"1024\" height=\"768\" src=\"https:\/\/obera.fr\/wp-content\/uploads\/2020\/11\/9-bras-de-captation.jpg\" alt=\"Macchina - Hoover\" class=\"wp-image-1646\" srcset=\"https:\/\/obera.fr\/wp-content\/uploads\/2020\/11\/9-bras-de-captation.jpg 1024w, https:\/\/obera.fr\/wp-content\/uploads\/2020\/11\/9-bras-de-captation-300x225.jpg 300w, https:\/\/obera.fr\/wp-content\/uploads\/2020\/11\/9-bras-de-captation-768x576.jpg 768w\" sizes=\"(max-width: 1024px) 100vw, 1024px\" \/><figcaption class=\"wp-element-caption\">Dispositivi di aspirazione in uso<\/figcaption><\/figure>\n<\/div>\n\n\n\n<div class=\"wp-block-column is-layout-flow wp-block-column-is-layout-flow\">\n<figure class=\"wp-block-image aligncenter size-full\"><img decoding=\"async\" width=\"1024\" height=\"768\" src=\"https:\/\/obera.fr\/wp-content\/uploads\/2020\/11\/10-bras-de-captation.jpg\" alt=\"Ingegneria - Cattura\" class=\"wp-image-1647\" srcset=\"https:\/\/obera.fr\/wp-content\/uploads\/2020\/11\/10-bras-de-captation.jpg 1024w, https:\/\/obera.fr\/wp-content\/uploads\/2020\/11\/10-bras-de-captation-300x225.jpg 300w, https:\/\/obera.fr\/wp-content\/uploads\/2020\/11\/10-bras-de-captation-768x576.jpg 768w\" sizes=\"(max-width: 1024px) 100vw, 1024px\" \/><figcaption class=\"wp-element-caption\">Cattura delle braccia in situ<\/figcaption><\/figure>\n<\/div>\n<\/div>\n\n\n\n<h2 class=\"wp-block-heading\">Quali sono i criteri da tenere in considerazione nella scelta di un braccio aspirante industriale?<\/h2>\n\n\n\n<h3 class=\"wp-block-heading\">1. Che diametro devo scegliere per un braccio di aspirazione?<\/h3>\n\n\n\n<p><strong>I bracci di aspirazione OberA sono disponibili con diametri da d50mm<\/strong> <strong>a d200mm<\/strong>.<\/p>\n\n\n\n<p>La portata di aspirazione va da 100 m3\/h a un massimo di 3000 m3\/h.<\/p>\n\n\n\n<p>Il <strong>diametro che sceglierai<\/strong> dipender\u00e0 dal flusso di aspirazione che vuoi utilizzare e dalla capacit\u00e0 del sistema di aspirazione e filtrazione a cui il braccio \u00e8 collegato.<\/p>\n\n\n\n<p>Anche se i bracci OberA sono <strong>particolarmente efficienti e a risparmio energetico<\/strong>, la perdita di pressione di un braccio di aspirazione \u00e8 comunque relativamente alta, date le curve dei giunti e la lunghezza delle tubature flessibili. Inoltre, maggiore \u00e8 la velocit\u00e0 di aspirazione nel braccio, maggiore \u00e8 la perdita di prevalenza nel braccio (che si sviluppa pi\u00f9 o meno proporzionalmente al quadrato della velocit\u00e0 di aspirazione). <\/p>\n\n\n\n<p>\u00c8 quindi importante assicurarsi che il<strong> sistema di aspirazione a cui verr\u00e0 collegato il braccio<\/strong> abbia una capacit\u00e0 di aspirazione sufficiente sia in termini di portata che di pressione disponibile. I sistemi di ventilazione (UTA) spesso non hanno una pressione negativa sufficiente a garantire una portata adeguata per il braccio. <\/p>\n\n\n\n<p>Scegliendo un braccio di diametro maggiore ridurrai la caduta di pressione, ma dovrai comunque assicurarti che la velocit\u00e0 di aspirazione sia sufficiente per aspirare la polvere. Inoltre, pi\u00f9 <strong>grande \u00e8 il diametro di un braccio di aspirazione<\/strong>, pi\u00f9 \u00e8 ingombrante! <\/p>\n\n\n\n<div class=\"wp-block-columns is-layout-flex wp-container-core-columns-is-layout-28f84493 wp-block-columns-is-layout-flex\">\n<div class=\"wp-block-column is-layout-flow wp-block-column-is-layout-flow\" style=\"flex-basis:50%\">\n<h3 class=\"wp-block-heading\">2. Quale lunghezza del braccio di aspirazione devo scegliere?<\/h3>\n\n\n\n<p>La <strong>lunghezza del braccio di aspirazione <\/strong>dipende dal movimento da effettuare e dalla superficie da coprire. Tuttavia, pi\u00f9 il braccio \u00e8 lungo, meno \u00e8 maneggevole. Assicurati quindi di scegliere un braccio abbastanza lungo, ma non troppo.  <\/p>\n<\/div>\n\n\n\n<div class=\"wp-block-column is-layout-flow wp-block-column-is-layout-flow\" style=\"flex-basis:50%\">\n<h3 class=\"wp-block-heading\">3. Quale cappa o dispositivo di cattura scegliere alla fine di un braccio di aspirazione?<\/h3>\n\n\n\n<p>I bracci OberA possono essere dotati di diverse cappe di aspirazione:<\/p>\n\n\n\n<ul class=\"wp-block-list\">\n<li><strong>Cappa rotonda o ovale per l&#8217;aspirazione di polveri e fumi<\/strong>.<\/li>\n\n\n\n<li>Cappa rettangolare per l&#8217;estrazione di grandi superfici.<\/li>\n\n\n\n<li>Cappa a <strong>doppio effetto brevettata<\/strong> per l&#8217;aspirazione di fumi, gas e solventi.<\/li>\n<\/ul>\n<\/div>\n<\/div>\n\n\n\n<div class=\"wp-block-buttons is-content-justification-center is-layout-flex wp-container-core-buttons-is-layout-a89b3969 wp-block-buttons-is-layout-flex\">\n<div class=\"wp-block-button\"><a class=\"wp-block-button__link wp-element-button\" href=\"https:\/\/boutique.obera.fr\/40-64-acheter-bras-d-aspiration-avec-capot-en-plastique.html#\/3-taille-4m\/27-diametres_bras-140mm\/33-type_de_fixation-support_mural\">Acquista Braccio di aspirazione con copertura in plastica<\/a><\/div>\n<\/div>\n\n\n\n<h3 class=\"wp-block-heading\">4. Come faccio a collegare un braccio di aspirazione?<\/h3>\n\n\n\n<p>Esistono<strong> diversi modi per fissare un braccio di aspirazione<\/strong>:<\/p>\n\n\n\n<ul class=\"wp-block-list\">\n<li>Supporto da pavimento con piede di appoggio per il fissaggio al pavimento.<\/li>\n\n\n\n<li>Supporto per il <strong>posizionamento su un aspirapolvere mobile<\/strong>.<\/li>\n\n\n\n<li>Montaggio a parete con snodo sferico a 360\u00b0.<\/li>\n\n\n\n<li>Staffa per il montaggio a parete.<\/li>\n\n\n\n<li>Staffa per il montaggio a parete con braccio e prolunga da 1m a 3m.<\/li>\n<\/ul>\n\n\n\n<h3 class=\"wp-block-heading\">5. Quando dovresti scegliere un braccio ATEX?<\/h3>\n\n\n\n<p>Se il prodotto aspirato \u00e8 esplosivo (polveri o gas esplosivi) o se il braccio stesso si trova in una zona ATEX, \u00e8 necessario scegliere un braccio ATEX adatto: braccio per polveri ATEX Zona 22 o braccio per gas ATEX Zona 2.<\/p>\n\n\n\n<h3 class=\"wp-block-heading\">6. Quali sono le opzioni disponibili per i bracci di aspirazione?<\/h3>\n\n\n\n<p><strong> Sono disponibili<\/strong> diverse<strong> opzioni, a seconda dell&#8217;utilizzo<\/strong>. Queste includono : <\/p>\n\n\n\n<ul class=\"wp-block-list\">\n<li>Luce LED sul dispositivo di acquisizione.<\/li>\n\n\n\n<li>Valvola di controllo del flusso o valvola di apertura\/chiusura.<\/li>\n\n\n\n<li>Una gamma di tubi di aspirazione speciali per soddisfare requisiti specifici come scorie, polveri abrasive, fumi o gas corrosivi, ecc.<\/li>\n<\/ul>\n\n\n\n<div class=\"wp-block-columns is-layout-flex wp-container-core-columns-is-layout-28f84493 wp-block-columns-is-layout-flex\">\n<div class=\"wp-block-column is-layout-flow wp-block-column-is-layout-flow\">\n<h2 class=\"wp-block-heading has-text-align-center\"><br>Cappa ovale a braccio estrattore<\/h2>\n\n\n\n<figure class=\"wp-block-image aligncenter size-medium is-resized\"><img decoding=\"async\" width=\"300\" height=\"300\" src=\"https:\/\/obera.fr\/wp-content\/uploads\/2020\/09\/Bras-SF-300x300.jpg\" alt=\"Braccio Sf\" class=\"wp-image-969\" style=\"width:225px;height:225px\" srcset=\"https:\/\/obera.fr\/wp-content\/uploads\/2020\/09\/Bras-SF-300x300.jpg 300w, https:\/\/obera.fr\/wp-content\/uploads\/2020\/09\/Bras-SF-150x150.jpg 150w, https:\/\/obera.fr\/wp-content\/uploads\/2020\/09\/Bras-SF.jpg 433w\" sizes=\"(max-width: 300px) 100vw, 300px\" \/><\/figure>\n<\/div>\n\n\n\n<div class=\"wp-block-column is-layout-flow wp-block-column-is-layout-flow\">\n<h2 class=\"wp-block-heading has-text-align-center\"><br>Cappa rettangolare con braccio estrattore<\/h2>\n\n\n\n<figure class=\"wp-block-image aligncenter size-medium is-resized\"><img decoding=\"async\" width=\"300\" height=\"300\" src=\"https:\/\/obera.fr\/wp-content\/uploads\/2020\/09\/Hotte-SF-300x300.jpg\" alt=\"Cappuccio Sf\" class=\"wp-image-968\" style=\"width:225px;height:225px\" srcset=\"https:\/\/obera.fr\/wp-content\/uploads\/2020\/09\/Hotte-SF-300x300.jpg 300w, https:\/\/obera.fr\/wp-content\/uploads\/2020\/09\/Hotte-SF-150x150.jpg 150w, https:\/\/obera.fr\/wp-content\/uploads\/2020\/09\/Hotte-SF.jpg 433w\" sizes=\"(max-width: 300px) 100vw, 300px\" \/><\/figure>\n<\/div>\n<\/div>\n\n\n\n<h2 class=\"wp-block-heading\">Quali sono i criteri da considerare nella scelta  <\/h2>\n\n\n\n<div class=\"wp-block-columns is-layout-flex wp-container-core-columns-is-layout-28f84493 wp-block-columns-is-layout-flex\">\n<div class=\"wp-block-column is-layout-flow wp-block-column-is-layout-flow\">\n<h3 class=\"wp-block-heading has-text-align-center\"><strong>Vantaggi<\/strong><\/h3>\n\n\n\n<ul class=\"wp-block-list\">\n<li>Per una perfetta cattura di fumi, solventi e polveri alla fonte<\/li>\n\n\n\n<li>Aspirazione di una o pi\u00f9 postazioni di lavoro<\/li>\n\n\n\n<li>Da collegare a una <a href=\"https:\/\/obera.fr\/it\/produits\/bras-dispositifs-captation\/\">rete di raccolta<\/a> o a un depolveratore mobile<\/li>\n<\/ul>\n<\/div>\n\n\n\n<div class=\"wp-block-column is-layout-flow wp-block-column-is-layout-flow\">\n<h3 class=\"wp-block-heading has-text-align-center\"><strong>Caratteristiche speciali<\/strong><\/h3>\n\n\n\n<ul class=\"wp-block-list\">\n<li>Il meccanismo di supporto del braccio si trova all&#8217;esterno e non interferisce con il flusso d&#8217;aria.<\/li>\n\n\n\n<li>Il flusso d&#8217;aria nel braccio non viene disturbato. Le perdite di pressione si riducono<\/li>\n\n\n\n<li>Le molle ad aria supportano e aiutano il movimento<\/li>\n<\/ul>\n<\/div>\n\n\n\n<div class=\"wp-block-column is-layout-flow wp-block-column-is-layout-flow\">\n<h3 class=\"wp-block-heading has-text-align-center\"><strong>Caratteristiche<\/strong><\/h3>\n\n\n\n<ul class=\"wp-block-list\">\n<li>Un&#8217;ampia scelta di dimensioni e diametri<\/li>\n\n\n\n<li>Alta flessibilit\u00e0<\/li>\n\n\n\n<li>Facile da usare e da spostare<\/li>\n\n\n\n<li>Aspira il pi\u00f9 vicino possibile alla fonte<\/li>\n<\/ul>\n<\/div>\n<\/div>\n\n\n\n<h2 class=\"wp-block-heading\">Applicazioni<\/h2>\n\n\n\n<div class=\"wp-block-columns is-layout-flex wp-container-core-columns-is-layout-28f84493 wp-block-columns-is-layout-flex\">\n<div class=\"wp-block-column is-layout-flow wp-block-column-is-layout-flow\">\n<h3 class=\"wp-block-heading has-text-align-center\">Inquinanti<\/h3>\n\n\n\n<hr class=\"wp-block-separator has-css-opacity is-style-wide\"\/>\n\n\n\n<div class=\"wp-block-columns is-layout-flex wp-container-core-columns-is-layout-28f84493 wp-block-columns-is-layout-flex\">\n<div class=\"wp-block-column is-layout-flow wp-block-column-is-layout-flow\">\n<figure class=\"wp-block-image aligncenter size-large\"><img decoding=\"async\" width=\"70\" height=\"70\" src=\"https:\/\/obera.fr\/wp-content\/uploads\/2020\/08\/polluants-poussieres.jpg\" alt=\"Inquinanti Polvere\" class=\"wp-image-675\"\/><figcaption class=\"wp-element-caption\">Polvere<\/figcaption><\/figure>\n\n\n\n<figure class=\"wp-block-image aligncenter size-large\"><img decoding=\"async\" width=\"70\" height=\"70\" src=\"https:\/\/obera.fr\/wp-content\/uploads\/2020\/08\/industrie-fumees.jpg\" alt=\"Industria del fumo\" class=\"wp-image-722\"\/><figcaption class=\"wp-element-caption\">Fumi<\/figcaption><\/figure>\n\n\n\n<figure class=\"wp-block-image aligncenter size-large\"><img decoding=\"async\" width=\"70\" height=\"70\" src=\"https:\/\/obera.fr\/wp-content\/uploads\/2020\/09\/cov.png\" alt=\"Cov\" class=\"wp-image-959\"\/><figcaption class=\"wp-element-caption\">VOCS<\/figcaption><\/figure>\n<\/div>\n\n\n\n<div class=\"wp-block-column is-layout-flow wp-block-column-is-layout-flow\">\n<figure class=\"wp-block-image aligncenter size-large\"><img decoding=\"async\" width=\"70\" height=\"70\" src=\"https:\/\/obera.fr\/wp-content\/uploads\/2020\/08\/polluants-copeaux-bois.jpg\" alt=\"Inquinanti Cippato di legno\" class=\"wp-image-674\"\/><figcaption class=\"wp-element-caption\">Patatine<\/figcaption><\/figure>\n\n\n\n<figure class=\"wp-block-image aligncenter size-large\"><img decoding=\"async\" width=\"70\" height=\"70\" src=\"https:\/\/obera.fr\/wp-content\/uploads\/2020\/08\/industrie-odeur.jpg\" alt=\"Odore dell'industria\" class=\"wp-image-723\"\/><figcaption class=\"wp-element-caption\">Odori<\/figcaption><\/figure>\n\n\n\n<figure class=\"wp-block-image aligncenter size-large\"><img decoding=\"async\" width=\"70\" height=\"70\" src=\"https:\/\/obera.fr\/wp-content\/uploads\/2020\/08\/industrie-brouillard-huile.jpg\" alt=\"Olio nebulizzato per l'industria\" class=\"wp-image-721\"\/><figcaption class=\"wp-element-caption\">Nebbia d&#8217;olio<\/figcaption><\/figure>\n<\/div>\n<\/div>\n<\/div>\n\n\n\n<div class=\"wp-block-column is-layout-flow wp-block-column-is-layout-flow\">\n<h3 class=\"wp-block-heading has-text-align-center\">Industrie<\/h3>\n\n\n\n<hr class=\"wp-block-separator has-css-opacity is-style-wide\"\/>\n\n\n\n<div class=\"wp-block-columns is-layout-flex wp-container-core-columns-is-layout-28f84493 wp-block-columns-is-layout-flex\">\n<div class=\"wp-block-column is-layout-flow wp-block-column-is-layout-flow\">\n<figure class=\"wp-block-image aligncenter size-large\"><img decoding=\"async\" width=\"70\" height=\"70\" src=\"https:\/\/obera.fr\/wp-content\/uploads\/2020\/08\/industrie-metallurgie.jpg\" alt=\"Industria metallurgica\" class=\"wp-image-673\"\/><figcaption class=\"wp-element-caption\">Metallurgia<\/figcaption><\/figure>\n\n\n\n<figure class=\"wp-block-image aligncenter size-large\"><img decoding=\"async\" width=\"70\" height=\"70\" src=\"https:\/\/obera.fr\/wp-content\/uploads\/2020\/08\/industrie-plastique.jpg\" alt=\"Industria della plastica\" class=\"wp-image-669\"\/><figcaption class=\"wp-element-caption\">Plastica<\/figcaption><\/figure>\n\n\n\n<figure class=\"wp-block-image aligncenter size-large\"><img decoding=\"async\" width=\"70\" height=\"70\" src=\"https:\/\/obera.fr\/wp-content\/uploads\/2020\/08\/industrie-chimie.jpg\" alt=\"Industria chimica\" class=\"wp-image-725\"\/><figcaption class=\"wp-element-caption\">Prodotti chimici\/petrolchimici<\/figcaption><\/figure>\n\n\n\n<figure class=\"wp-block-image aligncenter size-large\"><img decoding=\"async\" width=\"70\" height=\"70\" src=\"https:\/\/obera.fr\/wp-content\/uploads\/2020\/08\/industrie-dechets.jpg\" alt=\"Rifiuti dell'industria\" class=\"wp-image-726\"\/><figcaption class=\"wp-element-caption\">Raccolta e smistamento dei rifiuti<\/figcaption><\/figure>\n<\/div>\n\n\n\n<div class=\"wp-block-column is-layout-flow wp-block-column-is-layout-flow\">\n<figure class=\"wp-block-image aligncenter size-large\"><img decoding=\"async\" width=\"70\" height=\"70\" src=\"https:\/\/obera.fr\/wp-content\/uploads\/2020\/08\/industrie-bois.jpg\" alt=\"Industria del legno\" class=\"wp-image-672\"\/><figcaption class=\"wp-element-caption\">Lavorazione del legno<\/figcaption><\/figure>\n\n\n\n<figure class=\"wp-block-image aligncenter size-large\"><img decoding=\"async\" width=\"70\" height=\"70\" src=\"https:\/\/obera.fr\/wp-content\/uploads\/2020\/08\/industrie-textile.jpg\" alt=\"Industria tessile\" class=\"wp-image-671\"\/><figcaption class=\"wp-element-caption\">Tessili<\/figcaption><\/figure>\n\n\n\n<figure class=\"wp-block-image aligncenter size-large\"><img decoding=\"async\" width=\"70\" height=\"70\" src=\"https:\/\/obera.fr\/wp-content\/uploads\/2020\/08\/industrie-minerai.jpg\" alt=\"Industria mineraria\" class=\"wp-image-724\"\/><figcaption class=\"wp-element-caption\">Minerali<\/figcaption><\/figure>\n\n\n\n<figure class=\"wp-block-image aligncenter size-large\"><img decoding=\"async\" width=\"70\" height=\"70\" src=\"https:\/\/obera.fr\/wp-content\/uploads\/2020\/08\/industrie-papier-carton.jpg\" alt=\"Industria della carta e del cartone\" class=\"wp-image-670\"\/><figcaption class=\"wp-element-caption\">Carta\/cartone<\/figcaption><\/figure>\n<\/div>\n<\/div>\n<\/div>\n<\/div>\n\n\n\n<h3 class=\"wp-block-heading\">In opzione<\/h3>\n\n\n\n<div class=\"wp-block-columns is-layout-flex wp-container-core-columns-is-layout-28f84493 wp-block-columns-is-layout-flex\">\n<div class=\"wp-block-column is-layout-flow wp-block-column-is-layout-flow\">\n<figure class=\"wp-block-image aligncenter size-full is-resized\"><img decoding=\"async\" width=\"150\" height=\"150\" src=\"https:\/\/obera.fr\/wp-content\/uploads\/2022\/02\/ATEX.png\" alt=\"atex\" class=\"wp-image-8858\" style=\"width:108px;height:108px\"\/><figcaption class=\"wp-element-caption\">Atex<\/figcaption><\/figure>\n<\/div>\n\n\n\n<div class=\"wp-block-column is-layout-flow wp-block-column-is-layout-flow\">\n<figure class=\"wp-block-image aligncenter size-full is-resized\"><img decoding=\"async\" width=\"100\" height=\"100\" src=\"https:\/\/obera.fr\/wp-content\/uploads\/2020\/09\/lumiere-integree.jpg\" alt=\"Fumo - polvere\" class=\"wp-image-973\" style=\"width:105px;height:105px\"\/><figcaption class=\"wp-element-caption\">Luce integrata<\/figcaption><\/figure>\n<\/div>\n\n\n\n<div class=\"wp-block-column is-layout-flow wp-block-column-is-layout-flow\"><\/div>\n\n\n\n<div class=\"wp-block-column is-layout-flow wp-block-column-is-layout-flow\"><\/div>\n<\/div>\n\n\n\n<div class=\"wp-block-buttons is-horizontal is-content-justification-center is-layout-flex wp-container-core-buttons-is-layout-03627597 wp-block-buttons-is-layout-flex\">\n<div class=\"wp-block-button has-custom-width wp-block-button__width-100\"><a class=\"wp-block-button__link wp-element-button\" href=\"https:\/\/obera.fr\/it\/contattaci\/\">Saperne di pi\u00f9<\/a><\/div>\n<\/div>\n\n\n\n<hr class=\"wp-block-separator has-css-opacity is-style-dots\"\/>\n\n\n\n<h2 class=\"wp-block-heading\">Gli altri prodotti per l&#8217;aspirazione e la raccolta di OberA<\/h2>\n\n\n\n<div class=\"wp-block-columns is-layout-flex wp-container-core-columns-is-layout-28f84493 wp-block-columns-is-layout-flex\">\n<div class=\"wp-block-column is-layout-flow wp-block-column-is-layout-flow\">\n<figure class=\"wp-block-image aligncenter size-thumbnail\"><a href=\"https:\/\/obera.fr\/?page_id=489\"><img decoding=\"async\" width=\"150\" height=\"150\" src=\"https:\/\/obera.fr\/wp-content\/uploads\/2020\/10\/table-SF-150x150.png\" alt=\"Tavoli di aspirazione\" class=\"wp-image-1179\" srcset=\"https:\/\/obera.fr\/wp-content\/uploads\/2020\/10\/table-SF-150x150.png 150w, https:\/\/obera.fr\/wp-content\/uploads\/2020\/10\/table-SF-300x300.png 300w, https:\/\/obera.fr\/wp-content\/uploads\/2020\/10\/table-SF.png 433w\" sizes=\"(max-width: 150px) 100vw, 150px\" \/><\/a><figcaption class=\"wp-element-caption\">Tavoli di aspirazione<\/figcaption><\/figure>\n<\/div>\n\n\n\n<div class=\"wp-block-column is-layout-flow wp-block-column-is-layout-flow\">\n<figure class=\"wp-block-image aligncenter size-thumbnail\"><a href=\"https:\/\/obera.fr\/produits\/bras-dispositifs-captation\/bras-de-laboratoire\/\"><img decoding=\"async\" width=\"150\" height=\"150\" src=\"https:\/\/obera.fr\/wp-content\/uploads\/2020\/11\/22-bras-de-labo-150x150.jpg\" alt=\"Braccia da laboratorio\" class=\"wp-image-1662\" srcset=\"https:\/\/obera.fr\/wp-content\/uploads\/2020\/11\/22-bras-de-labo-150x150.jpg 150w, https:\/\/obera.fr\/wp-content\/uploads\/2020\/11\/22-bras-de-labo-300x300.jpg 300w, https:\/\/obera.fr\/wp-content\/uploads\/2020\/11\/22-bras-de-labo-1024x1024.jpg 1024w, https:\/\/obera.fr\/wp-content\/uploads\/2020\/11\/22-bras-de-labo-768x768.jpg 768w, https:\/\/obera.fr\/wp-content\/uploads\/2020\/11\/22-bras-de-labo.jpg 1500w\" sizes=\"(max-width: 150px) 100vw, 150px\" \/><\/a><figcaption class=\"wp-element-caption\">Braccia da laboratorio<\/figcaption><\/figure>\n<\/div>\n\n\n\n<div class=\"wp-block-column is-layout-flow wp-block-column-is-layout-flow\">\n<figure class=\"wp-block-image aligncenter size-thumbnail\"><a href=\"https:\/\/obera.fr\/produits\/bras-dispositifs-captation\/dosserets-aspirants\/\"><img decoding=\"async\" width=\"150\" height=\"150\" src=\"https:\/\/obera.fr\/wp-content\/uploads\/2020\/10\/Dosserets-oberA-150x150.png\" alt=\"Alzatina Obera\" class=\"wp-image-1174\"\/><\/a><figcaption class=\"wp-element-caption\">Schienali aspiranti<\/figcaption><\/figure>\n<\/div>\n\n\n\n<div class=\"wp-block-column is-layout-flow wp-block-column-is-layout-flow\">\n<figure class=\"wp-block-image aligncenter size-thumbnail\"><a href=\"https:\/\/obera.fr\/produits\/bras-dispositifs-captation\/anneaux-de-pouyes\/\"><img decoding=\"async\" width=\"150\" height=\"150\" src=\"https:\/\/obera.fr\/wp-content\/uploads\/2022\/09\/Anneau-de-pouyes-2-150x150.jpg\" alt=\"anello di pouyes\" class=\"wp-image-14482\" srcset=\"https:\/\/obera.fr\/wp-content\/uploads\/2022\/09\/Anneau-de-pouyes-2-150x150.jpg 150w, https:\/\/obera.fr\/wp-content\/uploads\/2022\/09\/Anneau-de-pouyes-2-300x300.jpg 300w, https:\/\/obera.fr\/wp-content\/uploads\/2022\/09\/Anneau-de-pouyes-2.jpg 500w\" sizes=\"(max-width: 150px) 100vw, 150px\" \/><\/a><figcaption class=\"wp-element-caption\">Anelli di pollo<\/figcaption><\/figure>\n<\/div>\n<\/div>\n\n\n\n<div class=\"wp-block-columns is-layout-flex wp-container-core-columns-is-layout-28f84493 wp-block-columns-is-layout-flex\">\n<div class=\"wp-block-column is-layout-flow wp-block-column-is-layout-flow\">\n<figure class=\"wp-block-image aligncenter size-thumbnail\"><a href=\"https:\/\/obera.fr\/produits\/bras-dispositifs-captation\/hotte-rectangulaire\/\"><img decoding=\"async\" width=\"150\" height=\"150\" src=\"https:\/\/obera.fr\/wp-content\/uploads\/2020\/10\/hotte-rectangulaire-150x150.png\" alt=\"Cappuccio rettangolare\" class=\"wp-image-1178\" srcset=\"https:\/\/obera.fr\/wp-content\/uploads\/2020\/10\/hotte-rectangulaire-150x150.png 150w, https:\/\/obera.fr\/wp-content\/uploads\/2020\/10\/hotte-rectangulaire.png 158w\" sizes=\"(max-width: 150px) 100vw, 150px\" \/><\/a><figcaption class=\"wp-element-caption\">Cappe industriali rettangolari<\/figcaption><\/figure>\n<\/div>\n\n\n\n<div class=\"wp-block-column is-layout-flow wp-block-column-is-layout-flow\">\n<figure class=\"wp-block-image aligncenter size-thumbnail\"><img decoding=\"async\" width=\"150\" height=\"150\" src=\"https:\/\/obera.fr\/wp-content\/uploads\/2024\/06\/hotte-de-captation-modulaire-600x600-1-150x150.png\" alt=\"cappa modulare 600x600 1\" class=\"wp-image-31479\" srcset=\"https:\/\/obera.fr\/wp-content\/uploads\/2024\/06\/hotte-de-captation-modulaire-600x600-1-150x150.png 150w, https:\/\/obera.fr\/wp-content\/uploads\/2024\/06\/hotte-de-captation-modulaire-600x600-1-300x300.png 300w, https:\/\/obera.fr\/wp-content\/uploads\/2024\/06\/hotte-de-captation-modulaire-600x600-1-1024x1024.png 1024w, https:\/\/obera.fr\/wp-content\/uploads\/2024\/06\/hotte-de-captation-modulaire-600x600-1-768x768.png 768w, https:\/\/obera.fr\/wp-content\/uploads\/2024\/06\/hotte-de-captation-modulaire-600x600-1.png 1280w\" sizes=\"(max-width: 150px) 100vw, 150px\" \/><figcaption class=\"wp-element-caption\">Cappe modulari<\/figcaption><\/figure>\n<\/div>\n\n\n\n<div class=\"wp-block-column is-layout-flow wp-block-column-is-layout-flow\">\n<figure class=\"wp-block-image aligncenter size-full\"><a href=\"https:\/\/obera.fr\/produits\/bras-dispositifs-captation\/capot-industriel\/\"><img decoding=\"async\" width=\"150\" height=\"150\" src=\"https:\/\/obera.fr\/wp-content\/uploads\/2020\/10\/capots.png\" alt=\"Cofani di aspirazione\" class=\"wp-image-1173\"\/><\/a><figcaption class=\"wp-element-caption\">Cofano di aspirazione e raccolta<\/figcaption><\/figure>\n<\/div>\n\n\n\n<div class=\"wp-block-column is-layout-flow wp-block-column-is-layout-flow\"><\/div>\n<\/div>\n\n\n\n<p><\/p>\n","protected":false},"excerpt":{"rendered":"<p>I bracci di aspirazione, noti anche come bracci di estrazione o bracci articolati, sono un importante dispositivo di raccolta nell&#8217;industria e nell&#8217;artigianato, per creare un ambiente di lavoro pulito e sicuro. I bracci di aspirazione sono flessibili e molto spesso vengono utilizzati in combinazione con i sistemi di aspirazione. I sistemi di aspirazione raccolgono le particelle aspirate dal braccio di aspirazione e dai filtri. I bracci di aspirazione e i sistemi di aspirazione sono indispensabili in molti settori, in quanto aiutano a migliorare la qualit\u00e0 dell&#8217;aria, a proteggere la salute dei lavoratori e ad aumentare la produttivit\u00e0. Per ottenere risultati &#8230; <\/p>\n<p class=\"read-more-container\"><a title=\"Bracci di aspirazione industriali\" class=\"read-more button\" href=\"https:\/\/obera.fr\/it\/produits\/bras-dispositifs-captation\/bras-hotte-ovale-rectangulaire\/#more-38783\" aria-label=\"Per saperne di pi\u00f9 su Bracci di aspirazione industriali\">Lire la suite<\/a><\/p>\n","protected":false},"author":4,"featured_media":83742,"parent":38254,"menu_order":0,"comment_status":"closed","ping_status":"closed","template":"","meta":{"_acf_changed":false,"_seopress_robots_primary_cat":"","_seopress_titles_title":"Bracci estrattori per cappe ovali e rettangolari - oberA","_seopress_titles_desc":"I bracci di aspirazione sono ideali per catturare polvere, fumi di saldatura e agenti inquinanti alla fonte sul posto di lavoro.","_seopress_robots_index":"","footnotes":""},"class_list":{"0":"post-38783","1":"page","2":"type-page","3":"status-publish","4":"has-post-thumbnail","6":"no-featured-image-padding","7":"resize-featured-image"},"acf":[],"_links":{"self":[{"href":"https:\/\/obera.fr\/it\/wp-json\/wp\/v2\/pages\/38783","targetHints":{"allow":["GET"]}}],"collection":[{"href":"https:\/\/obera.fr\/it\/wp-json\/wp\/v2\/pages"}],"about":[{"href":"https:\/\/obera.fr\/it\/wp-json\/wp\/v2\/types\/page"}],"author":[{"embeddable":true,"href":"https:\/\/obera.fr\/it\/wp-json\/wp\/v2\/users\/4"}],"replies":[{"embeddable":true,"href":"https:\/\/obera.fr\/it\/wp-json\/wp\/v2\/comments?post=38783"}],"version-history":[{"count":4,"href":"https:\/\/obera.fr\/it\/wp-json\/wp\/v2\/pages\/38783\/revisions"}],"predecessor-version":[{"id":106328,"href":"https:\/\/obera.fr\/it\/wp-json\/wp\/v2\/pages\/38783\/revisions\/106328"}],"up":[{"embeddable":true,"href":"https:\/\/obera.fr\/it\/wp-json\/wp\/v2\/pages\/38254"}],"wp:featuredmedia":[{"embeddable":true,"href":"https:\/\/obera.fr\/it\/wp-json\/wp\/v2\/media\/83742"}],"wp:attachment":[{"href":"https:\/\/obera.fr\/it\/wp-json\/wp\/v2\/media?parent=38783"}],"curies":[{"name":"wp","href":"https:\/\/api.w.org\/{rel}","templated":true}]}}