{"id":37819,"date":"2022-01-20T11:56:45","date_gmt":"2022-01-20T09:56:45","guid":{"rendered":"https:\/\/obera.fr\/jie-kalba-apie-mus\/"},"modified":"2025-07-15T16:00:09","modified_gmt":"2025-07-15T14:00:09","slug":"ils-parlent-de-nous-presse-media","status":"publish","type":"page","link":"https:\/\/obera.fr\/lt\/ils-parlent-de-nous-presse-media\/","title":{"rendered":"Jie kalba apie mus"},"content":{"rendered":"\n<h2 class=\"wp-block-heading\" id=\"les-reportages-tv-d-obera-dans-la-presse-et-media-traditionnels\">&#8222;OberA&#8217;s TV&#8221; reporta\u017eai spaudoje ir tradicin\u0117je \u017einiasklaidoje<\/h2>\n\n<p>Did\u0117jant kovos su kovaroze produkt\u0173 paklausai ir did\u0117jant m\u016bs\u0173 kompetencijai, naujien\u0173 kanalai apsilank\u0117 bendrov\u0117je &#8222;OberA&#8221;, kad atkreipt\u0173 d\u0117mes\u012f \u012f m\u016bs\u0173 produktus ir m\u016bs\u0173 veiksmingum\u0105 sprend\u017eiant su kovaroze susijusias problemas.<\/p>\n\n<p><\/p>\n\n<div class=\"wp-block-columns is-layout-flex wp-container-core-columns-is-layout-28f84493 wp-block-columns-is-layout-flex\">\n<div class=\"wp-block-column is-layout-flow wp-block-column-is-layout-flow\">\n<h3 class=\"wp-block-heading has-text-align-center\"><strong>Pranc\u016bzija 3<\/strong><\/h3>\n\n\n\n<figure class=\"wp-block-image aligncenter size-full is-resized\"><img decoding=\"async\" width=\"512\" height=\"512\" src=\"https:\/\/obera.fr\/wp-content\/uploads\/2022\/01\/logo-france3-region.jpeg\" alt=\"france3 regiono logotipas\" class=\"wp-image-8392\" style=\"width:167px;height:auto\" srcset=\"https:\/\/obera.fr\/wp-content\/uploads\/2022\/01\/logo-france3-region.jpeg 512w, https:\/\/obera.fr\/wp-content\/uploads\/2022\/01\/logo-france3-region-300x300.jpeg 300w, https:\/\/obera.fr\/wp-content\/uploads\/2022\/01\/logo-france3-region-150x150.jpeg 150w\" sizes=\"(max-width: 512px) 100vw, 512px\" \/><\/figure>\n\n\n\n<p><strong>&#8222;France 3&#8221;<\/strong> apsilank\u0117 m\u016bs\u0173 patalpose Ilkirche, kad su\u017einot\u0173 daugiau apie m\u016bs\u0173 oro au\u0161intuv\u0173 konstrukcij\u0105 ir naudojim\u0105. Buvo nufilmuotas reporta\u017eas, kuriame i\u0161ry\u0161k\u0117jo m\u016bs\u0173 \u017einios ir patirtis \u0161ioje srityje. Nuorod\u0105 \u012f reporta\u017e\u0105 galite rasti toliau, taip suteikdami m\u016bs\u0173 darbui didel\u012f atgars\u012f.  <\/p>\n\n\n\n<div class=\"wp-block-buttons alignwide is-content-justification-center is-layout-flex wp-container-core-buttons-is-layout-a89b3969 wp-block-buttons-is-layout-flex\">\n<div class=\"wp-block-button\"><a class=\"wp-block-button__link wp-element-button\" href=\"https:\/\/youtu.be\/a_F7Q_yOUDA?si=ZykL6tahVnwX5cXB\">\u017di\u016br\u0117kite vaizdo reporta\u017e\u0105<\/a><\/div>\n<\/div>\n<\/div>\n\n\n\n<div class=\"wp-block-column is-layout-flow wp-block-column-is-layout-flow\">\n<h3 class=\"wp-block-heading has-text-align-center\"><strong>BFM Elzasas<\/strong><\/h3>\n\n\n\n<p><\/p>\n\n\n\n<figure class=\"wp-block-image aligncenter size-full is-resized\"><img decoding=\"async\" width=\"200\" height=\"200\" src=\"https:\/\/obera.fr\/wp-content\/uploads\/2023\/01\/bfm-alsace.svg_-1.png\" alt=\"bfm alsace.svg 1\" class=\"wp-image-18337\" style=\"width:142px;height:auto\" srcset=\"https:\/\/obera.fr\/wp-content\/uploads\/2023\/01\/bfm-alsace.svg_-1.png 200w, https:\/\/obera.fr\/wp-content\/uploads\/2023\/01\/bfm-alsace.svg_-1-150x150.png 150w\" sizes=\"(max-width: 200px) 100vw, 200px\" \/><\/figure>\n\n\n\n<p><\/p>\n\n\n\n<p>Per CCI<strong> Elzaso <\/strong>naujien\u0173 kanalas<strong> BFM Alsace <\/strong>\u0117m\u0117 interviu i\u0161 m\u016bs\u0173 \u012fmon\u0117s, kad reklamuot\u0173 Elzaso pramon\u0119. Su\u017einokite daugiau apie m\u016bs\u0173 tikslus ir pagrindin\u0119 veikl\u0105. \u0160iuo metu galima tiesiogiai \u017ei\u016br\u0117ti BFM Elzaso kanalu.<\/p>\n\n\n\n<div class=\"wp-block-buttons alignwide is-content-justification-center is-layout-flex wp-container-core-buttons-is-layout-a89b3969 wp-block-buttons-is-layout-flex\">\n<div class=\"wp-block-button\"><a class=\"wp-block-button__link wp-element-button\" href=\"https:\/\/obera.fr\/conseils\/obera-se-devoile-sur-bfm-alsace\/\">\u017di\u016br\u0117kite vaizdo reporta\u017e\u0105<\/a><\/div>\n<\/div>\n<\/div>\n\n\n\n<div class=\"wp-block-column is-layout-flow wp-block-column-is-layout-flow\">\n<h3 class=\"wp-block-heading has-text-align-center\"><strong>TF1<\/strong><\/h3>\n\n\n\n<figure class=\"wp-block-image aligncenter size-large is-resized\"><img decoding=\"async\" width=\"1024\" height=\"576\" src=\"https:\/\/obera.fr\/wp-content\/uploads\/2022\/01\/LOGO-TF1-1024x576.jpg\" alt=\"tf1 logotipas\" class=\"wp-image-8389\" style=\"width:281px;height:auto\" srcset=\"https:\/\/obera.fr\/wp-content\/uploads\/2022\/01\/LOGO-TF1-1024x576.jpg 1024w, https:\/\/obera.fr\/wp-content\/uploads\/2022\/01\/LOGO-TF1-300x169.jpg 300w, https:\/\/obera.fr\/wp-content\/uploads\/2022\/01\/LOGO-TF1-768x432.jpg 768w, https:\/\/obera.fr\/wp-content\/uploads\/2022\/01\/LOGO-TF1-1536x864.jpg 1536w, https:\/\/obera.fr\/wp-content\/uploads\/2022\/01\/LOGO-TF1.jpg 1920w\" sizes=\"(max-width: 1024px) 100vw, 1024px\" \/><\/figure>\n\n\n\n<p><strong>TF1<\/strong> apsilank\u0117 m\u016bs\u0173 patalpose, kad su\u017einot\u0173 daugiau apie CO2 jutikli\u0173 ir oro valytuv\u0173 konstrukcij\u0105 ir naud\u0105 kovojant su Covid-19. Filmuotas reporta\u017eas buvo parodytas 2022 01 18 per 13 val. \u017einias. <\/p>\n\n\n\n<div class=\"wp-block-buttons is-horizontal is-content-justification-center is-layout-flex wp-container-core-buttons-is-layout-03627597 wp-block-buttons-is-layout-flex\">\n<div class=\"wp-block-button\"><a class=\"wp-block-button__link wp-element-button\" href=\"https:\/\/www.tf1info.fr\/societe\/video-purificateurs-d-air-les-usines-francaises-a-plein-regime-2207515.html\" target=\"_blank\" rel=\"noreferrer noopener\">Interviu \u017ei\u016br\u0117kite portale MYtf1.FR<\/a><\/div>\n<\/div>\n<\/div>\n<\/div>\n\n<div class=\"wp-block-columns is-layout-flex wp-container-core-columns-is-layout-28f84493 wp-block-columns-is-layout-flex\">\n<div class=\"wp-block-column is-layout-flow wp-block-column-is-layout-flow\">\n<p><\/p>\n\n\n\n<h3 class=\"wp-block-heading has-text-align-center\"><strong><strong>20 MINU\u010cI\u0172<\/strong><\/strong><\/h3>\n\n\n\n<p><\/p>\n\n\n\n<figure class=\"wp-block-image aligncenter size-full is-resized\"><img decoding=\"async\" width=\"640\" height=\"640\" src=\"https:\/\/obera.fr\/wp-content\/uploads\/2022\/02\/20_Minutes_logo.png\" alt=\"20 minu&#x10D;i&#x173; logotipas\" class=\"wp-image-8975\" style=\"width:209px;height:auto\" srcset=\"https:\/\/obera.fr\/wp-content\/uploads\/2022\/02\/20_Minutes_logo.png 640w, https:\/\/obera.fr\/wp-content\/uploads\/2022\/02\/20_Minutes_logo-300x300.png 300w, https:\/\/obera.fr\/wp-content\/uploads\/2022\/02\/20_Minutes_logo-150x150.png 150w\" sizes=\"(max-width: 640px) 100vw, 640px\" \/><\/figure>\n\n\n\n<p><\/p>\n\n\n\n<p>Laikra\u0161tis &#8222;<strong> 20 minu\u010di\u0173&#8221;<\/strong> pabr\u0117\u017e\u0117 &#8222;OberA&#8221; augim\u0105 per kov\u0105, kalb\u0117damas apie didel\u0119 CO2 jutikli\u0173 ir oro valytuv\u0173 nuo kov\u0173 paklaus\u0105 rinkoje. Interviu, kur\u012f para\u0161\u0117 Luc Sorgius, paskelbtas 2022 m. vasario 05 d. <\/p>\n\n\n\n<div class=\"wp-block-buttons is-content-justification-center is-layout-flex wp-container-core-buttons-is-layout-a89b3969 wp-block-buttons-is-layout-flex\">\n<div class=\"wp-block-button\"><a class=\"wp-block-button__link wp-element-button\" href=\"https:\/\/www.20minutes.fr\/economie\/3227303-20220201-coronavirus-alsace-fabricant-capteurs-co2-multiplie-production-huit\">\u017dr. straipsn\u012f apie 20 minu\u010di\u0173<\/a><\/div>\n<\/div>\n<\/div>\n\n\n\n<div class=\"wp-block-column is-layout-flow wp-block-column-is-layout-flow\">\n<p><\/p>\n\n\n\n<h3 class=\"wp-block-heading has-text-align-center\"><strong>PRANC\u016aZIJA 3<\/strong><\/h3>\n\n\n\n<figure class=\"wp-block-image aligncenter size-full is-resized\"><img decoding=\"async\" width=\"512\" height=\"512\" src=\"https:\/\/obera.fr\/wp-content\/uploads\/2022\/01\/logo-france3-region.jpeg\" alt=\"france3 regiono logotipas\" class=\"wp-image-8392\" style=\"width:229px;height:auto\" srcset=\"https:\/\/obera.fr\/wp-content\/uploads\/2022\/01\/logo-france3-region.jpeg 512w, https:\/\/obera.fr\/wp-content\/uploads\/2022\/01\/logo-france3-region-300x300.jpeg 300w, https:\/\/obera.fr\/wp-content\/uploads\/2022\/01\/logo-france3-region-150x150.jpeg 150w\" sizes=\"(max-width: 512px) 100vw, 512px\" \/><\/figure>\n\n\n\n<p>&#8222;<strong>France 3<\/strong> r\u00e9gions&#8221; apsilank\u0117 bendrov\u0117je &#8222;OberA&#8221;, kad para\u0161yt\u0173 straipsn\u012f apie m\u016bs\u0173 CO2 jutiklius ir oro valytuvus, apsaugan\u010dius nuo kenk\u0117j\u0173. Kaip jie veikia? Ir kaip jie padeda kovoti su &#8222;Covid-19&#8221;? Visus atsakymus rasite \u0161iame straipsnyje, kur\u012f para\u0161\u0117 Catherine Munsch.   <\/p>\n\n\n\n<div class=\"wp-block-columns is-layout-flex wp-container-core-columns-is-layout-28f84493 wp-block-columns-is-layout-flex\">\n<div class=\"wp-block-column is-layout-flow wp-block-column-is-layout-flow\">\n<div class=\"wp-block-buttons is-layout-flex wp-block-buttons-is-layout-flex\">\n<div class=\"wp-block-button\"><a class=\"wp-block-button__link wp-element-button\" href=\"https:\/\/france3-regions.francetvinfo.fr\/grand-est\/alsace\/covid-19-un-fabricant-alsacien-de-capteurs-de-co2-multiplie-sa-production-par-huit-2411887.html\">Straipsn\u012f skaitykite France 3<\/a><\/div>\n<\/div>\n<\/div>\n\n\n\n<div class=\"wp-block-column is-layout-flow wp-block-column-is-layout-flow\">\n<div class=\"wp-block-buttons is-layout-flex wp-block-buttons-is-layout-flex\">\n<div class=\"wp-block-button\"><a class=\"wp-block-button__link wp-element-button\" href=\"https:\/\/www.youtube.com\/watch?v=KicoN9pj0d0\">\u017di\u016br\u0117kite vaizdo reporta\u017e\u0105<\/a><\/div>\n<\/div>\n<\/div>\n<\/div>\n<\/div>\n\n\n\n<div class=\"wp-block-column is-layout-flow wp-block-column-is-layout-flow\">\n<h3 class=\"wp-block-heading has-text-align-center\"><\/h3>\n\n\n\n<p><\/p>\n\n\n\n<p><\/p>\n<\/div>\n<\/div>\n\n<h3 class=\"wp-block-heading\" id=\"tf1\"><\/h3>\n\n<h2 class=\"wp-block-heading\" id=\"les-apparitions-d-obera-en-radio\"><meta charset=\"utf-8\"\/>&#8222;OberA&#8221; pasirodymai radijuje<\/h2>\n\n<div class=\"wp-block-columns is-layout-flex wp-container-core-columns-is-layout-28f84493 wp-block-columns-is-layout-flex\">\n<div class=\"wp-block-column is-layout-flow wp-block-column-is-layout-flow\">\n<h3 class=\"wp-block-heading has-text-align-center\"><strong>1 EUROPOS REGIONAS<\/strong><\/h3>\n\n\n\n<figure class=\"wp-block-image aligncenter size-full\"><img decoding=\"async\" width=\"640\" height=\"323\" src=\"https:\/\/obera.fr\/wp-content\/uploads\/2022\/01\/Logo_Europe1.png\" alt=\"europe1 logotipas\" class=\"wp-image-8398\" srcset=\"https:\/\/obera.fr\/wp-content\/uploads\/2022\/01\/Logo_Europe1.png 640w, https:\/\/obera.fr\/wp-content\/uploads\/2022\/01\/Logo_Europe1-300x151.png 300w\" sizes=\"(max-width: 640px) 100vw, 640px\" \/><\/figure>\n\n\n\n<p><strong>&#8222;Europe 1&#8221;<\/strong> per <a href=\"https:\/\/obera.fr\/lt\/musu-patarimas\/europe-1-capteur-co2-obcare\/\" data-type=\"post\" data-id=\"8353\">radij\u0105 pareng\u0117 reporta\u017e\u0105<\/a> ir savo svetain\u0117je paskelb\u0117 straipsn\u012f apie did\u0117jant\u012f CO2 jutikli\u0173 poreik\u012f Pranc\u016bzijos \u0161vietimo sistemoje. Poreikis, kuris did\u0117ja d\u0117l m\u016bs\u0173 vaik\u0173 ir pedagoginio personalo gerov\u0117s. <\/p>\n\n\n\n<div class=\"wp-block-buttons is-horizontal is-content-justification-center is-layout-flex wp-container-core-buttons-is-layout-03627597 wp-block-buttons-is-layout-flex\">\n<div class=\"wp-block-button\"><a class=\"wp-block-button__link wp-element-button\" href=\"https:\/\/www.europe1.fr\/societe\/covid-19-pres-de-strasbourg-le-succes-dun-fabriquant-de-capteurs-de-co2-4087565\" target=\"_blank\" rel=\"noreferrer noopener\">\u017di\u016br\u0117kite ir klausykit\u0117s straipsnio &#8222;Europe 1<\/a><\/div>\n<\/div>\n\n\n\n<p><\/p>\n<\/div>\n\n\n\n<div class=\"wp-block-column is-layout-flow wp-block-column-is-layout-flow\">\n<h3 class=\"wp-block-heading has-text-align-center\"><strong>FRANCE BLEU<\/strong><\/h3>\n\n\n\n<figure class=\"wp-block-image aligncenter size-large is-resized\"><img decoding=\"async\" width=\"1024\" height=\"1024\" src=\"https:\/\/obera.fr\/wp-content\/uploads\/2022\/01\/France_Bleu_logo-1024x1024.png\" alt=\"france bleu logotipas\" class=\"wp-image-8395\" style=\"width:249px;height:auto\" srcset=\"https:\/\/obera.fr\/wp-content\/uploads\/2022\/01\/France_Bleu_logo-1024x1024.png 1024w, https:\/\/obera.fr\/wp-content\/uploads\/2022\/01\/France_Bleu_logo-300x300.png 300w, https:\/\/obera.fr\/wp-content\/uploads\/2022\/01\/France_Bleu_logo-150x150.png 150w, https:\/\/obera.fr\/wp-content\/uploads\/2022\/01\/France_Bleu_logo-768x768.png 768w, https:\/\/obera.fr\/wp-content\/uploads\/2022\/01\/France_Bleu_logo.png 1200w\" sizes=\"(max-width: 1024px) 100vw, 1024px\" \/><\/figure>\n\n\n\n<p><strong>&#8222;France Bleu&#8221;<\/strong> pareng\u0117 radijo reporta\u017e\u0105, po kurio pasirod\u0117 straipsnis apie m\u016bs\u0173 CO2 jutiklius ir oro valytuvus, apsaugan\u010dius nuo kenk\u0117j\u0173. Su\u017einokite daugiau apie &#8222;OberA&#8221; pl\u0117tr\u0105 ir kod\u0117l nusprend\u0117me sukurti Kovid-19 valymo skyri\u0173.   <\/p>\n\n\n\n<div class=\"wp-block-buttons is-horizontal is-content-justification-center is-layout-flex wp-container-core-buttons-is-layout-03627597 wp-block-buttons-is-layout-flex\">\n<div class=\"wp-block-button\"><a class=\"wp-block-button__link wp-element-button\" href=\"https:\/\/www.francebleu.fr\/emissions\/la-nouvelle-eco-en-alsace\/alsace\/la-nouvelle-eco-la-ruee-sur-les-capteurs-de-co2-de-la-societe-obera-a-geispolsheim\" target=\"_blank\" rel=\"noreferrer noopener\">\u017di\u016br\u0117kite ir klausykit\u0117s straipsnio France bleu<\/a><\/div>\n<\/div>\n<\/div>\n\n\n\n<div class=\"wp-block-column is-layout-flow wp-block-column-is-layout-flow\">\n<h3 class=\"wp-block-heading has-text-align-center\"><strong>RADIO CHR\u00c9TIENNE FRANCE<\/strong><\/h3>\n\n\n\n<figure class=\"wp-block-image aligncenter size-full is-resized\"><img decoding=\"async\" width=\"300\" height=\"200\" src=\"https:\/\/obera.fr\/wp-content\/uploads\/2022\/01\/RCF-logo.png\" alt=\"rcf logotipas\" class=\"wp-image-8400\" style=\"width:366px;height:auto\"\/><\/figure>\n\n\n\n<p>&#8222;<strong>Radio Chr\u00e9tienne France&#8221;<\/strong> savo straipsnyje apie CO2 jutiklius pristato bendrov\u0119 &#8222;OberA&#8221;. Su\u017einokite daugiau apie m\u016bs\u0173 CO2 jutiklius ir &#8222;OberA&#8221; mar\u0161rut\u0105.   <\/p>\n\n\n\n<div class=\"wp-block-buttons is-horizontal is-content-justification-center is-layout-flex wp-container-core-buttons-is-layout-03627597 wp-block-buttons-is-layout-flex\">\n<div class=\"wp-block-button\"><a class=\"wp-block-button__link wp-element-button\" href=\"https:\/\/www.rcf.fr\/articles\/actualite\/a-geispolsheim-la-societe-obera-produit-plus-de-capteurs-de-co2-que-jamais\" target=\"_blank\" rel=\"noreferrer noopener\">\u017dr. straipsn\u012f &#8222;Radio chr\u00e9tienne France<\/a><\/div>\n<\/div>\n<\/div>\n<\/div>\n\n<h3 class=\"wp-block-heading\" id=\"europe-1\"><\/h3>\n\n<p><\/p>\n\n<h4 class=\"wp-block-heading\" id=\"france-bleu\"><strong>Taip pat galite skaityti m\u016bs\u0173 straipsnius ir patarimus m\u016bs\u0173 <a href=\"https:\/\/obera.fr\/lt\/musu-patarimas\/\" data-type=\"URL\" data-id=\"https:\/\/obera.fr\/conseils\/\">tinklara\u0161tyje<\/a>.<\/strong><\/h4>\n\n<p><\/p>\n","protected":false},"excerpt":{"rendered":"<p>&#8222;OberA&#8217;s TV&#8221; reporta\u017eai spaudoje ir tradicin\u0117je \u017einiasklaidoje Did\u0117jant kovos su kovaroze produkt\u0173 paklausai ir did\u0117jant m\u016bs\u0173 kompetencijai, naujien\u0173 kanalai apsilank\u0117 bendrov\u0117je &#8222;OberA&#8221;, kad atkreipt\u0173 d\u0117mes\u012f \u012f m\u016bs\u0173 produktus ir m\u016bs\u0173 veiksmingum\u0105 sprend\u017eiant su kovaroze susijusias problemas. Pranc\u016bzija 3 &#8222;France 3&#8221; apsilank\u0117 m\u016bs\u0173 patalpose Ilkirche, kad su\u017einot\u0173 daugiau apie m\u016bs\u0173 oro au\u0161intuv\u0173 konstrukcij\u0105 ir naudojim\u0105. Buvo nufilmuotas reporta\u017eas, kuriame i\u0161ry\u0161k\u0117jo m\u016bs\u0173 \u017einios ir patirtis \u0161ioje srityje. Nuorod\u0105 \u012f reporta\u017e\u0105 galite rasti toliau, taip suteikdami m\u016bs\u0173 darbui didel\u012f atgars\u012f. BFM Elzasas Per CCI Elzaso naujien\u0173 kanalas BFM Alsace \u0117m\u0117 interviu i\u0161 m\u016bs\u0173 \u012fmon\u0117s, kad reklamuot\u0173 Elzaso pramon\u0119. Su\u017einokite daugiau apie m\u016bs\u0173 tikslus &#8230; <\/p>\n<p class=\"read-more-container\"><a title=\"Jie kalba apie mus\" class=\"read-more button\" href=\"https:\/\/obera.fr\/lt\/ils-parlent-de-nous-presse-media\/#more-37819\" aria-label=\"Read more about Jie kalba apie mus\">Lire la suite<\/a><\/p>\n","protected":false},"author":4,"featured_media":83744,"parent":0,"menu_order":0,"comment_status":"closed","ping_status":"closed","template":"","meta":{"_acf_changed":false,"_seopress_robots_primary_cat":"","_seopress_titles_title":"\u017diniasklaida ir \u017einiasklaida Radijas \/ televizija kalba apie mus: oberA","_seopress_titles_desc":"D\u0117l didel\u0117s m\u016bs\u0173 patirties, ypa\u010d m\u016bs\u0173 produkt\u0173 nuo v\u0117jaraupi\u0173, naujien\u0173 kanalai atkreip\u0117 d\u0117mes\u012f \u012f \"oberA\": su\u017einokite daugiau apie \u0161iuos radijo ir televizijos reporta\u017eus.","_seopress_robots_index":"","footnotes":""},"class_list":{"0":"post-37819","1":"page","2":"type-page","3":"status-publish","4":"has-post-thumbnail","6":"no-featured-image-padding","7":"resize-featured-image"},"acf":[],"_links":{"self":[{"href":"https:\/\/obera.fr\/lt\/wp-json\/wp\/v2\/pages\/37819","targetHints":{"allow":["GET"]}}],"collection":[{"href":"https:\/\/obera.fr\/lt\/wp-json\/wp\/v2\/pages"}],"about":[{"href":"https:\/\/obera.fr\/lt\/wp-json\/wp\/v2\/types\/page"}],"author":[{"embeddable":true,"href":"https:\/\/obera.fr\/lt\/wp-json\/wp\/v2\/users\/4"}],"replies":[{"embeddable":true,"href":"https:\/\/obera.fr\/lt\/wp-json\/wp\/v2\/comments?post=37819"}],"version-history":[{"count":14,"href":"https:\/\/obera.fr\/lt\/wp-json\/wp\/v2\/pages\/37819\/revisions"}],"predecessor-version":[{"id":122521,"href":"https:\/\/obera.fr\/lt\/wp-json\/wp\/v2\/pages\/37819\/revisions\/122521"}],"wp:featuredmedia":[{"embeddable":true,"href":"https:\/\/obera.fr\/lt\/wp-json\/wp\/v2\/media\/83744"}],"wp:attachment":[{"href":"https:\/\/obera.fr\/lt\/wp-json\/wp\/v2\/media?parent=37819"}],"curies":[{"name":"wp","href":"https:\/\/api.w.org\/{rel}","templated":true}]}}