{"id":63995,"date":"2020-05-01T17:28:48","date_gmt":"2020-05-01T15:28:48","guid":{"rendered":"https:\/\/obera.fr\/mentions-legales\/"},"modified":"2025-04-11T10:40:23","modified_gmt":"2025-04-11T08:40:23","slug":"mentions-legales","status":"publish","type":"page","link":"https:\/\/obera.fr\/lt\/mentions-legales\/","title":{"rendered":"Teisin\u0117 informacija"},"content":{"rendered":"\n<h2 class=\"wp-block-heading\" id=\"l-annonceur\">Reklamos dav\u0117jas<\/h2>\n\n<p>\u0160i\u0105 svetain\u0119 skelbia ir jums pateikia &#8222;oberA&#8221;, kurios kapitalas yra 20 000 EUR, registruota buvein\u0117 &#8211; 4 Rue Denis Papin 67400 Illkirch-Graffenstaden, SIRET numeris 832 913 487 00027, NAF kodas 4674B.<\/p>\n\n<p>Svetain\u0117s tikslas &#8211; pateikti jums informacij\u0105 apie reklamuotoj\u0105 ir nuorodas \u012f \u012fvairias svetaines. Svetain\u0117 yra reklamuotojo nuosavyb\u0117. <\/p>\n\n<p>\u0160ios svetain\u0117s prieglob\u0105 teikia prieglobos paslaug\u0173 teik\u0117jas: o2switch SAS, kurio kapitalas 100 000 EUR, adresas: Chemin des Pardiaux, 63000 Clermont-Ferrand, SIRET: 510 909 807 00032 RCS Clermont Ferrand.<\/p>\n\n<h2 class=\"wp-block-heading\" id=\"respect-des-droits-de-propriete-et-marques\">Pagarba nuosavyb\u0117s teis\u0117ms ir preki\u0173 \u017eenklams<\/h2>\n\n<p>Visus svetain\u0117je matomus, klausomus ar skaitomus elementus ir pa\u010di\u0105 svetain\u0119 saugo autori\u0173 teisi\u0173 \u012fstatymas. Be i\u0161ankstinio ra\u0161ti\u0161ko reklamuotojo leidimo jokiomis aplinkyb\u0117mis negalima naudoti, platinti, kopijuoti, atgaminti, keisti, modifikuoti ar perduoti svetain\u0117s ar jos element\u0173, pavyzd\u017eiui, p1-tekst\u0173, vaizd\u0173 ar gars\u0173. Svetain\u0117je esantys preki\u0173 \u017eenklai ir logotipai yra reklamuotojo nuosavyb\u0117 arba jiems naudoti yra suteiktas leidimas. Be ra\u0161ti\u0161ko reklamuotojo arba tre\u010diosios \u0161alies, turin\u010dios teises \u012f svetain\u0117je esant\u012f preki\u0173 \u017eenkl\u0105 ar logotip\u0105, ra\u0161ti\u0161ko leidimo negali b\u016bti suteikta jokia teis\u0117 ar licencija, susijusi su bet kuriuo i\u0161 \u0161i\u0173 element\u0173. Fondation Pierre Berg\u00e9 &#8211; Yves Saint Laurent pasilieka teis\u0119 imtis teisini\u0173 veiksm\u0173 prie\u0161 bet kok\u012f jos intelektin\u0117s nuosavyb\u0117s teisi\u0173 pa\u017eeidim\u0105, \u012fskaitant baud\u017eiam\u0105j\u012f proces\u0105.    <\/p>\n\n<h2 class=\"wp-block-heading\" id=\"respect-des-images\">Pagarba vaizdams<\/h2>\n\n<p>Svetain\u0117je esantys \u017emoni\u0173 ar viet\u0173 vaizdai ar nuotraukos yra reklamuotojo nuosavyb\u0117 ir (arba) reklamuotojas juos naudoja gav\u0119s teisi\u0173 tur\u0117toj\u0173 sutikim\u0105. \u0160iuos vaizdus ar nuotraukas draud\u017eiama naudoti be specialaus ir ai\u0161kaus reklamuotojo leidimo. Bet koks neleistinas naudojimas gali pa\u017eeisti autori\u0173 teises, teises \u012f atvaizd\u0105, asmenines teises ar kitas komunikacijai ar reklamai taikomas taisykles.  <\/p>\n\n<h3 class=\"wp-block-heading\">Kreditai<\/h3>\n\n<ul class=\"wp-block-list\">\n<li>Pradinio puslapio dizainas pagal <a href=\"https:\/\/pleaseagency.com\/\" data-type=\"link\" data-id=\"https:\/\/pleaseagency.com\/\">PLEASE CREATIVE AGENCY <\/a> <\/li>\n<\/ul>\n\n<h2 class=\"wp-block-heading\" id=\"mise-en-garde-generale\">Bendras \u012fsp\u0117jimas<\/h2>\n\n<p>Fondation Pierre Berg\u00e9 &#8211; Yves Saint Laurent negali b\u016bti laikomas atsakingu u\u017e bet koki\u0105 \u017eal\u0105, kuri gali atsirasti d\u0117l prieigos prie svetain\u0117s ar naudojimosi ja, \u012fskaitant bet kokius gedimus ar virusus, kurie gali u\u017ekr\u0117sti j\u016bs\u0173 kompiuterin\u0119 \u012frang\u0105 ar bet kok\u012f kit\u0105 turt\u0105. Nors Fondation Pierre Berg\u00e9 &#8211; Yves Saint Laurent deda visas pastangas, kad svetain\u0117je skelbiama informacija b\u016bt\u0173 tiksli, Fondation Pierre Berg\u00e9 &#8211; Yves Saint Laurent negali b\u016bti laikomas atsakingu u\u017e bet kokias klaidas ar praleidimus. <\/p>\n\n<h2 class=\"wp-block-heading\" id=\"exclusion-de-responsabilite-et-indemnisation\">Atsakomyb\u0117s ir kompensacijos netaikymas<\/h2>\n\n<p>Nei Fondation Pierre Berg\u00e9 &#8211; Yves Saint Laurent, nei jokia kita su \u0161ia svetaine susijusi \u0161alis negali b\u016bti laikoma atsakinga u\u017e bet koki\u0105 tiesiogin\u0119, netiesiogin\u0119 ar kitoki\u0105 \u017eal\u0105, kuri gali atsirasti d\u0117l prieigos prie svetain\u0117s ar joje esan\u010dios informacijos arba naudojimosi ja. J\u016bs atlyginsite \u017eal\u0105, ginsite ir saugosite reklamuotoj\u0105 ir jo filialus, taip pat jo direktorius, pareig\u016bnus, darbuotojus, atstovus, licencij\u0173 gav\u0117jus ar bet kuriuos kitus asmenis, susijusius su svetain\u0117s k\u016brimu, rengimu ir platinimu, nuo vis\u0173 pretenzij\u0173, \u012fsipareigojim\u0173, i\u0161laid\u0173 ir s\u0105naud\u0173, kylan\u010di\u0173 d\u0117l \u0161i\u0173 naudojimo s\u0105lyg\u0173 pa\u017eeidimo arba susijusi\u0173 su j\u016bs\u0173 naudojimusi svetaine. <\/p>\n\n<h2 class=\"wp-block-heading\" id=\"informations-personnelles\">Asmenin\u0117 informacija<\/h2>\n\n<p>Asmenin\u0117 informacija apibr\u0117\u017eiama kaip &#8222;informacija, pagal kuri\u0105 bet kokia forma, tiesiogiai ar netiesiogiai, galima nustatyti fizini\u0173 asmen\u0173, kuriems ji taikoma, tapatyb\u0119&#8221; (1978 m. sausio 6 d. \u012fstatymo Nr. 78-17 4 straipsnio i\u0161trauka).<\/p>\n\n<p>Pavyzd\u017eiui:<\/p>\n\n<ul class=\"wp-block-list\">\n<li>vard\u0105,<\/li>\n\n\n\n<li>pa\u0161to adres\u0105,<\/li>\n\n\n\n<li>telefono numer\u012f,<\/li>\n\n\n\n<li>el. pa\u0161to adres\u0105.<\/li>\n<\/ul>\n\n<p>Slapukai naudojami automati\u0161kai konfig\u016bruoti svetain\u0119, kai prisijungiate, ir i\u0161 anksto parinkti informacij\u0105.<\/p>\n\n<p>Tai rei\u0161kia, kad svetain\u0117s konfig\u016bracija yra susieta su j\u016bs\u0173 kompiuteriu, tod\u0117l vis\u0173, kurie naudojasi j\u016bs\u0173 kompiuteriu, svetain\u0117s konfig\u016bracija yra identi\u0161ka.<\/p>\n\n<h2 class=\"wp-block-heading\" id=\"utilisation-de-vos-donnees-personnelles-communication-a-des-tiers\">J\u016bs\u0173 asmens duomen\u0173 naudojimas &#8211; atskleidimas tre\u010diosioms \u0161alims<\/h2>\n\n<p>Naudodamiesi \u0161ia svetaine sutinkate, kad m\u016bs\u0173 svetain\u0117 naudot\u0173 j\u016bs\u0173 asmens duomenis, kuriuos prane\u0161\u0117te arba kurie yra surinkti naudojantis svetaine. \u0160ie duomenys reikalingi tam, kad gal\u0117tum\u0117te si\u0173sti naujienlai\u0161kius ir naudotis tam tikromis \u0161ios svetain\u0117s teikiamomis paslaugomis. <\/p>\n\n<p>Pagal 1978 m. sausio 6 d. \u012fstatym\u0105 turite teis\u0119 susipa\u017einti su bet kokiais apie jus surinktais asmens duomenimis, juos i\u0161taisyti arba nesutikti su jais. \u0160iomis teis\u0117mis galite pasinaudoti si\u0173sdami mums el. lai\u0161k\u0105 arba lai\u0161k\u0105, adresuot\u0105 reklamos dav\u0117jui. <\/p>\n\n<p>Nor\u0117tume atkreipti d\u0117mes\u012f, kad naudodamiesi svetaine automati\u0161kai renkame informacij\u0105, ypa\u010d apie jus labiausiai dominan\u010dius svetain\u0117s puslapius, kad \u0161i\u0105 informacij\u0105 gal\u0117tume naudoti analiz\u0117ms ir statistiniams duomenims rengti, siekdami geriau suprasti j\u016bs\u0173 pageidavimus ir jus dominan\u010dius centrus. Tokiu b\u016bdu ir laikydamiesi toliau nurodyt\u0173 s\u0105lyg\u0173 gal\u0117sime si\u0173sti jums informacij\u0105, nukreipt\u0105 pagal jus dominan\u010dias sritis. \u0160iuo tikslu galime naudoti slapukus.  <\/p>\n\n<p>Taip surinktus asmens duomenis, i\u0161skyrus j\u016bs\u0173 el. pa\u0161to adres\u0105, galime perduoti bet kuriai m\u016bs\u0173 pasirinktai tre\u010diajai \u0161aliai, pavyzd\u017eiui, m\u016bs\u0173 paslaug\u0173 teik\u0117jams ar tiek\u0117jams, kurie prisideda prie si\u016blom\u0173 paslaug\u0173 teikimo. \u0160ios informacijos perdavimas \u0161iems tiek\u0117jams ir paslaug\u0173 teik\u0117jams gali b\u016bti b\u016btinas paslaugoms teikti. J\u016bs galite ai\u0161kiai i\u0161reik\u0161ti nesutikim\u0105 d\u0117l savo duomen\u0173 perdavimo tre\u010diosioms \u0161alims el. pa\u0161tu ir (arba) reklamos dav\u0117jui adresuotu lai\u0161ku.  <\/p>\n\n<h2 class=\"wp-block-heading\" id=\"concernant-votre-adresse-e-mail\">D\u0117l j\u016bs\u0173 el. pa\u0161to adreso<\/h2>\n\n<p>Suteikdamas mums savo el. pa\u0161to adres\u0105, reklamuotojas pasilieka teis\u0119 el. pa\u0161tu si\u0173sti jums naujienlai\u0161kius ir informacij\u0105 apie savo produktus bei paslaugas. Jei nepageidaujate gauti toki\u0173 prane\u0161im\u0173, galite bet kada atsisakyti j\u0173 siuntimo, paspaud\u0119 tam skirt\u0105 nuorod\u0105 kiekviename siun\u010diamame naujienlai\u0161kyje. <\/p>\n\n<p>Be to, j\u016bs\u0173 el. pa\u0161to adres\u0105 galime perduoti tre\u010diosioms \u0161alims, kurios gali si\u0173sti jums nepageidaujamus prane\u0161imus el. pa\u0161tu, kurie gali jus sudominti. Bet kuriuo metu galite susisiekti su mumis, ypa\u010d el. pa\u0161tu, ir papra\u0161yti, kad tokiu b\u016bdu nebeperduotume j\u016bs\u0173 el. pa\u0161to adreso. <\/p>\n\n<p>Pagal Pranc\u016bzijos \u012fstatymus \u0161i\u0105 informacij\u0105 reklamuotojas gali atskleisti bet kuriam fiziniam asmeniui, juridiniam asmeniui ar administracinei institucijai, kurie gali jos papra\u0161yti.<\/p>\n\n<p>Galiausiai reklamuotojas naudoja naudotojo duomenis (nesvarbu, ar juose yra asmenin\u0117s informacijos, ar ne) statistinei analizei atlikti savo tikslais. Kadangi \u0161i\u0173 analizi\u0173 metu gauti duomenys yra apibendrinti ir tod\u0117l visi\u0161kai anonimi\u0161ki, reklamuotojas gali juos perduoti arba parduoti tre\u010diosioms \u0161alims. <\/p>\n\n<h2 class=\"wp-block-heading\" id=\"abonnement-a-la-newsletter-l-annonceur\">Reklamuotojo naujienlai\u0161kio prenumerata<\/h2>\n\n<p>Svetain\u0117je galite u\u017esiprenumeruoti reklamuotojo naujienlai\u0161k\u012f.<\/p>\n\n<p>\u0160is naujienlai\u0161kis skirtas informuoti jus apie reklamuotojo paslaugas ir naujus produktus.<\/p>\n\n<p>Bet kuriuo metu elektroniniu pa\u0161tu galite informuoti atitinkam\u0105 svetain\u0119, kad nebenorite gauti naujienlai\u0161kio, spustel\u0117dami &#8222;Atsisakyti prenumeratos&#8221; arba kit\u0105 pana\u0161i\u0105 nuorod\u0105.<\/p>\n\n<p>J\u016bs\u0173 asmenini\u0173 duomen\u0173 naudojimo s\u0105lygos bus taikomos atitinkamoje svetain\u0117je. Tod\u0117l pra\u0161ome perskaityti atitinkamoje svetain\u0117je pateiktas s\u0105lygas. <\/p>\n\n<h2 class=\"wp-block-heading\" id=\"liens-externes\">I\u0161orin\u0117s nuorodos<\/h2>\n\n<p>Reklamuotojas si\u016blo nuorodas i\u0161 savo svetain\u0117s \u012f kitas susijusias ir nesusijusias svetaines. \u0160ios svetain\u0117s yra nepriklausomos nuo svetain\u0117s. Reklamuotojas \u0161i\u0173 svetaini\u0173 neskelbia ir nekontroliuoja. Nuorodos \u012f \u0161ias svetaines jokiu b\u016bdu nerei\u0161kia reklamuotojo ir \u0161i\u0173 svetaini\u0173 pritarimo ar partneryst\u0117s. Tod\u0117l Fondation Pierre Berg\u00e9 &#8211; Yves Saint Laurent negali b\u016bti laikomas atsakingu u\u017e \u0161iose svetain\u0117se pateikiam\u0105 turin\u012f, produktus, reklam\u0105 ar bet kokius kitus elementus ar paslaugas. Primename, kad susijusioms ir nesusijusioms svetain\u0117ms taikomos j\u0173 pa\u010di\u0173 naudojimo s\u0105lygos ir privatumo apsaugos politika.     <\/p>\n\n<h2 class=\"wp-block-heading\" id=\"droit-applicable\">Taikytina teis\u0117<\/h2>\n\n<p>\u0160iai svetainei taikoma Pranc\u016bzijos teis\u0117.<\/p>\n\n<h2 class=\"wp-block-heading\" id=\"modification-des-conditions\">S\u0105lyg\u0173 keitimas<\/h2>\n\n<p>Reklamuotojas pasilieka teis\u0119 bet kuriuo metu ir be i\u0161ankstinio \u012fsp\u0117jimo keisti ar apskritai atnaujinti \u0161ias bendr\u0105sias s\u0105lygas. Tod\u0117l kvie\u010diame reguliariai su jomis susipa\u017einti. <\/p>\n\n<h2 class=\"wp-block-heading\" id=\"comment-nous-contacter-si-vous-avez-des-questions-sur-cette-charte\">Kaip galite susisiekti su mumis, jei turite klausim\u0173 apie \u0161i\u0105 chartij\u0105?<\/h2>\n\n<p>Kadangi \u0161ios chartijos tikslas &#8211; apsaugoti j\u016bs\u0173 privatum\u0105, b\u016btume d\u0117kingi, jei prane\u0161tum\u0117te mums savo pageidavimus ir pastabas.<\/p>\n\n<p>Jei manote, kad j\u016bs\u0173 duomenys, kai lankot\u0117s \u0161ioje svetain\u0117je, tvarkomi ne pagal j\u016bs\u0173 pageidavimus, prane\u0161kite mums apie tai. Atsakysime kaip \u012fmanoma grei\u010diau. <\/p>\n\n<p>Jei ateityje, apsilank\u0119 \u0161ioje svetain\u0117je, nenorite, kad su jumis b\u016bt\u0173 susisiekta, arba jei norite patikrinti, pataisyti ar atnaujinti bet koki\u0105 mums pateikt\u0105 vardin\u0119 informacij\u0105, <a href=\"https:\/\/obera.fr\/lt\/contact\/\" data-type=\"page\" data-id=\"124\">para\u0161ykite mums<\/a>.<\/p>\n\n<p>Paskutin\u012f kart\u0105 pakeista 2017 m. baland\u017eio 24 d.<\/p>\n","protected":false},"excerpt":{"rendered":"<p>Reklamos dav\u0117jas \u0160i\u0105 svetain\u0119 skelbia ir jums pateikia &#8222;oberA&#8221;, kurios kapitalas yra 20 000 EUR, registruota buvein\u0117 &#8211; 4 Rue Denis Papin 67400 Illkirch-Graffenstaden, SIRET numeris 832 913 487 00027, NAF kodas 4674B. Svetain\u0117s tikslas &#8211; pateikti jums informacij\u0105 apie reklamuotoj\u0105 ir nuorodas \u012f \u012fvairias svetaines. Svetain\u0117 yra reklamuotojo nuosavyb\u0117. \u0160ios svetain\u0117s prieglob\u0105 teikia prieglobos paslaug\u0173 teik\u0117jas: o2switch SAS, kurio kapitalas 100 000 EUR, adresas: Chemin des Pardiaux, 63000 Clermont-Ferrand, SIRET: 510 909 807 00032 RCS Clermont Ferrand. Pagarba nuosavyb\u0117s teis\u0117ms ir preki\u0173 \u017eenklams Visus svetain\u0117je matomus, klausomus ar skaitomus elementus ir pa\u010di\u0105 svetain\u0119 saugo autori\u0173 teisi\u0173 \u012fstatymas. Be i\u0161ankstinio &#8230; <\/p>\n<p class=\"read-more-container\"><a title=\"Teisin\u0117 informacija\" class=\"read-more button\" href=\"https:\/\/obera.fr\/lt\/mentions-legales\/#more-63995\" aria-label=\"Read more about Teisin\u0117 informacija\">Lire la suite<\/a><\/p>\n","protected":false},"author":4,"featured_media":103623,"parent":0,"menu_order":0,"comment_status":"closed","ping_status":"closed","template":"","meta":{"_acf_changed":false,"_seopress_robots_primary_cat":"","_seopress_titles_title":"oberA.fr teisinis prane\u0161imas","_seopress_titles_desc":"\u0160i\u0105 svetain\u0119 skelbia ir jums pateikia \"oberA\", 20 000 EUR akcinio kapitalo bendrov\u0117, SIRET numeris 832 913 487 00019, NAF kodas 282514.","_seopress_robots_index":"taip","footnotes":""},"class_list":{"0":"post-63995","1":"page","2":"type-page","3":"status-publish","4":"has-post-thumbnail","6":"no-featured-image-padding","7":"resize-featured-image"},"acf":[],"_links":{"self":[{"href":"https:\/\/obera.fr\/lt\/wp-json\/wp\/v2\/pages\/63995","targetHints":{"allow":["GET"]}}],"collection":[{"href":"https:\/\/obera.fr\/lt\/wp-json\/wp\/v2\/pages"}],"about":[{"href":"https:\/\/obera.fr\/lt\/wp-json\/wp\/v2\/types\/page"}],"author":[{"embeddable":true,"href":"https:\/\/obera.fr\/lt\/wp-json\/wp\/v2\/users\/4"}],"replies":[{"embeddable":true,"href":"https:\/\/obera.fr\/lt\/wp-json\/wp\/v2\/comments?post=63995"}],"version-history":[{"count":3,"href":"https:\/\/obera.fr\/lt\/wp-json\/wp\/v2\/pages\/63995\/revisions"}],"predecessor-version":[{"id":79412,"href":"https:\/\/obera.fr\/lt\/wp-json\/wp\/v2\/pages\/63995\/revisions\/79412"}],"wp:featuredmedia":[{"embeddable":true,"href":"https:\/\/obera.fr\/lt\/wp-json\/wp\/v2\/media\/103623"}],"wp:attachment":[{"href":"https:\/\/obera.fr\/lt\/wp-json\/wp\/v2\/media?parent=63995"}],"curies":[{"name":"wp","href":"https:\/\/api.w.org\/{rel}","templated":true}]}}