{"id":46831,"date":"2020-08-26T16:21:27","date_gmt":"2020-08-26T14:21:27","guid":{"rendered":"https:\/\/obera.fr\/atklajiet-obera\/vai-mes-tiksimies\/"},"modified":"2025-06-20T15:51:47","modified_gmt":"2025-06-20T13:51:47","slug":"salons","status":"publish","type":"page","link":"https:\/\/obera.fr\/lv\/decouvrir\/salons\/","title":{"rendered":"Vai m\u0113s tiksimies?"},"content":{"rendered":"\n<p>Zem\u0101k varat apl\u016bkot da\u017e\u0101dus pas\u0101kumus, kuros m\u0113s piedal\u012bsimies 2025. gad\u0101.<\/p>\n\n<p>M\u0113s ar nepaciet\u012bbu gaid\u0101m tik\u0161anos ar jums.<\/p>\n\n<p><strong>OberA.<\/strong><\/p>\n\n<h2 class=\"wp-block-heading\" id=\"prochains-evenements\">Gaid\u0101mie 2025. gada pas\u0101kumi<\/h2>\n\n<div class=\"wp-block-columns are-vertically-aligned-center is-layout-flex wp-container-core-columns-is-layout-28f84493 wp-block-columns-is-layout-flex\">\n<div class=\"wp-block-column is-vertically-aligned-center is-layout-flow wp-block-column-is-layout-flow\" style=\"flex-basis:33.33%\">\n<figure class=\"wp-block-image aligncenter size-full is-resized\"><img decoding=\"async\" width=\"287\" height=\"60\" src=\"https:\/\/obera.fr\/wp-content\/uploads\/2024\/12\/preventica.png\" alt=\"profilakse un profilakse ar apskates l&#x12B;dzek&#x13C;iem\" class=\"wp-image-57169\" style=\"width:320px;height:auto\"\/><\/figure>\n<\/div>\n\n\n\n<div class=\"wp-block-column is-vertically-aligned-center is-layout-flow wp-block-column-is-layout-flow\" style=\"flex-basis:66.66%\">\n<h3 class=\"wp-block-heading has-text-align-left\" id=\"sitl-villepinte-2022\">Pr\u00e9ventica Bordeaux<\/h3>\n\n\n\n<p><strong>No 2025. gada 14. l\u012bdz 16. oktobrim<\/strong> OberA b\u016bs p\u0101rst\u0101v\u0113ta H24 stend\u0101 izst\u0101\u017eu centr\u0101.<\/p>\n\n\n\n<p><\/p>\n<\/div>\n<\/div>\n\n<div style=\"height:34px\" aria-hidden=\"true\" class=\"wp-block-spacer\"><\/div>\n\n<h2 class=\"wp-block-heading\" id=\"evenements-passes\">Iepriek\u0161\u0113jie notikumi<\/h2>\n\n<h3 class=\"wp-block-heading\">M\u016bsu pas\u0101kumi 2025. gad\u0101<\/h3>\n\n<div class=\"wp-block-columns is-layout-flex wp-container-core-columns-is-layout-28f84493 wp-block-columns-is-layout-flex\">\n<div class=\"wp-block-column is-layout-flow wp-block-column-is-layout-flow\" style=\"flex-basis:33.33%\">\n<figure class=\"wp-block-image aligncenter size-full is-resized\"><img decoding=\"async\" width=\"287\" height=\"60\" src=\"https:\/\/obera.fr\/wp-content\/uploads\/2024\/12\/preventica.png\" alt=\"profilakse un profilakse ar apskates l&#x12B;dzek&#x13C;iem\" class=\"wp-image-57169\" style=\"width:320px;height:auto\"\/><\/figure>\n<\/div>\n\n\n\n<div class=\"wp-block-column is-layout-flow wp-block-column-is-layout-flow\" style=\"flex-basis:66.66%\">\n<h3 class=\"wp-block-heading\" id=\"sitl-villepinte-2022\">Pr\u00e9ventica Paris<\/h3>\n\n\n\n<p>OberA piedal\u012bsies izst\u0101d\u0113 Preventica Paris, Porte de Versailles, <strong>no 2025. gada 10. l\u012bdz 12. j\u016bnijam<\/strong>.<\/p>\n\n\n\n<p><\/p>\n<\/div>\n<\/div>\n\n<div class=\"wp-block-columns are-vertically-aligned-center is-layout-flex wp-container-core-columns-is-layout-28f84493 wp-block-columns-is-layout-flex\">\n<div class=\"wp-block-column is-vertically-aligned-center is-layout-flow wp-block-column-is-layout-flow\" style=\"flex-basis:33.33%\">\n<figure class=\"wp-block-image aligncenter size-full is-resized\"><img decoding=\"async\" width=\"604\" height=\"162\" src=\"https:\/\/obera.fr\/wp-content\/uploads\/2024\/12\/sepem-douai-obera.png\" alt=\"sepem douai obera\" class=\"wp-image-57328\" style=\"width:320px;height:auto\" srcset=\"https:\/\/obera.fr\/wp-content\/uploads\/2024\/12\/sepem-douai-obera.png 604w, https:\/\/obera.fr\/wp-content\/uploads\/2024\/12\/sepem-douai-obera-300x80.png 300w, https:\/\/obera.fr\/wp-content\/uploads\/2024\/12\/sepem-douai-obera-600x162.png 600w\" sizes=\"(max-width: 604px) 100vw, 604px\" \/><\/figure>\n\n\n\n<p><\/p>\n<\/div>\n\n\n\n<div class=\"wp-block-column is-vertically-aligned-center is-layout-flow wp-block-column-is-layout-flow\" style=\"flex-basis:66.66%\">\n<h3 class=\"wp-block-heading\" id=\"sitl-villepinte-2022\">SEPEM Douai<\/h3>\n\n\n\n<p>No 2025 <strong>. gada 28. l\u012bdz 30. janv\u0101rim<\/strong> OberA piedal\u012bj\u0101s izst\u0101d\u0113 SEPEM 2025 Douai.<\/p>\n\n\n\n<p><\/p>\n<\/div>\n<\/div>\n\n<div class=\"wp-block-columns is-layout-flex wp-container-core-columns-is-layout-28f84493 wp-block-columns-is-layout-flex\">\n<div class=\"wp-block-column is-layout-flow wp-block-column-is-layout-flow\" style=\"flex-basis:33.33%\">\n<figure class=\"wp-block-image aligncenter size-large is-resized\"><img decoding=\"async\" width=\"1024\" height=\"279\" src=\"https:\/\/obera.fr\/wp-content\/uploads\/2024\/12\/jec-world-2025-obera-1024x279.jpg\" alt=\"jec pasaule 2025 obera\" class=\"wp-image-57147\" style=\"width:344px;height:auto\" srcset=\"https:\/\/obera.fr\/wp-content\/uploads\/2024\/12\/jec-world-2025-obera-1024x279.jpg 1024w, https:\/\/obera.fr\/wp-content\/uploads\/2024\/12\/jec-world-2025-obera-300x82.jpg 300w, https:\/\/obera.fr\/wp-content\/uploads\/2024\/12\/jec-world-2025-obera-768x209.jpg 768w, https:\/\/obera.fr\/wp-content\/uploads\/2024\/12\/jec-world-2025-obera.jpg 1412w\" sizes=\"(max-width: 1024px) 100vw, 1024px\" \/><\/figure>\n<\/div>\n\n\n\n<div class=\"wp-block-column is-layout-flow wp-block-column-is-layout-flow\" style=\"flex-basis:66.66%\">\n<h3 class=\"wp-block-heading\" id=\"sitl-villepinte-2022\">JEC World 2025<\/h3>\n\n\n\n<p><strong>No 2025. gada 04. l\u012bdz 06. martam<\/strong> OberA bija p\u0101rst\u0101v\u0113ta stend\u0101 6C73 izst\u0101d\u0113 Paris-Nord Villepinte.<\/p>\n<\/div>\n<\/div>\n\n<div style=\"height:34px\" aria-hidden=\"true\" class=\"wp-block-spacer\"><\/div>\n\n<h3 class=\"wp-block-heading\">M\u016bsu pas\u0101kumi 2024. gad\u0101<\/h3>\n\n<div class=\"wp-block-columns are-vertically-aligned-center is-layout-flex wp-container-core-columns-is-layout-28f84493 wp-block-columns-is-layout-flex\">\n<div class=\"wp-block-column is-vertically-aligned-center is-layout-flow wp-block-column-is-layout-flow\" style=\"flex-basis:33.33%\">\n<figure class=\"wp-block-image aligncenter size-full is-resized\"><img decoding=\"async\" width=\"341\" height=\"85\" src=\"https:\/\/obera.fr\/wp-content\/uploads\/2024\/09\/screenshot-2024-09-23-at-17-45-25-accueil-sepem-torino.png\" alt=\"SEPEM Tur&#x12B;na 2024\" class=\"wp-image-35089\" style=\"width:320px;height:auto\" srcset=\"https:\/\/obera.fr\/wp-content\/uploads\/2024\/09\/screenshot-2024-09-23-at-17-45-25-accueil-sepem-torino.png 341w, https:\/\/obera.fr\/wp-content\/uploads\/2024\/09\/screenshot-2024-09-23-at-17-45-25-accueil-sepem-torino-300x75.png 300w\" sizes=\"(max-width: 341px) 100vw, 341px\" \/><\/figure>\n<\/div>\n\n\n\n<div class=\"wp-block-column is-vertically-aligned-center is-layout-flow wp-block-column-is-layout-flow\" style=\"flex-basis:66.66%\">\n<h3 class=\"wp-block-heading\" id=\"sitl-villepinte-2022\">SEPEM Tur\u012bna 2024<\/h3>\n\n\n\n<p>OberA piedal\u012bj\u0101s izst\u0101d\u0113 SEPEM Tur\u012bn\u0101 <strong>no 03. l\u012bdz 04. decembrim 2024. gad\u0101<\/strong><\/p>\n\n\n\n<p><\/p>\n<\/div>\n<\/div>\n\n<div class=\"wp-block-columns are-vertically-aligned-center is-layout-flex wp-container-core-columns-is-layout-28f84493 wp-block-columns-is-layout-flex\">\n<div class=\"wp-block-column is-vertically-aligned-center is-layout-flow wp-block-column-is-layout-flow\" style=\"flex-basis:33.33%\">\n<figure class=\"wp-block-image aligncenter size-full is-resized\"><img decoding=\"async\" width=\"2048\" height=\"678\" src=\"https:\/\/obera.fr\/wp-content\/uploads\/2024\/09\/as_messe_logo_4c-2048x678-1.png\" alt=\"Arbeitsschutz Aktuell Stuttgart\" class=\"wp-image-34549\" style=\"width:320px;height:auto\" srcset=\"https:\/\/obera.fr\/wp-content\/uploads\/2024\/09\/as_messe_logo_4c-2048x678-1.png 2048w, https:\/\/obera.fr\/wp-content\/uploads\/2024\/09\/as_messe_logo_4c-2048x678-1-300x99.png 300w, https:\/\/obera.fr\/wp-content\/uploads\/2024\/09\/as_messe_logo_4c-2048x678-1-1024x339.png 1024w, https:\/\/obera.fr\/wp-content\/uploads\/2024\/09\/as_messe_logo_4c-2048x678-1-768x254.png 768w, https:\/\/obera.fr\/wp-content\/uploads\/2024\/09\/as_messe_logo_4c-2048x678-1-1536x509.png 1536w\" sizes=\"(max-width: 2048px) 100vw, 2048px\" \/><\/figure>\n<\/div>\n\n\n\n<div class=\"wp-block-column is-vertically-aligned-center is-layout-flow wp-block-column-is-layout-flow\" style=\"flex-basis:66.66%\">\n<h3 class=\"wp-block-heading\" id=\"sitl-villepinte-2022\">Arbeitsschutz Aktuell Stuttgart 2024<\/h3>\n\n\n\n<p>OberA piedal\u012bj\u0101s <a href=\"https:\/\/arbeitsschutz-aktuell.hinte-messe.de\/\" target=\"_blank\" rel=\"noreferrer noopener\">Arbeitsschutz Aktuell<\/a> no <strong>2024. gada 5. l\u012bdz 7. novembrim<\/strong>.<\/p>\n<\/div>\n<\/div>\n\n<div class=\"wp-block-columns are-vertically-aligned-center is-layout-flex wp-container-core-columns-is-layout-28f84493 wp-block-columns-is-layout-flex\">\n<div class=\"wp-block-column is-vertically-aligned-center is-layout-flow wp-block-column-is-layout-flow\" style=\"flex-basis:33.33%\">\n<figure class=\"wp-block-image aligncenter size-full is-resized\"><img decoding=\"async\" width=\"1200\" height=\"431\" src=\"https:\/\/obera.fr\/wp-content\/uploads\/2024\/06\/visuels-1200-x-630-px-3.jpg\" alt=\"Preventica Lyon 2024. gada 8.-10. oktobris\" class=\"wp-image-32422\" style=\"width:320px;height:auto\" srcset=\"https:\/\/obera.fr\/wp-content\/uploads\/2024\/06\/visuels-1200-x-630-px-3.jpg 1200w, https:\/\/obera.fr\/wp-content\/uploads\/2024\/06\/visuels-1200-x-630-px-3-300x108.jpg 300w, https:\/\/obera.fr\/wp-content\/uploads\/2024\/06\/visuels-1200-x-630-px-3-1024x368.jpg 1024w, https:\/\/obera.fr\/wp-content\/uploads\/2024\/06\/visuels-1200-x-630-px-3-768x276.jpg 768w\" sizes=\"(max-width: 1200px) 100vw, 1200px\" \/><\/figure>\n<\/div>\n\n\n\n<div class=\"wp-block-column is-vertically-aligned-center is-layout-flow wp-block-column-is-layout-flow\" style=\"flex-basis:66.66%\">\n<h3 class=\"wp-block-heading\" id=\"sitl-villepinte-2022\">Preventica Lyon 2024<\/h3>\n\n\n\n<p>OberA bija p\u0101rst\u0101v\u0113ta 5. salon\u0101 izst\u0101d\u0113 <a href=\"https:\/\/www.preventica.com\/congres-salon-preventica-lyon-2024.php\">Preventica<\/a> Lion\u0101 no 2024. gada 8. l\u012bdz 10. oktobrim.<\/p>\n<\/div>\n<\/div>\n\n<div class=\"wp-block-columns are-vertically-aligned-center is-layout-flex wp-container-core-columns-is-layout-28f84493 wp-block-columns-is-layout-flex\">\n<div class=\"wp-block-column is-vertically-aligned-center is-layout-flow wp-block-column-is-layout-flow\" style=\"flex-basis:33.33%\">\n<figure class=\"wp-block-image aligncenter size-full is-resized\"><img decoding=\"async\" width=\"572\" height=\"240\" src=\"https:\/\/obera.fr\/wp-content\/uploads\/2024\/04\/25720.jpg\" alt=\"25720\" class=\"wp-image-29832\" style=\"width:320px;height:auto\" srcset=\"https:\/\/obera.fr\/wp-content\/uploads\/2024\/04\/25720.jpg 572w, https:\/\/obera.fr\/wp-content\/uploads\/2024\/04\/25720-300x126.jpg 300w\" sizes=\"(max-width: 572px) 100vw, 572px\" \/><\/figure>\n<\/div>\n\n\n\n<div class=\"wp-block-column is-vertically-aligned-center is-layout-flow wp-block-column-is-layout-flow\" style=\"flex-basis:66.66%\">\n<h3 class=\"wp-block-heading\" id=\"sitl-villepinte-2022\">Preventica Strasb\u016bra 2024<\/h3>\n\n\n\n<p>OberA piedal\u012bj\u0101s izst\u0101d\u0113 <a href=\"https:\/\/www.preventica.com\/congres-salon-preventica-strasbourg-2024.php\">Preventica Strasb\u016br\u0101<\/a> no 2024. gada 18. l\u012bdz 20. j\u016bnijam.<\/p>\n<\/div>\n<\/div>\n\n<div style=\"height:25px\" aria-hidden=\"true\" class=\"wp-block-spacer\"><\/div>\n\n<div class=\"wp-block-columns are-vertically-aligned-center is-layout-flex wp-container-core-columns-is-layout-28f84493 wp-block-columns-is-layout-flex\">\n<div class=\"wp-block-column is-vertically-aligned-center is-layout-flow wp-block-column-is-layout-flow\" style=\"flex-basis:33.33%\">\n<figure class=\"wp-block-image aligncenter size-full\"><img decoding=\"async\" width=\"1107\" height=\"276\" src=\"https:\/\/obera.fr\/wp-content\/uploads\/2024\/04\/logo_sepem_est_blocdate_2024-hd_0.png\" alt=\"logo sepem est blocdate 2024 hd 0\" class=\"wp-image-29823\" srcset=\"https:\/\/obera.fr\/wp-content\/uploads\/2024\/04\/logo_sepem_est_blocdate_2024-hd_0.png 1107w, https:\/\/obera.fr\/wp-content\/uploads\/2024\/04\/logo_sepem_est_blocdate_2024-hd_0-300x75.png 300w, https:\/\/obera.fr\/wp-content\/uploads\/2024\/04\/logo_sepem_est_blocdate_2024-hd_0-1024x255.png 1024w, https:\/\/obera.fr\/wp-content\/uploads\/2024\/04\/logo_sepem_est_blocdate_2024-hd_0-768x191.png 768w\" sizes=\"(max-width: 1107px) 100vw, 1107px\" \/><\/figure>\n<\/div>\n\n\n\n<div class=\"wp-block-column is-vertically-aligned-center is-layout-flow wp-block-column-is-layout-flow\" style=\"flex-basis:66.66%\">\n<h3 class=\"wp-block-heading\" id=\"sitl-villepinte-2022\">SEPEM Colmar 2024<\/h3>\n\n\n\n<p>No 2024. gada 4. l\u012bdz 6. j\u016bnijam OberA piedal\u012bj\u0101s SEPEM izst\u0101d\u0113 <strong>Kolmar\u0101 <\/strong>.<\/p>\n<\/div>\n<\/div>\n\n<div style=\"height:25px\" aria-hidden=\"true\" class=\"wp-block-spacer\"><\/div>\n\n<div class=\"wp-block-columns are-vertically-aligned-center is-layout-flex wp-container-core-columns-is-layout-28f84493 wp-block-columns-is-layout-flex\">\n<div class=\"wp-block-column is-vertically-aligned-center is-layout-flow wp-block-column-is-layout-flow\" style=\"flex-basis:33.33%\">\n<figure class=\"wp-block-image aligncenter size-full is-resized\"><img decoding=\"async\" width=\"642\" height=\"270\" src=\"https:\/\/obera.fr\/wp-content\/uploads\/2024\/04\/preventica-casablanca-2024.jpg\" alt=\"preventtica casablanca 2024\" class=\"wp-image-29818\" style=\"width:381px;height:auto\" srcset=\"https:\/\/obera.fr\/wp-content\/uploads\/2024\/04\/preventica-casablanca-2024.jpg 642w, https:\/\/obera.fr\/wp-content\/uploads\/2024\/04\/preventica-casablanca-2024-300x126.jpg 300w\" sizes=\"(max-width: 642px) 100vw, 642px\" \/><\/figure>\n<\/div>\n\n\n\n<div class=\"wp-block-column is-vertically-aligned-center is-layout-flow wp-block-column-is-layout-flow\" style=\"flex-basis:66.66%\">\n<h3 class=\"wp-block-heading\" id=\"sitl-villepinte-2022\">Preventica Casablanca 2024<\/h3>\n\n\n\n<p>OberA piedal\u012bj\u0101s izst\u0101d\u0113 <a href=\"https:\/\/www.preventica.ma\/\">Preventica <strong>Kasablank\u0101<\/strong><\/a> no 2024. gada 21. l\u012bdz 23. maijam.<\/p>\n<\/div>\n<\/div>\n\n<div style=\"height:25px\" aria-hidden=\"true\" class=\"wp-block-spacer\"><\/div>\n\n<div class=\"wp-block-columns are-vertically-aligned-center is-layout-flex wp-container-core-columns-is-layout-28f84493 wp-block-columns-is-layout-flex\">\n<div class=\"wp-block-column is-vertically-aligned-center is-layout-flow wp-block-column-is-layout-flow\" style=\"flex-basis:33.33%\">\n<figure class=\"wp-block-image aligncenter size-full\"><img decoding=\"async\" width=\"240\" height=\"112\" src=\"https:\/\/obera.fr\/wp-content\/uploads\/2024\/02\/screenshot-2024-02-06-at-12-16-26-cfia-rennes-2024.png\" alt=\"ekr&#x101;n&#x161;&#x101;vi&#x146;&#x161; 2024 02 06 plkst. 12 16 26 cfia rennes 2024\" class=\"wp-image-27856\"\/><\/figure>\n<\/div>\n\n\n\n<div class=\"wp-block-column is-vertically-aligned-center is-layout-flow wp-block-column-is-layout-flow\" style=\"flex-basis:66.66%\">\n<h3 class=\"wp-block-heading\" id=\"sitl-villepinte-2022\">CFIA 2024 Renn\u0101  <\/h3>\n\n\n\n<p>OberA piedal\u012bj\u0101s izst\u0101d\u0113 CFIA 2024 <strong>Renn\u0101<\/strong> no 2024. gada 12. l\u012bdz 14. martam.<\/p>\n<\/div>\n<\/div>\n\n<div style=\"height:25px\" aria-hidden=\"true\" class=\"wp-block-spacer\"><\/div>\n\n<div class=\"wp-block-columns are-vertically-aligned-center is-layout-flex wp-container-core-columns-is-layout-28f84493 wp-block-columns-is-layout-flex\">\n<div class=\"wp-block-column is-vertically-aligned-center is-layout-flow wp-block-column-is-layout-flow\" style=\"flex-basis:33.33%\">\n<figure class=\"wp-block-image aligncenter size-medium\"><img decoding=\"async\" width=\"300\" height=\"161\" src=\"https:\/\/obera.fr\/wp-content\/uploads\/2024\/02\/jec-world-2024-300x161.jpeg\" alt=\"jec pasaule 2024\" class=\"wp-image-27765\" srcset=\"https:\/\/obera.fr\/wp-content\/uploads\/2024\/02\/jec-world-2024-300x161.jpeg 300w, https:\/\/obera.fr\/wp-content\/uploads\/2024\/02\/jec-world-2024-1024x550.jpeg 1024w, https:\/\/obera.fr\/wp-content\/uploads\/2024\/02\/jec-world-2024-768x413.jpeg 768w, https:\/\/obera.fr\/wp-content\/uploads\/2024\/02\/jec-world-2024.jpeg 1172w\" sizes=\"(max-width: 300px) 100vw, 300px\" \/><\/figure>\n<\/div>\n\n\n\n<div class=\"wp-block-column is-vertically-aligned-center is-layout-flow wp-block-column-is-layout-flow\" style=\"flex-basis:66.66%\">\n<h3 class=\"wp-block-heading\" id=\"sitl-villepinte-2022\">JEC Pasaules kompoz\u012btmateri\u0101lu izst\u0101de 2024<\/h3>\n\n\n\n<p>OberA piedal\u012bj\u0101s <a href=\"https:\/\/www.jec-world.events\/\" data-type=\"link\" data-id=\"https:\/\/www.jec-world.events\/\">JEC Composites Show izst\u0101d\u0113<\/a> Par\u012bz\u0113 no 5. l\u012bdz 7. martam 2024. gad\u0101.<\/p>\n<\/div>\n<\/div>\n\n<div style=\"height:25px\" aria-hidden=\"true\" class=\"wp-block-spacer\"><\/div>\n\n<h3 class=\"wp-block-heading\">M\u016bsu pas\u0101kumi 2023. gad\u0101<\/h3>\n\n<div class=\"wp-block-columns is-layout-flex wp-container-core-columns-is-layout-28f84493 wp-block-columns-is-layout-flex\">\n<div class=\"wp-block-column is-layout-flow wp-block-column-is-layout-flow\" style=\"flex-basis:33.33%\">\n<figure class=\"wp-block-image aligncenter size-full is-resized\"><img decoding=\"async\" width=\"290\" height=\"174\" src=\"https:\/\/obera.fr\/wp-content\/uploads\/2022\/06\/Sans-titre-1.png\" alt=\"Euro pieg&#x101;des &#x137;&#x113;de Mulhouse 2023\" class=\"wp-image-13152\"\/><\/figure>\n<\/div>\n\n\n\n<div class=\"wp-block-column is-layout-flow wp-block-column-is-layout-flow\" style=\"flex-basis:66.66%\">\n<h3 class=\"wp-block-heading\" id=\"sepem-grenoble-2022\">eiro UZ\u0145\u0112MUMU \u0136\u0112\u0122ENES MULHOUSE 2023<\/h3>\n\n\n\n<p>OberA piedal\u012bj\u0101s izst\u0101d\u0113 Euro Supply Chain <strong>Mulhouse <\/strong>2023. gada 8. j\u016bnij\u0101.  <\/p>\n<\/div>\n<\/div>\n\n<div style=\"height:25px\" aria-hidden=\"true\" class=\"wp-block-spacer\"><\/div>\n\n<div class=\"wp-block-columns is-layout-flex wp-container-core-columns-is-layout-28f84493 wp-block-columns-is-layout-flex\">\n<div class=\"wp-block-column is-vertically-aligned-center is-layout-flow wp-block-column-is-layout-flow\" style=\"flex-basis:33.33%\">\n<figure class=\"wp-block-image aligncenter size-medium is-resized\"><img decoding=\"async\" width=\"300\" height=\"75\" src=\"https:\/\/obera.fr\/wp-content\/uploads\/2022\/09\/Logo_SEPEM_Sud_Est_blocdate_2023_0-300x75.png\" alt=\"sepem sud est 2023 logo\" class=\"wp-image-14647\" srcset=\"https:\/\/obera.fr\/wp-content\/uploads\/2022\/09\/Logo_SEPEM_Sud_Est_blocdate_2023_0-300x75.png 300w, https:\/\/obera.fr\/wp-content\/uploads\/2022\/09\/Logo_SEPEM_Sud_Est_blocdate_2023_0.png 600w\" sizes=\"(max-width: 300px) 100vw, 300px\" \/><\/figure>\n<\/div>\n\n\n\n<div class=\"wp-block-column is-layout-flow wp-block-column-is-layout-flow\" style=\"flex-basis:66.66%\">\n<h3 class=\"wp-block-heading\" id=\"sepem-grenoble-2022\">SEPEM MARTIGUES 2023<\/h3>\n\n\n\n<p>OberA atrad\u0101s SEPEM <strong>Martigues<\/strong> no 2023. gada 06. l\u012bdz 08. j\u016bnijam.<\/p>\n<\/div>\n<\/div>\n\n<div style=\"height:25px\" aria-hidden=\"true\" class=\"wp-block-spacer\"><\/div>\n\n<div class=\"wp-block-columns are-vertically-aligned-center is-layout-flex wp-container-core-columns-is-layout-28f84493 wp-block-columns-is-layout-flex\">\n<div class=\"wp-block-column is-vertically-aligned-center is-layout-flow wp-block-column-is-layout-flow\" style=\"flex-basis:33.33%\">\n<figure class=\"wp-block-image aligncenter size-medium is-resized\"><img decoding=\"async\" width=\"300\" height=\"78\" src=\"https:\/\/obera.fr\/wp-content\/uploads\/2022\/06\/logo-preventica-300x78.png\" alt=\"preventica 2023 logotips\" class=\"wp-image-13130\" srcset=\"https:\/\/obera.fr\/wp-content\/uploads\/2022\/06\/logo-preventica-300x78.png 300w, https:\/\/obera.fr\/wp-content\/uploads\/2022\/06\/logo-preventica-1024x265.png 1024w, https:\/\/obera.fr\/wp-content\/uploads\/2022\/06\/logo-preventica-768x199.png 768w, https:\/\/obera.fr\/wp-content\/uploads\/2022\/06\/logo-preventica-1536x398.png 1536w, https:\/\/obera.fr\/wp-content\/uploads\/2022\/06\/logo-preventica.png 1843w\" sizes=\"(max-width: 300px) 100vw, 300px\" \/><\/figure>\n<\/div>\n\n\n\n<div class=\"wp-block-column is-vertically-aligned-center is-layout-flow wp-block-column-is-layout-flow\" style=\"flex-basis:66.66%\">\n<h3 class=\"wp-block-heading\" id=\"sitl-villepinte-2022\">PREVENTICA 2023<\/h3>\n\n\n\n<p>OberA piedal\u012bj\u0101s izst\u0101d\u0113 <a href=\"https:\/\/www.preventica.com\/congres-salon-preventica-paris-2023-infos-pratiques.php\">Pr\u00e9ventica <\/a>, kas notika 2023. gada 23.-25. maij\u0101 <strong>Par\u012bz\u0113, Portes de Versailles<\/strong>.<\/p>\n<\/div>\n<\/div>\n\n<div style=\"height:25px\" aria-hidden=\"true\" class=\"wp-block-spacer\"><\/div>\n\n<div class=\"wp-block-columns are-vertically-aligned-center is-layout-flex wp-container-core-columns-is-layout-28f84493 wp-block-columns-is-layout-flex\">\n<div class=\"wp-block-column is-vertically-aligned-center is-layout-flow wp-block-column-is-layout-flow\" style=\"flex-basis:33.33%\">\n<figure class=\"wp-block-image aligncenter size-full\"><img decoding=\"async\" width=\"225\" height=\"56\" src=\"https:\/\/obera.fr\/wp-content\/uploads\/2022\/12\/07-10-mars-2023-2.png\" alt=\"JEC Composites izst&#x101;de 2023\" class=\"wp-image-16887\"\/><\/figure>\n<\/div>\n\n\n\n<div class=\"wp-block-column is-vertically-aligned-center is-layout-flow wp-block-column-is-layout-flow\" style=\"flex-basis:66.66%\">\n<h3 class=\"wp-block-heading\" id=\"sitl-villepinte-2022\">JEC Pasaules kompoz\u012btmateri\u0101lu izst\u0101de 2023<\/h3>\n\n\n\n<p>OberA piedal\u012bj\u0101s JEC Composites Show izst\u0101d\u0113 <strong>Par\u012bz\u0113 Nord Villepinte<\/strong> no 25. l\u012bdz 27. apr\u012blim 2023. gad\u0101.<\/p>\n<\/div>\n<\/div>\n\n<div style=\"height:25px\" aria-hidden=\"true\" class=\"wp-block-spacer\"><\/div>\n\n<div class=\"wp-block-columns are-vertically-aligned-center is-layout-flex wp-container-core-columns-is-layout-28f84493 wp-block-columns-is-layout-flex\">\n<div class=\"wp-block-column is-vertically-aligned-center is-layout-flow wp-block-column-is-layout-flow\" style=\"flex-basis:33.33%\">\n<figure class=\"wp-block-image aligncenter size-medium is-resized\"><img decoding=\"async\" width=\"300\" height=\"186\" src=\"https:\/\/obera.fr\/wp-content\/uploads\/2021\/09\/LogoSiTL-couleurs_v2-300x186.png\" alt=\"SITL 2023 logotips\" class=\"wp-image-6989\" srcset=\"https:\/\/obera.fr\/wp-content\/uploads\/2021\/09\/LogoSiTL-couleurs_v2-300x186.png 300w, https:\/\/obera.fr\/wp-content\/uploads\/2021\/09\/LogoSiTL-couleurs_v2.png 592w\" sizes=\"(max-width: 300px) 100vw, 300px\" \/><\/figure>\n<\/div>\n\n\n\n<div class=\"wp-block-column is-vertically-aligned-center is-layout-flow wp-block-column-is-layout-flow\" style=\"flex-basis:66.66%\">\n<h3 class=\"wp-block-heading\" id=\"sitl-villepinte-2022\">SITL PORTE DE VERSAILLES 2023<\/h3>\n\n\n\n<p>OberA bija izst\u0101d\u0113 SITL <strong>Par\u012bz\u0113, Porte de Versa\u013cas pil<\/strong> \u012b, no 2023. gada 28. l\u012bdz 30. martam.<\/p>\n<\/div>\n<\/div>\n\n<div style=\"height:25px\" aria-hidden=\"true\" class=\"wp-block-spacer\"><\/div>\n\n<div class=\"wp-block-columns are-vertically-aligned-center is-layout-flex wp-container-core-columns-is-layout-28f84493 wp-block-columns-is-layout-flex\">\n<div class=\"wp-block-column is-vertically-aligned-center is-layout-flow wp-block-column-is-layout-flow\" style=\"flex-basis:33.33%\">\n<figure class=\"wp-block-image aligncenter size-full is-resized\"><img decoding=\"async\" width=\"225\" height=\"56\" src=\"https:\/\/obera.fr\/wp-content\/uploads\/2022\/11\/07-10-mars-2023.png\" alt=\"Global industrie Lyon 2023\" class=\"wp-image-16106\"\/><\/figure>\n<\/div>\n\n\n\n<div class=\"wp-block-column is-vertically-aligned-center is-layout-flow wp-block-column-is-layout-flow\" style=\"flex-basis:66.66%\">\n<h3 class=\"wp-block-heading\" id=\"sitl-villepinte-2022\">GLOB\u0100L\u0100 R\u016aPNIEC\u012aBA 2023<\/h3>\n\n\n\n<p>OberA piedal\u012bj\u0101s izst\u0101d\u0113 <a href=\"https:\/\/www.preventica.com\/congres-salon-preventica-paris-2023-infos-pratiques.php\">Global Industrie <\/a><strong> Lionas <\/strong>Eurexpo<strong> <\/strong>no 2023. gada 7. l\u012bdz 10. martam.<\/p>\n<\/div>\n<\/div>\n\n<div style=\"height:25px\" aria-hidden=\"true\" class=\"wp-block-spacer\"><\/div>\n\n<h3 class=\"wp-block-heading\">M\u016bsu pas\u0101kumi 2022. gad\u0101<\/h3>\n\n<div class=\"wp-block-columns is-layout-flex wp-container-core-columns-is-layout-28f84493 wp-block-columns-is-layout-flex\">\n<div class=\"wp-block-column is-vertically-aligned-center is-layout-flow wp-block-column-is-layout-flow\" style=\"flex-basis:33.33%\">\n<figure class=\"wp-block-image aligncenter size-full is-resized\"><img decoding=\"async\" width=\"225\" height=\"56\" src=\"https:\/\/obera.fr\/wp-content\/uploads\/2022\/11\/sans-titre-2022-11-23t083000.127.png\" alt=\"SEPEM Grenobles r&#x16B;pniec&#x12B;bas izst&#x101;de\" class=\"wp-image-16099\"\/><\/figure>\n<\/div>\n\n\n\n<div class=\"wp-block-column is-layout-flow wp-block-column-is-layout-flow\" style=\"flex-basis:66.66%\">\n<h3 class=\"wp-block-heading\" id=\"sepem-grenoble-2022\">SEPEM GRENOBLE 2022<\/h3>\n\n\n\n<p>No 2022. gada 22. l\u012bdz 24. novembrim OberA piedal\u012bj\u0101s SEPEM Grenobles r\u016bpniec\u012bbas izst\u0101d\u0113.<\/p>\n<\/div>\n<\/div>\n\n<div style=\"height:25px\" aria-hidden=\"true\" class=\"wp-block-spacer\"><\/div>\n\n<div class=\"wp-block-columns is-layout-flex wp-container-core-columns-is-layout-28f84493 wp-block-columns-is-layout-flex\">\n<div class=\"wp-block-column is-vertically-aligned-top is-layout-flow wp-block-column-is-layout-flow\" style=\"flex-basis:33.3%\">\n<figure class=\"wp-block-image aligncenter size-full is-resized\"><img decoding=\"async\" width=\"350\" height=\"288\" src=\"https:\/\/obera.fr\/wp-content\/uploads\/2022\/10\/logo_ws_france_pms302_rgb-1.png\" alt=\"logo wordskills francija  &#10;\" class=\"wp-image-15549\" style=\"width:177px;height:auto\" srcset=\"https:\/\/obera.fr\/wp-content\/uploads\/2022\/10\/logo_ws_france_pms302_rgb-1.png 350w, https:\/\/obera.fr\/wp-content\/uploads\/2022\/10\/logo_ws_france_pms302_rgb-1-300x247.png 300w\" sizes=\"(max-width: 350px) 100vw, 350px\" \/><\/figure>\n\n\n\n<div style=\"height:25px\" aria-hidden=\"true\" class=\"wp-block-spacer\"><\/div>\n<\/div>\n\n\n\n<div class=\"wp-block-column is-layout-flow wp-block-column-is-layout-flow\" style=\"flex-basis:66.7%\">\n<p><\/p>\n\n\n\n<h3 class=\"wp-block-heading\" id=\"sepem-colmar-2022\">Worldskills francija 2022<\/h3>\n\n\n\n<p>OberA piedal\u012bj\u0101s <a href=\"https:\/\/www.worldskills-france.org\/\">Worldskills<strong> Bordo<\/strong><\/a> pas\u0101kum\u0101 no 2022. gada 19. l\u012bdz 22. oktobrim.<\/p>\n<\/div>\n<\/div>\n\n<div class=\"wp-block-columns is-layout-flex wp-container-core-columns-is-layout-28f84493 wp-block-columns-is-layout-flex\">\n<div class=\"wp-block-column is-layout-flow wp-block-column-is-layout-flow\" style=\"flex-basis:33.33%\">\n<figure class=\"wp-block-image aligncenter size-full is-resized\"><img decoding=\"async\" width=\"1000\" height=\"275\" src=\"https:\/\/obera.fr\/wp-content\/uploads\/2023\/08\/logo_sepem_2022_1.jpg\" alt=\"sepem 2022 logo 1\" class=\"wp-image-23857\" srcset=\"https:\/\/obera.fr\/wp-content\/uploads\/2023\/08\/logo_sepem_2022_1.jpg 1000w, https:\/\/obera.fr\/wp-content\/uploads\/2023\/08\/logo_sepem_2022_1-300x83.jpg 300w, https:\/\/obera.fr\/wp-content\/uploads\/2023\/08\/logo_sepem_2022_1-768x211.jpg 768w\" sizes=\"(max-width: 1000px) 100vw, 1000px\" \/><\/figure>\n\n\n\n<div style=\"height:25px\" aria-hidden=\"true\" class=\"wp-block-spacer\"><\/div>\n<\/div>\n\n\n\n<div class=\"wp-block-column is-layout-flow wp-block-column-is-layout-flow\" style=\"flex-basis:66.66%\">\n<h3 class=\"wp-block-heading\" id=\"sepem-colmar-2022\">SEPEM COLMAR 2022<\/h3>\n\n\n\n<p>OberA no 2022. gada 14. l\u012bdz 16. j\u016bnijam bija SEPEM <strong>Kolm\u0101ra <\/strong>.<\/p>\n<\/div>\n<\/div>\n\n<div class=\"wp-block-columns are-vertically-aligned-center is-layout-flex wp-container-core-columns-is-layout-28f84493 wp-block-columns-is-layout-flex\">\n<div class=\"wp-block-column is-vertically-aligned-center is-layout-flow wp-block-column-is-layout-flow\" style=\"flex-basis:33.33%\">\n<figure class=\"wp-block-image aligncenter size-full is-resized\"><img decoding=\"async\" width=\"290\" height=\"174\" src=\"https:\/\/obera.fr\/wp-content\/uploads\/2022\/06\/Sans-titre-1.png\" alt=\"Euro pieg&#x101;des &#x137;&#x113;de Mulhouse 2022\" class=\"wp-image-13152\"\/><\/figure>\n<\/div>\n\n\n\n<div class=\"wp-block-column is-vertically-aligned-center is-layout-flow wp-block-column-is-layout-flow\" style=\"flex-basis:66.66%\">\n<h3 class=\"wp-block-heading\" id=\"sitl-villepinte-2022\">EURO PIEG\u0100DES \u0136\u0112DE MULHOUSE 2022<\/h3>\n\n\n\n<p>2022. gada 2. j\u016bnij\u0101 OberA piedal\u012bj\u0101s Euro Supply Chain izst\u0101d\u0113 <strong>Mulh\u016bz\u0101 <\/strong>.<\/p>\n<\/div>\n<\/div>\n\n<div style=\"height:25px\" aria-hidden=\"true\" class=\"wp-block-spacer\"><\/div>\n\n<div class=\"wp-block-columns are-vertically-aligned-center is-layout-flex wp-container-core-columns-is-layout-28f84493 wp-block-columns-is-layout-flex\">\n<div class=\"wp-block-column is-vertically-aligned-center is-layout-flow wp-block-column-is-layout-flow\" style=\"flex-basis:33.33%\">\n<figure class=\"wp-block-image aligncenter size-medium is-resized\"><img decoding=\"async\" width=\"300\" height=\"78\" src=\"https:\/\/obera.fr\/wp-content\/uploads\/2022\/06\/logo-preventica-300x78.png\" alt=\"preventica 2022 logotips\" class=\"wp-image-13130\" srcset=\"https:\/\/obera.fr\/wp-content\/uploads\/2022\/06\/logo-preventica-300x78.png 300w, https:\/\/obera.fr\/wp-content\/uploads\/2022\/06\/logo-preventica-1024x265.png 1024w, https:\/\/obera.fr\/wp-content\/uploads\/2022\/06\/logo-preventica-768x199.png 768w, https:\/\/obera.fr\/wp-content\/uploads\/2022\/06\/logo-preventica-1536x398.png 1536w, https:\/\/obera.fr\/wp-content\/uploads\/2022\/06\/logo-preventica.png 1843w\" sizes=\"(max-width: 300px) 100vw, 300px\" \/><\/figure>\n<\/div>\n\n\n\n<div class=\"wp-block-column is-vertically-aligned-center is-layout-flow wp-block-column-is-layout-flow\" style=\"flex-basis:66.66%\">\n<h3 class=\"wp-block-heading\" id=\"sitl-villepinte-2022\">PREVENTICA 2022<\/h3>\n\n\n\n<p>No 2022. gada 17. l\u012bdz 19. maijam OberA piedal\u012bj\u0101s izst\u0101d\u0113 <a href=\"https:\/\/www.preventica.com\/?gclid=CjwKCAjw7vuUBhBUEiwAEdu2pFGIhuTgp5sxe5VimwdNeQlANKIQJWpRUYiHN8m4bbNa0Qgn9UXt_hoCdCMQAvD_BwE\">Pr\u00e9ventica <\/a> <strong>Nant\u0113 <\/strong>.<\/p>\n<\/div>\n<\/div>\n\n<div style=\"height:25px\" aria-hidden=\"true\" class=\"wp-block-spacer\"><\/div>\n\n<div class=\"wp-block-columns are-vertically-aligned-center is-layout-flex wp-container-core-columns-is-layout-28f84493 wp-block-columns-is-layout-flex\">\n<div class=\"wp-block-column is-vertically-aligned-center is-layout-flow wp-block-column-is-layout-flow\" style=\"flex-basis:33.33%\">\n<figure class=\"wp-block-image aligncenter size-medium is-resized\"><img decoding=\"async\" width=\"300\" height=\"186\" src=\"https:\/\/obera.fr\/wp-content\/uploads\/2021\/09\/LogoSiTL-couleurs_v2-300x186.png\" alt=\"sitl 2022 logo\" class=\"wp-image-6989\" srcset=\"https:\/\/obera.fr\/wp-content\/uploads\/2021\/09\/LogoSiTL-couleurs_v2-300x186.png 300w, https:\/\/obera.fr\/wp-content\/uploads\/2021\/09\/LogoSiTL-couleurs_v2.png 592w\" sizes=\"(max-width: 300px) 100vw, 300px\" \/><\/figure>\n<\/div>\n\n\n\n<div class=\"wp-block-column is-vertically-aligned-center is-layout-flow wp-block-column-is-layout-flow\" style=\"flex-basis:66.66%\">\n<h3 class=\"wp-block-heading\" id=\"sitl-villepinte-2022\">SITL VILLEPINTE 2022<\/h3>\n\n\n\n<p>OberA no 2022. gada 5. l\u012bdz 8. apr\u012blim bija izst\u0101d\u0113 <a href=\"https:\/\/sitl.portail-exposant.com\/\">SITL <\/a> <strong>Paris Nord Villepinte<\/strong>.<\/p>\n<\/div>\n<\/div>\n\n<div style=\"height:25px\" aria-hidden=\"true\" class=\"wp-block-spacer\"><\/div>\n\n<h3 class=\"wp-block-heading\">M\u016bsu pas\u0101kumi 2021. gad\u0101<\/h3>\n\n<div class=\"wp-block-columns are-vertically-aligned-center is-layout-flex wp-container-core-columns-is-layout-28f84493 wp-block-columns-is-layout-flex\">\n<div class=\"wp-block-column is-vertically-aligned-center is-layout-flow wp-block-column-is-layout-flow\" style=\"flex-basis:33.33%\">\n<figure class=\"wp-block-image aligncenter size-large\"><img decoding=\"async\" width=\"143\" height=\"123\" src=\"https:\/\/obera.fr\/wp-content\/uploads\/2020\/11\/be-4-mulhouse-2021.png\" alt=\"B&#x16B;t 4 Mulhouse 2021\" class=\"wp-image-1562\"\/><\/figure>\n\n\n\n<div style=\"height:25px\" aria-hidden=\"true\" class=\"wp-block-spacer\"><\/div>\n<\/div>\n\n\n\n<div class=\"wp-block-column is-vertically-aligned-center is-layout-flow wp-block-column-is-layout-flow\" style=\"flex-basis:66.66%\">\n<h3 class=\"wp-block-heading\" id=\"be-4-0-mulhouse\">BE 4.0 Mulhouse 2021<\/h3>\n\n\n\n<p>2021. gada 30. novembr\u012b un<sup>1.<\/sup> decembr\u012b OberA piedal\u012bj\u0101s izst\u0101d\u0113 BE 4.0 <strong>M\u0101l\u016bz\u0101 <\/strong>.<\/p>\n<\/div>\n<\/div>\n\n<div class=\"wp-block-columns are-vertically-aligned-center is-layout-flex wp-container-core-columns-is-layout-28f84493 wp-block-columns-is-layout-flex\">\n<div class=\"wp-block-column is-vertically-aligned-center is-layout-flow wp-block-column-is-layout-flow\" style=\"flex-basis:33.33%\">\n<figure class=\"wp-block-image aligncenter size-medium is-resized\"><img decoding=\"async\" width=\"300\" height=\"186\" src=\"https:\/\/obera.fr\/wp-content\/uploads\/2021\/09\/LogoSiTL-couleurs_v2-300x186.png\" alt=\"logositl kr&#x101;sas v2\" class=\"wp-image-6989\" srcset=\"https:\/\/obera.fr\/wp-content\/uploads\/2021\/09\/LogoSiTL-couleurs_v2-300x186.png 300w, https:\/\/obera.fr\/wp-content\/uploads\/2021\/09\/LogoSiTL-couleurs_v2.png 592w\" sizes=\"(max-width: 300px) 100vw, 300px\" \/><\/figure>\n<\/div>\n\n\n\n<div class=\"wp-block-column is-vertically-aligned-center is-layout-flow wp-block-column-is-layout-flow\" style=\"flex-basis:66.66%\">\n<h3 class=\"wp-block-heading\" id=\"sitl-villepinte-2021\">SITL VILLEPINTE 2021<\/h3>\n\n\n\n<p>OberA no 2021. gada 13. l\u012bdz 15. septembrim atrad\u0101s SITL <strong>Paris Nord Villepinte<\/strong>.<\/p>\n<\/div>\n<\/div>\n\n<div style=\"height:25px\" aria-hidden=\"true\" class=\"wp-block-spacer\"><\/div>\n\n<div class=\"wp-block-columns are-vertically-aligned-center is-layout-flex wp-container-core-columns-is-layout-28f84493 wp-block-columns-is-layout-flex\">\n<div class=\"wp-block-column is-vertically-aligned-center is-layout-flow wp-block-column-is-layout-flow\" style=\"flex-basis:33.33%\">\n<figure class=\"wp-block-image aligncenter size-full is-resized\"><img decoding=\"async\" width=\"400\" height=\"105\" src=\"https:\/\/obera.fr\/wp-content\/uploads\/2020\/11\/sepem-colmar-2021.png\" alt=\"Sepem Colmar 2021\" class=\"wp-image-1561\" style=\"width:381px;height:auto\" srcset=\"https:\/\/obera.fr\/wp-content\/uploads\/2020\/11\/sepem-colmar-2021.png 400w, https:\/\/obera.fr\/wp-content\/uploads\/2020\/11\/sepem-colmar-2021-300x79.png 300w\" sizes=\"(max-width: 400px) 100vw, 400px\" \/><\/figure>\n<\/div>\n\n\n\n<div class=\"wp-block-column is-vertically-aligned-center is-layout-flow wp-block-column-is-layout-flow\" style=\"flex-basis:66.66%\">\n<h3 class=\"wp-block-heading\" id=\"sepem-colmar\">SEPEM INDUSTRIES Colmar 2021<\/h3>\n\n\n\n<p>OberA no 2021. gada 15. l\u012bdz 21. j\u016bnijam piedal\u012bj\u0101s SEPEM Industries izst\u0101d\u0113 <strong>Kolm\u0101r\u0101<\/strong>.<\/p>\n<\/div>\n<\/div>\n\n<div style=\"height:25px\" aria-hidden=\"true\" class=\"wp-block-spacer\"><\/div>\n\n<h3 class=\"wp-block-heading\">M\u016bsu pas\u0101kumi 2020. gad\u0101<\/h3>\n\n<div class=\"wp-block-columns are-vertically-aligned-center is-layout-flex wp-container-core-columns-is-layout-28f84493 wp-block-columns-is-layout-flex\">\n<div class=\"wp-block-column is-vertically-aligned-center is-layout-flow wp-block-column-is-layout-flow\" style=\"flex-basis:33.33%\">\n<figure class=\"wp-block-image aligncenter size-full is-resized\"><img decoding=\"async\" width=\"300\" height=\"78\" src=\"https:\/\/obera.fr\/wp-content\/uploads\/2020\/10\/sepem_grenoble_2020.png\" alt=\"Sepem Grenoble 2020\" class=\"wp-image-1194\"\/><\/figure>\n<\/div>\n\n\n\n<div class=\"wp-block-column is-vertically-aligned-center is-layout-flow wp-block-column-is-layout-flow\" style=\"flex-basis:66.66%\">\n<h3 class=\"wp-block-heading\" id=\"salon-sepem-industries-grenoble-2020\">SEPEM Industries Grenoble 2020<\/h3>\n\n\n\n<p>OberA piedal\u012bj\u0101s SEPEM Industries izst\u0101d\u0113 <strong>Grenobl\u0113<\/strong> 2020. gada 11., 12. un 13. febru\u0101r\u012b.<\/p>\n<\/div>\n<\/div>\n\n<div style=\"height:25px\" aria-hidden=\"true\" class=\"wp-block-spacer\"><\/div>\n\n<h3 class=\"wp-block-heading\">M\u016bsu pas\u0101kumi 2019. gad\u0101<\/h3>\n\n<div class=\"wp-block-group is-layout-flow wp-block-group-is-layout-flow\">\n<div class=\"wp-block-columns are-vertically-aligned-center is-layout-flex wp-container-core-columns-is-layout-28f84493 wp-block-columns-is-layout-flex\">\n<div class=\"wp-block-column is-vertically-aligned-center is-layout-flow wp-block-column-is-layout-flow\" style=\"flex-basis:33.33%\">\n<figure class=\"wp-block-image alignleft size-full is-resized\"><img decoding=\"async\" width=\"300\" height=\"186\" src=\"https:\/\/obera.fr\/wp-content\/uploads\/2020\/10\/euromanut_2019.jpg\" alt=\"Euromanut 2019\" class=\"wp-image-1193\"\/><\/figure>\n<\/div>\n\n\n\n<div class=\"wp-block-column is-vertically-aligned-center is-layout-flow wp-block-column-is-layout-flow\" style=\"flex-basis:66.66%\">\n<h3 class=\"wp-block-heading\" id=\"salon-europack-euromanut-cfia-2019\">Europack Euromanut CFIA 2019<\/h3>\n\n\n\n<p>OberA piedal\u012bj\u0101s <a href=\"https:\/\/www.prodandpack.com\/\">Europack Euromanut CFIA<\/a> izst\u0101d\u0113 <strong>Lion\u0101<\/strong> 2019. gada 19., 20. un 21. novembr\u012b.<\/p>\n<\/div>\n<\/div>\n<\/div>\n\n<div style=\"height:25px\" aria-hidden=\"true\" class=\"wp-block-spacer\"><\/div>\n\n<h3 class=\"wp-block-heading\">M\u016bsu pas\u0101kumi 2018. gad\u0101<\/h3>\n\n<div class=\"wp-block-group is-layout-flow wp-block-group-is-layout-flow\">\n<div class=\"wp-block-columns are-vertically-aligned-center is-layout-flex wp-container-core-columns-is-layout-28f84493 wp-block-columns-is-layout-flex\">\n<div class=\"wp-block-column is-vertically-aligned-center is-layout-flow wp-block-column-is-layout-flow\" style=\"flex-basis:33.33%\">\n<figure class=\"wp-block-image alignleft size-full is-resized\"><img decoding=\"async\" width=\"400\" height=\"250\" src=\"https:\/\/obera.fr\/wp-content\/uploads\/2020\/10\/pollutech-2018.png\" alt=\"Pollutech 2018\" class=\"wp-image-1192\" srcset=\"https:\/\/obera.fr\/wp-content\/uploads\/2020\/10\/pollutech-2018.png 400w, https:\/\/obera.fr\/wp-content\/uploads\/2020\/10\/pollutech-2018-300x188.png 300w\" sizes=\"(max-width: 400px) 100vw, 400px\" \/><\/figure>\n\n\n\n<div style=\"height:34px\" aria-hidden=\"true\" class=\"wp-block-spacer\"><\/div>\n<\/div>\n\n\n\n<div class=\"wp-block-column is-vertically-aligned-center is-layout-flow wp-block-column-is-layout-flow\" style=\"flex-basis:66.66%\">\n<h3 class=\"wp-block-heading\" id=\"pollutec-lyon-2018\">POLLUTEC LYON 2018<\/h3>\n\n\n\n<p>OberA piedal\u012bj\u0101s POLLUTEC izst\u0101d\u0113 <strong>Lion\u0101 <\/strong>no 2018. gada 27. l\u012bdz 30. novembrim<\/p>\n\n\n\n<div style=\"height:33px\" aria-hidden=\"true\" class=\"wp-block-spacer\"><\/div>\n<\/div>\n<\/div>\n<\/div>\n\n<div class=\"wp-block-group is-layout-flow wp-block-group-is-layout-flow\">\n<div class=\"wp-block-columns are-vertically-aligned-center is-layout-flex wp-container-core-columns-is-layout-28f84493 wp-block-columns-is-layout-flex\">\n<div class=\"wp-block-column is-vertically-aligned-center is-layout-flow wp-block-column-is-layout-flow\" style=\"flex-basis:33.33%\">\n<figure class=\"wp-block-image size-large is-resized\"><img decoding=\"async\" width=\"400\" height=\"250\" src=\"https:\/\/obera.fr\/wp-content\/uploads\/2020\/10\/Vrac-Tech-2018.png\" alt=\"Bulk Tech 2018\" class=\"wp-image-1191\" style=\"width:381px;height:auto\" srcset=\"https:\/\/obera.fr\/wp-content\/uploads\/2020\/10\/Vrac-Tech-2018.png 400w, https:\/\/obera.fr\/wp-content\/uploads\/2020\/10\/Vrac-Tech-2018-300x188.png 300w\" sizes=\"(max-width: 400px) 100vw, 400px\" \/><\/figure>\n<\/div>\n\n\n\n<div class=\"wp-block-column is-vertically-aligned-center is-layout-flow wp-block-column-is-layout-flow\" style=\"flex-basis:66.66%\">\n<h3 class=\"wp-block-heading\" id=\"vractech-bulktech-2018\">VRACTECH BULKTECH 2018<\/h3>\n\n\n\n<p>OberA no 2018. gada 16. l\u012bdz 18. oktobrim piedal\u012bj\u0101s izst\u0101d\u0113 VRACTECH BULKTECH <strong>M\u00c2CON<\/strong>.<\/p>\n<\/div>\n<\/div>\n\n\n\n<hr class=\"wp-block-separator has-css-opacity\"\/>\n<\/div>\n","protected":false},"excerpt":{"rendered":"<p>Zem\u0101k varat apl\u016bkot da\u017e\u0101dus pas\u0101kumus, kuros m\u0113s piedal\u012bsimies 2025. gad\u0101. M\u0113s ar nepaciet\u012bbu gaid\u0101m tik\u0161anos ar jums. OberA. Gaid\u0101mie 2025. gada pas\u0101kumi Pr\u00e9ventica Bordeaux No 2025. gada 14. l\u012bdz 16. oktobrim OberA b\u016bs p\u0101rst\u0101v\u0113ta H24 stend\u0101 izst\u0101\u017eu centr\u0101. Iepriek\u0161\u0113jie notikumi M\u016bsu pas\u0101kumi 2025. gad\u0101 Pr\u00e9ventica Paris OberA piedal\u012bsies izst\u0101d\u0113 Preventica Paris, Porte de Versailles, no 2025. gada 10. l\u012bdz 12. j\u016bnijam. SEPEM Douai No 2025 . gada 28. l\u012bdz 30. janv\u0101rim OberA piedal\u012bj\u0101s izst\u0101d\u0113 SEPEM 2025 Douai. JEC World 2025 No 2025. gada 04. l\u012bdz 06. martam OberA bija p\u0101rst\u0101v\u0113ta stend\u0101 6C73 izst\u0101d\u0113 Paris-Nord Villepinte. M\u016bsu pas\u0101kumi 2024. gad\u0101 SEPEM &#8230; <\/p>\n<p class=\"read-more-container\"><a title=\"Vai m\u0113s tiksimies?\" class=\"read-more button\" href=\"https:\/\/obera.fr\/lv\/decouvrir\/salons\/#more-46831\" aria-label=\"Read more about Vai m\u0113s tiksimies?\">Lire la suite<\/a><\/p>\n","protected":false},"author":4,"featured_media":83743,"parent":42562,"menu_order":0,"comment_status":"closed","ping_status":"closed","template":"","meta":{"_acf_changed":false,"_seopress_robots_primary_cat":"","_seopress_titles_title":"oberA: m\u016bsu kl\u0101tb\u016btne nozares izst\u0101d\u0113s kop\u0161 2018. gada","_seopress_titles_desc":"Pag\u0101tnes un n\u0101kotnes notikumi. M\u016bsu kl\u0101tb\u016btne gaid\u0101maj\u0101s nozares izst\u0101d\u0113s Francij\u0101. \u0160\u012b lapa var tikt regul\u0101ri atjaunin\u0101ta.  ","_seopress_robots_index":"","footnotes":""},"class_list":{"0":"post-46831","1":"page","2":"type-page","3":"status-publish","4":"has-post-thumbnail","6":"no-featured-image-padding","7":"resize-featured-image"},"acf":[],"_links":{"self":[{"href":"https:\/\/obera.fr\/lv\/wp-json\/wp\/v2\/pages\/46831","targetHints":{"allow":["GET"]}}],"collection":[{"href":"https:\/\/obera.fr\/lv\/wp-json\/wp\/v2\/pages"}],"about":[{"href":"https:\/\/obera.fr\/lv\/wp-json\/wp\/v2\/types\/page"}],"author":[{"embeddable":true,"href":"https:\/\/obera.fr\/lv\/wp-json\/wp\/v2\/users\/4"}],"replies":[{"embeddable":true,"href":"https:\/\/obera.fr\/lv\/wp-json\/wp\/v2\/comments?post=46831"}],"version-history":[{"count":12,"href":"https:\/\/obera.fr\/lv\/wp-json\/wp\/v2\/pages\/46831\/revisions"}],"predecessor-version":[{"id":114412,"href":"https:\/\/obera.fr\/lv\/wp-json\/wp\/v2\/pages\/46831\/revisions\/114412"}],"up":[{"embeddable":true,"href":"https:\/\/obera.fr\/lv\/wp-json\/wp\/v2\/pages\/42562"}],"wp:featuredmedia":[{"embeddable":true,"href":"https:\/\/obera.fr\/lv\/wp-json\/wp\/v2\/media\/83743"}],"wp:attachment":[{"href":"https:\/\/obera.fr\/lv\/wp-json\/wp\/v2\/media?parent=46831"}],"curies":[{"name":"wp","href":"https:\/\/api.w.org\/{rel}","templated":true}]}}