{"id":62065,"date":"2021-07-23T14:22:11","date_gmt":"2021-07-23T12:22:11","guid":{"rendered":"https:\/\/obera.fr\/achat-merci\/"},"modified":"2025-02-17T11:38:14","modified_gmt":"2025-02-17T09:38:14","slug":"achat-merci","status":"publish","type":"page","link":"https:\/\/obera.fr\/lv\/achat-merci\/","title":{"rendered":"Paldies, ka pas\u016bt\u012bj\u0101t no obera.fr"},"content":{"rendered":"\n<p>Kam\u0113r gaid\u0101t, kad j\u016bsu pas\u016bt\u012bjums tiks pieg\u0101d\u0101ts, varat las\u012bt jaun\u0101kos emu\u0101ra ierakstus.<\/p>\n<ul class=\"wp-block-latest-posts__list is-grid columns-2 wp-block-latest-posts\"><li><a class=\"wp-block-latest-posts__post-title\" href=\"https:\/\/obera.fr\/lv\/prese\/vai-franci-ziema-elpo-veseligi-sava-darba-vieta\/\">Vai fran\u010di ziem\u0101 elpo vesel\u012bgi sav\u0101 darba viet\u0101?<\/a><div class=\"wp-block-latest-posts__post-excerpt\">OberA atkl\u0101j jaunas aptaujas*, kas veikta ar 4102 cilv\u0113kiem, rezult\u0101tus, kas izce\u013c past\u0101v\u012bgu neatbilst\u012bbu starp termisko komfortu un gaisa kvalit\u0101ti darba viet\u0101: \u013coti apstr\u012bd\u0113tas ide\u0101l\u0101s temperat\u016bras, reta ziemas v\u0113din\u0101\u0161ana, gaisa att\u012br\u012b\u0161anas ier\u012b\u010du tr\u016bkums, slikti kontrol\u0113ts mitrums un \u0161aubas par pareizajiem pas\u0101kumiem pret v\u012brusiem. P\u0113t\u012bjums ar\u012b uzsver lielas cer\u012bbas attiec\u012bb\u0101 uz darba &#8230; <p class=\"read-more-container\"><a title=\"Vai fran\u010di ziem\u0101 elpo vesel\u012bgi sav\u0101 darba viet\u0101?\" class=\"read-more button\" href=\"https:\/\/obera.fr\/lv\/prese\/vai-franci-ziema-elpo-veseligi-sava-darba-vieta\/#more-145735\" aria-label=\"Read more about Vai fran\u010di ziem\u0101 elpo vesel\u012bgi sav\u0101 darba viet\u0101?\">Lire la suite<\/a><\/p><\/div><\/li>\n<li><a class=\"wp-block-latest-posts__post-title\" href=\"https:\/\/obera.fr\/lv\/presse\/89-francuzu-par-zemu-noverte-gaisa-piesarnojumu-sava-darba-vieta\/\">89 % franc\u016b\u017eu par zemu nov\u0113rt\u0113 gaisa pies\u0101r\u0146ojumu sav\u0101 darba viet\u0101<\/a><div class=\"wp-block-latest-posts__post-excerpt\">Pies\u0101r\u0146ojums, kas var b\u016bt 5 l\u012bdz 10 reizes liel\u0101ks nek\u0101 \u0101rpus telp\u0101m Tikai 22 % darbinieku zina, ka vesel\u012bga iek\u0161telpu gaisa uztur\u0113\u0161ana ir darba dev\u0113ja regulat\u012bvs pien\u0101kums Ko j\u016bs dom\u0101jat par gaisa kvalit\u0101ti sav\u0101 darba viet\u0101? \u0160\u0101du jaut\u0101jumu uz\u0146\u0113mums OberA uzdeva 5601 personai se\u0161\u0101s galvenaj\u0101s darb\u012bbas nozar\u0113s*. Aptauja liecina, ka liel\u0101k\u0101 &#8230; <p class=\"read-more-container\"><a title=\"89 % franc\u016b\u017eu par zemu nov\u0113rt\u0113 gaisa pies\u0101r\u0146ojumu sav\u0101 darba viet\u0101\" class=\"read-more button\" href=\"https:\/\/obera.fr\/lv\/presse\/89-francuzu-par-zemu-noverte-gaisa-piesarnojumu-sava-darba-vieta\/#more-145705\" aria-label=\"Read more about 89 % franc\u016b\u017eu par zemu nov\u0113rt\u0113 gaisa pies\u0101r\u0146ojumu sav\u0101 darba viet\u0101\">Lire la suite<\/a><\/p><\/div><\/li>\n<li><div class=\"wp-block-latest-posts__featured-image aligncenter\"><a href=\"https:\/\/obera.fr\/lv\/musu-padoms\/iekseja-gaisa-kvalitates-merisana-nozime-un-princips\/\" aria-label=\"Iek\u0161\u0113j\u0101 gaisa kvalit\u0101tes m\u0113r\u012b\u0161ana: noz\u012bme un princips\"><img decoding=\"async\" width=\"1024\" height=\"181\" src=\"https:\/\/obera.fr\/wp-content\/uploads\/2022\/10\/banniere-obera-1024x181.png\" class=\"attachment-large size-large wp-post-image\" alt=\"banni\u00e8re obera protection pr\u00e9-s\u00e9parateur\" style=\"max-width:500px;\" srcset=\"https:\/\/obera.fr\/wp-content\/uploads\/2022\/10\/banniere-obera-1024x181.png 1024w, https:\/\/obera.fr\/wp-content\/uploads\/2022\/10\/banniere-obera-300x53.png 300w, https:\/\/obera.fr\/wp-content\/uploads\/2022\/10\/banniere-obera-768x136.png 768w, https:\/\/obera.fr\/wp-content\/uploads\/2022\/10\/banniere-obera-1536x272.png 1536w, https:\/\/obera.fr\/wp-content\/uploads\/2022\/10\/banniere-obera.png 1980w\" sizes=\"(max-width: 1024px) 100vw, 1024px\" \/><\/a><\/div><a class=\"wp-block-latest-posts__post-title\" href=\"https:\/\/obera.fr\/lv\/musu-padoms\/iekseja-gaisa-kvalitates-merisana-nozime-un-princips\/\">Iek\u0161\u0113j\u0101 gaisa kvalit\u0101tes m\u0113r\u012b\u0161ana: noz\u012bme un princips<\/a><div class=\"wp-block-latest-posts__post-excerpt\">Saska\u0146\u0101 ar PVO datiem Francij\u0101 ik gadu re\u0123istr\u0113 aptuveni 50 000 n\u0101ves gad\u012bjumu, kas saist\u012bti ar gaisa pies\u0101r\u0146ojumu, kas ir 10 reizes vair\u0101k nek\u0101 ce\u013cu satiksmes negad\u012bjumos! Turkl\u0101t tiek l\u0113sts, ka gaiss dz\u012bvojam\u0101s telp\u0101s vai darba viet\u0101s ir 5 l\u012bdz 10 reizes pies\u0101r\u0146ot\u0101ks nek\u0101 \u0101ra vid\u0113.<\/div><\/li>\n<li><div class=\"wp-block-latest-posts__featured-image aligncenter\"><a href=\"https:\/\/obera.fr\/lv\/farmacijas-rupnieciba\/farmacijas-nozare-puteklu-un-iedarbibas-kontrole-hpapi-sversanas-un-parvietosanas-laika\/\" aria-label=\"Farm\u0101cijas nozare: Putek\u013cu un iedarb\u012bbas kontrole HPAPI sv\u0113r\u0161anas un p\u0101rvieto\u0161anas laik\u0101\"><img decoding=\"async\" width=\"1024\" height=\"181\" src=\"https:\/\/obera.fr\/wp-content\/uploads\/2025\/04\/banniere-obera-6-1-1024x181.png\" class=\"attachment-large size-large wp-post-image\" alt=\"obera rekl\u0101mkarogs (6)\" style=\"max-width:500px;\" srcset=\"https:\/\/obera.fr\/wp-content\/uploads\/2025\/04\/banniere-obera-6-1-1024x181.png 1024w, https:\/\/obera.fr\/wp-content\/uploads\/2025\/04\/banniere-obera-6-1-300x53.png 300w, https:\/\/obera.fr\/wp-content\/uploads\/2025\/04\/banniere-obera-6-1-768x136.png 768w, https:\/\/obera.fr\/wp-content\/uploads\/2025\/04\/banniere-obera-6-1-1536x272.png 1536w, https:\/\/obera.fr\/wp-content\/uploads\/2025\/04\/banniere-obera-6-1.png 1980w\" sizes=\"(max-width: 1024px) 100vw, 1024px\" \/><\/a><\/div><a class=\"wp-block-latest-posts__post-title\" href=\"https:\/\/obera.fr\/lv\/farmacijas-rupnieciba\/farmacijas-nozare-puteklu-un-iedarbibas-kontrole-hpapi-sversanas-un-parvietosanas-laika\/\">Farm\u0101cijas nozare: Putek\u013cu un iedarb\u012bbas kontrole HPAPI sv\u0113r\u0161anas un p\u0101rvieto\u0161anas laik\u0101<\/a><div class=\"wp-block-latest-posts__post-excerpt\">HPAPI (Highly Potent Active Pharmaceutical Ingredients \u2013 \u013coti iedarb\u012bgas akt\u012bv\u0101s farmaceitisk\u0101s sast\u0101vda\u013cas) pieaugo\u0161\u0101 noz\u012bme b\u016btiski maina farmaceitisk\u0101s ra\u017eo\u0161anas praksi.<\/div><\/li>\n<li><div class=\"wp-block-latest-posts__featured-image aligncenter\"><a href=\"https:\/\/obera.fr\/lv\/sports\/mobila-dzesesana-sporta-pasakumiem-obera-ic-risinajums-efektivs-un-tulitejs\/\" aria-label=\"Mobila dzes\u0113\u0161ana sporta pas\u0101kumiem: OberA IC risin\u0101jums &#8211; efekt\u012bvs un t\u016bl\u012bt\u0113js\"><img decoding=\"async\" width=\"1024\" height=\"181\" src=\"https:\/\/obera.fr\/wp-content\/uploads\/2025\/04\/banniere-obera-6-1-1024x181.png\" class=\"attachment-large size-large wp-post-image\" alt=\"obera rekl\u0101mkarogs (6)\" style=\"max-width:500px;\" srcset=\"https:\/\/obera.fr\/wp-content\/uploads\/2025\/04\/banniere-obera-6-1-1024x181.png 1024w, https:\/\/obera.fr\/wp-content\/uploads\/2025\/04\/banniere-obera-6-1-300x53.png 300w, https:\/\/obera.fr\/wp-content\/uploads\/2025\/04\/banniere-obera-6-1-768x136.png 768w, https:\/\/obera.fr\/wp-content\/uploads\/2025\/04\/banniere-obera-6-1-1536x272.png 1536w, https:\/\/obera.fr\/wp-content\/uploads\/2025\/04\/banniere-obera-6-1.png 1980w\" sizes=\"(max-width: 1024px) 100vw, 1024px\" \/><\/a><\/div><a class=\"wp-block-latest-posts__post-title\" href=\"https:\/\/obera.fr\/lv\/sports\/mobila-dzesesana-sporta-pasakumiem-obera-ic-risinajums-efektivs-un-tulitejs\/\">Mobila dzes\u0113\u0161ana sporta pas\u0101kumiem: OberA IC risin\u0101jums &#8211; efekt\u012bvs un t\u016bl\u012bt\u0113js<\/a><div class=\"wp-block-latest-posts__post-excerpt\">Neatkar\u012bgi no t\u0101, vai tie ir br\u012bvdabas sacens\u012bbas, iek\u0161telpu turn\u012bri, pagaidu b\u016bves vai liela m\u0113roga pas\u0101kumi, sporta pas\u0101kumi ir \u013coti pak\u013cauti klimata sv\u0101rst\u012bb\u0101m.<\/div><\/li>\n<li><div class=\"wp-block-latest-posts__featured-image aligncenter\"><a href=\"https:\/\/obera.fr\/lv\/musu-padoms\/silicose-menace-invisible\/\" aria-label=\"Silikoze: neredzams drauds akme\u0146ka\u013ciem un vi\u0146u dz\u012bves ilgumam\"><img decoding=\"async\" width=\"1024\" height=\"181\" src=\"https:\/\/obera.fr\/wp-content\/uploads\/2025\/07\/taille-de-pierre-1-1-1024x181.png\" class=\"attachment-large size-large wp-post-image\" alt=\"\" style=\"max-width:500px;\" srcset=\"https:\/\/obera.fr\/wp-content\/uploads\/2025\/07\/taille-de-pierre-1-1-1024x181.png 1024w, https:\/\/obera.fr\/wp-content\/uploads\/2025\/07\/taille-de-pierre-1-1-300x53.png 300w, https:\/\/obera.fr\/wp-content\/uploads\/2025\/07\/taille-de-pierre-1-1-768x136.png 768w, https:\/\/obera.fr\/wp-content\/uploads\/2025\/07\/taille-de-pierre-1-1-1536x272.png 1536w, https:\/\/obera.fr\/wp-content\/uploads\/2025\/07\/taille-de-pierre-1-1.png 1980w\" sizes=\"(max-width: 1024px) 100vw, 1024px\" \/><\/a><\/div><a class=\"wp-block-latest-posts__post-title\" href=\"https:\/\/obera.fr\/lv\/musu-padoms\/silicose-menace-invisible\/\">Silikoze: neredzams drauds akme\u0146ka\u013ciem un vi\u0146u dz\u012bves ilgumam<\/a><div class=\"wp-block-latest-posts__post-excerpt\">Akme\u0146ka\u013ca amats ir c\u0113la profesija, kam ir bag\u0101ta v\u0113sture un pieredze. Ta\u010du aiz amata skaistuma sl\u0113pjas bie\u017ei vien nepietiekami nov\u0113rt\u0113ts risks vesel\u012bbai: silikoze &#8211; neatgriezeniska plau\u0161u slim\u012bba, ko izraisa sil\u012bcija dioks\u012bda putek\u013cu ieelpo\u0161ana. <\/div><\/li>\n<li><div class=\"wp-block-latest-posts__featured-image aligncenter\"><a href=\"https:\/\/obera.fr\/lv\/musu-padoms\/vie-artisan-tailleur\/\" aria-label=\"Dz\u012bvo savu dz\u012bvi k\u0101 dr\u0113bnieks 2025. gad\u0101: starp kaisl\u012bbu un piesardz\u012bbu\"><img decoding=\"async\" width=\"1024\" height=\"181\" src=\"https:\/\/obera.fr\/wp-content\/uploads\/2025\/07\/taille-de-pierre-1-1024x181.png\" class=\"attachment-large size-large wp-post-image\" alt=\"\" style=\"max-width:500px;\" srcset=\"https:\/\/obera.fr\/wp-content\/uploads\/2025\/07\/taille-de-pierre-1-1024x181.png 1024w, https:\/\/obera.fr\/wp-content\/uploads\/2025\/07\/taille-de-pierre-1-300x53.png 300w, https:\/\/obera.fr\/wp-content\/uploads\/2025\/07\/taille-de-pierre-1-768x136.png 768w, https:\/\/obera.fr\/wp-content\/uploads\/2025\/07\/taille-de-pierre-1-1536x272.png 1536w, https:\/\/obera.fr\/wp-content\/uploads\/2025\/07\/taille-de-pierre-1.png 1980w\" sizes=\"(max-width: 1024px) 100vw, 1024px\" \/><\/a><\/div><a class=\"wp-block-latest-posts__post-title\" href=\"https:\/\/obera.fr\/lv\/musu-padoms\/vie-artisan-tailleur\/\">Dz\u012bvo savu dz\u012bvi k\u0101 dr\u0113bnieks 2025. gad\u0101: starp kaisl\u012bbu un piesardz\u012bbu<\/a><div class=\"wp-block-latest-posts__post-excerpt\">To man teica treneris pirmaj\u0101 dien\u0101. Desmit gadus v\u0113l\u0101k tas ir k\u013cuvis par manu mantru. B\u016bt akme\u0146kalim 2025. gad\u0101 joproj\u0101m ir kaisl\u012bba. Bet \u0161odien tas ir ar\u012b par piesardz\u012bbas pas\u0101kumiem.     <\/div><\/li>\n<li><div class=\"wp-block-latest-posts__featured-image aligncenter\"><a href=\"https:\/\/obera.fr\/lv\/musu-padoms\/silice-cristalline-loi-obligations\/\" aria-label=\"Krist\u0101liskais sil\u012bcija dioks\u012bds: ko nosaka likums? Akme\u0146u \u0161\u0137el\u0161anas darbn\u012bcu juridiskie pien\u0101kumi\"><img decoding=\"async\" width=\"1024\" height=\"181\" src=\"https:\/\/obera.fr\/wp-content\/uploads\/2025\/07\/taille-de-pierre-1024x181.png\" class=\"attachment-large size-large wp-post-image\" alt=\"\" style=\"max-width:500px;\" srcset=\"https:\/\/obera.fr\/wp-content\/uploads\/2025\/07\/taille-de-pierre-1024x181.png 1024w, https:\/\/obera.fr\/wp-content\/uploads\/2025\/07\/taille-de-pierre-300x53.png 300w, https:\/\/obera.fr\/wp-content\/uploads\/2025\/07\/taille-de-pierre-768x136.png 768w, https:\/\/obera.fr\/wp-content\/uploads\/2025\/07\/taille-de-pierre-1536x272.png 1536w, https:\/\/obera.fr\/wp-content\/uploads\/2025\/07\/taille-de-pierre.png 1980w\" sizes=\"(max-width: 1024px) 100vw, 1024px\" \/><\/a><\/div><a class=\"wp-block-latest-posts__post-title\" href=\"https:\/\/obera.fr\/lv\/musu-padoms\/silice-cristalline-loi-obligations\/\">Krist\u0101liskais sil\u012bcija dioks\u012bds: ko nosaka likums? Akme\u0146u \u0161\u0137el\u0161anas darbn\u012bcu juridiskie pien\u0101kumi<\/a><div class=\"wp-block-latest-posts__post-excerpt\">Jau vair\u0101kus gadus valsts iest\u0101des ir pastiprin\u0101ju\u0161as noteikumus, kas reglament\u0113 krist\u0101lisk\u0101 sil\u012bcija dioks\u012bda putek\u013cu iedarb\u012bbu, jo \u012bpa\u0161i b\u016bvniec\u012bb\u0101 un akme\u0146ka\u013cu arod\u0101.<\/div><\/li>\n<\/ul>","protected":false},"excerpt":{"rendered":"<p>Kam\u0113r gaid\u0101t, kad j\u016bsu pas\u016bt\u012bjums tiks pieg\u0101d\u0101ts, varat las\u012bt jaun\u0101kos emu\u0101ra ierakstus.<\/p>\n","protected":false},"author":4,"featured_media":0,"parent":0,"menu_order":0,"comment_status":"closed","ping_status":"closed","template":"","meta":{"_acf_changed":false,"_seopress_robots_primary_cat":"","_seopress_titles_title":"","_seopress_titles_desc":"","_seopress_robots_index":"j\u0101","footnotes":""},"class_list":{"0":"post-62065","1":"page","2":"type-page","3":"status-publish","5":"no-featured-image-padding"},"acf":[],"_links":{"self":[{"href":"https:\/\/obera.fr\/lv\/wp-json\/wp\/v2\/pages\/62065","targetHints":{"allow":["GET"]}}],"collection":[{"href":"https:\/\/obera.fr\/lv\/wp-json\/wp\/v2\/pages"}],"about":[{"href":"https:\/\/obera.fr\/lv\/wp-json\/wp\/v2\/types\/page"}],"author":[{"embeddable":true,"href":"https:\/\/obera.fr\/lv\/wp-json\/wp\/v2\/users\/4"}],"replies":[{"embeddable":true,"href":"https:\/\/obera.fr\/lv\/wp-json\/wp\/v2\/comments?post=62065"}],"version-history":[{"count":1,"href":"https:\/\/obera.fr\/lv\/wp-json\/wp\/v2\/pages\/62065\/revisions"}],"predecessor-version":[{"id":62067,"href":"https:\/\/obera.fr\/lv\/wp-json\/wp\/v2\/pages\/62065\/revisions\/62067"}],"wp:attachment":[{"href":"https:\/\/obera.fr\/lv\/wp-json\/wp\/v2\/media?parent=62065"}],"curies":[{"name":"wp","href":"https:\/\/api.w.org\/{rel}","templated":true}]}}