{"id":63954,"date":"2020-05-01T17:28:48","date_gmt":"2020-05-01T15:28:48","guid":{"rendered":"https:\/\/obera.fr\/mentions-legales\/"},"modified":"2025-04-11T10:40:20","modified_gmt":"2025-04-11T08:40:20","slug":"mentions-legales","status":"publish","type":"page","link":"https:\/\/obera.fr\/lv\/mentions-legales\/","title":{"rendered":"Juridisk\u0101 inform\u0101cija"},"content":{"rendered":"\n<h2 class=\"wp-block-heading\" id=\"l-annonceur\">Rekl\u0101mas dev\u0113js<\/h2>\n\n<p>\u0160o t\u012bmek\u013ca vietni public\u0113 un pied\u0101v\u0101 oberA, kuras kapit\u0101ls ir EUR 20 000, juridisk\u0101 adrese ir Rue Denis Papin 4, 67400 Illkirch-Graffenstaden, SIRET numurs 832 913 487 00027, NAF kods 4674B.<\/p>\n\n<p>Vietnes m\u0113r\u0137is ir sniegt jums inform\u0101ciju par rekl\u0101mdev\u0113ju un saites uz da\u017e\u0101d\u0101m vietn\u0113m. \u0160\u012b vietne ir rekl\u0101mdev\u0113ja \u012bpa\u0161ums. <\/p>\n\n<p>\u0160o vietni izvieto uz\u0146\u0113m\u0113ja nosaukums: o2switch SAS ar kapit\u0101lu 100 000 \u20ac, adrese: Chemin des Pardiaux, 63000 Clermont-Ferrand, SIRET: 510 909 807 00032 RCS Clermont Ferrand.<\/p>\n\n<h2 class=\"wp-block-heading\" id=\"respect-des-droits-de-propriete-et-marques\">\u012apa\u0161umties\u012bbu un pre\u010du z\u012bmju iev\u0113ro\u0161ana<\/h2>\n\n<p>Visus vietn\u0113 redzamos, klaus\u0101mos vai las\u0101mos elementus, k\u0101 ar\u012b pa\u0161u vietni aizsarg\u0101 autorties\u012bbu likums. J\u016bs nek\u0101d\u0101 gad\u012bjum\u0101 nedr\u012bkstat izmantot, izplat\u012bt, kop\u0113t, reproduc\u0113t, p\u0101rveidot, main\u012bt vai p\u0101rraid\u012bt vietni vai t\u0101s elementus, piem\u0113ram, p1-tekstus, att\u0113lus vai ska\u0146as, bez iepriek\u0161\u0113jas rakstiskas rekl\u0101mas dev\u0113ja at\u013caujas. Pre\u010du z\u012bmes un logotipi, kas par\u0101d\u0101s vietn\u0113, ir rekl\u0101mdev\u0113ja \u012bpa\u0161ums, vai ar\u012b to izmanto\u0161anai ir sa\u0146emta at\u013cauja. Nevienam no \u0161iem elementiem nevar pie\u0161\u0137irt ties\u012bbas vai licenci bez rakstiskas rekl\u0101mas dev\u0113ja vai tre\u0161\u0101s personas, kurai pieder ties\u012bbas uz vietn\u0113 redzamo pre\u010du z\u012bmi vai logotipu, at\u013caujas. Fondation Pierre Berg\u00e9 &#8211; Yves Saint Laurent patur ties\u012bbas v\u0113rsties ties\u0101 pret jebkuru intelektu\u0101l\u0101 \u012bpa\u0161uma ties\u012bbu p\u0101rk\u0101pumu, tostarp uzs\u0101kt krimin\u0101lprocesu.    <\/p>\n\n<h2 class=\"wp-block-heading\" id=\"respect-des-images\">Cie\u0146a pret att\u0113liem<\/h2>\n\n<p>Vietn\u0113 redzamie cilv\u0113ku vai vietu att\u0113li vai fotogr\u0101fijas ir rekl\u0101mdev\u0113ja \u012bpa\u0161ums un\/vai rekl\u0101mdev\u0113js tos izmanto ar ties\u012bbu \u012bpa\u0161nieku piekri\u0161anu. \u0160o att\u0113lu vai fotogr\u0101fiju izmanto\u0161ana ir aizliegta bez \u012bpa\u0161as un skaidras rekl\u0101mas dev\u0113ja at\u013caujas. Jebk\u0101da neat\u013cauta izmanto\u0161ana var izrais\u012bt autorties\u012bbu, att\u0113lu ties\u012bbu, personisko ties\u012bbu vai citu komunik\u0101cijai vai rekl\u0101mai piem\u0113rojamo noteikumu p\u0101rk\u0101pumu.  <\/p>\n\n<h3 class=\"wp-block-heading\">Kred\u012bti<\/h3>\n\n<ul class=\"wp-block-list\">\n<li>S\u0101kumlapas dizains &#8211; <a href=\"https:\/\/pleaseagency.com\/\" data-type=\"link\" data-id=\"https:\/\/pleaseagency.com\/\">PLEASE CREATIVE AGENCY <\/a> <\/li>\n<\/ul>\n\n<h2 class=\"wp-block-heading\" id=\"mise-en-garde-generale\">Visp\u0101r\u0113js br\u012bdin\u0101jums<\/h2>\n\n<p>Fonds Pierre Berg\u00e9 &#8211; Yves Saint Laurent nevar uz\u0146emties atbild\u012bbu par jebk\u0101du kait\u0113jumu, kas var rasties, piek\u013c\u016bstot vietnei vai lietojot to, tostarp par jebk\u0101diem boj\u0101jumiem vai v\u012brusiem, kas var infic\u0113t j\u016bsu datora iek\u0101rtu vai citu \u012bpa\u0161umu. Lai gan Fondation Pierre Berg\u00e9 &#8211; Yves Saint Laurent dara visu iesp\u0113jamo, lai atjaunin\u0101tu vietn\u0113 public\u0113to prec\u012bzo inform\u0101ciju, Fondation Pierre Berg\u00e9 &#8211; Yves Saint Laurent nevar uz\u0146emties atbild\u012bbu par k\u013c\u016bd\u0101m vai izlaidumiem. <\/p>\n\n<h2 class=\"wp-block-heading\" id=\"exclusion-de-responsabilite-et-indemnisation\">Atbild\u012bbas un kompens\u0101cijas izsl\u0113g\u0161ana<\/h2>\n\n<p>Ne Fondation Pierre Berg\u00e9 &#8211; Yves Saint Laurent, ne jebkura cita ar \u0161o vietni saist\u012bt\u0101 puse nevar uz\u0146emties atbild\u012bbu par jebk\u0101diem tie\u0161iem, netie\u0161iem vai citiem zaud\u0113jumiem, kas var rasties, piek\u013c\u016bstot vietnei vai izmantojot to vai taj\u0101 iek\u013cauto inform\u0101ciju. J\u016bs atl\u012bdzin\u0101siet, aizst\u0101v\u0113siet un pasarg\u0101siet rekl\u0101mdev\u0113ju un t\u0101 fili\u0101les, k\u0101 ar\u012b t\u0101 direktorus, amatpersonas, darbiniekus, p\u0101rst\u0101vjus, licences sa\u0146\u0113m\u0113jus vai jebkuru citu vietnes izveid\u0113, produc\u0113\u0161an\u0101 un izplat\u012b\u0161an\u0101 iesaist\u012bto personu no jebk\u0101d\u0101m pras\u012bb\u0101m, saist\u012bb\u0101m, izmaks\u0101m un izdevumiem, kas radu\u0161ies sakar\u0101 ar \u0161o lieto\u0161anas noteikumu p\u0101rk\u0101p\u0161anu vai saist\u012bb\u0101 ar vietnes lieto\u0161anu, un pret t\u0101m. <\/p>\n\n<h2 class=\"wp-block-heading\" id=\"informations-personnelles\">Person\u012bg\u0101 inform\u0101cija<\/h2>\n\n<p>Personiska inform\u0101cija ir defin\u0113ta k\u0101 &#8220;inform\u0101cija, kas jebk\u0101d\u0101 veid\u0101 tie\u0161i vai netie\u0161i \u013cauj identific\u0113t fizisk\u0101s personas, uz kur\u0101m t\u0101 attiecas&#8221; (izraksts no 1978. gada 6. janv\u0101ra likuma Nr. 78-17 4. panta).<\/p>\n\n<p>Piem\u0113ram:<\/p>\n\n<ul class=\"wp-block-list\">\n<li>nosaukums,<\/li>\n\n\n\n<li>pasta adresi,<\/li>\n\n\n\n<li>t\u0101lru\u0146a numuru,<\/li>\n\n\n\n<li>e-pasta adresi.<\/li>\n<\/ul>\n\n<p>S\u012bkfaili tiek izmantoti, lai autom\u0101tiski konfigur\u0113tu vietni, kad pierakst\u0101ties, un lai iepriek\u0161 atlas\u012btu inform\u0101ciju.<\/p>\n\n<p>Tas noz\u012bm\u0113, ka vietnes konfigur\u0101cija ir saist\u012bta ar j\u016bsu datoru, t\u0101p\u0113c visiem, kas izmanto j\u016bsu datoru, vietne ir konfigur\u0113ta identiski.<\/p>\n\n<h2 class=\"wp-block-heading\" id=\"utilisation-de-vos-donnees-personnelles-communication-a-des-tiers\">J\u016bsu personas datu izmanto\u0161ana &#8211; izpau\u0161ana tre\u0161\u0101m person\u0101m<\/h2>\n\n<p>Lietojot \u0161o vietni, j\u016bs piekr\u012btat, ka m\u016bsu vietne izmanto j\u016bsu personas datus, kurus esat pazi\u0146ojis vai kuri ir apkopoti, darbojoties vietn\u0113. \u0160ie dati ir nepiecie\u0161ami, lai nos\u016bt\u012btu jums jaunumus un lai j\u016bs var\u0113tu izmantot noteiktus vietnes pied\u0101v\u0101tos pakalpojumus. <\/p>\n\n<p>Saska\u0146\u0101 ar 1978. gada 6. janv\u0101ra likumu jums ir ties\u012bbas piek\u013c\u016bt visiem par jums apkopotajiem personas datiem, labot tos vai iebilst pret tiem. \u0160\u012bs ties\u012bbas var izmantot, nos\u016btot mums e-pastu vai v\u0113stuli, kas adres\u0113ta rekl\u0101mas dev\u0113jam. <\/p>\n\n<p>V\u0113lamies nor\u0101d\u012bt, ka, darbojoties vietn\u0113, m\u0113s autom\u0101tiski v\u0101cam inform\u0101ciju, jo \u012bpa\u0161i par vietnes lap\u0101m, kas j\u016bs visvair\u0101k interes\u0113, lai \u0161o inform\u0101ciju var\u0113tu izmantot anal\u012bz\u0113m un statistikai, lai lab\u0101k izprastu j\u016bsu v\u0113lmes un interes\u0113jo\u0161\u0101s jomas. \u0160\u0101d\u0101 veid\u0101 un saska\u0146\u0101 ar turpm\u0101k izkl\u0101st\u012btajiem nosac\u012bjumiem m\u0113s var\u0113sim jums nos\u016bt\u012bt inform\u0101ciju, kas ir v\u0113rsta uz j\u016bsu intere\u0161u jom\u0101m. \u0160im nol\u016bkam m\u0113s varam izmantot s\u012bkdatnes.  <\/p>\n\n<p>\u0160\u0101d\u0101 veid\u0101 ieg\u016btos personas datus, iz\u0146emot j\u016bsu e-pasta adresi, m\u0113s varam nodot tre\u0161aj\u0101m person\u0101m p\u0113c m\u016bsu izv\u0113les, piem\u0113ram, m\u016bsu pakalpojumu sniedz\u0113jiem vai pieg\u0101d\u0101t\u0101jiem, kas pal\u012bdz nodro\u0161in\u0101t pied\u0101v\u0101tos pakalpojumus. \u0160\u012bs inform\u0101cijas pazi\u0146o\u0161ana \u0161iem pieg\u0101d\u0101t\u0101jiem un pakalpojumu sniedz\u0113jiem var b\u016bt nepiecie\u0161ama pakalpojumu snieg\u0161anai. J\u016bs varat skaidri iebilst pret savu datu pazi\u0146o\u0161anu tre\u0161\u0101m person\u0101m, nos\u016btot e-pastu un\/vai v\u0113stuli rekl\u0101mas dev\u0113jam.  <\/p>\n\n<h2 class=\"wp-block-heading\" id=\"concernant-votre-adresse-e-mail\">Attiec\u012bb\u0101 uz j\u016bsu e-pasta adresi<\/h2>\n\n<p>Sniedzot mums savu e-pasta adresi, rekl\u0101mdev\u0113js patur ties\u012bbas s\u016bt\u012bt jums jaunumus un inform\u0101ciju par m\u016bsu produktiem un pakalpojumiem pa e-pastu. Ja j\u016bs nev\u0113laties sa\u0146emt \u0161\u0101dus zi\u0146ojumus, j\u016bs varat jebkur\u0101 laik\u0101 atteikties no to sa\u0146em\u0161anas, noklik\u0161\u0137inot uz \u0161im nol\u016bkam paredz\u0113t\u0101s saites katr\u0101 nos\u016bt\u012btaj\u0101 bi\u013ceten\u0101. <\/p>\n\n<p>Turkl\u0101t m\u0113s varam nodot j\u016bsu e-pasta adresi tre\u0161aj\u0101m person\u0101m, kuras var nos\u016bt\u012bt jums nev\u0113lamus zi\u0146ojumus pa e-pastu, kas var\u0113tu j\u016bs interes\u0113t. J\u016bs jebkur\u0101 laik\u0101 varat sazin\u0101ties ar mums, jo \u012bpa\u0161i pa e-pastu, lai l\u016bgtu m\u016bs p\u0101rtraukt \u0161\u0101d\u0101 veid\u0101 pazi\u0146ot j\u016bsu e-pasta adresi. <\/p>\n\n<p>Saska\u0146\u0101 ar Francijas ties\u012bbu aktiem rekl\u0101mdev\u0113js \u0161o inform\u0101ciju var izpaust jebkurai fiziskai personai, juridiskai personai vai administrat\u012bvai iest\u0101dei, kas to var piepras\u012bt.<\/p>\n\n<p>Visbeidzot, rekl\u0101mdev\u0113js izmanto lietot\u0101ja datus (neatkar\u012bgi no t\u0101, vai tie satur vai nesatur personas inform\u0101ciju), lai veiktu statistikas anal\u012bzi sav\u0101m vajadz\u012bb\u0101m. T\u0101 k\u0101 \u0161aj\u0101s anal\u012bz\u0113s ieg\u016btie dati ir apkopoti un t\u0101d\u0113j\u0101di piln\u012bgi anon\u012bmi, rekl\u0101mdev\u0113js tos var nodot vai p\u0101rdot tre\u0161\u0101m person\u0101m. <\/p>\n\n<h2 class=\"wp-block-heading\" id=\"abonnement-a-la-newsletter-l-annonceur\">Rekl\u0101mdev\u0113ja bi\u013cetena abon\u0113\u0161ana<\/h2>\n\n<p>Izmantojot vietni, varat abon\u0113t rekl\u0101mdev\u0113ja bi\u013cetenu.<\/p>\n\n<p>\u0160is bi\u013cetens ir paredz\u0113ts, lai j\u016bs inform\u0113tu par rekl\u0101mdev\u0113ja pakalpojumiem un jauniem produktiem.<\/p>\n\n<p>J\u016bs varat jebkur\u0101 laik\u0101 pa e-pastu inform\u0113t attiec\u012bgo vietni par to, ka vairs nev\u0113laties sa\u0146emt jaunumus, noklik\u0161\u0137inot uz &#8220;Atteikties no abon\u0113\u0161anas&#8221; vai jebkuras citas l\u012bdz\u012bgas nor\u0101des.<\/p>\n\n<p>J\u016bsu personas datu izmanto\u0161anas nosac\u012bjumi ir attiec\u012bg\u0101s vietnes nosac\u012bjumi. T\u0101p\u0113c m\u0113s l\u016bdzam j\u016bs iepaz\u012bties ar attiec\u012bg\u0101s vietnes noteikumiem un nosac\u012bjumiem. <\/p>\n\n<h2 class=\"wp-block-heading\" id=\"liens-externes\">\u0100r\u0113j\u0101s saites<\/h2>\n\n<p>Rekl\u0101mdev\u0113js pied\u0101v\u0101 saites no savas vietnes uz cit\u0101m saist\u012bt\u0101m un nesaist\u012bt\u0101m vietn\u0113m. \u0160\u012bs vietnes ir neatkar\u012bgas no vietnes. Rekl\u0101mas dev\u0113js \u0161\u012bs vietnes nepublic\u0113 un nekontrol\u0113. Saites uz \u0161\u012bm vietn\u0113m nek\u0101d\u0101 veid\u0101 nenoz\u012bm\u0113 rekl\u0101mdev\u0113ja un \u0161o viet\u0146u apstiprin\u0101jumu vai partner\u012bbu. L\u012bdz ar to Fondation Pierre Berg\u00e9 &#8211; Yves Saint Laurent nevar uz\u0146emties atbild\u012bbu par \u0161aj\u0101s vietn\u0113s sniegto saturu, produktiem, rekl\u0101mu vai citiem elementiem vai pakalpojumiem. Atg\u0101din\u0101m, ka uz saist\u012btaj\u0101m un nesaist\u012btaj\u0101m vietn\u0113m attiecas to lieto\u0161anas noteikumi un priv\u0101tuma aizsardz\u012bbas politika.     <\/p>\n\n<h2 class=\"wp-block-heading\" id=\"droit-applicable\">Piem\u0113rojamie ties\u012bbu akti<\/h2>\n\n<p>\u0160o vietni reglament\u0113 Francijas ties\u012bbu akti.<\/p>\n\n<h2 class=\"wp-block-heading\" id=\"modification-des-conditions\">Nosac\u012bjumu groz\u012b\u0161ana<\/h2>\n\n<p>Rekl\u0101mdev\u0113js patur ties\u012bbas jebkur\u0101 laik\u0101 un bez iepriek\u0161\u0113ja br\u012bdin\u0101juma groz\u012bt vai visp\u0101r\u012bgi atjaunin\u0101t \u0161os visp\u0101r\u012bgos noteikumus un nosac\u012bjumus. T\u0101d\u0113\u013c aicin\u0101m j\u016bs regul\u0101ri ar tiem iepaz\u012bties. <\/p>\n\n<h2 class=\"wp-block-heading\" id=\"comment-nous-contacter-si-vous-avez-des-questions-sur-cette-charte\">K\u0101 j\u016bs varat sazin\u0101ties ar mums, ja jums ir k\u0101di jaut\u0101jumi par \u0161o hartu?<\/h2>\n\n<p>T\u0101 k\u0101 \u0161\u012bs hartas m\u0113r\u0137is ir aizsarg\u0101t j\u016bsu priv\u0101tumu, m\u0113s b\u016btu pateic\u012bgi, ja j\u016bs mums pazi\u0146otu savas v\u0113lmes un koment\u0101rus.<\/p>\n\n<p>Ja jums \u0161\u0137iet, ka j\u016bsu dati, apmekl\u0113jot \u0161o vietni, netiek apstr\u0101d\u0101ti saska\u0146\u0101 ar j\u016bsu v\u0113lm\u0113m, l\u016bdzu, pazi\u0146ojiet mums par to. M\u0113s atbild\u0113sim p\u0113c iesp\u0113jas \u0101tr\u0101k. <\/p>\n\n<p>Ja n\u0101kotn\u0113 nev\u0113laties, lai ar jums sazin\u0101s p\u0113c \u0161\u012bs vietnes apmekl\u0113juma, vai ja v\u0113laties p\u0101rbaud\u012bt, labot vai atjaunin\u0101t mums pazi\u0146oto nomin\u0101lo inform\u0101ciju, l\u016bdzu, <a href=\"https:\/\/obera.fr\/lv\/contact\/\" data-type=\"page\" data-id=\"124\">rakstiet mums<\/a>.<\/p>\n\n<p>P\u0113d\u0113jo reizi redi\u0123\u0113ts 2017. gada 24. apr\u012bl\u012b.<\/p>\n","protected":false},"excerpt":{"rendered":"<p>Rekl\u0101mas dev\u0113js \u0160o t\u012bmek\u013ca vietni public\u0113 un pied\u0101v\u0101 oberA, kuras kapit\u0101ls ir EUR 20 000, juridisk\u0101 adrese ir Rue Denis Papin 4, 67400 Illkirch-Graffenstaden, SIRET numurs 832 913 487 00027, NAF kods 4674B. Vietnes m\u0113r\u0137is ir sniegt jums inform\u0101ciju par rekl\u0101mdev\u0113ju un saites uz da\u017e\u0101d\u0101m vietn\u0113m. \u0160\u012b vietne ir rekl\u0101mdev\u0113ja \u012bpa\u0161ums. \u0160o vietni izvieto uz\u0146\u0113m\u0113ja nosaukums: o2switch SAS ar kapit\u0101lu 100 000 \u20ac, adrese: Chemin des Pardiaux, 63000 Clermont-Ferrand, SIRET: 510 909 807 00032 RCS Clermont Ferrand. \u012apa\u0161umties\u012bbu un pre\u010du z\u012bmju iev\u0113ro\u0161ana Visus vietn\u0113 redzamos, klaus\u0101mos vai las\u0101mos elementus, k\u0101 ar\u012b pa\u0161u vietni aizsarg\u0101 autorties\u012bbu likums. J\u016bs nek\u0101d\u0101 gad\u012bjum\u0101 nedr\u012bkstat &#8230; <\/p>\n<p class=\"read-more-container\"><a title=\"Juridisk\u0101 inform\u0101cija\" class=\"read-more button\" href=\"https:\/\/obera.fr\/lv\/mentions-legales\/#more-63954\" aria-label=\"Read more about Juridisk\u0101 inform\u0101cija\">Lire la suite<\/a><\/p>\n","protected":false},"author":4,"featured_media":103622,"parent":0,"menu_order":0,"comment_status":"closed","ping_status":"closed","template":"","meta":{"_acf_changed":false,"_seopress_robots_primary_cat":"","_seopress_titles_title":"oberA.fr juridiskais pazi\u0146ojums","_seopress_titles_desc":"\u0160o t\u012bmek\u013ca vietni public\u0113 un pied\u0101v\u0101 oberA, uz\u0146\u0113mums ar pamatkapit\u0101lu 20 000 \u20ac, SIRET numurs 832 913 487 00019, NAF kods 282514.","_seopress_robots_index":"j\u0101","footnotes":""},"class_list":{"0":"post-63954","1":"page","2":"type-page","3":"status-publish","4":"has-post-thumbnail","6":"no-featured-image-padding","7":"resize-featured-image"},"acf":[],"_links":{"self":[{"href":"https:\/\/obera.fr\/lv\/wp-json\/wp\/v2\/pages\/63954","targetHints":{"allow":["GET"]}}],"collection":[{"href":"https:\/\/obera.fr\/lv\/wp-json\/wp\/v2\/pages"}],"about":[{"href":"https:\/\/obera.fr\/lv\/wp-json\/wp\/v2\/types\/page"}],"author":[{"embeddable":true,"href":"https:\/\/obera.fr\/lv\/wp-json\/wp\/v2\/users\/4"}],"replies":[{"embeddable":true,"href":"https:\/\/obera.fr\/lv\/wp-json\/wp\/v2\/comments?post=63954"}],"version-history":[{"count":3,"href":"https:\/\/obera.fr\/lv\/wp-json\/wp\/v2\/pages\/63954\/revisions"}],"predecessor-version":[{"id":79411,"href":"https:\/\/obera.fr\/lv\/wp-json\/wp\/v2\/pages\/63954\/revisions\/79411"}],"wp:featuredmedia":[{"embeddable":true,"href":"https:\/\/obera.fr\/lv\/wp-json\/wp\/v2\/media\/103622"}],"wp:attachment":[{"href":"https:\/\/obera.fr\/lv\/wp-json\/wp\/v2\/media?parent=63954"}],"curies":[{"name":"wp","href":"https:\/\/api.w.org\/{rel}","templated":true}]}}