{"id":37887,"date":"2022-01-20T11:56:45","date_gmt":"2022-01-20T09:56:45","guid":{"rendered":"https:\/\/obera.fr\/mowia-o-nas\/"},"modified":"2025-11-27T22:20:01","modified_gmt":"2025-11-27T20:20:01","slug":"ils-parlent-de-nous-presse-media","status":"publish","type":"page","link":"https:\/\/obera.fr\/pl\/ils-parlent-de-nous-presse-media\/","title":{"rendered":"M\u00f3wi\u0105 o nas"},"content":{"rendered":"\n<h2 class=\"wp-block-heading\" id=\"les-reportages-tv-d-obera-dans-la-presse-et-media-traditionnels\">Raporty telewizyjne OberA w prasie i mediach tradycyjnych<\/h2>\n\n<p>W obliczu wzrostu popytu na produkty przeciw COVID-19 i naszej rozleg\u0142ej wiedzy specjalistycznej, kana\u0142y informacyjne odwiedzi\u0142y OberA, aby zaprezentowa\u0107 nasze produkty i nasz\u0105 skuteczno\u015b\u0107 w rozwi\u0105zywaniu problem\u00f3w zwi\u0105zanych z COVID-19.<\/p>\n\n<p><\/p>\n\n<div class=\"wp-block-columns is-layout-flex wp-container-core-columns-is-layout-28f84493 wp-block-columns-is-layout-flex\">\n<div class=\"wp-block-column is-layout-flow wp-block-column-is-layout-flow\">\n<h3 class=\"wp-block-heading has-text-align-center\"><strong>BFM ALSACE<\/strong><\/h3>\n\n\n\n<p><\/p>\n\n\n\n<figure class=\"wp-block-image aligncenter size-full is-resized\"><img decoding=\"async\" width=\"200\" height=\"200\" src=\"https:\/\/obera.fr\/wp-content\/uploads\/2023\/01\/bfm-alsace.svg_-1.png\" alt=\"bfm alsace.svg 1\" class=\"wp-image-18337\" style=\"width:142px;height:auto\" srcset=\"https:\/\/obera.fr\/wp-content\/uploads\/2023\/01\/bfm-alsace.svg_-1.png 200w, https:\/\/obera.fr\/wp-content\/uploads\/2023\/01\/bfm-alsace.svg_-1-150x150.png 150w\" sizes=\"(max-width: 200px) 100vw, 200px\" \/><\/figure>\n\n\n\n<p>Kana\u0142 informacyjny<strong> BFM ALSACE<\/strong> przeprowadzi\u0142 wywiad z dyrektorem OberA, Thibautem SAMSELEM, po zdobyciu <strong>Nagrody dla M\u015aP TMC-BFM Region Grand-Est w kategorii \u201eWyprodukowano we Francji\u201d<\/strong>. <\/p>\n\n\n\n<p>To wyr\u00f3\u017cnienie docenia nasze codzienne zaanga\u017cowanie w lokaln\u0105 produkcj\u0119, jako\u015b\u0107 naszego know-how oraz innowacyjno\u015b\u0107 w s\u0142u\u017cbie \u201eMade in France\u201d.<\/p>\n\n\n\n<div class=\"wp-block-buttons alignwide is-content-justification-center is-layout-flex wp-container-core-buttons-is-layout-a89b3969 wp-block-buttons-is-layout-flex\">\n<div class=\"wp-block-button\"><a class=\"wp-block-button__link wp-element-button\" href=\"https:\/\/rmc.bfmtv.com\/evenements\/trophees-pme\/video-16eme-edition-des-trophees-pme-avec-les-laureats-depuis-la-cci-campus-alsace_VN-202510090048.html\">Zobacz wywiad wideo<\/a><\/div>\n<\/div>\n<\/div>\n\n\n\n<div class=\"wp-block-column is-layout-flow wp-block-column-is-layout-flow\">\n<h3 class=\"wp-block-heading has-text-align-center\"><strong>Francja 3<\/strong><\/h3>\n\n\n\n<figure class=\"wp-block-image aligncenter size-full is-resized\"><img decoding=\"async\" width=\"512\" height=\"512\" src=\"https:\/\/obera.fr\/wp-content\/uploads\/2022\/01\/logo-france3-region.jpeg\" alt=\"logo regionu france3\" class=\"wp-image-8392\" style=\"width:167px;height:auto\" srcset=\"https:\/\/obera.fr\/wp-content\/uploads\/2022\/01\/logo-france3-region.jpeg 512w, https:\/\/obera.fr\/wp-content\/uploads\/2022\/01\/logo-france3-region-300x300.jpeg 300w, https:\/\/obera.fr\/wp-content\/uploads\/2022\/01\/logo-france3-region-150x150.jpeg 150w\" sizes=\"(max-width: 512px) 100vw, 512px\" \/><\/figure>\n\n\n\n<p><strong>France 3<\/strong> przeprowadzi\u0142 reporta\u017c w naszej siedzibie w Illkirch, aby lepiej zrozumie\u0107 projekt i u\u017cyteczno\u015b\u0107 naszych ch\u0142odnic powietrza. Nakr\u0119cono reporta\u017c, aby podkre\u015bli\u0107 nasze know-how i do\u015bwiadczenie w tej dziedzinie. Link do reporta\u017cu znajduje si\u0119 poni\u017cej, zapewniaj\u0105c tym samym doskona\u0142\u0105 widoczno\u015b\u0107 naszej pracy.  <\/p>\n\n\n\n<div class=\"wp-block-buttons alignwide is-content-justification-center is-layout-flex wp-container-core-buttons-is-layout-a89b3969 wp-block-buttons-is-layout-flex\">\n<div class=\"wp-block-button\"><a class=\"wp-block-button__link wp-element-button\" href=\"https:\/\/youtu.be\/a_F7Q_yOUDA?si=ZykL6tahVnwX5cXB\">Zobacz relacj\u0119 wideo<\/a><\/div>\n<\/div>\n<\/div>\n\n\n\n<div class=\"wp-block-column is-layout-flow wp-block-column-is-layout-flow\">\n<h3 class=\"wp-block-heading has-text-align-center\"><strong>BFM Alsace<\/strong><\/h3>\n\n\n\n<p><\/p>\n\n\n\n<figure class=\"wp-block-image aligncenter size-full is-resized\"><img decoding=\"async\" width=\"200\" height=\"200\" src=\"https:\/\/obera.fr\/wp-content\/uploads\/2023\/01\/bfm-alsace.svg_-1.png\" alt=\"bfm alsace.svg 1\" class=\"wp-image-18337\" style=\"width:142px;height:auto\" srcset=\"https:\/\/obera.fr\/wp-content\/uploads\/2023\/01\/bfm-alsace.svg_-1.png 200w, https:\/\/obera.fr\/wp-content\/uploads\/2023\/01\/bfm-alsace.svg_-1-150x150.png 150w\" sizes=\"(max-width: 200px) 100vw, 200px\" \/><\/figure>\n\n\n\n<p><\/p>\n\n\n\n<p>Kana\u0142 informacyjny<strong> BFM Alsace <\/strong>przeprowadzi\u0142 z nami wywiad w imieniu CCI, aby promowa\u0107 przemys\u0142 w Alzacji. Dowiedz si\u0119 wi\u0119cej o naszych celach i podstawowej dzia\u0142alno\u015bci. Obecnie dost\u0119pny na \u017cywo na kanale BFM Alsace.  <\/p>\n\n\n\n<div class=\"wp-block-buttons alignwide is-content-justification-center is-layout-flex wp-container-core-buttons-is-layout-a89b3969 wp-block-buttons-is-layout-flex\">\n<div class=\"wp-block-button\"><a class=\"wp-block-button__link wp-element-button\" href=\"https:\/\/obera.fr\/pl\/nasza-rada\/obera-se-devoile-sur-bfm-alsace\/\">Zobacz relacj\u0119 wideo<\/a><\/div>\n<\/div>\n<\/div>\n<\/div>\n\n<div class=\"wp-block-columns is-layout-flex wp-container-core-columns-is-layout-28f84493 wp-block-columns-is-layout-flex\">\n<div class=\"wp-block-column is-layout-flow wp-block-column-is-layout-flow\">\n<p><\/p>\n\n\n\n<h3 class=\"wp-block-heading has-text-align-center\"><strong>TF1<\/strong><\/h3>\n\n\n\n<figure class=\"wp-block-image aligncenter size-large is-resized\"><img decoding=\"async\" width=\"1024\" height=\"576\" src=\"https:\/\/obera.fr\/wp-content\/uploads\/2022\/01\/LOGO-TF1-1024x576.jpg\" alt=\"logo tf1\" class=\"wp-image-8389\" style=\"width:281px;height:auto\" srcset=\"https:\/\/obera.fr\/wp-content\/uploads\/2022\/01\/LOGO-TF1-1024x576.jpg 1024w, https:\/\/obera.fr\/wp-content\/uploads\/2022\/01\/LOGO-TF1-300x169.jpg 300w, https:\/\/obera.fr\/wp-content\/uploads\/2022\/01\/LOGO-TF1-768x432.jpg 768w, https:\/\/obera.fr\/wp-content\/uploads\/2022\/01\/LOGO-TF1-1536x864.jpg 1536w, https:\/\/obera.fr\/wp-content\/uploads\/2022\/01\/LOGO-TF1.jpg 1920w\" sizes=\"(max-width: 1024px) 100vw, 1024px\" \/><\/figure>\n\n\n\n<p><strong>TF1<\/strong> odwiedzi\u0142a nasz\u0105 siedzib\u0119, aby dowiedzie\u0107 si\u0119 wi\u0119cej o konstrukcji i przydatno\u015bci czujnik\u00f3w CO2 i oczyszczaczy powietrza w walce z Covid-19. Nakr\u0119cony reporta\u017c zosta\u0142 wyemitowany w wiadomo\u015bciach o godzinie 13:00 w dniu 18\/01\/2022. <\/p>\n\n\n\n<div class=\"wp-block-buttons is-horizontal is-content-justification-center is-layout-flex wp-container-core-buttons-is-layout-03627597 wp-block-buttons-is-layout-flex\">\n<div class=\"wp-block-button\"><a class=\"wp-block-button__link wp-element-button\" href=\"https:\/\/www.tf1info.fr\/societe\/video-purificateurs-d-air-les-usines-francaises-a-plein-regime-2207515.html\" target=\"_blank\" rel=\"noreferrer noopener\">Obejrzyj wywiad na MYtf1.FR<\/a><\/div>\n<\/div>\n<\/div>\n\n\n\n<div class=\"wp-block-column is-layout-flow wp-block-column-is-layout-flow\">\n<p><\/p>\n\n\n\n<h3 class=\"wp-block-heading has-text-align-center\"><strong><strong>20 MINUT<\/strong><\/strong><\/h3>\n\n\n\n<p><\/p>\n\n\n\n<figure class=\"wp-block-image aligncenter size-full is-resized\"><img decoding=\"async\" width=\"640\" height=\"640\" src=\"https:\/\/obera.fr\/wp-content\/uploads\/2022\/02\/20_Minutes_logo.png\" alt=\"20 minut logo\" class=\"wp-image-8975\" style=\"width:209px;height:auto\" srcset=\"https:\/\/obera.fr\/wp-content\/uploads\/2022\/02\/20_Minutes_logo.png 640w, https:\/\/obera.fr\/wp-content\/uploads\/2022\/02\/20_Minutes_logo-300x300.png 300w, https:\/\/obera.fr\/wp-content\/uploads\/2022\/02\/20_Minutes_logo-150x150.png 150w\" sizes=\"(max-width: 640px) 100vw, 640px\" \/><\/figure>\n\n\n\n<p><\/p>\n\n\n\n<p>Gazeta<strong> 20<\/strong> Minutes podkre\u015bli\u0142a wzrost OberA w okresie pandemii, m\u00f3wi\u0105c o silnym popycie rynkowym na czujniki CO2 i oczyszczacze powietrza zapobiegaj\u0105ce pandemii. Wywiad napisany przez Luca Sorgiusa, opublikowany 05 lutego 2022 r. <\/p>\n\n\n\n<div class=\"wp-block-buttons is-content-justification-center is-layout-flex wp-container-core-buttons-is-layout-a89b3969 wp-block-buttons-is-layout-flex\">\n<div class=\"wp-block-button\"><a class=\"wp-block-button__link wp-element-button\" href=\"https:\/\/www.20minutes.fr\/economie\/3227303-20220201-coronavirus-alsace-fabricant-capteurs-co2-multiplie-production-huit\">Zobacz artyku\u0142 na temat 20 minut<\/a><\/div>\n<\/div>\n<\/div>\n\n\n\n<div class=\"wp-block-column is-layout-flow wp-block-column-is-layout-flow\">\n<p><\/p>\n\n\n\n<h3 class=\"wp-block-heading has-text-align-center\"><strong>FRANCJA 3<\/strong><\/h3>\n\n\n\n<figure class=\"wp-block-image aligncenter size-full is-resized\"><img decoding=\"async\" width=\"512\" height=\"512\" src=\"https:\/\/obera.fr\/wp-content\/uploads\/2022\/01\/logo-france3-region.jpeg\" alt=\"logo regionu france3\" class=\"wp-image-8392\" style=\"width:229px;height:auto\" srcset=\"https:\/\/obera.fr\/wp-content\/uploads\/2022\/01\/logo-france3-region.jpeg 512w, https:\/\/obera.fr\/wp-content\/uploads\/2022\/01\/logo-france3-region-300x300.jpeg 300w, https:\/\/obera.fr\/wp-content\/uploads\/2022\/01\/logo-france3-region-150x150.jpeg 150w\" sizes=\"(max-width: 512px) 100vw, 512px\" \/><\/figure>\n\n\n\n<p><strong>France 3<\/strong> r\u00e9gions odwiedzi\u0142o OberA, aby napisa\u0107 artyku\u0142 na swojej stronie internetowej o naszych czujnikach CO2 i oczyszczaczach powietrza przeciw owadom. Jak one dzia\u0142aj\u0105? I jak pomagaj\u0105 w walce z Covid-19? Wszystkie odpowiedzi znajdziesz w artykule napisanym przez Catherine Munsch.   <\/p>\n\n\n\n<div class=\"wp-block-columns is-layout-flex wp-container-core-columns-is-layout-28f84493 wp-block-columns-is-layout-flex\">\n<div class=\"wp-block-column is-layout-flow wp-block-column-is-layout-flow\">\n<div class=\"wp-block-buttons is-layout-flex wp-block-buttons-is-layout-flex\">\n<div class=\"wp-block-button\"><a class=\"wp-block-button__link wp-element-button\" href=\"https:\/\/france3-regions.franceinfo.fr\/grand-est\/alsace\/covid-19-un-fabricant-alsacien-de-capteurs-de-co2-multiplie-sa-production-par-huit-2411887.html\">Przeczytaj artyku\u0142 na France 3<\/a><\/div>\n<\/div>\n<\/div>\n\n\n\n<div class=\"wp-block-column is-layout-flow wp-block-column-is-layout-flow\">\n<div class=\"wp-block-buttons is-layout-flex wp-block-buttons-is-layout-flex\">\n<div class=\"wp-block-button\"><a class=\"wp-block-button__link wp-element-button\" href=\"https:\/\/www.youtube.com\/watch?v=KicoN9pj0d0\">Zobacz relacj\u0119 wideo<\/a><\/div>\n<\/div>\n<\/div>\n<\/div>\n\n\n\n<p class=\"has-text-align-center\"><\/p>\n\n\n\n<p><\/p>\n\n\n\n<p><\/p>\n<\/div>\n<\/div>\n\n<h3 class=\"wp-block-heading\" id=\"tf1\"><\/h3>\n\n<h2 class=\"wp-block-heading\" id=\"les-apparitions-d-obera-en-radio\"><meta charset=\"utf-8\"\/>Wyst\u0119py radiowe OberA<\/h2>\n\n<div class=\"wp-block-columns is-layout-flex wp-container-core-columns-is-layout-28f84493 wp-block-columns-is-layout-flex\">\n<div class=\"wp-block-column is-layout-flow wp-block-column-is-layout-flow\">\n<h3 class=\"wp-block-heading has-text-align-center\"><strong>EUROPA 1<\/strong><\/h3>\n\n\n\n<figure class=\"wp-block-image aligncenter size-full\"><img decoding=\"async\" width=\"640\" height=\"323\" src=\"https:\/\/obera.fr\/wp-content\/uploads\/2022\/01\/Logo_Europe1.png\" alt=\"logo europe1\" class=\"wp-image-8398\" srcset=\"https:\/\/obera.fr\/wp-content\/uploads\/2022\/01\/Logo_Europe1.png 640w, https:\/\/obera.fr\/wp-content\/uploads\/2022\/01\/Logo_Europe1-300x151.png 300w\" sizes=\"(max-width: 640px) 100vw, 640px\" \/><\/figure>\n\n\n\n<p><strong>Europe 1<\/strong> przeprowadzi\u0142o <a href=\"https:\/\/obera.fr\/pl\/nasza-rada\/europe-1-capteur-co2-obcare\/\" data-type=\"post\" data-id=\"8353\">reporta\u017c radiowy<\/a> oraz opublikowa\u0142o artyku\u0142 na swojej stronie internetowej, aby om\u00f3wi\u0107 wzrost zapotrzebowania na czujniki CO2 dla Ministerstwa Edukacji Narodowej. Rosn\u0105ce zapotrzebowanie dla dobra naszych dzieci i kadry nauczycielskiej.<\/p>\n\n\n\n<div class=\"wp-block-buttons is-horizontal is-content-justification-center is-layout-flex wp-container-core-buttons-is-layout-03627597 wp-block-buttons-is-layout-flex\">\n<div class=\"wp-block-button\"><a class=\"wp-block-button__link wp-element-button\" href=\"https:\/\/www.europe1.fr\/societe\/covid-19-pres-de-strasbourg-le-succes-dun-fabriquant-de-capteurs-de-co2-4087565\" target=\"_blank\" rel=\"noreferrer noopener\">Zobacz i pos\u0142uchaj artyku\u0142u na temat Europe 1<\/a><\/div>\n<\/div>\n\n\n\n<p><\/p>\n<\/div>\n\n\n\n<div class=\"wp-block-column is-layout-flow wp-block-column-is-layout-flow\">\n<h3 class=\"wp-block-heading has-text-align-center\"><strong>FRANCE BLEU<\/strong><\/h3>\n\n\n\n<figure class=\"wp-block-image aligncenter size-large is-resized\"><img decoding=\"async\" width=\"1024\" height=\"1024\" src=\"https:\/\/obera.fr\/wp-content\/uploads\/2022\/01\/France_Bleu_logo-1024x1024.png\" alt=\"logo france bleu\" class=\"wp-image-8395\" style=\"width:249px;height:auto\" srcset=\"https:\/\/obera.fr\/wp-content\/uploads\/2022\/01\/France_Bleu_logo-1024x1024.png 1024w, https:\/\/obera.fr\/wp-content\/uploads\/2022\/01\/France_Bleu_logo-300x300.png 300w, https:\/\/obera.fr\/wp-content\/uploads\/2022\/01\/France_Bleu_logo-150x150.png 150w, https:\/\/obera.fr\/wp-content\/uploads\/2022\/01\/France_Bleu_logo-768x768.png 768w, https:\/\/obera.fr\/wp-content\/uploads\/2022\/01\/France_Bleu_logo.png 1200w\" sizes=\"(max-width: 1024px) 100vw, 1024px\" \/><\/figure>\n\n\n\n<p><strong>France Bleu<\/strong> przygotowa\u0142o reporta\u017c radiowy, a nast\u0119pnie artyku\u0142 o naszych czujnikach CO2 i oczyszczaczach powietrza przeciwko COVID-19. Dowiedz si\u0119 wi\u0119cej o rozwoju OberA i dlaczego zdecydowali\u015bmy si\u0119 stworzy\u0107 dzia\u0142 zajmuj\u0105cy si\u0119 leczeniem Covid-19.   <\/p>\n\n\n\n<div class=\"wp-block-buttons is-horizontal is-content-justification-center is-layout-flex wp-container-core-buttons-is-layout-03627597 wp-block-buttons-is-layout-flex\">\n<div class=\"wp-block-button\"><a class=\"wp-block-button__link wp-element-button\" href=\"https:\/\/www.francebleu.fr\/emissions\/la-nouvelle-eco-en-alsace\/alsace\/la-nouvelle-eco-la-ruee-sur-les-capteurs-de-co2-de-la-societe-obera-a-geispolsheim\" target=\"_blank\" rel=\"noreferrer noopener\">Zobacz i pos\u0142uchaj artyku\u0142u na France bleu<\/a><\/div>\n<\/div>\n<\/div>\n\n\n\n<div class=\"wp-block-column is-layout-flow wp-block-column-is-layout-flow\">\n<h3 class=\"wp-block-heading has-text-align-center\"><strong>RADIO CHR\u00c9TIENNE FRANCE<\/strong><\/h3>\n\n\n\n<figure class=\"wp-block-image aligncenter size-full is-resized\"><img decoding=\"async\" width=\"300\" height=\"200\" src=\"https:\/\/obera.fr\/wp-content\/uploads\/2022\/01\/RCF-logo.png\" alt=\"logo rcf\" class=\"wp-image-8400\" style=\"width:366px;height:auto\"\/><\/figure>\n\n\n\n<p><strong>Radio Chr\u00e9tienne France<\/strong> przedstawia OberA w swoim artykule na temat czujnik\u00f3w CO2. Dowiedz si\u0119 wi\u0119cej o naszych czujnikach CO2 i trasie OberA.   <\/p>\n\n\n\n<div class=\"wp-block-buttons is-horizontal is-content-justification-center is-layout-flex wp-container-core-buttons-is-layout-03627597 wp-block-buttons-is-layout-flex\">\n<div class=\"wp-block-button\"><a class=\"wp-block-button__link wp-element-button\" href=\"https:\/\/www.rcf.fr\/articles\/actualite\/a-geispolsheim-la-societe-obera-produit-plus-de-capteurs-de-co2-que-jamais\" target=\"_blank\" rel=\"noreferrer noopener\">Zobacz artyku\u0142 w Radio chr\u00e9tienne France<\/a><\/div>\n<\/div>\n<\/div>\n<\/div>\n\n<h3 class=\"wp-block-heading\" id=\"europe-1\"><\/h3>\n\n<p><\/p>\n\n<h4 class=\"wp-block-heading\" id=\"france-bleu\"><strong>Mo\u017cesz r\u00f3wnie\u017c przeczyta\u0107 nasze artyku\u0142y i porady na naszym <a href=\"https:\/\/obera.fr\/pl\/nasza-rada\/\" data-type=\"URL\" data-id=\"https:\/\/obera.fr\/conseils\/\">blogu<\/a>.<\/strong><\/h4>\n\n<p><\/p>\n","protected":false},"excerpt":{"rendered":"<p>Raporty telewizyjne OberA w prasie i mediach tradycyjnych W obliczu wzrostu popytu na produkty przeciw COVID-19 i naszej rozleg\u0142ej wiedzy specjalistycznej, kana\u0142y informacyjne odwiedzi\u0142y OberA, aby zaprezentowa\u0107 nasze produkty i nasz\u0105 skuteczno\u015b\u0107 w rozwi\u0105zywaniu problem\u00f3w zwi\u0105zanych z COVID-19. BFM ALSACE Kana\u0142 informacyjny BFM ALSACE przeprowadzi\u0142 wywiad z dyrektorem OberA, Thibautem SAMSELEM, po zdobyciu Nagrody dla M\u015aP TMC-BFM Region Grand-Est w kategorii \u201eWyprodukowano we Francji\u201d. To wyr\u00f3\u017cnienie docenia nasze codzienne zaanga\u017cowanie w lokaln\u0105 produkcj\u0119, jako\u015b\u0107 naszego know-how oraz innowacyjno\u015b\u0107 w s\u0142u\u017cbie \u201eMade in France\u201d. Francja 3 France 3 przeprowadzi\u0142 reporta\u017c w naszej siedzibie w Illkirch, aby lepiej zrozumie\u0107 projekt i u\u017cyteczno\u015b\u0107 &#8230; <\/p>\n<p class=\"read-more-container\"><a title=\"M\u00f3wi\u0105 o nas\" class=\"read-more button\" href=\"https:\/\/obera.fr\/pl\/ils-parlent-de-nous-presse-media\/#more-37887\" aria-label=\"Dowiedz si\u0119 wi\u0119cej o M\u00f3wi\u0105 o nas\">Lire la suite<\/a><\/p>\n","protected":false},"author":4,"featured_media":83746,"parent":0,"menu_order":0,"comment_status":"closed","ping_status":"closed","template":"","meta":{"_acf_changed":false,"_seopress_robots_primary_cat":"","_seopress_titles_title":"Prasa i media Radio \/ TV m\u00f3wi o nas: oberA","_seopress_titles_desc":"Dzi\u0119ki naszej rozleg\u0142ej wiedzy specjalistycznej, w szczeg\u00f3lno\u015bci dzi\u0119ki naszym produktom przeciw COVID-19, kana\u0142y informacyjne zwr\u00f3ci\u0142y uwag\u0119 na oberA: dowiedz si\u0119 wi\u0119cej o tych reporta\u017cach radiowych i telewizyjnych.","_seopress_robots_index":"","footnotes":""},"class_list":{"0":"post-37887","1":"page","2":"type-page","3":"status-publish","4":"has-post-thumbnail","6":"no-featured-image-padding","7":"resize-featured-image"},"acf":[],"_links":{"self":[{"href":"https:\/\/obera.fr\/pl\/wp-json\/wp\/v2\/pages\/37887","targetHints":{"allow":["GET"]}}],"collection":[{"href":"https:\/\/obera.fr\/pl\/wp-json\/wp\/v2\/pages"}],"about":[{"href":"https:\/\/obera.fr\/pl\/wp-json\/wp\/v2\/types\/page"}],"author":[{"embeddable":true,"href":"https:\/\/obera.fr\/pl\/wp-json\/wp\/v2\/users\/4"}],"replies":[{"embeddable":true,"href":"https:\/\/obera.fr\/pl\/wp-json\/wp\/v2\/comments?post=37887"}],"version-history":[{"count":14,"href":"https:\/\/obera.fr\/pl\/wp-json\/wp\/v2\/pages\/37887\/revisions"}],"predecessor-version":[{"id":134441,"href":"https:\/\/obera.fr\/pl\/wp-json\/wp\/v2\/pages\/37887\/revisions\/134441"}],"wp:featuredmedia":[{"embeddable":true,"href":"https:\/\/obera.fr\/pl\/wp-json\/wp\/v2\/media\/83746"}],"wp:attachment":[{"href":"https:\/\/obera.fr\/pl\/wp-json\/wp\/v2\/media?parent=37887"}],"curies":[{"name":"wp","href":"https:\/\/api.w.org\/{rel}","templated":true}]}}