{"id":45509,"date":"2020-08-26T12:41:28","date_gmt":"2020-08-26T10:41:28","guid":{"rendered":"https:\/\/obera.fr\/nasze-produkty\/przemyslowe-oczyszczacze-powietrza\/profesjonalny-oczyszczacz-powietrza-epur-ca\/"},"modified":"2026-02-06T13:21:38","modified_gmt":"2026-02-06T11:21:38","slug":"professionnel-epur-ca","status":"publish","type":"page","link":"https:\/\/obera.fr\/pl\/produits\/purificateurs-air\/professionnel-epur-ca\/","title":{"rendered":"Profesjonalny oczyszczacz powietrza ePUR CA"},"content":{"rendered":"\n<p>Nasze <a href=\"https:\/\/obera.fr\/pl\/produits\/purificateurs-air\/\" data-type=\"page\" data-id=\"26\">profesjonalne oczyszczacze powietrza<\/a> <strong>ePUR<\/strong> CA to mobilne urz\u0105dzenia do oczyszczania powietrza z w\u0119glem aktywnym, kt\u00f3re nie wymagaj\u0105 orurowania ani monta\u017cu.<\/p>\n\n\n<h2 class=\"wp-block-heading\">Jak dzia\u0142aj\u0105 nasze profesjonalne oczyszczacze powietrza?<\/h2>\n\n<div class=\"wp-block-columns is-layout-flex wp-container-core-columns-is-layout-28f84493 wp-block-columns-is-layout-flex\">\n<div class=\"wp-block-column is-layout-flow wp-block-column-is-layout-flow\" style=\"flex-basis:33.33%\">\n<figure class=\"wp-block-image aligncenter size-large is-resized\"><img decoding=\"async\" width=\"1024\" height=\"1024\" src=\"https:\/\/obera.fr\/wp-content\/uploads\/2026\/01\/image-epur-ca-1024x1024.png\" alt=\"obraz epur ca\" class=\"wp-image-138874\" style=\"width:354px;height:auto\" srcset=\"https:\/\/obera.fr\/wp-content\/uploads\/2026\/01\/image-epur-ca-1024x1024.png 1024w, https:\/\/obera.fr\/wp-content\/uploads\/2026\/01\/image-epur-ca-300x300.png 300w, https:\/\/obera.fr\/wp-content\/uploads\/2026\/01\/image-epur-ca-150x150.png 150w, https:\/\/obera.fr\/wp-content\/uploads\/2026\/01\/image-epur-ca-768x768.png 768w, https:\/\/obera.fr\/wp-content\/uploads\/2026\/01\/image-epur-ca.png 1200w\" sizes=\"(max-width: 1024px) 100vw, 1024px\" \/><figcaption class=\"wp-element-caption\">ePUR CA<\/figcaption><\/figure>\n<\/div>\n\n\n\n<div class=\"wp-block-column is-layout-flow wp-block-column-is-layout-flow\" style=\"flex-basis:66.66%\">\n<p>Dzia\u0142anie jest proste \u2013 zanieczyszczone powietrze jest zasysane przez g\u00f3rn\u0105 cz\u0119\u015b\u0107 urz\u0105dzenia. Nast\u0119pnie cz\u0105stki sta\u0142e i ciek\u0142e s\u0105 zatrzymywane przez kolejne warstwy filtr\u00f3w, a ewentualne zanieczyszczenia gazowe przez filtr z w\u0119glem aktywnym. <\/p>\n\n\n\n<p><strong>Oczyszczacz powietrza<\/strong> oczyszcza powietrze w przestrzeni roboczej, wymuszaj\u0105c jego przep\u0142yw przez r\u00f3\u017cne stopnie filtracji. Oczyszczacz powietrza zasysa nad sob\u0105 kolumn\u0119 powietrza nieco cieplejszego i wypuszcza je oczyszczone do przestrzeni roboczej na poziomie pod\u0142ogi. To l\u017cejsze powietrze naturalnie unosi si\u0119 w pomieszczeniu i tworzy ruch okr\u0119\u017cny umo\u017cliwiaj\u0105cy oczyszczenie ca\u0142ego powietrza w danej obj\u0119to\u015bci. Przy ka\u017cdym przej\u015bciu przez oczyszczacz powietrza od 80% do 99,995% (w zale\u017cno\u015bci od wybranej konfiguracji filtr\u00f3w) zanieczyszcze\u0144 zostaje wychwycone, umo\u017cliwiaj\u0105c tym samym <strong>popraw\u0119 jako\u015bci powietrza w ca\u0142ej przestrzeni roboczej<\/strong>. <\/p>\n\n\n\n<p>Wszystkie oczyszczacze powietrza z gamy s\u0105 wyposa\u017cone w <strong>potencjometr<\/strong>, umo\u017cliwiaj\u0105cy regulacj\u0119 przep\u0142ywu powietrza od 0 do 100%. Przep\u0142yw powietrza reguluje si\u0119 zgodnie z pocz\u0105tkowym st\u0119\u017ceniem zanieczyszcze\u0144, po\u017c\u0105danym rezultatem i obj\u0119to\u015bci\u0105 strefy do oczyszczenia. Zgodnie z tymi parametrami wybiera si\u0119 liczb\u0119 wymian obj\u0119to\u015bci strefy na godzin\u0119.<\/p>\n\n\n\n<div class=\"wp-block-columns is-layout-flex wp-container-core-columns-is-layout-28f84493 wp-block-columns-is-layout-flex\">\n<div class=\"wp-block-column is-layout-flow wp-block-column-is-layout-flow\" style=\"flex-basis:33.34%\">\n<div class=\"wp-block-buttons is-content-justification-center is-layout-flex wp-container-core-buttons-is-layout-a89b3969 wp-block-buttons-is-layout-flex\">\n<div class=\"wp-block-button\"><a class=\"wp-block-button__link wp-element-button\" href=\"https:\/\/obera.fr\/wp-content\/uploads\/2025\/04\/catalogue-epur-fr.pdf\">Pobierz broszur\u0119<\/a><\/div>\n<\/div>\n<\/div>\n\n\n\n<div class=\"wp-block-column is-layout-flow wp-block-column-is-layout-flow\" style=\"flex-basis:33.34%\">\n<div class=\"wp-block-buttons is-horizontal is-content-justification-center is-layout-flex wp-container-core-buttons-is-layout-03627597 wp-block-buttons-is-layout-flex\">\n<div class=\"wp-block-button has-custom-width wp-block-button__width-100\"><a class=\"wp-block-button__link wp-element-button\" href=\"https:\/\/obera.fr\/pl\/skontaktuj-sie-z-nami\/\">Dowiedz si\u0119 wi\u0119cej<\/a><\/div>\n<\/div>\n<\/div>\n\n\n\n<div class=\"wp-block-column is-layout-flow wp-block-column-is-layout-flow\" style=\"flex-basis:33.33%\">\n<div class=\"wp-block-buttons is-content-justification-center is-layout-flex wp-container-core-buttons-is-layout-a89b3969 wp-block-buttons-is-layout-flex\">\n<div class=\"wp-block-button btn-devis-source\"><a class=\"wp-block-button__link wp-element-button\" href=\"https:\/\/obera.fr\/pl\/devis\/\">Popro\u015b o wycen\u0119<\/a><\/div>\n<\/div>\n\n\n<script>\r\ndocument.addEventListener('DOMContentLoaded', function() {\r\n    \/\/ 1. On cherche le titre H1 de la page\r\n    var h1 = document.querySelector('h1');\r\n    var productTitle = h1 ? h1.innerText.trim() : \"\";\r\n\r\n    \/\/ 2. On cherche les boutons via la classe CSS .btn-devis-source\r\n    var buttons = document.querySelectorAll('.btn-devis-source a');\r\n\r\n    \/\/ 3. Si on a le titre et les boutons, on ajoute le param\u00e8tre\r\n    if (buttons.length > 0 && productTitle !== \"\") {\r\n        var encodedTitle = encodeURIComponent(productTitle);\r\n\r\n        buttons.forEach(function(btn) {\r\n            var currentHref = btn.getAttribute('href');\r\n            \r\n            \/\/ S\u00e9curit\u00e9 pour ne pas ajouter le param\u00e8tre 2 fois\r\n            if (currentHref.indexOf('sujet=') === -1) {\r\n                var separator = currentHref.indexOf('?') !== -1 ? '&' : '?';\r\n                var newLink = currentHref + separator + 'sujet=' + encodedTitle;\r\n                \r\n                btn.setAttribute('href', newLink);\r\n            }\r\n        });\r\n    }\r\n});\r\n<\/script><\/div>\n<\/div>\n\n\n\n<p><\/p>\n<\/div>\n<\/div>\n\n<div class=\"wp-block-columns is-layout-flex wp-container-core-columns-is-layout-28f84493 wp-block-columns-is-layout-flex\">\n<div class=\"wp-block-column is-layout-flow wp-block-column-is-layout-flow\" style=\"flex-basis:25%\"><\/div>\n\n\n\n<div class=\"wp-block-column is-layout-flow wp-block-column-is-layout-flow\" style=\"flex-basis:50%\">\n<figure class=\"wp-block-embed is-type-video is-provider-youtube wp-block-embed-youtube wp-embed-aspect-16-9 wp-has-aspect-ratio\"><div class=\"wp-block-embed__wrapper\">\n<iframe title=\"Fonctionnement charbon actif - OberA\" width=\"1200\" height=\"675\" src=\"https:\/\/www.youtube.com\/embed\/eto9V0iSJOc?feature=oembed\" frameborder=\"0\" allow=\"accelerometer; autoplay; clipboard-write; encrypted-media; gyroscope; picture-in-picture; web-share\" referrerpolicy=\"strict-origin-when-cross-origin\" allowfullscreen><\/iframe>\n<\/div><\/figure>\n<\/div>\n\n\n\n<div class=\"wp-block-column is-layout-flow wp-block-column-is-layout-flow\" style=\"flex-basis:25%\"><\/div>\n<\/div>\n\n<p><\/p>\n\n<h2 class=\"wp-block-heading\">Jakie zanieczyszczenia s\u0105 usuwane przez oczyszczacze powietrza z w\u0119glem aktywnym ePUR CA?<\/h2>\n\n<div class=\"wp-block-columns is-layout-flex wp-container-core-columns-is-layout-28f84493 wp-block-columns-is-layout-flex\">\n<div class=\"wp-block-column is-layout-flow wp-block-column-is-layout-flow\" style=\"flex-basis:66.66%\">\n<p><strong>Oczyszczacze powietrza ePUR CA<\/strong> s\u0105 idealne do <strong>usuwania zapach\u00f3w<\/strong>, <strong>LZO<\/strong> (Lotne zwi\u0105zki organiczne) i innych <strong>zanieczyszcze\u0144 gazowych<\/strong>. Dok\u0142adniej pozwalaj\u0105 na:<\/p>\n\n\n\n<ul class=\"wp-block-list\">\n<li><strong>Wychwytywanie i oczyszczanie zapach\u00f3w<\/strong> i zanieczyszcze\u0144 w\u0119chowych.<\/li>\n\n\n\n<li>Procesy wykorzystuj\u0105ce <strong>rozpuszczalniki<\/strong> (farby, lakiery, czyszczenie, odt\u0142uszczanie, aerozole&#8230;). S\u0105 to lotne zwi\u0105zki organiczne wytwarzane z w\u0119glowodor\u00f3w alifatycznych (heksan, cykloheksan&#8230;), chlorowanych (tr\u00f3jchloroetylen, tr\u00f3jchloroetan, monochlorobenzen&#8230;), aromatycznych (toluen, ksylen&#8230;), alkoholi (metanol, glikole&#8230;), keton\u00f3w (aceton, octan etylu, metyloetyloketon MEK lub butanon&#8230;), eter\u00f3w glikolu, tetrahydrofuranu THF itp.<\/li>\n\n\n\n<li>Zanieczyszczenia pochodz\u0105ce z <strong>klejenia<\/strong> (zapachy i zanieczyszczenia gazowe pochodz\u0105ce z klej\u00f3w neoprenowych lub utwardzaczy i przyspieszaczy wi\u0105zania). Stosowane utwardzacze to aminy alifatyczne lub aromatyczne, poliizocyjaniany.<\/li>\n\n\n\n<li>Zanieczyszczenia gazowe z <strong>\u017cywic<\/strong> (polimery cyjanoakrylowe, winyle, epoksydy, poliuretany, poliestry, polichloropreny, poliamidy, formofenole, furany, polisilany, polisiloksany, formaldehyd itp.<\/li>\n<\/ul>\n\n\n\n<p>Dzi\u0119ki bardzo du\u017cej powierzchni w\u0142a\u015bciwej wn\u0119k, w\u0119giel aktywny jest w stanie wychwytywa\u0107 wiele rodzaj\u00f3w zanieczyszcze\u0144 gazowych.<\/p>\n<\/div>\n\n\n\n<div class=\"wp-block-column is-layout-flow wp-block-column-is-layout-flow\" style=\"flex-basis:33.33%\">\n<p><\/p>\n\n\n\n<p><\/p>\n\n\n\n<p><\/p>\n\n\n\n<figure class=\"wp-block-image aligncenter size-large\"><img decoding=\"async\" width=\"1024\" height=\"549\" src=\"https:\/\/obera.fr\/wp-content\/uploads\/2025\/03\/charbon-actif-mix-1024x549.jpg\" alt=\"mieszanka w&#x119;gla aktywnego\" class=\"wp-image-76515\" srcset=\"https:\/\/obera.fr\/wp-content\/uploads\/2025\/03\/charbon-actif-mix-1024x549.jpg 1024w, https:\/\/obera.fr\/wp-content\/uploads\/2025\/03\/charbon-actif-mix-300x161.jpg 300w, https:\/\/obera.fr\/wp-content\/uploads\/2025\/03\/charbon-actif-mix-768x412.jpg 768w, https:\/\/obera.fr\/wp-content\/uploads\/2025\/03\/charbon-actif-mix.jpg 1200w\" sizes=\"(max-width: 1024px) 100vw, 1024px\" \/><\/figure>\n<\/div>\n<\/div>\n\n<p><\/p>\n\n<h2 class=\"wp-block-heading\">Do czego s\u0105 u\u017cywane?<\/h2>\n\n<p>Nasze oczyszczacze powietrza ePUR CA s\u0105 cz\u0119sto u\u017cywane jako uzupe\u0142nienie <strong>odsysania u \u017ar\u00f3d\u0142a<\/strong> w celu wychwycenia i filtracji pozosta\u0142ych zanieczyszcze\u0144 gazowych w atmosferze bezpo\u015brednio w powietrzu. Mo\u017cliwe jest r\u00f3wnie\u017c wykorzystanie tych urz\u0105dze\u0144 do odsysania u \u017ar\u00f3d\u0142a poprzez wyposa\u017cenie ich w rami\u0119 odsysaj\u0105ce, okap wyci\u0105gowy lub bezpo\u015brednie pod\u0142\u0105czenie do maszyny produkcyjnej lub sto\u0142u odsysaj\u0105cego. <\/p>\n\n<blockquote class=\"wp-block-quote is-layout-flow wp-block-quote-is-layout-flow\">\n<p>Zalecane zastosowanie jest czysto profesjonalne.<\/p>\n<\/blockquote>\n\n<p>Te oczyszczacze powietrza z w\u0119glem aktywnym s\u0105 idealne do stosowania w przemy\u015ble metalurgicznym, tworzyw sztucznych, chemicznym, rolno-spo\u017cywczym, tekstylnym, drzewnym, papierniczym i kartonowym, mineralnym, zbi\u00f3rki odpad\u00f3w i recyklingu oraz renowacji dzie\u0142 sztuki.<\/p>\n\n<p>  Poni\u017cej znajduje si\u0119 kilka przyk\u0142ad\u00f3w <strong>zastosowa\u0144<\/strong> naszych profesjonalnych oczyszczaczy powietrza ePUR CA.<\/p>\n\n<div class=\"wp-block-columns is-layout-flex wp-container-core-columns-is-layout-28f84493 wp-block-columns-is-layout-flex\">\n<div class=\"wp-block-column is-layout-flow wp-block-column-is-layout-flow\">\n<h3 class=\"wp-block-heading has-text-align-center\">Zanieczyszczenia<\/h3>\n\n\n\n<hr class=\"wp-block-separator has-css-opacity is-style-wide\"\/>\n\n\n\n<div class=\"wp-block-columns is-layout-flex wp-container-core-columns-is-layout-28f84493 wp-block-columns-is-layout-flex\">\n<div class=\"wp-block-column is-layout-flow wp-block-column-is-layout-flow\">\n<figure class=\"wp-block-image aligncenter size-large\"><img decoding=\"async\" width=\"70\" height=\"70\" src=\"https:\/\/obera.fr\/wp-content\/uploads\/2020\/08\/polluants-poussieres.jpg\" alt=\"Zanieczyszczenia Py&#x142;y\" class=\"wp-image-675\"\/><figcaption class=\"wp-element-caption\">Py\u0142<\/figcaption><\/figure>\n\n\n\n<figure class=\"wp-block-image aligncenter size-large\"><img decoding=\"async\" width=\"70\" height=\"70\" src=\"https:\/\/obera.fr\/wp-content\/uploads\/2020\/08\/industrie-fumees.jpg\" alt=\"Dym przemys&#x142;owy\" class=\"wp-image-722\"\/><figcaption class=\"wp-element-caption\">Opary<\/figcaption><\/figure>\n<\/div>\n\n\n\n<div class=\"wp-block-column is-layout-flow wp-block-column-is-layout-flow\">\n<figure class=\"wp-block-image aligncenter size-large\"><img decoding=\"async\" width=\"70\" height=\"70\" src=\"https:\/\/obera.fr\/wp-content\/uploads\/2020\/10\/industrie-aerosols.jpg\" alt=\"Aerozole przemys&#x142;owe\" class=\"wp-image-1201\"\/><figcaption class=\"wp-element-caption\">VOCS<\/figcaption><\/figure>\n\n\n\n<figure class=\"wp-block-image aligncenter size-large\"><img decoding=\"async\" width=\"70\" height=\"70\" src=\"https:\/\/obera.fr\/wp-content\/uploads\/2020\/08\/industrie-odeur.jpg\" alt=\"Zapach przemys&#x142;owy\" class=\"wp-image-723\"\/><figcaption class=\"wp-element-caption\">Zapachy<\/figcaption><\/figure>\n<\/div>\n<\/div>\n\n\n\n<p><\/p>\n<\/div>\n\n\n\n<div class=\"wp-block-column is-layout-flow wp-block-column-is-layout-flow\">\n<h3 class=\"wp-block-heading has-text-align-center\">Bran\u017ce<\/h3>\n\n\n\n<hr class=\"wp-block-separator has-css-opacity is-style-wide\"\/>\n\n\n\n<div class=\"wp-block-columns is-layout-flex wp-container-core-columns-is-layout-28f84493 wp-block-columns-is-layout-flex\">\n<div class=\"wp-block-column is-layout-flow wp-block-column-is-layout-flow\">\n<figure class=\"wp-block-image aligncenter size-large\"><img decoding=\"async\" width=\"70\" height=\"70\" src=\"https:\/\/obera.fr\/wp-content\/uploads\/2020\/08\/industrie-metallurgie.jpg\" alt=\"Przemys&#x142; metalurgiczny\" class=\"wp-image-673\"\/><figcaption class=\"wp-element-caption\">Metalurgia<\/figcaption><\/figure>\n\n\n\n<figure class=\"wp-block-image aligncenter size-large\"><img decoding=\"async\" width=\"70\" height=\"70\" src=\"https:\/\/obera.fr\/wp-content\/uploads\/2020\/08\/industrie-textile.jpg\" alt=\"Przemys&#x142; w&#x142;&#xF3;kienniczy\" class=\"wp-image-671\"\/><figcaption class=\"wp-element-caption\">Tekstylia<\/figcaption><\/figure>\n\n\n\n<figure class=\"wp-block-image aligncenter size-large\"><img decoding=\"async\" width=\"70\" height=\"70\" src=\"https:\/\/obera.fr\/wp-content\/uploads\/2020\/08\/industrie-plastique.jpg\" alt=\"Przemys&#x142; tworzyw sztucznych\" class=\"wp-image-669\"\/><figcaption class=\"wp-element-caption\">Tworzywa sztuczne<\/figcaption><\/figure>\n\n\n\n<figure class=\"wp-block-image aligncenter size-large\"><img decoding=\"async\" width=\"70\" height=\"70\" src=\"https:\/\/obera.fr\/wp-content\/uploads\/2020\/08\/industrie-agroalimentaire.jpg\" alt=\"Przemys&#x142; spo&#x17C;ywczy\" class=\"wp-image-727\"\/><figcaption class=\"wp-element-caption\">Przemys\u0142 spo\u017cywczy<\/figcaption><\/figure>\n<\/div>\n\n\n\n<div class=\"wp-block-column is-layout-flow wp-block-column-is-layout-flow\">\n<figure class=\"wp-block-image aligncenter size-large\"><img decoding=\"async\" width=\"70\" height=\"70\" src=\"https:\/\/obera.fr\/wp-content\/uploads\/2020\/08\/industrie-bois.jpg\" alt=\"Przemys&#x142; drzewny\" class=\"wp-image-672\"\/><figcaption class=\"wp-element-caption\">Obr\u00f3bka drewna<\/figcaption><\/figure>\n\n\n\n<figure class=\"wp-block-image aligncenter size-large\"><img decoding=\"async\" width=\"70\" height=\"70\" src=\"https:\/\/obera.fr\/wp-content\/uploads\/2020\/08\/industrie-papier-carton.jpg\" alt=\"Przemys&#x142; papierniczy i tekturowy\" class=\"wp-image-670\"\/><figcaption class=\"wp-element-caption\">Papier\/karton<\/figcaption><\/figure>\n\n\n\n<figure class=\"wp-block-image aligncenter size-large\"><img decoding=\"async\" width=\"70\" height=\"70\" src=\"https:\/\/obera.fr\/wp-content\/uploads\/2020\/08\/industrie-dechets.jpg\" alt=\"Odpady przemys&#x142;owe\" class=\"wp-image-726\"\/><figcaption class=\"wp-element-caption\">Zbieranie i recykling odpad\u00f3w<\/figcaption><\/figure>\n\n\n\n<figure class=\"wp-block-image aligncenter size-large\"><img decoding=\"async\" width=\"70\" height=\"70\" src=\"https:\/\/obera.fr\/wp-content\/uploads\/2020\/08\/industrie-chimie.jpg\" alt=\"Przemys&#x142; chemiczny\" class=\"wp-image-725\"\/><figcaption class=\"wp-element-caption\">Chemikalia\/Petrochemikalia<\/figcaption><\/figure>\n<\/div>\n<\/div>\n<\/div>\n<\/div>\n\n<h3 class=\"wp-block-heading\">Jaki rodzaj w\u0119gla powinienem wybra\u0107 do mojego zastosowania?<\/h3>\n\n<p><\/p>\n\n<p>Oczyszczacze powietrza ePUR CA mog\u0105 by\u0107 wyposa\u017cone w szerok\u0105 gam\u0119<strong>adsorbent\u00f3w<\/strong>.<\/p>\n\n<p>OBERA dysponuje w\u0119glem aktywnym generycznym o wysokiej skuteczno\u015bci <strong>OBCKV<\/strong>. Niemniej jednak mo\u017cliwe jest wybranie w\u0119gli aktywnych aktywowanych termicznie lub chemicznie, a tak\u017ce w\u0119gla aktywnego utlenionego lub aktywowanego przez impregnacj\u0119 chemiczn\u0105.<\/p>\n\n<p>Te &#8222;domieszkowane&#8221; w\u0119gle aktywne zwi\u0119kszaj\u0105 wydajno\u015b\u0107 oczyszczania.<\/p>\n\n<div class=\"wp-block-columns is-layout-flex wp-container-core-columns-is-layout-28f84493 wp-block-columns-is-layout-flex\">\n<div class=\"wp-block-column is-layout-flow wp-block-column-is-layout-flow\">\n<figure class=\"wp-block-image aligncenter size-large is-resized\"><img decoding=\"async\" width=\"1024\" height=\"549\" src=\"https:\/\/obera.fr\/wp-content\/uploads\/2025\/03\/charbon-actif-noir-1024x549.jpg\" alt=\"czarny w&#x119;giel aktywny\" class=\"wp-image-76492\" style=\"width:297px;height:auto\" srcset=\"https:\/\/obera.fr\/wp-content\/uploads\/2025\/03\/charbon-actif-noir-1024x549.jpg 1024w, https:\/\/obera.fr\/wp-content\/uploads\/2025\/03\/charbon-actif-noir-300x161.jpg 300w, https:\/\/obera.fr\/wp-content\/uploads\/2025\/03\/charbon-actif-noir-768x412.jpg 768w, https:\/\/obera.fr\/wp-content\/uploads\/2025\/03\/charbon-actif-noir.jpg 1200w\" sizes=\"(max-width: 1024px) 100vw, 1024px\" \/><\/figure>\n<\/div>\n\n\n\n<div class=\"wp-block-column is-layout-flow wp-block-column-is-layout-flow\">\n<figure class=\"wp-block-image aligncenter size-large is-resized\"><img decoding=\"async\" width=\"1024\" height=\"549\" src=\"https:\/\/obera.fr\/wp-content\/uploads\/2025\/03\/charbon-actif-mix-1024x549.jpg\" alt=\"mieszanka w&#x119;gla aktywnego\" class=\"wp-image-76515\" style=\"width:302px;height:auto\" srcset=\"https:\/\/obera.fr\/wp-content\/uploads\/2025\/03\/charbon-actif-mix-1024x549.jpg 1024w, https:\/\/obera.fr\/wp-content\/uploads\/2025\/03\/charbon-actif-mix-300x161.jpg 300w, https:\/\/obera.fr\/wp-content\/uploads\/2025\/03\/charbon-actif-mix-768x412.jpg 768w, https:\/\/obera.fr\/wp-content\/uploads\/2025\/03\/charbon-actif-mix.jpg 1200w\" sizes=\"(max-width: 1024px) 100vw, 1024px\" \/><\/figure>\n<\/div>\n\n\n\n<div class=\"wp-block-column is-layout-flow wp-block-column-is-layout-flow\">\n<figure class=\"wp-block-image aligncenter size-large is-resized\"><img decoding=\"async\" width=\"1024\" height=\"549\" src=\"https:\/\/obera.fr\/wp-content\/uploads\/2025\/03\/charbon-actif-purple-1024x549.png\" alt=\"fioletowy w&#x119;giel aktywny\" class=\"wp-image-76468\" style=\"width:293px;height:auto\" srcset=\"https:\/\/obera.fr\/wp-content\/uploads\/2025\/03\/charbon-actif-purple-1024x549.png 1024w, https:\/\/obera.fr\/wp-content\/uploads\/2025\/03\/charbon-actif-purple-300x161.png 300w, https:\/\/obera.fr\/wp-content\/uploads\/2025\/03\/charbon-actif-purple-768x412.png 768w, https:\/\/obera.fr\/wp-content\/uploads\/2025\/03\/charbon-actif-purple.png 1200w\" sizes=\"(max-width: 1024px) 100vw, 1024px\" \/><\/figure>\n<\/div>\n<\/div>\n\n<h2 class=\"wp-block-heading\">Jakie s\u0105 cechy naszych profesjonalnych oczyszczaczy powietrza?<\/h2>\n\n<p>Wydajne i ma\u0142o ha\u0142a\u015bliwe oczyszczacze powietrza ePUR CA zosta\u0142y zaprojektowane z my\u015bl\u0105 o \u0142atwo\u015bci u\u017cytkowania. Tak wi\u0119c bez monta\u017cu ani przewod\u00f3w wyci\u0105gowych, ale poprzez proste pod\u0142\u0105czenie do gniazdka elektrycznego sprawa jest za\u0142atwiona. Zamontowane na k\u00f3\u0142kach, mo\u017cna przemieszcza\u0107 urz\u0105dzenia dla maksymalnego komfortu u\u017cytkowania. <\/p>\n\n<p>Ich zu\u017cycie energii jest niewielkie (mniejsze ni\u017c odkurzacz domowy), a wymiana medi\u00f3w filtruj\u0105cych odbywa si\u0119 w 5 minut za pomoc\u0105 jednego klucza sze\u015bciok\u0105tnego dla prostej i szybkiej konserwacji. Wk\u0142ady z w\u0119glem aktywnym s\u0105 dobierane zgodnie z problemem i zanieczyszczeniami do oczyszczenia. Przep\u0142ywy r\u00f3\u017cni\u0105 si\u0119 w zale\u017cno\u015bci od urz\u0105dzenia, dla najmniejszego z gamy, <strong>ePUR CA 10, przep\u0142yw wynosi 1000 m\u00b3\/h<\/strong>. Dla \u015bredniego urz\u0105dzenia z gamy, <strong>ePUR CA 30, przep\u0142yw wynosi 3500 m\u00b3\/h<\/strong>. Wreszcie najwydajniejsze urz\u0105dzenie, <strong>ePUR CA 100<\/strong>, dost\u0119pne tylko na zam\u00f3wienie, posiada <strong>przep\u0142yw 10000 m\u00b3\/h<\/strong>.<\/p>\n\n<figure class=\"wp-block-table\"><table class=\"has-fixed-layout\"><thead><tr><th>Urz\u0105dzenie<\/th><th><\/th><th>ePUR 10<\/th><th>ePUR 30<\/th><th>ePUR 100<\/th><\/tr><\/thead><tbody><tr><td>Przep\u0142yw<\/td><td>m3\/h<\/td><td>1 000<\/td><td>3 500<\/td><td>10 000<\/td><\/tr><tr><td>Intensywno\u015b\u0107<\/td><td>A<\/td><td>0.7<\/td><td>1.1<\/td><td>3.3<\/td><\/tr><tr><td>Napi\u0119cie zasilania<\/td><td>V<\/td><td>230<\/td><td>230<\/td><td>230<\/td><\/tr><tr><td>Moc<\/td><td>kW<\/td><td>0.08<\/td><td>0.25<\/td><td>0,75<\/td><\/tr><tr><td>Wymiary<\/td><td>l\/L\/h (cm)<\/td><td>66 x 37 x 78<\/td><td>66 x 68 x 125<\/td><td>90 x 90 x 182<\/td><\/tr><tr><td>\u0141adowanie w\u0119gla aktywnego<\/td><td>kg<\/td><td>7.5<\/td><td>26<\/td><td>Na \u017c\u0105danie<\/td><\/tr><tr><td>Poziom d\u017awi\u0119ku<\/td><td>dB(A)<\/td><td>63<\/td><td>65<\/td><td>69<\/td><\/tr><\/tbody><\/table><\/figure>\n\n<div class=\"wp-block-buttons is-horizontal is-content-justification-center is-layout-flex wp-container-core-buttons-is-layout-03627597 wp-block-buttons-is-layout-flex\">\n<div class=\"wp-block-button is-style-outline is-style-outline--1\"><a class=\"wp-block-button__link wp-element-button\" href=\"https:\/\/obera.fr\/wp-content\/uploads\/2023\/05\/catalogue-epur-10-30-50-100-150.pdf\">Pobierz kart\u0119 produktu w formacie PDF<\/a><\/div>\n<\/div>\n\n<h2 class=\"wp-block-heading\">Jakie s\u0105 zalety tej serii profesjonalnych oczyszczaczy powietrza ePUR CA?<\/h2>\n\n<figure class=\"wp-block-image alignright size-thumbnail\"><img decoding=\"async\" width=\"150\" height=\"150\" src=\"https:\/\/obera.fr\/wp-content\/uploads\/2020\/09\/ePUR-CA-Filtres-150x150.jpg\" alt=\"Filtry Epur Ca\" class=\"wp-image-1014\"\/><figcaption class=\"wp-element-caption\">Filtry dla ePUR<\/figcaption><\/figure>\n\n<p>Opr\u00f3cz<strong>poprawy jako\u015bci powietrza<\/strong>, nasze profesjonalne oczyszczacze powietrza chroni\u0105 pracownik\u00f3w przed drobnymi cz\u0105steczkami i innymi zanieczyszczeniami gazowymi, aby zminimalizowa\u0107 nara\u017cenie na wszelkiego rodzaju choroby p\u0142uc lub serca.  <\/p>\n\n<p>Zysk w zakresie koszt\u00f3w energetycznych i czyszczenia jest r\u00f3wnie\u017c znacz\u0105cy dzi\u0119ki przep\u0142ywowi powietrza tworzonemu przez maszyn\u0119, umo\u017cliwiaj\u0105cemu sprowadzenie ciep\u0142ego powietrza znajduj\u0105cego si\u0119 na wysoko\u015bci w d\u00f3\u0142, a tym samym umiarkowanie temperatury w przestrzeni roboczej. Kalorie z przefiltrowanego powietrza s\u0105 r\u00f3wnie\u017c ponownie wprowadzane do budynku, umo\u017cliwiaj\u0105c obni\u017cenie zu\u017cycia ogrzewania. <\/p>\n\n<p>Kolejn\u0105 zalet\u0105 jest ochrona narz\u0119dzi produkcyjnych prowadz\u0105ca do redukcji awarii, a tym samym do zwi\u0119kszenia trwa\u0142o\u015bci maszyn produkcyjnych. W aspekcie regulacyjnym nasze przemys\u0142owe oczyszczacze powietrza umo\u017cliwiaj\u0105 r\u00f3wnie\u017c przestrzeganie prog\u00f3w Najwy\u017cszych Dopuszczalnych St\u0119\u017ce\u0144 w \u015arodowisku Pracy (<strong>NDS<\/strong>).<\/p>\n\n<p><\/p>\n\n<div class=\"wp-block-columns is-layout-flex wp-container-core-columns-is-layout-28f84493 wp-block-columns-is-layout-flex\">\n<div class=\"wp-block-column is-layout-flow wp-block-column-is-layout-flow\">\n<h3 class=\"wp-block-heading has-text-align-center\">Korzy\u015bci<\/h3>\n\n\n\n<ul class=\"wp-block-list\">\n<li>Plug &amp; Play: pod\u0142\u0105czasz do pr\u0105du i gotowe<\/li>\n\n\n\n<li>Mocny i cichy<\/li>\n\n\n\n<li>Brak monta\u017cu i kana\u0142\u00f3w wyci\u0105gowych<\/li>\n\n\n\n<li>Zaprojektowany z my\u015bl\u0105 o \u0142atwym przemieszczaniu dzi\u0119ki k\u00f3\u0142kom<\/li>\n\n\n\n<li>Bardzo niskie zu\u017cycie energii (zu\u017cywaj\u0105 mniej ni\u017c odkurzacz domowy)<\/li>\n<\/ul>\n<\/div>\n\n\n\n<div class=\"wp-block-column is-layout-flow wp-block-column-is-layout-flow\">\n<h3 class=\"wp-block-heading has-text-align-center\">Funkcje specjalne<\/h3>\n\n\n\n<ul class=\"wp-block-list\">\n<li>Wk\u0142ady z w\u0119glem aktywnym dobierane s\u0105 w zale\u017cno\u015bci od zanieczyszcze\u0144, kt\u00f3re maj\u0105 zosta\u0107 oczyszczone.<\/li>\n\n\n\n<li>Kartrid\u017ce wielokrotnego u\u017cytku i nadaj\u0105ce si\u0119 do recyklingu<\/li>\n\n\n\n<li>Samodzielnie wymie\u0144 media filtracyjne w 5 minut za pomoc\u0105 jednego klucza imbusowego<\/li>\n\n\n\n<li>Pod\u0142\u0105cza si\u0119 do standardowego gniazdka 220V<\/li>\n<\/ul>\n<\/div>\n\n\n\n<div class=\"wp-block-column is-layout-flow wp-block-column-is-layout-flow\">\n<h3 class=\"wp-block-heading has-text-align-center\">Cechy<\/h3>\n\n\n\n<ul class=\"wp-block-list\">\n<li>Znacz\u0105co poprawia jako\u015b\u0107 powietrza w warsztatach produkcyjnych, uzupe\u0142niaj\u0105c istniej\u0105ce systemy.<\/li>\n\n\n\n<li>Wychwytuje zanieczyszczenia tam, gdzie wychwytywanie u \u017ar\u00f3d\u0142a nie jest mo\u017cliwe<\/li>\n<\/ul>\n<\/div>\n<\/div>\n\n<div class=\"wp-block-buttons is-horizontal is-content-justification-center is-layout-flex wp-container-core-buttons-is-layout-03627597 wp-block-buttons-is-layout-flex\">\n<div class=\"wp-block-button has-custom-width wp-block-button__width-100\"><a class=\"wp-block-button__link wp-element-button\" href=\"https:\/\/obera.fr\/pl\/skontaktuj-sie-z-nami\/\">Dowiedz si\u0119 wi\u0119cej<\/a><\/div>\n<\/div>\n\n<p><\/p>\n\n<h2 class=\"wp-block-heading\">Przyk\u0142ady zastosowa\u0144 naszych oczyszczaczy powietrza z w\u0119glem aktywnym:<\/h2>\n\n<h3 class=\"wp-block-heading\">Salony fryzjerskie, salony stylizacji paznokci i salony kosmetyczne<\/h3>\n\n<figure class=\"wp-block-image alignright size-medium\"><img decoding=\"async\" width=\"300\" height=\"200\" src=\"https:\/\/obera.fr\/wp-content\/uploads\/2020\/10\/salon-de-coiffure-300x200.jpg\" alt=\"Salon fryzjerski\" class=\"wp-image-1228\" srcset=\"https:\/\/obera.fr\/wp-content\/uploads\/2020\/10\/salon-de-coiffure-300x200.jpg 300w, https:\/\/obera.fr\/wp-content\/uploads\/2020\/10\/salon-de-coiffure-768x512.jpg 768w, https:\/\/obera.fr\/wp-content\/uploads\/2020\/10\/salon-de-coiffure.jpg 1024w\" sizes=\"(max-width: 300px) 100vw, 300px\" \/><figcaption class=\"wp-element-caption\">Salon fryzjerski<\/figcaption><\/figure>\n\n<p><strong>Fryzjerzy<\/strong>, salony paznokci i salony kosmetyczne s\u0105 szczeg\u00f3lnie nara\u017cone na zagro\u017cenia zwi\u0105zane z jako\u015bci\u0105 powietrza, a ich dzia\u0142alno\u015b\u0107 generuje zanieczyszczenia w postaci aerozoli, drobnego py\u0142u i licznych <strong>zanieczyszcze\u0144 gazowych<\/strong> z u\u017cywanych przez nich produkt\u00f3w, takich jak amoniak, produkty do trwa\u0142ej ondulacji, produkty do rozja\u015bniania i farbowania w\u0142os\u00f3w, spraye, nadtlenek wodoru, formaldehydy i w\u0142osy.  <\/p>\n\n<p>Fryzjerzy i kosmetyczki cz\u0119sto borykaj\u0105 si\u0119 ze znacznymi <strong>zapachami<\/strong>, <strong>podra\u017cnieniami<\/strong>, <strong>b\u00f3lami g\u0142owy lub alergiami oddechowymi<\/strong>. Salony fryzjerskie, salony paznokci i salony pi\u0119kno\u015bci s\u0105 generalnie \u017ale wentylowane. Oczyszczacze powietrza s\u0105 rozwi\u0105zaniem poprawiaj\u0105cym og\u00f3ln\u0105 jako\u015b\u0107 powietrza. Mog\u0105 by\u0107 u\u017cywane z ramieniem do wychwytywania u \u017ar\u00f3d\u0142a i\/lub bezpo\u015brednio w atmosferze. <\/p>\n\n<blockquote class=\"wp-block-quote is-layout-flow wp-block-quote-is-layout-flow\">\n<p>Zalecana konfiguracja filtra: G4 + E11 + w\u0119giel aktywny (z ramieniem zbieraj\u0105cym)<\/p>\n<\/blockquote>\n\n<h3 class=\"wp-block-heading\">Otwarte przestrzenie\/biura<\/h3>\n\n<figure class=\"wp-block-image alignright size-medium\"><img decoding=\"async\" width=\"300\" height=\"200\" src=\"https:\/\/obera.fr\/wp-content\/uploads\/2020\/10\/salle-open-space-300x200.jpg\" alt=\"Otwarta przestrze&#x144;\" class=\"wp-image-1230\" srcset=\"https:\/\/obera.fr\/wp-content\/uploads\/2020\/10\/salle-open-space-300x200.jpg 300w, https:\/\/obera.fr\/wp-content\/uploads\/2020\/10\/salle-open-space-768x512.jpg 768w, https:\/\/obera.fr\/wp-content\/uploads\/2020\/10\/salle-open-space.jpg 1024w\" sizes=\"(max-width: 300px) 100vw, 300px\" \/><figcaption class=\"wp-element-caption\">Pok\u00f3j typu open space<\/figcaption><\/figure>\n\n<p>Pracownicy pracuj\u0105cy w biurach lub biurach na planie otwartym s\u0105 <strong>szczeg\u00f3lnie nara\u017ceni na zanieczyszczenia powietrza z zewn\u0105trz<\/strong> (kurz, zapachy, py\u0142ki i zanieczyszczenia na obszarach miejskich), zanieczyszczenia wewn\u0105trz pomieszcze\u0144 (biologiczne: wirusy, bakterie, drobnoustroje) i zanieczyszczenia chemiczne (zapachy, \u015brodki czyszcz\u0105ce i zanieczyszczenia uwalniane przez meble, farby, dywany i inne materia\u0142y budowlane).<\/p>\n\n<p>Zjawisko to jest nasilone, je\u015bli biura s\u0105 wentylowane, pod obni\u017conym ci\u015bnieniem i s\u0105siaduj\u0105 z warsztatem produkcyjnym lub zanieczyszczonym obszarem miejskim. W takim przypadku zanieczyszczenie powietrza jest przenoszone do biur.<\/p>\n\n<blockquote class=\"wp-block-quote is-layout-flow wp-block-quote-is-layout-flow\">\n<p>Zalecana konfiguracja filtra: G4 + F8 lub G4 + H14 lub G4 + H14 + w\u0119giel aktywny<\/p>\n<\/blockquote>\n\n<p><\/p>\n\n<h3 class=\"wp-block-heading\">Sektor medyczny (szpitale, domy opieki, weterynarze, protetycy, denty\u015bci i technicy dentystyczni, gabinety lekarskie, domy pogrzebowe)<\/h3>\n\n<figure class=\"wp-block-image alignright size-medium\"><img decoding=\"async\" width=\"200\" height=\"300\" src=\"https:\/\/obera.fr\/wp-content\/uploads\/2020\/10\/hopital-200x300.jpg\" alt=\"Szpital\" class=\"wp-image-1232\" srcset=\"https:\/\/obera.fr\/wp-content\/uploads\/2020\/10\/hopital-200x300.jpg 200w, https:\/\/obera.fr\/wp-content\/uploads\/2020\/10\/hopital-683x1024.jpg 683w, https:\/\/obera.fr\/wp-content\/uploads\/2020\/10\/hopital-768x1152.jpg 768w, https:\/\/obera.fr\/wp-content\/uploads\/2020\/10\/hopital.jpg 1024w\" sizes=\"(max-width: 200px) 100vw, 200px\" \/><figcaption class=\"wp-element-caption\">Szpital<\/figcaption><\/figure>\n\n<p>Potrzeby s\u0105 zr\u00f3\u017cnicowane:<\/p>\n\n<ul class=\"wp-block-list\">\n<li>Poprawa jako\u015bci powietrza w celu <strong>zmniejszenia zanieczyszczenia powietrza<\/strong> (wirusy, bakterie).<\/li>\n\n\n\n<li>Dezynfekcja i <strong>zapobieganie rozprzestrzenianiu si\u0119 wirus\u00f3w<\/strong>, bakterii itp.<\/li>\n\n\n\n<li>Eliminacja uci\u0105\u017cliwych zapach\u00f3w i <strong>neutralizacja r\u00f3\u017cnych form zanieczyszcze\u0144 zapachowych<\/strong>.<\/li>\n\n\n\n<li><strong>Zmniejszenie poziomu zapylenia<\/strong> podczas czynno\u015bci generuj\u0105cych py\u0142.<\/li>\n<\/ul>\n\n<p><\/p>\n\n<h3 class=\"wp-block-heading\">Plac\u00f3wki og\u00f3lnodost\u0119pne (w\u0142adze lokalne, \u017c\u0142obki, szko\u0142y)<\/h3>\n\n<p>Monitorowanie jako\u015bci powietrza w pomieszczeniach jest obowi\u0105zkowe w plac\u00f3wkach o\u015bwiatowych od<sup>1<\/sup> stycznia 2020 r., a w \u017c\u0142obkach od<sup>1<\/sup> stycznia 2018 r.<\/p>\n\n<p>Parametrami jako\u015bci powietrza s\u0105 <strong>cz\u0105stki drobne<\/strong>, <strong>formaldehydy<\/strong>, <strong>LZO<\/strong>, <strong>benzen<\/strong> i <strong>dwutlenek w\u0119gla<\/strong>. Objawami z\u0142ej jako\u015bci powietrza s\u0105 b\u00f3le g\u0142owy, podra\u017cnienia i alergie oddechowe. <\/p>\n\n<p>Zjawisko jest nasilone, je\u015bli przestrzenie s\u0105 \u017ale wentylowane lub nie s\u0105 przewietrzane. Mo\u017cliwe jest zainstalowanie oczyszczacza powietrza w atmosferze do oczyszczania tych r\u00f3\u017cnych \u017ar\u00f3de\u0142 zanieczyszcze\u0144.<\/p>\n\n<p><\/p>\n\n<h2 class=\"wp-block-heading\">Jak skonfigurowa\u0107 profesjonalny oczyszczacz powietrza z w\u0119glem aktywnym?<\/h2>\n\n<p>Wa\u017cne jest, aby wiedzie\u0107, \u017ce zanieczyszczenia gazowe (molekularne) s\u0105 zatrzymywane na adsorbencie typu <strong>w\u0119giel aktywny<\/strong>. Zanieczyszczenia cz\u0105steczkowe (py\u0142, dym, mg\u0142a&#8230;) s\u0105 zatrzymywane na filtrze cz\u0105steczkowym.<\/p>\n\n<p>Oczyszczacze powietrza ePUR CA mog\u0105 zawiera\u0107 od 2 do 3 konfigurowalnych stopni filtracji.<\/p>\n\n<p>Je\u015bli zanieczyszczenie ma charakter cz\u0105steczkowy, 4 stopnie filtracji s\u0105 przeznaczone do kolejnego rozdzielania r\u00f3\u017cnych rozmiar\u00f3w granulometrycznych cz\u0105stek. Mo\u017cliwe jest u\u017cycie wszystkich klas filtracji, od <strong>ISO Coarse 50%<\/strong> (dawniej G3) do <strong>HEPA H14<\/strong>.<\/p>\n\n<p>Je\u015bli zanieczyszczenia s\u0105 gazowe, do ochrony w\u0119gla aktywnego wymagane s\u0105 dwa stopnie w\u0119gla aktywnego i pierwszy stopie\u0144 filtra cz\u0105stek sta\u0142ych.<\/p>\n\n<p>W przypadku kombinacji zanieczyszcze\u0144 gazowych i cz\u0105steczkowych \u0142\u0105czy si\u0119 stopnie filtr\u00f3w cz\u0105steczkowych z jednym lub kilkoma stopniami filtr\u00f3w z w\u0119glem aktywnym. Filtry cz\u0105steczkowe s\u0105 obecne w celu ochrony filtra z w\u0119glem aktywnym i zagwarantowania tym samym jego trwa\u0142o\u015bci i skuteczno\u015bci.<\/p>\n\n<blockquote class=\"wp-block-quote is-layout-flow wp-block-quote-is-layout-flow\">\n<p>W przypadku obecno\u015bci wirus\u00f3w, bakterii, CMR lub niebezpiecznych py\u0142\u00f3w nale\u017cy wybra\u0107 <strong>filtry o wysokiej wydajno\u015bci<\/strong> (EPE E11 lub wy\u017csze).<\/p>\n<\/blockquote>\n\n<p>Wa\u017cne jest przy wysokich st\u0119\u017ceniach py\u0142\u00f3w zwielokrotnienie stopni prefiltracji w celu ochrony najwy\u017cszej jako\u015bci filtra. Nale\u017cy wiedzie\u0107, \u017ce filtr H14 mo\u017ce kosztowa\u0107 nawet 4 razy wi\u0119cej ni\u017c filtr F8.<\/p>\n\n<p>Nale\u017cy r\u00f3wnie\u017c wiedzie\u0107, \u017ce filtr wysokiej skuteczno\u015bci niekoniecznie jest potrzebny, je\u015bli py\u0142 do oczyszczenia jest gruby. Rzeczywi\u015bcie, mo\u017ce si\u0119 on zatka\u0107 znacznie szybciej ni\u017c filtr dostosowany do grubego py\u0142u i b\u0119dzie zatem dro\u017cszy w wymianie.<\/p>\n\n<p>Oto kilka przyk\u0142ad\u00f3w mo\u017cliwych konfiguracji filtra powietrza:<\/p>\n\n<ul class=\"wp-block-list\">\n<li>G4\/F8 dla klas py\u0142u L<\/li>\n\n\n\n<li>G4\/E11 dla klas py\u0142u od M do H<\/li>\n\n\n\n<li>G4 \/F8 \/ HEPA H14 dla py\u0142\u00f3w klasy H<\/li>\n\n\n\n<li>G3\/F8\/H14 dla klas py\u0142u H<\/li>\n\n\n\n<li>G4 \/ F8 \/ E11 dla klas py\u0142u od M do H<\/li>\n\n\n\n<li>G3 \/ F8 \/ E11 dla klas py\u0142u od M do H<\/li>\n\n\n\n<li>G4 \/ F8\/ W\u0119giel aktywny do usuwania py\u0142\u00f3w klasy L i zapach\u00f3w<\/li>\n\n\n\n<li>G3 \/ F8\/ W\u0119giel aktywny do usuwania py\u0142\u00f3w klasy L i zapach\u00f3w<\/li>\n\n\n\n<li>F7\/ H14 \/ w\u0119giel aktywny do usuwania py\u0142u klasy H i nieprzyjemnych zapach\u00f3w<\/li>\n\n\n\n<li>F7\/E11\/ w\u0119giel aktywny dla klas py\u0142u od M do H i oczyszczania zapach\u00f3w.<\/li>\n\n\n\n<li>G4 \/ CA\/ CA Tylko do usuwania nieprzyjemnych zapach\u00f3w.<\/li>\n<\/ul>\n\n<blockquote class=\"wp-block-quote is-layout-flow wp-block-quote-is-layout-flow\">\n<p>Wi\u0119kszo\u015b\u0107 naszych filtr\u00f3w do EPA E11 to w 100% poliester, niezawieraj\u0105cy barwnik\u00f3w, rozpuszczalnik\u00f3w ani spoiw, dzi\u0119ki czemu nie u\u017cywamy w\u0142\u00f3kien szklanych, kt\u00f3re uwalniaj\u0105 rakotw\u00f3rcze w\u0142\u00f3kna.<\/p>\n<\/blockquote>\n\n<h2 class=\"wp-block-heading\">Inne oczyszczacze powietrza marki oberA<\/h2>\n\n<div class=\"wp-block-columns is-layout-flex wp-container-core-columns-is-layout-28f84493 wp-block-columns-is-layout-flex\">\n<div class=\"wp-block-column is-layout-flow wp-block-column-is-layout-flow\">\n<figure class=\"wp-block-image aligncenter size-full\"><a href=\"https:\/\/obera.fr\/pl\/produits\/purificateurs-air\/filtower\/\"><img decoding=\"async\" width=\"184\" height=\"300\" src=\"https:\/\/obera.fr\/wp-content\/uploads\/2026\/01\/image-filtower.png\" alt=\"obraz filtower\" class=\"wp-image-138903\"\/><\/a><figcaption class=\"wp-element-caption\">Filtower<\/figcaption><\/figure>\n<\/div>\n\n\n\n<div class=\"wp-block-column is-layout-flow wp-block-column-is-layout-flow\">\n<figure class=\"wp-block-image aligncenter size-full is-resized\"><a href=\"https:\/\/obera.fr\/pl\/produits\/purificateurs-air\/industriel-epur\/\"><img decoding=\"async\" width=\"1200\" height=\"1200\" src=\"https:\/\/obera.fr\/wp-content\/uploads\/2026\/01\/image-gamme-epur.png\" alt=\"obraz serii epur\" class=\"wp-image-138868\" style=\"width:313px;height:auto\" srcset=\"https:\/\/obera.fr\/wp-content\/uploads\/2026\/01\/image-gamme-epur.png 1200w, https:\/\/obera.fr\/wp-content\/uploads\/2026\/01\/image-gamme-epur-300x300.png 300w, https:\/\/obera.fr\/wp-content\/uploads\/2026\/01\/image-gamme-epur-1024x1024.png 1024w, https:\/\/obera.fr\/wp-content\/uploads\/2026\/01\/image-gamme-epur-150x150.png 150w, https:\/\/obera.fr\/wp-content\/uploads\/2026\/01\/image-gamme-epur-768x768.png 768w\" sizes=\"(max-width: 1200px) 100vw, 1200px\" \/><\/a><figcaption class=\"wp-element-caption\">ePUR<\/figcaption><\/figure>\n<\/div>\n\n\n\n<div class=\"wp-block-column is-layout-flow wp-block-column-is-layout-flow\">\n<figure class=\"wp-block-image aligncenter size-medium\"><a href=\"https:\/\/obera.fr\/pl\/produits\/purificateurs-air\/oczyszczacz-powietrza-z-pylu-epur-b01-ecoprime\/\"><img decoding=\"async\" width=\"300\" height=\"300\" src=\"https:\/\/obera.fr\/wp-content\/uploads\/2020\/09\/epur-b01-ecoprime-300x300.jpg\" alt=\"Epur B01 Ecoprime\" class=\"wp-image-1008\" srcset=\"https:\/\/obera.fr\/wp-content\/uploads\/2020\/09\/epur-b01-ecoprime-300x300.jpg 300w, https:\/\/obera.fr\/wp-content\/uploads\/2020\/09\/epur-b01-ecoprime-150x150.jpg 150w, https:\/\/obera.fr\/wp-content\/uploads\/2020\/09\/epur-b01-ecoprime.jpg 433w\" sizes=\"(max-width: 300px) 100vw, 300px\" \/><\/a><figcaption class=\"wp-element-caption\">ePUR B01 Ecoprime<\/figcaption><\/figure>\n<\/div>\n<\/div>\n\n<p><\/p>\n","protected":false},"excerpt":{"rendered":"<p>Nasze profesjonalne oczyszczacze powietrza ePUR CA to mobilne urz\u0105dzenia do oczyszczania powietrza z w\u0119glem aktywnym, kt\u00f3re nie wymagaj\u0105 orurowania ani monta\u017cu. Jak dzia\u0142aj\u0105 nasze profesjonalne oczyszczacze powietrza? Dzia\u0142anie jest proste \u2013 zanieczyszczone powietrze jest zasysane przez g\u00f3rn\u0105 cz\u0119\u015b\u0107 urz\u0105dzenia. Nast\u0119pnie cz\u0105stki sta\u0142e i ciek\u0142e s\u0105 zatrzymywane przez kolejne warstwy filtr\u00f3w, a ewentualne zanieczyszczenia gazowe przez filtr z w\u0119glem aktywnym. Oczyszczacz powietrza oczyszcza powietrze w przestrzeni roboczej, wymuszaj\u0105c jego przep\u0142yw przez r\u00f3\u017cne stopnie filtracji. Oczyszczacz powietrza zasysa nad sob\u0105 kolumn\u0119 powietrza nieco cieplejszego i wypuszcza je oczyszczone do przestrzeni roboczej na poziomie pod\u0142ogi. To l\u017cejsze powietrze naturalnie unosi si\u0119 w pomieszczeniu &#8230; <\/p>\n<p class=\"read-more-container\"><a title=\"Profesjonalny oczyszczacz powietrza ePUR CA\" class=\"read-more button\" href=\"https:\/\/obera.fr\/pl\/produits\/purificateurs-air\/professionnel-epur-ca\/#more-45509\" aria-label=\"Dowiedz si\u0119 wi\u0119cej o Profesjonalny oczyszczacz powietrza ePUR CA\">Lire la suite<\/a><\/p>\n","protected":false},"author":4,"featured_media":83746,"parent":37673,"menu_order":0,"comment_status":"closed","ping_status":"closed","template":"","meta":{"_acf_changed":false,"_seopress_robots_primary_cat":"","_seopress_titles_title":"Profesjonalny oczyszczacz powietrza z w\u0119glem aktywnym ePUR CA","_seopress_titles_desc":"Profesjonalny oczyszczacz powietrza oberA ePUR CA to mobilne urz\u0105dzenie do oczyszczania powietrza z w\u0119glem aktywnym, kt\u00f3re nie wymaga instalacji rurowej.","_seopress_robots_index":"","footnotes":""},"class_list":{"0":"post-45509","1":"page","2":"type-page","3":"status-publish","4":"has-post-thumbnail","6":"no-featured-image-padding","7":"resize-featured-image"},"acf":[],"_links":{"self":[{"href":"https:\/\/obera.fr\/pl\/wp-json\/wp\/v2\/pages\/45509","targetHints":{"allow":["GET"]}}],"collection":[{"href":"https:\/\/obera.fr\/pl\/wp-json\/wp\/v2\/pages"}],"about":[{"href":"https:\/\/obera.fr\/pl\/wp-json\/wp\/v2\/types\/page"}],"author":[{"embeddable":true,"href":"https:\/\/obera.fr\/pl\/wp-json\/wp\/v2\/users\/4"}],"replies":[{"embeddable":true,"href":"https:\/\/obera.fr\/pl\/wp-json\/wp\/v2\/comments?post=45509"}],"version-history":[{"count":14,"href":"https:\/\/obera.fr\/pl\/wp-json\/wp\/v2\/pages\/45509\/revisions"}],"predecessor-version":[{"id":141656,"href":"https:\/\/obera.fr\/pl\/wp-json\/wp\/v2\/pages\/45509\/revisions\/141656"}],"up":[{"embeddable":true,"href":"https:\/\/obera.fr\/pl\/wp-json\/wp\/v2\/pages\/37673"}],"wp:featuredmedia":[{"embeddable":true,"href":"https:\/\/obera.fr\/pl\/wp-json\/wp\/v2\/media\/83746"}],"wp:attachment":[{"href":"https:\/\/obera.fr\/pl\/wp-json\/wp\/v2\/media?parent=45509"}],"curies":[{"name":"wp","href":"https:\/\/api.w.org\/{rel}","templated":true}]}}