{"id":123825,"date":"2025-07-16T11:10:00","date_gmt":"2025-07-16T09:10:00","guid":{"rendered":"https:\/\/obera.fr\/thematique\/"},"modified":"2025-08-21T11:53:16","modified_gmt":"2025-08-21T09:53:16","slug":"thematique","status":"publish","type":"page","link":"https:\/\/obera.fr\/pt-pt\/thematique\/","title":{"rendered":"Temas"},"content":{"rendered":"\n<p>Explora nesta p\u00e1gina uma variedade de artigos relacionados com o teu sector de atividade. N\u00e3o hesites em percorrer os v\u00e1rios conte\u00fados para descobrir as solu\u00e7\u00f5es e os casos concretos que podemos oferecer-te. <\/p>\n\n\n<h2 class=\"wp-block-heading\" id=\"production\">Produ\u00e7\u00e3o<\/h2>\n\n<p>Esta fam\u00edlia inclui sectores em que a atividade principal \u00e9 o fabrico de bens (alimenta\u00e7\u00e3o, madeira, materiais, t\u00eaxteis, etc.), campos em que a OberA oferece solu\u00e7\u00f5es de filtragem, despoeiramento, purifica\u00e7\u00e3o do ar e refrigera\u00e7\u00e3o adaptadas \u00e0s oficinas e linhas de produ\u00e7\u00e3o.<\/p>\n\n<div style=\"height:20px\" aria-hidden=\"true\" class=\"wp-block-spacer\"><\/div>\n\n<div class=\"wp-block-columns is-layout-flex wp-container-core-columns-is-layout-28f84493 wp-block-columns-is-layout-flex\">\n<div class=\"wp-block-column is-layout-flow wp-block-column-is-layout-flow\">\n<figure class=\"wp-block-image size-large is-style-default\"><a href=\"https:\/\/obera.fr\/pt-pt\/industria-alimentar\/\"><img decoding=\"async\" width=\"1024\" height=\"576\" src=\"https:\/\/obera.fr\/wp-content\/uploads\/2025\/08\/agro-alimentaire-1024x576.jpg\" alt=\"agroalimentar\" class=\"wp-image-126323\" style=\"object-fit:cover\" srcset=\"https:\/\/obera.fr\/wp-content\/uploads\/2025\/08\/agro-alimentaire-1024x576.jpg 1024w, https:\/\/obera.fr\/wp-content\/uploads\/2025\/08\/agro-alimentaire-300x169.jpg 300w, https:\/\/obera.fr\/wp-content\/uploads\/2025\/08\/agro-alimentaire-768x432.jpg 768w, https:\/\/obera.fr\/wp-content\/uploads\/2025\/08\/agro-alimentaire-1536x864.jpg 1536w, https:\/\/obera.fr\/wp-content\/uploads\/2025\/08\/agro-alimentaire.jpg 1600w\" sizes=\"(max-width: 1024px) 100vw, 1024px\" \/><\/a><\/figure>\n\n\n\n<p class=\"has-text-align-center has-medium-font-size\"><strong><strong><a href=\"https:\/\/obera.fr\/pt-pt\/industria-alimentar\/\">Ind\u00fastria alimentar<\/a><\/strong><\/strong><\/p>\n<\/div>\n\n\n\n<div class=\"wp-block-column is-layout-flow wp-block-column-is-layout-flow\">\n<figure class=\"wp-block-image size-large\"><a href=\"https:\/\/obera.fr\/pt-pt\/madeira\/\"><img decoding=\"async\" width=\"1024\" height=\"576\" src=\"https:\/\/obera.fr\/wp-content\/uploads\/2025\/08\/bois-1024x576.jpg\" alt=\"madeira\" class=\"wp-image-126208\" style=\"object-fit:cover\" srcset=\"https:\/\/obera.fr\/wp-content\/uploads\/2025\/08\/bois-1024x576.jpg 1024w, https:\/\/obera.fr\/wp-content\/uploads\/2025\/08\/bois-300x169.jpg 300w, https:\/\/obera.fr\/wp-content\/uploads\/2025\/08\/bois-768x432.jpg 768w, https:\/\/obera.fr\/wp-content\/uploads\/2025\/08\/bois-1536x864.jpg 1536w, https:\/\/obera.fr\/wp-content\/uploads\/2025\/08\/bois.jpg 1600w\" sizes=\"(max-width: 1024px) 100vw, 1024px\" \/><\/a><\/figure>\n\n\n\n<p class=\"has-text-align-center has-medium-font-size\"><strong><a href=\"https:\/\/obera.fr\/pt-pt\/madeira\/\">Madeira<\/a><\/strong><\/p>\n<\/div>\n\n\n\n<div class=\"wp-block-column is-layout-flow wp-block-column-is-layout-flow\">\n<figure class=\"wp-block-image size-large\"><a href=\"https:\/\/obera.fr\/btp\/\"><img decoding=\"async\" width=\"1024\" height=\"576\" src=\"https:\/\/obera.fr\/wp-content\/uploads\/2025\/08\/btp-1024x576.jpg\" alt=\"constru&#xE7;&#xE3;o\" class=\"wp-image-126185\" style=\"object-fit:cover\" srcset=\"https:\/\/obera.fr\/wp-content\/uploads\/2025\/08\/btp-1024x576.jpg 1024w, https:\/\/obera.fr\/wp-content\/uploads\/2025\/08\/btp-300x169.jpg 300w, https:\/\/obera.fr\/wp-content\/uploads\/2025\/08\/btp-768x432.jpg 768w, https:\/\/obera.fr\/wp-content\/uploads\/2025\/08\/btp-1536x864.jpg 1536w, https:\/\/obera.fr\/wp-content\/uploads\/2025\/08\/btp.jpg 1600w\" sizes=\"(max-width: 1024px) 100vw, 1024px\" \/><\/a><\/figure>\n\n\n\n<p class=\"has-text-align-center has-medium-font-size\"><strong><a href=\"https:\/\/obera.fr\/btp\/\">BTP<\/a><\/strong><\/p>\n<\/div>\n<\/div>\n\n<div style=\"height:43px\" aria-hidden=\"true\" class=\"wp-block-spacer\"><\/div>\n\n<div class=\"wp-block-columns is-layout-flex wp-container-core-columns-is-layout-28f84493 wp-block-columns-is-layout-flex\">\n<div class=\"wp-block-column is-layout-flow wp-block-column-is-layout-flow\">\n<figure class=\"wp-block-image size-large is-style-default\"><a href=\"https:\/\/obera.fr\/imprimerie\/\"><img decoding=\"async\" width=\"1024\" height=\"576\" src=\"https:\/\/obera.fr\/wp-content\/uploads\/2025\/08\/imprimerie-1024x576.jpg\" alt=\"impress&#xE3;o\" class=\"wp-image-126483\" style=\"object-fit:cover\" srcset=\"https:\/\/obera.fr\/wp-content\/uploads\/2025\/08\/imprimerie-1024x576.jpg 1024w, https:\/\/obera.fr\/wp-content\/uploads\/2025\/08\/imprimerie-300x169.jpg 300w, https:\/\/obera.fr\/wp-content\/uploads\/2025\/08\/imprimerie-768x432.jpg 768w, https:\/\/obera.fr\/wp-content\/uploads\/2025\/08\/imprimerie-1536x864.jpg 1536w, https:\/\/obera.fr\/wp-content\/uploads\/2025\/08\/imprimerie.jpg 1600w\" sizes=\"(max-width: 1024px) 100vw, 1024px\" \/><\/a><\/figure>\n\n\n\n<p class=\"has-text-align-center has-medium-font-size\"><strong><strong><a href=\"https:\/\/obera.fr\/imprimerie\/\">Impress\u00e3o<\/a><\/strong><\/strong><\/p>\n<\/div>\n\n\n\n<div class=\"wp-block-column is-layout-flow wp-block-column-is-layout-flow\">\n<figure class=\"wp-block-image size-large\"><a href=\"https:\/\/obera.fr\/pt-pt\/papel-cartao\/\"><img decoding=\"async\" width=\"1024\" height=\"576\" src=\"https:\/\/obera.fr\/wp-content\/uploads\/2025\/08\/papier-carton-1024x576.jpg\" alt=\"papel e cart&#xE3;o\" class=\"wp-image-126904\" style=\"object-fit:cover\" srcset=\"https:\/\/obera.fr\/wp-content\/uploads\/2025\/08\/papier-carton-1024x576.jpg 1024w, https:\/\/obera.fr\/wp-content\/uploads\/2025\/08\/papier-carton-300x169.jpg 300w, https:\/\/obera.fr\/wp-content\/uploads\/2025\/08\/papier-carton-768x432.jpg 768w, https:\/\/obera.fr\/wp-content\/uploads\/2025\/08\/papier-carton-1536x864.jpg 1536w, https:\/\/obera.fr\/wp-content\/uploads\/2025\/08\/papier-carton.jpg 1600w\" sizes=\"(max-width: 1024px) 100vw, 1024px\" \/><\/a><\/figure>\n\n\n\n<p class=\"has-text-align-center has-medium-font-size\"><strong><a href=\"https:\/\/obera.fr\/pt-pt\/papel-cartao\/\">Papel \/ cart\u00e3o<\/a><\/strong><\/p>\n<\/div>\n\n\n\n<div class=\"wp-block-column is-layout-flow wp-block-column-is-layout-flow\">\n<figure class=\"wp-block-image size-large\"><a href=\"https:\/\/obera.fr\/pt-pt\/plasticos-processamento-de-plasticos-materiais-compositos\/\"><img decoding=\"async\" width=\"1024\" height=\"576\" src=\"https:\/\/obera.fr\/wp-content\/uploads\/2025\/08\/plastique-1024x576.jpg\" alt=\"pl&#xE1;stico\" class=\"wp-image-126881\" style=\"object-fit:cover\" srcset=\"https:\/\/obera.fr\/wp-content\/uploads\/2025\/08\/plastique-1024x576.jpg 1024w, https:\/\/obera.fr\/wp-content\/uploads\/2025\/08\/plastique-300x169.jpg 300w, https:\/\/obera.fr\/wp-content\/uploads\/2025\/08\/plastique-768x432.jpg 768w, https:\/\/obera.fr\/wp-content\/uploads\/2025\/08\/plastique-1536x864.jpg 1536w, https:\/\/obera.fr\/wp-content\/uploads\/2025\/08\/plastique.jpg 1600w\" sizes=\"(max-width: 1024px) 100vw, 1024px\" \/><\/a><\/figure>\n\n\n\n<p class=\"has-text-align-center has-medium-font-size\"><strong><a href=\"https:\/\/obera.fr\/pt-pt\/plasticos-processamento-de-plasticos-materiais-compositos\/\">Pl\u00e1sticos \/ Processamento de pl\u00e1sticos \/ Materiais comp\u00f3sitos<\/a><\/strong><\/p>\n<\/div>\n<\/div>\n\n<div style=\"height:43px\" aria-hidden=\"true\" class=\"wp-block-spacer\"><\/div>\n\n<div class=\"wp-block-columns is-layout-flex wp-container-core-columns-is-layout-28f84493 wp-block-columns-is-layout-flex\">\n<div class=\"wp-block-column is-layout-flow wp-block-column-is-layout-flow\">\n<figure class=\"wp-block-image size-large\"><a href=\"https:\/\/obera.fr\/pt-pt\/reciclagem\/\"><img decoding=\"async\" width=\"1024\" height=\"576\" src=\"https:\/\/obera.fr\/wp-content\/uploads\/2025\/08\/recyclage-1024x576.jpg\" alt=\"reciclagem\" class=\"wp-image-126858\" style=\"object-fit:cover\" srcset=\"https:\/\/obera.fr\/wp-content\/uploads\/2025\/08\/recyclage-1024x576.jpg 1024w, https:\/\/obera.fr\/wp-content\/uploads\/2025\/08\/recyclage-300x169.jpg 300w, https:\/\/obera.fr\/wp-content\/uploads\/2025\/08\/recyclage-768x432.jpg 768w, https:\/\/obera.fr\/wp-content\/uploads\/2025\/08\/recyclage-1536x864.jpg 1536w, https:\/\/obera.fr\/wp-content\/uploads\/2025\/08\/recyclage.jpg 1600w\" sizes=\"(max-width: 1024px) 100vw, 1024px\" \/><\/a><\/figure>\n\n\n\n<p class=\"has-text-align-center has-medium-font-size\"><strong><a href=\"https:\/\/obera.fr\/pt-pt\/reciclagem\/\">Reciclagem<\/a><\/strong><\/p>\n<\/div>\n\n\n\n<div class=\"wp-block-column is-layout-flow wp-block-column-is-layout-flow\">\n<figure class=\"wp-block-image size-large is-style-default\"><a href=\"https:\/\/obera.fr\/pt-pt\/texteis\/\"><img decoding=\"async\" width=\"1024\" height=\"576\" src=\"https:\/\/obera.fr\/wp-content\/uploads\/2025\/08\/textile-1024x576.jpg\" alt=\"t&#xEA;xtil\" class=\"wp-image-126720\" style=\"object-fit:cover\" srcset=\"https:\/\/obera.fr\/wp-content\/uploads\/2025\/08\/textile-1024x576.jpg 1024w, https:\/\/obera.fr\/wp-content\/uploads\/2025\/08\/textile-300x169.jpg 300w, https:\/\/obera.fr\/wp-content\/uploads\/2025\/08\/textile-768x432.jpg 768w, https:\/\/obera.fr\/wp-content\/uploads\/2025\/08\/textile-1536x864.jpg 1536w, https:\/\/obera.fr\/wp-content\/uploads\/2025\/08\/textile.jpg 1600w\" sizes=\"(max-width: 1024px) 100vw, 1024px\" \/><\/a><\/figure>\n\n\n\n<p class=\"has-text-align-center has-medium-font-size\"><strong><strong><a href=\"https:\/\/obera.fr\/pt-pt\/texteis\/\">T\u00eaxteis<\/a><\/strong><\/strong><\/p>\n<\/div>\n\n\n\n<div class=\"wp-block-column is-layout-flow wp-block-column-is-layout-flow\">\n<figure class=\"wp-block-image size-large\"><a href=\"https:\/\/obera.fr\/pt-pt\/corte-de-pedra\/\"><img decoding=\"async\" width=\"1024\" height=\"576\" src=\"https:\/\/obera.fr\/wp-content\/uploads\/2025\/08\/taille-pierre-1024x576.jpg\" alt=\"corte de pedra\" class=\"wp-image-126743\" style=\"object-fit:cover\" srcset=\"https:\/\/obera.fr\/wp-content\/uploads\/2025\/08\/taille-pierre-1024x576.jpg 1024w, https:\/\/obera.fr\/wp-content\/uploads\/2025\/08\/taille-pierre-300x169.jpg 300w, https:\/\/obera.fr\/wp-content\/uploads\/2025\/08\/taille-pierre-768x432.jpg 768w, https:\/\/obera.fr\/wp-content\/uploads\/2025\/08\/taille-pierre-1536x864.jpg 1536w, https:\/\/obera.fr\/wp-content\/uploads\/2025\/08\/taille-pierre.jpg 1600w\" sizes=\"(max-width: 1024px) 100vw, 1024px\" \/><\/a><\/figure>\n\n\n\n<p class=\"has-text-align-center has-medium-font-size\"><strong><a href=\"https:\/\/obera.fr\/pt-pt\/corte-de-pedra\/\">Corte de pedra<\/a><\/strong><\/p>\n<\/div>\n<\/div>\n\n<div style=\"height:43px\" aria-hidden=\"true\" class=\"wp-block-spacer\"><\/div>\n\n<div class=\"wp-block-columns is-layout-flex wp-container-core-columns-is-layout-28f84493 wp-block-columns-is-layout-flex\">\n<div class=\"wp-block-column is-layout-flow wp-block-column-is-layout-flow\">\n<p class=\"has-text-align-center has-medium-font-size\"><\/p>\n<\/div>\n\n\n\n<div class=\"wp-block-column is-layout-flow wp-block-column-is-layout-flow\">\n<figure class=\"wp-block-image size-large\"><a href=\"https:\/\/obera.fr\/pt-pt\/maquinacao-torneamento-de-barras-e-tratamento-de-superficies\/\"><img decoding=\"async\" width=\"1024\" height=\"576\" src=\"https:\/\/obera.fr\/wp-content\/uploads\/2025\/08\/usinage-1024x576.jpg\" alt=\"maquinagem\" class=\"wp-image-126697\" style=\"object-fit:cover\" srcset=\"https:\/\/obera.fr\/wp-content\/uploads\/2025\/08\/usinage-1024x576.jpg 1024w, https:\/\/obera.fr\/wp-content\/uploads\/2025\/08\/usinage-300x169.jpg 300w, https:\/\/obera.fr\/wp-content\/uploads\/2025\/08\/usinage-768x432.jpg 768w, https:\/\/obera.fr\/wp-content\/uploads\/2025\/08\/usinage-1536x864.jpg 1536w, https:\/\/obera.fr\/wp-content\/uploads\/2025\/08\/usinage.jpg 1600w\" sizes=\"(max-width: 1024px) 100vw, 1024px\" \/><\/a><\/figure>\n\n\n\n<p class=\"has-text-align-center has-medium-font-size\"><strong><a href=\"https:\/\/obera.fr\/pt-pt\/maquinacao-torneamento-de-barras-e-tratamento-de-superficies\/\">Maquina\u00e7\u00e3o, torneamento de barras e tratamento de superf\u00edcies<\/a><\/strong><\/p>\n<\/div>\n\n\n\n<div class=\"wp-block-column is-layout-flow wp-block-column-is-layout-flow\">\n<p class=\"has-text-align-center has-medium-font-size\"><\/p>\n<\/div>\n<\/div>\n\n<div style=\"height:80px\" aria-hidden=\"true\" class=\"wp-block-spacer\"><\/div>\n\n<h2 class=\"wp-block-heading\" id=\"industrie\">Ind\u00fastria<\/h2>\n\n<p>Esta fam\u00edlia inclui actividades industriais pesadas (aeron\u00e1utica, qu\u00edmica, autom\u00f3vel, metalurgia, etc.) nas quais a OberA est\u00e1 particularmente envolvida com sistemas de capta\u00e7\u00e3o de fumos, poeiras e vapores, bem como com purificadores m\u00f3veis para garantir a seguran\u00e7a e a conformidade das instala\u00e7\u00f5es.<\/p>\n\n<div style=\"height:20px\" aria-hidden=\"true\" class=\"wp-block-spacer\"><\/div>\n\n<div class=\"wp-block-columns is-layout-flex wp-container-core-columns-is-layout-28f84493 wp-block-columns-is-layout-flex\">\n<div class=\"wp-block-column is-layout-flow wp-block-column-is-layout-flow\">\n<figure class=\"wp-block-image size-large is-style-default\"><a href=\"https:\/\/obera.fr\/pt-pt\/aeroespacial-pt-pt\/\"><img decoding=\"async\" width=\"1024\" height=\"576\" src=\"https:\/\/obera.fr\/wp-content\/uploads\/2025\/08\/aeonautique-1024x576.jpg\" alt=\"aeron&#xE1;utica\" class=\"wp-image-126369\" style=\"object-fit:cover\" srcset=\"https:\/\/obera.fr\/wp-content\/uploads\/2025\/08\/aeonautique-1024x576.jpg 1024w, https:\/\/obera.fr\/wp-content\/uploads\/2025\/08\/aeonautique-300x169.jpg 300w, https:\/\/obera.fr\/wp-content\/uploads\/2025\/08\/aeonautique-768x432.jpg 768w, https:\/\/obera.fr\/wp-content\/uploads\/2025\/08\/aeonautique-1536x864.jpg 1536w, https:\/\/obera.fr\/wp-content\/uploads\/2025\/08\/aeonautique.jpg 1600w\" sizes=\"(max-width: 1024px) 100vw, 1024px\" \/><\/a><\/figure>\n\n\n\n<p class=\"has-text-align-center has-medium-font-size\"><strong><strong><a href=\"https:\/\/obera.fr\/pt-pt\/aeroespacial-pt-pt\/\">Aeroespacial<\/a><\/strong><\/strong><\/p>\n<\/div>\n\n\n\n<div class=\"wp-block-column is-layout-flow wp-block-column-is-layout-flow\">\n<figure class=\"wp-block-image size-large\"><a href=\"https:\/\/obera.fr\/pt-pt\/carros-e-camioes\/\"><img decoding=\"async\" width=\"1024\" height=\"576\" src=\"https:\/\/obera.fr\/wp-content\/uploads\/2025\/08\/automobile-camion-1024x576.jpg\" alt=\"carro cami&#xE3;o\" class=\"wp-image-126254\" style=\"object-fit:cover\" srcset=\"https:\/\/obera.fr\/wp-content\/uploads\/2025\/08\/automobile-camion-1024x576.jpg 1024w, https:\/\/obera.fr\/wp-content\/uploads\/2025\/08\/automobile-camion-300x169.jpg 300w, https:\/\/obera.fr\/wp-content\/uploads\/2025\/08\/automobile-camion-768x432.jpg 768w, https:\/\/obera.fr\/wp-content\/uploads\/2025\/08\/automobile-camion-1536x864.jpg 1536w, https:\/\/obera.fr\/wp-content\/uploads\/2025\/08\/automobile-camion.jpg 1600w\" sizes=\"(max-width: 1024px) 100vw, 1024px\" \/><\/a><\/figure>\n\n\n\n<p class=\"has-text-align-center has-medium-font-size\"><strong><a href=\"https:\/\/obera.fr\/pt-pt\/carros-e-camioes\/\">Carros e cami\u00f5es<\/a><\/strong><\/p>\n<\/div>\n\n\n\n<div class=\"wp-block-column is-layout-flow wp-block-column-is-layout-flow\">\n<figure class=\"wp-block-image size-large\"><a href=\"https:\/\/obera.fr\/pt-pt\/produtos-quimicos-petroquimicos-paraquimicos\/\"><img decoding=\"async\" width=\"1024\" height=\"576\" src=\"https:\/\/obera.fr\/wp-content\/uploads\/2025\/08\/chimie-1024x576.jpg\" alt=\"qu&#xED;mica\" class=\"wp-image-126162\" style=\"object-fit:cover\" srcset=\"https:\/\/obera.fr\/wp-content\/uploads\/2025\/08\/chimie-1024x576.jpg 1024w, https:\/\/obera.fr\/wp-content\/uploads\/2025\/08\/chimie-300x169.jpg 300w, https:\/\/obera.fr\/wp-content\/uploads\/2025\/08\/chimie-768x432.jpg 768w, https:\/\/obera.fr\/wp-content\/uploads\/2025\/08\/chimie-1536x864.jpg 1536w, https:\/\/obera.fr\/wp-content\/uploads\/2025\/08\/chimie.jpg 1600w\" sizes=\"(max-width: 1024px) 100vw, 1024px\" \/><\/a><\/figure>\n\n\n\n<p class=\"has-text-align-center has-medium-font-size\"><strong><a href=\"https:\/\/obera.fr\/pt-pt\/produtos-quimicos-petroquimicos-paraquimicos\/\">Produtos qu\u00edmicos \/ Petroqu\u00edmicos \/ Paraqu\u00edmicos<\/a><\/strong><\/p>\n<\/div>\n<\/div>\n\n<div style=\"height:43px\" aria-hidden=\"true\" class=\"wp-block-spacer\"><\/div>\n\n<div class=\"wp-block-columns is-layout-flex wp-container-core-columns-is-layout-28f84493 wp-block-columns-is-layout-flex\">\n<div class=\"wp-block-column is-layout-flow wp-block-column-is-layout-flow\">\n<figure class=\"wp-block-image size-large is-style-default\"><a href=\"https:\/\/obera.fr\/electronique-electricite\/\"><img decoding=\"async\" width=\"1024\" height=\"576\" src=\"https:\/\/obera.fr\/wp-content\/uploads\/2025\/08\/electricite-electronique-1024x576.jpg\" alt=\"eletricidade eletr&#xF3;nica\" class=\"wp-image-126575\" style=\"object-fit:cover\" srcset=\"https:\/\/obera.fr\/wp-content\/uploads\/2025\/08\/electricite-electronique-1024x576.jpg 1024w, https:\/\/obera.fr\/wp-content\/uploads\/2025\/08\/electricite-electronique-300x169.jpg 300w, https:\/\/obera.fr\/wp-content\/uploads\/2025\/08\/electricite-electronique-768x432.jpg 768w, https:\/\/obera.fr\/wp-content\/uploads\/2025\/08\/electricite-electronique-1536x864.jpg 1536w, https:\/\/obera.fr\/wp-content\/uploads\/2025\/08\/electricite-electronique.jpg 1600w\" sizes=\"(max-width: 1024px) 100vw, 1024px\" \/><\/a><\/figure>\n\n\n\n<p class=\"has-text-align-center has-medium-font-size\"><strong><strong><a href=\"https:\/\/obera.fr\/electronique-electricite\/\">Eletr\u00f3nica \/ Eletricidade<\/a><\/strong><\/strong><\/p>\n<\/div>\n\n\n\n<div class=\"wp-block-column is-layout-flow wp-block-column-is-layout-flow\">\n<figure class=\"wp-block-image size-large\"><a href=\"https:\/\/obera.fr\/extraction-materiaux\/\"><img decoding=\"async\" width=\"1024\" height=\"576\" src=\"https:\/\/obera.fr\/wp-content\/uploads\/2025\/08\/extraction-materiaux-1024x576.jpg\" alt=\"extra&#xE7;&#xE3;o de materiais\" class=\"wp-image-126529\" style=\"object-fit:cover\" srcset=\"https:\/\/obera.fr\/wp-content\/uploads\/2025\/08\/extraction-materiaux-1024x576.jpg 1024w, https:\/\/obera.fr\/wp-content\/uploads\/2025\/08\/extraction-materiaux-300x169.jpg 300w, https:\/\/obera.fr\/wp-content\/uploads\/2025\/08\/extraction-materiaux-768x432.jpg 768w, https:\/\/obera.fr\/wp-content\/uploads\/2025\/08\/extraction-materiaux-1536x864.jpg 1536w, https:\/\/obera.fr\/wp-content\/uploads\/2025\/08\/extraction-materiaux.jpg 1600w\" sizes=\"(max-width: 1024px) 100vw, 1024px\" \/><\/a><\/figure>\n\n\n\n<p class=\"has-text-align-center has-medium-font-size\"><strong><a href=\"https:\/\/obera.fr\/extraction-materiaux\/\">Extra\u00e7\u00e3o de materiais<\/a><\/strong><\/p>\n<\/div>\n\n\n\n<div class=\"wp-block-column is-layout-flow wp-block-column-is-layout-flow\">\n<figure class=\"wp-block-image size-large\"><a href=\"https:\/\/obera.fr\/ferroviaire\/\"><img decoding=\"async\" width=\"1024\" height=\"576\" src=\"https:\/\/obera.fr\/wp-content\/uploads\/2025\/08\/ferroviaire-1024x576.jpg\" alt=\"carril\" class=\"wp-image-126506\" style=\"object-fit:cover\" srcset=\"https:\/\/obera.fr\/wp-content\/uploads\/2025\/08\/ferroviaire-1024x576.jpg 1024w, https:\/\/obera.fr\/wp-content\/uploads\/2025\/08\/ferroviaire-300x169.jpg 300w, https:\/\/obera.fr\/wp-content\/uploads\/2025\/08\/ferroviaire-768x432.jpg 768w, https:\/\/obera.fr\/wp-content\/uploads\/2025\/08\/ferroviaire-1536x864.jpg 1536w, https:\/\/obera.fr\/wp-content\/uploads\/2025\/08\/ferroviaire.jpg 1600w\" sizes=\"(max-width: 1024px) 100vw, 1024px\" \/><\/a><\/figure>\n\n\n\n<p class=\"has-text-align-center has-medium-font-size\"><strong><a href=\"https:\/\/obera.fr\/ferroviaire\/\">Carris<\/a><\/strong><\/p>\n<\/div>\n<\/div>\n\n<div style=\"height:43px\" aria-hidden=\"true\" class=\"wp-block-spacer\"><\/div>\n\n<div class=\"wp-block-columns is-layout-flex wp-container-core-columns-is-layout-28f84493 wp-block-columns-is-layout-flex\">\n<div class=\"wp-block-column is-layout-flow wp-block-column-is-layout-flow\">\n<figure class=\"wp-block-image size-large is-style-default\"><a href=\"https:\/\/obera.fr\/pt-pt\/industria-farmaceutica\/\"><img decoding=\"async\" width=\"1024\" height=\"576\" src=\"https:\/\/obera.fr\/wp-content\/uploads\/2025\/08\/industrie-pharmaceutique-1024x576.jpg\" alt=\"ind&#xFA;stria farmac&#xEA;utica\" class=\"wp-image-126460\" style=\"object-fit:cover\" srcset=\"https:\/\/obera.fr\/wp-content\/uploads\/2025\/08\/industrie-pharmaceutique-1024x576.jpg 1024w, https:\/\/obera.fr\/wp-content\/uploads\/2025\/08\/industrie-pharmaceutique-300x169.jpg 300w, https:\/\/obera.fr\/wp-content\/uploads\/2025\/08\/industrie-pharmaceutique-768x432.jpg 768w, https:\/\/obera.fr\/wp-content\/uploads\/2025\/08\/industrie-pharmaceutique-1536x864.jpg 1536w, https:\/\/obera.fr\/wp-content\/uploads\/2025\/08\/industrie-pharmaceutique.jpg 1600w\" sizes=\"(max-width: 1024px) 100vw, 1024px\" \/><\/a><\/figure>\n\n\n\n<p class=\"has-text-align-center has-medium-font-size\"><strong><strong><a href=\"https:\/\/obera.fr\/pt-pt\/industria-farmaceutica\/\">Ind\u00fastria farmac\u00eautica<\/a><\/strong><\/strong><\/p>\n<\/div>\n\n\n\n<div class=\"wp-block-column is-layout-flow wp-block-column-is-layout-flow\">\n<figure class=\"wp-block-image size-large\"><a href=\"https:\/\/obera.fr\/pt-pt\/metalurgia-metalomecanica\/\"><img decoding=\"async\" width=\"1024\" height=\"576\" src=\"https:\/\/obera.fr\/wp-content\/uploads\/2025\/08\/metallurgie-1024x576.jpg\" alt=\"metalurgia\" class=\"wp-image-126927\" style=\"object-fit:cover\" srcset=\"https:\/\/obera.fr\/wp-content\/uploads\/2025\/08\/metallurgie-1024x576.jpg 1024w, https:\/\/obera.fr\/wp-content\/uploads\/2025\/08\/metallurgie-300x169.jpg 300w, https:\/\/obera.fr\/wp-content\/uploads\/2025\/08\/metallurgie-768x432.jpg 768w, https:\/\/obera.fr\/wp-content\/uploads\/2025\/08\/metallurgie-1536x864.jpg 1536w, https:\/\/obera.fr\/wp-content\/uploads\/2025\/08\/metallurgie.jpg 1600w\" sizes=\"(max-width: 1024px) 100vw, 1024px\" \/><\/a><\/figure>\n\n\n\n<p class=\"has-text-align-center has-medium-font-size\"><strong><a href=\"https:\/\/obera.fr\/pt-pt\/metalurgia-metalomecanica\/\">Metalurgia<\/a><\/strong><\/p>\n<\/div>\n\n\n\n<div class=\"wp-block-column is-layout-flow wp-block-column-is-layout-flow\">\n<p class=\"has-text-align-center\"><\/p>\n<\/div>\n<\/div>\n\n<div style=\"height:80px\" aria-hidden=\"true\" class=\"wp-block-spacer\"><\/div>\n\n<h2 class=\"wp-block-heading\" id=\"services\">Servi\u00e7os<\/h2>\n\n<p>Este grupo abrange actividades de servi\u00e7os, terci\u00e1rias, log\u00edsticas, de sa\u00fade, de educa\u00e7\u00e3o e de alojamento, para as quais a OberA tamb\u00e9m concebe solu\u00e7\u00f5es modulares de tratamento do ar que podem ser implementadas rapidamente e sem instala\u00e7\u00f5es complexas.<\/p>\n\n<div style=\"height:16px\" aria-hidden=\"true\" class=\"wp-block-spacer\"><\/div>\n\n<div class=\"wp-block-columns is-layout-flex wp-container-core-columns-is-layout-28f84493 wp-block-columns-is-layout-flex\">\n<div class=\"wp-block-column is-layout-flow wp-block-column-is-layout-flow\">\n<figure class=\"wp-block-image size-large is-style-default\"><a href=\"https:\/\/obera.fr\/banque-assurance-bureaux-tertiaires\/\"><img decoding=\"async\" width=\"1024\" height=\"576\" src=\"https:\/\/obera.fr\/wp-content\/uploads\/2025\/08\/banques-assurances-1024x576.jpg\" alt=\"seguro banc&#xE1;rio\" class=\"wp-image-126231\" style=\"object-fit:cover\" srcset=\"https:\/\/obera.fr\/wp-content\/uploads\/2025\/08\/banques-assurances-1024x576.jpg 1024w, https:\/\/obera.fr\/wp-content\/uploads\/2025\/08\/banques-assurances-300x169.jpg 300w, https:\/\/obera.fr\/wp-content\/uploads\/2025\/08\/banques-assurances-768x432.jpg 768w, https:\/\/obera.fr\/wp-content\/uploads\/2025\/08\/banques-assurances-1536x864.jpg 1536w, https:\/\/obera.fr\/wp-content\/uploads\/2025\/08\/banques-assurances.jpg 1600w\" sizes=\"(max-width: 1024px) 100vw, 1024px\" \/><\/a><\/figure>\n\n\n\n<p class=\"has-text-align-center has-medium-font-size\"><strong><strong><a href=\"https:\/\/obera.fr\/banque-assurance-bureaux-tertiaires\/\">Banca\/Seguros\/Escrit\u00f3rios terci\u00e1rios<\/a><\/strong><\/strong><\/p>\n<\/div>\n\n\n\n<div class=\"wp-block-column is-layout-flow wp-block-column-is-layout-flow\">\n<figure class=\"wp-block-image size-large\"><a href=\"https:\/\/obera.fr\/commerce\/\"><img decoding=\"async\" width=\"1024\" height=\"576\" src=\"https:\/\/obera.fr\/wp-content\/uploads\/2025\/08\/commerce-1024x576.jpg\" alt=\"com&#xE9;rcio\" class=\"wp-image-126622\" style=\"object-fit:cover\" srcset=\"https:\/\/obera.fr\/wp-content\/uploads\/2025\/08\/commerce-1024x576.jpg 1024w, https:\/\/obera.fr\/wp-content\/uploads\/2025\/08\/commerce-300x169.jpg 300w, https:\/\/obera.fr\/wp-content\/uploads\/2025\/08\/commerce-768x432.jpg 768w, https:\/\/obera.fr\/wp-content\/uploads\/2025\/08\/commerce-1536x864.jpg 1536w, https:\/\/obera.fr\/wp-content\/uploads\/2025\/08\/commerce.jpg 1600w\" sizes=\"(max-width: 1024px) 100vw, 1024px\" \/><\/a><\/figure>\n\n\n\n<p class=\"has-text-align-center has-medium-font-size\"><strong><a href=\"https:\/\/obera.fr\/commerce\/\">Com\u00e9rcio<\/a><\/strong><\/p>\n<\/div>\n\n\n\n<div class=\"wp-block-column is-layout-flow wp-block-column-is-layout-flow\">\n<figure class=\"wp-block-image size-large\"><a href=\"https:\/\/obera.fr\/informatique-telecom\/\"><img decoding=\"async\" width=\"1024\" height=\"576\" src=\"https:\/\/obera.fr\/wp-content\/uploads\/2025\/08\/informatique-1024x576.jpg\" alt=\"TI\" class=\"wp-image-126437\" style=\"object-fit:cover\" srcset=\"https:\/\/obera.fr\/wp-content\/uploads\/2025\/08\/informatique-1024x576.jpg 1024w, https:\/\/obera.fr\/wp-content\/uploads\/2025\/08\/informatique-300x169.jpg 300w, https:\/\/obera.fr\/wp-content\/uploads\/2025\/08\/informatique-768x432.jpg 768w, https:\/\/obera.fr\/wp-content\/uploads\/2025\/08\/informatique-1536x864.jpg 1536w, https:\/\/obera.fr\/wp-content\/uploads\/2025\/08\/informatique.jpg 1600w\" sizes=\"(max-width: 1024px) 100vw, 1024px\" \/><\/a><\/figure>\n\n\n\n<p class=\"has-text-align-center has-medium-font-size\"><strong><a href=\"https:\/\/obera.fr\/informatique-telecom\/\">TI\/Telecom<\/a><\/strong><\/p>\n<\/div>\n<\/div>\n\n<div style=\"height:43px\" aria-hidden=\"true\" class=\"wp-block-spacer\"><\/div>\n\n<div class=\"wp-block-columns is-layout-flex wp-container-core-columns-is-layout-28f84493 wp-block-columns-is-layout-flex\">\n<div class=\"wp-block-column is-layout-flow wp-block-column-is-layout-flow\">\n<figure class=\"wp-block-image size-large is-style-default\"><a href=\"https:\/\/obera.fr\/pt-pt\/transporte-e-armazenagem-logistica\/\"><img decoding=\"async\" width=\"1024\" height=\"576\" src=\"https:\/\/obera.fr\/wp-content\/uploads\/2025\/08\/logistique-1024x576.jpg\" alt=\"log&#xED;stica\" class=\"wp-image-126411\" style=\"object-fit:cover\" srcset=\"https:\/\/obera.fr\/wp-content\/uploads\/2025\/08\/logistique-1024x576.jpg 1024w, https:\/\/obera.fr\/wp-content\/uploads\/2025\/08\/logistique-300x169.jpg 300w, https:\/\/obera.fr\/wp-content\/uploads\/2025\/08\/logistique-768x432.jpg 768w, https:\/\/obera.fr\/wp-content\/uploads\/2025\/08\/logistique-1536x864.jpg 1536w, https:\/\/obera.fr\/wp-content\/uploads\/2025\/08\/logistique.jpg 1600w\" sizes=\"(max-width: 1024px) 100vw, 1024px\" \/><\/a><\/figure>\n\n\n\n<p class=\"has-text-align-center has-medium-font-size\"><strong><strong><a href=\"https:\/\/obera.fr\/pt-pt\/transporte-e-armazenagem-logistica\/\">Transporte e armazenagem \/ Log\u00edstica<\/a><\/strong><\/strong><\/p>\n<\/div>\n\n\n\n<div class=\"wp-block-column is-layout-flow wp-block-column-is-layout-flow\">\n<figure class=\"wp-block-image size-large\"><a href=\"https:\/\/obera.fr\/restaurations-hebergements\/\"><img decoding=\"async\" width=\"1024\" height=\"576\" src=\"https:\/\/obera.fr\/wp-content\/uploads\/2025\/08\/restaurations-1024x576.jpg\" alt=\"restaura&#xE7;&#xF5;es\" class=\"wp-image-126812\" style=\"object-fit:cover\" srcset=\"https:\/\/obera.fr\/wp-content\/uploads\/2025\/08\/restaurations-1024x576.jpg 1024w, https:\/\/obera.fr\/wp-content\/uploads\/2025\/08\/restaurations-300x169.jpg 300w, https:\/\/obera.fr\/wp-content\/uploads\/2025\/08\/restaurations-768x432.jpg 768w, https:\/\/obera.fr\/wp-content\/uploads\/2025\/08\/restaurations-1536x864.jpg 1536w, https:\/\/obera.fr\/wp-content\/uploads\/2025\/08\/restaurations.jpg 1600w\" sizes=\"(max-width: 1024px) 100vw, 1024px\" \/><\/a><\/figure>\n\n\n\n<p class=\"has-text-align-center has-medium-font-size\"><strong><a href=\"https:\/\/obera.fr\/restaurations-hebergements\/\">Restaurantes e alojamento<\/a><\/strong><\/p>\n<\/div>\n\n\n\n<div class=\"wp-block-column is-layout-flow wp-block-column-is-layout-flow\">\n<figure class=\"wp-block-image size-large\"><a href=\"https:\/\/obera.fr\/ecoles-enseignements-sup\/\"><img decoding=\"async\" width=\"1024\" height=\"576\" src=\"https:\/\/obera.fr\/wp-content\/uploads\/2025\/08\/ecole-enseignement-1024x576.jpg\" alt=\"educa&#xE7;&#xE3;o escolar\" class=\"wp-image-126599\" style=\"object-fit:cover\" srcset=\"https:\/\/obera.fr\/wp-content\/uploads\/2025\/08\/ecole-enseignement-1024x576.jpg 1024w, https:\/\/obera.fr\/wp-content\/uploads\/2025\/08\/ecole-enseignement-300x169.jpg 300w, https:\/\/obera.fr\/wp-content\/uploads\/2025\/08\/ecole-enseignement-768x432.jpg 768w, https:\/\/obera.fr\/wp-content\/uploads\/2025\/08\/ecole-enseignement-1536x864.jpg 1536w, https:\/\/obera.fr\/wp-content\/uploads\/2025\/08\/ecole-enseignement.jpg 1600w\" sizes=\"(max-width: 1024px) 100vw, 1024px\" \/><\/a><\/figure>\n\n\n\n<p class=\"has-text-align-center has-medium-font-size\"><strong><a href=\"https:\/\/obera.fr\/ecoles-enseignements-sup\/\">Escolas e ensino superior<\/a><\/strong><\/p>\n<\/div>\n<\/div>\n\n<div style=\"height:43px\" aria-hidden=\"true\" class=\"wp-block-spacer\"><\/div>\n\n<div class=\"wp-block-columns is-layout-flex wp-container-core-columns-is-layout-28f84493 wp-block-columns-is-layout-flex\">\n<div class=\"wp-block-column is-layout-flow wp-block-column-is-layout-flow\">\n<p class=\"has-text-align-center has-medium-font-size\"><\/p>\n<\/div>\n\n\n\n<div class=\"wp-block-column is-layout-flow wp-block-column-is-layout-flow\">\n<figure class=\"wp-block-image size-large\"><a href=\"https:\/\/obera.fr\/sante\/\"><img decoding=\"async\" width=\"1024\" height=\"576\" src=\"https:\/\/obera.fr\/wp-content\/uploads\/2025\/08\/sante-1024x576.jpg\" alt=\"sa&#xFA;de\" class=\"wp-image-126789\" style=\"object-fit:cover\" srcset=\"https:\/\/obera.fr\/wp-content\/uploads\/2025\/08\/sante-1024x576.jpg 1024w, https:\/\/obera.fr\/wp-content\/uploads\/2025\/08\/sante-300x169.jpg 300w, https:\/\/obera.fr\/wp-content\/uploads\/2025\/08\/sante-768x432.jpg 768w, https:\/\/obera.fr\/wp-content\/uploads\/2025\/08\/sante-1536x864.jpg 1536w, https:\/\/obera.fr\/wp-content\/uploads\/2025\/08\/sante.jpg 1600w\" sizes=\"(max-width: 1024px) 100vw, 1024px\" \/><\/a><\/figure>\n\n\n\n<p class=\"has-text-align-center has-medium-font-size\"><strong><a href=\"https:\/\/obera.fr\/sante\/\">Sa\u00fade<\/a><\/strong><\/p>\n<\/div>\n\n\n\n<div class=\"wp-block-column is-layout-flow wp-block-column-is-layout-flow\">\n<p class=\"has-text-align-center\"><\/p>\n<\/div>\n<\/div>\n\n<div style=\"height:80px\" aria-hidden=\"true\" class=\"wp-block-spacer\"><\/div>\n\n<h2 class=\"wp-block-heading\" id=\"secteurs\">Sectores especializados<\/h2>\n\n<p>Esta fam\u00edlia inclui sectores espec\u00edficos (agricultura, defesa, artes, cultura, desporto, etc.), em que os ambientes podem estar expostos a poeiras, odores ou poluentes espec\u00edficos, e para os quais a OberA pode fornecer equipamentos adaptados ou flex\u00edveis para preservar a qualidade do ar.<\/p>\n\n<div style=\"height:16px\" aria-hidden=\"true\" class=\"wp-block-spacer\"><\/div>\n\n<div class=\"wp-block-columns is-layout-flex wp-container-core-columns-is-layout-28f84493 wp-block-columns-is-layout-flex\">\n<div class=\"wp-block-column is-layout-flow wp-block-column-is-layout-flow\">\n<figure class=\"wp-block-image size-large is-style-default\"><a href=\"https:\/\/obera.fr\/pt-pt\/agricultura-pt-pt\/\"><img decoding=\"async\" width=\"1024\" height=\"576\" src=\"https:\/\/obera.fr\/wp-content\/uploads\/2025\/08\/agriculture-1024x576.jpg\" alt=\"agricultura\" class=\"wp-image-126346\" style=\"object-fit:cover\" srcset=\"https:\/\/obera.fr\/wp-content\/uploads\/2025\/08\/agriculture-1024x576.jpg 1024w, https:\/\/obera.fr\/wp-content\/uploads\/2025\/08\/agriculture-300x169.jpg 300w, https:\/\/obera.fr\/wp-content\/uploads\/2025\/08\/agriculture-768x432.jpg 768w, https:\/\/obera.fr\/wp-content\/uploads\/2025\/08\/agriculture-1536x864.jpg 1536w, https:\/\/obera.fr\/wp-content\/uploads\/2025\/08\/agriculture.jpg 1600w\" sizes=\"(max-width: 1024px) 100vw, 1024px\" \/><\/a><\/figure>\n\n\n\n<p class=\"has-text-align-center has-medium-font-size\"><strong><strong><a href=\"https:\/\/obera.fr\/pt-pt\/agricultura-pt-pt\/\">Agricultura<\/a><\/strong><\/strong><\/p>\n<\/div>\n\n\n\n<div class=\"wp-block-column is-layout-flow wp-block-column-is-layout-flow\">\n<figure class=\"wp-block-image size-large\"><a href=\"https:\/\/obera.fr\/armee-defense\/\"><img decoding=\"async\" width=\"1024\" height=\"576\" src=\"https:\/\/obera.fr\/wp-content\/uploads\/2025\/08\/armee-defense-1024x576.jpg\" alt=\"defesa de armas\" class=\"wp-image-126300\" style=\"object-fit:cover\" srcset=\"https:\/\/obera.fr\/wp-content\/uploads\/2025\/08\/armee-defense-1024x576.jpg 1024w, https:\/\/obera.fr\/wp-content\/uploads\/2025\/08\/armee-defense-300x169.jpg 300w, https:\/\/obera.fr\/wp-content\/uploads\/2025\/08\/armee-defense-768x432.jpg 768w, https:\/\/obera.fr\/wp-content\/uploads\/2025\/08\/armee-defense-1536x864.jpg 1536w, https:\/\/obera.fr\/wp-content\/uploads\/2025\/08\/armee-defense.jpg 1600w\" sizes=\"(max-width: 1024px) 100vw, 1024px\" \/><\/a><\/figure>\n\n\n\n<p class=\"has-text-align-center has-medium-font-size\"><strong><a href=\"https:\/\/obera.fr\/armee-defense\/\">Ex\u00e9rcito e defesa<\/a><\/strong><\/p>\n<\/div>\n\n\n\n<div class=\"wp-block-column is-layout-flow wp-block-column-is-layout-flow\">\n<figure class=\"wp-block-image size-large\"><a href=\"https:\/\/obera.fr\/pt-pt\/artes-entretenimento-e-lazer\/\"><img decoding=\"async\" width=\"1024\" height=\"576\" src=\"https:\/\/obera.fr\/wp-content\/uploads\/2025\/08\/arts-spectacles-1024x576.jpg\" alt=\"artes do espet&#xE1;culo\" class=\"wp-image-126277\" style=\"object-fit:cover\" srcset=\"https:\/\/obera.fr\/wp-content\/uploads\/2025\/08\/arts-spectacles-1024x576.jpg 1024w, https:\/\/obera.fr\/wp-content\/uploads\/2025\/08\/arts-spectacles-300x169.jpg 300w, https:\/\/obera.fr\/wp-content\/uploads\/2025\/08\/arts-spectacles-768x432.jpg 768w, https:\/\/obera.fr\/wp-content\/uploads\/2025\/08\/arts-spectacles-1536x864.jpg 1536w, https:\/\/obera.fr\/wp-content\/uploads\/2025\/08\/arts-spectacles.jpg 1600w\" sizes=\"(max-width: 1024px) 100vw, 1024px\" \/><\/a><\/figure>\n\n\n\n<p class=\"has-text-align-center has-medium-font-size\"><strong><a href=\"https:\/\/obera.fr\/pt-pt\/artes-entretenimento-e-lazer\/\">Artes, entretenimento e lazer<\/a><\/strong><\/p>\n<\/div>\n<\/div>\n\n<div style=\"height:43px\" aria-hidden=\"true\" class=\"wp-block-spacer\"><\/div>\n\n<div class=\"wp-block-columns is-layout-flex wp-container-core-columns-is-layout-28f84493 wp-block-columns-is-layout-flex\">\n<div class=\"wp-block-column is-layout-flow wp-block-column-is-layout-flow\">\n<figure class=\"wp-block-image size-large is-style-default\"><a href=\"https:\/\/obera.fr\/restaurateurs-oeuvres-art\/\"><img decoding=\"async\" width=\"1024\" height=\"576\" src=\"https:\/\/obera.fr\/wp-content\/uploads\/2025\/08\/restaurateurs-oeuvre-art-1024x576.jpg\" alt=\"restauradores de arte\" class=\"wp-image-126835\" style=\"object-fit:cover\" srcset=\"https:\/\/obera.fr\/wp-content\/uploads\/2025\/08\/restaurateurs-oeuvre-art-1024x576.jpg 1024w, https:\/\/obera.fr\/wp-content\/uploads\/2025\/08\/restaurateurs-oeuvre-art-300x169.jpg 300w, https:\/\/obera.fr\/wp-content\/uploads\/2025\/08\/restaurateurs-oeuvre-art-768x432.jpg 768w, https:\/\/obera.fr\/wp-content\/uploads\/2025\/08\/restaurateurs-oeuvre-art-1536x864.jpg 1536w, https:\/\/obera.fr\/wp-content\/uploads\/2025\/08\/restaurateurs-oeuvre-art.jpg 1600w\" sizes=\"(max-width: 1024px) 100vw, 1024px\" \/><\/a><\/figure>\n\n\n\n<p class=\"has-text-align-center has-medium-font-size\"><strong><strong><a href=\"https:\/\/obera.fr\/restaurateurs-oeuvres-art\/\">Restauradores de arte e artistas<\/a><\/strong><\/strong><\/p>\n<\/div>\n\n\n\n<div class=\"wp-block-column is-layout-flow wp-block-column-is-layout-flow\">\n<figure class=\"wp-block-image size-large\"><a href=\"https:\/\/obera.fr\/equestre\/\"><img decoding=\"async\" width=\"1024\" height=\"576\" src=\"https:\/\/obera.fr\/wp-content\/uploads\/2025\/08\/equestre-1024x576.jpg\" alt=\"equestre\" class=\"wp-image-126552\" style=\"object-fit:cover\" srcset=\"https:\/\/obera.fr\/wp-content\/uploads\/2025\/08\/equestre-1024x576.jpg 1024w, https:\/\/obera.fr\/wp-content\/uploads\/2025\/08\/equestre-300x169.jpg 300w, https:\/\/obera.fr\/wp-content\/uploads\/2025\/08\/equestre-768x432.jpg 768w, https:\/\/obera.fr\/wp-content\/uploads\/2025\/08\/equestre-1536x864.jpg 1536w, https:\/\/obera.fr\/wp-content\/uploads\/2025\/08\/equestre.jpg 1600w\" sizes=\"(max-width: 1024px) 100vw, 1024px\" \/><\/a><\/figure>\n\n\n\n<p class=\"has-text-align-center has-medium-font-size\"><strong><a href=\"https:\/\/obera.fr\/equestre\/\">Equita\u00e7\u00e3o<\/a><\/strong><\/p>\n<\/div>\n\n\n\n<div class=\"wp-block-column is-layout-flow wp-block-column-is-layout-flow\">\n<figure class=\"wp-block-image size-large\"><a href=\"https:\/\/obera.fr\/pt-pt\/desporto\/\"><img decoding=\"async\" width=\"1024\" height=\"576\" src=\"https:\/\/obera.fr\/wp-content\/uploads\/2025\/08\/sport-1024x576.jpg\" alt=\"desporto\" class=\"wp-image-126766\" style=\"object-fit:cover\" srcset=\"https:\/\/obera.fr\/wp-content\/uploads\/2025\/08\/sport-1024x576.jpg 1024w, https:\/\/obera.fr\/wp-content\/uploads\/2025\/08\/sport-300x169.jpg 300w, https:\/\/obera.fr\/wp-content\/uploads\/2025\/08\/sport-768x432.jpg 768w, https:\/\/obera.fr\/wp-content\/uploads\/2025\/08\/sport-1536x864.jpg 1536w, https:\/\/obera.fr\/wp-content\/uploads\/2025\/08\/sport.jpg 1600w\" sizes=\"(max-width: 1024px) 100vw, 1024px\" \/><\/a><\/figure>\n\n\n\n<p class=\"has-text-align-center has-medium-font-size\"><strong><a href=\"https:\/\/obera.fr\/pt-pt\/desporto\/\">Desporto<\/a><\/strong><\/p>\n<\/div>\n<\/div>\n\n<p><\/p>\n","protected":false},"excerpt":{"rendered":"<p>Explora nesta p\u00e1gina uma variedade de artigos relacionados com o teu sector de atividade. N\u00e3o hesites em percorrer os v\u00e1rios conte\u00fados para descobrir as solu\u00e7\u00f5es e os casos concretos que podemos oferecer-te. Produ\u00e7\u00e3o Esta fam\u00edlia inclui sectores em que a atividade principal \u00e9 o fabrico de bens (alimenta\u00e7\u00e3o, madeira, materiais, t\u00eaxteis, etc.), campos em que a OberA oferece solu\u00e7\u00f5es de filtragem, despoeiramento, purifica\u00e7\u00e3o do ar e refrigera\u00e7\u00e3o adaptadas \u00e0s oficinas e linhas de produ\u00e7\u00e3o. Ind\u00fastria alimentar Madeira BTP Impress\u00e3o Papel \/ cart\u00e3o Pl\u00e1sticos \/ Processamento de pl\u00e1sticos \/ Materiais comp\u00f3sitos Reciclagem T\u00eaxteis Corte de pedra Maquina\u00e7\u00e3o, torneamento de barras e &#8230; <\/p>\n<p class=\"read-more-container\"><a title=\"Temas\" class=\"read-more button\" href=\"https:\/\/obera.fr\/pt-pt\/thematique\/#more-123825\" aria-label=\"Leia mais sobre Temas\">Lire la suite<\/a><\/p>\n","protected":false},"author":4,"featured_media":103626,"parent":0,"menu_order":0,"comment_status":"closed","ping_status":"closed","template":"","meta":{"_acf_changed":false,"_seopress_robots_primary_cat":"","_seopress_titles_title":"Temas | Solu\u00e7\u00f5es de tratamento de ar industrial - OberA","_seopress_titles_desc":"Descobre os principais temas de tratamento do ar da OberA: purifica\u00e7\u00e3o, arrefecimento adiab\u00e1tico, despoeiramento, conforto t\u00e9rmico e seguran\u00e7a na oficina.","_seopress_robots_index":"","footnotes":""},"class_list":{"0":"post-123825","1":"page","2":"type-page","3":"status-publish","4":"has-post-thumbnail","6":"no-featured-image-padding","7":"resize-featured-image"},"acf":[],"_links":{"self":[{"href":"https:\/\/obera.fr\/pt-pt\/wp-json\/wp\/v2\/pages\/123825","targetHints":{"allow":["GET"]}}],"collection":[{"href":"https:\/\/obera.fr\/pt-pt\/wp-json\/wp\/v2\/pages"}],"about":[{"href":"https:\/\/obera.fr\/pt-pt\/wp-json\/wp\/v2\/types\/page"}],"author":[{"embeddable":true,"href":"https:\/\/obera.fr\/pt-pt\/wp-json\/wp\/v2\/users\/4"}],"replies":[{"embeddable":true,"href":"https:\/\/obera.fr\/pt-pt\/wp-json\/wp\/v2\/comments?post=123825"}],"version-history":[{"count":8,"href":"https:\/\/obera.fr\/pt-pt\/wp-json\/wp\/v2\/pages\/123825\/revisions"}],"predecessor-version":[{"id":126974,"href":"https:\/\/obera.fr\/pt-pt\/wp-json\/wp\/v2\/pages\/123825\/revisions\/126974"}],"wp:featuredmedia":[{"embeddable":true,"href":"https:\/\/obera.fr\/pt-pt\/wp-json\/wp\/v2\/media\/103626"}],"wp:attachment":[{"href":"https:\/\/obera.fr\/pt-pt\/wp-json\/wp\/v2\/media?parent=123825"}],"curies":[{"name":"wp","href":"https:\/\/api.w.org\/{rel}","templated":true}]}}