{"id":38582,"date":"2022-10-15T01:42:46","date_gmt":"2022-10-14T23:42:46","guid":{"rendered":"https:\/\/obera.fr\/os-nossos-produtos\/bracos-e-dispositivos-de-recolha\/"},"modified":"2025-04-22T09:37:45","modified_gmt":"2025-04-22T07:37:45","slug":"bras-dispositifs-captation","status":"publish","type":"page","link":"https:\/\/obera.fr\/pt-pt\/produits\/bras-dispositifs-captation\/","title":{"rendered":"Bra\u00e7os e dispositivos de recolha"},"content":{"rendered":"\n<p>Os nossos <strong>equipamentos industriais de aspira\u00e7\u00e3o e recolha<\/strong> incluem bra\u00e7os de aspira\u00e7\u00e3o e recolha, mesas de aspira\u00e7\u00e3o, bacias de aspira\u00e7\u00e3o e v\u00e1rias camp\u00e2nulas de recolha e extra\u00e7\u00e3o de ar. Estes sistemas de capta\u00e7\u00e3o de ar industrial permitem que os poluentes sejam extra\u00eddos e capturados de forma eficiente e precisa, diretamente na fonte. <\/p>\n\n\n<h2 class=\"wp-block-heading\">Na nossa gama de equipamentos industriais de aspira\u00e7\u00e3o e recolha<\/h2>\n\n<div class=\"wp-block-columns is-layout-flex wp-container-core-columns-is-layout-28f84493 wp-block-columns-is-layout-flex\">\n<div class=\"wp-block-column is-layout-flow wp-block-column-is-layout-flow\">\n<h3 class=\"wp-block-heading has-text-align-center\"><br\/>Bra\u00e7o de laborat\u00f3rio industrial<\/h3>\n\n\n\n<figure class=\"wp-block-image aligncenter size-medium is-resized\"><a href=\"https:\/\/obera.fr\/produits\/bras-dispositifs-captation\/bras-de-laboratoire\/\"><img decoding=\"async\" width=\"300\" height=\"300\" src=\"https:\/\/obera.fr\/wp-content\/uploads\/2022\/12\/bras-laboratoire-fumees-gar-odeur-600x600-1-300x300.png\" alt=\"bra&#xE7;o de laborat&#xF3;rio para fumos e odores 600x600 1\" class=\"wp-image-16559\" srcset=\"https:\/\/obera.fr\/wp-content\/uploads\/2022\/12\/bras-laboratoire-fumees-gar-odeur-600x600-1-300x300.png 300w, https:\/\/obera.fr\/wp-content\/uploads\/2022\/12\/bras-laboratoire-fumees-gar-odeur-600x600-1-150x150.png 150w, https:\/\/obera.fr\/wp-content\/uploads\/2022\/12\/bras-laboratoire-fumees-gar-odeur-600x600-1.png 600w\" sizes=\"(max-width: 300px) 100vw, 300px\" \/><\/a><figcaption class=\"wp-element-caption\">Bra\u00e7os de laborat\u00f3rio<\/figcaption><\/figure>\n\n\n\n<p>A nossa gama de <a href=\"https:\/\/obera.fr\/pt-pt\/produits\/bras-dispositifs-captation\/bras-de-laboratoire\/\" data-type=\"page\" data-id=\"497\">bra\u00e7os de laborat\u00f3rio<\/a> \u00e9 a solu\u00e7\u00e3o ideal para extrair e captar fumos e vapores de postos de trabalho fixos (bancadas de trabalho, laborat\u00f3rios). S\u00e3o f\u00e1ceis de manusear e podem ser posicionados o mais pr\u00f3ximo poss\u00edvel da fonte de polui\u00e7\u00e3o. A nossa gama de bra\u00e7os de laborat\u00f3rio pode ser fornecida com v\u00e1rios acess\u00f3rios, incluindo um suporte de parede e uma camp\u00e2nula redonda ou retangular.  <\/p>\n\n\n\n<p>Os nossos bra\u00e7os de laborat\u00f3rio est\u00e3o dispon\u00edveis em :<\/p>\n\n\n\n<ul class=\"wp-block-list\">\n<li>Alum\u00ednio, para a maioria das aplica\u00e7\u00f5es.<\/li>\n\n\n\n<li>Anti-est\u00e1tica (ATEX), para ambientes sens\u00edveis e explosivos.<\/li>\n\n\n\n<li>Anti-corros\u00e3o, para ambientes corrosivos.<\/li>\n<\/ul>\n\n\n\n<p>Os bra\u00e7os industriais de aspira\u00e7\u00e3o e recolha podem tamb\u00e9m ser adaptados \u00e0s <a href=\"https:\/\/obera.fr\/pt-pt\/produits\/atex\/\">normas ATEX<\/a> (como op\u00e7\u00e3o) para utiliza\u00e7\u00e3o em atmosferas potencialmente explosivas ou para aspira\u00e7\u00e3o de misturas explosivas.<\/p>\n<\/div>\n\n\n\n<div class=\"wp-block-column is-layout-flow wp-block-column-is-layout-flow\">\n<h3 class=\"wp-block-heading has-text-align-center\"><br\/>Bra\u00e7os de extra\u00e7\u00e3o para camp\u00e2nulas ovais e rectangulares<\/h3>\n\n\n\n<figure class=\"wp-block-image aligncenter size-medium is-resized\"><a href=\"https:\/\/obera.fr\/produits\/bras-dispositifs-captation\/bras-hotte-ovale-rectangulaire\/\"><img decoding=\"async\" width=\"300\" height=\"300\" src=\"https:\/\/obera.fr\/wp-content\/uploads\/2022\/12\/bras-laboratoire-industriel-fumees-poussieres-600x600-2-300x300.png\" alt=\"bra&#xE7;o de laborat&#xF3;rio para fumos e poeiras industriais 600x600 2\" class=\"wp-image-16562\" srcset=\"https:\/\/obera.fr\/wp-content\/uploads\/2022\/12\/bras-laboratoire-industriel-fumees-poussieres-600x600-2-300x300.png 300w, https:\/\/obera.fr\/wp-content\/uploads\/2022\/12\/bras-laboratoire-industriel-fumees-poussieres-600x600-2-150x150.png 150w, https:\/\/obera.fr\/wp-content\/uploads\/2022\/12\/bras-laboratoire-industriel-fumees-poussieres-600x600-2.png 600w\" sizes=\"(max-width: 300px) 100vw, 300px\" \/><\/a><figcaption class=\"wp-element-caption\">Bra\u00e7o de recolha<\/figcaption><\/figure>\n\n\n\n<p>Os nossos <strong>bra\u00e7os de aspira\u00e7\u00e3o e recolha industriais<\/strong>, dispon\u00edveis com <a href=\"https:\/\/obera.fr\/pt-pt\/produits\/bras-dispositifs-captation\/bras-hotte-ovale-rectangulaire\/\" data-type=\"URL\" data-id=\"https:\/\/obera.fr\/produits\/bras-dispositifs-captation\/bras-hotte-ovale-rectangulaire\/\">camp\u00e2nula oval ou retangular<\/a>. Estes bra\u00e7os de aspira\u00e7\u00e3o e recolha industriais s\u00e3o ideais para recolher poeiras e aparas, fumos de soldadura, vapores, gases, odores e n\u00e9voas de \u00f3leo. <\/p>\n\n\n\n<p>Ligam-se facilmente a uma rede de recolha, a um <a href=\"https:\/\/obera.fr\/pt-pt\/produits\/depoussiereurs-industriels\/mobiles\/aspiration-poussiere-dustomat-10\/\">coletor de p\u00f3 m\u00f3vel<\/a>, a um <a href=\"https:\/\/obera.fr\/pt-pt\/produits\/depoussiereurs-industriels\/\">coletor de p\u00f3 industrial<\/a> ou a um sistema de extra\u00e7\u00e3o centralizado.<\/p>\n\n\n\n<p>Equipados com molas pneum\u00e1ticas, s\u00e3o muito f\u00e1ceis de manusear e podem ser facilmente posicionados o mais pr\u00f3ximo poss\u00edvel das emiss\u00f5es poluentes. Para um conforto e uma efic\u00e1cia ideais, os bra\u00e7os de aspira\u00e7\u00e3o e de recolha industriais est\u00e3o dispon\u00edveis numa vasta gama de comprimentos e di\u00e2metros. <\/p>\n\n\n\n<p>A estrutura externa do pant\u00f3grafo n\u00e3o restringe o fluxo na tubagem e \u00e9 extremamente robusta e f\u00e1cil de manusear. A vers\u00e3o industrial dos bra\u00e7os de recolha e aspira\u00e7\u00e3o est\u00e1 dispon\u00edvel nos di\u00e2metros de 50 a 200, com raios de trabalho de 1,50 a 8 metros. <\/p>\n\n\n\n<div style=\"height:45px\" aria-hidden=\"true\" class=\"wp-block-spacer\"><\/div>\n<\/div>\n<\/div>\n\n<div class=\"wp-block-columns is-layout-flex wp-container-core-columns-is-layout-28f84493 wp-block-columns-is-layout-flex\">\n<div class=\"wp-block-column is-layout-flow wp-block-column-is-layout-flow\">\n<h3 class=\"wp-block-heading has-text-align-center\">Splashbacks de aspira\u00e7\u00e3o industrial<\/h3>\n\n\n\n<figure class=\"wp-block-image aligncenter size-medium is-resized\"><a href=\"https:\/\/obera.fr\/produits\/bras-dispositifs-captation\/dosserets-aspirants\/\"><img decoding=\"async\" width=\"300\" height=\"300\" src=\"https:\/\/obera.fr\/wp-content\/uploads\/2022\/12\/dosserets-apirants-600x600-1-300x300.png\" alt=\"resguardos respir&#xE1;veis 600x600 1\" class=\"wp-image-16565\" style=\"object-fit:cover;width:150px;height:150px\" srcset=\"https:\/\/obera.fr\/wp-content\/uploads\/2022\/12\/dosserets-apirants-600x600-1-300x300.png 300w, https:\/\/obera.fr\/wp-content\/uploads\/2022\/12\/dosserets-apirants-600x600-1-150x150.png 150w, https:\/\/obera.fr\/wp-content\/uploads\/2022\/12\/dosserets-apirants-600x600-1.png 600w\" sizes=\"(max-width: 300px) 100vw, 300px\" \/><\/a><figcaption class=\"wp-element-caption\">Backsplashes  <\/figcaption><\/figure>\n\n\n\n<p>A nossa gama de <a href=\"https:\/\/obera.fr\/pt-pt\/produits\/bras-dispositifs-captation\/dosserets-aspirants\/\" data-type=\"URL\" data-id=\"https:\/\/obera.fr\/produits\/bras-dispositifs-captation\/dosserets-aspirants\/\">splashbacks de aspira\u00e7\u00e3o industrial<\/a>,<strong> <\/strong>Estes pain\u00e9is s\u00e3o muito eficazes no tratamento de vapores, gases, poeiras ou fumos. <\/p>\n\n\n\n<p>A esta instala\u00e7\u00e3o podem ser acrescentados dois ecr\u00e3s laterais, bem como uma viseira horizontal para confinar o operador ao seu espa\u00e7o de trabalho e tornar a aspira\u00e7\u00e3o e a capta\u00e7\u00e3o mais eficazes.<\/p>\n\n\n\n<p>O objetivo \u00e9 que <strong>o ar seja aspirado por detr\u00e1s do operador e \u00e0 sua frente<\/strong>, para que as suas vias respirat\u00f3rias n\u00e3o entrem em contacto com a poeira ou o poluente que estamos a tentar captar.<\/p>\n\n\n\n<p>Os nossos splashbacks de aspira\u00e7\u00e3o s\u00e3o geralmente ligados a um sistema de extra\u00e7\u00e3o existente, a um coletor de p\u00f3 industrial fixo ou m\u00f3vel, a um ventilador de extra\u00e7\u00e3o industrial ou a um aspirador industrial. A limpeza dos splashbacks de aspira\u00e7\u00e3o industrial \u00e9 r\u00e1pida e f\u00e1cil. Est\u00e3o dispon\u00edveis em a\u00e7o pintado ou em v\u00e1rios a\u00e7os inoxid\u00e1veis industriais ou de qualidade alimentar.  <\/p>\n\n\n\n<div style=\"height:69px\" aria-hidden=\"true\" class=\"wp-block-spacer\"><\/div>\n<\/div>\n\n\n\n<div class=\"wp-block-column is-layout-flow wp-block-column-is-layout-flow\">\n<h3 class=\"wp-block-heading has-text-align-center\">Mesas de v\u00e1cuo industriais<\/h3>\n\n\n\n<figure class=\"wp-block-image aligncenter size-medium is-resized\"><a href=\"https:\/\/obera.fr\/produits\/tables-aspirantes\/table-aspirante-a-at\/\"><img decoding=\"async\" width=\"300\" height=\"300\" src=\"https:\/\/obera.fr\/wp-content\/uploads\/2022\/12\/tables-aspirantes-aat-300x300.jpg\" alt=\"mesas de aspira&#xE7;&#xE3;o a&amp;amp;at\" class=\"wp-image-16617\" style=\"object-fit:cover;width:150px;height:150px\" srcset=\"https:\/\/obera.fr\/wp-content\/uploads\/2022\/12\/tables-aspirantes-aat-300x300.jpg 300w, https:\/\/obera.fr\/wp-content\/uploads\/2022\/12\/tables-aspirantes-aat-150x150.jpg 150w, https:\/\/obera.fr\/wp-content\/uploads\/2022\/12\/tables-aspirantes-aat.jpg 600w\" sizes=\"(max-width: 300px) 100vw, 300px\" \/><\/a><figcaption class=\"wp-element-caption\">Mesas de aspira\u00e7\u00e3o<\/figcaption><\/figure>\n\n\n\n<p>A nossa gama de <a href=\"https:\/\/obera.fr\/pt-pt\/produits\/mesas-de-aspiracao\/\" data-type=\"URL\" data-id=\"https:\/\/obera.fr\/produits\/bras-dispositifs-captation\/tables-aspirantes\/\">mesas de aspira\u00e7\u00e3o industriais<\/a> foi especialmente concebida para extrair eficazmente poeiras de lixagem, poeiras de retifica\u00e7\u00e3o, fumos de soldadura, bem como vapores, solventes e compostos org\u00e2nicos vol\u00e1teis associados \u00e0 colagem ou ao envernizamento. \u00c9 a solu\u00e7\u00e3o ideal para proporcionar um local de trabalho seguro e saud\u00e1vel para o operador.   <\/p>\n\n\n\n<p>As nossas <strong>mesas de v\u00e1cuo industriais<\/strong> podem ser ligadas a um ventilador, a um coletor de p\u00f3 ou a um aspirador m\u00f3vel, ou a um sistema de v\u00e1cuo industrial centralizado. As nossas mesas industriais podem ser escolhidas com um encosto de suc\u00e7\u00e3o e pain\u00e9is laterais retr\u00e1cteis. A sua constru\u00e7\u00e3o robusta e industrial torna-as muito resistentes aos choques e permite-lhes tamb\u00e9m serem equipadas com um torno industrial ou uma mesa girat\u00f3ria. O tampo da mesa pode ser selecionado entre grelhas industriais, ripas de madeira ou fibras sint\u00e9ticas. As mesas est\u00e3o equipadas com uma gaveta de recolha de poeiras industriais grosseiras para evitar que sejam aspiradas pelo sistema de aspira\u00e7\u00e3o.    <\/p>\n\n\n\n<div style=\"height:45px\" aria-hidden=\"true\" class=\"wp-block-spacer\"><\/div>\n<\/div>\n<\/div>\n\n<div class=\"wp-block-columns is-layout-flex wp-container-core-columns-is-layout-28f84493 wp-block-columns-is-layout-flex\">\n<div class=\"wp-block-column is-layout-flow wp-block-column-is-layout-flow\">\n<h3 class=\"wp-block-heading has-text-align-center\">Exaustores industriais rectangulares<\/h3>\n\n\n\n<figure class=\"wp-block-image aligncenter size-full is-resized\"><a href=\"https:\/\/obera.fr\/produits\/bras-dispositifs-captation\/hotte-rectangulaire\/\"><img decoding=\"async\" width=\"1280\" height=\"1280\" src=\"https:\/\/obera.fr\/wp-content\/uploads\/2024\/06\/hotte-de-captation-rectangulaire-industrielle-600x600-1.png\" alt=\"hotte industrial retangular 600x600 1\" class=\"wp-image-31483\" style=\"object-fit:cover;width:182px;height:auto\" srcset=\"https:\/\/obera.fr\/wp-content\/uploads\/2024\/06\/hotte-de-captation-rectangulaire-industrielle-600x600-1.png 1280w, https:\/\/obera.fr\/wp-content\/uploads\/2024\/06\/hotte-de-captation-rectangulaire-industrielle-600x600-1-300x300.png 300w, https:\/\/obera.fr\/wp-content\/uploads\/2024\/06\/hotte-de-captation-rectangulaire-industrielle-600x600-1-1024x1024.png 1024w, https:\/\/obera.fr\/wp-content\/uploads\/2024\/06\/hotte-de-captation-rectangulaire-industrielle-600x600-1-150x150.png 150w, https:\/\/obera.fr\/wp-content\/uploads\/2024\/06\/hotte-de-captation-rectangulaire-industrielle-600x600-1-768x768.png 768w\" sizes=\"(max-width: 1280px) 100vw, 1280px\" \/><\/a><figcaption class=\"wp-element-caption\">Exaustor retangular  <\/figcaption><\/figure>\n\n\n\n<p>A nossa gama de <a href=\"https:\/\/obera.fr\/pt-pt\/produits\/bras-dispositifs-captation\/hotte-rectangulaire\/\" data-type=\"URL\" data-id=\"https:\/\/obera.fr\/produits\/bras-dispositifs-captation\/hotte-rectangulaire\/\">camp\u00e2nulas de capta\u00e7\u00e3o rectangulares industriais<\/a> \u00e9 ideal para captar fumos, poeiras e outros poluentes gasosos diretamente na fonte.  <\/p>\n\n\n\n<p>Estes <strong>exaustores industriais<\/strong> est\u00e3o dispon\u00edveis em dois tamanhos (500&#215;500 e 600&#215;600).  <\/p>\n\n\n\n<p>Encaixam-se perfeitamente nos nossos bra\u00e7os de aspira\u00e7\u00e3o e recolha industriais ou podem ser montados de forma independente num posto de trabalho.<\/p>\n<\/div>\n\n\n\n<div class=\"wp-block-column is-layout-flow wp-block-column-is-layout-flow\">\n<h3 class=\"wp-block-heading has-text-align-center\"><br\/>Exaustores modulares industriais<\/h3>\n\n\n\n<figure class=\"wp-block-image aligncenter size-full is-resized\"><a href=\"https:\/\/obera.fr\/de\/produits\/bras-dispositifs-captation\/hotte-modulaire\/\"><img decoding=\"async\" width=\"1200\" height=\"1200\" src=\"https:\/\/obera.fr\/wp-content\/uploads\/2024\/12\/1.jpg\" alt=\"Capuz modular\" class=\"wp-image-56959\" style=\"object-fit:cover;width:150px;height:150px\" srcset=\"https:\/\/obera.fr\/wp-content\/uploads\/2024\/12\/1.jpg 1200w, https:\/\/obera.fr\/wp-content\/uploads\/2024\/12\/1-300x300.jpg 300w, https:\/\/obera.fr\/wp-content\/uploads\/2024\/12\/1-1024x1024.jpg 1024w, https:\/\/obera.fr\/wp-content\/uploads\/2024\/12\/1-150x150.jpg 150w, https:\/\/obera.fr\/wp-content\/uploads\/2024\/12\/1-768x768.jpg 768w, https:\/\/obera.fr\/wp-content\/uploads\/2024\/12\/1-400x400.jpg 400w, https:\/\/obera.fr\/wp-content\/uploads\/2024\/12\/1-600x600.jpg 600w\" sizes=\"(max-width: 1200px) 100vw, 1200px\" \/><\/a><figcaption class=\"wp-element-caption\">Camp\u00e2nula de captura modular<\/figcaption><\/figure>\n\n\n\n<p>A nossa gama de <a href=\"https:\/\/obera.fr\/pt-pt\/produits\/bras-dispositifs-captation\/hotte-modulaire\/\" data-type=\"URL\" data-id=\"https:\/\/obera.fr\/produits\/bras-dispositifs-captation\/hotte-modulaire\/\">camp\u00e2nulas de extra\u00e7\u00e3o<\/a> industriais modulares est\u00e1 dispon\u00edvel numa vasta gama de tamanhos (de 950 mm x 950 mm a 3.950 mm x 1.950 mm), com caudais de aspira\u00e7\u00e3o que variam entre 1.000 m3\/h e 20.000 m3\/h. Esta vasta gama de tamanhos dispon\u00edveis facilita o confinamento, o encerramento ou a cobertura de uma m\u00e1quina, de um posto de trabalho ou de um robot de soldadura industrial.   <\/p>\n\n\n\n<p>Estes <strong>exaustores industriais modulares<\/strong> podem ser adaptados \u00e0 maioria das configura\u00e7\u00f5es para uma extra\u00e7\u00e3o e capta\u00e7\u00e3o \u00f3ptimas de fumos e poeiras. As nossas hottes s\u00e3o a solu\u00e7\u00e3o ideal para a capta\u00e7\u00e3o e extra\u00e7\u00e3o de todos os tipos de poluentes gasosos, poeiras e fumos industriais. Podem ser facilmente posicionados o mais pr\u00f3ximo poss\u00edvel das emiss\u00f5es poluentes. Podem tamb\u00e9m ser adicionados p\u00e9s de apoio e palas de lama (opcionais) para reduzir as superf\u00edcies abertas e for\u00e7ar as velocidades de aspira\u00e7\u00e3o nas \u00e1reas desejadas.     <\/p>\n\n\n\n<p>Para o sector da metalurgia, os nossos exaustores modulares podem ser equipados com um pr\u00e9-separador de part\u00edculas incandescentes.<\/p>\n\n\n\n<div style=\"height:45px\" aria-hidden=\"true\" class=\"wp-block-spacer\"><\/div>\n<\/div>\n<\/div>\n\n<div class=\"wp-block-columns is-layout-flex wp-container-core-columns-is-layout-28f84493 wp-block-columns-is-layout-flex\">\n<div class=\"wp-block-column is-layout-flow wp-block-column-is-layout-flow\">\n<h3 class=\"wp-block-heading has-text-align-center\"><br\/>VENTOSAS E CAMP\u00c2NULAS DE ASPIRA\u00c7\u00c3O INDUSTRIAIS<\/h3>\n\n\n\n<figure class=\"wp-block-image aligncenter size-medium is-resized\"><a href=\"https:\/\/obera.fr\/produits\/bras-dispositifs-captation\/capot-industriel\/\"><img decoding=\"async\" width=\"300\" height=\"300\" src=\"https:\/\/obera.fr\/wp-content\/uploads\/2022\/12\/capot-daspiration-et-de-captation-600x600-1-300x300.png\" alt=\"tampa de aspira&#xE7;&#xE3;o e recolha 600x600 1\" class=\"wp-image-16550\" style=\"width:150px\" srcset=\"https:\/\/obera.fr\/wp-content\/uploads\/2022\/12\/capot-daspiration-et-de-captation-600x600-1-300x300.png 300w, https:\/\/obera.fr\/wp-content\/uploads\/2022\/12\/capot-daspiration-et-de-captation-600x600-1-150x150.png 150w, https:\/\/obera.fr\/wp-content\/uploads\/2022\/12\/capot-daspiration-et-de-captation-600x600-1.png 600w\" sizes=\"(max-width: 300px) 100vw, 300px\" \/><\/a><figcaption class=\"wp-element-caption\">Tampa de aspira\u00e7\u00e3o e recolha<\/figcaption><\/figure>\n\n\n\n<p>A nossa gama de <a href=\"https:\/\/obera.fr\/pt-pt\/produits\/bras-dispositifs-captation\/capot-industriel\/\" data-type=\"URL\" data-id=\"https:\/\/obera.fr\/produits\/bras-dispositifs-captation\/capot-industriel\/\">ventosas industriais e de ventosas de recolha<\/a> \u00e9 a solu\u00e7\u00e3o ideal para equipar os postos de trabalho ou as m\u00e1quinas industriais com uma aspira\u00e7\u00e3o eficaz e precisa.<\/p>\n\n\n\n<p>Dispon\u00edveis em v\u00e1rios tamanhos e formas, as nossas <strong>ventosas industriais e de recolha<\/strong> adaptam-se perfeitamente aos seus problemas de fumos, poeiras, aparas e outros poluentes gasosos.<\/p>\n\n\n\n<p>A nossa gama de an\u00e9is de captura industriais pode ser adaptada a diferentes configura\u00e7\u00f5es de captura.<\/p>\n<\/div>\n\n\n\n<div class=\"wp-block-column is-layout-flow wp-block-column-is-layout-flow\">\n<h3 class=\"wp-block-heading has-text-align-center\"><br\/>anel de captura an\u00e9is de l\u00f3bulo<\/h3>\n\n\n\n<p><\/p>\n\n\n\n<figure class=\"wp-block-image aligncenter size-medium is-resized\"><a href=\"https:\/\/obera.fr\/produits\/bras-dispositifs-captation\/anneaux-de-pouyes\/\"><img decoding=\"async\" width=\"300\" height=\"300\" src=\"https:\/\/obera.fr\/wp-content\/uploads\/2022\/12\/anneaux-de-pouyes-600x600-1-300x300.png\" alt=\"an&#xE9;is de tremonha 600x600 1\" class=\"wp-image-16553\" style=\"width:124px;height:auto\" srcset=\"https:\/\/obera.fr\/wp-content\/uploads\/2022\/12\/anneaux-de-pouyes-600x600-1-300x300.png 300w, https:\/\/obera.fr\/wp-content\/uploads\/2022\/12\/anneaux-de-pouyes-600x600-1-150x150.png 150w, https:\/\/obera.fr\/wp-content\/uploads\/2022\/12\/anneaux-de-pouyes-600x600-1.png 600w\" sizes=\"(max-width: 300px) 100vw, 300px\" \/><\/a><figcaption class=\"wp-element-caption\">Captura anular An\u00e9is Ply<\/figcaption><\/figure>\n\n\n\n<p><a href=\"https:\/\/obera.fr\/pt-pt\/produits\/bras-dispositifs-captation\/anneaux-de-pouyes\/\" data-type=\"page\" data-id=\"14477\">Os an\u00e9is de tremonha OberA<\/a> s\u00e3o concebidos para captar os poluentes ligados \u00e0 carga\/descarga de p\u00f3s ou poeiras finas diretamente na fonte. A sua conce\u00e7\u00e3o facilita a sua limpeza. <\/p>\n<\/div>\n<\/div>\n\n<p><\/p>\n\n<h2 class=\"wp-block-heading\">Que sectores industriais utilizam o nosso equipamento?<\/h2>\n\n<p>O nosso equipamento de aspira\u00e7\u00e3o e recolha industrial pode ser utilizado numa <strong>vasta gama de ind\u00fastrias<\/strong>, incluindo :<\/p>\n\n<div class=\"wp-block-columns is-layout-flex wp-container-core-columns-is-layout-28f84493 wp-block-columns-is-layout-flex\">\n<div class=\"wp-block-column is-layout-flow wp-block-column-is-layout-flow\">\n<ul class=\"wp-block-list\">\n<li>Ind\u00fastria qu\u00edmica<\/li>\n\n\n\n<li>A ind\u00fastria alimentar<\/li>\n\n\n\n<li>A ind\u00fastria farmac\u00eautica<\/li>\n<\/ul>\n<\/div>\n\n\n\n<div class=\"wp-block-column is-layout-flow wp-block-column-is-layout-flow\">\n<ul class=\"wp-block-list\">\n<li>A ind\u00fastria metal\u00fargica<\/li>\n\n\n\n<li>A ind\u00fastria dos pl\u00e1sticos<\/li>\n\n\n\n<li>A ind\u00fastria da madeira<\/li>\n<\/ul>\n<\/div>\n\n\n\n<div class=\"wp-block-column is-layout-flow wp-block-column-is-layout-flow\">\n<ul class=\"wp-block-list\">\n<li>A ind\u00fastria eletr\u00f3nica<\/li>\n\n\n\n<li>Etc&#8230;<\/li>\n<\/ul>\n<\/div>\n<\/div>\n\n<p><\/p>\n\n<h2 class=\"wp-block-heading\">Porqu\u00ea optar por um sistema de extra\u00e7\u00e3o e capta\u00e7\u00e3o na fonte em vez de uma depura\u00e7\u00e3o ou purifica\u00e7\u00e3o do ar no quarto?<\/h2>\n\n<p><br\/>\u00c9 prefer\u00edvel utilizar a extra\u00e7\u00e3o e a capta\u00e7\u00e3o na fonte sempre que poss\u00edvel. Desta forma, evita-se que os poluentes se espalhem pelo espa\u00e7o de trabalho, protegendo assim ao m\u00e1ximo os trabalhadores. Quando n\u00e3o \u00e9 poss\u00edvel captar os poluentes ou as poeiras na fonte, ou quando uma multiplicidade de fontes de poeiras torna imposs\u00edvel a capta\u00e7\u00e3o na fonte, \u00e9 aconselh\u00e1vel optar por uma solu\u00e7\u00e3o de purifica\u00e7\u00e3o do ar ambiente.    <\/p>\n\n<p>Al\u00e9m disso, em alguns casos, o tratamento do ar ambiente complementa eficazmente os sistemas existentes de capta\u00e7\u00e3o e extra\u00e7\u00e3o na fonte para reduzir significativamente a concentra\u00e7\u00e3o de poluentes no posto de trabalho, especialmente no caso de poeiras ou poluentes gasosos classificados como CMR.<\/p>\n\n<h2 class=\"wp-block-heading\">Como escolher o sistema de aspira\u00e7\u00e3o e recolha industrial adequado?<\/h2>\n\n<p>\u00c9 essencial <strong>escolher cuidadosamente o teu sistema de extra\u00e7\u00e3o e de capta\u00e7\u00e3o industrial<\/strong>, pois isso pode levar a uma diminui\u00e7\u00e3o da efic\u00e1cia do tratamento do ar. Se fores tu a fazer a pesquisa, n\u00e3o te esque\u00e7as de te informar sobre os v\u00e1rios aspectos envolvidos: <\/p>\n\n<ul class=\"wp-block-list\">\n<li>As velocidades de capta\u00e7\u00e3o necess\u00e1rias para captar eficazmente as poeiras e os poluentes,<\/li>\n\n\n\n<li>A dist\u00e2ncia entre a fonte dos poluentes e o dispositivo de capta\u00e7\u00e3o escolhido,<\/li>\n\n\n\n<li>O <a href=\"https:\/\/obera.fr\/pt-pt\/conseils\/comment-calculer-debit-air-systeme-aspiration\/\">caudal de aspira\u00e7\u00e3o necess\u00e1rio<\/a>,<\/li>\n\n\n\n<li>A perda de carga do dispositivo de recolha,<\/li>\n\n\n\n<li>A press\u00e3o e o fluxo de ar dispon\u00edveis no teu coletor de p\u00f3 ou no sistema de extra\u00e7\u00e3o existente.<\/li>\n<\/ul>\n\n<p>Contacta os nossos especialistas, eles poder\u00e3o ajudar-te a resolver os teus problemas e oferecer-te o produto certo.<\/p>\n\n<div class=\"wp-block-buttons is-horizontal is-content-justification-center is-layout-flex wp-container-core-buttons-is-layout-03627597 wp-block-buttons-is-layout-flex\">\n<div class=\"wp-block-button has-custom-width wp-block-button__width-100\"><a class=\"wp-block-button__link wp-element-button\" href=\"https:\/\/obera.fr\/pt-pt\/contacta-nos\/\">Saber mais<\/a><\/div>\n<\/div>\n","protected":false},"excerpt":{"rendered":"<p>Os nossos equipamentos industriais de aspira\u00e7\u00e3o e recolha incluem bra\u00e7os de aspira\u00e7\u00e3o e recolha, mesas de aspira\u00e7\u00e3o, bacias de aspira\u00e7\u00e3o e v\u00e1rias camp\u00e2nulas de recolha e extra\u00e7\u00e3o de ar. Estes sistemas de capta\u00e7\u00e3o de ar industrial permitem que os poluentes sejam extra\u00eddos e capturados de forma eficiente e precisa, diretamente na fonte. Na nossa gama de equipamentos industriais de aspira\u00e7\u00e3o e recolha Bra\u00e7o de laborat\u00f3rio industrial A nossa gama de bra\u00e7os de laborat\u00f3rio \u00e9 a solu\u00e7\u00e3o ideal para extrair e captar fumos e vapores de postos de trabalho fixos (bancadas de trabalho, laborat\u00f3rios). S\u00e3o f\u00e1ceis de manusear e podem ser &#8230; <\/p>\n<p class=\"read-more-container\"><a title=\"Bra\u00e7os e dispositivos de recolha\" class=\"read-more button\" href=\"https:\/\/obera.fr\/pt-pt\/produits\/bras-dispositifs-captation\/#more-38582\" aria-label=\"Leia mais sobre Bra\u00e7os e dispositivos de recolha\">Lire la suite<\/a><\/p>\n","protected":false},"author":4,"featured_media":83747,"parent":37912,"menu_order":0,"comment_status":"closed","ping_status":"closed","template":"","meta":{"_acf_changed":false,"_seopress_robots_primary_cat":"","_seopress_titles_title":"Bras et dispositifs de captation: tables, dosserets, hottes aspirantes","_seopress_titles_desc":"Notre gamme est compos\u00e9e de bras d\u2019aspiration et captation, de tables aspirantes, de dosserets aspirants et d'hottes de captation et d\u2019extraction d\u2019air.","_seopress_robots_index":"","footnotes":""},"class_list":{"0":"post-38582","1":"page","2":"type-page","3":"status-publish","4":"has-post-thumbnail","6":"no-featured-image-padding","7":"resize-featured-image"},"acf":[],"_links":{"self":[{"href":"https:\/\/obera.fr\/pt-pt\/wp-json\/wp\/v2\/pages\/38582","targetHints":{"allow":["GET"]}}],"collection":[{"href":"https:\/\/obera.fr\/pt-pt\/wp-json\/wp\/v2\/pages"}],"about":[{"href":"https:\/\/obera.fr\/pt-pt\/wp-json\/wp\/v2\/types\/page"}],"author":[{"embeddable":true,"href":"https:\/\/obera.fr\/pt-pt\/wp-json\/wp\/v2\/users\/4"}],"replies":[{"embeddable":true,"href":"https:\/\/obera.fr\/pt-pt\/wp-json\/wp\/v2\/comments?post=38582"}],"version-history":[{"count":5,"href":"https:\/\/obera.fr\/pt-pt\/wp-json\/wp\/v2\/pages\/38582\/revisions"}],"predecessor-version":[{"id":70932,"href":"https:\/\/obera.fr\/pt-pt\/wp-json\/wp\/v2\/pages\/38582\/revisions\/70932"}],"up":[{"embeddable":true,"href":"https:\/\/obera.fr\/pt-pt\/wp-json\/wp\/v2\/pages\/37912"}],"wp:featuredmedia":[{"embeddable":true,"href":"https:\/\/obera.fr\/pt-pt\/wp-json\/wp\/v2\/media\/83747"}],"wp:attachment":[{"href":"https:\/\/obera.fr\/pt-pt\/wp-json\/wp\/v2\/media?parent=38582"}],"curies":[{"name":"wp","href":"https:\/\/api.w.org\/{rel}","templated":true}]}}