{"id":44230,"date":"2024-04-06T01:24:32","date_gmt":"2024-04-05T23:24:32","guid":{"rendered":"https:\/\/obera.fr\/na-2-2-coletor-movel-de-poeiras-humidas\/"},"modified":"2025-06-27T15:39:47","modified_gmt":"2025-06-27T13:39:47","slug":"na-2-2-depoussiereur-a-voie-humide","status":"publish","type":"page","link":"https:\/\/obera.fr\/pt-pt\/produits\/depoussiereurs-industriels\/mobiles\/na-2-2-depoussiereur-a-voie-humide\/","title":{"rendered":"NA 2.2: coletor m\u00f3vel de poeiras h\u00famidas"},"content":{"rendered":"\n<p>Descobre o coletor de p\u00f3 h\u00famido NA 2.2 para aspirar as subst\u00e2ncias pegajosas e as poeiras de efeito foice geradas nas tuas oficinas.<\/p>\n\n<h2 class=\"wp-block-heading\">NA 2.2 coletor de p\u00f3 h\u00famido: funcionamento e utiliza\u00e7\u00e3o<\/h2>\n\n<div class=\"wp-block-columns is-layout-flex wp-container-core-columns-is-layout-28f84493 wp-block-columns-is-layout-flex\">\n<div class=\"wp-block-column is-layout-flow wp-block-column-is-layout-flow\" style=\"flex-basis:33.33%\">\n<figure class=\"wp-block-image aligncenter size-full\"><img decoding=\"async\" width=\"600\" height=\"600\" src=\"https:\/\/obera.fr\/wp-content\/uploads\/2024\/04\/obera-na-2-2-depoussiereur-a-voie-humide-mobile.jpg\" alt=\"NA 2.2: coletor m&#xF3;vel de poeiras h&#xFA;midas\" class=\"wp-image-29475\" srcset=\"https:\/\/obera.fr\/wp-content\/uploads\/2024\/04\/obera-na-2-2-depoussiereur-a-voie-humide-mobile.jpg 600w, https:\/\/obera.fr\/wp-content\/uploads\/2024\/04\/obera-na-2-2-depoussiereur-a-voie-humide-mobile-300x300.jpg 300w, https:\/\/obera.fr\/wp-content\/uploads\/2024\/04\/obera-na-2-2-depoussiereur-a-voie-humide-mobile-150x150.jpg 150w\" sizes=\"(max-width: 600px) 100vw, 600px\" \/><\/figure>\n<\/div>\n\n\n\n<div class=\"wp-block-column is-layout-flow wp-block-column-is-layout-flow\" style=\"flex-basis:66.66%\">\n<p>O sistema de filtragem utilizado nos colectores de poeiras h\u00famidas baseia-se no princ\u00edpio da for\u00e7a centr\u00edfuga, utilizando a \u00e1gua como meio de filtragem. Em termos pr\u00e1ticos, o ar carregado de part\u00edculas finas e poeiras \u00e9 captado no coletor de poeiras pelo ventilador incorporado. O ar \u00e9 ent\u00e3o saturado com \u00e1gua atrav\u00e9s de bicos de pulveriza\u00e7\u00e3o, o que aglomera a poeira e facilita a sua captura. Para separar as part\u00edculas, o ar e a \u00e1gua rodam a alta velocidade para as atirar contra a parede do coletor de p\u00f3 (princ\u00edpio do v\u00f3rtice). O ar limpo \u00e9 extra\u00eddo e libertado para a atmosfera pelo ventilador de extra\u00e7\u00e3o centr\u00edfugo.<\/p>\n\n\n\n<p>Ideal para serrar, cortar e fatiar, mas tamb\u00e9m para lixar, polir, remover aparas, fresar, decantar, encher e misturar. Vers\u00e3o ATEX dispon\u00edvel como op\u00e7\u00e3o.<\/p>\n\n\n\n<p>Para que fins? O coletor de p\u00f3 h\u00famido NA 2.2 tem um desempenho particularmente bom quando aspira subst\u00e2ncias pegajosas e durante opera\u00e7\u00f5es que geram fa\u00edscas fortes. \u00c9 ideal para a extra\u00e7\u00e3o de poeiras met\u00e1licas, poeiras pegajosas e poeiras combust\u00edveis. Isto torna-o ideal para utiliza\u00e7\u00e3o nas ind\u00fastrias de processamento alimentar e metalomec\u00e2nica.<\/p>\n\n\n\n<div class=\"wp-block-columns is-layout-flex wp-container-core-columns-is-layout-28f84493 wp-block-columns-is-layout-flex\">\n<div class=\"wp-block-column is-layout-flow wp-block-column-is-layout-flow\">\n<div class=\"wp-block-buttons is-layout-flex wp-block-buttons-is-layout-flex\">\n<div class=\"wp-block-button\"><a class=\"wp-block-button__link wp-element-button\" href=\"https:\/\/obera.fr\/wp-content\/uploads\/2025\/04\/brochure-na-2.2-fr.pdf\">Descarrega a brochura<\/a><\/div>\n<\/div>\n<\/div>\n\n\n\n<div class=\"wp-block-column is-layout-flow wp-block-column-is-layout-flow\">\n<div class=\"wp-block-buttons is-layout-flex wp-block-buttons-is-layout-flex\">\n<div class=\"wp-block-button\"><a class=\"wp-block-button__link wp-element-button\" href=\"https:\/\/obera.fr\/contact\/\">Precisas de aconselhamento personalizado?<\/a><\/div>\n<\/div>\n<\/div>\n\n\n\n<div class=\"wp-block-column is-layout-flow wp-block-column-is-layout-flow\">\n<div class=\"wp-block-buttons is-content-justification-center is-layout-flex wp-container-core-buttons-is-layout-a89b3969 wp-block-buttons-is-layout-flex\">\n<div class=\"wp-block-button btn-devis-source\"><a class=\"wp-block-button__link wp-element-button\" href=\"https:\/\/obera.fr\/pt-pt\/devis\/\">Solicita um or\u00e7amento<\/a><\/div>\n<\/div>\n\n\n<script>\r\ndocument.addEventListener('DOMContentLoaded', function() {\r\n    \/\/ 1. On cherche le titre H1 de la page\r\n    var h1 = document.querySelector('h1');\r\n    var productTitle = h1 ? h1.innerText.trim() : \"\";\r\n\r\n    \/\/ 2. On cherche les boutons via la classe CSS .btn-devis-source\r\n    var buttons = document.querySelectorAll('.btn-devis-source a');\r\n\r\n    \/\/ 3. Si on a le titre et les boutons, on ajoute le param\u00e8tre\r\n    if (buttons.length > 0 && productTitle !== \"\") {\r\n        var encodedTitle = encodeURIComponent(productTitle);\r\n\r\n        buttons.forEach(function(btn) {\r\n            var currentHref = btn.getAttribute('href');\r\n            \r\n            \/\/ S\u00e9curit\u00e9 pour ne pas ajouter le param\u00e8tre 2 fois\r\n            if (currentHref.indexOf('sujet=') === -1) {\r\n                var separator = currentHref.indexOf('?') !== -1 ? '&' : '?';\r\n                var newLink = currentHref + separator + 'sujet=' + encodedTitle;\r\n                \r\n                btn.setAttribute('href', newLink);\r\n            }\r\n        });\r\n    }\r\n});\r\n<\/script><\/div>\n<\/div>\n<\/div>\n<\/div>\n\n<h2 class=\"wp-block-heading\">Carater\u00edsticas do coletor de p\u00f3 h\u00famido NA 2.2<\/h2>\n\n<p>Para al\u00e9m de ser altamente m\u00f3vel, o seu design tamb\u00e9m oferece algo nunca antes visto em dispositivos NA: um design compacto e economizador de espa\u00e7o. At\u00e9 agora, os separadores de \u00e1gua s\u00f3 podiam ser fixos, com uma \u00e1rea de implanta\u00e7\u00e3o maior (dimens\u00f5es muito maiores) para cobrir uma vasta gama de aplica\u00e7\u00f5es. Os colectores de p\u00f3 NA conseguiram agora combinar desempenho e facilidade de utiliza\u00e7\u00e3o com unidades m\u00f3veis flex\u00edveis e compactas. Al\u00e9m disso, os aparelhos NA est\u00e3o sempre equipados com uma parte superior basculante para facilitar o acesso ao interior do aparelho.<\/p>\n\n<p>A s\u00e9rie NA tamb\u00e9m emite muito pouco ru\u00eddo: 68 dB(A). Isto significa que pode ser utilizado diretamente nos v\u00e1rios postos de trabalho sem perturbar os operadores.<\/p>\n\n<blockquote class=\"wp-block-quote is-layout-flow wp-block-quote-is-layout-flow\">\n<p>Op\u00e7\u00f5es: o coletor de p\u00f3 h\u00famido NA 2.2 tamb\u00e9m est\u00e1 dispon\u00edvel como aspirador de limpeza com uma mangueira de 50 mm de di\u00e2metro. Est\u00e1 dispon\u00edvel numa vers\u00e3o em a\u00e7o inoxid\u00e1vel para satisfazer os requisitos da ind\u00fastria alimentar, que gera poeiras finas e org\u00e2nicas e est\u00e1 sujeita a normas rigorosas de higiene e seguran\u00e7a alimentar. Outra op\u00e7\u00e3o essencial para as ind\u00fastrias que operam em \u00e1reas potencialmente explosivas (Zona 22): a vers\u00e3o ATEX, para a extra\u00e7\u00e3o segura de poeiras secas, combust\u00edveis e n\u00e3o condutoras.<\/p>\n<\/blockquote>\n\n<h3 class=\"wp-block-heading has-text-align-center\">IND\u00daSTRIAS<\/h3>\n\n<div class=\"wp-block-columns is-layout-flex wp-container-core-columns-is-layout-28f84493 wp-block-columns-is-layout-flex\">\n<div class=\"wp-block-column is-layout-flow wp-block-column-is-layout-flow\">\n<hr class=\"wp-block-separator has-alpha-channel-opacity\"\/>\n\n\n\n<div class=\"wp-block-columns is-layout-flex wp-container-core-columns-is-layout-28f84493 wp-block-columns-is-layout-flex\">\n<div class=\"wp-block-column is-layout-flow wp-block-column-is-layout-flow\">\n<figure class=\"wp-block-image aligncenter size-thumbnail is-resized\"><img decoding=\"async\" width=\"150\" height=\"150\" src=\"https:\/\/obera.fr\/wp-content\/uploads\/2022\/02\/Metalurgie-150x150.png\" alt=\"metalurgia\" class=\"wp-image-8857\"\/><figcaption class=\"wp-element-caption\">Metalurgia<\/figcaption><\/figure>\n<\/div>\n\n\n\n<div class=\"wp-block-column is-layout-flow wp-block-column-is-layout-flow\">\n<figure class=\"wp-block-image aligncenter size-thumbnail is-resized\"><img decoding=\"async\" width=\"150\" height=\"150\" src=\"https:\/\/obera.fr\/wp-content\/uploads\/2022\/02\/AGROALIMENTAIRE-150x150.png\" alt=\"agroalimentar\" class=\"wp-image-8844\"\/><figcaption class=\"wp-element-caption\">Ind\u00fastria alimentar<\/figcaption><\/figure>\n<\/div>\n<\/div>\n<\/div>\n\n\n\n<div class=\"wp-block-column is-layout-flow wp-block-column-is-layout-flow\">\n<hr class=\"wp-block-separator has-alpha-channel-opacity\"\/>\n\n\n\n<div class=\"wp-block-columns is-layout-flex wp-container-core-columns-is-layout-28f84493 wp-block-columns-is-layout-flex\">\n<div class=\"wp-block-column is-layout-flow wp-block-column-is-layout-flow\"><\/div>\n\n\n\n<div class=\"wp-block-column is-layout-flow wp-block-column-is-layout-flow\"><\/div>\n<\/div>\n<\/div>\n<\/div>\n\n<table id=\"tablepress-201\" class=\"tablepress tablepress-id-201\">\n<tbody class=\"row-striping row-hover\">\n<tr class=\"row-1\">\n\t<td class=\"column-1\">Volume d\u2019air max. D\u00e9bit d\u2019air<\/td><td class=\"column-2\">M3\/h<\/td><td class=\"column-3\">300<\/td>\n<\/tr>\n<tr class=\"row-2\">\n\t<td class=\"column-1\">Diam\u00e8tre d\u2019entr\u00e9e\/de sortie<\/td><td class=\"column-2\">mm<\/td><td class=\"column-3\">50\/-<\/td>\n<\/tr>\n<tr class=\"row-3\">\n\t<td class=\"column-1\">Pression d\u2019air max. D\u00e9pression<\/td><td class=\"column-2\">Pa<\/td><td class=\"column-3\">21.000<\/td>\n<\/tr>\n<tr class=\"row-4\">\n\t<td class=\"column-1\">Puissance d\u2019entra\u00eenement<\/td><td class=\"column-2\">kW<\/td><td class=\"column-3\">2.2<\/td>\n<\/tr>\n<tr class=\"row-5\">\n\t<td class=\"column-1\">Contenu en eau<\/td><td class=\"column-2\">L<\/td><td class=\"column-3\">40<\/td>\n<\/tr>\n<tr class=\"row-6\">\n\t<td class=\"column-1\">R\u00e9servoir de collecte de volume<\/td><td class=\"column-2\">L<\/td><td class=\"column-3\">100<\/td>\n<\/tr>\n<tr class=\"row-7\">\n\t<td class=\"column-1\">Dimensions (L\/l\/h)<\/td><td class=\"column-2\">mm<\/td><td class=\"column-3\">1.260x630x1.560<\/td>\n<\/tr>\n<tr class=\"row-8\">\n\t<td class=\"column-1\">Poids (sans eau)<\/td><td class=\"column-2\">kg<\/td><td class=\"column-3\">130<\/td>\n<\/tr>\n<tr class=\"row-9\">\n\t<td class=\"column-1\">\u00c9missions sonores<\/td><td class=\"column-2\">dB(A)<\/td><td class=\"column-3\">68<\/td>\n<\/tr>\n<\/tbody>\n<\/table>\n\n\n<div class=\"wp-block-buttons is-content-justification-center is-layout-flex wp-container-core-buttons-is-layout-a89b3969 wp-block-buttons-is-layout-flex\">\n<div class=\"wp-block-button\"><a class=\"wp-block-button__link wp-element-button\" href=\"https:\/\/obera.fr\/wp-content\/uploads\/2025\/04\/brochure-na-2.2-de.pdf\">DESCARREGA A FICHA T\u00c9CNICA DO PRODUTO<\/a><\/div>\n<\/div>\n\n<figure class=\"wp-block-table\"><table class=\"has-fixed-layout\"><tbody><tr><td>Volume m\u00e1ximo de ar Caudal de ar<\/td><td>M3\/h<\/td><td>300<\/td><\/tr><tr><td>Di\u00e2metro de entrada\/sa\u00edda<\/td><td>mm<\/td><td>50\/-<\/td><\/tr><tr><td>Press\u00e3o de ar m\u00e1xima V\u00e1cuo <\/td><td>Pa<\/td><td>21.000<\/td><\/tr><tr><td>Pot\u00eancia de acionamento<\/td><td>kW<\/td><td>2.2<\/td><\/tr><tr><td>Teor de \u00e1gua<\/td><td>L<\/td><td>40<\/td><\/tr><tr><td>Dep\u00f3sito de recolha de volumes<\/td><td>L<\/td><td>100<\/td><\/tr><tr><td>Dimens\u00f5es (L\/W\/H)<\/td><td>mm<\/td><td>1,260x630x1,560 cm<\/td><\/tr><tr><td>Peso (sem \u00e1gua)<\/td><td>kg<\/td><td>130<\/td><\/tr><tr><td>Emiss\u00f5es de ru\u00eddo<\/td><td>dB(A)<\/td><td>68<\/td><\/tr><\/tbody><\/table><\/figure>\n\n<div style=\"height:34px\" aria-hidden=\"true\" class=\"wp-block-spacer\"><\/div>\n\n<h2 class=\"wp-block-heading\">Quais s\u00e3o as vantagens do coletor de p\u00f3 h\u00famido NA 2.2?<\/h2>\n\n<p>O coletor de poeiras h\u00famidas utiliza a tecnologia de filtragem para garantir uma \u00f3ptima qualidade do ar nas instala\u00e7\u00f5es de produ\u00e7\u00e3o. Para al\u00e9m de proteger a sa\u00fade das suas equipas, reduz o risco de avarias e danos nas suas m\u00e1quinas e equipamentos.<\/p>\n\n<p>M\u00f3vel e flex\u00edvel, o coletor de p\u00f3 h\u00famido NA 2.2 \u00e9 f\u00e1cil de manobrar gra\u00e7as aos seus rod\u00edzios suaves. \u00c9 ideal para mudan\u00e7as frequentes de local, para o m\u00e1ximo conforto do utilizador. Al\u00e9m disso, \u00e9 compacto e ocupa pouco espa\u00e7o.<\/p>\n\n<p>O coletor de p\u00f3 h\u00famido NA 2.2 pode ser combinado com outro equipamento para o m\u00e1ximo conforto do utilizador, como o controlo autom\u00e1tico do n\u00edvel de \u00e1gua ou uma v\u00e1lvula solenoide para fornecer \u00e1gua automaticamente \u00e0 unidade.<\/p>\n\n<div class=\"wp-block-columns is-layout-flex wp-container-core-columns-is-layout-28f84493 wp-block-columns-is-layout-flex\">\n<div class=\"wp-block-column is-layout-flow wp-block-column-is-layout-flow\" style=\"flex-basis:33.34%\">\n<h3 class=\"wp-block-heading\">Vantagens :<\/h3>\n\n\n\n<ul class=\"wp-block-list\">\n<li>Silencioso e compacto;<\/li>\n\n\n\n<li>Possibilidades de aplica\u00e7\u00e3o flex\u00edveis.<\/li>\n<\/ul>\n<\/div>\n\n\n\n<div class=\"wp-block-column is-layout-flow wp-block-column-is-layout-flow\" style=\"flex-basis:33.34%\">\n<h3 class=\"wp-block-heading\">Carater\u00edsticas especiais:<\/h3>\n\n\n\n<ul class=\"wp-block-list\">\n<li>Extra\u00e7\u00e3o de poeiras pegajosas, adequadas para processos de trabalho de proje\u00e7\u00e3o de fa\u00edscas;<\/li>\n\n\n\n<li>Dispon\u00edvel como aspirador de limpeza.<\/li>\n<\/ul>\n\n\n\n<div style=\"height:26px\" aria-hidden=\"true\" class=\"wp-block-spacer\"><\/div>\n<\/div>\n\n\n\n<div class=\"wp-block-column is-layout-flow wp-block-column-is-layout-flow\" style=\"flex-basis:33.33%\">\n<h3 class=\"wp-block-heading\">Carater\u00edsticas :<\/h3>\n\n\n\n<ul class=\"wp-block-list\">\n<li>Vers\u00e3o opcional <a href=\"https:\/\/obera.fr\/pt-pt\/produits\/atex\/\" data-type=\"page\" data-id=\"372\">ATEX<\/a>;<\/li>\n\n\n\n<li>Dispon\u00edvel em a\u00e7o inoxid\u00e1vel.<\/li>\n<\/ul>\n<\/div>\n<\/div>\n\n<div class=\"wp-block-buttons is-content-justification-center is-layout-flex wp-container-core-buttons-is-layout-a89b3969 wp-block-buttons-is-layout-flex\">\n<div class=\"wp-block-button\"><a class=\"wp-block-button__link wp-element-button\" href=\"https:\/\/obera.fr\/pt-pt\/contact\/\">TESTA O COLECTOR DE P\u00d3 NA 2.2<\/a><\/div>\n<\/div>\n\n<div style=\"height:25px\" aria-hidden=\"true\" class=\"wp-block-spacer\"><\/div>\n\n<h2 class=\"wp-block-heading\">Outros colectores de p\u00f3 m\u00f3veis da marca OberA<\/h2>\n\n<div class=\"wp-block-columns is-layout-flex wp-container-core-columns-is-layout-28f84493 wp-block-columns-is-layout-flex\">\n<div class=\"wp-block-column is-layout-flow wp-block-column-is-layout-flow\">\n<figure class=\"wp-block-image aligncenter size-medium\"><a href=\"https:\/\/obera.fr\/produits\/depoussiereurs-industriels\/mobiles\/srf-k\/\"><img decoding=\"async\" width=\"300\" height=\"300\" src=\"https:\/\/obera.fr\/wp-content\/uploads\/2020\/10\/SRF-K-SF-300x300.png\" alt=\"Srf K Sf\" class=\"wp-image-1309\" srcset=\"https:\/\/obera.fr\/wp-content\/uploads\/2020\/10\/SRF-K-SF-300x300.png 300w, https:\/\/obera.fr\/wp-content\/uploads\/2020\/10\/SRF-K-SF-150x150.png 150w, https:\/\/obera.fr\/wp-content\/uploads\/2020\/10\/SRF-K-SF.png 600w\" sizes=\"(max-width: 300px) 100vw, 300px\" \/><\/a><figcaption class=\"wp-element-caption\">SRF-K<\/figcaption><\/figure>\n<\/div>\n\n\n\n<div class=\"wp-block-column is-layout-flow wp-block-column-is-layout-flow\">\n<figure class=\"wp-block-image aligncenter size-medium\"><a href=\"https:\/\/obera.fr\/produits\/depoussiereurs-industriels\/mobiles\/aspiration-poussiere-dustomat-10\/\"><img decoding=\"async\" width=\"300\" height=\"300\" src=\"https:\/\/obera.fr\/wp-content\/uploads\/2020\/10\/extracteur-poussiere-mobile-DUSTOMAT-10-300x300.png\" alt=\"Aspirador de p&#xF3; m&#xF3;vel Dustomat 10\" class=\"wp-image-1306\" srcset=\"https:\/\/obera.fr\/wp-content\/uploads\/2020\/10\/extracteur-poussiere-mobile-DUSTOMAT-10-300x300.png 300w, https:\/\/obera.fr\/wp-content\/uploads\/2020\/10\/extracteur-poussiere-mobile-DUSTOMAT-10-150x150.png 150w, https:\/\/obera.fr\/wp-content\/uploads\/2020\/10\/extracteur-poussiere-mobile-DUSTOMAT-10.png 600w\" sizes=\"(max-width: 300px) 100vw, 300px\" \/><\/a><figcaption class=\"wp-element-caption\">DUSTOMAT 10<\/figcaption><\/figure>\n<\/div>\n\n\n\n<div class=\"wp-block-column is-layout-flow wp-block-column-is-layout-flow\">\n<figure class=\"wp-block-image aligncenter size-medium\"><a href=\"https:\/\/obera.fr\/produits\/depoussiereurs-industriels\/mobiles\/extracteur-poussiere-pulverulente-dustomat-16m\/\"><img decoding=\"async\" width=\"300\" height=\"300\" src=\"https:\/\/obera.fr\/wp-content\/uploads\/2020\/10\/extracteur-poussiere-pulverulente-DUSTOMAT-16-300x300.png\" alt=\"Aspirador de p&#xF3; pulverulento Dustomat 16\" class=\"wp-image-1307\" srcset=\"https:\/\/obera.fr\/wp-content\/uploads\/2020\/10\/extracteur-poussiere-pulverulente-DUSTOMAT-16-300x300.png 300w, https:\/\/obera.fr\/wp-content\/uploads\/2020\/10\/extracteur-poussiere-pulverulente-DUSTOMAT-16-150x150.png 150w, https:\/\/obera.fr\/wp-content\/uploads\/2020\/10\/extracteur-poussiere-pulverulente-DUSTOMAT-16.png 600w\" sizes=\"(max-width: 300px) 100vw, 300px\" \/><\/a><figcaption class=\"wp-element-caption\">DUSTOMAT 16<\/figcaption><\/figure>\n<\/div>\n\n\n\n<div class=\"wp-block-column is-layout-flow wp-block-column-is-layout-flow\">\n<figure class=\"wp-block-image aligncenter size-medium\"><a href=\"https:\/\/obera.fr\/produits\/depoussiereurs-industriels\/mobiles\/extracteur-poussiere-dustomat-4\/\"><img decoding=\"async\" width=\"300\" height=\"300\" src=\"https:\/\/obera.fr\/wp-content\/uploads\/2023\/02\/dustomat-4-300x300.png\" alt=\"Dustomat 4 Aspirador de p&#xF3;\" class=\"wp-image-19008\" srcset=\"https:\/\/obera.fr\/wp-content\/uploads\/2023\/02\/dustomat-4-300x300.png 300w, https:\/\/obera.fr\/wp-content\/uploads\/2023\/02\/dustomat-4-150x150.png 150w, https:\/\/obera.fr\/wp-content\/uploads\/2023\/02\/dustomat-4.png 500w\" sizes=\"(max-width: 300px) 100vw, 300px\" \/><\/a><figcaption class=\"wp-element-caption\">Dustomat 4<\/figcaption><\/figure>\n<\/div>\n<\/div>\n\n<div class=\"wp-block-columns is-layout-flex wp-container-core-columns-is-layout-28f84493 wp-block-columns-is-layout-flex\">\n<div class=\"wp-block-column is-layout-flow wp-block-column-is-layout-flow\">\n<figure class=\"wp-block-image aligncenter size-medium is-resized\"><a href=\"https:\/\/obera.fr\/produits\/depoussiereurs-industriels\/mobiles\/extracteur-de-poussiere-dustomat-dry\/#more-24274\"><img decoding=\"async\" width=\"300\" height=\"300\" src=\"https:\/\/obera.fr\/wp-content\/uploads\/2023\/09\/dustomat-dry-300x300.png\" alt=\"dustomat seco\" class=\"wp-image-24355\" style=\"width:auto;height:250px\" srcset=\"https:\/\/obera.fr\/wp-content\/uploads\/2023\/09\/dustomat-dry-300x300.png 300w, https:\/\/obera.fr\/wp-content\/uploads\/2023\/09\/dustomat-dry-150x150.png 150w, https:\/\/obera.fr\/wp-content\/uploads\/2023\/09\/dustomat-dry.png 320w\" sizes=\"(max-width: 300px) 100vw, 300px\" \/><\/a><figcaption class=\"wp-element-caption\">DUSTOMAT DRY<\/figcaption><\/figure>\n<\/div>\n\n\n\n<div class=\"wp-block-column is-layout-flow wp-block-column-is-layout-flow\"><\/div>\n<\/div>\n","protected":false},"excerpt":{"rendered":"<p>Descobre o coletor de p\u00f3 h\u00famido NA 2.2 para aspirar as subst\u00e2ncias pegajosas e as poeiras de efeito foice geradas nas tuas oficinas. NA 2.2 coletor de p\u00f3 h\u00famido: funcionamento e utiliza\u00e7\u00e3o O sistema de filtragem utilizado nos colectores de poeiras h\u00famidas baseia-se no princ\u00edpio da for\u00e7a centr\u00edfuga, utilizando a \u00e1gua como meio de filtragem. Em termos pr\u00e1ticos, o ar carregado de part\u00edculas finas e poeiras \u00e9 captado no coletor de poeiras pelo ventilador incorporado. O ar \u00e9 ent\u00e3o saturado com \u00e1gua atrav\u00e9s de bicos de pulveriza\u00e7\u00e3o, o que aglomera a poeira e facilita a sua captura. Para separar as &#8230; <\/p>\n<p class=\"read-more-container\"><a title=\"NA 2.2: coletor m\u00f3vel de poeiras h\u00famidas\" class=\"read-more button\" href=\"https:\/\/obera.fr\/pt-pt\/produits\/depoussiereurs-industriels\/mobiles\/na-2-2-depoussiereur-a-voie-humide\/#more-44230\" aria-label=\"Leia mais sobre NA 2.2: coletor m\u00f3vel de poeiras h\u00famidas\">Lire la suite<\/a><\/p>\n","protected":false},"author":4,"featured_media":83747,"parent":46876,"menu_order":0,"comment_status":"closed","ping_status":"closed","template":"","meta":{"_acf_changed":false,"_seopress_robots_primary_cat":"","_seopress_titles_title":"","_seopress_titles_desc":"","_seopress_robots_index":"","footnotes":""},"class_list":{"0":"post-44230","1":"page","2":"type-page","3":"status-publish","4":"has-post-thumbnail","6":"no-featured-image-padding","7":"resize-featured-image"},"acf":[],"_links":{"self":[{"href":"https:\/\/obera.fr\/pt-pt\/wp-json\/wp\/v2\/pages\/44230","targetHints":{"allow":["GET"]}}],"collection":[{"href":"https:\/\/obera.fr\/pt-pt\/wp-json\/wp\/v2\/pages"}],"about":[{"href":"https:\/\/obera.fr\/pt-pt\/wp-json\/wp\/v2\/types\/page"}],"author":[{"embeddable":true,"href":"https:\/\/obera.fr\/pt-pt\/wp-json\/wp\/v2\/users\/4"}],"replies":[{"embeddable":true,"href":"https:\/\/obera.fr\/pt-pt\/wp-json\/wp\/v2\/comments?post=44230"}],"version-history":[{"count":7,"href":"https:\/\/obera.fr\/pt-pt\/wp-json\/wp\/v2\/pages\/44230\/revisions"}],"predecessor-version":[{"id":117257,"href":"https:\/\/obera.fr\/pt-pt\/wp-json\/wp\/v2\/pages\/44230\/revisions\/117257"}],"up":[{"embeddable":true,"href":"https:\/\/obera.fr\/pt-pt\/wp-json\/wp\/v2\/pages\/46876"}],"wp:featuredmedia":[{"embeddable":true,"href":"https:\/\/obera.fr\/pt-pt\/wp-json\/wp\/v2\/media\/83747"}],"wp:attachment":[{"href":"https:\/\/obera.fr\/pt-pt\/wp-json\/wp\/v2\/media?parent=44230"}],"curies":[{"name":"wp","href":"https:\/\/api.w.org\/{rel}","templated":true}]}}