{"id":45446,"date":"2024-04-05T23:11:29","date_gmt":"2024-04-05T21:11:29","guid":{"rendered":"https:\/\/obera.fr\/exaustores-a-gama-eurosog-rg-100-800\/"},"modified":"2025-06-03T11:32:33","modified_gmt":"2025-06-03T09:32:33","slug":"ventilateurs-aspiration-gamme-eurosog-rg-100-800","status":"publish","type":"page","link":"https:\/\/obera.fr\/pt-pt\/produits\/aspirateurs-industriels\/ventilateurs-aspiration-gamme-eurosog-rg-100-800\/","title":{"rendered":"Exaustores: a gama EUROSOG RG 100-800"},"content":{"rendered":"\n<p>A nossa gama de ventiladores compactos RG 100 a RG 800 garante um ambiente mais saud\u00e1vel, extraindo e expulsando o ar contaminado presente nos seus espa\u00e7os de trabalho.<\/p>\n\n\n\n<h2 class=\"wp-block-heading\">S\u00e9rie RG: funcionamento e utiliza\u00e7\u00e3o de exaustores<\/h2>\n\n\n\n<div class=\"wp-block-columns is-layout-flex wp-container-core-columns-is-layout-28f84493 wp-block-columns-is-layout-flex\">\n<div class=\"wp-block-column is-layout-flow wp-block-column-is-layout-flow\" style=\"flex-basis:33.33%\">\n<figure class=\"wp-block-image size-full\"><img decoding=\"async\" width=\"600\" height=\"600\" src=\"https:\/\/obera.fr\/wp-content\/uploads\/2024\/04\/obera-ventilateur-aspiration-rg-300-400.jpg\" alt=\"ventilador de aspira\u00e7\u00e3o obera rg 300 400\" class=\"wp-image-29437\" srcset=\"https:\/\/obera.fr\/wp-content\/uploads\/2024\/04\/obera-ventilateur-aspiration-rg-300-400.jpg 600w, https:\/\/obera.fr\/wp-content\/uploads\/2024\/04\/obera-ventilateur-aspiration-rg-300-400-300x300.jpg 300w, https:\/\/obera.fr\/wp-content\/uploads\/2024\/04\/obera-ventilateur-aspiration-rg-300-400-150x150.jpg 150w\" sizes=\"(max-width: 600px) 100vw, 600px\" \/><\/figure>\n<\/div>\n\n\n\n<div class=\"wp-block-column is-layout-flow wp-block-column-is-layout-flow\" style=\"flex-basis:66.66%\">\n<p>Os ventiladores da s\u00e9rie RG (100, 200, 300, 400, 500, 600, 700, 800) s\u00e3o solu\u00e7\u00f5es para a extra\u00e7\u00e3o de poeiras, fumos industriais e quaisquer outros poluentes gerados pelas suas unidades de produ\u00e7\u00e3o. Permitem a circula\u00e7\u00e3o e a despressuriza\u00e7\u00e3o do ar purificado. Vers\u00e1til e compacto, o sistema aspira o ar criando v\u00e1cuo na entrada do ventilador (rota\u00e7\u00e3o do rotor) atrav\u00e9s de um motor el\u00e9trico no interior da caixa. A caixa canaliza e impulsiona o ar aspirado para a sa\u00edda (exterior) para o evacuar do espa\u00e7o de trabalho. A s\u00e9rie RG pode aspirar uma ou mais esta\u00e7\u00f5es de trabalho\/m\u00e1quinas de cada vez.  <\/p>\n\n\n\n<p>Com que objetivo? Este equipamento \u00e9 ideal para todos os tipos de ind\u00fastria e \u00e9 capaz de extrair poeiras, gases, odores e fumos. Podem ser equipados com filtros para captar as part\u00edculas finas.<\/p>\n\n\n\n<div class=\"wp-block-columns is-layout-flex wp-container-core-columns-is-layout-28f84493 wp-block-columns-is-layout-flex\">\n<div class=\"wp-block-column is-layout-flow wp-block-column-is-layout-flow\" style=\"flex-basis:30%\">\n<div class=\"wp-block-buttons is-layout-flex wp-block-buttons-is-layout-flex\">\n<div class=\"wp-block-button\"><a class=\"wp-block-button__link wp-element-button\" href=\"https:\/\/obera.fr\/wp-content\/uploads\/2025\/06\/brochure-rg-100-800-en.pdf\">DESCARREGA A BROCHURA<\/a><\/div>\n<\/div>\n<\/div>\n\n\n\n<div class=\"wp-block-column is-layout-flow wp-block-column-is-layout-flow\" style=\"flex-basis:30%\">\n<div class=\"wp-block-buttons is-layout-flex wp-block-buttons-is-layout-flex\">\n<div class=\"wp-block-button\"><a class=\"wp-block-button__link wp-element-button\" href=\"https:\/\/obera.fr\/contact\/\">PRECISAS DE ACONSELHAMENTO PERSONALIZADO?<\/a><\/div>\n<\/div>\n<\/div>\n\n\n\n<div class=\"wp-block-column is-layout-flow wp-block-column-is-layout-flow\" style=\"flex-basis:30%\">\n<div class=\"wp-block-buttons is-content-justification-center is-layout-flex wp-container-core-buttons-is-layout-a89b3969 wp-block-buttons-is-layout-flex\">\n<div class=\"wp-block-button btn-devis-source\"><a class=\"wp-block-button__link wp-element-button\" href=\"https:\/\/obera.fr\/pt-pt\/devis\/\">Solicita um or\u00e7amento<\/a><\/div>\n<\/div>\n\n\n<script>\r\ndocument.addEventListener('DOMContentLoaded', function() {\r\n    \/\/ 1. On cherche le titre H1 de la page\r\n    var h1 = document.querySelector('h1');\r\n    var productTitle = h1 ? h1.innerText.trim() : \"\";\r\n\r\n    \/\/ 2. On cherche les boutons via la classe CSS .btn-devis-source\r\n    var buttons = document.querySelectorAll('.btn-devis-source a');\r\n\r\n    \/\/ 3. Si on a le titre et les boutons, on ajoute le param\u00e8tre\r\n    if (buttons.length > 0 && productTitle !== \"\") {\r\n        var encodedTitle = encodeURIComponent(productTitle);\r\n\r\n        buttons.forEach(function(btn) {\r\n            var currentHref = btn.getAttribute('href');\r\n            \r\n            \/\/ S\u00e9curit\u00e9 pour ne pas ajouter le param\u00e8tre 2 fois\r\n            if (currentHref.indexOf('sujet=') === -1) {\r\n                var separator = currentHref.indexOf('?') !== -1 ? '&' : '?';\r\n                var newLink = currentHref + separator + 'sujet=' + encodedTitle;\r\n                \r\n                btn.setAttribute('href', newLink);\r\n            }\r\n        });\r\n    }\r\n});\r\n<\/script><\/div>\n<\/div>\n<\/div>\n<\/div>\n\n\n\n<h2 class=\"wp-block-heading\">Quais s\u00e3o as carater\u00edsticas t\u00e9cnicas dos ventiladores de aspira\u00e7\u00e3o OberA?<\/h2>\n\n\n\n<p>A gama RG oferece uma escolha de desempenhos de motor de 0,55 kW a 7,5 kW. Isto permite-te encontrar o modelo de ventilador de extra\u00e7\u00e3o mais adequado \u00e0 tua \u00e1rea de superf\u00edcie.  <\/p>\n\n\n\n<p>Para resistir ainda mais ao risco de corros\u00e3o e a qualquer deteriora\u00e7\u00e3o causada pelo p\u00f3, os ventiladores s\u00e3o fabricados com materiais robustos e est\u00e3o dispon\u00edveis numa vers\u00e3o em a\u00e7o inoxid\u00e1vel para a ind\u00fastria alimentar (opcional). Outra op\u00e7\u00e3o \u00e9 uma vers\u00e3o \u00e0 prova de fa\u00edscas para actividades que geram poeiras inflam\u00e1veis.<\/p>\n\n\n\n<blockquote class=\"wp-block-quote is-layout-flow wp-block-quote-is-layout-flow\">\n<p>\u00c9 bom saber: as nossas solu\u00e7\u00f5es de extra\u00e7\u00e3o podem ser combinadas com os nossos sistemas de evacua\u00e7\u00e3o de captura. Em fun\u00e7\u00e3o das tuas necessidades (tipo de poluente, superf\u00edcie, sector de atividade), aconselhar-te-emos a melhor combina\u00e7\u00e3o poss\u00edvel para garantir a melhor extra\u00e7\u00e3o e renova\u00e7\u00e3o do ar.<\/p>\n<\/blockquote>\n\n\n\n<p>Em termos de dimens\u00f5es, os ventiladores RG 100 a RG 800 requerem muito pouco espa\u00e7o: de L535 x L450 x H480 para a vers\u00e3o mais compacta a L820 x L1.000 x H1.198 para o modelo maior, continuam a ser equipamentos que requerem muito pouco espa\u00e7o. Para conforto dos trabalhadores, oferecem tamb\u00e9m um baixo n\u00edvel de ru\u00eddo de 83 dB(A) a 84 dB(A).<\/p>\n\n\n\n<h3 class=\"wp-block-heading has-text-align-center\">IND\u00daSTRIAS<\/h3>\n\n\n\n<div class=\"wp-block-columns is-layout-flex wp-container-core-columns-is-layout-28f84493 wp-block-columns-is-layout-flex\">\n<div class=\"wp-block-column is-layout-flow wp-block-column-is-layout-flow\">\n<hr class=\"wp-block-separator has-alpha-channel-opacity\"\/>\n\n\n\n<div class=\"wp-block-columns is-layout-flex wp-container-core-columns-is-layout-28f84493 wp-block-columns-is-layout-flex\">\n<div class=\"wp-block-column is-layout-flow wp-block-column-is-layout-flow\">\n<figure class=\"wp-block-image aligncenter size-thumbnail is-resized\"><img decoding=\"async\" width=\"150\" height=\"150\" src=\"https:\/\/obera.fr\/wp-content\/uploads\/2022\/02\/Textile-150x150.png\" alt=\"t\u00eaxtil\" class=\"wp-image-8855\"\/><figcaption class=\"wp-element-caption\">T\u00eaxteis<\/figcaption><\/figure>\n\n\n\n<figure class=\"wp-block-image aligncenter size-thumbnail is-resized\"><img decoding=\"async\" width=\"150\" height=\"150\" src=\"https:\/\/obera.fr\/wp-content\/uploads\/2022\/02\/Plastique-150x150.png\" alt=\"pl\u00e1stico\" class=\"wp-image-8854\"\/><figcaption class=\"wp-element-caption\">Pl\u00e1stico<\/figcaption><\/figure>\n<\/div>\n\n\n\n<div class=\"wp-block-column is-layout-flow wp-block-column-is-layout-flow\">\n<figure class=\"wp-block-image aligncenter size-thumbnail is-resized\"><img decoding=\"async\" width=\"150\" height=\"150\" src=\"https:\/\/obera.fr\/wp-content\/uploads\/2022\/02\/MINERAIS-150x150.png\" alt=\"min\u00e9rios\" class=\"wp-image-8847\"\/><figcaption class=\"wp-element-caption\">Minerais<\/figcaption><\/figure>\n\n\n\n<figure class=\"wp-block-image aligncenter size-thumbnail is-resized\"><img decoding=\"async\" width=\"150\" height=\"150\" src=\"https:\/\/obera.fr\/wp-content\/uploads\/2022\/02\/Metalurgie-150x150.png\" alt=\"metalurgia\" class=\"wp-image-8857\"\/><figcaption class=\"wp-element-caption\">Metalurgia<\/figcaption><\/figure>\n\n\n\n<figure class=\"wp-block-image aligncenter size-thumbnail is-resized\"><img decoding=\"async\" width=\"150\" height=\"150\" src=\"https:\/\/obera.fr\/wp-content\/uploads\/2023\/02\/sans-titre-2023-02-14t102211.641-150x150.png\" alt=\"Agricultura\" class=\"wp-image-18828\"\/><figcaption class=\"wp-element-caption\">Agricultura<\/figcaption><\/figure>\n<\/div>\n<\/div>\n<\/div>\n\n\n\n<div class=\"wp-block-column is-layout-flow wp-block-column-is-layout-flow\">\n<hr class=\"wp-block-separator has-alpha-channel-opacity\"\/>\n\n\n\n<div class=\"wp-block-columns is-layout-flex wp-container-core-columns-is-layout-28f84493 wp-block-columns-is-layout-flex\">\n<div class=\"wp-block-column is-layout-flow wp-block-column-is-layout-flow\">\n<figure class=\"wp-block-image aligncenter size-thumbnail is-resized\"><img decoding=\"async\" width=\"150\" height=\"150\" src=\"https:\/\/obera.fr\/wp-content\/uploads\/2022\/02\/Chimie-150x150.png\" alt=\"qu\u00edmica\" class=\"wp-image-8846\"\/><figcaption class=\"wp-element-caption\">Qu\u00edmica<\/figcaption><\/figure>\n\n\n\n<figure class=\"wp-block-image aligncenter size-thumbnail is-resized\"><img decoding=\"async\" width=\"150\" height=\"150\" src=\"https:\/\/obera.fr\/wp-content\/uploads\/2022\/02\/Travail-du-bois-150x150.png\" alt=\"trabalho da madeira\" class=\"wp-image-8856\"\/><figcaption class=\"wp-element-caption\">Trabalhos em madeira<\/figcaption><\/figure>\n\n\n\n<figure class=\"wp-block-image aligncenter size-thumbnail is-resized\"><img decoding=\"async\" width=\"150\" height=\"150\" src=\"https:\/\/obera.fr\/wp-content\/uploads\/2023\/02\/sans-titre-2023-02-14t101920.185-150x150.png\" alt=\"Avia\u00e7\u00e3o\" class=\"wp-image-18831\"\/><figcaption class=\"wp-element-caption\">Avia\u00e7\u00e3o<\/figcaption><\/figure>\n<\/div>\n\n\n\n<div class=\"wp-block-column is-layout-flow wp-block-column-is-layout-flow\">\n<figure class=\"wp-block-image aligncenter size-thumbnail is-resized\"><img decoding=\"async\" width=\"150\" height=\"150\" src=\"https:\/\/obera.fr\/wp-content\/uploads\/2022\/02\/AGROALIMENTAIRE-150x150.png\" alt=\"agroalimentar\" class=\"wp-image-8844\"\/><figcaption class=\"wp-element-caption\">Ind\u00fastria alimentar<\/figcaption><\/figure>\n\n\n\n<figure class=\"wp-block-image aligncenter size-thumbnail is-resized\"><img decoding=\"async\" width=\"150\" height=\"150\" src=\"https:\/\/obera.fr\/wp-content\/uploads\/2022\/02\/Papier-carton-150x150.png\" alt=\"papel e cart\u00e3o\" class=\"wp-image-8853\"\/><figcaption class=\"wp-element-caption\">Papel\/Cart\u00e3o<\/figcaption><\/figure>\n\n\n\n<figure class=\"wp-block-image aligncenter size-thumbnail is-resized\"><img decoding=\"async\" width=\"150\" height=\"150\" src=\"https:\/\/obera.fr\/wp-content\/uploads\/2023\/02\/sans-titre-2023-02-14t101712.416-150x150.png\" alt=\"Autom\u00f3vel\" class=\"wp-image-18834\"\/><figcaption class=\"wp-element-caption\">Autom\u00f3vel<\/figcaption><\/figure>\n<\/div>\n<\/div>\n<\/div>\n<\/div>\n\n\n\n<figure class=\"wp-block-table\"><table class=\"has-fixed-layout\"><thead><tr><th><br>100<\/th><th>200<\/th><th>300<\/th><th>400<\/th><th>500<\/th><th>600<\/th><th>700<\/th><th>800<\/th><\/tr><\/thead><tbody><tr><td>Caudal m\u00e1ximo m3\/h<\/td><td>1.000<\/td><td>2.000<\/td><td>3.000<\/td><td>3.200<\/td><td>4.000<\/td><td>5.5000<\/td><td>7.000<\/td><td>8.000<\/td><\/tr><tr><td>Di\u00e2metro da liga\u00e7\u00e3o\/sa\u00edda mm<\/td><td>100<\/td><td>150<\/td><td>180<\/td><td>250\/315<\/td><td>250\/315<\/td><td>315\/355<\/td><td>315\/400<\/td><td>355\/400<\/td><\/tr><tr><td>V\u00e1cuo m\u00e1ximo Pa<\/td><td>1.400<\/td><td>1.600<\/td><td>2.300<\/td><td>3.150<\/td><td>3.400<\/td><td>3.400<\/td><td>3.400<\/td><td>3.950<\/td><\/tr><tr><td>Tens\u00e3o de alimenta\u00e7\u00e3o V<\/td><td>400<\/td><td>400<\/td><td>400<\/td><td>400<\/td><td>400<\/td><td>400<\/td><td>400<\/td><td>400<\/td><\/tr><tr><td>Pot\u00eancia kW<\/td><td>0.5<\/td><td>1.1<\/td><td>2.2<\/td><td>3.0<\/td><td>4.0<\/td><td>5.5<\/td><td>5.5<\/td><td>7.5<\/td><\/tr><tr><td>Dimens\u00f5es (L\/W\/H)<\/td><td>535x450x480<\/td><td>595x520x555<\/td><td>640x535x610<\/td><td>711x700x1.012<\/td><td>711x700x1.012<\/td><td>737x700x1.062<\/td><td>762x700x1.062<\/td><td>820&#215;1,000&#215;1,198<\/td><\/tr><tr><td>N\u00edvel de ru\u00eddo dB(A)<\/td><td>80<\/td><td>82<\/td><td>84<\/td><td>84<\/td><td>84<\/td><td>84<\/td><td>83<\/td><td>84<\/td><\/tr><\/tbody><\/table><\/figure>\n\n\n\n<div class=\"wp-block-buttons is-content-justification-center is-layout-flex wp-container-core-buttons-is-layout-a89b3969 wp-block-buttons-is-layout-flex\">\n<div class=\"wp-block-button\"><a class=\"wp-block-button__link wp-element-button\" href=\"https:\/\/obera.fr\/wp-content\/uploads\/2024\/04\/obera_brochure-rg-100-800-fr.pdf\">DESCARREGA A FICHA T\u00c9CNICA DO PRODUTO<\/a><\/div>\n<\/div>\n\n\n\n<h2 class=\"wp-block-heading\">Concentra-te nas vantagens dos ventiladores RG 100 a RG 800<\/h2>\n\n\n\n<p>Os benef\u00edcios s\u00e3o sobretudo humanos, uma vez que se trata de uma solu\u00e7\u00e3o que melhora consideravelmente a qualidade do ar e a seguran\u00e7a das tuas equipas. Mais uma vez, para o conforto dos trabalhadores, o n\u00edvel de ru\u00eddo mant\u00e9m-se baixo para garantir a produtividade dos funcion\u00e1rios.  <\/p>\n\n\n\n<p>Uma boa extra\u00e7\u00e3o de poeiras e fumos tamb\u00e9m reduz o risco de inc\u00eandio e explos\u00e3o, que pode ser causado quando as poeiras entram em contacto com fa\u00edscas ou entopem as m\u00e1quinas de produ\u00e7\u00e3o.<\/p>\n\n\n\n<p>Por fim, apesar do seu design compacto, os exaustores da gama RG s\u00e3o todos de alto rendimento e representam um investimento baixo quando se trata de usufruir de ar puro nas suas oficinas.<\/p>\n\n\n\n<div class=\"wp-block-columns is-layout-flex wp-container-core-columns-is-layout-28f84493 wp-block-columns-is-layout-flex\">\n<div class=\"wp-block-column is-layout-flow wp-block-column-is-layout-flow\" style=\"flex-basis:33.34%\">\n<h3 class=\"wp-block-heading\">Vantagens :<\/h3>\n\n\n\n<ul class=\"wp-block-list\">\n<li>Baixos custos de funcionamento ;<\/li>\n\n\n\n<li>Constru\u00e7\u00e3o robusta.<\/li>\n<\/ul>\n<\/div>\n\n\n\n<div class=\"wp-block-column is-layout-flow wp-block-column-is-layout-flow\" style=\"flex-basis:33.34%\">\n<h3 class=\"wp-block-heading\">Carater\u00edsticas especiais:<\/h3>\n\n\n\n<ul class=\"wp-block-list\">\n<li>Design compacto ;<\/li>\n\n\n\n<li>Aspira um ou mais postos de trabalho ou m\u00e1quinas;<\/li>\n\n\n\n<li>Pode ser combinado com um coletor de poeiras ou com um sistema de evacua\u00e7\u00e3o de poeiras.<\/li>\n<\/ul>\n<\/div>\n\n\n\n<div class=\"wp-block-column is-layout-flow wp-block-column-is-layout-flow\" style=\"flex-basis:33.33%\">\n<h3 class=\"wp-block-heading\">Carater\u00edsticas :<\/h3>\n\n\n\n<ul class=\"wp-block-list\">\n<li>Uma vasta gama de desempenhos de motores para responder \u00e0s necessidades dos clientes industriais;<\/li>\n\n\n\n<li>Extras opcionais: a\u00e7o inoxid\u00e1vel de qualidade alimentar, corrente alternada (RG 100 e RG 200), motor \u00e0 esquerda, di\u00e2metro de sa\u00edda vari\u00e1vel, caixa insonorizada e selada para instala\u00e7\u00e3o no exterior.<\/li>\n<\/ul>\n<\/div>\n<\/div>\n\n\n\n<div class=\"wp-block-buttons is-horizontal is-content-justification-center is-layout-flex wp-container-core-buttons-is-layout-03627597 wp-block-buttons-is-layout-flex\">\n<div class=\"wp-block-button has-custom-width wp-block-button__width-100\"><a class=\"wp-block-button__link wp-element-button\" href=\"https:\/\/obera.fr\/pt-pt\/contacta-nos\/\">Saber mais<\/a><\/div>\n<\/div>\n\n\n\n<h2 class=\"wp-block-heading\">Outros aspiradores industriais da gama<\/h2>\n\n\n\n<div class=\"wp-block-columns is-layout-flex wp-container-core-columns-is-layout-28f84493 wp-block-columns-is-layout-flex\">\n<div class=\"wp-block-column is-layout-flow wp-block-column-is-layout-flow\">\n<figure class=\"wp-block-image aligncenter size-full is-resized\"><img decoding=\"async\" width=\"566\" height=\"671\" src=\"https:\/\/obera.fr\/wp-content\/uploads\/2024\/10\/w2-xr-2.png\" alt=\"Aspiradores industriais\" class=\"wp-image-35431\" style=\"aspect-ratio:1;object-fit:cover;width:282px;height:auto\" srcset=\"https:\/\/obera.fr\/wp-content\/uploads\/2024\/10\/w2-xr-2.png 566w, https:\/\/obera.fr\/wp-content\/uploads\/2024\/10\/w2-xr-2-253x300.png 253w\" sizes=\"(max-width: 566px) 100vw, 566px\" \/><figcaption class=\"wp-element-caption\">W2 XR<\/figcaption><\/figure>\n<\/div>\n\n\n\n<div class=\"wp-block-column is-layout-flow wp-block-column-is-layout-flow\">\n<figure class=\"wp-block-image aligncenter size-full is-resized\"><img decoding=\"async\" width=\"711\" height=\"622\" src=\"https:\/\/obera.fr\/wp-content\/uploads\/2024\/10\/w2.png\" alt=\"Aspiradores industriais\" class=\"wp-image-35424\" style=\"object-fit:cover;width:300px;height:300px\" srcset=\"https:\/\/obera.fr\/wp-content\/uploads\/2024\/10\/w2.png 711w, https:\/\/obera.fr\/wp-content\/uploads\/2024\/10\/w2-300x262.png 300w\" sizes=\"(max-width: 711px) 100vw, 711px\" \/><figcaption class=\"wp-element-caption\">W2<\/figcaption><\/figure>\n<\/div>\n\n\n\n<div class=\"wp-block-column is-layout-flow wp-block-column-is-layout-flow\">\n<figure class=\"wp-block-image aligncenter size-full is-resized\"><img decoding=\"async\" width=\"658\" height=\"652\" src=\"https:\/\/obera.fr\/wp-content\/uploads\/2024\/10\/w3.png\" alt=\"w3\" class=\"wp-image-35427\" style=\"object-fit:cover;width:300px;height:300px\" srcset=\"https:\/\/obera.fr\/wp-content\/uploads\/2024\/10\/w3.png 658w, https:\/\/obera.fr\/wp-content\/uploads\/2024\/10\/w3-300x297.png 300w, https:\/\/obera.fr\/wp-content\/uploads\/2024\/10\/w3-150x150.png 150w, https:\/\/obera.fr\/wp-content\/uploads\/2024\/10\/w3-24x24.png 24w, https:\/\/obera.fr\/wp-content\/uploads\/2024\/10\/w3-48x48.png 48w, https:\/\/obera.fr\/wp-content\/uploads\/2024\/10\/w3-96x96.png 96w\" sizes=\"(max-width: 658px) 100vw, 658px\" \/><figcaption class=\"wp-element-caption\">W3<\/figcaption><\/figure>\n<\/div>\n<\/div>\n\n\n\n<p><\/p>\n","protected":false},"excerpt":{"rendered":"<p>A nossa gama de ventiladores compactos RG 100 a RG 800 garante um ambiente mais saud\u00e1vel, extraindo e expulsando o ar contaminado presente nos seus espa\u00e7os de trabalho. S\u00e9rie RG: funcionamento e utiliza\u00e7\u00e3o de exaustores Os ventiladores da s\u00e9rie RG (100, 200, 300, 400, 500, 600, 700, 800) s\u00e3o solu\u00e7\u00f5es para a extra\u00e7\u00e3o de poeiras, fumos industriais e quaisquer outros poluentes gerados pelas suas unidades de produ\u00e7\u00e3o. Permitem a circula\u00e7\u00e3o e a despressuriza\u00e7\u00e3o do ar purificado. Vers\u00e1til e compacto, o sistema aspira o ar criando v\u00e1cuo na entrada do ventilador (rota\u00e7\u00e3o do rotor) atrav\u00e9s de um motor el\u00e9trico no interior &#8230; <\/p>\n<p class=\"read-more-container\"><a title=\"Exaustores: a gama EUROSOG RG 100-800\" class=\"read-more button\" href=\"https:\/\/obera.fr\/pt-pt\/produits\/aspirateurs-industriels\/ventilateurs-aspiration-gamme-eurosog-rg-100-800\/#more-45446\" aria-label=\"Leia mais sobre Exaustores: a gama EUROSOG RG 100-800\">Lire la suite<\/a><\/p>\n","protected":false},"author":4,"featured_media":83747,"parent":48486,"menu_order":0,"comment_status":"closed","ping_status":"closed","template":"","meta":{"_acf_changed":false,"_seopress_robots_primary_cat":"","_seopress_titles_title":"Ventiladores de aspira\u00e7\u00e3o EUROSOG RG - OberA","_seopress_titles_desc":"Descobre as unidades de extra\u00e7\u00e3o RG 100 a RG 800. De design e compactas, foram concebidas para melhorar consideravelmente a qualidade do ar atrav\u00e9s da extra\u00e7\u00e3o de poeiras, odores, fumos e gases.","_seopress_robots_index":"","footnotes":""},"class_list":{"0":"post-45446","1":"page","2":"type-page","3":"status-publish","4":"has-post-thumbnail","6":"no-featured-image-padding","7":"resize-featured-image"},"acf":[],"_links":{"self":[{"href":"https:\/\/obera.fr\/pt-pt\/wp-json\/wp\/v2\/pages\/45446","targetHints":{"allow":["GET"]}}],"collection":[{"href":"https:\/\/obera.fr\/pt-pt\/wp-json\/wp\/v2\/pages"}],"about":[{"href":"https:\/\/obera.fr\/pt-pt\/wp-json\/wp\/v2\/types\/page"}],"author":[{"embeddable":true,"href":"https:\/\/obera.fr\/pt-pt\/wp-json\/wp\/v2\/users\/4"}],"replies":[{"embeddable":true,"href":"https:\/\/obera.fr\/pt-pt\/wp-json\/wp\/v2\/comments?post=45446"}],"version-history":[{"count":9,"href":"https:\/\/obera.fr\/pt-pt\/wp-json\/wp\/v2\/pages\/45446\/revisions"}],"predecessor-version":[{"id":107659,"href":"https:\/\/obera.fr\/pt-pt\/wp-json\/wp\/v2\/pages\/45446\/revisions\/107659"}],"up":[{"embeddable":true,"href":"https:\/\/obera.fr\/pt-pt\/wp-json\/wp\/v2\/pages\/48486"}],"wp:featuredmedia":[{"embeddable":true,"href":"https:\/\/obera.fr\/pt-pt\/wp-json\/wp\/v2\/media\/83747"}],"wp:attachment":[{"href":"https:\/\/obera.fr\/pt-pt\/wp-json\/wp\/v2\/media?parent=45446"}],"curies":[{"name":"wp","href":"https:\/\/api.w.org\/{rel}","templated":true}]}}