{"id":46816,"date":"2020-08-26T16:21:27","date_gmt":"2020-08-26T14:21:27","guid":{"rendered":"https:\/\/obera.fr\/descobre-a-obera\/queres-que-nos-encontremos\/"},"modified":"2025-06-20T15:52:00","modified_gmt":"2025-06-20T13:52:00","slug":"salons","status":"publish","type":"page","link":"https:\/\/obera.fr\/pt-pt\/decouvrir\/salons\/","title":{"rendered":"Queres que nos encontremos?"},"content":{"rendered":"\n<p>Abaixo, podes ver os diferentes eventos em que participaremos em 2025.<\/p>\n\n<p>Estamos ansiosos por te conhecer.<\/p>\n\n<p><strong>O OberA.<\/strong><\/p>\n\n<h2 class=\"wp-block-heading\" id=\"prochains-evenements\">Pr\u00f3ximos eventos de 2025<\/h2>\n\n<div class=\"wp-block-columns are-vertically-aligned-center is-layout-flex wp-container-core-columns-is-layout-28f84493 wp-block-columns-is-layout-flex\">\n<div class=\"wp-block-column is-vertically-aligned-center is-layout-flow wp-block-column-is-layout-flow\" style=\"flex-basis:33.33%\">\n<figure class=\"wp-block-image aligncenter size-full is-resized\"><img decoding=\"async\" width=\"287\" height=\"60\" src=\"https:\/\/obera.fr\/wp-content\/uploads\/2024\/12\/preventica.png\" alt=\"preventica obera\" class=\"wp-image-57169\" style=\"width:320px;height:auto\"\/><\/figure>\n<\/div>\n\n\n\n<div class=\"wp-block-column is-vertically-aligned-center is-layout-flow wp-block-column-is-layout-flow\" style=\"flex-basis:66.66%\">\n<h3 class=\"wp-block-heading has-text-align-left\" id=\"sitl-villepinte-2022\">Pr\u00e9ventica Bordeaux<\/h3>\n\n\n\n<p>A OberA estar\u00e1 presente no stand H24 no centro de exposi\u00e7\u00f5es de <strong>14 a 16 de outubro de 2025<\/strong>.<\/p>\n\n\n\n<p><\/p>\n<\/div>\n<\/div>\n\n<div style=\"height:34px\" aria-hidden=\"true\" class=\"wp-block-spacer\"><\/div>\n\n<h2 class=\"wp-block-heading\" id=\"evenements-passes\">Eventos anteriores<\/h2>\n\n<h3 class=\"wp-block-heading\">Os nossos eventos em 2025<\/h3>\n\n<div class=\"wp-block-columns is-layout-flex wp-container-core-columns-is-layout-28f84493 wp-block-columns-is-layout-flex\">\n<div class=\"wp-block-column is-layout-flow wp-block-column-is-layout-flow\" style=\"flex-basis:33.33%\">\n<figure class=\"wp-block-image aligncenter size-full is-resized\"><img decoding=\"async\" width=\"287\" height=\"60\" src=\"https:\/\/obera.fr\/wp-content\/uploads\/2024\/12\/preventica.png\" alt=\"preventica obera\" class=\"wp-image-57169\" style=\"width:320px;height:auto\"\/><\/figure>\n<\/div>\n\n\n\n<div class=\"wp-block-column is-layout-flow wp-block-column-is-layout-flow\" style=\"flex-basis:66.66%\">\n<h3 class=\"wp-block-heading\" id=\"sitl-villepinte-2022\">Pr\u00e9ventica Paris<\/h3>\n\n\n\n<p>A OberA estar\u00e1 presente na Preventica Paris, na Porte de Versailles, de <strong>10 a 12 de junho de 2025<\/strong><\/p>\n\n\n\n<p><\/p>\n<\/div>\n<\/div>\n\n<div class=\"wp-block-columns are-vertically-aligned-center is-layout-flex wp-container-core-columns-is-layout-28f84493 wp-block-columns-is-layout-flex\">\n<div class=\"wp-block-column is-vertically-aligned-center is-layout-flow wp-block-column-is-layout-flow\" style=\"flex-basis:33.33%\">\n<figure class=\"wp-block-image aligncenter size-full is-resized\"><img decoding=\"async\" width=\"604\" height=\"162\" src=\"https:\/\/obera.fr\/wp-content\/uploads\/2024\/12\/sepem-douai-obera.png\" alt=\"sepem douai obera\" class=\"wp-image-57328\" style=\"width:320px;height:auto\" srcset=\"https:\/\/obera.fr\/wp-content\/uploads\/2024\/12\/sepem-douai-obera.png 604w, https:\/\/obera.fr\/wp-content\/uploads\/2024\/12\/sepem-douai-obera-300x80.png 300w, https:\/\/obera.fr\/wp-content\/uploads\/2024\/12\/sepem-douai-obera-600x162.png 600w\" sizes=\"(max-width: 604px) 100vw, 604px\" \/><\/figure>\n\n\n\n<p><\/p>\n<\/div>\n\n\n\n<div class=\"wp-block-column is-vertically-aligned-center is-layout-flow wp-block-column-is-layout-flow\" style=\"flex-basis:66.66%\">\n<h3 class=\"wp-block-heading\" id=\"sitl-villepinte-2022\">SEPEM Douai<\/h3>\n\n\n\n<p>OberA esteve presente no SEPEM 2025 em Douai de <strong>28 a 30 de janeiro de 2025<\/strong>.<\/p>\n\n\n\n<p><\/p>\n<\/div>\n<\/div>\n\n<div class=\"wp-block-columns is-layout-flex wp-container-core-columns-is-layout-28f84493 wp-block-columns-is-layout-flex\">\n<div class=\"wp-block-column is-layout-flow wp-block-column-is-layout-flow\" style=\"flex-basis:33.33%\">\n<figure class=\"wp-block-image aligncenter size-large is-resized\"><img decoding=\"async\" width=\"1024\" height=\"279\" src=\"https:\/\/obera.fr\/wp-content\/uploads\/2024\/12\/jec-world-2025-obera-1024x279.jpg\" alt=\"jec mundo 2025 obera\" class=\"wp-image-57147\" style=\"width:344px;height:auto\" srcset=\"https:\/\/obera.fr\/wp-content\/uploads\/2024\/12\/jec-world-2025-obera-1024x279.jpg 1024w, https:\/\/obera.fr\/wp-content\/uploads\/2024\/12\/jec-world-2025-obera-300x82.jpg 300w, https:\/\/obera.fr\/wp-content\/uploads\/2024\/12\/jec-world-2025-obera-768x209.jpg 768w, https:\/\/obera.fr\/wp-content\/uploads\/2024\/12\/jec-world-2025-obera.jpg 1412w\" sizes=\"(max-width: 1024px) 100vw, 1024px\" \/><\/figure>\n<\/div>\n\n\n\n<div class=\"wp-block-column is-layout-flow wp-block-column-is-layout-flow\" style=\"flex-basis:66.66%\">\n<h3 class=\"wp-block-heading\" id=\"sitl-villepinte-2022\">JEC World 2025<\/h3>\n\n\n\n<p>A OberA esteve presente no Stand 6C73 em Paris-Nord Villepinte de <strong>04 a 06 de mar\u00e7o de 2025<\/strong>.<\/p>\n<\/div>\n<\/div>\n\n<div style=\"height:34px\" aria-hidden=\"true\" class=\"wp-block-spacer\"><\/div>\n\n<h3 class=\"wp-block-heading\">Os nossos eventos em 2024<\/h3>\n\n<div class=\"wp-block-columns are-vertically-aligned-center is-layout-flex wp-container-core-columns-is-layout-28f84493 wp-block-columns-is-layout-flex\">\n<div class=\"wp-block-column is-vertically-aligned-center is-layout-flow wp-block-column-is-layout-flow\" style=\"flex-basis:33.33%\">\n<figure class=\"wp-block-image aligncenter size-full is-resized\"><img decoding=\"async\" width=\"341\" height=\"85\" src=\"https:\/\/obera.fr\/wp-content\/uploads\/2024\/09\/screenshot-2024-09-23-at-17-45-25-accueil-sepem-torino.png\" alt=\"SEPEM Turim 2024\" class=\"wp-image-35089\" style=\"width:320px;height:auto\" srcset=\"https:\/\/obera.fr\/wp-content\/uploads\/2024\/09\/screenshot-2024-09-23-at-17-45-25-accueil-sepem-torino.png 341w, https:\/\/obera.fr\/wp-content\/uploads\/2024\/09\/screenshot-2024-09-23-at-17-45-25-accueil-sepem-torino-300x75.png 300w\" sizes=\"(max-width: 341px) 100vw, 341px\" \/><\/figure>\n<\/div>\n\n\n\n<div class=\"wp-block-column is-vertically-aligned-center is-layout-flow wp-block-column-is-layout-flow\" style=\"flex-basis:66.66%\">\n<h3 class=\"wp-block-heading\" id=\"sitl-villepinte-2022\">SEPEM Turim 2024<\/h3>\n\n\n\n<p>A OberA esteve presente na SEPEM Turim de <strong>03 a 04 de dezembro de 2024<\/strong><\/p>\n\n\n\n<p><\/p>\n<\/div>\n<\/div>\n\n<div class=\"wp-block-columns are-vertically-aligned-center is-layout-flex wp-container-core-columns-is-layout-28f84493 wp-block-columns-is-layout-flex\">\n<div class=\"wp-block-column is-vertically-aligned-center is-layout-flow wp-block-column-is-layout-flow\" style=\"flex-basis:33.33%\">\n<figure class=\"wp-block-image aligncenter size-full is-resized\"><img decoding=\"async\" width=\"2048\" height=\"678\" src=\"https:\/\/obera.fr\/wp-content\/uploads\/2024\/09\/as_messe_logo_4c-2048x678-1.png\" alt=\"Arbeitsschutz Aktuell Stuttgart\" class=\"wp-image-34549\" style=\"width:320px;height:auto\" srcset=\"https:\/\/obera.fr\/wp-content\/uploads\/2024\/09\/as_messe_logo_4c-2048x678-1.png 2048w, https:\/\/obera.fr\/wp-content\/uploads\/2024\/09\/as_messe_logo_4c-2048x678-1-300x99.png 300w, https:\/\/obera.fr\/wp-content\/uploads\/2024\/09\/as_messe_logo_4c-2048x678-1-1024x339.png 1024w, https:\/\/obera.fr\/wp-content\/uploads\/2024\/09\/as_messe_logo_4c-2048x678-1-768x254.png 768w, https:\/\/obera.fr\/wp-content\/uploads\/2024\/09\/as_messe_logo_4c-2048x678-1-1536x509.png 1536w\" sizes=\"(max-width: 2048px) 100vw, 2048px\" \/><\/figure>\n<\/div>\n\n\n\n<div class=\"wp-block-column is-vertically-aligned-center is-layout-flow wp-block-column-is-layout-flow\" style=\"flex-basis:66.66%\">\n<h3 class=\"wp-block-heading\" id=\"sitl-villepinte-2022\">Arbeitsschutz Aktuell Stuttgart 2024<\/h3>\n\n\n\n<p>A OberA esteve presente na <a href=\"https:\/\/arbeitsschutz-aktuell.hinte-messe.de\/\" target=\"_blank\" rel=\"noreferrer noopener\">Arbeitsschutz Aktuell<\/a> de <strong>5 a 7 de novembro de 2024<\/strong><\/p>\n<\/div>\n<\/div>\n\n<div class=\"wp-block-columns are-vertically-aligned-center is-layout-flex wp-container-core-columns-is-layout-28f84493 wp-block-columns-is-layout-flex\">\n<div class=\"wp-block-column is-vertically-aligned-center is-layout-flow wp-block-column-is-layout-flow\" style=\"flex-basis:33.33%\">\n<figure class=\"wp-block-image aligncenter size-full is-resized\"><img decoding=\"async\" width=\"1200\" height=\"431\" src=\"https:\/\/obera.fr\/wp-content\/uploads\/2024\/06\/visuels-1200-x-630-px-3.jpg\" alt=\"Preventica Lyon 8 a 10 de outubro de 2024\" class=\"wp-image-32422\" style=\"width:320px;height:auto\" srcset=\"https:\/\/obera.fr\/wp-content\/uploads\/2024\/06\/visuels-1200-x-630-px-3.jpg 1200w, https:\/\/obera.fr\/wp-content\/uploads\/2024\/06\/visuels-1200-x-630-px-3-300x108.jpg 300w, https:\/\/obera.fr\/wp-content\/uploads\/2024\/06\/visuels-1200-x-630-px-3-1024x368.jpg 1024w, https:\/\/obera.fr\/wp-content\/uploads\/2024\/06\/visuels-1200-x-630-px-3-768x276.jpg 768w\" sizes=\"(max-width: 1200px) 100vw, 1200px\" \/><\/figure>\n<\/div>\n\n\n\n<div class=\"wp-block-column is-vertically-aligned-center is-layout-flow wp-block-column-is-layout-flow\" style=\"flex-basis:66.66%\">\n<h3 class=\"wp-block-heading\" id=\"sitl-villepinte-2022\">Preventica Lyon 2024<\/h3>\n\n\n\n<p>A OberA esteve presente no Salon 5 da feira <a href=\"https:\/\/www.preventica.com\/congres-salon-preventica-lyon-2024.php\">Preventica<\/a>, em Lyon, de 8 a 10 de outubro de 2024<\/p>\n<\/div>\n<\/div>\n\n<div class=\"wp-block-columns are-vertically-aligned-center is-layout-flex wp-container-core-columns-is-layout-28f84493 wp-block-columns-is-layout-flex\">\n<div class=\"wp-block-column is-vertically-aligned-center is-layout-flow wp-block-column-is-layout-flow\" style=\"flex-basis:33.33%\">\n<figure class=\"wp-block-image aligncenter size-full is-resized\"><img decoding=\"async\" width=\"572\" height=\"240\" src=\"https:\/\/obera.fr\/wp-content\/uploads\/2024\/04\/25720.jpg\" alt=\"25720\" class=\"wp-image-29832\" style=\"width:320px;height:auto\" srcset=\"https:\/\/obera.fr\/wp-content\/uploads\/2024\/04\/25720.jpg 572w, https:\/\/obera.fr\/wp-content\/uploads\/2024\/04\/25720-300x126.jpg 300w\" sizes=\"(max-width: 572px) 100vw, 572px\" \/><\/figure>\n<\/div>\n\n\n\n<div class=\"wp-block-column is-vertically-aligned-center is-layout-flow wp-block-column-is-layout-flow\" style=\"flex-basis:66.66%\">\n<h3 class=\"wp-block-heading\" id=\"sitl-villepinte-2022\">Preventica Strasbourg 2024<\/h3>\n\n\n\n<p>A OberA esteve presente na <a href=\"https:\/\/www.preventica.com\/congres-salon-preventica-strasbourg-2024.php\">Preventica, em Estrasburgo<\/a>, de 18 a 20 de junho de 2024.<\/p>\n<\/div>\n<\/div>\n\n<div style=\"height:25px\" aria-hidden=\"true\" class=\"wp-block-spacer\"><\/div>\n\n<div class=\"wp-block-columns are-vertically-aligned-center is-layout-flex wp-container-core-columns-is-layout-28f84493 wp-block-columns-is-layout-flex\">\n<div class=\"wp-block-column is-vertically-aligned-center is-layout-flow wp-block-column-is-layout-flow\" style=\"flex-basis:33.33%\">\n<figure class=\"wp-block-image aligncenter size-full\"><img decoding=\"async\" width=\"1107\" height=\"276\" src=\"https:\/\/obera.fr\/wp-content\/uploads\/2024\/04\/logo_sepem_est_blocdate_2024-hd_0.png\" alt=\"log&#xF3;tipo sepem est blocdate 2024 hd 0\" class=\"wp-image-29823\" srcset=\"https:\/\/obera.fr\/wp-content\/uploads\/2024\/04\/logo_sepem_est_blocdate_2024-hd_0.png 1107w, https:\/\/obera.fr\/wp-content\/uploads\/2024\/04\/logo_sepem_est_blocdate_2024-hd_0-300x75.png 300w, https:\/\/obera.fr\/wp-content\/uploads\/2024\/04\/logo_sepem_est_blocdate_2024-hd_0-1024x255.png 1024w, https:\/\/obera.fr\/wp-content\/uploads\/2024\/04\/logo_sepem_est_blocdate_2024-hd_0-768x191.png 768w\" sizes=\"(max-width: 1107px) 100vw, 1107px\" \/><\/figure>\n<\/div>\n\n\n\n<div class=\"wp-block-column is-vertically-aligned-center is-layout-flow wp-block-column-is-layout-flow\" style=\"flex-basis:66.66%\">\n<h3 class=\"wp-block-heading\" id=\"sitl-villepinte-2022\">SEPEM Colmar 2024<\/h3>\n\n\n\n<p>A OberA esteve presente no SEPEM, em <strong>Colmar <\/strong>, de 4 a 6 de junho de 2024.<\/p>\n<\/div>\n<\/div>\n\n<div style=\"height:25px\" aria-hidden=\"true\" class=\"wp-block-spacer\"><\/div>\n\n<div class=\"wp-block-columns are-vertically-aligned-center is-layout-flex wp-container-core-columns-is-layout-28f84493 wp-block-columns-is-layout-flex\">\n<div class=\"wp-block-column is-vertically-aligned-center is-layout-flow wp-block-column-is-layout-flow\" style=\"flex-basis:33.33%\">\n<figure class=\"wp-block-image aligncenter size-full is-resized\"><img decoding=\"async\" width=\"642\" height=\"270\" src=\"https:\/\/obera.fr\/wp-content\/uploads\/2024\/04\/preventica-casablanca-2024.jpg\" alt=\"preventica casablanca 2024\" class=\"wp-image-29818\" style=\"width:381px;height:auto\" srcset=\"https:\/\/obera.fr\/wp-content\/uploads\/2024\/04\/preventica-casablanca-2024.jpg 642w, https:\/\/obera.fr\/wp-content\/uploads\/2024\/04\/preventica-casablanca-2024-300x126.jpg 300w\" sizes=\"(max-width: 642px) 100vw, 642px\" \/><\/figure>\n<\/div>\n\n\n\n<div class=\"wp-block-column is-vertically-aligned-center is-layout-flow wp-block-column-is-layout-flow\" style=\"flex-basis:66.66%\">\n<h3 class=\"wp-block-heading\" id=\"sitl-villepinte-2022\">Preventica Casablanca 2024<\/h3>\n\n\n\n<p>A OberA esteve presente na <a href=\"https:\/\/www.preventica.ma\/\">Preventica em <strong>Casablanca<\/strong><\/a> de 21 a 23 de maio de 2024.<\/p>\n<\/div>\n<\/div>\n\n<div style=\"height:25px\" aria-hidden=\"true\" class=\"wp-block-spacer\"><\/div>\n\n<div class=\"wp-block-columns are-vertically-aligned-center is-layout-flex wp-container-core-columns-is-layout-28f84493 wp-block-columns-is-layout-flex\">\n<div class=\"wp-block-column is-vertically-aligned-center is-layout-flow wp-block-column-is-layout-flow\" style=\"flex-basis:33.33%\">\n<figure class=\"wp-block-image aligncenter size-full\"><img decoding=\"async\" width=\"240\" height=\"112\" src=\"https:\/\/obera.fr\/wp-content\/uploads\/2024\/02\/screenshot-2024-02-06-at-12-16-26-cfia-rennes-2024.png\" alt=\"captura de ecr&#xE3; 2024 02 06 at 12 16 26 cfia rennes 2024\" class=\"wp-image-27856\"\/><\/figure>\n<\/div>\n\n\n\n<div class=\"wp-block-column is-vertically-aligned-center is-layout-flow wp-block-column-is-layout-flow\" style=\"flex-basis:66.66%\">\n<h3 class=\"wp-block-heading\" id=\"sitl-villepinte-2022\">CFIA 2024 em Rennes  <\/h3>\n\n\n\n<p>A OberA esteve presente na CFIA 2024, em <strong>Rennes<\/strong>, de 12 a 14 de mar\u00e7o de 2024.<\/p>\n<\/div>\n<\/div>\n\n<div style=\"height:25px\" aria-hidden=\"true\" class=\"wp-block-spacer\"><\/div>\n\n<div class=\"wp-block-columns are-vertically-aligned-center is-layout-flex wp-container-core-columns-is-layout-28f84493 wp-block-columns-is-layout-flex\">\n<div class=\"wp-block-column is-vertically-aligned-center is-layout-flow wp-block-column-is-layout-flow\" style=\"flex-basis:33.33%\">\n<figure class=\"wp-block-image aligncenter size-medium\"><img decoding=\"async\" width=\"300\" height=\"161\" src=\"https:\/\/obera.fr\/wp-content\/uploads\/2024\/02\/jec-world-2024-300x161.jpeg\" alt=\"jec mundo 2024\" class=\"wp-image-27765\" srcset=\"https:\/\/obera.fr\/wp-content\/uploads\/2024\/02\/jec-world-2024-300x161.jpeg 300w, https:\/\/obera.fr\/wp-content\/uploads\/2024\/02\/jec-world-2024-1024x550.jpeg 1024w, https:\/\/obera.fr\/wp-content\/uploads\/2024\/02\/jec-world-2024-768x413.jpeg 768w, https:\/\/obera.fr\/wp-content\/uploads\/2024\/02\/jec-world-2024.jpeg 1172w\" sizes=\"(max-width: 300px) 100vw, 300px\" \/><\/figure>\n<\/div>\n\n\n\n<div class=\"wp-block-column is-vertically-aligned-center is-layout-flow wp-block-column-is-layout-flow\" style=\"flex-basis:66.66%\">\n<h3 class=\"wp-block-heading\" id=\"sitl-villepinte-2022\">JEC World Composites Show 2024<\/h3>\n\n\n\n<p>A OberA esteve presente no <a href=\"https:\/\/www.jec-world.events\/\" data-type=\"link\" data-id=\"https:\/\/www.jec-world.events\/\">JEC Composites Show<\/a>, em Paris, de 5 a 7 de mar\u00e7o de 2024.<\/p>\n<\/div>\n<\/div>\n\n<div style=\"height:25px\" aria-hidden=\"true\" class=\"wp-block-spacer\"><\/div>\n\n<h3 class=\"wp-block-heading\">Os nossos eventos em 2023<\/h3>\n\n<div class=\"wp-block-columns is-layout-flex wp-container-core-columns-is-layout-28f84493 wp-block-columns-is-layout-flex\">\n<div class=\"wp-block-column is-layout-flow wp-block-column-is-layout-flow\" style=\"flex-basis:33.33%\">\n<figure class=\"wp-block-image aligncenter size-full is-resized\"><img decoding=\"async\" width=\"290\" height=\"174\" src=\"https:\/\/obera.fr\/wp-content\/uploads\/2022\/06\/Sans-titre-1.png\" alt=\"Cadeia de abastecimento europeia Mulhouse 2023\" class=\"wp-image-13152\"\/><\/figure>\n<\/div>\n\n\n\n<div class=\"wp-block-column is-layout-flow wp-block-column-is-layout-flow\" style=\"flex-basis:66.66%\">\n<h3 class=\"wp-block-heading\" id=\"sepem-grenoble-2022\">euro CADEIA DE ABASTECIMENTO MULHOUSE 2023<\/h3>\n\n\n\n<p>A OberA esteve presente na feira Euro Supply Chain <strong>Mulhouse <\/strong>em 08 de junho de 2023.  <\/p>\n<\/div>\n<\/div>\n\n<div style=\"height:25px\" aria-hidden=\"true\" class=\"wp-block-spacer\"><\/div>\n\n<div class=\"wp-block-columns is-layout-flex wp-container-core-columns-is-layout-28f84493 wp-block-columns-is-layout-flex\">\n<div class=\"wp-block-column is-vertically-aligned-center is-layout-flow wp-block-column-is-layout-flow\" style=\"flex-basis:33.33%\">\n<figure class=\"wp-block-image aligncenter size-medium is-resized\"><img decoding=\"async\" width=\"300\" height=\"75\" src=\"https:\/\/obera.fr\/wp-content\/uploads\/2022\/09\/Logo_SEPEM_Sud_Est_blocdate_2023_0-300x75.png\" alt=\"logotipo sepem sud est 2023\" class=\"wp-image-14647\" srcset=\"https:\/\/obera.fr\/wp-content\/uploads\/2022\/09\/Logo_SEPEM_Sud_Est_blocdate_2023_0-300x75.png 300w, https:\/\/obera.fr\/wp-content\/uploads\/2022\/09\/Logo_SEPEM_Sud_Est_blocdate_2023_0.png 600w\" sizes=\"(max-width: 300px) 100vw, 300px\" \/><\/figure>\n<\/div>\n\n\n\n<div class=\"wp-block-column is-layout-flow wp-block-column-is-layout-flow\" style=\"flex-basis:66.66%\">\n<h3 class=\"wp-block-heading\" id=\"sepem-grenoble-2022\">SEPEM MARTIGUES 2023<\/h3>\n\n\n\n<p>OberA esteve no SEPEM <strong>Martigues<\/strong> de 06 a 08 de junho de 2023.<\/p>\n<\/div>\n<\/div>\n\n<div style=\"height:25px\" aria-hidden=\"true\" class=\"wp-block-spacer\"><\/div>\n\n<div class=\"wp-block-columns are-vertically-aligned-center is-layout-flex wp-container-core-columns-is-layout-28f84493 wp-block-columns-is-layout-flex\">\n<div class=\"wp-block-column is-vertically-aligned-center is-layout-flow wp-block-column-is-layout-flow\" style=\"flex-basis:33.33%\">\n<figure class=\"wp-block-image aligncenter size-medium is-resized\"><img decoding=\"async\" width=\"300\" height=\"78\" src=\"https:\/\/obera.fr\/wp-content\/uploads\/2022\/06\/logo-preventica-300x78.png\" alt=\"log&#xF3;tipo da preventica 2023\" class=\"wp-image-13130\" srcset=\"https:\/\/obera.fr\/wp-content\/uploads\/2022\/06\/logo-preventica-300x78.png 300w, https:\/\/obera.fr\/wp-content\/uploads\/2022\/06\/logo-preventica-1024x265.png 1024w, https:\/\/obera.fr\/wp-content\/uploads\/2022\/06\/logo-preventica-768x199.png 768w, https:\/\/obera.fr\/wp-content\/uploads\/2022\/06\/logo-preventica-1536x398.png 1536w, https:\/\/obera.fr\/wp-content\/uploads\/2022\/06\/logo-preventica.png 1843w\" sizes=\"(max-width: 300px) 100vw, 300px\" \/><\/figure>\n<\/div>\n\n\n\n<div class=\"wp-block-column is-vertically-aligned-center is-layout-flow wp-block-column-is-layout-flow\" style=\"flex-basis:66.66%\">\n<h3 class=\"wp-block-heading\" id=\"sitl-villepinte-2022\">PREVENTICA 2023<\/h3>\n\n\n\n<p>A OberA esteve presente na feira <a href=\"https:\/\/www.preventica.com\/congres-salon-preventica-paris-2023-infos-pratiques.php\">Pr\u00e9ventica <\/a>, em <strong>Paris Portes de Versailles<\/strong>, de 23 a 25 de maio de 2023.<\/p>\n<\/div>\n<\/div>\n\n<div style=\"height:25px\" aria-hidden=\"true\" class=\"wp-block-spacer\"><\/div>\n\n<div class=\"wp-block-columns are-vertically-aligned-center is-layout-flex wp-container-core-columns-is-layout-28f84493 wp-block-columns-is-layout-flex\">\n<div class=\"wp-block-column is-vertically-aligned-center is-layout-flow wp-block-column-is-layout-flow\" style=\"flex-basis:33.33%\">\n<figure class=\"wp-block-image aligncenter size-full\"><img decoding=\"async\" width=\"225\" height=\"56\" src=\"https:\/\/obera.fr\/wp-content\/uploads\/2022\/12\/07-10-mars-2023-2.png\" alt=\"JEC Composites show 2023\" class=\"wp-image-16887\"\/><\/figure>\n<\/div>\n\n\n\n<div class=\"wp-block-column is-vertically-aligned-center is-layout-flow wp-block-column-is-layout-flow\" style=\"flex-basis:66.66%\">\n<h3 class=\"wp-block-heading\" id=\"sitl-villepinte-2022\">JEC Exposi\u00e7\u00e3o mundial de comp\u00f3sitos 2023<\/h3>\n\n\n\n<p>A OberA esteve presente no JEC Composites Show em <strong>Paris Nord Villepinte<\/strong> de 25 a 27 de abril de 2023.<\/p>\n<\/div>\n<\/div>\n\n<div style=\"height:25px\" aria-hidden=\"true\" class=\"wp-block-spacer\"><\/div>\n\n<div class=\"wp-block-columns are-vertically-aligned-center is-layout-flex wp-container-core-columns-is-layout-28f84493 wp-block-columns-is-layout-flex\">\n<div class=\"wp-block-column is-vertically-aligned-center is-layout-flow wp-block-column-is-layout-flow\" style=\"flex-basis:33.33%\">\n<figure class=\"wp-block-image aligncenter size-medium is-resized\"><img decoding=\"async\" width=\"300\" height=\"186\" src=\"https:\/\/obera.fr\/wp-content\/uploads\/2021\/09\/LogoSiTL-couleurs_v2-300x186.png\" alt=\"Log&#xF3;tipo do SITL 2023\" class=\"wp-image-6989\" srcset=\"https:\/\/obera.fr\/wp-content\/uploads\/2021\/09\/LogoSiTL-couleurs_v2-300x186.png 300w, https:\/\/obera.fr\/wp-content\/uploads\/2021\/09\/LogoSiTL-couleurs_v2.png 592w\" sizes=\"(max-width: 300px) 100vw, 300px\" \/><\/figure>\n<\/div>\n\n\n\n<div class=\"wp-block-column is-vertically-aligned-center is-layout-flow wp-block-column-is-layout-flow\" style=\"flex-basis:66.66%\">\n<h3 class=\"wp-block-heading\" id=\"sitl-villepinte-2022\">SITL PORTE DE VERSAILLES 2023<\/h3>\n\n\n\n<p>A OberA esteve presente na feira SITL em <strong>Paris Porte de Versailles<\/strong> de 28 a 30 de mar\u00e7o de 2023.<\/p>\n<\/div>\n<\/div>\n\n<div style=\"height:25px\" aria-hidden=\"true\" class=\"wp-block-spacer\"><\/div>\n\n<div class=\"wp-block-columns are-vertically-aligned-center is-layout-flex wp-container-core-columns-is-layout-28f84493 wp-block-columns-is-layout-flex\">\n<div class=\"wp-block-column is-vertically-aligned-center is-layout-flow wp-block-column-is-layout-flow\" style=\"flex-basis:33.33%\">\n<figure class=\"wp-block-image aligncenter size-full is-resized\"><img decoding=\"async\" width=\"225\" height=\"56\" src=\"https:\/\/obera.fr\/wp-content\/uploads\/2022\/11\/07-10-mars-2023.png\" alt=\"Ind&#xFA;stria mundial Lyon 2023\" class=\"wp-image-16106\"\/><\/figure>\n<\/div>\n\n\n\n<div class=\"wp-block-column is-vertically-aligned-center is-layout-flow wp-block-column-is-layout-flow\" style=\"flex-basis:66.66%\">\n<h3 class=\"wp-block-heading\" id=\"sitl-villepinte-2022\">IND\u00daSTRIA MUNDIAL 2023<\/h3>\n\n\n\n<p>A OberA esteve presente na feira <a href=\"https:\/\/www.preventica.com\/congres-salon-preventica-paris-2023-infos-pratiques.php\">Global Industrie <\/a>em<strong> Lyon <\/strong>Eurexpo<strong> <\/strong>de 07 a 10 de mar\u00e7o de 2023.<\/p>\n<\/div>\n<\/div>\n\n<div style=\"height:25px\" aria-hidden=\"true\" class=\"wp-block-spacer\"><\/div>\n\n<h3 class=\"wp-block-heading\">Os nossos eventos em 2022<\/h3>\n\n<div class=\"wp-block-columns is-layout-flex wp-container-core-columns-is-layout-28f84493 wp-block-columns-is-layout-flex\">\n<div class=\"wp-block-column is-vertically-aligned-center is-layout-flow wp-block-column-is-layout-flow\" style=\"flex-basis:33.33%\">\n<figure class=\"wp-block-image aligncenter size-full is-resized\"><img decoding=\"async\" width=\"225\" height=\"56\" src=\"https:\/\/obera.fr\/wp-content\/uploads\/2022\/11\/sans-titre-2022-11-23t083000.127.png\" alt=\"SEPEM Feira industrial de Grenoble\" class=\"wp-image-16099\"\/><\/figure>\n<\/div>\n\n\n\n<div class=\"wp-block-column is-layout-flow wp-block-column-is-layout-flow\" style=\"flex-basis:66.66%\">\n<h3 class=\"wp-block-heading\" id=\"sepem-grenoble-2022\">SEPEM GRENOBLE 2022<\/h3>\n\n\n\n<p>A OberA esteve presente na feira industrial SEPEM Grenoble de 22 a 24 de novembro de 2022.<\/p>\n<\/div>\n<\/div>\n\n<div style=\"height:25px\" aria-hidden=\"true\" class=\"wp-block-spacer\"><\/div>\n\n<div class=\"wp-block-columns is-layout-flex wp-container-core-columns-is-layout-28f84493 wp-block-columns-is-layout-flex\">\n<div class=\"wp-block-column is-vertically-aligned-top is-layout-flow wp-block-column-is-layout-flow\" style=\"flex-basis:33.3%\">\n<figure class=\"wp-block-image aligncenter size-full is-resized\"><img decoding=\"async\" width=\"350\" height=\"288\" src=\"https:\/\/obera.fr\/wp-content\/uploads\/2022\/10\/logo_ws_france_pms302_rgb-1.png\" alt=\"log&#xF3;tipo wordskills Fran&#xE7;a  &#10;\" class=\"wp-image-15549\" style=\"width:177px;height:auto\" srcset=\"https:\/\/obera.fr\/wp-content\/uploads\/2022\/10\/logo_ws_france_pms302_rgb-1.png 350w, https:\/\/obera.fr\/wp-content\/uploads\/2022\/10\/logo_ws_france_pms302_rgb-1-300x247.png 300w\" sizes=\"(max-width: 350px) 100vw, 350px\" \/><\/figure>\n\n\n\n<div style=\"height:25px\" aria-hidden=\"true\" class=\"wp-block-spacer\"><\/div>\n<\/div>\n\n\n\n<div class=\"wp-block-column is-layout-flow wp-block-column-is-layout-flow\" style=\"flex-basis:66.7%\">\n<p><\/p>\n\n\n\n<h3 class=\"wp-block-heading\" id=\"sepem-colmar-2022\">Worldskills france 2022<\/h3>\n\n\n\n<p>A OberA esteve presente no evento <a href=\"https:\/\/www.worldskills-france.org\/\">Worldskills<strong> Bordeaux<\/strong><\/a> de 19 a 22 de outubro de 2022.<\/p>\n<\/div>\n<\/div>\n\n<div class=\"wp-block-columns is-layout-flex wp-container-core-columns-is-layout-28f84493 wp-block-columns-is-layout-flex\">\n<div class=\"wp-block-column is-layout-flow wp-block-column-is-layout-flow\" style=\"flex-basis:33.33%\">\n<figure class=\"wp-block-image aligncenter size-full is-resized\"><img decoding=\"async\" width=\"1000\" height=\"275\" src=\"https:\/\/obera.fr\/wp-content\/uploads\/2023\/08\/logo_sepem_2022_1.jpg\" alt=\"log&#xF3;tipo sepem 2022 1\" class=\"wp-image-23857\" srcset=\"https:\/\/obera.fr\/wp-content\/uploads\/2023\/08\/logo_sepem_2022_1.jpg 1000w, https:\/\/obera.fr\/wp-content\/uploads\/2023\/08\/logo_sepem_2022_1-300x83.jpg 300w, https:\/\/obera.fr\/wp-content\/uploads\/2023\/08\/logo_sepem_2022_1-768x211.jpg 768w\" sizes=\"(max-width: 1000px) 100vw, 1000px\" \/><\/figure>\n\n\n\n<div style=\"height:25px\" aria-hidden=\"true\" class=\"wp-block-spacer\"><\/div>\n<\/div>\n\n\n\n<div class=\"wp-block-column is-layout-flow wp-block-column-is-layout-flow\" style=\"flex-basis:66.66%\">\n<h3 class=\"wp-block-heading\" id=\"sepem-colmar-2022\">SEPEM COLMAR 2022<\/h3>\n\n\n\n<p>OberA esteve no SEPEM <strong>Colmar <\/strong>de 14 a 16 de junho de 2022.<\/p>\n<\/div>\n<\/div>\n\n<div class=\"wp-block-columns are-vertically-aligned-center is-layout-flex wp-container-core-columns-is-layout-28f84493 wp-block-columns-is-layout-flex\">\n<div class=\"wp-block-column is-vertically-aligned-center is-layout-flow wp-block-column-is-layout-flow\" style=\"flex-basis:33.33%\">\n<figure class=\"wp-block-image aligncenter size-full is-resized\"><img decoding=\"async\" width=\"290\" height=\"174\" src=\"https:\/\/obera.fr\/wp-content\/uploads\/2022\/06\/Sans-titre-1.png\" alt=\"Cadeia de abastecimento europeia Mulhouse 2022\" class=\"wp-image-13152\"\/><\/figure>\n<\/div>\n\n\n\n<div class=\"wp-block-column is-vertically-aligned-center is-layout-flow wp-block-column-is-layout-flow\" style=\"flex-basis:66.66%\">\n<h3 class=\"wp-block-heading\" id=\"sitl-villepinte-2022\">CADEIA DE ABASTECIMENTO EURO MULHOUSE 2022<\/h3>\n\n\n\n<p>A OberA esteve presente na feira Euro Supply Chain, em <strong>Mulhouse <\/strong>, a 02 de junho de 2022.<\/p>\n<\/div>\n<\/div>\n\n<div style=\"height:25px\" aria-hidden=\"true\" class=\"wp-block-spacer\"><\/div>\n\n<div class=\"wp-block-columns are-vertically-aligned-center is-layout-flex wp-container-core-columns-is-layout-28f84493 wp-block-columns-is-layout-flex\">\n<div class=\"wp-block-column is-vertically-aligned-center is-layout-flow wp-block-column-is-layout-flow\" style=\"flex-basis:33.33%\">\n<figure class=\"wp-block-image aligncenter size-medium is-resized\"><img decoding=\"async\" width=\"300\" height=\"78\" src=\"https:\/\/obera.fr\/wp-content\/uploads\/2022\/06\/logo-preventica-300x78.png\" alt=\"log&#xF3;tipo da preventica 2022\" class=\"wp-image-13130\" srcset=\"https:\/\/obera.fr\/wp-content\/uploads\/2022\/06\/logo-preventica-300x78.png 300w, https:\/\/obera.fr\/wp-content\/uploads\/2022\/06\/logo-preventica-1024x265.png 1024w, https:\/\/obera.fr\/wp-content\/uploads\/2022\/06\/logo-preventica-768x199.png 768w, https:\/\/obera.fr\/wp-content\/uploads\/2022\/06\/logo-preventica-1536x398.png 1536w, https:\/\/obera.fr\/wp-content\/uploads\/2022\/06\/logo-preventica.png 1843w\" sizes=\"(max-width: 300px) 100vw, 300px\" \/><\/figure>\n<\/div>\n\n\n\n<div class=\"wp-block-column is-vertically-aligned-center is-layout-flow wp-block-column-is-layout-flow\" style=\"flex-basis:66.66%\">\n<h3 class=\"wp-block-heading\" id=\"sitl-villepinte-2022\">PREVENTICA 2022<\/h3>\n\n\n\n<p>A OberA esteve presente na feira <a href=\"https:\/\/www.preventica.com\/?gclid=CjwKCAjw7vuUBhBUEiwAEdu2pFGIhuTgp5sxe5VimwdNeQlANKIQJWpRUYiHN8m4bbNa0Qgn9UXt_hoCdCMQAvD_BwE\">Pr\u00e9ventica <\/a>, em <strong>Nantes <\/strong>, de 17 a 19 de maio de 2022.<\/p>\n<\/div>\n<\/div>\n\n<div style=\"height:25px\" aria-hidden=\"true\" class=\"wp-block-spacer\"><\/div>\n\n<div class=\"wp-block-columns are-vertically-aligned-center is-layout-flex wp-container-core-columns-is-layout-28f84493 wp-block-columns-is-layout-flex\">\n<div class=\"wp-block-column is-vertically-aligned-center is-layout-flow wp-block-column-is-layout-flow\" style=\"flex-basis:33.33%\">\n<figure class=\"wp-block-image aligncenter size-medium is-resized\"><img decoding=\"async\" width=\"300\" height=\"186\" src=\"https:\/\/obera.fr\/wp-content\/uploads\/2021\/09\/LogoSiTL-couleurs_v2-300x186.png\" alt=\"log&#xF3;tipo da sitl 2022\" class=\"wp-image-6989\" srcset=\"https:\/\/obera.fr\/wp-content\/uploads\/2021\/09\/LogoSiTL-couleurs_v2-300x186.png 300w, https:\/\/obera.fr\/wp-content\/uploads\/2021\/09\/LogoSiTL-couleurs_v2.png 592w\" sizes=\"(max-width: 300px) 100vw, 300px\" \/><\/figure>\n<\/div>\n\n\n\n<div class=\"wp-block-column is-vertically-aligned-center is-layout-flow wp-block-column-is-layout-flow\" style=\"flex-basis:66.66%\">\n<h3 class=\"wp-block-heading\" id=\"sitl-villepinte-2022\">SITL VILLEPINTE 2022<\/h3>\n\n\n\n<p>A OberA esteve na <a href=\"https:\/\/sitl.portail-exposant.com\/\">SITL <\/a>em <strong>Paris Nord Villepinte<\/strong> de 5 a 8 de abril de 2022.<\/p>\n<\/div>\n<\/div>\n\n<div style=\"height:25px\" aria-hidden=\"true\" class=\"wp-block-spacer\"><\/div>\n\n<h3 class=\"wp-block-heading\">Os nossos eventos em 2021<\/h3>\n\n<div class=\"wp-block-columns are-vertically-aligned-center is-layout-flex wp-container-core-columns-is-layout-28f84493 wp-block-columns-is-layout-flex\">\n<div class=\"wp-block-column is-vertically-aligned-center is-layout-flow wp-block-column-is-layout-flow\" style=\"flex-basis:33.33%\">\n<figure class=\"wp-block-image aligncenter size-large\"><img decoding=\"async\" width=\"143\" height=\"123\" src=\"https:\/\/obera.fr\/wp-content\/uploads\/2020\/11\/be-4-mulhouse-2021.png\" alt=\"Be 4 Mulhouse 2021\" class=\"wp-image-1562\"\/><\/figure>\n\n\n\n<div style=\"height:25px\" aria-hidden=\"true\" class=\"wp-block-spacer\"><\/div>\n<\/div>\n\n\n\n<div class=\"wp-block-column is-vertically-aligned-center is-layout-flow wp-block-column-is-layout-flow\" style=\"flex-basis:66.66%\">\n<h3 class=\"wp-block-heading\" id=\"be-4-0-mulhouse\">BE 4.0 Mulhouse 2021<\/h3>\n\n\n\n<p>A OberA esteve presente na feira BE 4.0, em <strong>Mulhouse <\/strong>, a 30 de novembro e<sup>1<\/sup> de dezembro de 2021.<\/p>\n<\/div>\n<\/div>\n\n<div class=\"wp-block-columns are-vertically-aligned-center is-layout-flex wp-container-core-columns-is-layout-28f84493 wp-block-columns-is-layout-flex\">\n<div class=\"wp-block-column is-vertically-aligned-center is-layout-flow wp-block-column-is-layout-flow\" style=\"flex-basis:33.33%\">\n<figure class=\"wp-block-image aligncenter size-medium is-resized\"><img decoding=\"async\" width=\"300\" height=\"186\" src=\"https:\/\/obera.fr\/wp-content\/uploads\/2021\/09\/LogoSiTL-couleurs_v2-300x186.png\" alt=\"logositl colours v2\" class=\"wp-image-6989\" srcset=\"https:\/\/obera.fr\/wp-content\/uploads\/2021\/09\/LogoSiTL-couleurs_v2-300x186.png 300w, https:\/\/obera.fr\/wp-content\/uploads\/2021\/09\/LogoSiTL-couleurs_v2.png 592w\" sizes=\"(max-width: 300px) 100vw, 300px\" \/><\/figure>\n<\/div>\n\n\n\n<div class=\"wp-block-column is-vertically-aligned-center is-layout-flow wp-block-column-is-layout-flow\" style=\"flex-basis:66.66%\">\n<h3 class=\"wp-block-heading\" id=\"sitl-villepinte-2021\">SITL VILLEPINTE 2021<\/h3>\n\n\n\n<p>A OberA esteve no SITL <strong>Paris Nord Villepinte<\/strong> de 13 a 15 de setembro de 2021.<\/p>\n<\/div>\n<\/div>\n\n<div style=\"height:25px\" aria-hidden=\"true\" class=\"wp-block-spacer\"><\/div>\n\n<div class=\"wp-block-columns are-vertically-aligned-center is-layout-flex wp-container-core-columns-is-layout-28f84493 wp-block-columns-is-layout-flex\">\n<div class=\"wp-block-column is-vertically-aligned-center is-layout-flow wp-block-column-is-layout-flow\" style=\"flex-basis:33.33%\">\n<figure class=\"wp-block-image aligncenter size-full is-resized\"><img decoding=\"async\" width=\"400\" height=\"105\" src=\"https:\/\/obera.fr\/wp-content\/uploads\/2020\/11\/sepem-colmar-2021.png\" alt=\"Sepem Colmar 2021\" class=\"wp-image-1561\" style=\"width:381px;height:auto\" srcset=\"https:\/\/obera.fr\/wp-content\/uploads\/2020\/11\/sepem-colmar-2021.png 400w, https:\/\/obera.fr\/wp-content\/uploads\/2020\/11\/sepem-colmar-2021-300x79.png 300w\" sizes=\"(max-width: 400px) 100vw, 400px\" \/><\/figure>\n<\/div>\n\n\n\n<div class=\"wp-block-column is-vertically-aligned-center is-layout-flow wp-block-column-is-layout-flow\" style=\"flex-basis:66.66%\">\n<h3 class=\"wp-block-heading\" id=\"sepem-colmar\">SEPEM INDUSTRIES Colmar 2021<\/h3>\n\n\n\n<p>A OberA esteve presente na SEPEM Industries, em <strong>Colmar<\/strong>, de 15 a 21 de junho de 2021.<\/p>\n<\/div>\n<\/div>\n\n<div style=\"height:25px\" aria-hidden=\"true\" class=\"wp-block-spacer\"><\/div>\n\n<h3 class=\"wp-block-heading\">Os nossos eventos em 2020<\/h3>\n\n<div class=\"wp-block-columns are-vertically-aligned-center is-layout-flex wp-container-core-columns-is-layout-28f84493 wp-block-columns-is-layout-flex\">\n<div class=\"wp-block-column is-vertically-aligned-center is-layout-flow wp-block-column-is-layout-flow\" style=\"flex-basis:33.33%\">\n<figure class=\"wp-block-image aligncenter size-full is-resized\"><img decoding=\"async\" width=\"300\" height=\"78\" src=\"https:\/\/obera.fr\/wp-content\/uploads\/2020\/10\/sepem_grenoble_2020.png\" alt=\"Sepem Grenoble 2020\" class=\"wp-image-1194\"\/><\/figure>\n<\/div>\n\n\n\n<div class=\"wp-block-column is-vertically-aligned-center is-layout-flow wp-block-column-is-layout-flow\" style=\"flex-basis:66.66%\">\n<h3 class=\"wp-block-heading\" id=\"salon-sepem-industries-grenoble-2020\">SEPEM Industries Grenoble 2020<\/h3>\n\n\n\n<p>A OberA esteve na SEPEM Industries, em <strong>Grenoble<\/strong>, nos dias 11, 12 e 13 de fevereiro de 2020.<\/p>\n<\/div>\n<\/div>\n\n<div style=\"height:25px\" aria-hidden=\"true\" class=\"wp-block-spacer\"><\/div>\n\n<h3 class=\"wp-block-heading\">Os nossos eventos em 2019<\/h3>\n\n<div class=\"wp-block-group is-layout-flow wp-block-group-is-layout-flow\">\n<div class=\"wp-block-columns are-vertically-aligned-center is-layout-flex wp-container-core-columns-is-layout-28f84493 wp-block-columns-is-layout-flex\">\n<div class=\"wp-block-column is-vertically-aligned-center is-layout-flow wp-block-column-is-layout-flow\" style=\"flex-basis:33.33%\">\n<figure class=\"wp-block-image alignleft size-full is-resized\"><img decoding=\"async\" width=\"300\" height=\"186\" src=\"https:\/\/obera.fr\/wp-content\/uploads\/2020\/10\/euromanut_2019.jpg\" alt=\"Euromanut 2019\" class=\"wp-image-1193\"\/><\/figure>\n<\/div>\n\n\n\n<div class=\"wp-block-column is-vertically-aligned-center is-layout-flow wp-block-column-is-layout-flow\" style=\"flex-basis:66.66%\">\n<h3 class=\"wp-block-heading\" id=\"salon-europack-euromanut-cfia-2019\">Europack Euromanut CFIA 2019<\/h3>\n\n\n\n<p>A OberA esteve presente na feira <a href=\"https:\/\/www.prodandpack.com\/\">Europack Euromanut CFIA<\/a>, em <strong>LYON<\/strong>, nos dias 19, 20 e 21 de novembro de 2019.<\/p>\n<\/div>\n<\/div>\n<\/div>\n\n<div style=\"height:25px\" aria-hidden=\"true\" class=\"wp-block-spacer\"><\/div>\n\n<h3 class=\"wp-block-heading\">Os nossos eventos em 2018<\/h3>\n\n<div class=\"wp-block-group is-layout-flow wp-block-group-is-layout-flow\">\n<div class=\"wp-block-columns are-vertically-aligned-center is-layout-flex wp-container-core-columns-is-layout-28f84493 wp-block-columns-is-layout-flex\">\n<div class=\"wp-block-column is-vertically-aligned-center is-layout-flow wp-block-column-is-layout-flow\" style=\"flex-basis:33.33%\">\n<figure class=\"wp-block-image alignleft size-full is-resized\"><img decoding=\"async\" width=\"400\" height=\"250\" src=\"https:\/\/obera.fr\/wp-content\/uploads\/2020\/10\/pollutech-2018.png\" alt=\"Pollutech 2018\" class=\"wp-image-1192\" srcset=\"https:\/\/obera.fr\/wp-content\/uploads\/2020\/10\/pollutech-2018.png 400w, https:\/\/obera.fr\/wp-content\/uploads\/2020\/10\/pollutech-2018-300x188.png 300w\" sizes=\"(max-width: 400px) 100vw, 400px\" \/><\/figure>\n\n\n\n<div style=\"height:34px\" aria-hidden=\"true\" class=\"wp-block-spacer\"><\/div>\n<\/div>\n\n\n\n<div class=\"wp-block-column is-vertically-aligned-center is-layout-flow wp-block-column-is-layout-flow\" style=\"flex-basis:66.66%\">\n<h3 class=\"wp-block-heading\" id=\"pollutec-lyon-2018\">POLLUTEC LYON 2018<\/h3>\n\n\n\n<p>A OberA esteve presente na POLLUTEC, em <strong>Lyon <\/strong>, de 27 a 30 de novembro de 2018<\/p>\n\n\n\n<div style=\"height:33px\" aria-hidden=\"true\" class=\"wp-block-spacer\"><\/div>\n<\/div>\n<\/div>\n<\/div>\n\n<div class=\"wp-block-group is-layout-flow wp-block-group-is-layout-flow\">\n<div class=\"wp-block-columns are-vertically-aligned-center is-layout-flex wp-container-core-columns-is-layout-28f84493 wp-block-columns-is-layout-flex\">\n<div class=\"wp-block-column is-vertically-aligned-center is-layout-flow wp-block-column-is-layout-flow\" style=\"flex-basis:33.33%\">\n<figure class=\"wp-block-image size-large is-resized\"><img decoding=\"async\" width=\"400\" height=\"250\" src=\"https:\/\/obera.fr\/wp-content\/uploads\/2020\/10\/Vrac-Tech-2018.png\" alt=\"Bulk Tech 2018\" class=\"wp-image-1191\" style=\"width:381px;height:auto\" srcset=\"https:\/\/obera.fr\/wp-content\/uploads\/2020\/10\/Vrac-Tech-2018.png 400w, https:\/\/obera.fr\/wp-content\/uploads\/2020\/10\/Vrac-Tech-2018-300x188.png 300w\" sizes=\"(max-width: 400px) 100vw, 400px\" \/><\/figure>\n<\/div>\n\n\n\n<div class=\"wp-block-column is-vertically-aligned-center is-layout-flow wp-block-column-is-layout-flow\" style=\"flex-basis:66.66%\">\n<h3 class=\"wp-block-heading\" id=\"vractech-bulktech-2018\">VRACTECH BULKTECH 2018<\/h3>\n\n\n\n<p>A OberA esteve presente na feira VRACTECH BULKTECH em <strong>M\u00c2CON<\/strong>, de 16 a 18 de outubro de 2018.<\/p>\n<\/div>\n<\/div>\n\n\n\n<hr class=\"wp-block-separator has-css-opacity\"\/>\n<\/div>\n","protected":false},"excerpt":{"rendered":"<p>Abaixo, podes ver os diferentes eventos em que participaremos em 2025. Estamos ansiosos por te conhecer. O OberA. Pr\u00f3ximos eventos de 2025 Pr\u00e9ventica Bordeaux A OberA estar\u00e1 presente no stand H24 no centro de exposi\u00e7\u00f5es de 14 a 16 de outubro de 2025. Eventos anteriores Os nossos eventos em 2025 Pr\u00e9ventica Paris A OberA estar\u00e1 presente na Preventica Paris, na Porte de Versailles, de 10 a 12 de junho de 2025 SEPEM Douai OberA esteve presente no SEPEM 2025 em Douai de 28 a 30 de janeiro de 2025. JEC World 2025 A OberA esteve presente no Stand 6C73 em &#8230; <\/p>\n<p class=\"read-more-container\"><a title=\"Queres que nos encontremos?\" class=\"read-more button\" href=\"https:\/\/obera.fr\/pt-pt\/decouvrir\/salons\/#more-46816\" aria-label=\"Leia mais sobre Queres que nos encontremos?\">Lire la suite<\/a><\/p>\n","protected":false},"author":4,"featured_media":83747,"parent":42552,"menu_order":0,"comment_status":"closed","ping_status":"closed","template":"","meta":{"_acf_changed":false,"_seopress_robots_primary_cat":"","_seopress_titles_title":"oberA: a nossa presen\u00e7a em feiras do sector desde 2018","_seopress_titles_desc":"Eventos passados e futuros. A nossa presen\u00e7a nas pr\u00f3ximas feiras do sector em Fran\u00e7a. Esta p\u00e1gina pode ser actualizada regularmente.  ","_seopress_robots_index":"","footnotes":""},"class_list":{"0":"post-46816","1":"page","2":"type-page","3":"status-publish","4":"has-post-thumbnail","6":"no-featured-image-padding","7":"resize-featured-image"},"acf":[],"_links":{"self":[{"href":"https:\/\/obera.fr\/pt-pt\/wp-json\/wp\/v2\/pages\/46816","targetHints":{"allow":["GET"]}}],"collection":[{"href":"https:\/\/obera.fr\/pt-pt\/wp-json\/wp\/v2\/pages"}],"about":[{"href":"https:\/\/obera.fr\/pt-pt\/wp-json\/wp\/v2\/types\/page"}],"author":[{"embeddable":true,"href":"https:\/\/obera.fr\/pt-pt\/wp-json\/wp\/v2\/users\/4"}],"replies":[{"embeddable":true,"href":"https:\/\/obera.fr\/pt-pt\/wp-json\/wp\/v2\/comments?post=46816"}],"version-history":[{"count":10,"href":"https:\/\/obera.fr\/pt-pt\/wp-json\/wp\/v2\/pages\/46816\/revisions"}],"predecessor-version":[{"id":114419,"href":"https:\/\/obera.fr\/pt-pt\/wp-json\/wp\/v2\/pages\/46816\/revisions\/114419"}],"up":[{"embeddable":true,"href":"https:\/\/obera.fr\/pt-pt\/wp-json\/wp\/v2\/pages\/42552"}],"wp:featuredmedia":[{"embeddable":true,"href":"https:\/\/obera.fr\/pt-pt\/wp-json\/wp\/v2\/media\/83747"}],"wp:attachment":[{"href":"https:\/\/obera.fr\/pt-pt\/wp-json\/wp\/v2\/media?parent=46816"}],"curies":[{"name":"wp","href":"https:\/\/api.w.org\/{rel}","templated":true}]}}