{"id":47319,"date":"2024-05-20T11:35:30","date_gmt":"2024-05-20T09:35:30","guid":{"rendered":"https:\/\/obera.fr\/obera-supprime-les-poussieres-et-polluants-de-vos-espaces-de-travail-en-milieu-industriel\/"},"modified":"2026-03-02T14:52:30","modified_gmt":"2026-03-02T12:52:30","slug":"obera-supprime-les-poussieres-et-polluants-de-vos-espaces-de-travail-en-milieu-industriel","status":"publish","type":"page","link":"https:\/\/obera.fr\/pt-pt\/","title":{"rendered":"OberA elimina o p\u00f3 e os poluentes dos teus espa\u00e7os de trabalho industriais"},"content":{"rendered":"\n\n<div class=\"ae-barre-gamme-phone alignfull wp-block-ae-barre-gamme-phone has-background has-global-color-10-background-color is-layout-flow wp-block-ae-barre-gamme-phone-is-layout-flow\">\n\n\n\n            <div class=\"ae-barre-gamme-phone__wrapper\">\n\n            <ul class=\"ae-barre-gamme-phone__slides\">\n                                    <li class=\"ae-barre-gamme-phone__slide\">\n                        <a class=\"ae-barre-gamme-phone__item\" href=\"https:\/\/obera.fr\/produits\/rafraichisseurs-air\/\" title=\"Arrefecedores de ar industriais fixos e m\u00f3veis\" target=\"\" >\n                            <div class=\"ae-barre-gamme-phone__img\"><img decoding=\"async\" width=\"64\" height=\"64\" src=\"https:\/\/obera.fr\/wp-content\/uploads\/2025\/12\/ic-22e-1-1-150x150.png\" class=\"attachment-64x64 size-64x64\" alt=\"ic 22e (1)\" srcset=\"https:\/\/obera.fr\/wp-content\/uploads\/2025\/12\/ic-22e-1-1-150x150.png 150w, https:\/\/obera.fr\/wp-content\/uploads\/2025\/12\/ic-22e-1-1-300x300.png 300w, https:\/\/obera.fr\/wp-content\/uploads\/2025\/12\/ic-22e-1-1-768x768.png 768w, https:\/\/obera.fr\/wp-content\/uploads\/2025\/12\/ic-22e-1-1.png 1024w\" sizes=\"(max-width: 64px) 100vw, 64px\" \/><\/div>\n                            <p class=\"ae-barre-gamme-phone__title\">Arrefecedor de ar<\/p>\n                            <svg class=\"ae-barre-gamme-phone__chevron\" viewBox=\"0 0 8 13\" fill=\"none\" xmlns=\"http:\/\/www.w3.org\/2000\/svg\">\n                                <path d=\"M5.17217 6.49999L0.222168 1.54999L1.63617 0.135986L8.00017 6.49999L1.63617 12.864L0.222168 11.45L5.17217 6.49999Z\" fill=\"currentColor\" \/>\n                            <\/svg>\n\n                        <\/a>\n                    <\/li>\n                                    <li class=\"ae-barre-gamme-phone__slide\">\n                        <a class=\"ae-barre-gamme-phone__item\" href=\"https:\/\/obera.fr\/produits\/depoussiereurs-industriels\/\" title=\"Despoeiradores industriais\" target=\"\" >\n                            <div class=\"ae-barre-gamme-phone__img\"><img decoding=\"async\" width=\"64\" height=\"64\" src=\"https:\/\/obera.fr\/wp-content\/uploads\/2025\/02\/dustomat_dry-removebg-preview-150x150.png\" class=\"attachment-64x64 size-64x64\" alt=\"\" srcset=\"https:\/\/obera.fr\/wp-content\/uploads\/2025\/02\/dustomat_dry-removebg-preview-150x150.png 150w, https:\/\/obera.fr\/wp-content\/uploads\/2025\/02\/dustomat_dry-removebg-preview-300x300.png 300w, https:\/\/obera.fr\/wp-content\/uploads\/2025\/02\/dustomat_dry-removebg-preview.png 320w\" sizes=\"(max-width: 64px) 100vw, 64px\" \/><\/div>\n                            <p class=\"ae-barre-gamme-phone__title\">Despoeirador industrial<\/p>\n                            <svg class=\"ae-barre-gamme-phone__chevron\" viewBox=\"0 0 8 13\" fill=\"none\" xmlns=\"http:\/\/www.w3.org\/2000\/svg\">\n                                <path d=\"M5.17217 6.49999L0.222168 1.54999L1.63617 0.135986L8.00017 6.49999L1.63617 12.864L0.222168 11.45L5.17217 6.49999Z\" fill=\"currentColor\" \/>\n                            <\/svg>\n\n                        <\/a>\n                    <\/li>\n                                    <li class=\"ae-barre-gamme-phone__slide\">\n                        <a class=\"ae-barre-gamme-phone__item\" href=\"https:\/\/obera.fr\/produits\/purificateurs-air\/\" title=\"Purificadores de ar industriais\" target=\"\" >\n                            <div class=\"ae-barre-gamme-phone__img\"><img decoding=\"async\" width=\"64\" height=\"64\" src=\"https:\/\/obera.fr\/wp-content\/uploads\/2026\/01\/image-gamme-epur-150x150.png\" class=\"attachment-64x64 size-64x64\" alt=\"image gamme epur\" srcset=\"https:\/\/obera.fr\/wp-content\/uploads\/2026\/01\/image-gamme-epur-150x150.png 150w, https:\/\/obera.fr\/wp-content\/uploads\/2026\/01\/image-gamme-epur-300x300.png 300w, https:\/\/obera.fr\/wp-content\/uploads\/2026\/01\/image-gamme-epur-1024x1024.png 1024w, https:\/\/obera.fr\/wp-content\/uploads\/2026\/01\/image-gamme-epur-768x768.png 768w, https:\/\/obera.fr\/wp-content\/uploads\/2026\/01\/image-gamme-epur.png 1200w\" sizes=\"(max-width: 64px) 100vw, 64px\" \/><\/div>\n                            <p class=\"ae-barre-gamme-phone__title\">Purificador de ar<\/p>\n                            <svg class=\"ae-barre-gamme-phone__chevron\" viewBox=\"0 0 8 13\" fill=\"none\" xmlns=\"http:\/\/www.w3.org\/2000\/svg\">\n                                <path d=\"M5.17217 6.49999L0.222168 1.54999L1.63617 0.135986L8.00017 6.49999L1.63617 12.864L0.222168 11.45L5.17217 6.49999Z\" fill=\"currentColor\" \/>\n                            <\/svg>\n\n                        <\/a>\n                    <\/li>\n                                    <li class=\"ae-barre-gamme-phone__slide\">\n                        <a class=\"ae-barre-gamme-phone__item\" href=\"https:\/\/obera.fr\/clearair-360\/\" title=\"ClearAir 360\u00b0: Transforme o ar puro numa alavanca de desempenho industrial\" target=\"\" >\n                            <div class=\"ae-barre-gamme-phone__img\"><img decoding=\"async\" width=\"64\" height=\"64\" src=\"https:\/\/obera.fr\/wp-content\/uploads\/2026\/02\/macaron-offre-clearair-360-orange-1-150x150.png\" class=\"attachment-64x64 size-64x64\" alt=\"macaron offre clearair 360 orange\" srcset=\"https:\/\/obera.fr\/wp-content\/uploads\/2026\/02\/macaron-offre-clearair-360-orange-1-150x150.png 150w, https:\/\/obera.fr\/wp-content\/uploads\/2026\/02\/macaron-offre-clearair-360-orange-1-300x300.png 300w, https:\/\/obera.fr\/wp-content\/uploads\/2026\/02\/macaron-offre-clearair-360-orange-1-1024x1024.png 1024w, https:\/\/obera.fr\/wp-content\/uploads\/2026\/02\/macaron-offre-clearair-360-orange-1-768x768.png 768w, https:\/\/obera.fr\/wp-content\/uploads\/2026\/02\/macaron-offre-clearair-360-orange-1.png 1200w\" sizes=\"(max-width: 64px) 100vw, 64px\" \/><\/div>\n                            <p class=\"ae-barre-gamme-phone__title\">Descubra a oferta ClearAir 360\u00b0<\/p>\n                            <svg class=\"ae-barre-gamme-phone__chevron\" viewBox=\"0 0 8 13\" fill=\"none\" xmlns=\"http:\/\/www.w3.org\/2000\/svg\">\n                                <path d=\"M5.17217 6.49999L0.222168 1.54999L1.63617 0.135986L8.00017 6.49999L1.63617 12.864L0.222168 11.45L5.17217 6.49999Z\" fill=\"currentColor\" \/>\n                            <\/svg>\n\n                        <\/a>\n                    <\/li>\n                            <\/ul>\n\n            \n\n        <\/div>\n    \n<\/div>\n\n<div class=\"ae-hero is-layout-flow alignfull wp-block-ae-hero\">\n\n    \n    <div class=\"ae-hero__inner-container\">\n\n\n        <div class=\"ae-hero__top\">\n\n            <div class=\"ae-hero__content\">\n                                    <h1 class=\"ae-hero__title\">OberA, garante da qualidade do ar <span>da sua empresa<\/span><\/h1>\n                \n                                    <div class=\"ae-hero__desc\"><p>A OberA acompanha-o na implementa\u00e7\u00e3o de solu\u00e7\u00f5es simples, eficazes e sustent\u00e1veis, garantindo simultaneamente o conforto e a seguran\u00e7a dos seus colaboradores, otimizando a produtividade.<\/p>\n<ul>\n<li>Melhoria das condi\u00e7\u00f5es de trabalho em per\u00edodos de forte calor com os nossos arrefecedores adiab\u00e1ticos m\u00f3veis com sistema de purifica\u00e7\u00e3o do ar <strong>patenteado, concebidos e fabricados em Fran\u00e7a<\/strong><\/li>\n<li><strong>Purifica\u00e7\u00e3o<\/strong> e <strong>tratamento em ambiente<\/strong> dos espa\u00e7os de trabalho, da cadeia de produ\u00e7\u00e3o e dos armaz\u00e9ns<\/li>\n<li>Supress\u00e3o de <strong>aparas<\/strong>, <strong>poeiras<\/strong>, <strong>n\u00e9voas de \u00f3leo<\/strong>, <strong>odores<\/strong>, <strong>COV<\/strong> e <strong>fumos<\/strong><\/li>\n<\/ul>\n<\/div>\n                \n\n\n\n                                    <a class=\"ae-hero__link btn btn--primary\" href=\"https:\/\/obera.fr\/contact\/\" target=\"\">Contacte-nos                        <svg viewBox=\"0 0 8 13\" fill=\"none\" xmlns=\"http:\/\/www.w3.org\/2000\/svg\">\n                            <path d=\"M5.17217 6.49999L0.222168 1.54999L1.63617 0.135986L8.00017 6.49999L1.63617 12.864L0.222168 11.45L5.17217 6.49999Z\" fill=\"currentColor\" \/>\n                        <\/svg>\n                    <\/a>\n                \n\n\n            <\/div>\n\n\n            <div class=\"ae-hero__img\">\n                <img decoding=\"async\" width=\"788\" height=\"1024\" src=\"https:\/\/obera.fr\/wp-content\/uploads\/2025\/12\/ic22-made-in-france-2-788x1024.png\" class=\"attachment-large size-large\" alt=\"ic22 made in france (2)\" srcset=\"https:\/\/obera.fr\/wp-content\/uploads\/2025\/12\/ic22-made-in-france-2-788x1024.png 788w, https:\/\/obera.fr\/wp-content\/uploads\/2025\/12\/ic22-made-in-france-2-231x300.png 231w, https:\/\/obera.fr\/wp-content\/uploads\/2025\/12\/ic22-made-in-france-2-768x998.png 768w, https:\/\/obera.fr\/wp-content\/uploads\/2025\/12\/ic22-made-in-france-2.png 1000w\" sizes=\"(max-width: 788px) 100vw, 788px\" \/>                            <\/div>\n\n        <\/div>\n\n\n        <div class=\"ae-hero__bottom alignfull is-layout-flow\">\n            <div class=\"ae-hero__bottom__inner-container\">\n                <div class=\"ae-hero__baseline\">\n                    \n                    O ser humano em primeiro lugar<span><\/span>\r\nSolu\u00e7\u00f5es sustent\u00e1veis<span><\/span>\r\nAdquira um resultado garantido\r\n                <\/div>\n            <\/div>\n        <\/div>\n\n    <\/div>\n\n<\/div>\n<div class=\"wp-block-group alignfull has-global-color-9-background-color has-background is-layout-constrained wp-block-group-is-layout-constrained\" style=\"padding-top:var(--wp--preset--spacing--40);padding-bottom:var(--wp--preset--spacing--40)\">\n<h2 class=\"wp-block-heading has-x-large-font-size\" style=\"font-style:normal;font-weight:500\">A especializa\u00e7\u00e3o OberA em 4 compet\u00eancias<\/h2>\n\n\n\n\n<div class=\"ae-card-solution wp-block-ae-card-solution\">\n\n\n    <a class=\"ae-card-solution__wrapper\" href=\"https:\/\/obera.fr\/produits\/rafraichisseurs-air\/\" title=\"Arrefecedores de ar industriais fixos e m\u00f3veis\" target=\"\" >\n        <div class=\"ae-card-solution__content\">\n            <span class=\"ae-card-solution__number\">01<\/span>\n            <div class=\" ae-card-solution__innerblocks\">\n\n<h2 class=\"wp-block-heading\">Arrefecimento do Ar<\/h2>\n\n\n\n<p style=\"margin-top:0;margin-bottom:0\">Na OberA, temos orgulho em <strong>conceber<\/strong> e <strong>fabricar<\/strong> em <strong>Fran\u00e7a<\/strong> solu\u00e7\u00f5es de arrefecimento de ar <strong>inovadoras<\/strong> e <strong>ecol\u00f3gicas<\/strong>. Gra\u00e7as ao nosso <strong>saber-fazer local<\/strong> e ao nosso compromisso com <strong>a qualidade<\/strong>, oferecemos produtos <strong>eficientes<\/strong> que respondem \u00e0s necessidades de <strong>conforto<\/strong>, respeitando <strong>o ambiente<\/strong>. Confie na <strong>especializa\u00e7\u00e3o francesa<\/strong> para melhorar o seu bem-estar, onde quer que esteja.  <\/p>\n\n<\/div>\n        <\/div>\n\n\n        <div class=\"ae-card-solution__img\">\n            <img decoding=\"async\" width=\"1024\" height=\"976\" src=\"https:\/\/obera.fr\/wp-content\/uploads\/2024\/05\/obera-rafraichissement-de-lair-1024x976.jpeg\" class=\"attachment-large size-large\" alt=\"\" srcset=\"https:\/\/obera.fr\/wp-content\/uploads\/2024\/05\/obera-rafraichissement-de-lair-1024x976.jpeg 1024w, https:\/\/obera.fr\/wp-content\/uploads\/2024\/05\/obera-rafraichissement-de-lair-300x286.jpeg 300w, https:\/\/obera.fr\/wp-content\/uploads\/2024\/05\/obera-rafraichissement-de-lair-768x732.jpeg 768w, https:\/\/obera.fr\/wp-content\/uploads\/2024\/05\/obera-rafraichissement-de-lair-1536x1464.jpeg 1536w, https:\/\/obera.fr\/wp-content\/uploads\/2024\/05\/obera-rafraichissement-de-lair-2048x1952.jpeg 2048w\" sizes=\"(max-width: 1024px) 100vw, 1024px\" \/>                    <\/div>\n    <\/a>\n\n<\/div>\n\n\n\n<div class=\"ae-card-solution wp-block-ae-card-solution\">\n\n\n    <a class=\"ae-card-solution__wrapper\" href=\"https:\/\/obera.fr\/produits\/purificateurs-air\/\" title=\"Purificadores de ar industriais\" target=\"\" >\n        <div class=\"ae-card-solution__content\">\n            <span class=\"ae-card-solution__number\">02<\/span>\n            <div class=\" ae-card-solution__innerblocks\">\n\n<h2 class=\"wp-block-heading\">Purifica\u00e7\u00e3o do ar<\/h2>\n\n\n\n<p style=\"margin-top:0;margin-bottom:0\">Os nossos <strong>purificadores de ar industriais<\/strong> s\u00e3o concebidos para responder \u00e0s exig\u00eancias dos ambientes mais exigentes. Gra\u00e7as a uma tecnologia de <strong>filtra\u00e7\u00e3o de alto desempenho<\/strong>, capturam <strong>poeiras<\/strong>, <strong>fumos<\/strong>, <strong>gases<\/strong> e <strong>part\u00edculas finas<\/strong>, assegurando um ar mais saud\u00e1vel e conforme \u00e0s normas de seguran\u00e7a. <strong>Proteja os seus colaboradores<\/strong>, melhore os seus processos e otimize a qualidade do ar nas suas oficinas, armaz\u00e9ns e locais de produ\u00e7\u00e3o. <\/p>\n\n<\/div>\n        <\/div>\n\n\n        <div class=\"ae-card-solution__img\">\n            <img decoding=\"async\" width=\"1024\" height=\"546\" src=\"https:\/\/obera.fr\/wp-content\/uploads\/2025\/02\/travailler-industriel-conditions-1200x640-1-1024x546.jpg\" class=\"attachment-large size-large\" alt=\"travailler industriel conditions\" srcset=\"https:\/\/obera.fr\/wp-content\/uploads\/2025\/02\/travailler-industriel-conditions-1200x640-1-1024x546.jpg 1024w, https:\/\/obera.fr\/wp-content\/uploads\/2025\/02\/travailler-industriel-conditions-1200x640-1-300x160.jpg 300w, https:\/\/obera.fr\/wp-content\/uploads\/2025\/02\/travailler-industriel-conditions-1200x640-1-768x410.jpg 768w, https:\/\/obera.fr\/wp-content\/uploads\/2025\/02\/travailler-industriel-conditions-1200x640-1.jpg 1200w\" sizes=\"(max-width: 1024px) 100vw, 1024px\" \/>                    <\/div>\n    <\/a>\n\n<\/div>\n\n\n\n<div class=\"ae-card-solution wp-block-ae-card-solution\">\n\n\n    <a class=\"ae-card-solution__wrapper\" href=\"https:\/\/obera.fr\/produits\/traitement-cov\/\" title=\"Tratamento COV e odores\" target=\"\" >\n        <div class=\"ae-card-solution__content\">\n            <span class=\"ae-card-solution__number\">03<\/span>\n            <div class=\" ae-card-solution__innerblocks\">\n\n<h2 class=\"wp-block-heading\">Tratamento de Vapores e Solventes<\/h2>\n\n\n\n<p style=\"margin-top:0;margin-bottom:0\">A OberA prop\u00f5e <strong>tecnologias de ponta<\/strong> para eliminar eficazmente os vapores e solventes presentes no seu ambiente. Gra\u00e7as a solu\u00e7\u00f5es <strong>inovadoras<\/strong> e <strong>eficientes<\/strong>, asseguramos um tratamento \u00f3timo para <strong>proteger a sa\u00fade<\/strong> e <strong>garantir a qualidade do ar<\/strong>. Os nossos sistemas s\u00e3o concebidos para responder \u00e0s normas mais rigorosas, oferecendo simultaneamente <strong>desempenhos duradouros e fi\u00e1veis<\/strong>.  <\/p>\n\n<\/div>\n        <\/div>\n\n\n        <div class=\"ae-card-solution__img\">\n            <img decoding=\"async\" width=\"682\" height=\"1024\" src=\"https:\/\/obera.fr\/wp-content\/uploads\/2024\/05\/obera-traitement-des-vapeurs-et-solvants-682x1024.jpeg\" class=\"attachment-large size-large\" alt=\"\" srcset=\"https:\/\/obera.fr\/wp-content\/uploads\/2024\/05\/obera-traitement-des-vapeurs-et-solvants-682x1024.jpeg 682w, https:\/\/obera.fr\/wp-content\/uploads\/2024\/05\/obera-traitement-des-vapeurs-et-solvants-200x300.jpeg 200w, https:\/\/obera.fr\/wp-content\/uploads\/2024\/05\/obera-traitement-des-vapeurs-et-solvants-768x1152.jpeg 768w, https:\/\/obera.fr\/wp-content\/uploads\/2024\/05\/obera-traitement-des-vapeurs-et-solvants-1024x1536.jpeg 1024w, https:\/\/obera.fr\/wp-content\/uploads\/2024\/05\/obera-traitement-des-vapeurs-et-solvants-1365x2048.jpeg 1365w, https:\/\/obera.fr\/wp-content\/uploads\/2024\/05\/obera-traitement-des-vapeurs-et-solvants.jpeg 1706w\" sizes=\"(max-width: 682px) 100vw, 682px\" \/>                    <\/div>\n    <\/a>\n\n<\/div>\n\n\n\n<div class=\"ae-card-solution wp-block-ae-card-solution\">\n\n\n    <a class=\"ae-card-solution__wrapper\" href=\"https:\/\/obera.fr\/produits\/depoussiereurs-industriels\/\" title=\"Tratamento COV e odores\" target=\"\" >\n        <div class=\"ae-card-solution__content\">\n            <span class=\"ae-card-solution__number\">04<\/span>\n            <div class=\" ae-card-solution__innerblocks\">\n\n<h2 class=\"wp-block-heading\">Despoeiramento<\/h2>\n\n\n\n<p style=\"margin-top:0;margin-bottom:0\">Com a OberA, beneficie de dispositivos de <strong>despoeiramento m\u00f3veis<\/strong> ou <strong>fixos<\/strong>, concebidos para assegurar um <strong>ambiente limpo e sem part\u00edculas<\/strong>. As nossas solu\u00e7\u00f5es de <strong>alto desempenho<\/strong> garantem um tratamento eficaz das poeiras, melhorando assim a qualidade do ar e otimizando a produtividade dos seus espa\u00e7os de trabalho. Confie na nossa <strong>especializa\u00e7\u00e3o<\/strong> para um ambiente mais seguro e eficiente.  <\/p>\n\n<\/div>\n        <\/div>\n\n\n        <div class=\"ae-card-solution__img\">\n            <img decoding=\"async\" width=\"1024\" height=\"683\" src=\"https:\/\/obera.fr\/wp-content\/uploads\/2024\/05\/obera-depoussierage-1024x683.jpeg\" class=\"attachment-large size-large\" alt=\"\" srcset=\"https:\/\/obera.fr\/wp-content\/uploads\/2024\/05\/obera-depoussierage-1024x683.jpeg 1024w, https:\/\/obera.fr\/wp-content\/uploads\/2024\/05\/obera-depoussierage-300x200.jpeg 300w, https:\/\/obera.fr\/wp-content\/uploads\/2024\/05\/obera-depoussierage-768x512.jpeg 768w, https:\/\/obera.fr\/wp-content\/uploads\/2024\/05\/obera-depoussierage-1536x1024.jpeg 1536w, https:\/\/obera.fr\/wp-content\/uploads\/2024\/05\/obera-depoussierage-2048x1366.jpeg 2048w\" sizes=\"(max-width: 1024px) 100vw, 1024px\" \/>                    <\/div>\n    <\/a>\n\n<\/div><\/div>\n\n\n<div style=\"padding-top:var(--wp--preset--spacing--40);padding-bottom:0;\" class=\"ae-slider-product alignfull wp-block-ae-slider-product has-background has-base-3-background-color is-layout-flow wp-block-ae-slider-product-is-layout-flow\">\n\n    <div class=\"ae-slider-product__inner-container\">\n\n        <div class=\"ae-slider-product__wrapper\">\n\n            <h2 class=\" section__title\">As nossas gamas de produtos<\/h2>\n            <div class=\"ae-slider-product__content \">\n                <div class=\"ae-slider-product__content swiper\">\n                    <div class=\"ae-slider-product__innerblocks swiper-wrapper\">\n\n\n<div class=\"ae-card-product wp-block-ae-card-product\">\n\n\n    <a class=\"ae-card-product__wrapper\" href=\"https:\/\/obera.fr\/produits\/rafraichisseurs-air\/\" title=\"Ver os arrefecedores de ar industriais\" target=\"\" >\n        <div class=\"ae-card-product__content\">\n            <div class=\" ae-card-product__innerblocks\">\n\n<h2 class=\"wp-block-heading\">Arrefecedores de ar<\/h2>\n\n\n\n<p style=\"margin-top:0;margin-bottom:0\">Opte por uma solu\u00e7\u00e3o<br\/>econ\u00f3mica,<br\/>ecol\u00f3gica e patenteada!<br\/><strong>Fabricada em Fran\u00e7a.<\/strong><\/p>\n\n<\/div>\n        <\/div>\n\n                    <div class=\"ae-card-product__img\">\n                <img decoding=\"async\" width=\"1024\" height=\"1024\" src=\"https:\/\/obera.fr\/wp-content\/uploads\/2025\/12\/ic-22e-1-1.png\" class=\"attachment-large size-large\" alt=\"ic 22e (1)\" srcset=\"https:\/\/obera.fr\/wp-content\/uploads\/2025\/12\/ic-22e-1-1.png 1024w, https:\/\/obera.fr\/wp-content\/uploads\/2025\/12\/ic-22e-1-1-300x300.png 300w, https:\/\/obera.fr\/wp-content\/uploads\/2025\/12\/ic-22e-1-1-150x150.png 150w, https:\/\/obera.fr\/wp-content\/uploads\/2025\/12\/ic-22e-1-1-768x768.png 768w\" sizes=\"(max-width: 1024px) 100vw, 1024px\" \/>            <\/div>\n        \n                    <span class=\"ae-card-product__btn btn btn--transparent\">Ver os arrefecedores de ar industriais                <svg viewBox=\"0 0 8 13\" fill=\"none\" xmlns=\"http:\/\/www.w3.org\/2000\/svg\">\n                    <path d=\"M5.17217 6.49999L0.222168 1.54999L1.63617 0.135986L8.00017 6.49999L1.63617 12.864L0.222168 11.45L5.17217 6.49999Z\" fill=\"currentColor\" \/>\n                <\/svg><\/span>\n        \n    <\/a>\n\n<\/div>\n\n\n\n<div class=\"ae-card-product wp-block-ae-card-product\">\n\n\n    <a class=\"ae-card-product__wrapper\" href=\"https:\/\/obera.fr\/produits\/purificateurs-air\/\" title=\"Ver os purificadores de ar industriais\" target=\"\" >\n        <div class=\"ae-card-product__content\">\n            <div class=\" ae-card-product__innerblocks\">\n\n<h2 class=\"wp-block-heading\">Purificadores de ar<\/h2>\n\n\n\n<p style=\"margin-top:0;margin-bottom:0\">Os purificadores de ar OberA s\u00e3o uma solu\u00e7\u00e3o de tratamento do ar que n\u00e3o necessita de tubagens nem de montagem para as suas oficinas e espa\u00e7os de armazenamento em meio industrial.<\/p>\n\n<\/div>\n        <\/div>\n\n                    <div class=\"ae-card-product__img\">\n                <img decoding=\"async\" width=\"1024\" height=\"1024\" src=\"https:\/\/obera.fr\/wp-content\/uploads\/2026\/01\/image-gamme-epur-1024x1024.png\" class=\"attachment-large size-large\" alt=\"image gamme epur\" srcset=\"https:\/\/obera.fr\/wp-content\/uploads\/2026\/01\/image-gamme-epur-1024x1024.png 1024w, https:\/\/obera.fr\/wp-content\/uploads\/2026\/01\/image-gamme-epur-300x300.png 300w, https:\/\/obera.fr\/wp-content\/uploads\/2026\/01\/image-gamme-epur-150x150.png 150w, https:\/\/obera.fr\/wp-content\/uploads\/2026\/01\/image-gamme-epur-768x768.png 768w, https:\/\/obera.fr\/wp-content\/uploads\/2026\/01\/image-gamme-epur.png 1200w\" sizes=\"(max-width: 1024px) 100vw, 1024px\" \/>            <\/div>\n        \n                    <span class=\"ae-card-product__btn btn btn--transparent\">Ver os purificadores de ar industriais                <svg viewBox=\"0 0 8 13\" fill=\"none\" xmlns=\"http:\/\/www.w3.org\/2000\/svg\">\n                    <path d=\"M5.17217 6.49999L0.222168 1.54999L1.63617 0.135986L8.00017 6.49999L1.63617 12.864L0.222168 11.45L5.17217 6.49999Z\" fill=\"currentColor\" \/>\n                <\/svg><\/span>\n        \n    <\/a>\n\n<\/div>\n\n\n\n<div class=\"ae-card-product wp-block-ae-card-product\">\n\n\n    <a class=\"ae-card-product__wrapper\" href=\"https:\/\/obera.fr\/produits\/depoussiereurs-industriels\/\" title=\"Ver os despoeiradores industriais\" target=\"\" >\n        <div class=\"ae-card-product__content\">\n            <div class=\" ae-card-product__innerblocks\">\n\n<h2 class=\"wp-block-heading\">Despoeiradores industriais<\/h2>\n\n\n\n<p style=\"margin-top:0;margin-bottom:0\">A OberA prop\u00f5e uma vasta gama de despoeiradores industriais que permitem tratar diferentes tipos de poeiras.<\/p>\n\n<\/div>\n        <\/div>\n\n                    <div class=\"ae-card-product__img\">\n                <img decoding=\"async\" width=\"500\" height=\"500\" src=\"https:\/\/obera.fr\/wp-content\/uploads\/2025\/02\/dustomat-dry-sans-fond.png\" class=\"attachment-large size-large\" alt=\"\" srcset=\"https:\/\/obera.fr\/wp-content\/uploads\/2025\/02\/dustomat-dry-sans-fond.png 500w, https:\/\/obera.fr\/wp-content\/uploads\/2025\/02\/dustomat-dry-sans-fond-300x300.png 300w, https:\/\/obera.fr\/wp-content\/uploads\/2025\/02\/dustomat-dry-sans-fond-150x150.png 150w, https:\/\/obera.fr\/wp-content\/uploads\/2025\/02\/dustomat-dry-sans-fond-400x400.png 400w\" sizes=\"(max-width: 500px) 100vw, 500px\" \/>            <\/div>\n        \n                    <span class=\"ae-card-product__btn btn btn--transparent\">Ver os despoeiradores industriais                <svg viewBox=\"0 0 8 13\" fill=\"none\" xmlns=\"http:\/\/www.w3.org\/2000\/svg\">\n                    <path d=\"M5.17217 6.49999L0.222168 1.54999L1.63617 0.135986L8.00017 6.49999L1.63617 12.864L0.222168 11.45L5.17217 6.49999Z\" fill=\"currentColor\" \/>\n                <\/svg><\/span>\n        \n    <\/a>\n\n<\/div>\n<\/div>\n                <\/div>\n            <\/div>\n            \n                            <a href=\"https:\/\/obera.fr\/produits\/\" class=\"section__btn btn btn--primary--outline\">Ver todos os produtos                    <svg viewBox=\"0 0 8 13\" fill=\"none\" xmlns=\"http:\/\/www.w3.org\/2000\/svg\">\n                        <path d=\"M5.17217 6.49999L0.222168 1.54999L1.63617 0.135986L8.00017 6.49999L1.63617 12.864L0.222168 11.45L5.17217 6.49999Z\" fill=\"currentColor\" \/>\n                    <\/svg>\n                <\/a>\n            \n        <\/div>\n\n    <\/div>\n<\/div>\n\n<div style=\"padding-top:var(--wp--preset--spacing--40);padding-bottom:var(--wp--preset--spacing--40);\" class=\"ae-slider-conseils alignfull wp-block-ae-slider-conseils has-background has-base-3-background-color is-layout-flow wp-block-ae-slider-conseils-is-layout-flow\">\n\n    <div class=\"ae-slider-product__inner-container\">\n\n        <div class=\"ae-slider-conseils__wrapper\">\n\n\n            <h2 class=\"section__title\">Os nossos conselhos<\/h2>\n            <div class=\"ae-slider-conseils__content\">\n\n                <div class=\"swiper\">\n\n                    <div class=\"swiper-wrapper\">\n                                                    <div class=\"swiper-slide\">\n\n                                <a href=\"https:\/\/obera.fr\/pt-pt\/nosso-conselho\/medicao-da-qualidade-do-ar-interior-importancia-e-principio\/\" class=\"ae-blog-item\">\n                                <div class=\"ae-blog-item__img\">\n                                    <img decoding=\"async\" width=\"1024\" height=\"181\" src=\"https:\/\/obera.fr\/wp-content\/uploads\/2022\/10\/banniere-obera-1024x181.png\" class=\"attachment-large size-large wp-post-image\" alt=\"banni\u00e8re obera protection pr\u00e9-s\u00e9parateur\" srcset=\"https:\/\/obera.fr\/wp-content\/uploads\/2022\/10\/banniere-obera-1024x181.png 1024w, https:\/\/obera.fr\/wp-content\/uploads\/2022\/10\/banniere-obera-300x53.png 300w, https:\/\/obera.fr\/wp-content\/uploads\/2022\/10\/banniere-obera-768x136.png 768w, https:\/\/obera.fr\/wp-content\/uploads\/2022\/10\/banniere-obera-1536x272.png 1536w, https:\/\/obera.fr\/wp-content\/uploads\/2022\/10\/banniere-obera.png 1980w\" sizes=\"(max-width: 1024px) 100vw, 1024px\" \/>                                <\/div>\n                                <div class=\"ae-blog-item__content\">\n\n                                    <time class=\"ae-blog-item__date\" datetime=\"2025-11-04T11:42:40+02:00\">4 de Novembro, 2025<\/time>\n\n                                    <h3 class=\"ae-blog-item__title\">Medi\u00e7\u00e3o da qualidade do ar interior: import\u00e2ncia e princ\u00edpio<\/h3>\n\n                                    <p class=\"ae-blog-item__excerpt\">De acordo com dados da OMS, a Fran\u00e7a regista cerca de 50 000 mortes por&hellip;<\/p>\n\n                                <\/div>\n\n\n                                <\/a>                            <\/div>\n                                                    <div class=\"swiper-slide\">\n\n                                <a href=\"https:\/\/obera.fr\/pt-pt\/nosso-conselho\/silicose-menace-invisible\/\" class=\"ae-blog-item\">\n                                <div class=\"ae-blog-item__img\">\n                                    <img decoding=\"async\" width=\"1024\" height=\"181\" src=\"https:\/\/obera.fr\/wp-content\/uploads\/2025\/07\/taille-de-pierre-1-1-1024x181.png\" class=\"attachment-large size-large wp-post-image\" alt=\"\" srcset=\"https:\/\/obera.fr\/wp-content\/uploads\/2025\/07\/taille-de-pierre-1-1-1024x181.png 1024w, https:\/\/obera.fr\/wp-content\/uploads\/2025\/07\/taille-de-pierre-1-1-300x53.png 300w, https:\/\/obera.fr\/wp-content\/uploads\/2025\/07\/taille-de-pierre-1-1-768x136.png 768w, https:\/\/obera.fr\/wp-content\/uploads\/2025\/07\/taille-de-pierre-1-1-1536x272.png 1536w, https:\/\/obera.fr\/wp-content\/uploads\/2025\/07\/taille-de-pierre-1-1.png 1980w\" sizes=\"(max-width: 1024px) 100vw, 1024px\" \/>                                <\/div>\n                                <div class=\"ae-blog-item__content\">\n\n                                    <time class=\"ae-blog-item__date\" datetime=\"2025-07-21T10:00:00+02:00\">21 de Julho, 2025<\/time>\n\n                                    <h3 class=\"ae-blog-item__title\">Silicose: uma amea\u00e7a invis\u00edvel para os pedreiros e para a sua esperan\u00e7a de vida<\/h3>\n\n                                    <p class=\"ae-blog-item__excerpt\">A pedreiro \u00e9 uma profiss\u00e3o nobre, rica em hist\u00f3ria e conhecimentos. Mas, por detr\u00e1s da&hellip;<\/p>\n\n                                <\/div>\n\n\n                                <\/a>                            <\/div>\n                                                    <div class=\"swiper-slide\">\n\n                                <a href=\"https:\/\/obera.fr\/pt-pt\/nosso-conselho\/vie-artisan-tailleur\/\" class=\"ae-blog-item\">\n                                <div class=\"ae-blog-item__img\">\n                                    <img decoding=\"async\" width=\"1024\" height=\"181\" src=\"https:\/\/obera.fr\/wp-content\/uploads\/2025\/07\/taille-de-pierre-1-1024x181.png\" class=\"attachment-large size-large wp-post-image\" alt=\"\" srcset=\"https:\/\/obera.fr\/wp-content\/uploads\/2025\/07\/taille-de-pierre-1-1024x181.png 1024w, https:\/\/obera.fr\/wp-content\/uploads\/2025\/07\/taille-de-pierre-1-300x53.png 300w, https:\/\/obera.fr\/wp-content\/uploads\/2025\/07\/taille-de-pierre-1-768x136.png 768w, https:\/\/obera.fr\/wp-content\/uploads\/2025\/07\/taille-de-pierre-1-1536x272.png 1536w, https:\/\/obera.fr\/wp-content\/uploads\/2025\/07\/taille-de-pierre-1.png 1980w\" sizes=\"(max-width: 1024px) 100vw, 1024px\" \/>                                <\/div>\n                                <div class=\"ae-blog-item__content\">\n\n                                    <time class=\"ae-blog-item__date\" datetime=\"2025-07-18T10:00:00+02:00\">18 de Julho, 2025<\/time>\n\n                                    <h3 class=\"ae-blog-item__title\">Viver a minha vida de alfaiate em 2025: entre a paix\u00e3o e a prud\u00eancia<\/h3>\n\n                                    <p class=\"ae-blog-item__excerpt\">&#8220;N\u00e3o podes trabalhar com a pedra. Tens de a respeitar. Foi o que o meu&hellip;<\/p>\n\n                                <\/div>\n\n\n                                <\/a>                            <\/div>\n                                                    <div class=\"swiper-slide\">\n\n                                <a href=\"https:\/\/obera.fr\/pt-pt\/nosso-conselho\/silice-cristalline-loi-obligations\/\" class=\"ae-blog-item\">\n                                <div class=\"ae-blog-item__img\">\n                                    <img decoding=\"async\" width=\"1024\" height=\"181\" src=\"https:\/\/obera.fr\/wp-content\/uploads\/2025\/07\/taille-de-pierre-1024x181.png\" class=\"attachment-large size-large wp-post-image\" alt=\"\" srcset=\"https:\/\/obera.fr\/wp-content\/uploads\/2025\/07\/taille-de-pierre-1024x181.png 1024w, https:\/\/obera.fr\/wp-content\/uploads\/2025\/07\/taille-de-pierre-300x53.png 300w, https:\/\/obera.fr\/wp-content\/uploads\/2025\/07\/taille-de-pierre-768x136.png 768w, https:\/\/obera.fr\/wp-content\/uploads\/2025\/07\/taille-de-pierre-1536x272.png 1536w, https:\/\/obera.fr\/wp-content\/uploads\/2025\/07\/taille-de-pierre.png 1980w\" sizes=\"(max-width: 1024px) 100vw, 1024px\" \/>                                <\/div>\n                                <div class=\"ae-blog-item__content\">\n\n                                    <time class=\"ae-blog-item__date\" datetime=\"2025-07-14T10:00:00+02:00\">14 de Julho, 2025<\/time>\n\n                                    <h3 class=\"ae-blog-item__title\">S\u00edlica cristalina: o que diz a lei? Obriga\u00e7\u00f5es legais das oficinas de lapida\u00e7\u00e3o<\/h3>\n\n                                    <p class=\"ae-blog-item__excerpt\">Desde h\u00e1 v\u00e1rios anos, as autoridades p\u00fablicas t\u00eam vindo a refor\u00e7ar as regras que regem&hellip;<\/p>\n\n                                <\/div>\n\n\n                                <\/a>                            <\/div>\n                                                    <div class=\"swiper-slide\">\n\n                                <a href=\"https:\/\/obera.fr\/pt-pt\/nosso-conselho\/chaleur-parking-enjeu-urbain\/\" class=\"ae-blog-item\">\n                                <div class=\"ae-blog-item__img\">\n                                    <img decoding=\"async\" width=\"1024\" height=\"181\" src=\"https:\/\/obera.fr\/wp-content\/uploads\/2025\/07\/bandeau-site-obera-1024x181.jpg\" class=\"attachment-large size-large wp-post-image\" alt=\"\" srcset=\"https:\/\/obera.fr\/wp-content\/uploads\/2025\/07\/bandeau-site-obera-1024x181.jpg 1024w, https:\/\/obera.fr\/wp-content\/uploads\/2025\/07\/bandeau-site-obera-300x53.jpg 300w, https:\/\/obera.fr\/wp-content\/uploads\/2025\/07\/bandeau-site-obera-768x136.jpg 768w, https:\/\/obera.fr\/wp-content\/uploads\/2025\/07\/bandeau-site-obera-1536x272.jpg 1536w, https:\/\/obera.fr\/wp-content\/uploads\/2025\/07\/bandeau-site-obera.jpg 1980w\" sizes=\"(max-width: 1024px) 100vw, 1024px\" \/>                                <\/div>\n                                <div class=\"ae-blog-item__content\">\n\n                                    <time class=\"ae-blog-item__date\" datetime=\"2025-07-08T15:06:08+02:00\">8 de Julho, 2025<\/time>\n\n                                    <h3 class=\"ae-blog-item__title\">Calor nos parques de estacionamento: um desafio urbano subestimado<\/h3>\n\n                                    <p class=\"ae-blog-item__excerpt\">Os parques de estacionamento subterr\u00e2neos s\u00e3o pontos quentes urbanos bem conhecidos: mal ventilados, muito minerais,&hellip;<\/p>\n\n                                <\/div>\n\n\n                                <\/a>                            <\/div>\n                                                    <div class=\"swiper-slide\">\n\n                                <a href=\"https:\/\/obera.fr\/pt-pt\/nosso-conselho\/proteger-tailleurs-pierre\/\" class=\"ae-blog-item\">\n                                <div class=\"ae-blog-item__img\">\n                                    <img decoding=\"async\" width=\"1024\" height=\"181\" src=\"https:\/\/obera.fr\/wp-content\/uploads\/2025\/07\/mission-obera-1024x181.jpg\" class=\"attachment-large size-large wp-post-image\" alt=\"mission obera\" srcset=\"https:\/\/obera.fr\/wp-content\/uploads\/2025\/07\/mission-obera-1024x181.jpg 1024w, https:\/\/obera.fr\/wp-content\/uploads\/2025\/07\/mission-obera-300x53.jpg 300w, https:\/\/obera.fr\/wp-content\/uploads\/2025\/07\/mission-obera-768x136.jpg 768w, https:\/\/obera.fr\/wp-content\/uploads\/2025\/07\/mission-obera-1536x272.jpg 1536w, https:\/\/obera.fr\/wp-content\/uploads\/2025\/07\/mission-obera.jpg 1980w\" sizes=\"(max-width: 1024px) 100vw, 1024px\" \/>                                <\/div>\n                                <div class=\"ae-blog-item__content\">\n\n                                    <time class=\"ae-blog-item__date\" datetime=\"2025-07-07T10:00:00+02:00\">7 de Julho, 2025<\/time>\n\n                                    <h3 class=\"ae-blog-item__title\">Proteger os pedreiros: um desafio vital, uma miss\u00e3o para a OberA<\/h3>\n\n                                    <p class=\"ae-blog-item__excerpt\">No exigente mundo da cantaria, a beleza do of\u00edcio \u00e9 muitas vezes acompanhada por um&hellip;<\/p>\n\n                                <\/div>\n\n\n                                <\/a>                            <\/div>\n                                            <\/div>\n                <\/div>\n            <\/div>\n\n\n\n                            <a href=\"https:\/\/obera.fr\/conseils\/\" class=\"section__btn btn btn--primary--outline\">Ver todos os nossos conselhos                    <svg viewBox=\"0 0 8 13\" fill=\"none\" xmlns=\"http:\/\/www.w3.org\/2000\/svg\">\n                        <path d=\"M5.17217 6.49999L0.222168 1.54999L1.63617 0.135986L8.00017 6.49999L1.63617 12.864L0.222168 11.45L5.17217 6.49999Z\" fill=\"currentColor\" \/>\n                    <\/svg>\n                <\/a>\n            \n        <\/div>\n    <\/div>\n<\/div>\n\n<div style=\"padding-top:var(--wp--preset--spacing--40);padding-bottom:var(--wp--preset--spacing--40);margin-top:0;margin-bottom:0;\" class=\"ae-slider-testimonial alignfull wp-block-ae-slider-testimonial has-background has-global-color-9-background-color is-layout-constrained wp-container-ae-slider-testimonial-is-layout-2857b35c wp-block-ae-slider-testimonial-is-layout-constrained\">\n\n\n    <div class=\"ae-slider-testimonial__wrapper\">\n        <svg class=\"ae-slider-testimonial__illus\" width=\"80\" height=\"61\" viewBox=\"0 0 80 61\" fill=\"none\" xmlns=\"http:\/\/www.w3.org\/2000\/svg\">\n            <path d=\"M78.2397 12.8515L78.9766 12.6505V11.8867V3V1.92815L77.9073 2.0024C73.1142 2.33526 68.5788 3.40133 64.3066 5.20362L64.3014 5.20585C60.0992 7.00681 56.3881 9.4121 53.1756 12.4229C49.9542 15.3768 47.404 18.8683 45.5274 22.8896C43.6392 26.9358 42.6992 31.3129 42.6992 36.0078C42.6992 39.1761 43.2052 42.1875 44.2223 45.0356L44.2249 45.0428C45.2382 47.8124 46.6288 50.2592 48.4018 52.3731L48.4078 52.3802L48.4139 52.3872C50.2512 54.4968 52.3689 56.1725 54.7653 57.4049L54.7755 57.4101L54.7858 57.4151C57.2044 58.5899 59.7957 59.1758 62.5469 59.1758C64.8087 59.1758 66.9478 58.7984 68.9562 58.0366C70.9497 57.2804 72.6872 56.2417 74.1553 54.9134L74.1648 54.9048L74.174 54.896C75.6228 53.5162 76.7694 51.9561 77.6051 50.2173C78.5207 48.3833 78.9766 46.4091 78.9766 44.3086C78.9766 42.2528 78.6352 40.3691 77.9325 38.6733C77.3059 36.9418 76.3946 35.4595 75.1889 34.2474C74.0601 32.9834 72.7186 31.9969 71.1719 31.2925C69.6683 30.578 68.0588 30.2227 66.3555 30.2227C65.2175 30.2227 64.1568 30.3993 63.186 30.7693C62.3494 31.0498 61.5731 31.4024 60.8605 31.83C60.2329 32.2065 59.6377 32.5514 59.0747 32.8649C58.8632 32.9563 58.6561 33.0248 58.4529 33.0719C58.399 32.5521 58.3711 31.9689 58.3711 31.3203C58.3711 29.4835 58.843 27.66 59.8132 25.8391C60.8641 23.924 62.2594 22.1539 64.0086 20.5297L64.0095 20.5288C65.8312 18.8328 67.9429 17.318 70.3501 15.9872C72.8189 14.6583 75.4481 13.6128 78.2397 12.8515ZM58.5395 33.6164C58.5395 33.6162 58.5394 33.6161 58.5393 33.6159L58.5417 33.6225C58.5416 33.6224 58.5409 33.6205 58.5395 33.6164ZM36.6381 12.8515L37.375 12.6505V11.8867V3V1.9271L36.3048 2.00247C31.5755 2.33552 27.0731 3.40205 22.8027 5.20364C18.535 7.00407 14.7892 9.40964 11.5741 12.4229C8.35547 15.3742 5.77499 18.8615 3.83403 22.8773L3.83394 22.8773L3.82819 22.8896C1.93997 26.9358 1 31.3129 1 36.0078C1 39.1761 1.50595 42.1875 2.5231 45.0356L2.52799 45.0492L2.53327 45.0628C3.61104 47.8246 5.03168 50.2644 6.80021 52.3731C8.57598 54.4903 10.6658 56.1705 13.0661 57.4049L13.0811 57.4127L13.0964 57.4199C15.5744 58.59 18.1942 59.1758 20.9453 59.1758C23.2071 59.1758 25.3462 58.7984 27.3547 58.0366C29.3481 57.2804 31.0857 56.2417 32.5537 54.9134L32.5555 54.9118C34.0762 53.5294 35.2637 51.9621 36.1046 50.2101L36.1079 50.2033L36.1111 50.1964C36.9559 48.3661 37.375 46.3994 37.375 44.3086C37.375 42.2528 37.0336 40.3691 36.331 38.6733C35.7043 36.9418 34.793 35.4595 33.5873 34.2474C32.4585 32.9834 31.117 31.9969 29.5703 31.2925C28.0612 30.5754 26.4181 30.2227 24.6562 30.2227C23.5745 30.2227 22.5476 30.402 21.5844 30.7694C20.7478 31.0498 19.9715 31.4025 19.2589 31.83C18.6237 32.2111 18.0216 32.5599 17.4525 32.8764C17.2452 32.9784 17.046 33.0498 16.8536 33.0943C16.7982 32.5689 16.7695 31.9783 16.7695 31.3203C16.7695 29.4834 17.2414 27.6599 18.2117 25.839C19.2626 23.924 20.6579 22.1539 22.407 20.5297L22.408 20.5288C24.2296 18.8328 26.3412 17.318 28.7484 15.9873C31.2172 14.6584 33.8465 13.6128 36.6381 12.8515Z\" stroke=\"#212D57\" stroke-width=\"2\" \/>\n        <\/svg>\n\n\n        <div class=\"ae-slider-testimonial__content swiper\">\n            <div class=\"ae-slider-testimonial__innerblocks swiper-wrapper\">\n\n\n<div class=\"ae-card-testimonial wp-block-ae-card-testimonial\">\n\n\n    <div class=\"ae-card-testimonial__content\">\n        <div class=\"ae-card-testimonial__innerblocks\">\n\n<blockquote class=\"wp-block-quote has-text-align-left is-layout-flow wp-block-quote-is-layout-flow\">\n<p>Muito bom aconselhamento por parte do servi\u00e7o comercial, que nos aconselhou corretamente e assegurou o acompanhamento na instala\u00e7\u00e3o do nosso equipamento<\/p>\n<cite>Caroline de <strong>Rosiere<\/strong><br>Dirigente da ESC Laboratoire<\/cite><\/blockquote>\n\n<\/div>\n    <\/div>\n\n\n    <div class=\"ae-card-testimonial__img\">\n        <img decoding=\"async\" width=\"350\" height=\"350\" src=\"https:\/\/obera.fr\/wp-content\/uploads\/2024\/08\/temoignage_obera-caroline-de-rosiere.jpeg\" class=\"attachment-large size-large\" alt=\"temoignage obera caroline de rosiere\" srcset=\"https:\/\/obera.fr\/wp-content\/uploads\/2024\/08\/temoignage_obera-caroline-de-rosiere.jpeg 350w, https:\/\/obera.fr\/wp-content\/uploads\/2024\/08\/temoignage_obera-caroline-de-rosiere-300x300.jpeg 300w, https:\/\/obera.fr\/wp-content\/uploads\/2024\/08\/temoignage_obera-caroline-de-rosiere-150x150.jpeg 150w, https:\/\/obera.fr\/wp-content\/uploads\/2024\/08\/temoignage_obera-caroline-de-rosiere-24x24.jpeg 24w, https:\/\/obera.fr\/wp-content\/uploads\/2024\/08\/temoignage_obera-caroline-de-rosiere-48x48.jpeg 48w, https:\/\/obera.fr\/wp-content\/uploads\/2024\/08\/temoignage_obera-caroline-de-rosiere-96x96.jpeg 96w\" sizes=\"(max-width: 350px) 100vw, 350px\" \/>    <\/div>\n\n<\/div>\n\n\n\n<div class=\"ae-card-testimonial wp-block-ae-card-testimonial\">\n\n\n    <div class=\"ae-card-testimonial__content\">\n        <div class=\"ae-card-testimonial__innerblocks\">\n\n<blockquote class=\"wp-block-quote has-text-align-left is-layout-flow wp-block-quote-is-layout-flow\">\n<p>Purificadores de qualidade. SAV reativo e muito profissional.<\/p>\n<cite>Cyril Kuhm<strong><br><\/strong>Presidente da MKH<\/cite><\/blockquote>\n\n<\/div>\n    <\/div>\n\n\n    <div class=\"ae-card-testimonial__img\">\n        <img decoding=\"async\" width=\"800\" height=\"800\" src=\"https:\/\/obera.fr\/wp-content\/uploads\/2024\/08\/temoignage_obera-cyril-kuhm.jpeg\" class=\"attachment-large size-large\" alt=\"temoignage obera cyril kuhm\" srcset=\"https:\/\/obera.fr\/wp-content\/uploads\/2024\/08\/temoignage_obera-cyril-kuhm.jpeg 800w, https:\/\/obera.fr\/wp-content\/uploads\/2024\/08\/temoignage_obera-cyril-kuhm-300x300.jpeg 300w, https:\/\/obera.fr\/wp-content\/uploads\/2024\/08\/temoignage_obera-cyril-kuhm-150x150.jpeg 150w, https:\/\/obera.fr\/wp-content\/uploads\/2024\/08\/temoignage_obera-cyril-kuhm-768x768.jpeg 768w, https:\/\/obera.fr\/wp-content\/uploads\/2024\/08\/temoignage_obera-cyril-kuhm-24x24.jpeg 24w, https:\/\/obera.fr\/wp-content\/uploads\/2024\/08\/temoignage_obera-cyril-kuhm-48x48.jpeg 48w, https:\/\/obera.fr\/wp-content\/uploads\/2024\/08\/temoignage_obera-cyril-kuhm-96x96.jpeg 96w\" sizes=\"(max-width: 800px) 100vw, 800px\" \/>    <\/div>\n\n<\/div>\n\n\n\n<div class=\"ae-card-testimonial wp-block-ae-card-testimonial\">\n\n\n    <div class=\"ae-card-testimonial__content\">\n        <div class=\"ae-card-testimonial__innerblocks\">\n\n<blockquote class=\"wp-block-quote has-text-align-left is-layout-flow wp-block-quote-is-layout-flow\">\n<p>Empresa e respons\u00e1vel de neg\u00f3cios muito reativos e atentos, com muito bons conselhos<\/p>\n<cite>Morgane Rubi<strong><br><\/strong>Engenheira de Projetos da MSSA<\/cite><\/blockquote>\n\n<\/div>\n    <\/div>\n\n\n    <div class=\"ae-card-testimonial__img\">\n        <img decoding=\"async\" width=\"800\" height=\"800\" src=\"https:\/\/obera.fr\/wp-content\/uploads\/2024\/08\/temoignage_obera-morgane-rubi.jpeg\" class=\"attachment-large size-large\" alt=\"temoignage obera morgane rubi\" srcset=\"https:\/\/obera.fr\/wp-content\/uploads\/2024\/08\/temoignage_obera-morgane-rubi.jpeg 800w, https:\/\/obera.fr\/wp-content\/uploads\/2024\/08\/temoignage_obera-morgane-rubi-300x300.jpeg 300w, https:\/\/obera.fr\/wp-content\/uploads\/2024\/08\/temoignage_obera-morgane-rubi-150x150.jpeg 150w, https:\/\/obera.fr\/wp-content\/uploads\/2024\/08\/temoignage_obera-morgane-rubi-768x768.jpeg 768w, https:\/\/obera.fr\/wp-content\/uploads\/2024\/08\/temoignage_obera-morgane-rubi-24x24.jpeg 24w, https:\/\/obera.fr\/wp-content\/uploads\/2024\/08\/temoignage_obera-morgane-rubi-48x48.jpeg 48w, https:\/\/obera.fr\/wp-content\/uploads\/2024\/08\/temoignage_obera-morgane-rubi-96x96.jpeg 96w\" sizes=\"(max-width: 800px) 100vw, 800px\" \/>    <\/div>\n\n<\/div>\n\n\n\n<div class=\"ae-card-testimonial wp-block-ae-card-testimonial\">\n\n\n    <div class=\"ae-card-testimonial__content\">\n        <div class=\"ae-card-testimonial__innerblocks\">\n\n<blockquote class=\"wp-block-quote has-text-align-left is-layout-flow wp-block-quote-is-layout-flow\">\n<p>A entrega, instala\u00e7\u00e3o, arranque e remo\u00e7\u00e3o foram muito bem geridos pela OBERA para a fase de teste dos despoeiradores. O material est\u00e1 conforme \u00e0s nossas expectativas, fomos bem aconselhados. S\u00f3 falta fazer a encomenda dos quatro aparelhos.  <\/p>\n<cite>Jean-Luc Misbach<br>Co-gerente<br>da ETS Schaechtelin &amp; Cie<\/cite><\/blockquote>\n\n<\/div>\n    <\/div>\n\n\n    <div class=\"ae-card-testimonial__img\">\n        <img decoding=\"async\" width=\"350\" height=\"700\" src=\"https:\/\/obera.fr\/wp-content\/uploads\/2024\/08\/temoignage_obera-logo-schachtelin.jpg\" class=\"attachment-large size-large\" alt=\"temoignage obera logo schachtelin\" srcset=\"https:\/\/obera.fr\/wp-content\/uploads\/2024\/08\/temoignage_obera-logo-schachtelin.jpg 350w, https:\/\/obera.fr\/wp-content\/uploads\/2024\/08\/temoignage_obera-logo-schachtelin-150x300.jpg 150w\" sizes=\"(max-width: 350px) 100vw, 350px\" \/>    <\/div>\n\n<\/div>\n\n\n\n<div class=\"ae-card-testimonial wp-block-ae-card-testimonial\">\n\n\n    <div class=\"ae-card-testimonial__content\">\n        <div class=\"ae-card-testimonial__innerblocks\">\n\n<blockquote class=\"wp-block-quote has-text-align-left is-layout-flow wp-block-quote-is-layout-flow\">\n<p>Os arrefecedores OberA proporcionam um verdadeiro conforto aos nossos operadores com o calor que temos no sul de Fran\u00e7a.<\/p>\n<cite>Diretor<br>da LPF Aero<\/cite><\/blockquote>\n\n<\/div>\n    <\/div>\n\n\n    <div class=\"ae-card-testimonial__img\">\n        <img decoding=\"async\" width=\"350\" height=\"700\" src=\"https:\/\/obera.fr\/wp-content\/uploads\/2024\/08\/temoignage_obera-logo-lpf.jpg\" class=\"attachment-large size-large\" alt=\"temoignage obera logo lpf\" srcset=\"https:\/\/obera.fr\/wp-content\/uploads\/2024\/08\/temoignage_obera-logo-lpf.jpg 350w, https:\/\/obera.fr\/wp-content\/uploads\/2024\/08\/temoignage_obera-logo-lpf-150x300.jpg 150w\" sizes=\"(max-width: 350px) 100vw, 350px\" \/>    <\/div>\n\n<\/div>\n\n\n\n<div class=\"ae-card-testimonial wp-block-ae-card-testimonial\">\n\n\n    <div class=\"ae-card-testimonial__content\">\n        <div class=\"ae-card-testimonial__innerblocks\">\n\n<blockquote class=\"wp-block-quote has-text-align-left is-layout-flow wp-block-quote-is-layout-flow\">\n<p>Os purificadores instalados permitiram-nos melhorar consideravelmente<br\/>a qualidade do ar nas nossas zonas de produ\u00e7\u00e3o. A solu\u00e7\u00e3o \u00e9 simples de implementar, necessita de muito pouco acompanhamento e consome muito pouca energia. Fizemos a escolha certa.  <\/p>\n<cite>Thierry Leonard<strong><br><\/strong>Diretor Industrial da Le Froid<\/cite><\/blockquote>\n\n<\/div>\n    <\/div>\n\n\n    <div class=\"ae-card-testimonial__img\">\n        <img decoding=\"async\" width=\"350\" height=\"700\" src=\"https:\/\/obera.fr\/wp-content\/uploads\/2024\/08\/temoignage_obera-logo-le-froid.jpg\" class=\"attachment-large size-large\" alt=\"temoignage obera logo le froid\" srcset=\"https:\/\/obera.fr\/wp-content\/uploads\/2024\/08\/temoignage_obera-logo-le-froid.jpg 350w, https:\/\/obera.fr\/wp-content\/uploads\/2024\/08\/temoignage_obera-logo-le-froid-150x300.jpg 150w\" sizes=\"(max-width: 350px) 100vw, 350px\" \/>    <\/div>\n\n<\/div>\n\n\n\n<div class=\"ae-card-testimonial wp-block-ae-card-testimonial\">\n\n\n    <div class=\"ae-card-testimonial__content\">\n        <div class=\"ae-card-testimonial__innerblocks\">\n\n<blockquote class=\"wp-block-quote has-text-align-left is-layout-flow wp-block-quote-is-layout-flow\">\n<p>Estamos muito satisfeitos com o sistema de aspira\u00e7\u00e3o instalado h\u00e1 1 ano. A OberA ajudou-nos a definir a nossa necessidade, pois faltavam-nos conhecimentos sobre a toxicidade dos produtos em comp\u00f3sitos, bem como sobre as regras europeias em vigor. Depois, a entrega e o arranque decorreram muito bem. Apreci\u00e1mos igualmente poder alugar um sistema, pois o nosso projeto poderia evoluir significativamente.<br\/>Se fosse necess\u00e1rio fazer uma observa\u00e7\u00e3o, seria relativamente ao ru\u00eddo durante a descolmatagem dos filtros, que pode incomodar numa atmosfera muito silenciosa. Em conclus\u00e3o, diria que n\u00e3o h\u00e1 nada a corrigir na nossa instala\u00e7\u00e3o.    <\/p>\n<cite>Daniel KESSLER<strong><br><\/strong>Coordenador de m\u00e9todos da JTEKT Europe<\/cite><\/blockquote>\n\n<\/div>\n    <\/div>\n\n\n    <div class=\"ae-card-testimonial__img\">\n        <img decoding=\"async\" width=\"350\" height=\"700\" src=\"https:\/\/obera.fr\/wp-content\/uploads\/2024\/08\/temoignage_obera-logo-jtekt.jpg\" class=\"attachment-large size-large\" alt=\"temoignage obera logo jtekt\" srcset=\"https:\/\/obera.fr\/wp-content\/uploads\/2024\/08\/temoignage_obera-logo-jtekt.jpg 350w, https:\/\/obera.fr\/wp-content\/uploads\/2024\/08\/temoignage_obera-logo-jtekt-150x300.jpg 150w\" sizes=\"(max-width: 350px) 100vw, 350px\" \/>    <\/div>\n\n<\/div>\n\n\n\n<div class=\"ae-card-testimonial wp-block-ae-card-testimonial\">\n\n\n    <div class=\"ae-card-testimonial__content\">\n        <div class=\"ae-card-testimonial__innerblocks\">\n\n<blockquote class=\"wp-block-quote has-text-align-left is-layout-flow wp-block-quote-is-layout-flow\">\n<p>A OberA soube responder perfeitamente \u00e0 nossa necessidade de arrefecedor de ar num contexto industrial. A sua solu\u00e7\u00e3o global e o seu acompanhamento t\u00e9cnico permitiram-nos definir as solu\u00e7\u00f5es \u00f3timas para as nossas equipas no local. Recomendamos a 100% a sua gama de produtos eficaz, adaptada e fi\u00e1vel.<\/p>\n<cite>Romain Marcoulis<strong><br><\/strong>Comprador Grupo (Divis\u00e3o Packaging) da DS Smith<\/cite><\/blockquote>\n\n<\/div>\n    <\/div>\n\n\n    <div class=\"ae-card-testimonial__img\">\n        <img decoding=\"async\" width=\"757\" height=\"1024\" src=\"https:\/\/obera.fr\/wp-content\/uploads\/2024\/06\/romain-marcoulis-avis-obera-757x1024.jpeg\" class=\"attachment-large size-large\" alt=\"\" srcset=\"https:\/\/obera.fr\/wp-content\/uploads\/2024\/06\/romain-marcoulis-avis-obera-757x1024.jpeg 757w, https:\/\/obera.fr\/wp-content\/uploads\/2024\/06\/romain-marcoulis-avis-obera-222x300.jpeg 222w, https:\/\/obera.fr\/wp-content\/uploads\/2024\/06\/romain-marcoulis-avis-obera-768x1039.jpeg 768w, https:\/\/obera.fr\/wp-content\/uploads\/2024\/06\/romain-marcoulis-avis-obera-1136x1536.jpeg 1136w, https:\/\/obera.fr\/wp-content\/uploads\/2024\/06\/romain-marcoulis-avis-obera.jpeg 1262w\" sizes=\"(max-width: 757px) 100vw, 757px\" \/>    <\/div>\n\n<\/div>\n\n\n\n<div class=\"ae-card-testimonial wp-block-ae-card-testimonial\">\n\n\n    <div class=\"ae-card-testimonial__content\">\n        <div class=\"ae-card-testimonial__innerblocks\">\n\n<blockquote class=\"wp-block-quote has-text-align-left is-layout-flow wp-block-quote-is-layout-flow\">\n<p>Fic\u00e1mos muito satisfeitos com a an\u00e1lise aprofundada efetuada pela equipa da OberA para nos aconselhar sobre o nosso equipamento. A sua especializa\u00e7\u00e3o permitiu-nos encontrar exatamente aquilo de que precis\u00e1vamos. Na OberA, encontr\u00e1mos especialistas dedicados que dedicam tempo a analisar antes de propor uma venda. A sua abordagem profissional reflete-se em cada etapa da miss\u00e3o, do in\u00edcio ao fim. Recomendamos vivamente os seus servi\u00e7os<\/p>\n<cite><strong>Patrick<\/strong> JAECK<strong><br><\/strong>Diretor da MINITEC SNC<\/cite><\/blockquote>\n\n<\/div>\n    <\/div>\n\n\n    <div class=\"ae-card-testimonial__img\">\n        <img decoding=\"async\" width=\"800\" height=\"800\" src=\"https:\/\/obera.fr\/wp-content\/uploads\/2024\/05\/patrick-jaeck.jpg\" class=\"attachment-large size-large\" alt=\"\" srcset=\"https:\/\/obera.fr\/wp-content\/uploads\/2024\/05\/patrick-jaeck.jpg 800w, https:\/\/obera.fr\/wp-content\/uploads\/2024\/05\/patrick-jaeck-300x300.jpg 300w, https:\/\/obera.fr\/wp-content\/uploads\/2024\/05\/patrick-jaeck-150x150.jpg 150w, https:\/\/obera.fr\/wp-content\/uploads\/2024\/05\/patrick-jaeck-768x768.jpg 768w\" sizes=\"(max-width: 800px) 100vw, 800px\" \/>    <\/div>\n\n<\/div>\n<\/div>\n\n\n            <!-- If we need navigation buttons -->\n            <div class=\"swiper-buttons\">\n                <div class=\"swiper-button-prev\"><\/div>\n                <div class=\"swiper-button-next\"><\/div>\n            <\/div>\n        <\/div>\n    <\/div>\n\n<\/div>\n\n<div class=\"ae-slider-logo alignfull wp-block-ae-slider-logo has-background has-base-3-background-color is-layout-flow wp-block-ae-slider-logo-is-layout-flow\">\n\n    <div class=\"ae-slider-logo__inner-container\">\n        <div class=\"ae-slider-logo__content swiper\">\n            <div class=\"swiper-wrapper\">\n\n<figure class=\"wp-block-image size-full\"><img decoding=\"async\" width=\"150\" height=\"150\" src=\"https:\/\/obera.fr\/wp-content\/uploads\/2022\/02\/Sans-titre-2022-02-17T105934.516.png\" alt=\"AIRBUS\" class=\"wp-image-8867\"\/><\/figure>\n\n\n\n<figure class=\"wp-block-image size-full\"><img decoding=\"async\" width=\"150\" height=\"150\" src=\"https:\/\/obera.fr\/wp-content\/uploads\/2022\/02\/Sans-titre-2022-02-17T114934.999.png\" alt=\"SEB\" class=\"wp-image-8868\"\/><\/figure>\n\n\n\n<figure class=\"wp-block-image size-full\"><img decoding=\"async\" width=\"150\" height=\"150\" src=\"https:\/\/obera.fr\/wp-content\/uploads\/2022\/02\/Sans-titre-2022-02-17T114716.476.png\" alt=\"NAVAL GROUP\" class=\"wp-image-8869\"\/><\/figure>\n\n\n\n<figure class=\"wp-block-image size-full\"><img decoding=\"async\" width=\"150\" height=\"150\" src=\"https:\/\/obera.fr\/wp-content\/uploads\/2022\/02\/Sans-titre-2022-02-17T115216.211.png\" alt=\"MARS\" class=\"wp-image-8872\"\/><\/figure>\n\n\n\n<figure class=\"wp-block-image size-full\"><img decoding=\"async\" width=\"150\" height=\"150\" src=\"https:\/\/obera.fr\/wp-content\/uploads\/2022\/02\/Sans-titre-2022-02-17T115541.486.png\" alt=\"MICHELIN\" class=\"wp-image-8875\"\/><\/figure>\n\n\n\n<figure class=\"wp-block-image size-full\"><img decoding=\"async\" width=\"150\" height=\"150\" src=\"https:\/\/obera.fr\/wp-content\/uploads\/2022\/02\/Sans-titre-2022-02-17T115057.399.png\" alt=\"THALES\" class=\"wp-image-8871\"\/><\/figure>\n\n\n\n<figure class=\"wp-block-image size-full\"><img decoding=\"async\" width=\"150\" height=\"150\" src=\"https:\/\/obera.fr\/wp-content\/uploads\/2022\/02\/Sans-titre-2022-02-17T115803.016.png\" alt=\"YVES ROCHER\" class=\"wp-image-8877\"\/><\/figure>\n\n\n\n<figure class=\"wp-block-image size-full\"><img decoding=\"async\" width=\"150\" height=\"150\" src=\"https:\/\/obera.fr\/wp-content\/uploads\/2022\/02\/Sans-titre-2022-02-17T115859.670.png\" alt=\"ARCELOR MITTAL\" class=\"wp-image-8878\"\/><\/figure>\n\n\n\n<figure class=\"wp-block-image size-full\"><img decoding=\"async\" width=\"150\" height=\"150\" src=\"https:\/\/obera.fr\/wp-content\/uploads\/2022\/02\/Sans-titre-2022-02-17T115322.781.png\" alt=\"SAFRAN\" class=\"wp-image-8873\"\/><\/figure>\n\n\n\n<figure class=\"wp-block-image size-thumbnail\"><img decoding=\"async\" width=\"150\" height=\"150\" src=\"https:\/\/obera.fr\/wp-content\/uploads\/2022\/02\/Sans-titre-2022-02-17T120429.147.png\" alt=\"FAUCHON PARIS\" class=\"wp-image-8880\"\/><\/figure>\n\n\n\n<figure class=\"wp-block-image size-full\"><img decoding=\"async\" width=\"150\" height=\"150\" src=\"https:\/\/obera.fr\/wp-content\/uploads\/2022\/02\/Sans-titre-2022-02-17T115450.564.png\" alt=\"IMERYS\" class=\"wp-image-8874\"\/><\/figure>\n\n\n\n<figure class=\"wp-block-image size-thumbnail\"><img decoding=\"async\" width=\"150\" height=\"150\" src=\"https:\/\/obera.fr\/wp-content\/uploads\/2022\/02\/Sans-titre-2022-02-17T120512.984.png\" alt=\"TEFAL\" class=\"wp-image-8879\"\/><\/figure>\n\n\n\n<figure class=\"wp-block-image size-full\"><img decoding=\"async\" width=\"150\" height=\"150\" src=\"https:\/\/obera.fr\/wp-content\/uploads\/2022\/02\/Sans-titre-2022-02-17T114839.016.png\" alt=\"NESTLE\" class=\"wp-image-8870\"\/><\/figure>\n\n\n\n<figure class=\"wp-block-image size-thumbnail\"><img decoding=\"async\" width=\"150\" height=\"150\" src=\"https:\/\/obera.fr\/wp-content\/uploads\/2022\/02\/Sans-titre-2022-02-17T120337.619.png\" alt=\"VINCI\" class=\"wp-image-8881\"\/><\/figure>\n\n\n\n<figure class=\"wp-block-image size-thumbnail\"><img decoding=\"async\" width=\"150\" height=\"150\" src=\"https:\/\/obera.fr\/wp-content\/uploads\/2022\/02\/Sans-titre-2022-02-17T120300.624.png\" alt=\"BENETEAU\" class=\"wp-image-8882\"\/><\/figure>\n\n\n\n<figure class=\"wp-block-image size-thumbnail\"><img decoding=\"async\" width=\"150\" height=\"150\" src=\"https:\/\/obera.fr\/wp-content\/uploads\/2022\/02\/Sans-titre-2022-02-17T120949.788.png\" alt=\"AMCOR\" class=\"wp-image-8884\"\/><\/figure>\n\n\n\n<figure class=\"wp-block-image size-thumbnail\"><img decoding=\"async\" width=\"150\" height=\"150\" src=\"https:\/\/obera.fr\/wp-content\/uploads\/2022\/02\/Sans-titre-2022-02-17T120117.079.png\" alt=\"ARVATO BERTELSMANN\" class=\"wp-image-8883\"\/><\/figure>\n\n\n\n<figure class=\"wp-block-image size-full\"><img decoding=\"async\" width=\"150\" height=\"150\" src=\"https:\/\/obera.fr\/wp-content\/uploads\/2022\/02\/Sans-titre-2022-02-17T115625.323.png\" alt=\"COCA COLA\" class=\"wp-image-8876\"\/><\/figure>\n\n<\/div>\n        <\/div>\n    <\/div>\n<\/div>\n<div class=\"wp-block-group alignfull has-base-3-background-color has-background is-layout-flow wp-block-group-is-layout-flow\">\n\n<div class=\"ae-section-form align wp-block-ae-section-form\">\n\n\n    <div class=\"ae-section-form__inner-container\">\n\n        <div class=\"ae-section-form__wrapper\">\n            <div class=\"ae-section-form__content\">\n\n                <div class=\"acf-innerblocks-container\">\n\n<h2 class=\"wp-block-heading\">Necessita de um aconselhamento personalizado<\/h2>\n\n\n\n<p>Procura uma solu\u00e7\u00e3o adaptada \u00e0s suas necessidades? Preencha j\u00e1 o nosso formul\u00e1rio online para receber uma resposta personalizada.<\/p>\n\n<\/div>\n                                    <div class=\"ae-section-form__form\">\n                                                    <h3 class=\"wp-block-heading\">Preencher o Formul\u00e1rio<\/h3>\n                                                <script>\nvar gform;gform||(document.addEventListener(\"gform_main_scripts_loaded\",function(){gform.scriptsLoaded=!0}),document.addEventListener(\"gform\/theme\/scripts_loaded\",function(){gform.themeScriptsLoaded=!0}),window.addEventListener(\"DOMContentLoaded\",function(){gform.domLoaded=!0}),gform={domLoaded:!1,scriptsLoaded:!1,themeScriptsLoaded:!1,isFormEditor:()=>\"function\"==typeof InitializeEditor,callIfLoaded:function(o){return!(!gform.domLoaded||!gform.scriptsLoaded||!gform.themeScriptsLoaded&&!gform.isFormEditor()||(gform.isFormEditor()&&console.warn(\"The use of gform.initializeOnLoaded() is deprecated in the form editor context and will be removed in Gravity Forms 3.1.\"),o(),0))},initializeOnLoaded:function(o){gform.callIfLoaded(o)||(document.addEventListener(\"gform_main_scripts_loaded\",()=>{gform.scriptsLoaded=!0,gform.callIfLoaded(o)}),document.addEventListener(\"gform\/theme\/scripts_loaded\",()=>{gform.themeScriptsLoaded=!0,gform.callIfLoaded(o)}),window.addEventListener(\"DOMContentLoaded\",()=>{gform.domLoaded=!0,gform.callIfLoaded(o)}))},hooks:{action:{},filter:{}},addAction:function(o,r,e,t){gform.addHook(\"action\",o,r,e,t)},addFilter:function(o,r,e,t){gform.addHook(\"filter\",o,r,e,t)},doAction:function(o){gform.doHook(\"action\",o,arguments)},applyFilters:function(o){return gform.doHook(\"filter\",o,arguments)},removeAction:function(o,r){gform.removeHook(\"action\",o,r)},removeFilter:function(o,r,e){gform.removeHook(\"filter\",o,r,e)},addHook:function(o,r,e,t,n){null==gform.hooks[o][r]&&(gform.hooks[o][r]=[]);var d=gform.hooks[o][r];null==n&&(n=r+\"_\"+d.length),gform.hooks[o][r].push({tag:n,callable:e,priority:t=null==t?10:t})},doHook:function(r,o,e){var t;if(e=Array.prototype.slice.call(e,1),null!=gform.hooks[r][o]&&((o=gform.hooks[r][o]).sort(function(o,r){return o.priority-r.priority}),o.forEach(function(o){\"function\"!=typeof(t=o.callable)&&(t=window[t]),\"action\"==r?t.apply(null,e):e[0]=t.apply(null,e)})),\"filter\"==r)return e[0]},removeHook:function(o,r,t,n){var e;null!=gform.hooks[o][r]&&(e=(e=gform.hooks[o][r]).filter(function(o,r,e){return!!(null!=n&&n!=o.tag||null!=t&&t!=o.priority)}),gform.hooks[o][r]=e)}});\n<\/script>\n\n                <div class='gf_browser_gecko gform_wrapper gform_legacy_markup_wrapper gform-theme--no-framework' data-form-theme='legacy' data-form-index='0' id='gform_wrapper_19' style='display:none'>\n                        <div class='gform_heading'>\n                            <p class='gform_description'><\/p>\n                        <\/div><form method='post' enctype='multipart\/form-data'  id='gform_19'  action='\/pt-pt\/wp-json\/wp\/v2\/pages\/47319' data-formid='19' novalidate>\n                        <div class='gform-body gform_body'><ul id='gform_fields_19' class='gform_fields top_label form_sublabel_below description_below validation_below'><li id=\"field_19_20\" class=\"gfield gfield--type-honeypot gform_validation_container field_sublabel_below gfield--has-description field_description_below field_validation_below gfield_visibility_visible\"  ><label class='gfield_label gform-field-label' for='input_19_20'>Instagram<\/label><div class='ginput_container'><input name='input_20' id='input_19_20' type='text' value='' autocomplete='new-password'\/><\/div><div class='gfield_description' id='gfield_description_19_20'>Este campo \u00e9 para efeitos de valida\u00e7\u00e3o e deve ser mantido inalterado.<\/div><\/li><li id=\"field_19_1\" class=\"gfield gfield--type-text gfield--input-type-text gfield--width-full gfield_contains_required field_sublabel_below gfield--no-description field_description_below field_validation_below gfield_visibility_visible\"  ><label class='gfield_label gform-field-label' for='input_19_1'>Nome<span class=\"gfield_required\"><span class=\"gfield_required gfield_required_asterisk\">*<\/span><\/span><\/label><div class='ginput_container ginput_container_text'><input name='input_1' id='input_19_1' type='text' value='' class='medium'     aria-required=\"true\" aria-invalid=\"false\"   \/><\/div><\/li><li id=\"field_19_2\" class=\"gfield gfield--type-text gfield--input-type-text gfield--width-full field_sublabel_below gfield--no-description field_description_below field_validation_below gfield_visibility_visible\"  ><label class='gfield_label gform-field-label' for='input_19_2'>Empresa<\/label><div class='ginput_container ginput_container_text'><input name='input_2' id='input_19_2' type='text' value='' class='medium'      aria-invalid=\"false\"   \/><\/div><\/li><li id=\"field_19_18\" class=\"gfield gfield--type-select gfield--input-type-select gfield--width-full field_sublabel_below gfield--no-description field_description_below field_validation_below gfield_visibility_visible\"  ><label class='gfield_label gform-field-label' for='input_19_18'>Dom\u00ednio de atividade<\/label><div class='ginput_container ginput_container_select'><select name='input_18' id='input_19_18' class='large gfield_select'     aria-invalid=\"false\" ><option value='Aeroespacial' >Aeroespacial<\/option><option value='Agricultura, silvicultura e pesca' >Agricultura, silvicultura e pesca<\/option><option value='Ind\u00fastria alimentar' >Ind\u00fastria alimentar<\/option><option value='Ex\u00e9rcito e defesa' >Ex\u00e9rcito e defesa<\/option><option value='Artes, entretenimento e lazer' >Artes, entretenimento e lazer<\/option><option value='Carros e cami\u00f5es' >Carros e cami\u00f5es<\/option><option value='Banca \/ Seguros \/ Escrit\u00f3rios terci\u00e1rios' >Banca \/ Seguros \/ Escrit\u00f3rios terci\u00e1rios<\/option><option value='Madeira' >Madeira<\/option><option value='Obras p\u00fablicas \/ Materiais de constru\u00e7\u00e3o' >Obras p\u00fablicas \/ Materiais de constru\u00e7\u00e3o<\/option><option value='Produtos qu\u00edmicos \/ Petroqu\u00edmicos \/ Paraqu\u00edmicos' >Produtos qu\u00edmicos \/ Petroqu\u00edmicos \/ Paraqu\u00edmicos<\/option><option value='Com\u00e9rcio \/ Distribui\u00e7\u00e3o \/ Trading' >Com\u00e9rcio \/ Distribui\u00e7\u00e3o \/ Trading<\/option><option value='HVAC - Ar condicionado, aquecimento, ventila\u00e7\u00e3o' >HVAC - Ar condicionado, aquecimento, ventila\u00e7\u00e3o<\/option><option value='Escolas e ensino superior' >Escolas e ensino superior<\/option><option value='Eletr\u00f3nica \/ Eletricidade' >Eletr\u00f3nica \/ Eletricidade<\/option><option value='Extra\u00e7\u00e3o de materiais' >Extra\u00e7\u00e3o de materiais<\/option><option value='Carris' >Carris<\/option><option value='Impress\u00e3o' >Impress\u00e3o<\/option><option value='Ind\u00fastria dos cosm\u00e9ticos' >Ind\u00fastria dos cosm\u00e9ticos<\/option><option value='Ind\u00fastria farmac\u00eautica' >Ind\u00fastria farmac\u00eautica<\/option><option value='TI\/Telecom' >TI\/Telecom<\/option><option value='Metalurgia \/ Metalomec\u00e2nica' >Metalurgia \/ Metalomec\u00e2nica<\/option><option value='Passeios de barco' >Passeios de barco<\/option><option value='Papel \/ cart\u00e3o' >Papel \/ cart\u00e3o<\/option><option value='Indiv\u00edduos' >Indiv\u00edduos<\/option><option value='Pl\u00e1sticos \/ Processamento de pl\u00e1sticos \/ Materiais comp\u00f3sitos' >Pl\u00e1sticos \/ Processamento de pl\u00e1sticos \/ Materiais comp\u00f3sitos<\/option><option value='Reciclagem' >Reciclagem<\/option><option value='Restauradores de arte e artistas' >Restauradores de arte e artistas<\/option><option value='Restaurantes e alojamento' >Restaurantes e alojamento<\/option><option value='Revendedores e subcontratantes' >Revendedores e subcontratantes<\/option><option value='Sa\u00fade' >Sa\u00fade<\/option><option value='Servi\u00e7os \u00e0s empresas' >Servi\u00e7os \u00e0s empresas<\/option><option value='Desporto' >Desporto<\/option><option value='T\u00eaxteis' >T\u00eaxteis<\/option><option value='Transporte e armazenagem \/ Log\u00edstica' >Transporte e armazenagem \/ Log\u00edstica<\/option><option value='Maquina\u00e7\u00e3o, torneamento de barras e tratamento de superf\u00edcies' >Maquina\u00e7\u00e3o, torneamento de barras e tratamento de superf\u00edcies<\/option><\/select><\/div><\/li><li id=\"field_19_17\" class=\"gfield gfield--type-text gfield--input-type-text gfield--width-full field_sublabel_below gfield--no-description field_description_below field_validation_below gfield_visibility_visible\"  ><label class='gfield_label gform-field-label' for='input_19_17'>Fun\u00e7\u00e3o<\/label><div class='ginput_container ginput_container_text'><input name='input_17' id='input_19_17' type='text' value='' class='medium'      aria-invalid=\"false\"   \/><\/div><\/li><li id=\"field_19_3\" class=\"gfield gfield--type-email gfield--input-type-email gfield--width-full gfield_contains_required field_sublabel_below gfield--no-description field_description_below field_validation_below gfield_visibility_visible\"  ><label class='gfield_label gform-field-label' for='input_19_3'>Correio eletr\u00f3nico<span class=\"gfield_required\"><span class=\"gfield_required gfield_required_asterisk\">*<\/span><\/span><\/label><div class='ginput_container ginput_container_email'>\n                            <input name='input_3' id='input_19_3' type='email' value='' class='medium'    aria-required=\"true\" aria-invalid=\"false\"  \/>\n                        <\/div><\/li><li id=\"field_19_19\" class=\"gfield gfield--type-phone gfield--input-type-phone gfield--width-full gfield_contains_required field_sublabel_below gfield--no-description field_description_below field_validation_below gfield_visibility_visible\"  ><label class='gfield_label gform-field-label' for='input_19_19'>T\u00e9l\u00e9phone<span class=\"gfield_required\"><span class=\"gfield_required gfield_required_asterisk\">*<\/span><\/span><\/label><div class='ginput_container ginput_container_phone'><input name='input_19' id='input_19_19' type='tel' value='' class='medium'   aria-required=\"true\" aria-invalid=\"false\"   \/><\/div><\/li><li id=\"field_19_15\" class=\"gfield gfield--type-text gfield--input-type-text gfield--width-full gf_pays gfield_contains_required field_sublabel_below gfield--has-description field_description_below field_validation_below gfield_visibility_visible\"  ><label class='gfield_label gform-field-label' for='input_19_15'>Pa\u00eds<span class=\"gfield_required\"><span class=\"gfield_required gfield_required_asterisk\">*<\/span><\/span><\/label><div class='ginput_container ginput_container_text'><input name='input_15' id='input_19_15' type='text' value='' class='medium'  aria-describedby=\"gfield_description_19_15\"   aria-required=\"true\" aria-invalid=\"false\"   \/><\/div><div class='gfield_description' id='gfield_description_19_15'>Especifica o teu pa\u00eds<\/div><\/li><li id=\"field_19_14\" class=\"gfield gfield--type-text gfield--input-type-text gfield--width-full gf_departement gfield_contains_required field_sublabel_below gfield--no-description field_description_below field_validation_below gfield_visibility_visible\"  ><label class='gfield_label gform-field-label' for='input_19_14'>Se est\u00e1s em Fran\u00e7a, insere aqui os 2 d\u00edgitos do teu departamento<span class=\"gfield_required\"><span class=\"gfield_required gfield_required_asterisk\">*<\/span><\/span><\/label><div class='ginput_container ginput_container_text'><input name='input_14' id='input_19_14' type='text' value='' class='small'     aria-required=\"true\" aria-invalid=\"false\"   \/><\/div><\/li><li id=\"field_19_16\" class=\"gfield gfield--type-fileupload gfield--input-type-fileupload gfield--width-full field_sublabel_below gfield--no-description field_description_below field_validation_below gfield_visibility_visible\"  ><label class='gfield_label gform-field-label' for='gform_browse_button_19_16'>Ficheiro(s)<\/label><div class='ginput_container ginput_container_fileupload'><div id='gform_multifile_upload_19_16' data-settings='{&quot;runtimes&quot;:&quot;html5,flash,html4&quot;,&quot;browse_button&quot;:&quot;gform_browse_button_19_16&quot;,&quot;container&quot;:&quot;gform_multifile_upload_19_16&quot;,&quot;drop_element&quot;:&quot;gform_drag_drop_area_19_16&quot;,&quot;filelist&quot;:&quot;gform_preview_19_16&quot;,&quot;unique_names&quot;:true,&quot;file_data_name&quot;:&quot;file&quot;,&quot;url&quot;:&quot;https:\\\/\\\/obera.fr\\\/pt-pt\\\/?gf_page=59a8fe63aa82707&quot;,&quot;flash_swf_url&quot;:&quot;https:\\\/\\\/obera.fr\\\/wp-includes\\\/js\\\/plupload\\\/plupload.flash.swf&quot;,&quot;silverlight_xap_url&quot;:&quot;https:\\\/\\\/obera.fr\\\/wp-includes\\\/js\\\/plupload\\\/plupload.silverlight.xap&quot;,&quot;filters&quot;:{&quot;mime_types&quot;:[{&quot;title&quot;:&quot;Ficheiros permitidos&quot;,&quot;extensions&quot;:&quot;jpg,png,pdf&quot;}],&quot;max_file_size&quot;:&quot;26214400b&quot;},&quot;multipart&quot;:true,&quot;urlstream_upload&quot;:false,&quot;multipart_params&quot;:{&quot;form_id&quot;:19,&quot;field_id&quot;:16,&quot;_gform_file_upload_nonce_19_16&quot;:&quot;6d3e6d580a&quot;},&quot;gf_vars&quot;:{&quot;max_files&quot;:&quot;5&quot;,&quot;message_id&quot;:&quot;gform_multifile_messages_19_16&quot;,&quot;disallowed_extensions&quot;:[&quot;php&quot;,&quot;asp&quot;,&quot;aspx&quot;,&quot;cmd&quot;,&quot;csh&quot;,&quot;bat&quot;,&quot;html&quot;,&quot;htm&quot;,&quot;hta&quot;,&quot;jar&quot;,&quot;exe&quot;,&quot;com&quot;,&quot;js&quot;,&quot;lnk&quot;,&quot;htaccess&quot;,&quot;phar&quot;,&quot;phtml&quot;,&quot;ps1&quot;,&quot;ps2&quot;,&quot;php3&quot;,&quot;php4&quot;,&quot;php5&quot;,&quot;php6&quot;,&quot;py&quot;,&quot;rb&quot;,&quot;tmp&quot;]}}' class='gform_fileupload_multifile'>\n\t\t\t\t\t\t\t\t\t\t<div id='gform_drag_drop_area_19_16' class='gform_drop_area gform-theme-field-control'>\n\t\t\t\t\t\t\t\t\t\t\t<span class='gform_drop_instructions'>Arraste os ficheiros para aqui ou <\/span>\n\t\t\t\t\t\t\t\t\t\t\t<button type='button' id='gform_browse_button_19_16' class='button gform_button_select_files gform-theme-button gform-theme-button--control' aria-describedby=\"gfield_upload_rules_19_16\"  >Seleccione os ficheiros<\/button>\n\t\t\t\t\t\t\t\t\t\t<\/div>\n\t\t\t\t\t\t\t\t\t<\/div><span class='gfield_description gform_fileupload_rules' id='gfield_upload_rules_19_16'>Tipos de ficheiro aceites: jpg, png, pdf, Tamanho m\u00e1x. de ficheiro: 25 MB, M\u00e1x. de ficheiros: 5.<\/span><ul class='validation_message--hidden-on-empty gform-ul-reset' id='gform_multifile_messages_19_16'><\/ul> <div id='gform_preview_19_16' class='ginput_preview_list'><\/div><\/div><\/li><li id=\"field_19_5\" class=\"gfield gfield--type-textarea gfield--input-type-textarea field_sublabel_below gfield--no-description field_description_below field_validation_below gfield_visibility_visible\"  ><label class='gfield_label gform-field-label' for='input_19_5'>Mensagem<\/label><div class='ginput_container ginput_container_textarea'><textarea name='input_5' id='input_19_5' class='textarea medium'      aria-invalid=\"false\"   rows='10' cols='50'><\/textarea><\/div><\/li><li id=\"field_19_8\" class=\"gfield gfield--type-consent gfield--type-choice gfield--input-type-consent gfield_contains_required field_sublabel_below gfield--has-description field_description_below field_validation_below gfield_visibility_visible\"  ><label class='gfield_label gform-field-label gfield_label_before_complex' >RGPD<span class=\"gfield_required\"><span class=\"gfield_required gfield_required_asterisk\">*<\/span><\/span><\/label><div class='ginput_container ginput_container_consent'><input name='input_8.1' id='input_19_8_1' type='checkbox' value='1'  aria-describedby=\"gfield_consent_description_19_8\" aria-required=\"true\" aria-invalid=\"false\"   \/> <label class=\"gform-field-label gform-field-label--type-inline gfield_consent_label\" for='input_19_8_1' >Aceito a pol\u00edtica de privacidade.<\/label><input type='hidden' name='input_8.2' value='Aceito a pol\u00edtica de privacidade.' class='gform_hidden' \/><input type='hidden' name='input_8.3' value='26' class='gform_hidden' \/><\/div><div class='gfield_description gfield_consent_description' id='gfield_consent_description_19_8' tabindex='0'>Os dados de contacto dos utilizadores do Site que se tenham registado no mesmo ser\u00e3o conservados, em conformidade com as disposi\u00e7\u00f5es da lei francesa de prote\u00e7\u00e3o de dados de 6 de janeiro de 1978. De acordo com este \u00faltimo, t\u00eam o direito de aceder, retirar, modificar ou retificar os dados que forneceram. Para tal, basta enviares um pedido por correio para: oberA, 4 Rue Denis Papin<br \/>\n67400 Illkirch-Graffenstaden Fran\u00e7a.  <br \/>\n<span onclick=\"location.href = '\/politique-sur-les-cookies\/';\" style=\"cursor: pointer;text-decoration: underline; color: #000;font-weight: 400;\">L\u00ea a nossa pol\u00edtica de privacidade<\/span>.<\/div><\/li><li id=\"field_19_7\" class=\"gfield gfield--type-captcha gfield--input-type-captcha field_sublabel_below gfield--no-description field_description_below hidden_label field_validation_below gfield_visibility_visible\"  ><label class='gfield_label gform-field-label' for='input_19_7'>CAPTCHA<\/label><div id='input_19_7' class='ginput_container ginput_recaptcha' data-sitekey='6Le3Z6orAAAAAOkmHSEzsrLepOvhAoFqSaP5NJMf'  data-theme='light' data-tabindex='-1' data-size='invisible' data-badge='bottomright'><\/div><\/li><\/ul><\/div>\n        <div class='gform-footer gform_footer top_label'> <input type='submit' id='gform_submit_button_19' class='gform_button button' onclick='gform.submission.handleButtonClick(this);' data-submission-type='submit' value='Confirma'  \/> \n            <input type='hidden' class='gform_hidden' name='gform_submission_method' data-js='gform_submission_method_19' value='postback' \/>\n            <input type='hidden' class='gform_hidden' name='gform_theme' data-js='gform_theme_19' id='gform_theme_19' value='legacy' \/>\n            <input type='hidden' class='gform_hidden' name='gform_style_settings' data-js='gform_style_settings_19' id='gform_style_settings_19' value='[]' \/>\n            <input type='hidden' class='gform_hidden' name='is_submit_19' value='1' \/>\n            <input type='hidden' class='gform_hidden' name='gform_submit' value='19' \/>\n            \n            <input type='hidden' class='gform_hidden' name='gform_currency' data-currency='EUR' value='rWMxur9IlRWe2Zdk30\/XhdDUk3NR3vNlC6A\/7oHC0h+uh+EQjXg37nsl\/iipI+vOtvn4XZAMYsskHok+cIC13HvimL82s9hM9j1bn6oGe4vLHaQ=' \/>\n            <input type='hidden' class='gform_hidden' name='gform_unique_id' value='' \/>\n            <input type='hidden' class='gform_hidden' name='state_19' value='WyJ7XCIxOFwiOltcIjQyODE2NWQxMTUxNmQxOTYzYzk1NWZmOTkwN2M2NTlmXCIsXCI1NzJlZmI5MGVjMjMzZWI0ZDNhYTVjMjA3NTU1ZDFjMlwiLFwiYWY3NmMzOGEzN2FhNDJlNGM4ZmU1YWFlZWM3NzI0MjlcIixcIjgyY2FjMTQyNzQxMzY2ZGRhZWVmOTIyMDdlNjFkZWRhXCIsXCI4YzdlZjYwMWRkOTY0NzhkMjRkNjMwNzhiNGRiMGQxOFwiLFwiM2RkNTBjM2FiOTA5NGRjMzBjNDdmOTUwZjQ1ZjMwZTdcIixcIjY3MTRjYWU5NjBjMTY3MzIzZTJlZWJmNmQ4ODhlMTM5XCIsXCJhZjhlOTc3MTcyZWRmZjY5ODNhNzdhZDIzZGM2MzIzY1wiLFwiZWU3YzMwZTgyZWM0ZmFiYzE3N2IxN2JmMWI3ZGNjZDZcIixcImE1MTNhMDhmMjFhNjFmY2U2YjljNjE4MTI4ZTk1YTVhXCIsXCI5YTdhMmM2OTI3MTkzNDllZWM5N2I5YzI1YmU5NDllNFwiLFwiYjY2Y2FlYWMxNmUwYzgwMmQ2NjAyYmEyYjFmYWM2YTZcIixcIjA1N2ZmYjdhZWQ2NzNmNTBhZmY0ZmEzNWNkM2Y4NGM2XCIsXCIyYzZlOWIxOWEzMzA3NDY5NDIzOWRjNjUxYTg2N2Q0M1wiLFwiYzFhOWQyOTM0NzRiZWYyZTM0OTg5Y2U4NjdkNjAxZjhcIixcIjlkMGFhNjM4NWZjMDQzOGE2YmQ0NzQzZGQ4YzIwMDA1XCIsXCJhNWU3MDg2OGJmYjg5NmE1NDkyODkxNWFmZTI3NjFkY1wiLFwiOTE4M2UxN2IzYmNhYjlmMjUxYzJjMTUyNWFkMGQwMGFcIixcIjlmYzdhM2NmZjdkNzgyZWNmOTZlYjQ3MWRjZTZjMTExXCIsXCI2OGU3NWU1MzAzNjg4ZjMwMTRiMGI0YWMyNGY0N2NmOVwiLFwiZGM1MThkNDQ5ZDBkODczMzAzMjI4MmNhYjYzZjc0ZjNcIixcIjQ5YzA0YjdmOWU4Y2RiZjcxNDc3OTkyYzJmYmU2OTllXCIsXCJiZjlmODY2ZTljNjdhZTUwYTg5NDlkMmEyZDYyNzc4OVwiLFwiZWYyYzc2ZTAxOWIwMzI5NzZhM2FhOWRjNzk3OWY5MmFcIixcIjI2NjMzNzdiNGQyYWUwMDhhOTYyMTA4OTU4OWM1Y2M2XCIsXCJmNjk4YWFhZmNlYTljNjQyYzczMzU5ZjM4YjBkYzI3Y1wiLFwiOTM3N2I4Yzg2MWRiYmZhY2NkZjZlY2M2MjEwODY0YzhcIixcIjQ4NjM2Y2M1MGU3NzE3OGVjNjNhMzdkYTdhNGIyZjc5XCIsXCJlMTVmZGE2NmFmYTZhNTY4MGU0MzMyNTQ2MjkyOTBhZlwiLFwiN2JjYzNkMTVlNjNjNTZkOGMzZDIzODdkNjc3NjdlNjJcIixcImZkZDJkYWYwNTQ4YjY3YzY1MWZiY2RiZDk3ZGJiZjVhXCIsXCI5OTY1ODk3MDFhMWYxNjhmODEzMzcxOGU4Y2JiODRmZVwiLFwiMWUyZDg5M2VlMTZhNGI4OTBiODcwMDAyYzE0NTQ1NmJcIixcIjEyNjgzYWM0NzQzZDNhMWUxNjUxZjY0MDhhOWQxOTcxXCIsXCIwNGVhODA1Y2RjNzU3MWRmMDI2NDRmNmQ1ZGZiZWRhZVwiXSxcIjguMVwiOlwiYzNmOWIyNWM1MGI3YzQ2MzI2YjcxNWNhZjc2N2I2ZTFcIixcIjguMlwiOlwiYjI1ZWFhNzE2YWQ0Y2UwNWI3ZTk1ZmRjZWVkM2FkOWZcIixcIjguM1wiOlwiZWVjNzM5MDhlOGJlYjY2MDNhNjY1MjZhZWU3Y2E1MGVcIn0iLCJjZjJmMmUyY2I0OWYwYzQ4M2I2YjY3YTUxYzY0NTZiNyJd' \/>\n            <input type='hidden' autocomplete='off' class='gform_hidden' name='gform_target_page_number_19' id='gform_target_page_number_19' value='0' \/>\n            <input type='hidden' autocomplete='off' class='gform_hidden' name='gform_source_page_number_19' id='gform_source_page_number_19' value='1' \/>\n            <input type='hidden' name='gform_field_values' value='' \/>\n            <input type='hidden' name='gform_uploaded_files' id='gform_uploaded_files_19' value='' \/>\n        <\/div>\n                        <\/form>\n                        <\/div><script>\ngform.initializeOnLoaded( function() {gformInitSpinner( 19, 'https:\/\/obera.fr\/wp-content\/plugins\/gravityforms\/images\/spinner.svg', true );jQuery('#gform_ajax_frame_19').on('load',function(){var contents = jQuery(this).contents().find('*').html();var is_postback = contents.indexOf('GF_AJAX_POSTBACK') >= 0;if(!is_postback){return;}var form_content = jQuery(this).contents().find('#gform_wrapper_19');var is_confirmation = jQuery(this).contents().find('#gform_confirmation_wrapper_19').length > 0;var is_redirect = contents.indexOf('gformRedirect(){') >= 0;var is_form = form_content.length > 0 && ! is_redirect && ! is_confirmation;var mt = parseInt(jQuery('html').css('margin-top'), 10) + parseInt(jQuery('body').css('margin-top'), 10) + 100;if(is_form){form_content.find('form').css('opacity', 0);jQuery('#gform_wrapper_19').html(form_content.html());if(form_content.hasClass('gform_validation_error')){jQuery('#gform_wrapper_19').addClass('gform_validation_error');} else {jQuery('#gform_wrapper_19').removeClass('gform_validation_error');}setTimeout( function() { \/* delay the scroll by 50 milliseconds to fix a bug in chrome *\/  }, 50 );if(window['gformInitDatepicker']) {gformInitDatepicker();}if(window['gformInitPriceFields']) {gformInitPriceFields();}var current_page = jQuery('#gform_source_page_number_19').val();gformInitSpinner( 19, 'https:\/\/obera.fr\/wp-content\/plugins\/gravityforms\/images\/spinner.svg', true );jQuery(document).trigger('gform_page_loaded', [19, current_page]);window['gf_submitting_19'] = false;}else if(!is_redirect){var confirmation_content = jQuery(this).contents().find('.GF_AJAX_POSTBACK').html();if(!confirmation_content){confirmation_content = contents;}jQuery('#gform_wrapper_19').replaceWith(confirmation_content);jQuery(document).trigger('gform_confirmation_loaded', [19]);window['gf_submitting_19'] = false;wp.a11y.speak(jQuery('#gform_confirmation_message_19').text());}else{jQuery('#gform_19').append(contents);if(window['gformRedirect']) {gformRedirect();}}jQuery(document).trigger(\"gform_pre_post_render\", [{ formId: \"19\", currentPage: \"current_page\", abort: function() { this.preventDefault(); } }]);        if (event && event.defaultPrevented) {                return;        }        const gformWrapperDiv = document.getElementById( \"gform_wrapper_19\" );        if ( gformWrapperDiv ) {            const visibilitySpan = document.createElement( \"span\" );            visibilitySpan.id = \"gform_visibility_test_19\";            gformWrapperDiv.insertAdjacentElement( \"afterend\", visibilitySpan );        }        const visibilityTestDiv = document.getElementById( \"gform_visibility_test_19\" );        let postRenderFired = false;        function triggerPostRender() {            if ( postRenderFired ) {                return;            }            postRenderFired = true;            gform.core.triggerPostRenderEvents( 19, current_page );            if ( visibilityTestDiv ) {                visibilityTestDiv.parentNode.removeChild( visibilityTestDiv );            }        }        function debounce( func, wait, immediate ) {            var timeout;            return function() {                var context = this, args = arguments;                var later = function() {                    timeout = null;                    if ( !immediate ) func.apply( context, args );                };                var callNow = immediate && !timeout;                clearTimeout( timeout );                timeout = setTimeout( later, wait );                if ( callNow ) func.apply( context, args );            };        }        const debouncedTriggerPostRender = debounce( function() {            triggerPostRender();        }, 200 );        if ( visibilityTestDiv && visibilityTestDiv.offsetParent === null ) {            const observer = new MutationObserver( ( mutations ) => {                mutations.forEach( ( mutation ) => {                    if ( mutation.type === 'attributes' && visibilityTestDiv.offsetParent !== null ) {                        debouncedTriggerPostRender();                        observer.disconnect();                    }                });            });            observer.observe( document.body, {                attributes: true,                childList: false,                subtree: true,                attributeFilter: [ 'style', 'class' ],            });        } else {            triggerPostRender();        }    } );} );\n<\/script>\n                    <\/div>\n                            <\/div>\n\n        <\/div>\n    <\/div>\n<\/div><\/div>\n\n<div class=\"wp-block-group alignfull has-base-3-background-color has-background is-layout-flow wp-block-group-is-layout-flow\">\n<div class=\"wp-block-columns is-layout-flex wp-container-core-columns-is-layout-658170e2 wp-block-columns-is-layout-flex\">\n<div class=\"wp-block-column is-layout-flow wp-block-column-is-layout-flow\" style=\"flex-basis:60%\">\n\n<div class=\"ae-section-events-press wp-block-ae-section-events-press\">\n\n\n    <h2 class=\"section__title\">Os nossos eventos<\/h2>\n\n    <div class=\"ae-section-events-press__content\">\n        <div class=\"ae-section-events-press__innerblocks\">\n\n\n<div class=\"ae-card-event wp-block-ae-card-event\">\n\n\n    <a class=\"ae-card-event__wrapper\" href=\"https:\/\/douai.sepem-industries.com\/\" title=\"SEPEM DOUAI\" target=\"_blank\" >\n\n        <div class=\"ae-card-event__img\">\n            <img decoding=\"async\" width=\"193\" height=\"86\" src=\"https:\/\/obera.fr\/wp-content\/uploads\/2026\/01\/sepem-douai.png\" class=\"attachment-large size-large\" alt=\"sepem douai\" \/>                    <\/div>\n\n\n        <div class=\"ae-card-event__content\">\n            <div class=\"ae-card-event__innerblocks\">\n\n<p>27-29 JANEIRO 2026<\/p>\n\n\n\n<h2 class=\"wp-block-heading\">SEPEM Douai<\/h2>\n\n\n\n<p style=\"margin-top:0;margin-bottom:0\">A OberA estar\u00e1 presente na feira SEPEM 2026 em Douai<br\/><\/p>\n\n<\/div>\n        <\/div>\n\n    <\/a>\n\n<\/div>\n\n\n\n<div class=\"ae-card-event wp-block-ae-card-event\">\n\n\n    <a class=\"ae-card-event__wrapper\" href=\"https:\/\/www.jec-world.events\/fr\/\" title=\"JEC Paris 2026\" target=\"_blank\" >\n\n        <div class=\"ae-card-event__img\">\n            <img decoding=\"async\" width=\"300\" height=\"131\" src=\"https:\/\/obera.fr\/wp-content\/uploads\/2026\/01\/jec-world-2026.png\" class=\"attachment-large size-large\" alt=\"jec world 2026\" \/>                    <\/div>\n\n\n        <div class=\"ae-card-event__content\">\n            <div class=\"ae-card-event__innerblocks\">\n\n<p>10-12 MAR\u00c7O 2026<\/p>\n\n\n\n<h2 class=\"wp-block-heading\">JEC Paris World 2026<\/h2>\n\n\n\n<p style=\"margin-top:0;margin-bottom:0\">A OberA estar\u00e1 presente na feira JEC WORLD em Paris-Nord Villepinte<br\/><\/p>\n\n<\/div>\n        <\/div>\n\n    <\/a>\n\n<\/div>\n\n\n\n<div class=\"ae-card-event wp-block-ae-card-event\">\n\n\n    <a class=\"ae-card-event__wrapper\" href=\"https:\/\/www.preventica.com\/salon\/rennes-2026\" title=\"Pr\u00e9ventica Rennes\" target=\"_blank\" >\n\n        <div class=\"ae-card-event__img\">\n            <img decoding=\"async\" width=\"287\" height=\"60\" src=\"https:\/\/obera.fr\/wp-content\/uploads\/2024\/12\/preventica.png\" class=\"attachment-large size-large\" alt=\"pr\u00e9ventica obera\" \/>                    <\/div>\n\n\n        <div class=\"ae-card-event__content\">\n            <div class=\"ae-card-event__innerblocks\">\n\n<p>16-18 JUNHO 2026<\/p>\n\n\n\n<h2 class=\"wp-block-heading\">Pr\u00e9ventica Rennes<\/h2>\n\n\n\n<p style=\"margin-top:0;margin-bottom:0\">A OberA estar\u00e1 presente no Stand G13<br\/><\/p>\n\n<\/div>\n        <\/div>\n\n    <\/a>\n\n<\/div>\n\n\n\n<div class=\"ae-card-event wp-block-ae-card-event\">\n\n\n    <a class=\"ae-card-event__wrapper\" href=\"https:\/\/www.preventica.com\/salon\/lyon-2026\" title=\"Pr\u00e9ventica em Lyon\" target=\"_blank\" >\n\n        <div class=\"ae-card-event__img\">\n            <img decoding=\"async\" width=\"287\" height=\"60\" src=\"https:\/\/obera.fr\/wp-content\/uploads\/2024\/12\/preventica.png\" class=\"attachment-large size-large\" alt=\"pr\u00e9ventica obera\" \/>                    <\/div>\n\n\n        <div class=\"ae-card-event__content\">\n            <div class=\"ae-card-event__innerblocks\">\n\n<p>6-8 Outubro 2026<\/p>\n\n\n\n<h2 class=\"wp-block-heading\">Pr\u00e9ventica Lyon<\/h2>\n\n\n\n<p style=\"margin-top:0;margin-bottom:0\">A OberA estar\u00e1 presente no Stand O26<br\/><\/p>\n\n<\/div>\n        <\/div>\n\n    <\/a>\n\n<\/div>\n<\/div>\n    <\/div>\n\n\n\n            <a href=\"https:\/\/obera.fr\/decouvrir\/salons\/\" class=\"section__btn btn btn--primary--outline\">Ver os nossos eventos            <svg viewBox=\"0 0 8 13\" fill=\"none\" xmlns=\"http:\/\/www.w3.org\/2000\/svg\">\n                <path d=\"M5.17217 6.49999L0.222168 1.54999L1.63617 0.135986L8.00017 6.49999L1.63617 12.864L0.222168 11.45L5.17217 6.49999Z\" fill=\"currentColor\" \/>\n            <\/svg>\n        <\/a>\n\n    \n<\/div><\/div>\n\n\n\n<div class=\"wp-block-column is-layout-flow wp-block-column-is-layout-flow\"><div class=\"gb-container gb-container-b996461d ae-section-events-press\">\n\n<h2 class=\"gb-headline gb-headline-fd7db3a1 gb-headline-text section__title\">Fala de n\u00f3s<\/h2>\n\n\n\n<div class=\"gb-grid-wrapper gb-grid-wrapper-21a024a6 div-press gb-query-loop-wrapper\">\n<div class=\"gb-grid-column gb-grid-column-f9a4618f gb-query-loop-item post-145745 post type-post status-publish format-standard hentry category-imprensa tag-pequena-entrada\"><div class=\"gb-container gb-container-f9a4618f\">\n<div class=\"gb-container gb-container-ef778d4b\">\n\n\n<h3 style=\"color:#212d57; font-size:24px;font-style:normal;font-weight:400;text-transform:none;\" class=\"has-link-color wp-elements-bf12f364e4019aa64b1d8266ecba8adc wp-block-post-title has-text-color\"><a href=\"https:\/\/obera.fr\/pt-pt\/imprensa\/os-franceses-respiram-de-forma-saudavel-no-seu-local-de-trabalho-durante-o-inverno\/\" target=\"_self\" >Os franceses respiram de forma saud\u00e1vel no seu local de trabalho durante o inverno?<\/a><\/h3>\n<\/div>\n\n<div style=\"color:#484d5e; font-size:16px;\" class=\"has-link-color wp-elements-4adeb1b0d4a03cca439714924ca045de wp-block-post-excerpt has-text-color\"><p class=\"wp-block-post-excerpt__excerpt\">A OberA revela os resultados de um novo inqu\u00e9rito* realizado a 4.102 pessoas que destaca um desfasamento persistente entre o conforto t\u00e9rmico e a qualidade do ar no trabalho: temperaturas&hellip; <\/p><\/div>\n<\/div><\/div>\n\n<div class=\"gb-grid-column gb-grid-column-f9a4618f gb-query-loop-item post-145721 post type-post status-publish format-standard hentry category-imprensa\"><div class=\"gb-container gb-container-f9a4618f\">\n<div class=\"gb-container gb-container-ef778d4b\">\n\n\n<h3 style=\"color:#212d57; font-size:24px;font-style:normal;font-weight:400;text-transform:none;\" class=\"has-link-color wp-elements-bf12f364e4019aa64b1d8266ecba8adc wp-block-post-title has-text-color\"><a href=\"https:\/\/obera.fr\/pt-pt\/presse\/89-dos-franceses-subestimam-a-poluicao-do-ar-no-seu-local-de-trabalho\/\" target=\"_self\" >89 % dos franceses subestimam a polui\u00e7\u00e3o do ar no seu local de trabalho<\/a><\/h3>\n<\/div>\n\n<div style=\"color:#484d5e; font-size:16px;\" class=\"has-link-color wp-elements-4adeb1b0d4a03cca439714924ca045de wp-block-post-excerpt has-text-color\"><p class=\"wp-block-post-excerpt__excerpt\">Uma polui\u00e7\u00e3o que pode ser 5 a 10 vezes mais elevada do que no exterior Apenas 22 % dos trabalhadores sabem que a manuten\u00e7\u00e3o de um ar interior saud\u00e1vel \u00e9&hellip; <\/p><\/div>\n<\/div><\/div>\n<\/div>\n\n<\/div>\n<a href=\"https:\/\/obera.fr\/pt-pt\/imprensa\/\" class=\"section__btn btn btn--primary--outline bouton-press\">Ver outros comunicados de imprensa<svg xmlns=\"http:\/\/www.w3.org\/2000\/svg\" viewbox=\"0 0 8 13\" fill=\"none\">\n                <path d=\"M5.17217 6.49999L0.222168 1.54999L1.63617 0.135986L8.00017 6.49999L1.63617 12.864L0.222168 11.45L5.17217 6.49999Z\" fill=\"currentColor\"><\/path>\n            <\/svg>\n        <\/a>\n<\/div>\n<\/div>\n<\/div>\n\n<div class=\"wp-block-group alignfull has-base-3-background-color has-background is-layout-constrained wp-container-core-group-is-layout-602c858f wp-block-group-is-layout-constrained\" style=\"padding-top:var(--wp--preset--spacing--40);padding-bottom:var(--wp--preset--spacing--40)\">\n<h2 class=\"wp-block-heading\" style=\"font-style:normal;font-weight:400\">Respire!<\/h2>\n\n\n\n<p><strong>A qualidade do ar na empresa<\/strong> \u00e9 uma quest\u00e3o cada vez mais premente. Nas oficinas industriais (nomeadamente nas plataformas log\u00edsticas e nos armaz\u00e9ns), o ar est\u00e1 frequentemente <strong>carregado de poeiras e poluentes<\/strong> provenientes da atividade e da polui\u00e7\u00e3o exterior. O ar interior na empresa \u00e9 geralmente 5 a 10 vezes mais polu\u00eddo do que o ar exterior. Esta m\u00e1 qualidade do ar pode alterar a qualidade dos produtos, conduzir a reclama\u00e7\u00f5es de clientes, provocar doen\u00e7as ou ainda gerar quebras de produtividade. A OBERA coloca \u00e0 sua disposi\u00e7\u00e3o a sua <strong>especializa\u00e7\u00e3o no dom\u00ednio do tratamento do ar.<\/strong><\/p>\n<\/div>\n","protected":false},"excerpt":{"rendered":"<p>A especializa\u00e7\u00e3o OberA em 4 compet\u00eancias Respire! A qualidade do ar na empresa \u00e9 uma quest\u00e3o cada vez mais premente. Nas oficinas industriais (nomeadamente nas plataformas log\u00edsticas e nos armaz\u00e9ns), o ar est\u00e1 frequentemente carregado de poeiras e poluentes provenientes da atividade e da polui\u00e7\u00e3o exterior. O ar interior na empresa \u00e9 geralmente 5 a 10 vezes mais polu\u00eddo do que o ar exterior. Esta m\u00e1 qualidade do ar pode alterar a qualidade dos produtos, conduzir a reclama\u00e7\u00f5es de clientes, provocar doen\u00e7as ou ainda gerar quebras de produtividade. A OBERA coloca \u00e0 sua disposi\u00e7\u00e3o a sua especializa\u00e7\u00e3o no dom\u00ednio do &#8230; <\/p>\n<p class=\"read-more-container\"><a title=\"OberA elimina o p\u00f3 e os poluentes dos teus espa\u00e7os de trabalho industriais\" class=\"read-more button\" href=\"https:\/\/obera.fr\/pt-pt\/#more-47319\" aria-label=\"Leia mais sobre OberA elimina o p\u00f3 e os poluentes dos teus espa\u00e7os de trabalho industriais\">Lire la suite<\/a><\/p>\n","protected":false},"author":4,"featured_media":0,"parent":0,"menu_order":0,"comment_status":"closed","ping_status":"closed","template":"","meta":{"_acf_changed":false,"_seopress_robots_primary_cat":"","_seopress_titles_title":"Melhore a qualidade do ar da sua empresa - OberA","_seopress_titles_desc":"A OberA acompanha-o na ado\u00e7\u00e3o de solu\u00e7\u00f5es simples, eficazes e sustent\u00e1veis para a prote\u00e7\u00e3o e o conforto dos seus colaboradores","_seopress_robots_index":"","footnotes":""},"class_list":{"0":"post-47319","1":"page","2":"type-page","3":"status-publish","5":"no-featured-image-padding"},"acf":[],"_links":{"self":[{"href":"https:\/\/obera.fr\/pt-pt\/wp-json\/wp\/v2\/pages\/47319","targetHints":{"allow":["GET"]}}],"collection":[{"href":"https:\/\/obera.fr\/pt-pt\/wp-json\/wp\/v2\/pages"}],"about":[{"href":"https:\/\/obera.fr\/pt-pt\/wp-json\/wp\/v2\/types\/page"}],"author":[{"embeddable":true,"href":"https:\/\/obera.fr\/pt-pt\/wp-json\/wp\/v2\/users\/4"}],"replies":[{"embeddable":true,"href":"https:\/\/obera.fr\/pt-pt\/wp-json\/wp\/v2\/comments?post=47319"}],"version-history":[{"count":42,"href":"https:\/\/obera.fr\/pt-pt\/wp-json\/wp\/v2\/pages\/47319\/revisions"}],"predecessor-version":[{"id":145634,"href":"https:\/\/obera.fr\/pt-pt\/wp-json\/wp\/v2\/pages\/47319\/revisions\/145634"}],"wp:attachment":[{"href":"https:\/\/obera.fr\/pt-pt\/wp-json\/wp\/v2\/media?parent=47319"}],"curies":[{"name":"wp","href":"https:\/\/api.w.org\/{rel}","templated":true}]}}